{"id":1456,"date":"2023-08-23T17:50:00","date_gmt":"2023-08-23T16:50:00","guid":{"rendered":"https:\/\/web.ciac.pt\/?page_id=1456"},"modified":"2024-01-04T15:22:05","modified_gmt":"2024-01-04T15:22:05","slug":"archive","status":"publish","type":"page","link":"https:\/\/ciac.pt\/en\/archive\/","title":{"rendered":"Archive"},"content":{"rendered":"\n<div class=\"wp-block-advgb-accordions advgb-accordions-d340a181-f306-4a04-9be3-7b521b0be60a advgb-accordion-wrapper\" data-collapsed=\"true\">\n<div class=\"wp-block-advgb-accordion-item advgb-accordion-item\" style=\"margin-bottom:15px\"><div class=\"advgb-accordion-header\" style=\"background-color:#ffffff;color:#000000;border-style:solid;border-width:0px;border-color:#ffffff\"><span class=\"advgb-accordion-header-icon\"><svg fill=\"#000000\" xmlns=\"http:\/\/www.w3.org\/2000\/svg\" width=\"24\" height=\"24\" viewBox=\"0 0 24 24\"><path fill=\"none\" d=\"M0,0h24v24H0V0z\"><\/path><path d=\"M6,10c-1.1,0-2,0.9-2,2s0.9,2,2,2s2-0.9,2-2S7.1,10,6,10z M18,10c-1.1,0-2,0.9-2,2s0.9,2,2,2s2-0.9,2-2S19.1,10,18,10z M12,10c-1.1,0-2,0.9-2,2s0.9,2,2,2s2-0.9,2-2S13.1,10,12,10z\"><\/path><\/svg><\/span><h2 class=\"advgb-accordion-header-title\" style=\"color:inherit\">2023<\/h2><\/div><div class=\"advgb-accordion-body\" style=\"border-style:solid !important;border-width:0px !important;border-color:#ffffff !important;border-top:none !important\">\n<ul>\n<li class=\"wp-block-post post-21672 post type-post status-publish format-standard hentry category-featured category-news\">\n<div class=\"wp-block-post-title\">CIAC TALKS<\/div>\n<div class=\"wp-block-post-date\"><time datetime=\"2023-12-22T15:27:23+00:00\">22 Dezembro, 2023<\/time><\/div>\n<div class=\"wp-block-post-excerpt\"><p class=\"wp-block-post-excerpt__excerpt\">The first episode of the new season of the CIAC Talks interview podcast is now available on the CIACmedia YouTube channel.  <a class=\"wp-block-post-excerpt__more-link\" href=\"https:\/\/antigo.ciac.pt\/news\/ciac-talks-14\/21672\">+ Info<\/a><\/p><\/div>\n<\/li>\n\n<li class=\"wp-block-post post-21655 post type-post status-publish format-standard hentry category-featured category-news\">\n<div class=\"wp-block-post-title\">NEW PUBLICATION<\/div>\n<div class=\"wp-block-post-date\"><time datetime=\"2023-12-20T14:45:42+00:00\">20 Dezembro, 2023<\/time><\/div>\n<div class=\"wp-block-post-excerpt\"><p class=\"wp-block-post-excerpt__excerpt\">CIAC researchers contribute to International Publication on Hate Speech. <a class=\"wp-block-post-excerpt__more-link\" href=\"https:\/\/antigo.ciac.pt\/news\/21655\/21655\">+ Info<\/a><\/p><\/div>\n<\/li>\n\n<li class=\"wp-block-post post-21645 post type-post status-publish format-standard hentry category-featured category-news\">\n<div class=\"wp-block-post-title\">NEW PARTNERSHIP<\/div>\n<div class=\"wp-block-post-date\"><time datetime=\"2023-12-20T12:08:06+00:00\">20 Dezembro, 2023<\/time><\/div>\n<div class=\"wp-block-post-excerpt\"><p class=\"wp-block-post-excerpt__excerpt\">CIAC establishes a new partnership with the Health Technology Innovation Laboratory of the Federal University of Rio Grande do Norte. <a class=\"wp-block-post-excerpt__more-link\" href=\"https:\/\/antigo.ciac.pt\/news\/new-partnership\/21645\">+ Info<\/a><\/p><\/div>\n<\/li>\n\n<li class=\"wp-block-post post-21633 post type-post status-publish format-standard hentry category-featured category-news\">\n<div class=\"wp-block-post-title\">EVENT<\/div>\n<div class=\"wp-block-post-date\"><time datetime=\"2023-12-20T10:52:49+00:00\">20 Dezembro, 2023<\/time><\/div>\n<div class=\"wp-block-post-excerpt\"><p class=\"wp-block-post-excerpt__excerpt\">On December 20, 21, and 22, the Portuguese Institute of Sport and Youth in Faro celebrates \u201cThe Shortest Day of the Year\u201d with the screening of various short films. <a class=\"wp-block-post-excerpt__more-link\" href=\"https:\/\/antigo.ciac.pt\/news\/event-58\/21633\">+ Info<\/a><\/p><\/div>\n<\/li>\n\n<li class=\"wp-block-post post-21370 post type-post status-publish format-standard hentry category-featured category-news\">\n<div class=\"wp-block-post-title\">EVENT<\/div>\n<div class=\"wp-block-post-date\"><time datetime=\"2023-11-20T17:14:03+00:00\">20 Novembro, 2023<\/time><\/div>\n<div class=\"wp-block-post-excerpt\"><p class=\"wp-block-post-excerpt__excerpt\">S\u00edlvia Quinteiro invited to participate in debate on Literary Tourism <a class=\"wp-block-post-excerpt__more-link\" href=\"https:\/\/antigo.ciac.pt\/news\/event-57\/21370\">+ Info<\/a><\/p><\/div>\n<\/li>\n\n<li class=\"wp-block-post post-21283 post type-post status-publish format-standard hentry category-featured category-news\">\n<div class=\"wp-block-post-title\">AUDIOVISUAL&nbsp;PERFORMANCE<\/div>\n<div class=\"wp-block-post-date\"><time datetime=\"2023-11-20T15:07:19+00:00\">20 Novembro, 2023<\/time><\/div>\n<div class=\"wp-block-post-excerpt\"><p class=\"wp-block-post-excerpt__excerpt\">Performance \u2018Magnificatio Algarvensis\u2019, by CIAC researchers, is exhibited in Loul\u00e9\n\n<a class=\"wp-block-post-excerpt__more-link\" href=\"https:\/\/antigo.ciac.pt\/news\/audiovisual-performance-2\/21283\">+ Info<\/a><\/p><\/div>\n<\/li>\n\n<li class=\"wp-block-post post-21500 post type-post status-publish format-standard hentry category-featured category-news\">\n<div class=\"wp-block-post-title\">INTERNATIONAL CONFERENCE: ARTECH 2023<\/div>\n<div class=\"wp-block-post-date\"><time datetime=\"2023-11-20T15:06:44+00:00\">20 Novembro, 2023<\/time><\/div>\n<div class=\"wp-block-post-excerpt\"><p class=\"wp-block-post-excerpt__excerpt\">Collective Algarve \u2013 Art Lab presents Magnificatio Algarvensis at ARTECH 2023 <a class=\"wp-block-post-excerpt__more-link\" href=\"https:\/\/antigo.ciac.pt\/news\/international-conference-artech-2023-4\/21500\">+ Info<\/a><\/p><\/div>\n<\/li>\n\n<li class=\"wp-block-post post-21477 post type-post status-publish format-standard hentry category-featured category-news investigadores-juliana-wexel\">\n<div class=\"wp-block-post-title\">CIAC TALKS&nbsp;<\/div>\n<div class=\"wp-block-post-date\"><time datetime=\"2023-11-20T11:02:26+00:00\">20 Novembro, 2023<\/time><\/div>\n<div class=\"wp-block-post-excerpt\"><p class=\"wp-block-post-excerpt__excerpt\">CIAC Talks\u2019 new series recorded this week in Thailand <a class=\"wp-block-post-excerpt__more-link\" href=\"https:\/\/antigo.ciac.pt\/news\/ciac-talks-12\/21477\">+ Info<\/a><\/p><\/div>\n<\/li>\n\n<li class=\"wp-block-post post-21416 post type-post status-publish format-standard hentry category-featured category-news investigadores-silvia-quinteiro\">\n<div class=\"wp-block-post-title\">NEW PUBLICATION<\/div>\n<div class=\"wp-block-post-date\"><time datetime=\"2023-11-10T14:07:57+00:00\">10 Novembro, 2023<\/time><\/div>\n<div class=\"wp-block-post-excerpt\"><p class=\"wp-block-post-excerpt__excerpt\">Chapter by S\u00edlvia Quinteiro published on Springer Book <a class=\"wp-block-post-excerpt__more-link\" href=\"https:\/\/antigo.ciac.pt\/news\/new-publication-73\/21416\">+ Info<\/a><\/p><\/div>\n<\/li>\n\n<li class=\"wp-block-post post-21224 post type-post status-publish format-standard hentry category-featured category-news\">\n<div class=\"wp-block-post-title\">PROJECT PROPS<\/div>\n<div class=\"wp-block-post-date\"><time datetime=\"2023-11-08T14:43:08+00:00\">8 Novembro, 2023<\/time><\/div>\n<div class=\"wp-block-post-excerpt\"><p class=\"wp-block-post-excerpt__excerpt\">PROPS Project collects data on young people\u2019s perception of Hate Speech in Online Video Games <a class=\"wp-block-post-excerpt__more-link\" href=\"https:\/\/antigo.ciac.pt\/news\/project-props-2\/21224\">+ Info<\/a><\/p><\/div>\n<\/li>\n\n<li class=\"wp-block-post post-21226 post type-post status-publish format-standard hentry category-featured category-news\">\n<div class=\"wp-block-post-title\">FILM FESTIVAL<\/div>\n<div class=\"wp-block-post-date\"><time datetime=\"2023-11-08T14:39:53+00:00\">8 Novembro, 2023<\/time><\/div>\n<div class=\"wp-block-post-excerpt\"><p class=\"wp-block-post-excerpt__excerpt\">Ant\u00f3nio Costa Valente participates in Film Festival in Brazil <a class=\"wp-block-post-excerpt__more-link\" href=\"https:\/\/antigo.ciac.pt\/news\/featured\/film-festival-2\/21226\">+ Info<\/a><\/p><\/div>\n<\/li>\n\n<li class=\"wp-block-post post-21228 post type-post status-publish format-standard hentry category-featured category-news\">\n<div class=\"wp-block-post-title\">LECTURE<\/div>\n<div class=\"wp-block-post-date\"><time datetime=\"2023-11-08T14:37:01+00:00\">8 Novembro, 2023<\/time><\/div>\n<div class=\"wp-block-post-excerpt\"><p class=\"wp-block-post-excerpt__excerpt\">\u201cThe Medieval Feminine Mystique between Portugal and Brazil\u201d at the Gambelas Library <a class=\"wp-block-post-excerpt__more-link\" href=\"https:\/\/antigo.ciac.pt\/news\/featured\/lecture-7\/21228\">+ Info<\/a><\/p><\/div>\n<\/li>\n\n<li class=\"wp-block-post post-21222 post type-post status-publish format-standard hentry category-featured category-news\">\n<div class=\"wp-block-post-title\">EVENT<\/div>\n<div class=\"wp-block-post-date\"><time datetime=\"2023-11-06T13:03:06+00:00\">6 Novembro, 2023<\/time><\/div>\n<div class=\"wp-block-post-excerpt\"><p class=\"wp-block-post-excerpt__excerpt\">Cultural Association casaBranca organizes encounter on Art and Education <a class=\"wp-block-post-excerpt__more-link\" href=\"https:\/\/antigo.ciac.pt\/news\/event-56\/21222\">+ Info<\/a><\/p><\/div>\n<\/li>\n\n<li class=\"wp-block-post post-21212 post type-post status-publish format-standard hentry category-featured category-news\">\n<div class=\"wp-block-post-title\">PROJECT<\/div>\n<div class=\"wp-block-post-date\"><time datetime=\"2023-11-06T13:00:23+00:00\">6 Novembro, 2023<\/time><\/div>\n<div class=\"wp-block-post-excerpt\"><p class=\"wp-block-post-excerpt__excerpt\">Project \u201cO ATO CI\u00caNSIVEL\u201d aims to promote active ageing through artistic practices] <a class=\"wp-block-post-excerpt__more-link\" href=\"https:\/\/antigo.ciac.pt\/news\/project-29\/21212\">+ Info<\/a><\/p><\/div>\n<\/li>\n\n<li class=\"wp-block-post post-21220 post type-post status-publish format-standard hentry category-featured category-news\">\n<div class=\"wp-block-post-title\">SYMPOSIUM<\/div>\n<div class=\"wp-block-post-date\"><time datetime=\"2023-11-06T12:59:22+00:00\">6 Novembro, 2023<\/time><\/div>\n<div class=\"wp-block-post-excerpt\"><p class=\"wp-block-post-excerpt__excerpt\">Researcher Gabriela Borges participates in Symposium \u2018Media, Violence And Alterity\u2019 <a class=\"wp-block-post-excerpt__more-link\" href=\"https:\/\/antigo.ciac.pt\/news\/symposium-2\/21220\">+ Info<\/a><\/p><\/div>\n<\/li>\n\n<li class=\"wp-block-post post-21216 post type-post status-publish format-standard hentry category-featured category-news\">\n<div class=\"wp-block-post-title\">INTERNATIONAL AWARD<\/div>\n<div class=\"wp-block-post-date\"><time datetime=\"2023-11-06T12:55:30+00:00\">6 Novembro, 2023<\/time><\/div>\n<div class=\"wp-block-post-excerpt\"><p class=\"wp-block-post-excerpt__excerpt\">Juliana Wexel receives the \u201cBest Overall Presentation\u201d award at ICOAH 2023 <a class=\"wp-block-post-excerpt__more-link\" href=\"https:\/\/antigo.ciac.pt\/news\/international-award\/21216\">+ Info<\/a><\/p><\/div>\n<\/li>\n\n<li class=\"wp-block-post post-21210 post type-post status-publish format-standard hentry category-featured category-news\">\n<div class=\"wp-block-post-title\">NEW PUBLICATION<\/div>\n<div class=\"wp-block-post-date\"><time datetime=\"2023-11-06T12:51:44+00:00\">6 Novembro, 2023<\/time><\/div>\n<div class=\"wp-block-post-excerpt\"><p class=\"wp-block-post-excerpt__excerpt\">Study by Armando Nascimento Rosa integrates book Censure Et Tabou <a class=\"wp-block-post-excerpt__more-link\" href=\"https:\/\/antigo.ciac.pt\/news\/new-publication-72\/21210\">+ Info<\/a><\/p><\/div>\n<\/li>\n\n<li class=\"wp-block-post post-21208 post type-post status-publish format-standard hentry category-featured category-news\">\n<div class=\"wp-block-post-title\">EXHIBITION<\/div>\n<div class=\"wp-block-post-date\"><time datetime=\"2023-11-06T11:55:22+00:00\">6 Novembro, 2023<\/time><\/div>\n<div class=\"wp-block-post-excerpt\"><p class=\"wp-block-post-excerpt__excerpt\">S\u00edlvia Jermias participates in Collective Exhibition at the Sines Arts Center  <a class=\"wp-block-post-excerpt__more-link\" href=\"https:\/\/antigo.ciac.pt\/news\/exhibition-69\/21208\">+ Info<\/a><\/p><\/div>\n<\/li>\n\n<li class=\"wp-block-post post-21206 post type-post status-publish format-standard hentry category-featured category-news\">\n<div class=\"wp-block-post-title\">INTERNATIONAL AWARDS<\/div>\n<div class=\"wp-block-post-date\"><time datetime=\"2023-11-06T11:52:19+00:00\">6 Novembro, 2023<\/time><\/div>\n<div class=\"wp-block-post-excerpt\"><p class=\"wp-block-post-excerpt__excerpt\">Ant\u00f3nio Costa Valente wins awards in International Film Festivals   <a class=\"wp-block-post-excerpt__more-link\" href=\"https:\/\/antigo.ciac.pt\/news\/featured\/international-awards-2\/21206\">+ Info<\/a><\/p><\/div>\n<\/li>\n\n<li class=\"wp-block-post post-21204 post type-post status-publish format-standard hentry category-featured category-news\">\n<div class=\"wp-block-post-title\">CONFERENCE<\/div>\n<div class=\"wp-block-post-date\"><time datetime=\"2023-11-06T11:49:25+00:00\">6 Novembro, 2023<\/time><\/div>\n<div class=\"wp-block-post-excerpt\"><p class=\"wp-block-post-excerpt__excerpt\">CIAC Research Group on Film Studies organizes conference on Alexandre Dumas: from literature to cinema <a class=\"wp-block-post-excerpt__more-link\" href=\"https:\/\/antigo.ciac.pt\/news\/conference-28\/21204\">+ Info<\/a><\/p><\/div>\n<\/li>\n\n<li class=\"wp-block-post post-21202 post type-post status-publish format-standard hentry category-featured category-news\">\n<div class=\"wp-block-post-title\">JOURNAL ROTURA<\/div>\n<div class=\"wp-block-post-date\"><time datetime=\"2023-11-06T11:46:26+00:00\">6 Novembro, 2023<\/time><\/div>\n<div class=\"wp-block-post-excerpt\"><p class=\"wp-block-post-excerpt__excerpt\">New editions of Journal Rotura available online <a class=\"wp-block-post-excerpt__more-link\" href=\"https:\/\/antigo.ciac.pt\/news\/journal-rotura-5\/21202\">+ Info<\/a><\/p><\/div>\n<\/li>\n\n<li class=\"wp-block-post post-21200 post type-post status-publish format-standard hentry category-featured category-news\">\n<div class=\"wp-block-post-title\">INTERNATIONAL COLLOQUIUM<\/div>\n<div class=\"wp-block-post-date\"><time datetime=\"2023-11-06T11:41:19+00:00\">6 Novembro, 2023<\/time><\/div>\n<div class=\"wp-block-post-excerpt\"><p class=\"wp-block-post-excerpt__excerpt\">Armando Nascimento Rosa is a guest Speaker of the Colloquium \u201cA Century of Nat\u00e1lia Correia, 1923-2023\u2033 <a class=\"wp-block-post-excerpt__more-link\" href=\"https:\/\/antigo.ciac.pt\/news\/international-colloquium-7\/21200\">+ Info<\/a><\/p><\/div>\n<\/li>\n\n<li class=\"wp-block-post post-21218 post type-post status-publish format-standard hentry category-featured category-news\">\n<div class=\"wp-block-post-title\">PROJECT<\/div>\n<div class=\"wp-block-post-date\"><time datetime=\"2023-11-06T11:38:53+00:00\">6 Novembro, 2023<\/time><\/div>\n<div class=\"wp-block-post-excerpt\"><p class=\"wp-block-post-excerpt__excerpt\">DeVIR na Horta da Areia: Audio Walk, Colloquium, theater and a Book \u2013 mark the end of 3 YEARS of the Inclusion Project   <a class=\"wp-block-post-excerpt__more-link\" href=\"https:\/\/antigo.ciac.pt\/news\/featured\/project-28\/21218\">+ Info<\/a><\/p><\/div>\n<\/li>\n\n<li class=\"wp-block-post post-21198 post type-post status-publish format-standard hentry category-featured category-news\">\n<div class=\"wp-block-post-title\">INTERNATIONAL CONFERENCE: KUI 2023<\/div>\n<div class=\"wp-block-post-date\"><time datetime=\"2023-11-06T11:33:51+00:00\">6 Novembro, 2023<\/time><\/div>\n<div class=\"wp-block-post-excerpt\"><p class=\"wp-block-post-excerpt__excerpt\">CIAC Researchers participate on Conference Kui 2023 <a class=\"wp-block-post-excerpt__more-link\" href=\"https:\/\/antigo.ciac.pt\/news\/international-conference-kui-2023-2\/21198\">+ Info<\/a><\/p><\/div>\n<\/li>\n\n<li class=\"wp-block-post post-21234 post type-post status-publish format-standard hentry category-featured category-news\">\n<div class=\"wp-block-post-title\">INTERNATIONAL CONFERENCE: ARTECH 2023<\/div>\n<div class=\"wp-block-post-date\"><time datetime=\"2023-10-30T10:04:24+00:00\">30 Outubro, 2023<\/time><\/div>\n<div class=\"wp-block-post-excerpt\"><p class=\"wp-block-post-excerpt__excerpt\">UNESCO\u2019s \u2018Smart Cities\u2019 is the Opening Panel of ARTECH 2023&nbsp; <a class=\"wp-block-post-excerpt__more-link\" href=\"https:\/\/antigo.ciac.pt\/news\/international-conference-artech-2023-3\/21234\">+ Info<\/a><\/p><\/div>\n<\/li>\n\n<li class=\"wp-block-post post-21131 post type-post status-publish format-standard hentry category-featured category-news\">\n<div class=\"wp-block-post-title\">WEBINAR<\/div>\n<div class=\"wp-block-post-date\"><time datetime=\"2023-10-19T17:13:45+00:00\">19 Outubro, 2023<\/time><\/div>\n<div class=\"wp-block-post-excerpt\"><p class=\"wp-block-post-excerpt__excerpt\">Free Webinar on Literary Tourism Research <a class=\"wp-block-post-excerpt__more-link\" href=\"https:\/\/antigo.ciac.pt\/news\/webinar-14\/21131\">+ Info<\/a><\/p><\/div>\n<\/li>\n\n<li class=\"wp-block-post post-21091 post type-post status-publish format-standard hentry category-featured category-news investigadores-joaquim-guerra\">\n<div class=\"wp-block-post-title\">NEW PUBLICATION<\/div>\n<div class=\"wp-block-post-date\"><time datetime=\"2023-10-19T13:59:51+00:00\">19 Outubro, 2023<\/time><\/div>\n<div class=\"wp-block-post-excerpt\"><p class=\"wp-block-post-excerpt__excerpt\">Paper by Joaquim Guerra published in Language Learning Journal <a class=\"wp-block-post-excerpt__more-link\" href=\"https:\/\/antigo.ciac.pt\/news\/new-publication-71\/21091\">+ Info<\/a><\/p><\/div>\n<\/li>\n\n<li class=\"wp-block-post post-20899 post type-post status-publish format-standard hentry category-featured category-news investigadores-joao-samartinho investigadores-maria-potes-barbas\">\n<div class=\"wp-block-post-title\">INTERNATIONAL NETWORK<\/div>\n<div class=\"wp-block-post-date\"><time datetime=\"2023-09-26T09:53:30+00:00\">26 Setembro, 2023<\/time><\/div>\n<div class=\"wp-block-post-excerpt\"><p class=\"wp-block-post-excerpt__excerpt\">CIAC\/Santarem affiliated to International Network for Lusophony (RIAL) <a class=\"wp-block-post-excerpt__more-link\" href=\"https:\/\/antigo.ciac.pt\/news\/international-network-4\/20899\">+ Info<\/a><\/p><\/div>\n<\/li>\n\n<li class=\"wp-block-post post-20894 post type-post status-publish format-standard hentry category-featured category-news\">\n<div class=\"wp-block-post-title\">ESTC&nbsp;MEETING<\/div>\n<div class=\"wp-block-post-date\"><time datetime=\"2023-09-25T10:15:45+00:00\">25 Setembro, 2023<\/time><\/div>\n<div class=\"wp-block-post-excerpt\"><p class=\"wp-block-post-excerpt__excerpt\">ESTC organizes artistic-academic meeting about the Voice in the Arts <a class=\"wp-block-post-excerpt__more-link\" href=\"https:\/\/antigo.ciac.pt\/news\/estc-meeting\/20894\">+ Info<\/a><\/p><\/div>\n<\/li>\n\n<li class=\"wp-block-post post-20877 post type-post status-publish format-standard hentry category-featured category-news investigadores-manuel-celio-conceicao investigadores-neuza-costa investigadores-pedro-quintino-de-sousa\">\n<div class=\"wp-block-post-title\">EVENT<\/div>\n<div class=\"wp-block-post-date\"><time datetime=\"2023-09-22T11:02:08+00:00\">22 Setembro, 2023<\/time><\/div>\n<div class=\"wp-block-post-excerpt\"><p class=\"wp-block-post-excerpt__excerpt\">CIAC researchers take part in event about Plurilinguism in Higher Education. <a class=\"wp-block-post-excerpt__more-link\" href=\"https:\/\/antigo.ciac.pt\/news\/20877\/20877\">+ Info<\/a><\/p><\/div>\n<\/li>\n\n<li class=\"wp-block-post post-20858 post type-post status-publish format-standard hentry category-featured category-news investigadores-maria-jose-marques investigadores-silvia-quinteiro\">\n<div class=\"wp-block-post-title\">II SYMPOSIUM LIT&amp;TOUR<\/div>\n<div class=\"wp-block-post-date\"><time datetime=\"2023-09-18T16:42:56+00:00\">18 Setembro, 2023<\/time><\/div>\n<div class=\"wp-block-post-excerpt\"><p class=\"wp-block-post-excerpt__excerpt\">Research Group LIT&amp;TOUR organizes II International Symposium <a class=\"wp-block-post-excerpt__more-link\" href=\"https:\/\/antigo.ciac.pt\/news\/ii-symposium-littour\/20858\">+ Info<\/a><\/p><\/div>\n<\/li>\n\n<li class=\"wp-block-post post-20815 post type-post status-publish format-standard hentry category-featured category-news investigadores-mirian-tavares\">\n<div class=\"wp-block-post-title\">NEW PUBLICATION<\/div>\n<div class=\"wp-block-post-date\"><time datetime=\"2023-09-15T09:14:12+00:00\">15 Setembro, 2023<\/time><\/div>\n<div class=\"wp-block-post-excerpt\"><p class=\"wp-block-post-excerpt__excerpt\">Chapter written by Mirian Tavares is part of the book \u201cPorvires\u201d <a class=\"wp-block-post-excerpt__more-link\" href=\"https:\/\/antigo.ciac.pt\/news\/new-publication-70\/20815\">+ Info<\/a><\/p><\/div>\n<\/li>\n\n<li class=\"wp-block-post post-20811 post type-post status-publish format-standard hentry category-featured category-news investigadores-juliana-wexel\">\n<div class=\"wp-block-post-title\">NEW PUBLICATION<\/div>\n<div class=\"wp-block-post-date\"><time datetime=\"2023-09-14T14:29:07+00:00\">14 Setembro, 2023<\/time><\/div>\n<div class=\"wp-block-post-excerpt\"><p class=\"wp-block-post-excerpt__excerpt\">CIAC researcher publishes article in journal by the Faculty of Architecture of the Estonian Academy of Arts <a class=\"wp-block-post-excerpt__more-link\" href=\"https:\/\/antigo.ciac.pt\/news\/new-publication-69\/20811\">+ Info<\/a><\/p><\/div>\n<\/li>\n\n<li class=\"wp-block-post post-20783 post type-post status-publish format-standard hentry category-featured category-news\">\n<div class=\"wp-block-post-title\">CONFERENCE<\/div>\n<div class=\"wp-block-post-date\"><time datetime=\"2023-09-14T09:55:29+00:00\">14 Setembro, 2023<\/time><\/div>\n<div class=\"wp-block-post-excerpt\"><p class=\"wp-block-post-excerpt__excerpt\">NOVA University of Lisbon organizes Conference on Communication and History <a class=\"wp-block-post-excerpt__more-link\" href=\"https:\/\/antigo.ciac.pt\/news\/conference-27\/20783\">+ Info<\/a><\/p><\/div>\n<\/li>\n\n<li class=\"wp-block-post post-20772 post type-post status-publish format-standard hentry category-featured category-news investigadores-mirian-tavares\">\n<div class=\"wp-block-post-title\">CONFERENCE<\/div>\n<div class=\"wp-block-post-date\"><time datetime=\"2023-09-14T09:55:08+00:00\">14 Setembro, 2023<\/time><\/div>\n<div class=\"wp-block-post-excerpt\"><p class=\"wp-block-post-excerpt__excerpt\">Mirian Tavares takes part in the 32nd ANPAP National Meeting \u2013 Ways of Living <a class=\"wp-block-post-excerpt__more-link\" href=\"https:\/\/antigo.ciac.pt\/news\/conference-26\/20772\">+ Info<\/a><\/p><\/div>\n<\/li>\n\n<li class=\"wp-block-post post-20760 post type-post status-publish format-standard hentry category-featured category-news investigadores-jose-paulo-pereira\">\n<div class=\"wp-block-post-title\">NEW PUBLICATION<\/div>\n<div class=\"wp-block-post-date\"><time datetime=\"2023-09-13T10:04:52+00:00\">13 Setembro, 2023<\/time><\/div>\n<div class=\"wp-block-post-excerpt\"><p class=\"wp-block-post-excerpt__excerpt\">Article by Jos\u00e9 Paulo Pereira published in Journal Veredas <a class=\"wp-block-post-excerpt__more-link\" href=\"https:\/\/antigo.ciac.pt\/news\/new-publication-68\/20760\">+ Info<\/a><\/p><\/div>\n<\/li>\n\n<li class=\"wp-block-post post-20747 post type-post status-publish format-standard hentry category-featured category-news investigadores-maria-potes-barbas\">\n<div class=\"wp-block-post-title\">INTERNATIONAL MEETING<\/div>\n<div class=\"wp-block-post-date\"><time datetime=\"2023-09-08T13:32:10+00:00\">8 Setembro, 2023<\/time><\/div>\n<div class=\"wp-block-post-excerpt\"><p class=\"wp-block-post-excerpt__excerpt\">MARIA POTES BARBAS TAKES PART IN INTERNATIONAL MEETING OF RESEARCH GROUPS \u2013 METARED TIC 2023 <a class=\"wp-block-post-excerpt__more-link\" href=\"https:\/\/antigo.ciac.pt\/news\/international-meeting\/20747\">+ Info<\/a><\/p><\/div>\n<\/li>\n\n<li class=\"wp-block-post post-20745 post type-post status-publish format-standard hentry category-featured category-news\">\n<div class=\"wp-block-post-title\">ARTIST RESIDENCY&nbsp;<\/div>\n<div class=\"wp-block-post-date\"><time datetime=\"2023-09-08T13:21:00+00:00\">8 Setembro, 2023<\/time><\/div>\n<div class=\"wp-block-post-excerpt\"><p class=\"wp-block-post-excerpt__excerpt\">CIAC supports Raquel Belli\u2019s artistic project  <a class=\"wp-block-post-excerpt__more-link\" href=\"https:\/\/antigo.ciac.pt\/news\/artist-residency\/20745\">+ Info<\/a><\/p><\/div>\n<\/li>\n\n<li class=\"wp-block-post post-20738 post type-post status-publish format-standard hentry category-featured category-news investigadores-juliana-wexel\">\n<div class=\"wp-block-post-title\">INTERNATIONAL CONFERENCE<\/div>\n<div class=\"wp-block-post-date\"><time datetime=\"2023-09-07T13:52:03+00:00\">7 Setembro, 2023<\/time><\/div>\n<div class=\"wp-block-post-excerpt\"><p class=\"wp-block-post-excerpt__excerpt\">Juliana Wexel, Mirian Tavares, and Bruno Mendes da Silva attend the International Conference on Arts and Humanities \u2013 ICOAH 2023 <a class=\"wp-block-post-excerpt__more-link\" href=\"https:\/\/antigo.ciac.pt\/news\/international-conference-33\/20738\">+ Info<\/a><\/p><\/div>\n<\/li>\n\n<li class=\"wp-block-post post-20735 post type-post status-publish format-standard hentry category-featured category-news investigadores-armando-nascimento-rosa\">\n<div class=\"wp-block-post-title\">COLLOQUIUM&nbsp;<\/div>\n<div class=\"wp-block-post-date\"><time datetime=\"2023-09-06T15:42:44+00:00\">6 Setembro, 2023<\/time><\/div>\n<div class=\"wp-block-post-excerpt\"><p class=\"wp-block-post-excerpt__excerpt\">Armando Nascimento Rosa takes part in Colloquium dedicated to Nat\u00e1lia Correia <a class=\"wp-block-post-excerpt__more-link\" href=\"https:\/\/antigo.ciac.pt\/news\/colloquium-5\/20735\">+ Info<\/a><\/p><\/div>\n<\/li>\n\n<li class=\"wp-block-post post-20543 post type-post status-publish format-standard hentry category-featured category-news investigadores-rudolfo-quintas\">\n<div class=\"wp-block-post-title\">EVENT&nbsp;<\/div>\n<div class=\"wp-block-post-date\"><time datetime=\"2023-08-22T12:49:33+00:00\">22 Agosto, 2023<\/time><\/div>\n<div class=\"wp-block-post-excerpt\"><p class=\"wp-block-post-excerpt__excerpt\">Rudolfo Quintas directs performance \u201cA Sombra das Ondas\u201d <a class=\"wp-block-post-excerpt__more-link\" href=\"https:\/\/antigo.ciac.pt\/news\/event-55\/20543\">+ Info<\/a><\/p><\/div>\n<\/li>\n\n<li class=\"wp-block-post post-20557 post type-post status-publish format-standard hentry category-featured category-news investigadores-susana-costa\">\n<div class=\"wp-block-post-title\">NEW PUBLICATION<\/div>\n<div class=\"wp-block-post-date\"><time datetime=\"2023-08-22T10:37:10+00:00\">22 Agosto, 2023<\/time><\/div>\n<div class=\"wp-block-post-excerpt\"><p class=\"wp-block-post-excerpt__excerpt\">Article by Susana Costa published in magazine by the European Commission <a class=\"wp-block-post-excerpt__more-link\" href=\"https:\/\/antigo.ciac.pt\/news\/new-publication-64\/20557\">+ Info<\/a><\/p><\/div>\n<\/li>\n\n<li class=\"wp-block-post post-20386 post type-post status-publish format-standard hentry category-featured category-news investigadores-ana-filipa-martins investigadores-bruno-mendes-da-silva investigadores-mirian-tavares investigadores-susana-costa\">\n<div class=\"wp-block-post-title\">CALL FOR PAPERS \u2013 ROTURA<\/div>\n<div class=\"wp-block-post-date\"><time datetime=\"2023-08-22T10:23:03+00:00\">22 Agosto, 2023<\/time><\/div>\n<div class=\"wp-block-post-excerpt\"><p class=\"wp-block-post-excerpt__excerpt\">Call for papers for Journal Rotura open until December 7th <a class=\"wp-block-post-excerpt__more-link\" href=\"https:\/\/antigo.ciac.pt\/news\/call-for-papers-rotura\/20386\">+ Info<\/a><\/p><\/div>\n<\/li>\n\n<li class=\"wp-block-post post-20646 post type-post status-publish format-standard hentry category-featured category-news\">\n<div class=\"wp-block-post-title\">JOURNAL ROTURA<\/div>\n<div class=\"wp-block-post-date\"><time datetime=\"2023-08-22T09:40:16+00:00\">22 Agosto, 2023<\/time><\/div>\n<div class=\"wp-block-post-excerpt\"><p class=\"wp-block-post-excerpt__excerpt\">&nbsp;Journal Rotura Indexed at Latindex <a class=\"wp-block-post-excerpt__more-link\" href=\"https:\/\/antigo.ciac.pt\/news\/journal-rotura-4\/20646\">+ Info<\/a><\/p><\/div>\n<\/li>\n\n<li class=\"wp-block-post post-20644 post type-post status-publish format-standard hentry category-featured category-news investigadores-gabriela-borges\">\n<div class=\"wp-block-post-title\">CALL FOR PAPERS<\/div>\n<div class=\"wp-block-post-date\"><time datetime=\"2023-08-22T09:39:29+00:00\">22 Agosto, 2023<\/time><\/div>\n<div class=\"wp-block-post-excerpt\"><p class=\"wp-block-post-excerpt__excerpt\">Journal Memorare \u2013 Open Call for dossier on Language and Digital Communication <a class=\"wp-block-post-excerpt__more-link\" href=\"https:\/\/antigo.ciac.pt\/news\/call-for-papers-23\/20644\">+ Info<\/a><\/p><\/div>\n<\/li>\n\n<li class=\"wp-block-post post-20642 post type-post status-publish format-standard hentry category-featured category-news investigadores-mirian-tavares\">\n<div class=\"wp-block-post-title\">NEW PUBLICATION<\/div>\n<div class=\"wp-block-post-date\"><time datetime=\"2023-08-22T09:35:28+00:00\">22 Agosto, 2023<\/time><\/div>\n<div class=\"wp-block-post-excerpt\"><p class=\"wp-block-post-excerpt__excerpt\">Mirian Tavares co-edits new issue of Fotocinema magazine <a class=\"wp-block-post-excerpt__more-link\" href=\"https:\/\/antigo.ciac.pt\/news\/new-publication-67\/20642\">+ Info<\/a><\/p><\/div>\n<\/li>\n\n<li class=\"wp-block-post post-20640 post type-post status-publish format-standard hentry category-featured category-news investigadores-ana-isabel-soares investigadores-antonio-costa-valente investigadores-hugo-paquete investigadores-mirian-tavares investigadores-rosimaria-sapucaia\">\n<div class=\"wp-block-post-title\">EVENT<\/div>\n<div class=\"wp-block-post-date\"><time datetime=\"2023-08-22T09:33:10+00:00\">22 Agosto, 2023<\/time><\/div>\n<div class=\"wp-block-post-excerpt\"><p class=\"wp-block-post-excerpt__excerpt\">CIAC IS ONCE AGAIN PRESENT AT THE AVANCA FILM FESTIVAL <a class=\"wp-block-post-excerpt__more-link\" href=\"https:\/\/antigo.ciac.pt\/news\/event-54\/20640\">+ Info<\/a><\/p><\/div>\n<\/li>\n\n<li class=\"wp-block-post post-20638 post type-post status-publish format-standard hentry category-featured category-news investigadores-rui-travasso\">\n<div class=\"wp-block-post-title\">INTERNATIONAL CONFERENCE<\/div>\n<div class=\"wp-block-post-date\"><time datetime=\"2023-08-22T09:31:50+00:00\">22 Agosto, 2023<\/time><\/div>\n<div class=\"wp-block-post-excerpt\"><p class=\"wp-block-post-excerpt__excerpt\">Rui Travasso takes part in Conference on Culture and History in Vienna <a class=\"wp-block-post-excerpt__more-link\" href=\"https:\/\/antigo.ciac.pt\/news\/international-conference-32\/20638\">+ Info<\/a><\/p><\/div>\n<\/li>\n\n<li class=\"wp-block-post post-20636 post type-post status-publish format-standard hentry category-featured category-news\">\n<div class=\"wp-block-post-title\">PHD IN DIGITAL MEDIA-ART<\/div>\n<div class=\"wp-block-post-date\"><time datetime=\"2023-08-22T09:31:00+00:00\">22 Agosto, 2023<\/time><\/div>\n<div class=\"wp-block-post-excerpt\"><p class=\"wp-block-post-excerpt__excerpt\">Jo\u00e3o Pinto defended the exam to obtain the degree of Doctor in Digital Media-Art <a class=\"wp-block-post-excerpt__more-link\" href=\"https:\/\/antigo.ciac.pt\/news\/phd-in-digital-media-art-2\/20636\">+ Info<\/a><\/p><\/div>\n<\/li>\n\n<li class=\"wp-block-post post-20471 post type-post status-publish format-standard hentry category-featured category-news investigadores-mirian-tavares investigadores-pedro-alves-da-veiga\">\n<div class=\"wp-block-post-title\">DMAD REUNION 2023 \u2013 14 JULY<\/div>\n<div class=\"wp-block-post-date\"><time datetime=\"2023-08-22T09:27:39+00:00\">22 Agosto, 2023<\/time><\/div>\n<div class=\"wp-block-post-excerpt\"><p class=\"wp-block-post-excerpt__excerpt\">Closing Conference with Mirian Tavares and Pedro Alves da Veiga <a class=\"wp-block-post-excerpt__more-link\" href=\"https:\/\/antigo.ciac.pt\/news\/dmad-reunion-2023-14-july\/20471\">+ Info<\/a><\/p><\/div>\n<\/li>\n\n<li class=\"wp-block-post post-20467 post type-post status-publish format-standard hentry category-featured category-news investigadores-maria-potes-barbas investigadores-pedro-alves-da-veiga investigadores-sandra-boto\">\n<div class=\"wp-block-post-title\">DMAD REUNION 2023-13 JULY<\/div>\n<div class=\"wp-block-post-date\"><time datetime=\"2023-08-22T09:26:11+00:00\">22 Agosto, 2023<\/time><\/div>\n<div class=\"wp-block-post-excerpt\"><p class=\"wp-block-post-excerpt__excerpt\">Round table on Digital Literacy is planned for today <a class=\"wp-block-post-excerpt__more-link\" href=\"https:\/\/antigo.ciac.pt\/news\/dmad-reunion-2023-13-july\/20467\">+ Info<\/a><\/p><\/div>\n<\/li>\n\n<li class=\"wp-block-post post-20473 post type-post status-publish format-standard hentry category-featured category-news investigadores-mirian-tavares\">\n<div class=\"wp-block-post-title\">CHAMADA DE TRABALHOS<\/div>\n<div class=\"wp-block-post-date\"><time datetime=\"2023-08-22T09:22:48+00:00\">22 Agosto, 2023<\/time><\/div>\n<div class=\"wp-block-post-excerpt\"><p class=\"wp-block-post-excerpt__excerpt\">Open Call for Papers for the IV International Conference on Cultures  <a class=\"wp-block-post-excerpt__more-link\" href=\"https:\/\/antigo.ciac.pt\/news\/chamada-de-trabalhos-40\/20473\">+ Info<\/a><\/p><\/div>\n<\/li>\n\n<li class=\"wp-block-post post-20464 post type-post status-publish format-standard hentry category-featured category-news investigadores-antonio-costa-valente investigadores-patricia-dourado investigadores-pedro-alves-da-veiga\">\n<div class=\"wp-block-post-title\">DMAD REUNION 2023 \u2013 12 JULY<\/div>\n<div class=\"wp-block-post-date\"><time datetime=\"2023-08-22T09:20:30+00:00\">22 Agosto, 2023<\/time><\/div>\n<div class=\"wp-block-post-excerpt\"><p class=\"wp-block-post-excerpt__excerpt\">TALKS ABOUT DIGITAL SOUND AND MUSIC AND CREATION PROCESSES ARE PLANNED FOR TODAY <a class=\"wp-block-post-excerpt__more-link\" href=\"https:\/\/antigo.ciac.pt\/news\/dmad-reunion-2023-12-july\/20464\">+ Info<\/a><\/p><\/div>\n<\/li>\n\n<li class=\"wp-block-post post-20614 post type-post status-publish format-standard hentry category-featured category-news investigadores-juliana-wexel investigadores-mirian-tavares\">\n<div class=\"wp-block-post-title\">NEW PUBLICATION<\/div>\n<div class=\"wp-block-post-date\"><time datetime=\"2023-08-04T13:25:39+00:00\">4 Agosto, 2023<\/time><\/div>\n<div class=\"wp-block-post-excerpt\"><p class=\"wp-block-post-excerpt__excerpt\">Text by Juliana Wexel and Mirian Tavares included in guide for urban studies <a class=\"wp-block-post-excerpt__more-link\" href=\"https:\/\/antigo.ciac.pt\/news\/new-publication-66\/20614\">+ Info<\/a><\/p><\/div>\n<\/li>\n\n<li class=\"wp-block-post post-20459 post type-post status-publish format-standard hentry category-featured category-news investigadores-alexandre-martins investigadores-bruno-mendes-da-silva investigadores-denize-araujo investigadores-hernando-urrutia investigadores-pedro-alves-da-veiga\">\n<div class=\"wp-block-post-title\">INTERNATIONAL CONFERENCE<\/div>\n<div class=\"wp-block-post-date\"><time datetime=\"2023-08-04T12:57:00+00:00\">4 Agosto, 2023<\/time><\/div>\n<div class=\"wp-block-post-excerpt\"><p class=\"wp-block-post-excerpt__excerpt\">CIAC represented at Conference of the International Association for Media and Communication Research <a class=\"wp-block-post-excerpt__more-link\" href=\"https:\/\/antigo.ciac.pt\/news\/international-conference-31\/20459\">+ Info<\/a><\/p><\/div>\n<\/li>\n\n<li class=\"wp-block-post post-20164 post type-post status-publish format-standard hentry category-featured category-news\">\n<div class=\"wp-block-post-title\">RESEARCH VISIT<\/div>\n<div class=\"wp-block-post-date\"><time datetime=\"2023-08-04T11:17:47+00:00\">4 Agosto, 2023<\/time><\/div>\n<div class=\"wp-block-post-excerpt\"><p class=\"wp-block-post-excerpt__excerpt\">CIAC hosts international research visitors from Slovakia <a class=\"wp-block-post-excerpt__more-link\" href=\"https:\/\/antigo.ciac.pt\/news\/research-visit-3\/20164\">+ Info<\/a><\/p><\/div>\n<\/li>\n\n<li class=\"wp-block-post post-20457 post type-post status-publish format-standard hentry category-featured category-news investigadores-isabel-carvalho investigadores-pedro-alves-da-veiga\">\n<div class=\"wp-block-post-title\">DMAD REUNION  2023-11 JULY<\/div>\n<div class=\"wp-block-post-date\"><time datetime=\"2023-08-04T11:17:42+00:00\">4 Agosto, 2023<\/time><\/div>\n<div class=\"wp-block-post-excerpt\"><p class=\"wp-block-post-excerpt__excerpt\">Inauguration of the exhibition \u201cRizoma\u201d marks the second day of the DMAD reunion <a class=\"wp-block-post-excerpt__more-link\" href=\"https:\/\/antigo.ciac.pt\/news\/dmad-reunion-2023-11-july\/20457\">+ Info<\/a><\/p><\/div>\n<\/li>\n\n<li class=\"wp-block-post post-20455 post type-post status-publish format-standard hentry category-featured category-news investigadores-pedro-alves-da-veiga\">\n<div class=\"wp-block-post-title\">DMAD REUNION 2023-10 JULY<\/div>\n<div class=\"wp-block-post-date\"><time datetime=\"2023-08-04T11:06:57+00:00\">4 Agosto, 2023<\/time><\/div>\n<div class=\"wp-block-post-excerpt\"><p class=\"wp-block-post-excerpt__excerpt\">10th DMAD reunion begin on 10 July at Convento Esp\u00edrito Santo, in Loul\u00e9 <a class=\"wp-block-post-excerpt__more-link\" href=\"https:\/\/antigo.ciac.pt\/news\/dmad-reunion-2023-10-july\/20455\">+ Info<\/a><\/p><\/div>\n<\/li>\n\n<li class=\"wp-block-post post-20453 post type-post status-publish format-standard hentry category-featured category-news investigadores-patricia-dourado\">\n<div class=\"wp-block-post-title\">CREATIVE PROCESSES<\/div>\n<div class=\"wp-block-post-date\"><time datetime=\"2023-08-04T11:00:09+00:00\">4 Agosto, 2023<\/time><\/div>\n<div class=\"wp-block-post-excerpt\"><p class=\"wp-block-post-excerpt__excerpt\">DMAD round table with members of the Master\u2019s Degree in Creative Processes <a class=\"wp-block-post-excerpt__more-link\" href=\"https:\/\/antigo.ciac.pt\/news\/creative-processes\/20453\">+ Info<\/a><\/p><\/div>\n<\/li>\n\n<li class=\"wp-block-post post-20451 post type-post status-publish format-standard hentry category-featured category-news investigadores-alexandre-martins investigadores-denize-araujo\">\n<div class=\"wp-block-post-title\">EXPERIMENTAL SHORT FILMS<\/div>\n<div class=\"wp-block-post-date\"><time datetime=\"2023-08-04T10:56:54+00:00\">4 Agosto, 2023<\/time><\/div>\n<div class=\"wp-block-post-excerpt\"><p class=\"wp-block-post-excerpt__excerpt\">CIAC supports the \u201cC\/IT\/AGAIN\u201d exhibition <a class=\"wp-block-post-excerpt__more-link\" href=\"https:\/\/antigo.ciac.pt\/news\/experimental-short-films\/20451\">+ Info<\/a><\/p><\/div>\n<\/li>\n\n<li class=\"wp-block-post post-20447 post type-post status-publish format-standard hentry category-featured category-news investigadores-silvia-leiria-viegas investigadores-silvia-viegas\">\n<div class=\"wp-block-post-title\">WORKSHOP<\/div>\n<div class=\"wp-block-post-date\"><time datetime=\"2023-08-04T10:54:07+00:00\">4 Agosto, 2023<\/time><\/div>\n<div class=\"wp-block-post-excerpt\"><p class=\"wp-block-post-excerpt__excerpt\">S\u00edlvia Viegas leads workshop on solidarity networks to support migrants <a class=\"wp-block-post-excerpt__more-link\" href=\"https:\/\/antigo.ciac.pt\/news\/workshop-17\/20447\">+ Info<\/a><\/p><\/div>\n<\/li>\n\n<li class=\"wp-block-post post-20449 post type-post status-publish format-standard hentry category-featured category-news investigadores-ana-filipa-martins investigadores-antonio-costa-valente investigadores-bruno-mendes-da-silva investigadores-gabriela-borges investigadores-maria-potes-barbas investigadores-mirian-tavares investigadores-patricia-dourado investigadores-pedro-alves-da-veiga\">\n<div class=\"wp-block-post-title\">DMAD REUNION 2023<\/div>\n<div class=\"wp-block-post-date\"><time datetime=\"2023-08-04T10:48:30+00:00\">4 Agosto, 2023<\/time><\/div>\n<div class=\"wp-block-post-excerpt\"><p class=\"wp-block-post-excerpt__excerpt\">DMAD reunion takes place in Loul\u00e9 from 10 to 14 July 2023 <a class=\"wp-block-post-excerpt__more-link\" href=\"https:\/\/antigo.ciac.pt\/news\/dmad-reunion-2023\/20449\">+ Info<\/a><\/p><\/div>\n<\/li>\n\n<li class=\"wp-block-post post-20445 post type-post status-publish format-standard hentry category-featured category-news investigadores-filipe-madeira\">\n<div class=\"wp-block-post-title\">NEW PUBLICATION<\/div>\n<div class=\"wp-block-post-date\"><time datetime=\"2023-08-04T10:38:35+00:00\">4 Agosto, 2023<\/time><\/div>\n<div class=\"wp-block-post-excerpt\"><p class=\"wp-block-post-excerpt__excerpt\">New article by Filipe Madeira studies the use of technology to prevent sedentarism <a class=\"wp-block-post-excerpt__more-link\" href=\"https:\/\/antigo.ciac.pt\/news\/new-publication-65\/20445\">+ Info<\/a><\/p><\/div>\n<\/li>\n\n<li class=\"wp-block-post post-20443 post type-post status-publish format-standard hentry category-featured category-news\">\n<div class=\"wp-block-post-title\">RESEARCH GRANT<\/div>\n<div class=\"wp-block-post-date\"><time datetime=\"2023-08-04T10:30:48+00:00\">4 Agosto, 2023<\/time><\/div>\n<div class=\"wp-block-post-excerpt\"><p class=\"wp-block-post-excerpt__excerpt\">Applications for grants for R&amp;D projects in all scientific domains to take place in November <a class=\"wp-block-post-excerpt__more-link\" href=\"https:\/\/antigo.ciac.pt\/news\/research-grant-3\/20443\">+ Info<\/a><\/p><\/div>\n<\/li>\n\n<li class=\"wp-block-post post-20441 post type-post status-publish format-standard hentry category-featured category-news\">\n<div class=\"wp-block-post-title\">CALL FOR PAPERS<\/div>\n<div class=\"wp-block-post-date\"><time datetime=\"2023-08-04T10:24:32+00:00\">4 Agosto, 2023<\/time><\/div>\n<div class=\"wp-block-post-excerpt\"><p class=\"wp-block-post-excerpt__excerpt\">Call For Papers for journal on African Cinemas <a class=\"wp-block-post-excerpt__more-link\" href=\"https:\/\/antigo.ciac.pt\/news\/call-for-papers-22\/20441\">+ Info<\/a><\/p><\/div>\n<\/li>\n\n<li class=\"wp-block-post post-20439 post type-post status-publish format-standard hentry category-featured category-news investigadores-rui-travasso\">\n<div class=\"wp-block-post-title\">PHD IN DIGITAL MEDIA-ART \u2013 DISSERTATION DEFENSE<\/div>\n<div class=\"wp-block-post-date\"><time datetime=\"2023-08-04T10:16:43+00:00\">4 Agosto, 2023<\/time><\/div>\n<div class=\"wp-block-post-excerpt\"><p class=\"wp-block-post-excerpt__excerpt\">Rui Travasso defended the exam to obtain the degree of Doctor in Digital Media-Art <a class=\"wp-block-post-excerpt__more-link\" href=\"https:\/\/antigo.ciac.pt\/news\/phd-in-digital-media-art-dissertation-defense-5\/20439\">+ Info<\/a><\/p><\/div>\n<\/li>\n\n<li class=\"wp-block-post post-20437 post type-post status-publish format-standard hentry category-featured category-news investigadores-adriana-freire-nogueira\">\n<div class=\"wp-block-post-title\">INTERNATIONAL CONFERENCE<\/div>\n<div class=\"wp-block-post-date\"><time datetime=\"2023-08-04T10:13:27+00:00\">4 Agosto, 2023<\/time><\/div>\n<div class=\"wp-block-post-excerpt\"><p class=\"wp-block-post-excerpt__excerpt\">Adriana Nogueira takes part in the 14th Celtic Conference in Classics  <a class=\"wp-block-post-excerpt__more-link\" href=\"https:\/\/antigo.ciac.pt\/news\/international-conference-30\/20437\">+ Info<\/a><\/p><\/div>\n<\/li>\n\n<li class=\"wp-block-post post-20433 post type-post status-publish format-standard hentry category-featured category-news investigadores-susana-costa\">\n<div class=\"wp-block-post-title\">SCIENCE 2023<\/div>\n<div class=\"wp-block-post-date\"><time datetime=\"2023-08-02T13:51:31+00:00\">2 Agosto, 2023<\/time><\/div>\n<div class=\"wp-block-post-excerpt\"><p class=\"wp-block-post-excerpt__excerpt\">Susana Costa participates in the Science 2023 <a class=\"wp-block-post-excerpt__more-link\" href=\"https:\/\/antigo.ciac.pt\/news\/science-2023\/20433\">+ Info<\/a><\/p><\/div>\n<\/li>\n\n<li class=\"wp-block-post post-20111 post type-post status-publish format-standard hentry category-featured category-news\">\n<div class=\"wp-block-post-title\">CYPET SYMPOSIUM<\/div>\n<div class=\"wp-block-post-date\"><time datetime=\"2023-08-02T11:30:08+00:00\">2 Agosto, 2023<\/time><\/div>\n<div class=\"wp-block-post-excerpt\"><p class=\"wp-block-post-excerpt__excerpt\">The book of abstract for CyPet Symposium is already available for download  <a class=\"wp-block-post-excerpt__more-link\" href=\"https:\/\/antigo.ciac.pt\/news\/cypet-symposium-2\/20111\">+ Info<\/a><\/p><\/div>\n<\/li>\n\n<li class=\"wp-block-post post-20431 post type-post status-publish format-standard hentry category-featured category-news investigadores-ana-filipa-martins investigadores-antonio-costa-valente investigadores-bruno-mendes-da-silva investigadores-jose-bidarra investigadores-maria-potes-barbas investigadores-mirian-tavares investigadores-patricia-dourado investigadores-susana-costa\">\n<div class=\"wp-block-post-title\">PROJECT PROPS<\/div>\n<div class=\"wp-block-post-date\"><time datetime=\"2023-08-01T11:35:26+00:00\">1 Agosto, 2023<\/time><\/div>\n<div class=\"wp-block-post-excerpt\"><p class=\"wp-block-post-excerpt__excerpt\">Project PROPS collects data on behaviors of young people on online gaming platforms to identify and combat hate speech  <a class=\"wp-block-post-excerpt__more-link\" href=\"https:\/\/antigo.ciac.pt\/news\/project-props\/20431\">+ Info<\/a><\/p><\/div>\n<\/li>\n\n<li class=\"wp-block-post post-20429 post type-post status-publish format-standard hentry category-featured category-news investigadores-ana-alexandra-carvalho investigadores-ana-clara-santos investigadores-joaquim-guerra investigadores-neuza-costa investigadores-olivia-novoa-fernandez\">\n<div class=\"wp-block-post-title\">INTERNATIONAL CONFERENCE<\/div>\n<div class=\"wp-block-post-date\"><time datetime=\"2023-08-01T11:30:12+00:00\">1 Agosto, 2023<\/time><\/div>\n<div class=\"wp-block-post-excerpt\"><p class=\"wp-block-post-excerpt__excerpt\">CIAC supports conference on \u2018History of Language Teaching\u2019 <a class=\"wp-block-post-excerpt__more-link\" href=\"https:\/\/antigo.ciac.pt\/news\/international-conference-29\/20429\">+ Info<\/a><\/p><\/div>\n<\/li>\n\n<li class=\"wp-block-post post-20014 post type-post status-publish format-standard hentry category-featured category-news\">\n<div class=\"wp-block-post-title\">INTERNATIONAL CONFERENCE: ARTECH 2023<\/div>\n<div class=\"wp-block-post-date\"><time datetime=\"2023-08-01T11:26:01+00:00\">1 Agosto, 2023<\/time><\/div>\n<div class=\"wp-block-post-excerpt\"><p class=\"wp-block-post-excerpt__excerpt\">ARTECH 2023 intexed in Digital Library ACM <a class=\"wp-block-post-excerpt__more-link\" href=\"https:\/\/antigo.ciac.pt\/news\/international-conference-artech-2023-2\/20014\">+ Info<\/a><\/p><\/div>\n<\/li>\n\n<li class=\"wp-block-post post-20427 post type-post status-publish format-standard hentry category-featured category-news investigadores-heloisa-toledo-machado\">\n<div class=\"wp-block-post-title\">FILM FESTIVAL<\/div>\n<div class=\"wp-block-post-date\"><time datetime=\"2023-08-01T11:24:12+00:00\">1 Agosto, 2023<\/time><\/div>\n<div class=\"wp-block-post-excerpt\"><p class=\"wp-block-post-excerpt__excerpt\">CIAC researcher\u2019s film to be exhibited at the Festin Film Festival  <a class=\"wp-block-post-excerpt__more-link\" href=\"https:\/\/antigo.ciac.pt\/news\/film-festival\/20427\">+ Info<\/a><\/p><\/div>\n<\/li>\n\n<li class=\"wp-block-post post-20425 post type-post status-publish format-standard hentry category-featured category-news investigadores-aderito-fernandes-marcos investigadores-selma-pereira\">\n<div class=\"wp-block-post-title\">NEW INVITRO SEMINAR<\/div>\n<div class=\"wp-block-post-date\"><time datetime=\"2023-08-01T11:06:36+00:00\">1 Agosto, 2023<\/time><\/div>\n<div class=\"wp-block-post-excerpt\"><p class=\"wp-block-post-excerpt__excerpt\">Seminar on Digital Media and the Ephemerality of the News <a class=\"wp-block-post-excerpt__more-link\" href=\"https:\/\/antigo.ciac.pt\/news\/new-invitro-seminar\/20425\">+ Info<\/a><\/p><\/div>\n<\/li>\n\n<li class=\"wp-block-post post-20423 post type-post status-publish format-standard hentry category-featured category-news investigadores-manuel-celio-conceicao\">\n<div class=\"wp-block-post-title\">ROUND TABLE<\/div>\n<div class=\"wp-block-post-date\"><time datetime=\"2023-08-01T11:02:05+00:00\">1 Agosto, 2023<\/time><\/div>\n<div class=\"wp-block-post-excerpt\"><p class=\"wp-block-post-excerpt__excerpt\">CIAC researcher takes part in round table on scientific mediation and climate change  <a class=\"wp-block-post-excerpt__more-link\" href=\"https:\/\/antigo.ciac.pt\/news\/round-table-2\/20423\">+ Info<\/a><\/p><\/div>\n<\/li>\n\n<li class=\"wp-block-post post-20421 post type-post status-publish format-standard hentry category-featured category-news investigadores-maria-jose-marques investigadores-silvia-quinteiro\">\n<div class=\"wp-block-post-title\">EVENT<\/div>\n<div class=\"wp-block-post-date\"><time datetime=\"2023-08-01T11:00:11+00:00\">1 Agosto, 2023<\/time><\/div>\n<div class=\"wp-block-post-excerpt\"><p class=\"wp-block-post-excerpt__excerpt\">1st International Conference on Literature and Tourism: LIT&amp;TOUR <a class=\"wp-block-post-excerpt__more-link\" href=\"https:\/\/antigo.ciac.pt\/news\/event-53\/20421\">+ Info<\/a><\/p><\/div>\n<\/li>\n\n<li class=\"wp-block-post post-20418 post type-post status-publish format-standard hentry category-featured category-news investigadores-mirian-tavares\">\n<div class=\"wp-block-post-title\">INTERNATIONAL COLLOQUIUM<\/div>\n<div class=\"wp-block-post-date\"><time datetime=\"2023-08-01T10:56:58+00:00\">1 Agosto, 2023<\/time><\/div>\n<div class=\"wp-block-post-excerpt\"><p class=\"wp-block-post-excerpt__excerpt\">Mirian Tavares participates in the 4th RETiiNA \u2013 International Colloquium  <a class=\"wp-block-post-excerpt__more-link\" href=\"https:\/\/antigo.ciac.pt\/news\/international-colloquium-6\/20418\">+ Info<\/a><\/p><\/div>\n<\/li>\n\n<li class=\"wp-block-post post-20415 post type-post status-publish format-standard hentry category-featured category-news\">\n<div class=\"wp-block-post-title\">PhD IN DIGITAL MEDIA ART \u2013 DISSERTATION DEFENSE<\/div>\n<div class=\"wp-block-post-date\"><time datetime=\"2023-08-01T10:33:15+00:00\">1 Agosto, 2023<\/time><\/div>\n<div class=\"wp-block-post-excerpt\"><p class=\"wp-block-post-excerpt__excerpt\">Solamy Silva Oliveira defended the exam to obtain the degree of doctor in Digital Media Art <a class=\"wp-block-post-excerpt__more-link\" href=\"https:\/\/antigo.ciac.pt\/news\/phd-in-digital-media-art-dissertation-defense-4\/20415\">+ Info<\/a><\/p><\/div>\n<\/li>\n\n<li class=\"wp-block-post post-20568 post type-post status-publish format-standard hentry category-featured category-news investigadores-antonio-costa-valente\">\n<div class=\"wp-block-post-title\">AWARD<\/div>\n<div class=\"wp-block-post-date\"><time datetime=\"2023-08-01T10:15:04+00:00\">1 Agosto, 2023<\/time><\/div>\n<div class=\"wp-block-post-excerpt\"><p class=\"wp-block-post-excerpt__excerpt\">Book with chapter by Costa Valente receives award <a class=\"wp-block-post-excerpt__more-link\" href=\"https:\/\/antigo.ciac.pt\/news\/award-3\/20568\">+ Info<\/a><\/p><\/div>\n<\/li>\n\n<li class=\"wp-block-post post-20394 post type-post status-publish format-standard hentry category-featured category-news investigadores-juliana-wexel\">\n<div class=\"wp-block-post-title\">INTERNATIONAL SYMPOSIUM<\/div>\n<div class=\"wp-block-post-date\"><time datetime=\"2023-08-01T10:13:12+00:00\">1 Agosto, 2023<\/time><\/div>\n<div class=\"wp-block-post-excerpt\"><p class=\"wp-block-post-excerpt__excerpt\">Juliana Wexel takes part in Closing Symposium: Writing Urban Places  <a class=\"wp-block-post-excerpt__more-link\" href=\"https:\/\/antigo.ciac.pt\/news\/international-symposium-2\/20394\">+ Info<\/a><\/p><\/div>\n<\/li>\n\n<li class=\"wp-block-post post-20390 post type-post status-publish format-standard hentry category-featured category-news investigadores-ana-raquel-gouveia-morgado\">\n<div class=\"wp-block-post-title\">CONFERENCE&nbsp;<\/div>\n<div class=\"wp-block-post-date\"><time datetime=\"2023-07-18T10:30:41+00:00\">18 Julho, 2023<\/time><\/div>\n<div class=\"wp-block-post-excerpt\"><p class=\"wp-block-post-excerpt__excerpt\">Ana Raquel Gouveia takes part in Conference on Education for Health <a class=\"wp-block-post-excerpt__more-link\" href=\"https:\/\/antigo.ciac.pt\/news\/conference-25\/20390\">+ Info<\/a><\/p><\/div>\n<\/li>\n\n<li class=\"wp-block-post post-20352 post type-post status-publish format-standard hentry category-featured category-news investigadores-gabriela-borges\">\n<div class=\"wp-block-post-title\">INTERNATIONAL SEMINAR<\/div>\n<div class=\"wp-block-post-date\"><time datetime=\"2023-07-18T10:21:21+00:00\">18 Julho, 2023<\/time><\/div>\n<div class=\"wp-block-post-excerpt\"><p class=\"wp-block-post-excerpt__excerpt\">Gabriela Borges teaches seminar on Media Literacy  <a class=\"wp-block-post-excerpt__more-link\" href=\"https:\/\/antigo.ciac.pt\/news\/international-seminar-4\/20352\">+ Info<\/a><\/p><\/div>\n<\/li>\n\n<li class=\"wp-block-post post-20350 post type-post status-publish format-standard hentry category-featured category-news\">\n<div class=\"wp-block-post-title\">INTERNATIONAL CONFERENCE<\/div>\n<div class=\"wp-block-post-date\"><time datetime=\"2023-07-18T10:13:16+00:00\">18 Julho, 2023<\/time><\/div>\n<div class=\"wp-block-post-excerpt\"><p class=\"wp-block-post-excerpt__excerpt\">Call for papers for International Conference on Galician Studies <a class=\"wp-block-post-excerpt__more-link\" href=\"https:\/\/antigo.ciac.pt\/news\/international-conference-28\/20350\">+ Info<\/a><\/p><\/div>\n<\/li>\n\n<li class=\"wp-block-post post-20348 post type-post status-publish format-standard hentry category-featured category-news investigadores-silvia-quinteiro\">\n<div class=\"wp-block-post-title\">INTERNATIONAL COLLOQUIUM<\/div>\n<div class=\"wp-block-post-date\"><time datetime=\"2023-07-18T10:10:04+00:00\">18 Julho, 2023<\/time><\/div>\n<div class=\"wp-block-post-excerpt\"><p class=\"wp-block-post-excerpt__excerpt\">S\u00edlvia Quintero takes part in Colloquium&nbsp;on Comparative Literature <a class=\"wp-block-post-excerpt__more-link\" href=\"https:\/\/antigo.ciac.pt\/news\/international-colloquium-5\/20348\">+ Info<\/a><\/p><\/div>\n<\/li>\n\n<li class=\"wp-block-post post-20346 post type-post status-publish format-standard hentry category-featured category-news investigadores-armando-nascimento-rosa\">\n<div class=\"wp-block-post-title\">SEMINAR<\/div>\n<div class=\"wp-block-post-date\"><time datetime=\"2023-07-18T10:07:08+00:00\">18 Julho, 2023<\/time><\/div>\n<div class=\"wp-block-post-excerpt\"><p class=\"wp-block-post-excerpt__excerpt\">ARMANDO NASCIMENTO ROSA PARTICIPATES IN THE OPEN SEMINAR OF PROJECT ESTRANHAR PESSOA <a class=\"wp-block-post-excerpt__more-link\" href=\"https:\/\/antigo.ciac.pt\/news\/seminar-21\/20346\">+ Info<\/a><\/p><\/div>\n<\/li>\n\n<li class=\"wp-block-post post-20344 post type-post status-publish format-standard hentry category-featured category-news\">\n<div class=\"wp-block-post-title\">CIAC RESEARCH GRANT<\/div>\n<div class=\"wp-block-post-date\"><time datetime=\"2023-07-18T09:58:45+00:00\">18 Julho, 2023<\/time><\/div>\n<div class=\"wp-block-post-excerpt\"><p class=\"wp-block-post-excerpt__excerpt\">Call for a research grant in Communication Sciences \u2013 Applications open until 1 June  <a class=\"wp-block-post-excerpt__more-link\" href=\"https:\/\/antigo.ciac.pt\/news\/ciac-research-grant-3\/20344\">+ Info<\/a><\/p><\/div>\n<\/li>\n\n<li class=\"wp-block-post post-20342 post type-post status-publish format-standard hentry category-featured category-news investigadores-jorge-carrega\">\n<div class=\"wp-block-post-title\">CONFERENCE<\/div>\n<div class=\"wp-block-post-date\"><time datetime=\"2023-07-18T09:52:13+00:00\">18 Julho, 2023<\/time><\/div>\n<div class=\"wp-block-post-excerpt\"><p class=\"wp-block-post-excerpt__excerpt\">Jorge Carrega participates in the XII Annual meeting of the Association of moving image  <a class=\"wp-block-post-excerpt__more-link\" href=\"https:\/\/antigo.ciac.pt\/news\/conference-24\/20342\">+ Info<\/a><\/p><\/div>\n<\/li>\n\n<li class=\"wp-block-post post-20340 post type-post status-publish format-standard hentry category-featured category-news investigadores-adriana-freire-nogueira\">\n<div class=\"wp-block-post-title\">CONFERENCE<\/div>\n<div class=\"wp-block-post-date\"><time datetime=\"2023-07-18T09:40:08+00:00\">18 Julho, 2023<\/time><\/div>\n<div class=\"wp-block-post-excerpt\"><p class=\"wp-block-post-excerpt__excerpt\">CIAC researcher participates in conference on Classical Studies <a class=\"wp-block-post-excerpt__more-link\" href=\"https:\/\/antigo.ciac.pt\/news\/conference-23\/20340\">+ Info<\/a><\/p><\/div>\n<\/li>\n\n<li class=\"wp-block-post post-20336 post type-post status-publish format-standard hentry category-featured category-news investigadores-jorge-carrega\">\n<div class=\"wp-block-post-title\">WEBINAR<\/div>\n<div class=\"wp-block-post-date\"><time datetime=\"2023-07-18T09:36:25+00:00\">18 Julho, 2023<\/time><\/div>\n<div class=\"wp-block-post-excerpt\"><p class=\"wp-block-post-excerpt__excerpt\">CIAC and TECHNN&amp;ART promote webinar about the collection on film posters of the Municipal Museum of Faro <a class=\"wp-block-post-excerpt__more-link\" href=\"https:\/\/antigo.ciac.pt\/news\/webinar-12\/20336\">+ Info<\/a><\/p><\/div>\n<\/li>\n\n<li class=\"wp-block-post post-19804 post type-post status-publish format-standard hentry category-featured category-news investigadores-ricardo-mestre\">\n<div class=\"wp-block-post-title\">INTERNATIONAL CONFERENCE<\/div>\n<div class=\"wp-block-post-date\"><time datetime=\"2023-07-18T09:31:15+00:00\">18 Julho, 2023<\/time><\/div>\n<div class=\"wp-block-post-excerpt\"><p class=\"wp-block-post-excerpt__excerpt\">Ricardo Mestre takes part in Asian Conference on Arts and Humanities  <a class=\"wp-block-post-excerpt__more-link\" href=\"https:\/\/antigo.ciac.pt\/news\/international-conference-27\/19804\">+ Info<\/a><\/p><\/div>\n<\/li>\n\n<li class=\"wp-block-post post-20333 post type-post status-publish format-standard hentry category-featured category-news investigadores-antonio-costa-valente\">\n<div class=\"wp-block-post-title\">CONFERENCE<\/div>\n<div class=\"wp-block-post-date\"><time datetime=\"2023-07-18T09:28:34+00:00\">18 Julho, 2023<\/time><\/div>\n<div class=\"wp-block-post-excerpt\"><p class=\"wp-block-post-excerpt__excerpt\">Ant\u00f3nio Costa Valente takes part in conference on documentaries <a class=\"wp-block-post-excerpt__more-link\" href=\"https:\/\/antigo.ciac.pt\/news\/conference-22\/20333\">+ Info<\/a><\/p><\/div>\n<\/li>\n\n<li class=\"wp-block-post post-20332 post type-post status-publish format-standard hentry category-featured category-news investigadores-carlos-vidal\">\n<div class=\"wp-block-post-title\">NEW PUBLICATION<\/div>\n<div class=\"wp-block-post-date\"><time datetime=\"2023-07-18T09:26:24+00:00\">18 Julho, 2023<\/time><\/div>\n<div class=\"wp-block-post-excerpt\"><p class=\"wp-block-post-excerpt__excerpt\">Book by researcher Carlos Vidal demystifies the life and work of Caravaggio <a class=\"wp-block-post-excerpt__more-link\" href=\"https:\/\/antigo.ciac.pt\/news\/featured\/new-publication-63\/20332\">+ Info<\/a><\/p><\/div>\n<\/li>\n\n<li class=\"wp-block-post post-19941 post type-post status-publish format-standard hentry category-featured category-news investigadores-silvia-leiria-viegas\">\n<div class=\"wp-block-post-title\">INTERNATIONAL CONFERENCE<\/div>\n<div class=\"wp-block-post-date\"><time datetime=\"2023-07-18T09:23:18+00:00\">18 Julho, 2023<\/time><\/div>\n<div class=\"wp-block-post-excerpt\"><p class=\"wp-block-post-excerpt__excerpt\">S\u00edlvia Viegas represents CIAC in international conference about heritages <a class=\"wp-block-post-excerpt__more-link\" href=\"https:\/\/antigo.ciac.pt\/news\/international-conference-26\/19941\">+ Info<\/a><\/p><\/div>\n<\/li>\n\n<li class=\"wp-block-post post-19903 post type-post status-publish format-standard hentry category-featured category-news\">\n<div class=\"wp-block-post-title\">CYPET SYMPOSIUM&nbsp;<\/div>\n<div class=\"wp-block-post-date\"><time datetime=\"2023-07-10T15:45:58+00:00\">10 Julho, 2023<\/time><\/div>\n<div class=\"wp-block-post-excerpt\"><p class=\"wp-block-post-excerpt__excerpt\">The University of the Algarve hosts the final Symposium of Project CyPet <a class=\"wp-block-post-excerpt__more-link\" href=\"https:\/\/antigo.ciac.pt\/news\/cypet-symposium\/19903\">+ Info<\/a><\/p><\/div>\n<\/li>\n\n<li class=\"wp-block-post post-19783 post type-post status-publish format-standard hentry category-featured category-news investigadores-jose-bogalheiro\">\n<div class=\"wp-block-post-title\">NEW PUBLICATION<\/div>\n<div class=\"wp-block-post-date\"><time datetime=\"2023-07-10T15:43:36+00:00\">10 Julho, 2023<\/time><\/div>\n<div class=\"wp-block-post-excerpt\"><p class=\"wp-block-post-excerpt__excerpt\">NEW BOOK BY JOS\u00c9 BOGALHEIRO COMPILES TEXTS ON THE IMAGE OF WOMEN IN CINEMA <a class=\"wp-block-post-excerpt__more-link\" href=\"https:\/\/antigo.ciac.pt\/news\/new-publication-62\/19783\">+ Info<\/a><\/p><\/div>\n<\/li>\n\n<li class=\"wp-block-post post-19781 post type-post status-publish format-standard hentry category-featured category-news\">\n<div class=\"wp-block-post-title\">JOURNAL ROTURA<\/div>\n<div class=\"wp-block-post-date\"><time datetime=\"2023-07-10T14:41:29+00:00\">10 Julho, 2023<\/time><\/div>\n<div class=\"wp-block-post-excerpt\"><p class=\"wp-block-post-excerpt__excerpt\">JOURNAL ROTURA INDEXED ON GOOGLE SCHOLAR <a class=\"wp-block-post-excerpt__more-link\" href=\"https:\/\/antigo.ciac.pt\/news\/journal-rotura-3\/19781\">+ Info<\/a><\/p><\/div>\n<\/li>\n\n<li class=\"wp-block-post post-19778 post type-post status-publish format-standard hentry category-featured category-news investigadores-ricardo-costa-agarez\">\n<div class=\"wp-block-post-title\">NEW PUBLICATION<\/div>\n<div class=\"wp-block-post-date\"><time datetime=\"2023-07-10T14:40:41+00:00\">10 Julho, 2023<\/time><\/div>\n<div class=\"wp-block-post-excerpt\"><p class=\"wp-block-post-excerpt__excerpt\">PRESENTATION OF THE BOOK \u201cTHE CONSTRUCTION OF THE ALGARVE\u201d IN LISBON AND FARO <a class=\"wp-block-post-excerpt__more-link\" href=\"https:\/\/antigo.ciac.pt\/news\/new-publication-61\/19778\">+ Info<\/a><\/p><\/div>\n<\/li>\n\n<li class=\"wp-block-post post-19776 post type-post status-publish format-standard hentry category-featured category-news\">\n<div class=\"wp-block-post-title\">VISUAL ARTS CYCLE<\/div>\n<div class=\"wp-block-post-date\"><time datetime=\"2023-07-10T14:39:04+00:00\">10 Julho, 2023<\/time><\/div>\n<div class=\"wp-block-post-excerpt\"><p class=\"wp-block-post-excerpt__excerpt\">LOUREN\u00c7O EGREJA IS THE NEXT GUEST SPEAKER OF THE VISUAL ARTS CYCLE <a class=\"wp-block-post-excerpt__more-link\" href=\"https:\/\/antigo.ciac.pt\/news\/visual-arts-cycle-9\/19776\">+ Info<\/a><\/p><\/div>\n<\/li>\n\n<li class=\"wp-block-post post-19774 post type-post status-publish format-standard hentry category-featured category-news investigadores-isabel-carvalho investigadores-silvia-viegas\">\n<div class=\"wp-block-post-title\">INTERNATIONAL CONFERENCE: SILK CITIES<\/div>\n<div class=\"wp-block-post-date\"><time datetime=\"2023-07-10T14:33:18+00:00\">10 Julho, 2023<\/time><\/div>\n<div class=\"wp-block-post-excerpt\"><p class=\"wp-block-post-excerpt__excerpt\">4th SILK CITIES CONFERENCE HAS BEEN CANCELLED <a class=\"wp-block-post-excerpt__more-link\" href=\"https:\/\/antigo.ciac.pt\/news\/international-conference-silk-cities-2\/19774\">+ Info<\/a><\/p><\/div>\n<\/li>\n\n<li class=\"wp-block-post post-20290 post type-post status-publish format-standard hentry category-featured category-news investigadores-patricia-dourado\">\n<div class=\"wp-block-post-title\">MASTERS IN CREATIVE PROCESS&nbsp;<\/div>\n<div class=\"wp-block-post-date\"><time datetime=\"2023-07-10T14:31:17+00:00\">10 Julho, 2023<\/time><\/div>\n<div class=\"wp-block-post-excerpt\"><p class=\"wp-block-post-excerpt__excerpt\">MASTERS IN CREATIVE PROCESS ACCEPTING APPLICATIONS UNTIL JULY 10TH <a class=\"wp-block-post-excerpt__more-link\" href=\"https:\/\/antigo.ciac.pt\/news\/masters-in-creative-process\/20290\">+ Info<\/a><\/p><\/div>\n<\/li>\n\n<li class=\"wp-block-post post-19772 post type-post status-publish format-standard hentry category-featured category-news investigadores-maria-botana-vilar investigadores-maria-jesus-botana-vilar investigadores-maria-jesus-vilar\">\n<div class=\"wp-block-post-title\">CEG CONFERENCE<\/div>\n<div class=\"wp-block-post-date\"><time datetime=\"2023-07-10T14:30:08+00:00\">10 Julho, 2023<\/time><\/div>\n<div class=\"wp-block-post-excerpt\"><p class=\"wp-block-post-excerpt__excerpt\">CIAC AND CEG CO-ORGANIZE CONFERENCE IN CELEBRATION OF THE DAY OF GALICIAN LANGUAGE 2023 <a class=\"wp-block-post-excerpt__more-link\" href=\"https:\/\/antigo.ciac.pt\/news\/ceg-conference-2\/19772\">+ Info<\/a><\/p><\/div>\n<\/li>\n\n<li class=\"wp-block-post post-19770 post type-post status-publish format-standard hentry category-featured category-news investigadores-manuel-celio-conceicao\">\n<div class=\"wp-block-post-title\">INTERNATIONAL SEMINAR<\/div>\n<div class=\"wp-block-post-date\"><time datetime=\"2023-07-10T14:28:18+00:00\">10 Julho, 2023<\/time><\/div>\n<div class=\"wp-block-post-excerpt\"><p class=\"wp-block-post-excerpt__excerpt\">MANUEL C\u00c9LIO CONCEI\u00c7\u00c3O PARTICIPATES IN INTERNATIONAL SEMINAR DEVOTED TO \u2018TERMINOLOGIES AND LINGUISTIC POLICIES\u2019 <a class=\"wp-block-post-excerpt__more-link\" href=\"https:\/\/antigo.ciac.pt\/news\/international-seminar-3\/19770\">+ Info<\/a><\/p><\/div>\n<\/li>\n\n<li class=\"wp-block-post post-19768 post type-post status-publish format-standard hentry category-featured category-news investigadores-antonio-costa-valente\">\n<div class=\"wp-block-post-title\">INTERVIEW<\/div>\n<div class=\"wp-block-post-date\"><time datetime=\"2023-07-10T14:26:38+00:00\">10 Julho, 2023<\/time><\/div>\n<div class=\"wp-block-post-excerpt\"><p class=\"wp-block-post-excerpt__excerpt\">DI\u00c1RIO DE NOT\u00cdCIAS INTERVIEWS ANT\u00d3NIO COSTA VALENTE <a class=\"wp-block-post-excerpt__more-link\" href=\"https:\/\/antigo.ciac.pt\/news\/interview-9\/19768\">+ Info<\/a><\/p><\/div>\n<\/li>\n\n<li class=\"wp-block-post post-19758 post type-post status-publish format-standard hentry category-featured category-news investigadores-maria-jesus-vilar\">\n<div class=\"wp-block-post-title\">CEG CONFERENCE<\/div>\n<div class=\"wp-block-post-date\"><time datetime=\"2023-07-10T14:24:52+00:00\">10 Julho, 2023<\/time><\/div>\n<div class=\"wp-block-post-excerpt\"><p class=\"wp-block-post-excerpt__excerpt\">CIAC AND CEG CO-ORGANIZE CONFERENCE \u201d THE FACES OF EXILE\u201d <a class=\"wp-block-post-excerpt__more-link\" href=\"https:\/\/antigo.ciac.pt\/news\/ceg-conference\/19758\">+ Info<\/a><\/p><\/div>\n<\/li>\n\n<li class=\"wp-block-post post-19756 post type-post status-publish format-standard hentry category-featured category-news\">\n<div class=\"wp-block-post-title\">COMMUNICATION SCIENCES SEMINARS<\/div>\n<div class=\"wp-block-post-date\"><time datetime=\"2023-07-10T11:34:06+00:00\">10 Julho, 2023<\/time><\/div>\n<div class=\"wp-block-post-excerpt\"><p class=\"wp-block-post-excerpt__excerpt\">ESEC AND CIAC PROMOTE SEMINAR WITH ANDR\u00c9 MARTINS <a class=\"wp-block-post-excerpt__more-link\" href=\"https:\/\/antigo.ciac.pt\/news\/communication-sciences-seminars-18\/19756\">+ Info<\/a><\/p><\/div>\n<\/li>\n\n<li class=\"wp-block-post post-19754 post type-post status-publish format-standard hentry category-featured category-news\">\n<div class=\"wp-block-post-title\">VISUAL ARTS CYCLE<\/div>\n<div class=\"wp-block-post-date\"><time datetime=\"2023-06-09T17:27:05+00:00\">9 Junho, 2023<\/time><\/div>\n<div class=\"wp-block-post-excerpt\"><p class=\"wp-block-post-excerpt__excerpt\">Bruno Caracol and Pavel Tavares are the next guest speakers of the Visual Arts Cycle <a class=\"wp-block-post-excerpt__more-link\" href=\"https:\/\/antigo.ciac.pt\/news\/visual-arts-cycle-8\/19754\">+ Info<\/a><\/p><\/div>\n<\/li>\n\n<li class=\"wp-block-post post-19751 post type-post status-publish format-standard hentry category-featured category-news investigadores-aderito-fernandes-marcos investigadores-selma-pereira\">\n<div class=\"wp-block-post-title\">CYCLE OF SEMINARS<\/div>\n<div class=\"wp-block-post-date\"><time datetime=\"2023-06-09T17:25:52+00:00\">9 Junho, 2023<\/time><\/div>\n<div class=\"wp-block-post-excerpt\"><p class=\"wp-block-post-excerpt__excerpt\">INVITRO PROGRAM PROMOTES SEMINAR ON ARTIFICIAL INTELLIGENCE IN ARTISTIC CREATION <a class=\"wp-block-post-excerpt__more-link\" href=\"https:\/\/antigo.ciac.pt\/news\/cycle-of-seminars-4\/19751\">+ Info<\/a><\/p><\/div>\n<\/li>\n\n<li class=\"wp-block-post post-19749 post type-post status-publish format-standard hentry category-featured category-news\">\n<div class=\"wp-block-post-title\">CONFERENCE CYCLE<\/div>\n<div class=\"wp-block-post-date\"><time datetime=\"2023-06-09T17:24:44+00:00\">9 Junho, 2023<\/time><\/div>\n<div class=\"wp-block-post-excerpt\"><p class=\"wp-block-post-excerpt__excerpt\">second session of the Conference cycle Romanceiro.pt takes place on 15 May <a class=\"wp-block-post-excerpt__more-link\" href=\"https:\/\/antigo.ciac.pt\/news\/conference-cycle-3\/19749\">+ Info<\/a><\/p><\/div>\n<\/li>\n\n<li class=\"wp-block-post post-19747 post type-post status-publish format-standard hentry category-featured category-news\">\n<div class=\"wp-block-post-title\">DIGITAL MEDIA-ART SYMPOSIUM<\/div>\n<div class=\"wp-block-post-date\"><time datetime=\"2023-06-09T17:23:51+00:00\">9 Junho, 2023<\/time><\/div>\n<div class=\"wp-block-post-excerpt\"><p class=\"wp-block-post-excerpt__excerpt\">CIAC-UAB promotes 2nd Digital Media-Art Symposium <a class=\"wp-block-post-excerpt__more-link\" href=\"https:\/\/antigo.ciac.pt\/news\/digital-media-art-symposium-2\/19747\">+ Info<\/a><\/p><\/div>\n<\/li>\n\n<li class=\"wp-block-post post-19742 post type-post status-publish format-standard hentry category-featured category-news investigadores-ana-carvalho investigadores-celia-vieira\">\n<div class=\"wp-block-post-title\">CYPET<\/div>\n<div class=\"wp-block-post-date\"><time datetime=\"2023-06-09T17:22:51+00:00\">9 Junho, 2023<\/time><\/div>\n<div class=\"wp-block-post-excerpt\"><p class=\"wp-block-post-excerpt__excerpt\">CYPET project promotes pedagogical experimentation workshop on 2 May <a class=\"wp-block-post-excerpt__more-link\" href=\"https:\/\/antigo.ciac.pt\/news\/cypet-18\/19742\">+ Info<\/a><\/p><\/div>\n<\/li>\n\n<li class=\"wp-block-post post-19739 post type-post status-publish format-standard hentry category-featured category-news investigadores-susana-costa\">\n<div class=\"wp-block-post-title\">WORKSHOP<\/div>\n<div class=\"wp-block-post-date\"><time datetime=\"2023-06-09T17:21:51+00:00\">9 Junho, 2023<\/time><\/div>\n<div class=\"wp-block-post-excerpt\"><p class=\"wp-block-post-excerpt__excerpt\">Susana Costa teaches workshop as part of the program \u201cCientificamente Provr\u00e1vel\u201d <a class=\"wp-block-post-excerpt__more-link\" href=\"https:\/\/antigo.ciac.pt\/news\/workshop-15\/19739\">+ Info<\/a><\/p><\/div>\n<\/li>\n\n<li class=\"wp-block-post post-19735 post type-post status-publish format-standard hentry category-featured category-news investigadores-silvia-viegas\">\n<div class=\"wp-block-post-title\">INTERNATIONAL CONFERENCE<\/div>\n<div class=\"wp-block-post-date\"><time datetime=\"2023-06-09T17:10:56+00:00\">9 Junho, 2023<\/time><\/div>\n<div class=\"wp-block-post-excerpt\"><p class=\"wp-block-post-excerpt__excerpt\">S\u00edlvia Viegas takes part in Conference promoted by ACM <a class=\"wp-block-post-excerpt__more-link\" href=\"https:\/\/antigo.ciac.pt\/news\/international-conference-25\/19735\">+ Info<\/a><\/p><\/div>\n<\/li>\n\n<li class=\"wp-block-post post-19732 post type-post status-publish format-standard hentry category-featured category-news investigadores-alexandre-barata\">\n<div class=\"wp-block-post-title\">EXHIBITION AT GALLERY TREM<\/div>\n<div class=\"wp-block-post-date\"><time datetime=\"2023-06-09T17:09:43+00:00\">9 Junho, 2023<\/time><\/div>\n<div class=\"wp-block-post-excerpt\"><p class=\"wp-block-post-excerpt__excerpt\">Gallery Trem hosts exhibition \u201cA Passagem\u201d by Xana <a class=\"wp-block-post-excerpt__more-link\" href=\"https:\/\/antigo.ciac.pt\/news\/exhibition-at-gallery-trem-2\/19732\">+ Info<\/a><\/p><\/div>\n<\/li>\n\n<li class=\"wp-block-post post-19726 post type-post status-publish format-standard hentry category-featured category-news investigadores-jorge-carrega\">\n<div class=\"wp-block-post-title\">COMMUNICATION SCIENCES SEMINARS<\/div>\n<div class=\"wp-block-post-date\"><time datetime=\"2023-06-09T17:06:39+00:00\">9 Junho, 2023<\/time><\/div>\n<div class=\"wp-block-post-excerpt\"><p class=\"wp-block-post-excerpt__excerpt\">ESEC and CIAC promote seminar on the The Collection of Posters of the Municipal Museum of Faro <a class=\"wp-block-post-excerpt__more-link\" href=\"https:\/\/antigo.ciac.pt\/news\/communication-sciences-seminars-17\/19726\">+ Info<\/a><\/p><\/div>\n<\/li>\n\n<li class=\"wp-block-post post-19723 post type-post status-publish format-standard hentry category-featured category-news\">\n<div class=\"wp-block-post-title\">RNEC CONFERENCE<\/div>\n<div class=\"wp-block-post-date\"><time datetime=\"2023-06-09T17:04:57+00:00\">9 Junho, 2023<\/time><\/div>\n<div class=\"wp-block-post-excerpt\"><p class=\"wp-block-post-excerpt__excerpt\">program of the II RNEC conference is now available <a class=\"wp-block-post-excerpt__more-link\" href=\"https:\/\/antigo.ciac.pt\/news\/rnec-conference-2\/19723\">+ Info<\/a><\/p><\/div>\n<\/li>\n\n<li class=\"wp-block-post post-19720 post type-post status-publish format-standard hentry category-featured category-news investigadores-antonio-araujo investigadores-bruno-mendes-da-silva investigadores-jose-bidarra investigadores-mirian-tavares investigadores-susana-costa\">\n<div class=\"wp-block-post-title\">INTERNATIONAL CONFERENCE: ARTSIT 2022<\/div>\n<div class=\"wp-block-post-date\"><time datetime=\"2023-06-09T17:03:05+00:00\">9 Junho, 2023<\/time><\/div>\n<div class=\"wp-block-post-excerpt\"><p class=\"wp-block-post-excerpt__excerpt\">ARTSIT 2022 book of proceedings is now available <a class=\"wp-block-post-excerpt__more-link\" href=\"https:\/\/antigo.ciac.pt\/news\/international-conference-artsit-2022-4\/19720\">+ Info<\/a><\/p><\/div>\n<\/li>\n\n<li class=\"wp-block-post post-19717 post type-post status-publish format-standard hentry category-featured category-news\">\n<div class=\"wp-block-post-title\">JOURNAL ROTURA<\/div>\n<div class=\"wp-block-post-date\"><time datetime=\"2023-06-09T17:00:46+00:00\">9 Junho, 2023<\/time><\/div>\n<div class=\"wp-block-post-excerpt\"><p class=\"wp-block-post-excerpt__excerpt\">Journal Rotura indexed in Scielo  <a class=\"wp-block-post-excerpt__more-link\" href=\"https:\/\/antigo.ciac.pt\/news\/journal-rotura-2\/19717\">+ Info<\/a><\/p><\/div>\n<\/li>\n\n<li class=\"wp-block-post post-20033 post type-post status-publish format-standard hentry category-featured category-news investigadores-susana-costa\">\n<div class=\"wp-block-post-title\">INTERNATIONAL NETWORK<\/div>\n<div class=\"wp-block-post-date\"><time datetime=\"2023-06-09T16:57:34+00:00\">9 Junho, 2023<\/time><\/div>\n<div class=\"wp-block-post-excerpt\"><p class=\"wp-block-post-excerpt__excerpt\">Susana Costa attends training session by RAN Policy Support <a class=\"wp-block-post-excerpt__more-link\" href=\"https:\/\/antigo.ciac.pt\/news\/international-network-3\/20033\">+ Info<\/a><\/p><\/div>\n<\/li>\n\n<li class=\"wp-block-post post-19715 post type-post status-publish format-standard hentry category-featured category-news investigadores-pedro-alves-da-veiga\">\n<div class=\"wp-block-post-title\">ONLINE SEMINAR<\/div>\n<div class=\"wp-block-post-date\"><time datetime=\"2023-06-09T16:47:37+00:00\">9 Junho, 2023<\/time><\/div>\n<div class=\"wp-block-post-excerpt\"><p class=\"wp-block-post-excerpt__excerpt\">Pedro Alves da Veiga lectures the seminar on Computational Art <a class=\"wp-block-post-excerpt__more-link\" href=\"https:\/\/antigo.ciac.pt\/news\/online-seminar\/19715\">+ Info<\/a><\/p><\/div>\n<\/li>\n\n<li class=\"wp-block-post post-19712 post type-post status-publish format-standard hentry category-featured category-news\">\n<div class=\"wp-block-post-title\">VISUAL ARTS CYCLE<\/div>\n<div class=\"wp-block-post-date\"><time datetime=\"2023-06-09T16:46:21+00:00\">9 Junho, 2023<\/time><\/div>\n<div class=\"wp-block-post-excerpt\"><p class=\"wp-block-post-excerpt__excerpt\">Miguel Cheta is the next guest speaker of the Visual Arts Cycle <a class=\"wp-block-post-excerpt__more-link\" href=\"https:\/\/antigo.ciac.pt\/news\/visual-arts-cycle-7\/19712\">+ Info<\/a><\/p><\/div>\n<\/li>\n\n<li class=\"wp-block-post post-19709 post type-post status-publish format-standard hentry category-featured category-news investigadores-rosimaria-rocha\">\n<div class=\"wp-block-post-title\">CYPET<\/div>\n<div class=\"wp-block-post-date\"><time datetime=\"2023-06-09T16:44:42+00:00\">9 Junho, 2023<\/time><\/div>\n<div class=\"wp-block-post-excerpt\"><p class=\"wp-block-post-excerpt__excerpt\">Project CYPET at the III International Conference on Digital Humanities <a class=\"wp-block-post-excerpt__more-link\" href=\"https:\/\/antigo.ciac.pt\/news\/cypet-17\/19709\">+ Info<\/a><\/p><\/div>\n<\/li>\n\n<li class=\"wp-block-post post-20026 post type-post status-publish format-standard hentry category-featured category-news\">\n<div class=\"wp-block-post-title\">CONFERENCE CEG<\/div>\n<div class=\"wp-block-post-date\"><time datetime=\"2023-06-09T16:39:50+00:00\">9 Junho, 2023<\/time><\/div>\n<div class=\"wp-block-post-excerpt\"><p class=\"wp-block-post-excerpt__excerpt\">CIAC CO-ORGANIZES CONFERENCE AS PART OF THE CYCLE \u201cAGORA FALAMOS N\u00d3S: IBERIAN WOMEN\u201d <a class=\"wp-block-post-excerpt__more-link\" href=\"https:\/\/antigo.ciac.pt\/news\/conference-ceg\/20026\">+ Info<\/a><\/p><\/div>\n<\/li>\n\n<li class=\"wp-block-post post-19706 post type-post status-publish format-standard hentry category-featured category-news\">\n<div class=\"wp-block-post-title\">WORKSHOP<\/div>\n<div class=\"wp-block-post-date\"><time datetime=\"2023-06-09T16:26:25+00:00\">9 Junho, 2023<\/time><\/div>\n<div class=\"wp-block-post-excerpt\"><p class=\"wp-block-post-excerpt__excerpt\">CIAC co-organizes workshop on photography and self-representation <a class=\"wp-block-post-excerpt__more-link\" href=\"https:\/\/antigo.ciac.pt\/news\/workshop-14\/19706\">+ Info<\/a><\/p><\/div>\n<\/li>\n\n<li class=\"wp-block-post post-19703 post type-post status-publish format-standard hentry category-featured category-news investigadores-bertilio-martins\">\n<div class=\"wp-block-post-title\">VISUAL ARTS CYCLE<\/div>\n<div class=\"wp-block-post-date\"><time datetime=\"2023-06-09T16:22:31+00:00\">9 Junho, 2023<\/time><\/div>\n<div class=\"wp-block-post-excerpt\"><p class=\"wp-block-post-excerpt__excerpt\">Bertilio Martins is the next guest speaker of the Visual Arts Cycle <a class=\"wp-block-post-excerpt__more-link\" href=\"https:\/\/antigo.ciac.pt\/news\/visual-arts-cycle-6\/19703\">+ Info<\/a><\/p><\/div>\n<\/li>\n\n<li class=\"wp-block-post post-19699 post type-post status-publish format-standard hentry category-featured category-news\">\n<div class=\"wp-block-post-title\">SYMPOSIUM LIT &amp; TOUR<\/div>\n<div class=\"wp-block-post-date\"><time datetime=\"2023-06-09T16:18:27+00:00\">9 Junho, 2023<\/time><\/div>\n<div class=\"wp-block-post-excerpt\"><p class=\"wp-block-post-excerpt__excerpt\">Book of abstracts of the Literature and Tourism Symposium is now available <a class=\"wp-block-post-excerpt__more-link\" href=\"https:\/\/antigo.ciac.pt\/news\/symposium-lit-tour-2\/19699\">+ Info<\/a><\/p><\/div>\n<\/li>\n\n<li class=\"wp-block-post post-19696 post type-post status-publish format-standard hentry category-featured category-news investigadores-joana-palminha\">\n<div class=\"wp-block-post-title\">COMMUNICATION SCIENCES SEMINARS<\/div>\n<div class=\"wp-block-post-date\"><time datetime=\"2023-06-09T16:15:08+00:00\">9 Junho, 2023<\/time><\/div>\n<div class=\"wp-block-post-excerpt\"><p class=\"wp-block-post-excerpt__excerpt\">ESEC and CIAC promote a seminar with movie director Jos\u00e9 Carlos Santos <a class=\"wp-block-post-excerpt__more-link\" href=\"https:\/\/antigo.ciac.pt\/news\/communication-sciences-seminars-16\/19696\">+ Info<\/a><\/p><\/div>\n<\/li>\n\n<li class=\"wp-block-post post-19693 post type-post status-publish format-standard hentry category-featured category-news investigadores-carmen-monereo investigadores-jorge-carrega\">\n<div class=\"wp-block-post-title\">COMMUNICATION SCIENCES SEMINARS<\/div>\n<div class=\"wp-block-post-date\"><time datetime=\"2023-06-09T16:13:01+00:00\">9 Junho, 2023<\/time><\/div>\n<div class=\"wp-block-post-excerpt\"><p class=\"wp-block-post-excerpt__excerpt\">ESEC and CIAC promote seminar on Transnational Cinema in Mediterranean Europe <a class=\"wp-block-post-excerpt__more-link\" href=\"https:\/\/antigo.ciac.pt\/news\/communication-sciences-seminars-15\/19693\">+ Info<\/a><\/p><\/div>\n<\/li>\n\n<li class=\"wp-block-post post-19690 post type-post status-publish format-standard hentry category-featured category-news investigadores-silvia-leiria-viegas\">\n<div class=\"wp-block-post-title\">SEMINAR<\/div>\n<div class=\"wp-block-post-date\"><time datetime=\"2023-06-09T16:11:36+00:00\">9 Junho, 2023<\/time><\/div>\n<div class=\"wp-block-post-excerpt\"><p class=\"wp-block-post-excerpt__excerpt\">S\u00edlvia Viegas participates in the seminar More than Houses at the University of Porto <a class=\"wp-block-post-excerpt__more-link\" href=\"https:\/\/antigo.ciac.pt\/news\/seminar-20\/19690\">+ Info<\/a><\/p><\/div>\n<\/li>\n\n<li class=\"wp-block-post post-19688 post type-post status-publish format-standard hentry category-featured category-news\">\n<div class=\"wp-block-post-title\">CONFERENCE<\/div>\n<div class=\"wp-block-post-date\"><time datetime=\"2023-06-09T16:07:37+00:00\">9 Junho, 2023<\/time><\/div>\n<div class=\"wp-block-post-excerpt\"><p class=\"wp-block-post-excerpt__excerpt\">CIAC researchers at the VI Conference on Literacy, Media, and Citizenship LITERACY, MEDIA, AND CITIZENSHIP <a class=\"wp-block-post-excerpt__more-link\" href=\"https:\/\/antigo.ciac.pt\/news\/19688\/19688\">+ Info<\/a><\/p><\/div>\n<\/li>\n\n<li class=\"wp-block-post post-19686 post type-post status-publish format-standard hentry category-featured category-news\">\n<div class=\"wp-block-post-title\">RNEC CONFERENCE<\/div>\n<div class=\"wp-block-post-date\"><time datetime=\"2023-06-09T14:04:23+00:00\">9 Junho, 2023<\/time><\/div>\n<div class=\"wp-block-post-excerpt\"><p class=\"wp-block-post-excerpt__excerpt\">CIAC co-organizes the II RNEC conference, which takes place at UAlg on 27 and 28&nbsp;April <a class=\"wp-block-post-excerpt__more-link\" href=\"https:\/\/antigo.ciac.pt\/news\/rnec-conference\/19686\">+ Info<\/a><\/p><\/div>\n<\/li>\n\n<li class=\"wp-block-post post-19683 post type-post status-publish format-standard hentry category-featured category-news\">\n<div class=\"wp-block-post-title\">INTERNATIONAL CONFERENCE: KUI 2023<\/div>\n<div class=\"wp-block-post-date\"><time datetime=\"2023-06-02T14:02:24+00:00\">2 Junho, 2023<\/time><\/div>\n<div class=\"wp-block-post-excerpt\"><p class=\"wp-block-post-excerpt__excerpt\">CIAC \/ UAB co-organizes the International Conference KUI 2023 <a class=\"wp-block-post-excerpt__more-link\" href=\"https:\/\/antigo.ciac.pt\/news\/international-conference-kui-2023\/19683\">+ Info<\/a><\/p><\/div>\n<\/li>\n\n<li class=\"wp-block-post post-19681 post type-post status-publish format-standard hentry category-featured category-news\">\n<div class=\"wp-block-post-title\">SYMPOSIUM LIT &amp; TOUR<\/div>\n<div class=\"wp-block-post-date\"><time datetime=\"2023-06-02T13:58:37+00:00\">2 Junho, 2023<\/time><\/div>\n<div class=\"wp-block-post-excerpt\"><p class=\"wp-block-post-excerpt__excerpt\">LIT&amp;TOUR promotes the International Symposium\u2019Methodologies of Literature and Tourism and Literary Tourism\u2019 <a class=\"wp-block-post-excerpt__more-link\" href=\"https:\/\/antigo.ciac.pt\/news\/symposium-lit-tour\/19681\">+ Info<\/a><\/p><\/div>\n<\/li>\n\n<li class=\"wp-block-post post-19679 post type-post status-publish format-standard hentry category-featured category-news investigadores-jorge-carrega\">\n<div class=\"wp-block-post-title\">NEW PUBLICATION: POPULAR GENRES AND TRANSNATIONAL CINEMA IN MEDITERRANEAN EUROPE<\/div>\n<div class=\"wp-block-post-date\"><time datetime=\"2023-05-26T13:44:25+00:00\">26 Maio, 2023<\/time><\/div>\n<div class=\"wp-block-post-excerpt\"><p class=\"wp-block-post-excerpt__excerpt\">E-book \u201cPopular Genres and Transnational Cinema in Mediterranean Europe\u201d available on CIAC\u2019s website <a class=\"wp-block-post-excerpt__more-link\" href=\"https:\/\/antigo.ciac.pt\/news\/new-publication-popular-genres-and-transnational-cinema-in-mediterranean-europe\/19679\">+ Info<\/a><\/p><\/div>\n<\/li>\n\n<li class=\"wp-block-post post-19676 post type-post status-publish format-standard hentry category-featured category-news investigadores-pere-ferre\">\n<div class=\"wp-block-post-title\">CONFERENCE CYCLE<\/div>\n<div class=\"wp-block-post-date\"><time datetime=\"2023-05-26T13:42:18+00:00\">26 Maio, 2023<\/time><\/div>\n<div class=\"wp-block-post-excerpt\"><p class=\"wp-block-post-excerpt__excerpt\">CIAC co-organizes Cycle of Conferences Romanceiro.pt <a class=\"wp-block-post-excerpt__more-link\" href=\"https:\/\/antigo.ciac.pt\/news\/conference-cycle-2\/19676\">+ Info<\/a><\/p><\/div>\n<\/li>\n\n<li class=\"wp-block-post post-19673 post type-post status-publish format-standard hentry category-featured category-news investigadores-jorge-carrega\">\n<div class=\"wp-block-post-title\">CALL FOR PAPERS<\/div>\n<div class=\"wp-block-post-date\"><time datetime=\"2023-05-26T13:39:01+00:00\">26 Maio, 2023<\/time><\/div>\n<div class=\"wp-block-post-excerpt\"><p class=\"wp-block-post-excerpt__excerpt\">Call for papers for special issur of Journal Rotura open from 1 April to 31 May <a class=\"wp-block-post-excerpt__more-link\" href=\"https:\/\/antigo.ciac.pt\/news\/call-for-papers-21\/19673\">+ Info<\/a><\/p><\/div>\n<\/li>\n\n<li class=\"wp-block-post post-19849 post type-post status-publish format-standard hentry category-featured category-news investigadores-patricia-dourado\">\n<div class=\"wp-block-post-title\">NEW PUBLICATION<\/div>\n<div class=\"wp-block-post-date\"><time datetime=\"2023-05-26T13:37:07+00:00\">26 Maio, 2023<\/time><\/div>\n<div class=\"wp-block-post-excerpt\"><p class=\"wp-block-post-excerpt__excerpt\">Journal Manuscr\u00edtica publishes interview and paper by CIAC researcher <a class=\"wp-block-post-excerpt__more-link\" href=\"https:\/\/antigo.ciac.pt\/news\/new-publication-60\/19849\">+ Info<\/a><\/p><\/div>\n<\/li>\n\n<li class=\"wp-block-post post-19671 post type-post status-publish format-standard hentry category-featured category-news investigadores-carmen-monereo\">\n<div class=\"wp-block-post-title\">COMMUNICATION SCIENCES SEMINARS<\/div>\n<div class=\"wp-block-post-date\"><time datetime=\"2023-05-26T13:21:10+00:00\">26 Maio, 2023<\/time><\/div>\n<div class=\"wp-block-post-excerpt\"><p class=\"wp-block-post-excerpt__excerpt\">ESEC and CIAC promote seminar on Public Relations <a class=\"wp-block-post-excerpt__more-link\" href=\"https:\/\/antigo.ciac.pt\/news\/communication-sciences-seminars-14\/19671\">+ Info<\/a><\/p><\/div>\n<\/li>\n\n<li class=\"wp-block-post post-19668 post type-post status-publish format-standard hentry category-featured category-news\">\n<div class=\"wp-block-post-title\">UALG FREE COURSE<\/div>\n<div class=\"wp-block-post-date\"><time datetime=\"2023-05-26T13:18:10+00:00\">26 Maio, 2023<\/time><\/div>\n<div class=\"wp-block-post-excerpt\"><p class=\"wp-block-post-excerpt__excerpt\">Free online course \u2018O Exerc\u00edcio da Cr\u00f3nica em Autores Portugueses do S\u00e9culo XX\u2019 \u2013 APPLICATIONS OPEN FROM 17 APRIL <a class=\"wp-block-post-excerpt__more-link\" href=\"https:\/\/antigo.ciac.pt\/news\/ualg-free-course\/19668\">+ Info<\/a><\/p><\/div>\n<\/li>\n\n<li class=\"wp-block-post post-19845 post type-post status-publish format-standard hentry category-featured category-news investigadores-eugenia-vasques\">\n<div class=\"wp-block-post-title\">INTERVIEW<\/div>\n<div class=\"wp-block-post-date\"><time datetime=\"2023-05-26T11:35:10+00:00\">26 Maio, 2023<\/time><\/div>\n<div class=\"wp-block-post-excerpt\"><p class=\"wp-block-post-excerpt__excerpt\">\u2018Jornal de Letras\u2019 publishes article about Eug\u00e9nia Vasques <a class=\"wp-block-post-excerpt__more-link\" href=\"https:\/\/antigo.ciac.pt\/news\/interview-8\/19845\">+ Info<\/a><\/p><\/div>\n<\/li>\n\n<li class=\"wp-block-post post-19664 post type-post status-publish format-standard hentry category-featured category-news investigadores-maria-potes-barbas\">\n<div class=\"wp-block-post-title\">WEBINARS<\/div>\n<div class=\"wp-block-post-date\"><time datetime=\"2023-05-26T11:30:24+00:00\">26 Maio, 2023<\/time><\/div>\n<div class=\"wp-block-post-excerpt\"><p class=\"wp-block-post-excerpt__excerpt\">CIAC\u2019S hub for Digital Literacy and Social Inclusion offers series of Webinars between March and May <a class=\"wp-block-post-excerpt__more-link\" href=\"https:\/\/antigo.ciac.pt\/news\/webinars-2\/19664\">+ Info<\/a><\/p><\/div>\n<\/li>\n\n<li class=\"wp-block-post post-19661 post type-post status-publish format-standard hentry category-featured category-news investigadores-antonio-araujo investigadores-jose-bidarra investigadores-pedro-alves-da-veiga\">\n<div class=\"wp-block-post-title\">JOURNAL ROTURA<\/div>\n<div class=\"wp-block-post-date\"><time datetime=\"2023-05-26T11:26:53+00:00\">26 Maio, 2023<\/time><\/div>\n<div class=\"wp-block-post-excerpt\"><p class=\"wp-block-post-excerpt__excerpt\">The new edition of Jounal Rotura is now available for Download <a class=\"wp-block-post-excerpt__more-link\" href=\"https:\/\/antigo.ciac.pt\/news\/journal-rotura\/19661\">+ Info<\/a><\/p><\/div>\n<\/li>\n\n<li class=\"wp-block-post post-19658 post type-post status-publish format-standard hentry category-featured category-news\">\n<div class=\"wp-block-post-title\">FCT&nbsp;RESEARCH GRANT<\/div>\n<div class=\"wp-block-post-date\"><time datetime=\"2023-05-26T11:21:36+00:00\">26 Maio, 2023<\/time><\/div>\n<div class=\"wp-block-post-excerpt\"><p class=\"wp-block-post-excerpt__excerpt\">Call for Research Grant for the 6th edition of CEEC open from 4 April to 3 May  <a class=\"wp-block-post-excerpt__more-link\" href=\"https:\/\/antigo.ciac.pt\/news\/fct-research-grant-2\/19658\">+ Info<\/a><\/p><\/div>\n<\/li>\n\n<li class=\"wp-block-post post-19655 post type-post status-publish format-standard hentry category-featured category-news investigadores-pedro-cabral-santo\">\n<div class=\"wp-block-post-title\">VISUAL ARTS CYCLE<\/div>\n<div class=\"wp-block-post-date\"><time datetime=\"2023-05-26T11:19:40+00:00\">26 Maio, 2023<\/time><\/div>\n<div class=\"wp-block-post-excerpt\"><p class=\"wp-block-post-excerpt__excerpt\">Pedro Cabral Santo is the Guest Speaker of the next Visual Arts Cycle <a class=\"wp-block-post-excerpt__more-link\" href=\"https:\/\/antigo.ciac.pt\/news\/visual-arts-cycle-5\/19655\">+ Info<\/a><\/p><\/div>\n<\/li>\n\n<li class=\"wp-block-post post-19044 post type-post status-publish format-standard hentry category-featured category-news investigadores-joaquim-guerra\">\n<div class=\"wp-block-post-title\">INTERNATIONAL CONFERENCE<\/div>\n<div class=\"wp-block-post-date\"><time datetime=\"2023-05-26T11:17:32+00:00\">26 Maio, 2023<\/time><\/div>\n<div class=\"wp-block-post-excerpt\"><p class=\"wp-block-post-excerpt__excerpt\">Joaquim Guerra takes part in International Conference in Italy <a class=\"wp-block-post-excerpt__more-link\" href=\"https:\/\/antigo.ciac.pt\/news\/international-conference-24\/19044\">+ Info<\/a><\/p><\/div>\n<\/li>\n\n<li class=\"wp-block-post post-19652 post type-post status-publish format-standard hentry category-featured category-news investigadores-maria-jesus-botana-vilar investigadores-mirian-tavares investigadores-pedro-ferre\">\n<div class=\"wp-block-post-title\">COURSE: IBERIAN DIALOGUES IN LITERATURE<\/div>\n<div class=\"wp-block-post-date\"><time datetime=\"2023-05-26T11:16:28+00:00\">26 Maio, 2023<\/time><\/div>\n<div class=\"wp-block-post-excerpt\"><p class=\"wp-block-post-excerpt__excerpt\">CIAC Co-organizes Course in Iberian Dialogues in Literature <a class=\"wp-block-post-excerpt__more-link\" href=\"https:\/\/antigo.ciac.pt\/news\/course-iberian-dialogues-in-literature\/19652\">+ Info<\/a><\/p><\/div>\n<\/li>\n\n<li class=\"wp-block-post post-19649 post type-post status-publish format-standard hentry category-featured category-news investigadores-susana-costa\">\n<div class=\"wp-block-post-title\">INTERNATIONAL EVENT<\/div>\n<div class=\"wp-block-post-date\"><time datetime=\"2023-05-26T11:14:28+00:00\">26 Maio, 2023<\/time><\/div>\n<div class=\"wp-block-post-excerpt\"><p class=\"wp-block-post-excerpt__excerpt\">Susana Costa invited to take part in training session on Games and Gamification <a class=\"wp-block-post-excerpt__more-link\" href=\"https:\/\/antigo.ciac.pt\/news\/international-event-38\/19649\">+ Info<\/a><\/p><\/div>\n<\/li>\n\n<li class=\"wp-block-post post-19086 post type-post status-publish format-standard hentry category-featured category-news\">\n<div class=\"wp-block-post-title\">INTERNATIONAL CONFERENCE FOR MEDITERRANEAN CINEMAS<\/div>\n<div class=\"wp-block-post-date\"><time datetime=\"2023-05-05T16:55:05+00:00\">5 Maio, 2023<\/time><\/div>\n<div class=\"wp-block-post-excerpt\"><p class=\"wp-block-post-excerpt__excerpt\">BOOK OF ABSTRACTS FOR THE I INTERNATIONAL CONFERENCE FOR \u201cMEDITERRANEAN CINEMA\u201d IS ALREADY AVAILABLE <a class=\"wp-block-post-excerpt__more-link\" href=\"https:\/\/antigo.ciac.pt\/news\/19086\/19086\">+ Info<\/a><\/p><\/div>\n<\/li>\n\n<li class=\"wp-block-post post-19500 post type-post status-publish format-standard hentry category-featured category-news investigadores-mirian-tavares\">\n<div class=\"wp-block-post-title\">VISUAL ARTS CYCLE<\/div>\n<div class=\"wp-block-post-date\"><time datetime=\"2023-05-05T15:55:26+00:00\">5 Maio, 2023<\/time><\/div>\n<div class=\"wp-block-post-excerpt\"><p class=\"wp-block-post-excerpt__excerpt\">MIRIAN TAVARES IS THE NEXT GUEST SPEAKER OF THE VISUAL ARTS CYCLE <a class=\"wp-block-post-excerpt__more-link\" href=\"https:\/\/antigo.ciac.pt\/news\/visual-arts-cycle-4\/19500\">+ Info<\/a><\/p><\/div>\n<\/li>\n\n<li class=\"wp-block-post post-19494 post type-post status-publish format-standard hentry category-featured category-news investigadores-pedro-alves-da-veiga\">\n<div class=\"wp-block-post-title\">EXHIBITION<\/div>\n<div class=\"wp-block-post-date\"><time datetime=\"2023-05-05T15:53:55+00:00\">5 Maio, 2023<\/time><\/div>\n<div class=\"wp-block-post-excerpt\"><p class=\"wp-block-post-excerpt__excerpt\">GENERATIVE ARTWORK BY PEDRO ALVES DA VEIGA INTEGRATES THE EXHIBITION \u201cVISION OF GOD\u201d&nbsp; <a class=\"wp-block-post-excerpt__more-link\" href=\"https:\/\/antigo.ciac.pt\/news\/exhibition-68\/19494\">+ Info<\/a><\/p><\/div>\n<\/li>\n\n<li class=\"wp-block-post post-19498 post type-post status-publish format-standard hentry category-featured category-news investigadores-pedro-alves-da-veiga\">\n<div class=\"wp-block-post-title\">WEBINAR<\/div>\n<div class=\"wp-block-post-date\"><time datetime=\"2023-05-05T15:52:43+00:00\">5 Maio, 2023<\/time><\/div>\n<div class=\"wp-block-post-excerpt\"><p class=\"wp-block-post-excerpt__excerpt\">PEDRO ALVES DA VEIGA LECTURES WEBINAR \/ WORKSHOP ON IMAGE AND SOUND <a class=\"wp-block-post-excerpt__more-link\" href=\"https:\/\/antigo.ciac.pt\/news\/webinar-10\/19498\">+ Info<\/a><\/p><\/div>\n<\/li>\n\n<li class=\"wp-block-post post-19491 post type-post status-publish format-standard hentry category-featured category-news\">\n<div class=\"wp-block-post-title\">XVII CIAC CONFERENCE<\/div>\n<div class=\"wp-block-post-date\"><time datetime=\"2023-05-05T15:51:32+00:00\">5 Maio, 2023<\/time><\/div>\n<div class=\"wp-block-post-excerpt\"><p class=\"wp-block-post-excerpt__excerpt\">VIDEO-RECAP OF THE XVII CIAC CONFERENCE IS NOW AVAILABLE ON CIAC\u2019S YOUTUBE CHANNEL <a class=\"wp-block-post-excerpt__more-link\" href=\"https:\/\/antigo.ciac.pt\/news\/featured\/xvii-ciac-conference-3\/19491\">+ Info<\/a><\/p><\/div>\n<\/li>\n\n<li class=\"wp-block-post post-19489 post type-post status-publish format-standard hentry category-featured category-news investigadores-aderito-fernandes-marcos\">\n<div class=\"wp-block-post-title\">INTERNATIONAL CONFERENCE<\/div>\n<div class=\"wp-block-post-date\"><time datetime=\"2023-05-05T15:48:37+00:00\">5 Maio, 2023<\/time><\/div>\n<div class=\"wp-block-post-excerpt\"><p class=\"wp-block-post-excerpt__excerpt\">ARTEFACTO 2022 INTERNATIONAL CONFERENCE PROCEEDINGS ARE NOW AVAILABLE <a class=\"wp-block-post-excerpt__more-link\" href=\"https:\/\/antigo.ciac.pt\/news\/international-conference-23\/19489\">+ Info<\/a><\/p><\/div>\n<\/li>\n\n<li class=\"wp-block-post post-19486 post type-post status-publish format-standard hentry category-featured category-news investigadores-ana-clara-santos investigadores-joaquim-guerra investigadores-olivia-novoa-fernandez\">\n<div class=\"wp-block-post-title\">ROUND TABLE<\/div>\n<div class=\"wp-block-post-date\"><time datetime=\"2023-05-05T15:46:23+00:00\">5 Maio, 2023<\/time><\/div>\n<div class=\"wp-block-post-excerpt\"><p class=\"wp-block-post-excerpt__excerpt\">CIAC RESEARCHERS TAKE PART IN ROUND TABLE DEDICATED TO LANGUAGE TEACHING <a class=\"wp-block-post-excerpt__more-link\" href=\"https:\/\/antigo.ciac.pt\/news\/round-table\/19486\">+ Info<\/a><\/p><\/div>\n<\/li>\n\n<li class=\"wp-block-post post-19483 post type-post status-publish format-standard hentry category-featured category-news\">\n<div class=\"wp-block-post-title\">LIT &amp; TOUR JOURNAL<\/div>\n<div class=\"wp-block-post-date\"><time datetime=\"2023-05-05T15:42:33+00:00\">5 Maio, 2023<\/time><\/div>\n<div class=\"wp-block-post-excerpt\"><p class=\"wp-block-post-excerpt__excerpt\">LIT&amp;TOUR JOURNAL LIT&amp;TOUR JOURNAL INDEXED IN RCAAP CIAC\u2019s LIT &amp; TOUR: International Journal of Literature and Tourism Research&nbsp;has just been included in the RCAAP-open access scientific repositories of Portugal. RCAAP is a portal that aims to collect, aggregate, and index the scientific content in open access existing in the institutional repositories of National Higher Education [\u2026] <a class=\"wp-block-post-excerpt__more-link\" href=\"https:\/\/antigo.ciac.pt\/news\/lit-tour-journal\/19483\">+ Info<\/a><\/p><\/div>\n<\/li>\n\n<li class=\"wp-block-post post-19481 post type-post status-publish format-standard hentry category-featured category-news investigadores-ana-filipa-martins investigadores-carmen-monereo\">\n<div class=\"wp-block-post-title\">BOOK PRESENTATION<\/div>\n<div class=\"wp-block-post-date\"><time datetime=\"2023-05-05T15:41:12+00:00\">5 Maio, 2023<\/time><\/div>\n<div class=\"wp-block-post-excerpt\"><p class=\"wp-block-post-excerpt__excerpt\">C\u00c1RMEN MONEREO PRESENTS HER BOOK ON CULTURAL PATRONAGE AT FNAC\u2019S \u201cBOOK TALKS\u201d AT FORUM ALGARVE <a class=\"wp-block-post-excerpt__more-link\" href=\"https:\/\/antigo.ciac.pt\/news\/book-presentation-9\/19481\">+ Info<\/a><\/p><\/div>\n<\/li>\n\n<li class=\"wp-block-post post-19479 post type-post status-publish format-standard hentry category-featured category-news investigadores-ana-isabel-soares\">\n<div class=\"wp-block-post-title\">EVENT<\/div>\n<div class=\"wp-block-post-date\"><time datetime=\"2023-05-05T15:39:34+00:00\">5 Maio, 2023<\/time><\/div>\n<div class=\"wp-block-post-excerpt\"><p class=\"wp-block-post-excerpt__excerpt\">ANA ISABEL SOARES PRESENTS THE BOOK \u201dTHE INVISIBLE GIRL\u201d BY RITA CRUZ AT THE FARO LIBRARY <a class=\"wp-block-post-excerpt__more-link\" href=\"https:\/\/antigo.ciac.pt\/news\/event-52\/19479\">+ Info<\/a><\/p><\/div>\n<\/li>\n\n<li class=\"wp-block-post post-19476 post type-post status-publish format-standard hentry category-featured category-news\">\n<div class=\"wp-block-post-title\">VISUAL ARTS CYCLE<\/div>\n<div class=\"wp-block-post-date\"><time datetime=\"2023-05-05T15:38:40+00:00\">5 Maio, 2023<\/time><\/div>\n<div class=\"wp-block-post-excerpt\"><p class=\"wp-block-post-excerpt__excerpt\">RUI SANCHES IS THE NEXT GUEST SPEAKER OF THE VISUAL ARTS CYCLE <a class=\"wp-block-post-excerpt__more-link\" href=\"https:\/\/antigo.ciac.pt\/news\/visual-arts-cycle-3\/19476\">+ Info<\/a><\/p><\/div>\n<\/li>\n\n<li class=\"wp-block-post post-19474 post type-post status-publish format-standard hentry category-featured category-news category-sem-categoria investigadores-aderito-fernandes-marcos investigadores-mirian-tavares\">\n<div class=\"wp-block-post-title\">INTERNATIONAL CONFERENCE: ARTECH 2023<\/div>\n<div class=\"wp-block-post-date\"><time datetime=\"2023-05-05T15:30:32+00:00\">5 Maio, 2023<\/time><\/div>\n<div class=\"wp-block-post-excerpt\"><p class=\"wp-block-post-excerpt__excerpt\">CIAC \/ UALG HOSTS THE INTERNATIONAL CONFERENCE ARTECH 2023 <a class=\"wp-block-post-excerpt__more-link\" href=\"https:\/\/antigo.ciac.pt\/sem-categoria\/international-conference-artech-2023\/19474\">+ Info<\/a><\/p><\/div>\n<\/li>\n\n<li class=\"wp-block-post post-19472 post type-post status-publish format-standard hentry category-featured category-news category-sem-categoria\">\n<div class=\"wp-block-post-title\">PHD IN DIGITAL MEDIA-ART \u2013 DISSERTATION DEFENSE<\/div>\n<div class=\"wp-block-post-date\"><time datetime=\"2023-05-05T15:27:35+00:00\">5 Maio, 2023<\/time><\/div>\n<div class=\"wp-block-post-excerpt\"><p class=\"wp-block-post-excerpt__excerpt\">MAUR\u00cdCIO J\u00daNIOR DEFENDED THE EXAM TO OBTAIN THE DEGREE OF DOCTOR IN DIGITAL MEDIA-ART <a class=\"wp-block-post-excerpt__more-link\" href=\"https:\/\/antigo.ciac.pt\/sem-categoria\/phd-in-digital-media-art-dissertation-defense-3\/19472\">+ Info<\/a><\/p><\/div>\n<\/li>\n\n<li class=\"wp-block-post post-19470 post type-post status-publish format-standard hentry category-featured category-news category-sem-categoria investigadores-carmen-monereo\">\n<div class=\"wp-block-post-title\">COMMUNICATION SCIENCES SEMINARS<\/div>\n<div class=\"wp-block-post-date\"><time datetime=\"2023-05-05T15:26:20+00:00\">5 Maio, 2023<\/time><\/div>\n<div class=\"wp-block-post-excerpt\"><p class=\"wp-block-post-excerpt__excerpt\">ESEC and CIAC promote seminar about communication in different international contexts  <a class=\"wp-block-post-excerpt__more-link\" href=\"https:\/\/antigo.ciac.pt\/sem-categoria\/communication-sciences-seminars-13\/19470\">+ Info<\/a><\/p><\/div>\n<\/li>\n\n<li class=\"wp-block-post post-19408 post type-post status-publish format-standard hentry category-featured category-news investigadores-olivia-novoa-fernandez\">\n<div class=\"wp-block-post-title\">INTERNATIONAL CONFERENCE<\/div>\n<div class=\"wp-block-post-date\"><time datetime=\"2023-05-02T15:03:19+00:00\">2 Maio, 2023<\/time><\/div>\n<div class=\"wp-block-post-excerpt\"><p class=\"wp-block-post-excerpt__excerpt\">OLIVIA FERN\u00c1NDEZ PARTICIPATES IN THE XI CONFERENCE ON DIDACTIC IN MADRID <a class=\"wp-block-post-excerpt__more-link\" href=\"https:\/\/antigo.ciac.pt\/news\/international-conference-22\/19408\">+ Info<\/a><\/p><\/div>\n<\/li>\n\n<li class=\"wp-block-post post-19406 post type-post status-publish format-standard hentry category-featured category-news investigadores-mirian-tavares\">\n<div class=\"wp-block-post-title\">EVENT<\/div>\n<div class=\"wp-block-post-date\"><time datetime=\"2023-05-02T15:02:07+00:00\">2 Maio, 2023<\/time><\/div>\n<div class=\"wp-block-post-excerpt\"><p class=\"wp-block-post-excerpt__excerpt\">MIRIAN TAVARES PARTICIPATES IN A ROUND TABLE ON FEMINISM AND GENDER ISSUES HAPPENING ON INTERNATIONAL WOMEN\u2019S DAY&nbsp; <a class=\"wp-block-post-excerpt__more-link\" href=\"https:\/\/antigo.ciac.pt\/news\/event-51\/19406\">+ Info<\/a><\/p><\/div>\n<\/li>\n\n<li class=\"wp-block-post post-19403 post type-post status-publish format-standard hentry category-featured category-news investigadores-aderito-fernandes-marcos investigadores-alexandre-martins investigadores-bruno-mendes-da-silva investigadores-hernando-urrutia investigadores-jose-bidarra investigadores-mirian-tavares investigadores-pedro-alves-da-veiga investigadores-selma-pereira\">\n<div class=\"wp-block-post-title\">NEW PUBLICATION<\/div>\n<div class=\"wp-block-post-date\"><time datetime=\"2023-05-02T14:59:53+00:00\">2 Maio, 2023<\/time><\/div>\n<div class=\"wp-block-post-excerpt\"><p class=\"wp-block-post-excerpt__excerpt\">ARTICLES BY CIAC RESEARCHERS PUBLISHED IN JOURNAL \u201cNOVOS OLHARES\u201d&nbsp; <a class=\"wp-block-post-excerpt__more-link\" href=\"https:\/\/antigo.ciac.pt\/news\/new-publication-59\/19403\">+ Info<\/a><\/p><\/div>\n<\/li>\n\n<li class=\"wp-block-post post-18742 post type-post status-publish format-standard hentry category-featured category-news investigadores-silvia-viegas\">\n<div class=\"wp-block-post-title\">NEW PUBLICATION<\/div>\n<div class=\"wp-block-post-date\"><time datetime=\"2023-05-02T14:58:27+00:00\">2 Maio, 2023<\/time><\/div>\n<div class=\"wp-block-post-excerpt\"><p class=\"wp-block-post-excerpt__excerpt\">PAPER BY S\u00cdLVIA VIEGAS PUBLISHED ON BOOK BY PATRIM\u00d3NIOS \u2013 UNESCO CHAIR&nbsp; <a class=\"wp-block-post-excerpt__more-link\" href=\"https:\/\/antigo.ciac.pt\/news\/new-publication-58\/18742\">+ Info<\/a><\/p><\/div>\n<\/li>\n\n<li class=\"wp-block-post post-19398 post type-post status-publish format-standard hentry category-featured category-news investigadores-isabel-carvalho investigadores-silvia-viegas\">\n<div class=\"wp-block-post-title\">INTERNATIONAL CONFERENCE: SILK CITIES<\/div>\n<div class=\"wp-block-post-date\"><time datetime=\"2023-05-02T14:56:14+00:00\">2 Maio, 2023<\/time><\/div>\n<div class=\"wp-block-post-excerpt\"><p class=\"wp-block-post-excerpt__excerpt\">CIAC Co-organizes the 4th Silk Cities International Conference <a class=\"wp-block-post-excerpt__more-link\" href=\"https:\/\/antigo.ciac.pt\/news\/international-conference-silk-cities\/19398\">+ Info<\/a><\/p><\/div>\n<\/li>\n\n<li class=\"wp-block-post post-19400 post type-post status-publish format-standard hentry category-featured category-news\">\n<div class=\"wp-block-post-title\">FCT RESEARCH GRANT<\/div>\n<div class=\"wp-block-post-date\"><time datetime=\"2023-05-02T14:54:46+00:00\">2 Maio, 2023<\/time><\/div>\n<div class=\"wp-block-post-excerpt\"><p class=\"wp-block-post-excerpt__excerpt\">CALL FOR FCT PH.D. RESEARCH GRANT OPEN UNTIL 31 MARCH <a class=\"wp-block-post-excerpt__more-link\" href=\"https:\/\/antigo.ciac.pt\/news\/fct-research-grant\/19400\">+ Info<\/a><\/p><\/div>\n<\/li>\n\n<li class=\"wp-block-post post-19396 post type-post status-publish format-standard hentry category-featured category-news investigadores-alexandre-barata investigadores-mirian-tavares\">\n<div class=\"wp-block-post-title\">VISUAL ARTS CYCLE<\/div>\n<div class=\"wp-block-post-date\"><time datetime=\"2023-05-02T14:53:02+00:00\">2 Maio, 2023<\/time><\/div>\n<div class=\"wp-block-post-excerpt\"><p class=\"wp-block-post-excerpt__excerpt\">C.ATARINA FIGUEIREDO AND RITA BORRALHO SILVA ARE THE GUEST SPEAKERS FOR THE NEW EDITION OF THE VISUAL ARTS CYCLE <a class=\"wp-block-post-excerpt__more-link\" href=\"https:\/\/antigo.ciac.pt\/news\/visual-arts-cycle-2\/19396\">+ Info<\/a><\/p><\/div>\n<\/li>\n\n<li class=\"wp-block-post post-19393 post type-post status-publish format-standard hentry category-featured category-news investigadores-silvia-viegas\">\n<div class=\"wp-block-post-title\">EVENT<\/div>\n<div class=\"wp-block-post-date\"><time datetime=\"2023-05-02T14:50:28+00:00\">2 Maio, 2023<\/time><\/div>\n<div class=\"wp-block-post-excerpt\"><p class=\"wp-block-post-excerpt__excerpt\">S\u00cdLVIA VIEGAS PARTICIPATES IN A DEBATE ON HOUSING AND IMMIGRATION IN LISBON&nbsp; <a class=\"wp-block-post-excerpt__more-link\" href=\"https:\/\/antigo.ciac.pt\/news\/event-50\/19393\">+ Info<\/a><\/p><\/div>\n<\/li>\n\n<li class=\"wp-block-post post-19391 post type-post status-publish format-standard hentry category-featured category-news\">\n<div class=\"wp-block-post-title\">CALL FOR PAPERS<\/div>\n<div class=\"wp-block-post-date\"><time datetime=\"2023-05-02T14:36:17+00:00\">2 Maio, 2023<\/time><\/div>\n<div class=\"wp-block-post-excerpt\"><p class=\"wp-block-post-excerpt__excerpt\">CALL FOR PAPERS FOR LIT&amp;TOUR JOURNAL OPEN UNTIL 31 MAY  <a class=\"wp-block-post-excerpt__more-link\" href=\"https:\/\/antigo.ciac.pt\/news\/19391\/19391\">+ Info<\/a><\/p><\/div>\n<\/li>\n\n<li class=\"wp-block-post post-19388 post type-post status-publish format-standard hentry category-featured category-news investigadores-jorge-carrega\">\n<div class=\"wp-block-post-title\">COLLOQUIUM MEDITERRANEAN CINEMAS<\/div>\n<div class=\"wp-block-post-date\"><time datetime=\"2023-05-02T14:33:06+00:00\">2 Maio, 2023<\/time><\/div>\n<div class=\"wp-block-post-excerpt\"><p class=\"wp-block-post-excerpt__excerpt\">CIAC RESEARCH GROUP PROMOTES 1st INTERNATIONAL COLLOQUIUM \u201cMEDITERRANEAN CINEMAS\u201d ON MARCH 29 AND 30 <a class=\"wp-block-post-excerpt__more-link\" href=\"https:\/\/antigo.ciac.pt\/news\/colloquium-mediterranean-cinemas\/19388\">+ Info<\/a><\/p><\/div>\n<\/li>\n\n<li class=\"wp-block-post post-19385 post type-post status-publish format-standard hentry category-featured category-news investigadores-armando-nascimento-rosa\">\n<div class=\"wp-block-post-title\">COLLOQUIUM<\/div>\n<div class=\"wp-block-post-date\"><time datetime=\"2023-05-02T14:29:29+00:00\">2 Maio, 2023<\/time><\/div>\n<div class=\"wp-block-post-excerpt\"><p class=\"wp-block-post-excerpt__excerpt\">ARMANDO NASCIMENTO ROSA TAKES PART IN COLLOQUIUM COMMEMORATING THE CENTENARY OF NATALIA CORREIA&nbsp; <a class=\"wp-block-post-excerpt__more-link\" href=\"https:\/\/antigo.ciac.pt\/news\/colloquium-4\/19385\">+ Info<\/a><\/p><\/div>\n<\/li>\n\n<li class=\"wp-block-post post-19383 post type-post status-publish format-standard hentry category-featured category-news investigadores-ana-filipa-martins\">\n<div class=\"wp-block-post-title\">COMMUNICATION SCIENCES SEMINARS<\/div>\n<div class=\"wp-block-post-date\"><time datetime=\"2023-05-02T14:27:43+00:00\">2 Maio, 2023<\/time><\/div>\n<div class=\"wp-block-post-excerpt\"><p class=\"wp-block-post-excerpt__excerpt\">ESEC AND CIAC PROMOTE WORKSHOP ON SEO AND AUDIOVISUAL NARRATIVES <a class=\"wp-block-post-excerpt__more-link\" href=\"https:\/\/antigo.ciac.pt\/news\/communication-sciences-seminars-12\/19383\">+ Info<\/a><\/p><\/div>\n<\/li>\n\n<li class=\"wp-block-post post-19350 post type-post status-publish format-standard hentry category-featured category-news investigadores-eugenia-vasques\">\n<div class=\"wp-block-post-title\">THEATER PROJECTS<\/div>\n<div class=\"wp-block-post-date\"><time datetime=\"2023-04-21T11:18:20+00:00\">21 Abril, 2023<\/time><\/div>\n<div class=\"wp-block-post-excerpt\"><p class=\"wp-block-post-excerpt__excerpt\">Eug\u00e9nia Vasques mentors Theater Projects  <a class=\"wp-block-post-excerpt__more-link\" href=\"https:\/\/antigo.ciac.pt\/news\/theater-projects\/19350\">+ Info<\/a><\/p><\/div>\n<\/li>\n\n<li class=\"wp-block-post post-19348 post type-post status-publish format-standard hentry category-featured category-news investigadores-aderito-fernandes-marcos\">\n<div class=\"wp-block-post-title\">INTERNATIONAL PROJECT&nbsp;<\/div>\n<div class=\"wp-block-post-date\"><time datetime=\"2023-04-21T11:17:48+00:00\">21 Abril, 2023<\/time><\/div>\n<div class=\"wp-block-post-excerpt\"><p class=\"wp-block-post-excerpt__excerpt\">Ad\u00e9rito Fernandes-Marcos takes part in International Project to fight famine \n<a class=\"wp-block-post-excerpt__more-link\" href=\"https:\/\/antigo.ciac.pt\/news\/international-project-3\/19348\">+ Info<\/a><\/p><\/div>\n<\/li>\n\n<li class=\"wp-block-post post-19250 post type-post status-publish format-standard hentry category-featured category-news\">\n<div class=\"wp-block-post-title\">EXHIBITION AT GALLERY TREM<\/div>\n<div class=\"wp-block-post-date\"><time datetime=\"2023-04-12T15:40:07+00:00\">12 Abril, 2023<\/time><\/div>\n<div class=\"wp-block-post-excerpt\"><p class=\"wp-block-post-excerpt__excerpt\">Gallery Trem hosts the exhibition ALLERY TREM HOSTS THE EXHIBITION \u201cA Nuvem do N\u00e3o-Saber\u201d <a class=\"wp-block-post-excerpt__more-link\" href=\"https:\/\/antigo.ciac.pt\/news\/exhibition-at-gallery-trem\/19250\">+ Info<\/a><\/p><\/div>\n<\/li>\n\n<li class=\"wp-block-post post-19248 post type-post status-publish format-standard hentry category-featured category-news investigadores-antonio-costa-valente\">\n<div class=\"wp-block-post-title\">INTERNATIONAL AWARDS<\/div>\n<div class=\"wp-block-post-date\"><time datetime=\"2023-04-12T15:36:37+00:00\">12 Abril, 2023<\/time><\/div>\n<div class=\"wp-block-post-excerpt\"><p class=\"wp-block-post-excerpt__excerpt\">Ant\u00f3nio Costa Valente wins awards in film festivals in India <a class=\"wp-block-post-excerpt__more-link\" href=\"https:\/\/antigo.ciac.pt\/news\/international-awards\/19248\">+ Info<\/a><\/p><\/div>\n<\/li>\n\n<li class=\"wp-block-post post-19246 post type-post status-publish format-standard hentry category-featured category-news investigadores-ana-isabel-soares investigadores-jorge-carrega\">\n<div class=\"wp-block-post-title\">INTERNATIONAL CONFERENCE&nbsp;<\/div>\n<div class=\"wp-block-post-date\"><time datetime=\"2023-04-12T15:32:16+00:00\">12 Abril, 2023<\/time><\/div>\n<div class=\"wp-block-post-excerpt\"><p class=\"wp-block-post-excerpt__excerpt\">Ana Isabel Soares and Jorge Carrega attend International Conference on Cinema and Conflict <a class=\"wp-block-post-excerpt__more-link\" href=\"https:\/\/antigo.ciac.pt\/news\/international-conference-21\/19246\">+ Info<\/a><\/p><\/div>\n<\/li>\n\n<li class=\"wp-block-post post-19242 post type-post status-publish format-standard hentry category-featured category-news investigadores-alexandre-martins investigadores-ana-perfeito investigadores-bruno-mendes-da-silva investigadores-mirian-tavares investigadores-susana-costa\">\n<div class=\"wp-block-post-title\">INTERNATIONAL SEMINAR<\/div>\n<div class=\"wp-block-post-date\"><time datetime=\"2023-04-12T15:30:16+00:00\">12 Abril, 2023<\/time><\/div>\n<div class=\"wp-block-post-excerpt\"><p class=\"wp-block-post-excerpt__excerpt\">CIAC researchers take part in the International Seminar Practice &amp; Research <a class=\"wp-block-post-excerpt__more-link\" href=\"https:\/\/antigo.ciac.pt\/news\/international-seminar-2\/19242\">+ Info<\/a><\/p><\/div>\n<\/li>\n\n<li class=\"wp-block-post post-19237 post type-post status-publish format-standard hentry category-featured category-news\">\n<div class=\"wp-block-post-title\">DISSERTATION DEFENSE \u2013 PhD IN DIGITAL MEDIA-ART<\/div>\n<div class=\"wp-block-post-date\"><time datetime=\"2023-04-12T15:16:56+00:00\">12 Abril, 2023<\/time><\/div>\n<div class=\"wp-block-post-excerpt\"><p class=\"wp-block-post-excerpt__excerpt\">Jos\u00e9 Jo\u00e3o Augusto Hoguane presented his thesis defense for the Ph.D. in Digital Media-Art <a class=\"wp-block-post-excerpt__more-link\" href=\"https:\/\/antigo.ciac.pt\/news\/dissertation-defense-phd-in-digital-media-art\/19237\">+ Info<\/a><\/p><\/div>\n<\/li>\n\n<li class=\"wp-block-post post-19233 post type-post status-publish format-standard hentry category-featured category-news\">\n<div class=\"wp-block-post-title\">RESEARCH GRANT<\/div>\n<div class=\"wp-block-post-date\"><time datetime=\"2023-04-12T15:12:01+00:00\">12 Abril, 2023<\/time><\/div>\n<div class=\"wp-block-post-excerpt\"><p class=\"wp-block-post-excerpt__excerpt\">Open call for a research grant for Project PROPS \u2013 Applications open until 28 February <a class=\"wp-block-post-excerpt__more-link\" href=\"https:\/\/antigo.ciac.pt\/news\/research-grant-2\/19233\">+ Info<\/a><\/p><\/div>\n<\/li>\n\n<li class=\"wp-block-post post-19230 post type-post status-publish format-standard hentry category-featured category-news investigadores-mirian-tavares\">\n<div class=\"wp-block-post-title\">AGGREGATION EXAMS<\/div>\n<div class=\"wp-block-post-date\"><time datetime=\"2023-04-12T15:08:28+00:00\">12 Abril, 2023<\/time><\/div>\n<div class=\"wp-block-post-excerpt\"><p class=\"wp-block-post-excerpt__excerpt\">Mirian Tavares receives unanimous approval for her aggregation exams  <a class=\"wp-block-post-excerpt__more-link\" href=\"https:\/\/antigo.ciac.pt\/news\/aggregation-exams\/19230\">+ Info<\/a><\/p><\/div>\n<\/li>\n\n<li class=\"wp-block-post post-19227 post type-post status-publish format-standard hentry category-featured category-news investigadores-pere-ferre investigadores-sandra-boto\">\n<div class=\"wp-block-post-title\">COLLECTION OP\u00daSCULOS<\/div>\n<div class=\"wp-block-post-date\"><time datetime=\"2023-04-12T15:01:21+00:00\">12 Abril, 2023<\/time><\/div>\n<div class=\"wp-block-post-excerpt\"><p class=\"wp-block-post-excerpt__excerpt\">Romanceiro.pt and CIAC launch the first edition of Collection Op\u00fasculos <a class=\"wp-block-post-excerpt__more-link\" href=\"https:\/\/antigo.ciac.pt\/news\/collection-opusculos\/19227\">+ Info<\/a><\/p><\/div>\n<\/li>\n\n<li class=\"wp-block-post post-19221 post type-post status-publish format-standard hentry category-featured category-news\">\n<div class=\"wp-block-post-title\">RESEARCH VISIT<\/div>\n<div class=\"wp-block-post-date\"><time datetime=\"2023-04-12T14:52:34+00:00\">12 Abril, 2023<\/time><\/div>\n<div class=\"wp-block-post-excerpt\"><p class=\"wp-block-post-excerpt__excerpt\">CIAC hosts international Research Visit  <a class=\"wp-block-post-excerpt__more-link\" href=\"https:\/\/antigo.ciac.pt\/news\/research-visit-2\/19221\">+ Info<\/a><\/p><\/div>\n<\/li>\n\n<li class=\"wp-block-post post-19215 post type-post status-publish format-standard hentry category-featured category-news\">\n<div class=\"wp-block-post-title\">RESEARCH GRANT<\/div>\n<div class=\"wp-block-post-date\"><time datetime=\"2023-04-12T13:01:53+00:00\">12 Abril, 2023<\/time><\/div>\n<div class=\"wp-block-post-excerpt\"><p class=\"wp-block-post-excerpt__excerpt\">Open Call for Research Grant for Communication and Translations \u2013 Applications open until 17 February <a class=\"wp-block-post-excerpt__more-link\" href=\"https:\/\/antigo.ciac.pt\/news\/research-grant\/19215\">+ Info<\/a><\/p><\/div>\n<\/li>\n\n<li class=\"wp-block-post post-19207 post type-post status-publish format-standard hentry category-featured category-news\">\n<div class=\"wp-block-post-title\">XVII CIAC CONFERENCE<\/div>\n<div class=\"wp-block-post-date\"><time datetime=\"2023-04-12T12:36:39+00:00\">12 Abril, 2023<\/time><\/div>\n<div class=\"wp-block-post-excerpt\"><p class=\"wp-block-post-excerpt__excerpt\">The Book of Abstracts for the XVII CIAC Conferences is available for download <a class=\"wp-block-post-excerpt__more-link\" href=\"https:\/\/antigo.ciac.pt\/news\/xvii-ciac-conference-2\/19207\">+ Info<\/a><\/p><\/div>\n<\/li>\n\n<li class=\"wp-block-post post-18903 post type-post status-publish format-standard hentry category-featured category-news investigadores-mirian-tavares\">\n<div class=\"wp-block-post-title\">AGR\u00c9GATION EXAMS<\/div>\n<div class=\"wp-block-post-date\"><time datetime=\"2023-03-17T13:53:26+00:00\">17 Mar\u00e7o, 2023<\/time><\/div>\n<div class=\"wp-block-post-excerpt\"><p class=\"wp-block-post-excerpt__excerpt\">Mirian Tavares Agr\u00e9gation exams take place on February 13 and 14 <a class=\"wp-block-post-excerpt__more-link\" href=\"https:\/\/antigo.ciac.pt\/news\/agregation-exams\/18903\">+ Info<\/a><\/p><\/div>\n<\/li>\n\n<li class=\"wp-block-post post-18900 post type-post status-publish format-standard hentry category-featured category-news investigadores-juliana-wexel\">\n<div class=\"wp-block-post-title\">NEW PUBLICATION<\/div>\n<div class=\"wp-block-post-date\"><time datetime=\"2023-03-17T13:49:24+00:00\">17 Mar\u00e7o, 2023<\/time><\/div>\n<div class=\"wp-block-post-excerpt\"><p class=\"wp-block-post-excerpt__excerpt\">Juliana Wexel\u2019s Travel Journal is part of the book \u201cThe City and The Myth\u201d <a class=\"wp-block-post-excerpt__more-link\" href=\"https:\/\/antigo.ciac.pt\/news\/new-publication-57\/18900\">+ Info<\/a><\/p><\/div>\n<\/li>\n\n<li class=\"wp-block-post post-18889 post type-post status-publish format-standard hentry category-featured category-news investigadores-gabriela-borges\">\n<div class=\"wp-block-post-title\">CALL FOR PAPERS<\/div>\n<div class=\"wp-block-post-date\"><time datetime=\"2023-03-10T14:17:04+00:00\">10 Mar\u00e7o, 2023<\/time><\/div>\n<div class=\"wp-block-post-excerpt\"><p class=\"wp-block-post-excerpt__excerpt\">Call for papers for Dossier of Contracampo Journal is Open until 3 April\n<a class=\"wp-block-post-excerpt__more-link\" href=\"https:\/\/antigo.ciac.pt\/news\/call-for-papers-20\/18889\">+ Info<\/a><\/p><\/div>\n<\/li>\n\n<li class=\"wp-block-post post-18465 post type-post status-publish format-standard hentry category-featured category-news\">\n<div class=\"wp-block-post-title\">XVII JORNADAS CIAC<\/div>\n<div class=\"wp-block-post-date\"><time datetime=\"2023-03-10T14:07:20+00:00\">10 Mar\u00e7o, 2023<\/time><\/div>\n<div class=\"wp-block-post-excerpt\"><p class=\"wp-block-post-excerpt__excerpt\">XVII Jornadas CIAC take place on February 24 <a class=\"wp-block-post-excerpt__more-link\" href=\"https:\/\/antigo.ciac.pt\/news\/xvii-jornadas-ciac-3\/18465\">+ Info<\/a><\/p><\/div>\n<\/li>\n\n<li class=\"wp-block-post post-18887 post type-post status-publish format-standard hentry category-featured category-news investigadores-alexandre-pieroni-calado\">\n<div class=\"wp-block-post-title\">THEATER PLAY<\/div>\n<div class=\"wp-block-post-date\"><time datetime=\"2023-03-10T14:06:00+00:00\">10 Mar\u00e7o, 2023<\/time><\/div>\n<div class=\"wp-block-post-excerpt\"><p class=\"wp-block-post-excerpt__excerpt\">LEBRE, Lances de Hermes by Alexandre Calado is back in Lisbon <a class=\"wp-block-post-excerpt__more-link\" href=\"https:\/\/antigo.ciac.pt\/news\/theater-play\/18887\">+ Info<\/a><\/p><\/div>\n<\/li>\n\n<li class=\"wp-block-post post-18885 post type-post status-publish format-standard hentry category-featured category-news investigadores-silvia-leiria-viegas\">\n<div class=\"wp-block-post-title\">WEBINAR<\/div>\n<div class=\"wp-block-post-date\"><time datetime=\"2023-03-10T13:56:47+00:00\">10 Mar\u00e7o, 2023<\/time><\/div>\n<div class=\"wp-block-post-excerpt\"><p class=\"wp-block-post-excerpt__excerpt\">S\u00edlvia Viegas co-organized webinar about Access to Housing <a class=\"wp-block-post-excerpt__more-link\" href=\"https:\/\/antigo.ciac.pt\/news\/webinar-8\/18885\">+ Info<\/a><\/p><\/div>\n<\/li>\n\n<li class=\"wp-block-post post-18434 post type-post status-publish format-standard hentry category-featured category-news investigadores-bruno-menda-da-silva investigadores-mirian-tavares\">\n<div class=\"wp-block-post-title\">OFFICIAL VISIT&nbsp;<\/div>\n<div class=\"wp-block-post-date\"><time datetime=\"2023-03-10T13:39:47+00:00\">10 Mar\u00e7o, 2023<\/time><\/div>\n<div class=\"wp-block-post-excerpt\"><p class=\"wp-block-post-excerpt__excerpt\">CIAC coordinators official visit to Thailand&nbsp; <a class=\"wp-block-post-excerpt__more-link\" href=\"https:\/\/antigo.ciac.pt\/news\/official-visit\/18434\">+ Info<\/a><\/p><\/div>\n<\/li>\n\n<li class=\"wp-block-post post-18878 post type-post status-publish format-standard hentry category-featured category-news investigadores-maria-jose-marques\">\n<div class=\"wp-block-post-title\">BOOK LAUNCH<\/div>\n<div class=\"wp-block-post-date\"><time datetime=\"2023-03-10T13:37:42+00:00\">10 Mar\u00e7o, 2023<\/time><\/div>\n<div class=\"wp-block-post-excerpt\"><p class=\"wp-block-post-excerpt__excerpt\">\u201cCartographya\u201d book launch on 2 February <a class=\"wp-block-post-excerpt__more-link\" href=\"https:\/\/antigo.ciac.pt\/news\/book-launch-3\/18878\">+ Info<\/a><\/p><\/div>\n<\/li>\n\n<li class=\"wp-block-post post-18875 post type-post status-publish format-standard hentry category-featured category-news investigadores-ana-claudia-silva investigadores-isabel-damaso-santos investigadores-maria-jose-marques investigadores-maria-mota-almeida investigadores-pedro-quintino-de-sousa investigadores-silvia-quinteiro\">\n<div class=\"wp-block-post-title\">LIT&amp;TOUR JOURNAL<\/div>\n<div class=\"wp-block-post-date\"><time datetime=\"2023-03-10T11:46:30+00:00\">10 Mar\u00e7o, 2023<\/time><\/div>\n<div class=\"wp-block-post-excerpt\"><p class=\"wp-block-post-excerpt__excerpt\">The first issue of LIT&amp;TOUR Journal is available online <a class=\"wp-block-post-excerpt__more-link\" href=\"https:\/\/antigo.ciac.pt\/news\/littour-journal\/18875\">+ Info<\/a><\/p><\/div>\n<\/li>\n\n<li class=\"wp-block-post post-18778 post type-post status-publish format-standard hentry category-featured category-news investigadores-jorge-carrega\">\n<div class=\"wp-block-post-title\">NEW PUBLICATION: LUSO-BRAZILIAN PERSPECTIVES IN ARTS AND COMMUNICATION VOL.3<\/div>\n<div class=\"wp-block-post-date\"><time datetime=\"2023-03-08T16:31:13+00:00\">8 Mar\u00e7o, 2023<\/time><\/div>\n<div class=\"wp-block-post-excerpt\"><p class=\"wp-block-post-excerpt__excerpt\">E-book \u201cLuso-Brazilian Perspectives In Arts And Communication Vol.3\u201d  available on CIAC\u2019s website <a class=\"wp-block-post-excerpt__more-link\" href=\"https:\/\/antigo.ciac.pt\/news\/new-publication-luso-brazilian-perspectives-in-arts-and-communication-vol-3\/18778\">+ Info<\/a><\/p><\/div>\n<\/li>\n\n<li class=\"wp-block-post post-18317 post type-post status-publish format-standard hentry category-featured category-news investigadores-gabriela-borges\">\n<div class=\"wp-block-post-title\">CALL FOR PAPERS<\/div>\n<div class=\"wp-block-post-date\"><time datetime=\"2023-03-08T16:26:30+00:00\">8 Mar\u00e7o, 2023<\/time><\/div>\n<div class=\"wp-block-post-excerpt\"><p class=\"wp-block-post-excerpt__excerpt\">Call for Papers for the II RNEC Congress extended to 30 January <a class=\"wp-block-post-excerpt__more-link\" href=\"https:\/\/antigo.ciac.pt\/news\/call-for-papers-19\/18317\">+ Info<\/a><\/p><\/div>\n<\/li>\n\n<li class=\"wp-block-post post-18776 post type-post status-publish format-standard hentry category-featured category-news investigadores-ana-perfeito investigadores-bruno-mendes-da-silva investigadores-juliana-wexel investigadores-mirian-tavares\">\n<div class=\"wp-block-post-title\">NEW PUBLICATION<\/div>\n<div class=\"wp-block-post-date\"><time datetime=\"2023-03-08T16:25:03+00:00\">8 Mar\u00e7o, 2023<\/time><\/div>\n<div class=\"wp-block-post-excerpt\"><p class=\"wp-block-post-excerpt__excerpt\">Papers by CIAC researchers integrate book on Narrative And Digital Media <a class=\"wp-block-post-excerpt__more-link\" href=\"https:\/\/antigo.ciac.pt\/news\/new-publication-56\/18776\">+ Info<\/a><\/p><\/div>\n<\/li>\n\n<li class=\"wp-block-post post-18774 post type-post status-publish format-standard hentry category-featured category-news investigadores-eugenia-vasques\">\n<div class=\"wp-block-post-title\">BOOK LAUNCH<\/div>\n<div class=\"wp-block-post-date\"><time datetime=\"2023-03-08T16:18:28+00:00\">8 Mar\u00e7o, 2023<\/time><\/div>\n<div class=\"wp-block-post-excerpt\"><p class=\"wp-block-post-excerpt__excerpt\">New book by Eug\u00e9nia Vasques launched on January 18th <a class=\"wp-block-post-excerpt__more-link\" href=\"https:\/\/antigo.ciac.pt\/news\/book-launch-2\/18774\">+ Info<\/a><\/p><\/div>\n<\/li>\n\n<li class=\"wp-block-post post-18771 post type-post status-publish format-standard hentry category-featured category-news investigadores-artur-marques investigadores-filipe-madeira\">\n<div class=\"wp-block-post-title\">NOVA PUBLICA\u00c7\u00c3O<\/div>\n<div class=\"wp-block-post-date\"><time datetime=\"2023-03-08T16:12:24+00:00\">8 Mar\u00e7o, 2023<\/time><\/div>\n<div class=\"wp-block-post-excerpt\"><p class=\"wp-block-post-excerpt__excerpt\">Chapter written by CIAC researchers published In Springer Nature book <a class=\"wp-block-post-excerpt__more-link\" href=\"https:\/\/antigo.ciac.pt\/news\/nova-publicacao-83\/18771\">+ Info<\/a><\/p><\/div>\n<\/li>\n\n<li class=\"wp-block-post post-18158 post type-post status-publish format-standard hentry category-featured category-news investigadores-manuel-celio-conceicao\">\n<div class=\"wp-block-post-title\">CALL FOR PAPERS&nbsp;<\/div>\n<div class=\"wp-block-post-date\"><time datetime=\"2023-03-08T16:02:52+00:00\">8 Mar\u00e7o, 2023<\/time><\/div>\n<div class=\"wp-block-post-excerpt\"><p class=\"wp-block-post-excerpt__excerpt\">Call for Papers for Journal Rotura open until May 15 <a class=\"wp-block-post-excerpt__more-link\" href=\"https:\/\/antigo.ciac.pt\/news\/call-for-papers-16\/18158\">+ Info<\/a><\/p><\/div>\n<\/li>\n\n<li class=\"wp-block-post post-18769 post type-post status-publish format-standard hentry category-featured category-news investigadores-mirian-tavares\">\n<div class=\"wp-block-post-title\">INTERVIEW<\/div>\n<div class=\"wp-block-post-date\"><time datetime=\"2023-03-08T16:00:05+00:00\">8 Mar\u00e7o, 2023<\/time><\/div>\n<div class=\"wp-block-post-excerpt\"><p class=\"wp-block-post-excerpt__excerpt\">Mirian Tavares is one of the Interviewees for \u201cUAlg Women\u201d, the latest issue of UALGzine <a class=\"wp-block-post-excerpt__more-link\" href=\"https:\/\/antigo.ciac.pt\/news\/interview-7\/18769\">+ Info<\/a><\/p><\/div>\n<\/li>\n\n<li class=\"wp-block-post post-18767 post type-post status-publish format-standard hentry category-featured category-news\">\n<div class=\"wp-block-post-title\">ROTURA JOURNAL<\/div>\n<div class=\"wp-block-post-date\"><time datetime=\"2023-03-08T14:30:55+00:00\">8 Mar\u00e7o, 2023<\/time><\/div>\n<div class=\"wp-block-post-excerpt\"><p class=\"wp-block-post-excerpt__excerpt\">Rotura Journal indexed on DOAJ&nbsp; <a class=\"wp-block-post-excerpt__more-link\" href=\"https:\/\/antigo.ciac.pt\/news\/rotura-journal-2\/18767\">+ Info<\/a><\/p><\/div>\n<\/li>\n\n<li class=\"wp-block-post post-18765 post type-post status-publish format-standard hentry category-featured category-news investigadores-bruno-mendes-da-silva\">\n<div class=\"wp-block-post-title\">SCIENTIFIC VISIT<\/div>\n<div class=\"wp-block-post-date\"><time datetime=\"2023-03-03T15:20:58+00:00\">3 Mar\u00e7o, 2023<\/time><\/div>\n<div class=\"wp-block-post-excerpt\"><p class=\"wp-block-post-excerpt__excerpt\">Bruno Mendes da Silva selected for a Scientific Visit to Vietnam <a class=\"wp-block-post-excerpt__more-link\" href=\"https:\/\/antigo.ciac.pt\/news\/scientific-visit\/18765\">+ Info<\/a><\/p><\/div>\n<\/li>\n\n<li class=\"wp-block-post post-18763 post type-post status-publish format-standard hentry category-featured category-news investigadores-silvia-viegas\">\n<div class=\"wp-block-post-title\">NEW PUBLICATION<\/div>\n<div class=\"wp-block-post-date\"><time datetime=\"2023-03-03T15:17:37+00:00\">3 Mar\u00e7o, 2023<\/time><\/div>\n<div class=\"wp-block-post-excerpt\"><p class=\"wp-block-post-excerpt__excerpt\">S\u00edlvia Viegas Co-Edited The Latest Issue of the Journal \u2018Cities, Communities, And Territories\u2019 <a class=\"wp-block-post-excerpt__more-link\" href=\"https:\/\/antigo.ciac.pt\/news\/new-publication-55\/18763\">+ Info<\/a><\/p><\/div>\n<\/li>\n\n<li class=\"wp-block-post post-18488 post type-post status-publish format-standard hentry category-featured category-news investigadores-joao-albuquerque\">\n<div class=\"wp-block-post-title\">EVENT<\/div>\n<div class=\"wp-block-post-date\"><time datetime=\"2023-02-07T16:15:14+00:00\">7 Fevereiro, 2023<\/time><\/div>\n<div class=\"wp-block-post-excerpt\"><p class=\"wp-block-post-excerpt__excerpt\">Jo\u00e3o Albuquerque launches his new book in Lisbon  <a class=\"wp-block-post-excerpt__more-link\" href=\"https:\/\/antigo.ciac.pt\/news\/event-49\/18488\">+ Info<\/a><\/p><\/div>\n<\/li>\n\n<li class=\"wp-block-post post-18484 post type-post status-publish format-standard hentry category-featured category-news\">\n<div class=\"wp-block-post-title\">CIAC RESEARCH GRANT<\/div>\n<div class=\"wp-block-post-date\"><time datetime=\"2023-02-07T16:13:07+00:00\">7 Fevereiro, 2023<\/time><\/div>\n<div class=\"wp-block-post-excerpt\"><p class=\"wp-block-post-excerpt__excerpt\">BEATRIZ VALENTE IS CIAC\u2019S NEW COMMUNICATION AND DIGITAL MEDIA RESEARCH STUDENT <a class=\"wp-block-post-excerpt__more-link\" href=\"https:\/\/antigo.ciac.pt\/news\/ciac-research-grant-2\/18484\">+ Info<\/a><\/p><\/div>\n<\/li>\n\n<li class=\"wp-block-post post-18482 post type-post status-publish format-standard hentry category-featured category-news investigadores-fatima-chinita\">\n<div class=\"wp-block-post-title\">NEW PUBLICATION<\/div>\n<div class=\"wp-block-post-date\"><time datetime=\"2023-02-07T16:11:46+00:00\">7 Fevereiro, 2023<\/time><\/div>\n<div class=\"wp-block-post-excerpt\"><p class=\"wp-block-post-excerpt__excerpt\">ARTICLE BY F\u00c1TIMA CHINITA INTEGRATES BOOK INTERMEDIAL ENCOUNTERS <a class=\"wp-block-post-excerpt__more-link\" href=\"https:\/\/antigo.ciac.pt\/news\/new-publication-54\/18482\">+ Info<\/a><\/p><\/div>\n<\/li>\n\n<li class=\"wp-block-post post-18478 post type-post status-publish format-standard hentry category-featured category-news investigadores-maria-jose-marques investigadores-silvia-quinteiro\">\n<div class=\"wp-block-post-title\">NEW PUBLICATION: WORKING DEFINITIONS IN LITERATURE AND TOURISM<\/div>\n<div class=\"wp-block-post-date\"><time datetime=\"2023-02-07T16:06:36+00:00\">7 Fevereiro, 2023<\/time><\/div>\n<div class=\"wp-block-post-excerpt\"><p class=\"wp-block-post-excerpt__excerpt\">ELECTRONIC VERSION OF THE BOOK \u201cWORKING DEFINITIONS IN LITERATURE AND TOURISM: A RESEARCH GUIDE\u201d IS NOW AVAILABLE ON CIAC WEBSITE <a class=\"wp-block-post-excerpt__more-link\" href=\"https:\/\/antigo.ciac.pt\/news\/new-publication-working-definitions-in-literature-and-tourism\/18478\">+ Info<\/a><\/p><\/div>\n<\/li>\n\n<li class=\"wp-block-post post-18476 post type-post status-publish format-standard hentry category-featured category-news\">\n<div class=\"wp-block-post-title\">PhD in Digital Media-Art \u2013 Dissertation defense<\/div>\n<div class=\"wp-block-post-date\"><time datetime=\"2023-02-07T16:02:27+00:00\">7 Fevereiro, 2023<\/time><\/div>\n<div class=\"wp-block-post-excerpt\"><p class=\"wp-block-post-excerpt__excerpt\">Maut\u00edcio J\u00fanior Defended his thesis to obtain a Doctorate Degree in Digital Media-Art <a class=\"wp-block-post-excerpt__more-link\" href=\"https:\/\/antigo.ciac.pt\/news\/phd-in-digital-media-art-dissertation-defense-2\/18476\">+ Info<\/a><\/p><\/div>\n<\/li>\n\n<li class=\"wp-block-post post-18474 post type-post status-publish format-standard hentry category-featured category-news investigadores-adriana-pierre-coca investigadores-thiago-garcia-martins\">\n<div class=\"wp-block-post-title\">NEW PUBLICATION<\/div>\n<div class=\"wp-block-post-date\"><time datetime=\"2023-02-07T15:55:47+00:00\">7 Fevereiro, 2023<\/time><\/div>\n<div class=\"wp-block-post-excerpt\"><p class=\"wp-block-post-excerpt__excerpt\">E-book on Fictional Narratives includes chapters by CIAC researchers <a class=\"wp-block-post-excerpt__more-link\" href=\"https:\/\/antigo.ciac.pt\/news\/new-publication-53\/18474\">+ Info<\/a><\/p><\/div>\n<\/li>\n\n<li class=\"wp-block-post post-18472 post type-post status-publish format-standard hentry category-featured category-news investigadores-adriana-freire-nogueira\">\n<div class=\"wp-block-post-title\">NEW PUBLICATION<\/div>\n<div class=\"wp-block-post-date\"><time datetime=\"2023-02-07T15:49:31+00:00\">7 Fevereiro, 2023<\/time><\/div>\n<div class=\"wp-block-post-excerpt\"><p class=\"wp-block-post-excerpt__excerpt\">Paper by Adriana Nogueira published in book by the University of Coimbra <a class=\"wp-block-post-excerpt__more-link\" href=\"https:\/\/antigo.ciac.pt\/news\/new-publication-52\/18472\">+ Info<\/a><\/p><\/div>\n<\/li>\n\n<li class=\"wp-block-post post-18470 post type-post status-publish format-standard hentry category-featured category-news investigadores-jose-paulo-cruz-pereira\">\n<div class=\"wp-block-post-title\">NEW PUBLICATION<\/div>\n<div class=\"wp-block-post-date\"><time datetime=\"2023-02-07T15:45:50+00:00\">7 Fevereiro, 2023<\/time><\/div>\n<div class=\"wp-block-post-excerpt\"><p class=\"wp-block-post-excerpt__excerpt\">Article by CIAC researcher published in Scripta Journal <a class=\"wp-block-post-excerpt__more-link\" href=\"https:\/\/antigo.ciac.pt\/news\/new-publication-51\/18470\">+ Info<\/a><\/p><\/div>\n<\/li>\n\n<li class=\"wp-block-post post-18375 post type-post status-publish format-standard hentry category-featured category-news investigadores-antonio-costa-valente investigadores-bruno-menda-da-silva investigadores-jose-bidarra investigadores-maria-potes-barbas investigadores-mirian-tavares\">\n<div class=\"wp-block-post-title\">PROPS&nbsp;PROJECT<\/div>\n<div class=\"wp-block-post-date\"><time datetime=\"2023-01-26T12:04:35+00:00\">26 Janeiro, 2023<\/time><\/div>\n<div class=\"wp-block-post-excerpt\"><p class=\"wp-block-post-excerpt__excerpt\">CIAC project on prevention and media education approved for FCT funding <a class=\"wp-block-post-excerpt__more-link\" href=\"https:\/\/antigo.ciac.pt\/news\/props-project\/18375\">+ Info<\/a><\/p><\/div>\n<\/li>\n\n<li class=\"wp-block-post post-18374 post type-post status-publish format-standard hentry category-featured category-news\">\n<div class=\"wp-block-post-title\">CALL FOR PAPERS<\/div>\n<div class=\"wp-block-post-date\"><time datetime=\"2023-01-26T11:41:52+00:00\">26 Janeiro, 2023<\/time><\/div>\n<div class=\"wp-block-post-excerpt\"><p class=\"wp-block-post-excerpt__excerpt\">Call for Papers for special issue of Journal Rotura \u2013 Deadline extended until 9 January  <a class=\"wp-block-post-excerpt__more-link\" href=\"https:\/\/antigo.ciac.pt\/news\/call-for-papers-18\/18374\">+ Info<\/a><\/p><\/div>\n<\/li>\n\n<li class=\"wp-block-post post-18218 post type-post status-publish format-standard hentry category-featured category-news investigadores-joana-palminha\">\n<div class=\"wp-block-post-title\">COMMUNICATION SCIENCES SEMINARS<\/div>\n<div class=\"wp-block-post-date\"><time datetime=\"2023-01-26T11:37:18+00:00\">26 Janeiro, 2023<\/time><\/div>\n<div class=\"wp-block-post-excerpt\"><p class=\"wp-block-post-excerpt__excerpt\">ESEC and CIAC promote seminar about Sports Communication with Ana Cabecinha\n<a class=\"wp-block-post-excerpt__more-link\" href=\"https:\/\/antigo.ciac.pt\/news\/communication-sciences-seminars-11\/18218\">+ Info<\/a><\/p><\/div>\n<\/li>\n\n<li class=\"wp-block-post post-18371 post type-post status-publish format-standard hentry category-featured category-news investigadores-celia-vieira investigadores-ines-guerra-santos investigadores-rosimaria-rocha\">\n<div class=\"wp-block-post-title\">CYPET<\/div>\n<div class=\"wp-block-post-date\"><time datetime=\"2023-01-26T11:33:03+00:00\">26 Janeiro, 2023<\/time><\/div>\n<div class=\"wp-block-post-excerpt\"><p class=\"wp-block-post-excerpt__excerpt\">CYPET project presented at the V International Seminar on Research in Art and Visual Culture <a class=\"wp-block-post-excerpt__more-link\" href=\"https:\/\/antigo.ciac.pt\/news\/cypet-14\/18371\">+ Info<\/a><\/p><\/div>\n<\/li>\n\n<li class=\"wp-block-post post-18310 post type-post status-publish format-standard hentry category-featured category-news investigadores-maria-jose-aurindo investigadores-silvia-quinteiro\">\n<div class=\"wp-block-post-title\">BOOK PRESENTATION<\/div>\n<div class=\"wp-block-post-date\"><time datetime=\"2023-01-23T11:34:00+00:00\">23 Janeiro, 2023<\/time><\/div>\n<div class=\"wp-block-post-excerpt\"><p class=\"wp-block-post-excerpt__excerpt\">Presentation of \u201cLiterary Hotels of Portugal\u201d takes place on December 16 <a class=\"wp-block-post-excerpt__more-link\" href=\"https:\/\/antigo.ciac.pt\/news\/book-presentation-8\/18310\">+ Info<\/a><\/p><\/div>\n<\/li>\n\n<li class=\"wp-block-post post-18308 post type-post status-publish format-standard hentry category-featured category-news investigadores-mirian-tavares investigadores-susana-costa\">\n<div class=\"wp-block-post-title\">HUMANITAS: NEW VOLUME<\/div>\n<div class=\"wp-block-post-date\"><time datetime=\"2023-01-23T11:28:14+00:00\">23 Janeiro, 2023<\/time><\/div>\n<div class=\"wp-block-post-excerpt\"><p class=\"wp-block-post-excerpt__excerpt\">New Volume of the Humanitas Collection is now available online <a class=\"wp-block-post-excerpt__more-link\" href=\"https:\/\/antigo.ciac.pt\/news\/humanitas-new-volume-3\/18308\">+ Info<\/a><\/p><\/div>\n<\/li>\n\n<li class=\"wp-block-post post-18305 post type-post status-publish format-standard hentry category-featured category-news investigadores-carmen-monereo\">\n<div class=\"wp-block-post-title\">INTERNATIONAL CONFERENCE<\/div>\n<div class=\"wp-block-post-date\"><time datetime=\"2023-01-23T11:15:43+00:00\">23 Janeiro, 2023<\/time><\/div>\n<div class=\"wp-block-post-excerpt\"><p class=\"wp-block-post-excerpt__excerpt\">Carmen Monereo takes part in International Conference on Literature and Cultures <a class=\"wp-block-post-excerpt__more-link\" href=\"https:\/\/antigo.ciac.pt\/news\/international-conference-20\/18305\">+ Info<\/a><\/p><\/div>\n<\/li>\n\n<li class=\"wp-block-post post-18294 post type-post status-publish format-standard hentry category-featured category-news investigadores-jose-paulo-pereira\">\n<div class=\"wp-block-post-title\">NEW PUBLICATION<\/div>\n<div class=\"wp-block-post-date\"><time datetime=\"2023-01-23T11:09:54+00:00\">23 Janeiro, 2023<\/time><\/div>\n<div class=\"wp-block-post-excerpt\"><p class=\"wp-block-post-excerpt__excerpt\">Jos\u00e9 Paulo Pereira publishes book about Mia Couto\n<a class=\"wp-block-post-excerpt__more-link\" href=\"https:\/\/antigo.ciac.pt\/news\/new-publication-50\/18294\">+ Info<\/a><\/p><\/div>\n<\/li>\n\n<li class=\"wp-block-post post-18291 post type-post status-publish format-standard hentry category-featured category-news investigadores-carmen-monereo\">\n<div class=\"wp-block-post-title\">BOOK LAUNCH<\/div>\n<div class=\"wp-block-post-date\"><time datetime=\"2023-01-23T11:04:36+00:00\">23 Janeiro, 2023<\/time><\/div>\n<div class=\"wp-block-post-excerpt\"><p class=\"wp-block-post-excerpt__excerpt\">Carmen Monereo\u2019s new book launched on December 13th <a class=\"wp-block-post-excerpt__more-link\" href=\"https:\/\/antigo.ciac.pt\/news\/featured\/book-launch\/18291\">+ Info<\/a><\/p><\/div>\n<\/li>\n\n<li class=\"wp-block-post post-18287 post type-post status-publish format-standard hentry category-featured category-news investigadores-gabriela-borges\">\n<div class=\"wp-block-post-title\">CALL FOR PAPERS<\/div>\n<div class=\"wp-block-post-date\"><time datetime=\"2023-01-20T15:04:48+00:00\">20 Janeiro, 2023<\/time><\/div>\n<div class=\"wp-block-post-excerpt\"><p class=\"wp-block-post-excerpt__excerpt\">Call for Papers for the II RNEC congress runs until 20 January 2023 <a class=\"wp-block-post-excerpt__more-link\" href=\"https:\/\/antigo.ciac.pt\/news\/call-for-papers-17\/18287\">+ Info<\/a><\/p><\/div>\n<\/li>\n\n<li class=\"wp-block-post post-18258 post type-post status-publish format-standard hentry category-featured category-news\">\n<div class=\"wp-block-post-title\">RESEARCH VISIT<\/div>\n<div class=\"wp-block-post-date\"><time datetime=\"2023-01-20T10:27:46+00:00\">20 Janeiro, 2023<\/time><\/div>\n<div class=\"wp-block-post-excerpt\"><p class=\"wp-block-post-excerpt__excerpt\">CIAC Hosts International Research Visit  <a class=\"wp-block-post-excerpt__more-link\" href=\"https:\/\/antigo.ciac.pt\/news\/research-visit\/18258\">+ Info<\/a><\/p><\/div>\n<\/li>\n\n<li class=\"wp-block-post post-18261 post type-post status-publish format-standard hentry category-featured category-news\">\n<div class=\"wp-block-post-title\">SEMINAR<\/div>\n<div class=\"wp-block-post-date\"><time datetime=\"2023-01-20T10:12:42+00:00\">20 Janeiro, 2023<\/time><\/div>\n<div class=\"wp-block-post-excerpt\"><p class=\"wp-block-post-excerpt__excerpt\">CIAC Co-organizes Seminar for Media Literacy Training <a class=\"wp-block-post-excerpt__more-link\" href=\"https:\/\/antigo.ciac.pt\/news\/seminar-19\/18261\">+ Info<\/a><\/p><\/div>\n<\/li>\n\n<li class=\"wp-block-post post-18264 post type-post status-publish format-standard hentry category-featured category-news investigadores-armando-nascimento-rosa\">\n<div class=\"wp-block-post-title\">NEW PUBLICATION<\/div>\n<div class=\"wp-block-post-date\"><time datetime=\"2023-01-20T10:09:18+00:00\">20 Janeiro, 2023<\/time><\/div>\n<div class=\"wp-block-post-excerpt\"><p class=\"wp-block-post-excerpt__excerpt\">Dramaturgical text by Armando Nascimento Rosa published in booklet  <a class=\"wp-block-post-excerpt__more-link\" href=\"https:\/\/antigo.ciac.pt\/news\/new-publication-49\/18264\">+ Info<\/a><\/p><\/div>\n<\/li>\n\n<li class=\"wp-block-post post-18266 post type-post status-publish format-standard hentry category-featured category-news investigadores-manuel-celio-conceicao\">\n<div class=\"wp-block-post-title\">INTERNATIONAL EVENT<\/div>\n<div class=\"wp-block-post-date\"><time datetime=\"2023-01-20T10:04:30+00:00\">20 Janeiro, 2023<\/time><\/div>\n<div class=\"wp-block-post-excerpt\"><p class=\"wp-block-post-excerpt__excerpt\">CIAC represented in the European Language Council Forum <a class=\"wp-block-post-excerpt__more-link\" href=\"https:\/\/antigo.ciac.pt\/news\/international-event-37\/18266\">+ Info<\/a><\/p><\/div>\n<\/li>\n\n<li class=\"wp-block-post post-18267 post type-post status-publish format-standard hentry category-featured category-news investigadores-antonio-costa-valente\">\n<div class=\"wp-block-post-title\">SEMINAR<\/div>\n<div class=\"wp-block-post-date\"><time datetime=\"2023-01-20T10:00:24+00:00\">20 Janeiro, 2023<\/time><\/div>\n<div class=\"wp-block-post-excerpt\"><p class=\"wp-block-post-excerpt__excerpt\">Ant\u00f3nio Costa Valente takes part in Cine Guarnic\u00ea Science Seminar  <a class=\"wp-block-post-excerpt__more-link\" href=\"https:\/\/antigo.ciac.pt\/news\/seminar-18\/18267\">+ Info<\/a><\/p><\/div>\n<\/li>\n\n<li class=\"wp-block-post post-18225 post type-post status-publish format-standard hentry category-featured category-news investigadores-jorge-carrega\">\n<div class=\"wp-block-post-title\">FILM CYCLE<\/div>\n<div class=\"wp-block-post-date\"><time datetime=\"2023-01-18T11:20:50+00:00\">18 Janeiro, 2023<\/time><\/div>\n<div class=\"wp-block-post-excerpt\"><p class=\"wp-block-post-excerpt__excerpt\">Jorge Carrega is a guest speaker at the film cycle \u2018Scream on Screen\u2019 <a class=\"wp-block-post-excerpt__more-link\" href=\"https:\/\/antigo.ciac.pt\/news\/film-cycle\/18225\">+ Info<\/a><\/p><\/div>\n<\/li>\n\n<li class=\"wp-block-post post-18222 post type-post status-publish format-standard hentry category-featured category-news investigadores-jorge-carrega\">\n<div class=\"wp-block-post-title\">CONFERENCES CYCLE<\/div>\n<div class=\"wp-block-post-date\"><time datetime=\"2023-01-18T11:16:39+00:00\">18 Janeiro, 2023<\/time><\/div>\n<div class=\"wp-block-post-excerpt\"><p class=\"wp-block-post-excerpt__excerpt\">Charles Bicalho and Isael Maxacali are the guest speakers of Alma Project\u2019s last session  <a class=\"wp-block-post-excerpt__more-link\" href=\"https:\/\/antigo.ciac.pt\/news\/conferences-cycle\/18222\">+ Info<\/a><\/p><\/div>\n<\/li>\n\n<li class=\"wp-block-post post-18215 post type-post status-publish format-standard hentry category-featured category-news investigadores-paulo-alves\">\n<div class=\"wp-block-post-title\">COMMUNICATION SCIENCES SEMINARS<\/div>\n<div class=\"wp-block-post-date\"><time datetime=\"2023-01-16T14:58:55+00:00\">16 Janeiro, 2023<\/time><\/div>\n<div class=\"wp-block-post-excerpt\"><p class=\"wp-block-post-excerpt__excerpt\">ESEC and CIAC promote seminar about Ethics in Communication <a class=\"wp-block-post-excerpt__more-link\" href=\"https:\/\/antigo.ciac.pt\/news\/communication-sciences-seminars-10\/18215\">+ Info<\/a><\/p><\/div>\n<\/li>\n\n<li class=\"wp-block-post post-18186 post type-post status-publish format-standard hentry category-featured category-news investigadores-joana-palminha\">\n<div class=\"wp-block-post-title\">COMMUNICATION SCIENCES SEMINARS<\/div>\n<div class=\"wp-block-post-date\"><time datetime=\"2023-01-16T14:20:26+00:00\">16 Janeiro, 2023<\/time><\/div>\n<div class=\"wp-block-post-excerpt\"><p class=\"wp-block-post-excerpt__excerpt\">ESEC and CIAC promote seminar about Sports Communication with Blessing Lumueno <a class=\"wp-block-post-excerpt__more-link\" href=\"https:\/\/antigo.ciac.pt\/news\/communication-sciences-seminars-9\/18186\">+ Info<\/a><\/p><\/div>\n<\/li>\n\n<li class=\"wp-block-post post-18184 post type-post status-publish format-standard hentry category-featured category-news\">\n<div class=\"wp-block-post-title\">COMMUNICATION SCIENCES SEMINARS<\/div>\n<div class=\"wp-block-post-date\"><time datetime=\"2023-01-16T14:17:15+00:00\">16 Janeiro, 2023<\/time><\/div>\n<div class=\"wp-block-post-excerpt\"><p class=\"wp-block-post-excerpt__excerpt\">ESEC and CIAC promote seminars about Chronicles and Opinion Pieces <a class=\"wp-block-post-excerpt__more-link\" href=\"https:\/\/antigo.ciac.pt\/news\/communication-sciences-seminars-8\/18184\">+ Info<\/a><\/p><\/div>\n<\/li>\n\n<li class=\"wp-block-post post-18181 post type-post status-publish format-standard hentry category-featured category-news investigadores-paulo-alves\">\n<div class=\"wp-block-post-title\">COMMUNICATION SCIENCES SEMINARS<\/div>\n<div class=\"wp-block-post-date\"><time datetime=\"2023-01-16T14:15:06+00:00\">16 Janeiro, 2023<\/time><\/div>\n<div class=\"wp-block-post-excerpt\"><p class=\"wp-block-post-excerpt__excerpt\">ESEC and CIAC promote seminars about Jornalism <a class=\"wp-block-post-excerpt__more-link\" href=\"https:\/\/antigo.ciac.pt\/news\/communication-sciences-seminars-7\/18181\">+ Info<\/a><\/p><\/div>\n<\/li>\n\n<li class=\"wp-block-post post-18145 post type-post status-publish format-standard hentry category-featured category-news investigadores-joana-palminha\">\n<div class=\"wp-block-post-title\">DOCUMENTARY<\/div>\n<div class=\"wp-block-post-date\"><time datetime=\"2023-01-12T11:53:53+00:00\">12 Janeiro, 2023<\/time><\/div>\n<div class=\"wp-block-post-excerpt\"><p class=\"wp-block-post-excerpt__excerpt\">Documentary scripted by CIAC researcher Joana Palminha is now available online\n<a class=\"wp-block-post-excerpt__more-link\" href=\"https:\/\/antigo.ciac.pt\/news\/documentary\/18145\">+ Info<\/a><\/p><\/div>\n<\/li>\n\n<li class=\"wp-block-post post-18143 post type-post status-publish format-standard hentry category-featured category-news investigadores-raquel-pacheco\">\n<div class=\"wp-block-post-title\">NEW PUBLICATION<\/div>\n<div class=\"wp-block-post-date\"><time datetime=\"2023-01-12T11:47:13+00:00\">12 Janeiro, 2023<\/time><\/div>\n<div class=\"wp-block-post-excerpt\"><p class=\"wp-block-post-excerpt__excerpt\">Chapter written by Raquel Pacheco published in book about Education and Media \n<a class=\"wp-block-post-excerpt__more-link\" href=\"https:\/\/antigo.ciac.pt\/news\/new-publication-48\/18143\">+ Info<\/a><\/p><\/div>\n<\/li>\n\n<li class=\"wp-block-post post-18140 post type-post status-publish format-standard hentry category-featured category-news investigadores-gabriela-borges\">\n<div class=\"wp-block-post-title\">INTERNATIONAL SYMPOSIUM<\/div>\n<div class=\"wp-block-post-date\"><time datetime=\"2023-01-12T11:37:58+00:00\">12 Janeiro, 2023<\/time><\/div>\n<div class=\"wp-block-post-excerpt\"><p class=\"wp-block-post-excerpt__excerpt\">Gabriela Borges attends the 1st Alfamed Brazil Symposium on Media Competencies <a class=\"wp-block-post-excerpt__more-link\" href=\"https:\/\/antigo.ciac.pt\/news\/international-symposium\/18140\">+ Info<\/a><\/p><\/div>\n<\/li>\n\n<li class=\"wp-block-post post-18136 post type-post status-publish format-standard hentry category-featured category-news investigadores-olivia-novoa-fernandez\">\n<div class=\"wp-block-post-title\">NEW PUBLICATION<\/div>\n<div class=\"wp-block-post-date\"><time datetime=\"2023-01-12T11:34:05+00:00\">12 Janeiro, 2023<\/time><\/div>\n<div class=\"wp-block-post-excerpt\"><p class=\"wp-block-post-excerpt__excerpt\">Review of Olivia Novoa Fern\u00e1ndez\u2019s doctorate thesis integrates APPELE publication <a class=\"wp-block-post-excerpt__more-link\" href=\"https:\/\/antigo.ciac.pt\/news\/new-publication-47\/18136\">+ Info<\/a><\/p><\/div>\n<\/li>\n\n<li class=\"wp-block-post post-17438 post type-post status-publish format-standard hentry category-featured category-news investigadores-bruno-mendes-da-silva investigadores-susana-costa\">\n<div class=\"wp-block-post-title\">EXHIBITION<\/div>\n<div class=\"wp-block-post-date\"><time datetime=\"2023-01-11T14:43:41+00:00\">11 Janeiro, 2023<\/time><\/div>\n<div class=\"wp-block-post-excerpt\"><p class=\"wp-block-post-excerpt__excerpt\">CIAC researchers work exhibited at \u2018Thinking Media V\u2019 in South Korea <a class=\"wp-block-post-excerpt__more-link\" href=\"https:\/\/antigo.ciac.pt\/news\/exhibition-67\/17438\">+ Info<\/a><\/p><\/div>\n<\/li>\n\n<li class=\"wp-block-post post-18104 post type-post status-publish format-standard hentry category-featured category-news\">\n<div class=\"wp-block-post-title\">PhD IN DIGITAL MEDIA-ART DISSERTATION DEFENSE<\/div>\n<div class=\"wp-block-post-date\"><time datetime=\"2023-01-11T14:40:41+00:00\">11 Janeiro, 2023<\/time><\/div>\n<div class=\"wp-block-post-excerpt\"><p class=\"wp-block-post-excerpt__excerpt\">Deyse Moura presented her thesis defense for the doctorate in Digital-Media Art  <a class=\"wp-block-post-excerpt__more-link\" href=\"https:\/\/antigo.ciac.pt\/news\/phd-in-digital-media-art-dissertation-defense\/18104\">+ Info<\/a><\/p><\/div>\n<\/li>\n\n<li class=\"wp-block-post post-18101 post type-post status-publish format-standard hentry category-featured category-news investigadores-olivia-novoa-fernandez\">\n<div class=\"wp-block-post-title\">OPEN LECTURE<\/div>\n<div class=\"wp-block-post-date\"><time datetime=\"2023-01-11T14:36:14+00:00\">11 Janeiro, 2023<\/time><\/div>\n<div class=\"wp-block-post-excerpt\"><p class=\"wp-block-post-excerpt__excerpt\">Olivia Novoa Fern\u00e1ndez teaches an Open Lecture at University of Minho <a class=\"wp-block-post-excerpt__more-link\" href=\"https:\/\/antigo.ciac.pt\/news\/open-lecture\/18101\">+ Info<\/a><\/p><\/div>\n<\/li>\n\n<li class=\"wp-block-post post-18099 post type-post status-publish format-standard hentry category-featured category-news investigadores-aderito-fernandes-marcos\">\n<div class=\"wp-block-post-title\">INTERNATIONAL CONFERENCE<\/div>\n<div class=\"wp-block-post-date\"><time datetime=\"2023-01-11T14:29:55+00:00\">11 Janeiro, 2023<\/time><\/div>\n<div class=\"wp-block-post-excerpt\"><p class=\"wp-block-post-excerpt__excerpt\">ARTEFACTO 2022 takes place in Macau and online in November <a class=\"wp-block-post-excerpt__more-link\" href=\"https:\/\/antigo.ciac.pt\/news\/international-conference-19\/18099\">+ Info<\/a><\/p><\/div>\n<\/li>\n\n<li class=\"wp-block-post post-18092 post type-post status-publish format-standard hentry category-featured category-news investigadores-paulo-alves\">\n<div class=\"wp-block-post-title\">COMMUNICATION SCIENCES SEMINARS<\/div>\n<div class=\"wp-block-post-date\"><time datetime=\"2023-01-11T12:24:49+00:00\">11 Janeiro, 2023<\/time><\/div>\n<div class=\"wp-block-post-excerpt\"><p class=\"wp-block-post-excerpt__excerpt\">ESEC and CIAC promote seminars about Ethics in Brazilian Journalism <a class=\"wp-block-post-excerpt__more-link\" href=\"https:\/\/antigo.ciac.pt\/news\/communication-sciences-seminars-6\/18092\">+ Info<\/a><\/p><\/div>\n<\/li>\n\n<li class=\"wp-block-post post-18096 post type-post status-publish format-standard hentry category-featured category-news investigadores-joana-palminha\">\n<div class=\"wp-block-post-title\">COMMUNICATION SCIENCES SEMINARS<\/div>\n<div class=\"wp-block-post-date\"><time datetime=\"2023-01-11T11:00:30+00:00\">11 Janeiro, 2023<\/time><\/div>\n<div class=\"wp-block-post-excerpt\"><p class=\"wp-block-post-excerpt__excerpt\">ESEC and CIAC promote Seminars about Sports Communication with  Guest Speaker Ricardo Brito Reis <a class=\"wp-block-post-excerpt__more-link\" href=\"https:\/\/antigo.ciac.pt\/news\/communication-sciences-seminars-5\/18096\">+ Info<\/a><\/p><\/div>\n<\/li>\n<\/ul>\n<\/div><\/div>\n\n\n\n<div class=\"wp-block-advgb-accordion-item advgb-accordion-item\" style=\"margin-bottom:15px\"><div class=\"advgb-accordion-header\" style=\"background-color:#ffffff;color:#000000;border-style:solid;border-width:0px;border-color:#ffffff\"><span class=\"advgb-accordion-header-icon\"><svg fill=\"#000000\" xmlns=\"http:\/\/www.w3.org\/2000\/svg\" width=\"24\" height=\"24\" viewBox=\"0 0 24 24\"><path fill=\"none\" d=\"M0,0h24v24H0V0z\"><\/path><path d=\"M6,10c-1.1,0-2,0.9-2,2s0.9,2,2,2s2-0.9,2-2S7.1,10,6,10z M18,10c-1.1,0-2,0.9-2,2s0.9,2,2,2s2-0.9,2-2S19.1,10,18,10z M12,10c-1.1,0-2,0.9-2,2s0.9,2,2,2s2-0.9,2-2S13.1,10,12,10z\"><\/path><\/svg><\/span><h2 class=\"advgb-accordion-header-title\" style=\"color:inherit\">2022<\/h2><\/div><div class=\"advgb-accordion-body\" style=\"border-style:solid !important;border-width:0px !important;border-color:#ffffff !important;border-top:none !important\">\n<ul>\n<li class=\"wp-block-post post-17934 post type-post status-publish format-standard hentry category-featured category-news investigadores-manuel-celio-conceicao\">\n<div class=\"wp-block-post-title\">INTERNATIONAL EVENT&nbsp;<\/div>\n<div class=\"wp-block-post-date\"><time datetime=\"2022-12-22T10:57:05+00:00\">22 Dezembro, 2022<\/time><\/div>\n<div class=\"wp-block-post-excerpt\"><p class=\"wp-block-post-excerpt__excerpt\">Manuel C\u00e9lio Concei\u00e7\u00e3o takes part in Conference devoted to Scientific Francophonie <a class=\"wp-block-post-excerpt__more-link\" href=\"https:\/\/antigo.ciac.pt\/news\/international-event-36\/17934\">+ Info<\/a><\/p><\/div>\n<\/li>\n\n<li class=\"wp-block-post post-17936 post type-post status-publish format-standard hentry category-featured category-news investigadores-bruno-mendes-da-silva investigadores-jorge-carrega investigadores-mirian-tavares\">\n<div class=\"wp-block-post-title\">INTERNATIONAL CONFERENCE: ARTSIT 2022<\/div>\n<div class=\"wp-block-post-date\"><time datetime=\"2022-12-22T10:52:48+00:00\">22 Dezembro, 2022<\/time><\/div>\n<div class=\"wp-block-post-excerpt\"><p class=\"wp-block-post-excerpt__excerpt\">ARTSIT 2022 takes place in Faro on the 21 and 22 of November&nbsp; <a class=\"wp-block-post-excerpt__more-link\" href=\"https:\/\/antigo.ciac.pt\/news\/international-conference-artsit-2022-3\/17936\">+ Info<\/a><\/p><\/div>\n<\/li>\n\n<li class=\"wp-block-post post-17892 post type-post status-publish format-standard hentry category-featured category-news investigadores-joana-palminha\">\n<div class=\"wp-block-post-title\">COMMUNICATION SCIENCES SEMINARS<\/div>\n<div class=\"wp-block-post-date\"><time datetime=\"2022-12-07T15:56:14+00:00\">7 Dezembro, 2022<\/time><\/div>\n<div class=\"wp-block-post-excerpt\"><p class=\"wp-block-post-excerpt__excerpt\">ESEC and CIAC promote seminars about Sports Communication with Gon\u00e7alo Moreira <a class=\"wp-block-post-excerpt__more-link\" href=\"https:\/\/antigo.ciac.pt\/news\/communication-sciences-seminars-4\/17892\">+ Info<\/a><\/p><\/div>\n<\/li>\n\n<li class=\"wp-block-post post-17890 post type-post status-publish format-standard hentry category-featured category-news investigadores-alexandre-pieroni-calado\">\n<div class=\"wp-block-post-title\">THEATER PLAY<\/div>\n<div class=\"wp-block-post-date\"><time datetime=\"2022-12-07T15:31:06+00:00\">7 Dezembro, 2022<\/time><\/div>\n<div class=\"wp-block-post-excerpt\"><p class=\"wp-block-post-excerpt__excerpt\">Alexandre Calado\u2019s show \u201cLEBRE \u2013 Lances de Hermes\u201d premiers in Lisbon and Almada <a class=\"wp-block-post-excerpt__more-link\" href=\"https:\/\/antigo.ciac.pt\/news\/event-48\/17890\">+ Info<\/a><\/p><\/div>\n<\/li>\n\n<li class=\"wp-block-post post-17823 post type-post status-publish format-standard hentry category-featured category-news\">\n<div class=\"wp-block-post-title\">INTERNATIONAL COLLOQUIUM<\/div>\n<div class=\"wp-block-post-date\"><time datetime=\"2022-12-07T15:25:54+00:00\">7 Dezembro, 2022<\/time><\/div>\n<div class=\"wp-block-post-excerpt\"><p class=\"wp-block-post-excerpt__excerpt\">CIAC and UALG host International Colloquium that celebrates 400 years of Moli\u00e8re <a class=\"wp-block-post-excerpt__more-link\" href=\"https:\/\/antigo.ciac.pt\/news\/international-colloquium-4\/17823\">+ Info<\/a><\/p><\/div>\n<\/li>\n\n<li class=\"wp-block-post post-17816 post type-post status-publish format-standard hentry category-featured category-news investigadores-maria-jose-marques\">\n<div class=\"wp-block-post-title\">NEW PUBLICATION: CARTOGRAPHYA<\/div>\n<div class=\"wp-block-post-date\"><time datetime=\"2022-12-02T16:41:28+00:00\">2 Dezembro, 2022<\/time><\/div>\n<div class=\"wp-block-post-excerpt\"><p class=\"wp-block-post-excerpt__excerpt\">The E-Book version of \u201cCartographya\u201d is available on CIAC\u2019s website <a class=\"wp-block-post-excerpt__more-link\" href=\"https:\/\/antigo.ciac.pt\/news\/new-publication-cartographya\/17816\">+ Info<\/a><\/p><\/div>\n<\/li>\n\n<li class=\"wp-block-post post-17813 post type-post status-publish format-standard hentry category-featured category-news investigadores-silvia-viegas\">\n<div class=\"wp-block-post-title\">CIAC WEBINARS<\/div>\n<div class=\"wp-block-post-date\"><time datetime=\"2022-12-02T16:34:03+00:00\">2 Dezembro, 2022<\/time><\/div>\n<div class=\"wp-block-post-excerpt\"><p class=\"wp-block-post-excerpt__excerpt\">Pamela Richardson is the guest speaker of the next CIAC Webinar <a class=\"wp-block-post-excerpt__more-link\" href=\"https:\/\/antigo.ciac.pt\/news\/ciac-webinars-26\/17813\">+ Info<\/a><\/p><\/div>\n<\/li>\n\n<li class=\"wp-block-post post-17345 post type-post status-publish format-standard hentry category-featured category-news investigadores-joao-albuquerque\">\n<div class=\"wp-block-post-title\">NEW PUBLICATION<\/div>\n<div class=\"wp-block-post-date\"><time datetime=\"2022-12-02T16:32:12+00:00\">2 Dezembro, 2022<\/time><\/div>\n<div class=\"wp-block-post-excerpt\"><p class=\"wp-block-post-excerpt__excerpt\">Paper by Jo\u00e3o Albuquerque published in The University of Pittsburgh Journal \n<a class=\"wp-block-post-excerpt__more-link\" href=\"https:\/\/antigo.ciac.pt\/news\/new-publication-46\/17345\">+ Info<\/a><\/p><\/div>\n<\/li>\n\n<li class=\"wp-block-post post-17811 post type-post status-publish format-standard hentry category-featured category-news investigadores-beatriz-isca investigadores-bruno-mendes-da-silva investigadores-filipa-cerol investigadores-mirian-tavares investigadores-paulo-alves investigadores-susana-costa\">\n<div class=\"wp-block-post-title\">NEW PUBLICATION<\/div>\n<div class=\"wp-block-post-date\"><time datetime=\"2022-12-02T16:28:31+00:00\">2 Dezembro, 2022<\/time><\/div>\n<div class=\"wp-block-post-excerpt\"><p class=\"wp-block-post-excerpt__excerpt\">Adaptation of paper written by CIAC Researchers published in the journal UALGORITMO&nbsp; <a class=\"wp-block-post-excerpt__more-link\" href=\"https:\/\/antigo.ciac.pt\/news\/new-publication-45\/17811\">+ Info<\/a><\/p><\/div>\n<\/li>\n\n<li class=\"wp-block-post post-17809 post type-post status-publish format-standard hentry category-featured category-news\">\n<div class=\"wp-block-post-title\">SEMINAR<\/div>\n<div class=\"wp-block-post-date\"><time datetime=\"2022-12-02T16:18:01+00:00\">2 Dezembro, 2022<\/time><\/div>\n<div class=\"wp-block-post-excerpt\"><p class=\"wp-block-post-excerpt__excerpt\">UAlg\u2019s library hosts seminar that celebrates 100 years of Saramago <a class=\"wp-block-post-excerpt__more-link\" href=\"https:\/\/antigo.ciac.pt\/news\/seminar-17\/17809\">+ Info<\/a><\/p><\/div>\n<\/li>\n\n<li class=\"wp-block-post post-17737 post type-post status-publish format-standard hentry category-featured category-news investigadores-fernando-paulino investigadores-tiago-cruz\">\n<div class=\"wp-block-post-title\">INTERNATIONAL CONFERENCE<\/div>\n<div class=\"wp-block-post-date\"><time datetime=\"2022-11-18T16:12:41+00:00\">18 Novembro, 2022<\/time><\/div>\n<div class=\"wp-block-post-excerpt\"><p class=\"wp-block-post-excerpt__excerpt\">CIAC researchers attend International Conference on Cultural Sustainable Tourism <a class=\"wp-block-post-excerpt__more-link\" href=\"https:\/\/antigo.ciac.pt\/news\/international-conference-18\/17737\">+ Info<\/a><\/p><\/div>\n<\/li>\n\n<li class=\"wp-block-post post-17316 post type-post status-publish format-standard hentry category-featured category-news investigadores-angela-saldanha investigadores-teresa-torres-de-eca\">\n<div class=\"wp-block-post-title\">NEW PUBLICATION&nbsp;<\/div>\n<div class=\"wp-block-post-date\"><time datetime=\"2022-11-18T16:10:09+00:00\">18 Novembro, 2022<\/time><\/div>\n<div class=\"wp-block-post-excerpt\"><p class=\"wp-block-post-excerpt__excerpt\">Chapter by Teresa Torres de E\u00e7a and \u00c2ngela Saldanha published in new Springer  <a class=\"wp-block-post-excerpt__more-link\" href=\"https:\/\/antigo.ciac.pt\/news\/new-publication-44\/17316\">+ Info<\/a><\/p><\/div>\n<\/li>\n\n<li class=\"wp-block-post post-17719 post type-post status-publish format-standard hentry category-featured category-news\">\n<div class=\"wp-block-post-title\">DIGITAL MEDIA ART SYMPOSIUM<\/div>\n<div class=\"wp-block-post-date\"><time datetime=\"2022-11-18T16:06:34+00:00\">18 Novembro, 2022<\/time><\/div>\n<div class=\"wp-block-post-excerpt\"><p class=\"wp-block-post-excerpt__excerpt\">CIAC-UAB promotes Digital Media Art Symposium <a class=\"wp-block-post-excerpt__more-link\" href=\"https:\/\/antigo.ciac.pt\/news\/digital-media-art-symposium\/17719\">+ Info<\/a><\/p><\/div>\n<\/li>\n\n<li class=\"wp-block-post post-17716 post type-post status-publish format-standard hentry category-featured category-news investigadores-fernando-paulino investigadores-tiago-cruz\">\n<div class=\"wp-block-post-title\">INTERNATIONAL CONFERENCE<\/div>\n<div class=\"wp-block-post-date\"><time datetime=\"2022-11-18T16:03:25+00:00\">18 Novembro, 2022<\/time><\/div>\n<div class=\"wp-block-post-excerpt\"><p class=\"wp-block-post-excerpt__excerpt\">Tiago Cruz takes part in International Conference about Cultural Heritage <a class=\"wp-block-post-excerpt__more-link\" href=\"https:\/\/antigo.ciac.pt\/news\/international-conference-17\/17716\">+ Info<\/a><\/p><\/div>\n<\/li>\n\n<li class=\"wp-block-post post-17712 post type-post status-publish format-standard hentry category-featured category-news investigadores-gabriela-borges\">\n<div class=\"wp-block-post-title\">INTERNATIONAL COLLOQUIUM&nbsp;<\/div>\n<div class=\"wp-block-post-date\"><time datetime=\"2022-11-18T16:01:45+00:00\">18 Novembro, 2022<\/time><\/div>\n<div class=\"wp-block-post-excerpt\"><p class=\"wp-block-post-excerpt__excerpt\">Gabriela Borges takes part in the International Colloquium IMAGE PLAY Video Art Festival <a class=\"wp-block-post-excerpt__more-link\" href=\"https:\/\/antigo.ciac.pt\/news\/international-colloquium-3\/17712\">+ Info<\/a><\/p><\/div>\n<\/li>\n\n<li class=\"wp-block-post post-17710 post type-post status-publish format-standard hentry category-featured category-news investigadores-alexandre-martins investigadores-bruno-mendes-da-silva investigadores-susana-costa\">\n<div class=\"wp-block-post-title\">INTERNATIONAL CONFERENCE<\/div>\n<div class=\"wp-block-post-date\"><time datetime=\"2022-11-18T15:58:48+00:00\">18 Novembro, 2022<\/time><\/div>\n<div class=\"wp-block-post-excerpt\"><p class=\"wp-block-post-excerpt__excerpt\">CIAC researchers attend the International Conference on Digital Design and Communication (DIGICOM) <a class=\"wp-block-post-excerpt__more-link\" href=\"https:\/\/antigo.ciac.pt\/news\/international-conference-16\/17710\">+ Info<\/a><\/p><\/div>\n<\/li>\n\n<li class=\"wp-block-post post-17221 post type-post status-publish format-standard hentry category-featured category-news investigadores-silvia-leiria-viegas investigadores-silvia-viegas\">\n<div class=\"wp-block-post-title\">WORKSHOP<\/div>\n<div class=\"wp-block-post-date\"><time datetime=\"2022-11-18T15:54:08+00:00\">18 Novembro, 2022<\/time><\/div>\n<div class=\"wp-block-post-excerpt\"><p class=\"wp-block-post-excerpt__excerpt\">CIAC researcher S\u00edlvia Viegas moderates workshop on Migration(s) and Global Crisis  <a class=\"wp-block-post-excerpt__more-link\" href=\"https:\/\/antigo.ciac.pt\/news\/workshop-11\/17221\">+ Info<\/a><\/p><\/div>\n<\/li>\n\n<li class=\"wp-block-post post-17707 post type-post status-publish format-standard hentry category-featured category-news investigadores-fatima-chinita\">\n<div class=\"wp-block-post-title\">INTERNATIONAL WORKSHOP<\/div>\n<div class=\"wp-block-post-date\"><time datetime=\"2022-11-18T15:53:33+00:00\">18 Novembro, 2022<\/time><\/div>\n<div class=\"wp-block-post-excerpt\"><p class=\"wp-block-post-excerpt__excerpt\">CIAC researcher F\u00e1tima Chinita takes part in the International Workshop Uncanny Intermediality <a class=\"wp-block-post-excerpt__more-link\" href=\"https:\/\/antigo.ciac.pt\/news\/international-workshop\/17707\">+ Info<\/a><\/p><\/div>\n<\/li>\n\n<li class=\"wp-block-post post-17703 post type-post status-publish format-standard hentry category-featured category-news\">\n<div class=\"wp-block-post-title\">COMMUNICATION SCIENCES SEMINARS<\/div>\n<div class=\"wp-block-post-date\"><time datetime=\"2022-11-18T15:50:49+00:00\">18 Novembro, 2022<\/time><\/div>\n<div class=\"wp-block-post-excerpt\"><p class=\"wp-block-post-excerpt__excerpt\">ESEC, CDE and CIAC promote seminars about Digital Transition <a class=\"wp-block-post-excerpt__more-link\" href=\"https:\/\/antigo.ciac.pt\/news\/communication-sciences-seminars-3\/17703\">+ Info<\/a><\/p><\/div>\n<\/li>\n\n<li class=\"wp-block-post post-17683 post type-post status-publish format-standard hentry category-featured category-news\">\n<div class=\"wp-block-post-title\">CYPET<\/div>\n<div class=\"wp-block-post-date\"><time datetime=\"2022-11-18T09:34:03+00:00\">18 Novembro, 2022<\/time><\/div>\n<div class=\"wp-block-post-excerpt\"><p class=\"wp-block-post-excerpt__excerpt\">\u201cAssum Livre\u201d is the first Cyperperformance Presentation of Project CyPet  <a class=\"wp-block-post-excerpt__more-link\" href=\"https:\/\/antigo.ciac.pt\/news\/featured\/cypet-12\/17683\">+ Info<\/a><\/p><\/div>\n<\/li>\n\n<li class=\"wp-block-post post-17680 post type-post status-publish format-standard hentry category-featured category-news\">\n<div class=\"wp-block-post-title\">iHERITAGE<\/div>\n<div class=\"wp-block-post-date\"><time datetime=\"2022-11-18T08:47:44+00:00\">18 Novembro, 2022<\/time><\/div>\n<div class=\"wp-block-post-excerpt\"><p class=\"wp-block-post-excerpt__excerpt\">iHeritage App first training session takes place on October 28&nbsp; <a class=\"wp-block-post-excerpt__more-link\" href=\"https:\/\/antigo.ciac.pt\/news\/iheritage-4\/17680\">+ Info<\/a><\/p><\/div>\n<\/li>\n\n<li class=\"wp-block-post post-17667 post type-post status-publish format-standard hentry category-featured category-news investigadores-manuel-celio-conceicao\">\n<div class=\"wp-block-post-title\">COARA<\/div>\n<div class=\"wp-block-post-date\"><time datetime=\"2022-11-18T08:41:31+00:00\">18 Novembro, 2022<\/time><\/div>\n<div class=\"wp-block-post-excerpt\"><p class=\"wp-block-post-excerpt__excerpt\">CIAC is one of the signatories to CoARA\u2019s Founding Text  <a class=\"wp-block-post-excerpt__more-link\" href=\"https:\/\/antigo.ciac.pt\/news\/coara-4\/17667\">+ Info<\/a><\/p><\/div>\n<\/li>\n\n<li class=\"wp-block-post post-17663 post type-post status-publish format-standard hentry category-featured category-news investigadores-carmen-monereo\">\n<div class=\"wp-block-post-title\">COMMUNICATION SCIENCES SEMINARS<\/div>\n<div class=\"wp-block-post-date\"><time datetime=\"2022-11-18T08:36:25+00:00\">18 Novembro, 2022<\/time><\/div>\n<div class=\"wp-block-post-excerpt\"><p class=\"wp-block-post-excerpt__excerpt\">ESEC and CIAC promote Seminars about Digital Marketing  <a class=\"wp-block-post-excerpt__more-link\" href=\"https:\/\/antigo.ciac.pt\/news\/communication-sciences-seminars-2\/17663\">+ Info<\/a><\/p><\/div>\n<\/li>\n\n<li class=\"wp-block-post post-17660 post type-post status-publish format-standard hentry category-featured category-news\">\n<div class=\"wp-block-post-title\">CIAC RESEARCH GRANT<\/div>\n<div class=\"wp-block-post-date\"><time datetime=\"2022-11-18T08:34:35+00:00\">18 Novembro, 2022<\/time><\/div>\n<div class=\"wp-block-post-excerpt\"><p class=\"wp-block-post-excerpt__excerpt\">Open Call for a Research Grant in Communication and Digital Media \u2013 Applications open until October 28, 2022 <a class=\"wp-block-post-excerpt__more-link\" href=\"https:\/\/antigo.ciac.pt\/news\/ciac-research-grant\/17660\">+ Info<\/a><\/p><\/div>\n<\/li>\n\n<li class=\"wp-block-post post-17658 post type-post status-publish format-standard hentry category-featured category-news investigadores-gabriela-borges investigadores-mirian-tavares\">\n<div class=\"wp-block-post-title\">NEW PUBLICATION<\/div>\n<div class=\"wp-block-post-date\"><time datetime=\"2022-11-18T08:30:39+00:00\">18 Novembro, 2022<\/time><\/div>\n<div class=\"wp-block-post-excerpt\"><p class=\"wp-block-post-excerpt__excerpt\">Latin-American Magazine for Communication Sciences\u2019 new volume features papers by Mirian Tavares and Gabriela Borges  <a class=\"wp-block-post-excerpt__more-link\" href=\"https:\/\/antigo.ciac.pt\/news\/new-publication-43\/17658\">+ Info<\/a><\/p><\/div>\n<\/li>\n\n<li class=\"wp-block-post post-17655 post type-post status-publish format-standard hentry category-featured category-news investigadores-mirian-tavares investigadores-patricia-dourado\">\n<div class=\"wp-block-post-title\">SERIES OF CONFERENCES<\/div>\n<div class=\"wp-block-post-date\"><time datetime=\"2022-11-18T08:22:04+00:00\">18 Novembro, 2022<\/time><\/div>\n<div class=\"wp-block-post-excerpt\"><p class=\"wp-block-post-excerpt__excerpt\">Leonardo Mouramateus is the next Guest Speaker of Alma Project\u2019s Series of Conferences <a class=\"wp-block-post-excerpt__more-link\" href=\"https:\/\/antigo.ciac.pt\/news\/series-of-conferences-2\/17655\">+ Info<\/a><\/p><\/div>\n<\/li>\n\n<li class=\"wp-block-post post-17650 post type-post status-publish format-standard hentry category-featured category-news investigadores-ana-filipa-martins\">\n<div class=\"wp-block-post-title\">COMMUNICATION SCIENCES SEMINARS<\/div>\n<div class=\"wp-block-post-date\"><time datetime=\"2022-11-18T08:14:11+00:00\">18 Novembro, 2022<\/time><\/div>\n<div class=\"wp-block-post-excerpt\"><p class=\"wp-block-post-excerpt__excerpt\">ESEC and CIAC promote Seminars about Media Literacy <a class=\"wp-block-post-excerpt__more-link\" href=\"https:\/\/antigo.ciac.pt\/news\/featured\/communication-sciences-seminars\/17650\">+ Info<\/a><\/p><\/div>\n<\/li>\n\n<li class=\"wp-block-post post-17637 post type-post status-publish format-standard hentry category-featured category-news investigadores-mirian-tavares\">\n<div class=\"wp-block-post-title\">CALL FOR PAPERS<\/div>\n<div class=\"wp-block-post-date\"><time datetime=\"2022-11-17T10:40:16+00:00\">17 Novembro, 2022<\/time><\/div>\n<div class=\"wp-block-post-excerpt\"><p class=\"wp-block-post-excerpt__excerpt\">Fotocinema magazine open call for papers <a class=\"wp-block-post-excerpt__more-link\" href=\"https:\/\/antigo.ciac.pt\/news\/call-for-papers-15\/17637\">+ Info<\/a><\/p><\/div>\n<\/li>\n\n<li class=\"wp-block-post post-17635 post type-post status-publish format-standard hentry category-featured category-news investigadores-alexandre-barata investigadores-ana-isabel-soares\">\n<div class=\"wp-block-post-title\">OPEN STUDIOS FARO<\/div>\n<div class=\"wp-block-post-date\"><time datetime=\"2022-11-17T10:37:12+00:00\">17 Novembro, 2022<\/time><\/div>\n<div class=\"wp-block-post-excerpt\"><p class=\"wp-block-post-excerpt__excerpt\">Open Studios Faro is back and features the participation of CIAC Researchers <a class=\"wp-block-post-excerpt__more-link\" href=\"https:\/\/antigo.ciac.pt\/news\/open-studios-faro-4\/17635\">+ Info<\/a><\/p><\/div>\n<\/li>\n\n<li class=\"wp-block-post post-17632 post type-post status-publish format-standard hentry category-featured category-news investigadores-pedro-alves-da-veiga\">\n<div class=\"wp-block-post-title\">EVENT<\/div>\n<div class=\"wp-block-post-date\"><time datetime=\"2022-11-17T10:32:07+00:00\">17 Novembro, 2022<\/time><\/div>\n<div class=\"wp-block-post-excerpt\"><p class=\"wp-block-post-excerpt__excerpt\">CIAC Researchers take part in the International Science Festival FICA  <a class=\"wp-block-post-excerpt__more-link\" href=\"https:\/\/antigo.ciac.pt\/news\/event-47\/17632\">+ Info<\/a><\/p><\/div>\n<\/li>\n\n<li class=\"wp-block-post post-17629 post type-post status-publish format-standard hentry category-featured category-news investigadores-carmen-monereo\">\n<div class=\"wp-block-post-title\">COMMUNICATION SCIENCES SEMMINARS<\/div>\n<div class=\"wp-block-post-date\"><time datetime=\"2022-11-17T10:25:58+00:00\">17 Novembro, 2022<\/time><\/div>\n<div class=\"wp-block-post-excerpt\"><p class=\"wp-block-post-excerpt__excerpt\">ESEC and CIAC relaunch series of Communication Sciences Seminars <a class=\"wp-block-post-excerpt__more-link\" href=\"https:\/\/antigo.ciac.pt\/news\/communication-sciences-semminars\/17629\">+ Info<\/a><\/p><\/div>\n<\/li>\n\n<li class=\"wp-block-post post-17627 post type-post status-publish format-standard hentry category-featured category-news investigadores-ricardo-mestre\">\n<div class=\"wp-block-post-title\">INTERNATIONAL CONFERENCE<\/div>\n<div class=\"wp-block-post-date\"><time datetime=\"2022-11-17T10:22:44+00:00\">17 Novembro, 2022<\/time><\/div>\n<div class=\"wp-block-post-excerpt\"><p class=\"wp-block-post-excerpt__excerpt\">CIAC researcher Ricardo Mestre participates in International Conference about Music Perception <a class=\"wp-block-post-excerpt__more-link\" href=\"https:\/\/antigo.ciac.pt\/news\/international-conference-15\/17627\">+ Info<\/a><\/p><\/div>\n<\/li>\n\n<li class=\"wp-block-post post-17625 post type-post status-publish format-standard hentry category-featured category-news investigadores-francisco-lameira\">\n<div class=\"wp-block-post-title\">NEW PUBLICATION<\/div>\n<div class=\"wp-block-post-date\"><time datetime=\"2022-11-17T10:20:45+00:00\">17 Novembro, 2022<\/time><\/div>\n<div class=\"wp-block-post-excerpt\"><p class=\"wp-block-post-excerpt__excerpt\">Two new volumes of the collection \u201cMonographic Promontory of Art History\u201d have been published  <a class=\"wp-block-post-excerpt__more-link\" href=\"https:\/\/antigo.ciac.pt\/news\/new-publication-42\/17625\">+ Info<\/a><\/p><\/div>\n<\/li>\n\n<li class=\"wp-block-post post-17615 post type-post status-publish format-standard hentry category-featured category-news investigadores-natalia-laranjinha\">\n<div class=\"wp-block-post-title\">INTERNATIONAL COLLOQUIUM<\/div>\n<div class=\"wp-block-post-date\"><time datetime=\"2022-11-16T08:38:14+00:00\">16 Novembro, 2022<\/time><\/div>\n<div class=\"wp-block-post-excerpt\"><p class=\"wp-block-post-excerpt__excerpt\">Nat\u00e1lia Laranjinha attends International Colloquium \u201cReturn to animality\u201d <a class=\"wp-block-post-excerpt__more-link\" href=\"https:\/\/antigo.ciac.pt\/news\/international-colloquium-2\/17615\">+ Info<\/a><\/p><\/div>\n<\/li>\n\n<li class=\"wp-block-post post-17597 post type-post status-publish format-standard hentry category-featured category-news investigadores-jean-paul-bucchieri\">\n<div class=\"wp-block-post-title\">CONCERT<\/div>\n<div class=\"wp-block-post-date\"><time datetime=\"2022-11-15T12:25:42+00:00\">15 Novembro, 2022<\/time><\/div>\n<div class=\"wp-block-post-excerpt\"><p class=\"wp-block-post-excerpt__excerpt\">Jean Paul Bucchieri Stages Opera at Calouste Gulbenkian Foundation  <a class=\"wp-block-post-excerpt__more-link\" href=\"https:\/\/antigo.ciac.pt\/news\/concert\/17597\">+ Info<\/a><\/p><\/div>\n<\/li>\n\n<li class=\"wp-block-post post-17600 post type-post status-publish format-standard hentry category-featured category-news investigadores-jean-paul-bucchieri\">\n<div class=\"wp-block-post-title\">INTERNATIONAL CONFERENCE<\/div>\n<div class=\"wp-block-post-date\"><time datetime=\"2022-11-15T10:28:10+00:00\">15 Novembro, 2022<\/time><\/div>\n<div class=\"wp-block-post-excerpt\"><p class=\"wp-block-post-excerpt__excerpt\">Jean Paul Bucchieri participates in Vienna\u2019s Brazilian Embassy Conference <a class=\"wp-block-post-excerpt__more-link\" href=\"https:\/\/antigo.ciac.pt\/news\/international-conference-13\/17600\">+ Info<\/a><\/p><\/div>\n<\/li>\n\n<li class=\"wp-block-post post-17590 post type-post status-publish format-standard hentry category-featured category-news investigadores-ana-carvalho investigadores-ana-clara-santo investigadores-celia-vieira investigadores-ines-guerra-santos investigadores-juliana-wexel investigadores-pedro-alves-da-veiga investigadores-rosimaria-sapucaia\">\n<div class=\"wp-block-post-title\">CYPET<\/div>\n<div class=\"wp-block-post-date\"><time datetime=\"2022-11-15T10:19:18+00:00\">15 Novembro, 2022<\/time><\/div>\n<div class=\"wp-block-post-excerpt\"><p class=\"wp-block-post-excerpt__excerpt\">CYPET Project integrates APLC\u2019S VIII International Congress  <a class=\"wp-block-post-excerpt__more-link\" href=\"https:\/\/antigo.ciac.pt\/news\/cypet-11\/17590\">+ Info<\/a><\/p><\/div>\n<\/li>\n\n<li class=\"wp-block-post post-17587 post type-post status-publish format-standard hentry category-featured category-news investigadores-gabriela-borges\">\n<div class=\"wp-block-post-title\">INTERNATIONAL CONFERENCE<\/div>\n<div class=\"wp-block-post-date\"><time datetime=\"2022-11-15T10:07:40+00:00\">15 Novembro, 2022<\/time><\/div>\n<div class=\"wp-block-post-excerpt\"><p class=\"wp-block-post-excerpt__excerpt\">Gabriela Borges attends the VI ALFAMED International Conference in Peru <a class=\"wp-block-post-excerpt__more-link\" href=\"https:\/\/antigo.ciac.pt\/news\/international-conference-14\/17587\">+ Info<\/a><\/p><\/div>\n<\/li>\n\n<li class=\"wp-block-post post-17585 post type-post status-publish format-standard hentry category-featured category-news investigadores-maria-botana-vilar\">\n<div class=\"wp-block-post-title\">ELECTION<\/div>\n<div class=\"wp-block-post-date\"><time datetime=\"2022-11-15T10:00:20+00:00\">15 Novembro, 2022<\/time><\/div>\n<div class=\"wp-block-post-excerpt\"><p class=\"wp-block-post-excerpt__excerpt\">Mar\u00eda Botana Vilar integrates AIEG\u2019s Board of Directors <a class=\"wp-block-post-excerpt__more-link\" href=\"https:\/\/antigo.ciac.pt\/news\/election\/17585\">+ Info<\/a><\/p><\/div>\n<\/li>\n\n<li class=\"wp-block-post post-17582 post type-post status-publish format-standard hentry category-featured category-news investigadores-silvia-viegas\">\n<div class=\"wp-block-post-title\">EVENT<\/div>\n<div class=\"wp-block-post-date\"><time datetime=\"2022-11-15T09:53:01+00:00\">15 Novembro, 2022<\/time><\/div>\n<div class=\"wp-block-post-excerpt\"><p class=\"wp-block-post-excerpt__excerpt\">S\u00edlvia Viegas presents her research about refugees at Universidad Loyola (Seville) <a class=\"wp-block-post-excerpt__more-link\" href=\"https:\/\/antigo.ciac.pt\/news\/event-46\/17582\">+ Info<\/a><\/p><\/div>\n<\/li>\n\n<li class=\"wp-block-post post-17578 post type-post status-publish format-standard hentry category-featured category-news investigadores-jorge-carrega investigadores-patricia-dourado\">\n<div class=\"wp-block-post-title\">ROTURA MAGAZINE<\/div>\n<div class=\"wp-block-post-date\"><time datetime=\"2022-11-15T09:48:08+00:00\">15 Novembro, 2022<\/time><\/div>\n<div class=\"wp-block-post-excerpt\"><p class=\"wp-block-post-excerpt__excerpt\">The new edition of Rotura Journal is already available for download <a class=\"wp-block-post-excerpt__more-link\" href=\"https:\/\/antigo.ciac.pt\/news\/rotura-journal\/17578\">+ Info<\/a><\/p><\/div>\n<\/li>\n\n<li class=\"wp-block-post post-17474 post type-post status-publish format-standard hentry category-featured category-news category-sem-categoria investigadores-jorge-carrega\">\n<div class=\"wp-block-post-title\">CIAC WEBINARS<\/div>\n<div class=\"wp-block-post-date\"><time datetime=\"2022-11-14T08:40:53+00:00\">14 Novembro, 2022<\/time><\/div>\n<div class=\"wp-block-post-excerpt\"><p class=\"wp-block-post-excerpt__excerpt\">Gelson Santana is the next Guest Speaker of CIAC Webinars <a class=\"wp-block-post-excerpt__more-link\" href=\"https:\/\/antigo.ciac.pt\/sem-categoria\/ciac-webinars-25\/17474\">+ Info<\/a><\/p><\/div>\n<\/li>\n\n<li class=\"wp-block-post post-17385 post type-post status-publish format-standard hentry category-featured category-news investigadores-ana-perfeito\">\n<div class=\"wp-block-post-title\">AUDIOVISUAL PERFORMANCE<\/div>\n<div class=\"wp-block-post-date\"><time datetime=\"2022-11-04T16:02:02+00:00\">4 Novembro, 2022<\/time><\/div>\n<div class=\"wp-block-post-excerpt\"><p class=\"wp-block-post-excerpt__excerpt\">Performance \u2018Safara \u2013 Sonho L\u00facido\u2019, by Ana Perfeito, is exhibited in Alentejo <a class=\"wp-block-post-excerpt__more-link\" href=\"https:\/\/antigo.ciac.pt\/news\/audiovisual-performance\/17385\">+ Info<\/a><\/p><\/div>\n<\/li>\n\n<li class=\"wp-block-post post-17379 post type-post status-publish format-standard hentry category-featured category-news investigadores-juliana-wexel investigadores-mirian-tavares\">\n<div class=\"wp-block-post-title\">NEW PUBLICATION<\/div>\n<div class=\"wp-block-post-date\"><time datetime=\"2022-10-31T16:51:51+00:00\">31 Outubro, 2022<\/time><\/div>\n<div class=\"wp-block-post-excerpt\"><p class=\"wp-block-post-excerpt__excerpt\">Chapter by CIAC researchers is published in IGI Global book <a class=\"wp-block-post-excerpt__more-link\" href=\"https:\/\/antigo.ciac.pt\/news\/new-publication-41\/17379\">+ Info<\/a><\/p><\/div>\n<\/li>\n\n<li class=\"wp-block-post post-17371 post type-post status-publish format-standard hentry category-featured category-news investigadores-tiago-lameiras\">\n<div class=\"wp-block-post-title\">NEW PUBLICATION<\/div>\n<div class=\"wp-block-post-date\"><time datetime=\"2022-10-31T16:41:34+00:00\">31 Outubro, 2022<\/time><\/div>\n<div class=\"wp-block-post-excerpt\"><p class=\"wp-block-post-excerpt__excerpt\">CIAC researcher Tiago Lameiras publishes book on Theatrology <a class=\"wp-block-post-excerpt__more-link\" href=\"https:\/\/antigo.ciac.pt\/news\/new-publication-40\/17371\">+ Info<\/a><\/p><\/div>\n<\/li>\n\n<li class=\"wp-block-post post-17198 post type-post status-publish format-standard hentry category-featured category-news investigadores-thiago-garcia-martins\">\n<div class=\"wp-block-post-title\">NEW PUBLICATION&nbsp;<\/div>\n<div class=\"wp-block-post-date\"><time datetime=\"2022-10-21T14:03:36+00:00\">21 Outubro, 2022<\/time><\/div>\n<div class=\"wp-block-post-excerpt\"><p class=\"wp-block-post-excerpt__excerpt\">Paper by CIAC researcher published on \u2018Revista Internacional de Folkcomunica\u00e7\u00e3o\u2019 <a class=\"wp-block-post-excerpt__more-link\" href=\"https:\/\/antigo.ciac.pt\/news\/new-publication-39\/17198\">+ Info<\/a><\/p><\/div>\n<\/li>\n\n<li class=\"wp-block-post post-17196 post type-post status-publish format-standard hentry category-featured category-news\">\n<div class=\"wp-block-post-title\">EVENT&nbsp;<\/div>\n<div class=\"wp-block-post-date\"><time datetime=\"2022-10-21T13:41:16+00:00\">21 Outubro, 2022<\/time><\/div>\n<div class=\"wp-block-post-excerpt\"><p class=\"wp-block-post-excerpt__excerpt\">CIAC co-organizes the II Languages Fair  <a class=\"wp-block-post-excerpt__more-link\" href=\"https:\/\/antigo.ciac.pt\/news\/event-45\/17196\">+ Info<\/a><\/p><\/div>\n<\/li>\n\n<li class=\"wp-block-post post-17175 post type-post status-publish format-standard hentry category-featured category-news investigadores-ana-carvalho investigadores-ana-soares investigadores-jorge-carrega\">\n<div class=\"wp-block-post-title\">CONFERENCE AND EXHIBITION&nbsp;<\/div>\n<div class=\"wp-block-post-date\"><time datetime=\"2022-10-19T15:54:41+00:00\">19 Outubro, 2022<\/time><\/div>\n<div class=\"wp-block-post-excerpt\"><p class=\"wp-block-post-excerpt__excerpt\">CIAC and UAlg Library organize Conference and Exhibition dedicated to Film Noir <a class=\"wp-block-post-excerpt__more-link\" href=\"https:\/\/antigo.ciac.pt\/news\/conference-and-exhibition\/17175\">+ Info<\/a><\/p><\/div>\n<\/li>\n\n<li class=\"wp-block-post post-16839 post type-post status-publish format-standard hentry category-featured category-news investigadores-maria-botana-vilar investigadores-mirian-tavares investigadores-olivia-novoa-fernandez\">\n<div class=\"wp-block-post-title\">INTERNATIONAL CONFERENCE<\/div>\n<div class=\"wp-block-post-date\"><time datetime=\"2022-10-19T14:38:03+00:00\">19 Outubro, 2022<\/time><\/div>\n<div class=\"wp-block-post-excerpt\"><p class=\"wp-block-post-excerpt__excerpt\">Mirian Tavares, Mar\u00eda Botana Vilar, and Olivia Novoa Fern\u00e1ndez on the International Conference for Galician Studies <a class=\"wp-block-post-excerpt__more-link\" href=\"https:\/\/antigo.ciac.pt\/news\/international-conference-12\/16839\">+ Info<\/a><\/p><\/div>\n<\/li>\n\n<li class=\"wp-block-post post-17172 post type-post status-publish format-standard hentry category-featured category-news investigadores-ana-isabel-soares\">\n<div class=\"wp-block-post-title\">CONFERENCE<\/div>\n<div class=\"wp-block-post-date\"><time datetime=\"2022-10-19T14:35:47+00:00\">19 Outubro, 2022<\/time><\/div>\n<div class=\"wp-block-post-excerpt\"><p class=\"wp-block-post-excerpt__excerpt\">Ana Isabel Soares takes part in the Conference FEMeeting 2022 <a class=\"wp-block-post-excerpt__more-link\" href=\"https:\/\/antigo.ciac.pt\/news\/conference-21\/17172\">+ Info<\/a><\/p><\/div>\n<\/li>\n\n<li class=\"wp-block-post post-17166 post type-post status-publish format-standard hentry category-featured category-news\">\n<div class=\"wp-block-post-title\">CIAC WEBINARS<\/div>\n<div class=\"wp-block-post-date\"><time datetime=\"2022-10-19T14:20:05+00:00\">19 Outubro, 2022<\/time><\/div>\n<div class=\"wp-block-post-excerpt\"><p class=\"wp-block-post-excerpt__excerpt\">CIAC Webinars are back with guest speaker Jos\u00e9 Manuel Sim\u00f5es <a class=\"wp-block-post-excerpt__more-link\" href=\"https:\/\/antigo.ciac.pt\/news\/ciac-webinars-23\/17166\">+ Info<\/a><\/p><\/div>\n<\/li>\n\n<li class=\"wp-block-post post-17134 post type-post status-publish format-standard hentry category-featured category-news investigadores-joao-albuquerque\">\n<div class=\"wp-block-post-title\">NEW PUBLICATION&nbsp;<\/div>\n<div class=\"wp-block-post-date\"><time datetime=\"2022-10-17T15:34:39+00:00\">17 Outubro, 2022<\/time><\/div>\n<div class=\"wp-block-post-excerpt\"><p class=\"wp-block-post-excerpt__excerpt\">Paper written by CIAC researcher is published in magazine BRASIL\/BRAZIL\n<a class=\"wp-block-post-excerpt__more-link\" href=\"https:\/\/antigo.ciac.pt\/news\/new-publication-38\/17134\">+ Info<\/a><\/p><\/div>\n<\/li>\n\n<li class=\"wp-block-post post-17126 post type-post status-publish format-standard hentry category-featured category-news investigadores-bruno-menda-da-silva investigadores-jorge-carrega\">\n<div class=\"wp-block-post-title\">INTERNATIONAL CONFERENCE: ICOAH 2022<\/div>\n<div class=\"wp-block-post-date\"><time datetime=\"2022-10-17T14:24:40+00:00\">17 Outubro, 2022<\/time><\/div>\n<div class=\"wp-block-post-excerpt\"><p class=\"wp-block-post-excerpt__excerpt\">Bruno Mendes da Silva and Jorge Carrega attend ICOAH 2022 <a class=\"wp-block-post-excerpt__more-link\" href=\"https:\/\/antigo.ciac.pt\/news\/international-conference-icoah-2022-2\/17126\">+ Info<\/a><\/p><\/div>\n<\/li>\n\n<li class=\"wp-block-post post-17113 post type-post status-publish format-standard hentry category-featured category-news investigadores-gabriela-borges investigadores-susana-costa\">\n<div class=\"wp-block-post-title\">NEW PUBLICATION<\/div>\n<div class=\"wp-block-post-date\"><time datetime=\"2022-10-17T13:47:18+00:00\">17 Outubro, 2022<\/time><\/div>\n<div class=\"wp-block-post-excerpt\"><p class=\"wp-block-post-excerpt__excerpt\">Routledge Book Features a Chapter by Gabriela Borges and Susana Costa <a class=\"wp-block-post-excerpt__more-link\" href=\"https:\/\/antigo.ciac.pt\/news\/new-publication-37\/17113\">+ Info<\/a><\/p><\/div>\n<\/li>\n\n<li class=\"wp-block-post post-17100 post type-post status-publish format-standard hentry category-featured category-news investigadores-hugo-paquete\">\n<div class=\"wp-block-post-title\">INTERNATIONAL EVENT&nbsp;<\/div>\n<div class=\"wp-block-post-date\"><time datetime=\"2022-10-14T16:02:16+00:00\">14 Outubro, 2022<\/time><\/div>\n<div class=\"wp-block-post-excerpt\"><p class=\"wp-block-post-excerpt__excerpt\">Hugo Paquete\u2019s work on ARS Eletronica Festival UGO PAQUETE\u2019S WORK ON ARS ELETRONICA FESTIVAL 2022 <a class=\"wp-block-post-excerpt__more-link\" href=\"https:\/\/antigo.ciac.pt\/news\/international-event-35\/17100\">+ Info<\/a><\/p><\/div>\n<\/li>\n\n<li class=\"wp-block-post post-17096 post type-post status-publish format-standard hentry category-featured category-news investigadores-jorge-carrega\">\n<div class=\"wp-block-post-title\">SERIES OF CONFERENCES&nbsp;<\/div>\n<div class=\"wp-block-post-date\"><time datetime=\"2022-10-14T15:27:38+00:00\">14 Outubro, 2022<\/time><\/div>\n<div class=\"wp-block-post-excerpt\"><p class=\"wp-block-post-excerpt__excerpt\">\u2018Alma project\u2019 Series of Conferences is back, with guests Elza Cataldo and Miguel Pinheiro <a class=\"wp-block-post-excerpt__more-link\" href=\"https:\/\/antigo.ciac.pt\/news\/series-of-conferences\/17096\">+ Info<\/a><\/p><\/div>\n<\/li>\n\n<li class=\"wp-block-post post-17092 post type-post status-publish format-standard hentry category-featured category-news investigadores-antonio-costa-valente\">\n<div class=\"wp-block-post-title\">INTERVIEW<\/div>\n<div class=\"wp-block-post-date\"><time datetime=\"2022-10-14T14:19:48+00:00\">14 Outubro, 2022<\/time><\/div>\n<div class=\"wp-block-post-excerpt\"><p class=\"wp-block-post-excerpt__excerpt\">Interview with Ant\u00f3nio Costa Valente  <a class=\"wp-block-post-excerpt__more-link\" href=\"https:\/\/antigo.ciac.pt\/news\/interview-6\/17092\">+ Info<\/a><\/p><\/div>\n<\/li>\n\n<li class=\"wp-block-post post-17089 post type-post status-publish format-standard hentry category-featured category-news investigadores-bruno-mendes-da-silva investigadores-jorge-carrega investigadores-mirian-tavares\">\n<div class=\"wp-block-post-title\">XVII CIAC CONFERENCE<\/div>\n<div class=\"wp-block-post-date\"><time datetime=\"2022-10-14T14:01:53+00:00\">14 Outubro, 2022<\/time><\/div>\n<div class=\"wp-block-post-excerpt\"><p class=\"wp-block-post-excerpt__excerpt\">Save the date: XVII CIAC conference takes place on 24 February 2023 <a class=\"wp-block-post-excerpt__more-link\" href=\"https:\/\/antigo.ciac.pt\/news\/xvii-ciac-conference\/17089\">+ Info<\/a><\/p><\/div>\n<\/li>\n\n<li class=\"wp-block-post post-17086 post type-post status-publish format-standard hentry category-featured category-news investigadores-mirian-tavares\">\n<div class=\"wp-block-post-title\">NEW PUBLICATION&nbsp;<\/div>\n<div class=\"wp-block-post-date\"><time datetime=\"2022-10-14T13:43:27+00:00\">14 Outubro, 2022<\/time><\/div>\n<div class=\"wp-block-post-excerpt\"><p class=\"wp-block-post-excerpt__excerpt\">Article by Mirian Tavares published in the Portuguese Literary &amp; Cultural Studies journal  <a class=\"wp-block-post-excerpt__more-link\" href=\"https:\/\/antigo.ciac.pt\/news\/new-publication-36\/17086\">+ Info<\/a><\/p><\/div>\n<\/li>\n\n<li class=\"wp-block-post post-17034 post type-post status-publish format-standard hentry category-featured category-news investigadores-mirian-tavares investigadores-patricia-dourado\">\n<div class=\"wp-block-post-title\">\u2018CREATION PROCESSES\u2019 BOOK COLLECTION<\/div>\n<div class=\"wp-block-post-date\"><time datetime=\"2022-10-12T16:16:57+00:00\">12 Outubro, 2022<\/time><\/div>\n<div class=\"wp-block-post-excerpt\"><p class=\"wp-block-post-excerpt__excerpt\">CIAC launched new book collection about Creation Processes <a class=\"wp-block-post-excerpt__more-link\" href=\"https:\/\/antigo.ciac.pt\/news\/creation-processes-book-collection\/17034\">+ Info<\/a><\/p><\/div>\n<\/li>\n\n<li class=\"wp-block-post post-16858 post type-post status-publish format-standard hentry category-featured category-news investigadores-ana-clara-santos investigadores-rosimaria-rocha\">\n<div class=\"wp-block-post-title\">CYPET<\/div>\n<div class=\"wp-block-post-date\"><time datetime=\"2022-09-23T15:18:54+00:00\">23 Setembro, 2022<\/time><\/div>\n<div class=\"wp-block-post-excerpt\"><p class=\"wp-block-post-excerpt__excerpt\">CIAC presents CYPET project on XII ARTS EDUCATION CONFERENCE&nbsp; <a class=\"wp-block-post-excerpt__more-link\" href=\"https:\/\/antigo.ciac.pt\/news\/cypet-8\/16858\">+ Info<\/a><\/p><\/div>\n<\/li>\n\n<li class=\"wp-block-post post-16720 post type-post status-publish format-standard hentry category-featured category-news\">\n<div class=\"wp-block-post-title\">POST-GRADUATION IN CREATION PROCESSES<\/div>\n<div class=\"wp-block-post-date\"><time datetime=\"2022-08-30T11:42:59+00:00\">30 Agosto, 2022<\/time><\/div>\n<div class=\"wp-block-post-excerpt\"><p class=\"wp-block-post-excerpt__excerpt\">Admissions for post-graduation in Creation Processes runs until 31st August  <a class=\"wp-block-post-excerpt__more-link\" href=\"https:\/\/antigo.ciac.pt\/news\/post-graduation-in-creation-processes\/16720\">+ Info<\/a><\/p><\/div>\n<\/li>\n\n<li class=\"wp-block-post post-16702 post type-post status-publish format-standard hentry category-featured category-news\">\n<div class=\"wp-block-post-title\">ARTEFACTO 2022<\/div>\n<div class=\"wp-block-post-date\"><time datetime=\"2022-08-03T10:21:58+00:00\">3 Agosto, 2022<\/time><\/div>\n<div class=\"wp-block-post-excerpt\"><p class=\"wp-block-post-excerpt__excerpt\">Call for papers for ARTeFACTo 2022 with extended deadline until 31st August <a class=\"wp-block-post-excerpt__more-link\" href=\"https:\/\/antigo.ciac.pt\/news\/artefacto-2022-4\/16702\">+ Info<\/a><\/p><\/div>\n<\/li>\n\n<li class=\"wp-block-post post-16695 post type-post status-publish format-standard hentry category-featured category-news\">\n<div class=\"wp-block-post-title\">INTERNATIONAL CONFERENCE: ARTSIT 2022<\/div>\n<div class=\"wp-block-post-date\"><time datetime=\"2022-08-02T09:33:31+00:00\">2 Agosto, 2022<\/time><\/div>\n<div class=\"wp-block-post-excerpt\"><p class=\"wp-block-post-excerpt__excerpt\">Call for papers for the ArtsIT 2022 international conference with new deadline <a class=\"wp-block-post-excerpt__more-link\" href=\"https:\/\/antigo.ciac.pt\/news\/international-conference-artsit-2022-2\/16695\">+ Info<\/a><\/p><\/div>\n<\/li>\n\n<li class=\"wp-block-post post-16682 post type-post status-publish format-standard hentry category-featured category-news\">\n<div class=\"wp-block-post-title\">NEW PUBLICATION<\/div>\n<div class=\"wp-block-post-date\"><time datetime=\"2022-07-27T09:38:45+00:00\">27 Julho, 2022<\/time><\/div>\n<div class=\"wp-block-post-excerpt\"><p class=\"wp-block-post-excerpt__excerpt\">New book by Carlos Vidal reflects on the History of Painting and the sense of sight <a class=\"wp-block-post-excerpt__more-link\" href=\"https:\/\/antigo.ciac.pt\/news\/new-publication-35\/16682\">+ Info<\/a><\/p><\/div>\n<\/li>\n\n<li class=\"wp-block-post post-16680 post type-post status-publish format-standard hentry category-featured category-news\">\n<div class=\"wp-block-post-title\">MASTER IN COMMUNICATION AND DIGITAL MEDIA<\/div>\n<div class=\"wp-block-post-date\"><time datetime=\"2022-07-27T09:24:36+00:00\">27 Julho, 2022<\/time><\/div>\n<div class=\"wp-block-post-excerpt\"><p class=\"wp-block-post-excerpt__excerpt\">ESEC\/UAlg opens new master\u2019s degree in Communication and Digital Media <a class=\"wp-block-post-excerpt__more-link\" href=\"https:\/\/antigo.ciac.pt\/news\/master-in-communication-and-digital-media\/16680\">+ Info<\/a><\/p><\/div>\n<\/li>\n\n<li class=\"wp-block-post post-16674 post type-post status-publish format-standard hentry category-featured category-news\">\n<div class=\"wp-block-post-title\">PHD IN DIGITAL MEDIA ART<\/div>\n<div class=\"wp-block-post-date\"><time datetime=\"2022-07-26T16:18:09+00:00\">26 Julho, 2022<\/time><\/div>\n<div class=\"wp-block-post-excerpt\"><p class=\"wp-block-post-excerpt__excerpt\">Hugo Paquete defended evidence to obtain a doctor degree in Digital Media Art <a class=\"wp-block-post-excerpt__more-link\" href=\"https:\/\/antigo.ciac.pt\/news\/phd-in-digital-media-art\/16674\">+ Info<\/a><\/p><\/div>\n<\/li>\n\n<li class=\"wp-block-post post-16671 post type-post status-publish format-standard hentry category-featured category-news\">\n<div class=\"wp-block-post-title\">CYPET<\/div>\n<div class=\"wp-block-post-date\"><time datetime=\"2022-07-26T16:10:21+00:00\">26 Julho, 2022<\/time><\/div>\n<div class=\"wp-block-post-excerpt\"><p class=\"wp-block-post-excerpt__excerpt\">Mirian Tavares presents the CyPeT project in the \u201c90 Seconds of Science\u201d program  <a class=\"wp-block-post-excerpt__more-link\" href=\"https:\/\/antigo.ciac.pt\/news\/cypet-6\/16671\">+ Info<\/a><\/p><\/div>\n<\/li>\n\n<li class=\"wp-block-post post-16636 post type-post status-publish format-standard hentry category-featured category-news\">\n<div class=\"wp-block-post-title\">NEW PUBLICATION<\/div>\n<div class=\"wp-block-post-date\"><time datetime=\"2022-07-21T11:32:34+00:00\">21 Julho, 2022<\/time><\/div>\n<div class=\"wp-block-post-excerpt\"><p class=\"wp-block-post-excerpt__excerpt\">Text by Ana Isabel Soares published in UMBIGO Magazine <a class=\"wp-block-post-excerpt__more-link\" href=\"https:\/\/antigo.ciac.pt\/news\/new-publication-34\/16636\">+ Info<\/a><\/p><\/div>\n<\/li>\n\n<li class=\"wp-block-post post-16688 post type-post status-publish format-standard hentry category-featured category-news\">\n<div class=\"wp-block-post-title\">CONFERENCE<\/div>\n<div class=\"wp-block-post-date\"><time datetime=\"2022-07-21T10:33:19+00:00\">21 Julho, 2022<\/time><\/div>\n<div class=\"wp-block-post-excerpt\"><p class=\"wp-block-post-excerpt__excerpt\">CIAC present at the 2022 Avanca\/Cinema Conference <a class=\"wp-block-post-excerpt__more-link\" href=\"https:\/\/antigo.ciac.pt\/news\/conference-20\/16688\">+ Info<\/a><\/p><\/div>\n<\/li>\n\n<li class=\"wp-block-post post-16626 post type-post status-publish format-standard hentry category-featured category-news\">\n<div class=\"wp-block-post-title\">INTERNATIONAL COLLOQUIUM<\/div>\n<div class=\"wp-block-post-date\"><time datetime=\"2022-07-21T10:22:29+00:00\">21 Julho, 2022<\/time><\/div>\n<div class=\"wp-block-post-excerpt\"><p class=\"wp-block-post-excerpt__excerpt\">CIAC and University of Algarve host international colloquium to mark the 400th anniversary of Moli\u00e8re\u2019s birth <a class=\"wp-block-post-excerpt__more-link\" href=\"https:\/\/antigo.ciac.pt\/news\/international-colloquium\/16626\">+ Info<\/a><\/p><\/div>\n<\/li>\n\n<li class=\"wp-block-post post-16593 post type-post status-publish format-standard hentry category-featured category-news\">\n<div class=\"wp-block-post-title\">CALL FOR PAPERS<\/div>\n<div class=\"wp-block-post-date\"><time datetime=\"2022-07-19T12:06:51+00:00\">19 Julho, 2022<\/time><\/div>\n<div class=\"wp-block-post-excerpt\"><p class=\"wp-block-post-excerpt__excerpt\">Call for papers for Journal Rotura open between 20 July and 15 October <a class=\"wp-block-post-excerpt__more-link\" href=\"https:\/\/antigo.ciac.pt\/news\/call-for-papers-14\/16593\">+ Info<\/a><\/p><\/div>\n<\/li>\n\n<li class=\"wp-block-post post-16591 post type-post status-publish format-standard hentry category-featured category-news\">\n<div class=\"wp-block-post-title\">ARTEFACTO 2022<\/div>\n<div class=\"wp-block-post-date\"><time datetime=\"2022-07-19T11:57:17+00:00\">19 Julho, 2022<\/time><\/div>\n<div class=\"wp-block-post-excerpt\"><p class=\"wp-block-post-excerpt__excerpt\">Call for papers for ARTeFACTo 2022 running until 2nd August <a class=\"wp-block-post-excerpt__more-link\" href=\"https:\/\/antigo.ciac.pt\/news\/artefacto-2022-2\/16591\">+ Info<\/a><\/p><\/div>\n<\/li>\n\n<li class=\"wp-block-post post-16589 post type-post status-publish format-standard hentry category-featured category-news\">\n<div class=\"wp-block-post-title\">INTERNATIONAL CONFERENCE<\/div>\n<div class=\"wp-block-post-date\"><time datetime=\"2022-07-19T11:53:30+00:00\">19 Julho, 2022<\/time><\/div>\n<div class=\"wp-block-post-excerpt\"><p class=\"wp-block-post-excerpt__excerpt\">CIAC researcher present at international conference about Information Technology and Education  <a class=\"wp-block-post-excerpt__more-link\" href=\"https:\/\/antigo.ciac.pt\/news\/international-conference-11\/16589\">+ Info<\/a><\/p><\/div>\n<\/li>\n\n<li class=\"wp-block-post post-16587 post type-post status-publish format-standard hentry category-featured category-news\">\n<div class=\"wp-block-post-title\">SEMINAR<\/div>\n<div class=\"wp-block-post-date\"><time datetime=\"2022-07-19T11:49:24+00:00\">19 Julho, 2022<\/time><\/div>\n<div class=\"wp-block-post-excerpt\"><p class=\"wp-block-post-excerpt__excerpt\">S\u00edlvia Viegas present at the closing seminar of the Africa Habitat project  <a class=\"wp-block-post-excerpt__more-link\" href=\"https:\/\/antigo.ciac.pt\/news\/seminar-16\/16587\">+ Info<\/a><\/p><\/div>\n<\/li>\n\n<li class=\"wp-block-post post-16583 post type-post status-publish format-standard hentry category-featured category-news\">\n<div class=\"wp-block-post-title\">CONGRESS<\/div>\n<div class=\"wp-block-post-date\"><time datetime=\"2022-07-19T11:45:01+00:00\">19 Julho, 2022<\/time><\/div>\n<div class=\"wp-block-post-excerpt\"><p class=\"wp-block-post-excerpt__excerpt\">CIAC researchers in roundtable about film literacy at ICCL 2022 <a class=\"wp-block-post-excerpt__more-link\" href=\"https:\/\/antigo.ciac.pt\/news\/congress-6\/16583\">+ Info<\/a><\/p><\/div>\n<\/li>\n\n<li class=\"wp-block-post post-16580 post type-post status-publish format-standard hentry category-featured category-news\">\n<div class=\"wp-block-post-title\">INTERNATIONAL NETWORK<\/div>\n<div class=\"wp-block-post-date\"><time datetime=\"2022-07-19T11:36:51+00:00\">19 Julho, 2022<\/time><\/div>\n<div class=\"wp-block-post-excerpt\"><p class=\"wp-block-post-excerpt__excerpt\">CIAC researcher invited to join RAN Policy Support Meeting about online hate speech <a class=\"wp-block-post-excerpt__more-link\" href=\"https:\/\/antigo.ciac.pt\/news\/international-network-2\/16580\">+ Info<\/a><\/p><\/div>\n<\/li>\n\n<li class=\"wp-block-post post-16577 post type-post status-publish format-standard hentry category-featured category-news\">\n<div class=\"wp-block-post-title\">RETIRO DMAD<\/div>\n<div class=\"wp-block-post-date\"><time datetime=\"2022-07-19T11:30:27+00:00\">19 Julho, 2022<\/time><\/div>\n<div class=\"wp-block-post-excerpt\"><p class=\"wp-block-post-excerpt__excerpt\">Retiro DMAD returns to presential format between 11th and 15th July <a class=\"wp-block-post-excerpt__more-link\" href=\"https:\/\/antigo.ciac.pt\/news\/retiro-dmad-4\/16577\">+ Info<\/a><\/p><\/div>\n<\/li>\n\n<li class=\"wp-block-post post-16575 post type-post status-publish format-standard hentry category-featured category-news\">\n<div class=\"wp-block-post-title\">INTERNATIONAL CONFERENCE<\/div>\n<div class=\"wp-block-post-date\"><time datetime=\"2022-07-19T11:20:34+00:00\">19 Julho, 2022<\/time><\/div>\n<div class=\"wp-block-post-excerpt\"><p class=\"wp-block-post-excerpt__excerpt\">Ant\u00f3nio Costa Valente is present at international conference on arts and society  <a class=\"wp-block-post-excerpt__more-link\" href=\"https:\/\/antigo.ciac.pt\/news\/international-conference-10\/16575\">+ Info<\/a><\/p><\/div>\n<\/li>\n\n<li class=\"wp-block-post post-16573 post type-post status-publish format-standard hentry category-featured category-news\">\n<div class=\"wp-block-post-title\">INTERNATIONAL CONFERENCE<\/div>\n<div class=\"wp-block-post-date\"><time datetime=\"2022-07-19T11:15:18+00:00\">19 Julho, 2022<\/time><\/div>\n<div class=\"wp-block-post-excerpt\"><p class=\"wp-block-post-excerpt__excerpt\">Mirian Tavares is keynote speaker at ECADE 2022 International Conference <a class=\"wp-block-post-excerpt__more-link\" href=\"https:\/\/antigo.ciac.pt\/news\/international-conference-9\/16573\">+ Info<\/a><\/p><\/div>\n<\/li>\n\n<li class=\"wp-block-post post-16570 post type-post status-publish format-standard hentry category-featured category-news\">\n<div class=\"wp-block-post-title\">CIAC WEBINARS<\/div>\n<div class=\"wp-block-post-date\"><time datetime=\"2022-07-19T11:10:09+00:00\">19 Julho, 2022<\/time><\/div>\n<div class=\"wp-block-post-excerpt\"><p class=\"wp-block-post-excerpt__excerpt\">Joana Santos and Jean-Christophe Giger are the CIAC Webinars next guests <a class=\"wp-block-post-excerpt__more-link\" href=\"https:\/\/antigo.ciac.pt\/news\/ciac-webinars-20\/16570\">+ Info<\/a><\/p><\/div>\n<\/li>\n\n<li class=\"wp-block-post post-16567 post type-post status-publish format-standard hentry category-featured category-news\">\n<div class=\"wp-block-post-title\">NEW PUBLICATION<\/div>\n<div class=\"wp-block-post-date\"><time datetime=\"2022-07-19T11:02:12+00:00\">19 Julho, 2022<\/time><\/div>\n<div class=\"wp-block-post-excerpt\"><p class=\"wp-block-post-excerpt__excerpt\">Text by Ana Isabel Soares published in UMBIGO magazine <a class=\"wp-block-post-excerpt__more-link\" href=\"https:\/\/antigo.ciac.pt\/news\/new-publication-33\/16567\">+ Info<\/a><\/p><\/div>\n<\/li>\n\n<li class=\"wp-block-post post-16565 post type-post status-publish format-standard hentry category-featured category-news\">\n<div class=\"wp-block-post-title\">NEW PUBLICATION<\/div>\n<div class=\"wp-block-post-date\"><time datetime=\"2022-07-19T10:47:55+00:00\">19 Julho, 2022<\/time><\/div>\n<div class=\"wp-block-post-excerpt\"><p class=\"wp-block-post-excerpt__excerpt\">Hugo Paquete project published in Tecnoculture journal <a class=\"wp-block-post-excerpt__more-link\" href=\"https:\/\/antigo.ciac.pt\/news\/new-publication-32\/16565\">+ Info<\/a><\/p><\/div>\n<\/li>\n\n<li class=\"wp-block-post post-16436 post type-post status-publish format-standard hentry category-featured category-news\">\n<div class=\"wp-block-post-title\">SEMINARS CYCLE<\/div>\n<div class=\"wp-block-post-date\"><time datetime=\"2022-07-01T11:38:26+00:00\">1 Julho, 2022<\/time><\/div>\n<div class=\"wp-block-post-excerpt\"><p class=\"wp-block-post-excerpt__excerpt\">INVITRO Program promotes a seminar about pedagogical pratices enhanced by Digital Media  <a class=\"wp-block-post-excerpt__more-link\" href=\"https:\/\/antigo.ciac.pt\/news\/cycle-of-seminary\/16436\">+ Info<\/a><\/p><\/div>\n<\/li>\n\n<li class=\"wp-block-post post-16434 post type-post status-publish format-standard hentry category-featured category-news investigadores-manuel-celio-conceicao\">\n<div class=\"wp-block-post-title\">ERASMUS+ ICFAL PROJECT<\/div>\n<div class=\"wp-block-post-date\"><time datetime=\"2022-07-01T11:33:07+00:00\">1 Julho, 2022<\/time><\/div>\n<div class=\"wp-block-post-excerpt\"><p class=\"wp-block-post-excerpt__excerpt\">UALG hosts the international meeting of the Erasmus + ICFAL Project  <a class=\"wp-block-post-excerpt__more-link\" href=\"https:\/\/antigo.ciac.pt\/news\/erasmus-icfal-project\/16434\">+ Info<\/a><\/p><\/div>\n<\/li>\n\n<li class=\"wp-block-post post-16427 post type-post status-publish format-standard hentry category-featured category-news investigadores-natalia-laranjinha\">\n<div class=\"wp-block-post-title\">COLLOQUIUM<\/div>\n<div class=\"wp-block-post-date\"><time datetime=\"2022-06-28T11:43:48+00:00\">28 Junho, 2022<\/time><\/div>\n<div class=\"wp-block-post-excerpt\"><p class=\"wp-block-post-excerpt__excerpt\">CIAC researcher present in colloquium about fatigue readings  <a class=\"wp-block-post-excerpt__more-link\" href=\"https:\/\/antigo.ciac.pt\/news\/colloquium-3\/16427\">+ Info<\/a><\/p><\/div>\n<\/li>\n\n<li class=\"wp-block-post post-16425 post type-post status-publish format-standard hentry category-featured category-news investigadores-jose-bogalheiro\">\n<div class=\"wp-block-post-title\">NEW PUBLICATION<\/div>\n<div class=\"wp-block-post-date\"><time datetime=\"2022-06-28T11:41:09+00:00\">28 Junho, 2022<\/time><\/div>\n<div class=\"wp-block-post-excerpt\"><p class=\"wp-block-post-excerpt__excerpt\">New book by Jos\u00e9 Bogalheiro brings together texts about cinema in pandemic times <a class=\"wp-block-post-excerpt__more-link\" href=\"https:\/\/antigo.ciac.pt\/news\/new-publication-31\/16425\">+ Info<\/a><\/p><\/div>\n<\/li>\n\n<li class=\"wp-block-post post-16423 post type-post status-publish format-standard hentry category-featured category-news investigadores-antonio-costa-valente\">\n<div class=\"wp-block-post-title\">EVENT<\/div>\n<div class=\"wp-block-post-date\"><time datetime=\"2022-06-28T11:36:31+00:00\">28 Junho, 2022<\/time><\/div>\n<div class=\"wp-block-post-excerpt\"><p class=\"wp-block-post-excerpt__excerpt\">AvancaGIGANTES is the most recent film project in the Algarve curated by Ant\u00f3nio Costa Valente <a class=\"wp-block-post-excerpt__more-link\" href=\"https:\/\/antigo.ciac.pt\/news\/event-44\/16423\">+ Info<\/a><\/p><\/div>\n<\/li>\n\n<li class=\"wp-block-post post-16420 post type-post status-publish format-standard hentry category-featured category-news investigadores-silvia-viegas\">\n<div class=\"wp-block-post-title\">EVENT<\/div>\n<div class=\"wp-block-post-date\"><time datetime=\"2022-06-28T11:32:42+00:00\">28 Junho, 2022<\/time><\/div>\n<div class=\"wp-block-post-excerpt\"><p class=\"wp-block-post-excerpt__excerpt\">S\u00edlvia Viegas present at the commemorations of World Refugee Day <a class=\"wp-block-post-excerpt__more-link\" href=\"https:\/\/antigo.ciac.pt\/news\/event-43\/16420\">+ Info<\/a><\/p><\/div>\n<\/li>\n\n<li class=\"wp-block-post post-16418 post type-post status-publish format-standard hentry category-featured category-news investigadores-silvia-viegas\">\n<div class=\"wp-block-post-title\">INTERNATIONAL CONFERENCE<\/div>\n<div class=\"wp-block-post-date\"><time datetime=\"2022-06-28T11:29:46+00:00\">28 Junho, 2022<\/time><\/div>\n<div class=\"wp-block-post-excerpt\"><p class=\"wp-block-post-excerpt__excerpt\">S\u00edlvia Viegas attends International Conference about Environment and Democracy <a class=\"wp-block-post-excerpt__more-link\" href=\"https:\/\/antigo.ciac.pt\/news\/international-conference-8\/16418\">+ Info<\/a><\/p><\/div>\n<\/li>\n\n<li class=\"wp-block-post post-16362 post type-post status-publish format-standard hentry category-featured category-news investigadores-gabriela-borges\">\n<div class=\"wp-block-post-title\">CONGRESS<\/div>\n<div class=\"wp-block-post-date\"><time datetime=\"2022-06-20T15:14:42+00:00\">20 Junho, 2022<\/time><\/div>\n<div class=\"wp-block-post-excerpt\"><p class=\"wp-block-post-excerpt__excerpt\">Gabriela Borges at COMEDIG Congress <a class=\"wp-block-post-excerpt__more-link\" href=\"https:\/\/antigo.ciac.pt\/news\/congress-5\/16362\">+ Info<\/a><\/p><\/div>\n<\/li>\n\n<li class=\"wp-block-post post-16360 post type-post status-publish format-standard hentry category-featured category-news investigadores-silvia\">\n<div class=\"wp-block-post-title\">CAF\u00c9 COM LETRAS<\/div>\n<div class=\"wp-block-post-date\"><time datetime=\"2022-06-20T15:10:18+00:00\">20 Junho, 2022<\/time><\/div>\n<div class=\"wp-block-post-excerpt\"><p class=\"wp-block-post-excerpt__excerpt\">S\u00edlvia Quinteiro is one of the guests at Fnac`s \u201cCaf\u00e9 com Letras\u201d initiative <a class=\"wp-block-post-excerpt__more-link\" href=\"https:\/\/antigo.ciac.pt\/news\/cafe-com-letras-7\/16360\">+ Info<\/a><\/p><\/div>\n<\/li>\n\n<li class=\"wp-block-post post-16358 post type-post status-publish format-standard hentry category-featured category-news investigadores-rudolfo-quintas\">\n<div class=\"wp-block-post-title\">EXHIBITION<\/div>\n<div class=\"wp-block-post-date\"><time datetime=\"2022-06-20T15:00:57+00:00\">20 Junho, 2022<\/time><\/div>\n<div class=\"wp-block-post-excerpt\"><p class=\"wp-block-post-excerpt__excerpt\">Rudolfo Quintas inaugurates audiovisual installations on june 23 <a class=\"wp-block-post-excerpt__more-link\" href=\"https:\/\/antigo.ciac.pt\/news\/exhibition-66\/16358\">+ Info<\/a><\/p><\/div>\n<\/li>\n\n<li class=\"wp-block-post post-16356 post type-post status-publish format-standard hentry category-featured category-news investigadores-mirian-tavares\">\n<div class=\"wp-block-post-title\">INTERNATIONAL EVENT<\/div>\n<div class=\"wp-block-post-date\"><time datetime=\"2022-06-20T14:55:34+00:00\">20 Junho, 2022<\/time><\/div>\n<div class=\"wp-block-post-excerpt\"><p class=\"wp-block-post-excerpt__excerpt\">Mirian Tavares present at different events at the Federal University of Cear\u00e1 (Brazil) <a class=\"wp-block-post-excerpt__more-link\" href=\"https:\/\/antigo.ciac.pt\/news\/international-event-34\/16356\">+ Info<\/a><\/p><\/div>\n<\/li>\n\n<li class=\"wp-block-post post-16304 post type-post status-publish format-standard hentry category-featured category-news\">\n<div class=\"wp-block-post-title\">INTERNATIONAL CONFERENCE: ARTSIT 2022<\/div>\n<div class=\"wp-block-post-date\"><time datetime=\"2022-06-07T09:49:36+00:00\">7 Junho, 2022<\/time><\/div>\n<div class=\"wp-block-post-excerpt\"><p class=\"wp-block-post-excerpt__excerpt\">CIAC\/UALG hosts ARTSIT 2022 International Conference <a class=\"wp-block-post-excerpt__more-link\" href=\"https:\/\/antigo.ciac.pt\/news\/international-conference-artsit-2022\/16304\">+ Info<\/a><\/p><\/div>\n<\/li>\n\n<li class=\"wp-block-post post-16302 post type-post status-publish format-standard hentry category-featured category-news\">\n<div class=\"wp-block-post-title\">INTERNATIONAL CONFERENCE: LPS 2022<\/div>\n<div class=\"wp-block-post-date\"><time datetime=\"2022-06-07T09:44:33+00:00\">7 Junho, 2022<\/time><\/div>\n<div class=\"wp-block-post-excerpt\"><p class=\"wp-block-post-excerpt__excerpt\">CIAC co-organizes the LPS 2022 International Conference <a class=\"wp-block-post-excerpt__more-link\" href=\"https:\/\/antigo.ciac.pt\/news\/international-conference-lps-2022\/16302\">+ Info<\/a><\/p><\/div>\n<\/li>\n\n<li class=\"wp-block-post post-16300 post type-post status-publish format-standard hentry category-featured category-news\">\n<div class=\"wp-block-post-title\">NEW PUBLICATION<\/div>\n<div class=\"wp-block-post-date\"><time datetime=\"2022-06-07T09:37:07+00:00\">7 Junho, 2022<\/time><\/div>\n<div class=\"wp-block-post-excerpt\"><p class=\"wp-block-post-excerpt__excerpt\">New volume of the collection Promontoria Monogr\u00e1fica da Hist\u00f3ria da Arte published with the support of CIAC <a class=\"wp-block-post-excerpt__more-link\" href=\"https:\/\/antigo.ciac.pt\/news\/new-publication-30\/16300\">+ Info<\/a><\/p><\/div>\n<\/li>\n\n<li class=\"wp-block-post post-16298 post type-post status-publish format-standard hentry category-featured category-news category-sem-categoria\">\n<div class=\"wp-block-post-title\">INTERNATIONAL CONFERENCE: ICOAH 2022<\/div>\n<div class=\"wp-block-post-date\"><time datetime=\"2022-06-07T09:29:35+00:00\">7 Junho, 2022<\/time><\/div>\n<div class=\"wp-block-post-excerpt\"><p class=\"wp-block-post-excerpt__excerpt\">Call for papers for ICOAH 2022 with extended deadline until 16 june <a class=\"wp-block-post-excerpt__more-link\" href=\"https:\/\/antigo.ciac.pt\/sem-categoria\/international-conference-icoah-2022\/16298\">+ Info<\/a><\/p><\/div>\n<\/li>\n\n<li class=\"wp-block-post post-16267 post type-post status-publish format-standard hentry category-featured category-news\">\n<div class=\"wp-block-post-title\">CIAC WEBINARS<\/div>\n<div class=\"wp-block-post-date\"><time datetime=\"2022-06-03T10:04:58+00:00\">3 Junho, 2022<\/time><\/div>\n<div class=\"wp-block-post-excerpt\"><p class=\"wp-block-post-excerpt__excerpt\">Patr\u00edcia Moran is the next CIAC Webinars guest <a class=\"wp-block-post-excerpt__more-link\" href=\"https:\/\/antigo.ciac.pt\/news\/ciac-webinars-18\/16267\">+ Info<\/a><\/p><\/div>\n<\/li>\n\n<li class=\"wp-block-post post-16253 post type-post status-publish format-standard hentry category-featured category-news\">\n<div class=\"wp-block-post-title\">CEG EVENT<\/div>\n<div class=\"wp-block-post-date\"><time datetime=\"2022-06-02T08:44:25+00:00\">2 Junho, 2022<\/time><\/div>\n<div class=\"wp-block-post-excerpt\"><p class=\"wp-block-post-excerpt__excerpt\">CEG promotes a new lecture <a class=\"wp-block-post-excerpt__more-link\" href=\"https:\/\/antigo.ciac.pt\/news\/ceg-event-3\/16253\">+ Info<\/a><\/p><\/div>\n<\/li>\n\n<li class=\"wp-block-post post-16251 post type-post status-publish format-standard hentry category-featured category-news\">\n<div class=\"wp-block-post-title\">EVENT<\/div>\n<div class=\"wp-block-post-date\"><time datetime=\"2022-06-02T08:41:11+00:00\">2 Junho, 2022<\/time><\/div>\n<div class=\"wp-block-post-excerpt\"><p class=\"wp-block-post-excerpt__excerpt\">CIAC researchers present at the Algarne International Film and Literature Festival (FICLA) <a class=\"wp-block-post-excerpt__more-link\" href=\"https:\/\/antigo.ciac.pt\/news\/event-42\/16251\">+ Info<\/a><\/p><\/div>\n<\/li>\n\n<li class=\"wp-block-post post-16249 post type-post status-publish format-standard hentry category-featured category-news\">\n<div class=\"wp-block-post-title\">NEW PUBLICATION: HOT\u00c9IS LITER\u00c1RIOS DE PORTUGAL<\/div>\n<div class=\"wp-block-post-date\"><time datetime=\"2022-06-02T08:34:46+00:00\">2 Junho, 2022<\/time><\/div>\n<div class=\"wp-block-post-excerpt\"><p class=\"wp-block-post-excerpt__excerpt\">Electronic version of the volume \u201cHot\u00e9is Liter\u00e1rios de Portugal\u201d \u2013 available on CIAC`s Website <a class=\"wp-block-post-excerpt__more-link\" href=\"https:\/\/antigo.ciac.pt\/news\/new-publication-hoteis-literarios-de-portugal\/16249\">+ Info<\/a><\/p><\/div>\n<\/li>\n\n<li class=\"wp-block-post post-16239 post type-post status-publish format-standard hentry category-featured category-news\">\n<div class=\"wp-block-post-title\">CYCLE OF SEMINARS<\/div>\n<div class=\"wp-block-post-date\"><time datetime=\"2022-06-01T08:37:01+00:00\">1 Junho, 2022<\/time><\/div>\n<div class=\"wp-block-post-excerpt\"><p class=\"wp-block-post-excerpt__excerpt\">INVITRO Program promotes a new cycle of seminars <a class=\"wp-block-post-excerpt__more-link\" href=\"https:\/\/antigo.ciac.pt\/news\/cycle-of-seminars-3\/16239\">+ Info<\/a><\/p><\/div>\n<\/li>\n\n<li class=\"wp-block-post post-16237 post type-post status-publish format-standard hentry category-featured category-news\">\n<div class=\"wp-block-post-title\">COLLOQUIUM<\/div>\n<div class=\"wp-block-post-date\"><time datetime=\"2022-06-01T08:30:36+00:00\">1 Junho, 2022<\/time><\/div>\n<div class=\"wp-block-post-excerpt\"><p class=\"wp-block-post-excerpt__excerpt\">CIAC was present at the commemorations on Navy Day <a class=\"wp-block-post-excerpt__more-link\" href=\"https:\/\/antigo.ciac.pt\/news\/colloquium-2\/16237\">+ Info<\/a><\/p><\/div>\n<\/li>\n\n<li class=\"wp-block-post post-16235 post type-post status-publish format-standard hentry category-featured category-news\">\n<div class=\"wp-block-post-title\">PHOTOGRAPHIC PRESENTATION<\/div>\n<div class=\"wp-block-post-date\"><time datetime=\"2022-06-01T08:28:00+00:00\">1 Junho, 2022<\/time><\/div>\n<div class=\"wp-block-post-excerpt\"><p class=\"wp-block-post-excerpt__excerpt\">Presentation about Galician Poet by CIAC Collaborator available online <a class=\"wp-block-post-excerpt__more-link\" href=\"https:\/\/antigo.ciac.pt\/news\/photographic-presentation\/16235\">+ Info<\/a><\/p><\/div>\n<\/li>\n\n<li class=\"wp-block-post post-16233 post type-post status-publish format-standard hentry category-featured category-news\">\n<div class=\"wp-block-post-title\">CEG EVENT<\/div>\n<div class=\"wp-block-post-date\"><time datetime=\"2022-06-01T08:24:48+00:00\">1 Junho, 2022<\/time><\/div>\n<div class=\"wp-block-post-excerpt\"><p class=\"wp-block-post-excerpt__excerpt\">Center for Galician Studies promotes a lecture about the evolution of the Galician Language <a class=\"wp-block-post-excerpt__more-link\" href=\"https:\/\/antigo.ciac.pt\/news\/ceg-event-2\/16233\">+ Info<\/a><\/p><\/div>\n<\/li>\n\n<li class=\"wp-block-post post-16231 post type-post status-publish format-standard hentry category-featured category-news\">\n<div class=\"wp-block-post-title\">CIAC TALKS<\/div>\n<div class=\"wp-block-post-date\"><time datetime=\"2022-06-01T08:00:00+00:00\">1 Junho, 2022<\/time><\/div>\n<div class=\"wp-block-post-excerpt\"><p class=\"wp-block-post-excerpt__excerpt\">New episode of \u201cCIAC Talks\u201d available online <a class=\"wp-block-post-excerpt__more-link\" href=\"https:\/\/antigo.ciac.pt\/news\/ciac-talks-10\/16231\">+ Info<\/a><\/p><\/div>\n<\/li>\n\n<li class=\"wp-block-post post-16229 post type-post status-publish format-standard hentry category-featured category-news\">\n<div class=\"wp-block-post-title\">LECTURE<\/div>\n<div class=\"wp-block-post-date\"><time datetime=\"2022-06-01T07:56:28+00:00\">1 Junho, 2022<\/time><\/div>\n<div class=\"wp-block-post-excerpt\"><p class=\"wp-block-post-excerpt__excerpt\">CIMA, CIAC and CCVALGARVE promote a lecture with Matteo Merzagora <a class=\"wp-block-post-excerpt__more-link\" href=\"https:\/\/antigo.ciac.pt\/news\/lecture-6\/16229\">+ Info<\/a><\/p><\/div>\n<\/li>\n\n<li class=\"wp-block-post post-16216 post type-post status-publish format-standard hentry category-featured category-news investigadores-gabriela-borges\">\n<div class=\"wp-block-post-title\">CONGRESS<\/div>\n<div class=\"wp-block-post-date\"><time datetime=\"2022-05-31T10:42:45+00:00\">31 Maio, 2022<\/time><\/div>\n<div class=\"wp-block-post-excerpt\"><p class=\"wp-block-post-excerpt__excerpt\">Gabriela Borges attends the Congress and Pre- Congress of the National Network of Cultural Studies (RNEC) <a class=\"wp-block-post-excerpt__more-link\" href=\"https:\/\/antigo.ciac.pt\/news\/congress-4\/16216\">+ Info<\/a><\/p><\/div>\n<\/li>\n\n<li class=\"wp-block-post post-16121 post type-post status-publish format-standard hentry category-featured category-news\">\n<div class=\"wp-block-post-title\">CYCLE OF VISUAL ARTS<\/div>\n<div class=\"wp-block-post-date\"><time datetime=\"2022-05-23T14:39:23+00:00\">23 Maio, 2022<\/time><\/div>\n<div class=\"wp-block-post-excerpt\"><p class=\"wp-block-post-excerpt__excerpt\">Bruno Grilo is the next guest of the Cycle of Visual Arts <a class=\"wp-block-post-excerpt__more-link\" href=\"https:\/\/antigo.ciac.pt\/news\/cycle-of-visual-arts-7\/16121\">+ Info<\/a><\/p><\/div>\n<\/li>\n\n<li class=\"wp-block-post post-16118 post type-post status-publish format-standard hentry category-featured category-news investigadores-mirian-tavares\">\n<div class=\"wp-block-post-title\">NEW PUBLICATION<\/div>\n<div class=\"wp-block-post-date\"><time datetime=\"2022-05-23T14:34:51+00:00\">23 Maio, 2022<\/time><\/div>\n<div class=\"wp-block-post-excerpt\"><p class=\"wp-block-post-excerpt__excerpt\">CREATOUR project book includes article by Mirian Tavares <a class=\"wp-block-post-excerpt__more-link\" href=\"https:\/\/antigo.ciac.pt\/news\/new-publication-29\/16118\">+ Info<\/a><\/p><\/div>\n<\/li>\n\n<li class=\"wp-block-post post-16115 post type-post status-publish format-standard hentry category-featured category-news\">\n<div class=\"wp-block-post-title\">CALL FOR PAPERS<\/div>\n<div class=\"wp-block-post-date\"><time datetime=\"2022-05-23T14:00:06+00:00\">23 Maio, 2022<\/time><\/div>\n<div class=\"wp-block-post-excerpt\"><p class=\"wp-block-post-excerpt__excerpt\">Call for papers for special issue of Rotura Magazine open until december 1st <a class=\"wp-block-post-excerpt__more-link\" href=\"https:\/\/antigo.ciac.pt\/news\/call-for-papers-13\/16115\">+ Info<\/a><\/p><\/div>\n<\/li>\n\n<li class=\"wp-block-post post-16110 post type-post status-publish format-standard hentry category-featured category-news investigadores-gabriela-borges\">\n<div class=\"wp-block-post-title\">NEW PUBLICATION<\/div>\n<div class=\"wp-block-post-date\"><time datetime=\"2022-05-23T13:49:44+00:00\">23 Maio, 2022<\/time><\/div>\n<div class=\"wp-block-post-excerpt\"><p class=\"wp-block-post-excerpt__excerpt\">Gabriela Borges integrates the editorial board of the new issue of Lumina Magazine <a class=\"wp-block-post-excerpt__more-link\" href=\"https:\/\/antigo.ciac.pt\/news\/new-publication-28\/16110\">+ Info<\/a><\/p><\/div>\n<\/li>\n\n<li class=\"wp-block-post post-16081 post type-post status-publish format-standard hentry category-featured category-news\">\n<div class=\"wp-block-post-title\">INTERNATIONAL CONFERENCE<\/div>\n<div class=\"wp-block-post-date\"><time datetime=\"2022-05-19T09:55:23+00:00\">19 Maio, 2022<\/time><\/div>\n<div class=\"wp-block-post-excerpt\"><p class=\"wp-block-post-excerpt__excerpt\">S\u00edlvia Viegas represents CIAC at the Conference ENANPUR 2022 <a class=\"wp-block-post-excerpt__more-link\" href=\"https:\/\/antigo.ciac.pt\/news\/international-conference-7\/16081\">+ Info<\/a><\/p><\/div>\n<\/li>\n\n<li class=\"wp-block-post post-16079 post type-post status-publish format-standard hentry category-featured category-news\">\n<div class=\"wp-block-post-title\">CONFERENCE<\/div>\n<div class=\"wp-block-post-date\"><time datetime=\"2022-05-19T09:50:34+00:00\">19 Maio, 2022<\/time><\/div>\n<div class=\"wp-block-post-excerpt\"><p class=\"wp-block-post-excerpt__excerpt\">CIAC promotes conference with researcher IRFAN HO\u0160I\u0106 <a class=\"wp-block-post-excerpt__more-link\" href=\"https:\/\/antigo.ciac.pt\/news\/conference-19\/16079\">+ Info<\/a><\/p><\/div>\n<\/li>\n\n<li class=\"wp-block-post post-16056 post type-post status-publish format-standard hentry category-featured category-news\">\n<div class=\"wp-block-post-title\">CEG EVENT<\/div>\n<div class=\"wp-block-post-date\"><time datetime=\"2022-05-17T12:18:19+00:00\">17 Maio, 2022<\/time><\/div>\n<div class=\"wp-block-post-excerpt\"><p class=\"wp-block-post-excerpt__excerpt\">Center for Galician Studies promotes thematic panel about the faces of exile from the spanish civil war <a class=\"wp-block-post-excerpt__more-link\" href=\"https:\/\/antigo.ciac.pt\/news\/ceg-event\/16056\">+ Info<\/a><\/p><\/div>\n<\/li>\n\n<li class=\"wp-block-post post-16054 post type-post status-publish format-standard hentry category-featured category-news\">\n<div class=\"wp-block-post-title\">SYMPOSIUM<\/div>\n<div class=\"wp-block-post-date\"><time datetime=\"2022-05-17T12:13:15+00:00\">17 Maio, 2022<\/time><\/div>\n<div class=\"wp-block-post-excerpt\"><p class=\"wp-block-post-excerpt__excerpt\">CIAC hub promotes online advanced training symposium <a class=\"wp-block-post-excerpt__more-link\" href=\"https:\/\/antigo.ciac.pt\/news\/symposium\/16054\">+ Info<\/a><\/p><\/div>\n<\/li>\n\n<li class=\"wp-block-post post-16051 post type-post status-publish format-standard hentry category-featured category-news category-sem-categoria\">\n<div class=\"wp-block-post-title\">SEMINAR<\/div>\n<div class=\"wp-block-post-date\"><time datetime=\"2022-05-17T12:03:54+00:00\">17 Maio, 2022<\/time><\/div>\n<div class=\"wp-block-post-excerpt\"><p class=\"wp-block-post-excerpt__excerpt\">ESEC and CIAC promote seminar about Fake News and disinformation  <a class=\"wp-block-post-excerpt__more-link\" href=\"https:\/\/antigo.ciac.pt\/sem-categoria\/seminary-8\/16051\">+ Info<\/a><\/p><\/div>\n<\/li>\n\n<li class=\"wp-block-post post-16049 post type-post status-publish format-standard hentry category-featured category-news\">\n<div class=\"wp-block-post-title\">CYCLE OF CONFERENCES<\/div>\n<div class=\"wp-block-post-date\"><time datetime=\"2022-05-17T12:00:49+00:00\">17 Maio, 2022<\/time><\/div>\n<div class=\"wp-block-post-excerpt\"><p class=\"wp-block-post-excerpt__excerpt\">Isabel Soares and Isabel Nogueira are the next guests on the Alma project conference cycle <a class=\"wp-block-post-excerpt__more-link\" href=\"https:\/\/antigo.ciac.pt\/news\/cycle-of-conferences-3\/16049\">+ Info<\/a><\/p><\/div>\n<\/li>\n\n<li class=\"wp-block-post post-16047 post type-post status-publish format-standard hentry category-featured category-news\">\n<div class=\"wp-block-post-title\">EVENT<\/div>\n<div class=\"wp-block-post-date\"><time datetime=\"2022-05-17T11:53:45+00:00\">17 Maio, 2022<\/time><\/div>\n<div class=\"wp-block-post-excerpt\"><p class=\"wp-block-post-excerpt__excerpt\">CIAC present at the Ci\u00eancia `22 Meeting promoted by FCT <a class=\"wp-block-post-excerpt__more-link\" href=\"https:\/\/antigo.ciac.pt\/news\/event-41\/16047\">+ Info<\/a><\/p><\/div>\n<\/li>\n\n<li class=\"wp-block-post post-16045 post type-post status-publish format-standard hentry category-featured category-news investigadores-mirian-tavares\">\n<div class=\"wp-block-post-title\">BOOK PRESENTATION<\/div>\n<div class=\"wp-block-post-date\"><time datetime=\"2022-05-17T10:55:52+00:00\">17 Maio, 2022<\/time><\/div>\n<div class=\"wp-block-post-excerpt\"><p class=\"wp-block-post-excerpt__excerpt\">Mirian Tavares present at the book lauch of Afonso Dias <a class=\"wp-block-post-excerpt__more-link\" href=\"https:\/\/antigo.ciac.pt\/news\/book-presentation-7\/16045\">+ Info<\/a><\/p><\/div>\n<\/li>\n\n<li class=\"wp-block-post post-16043 post type-post status-publish format-standard hentry category-featured category-news investigadores-jorge-carrega\">\n<div class=\"wp-block-post-title\">OPEN CLASS<\/div>\n<div class=\"wp-block-post-date\"><time datetime=\"2022-05-17T10:52:54+00:00\">17 Maio, 2022<\/time><\/div>\n<div class=\"wp-block-post-excerpt\"><p class=\"wp-block-post-excerpt__excerpt\">Faculty of Letters of the University of Porto invites Jorge Carrega to an Open Class <a class=\"wp-block-post-excerpt__more-link\" href=\"https:\/\/antigo.ciac.pt\/news\/featured\/open-class\/16043\">+ Info<\/a><\/p><\/div>\n<\/li>\n\n<li class=\"wp-block-post post-16041 post type-post status-publish format-standard hentry category-featured category-news\">\n<div class=\"wp-block-post-title\">CYCLE OF VISUAL ARTS<\/div>\n<div class=\"wp-block-post-date\"><time datetime=\"2022-05-17T10:31:47+00:00\">17 Maio, 2022<\/time><\/div>\n<div class=\"wp-block-post-excerpt\"><p class=\"wp-block-post-excerpt__excerpt\">Sara Navarro is the next guest of the Cycle of Visual Arts <a class=\"wp-block-post-excerpt__more-link\" href=\"https:\/\/antigo.ciac.pt\/news\/cycle-of-visual-arts-6\/16041\">+ Info<\/a><\/p><\/div>\n<\/li>\n\n<li class=\"wp-block-post post-16039 post type-post status-publish format-standard hentry category-featured category-news\">\n<div class=\"wp-block-post-title\">SEMINARY<\/div>\n<div class=\"wp-block-post-date\"><time datetime=\"2022-05-17T10:14:56+00:00\">17 Maio, 2022<\/time><\/div>\n<div class=\"wp-block-post-excerpt\"><p class=\"wp-block-post-excerpt__excerpt\">CIAC and IREM promote an online seminar dedicated to science communication <a class=\"wp-block-post-excerpt__more-link\" href=\"https:\/\/antigo.ciac.pt\/news\/seminary-7\/16039\">+ Info<\/a><\/p><\/div>\n<\/li>\n\n<li class=\"wp-block-post post-16037 post type-post status-publish format-standard hentry category-featured category-news\">\n<div class=\"wp-block-post-title\">CIAC TALKS<\/div>\n<div class=\"wp-block-post-date\"><time datetime=\"2022-05-17T09:30:30+00:00\">17 Maio, 2022<\/time><\/div>\n<div class=\"wp-block-post-excerpt\"><p class=\"wp-block-post-excerpt__excerpt\">New episode of CIAC TALKS available online  <a class=\"wp-block-post-excerpt__more-link\" href=\"https:\/\/antigo.ciac.pt\/news\/ciac-talks-8\/16037\">+ Info<\/a><\/p><\/div>\n<\/li>\n\n<li class=\"wp-block-post post-16034 post type-post status-publish format-standard hentry category-featured category-news\">\n<div class=\"wp-block-post-title\">CYCLE OF VISUAL ARTS<\/div>\n<div class=\"wp-block-post-date\"><time datetime=\"2022-05-17T09:26:07+00:00\">17 Maio, 2022<\/time><\/div>\n<div class=\"wp-block-post-excerpt\"><p class=\"wp-block-post-excerpt__excerpt\">Susana Medeiros is the next guest of the Cycle of Visual Arts <a class=\"wp-block-post-excerpt__more-link\" href=\"https:\/\/antigo.ciac.pt\/news\/cycle-of-visual-arts-5\/16034\">+ Info<\/a><\/p><\/div>\n<\/li>\n\n<li class=\"wp-block-post post-16032 post type-post status-publish format-standard hentry category-featured category-news investigadores-manuel-celio-conceicao\">\n<div class=\"wp-block-post-title\">CYCLE OF CONFERENCES<\/div>\n<div class=\"wp-block-post-date\"><time datetime=\"2022-05-17T09:19:40+00:00\">17 Maio, 2022<\/time><\/div>\n<div class=\"wp-block-post-excerpt\"><p class=\"wp-block-post-excerpt__excerpt\">Manuel C\u00e9lio Concei\u00e7\u00e3o participates in cycle of conferences about cultural diversity <a class=\"wp-block-post-excerpt__more-link\" href=\"https:\/\/antigo.ciac.pt\/news\/cycle-of-conferences-2\/16032\">+ Info<\/a><\/p><\/div>\n<\/li>\n\n<li class=\"wp-block-post post-16030 post type-post status-publish format-standard hentry category-featured category-news investigadores-bruno-mendes-da-silva\">\n<div class=\"wp-block-post-title\">INTERNATIONAL CONFERENCE<\/div>\n<div class=\"wp-block-post-date\"><time datetime=\"2022-05-17T09:12:30+00:00\">17 Maio, 2022<\/time><\/div>\n<div class=\"wp-block-post-excerpt\"><p class=\"wp-block-post-excerpt__excerpt\">CIAC\/UAlg academic partner of the 9th International Conference on Arts and Humanities (ICOAH 2022) <a class=\"wp-block-post-excerpt__more-link\" href=\"https:\/\/antigo.ciac.pt\/news\/international-conference-6\/16030\">+ Info<\/a><\/p><\/div>\n<\/li>\n\n<li class=\"wp-block-post post-16006 post type-post status-publish format-standard hentry category-featured category-news\">\n<div class=\"wp-block-post-title\">CIAC WEBINARS<\/div>\n<div class=\"wp-block-post-date\"><time datetime=\"2022-05-16T11:40:06+00:00\">16 Maio, 2022<\/time><\/div>\n<div class=\"wp-block-post-excerpt\"><p class=\"wp-block-post-excerpt__excerpt\">Tim Bergfeld and Eleanor Halsall are the next guests of the CIAC Webinars <a class=\"wp-block-post-excerpt__more-link\" href=\"https:\/\/antigo.ciac.pt\/news\/ciac-webinars-16\/16006\">+ Info<\/a><\/p><\/div>\n<\/li>\n\n<li class=\"wp-block-post post-16003 post type-post status-publish format-standard hentry category-featured category-news\">\n<div class=\"wp-block-post-title\">SEMINAR<\/div>\n<div class=\"wp-block-post-date\"><time datetime=\"2022-05-16T11:33:56+00:00\">16 Maio, 2022<\/time><\/div>\n<div class=\"wp-block-post-excerpt\"><p class=\"wp-block-post-excerpt__excerpt\">CIAC promotes seminar about Media Art and Documentary Film on 20 may at UAlg <a class=\"wp-block-post-excerpt__more-link\" href=\"https:\/\/antigo.ciac.pt\/news\/seminary-6\/16003\">+ Info<\/a><\/p><\/div>\n<\/li>\n\n<li class=\"wp-block-post post-15939 post type-post status-publish format-standard hentry category-featured category-news\">\n<div class=\"wp-block-post-title\">CALL FOR PAPERS<\/div>\n<div class=\"wp-block-post-date\"><time datetime=\"2022-05-10T09:56:43+00:00\">10 Maio, 2022<\/time><\/div>\n<div class=\"wp-block-post-excerpt\"><p class=\"wp-block-post-excerpt__excerpt\">Call for Papers for Rotura Magazine with extended deadline <a class=\"wp-block-post-excerpt__more-link\" href=\"https:\/\/antigo.ciac.pt\/news\/call-for-papers-11\/15939\">+ Info<\/a><\/p><\/div>\n<\/li>\n\n<li class=\"wp-block-post post-15937 post type-post status-publish format-standard hentry category-featured category-news\">\n<div class=\"wp-block-post-title\">CEG LECTURE<\/div>\n<div class=\"wp-block-post-date\"><time datetime=\"2022-05-10T09:51:26+00:00\">10 Maio, 2022<\/time><\/div>\n<div class=\"wp-block-post-excerpt\"><p class=\"wp-block-post-excerpt__excerpt\">Centre for Galician Studies promotes a lecture about linguistic corpus of galician and its didactic applications  <a class=\"wp-block-post-excerpt__more-link\" href=\"https:\/\/antigo.ciac.pt\/news\/ceg-lecture-2\/15937\">+ Info<\/a><\/p><\/div>\n<\/li>\n\n<li class=\"wp-block-post post-15935 post type-post status-publish format-standard hentry category-featured category-news investigadores-manuel-celio-conceicao\">\n<div class=\"wp-block-post-title\">NOMINATION<\/div>\n<div class=\"wp-block-post-date\"><time datetime=\"2022-05-10T09:42:48+00:00\">10 Maio, 2022<\/time><\/div>\n<div class=\"wp-block-post-excerpt\"><p class=\"wp-block-post-excerpt__excerpt\">Manuel C\u00e9lio Concei\u00e7\u00e3o nominated representative to the Francophone University Agency <a class=\"wp-block-post-excerpt__more-link\" href=\"https:\/\/antigo.ciac.pt\/news\/nomination\/15935\">+ Info<\/a><\/p><\/div>\n<\/li>\n\n<li class=\"wp-block-post post-15933 post type-post status-publish format-standard hentry category-featured category-news\">\n<div class=\"wp-block-post-title\">EVENT<\/div>\n<div class=\"wp-block-post-date\"><time datetime=\"2022-05-10T09:38:19+00:00\">10 Maio, 2022<\/time><\/div>\n<div class=\"wp-block-post-excerpt\"><p class=\"wp-block-post-excerpt__excerpt\">CIAC joins the Algarve International Film and Literature Festival (FICLA) <a class=\"wp-block-post-excerpt__more-link\" href=\"https:\/\/antigo.ciac.pt\/news\/event-40\/15933\">+ Info<\/a><\/p><\/div>\n<\/li>\n\n<li class=\"wp-block-post post-15931 post type-post status-publish format-standard hentry category-featured category-news investigadores-juliana-wexel\">\n<div class=\"wp-block-post-title\">INTERNATIONAL EVENT<\/div>\n<div class=\"wp-block-post-date\"><time datetime=\"2022-05-10T09:33:57+00:00\">10 Maio, 2022<\/time><\/div>\n<div class=\"wp-block-post-excerpt\"><p class=\"wp-block-post-excerpt__excerpt\">CIAC collaborator participates in the programme \u201cTraining of School Urban Chronicles in an Empirical Context\u201d (Croatia) <a class=\"wp-block-post-excerpt__more-link\" href=\"https:\/\/antigo.ciac.pt\/news\/international-event-33\/15931\">+ Info<\/a><\/p><\/div>\n<\/li>\n\n<li class=\"wp-block-post post-15929 post type-post status-publish format-standard hentry category-featured category-news\">\n<div class=\"wp-block-post-title\">CIAC TALKS<\/div>\n<div class=\"wp-block-post-date\"><time datetime=\"2022-05-10T09:27:10+00:00\">10 Maio, 2022<\/time><\/div>\n<div class=\"wp-block-post-excerpt\"><p class=\"wp-block-post-excerpt__excerpt\">New episode \u201cCIAC Talks\u201d available online  <a class=\"wp-block-post-excerpt__more-link\" href=\"https:\/\/antigo.ciac.pt\/news\/ciac-talks-6\/15929\">+ Info<\/a><\/p><\/div>\n<\/li>\n\n<li class=\"wp-block-post post-15927 post type-post status-publish format-standard hentry category-featured category-news\">\n<div class=\"wp-block-post-title\">CYCLE OF CONFERENCES<\/div>\n<div class=\"wp-block-post-date\"><time datetime=\"2022-05-10T09:20:43+00:00\">10 Maio, 2022<\/time><\/div>\n<div class=\"wp-block-post-excerpt\"><p class=\"wp-block-post-excerpt__excerpt\">Luiz Ruffato and Jos\u00e9 Barahona are the next guests in the ALMA Project Conference Cycle <a class=\"wp-block-post-excerpt__more-link\" href=\"https:\/\/antigo.ciac.pt\/news\/cycle-of-conferences\/15927\">+ Info<\/a><\/p><\/div>\n<\/li>\n\n<li class=\"wp-block-post post-15788 post type-post status-publish format-standard hentry category-featured category-news\">\n<div class=\"wp-block-post-title\">HONORABLE MENTION<\/div>\n<div class=\"wp-block-post-date\"><time datetime=\"2022-04-21T07:30:27+00:00\">21 Abril, 2022<\/time><\/div>\n<div class=\"wp-block-post-excerpt\"><p class=\"wp-block-post-excerpt__excerpt\">Film by Visual Arts Students from UAlg recognised at film festival  <a class=\"wp-block-post-excerpt__more-link\" href=\"https:\/\/antigo.ciac.pt\/news\/honorable-mention\/15788\">+ Info<\/a><\/p><\/div>\n<\/li>\n\n<li class=\"wp-block-post post-15782 post type-post status-publish format-standard hentry category-featured category-news\">\n<div class=\"wp-block-post-title\">BOOK PRESENTATION<\/div>\n<div class=\"wp-block-post-date\"><time datetime=\"2022-04-20T07:43:41+00:00\">20 Abril, 2022<\/time><\/div>\n<div class=\"wp-block-post-excerpt\"><p class=\"wp-block-post-excerpt__excerpt\">Centre for Galician Studies presents the latest book from the Hesp\u00e9rides Collection <a class=\"wp-block-post-excerpt__more-link\" href=\"https:\/\/antigo.ciac.pt\/news\/book-presentation-6\/15782\">+ Info<\/a><\/p><\/div>\n<\/li>\n\n<li class=\"wp-block-post post-15780 post type-post status-publish format-standard hentry category-featured category-news\">\n<div class=\"wp-block-post-title\">CONGRESS<\/div>\n<div class=\"wp-block-post-date\"><time datetime=\"2022-04-20T07:37:53+00:00\">20 Abril, 2022<\/time><\/div>\n<div class=\"wp-block-post-excerpt\"><p class=\"wp-block-post-excerpt__excerpt\">1st Congress of the National Network in Cultural Studies takes place on 26 and 27 May <a class=\"wp-block-post-excerpt__more-link\" href=\"https:\/\/antigo.ciac.pt\/news\/congress-3\/15780\">+ Info<\/a><\/p><\/div>\n<\/li>\n\n<li class=\"wp-block-post post-15765 post type-post status-publish format-standard hentry category-featured category-news\">\n<div class=\"wp-block-post-title\">GALERIA TREM EXHIBITION<\/div>\n<div class=\"wp-block-post-date\"><time datetime=\"2022-04-18T09:25:07+00:00\">18 Abril, 2022<\/time><\/div>\n<div class=\"wp-block-post-excerpt\"><p class=\"wp-block-post-excerpt__excerpt\">Galeria Trem hosts the exhibition \u201cOpen arms form right angles\u201d as part of the Visual Arts Cycle <a class=\"wp-block-post-excerpt__more-link\" href=\"https:\/\/antigo.ciac.pt\/news\/exhibition-65\/15765\">+ Info<\/a><\/p><\/div>\n<\/li>\n\n<li class=\"wp-block-post post-15746 post type-post status-publish format-standard hentry category-featured category-news investigadores-mirian-tavares\">\n<div class=\"wp-block-post-title\">CIAC TALKS<\/div>\n<div class=\"wp-block-post-date\"><time datetime=\"2022-04-13T10:32:26+00:00\">13 Abril, 2022<\/time><\/div>\n<div class=\"wp-block-post-excerpt\"><p class=\"wp-block-post-excerpt__excerpt\">New episode of \u201cCIAC Talks\u201d available online <a class=\"wp-block-post-excerpt__more-link\" href=\"https:\/\/antigo.ciac.pt\/news\/ciac-talks-4\/15746\">+ Info<\/a><\/p><\/div>\n<\/li>\n\n<li class=\"wp-block-post post-15742 post type-post status-publish format-standard hentry category-featured category-news\">\n<div class=\"wp-block-post-title\">VISUAL ARTS CYCLE<\/div>\n<div class=\"wp-block-post-date\"><time datetime=\"2022-04-12T08:47:07+00:00\">12 Abril, 2022<\/time><\/div>\n<div class=\"wp-block-post-excerpt\"><p class=\"wp-block-post-excerpt__excerpt\">Alice Riff is the next guest of the Cycle of Visual Arts  <a class=\"wp-block-post-excerpt__more-link\" href=\"https:\/\/antigo.ciac.pt\/news\/cycle-of-visual-arts-4\/15742\">+ Info<\/a><\/p><\/div>\n<\/li>\n\n<li class=\"wp-block-post post-15740 post type-post status-publish format-standard hentry category-featured category-news investigadores-mirian-tavares\">\n<div class=\"wp-block-post-title\">WEBINAR<\/div>\n<div class=\"wp-block-post-date\"><time datetime=\"2022-04-12T08:41:18+00:00\">12 Abril, 2022<\/time><\/div>\n<div class=\"wp-block-post-excerpt\"><p class=\"wp-block-post-excerpt__excerpt\">Mirian Tavares participates in Webinar about Art, Science, Technology and New Media promoted by DGArtes  <a class=\"wp-block-post-excerpt__more-link\" href=\"https:\/\/antigo.ciac.pt\/news\/webinar-6\/15740\">+ Info<\/a><\/p><\/div>\n<\/li>\n\n<li class=\"wp-block-post post-15720 post type-post status-publish format-standard hentry category-featured category-news investigadores-rudolfo-quintas\">\n<div class=\"wp-block-post-title\">EXHIBITION<\/div>\n<div class=\"wp-block-post-date\"><time datetime=\"2022-04-11T12:54:06+00:00\">11 Abril, 2022<\/time><\/div>\n<div class=\"wp-block-post-excerpt\"><p class=\"wp-block-post-excerpt__excerpt\">Rudolfo Quintas presents \u201cNews Feed 2022\u201d piece at S\u00f3nar +D Lisbon International Congress <a class=\"wp-block-post-excerpt__more-link\" href=\"https:\/\/antigo.ciac.pt\/news\/exhibition-64\/15720\">+ Info<\/a><\/p><\/div>\n<\/li>\n\n<li class=\"wp-block-post post-15695 post type-post status-publish format-standard hentry category-featured category-news investigadores-hugo-paquete\">\n<div class=\"wp-block-post-title\">INTERNATIONAL EVENT<\/div>\n<div class=\"wp-block-post-date\"><time datetime=\"2022-04-11T09:23:36+00:00\">11 Abril, 2022<\/time><\/div>\n<div class=\"wp-block-post-excerpt\"><p class=\"wp-block-post-excerpt__excerpt\">Hugo Paquete takes part in the 2nd MediSoup Community Concert <a class=\"wp-block-post-excerpt__more-link\" href=\"https:\/\/antigo.ciac.pt\/news\/international-event-32\/15695\">+ Info<\/a><\/p><\/div>\n<\/li>\n\n<li class=\"wp-block-post post-15673 post type-post status-publish format-standard hentry category-featured category-news\">\n<div class=\"wp-block-post-title\">PHD IN DIGITAL MEDIA ART<\/div>\n<div class=\"wp-block-post-date\"><time datetime=\"2022-04-08T09:45:36+00:00\">8 Abril, 2022<\/time><\/div>\n<div class=\"wp-block-post-excerpt\"><p class=\"wp-block-post-excerpt__excerpt\">Rosim\u00e1ria Rocha defended her Doctoral Dissertation in Digital Media Art <a class=\"wp-block-post-excerpt__more-link\" href=\"https:\/\/antigo.ciac.pt\/news\/doctoral-dissertation-in-digital-media-art\/15673\">+ Info<\/a><\/p><\/div>\n<\/li>\n\n<li class=\"wp-block-post post-15671 post type-post status-publish format-standard hentry category-featured category-news investigadores-carlos-vidal\">\n<div class=\"wp-block-post-title\">NEW PUBLICATION<\/div>\n<div class=\"wp-block-post-date\"><time datetime=\"2022-04-08T09:39:03+00:00\">8 Abril, 2022<\/time><\/div>\n<div class=\"wp-block-post-excerpt\"><p class=\"wp-block-post-excerpt__excerpt\">Essay by Carlos Vidal published in Arte Teoria magazine <a class=\"wp-block-post-excerpt__more-link\" href=\"https:\/\/antigo.ciac.pt\/news\/new-publication-27\/15671\">+ Info<\/a><\/p><\/div>\n<\/li>\n\n<li class=\"wp-block-post post-15669 post type-post status-publish format-standard hentry category-featured category-news\">\n<div class=\"wp-block-post-title\">CONFERENCE<\/div>\n<div class=\"wp-block-post-date\"><time datetime=\"2022-04-08T09:32:18+00:00\">8 Abril, 2022<\/time><\/div>\n<div class=\"wp-block-post-excerpt\"><p class=\"wp-block-post-excerpt__excerpt\">LIT&amp;TOUR research group organizes Conference on Literature, Tourism and Waterscapes <a class=\"wp-block-post-excerpt__more-link\" href=\"https:\/\/antigo.ciac.pt\/news\/conference-18\/15669\">+ Info<\/a><\/p><\/div>\n<\/li>\n\n<li class=\"wp-block-post post-15652 post type-post status-publish format-standard hentry category-featured category-news investigadores-ana-isabel-soares\">\n<div class=\"wp-block-post-title\">CONGRESS<\/div>\n<div class=\"wp-block-post-date\"><time datetime=\"2022-04-07T08:52:21+00:00\">7 Abril, 2022<\/time><\/div>\n<div class=\"wp-block-post-excerpt\"><p class=\"wp-block-post-excerpt__excerpt\">CIAC present at the XII Congress of SOPCOM <a class=\"wp-block-post-excerpt__more-link\" href=\"https:\/\/antigo.ciac.pt\/news\/congress-2\/15652\">+ Info<\/a><\/p><\/div>\n<\/li>\n\n<li class=\"wp-block-post post-15650 post type-post status-publish format-standard hentry category-featured category-news investigadores-fatima-noronha investigadores-manuel-celio-conceicao investigadores-neuza-costa investigadores-pedro-sousa\">\n<div class=\"wp-block-post-title\">INTERNATIONAL PROJECT<\/div>\n<div class=\"wp-block-post-date\"><time datetime=\"2022-04-07T08:46:56+00:00\">7 Abril, 2022<\/time><\/div>\n<div class=\"wp-block-post-excerpt\"><p class=\"wp-block-post-excerpt__excerpt\">Members from CIAC participate in a meeting of the European Project TECON 3 <a class=\"wp-block-post-excerpt__more-link\" href=\"https:\/\/antigo.ciac.pt\/news\/international-project-2\/15650\">+ Info<\/a><\/p><\/div>\n<\/li>\n\n<li class=\"wp-block-post post-15648 post type-post status-publish format-standard hentry category-featured category-news\">\n<div class=\"wp-block-post-title\">INTERNATIONAL CONFERENCE<\/div>\n<div class=\"wp-block-post-date\"><time datetime=\"2022-04-07T08:29:53+00:00\">7 Abril, 2022<\/time><\/div>\n<div class=\"wp-block-post-excerpt\"><p class=\"wp-block-post-excerpt__excerpt\">CIAC present at the International Conference On Cinema <a class=\"wp-block-post-excerpt__more-link\" href=\"https:\/\/antigo.ciac.pt\/news\/international-conference-5\/15648\">+ Info<\/a><\/p><\/div>\n<\/li>\n\n<li class=\"wp-block-post post-15646 post type-post status-publish format-standard hentry category-featured category-news\">\n<div class=\"wp-block-post-title\">CIAC WEBINARS<\/div>\n<div class=\"wp-block-post-date\"><time datetime=\"2022-04-07T08:25:05+00:00\">7 Abril, 2022<\/time><\/div>\n<div class=\"wp-block-post-excerpt\"><p class=\"wp-block-post-excerpt__excerpt\">Austin Fisher is the next guest of CIAC Webinars <a class=\"wp-block-post-excerpt__more-link\" href=\"https:\/\/antigo.ciac.pt\/news\/ciac-webinars-14\/15646\">+ Info<\/a><\/p><\/div>\n<\/li>\n\n<li class=\"wp-block-post post-15644 post type-post status-publish format-standard hentry category-featured category-news\">\n<div class=\"wp-block-post-title\">CEG LECTURE<\/div>\n<div class=\"wp-block-post-date\"><time datetime=\"2022-04-07T08:20:26+00:00\">7 Abril, 2022<\/time><\/div>\n<div class=\"wp-block-post-excerpt\"><p class=\"wp-block-post-excerpt__excerpt\">Centre for Galician Studies promotes lecture about digital tools in humanistic and literary research <a class=\"wp-block-post-excerpt__more-link\" href=\"https:\/\/antigo.ciac.pt\/news\/ceg-lecture\/15644\">+ Info<\/a><\/p><\/div>\n<\/li>\n\n<li class=\"wp-block-post post-15632 post type-post status-publish format-standard hentry category-featured category-news investigadores-aderito-fernandes-marcos investigadores-mirian-tavares\">\n<div class=\"wp-block-post-title\">NEW PUBLICATION<\/div>\n<div class=\"wp-block-post-date\"><time datetime=\"2022-04-06T10:44:14+00:00\">6 Abril, 2022<\/time><\/div>\n<div class=\"wp-block-post-excerpt\"><p class=\"wp-block-post-excerpt__excerpt\">Article by Ad\u00e9rito Fernandes-Marques and Mirian Tavares about DMAD available online <a class=\"wp-block-post-excerpt__more-link\" href=\"https:\/\/antigo.ciac.pt\/news\/new-publication-26\/15632\">+ Info<\/a><\/p><\/div>\n<\/li>\n\n<li class=\"wp-block-post post-15629 post type-post status-publish format-standard hentry category-featured category-news\">\n<div class=\"wp-block-post-title\">INTERNATIONAL EVENT<\/div>\n<div class=\"wp-block-post-date\"><time datetime=\"2022-04-06T10:39:28+00:00\">6 Abril, 2022<\/time><\/div>\n<div class=\"wp-block-post-excerpt\"><p class=\"wp-block-post-excerpt__excerpt\">CIAC collaborator selected to participate in the Training School Urban Chronicles in Empirical Context (Croatia) <a class=\"wp-block-post-excerpt__more-link\" href=\"https:\/\/antigo.ciac.pt\/news\/international-event-31\/15629\">+ Info<\/a><\/p><\/div>\n<\/li>\n\n<li class=\"wp-block-post post-15547 post type-post status-publish format-standard hentry category-featured category-news\">\n<div class=\"wp-block-post-title\">VISUAL ARTS CYCLE<\/div>\n<div class=\"wp-block-post-date\"><time datetime=\"2022-04-01T08:59:08+00:00\">1 Abril, 2022<\/time><\/div>\n<div class=\"wp-block-post-excerpt\"><p class=\"wp-block-post-excerpt__excerpt\">Joana R. S\u00e1 is the next guest of the Visual Arts Cycle <a class=\"wp-block-post-excerpt__more-link\" href=\"https:\/\/antigo.ciac.pt\/news\/cycle-of-visual-arts-3\/15547\">+ Info<\/a><\/p><\/div>\n<\/li>\n\n<li class=\"wp-block-post post-15518 post type-post status-publish format-standard hentry category-featured category-news investigadores-mirian-tavares\">\n<div class=\"wp-block-post-title\">CIAC TALKS<\/div>\n<div class=\"wp-block-post-date\"><time datetime=\"2022-03-30T10:39:14+00:00\">30 Mar\u00e7o, 2022<\/time><\/div>\n<div class=\"wp-block-post-excerpt\"><p class=\"wp-block-post-excerpt__excerpt\">CIAC launches new season of \u201cCIAC Talks\u201d <a class=\"wp-block-post-excerpt__more-link\" href=\"https:\/\/antigo.ciac.pt\/news\/ciac-talks-2\/15518\">+ Info<\/a><\/p><\/div>\n<\/li>\n\n<li class=\"wp-block-post post-15516 post type-post status-publish format-standard hentry category-featured category-news investigadores-silvia-quinteiro\">\n<div class=\"wp-block-post-title\">INTERVIEW<\/div>\n<div class=\"wp-block-post-date\"><time datetime=\"2022-03-30T10:31:43+00:00\">30 Mar\u00e7o, 2022<\/time><\/div>\n<div class=\"wp-block-post-excerpt\"><p class=\"wp-block-post-excerpt__excerpt\">S\u00edlvia Quinteiro in interview about Fernando Pessoa and Literary Tourism <a class=\"wp-block-post-excerpt__more-link\" href=\"https:\/\/antigo.ciac.pt\/news\/interview-5\/15516\">+ Info<\/a><\/p><\/div>\n<\/li>\n\n<li class=\"wp-block-post post-15478 post type-post status-publish format-standard hentry category-featured category-news investigadores-maria-botana-vilar\">\n<div class=\"wp-block-post-title\">NEW PUBLICATION<\/div>\n<div class=\"wp-block-post-date\"><time datetime=\"2022-03-25T12:02:22+00:00\">25 Mar\u00e7o, 2022<\/time><\/div>\n<div class=\"wp-block-post-excerpt\"><p class=\"wp-block-post-excerpt__excerpt\">Maria Botana Vilar is the co-editor of the latest book in the Hesp\u00e9rides Collection   <a class=\"wp-block-post-excerpt__more-link\" href=\"https:\/\/antigo.ciac.pt\/news\/new-publication-25\/15478\">+ Info<\/a><\/p><\/div>\n<\/li>\n\n<li class=\"wp-block-post post-15475 post type-post status-publish format-standard hentry category-featured category-news investigadores-manuel-celio-conceicao\">\n<div class=\"wp-block-post-title\">INTERNATIONAL CONFERENCE<\/div>\n<div class=\"wp-block-post-date\"><time datetime=\"2022-03-25T11:53:53+00:00\">25 Mar\u00e7o, 2022<\/time><\/div>\n<div class=\"wp-block-post-excerpt\"><p class=\"wp-block-post-excerpt__excerpt\">Manuel C\u00e9lio Concei\u00e7\u00e3o at International Festival of Arabic Language and Culture  <a class=\"wp-block-post-excerpt__more-link\" href=\"https:\/\/antigo.ciac.pt\/news\/international-conference-4\/15475\">+ Info<\/a><\/p><\/div>\n<\/li>\n\n<li class=\"wp-block-post post-15471 post type-post status-publish format-standard hentry category-featured category-news\">\n<div class=\"wp-block-post-title\">INTERNATIONAL CONFERENCE<\/div>\n<div class=\"wp-block-post-date\"><time datetime=\"2022-03-25T11:48:42+00:00\">25 Mar\u00e7o, 2022<\/time><\/div>\n<div class=\"wp-block-post-excerpt\"><p class=\"wp-block-post-excerpt__excerpt\">CIAC researcher participates in international conference on Music Studies  <a class=\"wp-block-post-excerpt__more-link\" href=\"https:\/\/antigo.ciac.pt\/news\/international-conference-3\/15471\">+ Info<\/a><\/p><\/div>\n<\/li>\n\n<li class=\"wp-block-post post-15469 post type-post status-publish format-standard hentry category-featured category-news\">\n<div class=\"wp-block-post-title\">CONFERENCE CYCLE<\/div>\n<div class=\"wp-block-post-date\"><time datetime=\"2022-03-25T11:41:45+00:00\">25 Mar\u00e7o, 2022<\/time><\/div>\n<div class=\"wp-block-post-excerpt\"><p class=\"wp-block-post-excerpt__excerpt\">CIAC transmits conference cycle about the ALMA project on Youtube channel  <a class=\"wp-block-post-excerpt__more-link\" href=\"https:\/\/antigo.ciac.pt\/news\/conference-cycle\/15469\">+ Info<\/a><\/p><\/div>\n<\/li>\n\n<li class=\"wp-block-post post-15467 post type-post status-publish format-standard hentry category-featured category-news investigadores-bruno-mendes-da-silva\">\n<div class=\"wp-block-post-title\">CADAVRE EXQUIS<\/div>\n<div class=\"wp-block-post-date\"><time datetime=\"2022-03-25T11:30:39+00:00\">25 Mar\u00e7o, 2022<\/time><\/div>\n<div class=\"wp-block-post-excerpt\"><p class=\"wp-block-post-excerpt__excerpt\">Bruno Mendes da Silva presents the film \u201d CADAVRE EXQUIS\u201d at the File Festival 2022 <a class=\"wp-block-post-excerpt__more-link\" href=\"https:\/\/antigo.ciac.pt\/news\/cadavre-exquis-7\/15467\">+ Info<\/a><\/p><\/div>\n<\/li>\n\n<li class=\"wp-block-post post-15464 post type-post status-publish format-standard hentry category-featured category-news\">\n<div class=\"wp-block-post-title\">CADAVRE EXQUIS<\/div>\n<div class=\"wp-block-post-date\"><time datetime=\"2022-03-25T11:23:33+00:00\">25 Mar\u00e7o, 2022<\/time><\/div>\n<div class=\"wp-block-post-excerpt\"><p class=\"wp-block-post-excerpt__excerpt\">Centre for Galician Studies promotes lecture about Rosal\u00eda de Castro <a class=\"wp-block-post-excerpt__more-link\" href=\"https:\/\/antigo.ciac.pt\/news\/lecture-5\/15464\">+ Info<\/a><\/p><\/div>\n<\/li>\n\n<li class=\"wp-block-post post-15396 post type-post status-publish format-standard hentry category-featured category-news investigadores-manuel-celio-conceicao\">\n<div class=\"wp-block-post-title\">PROJECT ERASMUS+ ICFAL<\/div>\n<div class=\"wp-block-post-date\"><time datetime=\"2022-03-18T15:26:57+00:00\">18 Mar\u00e7o, 2022<\/time><\/div>\n<div class=\"wp-block-post-excerpt\"><p class=\"wp-block-post-excerpt__excerpt\">Manuel C\u00e9lio Concei\u00e7\u00e3o attends Erasmus + ICFAL Project meeting <a class=\"wp-block-post-excerpt__more-link\" href=\"https:\/\/antigo.ciac.pt\/news\/project-erasmus-icfal\/15396\">+ Info<\/a><\/p><\/div>\n<\/li>\n\n<li class=\"wp-block-post post-15394 post type-post status-publish format-standard hentry category-featured category-news investigadores-manuel-celio-conceicao\">\n<div class=\"wp-block-post-title\">SEMINAR<\/div>\n<div class=\"wp-block-post-date\"><time datetime=\"2022-03-18T15:21:41+00:00\">18 Mar\u00e7o, 2022<\/time><\/div>\n<div class=\"wp-block-post-excerpt\"><p class=\"wp-block-post-excerpt__excerpt\">CIAC present at the regional seminar of the Portuguese Association of English Teachers  <a class=\"wp-block-post-excerpt__more-link\" href=\"https:\/\/antigo.ciac.pt\/news\/seminar-15\/15394\">+ Info<\/a><\/p><\/div>\n<\/li>\n\n<li class=\"wp-block-post post-15378 post type-post status-publish format-standard hentry category-featured category-news investigadores-mirian-tavares investigadores-pedro-alves-da-veiga\">\n<div class=\"wp-block-post-title\">CONFERENCE<\/div>\n<div class=\"wp-block-post-date\"><time datetime=\"2022-03-17T15:26:09+00:00\">17 Mar\u00e7o, 2022<\/time><\/div>\n<div class=\"wp-block-post-excerpt\"><p class=\"wp-block-post-excerpt__excerpt\">Pedro Alves da Veiga and Mirian Tavares participate in conference about digital art  <a class=\"wp-block-post-excerpt__more-link\" href=\"https:\/\/antigo.ciac.pt\/news\/conference-17\/15378\">+ Info<\/a><\/p><\/div>\n<\/li>\n\n<li class=\"wp-block-post post-15366 post type-post status-publish format-standard hentry category-featured category-news investigadores-bruno-mendes-da-silva investigadores-mirian-tavares\">\n<div class=\"wp-block-post-title\">INTERVIEW<\/div>\n<div class=\"wp-block-post-date\"><time datetime=\"2022-03-16T13:42:10+00:00\">16 Mar\u00e7o, 2022<\/time><\/div>\n<div class=\"wp-block-post-excerpt\"><p class=\"wp-block-post-excerpt__excerpt\">Mirian Tavares and Bruno Mendes da Silva in interview <a class=\"wp-block-post-excerpt__more-link\" href=\"https:\/\/antigo.ciac.pt\/news\/interview-4\/15366\">+ Info<\/a><\/p><\/div>\n<\/li>\n\n<li class=\"wp-block-post post-15364 post type-post status-publish format-standard hentry category-featured category-news\">\n<div class=\"wp-block-post-title\">CYCLE OF VISUAL ARTS<\/div>\n<div class=\"wp-block-post-date\"><time datetime=\"2022-03-16T13:35:35+00:00\">16 Mar\u00e7o, 2022<\/time><\/div>\n<div class=\"wp-block-post-excerpt\"><p class=\"wp-block-post-excerpt__excerpt\">Nuno Viegas is the next guest of the Cycle of Visual Arts  <a class=\"wp-block-post-excerpt__more-link\" href=\"https:\/\/antigo.ciac.pt\/news\/cycle-of-visual-arts-2\/15364\">+ Info<\/a><\/p><\/div>\n<\/li>\n\n<li class=\"wp-block-post post-15361 post type-post status-publish format-standard hentry category-featured category-news\">\n<div class=\"wp-block-post-title\">FCT CALL FOR TENDERS<\/div>\n<div class=\"wp-block-post-date\"><time datetime=\"2022-03-16T13:30:33+00:00\">16 Mar\u00e7o, 2022<\/time><\/div>\n<div class=\"wp-block-post-excerpt\"><p class=\"wp-block-post-excerpt__excerpt\">Call for FCT Doctoral Research Scholarships open until april 7 <a class=\"wp-block-post-excerpt__more-link\" href=\"https:\/\/antigo.ciac.pt\/news\/fct-call-for-tenders\/15361\">+ Info<\/a><\/p><\/div>\n<\/li>\n\n<li class=\"wp-block-post post-15359 post type-post status-publish format-standard hentry category-featured category-news investigadores-mirian-tavares\">\n<div class=\"wp-block-post-title\">CAF\u00c9 COM LETRAS<\/div>\n<div class=\"wp-block-post-date\"><time datetime=\"2022-03-16T13:09:53+00:00\">16 Mar\u00e7o, 2022<\/time><\/div>\n<div class=\"wp-block-post-excerpt\"><p class=\"wp-block-post-excerpt__excerpt\">Mirian Tavares is one of the guests at Fnac`s \u201cCaf\u00e9 com Letras\u201d initiative  <a class=\"wp-block-post-excerpt__more-link\" href=\"https:\/\/antigo.ciac.pt\/news\/cafe-com-letras-5\/15359\">+ Info<\/a><\/p><\/div>\n<\/li>\n\n<li class=\"wp-block-post post-15357 post type-post status-publish format-standard hentry category-featured category-news investigadores-ana-carvalho\">\n<div class=\"wp-block-post-title\">EXHIBITION<\/div>\n<div class=\"wp-block-post-date\"><time datetime=\"2022-03-16T13:01:04+00:00\">16 Mar\u00e7o, 2022<\/time><\/div>\n<div class=\"wp-block-post-excerpt\"><p class=\"wp-block-post-excerpt__excerpt\">Gallery Maus H\u00e1bitos hosts exhibition curated by CIAC researcher  <a class=\"wp-block-post-excerpt__more-link\" href=\"https:\/\/antigo.ciac.pt\/news\/exhibition-63\/15357\">+ Info<\/a><\/p><\/div>\n<\/li>\n\n<li class=\"wp-block-post post-15326 post type-post status-publish format-standard hentry category-featured category-news investigadores-ana-isabel-soares\">\n<div class=\"wp-block-post-title\">NEW PUBLICATION<\/div>\n<div class=\"wp-block-post-date\"><time datetime=\"2022-03-15T11:03:09+00:00\">15 Mar\u00e7o, 2022<\/time><\/div>\n<div class=\"wp-block-post-excerpt\"><p class=\"wp-block-post-excerpt__excerpt\">Critical review by Ana Isabel Soares published in Aniki Magazine  <a class=\"wp-block-post-excerpt__more-link\" href=\"https:\/\/antigo.ciac.pt\/news\/new-publication-24\/15326\">+ Info<\/a><\/p><\/div>\n<\/li>\n\n<li class=\"wp-block-post post-15324 post type-post status-publish format-standard hentry category-featured category-news investigadores-mirian-tavares\">\n<div class=\"wp-block-post-title\">EXHIBITION<\/div>\n<div class=\"wp-block-post-date\"><time datetime=\"2022-03-15T10:57:14+00:00\">15 Mar\u00e7o, 2022<\/time><\/div>\n<div class=\"wp-block-post-excerpt\"><p class=\"wp-block-post-excerpt__excerpt\">Faro Municipal Museum opens exhibition curated by Mirian Tavares on march 12\n<a class=\"wp-block-post-excerpt__more-link\" href=\"https:\/\/antigo.ciac.pt\/news\/exhibition-62\/15324\">+ Info<\/a><\/p><\/div>\n<\/li>\n\n<li class=\"wp-block-post post-15320 post type-post status-publish format-standard hentry category-featured category-news investigadores-pedro-ferre\">\n<div class=\"wp-block-post-title\">CYCLE OF SEMINARS<\/div>\n<div class=\"wp-block-post-date\"><time datetime=\"2022-03-15T10:51:21+00:00\">15 Mar\u00e7o, 2022<\/time><\/div>\n<div class=\"wp-block-post-excerpt\"><p class=\"wp-block-post-excerpt__excerpt\">Garretonline Project makes available a cycle of seminars  <a class=\"wp-block-post-excerpt__more-link\" href=\"https:\/\/antigo.ciac.pt\/news\/cycle-of-seminars-2\/15320\">+ Info<\/a><\/p><\/div>\n<\/li>\n\n<li class=\"wp-block-post post-15318 post type-post status-publish format-standard hentry category-featured category-news investigadores-bruno-mendes-da-silva investigadores-gabriela-borges investigadores-hugo-canossa investigadores-ines-argolo investigadores-mirian-tavares investigadores-susana-costa\">\n<div class=\"wp-block-post-title\">ARTECH CONFERENCE 2021<\/div>\n<div class=\"wp-block-post-date\"><time datetime=\"2022-03-15T09:27:54+00:00\">15 Mar\u00e7o, 2022<\/time><\/div>\n<div class=\"wp-block-post-excerpt\"><p class=\"wp-block-post-excerpt__excerpt\">The Minutes Book of the ARTECH 2021 international conference is now available  <a class=\"wp-block-post-excerpt__more-link\" href=\"https:\/\/antigo.ciac.pt\/news\/artech-conference-2021-2\/15318\">+ Info<\/a><\/p><\/div>\n<\/li>\n\n<li class=\"wp-block-post post-15316 post type-post status-publish format-standard hentry category-featured category-news investigadores-bruno-mendes-da-silva investigadores-mirian-tavares investigadores-susana-costa\">\n<div class=\"wp-block-post-title\">INTERNATIONAL EVENT<\/div>\n<div class=\"wp-block-post-date\"><time datetime=\"2022-03-15T09:11:40+00:00\">15 Mar\u00e7o, 2022<\/time><\/div>\n<div class=\"wp-block-post-excerpt\"><p class=\"wp-block-post-excerpt__excerpt\">Communication about the project Play Your Role presented at ArtsIT2021 is now available online  <a class=\"wp-block-post-excerpt__more-link\" href=\"https:\/\/antigo.ciac.pt\/news\/international-event-30\/15316\">+ Info<\/a><\/p><\/div>\n<\/li>\n\n<li class=\"wp-block-post post-15301 post type-post status-publish format-standard hentry category-featured category-news investigadores-aderito-fernandes-marcos\">\n<div class=\"wp-block-post-title\">OPENING CLASS<\/div>\n<div class=\"wp-block-post-date\"><time datetime=\"2022-03-14T12:36:36+00:00\">14 Mar\u00e7o, 2022<\/time><\/div>\n<div class=\"wp-block-post-excerpt\"><p class=\"wp-block-post-excerpt__excerpt\">Ad\u00e9rito Fernandes- Marcos gives opening class of a graduate program in educational, art and cultural history (Brazil) <a class=\"wp-block-post-excerpt__more-link\" href=\"https:\/\/antigo.ciac.pt\/news\/opening-class\/15301\">+ Info<\/a><\/p><\/div>\n<\/li>\n\n<li class=\"wp-block-post post-15299 post type-post status-publish format-standard hentry category-featured category-news investigadores-antonio-costa-valente\">\n<div class=\"wp-block-post-title\">CIAC WEBINARS<\/div>\n<div class=\"wp-block-post-date\"><time datetime=\"2022-03-14T12:27:20+00:00\">14 Mar\u00e7o, 2022<\/time><\/div>\n<div class=\"wp-block-post-excerpt\"><p class=\"wp-block-post-excerpt__excerpt\">Gabriel Rodriguez is the next guest of CIAC Webinars  <a class=\"wp-block-post-excerpt__more-link\" href=\"https:\/\/antigo.ciac.pt\/news\/ciac-webinars-12\/15299\">+ Info<\/a><\/p><\/div>\n<\/li>\n\n<li class=\"wp-block-post post-15297 post type-post status-publish format-standard hentry category-featured category-news investigadores-antonio-araujo investigadores-mirian-tavares\">\n<div class=\"wp-block-post-title\">BOOK PRESENTATION<\/div>\n<div class=\"wp-block-post-date\"><time datetime=\"2022-03-14T12:20:58+00:00\">14 Mar\u00e7o, 2022<\/time><\/div>\n<div class=\"wp-block-post-excerpt\"><p class=\"wp-block-post-excerpt__excerpt\">Book about the History of Cinema with articles by Mirian Tavares and Ant\u00f3nio Costa valente will be presented at Fnac Faro on march 11th <a class=\"wp-block-post-excerpt__more-link\" href=\"https:\/\/antigo.ciac.pt\/news\/book-presentation-5\/15297\">+ Info<\/a><\/p><\/div>\n<\/li>\n\n<li class=\"wp-block-post post-15295 post type-post status-publish format-standard hentry category-featured category-news\">\n<div class=\"wp-block-post-title\">CYCLE OF VISUAL ARTS<\/div>\n<div class=\"wp-block-post-date\"><time datetime=\"2022-03-14T12:12:35+00:00\">14 Mar\u00e7o, 2022<\/time><\/div>\n<div class=\"wp-block-post-excerpt\"><p class=\"wp-block-post-excerpt__excerpt\">Rodrigo Rosa is the guest that starts another edition of the cycle of visual arts  <a class=\"wp-block-post-excerpt__more-link\" href=\"https:\/\/antigo.ciac.pt\/news\/cycle-of-visual-arts\/15295\">+ Info<\/a><\/p><\/div>\n<\/li>\n\n<li class=\"wp-block-post post-15293 post type-post status-publish format-standard hentry category-featured category-news investigadores-ana-filipa-cerol-martins investigadores-olivia-novoa-fernandez investigadores-susana-costa\">\n<div class=\"wp-block-post-title\">ROTURA MAGAZINE<\/div>\n<div class=\"wp-block-post-date\"><time datetime=\"2022-03-14T12:04:31+00:00\">14 Mar\u00e7o, 2022<\/time><\/div>\n<div class=\"wp-block-post-excerpt\"><p class=\"wp-block-post-excerpt__excerpt\">The new number of Rotura magazine is now available  <a class=\"wp-block-post-excerpt__more-link\" href=\"https:\/\/antigo.ciac.pt\/news\/rotura-magazine-2\/15293\">+ Info<\/a><\/p><\/div>\n<\/li>\n\n<li class=\"wp-block-post post-15290 post type-post status-publish format-standard hentry category-featured category-news\">\n<div class=\"wp-block-post-title\">XVI JORNADAS CIAC: TRIBUTE TO PEDRO FERR\u00c9<\/div>\n<div class=\"wp-block-post-date\"><time datetime=\"2022-03-14T11:28:19+00:00\">14 Mar\u00e7o, 2022<\/time><\/div>\n<div class=\"wp-block-post-excerpt\"><p class=\"wp-block-post-excerpt__excerpt\">Program of the XVI Jornadas CIAC closes with a round table in honor of Pedro Ferr\u00e9 <a class=\"wp-block-post-excerpt__more-link\" href=\"https:\/\/antigo.ciac.pt\/news\/xvi-jornadas-ciac-tribute-to-pedro-ferre\/15290\">+ Info<\/a><\/p><\/div>\n<\/li>\n\n<li class=\"wp-block-post post-15240 post type-post status-publish format-standard hentry category-featured category-news\">\n<div class=\"wp-block-post-title\">XVI JORNADAS CIAC<\/div>\n<div class=\"wp-block-post-date\"><time datetime=\"2022-03-10T11:24:22+00:00\">10 Mar\u00e7o, 2022<\/time><\/div>\n<div class=\"wp-block-post-excerpt\"><p class=\"wp-block-post-excerpt__excerpt\">The Book of Abstracts of the XVI Jornadas CIAC is already available <a class=\"wp-block-post-excerpt__more-link\" href=\"https:\/\/antigo.ciac.pt\/news\/xvi-jornadas-ciac-6\/15240\">+ Info<\/a><\/p><\/div>\n<\/li>\n\n<li class=\"wp-block-post post-15238 post type-post status-publish format-standard hentry category-featured category-news investigadores-ana-isabel-soares\">\n<div class=\"wp-block-post-title\">NATIONAL CINEMA PLAN<\/div>\n<div class=\"wp-block-post-date\"><time datetime=\"2022-03-10T11:05:57+00:00\">10 Mar\u00e7o, 2022<\/time><\/div>\n<div class=\"wp-block-post-excerpt\"><p class=\"wp-block-post-excerpt__excerpt\">Ana Isabel Soares participates in the 4th commented film session promoted by the National Cinema Plan in partnership with the Cineclube Faro and CIAC  <a class=\"wp-block-post-excerpt__more-link\" href=\"https:\/\/antigo.ciac.pt\/news\/national-cinema-plan-2\/15238\">+ Info<\/a><\/p><\/div>\n<\/li>\n\n<li class=\"wp-block-post post-15236 post type-post status-publish format-standard hentry category-featured category-news investigadores-mirian-tavares\">\n<div class=\"wp-block-post-title\">INTERVIEW<\/div>\n<div class=\"wp-block-post-date\"><time datetime=\"2022-03-10T10:47:58+00:00\">10 Mar\u00e7o, 2022<\/time><\/div>\n<div class=\"wp-block-post-excerpt\"><p class=\"wp-block-post-excerpt__excerpt\">Mirian Tavarews interviewed by the international magazine Interin <a class=\"wp-block-post-excerpt__more-link\" href=\"https:\/\/antigo.ciac.pt\/news\/interview-3\/15236\">+ Info<\/a><\/p><\/div>\n<\/li>\n\n<li class=\"wp-block-post post-15234 post type-post status-publish format-standard hentry category-featured category-news investigadores-manuel-celio-conceicao\">\n<div class=\"wp-block-post-title\">NEW PUBLICATION<\/div>\n<div class=\"wp-block-post-date\"><time datetime=\"2022-03-10T10:41:40+00:00\">10 Mar\u00e7o, 2022<\/time><\/div>\n<div class=\"wp-block-post-excerpt\"><p class=\"wp-block-post-excerpt__excerpt\">International publication includes a chapter by Manuel C\u00e9lio Concei\u00e7\u00e3o  <a class=\"wp-block-post-excerpt__more-link\" href=\"https:\/\/antigo.ciac.pt\/news\/new-publication-23\/15234\">+ Info<\/a><\/p><\/div>\n<\/li>\n\n<li class=\"wp-block-post post-15232 post type-post status-publish format-standard hentry category-featured category-news investigadores-bruno-mendes-da-silva investigadores-mirian-tavares investigadores-susana-costa\">\n<div class=\"wp-block-post-title\">NEW PUBLICATION<\/div>\n<div class=\"wp-block-post-date\"><time datetime=\"2022-03-10T10:34:31+00:00\">10 Mar\u00e7o, 2022<\/time><\/div>\n<div class=\"wp-block-post-excerpt\"><p class=\"wp-block-post-excerpt__excerpt\">Article by Mirian Tavares, Bruno Mendes da Silva and Susana Costa published in Springer book <a class=\"wp-block-post-excerpt__more-link\" href=\"https:\/\/antigo.ciac.pt\/news\/new-publication-22\/15232\">+ Info<\/a><\/p><\/div>\n<\/li>\n\n<li class=\"wp-block-post post-15219 post type-post status-publish format-standard hentry category-featured category-news investigadores-ana-isabel-soares investigadores-joao-pinto\">\n<div class=\"wp-block-post-title\">ARTICLE REFERENCED<\/div>\n<div class=\"wp-block-post-date\"><time datetime=\"2022-03-09T11:42:37+00:00\">9 Mar\u00e7o, 2022<\/time><\/div>\n<div class=\"wp-block-post-excerpt\"><p class=\"wp-block-post-excerpt__excerpt\">Article by CIAC researchers referenced by the World Health Organization  <a class=\"wp-block-post-excerpt__more-link\" href=\"https:\/\/antigo.ciac.pt\/news\/article-referenced\/15219\">+ Info<\/a><\/p><\/div>\n<\/li>\n\n<li class=\"wp-block-post post-15217 post type-post status-publish format-standard hentry category-featured category-news investigadores-jose-paulo-cruz-pereira\">\n<div class=\"wp-block-post-title\">NEW PUBLICATION<\/div>\n<div class=\"wp-block-post-date\"><time datetime=\"2022-03-09T11:35:27+00:00\">9 Mar\u00e7o, 2022<\/time><\/div>\n<div class=\"wp-block-post-excerpt\"><p class=\"wp-block-post-excerpt__excerpt\">Article by CIAC\u2019s collaborator published in Conex\u00e3o Letras magazine <a class=\"wp-block-post-excerpt__more-link\" href=\"https:\/\/antigo.ciac.pt\/news\/new-publication-21\/15217\">+ Info<\/a><\/p><\/div>\n<\/li>\n\n<li class=\"wp-block-post post-15215 post type-post status-publish format-standard hentry category-featured category-news investigadores-maria-potes-barbas\">\n<div class=\"wp-block-post-title\">CONFERENCE<\/div>\n<div class=\"wp-block-post-date\"><time datetime=\"2022-03-09T11:27:03+00:00\">9 Mar\u00e7o, 2022<\/time><\/div>\n<div class=\"wp-block-post-excerpt\"><p class=\"wp-block-post-excerpt__excerpt\">\u201cDigital Innovation: moving forward\u201d counts on CIAC`s support and participation <a class=\"wp-block-post-excerpt__more-link\" href=\"https:\/\/antigo.ciac.pt\/news\/conference-16\/15215\">+ Info<\/a><\/p><\/div>\n<\/li>\n\n<li class=\"wp-block-post post-15213 post type-post status-publish format-standard hentry category-featured category-news\">\n<div class=\"wp-block-post-title\">PHD IN DIGITAL MEDIA ART<\/div>\n<div class=\"wp-block-post-date\"><time datetime=\"2022-03-09T11:19:32+00:00\">9 Mar\u00e7o, 2022<\/time><\/div>\n<div class=\"wp-block-post-excerpt\"><p class=\"wp-block-post-excerpt__excerpt\">Pedro Correia defended his Doctoral degree in Digital Media Art <a class=\"wp-block-post-excerpt__more-link\" href=\"https:\/\/antigo.ciac.pt\/news\/doctoral-exams-in-digital-media-art-2\/15213\">+ Info<\/a><\/p><\/div>\n<\/li>\n\n<li class=\"wp-block-post post-15211 post type-post status-publish format-standard hentry category-featured category-news\">\n<div class=\"wp-block-post-title\">GALERIA TREM EXHIBITION<\/div>\n<div class=\"wp-block-post-date\"><time datetime=\"2022-03-09T11:11:06+00:00\">9 Mar\u00e7o, 2022<\/time><\/div>\n<div class=\"wp-block-post-excerpt\"><p class=\"wp-block-post-excerpt__excerpt\">Galeria Trem hosts the group exhibition \u201cThe image that emerges\u201d <a class=\"wp-block-post-excerpt__more-link\" href=\"https:\/\/antigo.ciac.pt\/news\/exhibition-galeria-trem\/15211\">+ Info<\/a><\/p><\/div>\n<\/li>\n\n<li class=\"wp-block-post post-15199 post type-post status-publish format-standard hentry category-featured category-news\">\n<div class=\"wp-block-post-title\">CIAC RESEARCH FELLOWSHIP<\/div>\n<div class=\"wp-block-post-date\"><time datetime=\"2022-03-08T09:44:06+00:00\">8 Mar\u00e7o, 2022<\/time><\/div>\n<div class=\"wp-block-post-excerpt\"><p class=\"wp-block-post-excerpt__excerpt\">Call for a research fellowship under the CyPET project open until the 21st february <a class=\"wp-block-post-excerpt__more-link\" href=\"https:\/\/antigo.ciac.pt\/news\/ciac-research-fellowship\/15199\">+ Info<\/a><\/p><\/div>\n<\/li>\n\n<li class=\"wp-block-post post-15197 post type-post status-publish format-standard hentry category-featured category-news\">\n<div class=\"wp-block-post-title\">XVI JORNADAS CIAC<\/div>\n<div class=\"wp-block-post-date\"><time datetime=\"2022-03-08T09:31:18+00:00\">8 Mar\u00e7o, 2022<\/time><\/div>\n<div class=\"wp-block-post-excerpt\"><p class=\"wp-block-post-excerpt__excerpt\">XVI CIAC Conferences on February 25 in a presential format and with streaming  <a class=\"wp-block-post-excerpt__more-link\" href=\"https:\/\/antigo.ciac.pt\/news\/xvi-jornadas-ciac-5\/15197\">+ Info<\/a><\/p><\/div>\n<\/li>\n\n<li class=\"wp-block-post post-15195 post type-post status-publish format-standard hentry category-featured category-news investigadores-bruno-mendes-da-silva\">\n<div class=\"wp-block-post-title\">HUMANITAS: NEW VOLUME<\/div>\n<div class=\"wp-block-post-date\"><time datetime=\"2022-03-08T09:22:17+00:00\">8 Mar\u00e7o, 2022<\/time><\/div>\n<div class=\"wp-block-post-excerpt\"><p class=\"wp-block-post-excerpt__excerpt\">Presentation of the book \u201cAudiovisual Communication: The Love Train\u201d takes place on February 11th at Fnac Faro  <a class=\"wp-block-post-excerpt__more-link\" href=\"https:\/\/antigo.ciac.pt\/news\/humanitas-new-volume-2\/15195\">+ Info<\/a><\/p><\/div>\n<\/li>\n\n<li class=\"wp-block-post post-15193 post type-post status-publish format-standard hentry category-featured category-news\">\n<div class=\"wp-block-post-title\">DOCTORAL EXAMS IN DIGITAL MEDIA ART<\/div>\n<div class=\"wp-block-post-date\"><time datetime=\"2022-03-08T09:12:56+00:00\">8 Mar\u00e7o, 2022<\/time><\/div>\n<div class=\"wp-block-post-excerpt\"><p class=\"wp-block-post-excerpt__excerpt\">Jo\u00e3o Antunes defended his Doctoral degree in Digital Media Art  <a class=\"wp-block-post-excerpt__more-link\" href=\"https:\/\/antigo.ciac.pt\/news\/doctoral-exams-in-digital-media-art\/15193\">+ Info<\/a><\/p><\/div>\n<\/li>\n\n<li class=\"wp-block-post post-15191 post type-post status-publish format-standard hentry category-featured category-news investigadores-manuel-celio-conceicao\">\n<div class=\"wp-block-post-title\">CONGRESS<\/div>\n<div class=\"wp-block-post-date\"><time datetime=\"2022-03-08T09:07:26+00:00\">8 Mar\u00e7o, 2022<\/time><\/div>\n<div class=\"wp-block-post-excerpt\"><p class=\"wp-block-post-excerpt__excerpt\">CIAC participates in the annual congress of the Portuguese Association Of French Teachers  <a class=\"wp-block-post-excerpt__more-link\" href=\"https:\/\/antigo.ciac.pt\/news\/congress\/15191\">+ Info<\/a><\/p><\/div>\n<\/li>\n\n<li class=\"wp-block-post post-15187 post type-post status-publish format-standard hentry category-featured category-news investigadores-ana-isabel-soares\">\n<div class=\"wp-block-post-title\">NEW PUBLICATION<\/div>\n<div class=\"wp-block-post-date\"><time datetime=\"2022-03-07T15:49:41+00:00\">7 Mar\u00e7o, 2022<\/time><\/div>\n<div class=\"wp-block-post-excerpt\"><p class=\"wp-block-post-excerpt__excerpt\">Article by Ana Isabel Soares published in Arte e Cultura Visual magazine <a class=\"wp-block-post-excerpt__more-link\" href=\"https:\/\/antigo.ciac.pt\/news\/new-publication-20\/15187\">+ Info<\/a><\/p><\/div>\n<\/li>\n\n<li class=\"wp-block-post post-15185 post type-post status-publish format-standard hentry category-featured category-news investigadores-silvia-quinteiro\">\n<div class=\"wp-block-post-title\">CIAC WEBINARS<\/div>\n<div class=\"wp-block-post-date\"><time datetime=\"2022-03-07T15:44:04+00:00\">7 Mar\u00e7o, 2022<\/time><\/div>\n<div class=\"wp-block-post-excerpt\"><p class=\"wp-block-post-excerpt__excerpt\">CIAC Webinars #5: Literary Heritage, Gastronomic Heritage and Tourism  <a class=\"wp-block-post-excerpt__more-link\" href=\"https:\/\/antigo.ciac.pt\/news\/ciac-webinars-11\/15185\">+ Info<\/a><\/p><\/div>\n<\/li>\n\n<li class=\"wp-block-post post-15183 post type-post status-publish format-standard hentry category-featured category-news investigadores-jorge-carrega\">\n<div class=\"wp-block-post-title\">CALL FOR PAPERS<\/div>\n<div class=\"wp-block-post-date\"><time datetime=\"2022-03-07T14:31:26+00:00\">7 Mar\u00e7o, 2022<\/time><\/div>\n<div class=\"wp-block-post-excerpt\"><p class=\"wp-block-post-excerpt__excerpt\">Call for papers for Rotura magazine running until 30th April <a class=\"wp-block-post-excerpt__more-link\" href=\"https:\/\/antigo.ciac.pt\/news\/call-for-papers-10\/15183\">+ Info<\/a><\/p><\/div>\n<\/li>\n\n<li class=\"wp-block-post post-15181 post type-post status-publish format-standard hentry category-featured category-news investigadores-pedro-alves-da-veiga\">\n<div class=\"wp-block-post-title\">INTERVIEW<\/div>\n<div class=\"wp-block-post-date\"><time datetime=\"2022-03-07T10:35:56+00:00\">7 Mar\u00e7o, 2022<\/time><\/div>\n<div class=\"wp-block-post-excerpt\"><p class=\"wp-block-post-excerpt__excerpt\">UALGzine interviews Pedro Alves da Veiga about DMAD <a class=\"wp-block-post-excerpt__more-link\" href=\"https:\/\/antigo.ciac.pt\/news\/interview-2\/15181\">+ Info<\/a><\/p><\/div>\n<\/li>\n\n<li class=\"wp-block-post post-15179 post type-post status-publish format-standard hentry category-featured category-news investigadores-bruno-mendes-da-silva investigadores-jorge-carrega\">\n<div class=\"wp-block-post-title\">CALL FOR PAPERS<\/div>\n<div class=\"wp-block-post-date\"><time datetime=\"2022-03-07T10:26:37+00:00\">7 Mar\u00e7o, 2022<\/time><\/div>\n<div class=\"wp-block-post-excerpt\"><p class=\"wp-block-post-excerpt__excerpt\">Call for papers for the dossier \u201cMedia and Interactive Film\u201d from Muiraquit\u00e3 magazine <a class=\"wp-block-post-excerpt__more-link\" href=\"https:\/\/antigo.ciac.pt\/news\/call-for-papers-9\/15179\">+ Info<\/a><\/p><\/div>\n<\/li>\n\n<li class=\"wp-block-post post-15177 post type-post status-publish format-standard hentry category-featured category-news investigadores-mirian-tavares\">\n<div class=\"wp-block-post-title\">NEW PUBLICATION<\/div>\n<div class=\"wp-block-post-date\"><time datetime=\"2022-03-07T10:18:32+00:00\">7 Mar\u00e7o, 2022<\/time><\/div>\n<div class=\"wp-block-post-excerpt\"><p class=\"wp-block-post-excerpt__excerpt\">Mirian Tavares\u2019 article is part of the thematic dossier of Vertovina magazine <a class=\"wp-block-post-excerpt__more-link\" href=\"https:\/\/antigo.ciac.pt\/news\/new-publication-19\/15177\">+ Info<\/a><\/p><\/div>\n<\/li>\n\n<li class=\"wp-block-post post-15175 post type-post status-publish format-standard hentry category-featured category-news\">\n<div class=\"wp-block-post-title\">FCT CALL FOR TENDERS<\/div>\n<div class=\"wp-block-post-date\"><time datetime=\"2022-03-07T10:12:41+00:00\">7 Mar\u00e7o, 2022<\/time><\/div>\n<div class=\"wp-block-post-excerpt\"><p class=\"wp-block-post-excerpt__excerpt\">FCT release 5th Edition of Individual CEEC and R&amp;D Project Competition  <a class=\"wp-block-post-excerpt__more-link\" href=\"https:\/\/antigo.ciac.pt\/news\/fct-competition\/15175\">+ Info<\/a><\/p><\/div>\n<\/li>\n\n<li class=\"wp-block-post post-15173 post type-post status-publish format-standard hentry category-featured category-news investigadores-antonio-costa-valente\">\n<div class=\"wp-block-post-title\">CIAC WEBINARS<\/div>\n<div class=\"wp-block-post-date\"><time datetime=\"2022-03-04T15:40:00+00:00\">4 Mar\u00e7o, 2022<\/time><\/div>\n<div class=\"wp-block-post-excerpt\"><p class=\"wp-block-post-excerpt__excerpt\">CIAC WEBINARS in january with Alfonso Palaz\u00f3n <a class=\"wp-block-post-excerpt__more-link\" href=\"https:\/\/antigo.ciac.pt\/news\/ciac-webinars-10\/15173\">+ Info<\/a><\/p><\/div>\n<\/li>\n\n<li class=\"wp-block-post post-15171 post type-post status-publish format-standard hentry category-featured category-news investigadores-mirian-tavares\">\n<div class=\"wp-block-post-title\">NEW PUBLICATION<\/div>\n<div class=\"wp-block-post-date\"><time datetime=\"2022-03-04T15:32:48+00:00\">4 Mar\u00e7o, 2022<\/time><\/div>\n<div class=\"wp-block-post-excerpt\"><p class=\"wp-block-post-excerpt__excerpt\">Article by Mirian Tavares published in DATJournal  <a class=\"wp-block-post-excerpt__more-link\" href=\"https:\/\/antigo.ciac.pt\/news\/new-publication-18\/15171\">+ Info<\/a><\/p><\/div>\n<\/li>\n\n<li class=\"wp-block-post post-15168 post type-post status-publish format-standard hentry category-featured category-news\">\n<div class=\"wp-block-post-title\">XVI JORNADAS CIAC<\/div>\n<div class=\"wp-block-post-date\"><time datetime=\"2022-03-04T15:25:06+00:00\">4 Mar\u00e7o, 2022<\/time><\/div>\n<div class=\"wp-block-post-excerpt\"><p class=\"wp-block-post-excerpt__excerpt\">CIAC`s Jornadas are coming back soon! <a class=\"wp-block-post-excerpt__more-link\" href=\"https:\/\/antigo.ciac.pt\/news\/xvi-jornadas-ciac-4\/15168\">+ Info<\/a><\/p><\/div>\n<\/li>\n\n<li class=\"wp-block-post post-15166 post type-post status-publish format-standard hentry category-featured category-news investigadores-bertilio-martins\">\n<div class=\"wp-block-post-title\">EXHIBITION<\/div>\n<div class=\"wp-block-post-date\"><time datetime=\"2022-03-04T15:17:08+00:00\">4 Mar\u00e7o, 2022<\/time><\/div>\n<div class=\"wp-block-post-excerpt\"><p class=\"wp-block-post-excerpt__excerpt\">Exhibition \u201cDi\u00e1logos (In)Conscientes\u201d by Bert\u00edlio Martins opens tomorrow in Loul\u00e9 <a class=\"wp-block-post-excerpt__more-link\" href=\"https:\/\/antigo.ciac.pt\/news\/exhibition-61\/15166\">+ Info<\/a><\/p><\/div>\n<\/li>\n\n<li class=\"wp-block-post post-15164 post type-post status-publish format-standard hentry category-featured category-news investigadores-bruno-mendes-da-silva\">\n<div class=\"wp-block-post-title\">HUMANITAS: NEW VOLUME<\/div>\n<div class=\"wp-block-post-date\"><time datetime=\"2022-03-04T15:10:12+00:00\">4 Mar\u00e7o, 2022<\/time><\/div>\n<div class=\"wp-block-post-excerpt\"><p class=\"wp-block-post-excerpt__excerpt\">The new book of the Humanitas Collection by Bruno Mendes da Silva is already available <a class=\"wp-block-post-excerpt__more-link\" href=\"https:\/\/antigo.ciac.pt\/news\/humanitas-new-volume\/15164\">+ Info<\/a><\/p><\/div>\n<\/li>\n\n<li class=\"wp-block-post post-15162 post type-post status-publish format-standard hentry category-featured category-news investigadores-manuel-celio-conceicao\">\n<div class=\"wp-block-post-title\">AWARD<\/div>\n<div class=\"wp-block-post-date\"><time datetime=\"2022-03-04T14:57:37+00:00\">4 Mar\u00e7o, 2022<\/time><\/div>\n<div class=\"wp-block-post-excerpt\"><p class=\"wp-block-post-excerpt__excerpt\">European award given to a thesis prepared and defended at Ualg under the supervision of Manuel C\u00e9lio Concei\u00e7\u00e3o  <a class=\"wp-block-post-excerpt__more-link\" href=\"https:\/\/antigo.ciac.pt\/news\/award-2\/15162\">+ Info<\/a><\/p><\/div>\n<\/li>\n\n<li class=\"wp-block-post post-15160 post type-post status-publish format-standard hentry category-featured category-news investigadores-manuel-celio-conceicao\">\n<div class=\"wp-block-post-title\">COLLOQUIUM<\/div>\n<div class=\"wp-block-post-date\"><time datetime=\"2022-03-04T14:46:37+00:00\">4 Mar\u00e7o, 2022<\/time><\/div>\n<div class=\"wp-block-post-excerpt\"><p class=\"wp-block-post-excerpt__excerpt\">Manuel C\u00e9lio Concei\u00e7\u00e3o participates in the XIV Colloquium \u201cLexical studies in different perspectives\u201d <a class=\"wp-block-post-excerpt__more-link\" href=\"https:\/\/antigo.ciac.pt\/news\/colloquium\/15160\">+ Info<\/a><\/p><\/div>\n<\/li>\n\n<li class=\"wp-block-post post-15090 post type-post status-publish format-standard hentry category-featured category-news investigadores-ana-isabel-soares investigadores-antonio-costa-valente\">\n<div class=\"wp-block-post-title\">EVENT<\/div>\n<div class=\"wp-block-post-date\"><time datetime=\"2022-03-03T10:09:36+00:00\">3 Mar\u00e7o, 2022<\/time><\/div>\n<div class=\"wp-block-post-excerpt\"><p class=\"wp-block-post-excerpt__excerpt\">CIAC present at the International Meeting \u201cCinema and Other Arts\u201d <a class=\"wp-block-post-excerpt__more-link\" href=\"https:\/\/antigo.ciac.pt\/news\/event-39\/15090\">+ Info<\/a><\/p><\/div>\n<\/li>\n\n<li class=\"wp-block-post post-15088 post type-post status-publish format-standard hentry category-featured category-news investigadores-silvia-quinteiro\">\n<div class=\"wp-block-post-title\">CALL FOR PAPERS<\/div>\n<div class=\"wp-block-post-date\"><time datetime=\"2022-03-03T09:42:20+00:00\">3 Mar\u00e7o, 2022<\/time><\/div>\n<div class=\"wp-block-post-excerpt\"><p class=\"wp-block-post-excerpt__excerpt\">Call for Papers for \u201cOnline Conference Literature, Tourism and Waterscapes\u201d <a class=\"wp-block-post-excerpt__more-link\" href=\"https:\/\/antigo.ciac.pt\/news\/call-for-papers-8\/15088\">+ Info<\/a><\/p><\/div>\n<\/li>\n\n<li class=\"wp-block-post post-15086 post type-post status-publish format-standard hentry category-featured category-news investigadores-maria-jesus-vilar\">\n<div class=\"wp-block-post-title\">EXHIBITION<\/div>\n<div class=\"wp-block-post-date\"><time datetime=\"2022-03-03T09:21:53+00:00\">3 Mar\u00e7o, 2022<\/time><\/div>\n<div class=\"wp-block-post-excerpt\"><p class=\"wp-block-post-excerpt__excerpt\">CEG organizes an online didactic visit to the \u201cGalicia Futura\u201d exhibition <a class=\"wp-block-post-excerpt__more-link\" href=\"https:\/\/antigo.ciac.pt\/news\/exhibition-60\/15086\">+ Info<\/a><\/p><\/div>\n<\/li>\n\n<li class=\"wp-block-post post-15084 post type-post status-publish format-standard hentry category-featured category-news\">\n<div class=\"wp-block-post-title\">SEMINAR<\/div>\n<div class=\"wp-block-post-date\"><time datetime=\"2022-03-03T09:03:51+00:00\">3 Mar\u00e7o, 2022<\/time><\/div>\n<div class=\"wp-block-post-excerpt\"><p class=\"wp-block-post-excerpt__excerpt\">ESEC and CIAC promote seminary about semiotics and visual culture  <a class=\"wp-block-post-excerpt__more-link\" href=\"https:\/\/antigo.ciac.pt\/news\/seminary-5\/15084\">+ Info<\/a><\/p><\/div>\n<\/li>\n\n<li class=\"wp-block-post post-15081 post type-post status-publish format-standard hentry category-featured category-news investigadores-maria-jesus-vilar\">\n<div class=\"wp-block-post-title\">LECTURE<\/div>\n<div class=\"wp-block-post-date\"><time datetime=\"2022-03-03T08:57:44+00:00\">3 Mar\u00e7o, 2022<\/time><\/div>\n<div class=\"wp-block-post-excerpt\"><p class=\"wp-block-post-excerpt__excerpt\">CEG organizes an online lecture in the scope of the \u201c(H)\u00e0 Conversa\u201d cycle <a class=\"wp-block-post-excerpt__more-link\" href=\"https:\/\/antigo.ciac.pt\/news\/lecture-4\/15081\">+ Info<\/a><\/p><\/div>\n<\/li>\n\n<li class=\"wp-block-post post-15076 post type-post status-publish format-standard hentry category-featured category-news investigadores-paulo-alves\">\n<div class=\"wp-block-post-title\">CONFERENCE<\/div>\n<div class=\"wp-block-post-date\"><time datetime=\"2022-03-02T14:57:08+00:00\">2 Mar\u00e7o, 2022<\/time><\/div>\n<div class=\"wp-block-post-excerpt\"><p class=\"wp-block-post-excerpt__excerpt\">ESEC and CIAC promote V Conference on Ethics in Organizations <a class=\"wp-block-post-excerpt__more-link\" href=\"https:\/\/antigo.ciac.pt\/news\/conference-15\/15076\">+ Info<\/a><\/p><\/div>\n<\/li>\n\n<li class=\"wp-block-post post-15074 post type-post status-publish format-standard hentry category-featured category-news investigadores-maria-potes-barbas\">\n<div class=\"wp-block-post-title\">AWARD<\/div>\n<div class=\"wp-block-post-date\"><time datetime=\"2022-03-02T14:49:16+00:00\">2 Mar\u00e7o, 2022<\/time><\/div>\n<div class=\"wp-block-post-excerpt\"><p class=\"wp-block-post-excerpt__excerpt\">Maria Potes Barbas receives international honorable mention  <a class=\"wp-block-post-excerpt__more-link\" href=\"https:\/\/antigo.ciac.pt\/news\/award\/15074\">+ Info<\/a><\/p><\/div>\n<\/li>\n\n<li class=\"wp-block-post post-15072 post type-post status-publish format-standard hentry category-featured category-news\">\n<div class=\"wp-block-post-title\">SEMINAR<\/div>\n<div class=\"wp-block-post-date\"><time datetime=\"2022-03-02T14:43:50+00:00\">2 Mar\u00e7o, 2022<\/time><\/div>\n<div class=\"wp-block-post-excerpt\"><p class=\"wp-block-post-excerpt__excerpt\">ESEC and CIAC promote a seminary about communication, linguistics and interculturalism  <a class=\"wp-block-post-excerpt__more-link\" href=\"https:\/\/antigo.ciac.pt\/news\/seminary-4\/15072\">+ Info<\/a><\/p><\/div>\n<\/li>\n\n<li class=\"wp-block-post post-15070 post type-post status-publish format-standard hentry category-featured category-news\">\n<div class=\"wp-block-post-title\">SEMINAR<\/div>\n<div class=\"wp-block-post-date\"><time datetime=\"2022-03-02T14:32:30+00:00\">2 Mar\u00e7o, 2022<\/time><\/div>\n<div class=\"wp-block-post-excerpt\"><p class=\"wp-block-post-excerpt__excerpt\">Seminary about communication and sustainability promoted by ESEC and CIAC took place today at the Penha Campus <a class=\"wp-block-post-excerpt__more-link\" href=\"https:\/\/antigo.ciac.pt\/news\/seminary-3\/15070\">+ Info<\/a><\/p><\/div>\n<\/li>\n\n<li class=\"wp-block-post post-15068 post type-post status-publish format-standard hentry category-featured category-news investigadores-alexandre-barata\">\n<div class=\"wp-block-post-title\">EXHIBITION<\/div>\n<div class=\"wp-block-post-date\"><time datetime=\"2022-03-02T14:27:10+00:00\">2 Mar\u00e7o, 2022<\/time><\/div>\n<div class=\"wp-block-post-excerpt\"><p class=\"wp-block-post-excerpt__excerpt\">Exhibition \u201cOLEB, FELCIA AND LBRD\u201d by CIAC`s artist- researcher opens today in Lisbon <a class=\"wp-block-post-excerpt__more-link\" href=\"https:\/\/antigo.ciac.pt\/news\/exhibition-59\/15068\">+ Info<\/a><\/p><\/div>\n<\/li>\n\n<li class=\"wp-block-post post-15066 post type-post status-publish format-standard hentry category-featured category-news investigadores-bruno-mendes-da-silva investigadores-mirian-tavares investigadores-susana-costa\">\n<div class=\"wp-block-post-title\">INTERNATIONAL EVENT<\/div>\n<div class=\"wp-block-post-date\"><time datetime=\"2022-03-02T14:18:44+00:00\">2 Mar\u00e7o, 2022<\/time><\/div>\n<div class=\"wp-block-post-excerpt\"><p class=\"wp-block-post-excerpt__excerpt\">CIAC present at the international conference ArtsIT 2021 <a class=\"wp-block-post-excerpt__more-link\" href=\"https:\/\/antigo.ciac.pt\/news\/international-event-29\/15066\">+ Info<\/a><\/p><\/div>\n<\/li>\n\n<li class=\"wp-block-post post-15064 post type-post status-publish format-standard hentry category-featured category-news\">\n<div class=\"wp-block-post-title\">SEMINAR<\/div>\n<div class=\"wp-block-post-date\"><time datetime=\"2022-03-02T14:12:04+00:00\">2 Mar\u00e7o, 2022<\/time><\/div>\n<div class=\"wp-block-post-excerpt\"><p class=\"wp-block-post-excerpt__excerpt\">ESEC and CIAC promote seminary about storytelling in organizational communication  <a class=\"wp-block-post-excerpt__more-link\" href=\"https:\/\/antigo.ciac.pt\/news\/seminary-2\/15064\">+ Info<\/a><\/p><\/div>\n<\/li>\n\n<li class=\"wp-block-post post-15061 post type-post status-publish format-standard hentry category-featured category-news investigadores-mirian-tavares\">\n<div class=\"wp-block-post-title\">BOOK PRESENTATION<\/div>\n<div class=\"wp-block-post-date\"><time datetime=\"2022-03-02T14:05:26+00:00\">2 Mar\u00e7o, 2022<\/time><\/div>\n<div class=\"wp-block-post-excerpt\"><p class=\"wp-block-post-excerpt__excerpt\">Mirian Tavares presents the book \u201d As quatro invisualidades\u201d by Carlos Vidal <a class=\"wp-block-post-excerpt__more-link\" href=\"https:\/\/antigo.ciac.pt\/news\/book-presentation-4\/15061\">+ Info<\/a><\/p><\/div>\n<\/li>\n\n<li class=\"wp-block-post post-15058 post type-post status-publish format-standard hentry category-featured category-news investigadores-manuel-celio-conceicao\">\n<div class=\"wp-block-post-title\">INTERNATIONAL EVENT<\/div>\n<div class=\"wp-block-post-date\"><time datetime=\"2022-03-02T13:57:22+00:00\">2 Mar\u00e7o, 2022<\/time><\/div>\n<div class=\"wp-block-post-excerpt\"><p class=\"wp-block-post-excerpt__excerpt\">Manuel C\u00e9lio Concei\u00e7\u00e3o present at the European Language Council conference  <a class=\"wp-block-post-excerpt__more-link\" href=\"https:\/\/antigo.ciac.pt\/news\/international-event-28\/15058\">+ Info<\/a><\/p><\/div>\n<\/li>\n\n<li class=\"wp-block-post post-15032 post type-post status-publish format-standard hentry category-featured category-news investigadores-marina-graca\">\n<div class=\"wp-block-post-title\">INTERNATIONAL EVENT<\/div>\n<div class=\"wp-block-post-date\"><time datetime=\"2022-03-02T13:48:47+00:00\">2 Mar\u00e7o, 2022<\/time><\/div>\n<div class=\"wp-block-post-excerpt\"><p class=\"wp-block-post-excerpt__excerpt\">CIAC present at the 2nd International Seminary Research in Animation: Cinema &amp; Technological Poetics <a class=\"wp-block-post-excerpt__more-link\" href=\"https:\/\/antigo.ciac.pt\/news\/international-event-27\/15032\">+ Info<\/a><\/p><\/div>\n<\/li>\n\n<li class=\"wp-block-post post-15030 post type-post status-publish format-standard hentry category-featured category-news investigadores-antonio-costa-valente\">\n<div class=\"wp-block-post-title\">DISCUSS<\/div>\n<div class=\"wp-block-post-date\"><time datetime=\"2022-03-02T10:42:36+00:00\">2 Mar\u00e7o, 2022<\/time><\/div>\n<div class=\"wp-block-post-excerpt\"><p class=\"wp-block-post-excerpt__excerpt\">Ant\u00f3nio Costa Valenten participates in online debate about film clubs <a class=\"wp-block-post-excerpt__more-link\" href=\"https:\/\/antigo.ciac.pt\/news\/debate-2\/15030\">+ Info<\/a><\/p><\/div>\n<\/li>\n\n<li class=\"wp-block-post post-15028 post type-post status-publish format-standard hentry category-featured category-news investigadores-denize-araujo investigadores-ingrid-fechine investigadores-jorge-carrega\">\n<div class=\"wp-block-post-title\">CALL FOR PAPERS<\/div>\n<div class=\"wp-block-post-date\"><time datetime=\"2022-03-02T10:33:41+00:00\">2 Mar\u00e7o, 2022<\/time><\/div>\n<div class=\"wp-block-post-excerpt\"><p class=\"wp-block-post-excerpt__excerpt\">Call for papers for vol.3 of the e-book \u201cPerspectivas Luso-Brasileiras em Artes e Comunica\u00e7\u00e3o\u201d <a class=\"wp-block-post-excerpt__more-link\" href=\"https:\/\/antigo.ciac.pt\/news\/call-for-papers-7\/15028\">+ Info<\/a><\/p><\/div>\n<\/li>\n\n<li class=\"wp-block-post post-15026 post type-post status-publish format-standard hentry category-featured category-news investigadores-aderito-fernandes-marcos investigadores-mirian-tavares\">\n<div class=\"wp-block-post-title\">INTERNATIONAL EVENT<\/div>\n<div class=\"wp-block-post-date\"><time datetime=\"2022-03-02T10:25:18+00:00\">2 Mar\u00e7o, 2022<\/time><\/div>\n<div class=\"wp-block-post-excerpt\"><p class=\"wp-block-post-excerpt__excerpt\">Mirian Tavares and Ad\u00e9rito Fernandes- Marcos participate in the 3rd RETiiNA INTERNATIONAL Colloquium  <a class=\"wp-block-post-excerpt__more-link\" href=\"https:\/\/antigo.ciac.pt\/news\/international-event-26\/15026\">+ Info<\/a><\/p><\/div>\n<\/li>\n\n<li class=\"wp-block-post post-15022 post type-post status-publish format-standard hentry category-featured category-news investigadores-jorge-carrega\">\n<div class=\"wp-block-post-title\">SEMINARY<\/div>\n<div class=\"wp-block-post-date\"><time datetime=\"2022-03-02T10:19:31+00:00\">2 Mar\u00e7o, 2022<\/time><\/div>\n<div class=\"wp-block-post-excerpt\"><p class=\"wp-block-post-excerpt__excerpt\">ESEC and CIAC promote a seminary about cinema of origins  <a class=\"wp-block-post-excerpt__more-link\" href=\"https:\/\/antigo.ciac.pt\/news\/seminary\/15022\">+ Info<\/a><\/p><\/div>\n<\/li>\n\n<li class=\"wp-block-post post-15017 post type-post status-publish format-standard hentry category-featured category-news investigadores-mirian-tavares\">\n<div class=\"wp-block-post-title\">PORTUGUESE NETWORK OF CONTEMPORARY ART<\/div>\n<div class=\"wp-block-post-date\"><time datetime=\"2022-03-02T10:04:05+00:00\">2 Mar\u00e7o, 2022<\/time><\/div>\n<div class=\"wp-block-post-excerpt\"><p class=\"wp-block-post-excerpt__excerpt\">Mirian Tavares joins the team of curators that will develop the Portuguese Network of Contemporary Art  <a class=\"wp-block-post-excerpt__more-link\" href=\"https:\/\/antigo.ciac.pt\/news\/portuguese-network-of-contemporary-art\/15017\">+ Info<\/a><\/p><\/div>\n<\/li>\n\n<li class=\"wp-block-post post-15015 post type-post status-publish format-standard hentry category-featured category-news investigadores-pedro-quintino-de-sousa\">\n<div class=\"wp-block-post-title\">CIAC WEBINARS<\/div>\n<div class=\"wp-block-post-date\"><time datetime=\"2022-03-02T09:55:11+00:00\">2 Mar\u00e7o, 2022<\/time><\/div>\n<div class=\"wp-block-post-excerpt\"><p class=\"wp-block-post-excerpt__excerpt\">Tom McCarthy is the next guest of CIAC Webinars <a class=\"wp-block-post-excerpt__more-link\" href=\"https:\/\/antigo.ciac.pt\/news\/ciac-webinars-8\/15015\">+ Info<\/a><\/p><\/div>\n<\/li>\n\n<li class=\"wp-block-post post-15013 post type-post status-publish format-standard hentry category-featured category-news investigadores-silvia-quinteiro\">\n<div class=\"wp-block-post-title\">BOOK PRESENTATION<\/div>\n<div class=\"wp-block-post-date\"><time datetime=\"2022-03-02T09:45:29+00:00\">2 Mar\u00e7o, 2022<\/time><\/div>\n<div class=\"wp-block-post-excerpt\"><p class=\"wp-block-post-excerpt__excerpt\">CIAC researcher presents the book \u201cBezerros de Ouro\u201d by Jos\u00e9 Dias Sancho <a class=\"wp-block-post-excerpt__more-link\" href=\"https:\/\/antigo.ciac.pt\/news\/book-presentation-3\/15013\">+ Info<\/a><\/p><\/div>\n<\/li>\n\n<li class=\"wp-block-post post-15011 post type-post status-publish format-standard hentry category-featured category-news investigadores-joao-pinto\">\n<div class=\"wp-block-post-title\">EVENT<\/div>\n<div class=\"wp-block-post-date\"><time datetime=\"2022-03-02T09:37:47+00:00\">2 Mar\u00e7o, 2022<\/time><\/div>\n<div class=\"wp-block-post-excerpt\"><p class=\"wp-block-post-excerpt__excerpt\">CIAC researcher present at the 1st Meeting of Doctoral Students from Ualg  <a class=\"wp-block-post-excerpt__more-link\" href=\"https:\/\/antigo.ciac.pt\/news\/event-38\/15011\">+ Info<\/a><\/p><\/div>\n<\/li>\n\n<li class=\"wp-block-post post-15009 post type-post status-publish format-standard hentry category-featured category-news investigadores-manuel-celio-conceicao\">\n<div class=\"wp-block-post-title\">NEW PUBLICATION<\/div>\n<div class=\"wp-block-post-date\"><time datetime=\"2022-03-02T09:19:41+00:00\">2 Mar\u00e7o, 2022<\/time><\/div>\n<div class=\"wp-block-post-excerpt\"><p class=\"wp-block-post-excerpt__excerpt\">Manuel C\u00e9lio Concei\u00e7\u00e3o is co-editor of two issues recently published by the International Magazine in Portuguese Language  <a class=\"wp-block-post-excerpt__more-link\" href=\"https:\/\/antigo.ciac.pt\/news\/new-publication-17\/15009\">+ Info<\/a><\/p><\/div>\n<\/li>\n\n<li class=\"wp-block-post post-15007 post type-post status-publish format-standard hentry category-featured category-news investigadores-mirian-tavares investigadores-pedro-ferre\">\n<div class=\"wp-block-post-title\">C\u00c1TEDRA HIGH PERFORMANCE COMPUTING<\/div>\n<div class=\"wp-block-post-date\"><time datetime=\"2022-03-02T09:08:45+00:00\">2 Mar\u00e7o, 2022<\/time><\/div>\n<div class=\"wp-block-post-excerpt\"><p class=\"wp-block-post-excerpt__excerpt\">Mirian Tavares and Pedro Ferr\u00e9 integrate new research infrastructure dedicated to high performance computing  <a class=\"wp-block-post-excerpt__more-link\" href=\"https:\/\/antigo.ciac.pt\/news\/catedra-high-performance-computing-2\/15007\">+ Info<\/a><\/p><\/div>\n<\/li>\n\n<li class=\"wp-block-post post-15004 post type-post status-publish format-standard hentry category-featured category-news investigadores-fernando-amaro investigadores-mirian-tavares investigadores-pedro-cabral-santo\">\n<div class=\"wp-block-post-title\">TREM GALLERY EXHIBITION<\/div>\n<div class=\"wp-block-post-date\"><time datetime=\"2022-03-02T08:48:20+00:00\">2 Mar\u00e7o, 2022<\/time><\/div>\n<div class=\"wp-block-post-excerpt\"><p class=\"wp-block-post-excerpt__excerpt\">Trem Gallery hosts the exhibition \u201cYou Want It Darker\u201d by Fernando Amaro  <a class=\"wp-block-post-excerpt__more-link\" href=\"https:\/\/antigo.ciac.pt\/news\/trem-gallery-exhibition\/15004\">+ Info<\/a><\/p><\/div>\n<\/li>\n\n<li class=\"wp-block-post post-15002 post type-post status-publish format-standard hentry category-featured category-news investigadores-mirian-tavares\">\n<div class=\"wp-block-post-title\">OPEN STUDIOS FARO<\/div>\n<div class=\"wp-block-post-date\"><time datetime=\"2022-02-28T15:48:58+00:00\">28 Fevereiro, 2022<\/time><\/div>\n<div class=\"wp-block-post-excerpt\"><p class=\"wp-block-post-excerpt__excerpt\">The Open Studios Faro initiative is back with the participation of Mirian Tavares <a class=\"wp-block-post-excerpt__more-link\" href=\"https:\/\/antigo.ciac.pt\/news\/open-studios-faro-2\/15002\">+ Info<\/a><\/p><\/div>\n<\/li>\n\n<li class=\"wp-block-post post-15000 post type-post status-publish format-standard hentry category-featured category-news investigadores-ana-isabel-soares\">\n<div class=\"wp-block-post-title\">INTERNATIONAL EVENT<\/div>\n<div class=\"wp-block-post-date\"><time datetime=\"2022-02-28T15:36:53+00:00\">28 Fevereiro, 2022<\/time><\/div>\n<div class=\"wp-block-post-excerpt\"><p class=\"wp-block-post-excerpt__excerpt\">Ana Isabel Soares participates in the XXIV Meeting of Socine  <a class=\"wp-block-post-excerpt__more-link\" href=\"https:\/\/antigo.ciac.pt\/news\/international-event-25\/15000\">+ Info<\/a><\/p><\/div>\n<\/li>\n\n<li class=\"wp-block-post post-14998 post type-post status-publish format-standard hentry category-featured category-news investigadores-juliana-wexel\">\n<div class=\"wp-block-post-title\">INTERNATIONAL EVENT<\/div>\n<div class=\"wp-block-post-date\"><time datetime=\"2022-02-28T15:29:31+00:00\">28 Fevereiro, 2022<\/time><\/div>\n<div class=\"wp-block-post-excerpt\"><p class=\"wp-block-post-excerpt__excerpt\">CIAC collaborator present in the Midterm Conference of the \u201cWriting Urban Places\u201d project <a class=\"wp-block-post-excerpt__more-link\" href=\"https:\/\/antigo.ciac.pt\/news\/international-event-24\/14998\">+ Info<\/a><\/p><\/div>\n<\/li>\n\n<li class=\"wp-block-post post-14996 post type-post status-publish format-standard hentry category-featured category-news investigadores-isabel-carvalho\">\n<div class=\"wp-block-post-title\">CIAC WEBINARS<\/div>\n<div class=\"wp-block-post-date\"><time datetime=\"2022-02-28T15:16:24+00:00\">28 Fevereiro, 2022<\/time><\/div>\n<div class=\"wp-block-post-excerpt\"><p class=\"wp-block-post-excerpt__excerpt\">Adriana Nascimento is the second guest of CIAC WEBINARS <a class=\"wp-block-post-excerpt__more-link\" href=\"https:\/\/antigo.ciac.pt\/news\/ciac-webinars-7\/14996\">+ Info<\/a><\/p><\/div>\n<\/li>\n\n<li class=\"wp-block-post post-14993 post type-post status-publish format-standard hentry category-featured category-news\">\n<div class=\"wp-block-post-title\">INTERNATIONAL EVENT<\/div>\n<div class=\"wp-block-post-date\"><time datetime=\"2022-02-28T15:06:21+00:00\">28 Fevereiro, 2022<\/time><\/div>\n<div class=\"wp-block-post-excerpt\"><p class=\"wp-block-post-excerpt__excerpt\">Mar\u00eda Jes\u00fas Vilar participates in a congress in honor of Joseph T. Snow  <a class=\"wp-block-post-excerpt__more-link\" href=\"https:\/\/antigo.ciac.pt\/news\/international-event-23\/14993\">+ Info<\/a><\/p><\/div>\n<\/li>\n\n<li class=\"wp-block-post post-14988 post type-post status-publish format-standard hentry category-featured category-news investigadores-maria-de-fatima-noronha\">\n<div class=\"wp-block-post-title\">INTERNATIONAL EVENT<\/div>\n<div class=\"wp-block-post-date\"><time datetime=\"2022-02-28T11:51:15+00:00\">28 Fevereiro, 2022<\/time><\/div>\n<div class=\"wp-block-post-excerpt\"><p class=\"wp-block-post-excerpt__excerpt\">CIAC participates in international conference dedicated to terminology <a class=\"wp-block-post-excerpt__more-link\" href=\"https:\/\/antigo.ciac.pt\/news\/international-event-22\/14988\">+ Info<\/a><\/p><\/div>\n<\/li>\n\n<li class=\"wp-block-post post-14986 post type-post status-publish format-standard hentry category-featured category-news investigadores-manuel-celio-conceicao\">\n<div class=\"wp-block-post-title\">INTERNATIONAL EVENT<\/div>\n<div class=\"wp-block-post-date\"><time datetime=\"2022-02-28T11:45:42+00:00\">28 Fevereiro, 2022<\/time><\/div>\n<div class=\"wp-block-post-excerpt\"><p class=\"wp-block-post-excerpt__excerpt\">Manuel C\u00e9lio Concei\u00e7\u00e3o at LEIC Research 2021 as invited speaker <a class=\"wp-block-post-excerpt__more-link\" href=\"https:\/\/antigo.ciac.pt\/news\/international-event-21\/14986\">+ Info<\/a><\/p><\/div>\n<\/li>\n\n<li class=\"wp-block-post post-14984 post type-post status-publish format-standard hentry category-featured category-news\">\n<div class=\"wp-block-post-title\">EVENT<\/div>\n<div class=\"wp-block-post-date\"><time datetime=\"2022-02-28T11:37:45+00:00\">28 Fevereiro, 2022<\/time><\/div>\n<div class=\"wp-block-post-excerpt\"><p class=\"wp-block-post-excerpt__excerpt\">CIAC present at the 12th Portuguese-Brazilian Open Science Conference <a class=\"wp-block-post-excerpt__more-link\" href=\"https:\/\/antigo.ciac.pt\/news\/event-37\/14984\">+ Info<\/a><\/p><\/div>\n<\/li>\n\n<li class=\"wp-block-post post-14981 post type-post status-publish format-standard hentry category-featured category-news investigadores-ana-isabel-soares\">\n<div class=\"wp-block-post-title\">INTERVIEW<\/div>\n<div class=\"wp-block-post-date\"><time datetime=\"2022-02-28T11:27:17+00:00\">28 Fevereiro, 2022<\/time><\/div>\n<div class=\"wp-block-post-excerpt\"><p class=\"wp-block-post-excerpt__excerpt\">Interview by Ana Isabel Soares with the filmmaker Jo\u00e3o Dias is available online <a class=\"wp-block-post-excerpt__more-link\" href=\"https:\/\/antigo.ciac.pt\/news\/interview\/14981\">+ Info<\/a><\/p><\/div>\n<\/li>\n\n<li class=\"wp-block-post post-14979 post type-post status-publish format-standard hentry category-featured category-news investigadores-ana-filipa-martins\">\n<div class=\"wp-block-post-title\">SEMINAR<\/div>\n<div class=\"wp-block-post-date\"><time datetime=\"2022-02-28T11:09:53+00:00\">28 Fevereiro, 2022<\/time><\/div>\n<div class=\"wp-block-post-excerpt\"><p class=\"wp-block-post-excerpt__excerpt\">CIAC and ESEC promote seminar about the use of digital tools in the classroom <a class=\"wp-block-post-excerpt__more-link\" href=\"https:\/\/antigo.ciac.pt\/news\/seminar-14\/14979\">+ Info<\/a><\/p><\/div>\n<\/li>\n\n<li class=\"wp-block-post post-14977 post type-post status-publish format-standard hentry category-featured category-news investigadores-antonio-costa-valente\">\n<div class=\"wp-block-post-title\">INTERNATIONAL EVENT<\/div>\n<div class=\"wp-block-post-date\"><time datetime=\"2022-02-28T10:57:49+00:00\">28 Fevereiro, 2022<\/time><\/div>\n<div class=\"wp-block-post-excerpt\"><p class=\"wp-block-post-excerpt__excerpt\">Ant\u00f3nio Costa Valente attends the I Molina es Cine Week <a class=\"wp-block-post-excerpt__more-link\" href=\"https:\/\/antigo.ciac.pt\/news\/international-event-20\/14977\">+ Info<\/a><\/p><\/div>\n<\/li>\n\n<li class=\"wp-block-post post-14975 post type-post status-publish format-standard hentry category-featured category-news investigadores-ana-isabel-soares\">\n<div class=\"wp-block-post-title\">INTERNATIONAL SEMINAR<\/div>\n<div class=\"wp-block-post-date\"><time datetime=\"2022-02-28T10:47:19+00:00\">28 Fevereiro, 2022<\/time><\/div>\n<div class=\"wp-block-post-excerpt\"><p class=\"wp-block-post-excerpt__excerpt\">Ana Isabel Soares participates in a seminar promoted by Universidad Rey Juan Carlos <a class=\"wp-block-post-excerpt__more-link\" href=\"https:\/\/antigo.ciac.pt\/news\/international-seminar\/14975\">+ Info<\/a><\/p><\/div>\n<\/li>\n\n<li class=\"wp-block-post post-14973 post type-post status-publish format-standard hentry category-featured category-news investigadores-bruno-mendes-da-silva investigadores-jorge-carrega\">\n<div class=\"wp-block-post-title\">CONFERENCE<\/div>\n<div class=\"wp-block-post-date\"><time datetime=\"2022-02-28T10:38:12+00:00\">28 Fevereiro, 2022<\/time><\/div>\n<div class=\"wp-block-post-excerpt\"><p class=\"wp-block-post-excerpt__excerpt\">CIAC at the Conference \u201cCinema, Memory(s) and Heritage(s)\u201d <a class=\"wp-block-post-excerpt__more-link\" href=\"https:\/\/antigo.ciac.pt\/news\/conference-14\/14973\">+ Info<\/a><\/p><\/div>\n<\/li>\n\n<li class=\"wp-block-post post-14971 post type-post status-publish format-standard hentry category-featured category-news investigadores-antonio-costa-valente\">\n<div class=\"wp-block-post-title\">EVENT<\/div>\n<div class=\"wp-block-post-date\"><time datetime=\"2022-02-28T10:25:15+00:00\">28 Fevereiro, 2022<\/time><\/div>\n<div class=\"wp-block-post-excerpt\"><p class=\"wp-block-post-excerpt__excerpt\">Ant\u00f3nio Costa Valente present at the Lusoconf Meeting 2021 <a class=\"wp-block-post-excerpt__more-link\" href=\"https:\/\/antigo.ciac.pt\/news\/event-36\/14971\">+ Info<\/a><\/p><\/div>\n<\/li>\n\n<li class=\"wp-block-post post-14969 post type-post status-publish format-standard hentry category-featured category-news investigadores-bruno-mendes-da-silva investigadores-gabriela-borges investigadores-hugo-canossa investigadores-ines-argolo investigadores-mirian-tavares investigadores-rosimaria-rocha investigadores-susana-costa\">\n<div class=\"wp-block-post-title\">ARTECH CONFERENCE 2021<\/div>\n<div class=\"wp-block-post-date\"><time datetime=\"2022-02-28T10:16:54+00:00\">28 Fevereiro, 2022<\/time><\/div>\n<div class=\"wp-block-post-excerpt\"><p class=\"wp-block-post-excerpt__excerpt\">CIAC attends Artech International Conference 2021 <a class=\"wp-block-post-excerpt__more-link\" href=\"https:\/\/antigo.ciac.pt\/news\/artech-conference-2021\/14969\">+ Info<\/a><\/p><\/div>\n<\/li>\n\n<li class=\"wp-block-post post-14967 post type-post status-publish format-standard hentry category-featured category-news investigadores-isabel-carvalho investigadores-jose-bidarra investigadores-pedro-alves-da-veiga\">\n<div class=\"wp-block-post-title\">WEBINAR<\/div>\n<div class=\"wp-block-post-date\"><time datetime=\"2022-02-28T09:58:49+00:00\">28 Fevereiro, 2022<\/time><\/div>\n<div class=\"wp-block-post-excerpt\"><p class=\"wp-block-post-excerpt__excerpt\">Universidade Aberta and CIAC organize webinar about art and entrepreneurship  <a class=\"wp-block-post-excerpt__more-link\" href=\"https:\/\/antigo.ciac.pt\/news\/webinar-4\/14967\">+ Info<\/a><\/p><\/div>\n<\/li>\n\n<li class=\"wp-block-post post-14963 post type-post status-publish format-standard hentry category-featured category-news investigadores-manuel-celio-conceicao\">\n<div class=\"wp-block-post-title\">BOOK PRESENTATION<\/div>\n<div class=\"wp-block-post-date\"><time datetime=\"2022-02-28T09:50:05+00:00\">28 Fevereiro, 2022<\/time><\/div>\n<div class=\"wp-block-post-excerpt\"><p class=\"wp-block-post-excerpt__excerpt\">Book supported by CIAC presented at the XVII Realiter Scientific Journeys <a class=\"wp-block-post-excerpt__more-link\" href=\"https:\/\/antigo.ciac.pt\/news\/book-presentation-2\/14963\">+ Info<\/a><\/p><\/div>\n<\/li>\n\n<li class=\"wp-block-post post-14961 post type-post status-publish format-standard hentry category-featured category-news investigadores-ana-isabel-soares\">\n<div class=\"wp-block-post-title\">FILM EXERCISE<\/div>\n<div class=\"wp-block-post-date\"><time datetime=\"2022-02-24T12:13:54+00:00\">24 Fevereiro, 2022<\/time><\/div>\n<div class=\"wp-block-post-excerpt\"><p class=\"wp-block-post-excerpt__excerpt\">Film exercise by Ana Isabel Soares available online <a class=\"wp-block-post-excerpt__more-link\" href=\"https:\/\/antigo.ciac.pt\/news\/film-exercise\/14961\">+ Info<\/a><\/p><\/div>\n<\/li>\n\n<li class=\"wp-block-post post-14959 post type-post status-publish format-standard hentry category-featured category-news investigadores-hernando-urrutia\">\n<div class=\"wp-block-post-title\">DOCTORAL EXAM IN DIGITAL MEDIA ART<\/div>\n<div class=\"wp-block-post-date\"><time datetime=\"2022-02-24T12:03:24+00:00\">24 Fevereiro, 2022<\/time><\/div>\n<div class=\"wp-block-post-excerpt\"><p class=\"wp-block-post-excerpt__excerpt\">Hernando Hurrutia defended the exam for the degree of doctor in Digital Media Art <a class=\"wp-block-post-excerpt__more-link\" href=\"https:\/\/antigo.ciac.pt\/news\/doctoral-exam-in-digital-media-art\/14959\">+ Info<\/a><\/p><\/div>\n<\/li>\n\n<li class=\"wp-block-post post-14957 post type-post status-publish format-standard hentry category-featured category-news investigadores-manuel-celio-conceicao\">\n<div class=\"wp-block-post-title\">INTERNATIONAL EVENT<\/div>\n<div class=\"wp-block-post-date\"><time datetime=\"2022-02-24T11:56:46+00:00\">24 Fevereiro, 2022<\/time><\/div>\n<div class=\"wp-block-post-excerpt\"><p class=\"wp-block-post-excerpt__excerpt\">Manuel C\u00e9lio Concei\u00e7\u00e3o at the NatAcLang International Conference <a class=\"wp-block-post-excerpt__more-link\" href=\"https:\/\/antigo.ciac.pt\/news\/international-event-19\/14957\">+ Info<\/a><\/p><\/div>\n<\/li>\n\n<li class=\"wp-block-post post-14955 post type-post status-publish format-standard hentry category-featured category-news investigadores-antonio-costa-valente\">\n<div class=\"wp-block-post-title\">EVENT<\/div>\n<div class=\"wp-block-post-date\"><time datetime=\"2022-02-24T11:49:27+00:00\">24 Fevereiro, 2022<\/time><\/div>\n<div class=\"wp-block-post-excerpt\"><p class=\"wp-block-post-excerpt__excerpt\">CIAC participates in the 2nd Meeting The Creative Process- Filmmakers and Researchers: Against Plans <a class=\"wp-block-post-excerpt__more-link\" href=\"https:\/\/antigo.ciac.pt\/news\/event-35\/14955\">+ Info<\/a><\/p><\/div>\n<\/li>\n\n<li class=\"wp-block-post post-14953 post type-post status-publish format-standard hentry category-featured category-news investigadores-bruno-mendes-da-silva investigadores-jorge-carrega investigadores-mirian-tavares investigadores-rudolfo-quintas\">\n<div class=\"wp-block-post-title\">EVENT<\/div>\n<div class=\"wp-block-post-date\"><time datetime=\"2022-02-24T11:37:26+00:00\">24 Fevereiro, 2022<\/time><\/div>\n<div class=\"wp-block-post-excerpt\"><p class=\"wp-block-post-excerpt__excerpt\">Launch of the project \u201cA Manifesta\u00e7\u00e3o do Ser\u201d, supported by CIAC, happens on the 11 of October <a class=\"wp-block-post-excerpt__more-link\" href=\"https:\/\/antigo.ciac.pt\/news\/event-34\/14953\">+ Info<\/a><\/p><\/div>\n<\/li>\n\n<li class=\"wp-block-post post-14947 post type-post status-publish format-standard hentry category-featured category-news investigadores-bruno-mendes-da-silva investigadores-juliana-wexel\">\n<div class=\"wp-block-post-title\">INTERNATIONAL EVENT<\/div>\n<div class=\"wp-block-post-date\"><time datetime=\"2022-02-24T11:25:06+00:00\">24 Fevereiro, 2022<\/time><\/div>\n<div class=\"wp-block-post-excerpt\"><p class=\"wp-block-post-excerpt__excerpt\">CIAC present at the International Congress CUICIID 2021 <a class=\"wp-block-post-excerpt__more-link\" href=\"https:\/\/antigo.ciac.pt\/news\/international-event-18\/14947\">+ Info<\/a><\/p><\/div>\n<\/li>\n\n<li class=\"wp-block-post post-14945 post type-post status-publish format-standard hentry category-featured category-news investigadores-joao-pinto\">\n<div class=\"wp-block-post-title\">EVENT<\/div>\n<div class=\"wp-block-post-date\"><time datetime=\"2022-02-24T09:22:41+00:00\">24 Fevereiro, 2022<\/time><\/div>\n<div class=\"wp-block-post-excerpt\"><p class=\"wp-block-post-excerpt__excerpt\">V Meeting of the Work Group of Young Researchers of SOPCOM with the presence of CIAC <a class=\"wp-block-post-excerpt__more-link\" href=\"https:\/\/antigo.ciac.pt\/news\/event-33\/14945\">+ Info<\/a><\/p><\/div>\n<\/li>\n\n<li class=\"wp-block-post post-14942 post type-post status-publish format-standard hentry category-featured category-news investigadores-bruno-mendes-da-silva investigadores-filipa-cerol investigadores-mirian-tavares investigadores-susana-costa\">\n<div class=\"wp-block-post-title\">PLAY YOUR ROLE<\/div>\n<div class=\"wp-block-post-date\"><time datetime=\"2022-02-24T09:09:16+00:00\">24 Fevereiro, 2022<\/time><\/div>\n<div class=\"wp-block-post-excerpt\"><p class=\"wp-block-post-excerpt__excerpt\">Play Your Role launch \u201cBrochure about Hackathon Games \u201d and participates in the FIC.A Festival  <a class=\"wp-block-post-excerpt__more-link\" href=\"https:\/\/antigo.ciac.pt\/news\/play-your-role-13\/14942\">+ Info<\/a><\/p><\/div>\n<\/li>\n\n<li class=\"wp-block-post post-14929 post type-post status-publish format-standard hentry category-featured category-news investigadores-bruno-mendes-da-silva investigadores-cecilia-salles investigadores-jorge-carrega investigadores-mirian-tavares investigadores-patricia-dourado investigadores-susana-costa\">\n<div class=\"wp-block-post-title\">ROTURA MAGAZINE<\/div>\n<div class=\"wp-block-post-date\"><time datetime=\"2022-02-23T15:41:43+00:00\">23 Fevereiro, 2022<\/time><\/div>\n<div class=\"wp-block-post-excerpt\"><p class=\"wp-block-post-excerpt__excerpt\">The new issue of Rotura Magazine is already available <a class=\"wp-block-post-excerpt__more-link\" href=\"https:\/\/antigo.ciac.pt\/news\/rotura-magazine\/14929\">+ Info<\/a><\/p><\/div>\n<\/li>\n\n<li class=\"wp-block-post post-14926 post type-post status-publish format-standard hentry category-featured category-news investigadores-antonio-costa-valente investigadores-mirian-tavares\">\n<div class=\"wp-block-post-title\">NEW PUBLICATION<\/div>\n<div class=\"wp-block-post-date\"><time datetime=\"2022-02-23T14:27:41+00:00\">23 Fevereiro, 2022<\/time><\/div>\n<div class=\"wp-block-post-excerpt\"><p class=\"wp-block-post-excerpt__excerpt\">New publication about the History of Cinema includes articles by Mirian Tavares and Ant\u00f3nio Costa Valente <a class=\"wp-block-post-excerpt__more-link\" href=\"https:\/\/antigo.ciac.pt\/news\/new-publication-16\/14926\">+ Info<\/a><\/p><\/div>\n<\/li>\n\n<li class=\"wp-block-post post-14924 post type-post status-publish format-standard hentry category-featured category-news investigadores-maria-jose-marques investigadores-silvia-quinteiro\">\n<div class=\"wp-block-post-title\">BOOK PRESENTATION<\/div>\n<div class=\"wp-block-post-date\"><time datetime=\"2022-02-23T14:15:05+00:00\">23 Fevereiro, 2022<\/time><\/div>\n<div class=\"wp-block-post-excerpt\"><p class=\"wp-block-post-excerpt__excerpt\">CIAC researcher presents the book \u201cDeus Pan e outros contos\u201d by Jos\u00e9 Dias Sancho <a class=\"wp-block-post-excerpt__more-link\" href=\"https:\/\/antigo.ciac.pt\/news\/book-presentation\/14924\">+ Info<\/a><\/p><\/div>\n<\/li>\n\n<li class=\"wp-block-post post-14922 post type-post status-publish format-standard hentry category-featured category-news investigadores-mirian-tavares\">\n<div class=\"wp-block-post-title\">EVENT<\/div>\n<div class=\"wp-block-post-date\"><time datetime=\"2022-02-23T14:03:29+00:00\">23 Fevereiro, 2022<\/time><\/div>\n<div class=\"wp-block-post-excerpt\"><p class=\"wp-block-post-excerpt__excerpt\">CIAC participates in the I International Symposium of Research Integration in the project \u201cSyphius No\u201d  <a class=\"wp-block-post-excerpt__more-link\" href=\"https:\/\/antigo.ciac.pt\/news\/event-32\/14922\">+ Info<\/a><\/p><\/div>\n<\/li>\n\n<li class=\"wp-block-post post-14920 post type-post status-publish format-standard hentry category-featured category-news investigadores-ana-isabel-soares\">\n<div class=\"wp-block-post-title\">EVENT<\/div>\n<div class=\"wp-block-post-date\"><time datetime=\"2022-02-23T13:37:01+00:00\">23 Fevereiro, 2022<\/time><\/div>\n<div class=\"wp-block-post-excerpt\"><p class=\"wp-block-post-excerpt__excerpt\">Ana Isabel Soares present at Porto Femme \u2013 International Film Festival <a class=\"wp-block-post-excerpt__more-link\" href=\"https:\/\/antigo.ciac.pt\/news\/event-31\/14920\">+ Info<\/a><\/p><\/div>\n<\/li>\n\n<li class=\"wp-block-post post-14918 post type-post status-publish format-standard hentry category-featured category-news investigadores-bruno-mendes-da-silva\">\n<div class=\"wp-block-post-title\">CIAC WEBINARS<\/div>\n<div class=\"wp-block-post-date\"><time datetime=\"2022-02-23T13:27:29+00:00\">23 Fevereiro, 2022<\/time><\/div>\n<div class=\"wp-block-post-excerpt\"><p class=\"wp-block-post-excerpt__excerpt\">\u201cCIAC WEBINARS\u201d start in October and Nigel Power is the first guest <a class=\"wp-block-post-excerpt__more-link\" href=\"https:\/\/antigo.ciac.pt\/news\/ciac-webinars-6\/14918\">+ Info<\/a><\/p><\/div>\n<\/li>\n\n<li class=\"wp-block-post post-14915 post type-post status-publish format-standard hentry category-featured category-news investigadores-antonio-costa-valente\">\n<div class=\"wp-block-post-title\">EVENT<\/div>\n<div class=\"wp-block-post-date\"><time datetime=\"2022-02-23T10:04:23+00:00\">23 Fevereiro, 2022<\/time><\/div>\n<div class=\"wp-block-post-excerpt\"><p class=\"wp-block-post-excerpt__excerpt\">CIAC participates in the III Festival of Accessible Cinema <a class=\"wp-block-post-excerpt__more-link\" href=\"https:\/\/antigo.ciac.pt\/news\/event-30\/14915\">+ Info<\/a><\/p><\/div>\n<\/li>\n\n<li class=\"wp-block-post post-14912 post type-post status-publish format-standard hentry category-featured category-news investigadores-joao-paulo-cruz-pereira\">\n<div class=\"wp-block-post-title\">NEW PUBLICATION<\/div>\n<div class=\"wp-block-post-date\"><time datetime=\"2022-02-23T09:52:22+00:00\">23 Fevereiro, 2022<\/time><\/div>\n<div class=\"wp-block-post-excerpt\"><p class=\"wp-block-post-excerpt__excerpt\">Article by CIAC collaborator published in Converg\u00eancia Lus\u00edada magazine  <a class=\"wp-block-post-excerpt__more-link\" href=\"https:\/\/antigo.ciac.pt\/news\/new-publication-15\/14912\">+ Info<\/a><\/p><\/div>\n<\/li>\n\n<li class=\"wp-block-post post-14909 post type-post status-publish format-standard hentry category-featured category-news investigadores-ana-carvalho investigadores-ana-clara-santos investigadores-celia-vieira investigadores-ines-guerra investigadores-jose-bidarra investigadores-juliana-wexel investigadores-mirian-tavares investigadores-pedro-alves-da-veiga investigadores-susana-costa\">\n<div class=\"wp-block-post-title\">CYPET<\/div>\n<div class=\"wp-block-post-date\"><time datetime=\"2022-02-23T09:25:01+00:00\">23 Fevereiro, 2022<\/time><\/div>\n<div class=\"wp-block-post-excerpt\"><p class=\"wp-block-post-excerpt__excerpt\">CIAC\u2019S project for the development of a new pedagogical model for teaching cyberperformance in higher education approved for FCT funding  <a class=\"wp-block-post-excerpt__more-link\" href=\"https:\/\/antigo.ciac.pt\/news\/cypet-4\/14909\">+ Info<\/a><\/p><\/div>\n<\/li>\n\n<li class=\"wp-block-post post-14907 post type-post status-publish format-standard hentry category-featured category-news investigadores-bruno-mendes-da-silva investigadores-juliana-wexel investigadores-mirian-tavares\">\n<div class=\"wp-block-post-title\">INTERNATIONAL EVENT<\/div>\n<div class=\"wp-block-post-date\"><time datetime=\"2022-02-23T09:01:21+00:00\">23 Fevereiro, 2022<\/time><\/div>\n<div class=\"wp-block-post-excerpt\"><p class=\"wp-block-post-excerpt__excerpt\">Juliana Wexel, Mirian Tavares and Bruno Mendes da Silva at the ICOAH  international Conference 2021 <a class=\"wp-block-post-excerpt__more-link\" href=\"https:\/\/antigo.ciac.pt\/news\/international-event-17\/14907\">+ Info<\/a><\/p><\/div>\n<\/li>\n\n<li class=\"wp-block-post post-14898 post type-post status-publish format-standard hentry category-featured category-news investigadores-bruno-mendes-da-silva investigadores-jorge-carrega investigadores-mirian-tavares investigadores-susana-costa\">\n<div class=\"wp-block-post-title\">THE FORKING PATHS<\/div>\n<div class=\"wp-block-post-date\"><time datetime=\"2022-02-22T15:51:39+00:00\">22 Fevereiro, 2022<\/time><\/div>\n<div class=\"wp-block-post-excerpt\"><p class=\"wp-block-post-excerpt__excerpt\">The book \u201cThe forking paths\u201d will be presented on the 24th of September at Fnac Faro <a class=\"wp-block-post-excerpt__more-link\" href=\"https:\/\/antigo.ciac.pt\/news\/the-forking-paths-4\/14898\">+ Info<\/a><\/p><\/div>\n<\/li>\n\n<li class=\"wp-block-post post-14896 post type-post status-publish format-standard hentry category-featured category-news investigadores-pedro-alves-da-veiga\">\n<div class=\"wp-block-post-title\">WORKSHOP<\/div>\n<div class=\"wp-block-post-date\"><time datetime=\"2022-02-22T15:40:49+00:00\">22 Fevereiro, 2022<\/time><\/div>\n<div class=\"wp-block-post-excerpt\"><p class=\"wp-block-post-excerpt__excerpt\">Zer0 museum hosts Pedro Alves da Veiga`s workshop about creative programming <a class=\"wp-block-post-excerpt__more-link\" href=\"https:\/\/antigo.ciac.pt\/news\/workshop-9\/14896\">+ Info<\/a><\/p><\/div>\n<\/li>\n\n<li class=\"wp-block-post post-14894 post type-post status-publish format-standard hentry category-featured category-news investigadores-edgar-pera\">\n<div class=\"wp-block-post-title\">EVENT<\/div>\n<div class=\"wp-block-post-date\"><time datetime=\"2022-02-22T15:30:02+00:00\">22 Fevereiro, 2022<\/time><\/div>\n<div class=\"wp-block-post-excerpt\"><p class=\"wp-block-post-excerpt__excerpt\">Director and CIAC collaborator Edgar P\u00eara in the Portuguese Film Festival CIC_CIAC <a class=\"wp-block-post-excerpt__more-link\" href=\"https:\/\/antigo.ciac.pt\/news\/event-29\/14894\">+ Info<\/a><\/p><\/div>\n<\/li>\n\n<li class=\"wp-block-post post-14892 post type-post status-publish format-standard hentry category-featured category-news investigadores-manuel-celio-conceicao\">\n<div class=\"wp-block-post-title\">CIAC AT IPQ<\/div>\n<div class=\"wp-block-post-date\"><time datetime=\"2022-02-22T15:21:07+00:00\">22 Fevereiro, 2022<\/time><\/div>\n<div class=\"wp-block-post-excerpt\"><p class=\"wp-block-post-excerpt__excerpt\">Manuel C\u00e9lio Concei\u00e7\u00e3o integrates the Portuguese Quality Institute\u2019s Technical Committee dedicated to Terminology, Language and Languages <a class=\"wp-block-post-excerpt__more-link\" href=\"https:\/\/antigo.ciac.pt\/news\/ciac-at-ipq\/14892\">+ Info<\/a><\/p><\/div>\n<\/li>\n\n<li class=\"wp-block-post post-14889 post type-post status-publish format-standard hentry category-featured category-news investigadores-juliana-wexel investigadores-mirian-tavares investigadores-silvia-quinteiro\">\n<div class=\"wp-block-post-title\">INTERNATIONAL EVENT<\/div>\n<div class=\"wp-block-post-date\"><time datetime=\"2022-02-22T15:09:54+00:00\">22 Fevereiro, 2022<\/time><\/div>\n<div class=\"wp-block-post-excerpt\"><p class=\"wp-block-post-excerpt__excerpt\">CIAC collaborator selected to participate in the action \u201cTraining school on local stories and visual narratives (Estonia) <a class=\"wp-block-post-excerpt__more-link\" href=\"https:\/\/antigo.ciac.pt\/news\/international-event-16\/14889\">+ Info<\/a><\/p><\/div>\n<\/li>\n\n<li class=\"wp-block-post post-14884 post type-post status-publish format-standard hentry category-featured category-news investigadores-antonio-araujo investigadores-manuel-flores investigadores-mauro-figueiredo\">\n<div class=\"wp-block-post-title\">EVENT<\/div>\n<div class=\"wp-block-post-date\"><time datetime=\"2022-02-22T14:56:19+00:00\">22 Fevereiro, 2022<\/time><\/div>\n<div class=\"wp-block-post-excerpt\"><p class=\"wp-block-post-excerpt__excerpt\">CIAC attends the XII International Conference Challenges 2021  <a class=\"wp-block-post-excerpt__more-link\" href=\"https:\/\/antigo.ciac.pt\/news\/event-28\/14884\">+ Info<\/a><\/p><\/div>\n<\/li>\n\n<li class=\"wp-block-post post-14882 post type-post status-publish format-standard hentry category-featured category-news investigadores-tiago-cruz\">\n<div class=\"wp-block-post-title\">INTERNATIONAL EVENT<\/div>\n<div class=\"wp-block-post-date\"><time datetime=\"2022-02-22T14:43:17+00:00\">22 Fevereiro, 2022<\/time><\/div>\n<div class=\"wp-block-post-excerpt\"><p class=\"wp-block-post-excerpt__excerpt\">CIAC researcher exhibits work at simultan festival (Romania) <a class=\"wp-block-post-excerpt__more-link\" href=\"https:\/\/antigo.ciac.pt\/news\/international-event-15\/14882\">+ Info<\/a><\/p><\/div>\n<\/li>\n\n<li class=\"wp-block-post post-14880 post type-post status-publish format-standard hentry category-featured category-news\">\n<div class=\"wp-block-post-title\">NEW PUBLICATION<\/div>\n<div class=\"wp-block-post-date\"><time datetime=\"2022-02-22T14:32:37+00:00\">22 Fevereiro, 2022<\/time><\/div>\n<div class=\"wp-block-post-excerpt\"><p class=\"wp-block-post-excerpt__excerpt\">Navega\u00e7\u00f5es magazine publishes an article by a CIAC collaborator  <a class=\"wp-block-post-excerpt__more-link\" href=\"https:\/\/antigo.ciac.pt\/news\/new-publication-14\/14880\">+ Info<\/a><\/p><\/div>\n<\/li>\n\n<li class=\"wp-block-post post-14876 post type-post status-publish format-standard hentry category-featured category-news\">\n<div class=\"wp-block-post-title\">PLAY YOUR ROLE<\/div>\n<div class=\"wp-block-post-date\"><time datetime=\"2022-02-21T16:23:09+00:00\">21 Fevereiro, 2022<\/time><\/div>\n<div class=\"wp-block-post-excerpt\"><p class=\"wp-block-post-excerpt__excerpt\">Event \u201cGames against hate Speech\u201d takes place on the 18th of september and marks the end of the project Play Your Role <a class=\"wp-block-post-excerpt__more-link\" href=\"https:\/\/antigo.ciac.pt\/news\/play-your-role-12\/14876\">+ Info<\/a><\/p><\/div>\n<\/li>\n\n<li class=\"wp-block-post post-14874 post type-post status-publish format-standard hentry category-featured category-news investigadores-antonio-costa-valente\">\n<div class=\"wp-block-post-title\">EVENT<\/div>\n<div class=\"wp-block-post-date\"><time datetime=\"2022-02-21T15:37:41+00:00\">21 Fevereiro, 2022<\/time><\/div>\n<div class=\"wp-block-post-excerpt\"><p class=\"wp-block-post-excerpt__excerpt\">CIAC researcher present at the 1st international audiovisual conference of APTRAD <a class=\"wp-block-post-excerpt__more-link\" href=\"https:\/\/antigo.ciac.pt\/news\/event-27\/14874\">+ Info<\/a><\/p><\/div>\n<\/li>\n\n<li class=\"wp-block-post post-14872 post type-post status-publish format-standard hentry category-featured category-news investigadores-maria-jesus-vilar investigadores-pere-ferre\">\n<div class=\"wp-block-post-title\">INTERNATIONAL EVENT<\/div>\n<div class=\"wp-block-post-date\"><time datetime=\"2022-02-21T15:13:46+00:00\">21 Fevereiro, 2022<\/time><\/div>\n<div class=\"wp-block-post-excerpt\"><p class=\"wp-block-post-excerpt__excerpt\">Center of Galician studies of Ualg and CIAC present \u201cColecci\u00f3n de textos e estudos\u201d in Santiago de Compostela <a class=\"wp-block-post-excerpt__more-link\" href=\"https:\/\/antigo.ciac.pt\/news\/international-event-14\/14872\">+ Info<\/a><\/p><\/div>\n<\/li>\n\n<li class=\"wp-block-post post-14869 post type-post status-publish format-standard hentry category-featured category-news investigadores-olivia-novoa-fernandez\">\n<div class=\"wp-block-post-title\">INTERNATIONAL EVENT<\/div>\n<div class=\"wp-block-post-date\"><time datetime=\"2022-02-21T12:09:22+00:00\">21 Fevereiro, 2022<\/time><\/div>\n<div class=\"wp-block-post-excerpt\"><p class=\"wp-block-post-excerpt__excerpt\">CIAC at the 31st Asele International Congress  <a class=\"wp-block-post-excerpt__more-link\" href=\"https:\/\/antigo.ciac.pt\/news\/international-event-13\/14869\">+ Info<\/a><\/p><\/div>\n<\/li>\n<\/ul>\n<\/div><\/div>\n\n\n\n<div class=\"wp-block-advgb-accordion-item advgb-accordion-item\" style=\"margin-bottom:15px\"><div class=\"advgb-accordion-header\" style=\"background-color:#ffffff;color:#000000;border-style:solid;border-width:0px;border-color:#ffffff\"><span class=\"advgb-accordion-header-icon\"><svg fill=\"#000000\" xmlns=\"http:\/\/www.w3.org\/2000\/svg\" width=\"24\" height=\"24\" viewBox=\"0 0 24 24\"><path fill=\"none\" d=\"M0,0h24v24H0V0z\"><\/path><path d=\"M6,10c-1.1,0-2,0.9-2,2s0.9,2,2,2s2-0.9,2-2S7.1,10,6,10z M18,10c-1.1,0-2,0.9-2,2s0.9,2,2,2s2-0.9,2-2S19.1,10,18,10z M12,10c-1.1,0-2,0.9-2,2s0.9,2,2,2s2-0.9,2-2S13.1,10,12,10z\"><\/path><\/svg><\/span><h2 class=\"advgb-accordion-header-title\" style=\"color:inherit\">2021<\/h2><\/div><div class=\"advgb-accordion-body\" style=\"border-style:solid !important;border-width:0px !important;border-color:#ffffff !important;border-top:none !important\">\n<ul>\n<li class=\"wp-block-post post-14488 post type-post status-publish format-standard hentry category-featured category-news\">\n<div class=\"wp-block-post-title\">EXHIBITION<\/div>\n<div class=\"wp-block-post-date\"><time datetime=\"2021-11-30T12:40:20+00:00\">30 Novembro, 2021<\/time><\/div>\n<div class=\"wp-block-post-excerpt\"><p class=\"wp-block-post-excerpt__excerpt\">INVITRO project starts the new season of the exhibitions cycle on 15th September with the \u201cEntre Tecidos\u201d installation <a class=\"wp-block-post-excerpt__more-link\" href=\"https:\/\/antigo.ciac.pt\/news\/exhibition-58\/14488\">+ Info<\/a><\/p><\/div>\n<\/li>\n\n<li class=\"wp-block-post post-14486 post type-post status-publish format-standard hentry category-featured category-news\">\n<div class=\"wp-block-post-title\">NEW PUBLICATION<\/div>\n<div class=\"wp-block-post-date\"><time datetime=\"2021-11-30T12:24:11+00:00\">30 Novembro, 2021<\/time><\/div>\n<div class=\"wp-block-post-excerpt\"><p class=\"wp-block-post-excerpt__excerpt\">International publication has a chapter by CIAC researcher Raquel Pacheco <a class=\"wp-block-post-excerpt__more-link\" href=\"https:\/\/antigo.ciac.pt\/news\/new-publication-13\/14486\">+ Info<\/a><\/p><\/div>\n<\/li>\n\n<li class=\"wp-block-post post-14482 post type-post status-publish format-standard hentry category-featured category-news\">\n<div class=\"wp-block-post-title\">NEW PUBLICATION<\/div>\n<div class=\"wp-block-post-date\"><time datetime=\"2021-11-29T15:57:30+00:00\">29 Novembro, 2021<\/time><\/div>\n<div class=\"wp-block-post-excerpt\"><p class=\"wp-block-post-excerpt__excerpt\">Human Sciences Journal publishes article by CIAC researchers <a class=\"wp-block-post-excerpt__more-link\" href=\"https:\/\/antigo.ciac.pt\/news\/new-publication-12\/14482\">+ Info<\/a><\/p><\/div>\n<\/li>\n\n<li class=\"wp-block-post post-14480 post type-post status-publish format-standard hentry category-featured category-news\">\n<div class=\"wp-block-post-title\">NEW PUBLICATION<\/div>\n<div class=\"wp-block-post-date\"><time datetime=\"2021-11-29T15:49:24+00:00\">29 Novembro, 2021<\/time><\/div>\n<div class=\"wp-block-post-excerpt\"><p class=\"wp-block-post-excerpt__excerpt\">Article by Patr\u00edcia Dourado and Mirian Tavares in Volume 2 of \u201cAudiovisual and Creative Industries: Present and Future\u201d <a class=\"wp-block-post-excerpt__more-link\" href=\"https:\/\/antigo.ciac.pt\/news\/new-publication-11\/14480\">+ Info<\/a><\/p><\/div>\n<\/li>\n\n<li class=\"wp-block-post post-14477 post type-post status-publish format-standard hentry category-featured category-news\">\n<div class=\"wp-block-post-title\">INTERNATIONAL EVENT<\/div>\n<div class=\"wp-block-post-date\"><time datetime=\"2021-11-29T15:40:10+00:00\">29 Novembro, 2021<\/time><\/div>\n<div class=\"wp-block-post-excerpt\"><p class=\"wp-block-post-excerpt__excerpt\">Ana Isabel Soares participates in the 13th Congress of the International Association of Lusitanistas <a class=\"wp-block-post-excerpt__more-link\" href=\"https:\/\/antigo.ciac.pt\/news\/international-event-12\/14477\">+ Info<\/a><\/p><\/div>\n<\/li>\n\n<li class=\"wp-block-post post-14474 post type-post status-publish format-standard hentry category-featured category-news\">\n<div class=\"wp-block-post-title\">INTERNATIONAL EVENT<\/div>\n<div class=\"wp-block-post-date\"><time datetime=\"2021-11-29T15:29:31+00:00\">29 Novembro, 2021<\/time><\/div>\n<div class=\"wp-block-post-excerpt\"><p class=\"wp-block-post-excerpt__excerpt\">CIAC at the ICCL2021 International Congress <a class=\"wp-block-post-excerpt__more-link\" href=\"https:\/\/antigo.ciac.pt\/news\/international-event-11\/14474\">+ Info<\/a><\/p><\/div>\n<\/li>\n\n<li class=\"wp-block-post post-14472 post type-post status-publish format-standard hentry category-featured category-news\">\n<div class=\"wp-block-post-title\">EVENT<\/div>\n<div class=\"wp-block-post-date\"><time datetime=\"2021-11-29T15:22:21+00:00\">29 Novembro, 2021<\/time><\/div>\n<div class=\"wp-block-post-excerpt\"><p class=\"wp-block-post-excerpt__excerpt\">CIAC researchers present at the Avanca\/Cinema 2021 Conference <a class=\"wp-block-post-excerpt__more-link\" href=\"https:\/\/antigo.ciac.pt\/news\/event-26\/14472\">+ Info<\/a><\/p><\/div>\n<\/li>\n\n<li class=\"wp-block-post post-14463 post type-post status-publish format-standard hentry category-featured category-news\">\n<div class=\"wp-block-post-title\">EXHIBITION<\/div>\n<div class=\"wp-block-post-date\"><time datetime=\"2021-11-26T16:04:02+00:00\">26 Novembro, 2021<\/time><\/div>\n<div class=\"wp-block-post-excerpt\"><p class=\"wp-block-post-excerpt__excerpt\">Exhibition curated by CIAC researcher Jorge Carrega opens on 31st July <a class=\"wp-block-post-excerpt__more-link\" href=\"https:\/\/antigo.ciac.pt\/news\/exhibition-57\/14463\">+ Info<\/a><\/p><\/div>\n<\/li>\n\n<li class=\"wp-block-post post-14461 post type-post status-publish format-standard hentry category-featured category-news\">\n<div class=\"wp-block-post-title\">NEW PUBLICATION<\/div>\n<div class=\"wp-block-post-date\"><time datetime=\"2021-11-26T15:55:16+00:00\">26 Novembro, 2021<\/time><\/div>\n<div class=\"wp-block-post-excerpt\"><p class=\"wp-block-post-excerpt__excerpt\">Article by Ana Isabel Soares, Caterina Cucinotta and Ana Catarina Pereira in Fotocinema journal <a class=\"wp-block-post-excerpt__more-link\" href=\"https:\/\/antigo.ciac.pt\/news\/new-publication-10\/14461\">+ Info<\/a><\/p><\/div>\n<\/li>\n\n<li class=\"wp-block-post post-14459 post type-post status-publish format-standard hentry category-featured category-news\">\n<div class=\"wp-block-post-title\">INTERNATIONAL EVENT<\/div>\n<div class=\"wp-block-post-date\"><time datetime=\"2021-11-26T15:45:57+00:00\">26 Novembro, 2021<\/time><\/div>\n<div class=\"wp-block-post-excerpt\"><p class=\"wp-block-post-excerpt__excerpt\">Bruno Mendes da Silva at the Interactive Film and Media Conference 2021 <a class=\"wp-block-post-excerpt__more-link\" href=\"https:\/\/antigo.ciac.pt\/news\/international-event-10\/14459\">+ Info<\/a><\/p><\/div>\n<\/li>\n\n<li class=\"wp-block-post post-14456 post type-post status-publish format-standard hentry category-featured category-news\">\n<div class=\"wp-block-post-title\">XV JORNADAS CIAC<\/div>\n<div class=\"wp-block-post-date\"><time datetime=\"2021-11-26T15:38:12+00:00\">26 Novembro, 2021<\/time><\/div>\n<div class=\"wp-block-post-excerpt\"><p class=\"wp-block-post-excerpt__excerpt\">The XV Jornadas CIAC video available on the CIAC Youtube channel <a class=\"wp-block-post-excerpt__more-link\" href=\"https:\/\/antigo.ciac.pt\/news\/xv-jornadas-ciac-6\/14456\">+ Info<\/a><\/p><\/div>\n<\/li>\n\n<li class=\"wp-block-post post-14454 post type-post status-publish format-standard hentry category-featured category-news\">\n<div class=\"wp-block-post-title\">NEW PUBLICATION: THE FORKING PATHS<\/div>\n<div class=\"wp-block-post-date\"><time datetime=\"2021-11-26T14:40:50+00:00\">26 Novembro, 2021<\/time><\/div>\n<div class=\"wp-block-post-excerpt\"><p class=\"wp-block-post-excerpt__excerpt\">Electronic version of the book \u201cThe Forking Paths\u201d available on the CIAC website <a class=\"wp-block-post-excerpt__more-link\" href=\"https:\/\/antigo.ciac.pt\/news\/new-publication-the-forking-paths\/14454\">+ Info<\/a><\/p><\/div>\n<\/li>\n\n<li class=\"wp-block-post post-14445 post type-post status-publish format-standard hentry category-featured category-news\">\n<div class=\"wp-block-post-title\">CALL FOR PAPERS<\/div>\n<div class=\"wp-block-post-date\"><time datetime=\"2021-11-25T16:05:04+00:00\">25 Novembro, 2021<\/time><\/div>\n<div class=\"wp-block-post-excerpt\"><p class=\"wp-block-post-excerpt__excerpt\">Call for papers for Rotura journal to be running between 15th July and 30th September <a class=\"wp-block-post-excerpt__more-link\" href=\"https:\/\/antigo.ciac.pt\/news\/call-for-papers-6\/14445\">+ Info<\/a><\/p><\/div>\n<\/li>\n\n<li class=\"wp-block-post post-14442 post type-post status-publish format-standard hentry category-featured category-news\">\n<div class=\"wp-block-post-title\">iHERITAGE<\/div>\n<div class=\"wp-block-post-date\"><time datetime=\"2021-11-25T15:49:27+00:00\">25 Novembro, 2021<\/time><\/div>\n<div class=\"wp-block-post-excerpt\"><p class=\"wp-block-post-excerpt__excerpt\">Mirian Tavares and Bruno Mendes da Silva at the 2nd Steering Committee of the iHERITAGE project <a class=\"wp-block-post-excerpt__more-link\" href=\"https:\/\/antigo.ciac.pt\/news\/iheritage-2\/14442\">+ Info<\/a><\/p><\/div>\n<\/li>\n\n<li class=\"wp-block-post post-14439 post type-post status-publish format-standard hentry category-featured category-news\">\n<div class=\"wp-block-post-title\">EVENT<\/div>\n<div class=\"wp-block-post-date\"><time datetime=\"2021-11-25T15:28:04+00:00\">25 Novembro, 2021<\/time><\/div>\n<div class=\"wp-block-post-excerpt\"><p class=\"wp-block-post-excerpt__excerpt\">CIAC present at an event promoted by the Nogueira da Silva Museum in Braga <a class=\"wp-block-post-excerpt__more-link\" href=\"https:\/\/antigo.ciac.pt\/news\/event-25\/14439\">+ Info<\/a><\/p><\/div>\n<\/li>\n\n<li class=\"wp-block-post post-14437 post type-post status-publish format-standard hentry category-featured category-news\">\n<div class=\"wp-block-post-title\">EVENT<\/div>\n<div class=\"wp-block-post-date\"><time datetime=\"2021-11-25T15:14:50+00:00\">25 Novembro, 2021<\/time><\/div>\n<div class=\"wp-block-post-excerpt\"><p class=\"wp-block-post-excerpt__excerpt\">CIAC researcher participates in the \u201c5 Minutes of Drawing\u201d initiative <a class=\"wp-block-post-excerpt__more-link\" href=\"https:\/\/antigo.ciac.pt\/news\/event-24\/14437\">+ Info<\/a><\/p><\/div>\n<\/li>\n\n<li class=\"wp-block-post post-14434 post type-post status-publish format-standard hentry category-featured category-news\">\n<div class=\"wp-block-post-title\">NEW PUBLICATION<\/div>\n<div class=\"wp-block-post-date\"><time datetime=\"2021-11-25T12:24:42+00:00\">25 Novembro, 2021<\/time><\/div>\n<div class=\"wp-block-post-excerpt\"><p class=\"wp-block-post-excerpt__excerpt\">Article by Mirian Tavares, Patr\u00edcia Dourado and C\u00e9lia Salles published in GEMInIS magazine <a class=\"wp-block-post-excerpt__more-link\" href=\"https:\/\/antigo.ciac.pt\/news\/new-publication-9\/14434\">+ Info<\/a><\/p><\/div>\n<\/li>\n\n<li class=\"wp-block-post post-14432 post type-post status-publish format-standard hentry category-featured category-news\">\n<div class=\"wp-block-post-title\">XV JORNADAS CIAC<\/div>\n<div class=\"wp-block-post-date\"><time datetime=\"2021-11-25T12:13:23+00:00\">25 Novembro, 2021<\/time><\/div>\n<div class=\"wp-block-post-excerpt\"><p class=\"wp-block-post-excerpt__excerpt\">The Book of Abstracts is now available <a class=\"wp-block-post-excerpt__more-link\" href=\"https:\/\/antigo.ciac.pt\/news\/xv-jornadas-ciac-5\/14432\">+ Info<\/a><\/p><\/div>\n<\/li>\n\n<li class=\"wp-block-post post-14430 post type-post status-publish format-standard hentry category-featured category-news\">\n<div class=\"wp-block-post-title\">SEMINAR<\/div>\n<div class=\"wp-block-post-date\"><time datetime=\"2021-11-25T11:25:50+00:00\">25 Novembro, 2021<\/time><\/div>\n<div class=\"wp-block-post-excerpt\"><p class=\"wp-block-post-excerpt__excerpt\">CIAC and IREM promote online seminar dedicated to science communication and mediation <a class=\"wp-block-post-excerpt__more-link\" href=\"https:\/\/antigo.ciac.pt\/news\/seminar-13\/14430\">+ Info<\/a><\/p><\/div>\n<\/li>\n\n<li class=\"wp-block-post post-14428 post type-post status-publish format-standard hentry category-featured category-news\">\n<div class=\"wp-block-post-title\">EVENT<\/div>\n<div class=\"wp-block-post-date\"><time datetime=\"2021-11-25T11:16:39+00:00\">25 Novembro, 2021<\/time><\/div>\n<div class=\"wp-block-post-excerpt\"><p class=\"wp-block-post-excerpt__excerpt\">CIAC in the FLUC Communication Sciences Conference <a class=\"wp-block-post-excerpt__more-link\" href=\"https:\/\/antigo.ciac.pt\/news\/event-23\/14428\">+ Info<\/a><\/p><\/div>\n<\/li>\n\n<li class=\"wp-block-post post-14423 post type-post status-publish format-standard hentry category-featured category-news\">\n<div class=\"wp-block-post-title\">EVENT<\/div>\n<div class=\"wp-block-post-date\"><time datetime=\"2021-11-25T11:04:13+00:00\">25 Novembro, 2021<\/time><\/div>\n<div class=\"wp-block-post-excerpt\"><p class=\"wp-block-post-excerpt__excerpt\">CIAC present at the science meeting organized by the Foundation for Science and Technology <a class=\"wp-block-post-excerpt__more-link\" href=\"https:\/\/antigo.ciac.pt\/news\/event-22\/14423\">+ Info<\/a><\/p><\/div>\n<\/li>\n\n<li class=\"wp-block-post post-14420 post type-post status-publish format-standard hentry category-featured category-news\">\n<div class=\"wp-block-post-title\">NEW PUBLICATION<\/div>\n<div class=\"wp-block-post-date\"><time datetime=\"2021-11-24T16:05:30+00:00\">24 Novembro, 2021<\/time><\/div>\n<div class=\"wp-block-post-excerpt\"><p class=\"wp-block-post-excerpt__excerpt\">International publication includes article \u201cLiterature and Cinema: I saw the book, but I didn\u2019t read the film\u201d by Mirian Tavares <a class=\"wp-block-post-excerpt__more-link\" href=\"https:\/\/antigo.ciac.pt\/news\/new-publication-8\/14420\">+ Info<\/a><\/p><\/div>\n<\/li>\n\n<li class=\"wp-block-post post-14417 post type-post status-publish format-standard hentry category-featured category-news\">\n<div class=\"wp-block-post-title\">EVENT<\/div>\n<div class=\"wp-block-post-date\"><time datetime=\"2021-11-24T15:55:54+00:00\">24 Novembro, 2021<\/time><\/div>\n<div class=\"wp-block-post-excerpt\"><p class=\"wp-block-post-excerpt__excerpt\">S\u00edlvia Quinteiro guides \u201cJos\u00e9 Dias Sancho Literary Walk\u201d in S\u00e3o Br\u00e1s de Alportel <a class=\"wp-block-post-excerpt__more-link\" href=\"https:\/\/antigo.ciac.pt\/news\/event-21\/14417\">+ Info<\/a><\/p><\/div>\n<\/li>\n\n<li class=\"wp-block-post post-14387 post type-post status-publish format-standard hentry category-featured category-news\">\n<div class=\"wp-block-post-title\">EVENT<\/div>\n<div class=\"wp-block-post-date\"><time datetime=\"2021-11-19T12:53:50+00:00\">19 Novembro, 2021<\/time><\/div>\n<div class=\"wp-block-post-excerpt\"><p class=\"wp-block-post-excerpt__excerpt\">IV International Congress of Audiovisual Researchers (CIIA) counts with CIAC presence <a class=\"wp-block-post-excerpt__more-link\" href=\"https:\/\/antigo.ciac.pt\/news\/event-20\/14387\">+ Info<\/a><\/p><\/div>\n<\/li>\n\n<li class=\"wp-block-post post-14384 post type-post status-publish format-standard hentry category-featured category-news\">\n<div class=\"wp-block-post-title\">INTERNATIONAL EVENT<\/div>\n<div class=\"wp-block-post-date\"><time datetime=\"2021-11-19T12:44:43+00:00\">19 Novembro, 2021<\/time><\/div>\n<div class=\"wp-block-post-excerpt\"><p class=\"wp-block-post-excerpt__excerpt\">CIAC present at the CIHALCEP 2021 Congress <a class=\"wp-block-post-excerpt__more-link\" href=\"https:\/\/antigo.ciac.pt\/news\/international-event-9\/14384\">+ Info<\/a><\/p><\/div>\n<\/li>\n\n<li class=\"wp-block-post post-14382 post type-post status-publish format-standard hentry category-featured category-news\">\n<div class=\"wp-block-post-title\">EVENT<\/div>\n<div class=\"wp-block-post-date\"><time datetime=\"2021-11-19T12:35:43+00:00\">19 Novembro, 2021<\/time><\/div>\n<div class=\"wp-block-post-excerpt\"><p class=\"wp-block-post-excerpt__excerpt\">Mirian Tavares participates in the international conference of tribute to the Beatles <a class=\"wp-block-post-excerpt__more-link\" href=\"https:\/\/antigo.ciac.pt\/news\/event-19\/14382\">+ Info<\/a><\/p><\/div>\n<\/li>\n\n<li class=\"wp-block-post post-14380 post type-post status-publish format-standard hentry category-featured category-news\">\n<div class=\"wp-block-post-title\">XV JORNADAS CIAC<\/div>\n<div class=\"wp-block-post-date\"><time datetime=\"2021-11-19T12:04:36+00:00\">19 Novembro, 2021<\/time><\/div>\n<div class=\"wp-block-post-excerpt\"><p class=\"wp-block-post-excerpt__excerpt\">XV Jornadas CIAC run online on 8th and 9th July  <a class=\"wp-block-post-excerpt__more-link\" href=\"https:\/\/antigo.ciac.pt\/news\/xv-jornadas-ciac-4\/14380\">+ Info<\/a><\/p><\/div>\n<\/li>\n\n<li class=\"wp-block-post post-14377 post type-post status-publish format-standard hentry category-featured category-news\">\n<div class=\"wp-block-post-title\">EXHIBITION<\/div>\n<div class=\"wp-block-post-date\"><time datetime=\"2021-11-19T11:52:34+00:00\">19 Novembro, 2021<\/time><\/div>\n<div class=\"wp-block-post-excerpt\"><p class=\"wp-block-post-excerpt__excerpt\">Exhibition of Visual Arts Finalists opens on 17th June <a class=\"wp-block-post-excerpt__more-link\" href=\"https:\/\/antigo.ciac.pt\/news\/exhibition-56\/14377\">+ Info<\/a><\/p><\/div>\n<\/li>\n\n<li class=\"wp-block-post post-14375 post type-post status-publish format-standard hentry category-featured category-news\">\n<div class=\"wp-block-post-title\">INTERNATIONAL EVENT<\/div>\n<div class=\"wp-block-post-date\"><time datetime=\"2021-11-19T11:17:14+00:00\">19 Novembro, 2021<\/time><\/div>\n<div class=\"wp-block-post-excerpt\"><p class=\"wp-block-post-excerpt__excerpt\">Ant\u00f3nio Costa Valente participates in the International Design &amp; Cinema Symposium <a class=\"wp-block-post-excerpt__more-link\" href=\"https:\/\/antigo.ciac.pt\/news\/international-event-8\/14375\">+ Info<\/a><\/p><\/div>\n<\/li>\n\n<li class=\"wp-block-post post-14373 post type-post status-publish format-standard hentry category-featured category-news\">\n<div class=\"wp-block-post-title\">CYCLE OF SEMINARS<\/div>\n<div class=\"wp-block-post-date\"><time datetime=\"2021-11-19T11:09:31+00:00\">19 Novembro, 2021<\/time><\/div>\n<div class=\"wp-block-post-excerpt\"><p class=\"wp-block-post-excerpt__excerpt\">INVITRO program promotes cycle of seminars dedicated to research in design and digital media  <a class=\"wp-block-post-excerpt__more-link\" href=\"https:\/\/antigo.ciac.pt\/news\/cycle-of-seminars\/14373\">+ Info<\/a><\/p><\/div>\n<\/li>\n\n<li class=\"wp-block-post post-14371 post type-post status-publish format-standard hentry category-featured category-news\">\n<div class=\"wp-block-post-title\">INTERNATIONAL EVENT<\/div>\n<div class=\"wp-block-post-date\"><time datetime=\"2021-11-19T10:57:40+00:00\">19 Novembro, 2021<\/time><\/div>\n<div class=\"wp-block-post-excerpt\"><p class=\"wp-block-post-excerpt__excerpt\">CIAC is present at the international event \u201cPanoramas 2021\u201d <a class=\"wp-block-post-excerpt__more-link\" href=\"https:\/\/antigo.ciac.pt\/news\/international-event-7\/14371\">+ Info<\/a><\/p><\/div>\n<\/li>\n\n<li class=\"wp-block-post post-14194 post type-post status-publish format-standard hentry category-featured category-news\">\n<div class=\"wp-block-post-title\">INTERNATIONAL EVENT<\/div>\n<div class=\"wp-block-post-date\"><time datetime=\"2021-10-15T13:56:04+00:00\">15 Outubro, 2021<\/time><\/div>\n<div class=\"wp-block-post-excerpt\"><p class=\"wp-block-post-excerpt__excerpt\">CIAC researcher moderates round table on Scientific Mediation <a class=\"wp-block-post-excerpt__more-link\" href=\"https:\/\/antigo.ciac.pt\/news\/international-event-6\/14194\">+ Info<\/a><\/p><\/div>\n<\/li>\n\n<li class=\"wp-block-post post-14192 post type-post status-publish format-standard hentry category-featured category-news\">\n<div class=\"wp-block-post-title\">NATIONAL CINEMA PLAN<\/div>\n<div class=\"wp-block-post-date\"><time datetime=\"2021-10-15T13:43:13+00:00\">15 Outubro, 2021<\/time><\/div>\n<div class=\"wp-block-post-excerpt\"><p class=\"wp-block-post-excerpt__excerpt\">CIAC researcher\u2019s work referenced as a bibliographic resource on the new website of the National Cinema Plan <a class=\"wp-block-post-excerpt__more-link\" href=\"https:\/\/antigo.ciac.pt\/news\/national-cinema-plan\/14192\">+ Info<\/a><\/p><\/div>\n<\/li>\n\n<li class=\"wp-block-post post-14190 post type-post status-publish format-standard hentry category-featured category-news\">\n<div class=\"wp-block-post-title\">INTERNATIONAL EVENT<\/div>\n<div class=\"wp-block-post-date\"><time datetime=\"2021-10-15T13:22:05+00:00\">15 Outubro, 2021<\/time><\/div>\n<div class=\"wp-block-post-excerpt\"><p class=\"wp-block-post-excerpt__excerpt\">CIAC attends to the 2021 Stereo &amp; Imersive Media International Conference <a class=\"wp-block-post-excerpt__more-link\" href=\"https:\/\/antigo.ciac.pt\/news\/international-event-5\/14190\">+ Info<\/a><\/p><\/div>\n<\/li>\n\n<li class=\"wp-block-post post-14188 post type-post status-publish format-standard hentry category-featured category-news\">\n<div class=\"wp-block-post-title\">INTERNATIONAL NETWORK<\/div>\n<div class=\"wp-block-post-date\"><time datetime=\"2021-10-15T12:06:42+00:00\">15 Outubro, 2021<\/time><\/div>\n<div class=\"wp-block-post-excerpt\"><p class=\"wp-block-post-excerpt__excerpt\">Manuel C\u00e9lio Concei\u00e7\u00e3o leads presidency of the International Network of Lexiology, Terminology and Translation <a class=\"wp-block-post-excerpt__more-link\" href=\"https:\/\/antigo.ciac.pt\/news\/international-network\/14188\">+ Info<\/a><\/p><\/div>\n<\/li>\n\n<li class=\"wp-block-post post-14184 post type-post status-publish format-standard hentry category-featured category-news\">\n<div class=\"wp-block-post-title\">NEW PUBLICATION<\/div>\n<div class=\"wp-block-post-date\"><time datetime=\"2021-10-15T11:19:41+00:00\">15 Outubro, 2021<\/time><\/div>\n<div class=\"wp-block-post-excerpt\"><p class=\"wp-block-post-excerpt__excerpt\">Juliana Wexel and Mirian Tavares\u2019 essay published in the ClimaCom Cultura Cient\u00edfica magazine <a class=\"wp-block-post-excerpt__more-link\" href=\"https:\/\/antigo.ciac.pt\/news\/new-publication-7\/14184\">+ Info<\/a><\/p><\/div>\n<\/li>\n\n<li class=\"wp-block-post post-14182 post type-post status-publish format-standard hentry category-featured category-news\">\n<div class=\"wp-block-post-title\">INTERNATIONAL EVENT<\/div>\n<div class=\"wp-block-post-date\"><time datetime=\"2021-10-15T11:04:04+00:00\">15 Outubro, 2021<\/time><\/div>\n<div class=\"wp-block-post-excerpt\"><p class=\"wp-block-post-excerpt__excerpt\">CIAC participates in International Conference on Sustainable Multilingualism <a class=\"wp-block-post-excerpt__more-link\" href=\"https:\/\/antigo.ciac.pt\/news\/international-event-4\/14182\">+ Info<\/a><\/p><\/div>\n<\/li>\n\n<li class=\"wp-block-post post-14177 post type-post status-publish format-standard hentry category-featured category-news\">\n<div class=\"wp-block-post-title\">EVENT<\/div>\n<div class=\"wp-block-post-date\"><time datetime=\"2021-10-15T10:42:11+00:00\">15 Outubro, 2021<\/time><\/div>\n<div class=\"wp-block-post-excerpt\"><p class=\"wp-block-post-excerpt__excerpt\">Susana Costa provides \u201cPlay Your Role: fighting online hate speech\u201d workshop <a class=\"wp-block-post-excerpt__more-link\" href=\"https:\/\/antigo.ciac.pt\/news\/event-18\/14177\">+ Info<\/a><\/p><\/div>\n<\/li>\n\n<li class=\"wp-block-post post-14180 post type-post status-publish format-standard hentry category-featured category-news\">\n<div class=\"wp-block-post-title\">PLAY YOUR ROLE<\/div>\n<div class=\"wp-block-post-date\"><time datetime=\"2021-10-15T10:39:16+00:00\">15 Outubro, 2021<\/time><\/div>\n<div class=\"wp-block-post-excerpt\"><p class=\"wp-block-post-excerpt__excerpt\">Play Your Role project participates in Gulbenkian Academies for Knowledge <a class=\"wp-block-post-excerpt__more-link\" href=\"https:\/\/antigo.ciac.pt\/news\/play-your-role-11\/14180\">+ Info<\/a><\/p><\/div>\n<\/li>\n\n<li class=\"wp-block-post post-14175 post type-post status-publish format-standard hentry category-featured category-news\">\n<div class=\"wp-block-post-title\">NEW PUBLICATION<\/div>\n<div class=\"wp-block-post-date\"><time datetime=\"2021-10-14T15:05:47+00:00\">14 Outubro, 2021<\/time><\/div>\n<div class=\"wp-block-post-excerpt\"><p class=\"wp-block-post-excerpt__excerpt\">Article by Manuel C\u00e9lio Concei\u00e7\u00e3o published in Maria Filomena Gon\u00e7alves and Mar\u00eda Victoria Navas\u2019s book <a class=\"wp-block-post-excerpt__more-link\" href=\"https:\/\/antigo.ciac.pt\/news\/new-publication-6\/14175\">+ Info<\/a><\/p><\/div>\n<\/li>\n\n<li class=\"wp-block-post post-14173 post type-post status-publish format-standard hentry category-featured category-news\">\n<div class=\"wp-block-post-title\">EVENT<\/div>\n<div class=\"wp-block-post-date\"><time datetime=\"2021-10-14T14:53:53+00:00\">14 Outubro, 2021<\/time><\/div>\n<div class=\"wp-block-post-excerpt\"><p class=\"wp-block-post-excerpt__excerpt\">CIAC partner in the IV Conference \u201cHispanic World and Portugal\u201d <a class=\"wp-block-post-excerpt__more-link\" href=\"https:\/\/antigo.ciac.pt\/news\/event-17\/14173\">+ Info<\/a><\/p><\/div>\n<\/li>\n\n<li class=\"wp-block-post post-14170 post type-post status-publish format-standard hentry category-featured category-news\">\n<div class=\"wp-block-post-title\">EVENT<\/div>\n<div class=\"wp-block-post-date\"><time datetime=\"2021-10-14T12:38:21+00:00\">14 Outubro, 2021<\/time><\/div>\n<div class=\"wp-block-post-excerpt\"><p class=\"wp-block-post-excerpt__excerpt\">CIAC researcher participates in the X Annual Meeting of AIM <a class=\"wp-block-post-excerpt__more-link\" href=\"https:\/\/antigo.ciac.pt\/news\/event-16\/14170\">+ Info<\/a><\/p><\/div>\n<\/li>\n\n<li class=\"wp-block-post post-14166 post type-post status-publish format-standard hentry category-featured category-news\">\n<div class=\"wp-block-post-title\">EXHIBITION<\/div>\n<div class=\"wp-block-post-date\"><time datetime=\"2021-10-14T12:24:31+00:00\">14 Outubro, 2021<\/time><\/div>\n<div class=\"wp-block-post-excerpt\"><p class=\"wp-block-post-excerpt__excerpt\">Exhibition curated by Pedro Cabral Santo opens on 5th June <a class=\"wp-block-post-excerpt__more-link\" href=\"https:\/\/antigo.ciac.pt\/news\/exhibition-55\/14166\">+ Info<\/a><\/p><\/div>\n<\/li>\n\n<li class=\"wp-block-post post-14159 post type-post status-publish format-standard hentry category-featured category-news\">\n<div class=\"wp-block-post-title\">INTERNATIONAL PROJECT<\/div>\n<div class=\"wp-block-post-date\"><time datetime=\"2021-10-14T11:56:39+00:00\">14 Outubro, 2021<\/time><\/div>\n<div class=\"wp-block-post-excerpt\"><p class=\"wp-block-post-excerpt__excerpt\">CIAC members organize TECON3 Consortium meeting on 26th and 27th May <a class=\"wp-block-post-excerpt__more-link\" href=\"https:\/\/antigo.ciac.pt\/news\/international-project\/14159\">+ Info<\/a><\/p><\/div>\n<\/li>\n\n<li class=\"wp-block-post post-14157 post type-post status-publish format-standard hentry category-featured category-news\">\n<div class=\"wp-block-post-title\">NEW PUBLICATION<\/div>\n<div class=\"wp-block-post-date\"><time datetime=\"2021-10-14T11:23:10+00:00\">14 Outubro, 2021<\/time><\/div>\n<div class=\"wp-block-post-excerpt\"><p class=\"wp-block-post-excerpt__excerpt\">New publication supported by CIAC has been released  <a class=\"wp-block-post-excerpt__more-link\" href=\"https:\/\/antigo.ciac.pt\/news\/new-publication-5\/14157\">+ Info<\/a><\/p><\/div>\n<\/li>\n\n<li class=\"wp-block-post post-14154 post type-post status-publish format-standard hentry category-featured category-news\">\n<div class=\"wp-block-post-title\">Lecture Maurizio Nichetti<\/div>\n<div class=\"wp-block-post-date\"><time datetime=\"2021-10-14T11:11:10+00:00\">14 Outubro, 2021<\/time><\/div>\n<div class=\"wp-block-post-excerpt\"><p class=\"wp-block-post-excerpt__excerpt\">Online lecture with film director Maurizio Nichetti <a class=\"wp-block-post-excerpt__more-link\" href=\"https:\/\/antigo.ciac.pt\/news\/lecture-maurizio-nichetti\/14154\">+ Info<\/a><\/p><\/div>\n<\/li>\n\n<li class=\"wp-block-post post-13874 post type-post status-publish format-standard hentry category-featured category-news\">\n<div class=\"wp-block-post-title\">SEMINAR<\/div>\n<div class=\"wp-block-post-date\"><time datetime=\"2021-08-06T14:58:54+00:00\">6 Agosto, 2021<\/time><\/div>\n<div class=\"wp-block-post-excerpt\"><p class=\"wp-block-post-excerpt__excerpt\">Researcher Luis Deltell provides \u201cSearching for stories (fiction and reality)\u201d Seminar  <a class=\"wp-block-post-excerpt__more-link\" href=\"https:\/\/antigo.ciac.pt\/news\/seminar-12\/13874\">+ Info<\/a><\/p><\/div>\n<\/li>\n\n<li class=\"wp-block-post post-13872 post type-post status-publish format-standard hentry category-featured category-news\">\n<div class=\"wp-block-post-title\">RESEARCH STAY<\/div>\n<div class=\"wp-block-post-date\"><time datetime=\"2021-08-06T14:44:57+00:00\">6 Agosto, 2021<\/time><\/div>\n<div class=\"wp-block-post-excerpt\"><p class=\"wp-block-post-excerpt__excerpt\">CIAC hosts research stay in the Digital Culture area <a class=\"wp-block-post-excerpt__more-link\" href=\"https:\/\/antigo.ciac.pt\/news\/research-stay-2\/13872\">+ Info<\/a><\/p><\/div>\n<\/li>\n\n<li class=\"wp-block-post post-13869 post type-post status-publish format-standard hentry category-featured category-news areas_cientificas-ana-filipa-martins\">\n<div class=\"wp-block-post-title\">RESEARCH GROUP<\/div>\n<div class=\"wp-block-post-date\"><time datetime=\"2021-08-06T14:28:06+00:00\">6 Agosto, 2021<\/time><\/div>\n<div class=\"wp-block-post-excerpt\"><p class=\"wp-block-post-excerpt__excerpt\">CIAC just formalized the creation of a research group on Communication Sciences, led by Ana Filipa Martins, with three lines of research: Social Communication, Organizational Communication and Cultural Communication <a class=\"wp-block-post-excerpt__more-link\" href=\"https:\/\/antigo.ciac.pt\/news\/research-group\/13869\">+ Info<\/a><\/p><\/div>\n<\/li>\n\n<li class=\"wp-block-post post-13862 post type-post status-publish format-standard hentry category-featured category-news investigadores-raquel-pacheco\">\n<div class=\"wp-block-post-title\">NEW PUBLICATION<\/div>\n<div class=\"wp-block-post-date\"><time datetime=\"2021-08-06T14:19:22+00:00\">6 Agosto, 2021<\/time><\/div>\n<div class=\"wp-block-post-excerpt\"><p class=\"wp-block-post-excerpt__excerpt\">The article \u201cDeveloping Media Literacy: A Film and Education Project at the Polytechnic School of Viana do Castelo\u201d by Raquel Pacheco is part of volume 11 of the publication \u201cNew Horizons in Education and Studies\u201d <a class=\"wp-block-post-excerpt__more-link\" href=\"https:\/\/antigo.ciac.pt\/news\/new-publication-4\/13862\">+ Info<\/a><\/p><\/div>\n<\/li>\n\n<li class=\"wp-block-post post-13859 post type-post status-publish format-standard hentry category-featured category-news\">\n<div class=\"wp-block-post-title\">SEMINAR<\/div>\n<div class=\"wp-block-post-date\"><time datetime=\"2021-08-06T13:52:38+00:00\">6 Agosto, 2021<\/time><\/div>\n<div class=\"wp-block-post-excerpt\"><p class=\"wp-block-post-excerpt__excerpt\">Faculty of Human and Social Sciences of the University of Algarve and CIAC promote a seminar dedicated to Spanish Language and Linguistics <a class=\"wp-block-post-excerpt__more-link\" href=\"https:\/\/antigo.ciac.pt\/news\/seminar-11\/13859\">+ Info<\/a><\/p><\/div>\n<\/li>\n\n<li class=\"wp-block-post post-13865 post type-post status-publish format-standard hentry category-featured category-news investigadores-denize-araujo investigadores-juliana-wexel\">\n<div class=\"wp-block-post-title\">EVENT<\/div>\n<div class=\"wp-block-post-date\"><time datetime=\"2021-08-06T13:40:03+00:00\">6 Agosto, 2021<\/time><\/div>\n<div class=\"wp-block-post-excerpt\"><p class=\"wp-block-post-excerpt__excerpt\">PhD students in Digital Media-Arts participate in the research group on Communication, Image and Contemporaneity, a partner of CIAC <a class=\"wp-block-post-excerpt__more-link\" href=\"https:\/\/antigo.ciac.pt\/news\/event-15\/13865\">+ Info<\/a><\/p><\/div>\n<\/li>\n\n<li class=\"wp-block-post post-13853 post type-post status-publish format-standard hentry category-featured category-news\">\n<div class=\"wp-block-post-title\">VISUAL ARTS CYCLE<\/div>\n<div class=\"wp-block-post-date\"><time datetime=\"2021-08-06T13:28:44+00:00\">6 Agosto, 2021<\/time><\/div>\n<div class=\"wp-block-post-excerpt\"><p class=\"wp-block-post-excerpt__excerpt\">On Thursday, 20th May, the University of Algarve will host the third session of the Visual Arts Cycle 2021 with guest speaker F\u00e1tima Marques Pereira <a class=\"wp-block-post-excerpt__more-link\" href=\"https:\/\/antigo.ciac.pt\/news\/visual-arts-cycle\/13853\">+ Info<\/a><\/p><\/div>\n<\/li>\n\n<li class=\"wp-block-post post-13856 post type-post status-publish format-standard hentry category-featured category-news investigadores-adriana-freire-nogueira investigadores-manuel-celio-conceicao\">\n<div class=\"wp-block-post-title\">COFFEE WITH LETTERS<\/div>\n<div class=\"wp-block-post-date\"><time datetime=\"2021-08-06T13:25:37+00:00\">6 Agosto, 2021<\/time><\/div>\n<div class=\"wp-block-post-excerpt\"><p class=\"wp-block-post-excerpt__excerpt\">On 14th May (friday), at 6.30 pm, the University of Algarve\u2019s Library invites you to the CAF\u00c9 COM LETRAS [Coffee with Letters] dedicated to the theme\nPORTUGUESE: 230 MILLION SPEAKERS. <a class=\"wp-block-post-excerpt__more-link\" href=\"https:\/\/antigo.ciac.pt\/news\/coffee-with-letters\/13856\">+ Info<\/a><\/p><\/div>\n<\/li>\n\n<li class=\"wp-block-post post-13851 post type-post status-publish format-standard hentry category-featured category-news investigadores-pedro-alves-da-veiga\">\n<div class=\"wp-block-post-title\">NEW PUBLICATION<\/div>\n<div class=\"wp-block-post-date\"><time datetime=\"2021-08-06T12:13:46+00:00\">6 Agosto, 2021<\/time><\/div>\n<div class=\"wp-block-post-excerpt\"><p class=\"wp-block-post-excerpt__excerpt\">Pedro Alves da Veiga\u2019s article \u201cPost-fake Reality: a vision through digital art\u201d integrates volume II of the publication \u201cCommunication Scenarios: New Dialogues\u201d, edited by Cristian Y\u00e1\u00f1ez Aguilar, \u00c9lmano Ricarte and Lawrenberg Advincula <a class=\"wp-block-post-excerpt__more-link\" href=\"https:\/\/antigo.ciac.pt\/news\/new-publication-3\/13851\">+ Info<\/a><\/p><\/div>\n<\/li>\n\n<li class=\"wp-block-post post-13849 post type-post status-publish format-standard hentry category-featured category-news investigadores-jose-bidarra\">\n<div class=\"wp-block-post-title\">INTERNATIONAL EVENT<\/div>\n<div class=\"wp-block-post-date\"><time datetime=\"2021-08-06T11:36:16+00:00\">6 Agosto, 2021<\/time><\/div>\n<div class=\"wp-block-post-excerpt\"><p class=\"wp-block-post-excerpt__excerpt\">CIAC researcher participates in international conference on Artificial Intelligence in Education  <a class=\"wp-block-post-excerpt__more-link\" href=\"https:\/\/antigo.ciac.pt\/news\/international-event-3\/13849\">+ Info<\/a><\/p><\/div>\n<\/li>\n\n<li class=\"wp-block-post post-13847 post type-post status-publish format-standard hentry category-featured category-news\">\n<div class=\"wp-block-post-title\">Methodology and Research Strategies in Digital Media-Arts Seminar<\/div>\n<div class=\"wp-block-post-date\"><time datetime=\"2021-08-06T11:29:04+00:00\">6 Agosto, 2021<\/time><\/div>\n<div class=\"wp-block-post-excerpt\"><p class=\"wp-block-post-excerpt__excerpt\">Methodology and Research Strategies in Digital Media-Arts Seminar <a class=\"wp-block-post-excerpt__more-link\" href=\"https:\/\/antigo.ciac.pt\/news\/methodology-and-research-strategies-in-digital-media-arts-seminar\/13847\">+ Info<\/a><\/p><\/div>\n<\/li>\n\n<li class=\"wp-block-post post-13845 post type-post status-publish format-standard hentry category-featured category-news investigadores-ana-torres investigadores-maria-potes-barbas\">\n<div class=\"wp-block-post-title\">WEBINAR: Innovation Scenarios in Distance Education<\/div>\n<div class=\"wp-block-post-date\"><time datetime=\"2021-08-06T11:19:50+00:00\">6 Agosto, 2021<\/time><\/div>\n<div class=\"wp-block-post-excerpt\"><p class=\"wp-block-post-excerpt__excerpt\">CIAC hub at the Polytechnic Institute of Santar\u00e9m promotes Webinar \u201cInnovation Scenarios \u2013 Diversity, Inclusion and Accessibility in Distance Education\u201d&nbsp; <a class=\"wp-block-post-excerpt__more-link\" href=\"https:\/\/antigo.ciac.pt\/news\/webinar-innovation-scenarios-in-distance-education\/13845\">+ Info<\/a><\/p><\/div>\n<\/li>\n\n<li class=\"wp-block-post post-13842 post type-post status-publish format-standard hentry category-featured category-news investigadores-ana-isabel-soares\">\n<div class=\"wp-block-post-title\">NEW PUBLICATION<\/div>\n<div class=\"wp-block-post-date\"><time datetime=\"2021-08-06T11:04:43+00:00\">6 Agosto, 2021<\/time><\/div>\n<div class=\"wp-block-post-excerpt\"><p class=\"wp-block-post-excerpt__excerpt\"> Edi\u00e7\u00f5es H\u00famus just published the book Margarida Gil: four decades of audiovisual by Ana Isabel Soares <a class=\"wp-block-post-excerpt__more-link\" href=\"https:\/\/antigo.ciac.pt\/news\/new-publication-2\/13842\">+ Info<\/a><\/p><\/div>\n<\/li>\n\n<li class=\"wp-block-post post-13267 post type-post status-publish format-standard hentry category-featured category-news\">\n<div class=\"wp-block-post-title\">International Conference<\/div>\n<div class=\"wp-block-post-date\"><time datetime=\"2021-05-07T14:44:52+00:00\">7 Maio, 2021<\/time><\/div>\n<div class=\"wp-block-post-excerpt\"><p class=\"wp-block-post-excerpt__excerpt\">CIAC announces that the call for papers for the 8th International Conference on Arts and Humanities (ICOAH) 2021 runs until May 20. May 20 is the deadline for the submission of the abstract.  <a class=\"wp-block-post-excerpt__more-link\" href=\"https:\/\/antigo.ciac.pt\/news\/international-conference-2\/13267\">+ Info<\/a><\/p><\/div>\n<\/li>\n\n<li class=\"wp-block-post post-13261 post type-post status-publish format-standard hentry category-featured category-news\">\n<div class=\"wp-block-post-title\">ARTECH 2021 CONFERENCE<\/div>\n<div class=\"wp-block-post-date\"><time datetime=\"2021-05-07T13:08:10+00:00\">7 Maio, 2021<\/time><\/div>\n<div class=\"wp-block-post-excerpt\"><p class=\"wp-block-post-excerpt__excerpt\">AC announces that the period for submitting papers for the ARTECH 2021 conference has been extended until May 17th. <a class=\"wp-block-post-excerpt__more-link\" href=\"https:\/\/antigo.ciac.pt\/news\/artech-2021-conference-2\/13261\">+ Info<\/a><\/p><\/div>\n<\/li>\n\n<li class=\"wp-block-post post-13170 post type-post status-publish format-standard hentry category-featured category-news\">\n<div class=\"wp-block-post-title\">European Exhibition<\/div>\n<div class=\"wp-block-post-date\"><time datetime=\"2021-04-28T10:24:44+00:00\">28 Abril, 2021<\/time><\/div>\n<div class=\"wp-block-post-excerpt\"><p class=\"wp-block-post-excerpt__excerpt\">Play Your Role project highlighted at the European Humanities R&amp;D Exhibition. <a class=\"wp-block-post-excerpt__more-link\" href=\"https:\/\/antigo.ciac.pt\/news\/european-exhibition\/13170\">+ Info<\/a><\/p><\/div>\n<\/li>\n\n<li class=\"wp-block-post post-12809 post type-post status-publish format-standard hentry category-featured category-news\">\n<div class=\"wp-block-post-title\">Call For Papers<\/div>\n<div class=\"wp-block-post-date\"><time datetime=\"2021-03-18T10:04:05+00:00\">18 Mar\u00e7o, 2021<\/time><\/div>\n<div class=\"wp-block-post-excerpt\"><p class=\"wp-block-post-excerpt__excerpt\">CIAC announces the call for papers for the 2021 Languages \u200b\u200band rights for an inclusive society conference, organized by the Conseil Europ\u00e9en pour les Langues \/ European Language Council (CEL \/ ELC), with the support of CIAC. <a class=\"wp-block-post-excerpt__more-link\" href=\"https:\/\/antigo.ciac.pt\/news\/call-for-papers-5\/12809\">+ Info<\/a><\/p><\/div>\n<\/li>\n\n<li class=\"wp-block-post post-12771 post type-post status-publish format-standard hentry category-featured category-news\">\n<div class=\"wp-block-post-title\">CALL FOR PAPERS<\/div>\n<div class=\"wp-block-post-date\"><time datetime=\"2021-03-11T10:31:22+00:00\">11 Mar\u00e7o, 2021<\/time><\/div>\n<div class=\"wp-block-post-excerpt\"><p class=\"wp-block-post-excerpt__excerpt\">all for papers on the thematic dossier \u201cCreation Processes\u201d for the journal Rotura published by the research Centre for Arts and Communication is open between March 15th and April 30th <a class=\"wp-block-post-excerpt__more-link\" href=\"https:\/\/antigo.ciac.pt\/news\/call-for-papers-4\/12771\">+ Info<\/a><\/p><\/div>\n<\/li>\n\n<li class=\"wp-block-post post-12737 post type-post status-publish format-standard hentry category-featured category-news category-sem-categoria\">\n<div class=\"wp-block-post-title\">International Event<\/div>\n<div class=\"wp-block-post-date\"><time datetime=\"2021-03-09T11:25:01+00:00\">9 Mar\u00e7o, 2021<\/time><\/div>\n<div class=\"wp-block-post-excerpt\"><p class=\"wp-block-post-excerpt__excerpt\">CIAC researchers participate in the conference \u2018Modern\u2019 Women of the Past? Unearthing Gender and Antiquity, organized by Australian Archeological Institute of Athens, Center for Classical and Near Eastern Studies of Australia, Australian Women in Ancient World Studies, Chau Chak Wing Museum and University of Sydney Departments of Archeology and Classics &amp; Ancient History. <a class=\"wp-block-post-excerpt__more-link\" href=\"https:\/\/antigo.ciac.pt\/sem-categoria\/international-event-2\/12737\">+ Info<\/a><\/p><\/div>\n<\/li>\n\n<li class=\"wp-block-post post-12712 post type-post status-publish format-standard hentry category-featured category-news\">\n<div class=\"wp-block-post-title\">ARTECH 2021 Conference<\/div>\n<div class=\"wp-block-post-date\"><time datetime=\"2021-03-05T15:19:51+00:00\">5 Mar\u00e7o, 2021<\/time><\/div>\n<div class=\"wp-block-post-excerpt\"><p class=\"wp-block-post-excerpt__excerpt\">CIAC informs that the ARTECH 2021 international conference will take place between the 13th and 15th of October in Aveiro, Portugal <a class=\"wp-block-post-excerpt__more-link\" href=\"https:\/\/antigo.ciac.pt\/news\/artech-2021-conference\/12712\">+ Info<\/a><\/p><\/div>\n<\/li>\n\n<li class=\"wp-block-post post-12668 post type-post status-publish format-standard hentry category-featured category-news investigadores-ana-isabel-soares investigadores-bruno-mendes-da-silva investigadores-mirian-tavares investigadores-susana-costa\">\n<div class=\"wp-block-post-title\">JOURNAL ROTURA<\/div>\n<div class=\"wp-block-post-date\"><time datetime=\"2021-03-01T13:02:01+00:00\">1 Mar\u00e7o, 2021<\/time><\/div>\n<div class=\"wp-block-post-excerpt\"><p class=\"wp-block-post-excerpt__excerpt\">The first number of the Journal Rotura, a project created and developed by CIAC, has now been publishes and is available for reading. <a class=\"wp-block-post-excerpt__more-link\" href=\"https:\/\/antigo.ciac.pt\/news\/publishing-of-journal-rotura\/12668\">+ Info<\/a><\/p><\/div>\n<\/li>\n\n<li class=\"wp-block-post post-12621 post type-post status-publish format-standard hentry category-featured category-news investigadores-ana-soares\">\n<div class=\"wp-block-post-title\">INTERNATIONAL CONFERENCE<\/div>\n<div class=\"wp-block-post-date\"><time datetime=\"2021-02-23T16:13:29+00:00\">23 Fevereiro, 2021<\/time><\/div>\n<div class=\"wp-block-post-excerpt\"><p class=\"wp-block-post-excerpt__excerpt\">The researcher Ana Soares attends the annual conference organised by the European Society for Literature, Science and the Arts. <a class=\"wp-block-post-excerpt__more-link\" href=\"https:\/\/antigo.ciac.pt\/news\/featured\/international-conference\/12621\">+ Info<\/a><\/p><\/div>\n<\/li>\n\n<li class=\"wp-block-post post-12612 post type-post status-publish format-standard hentry category-featured category-news category-sem-categoria investigadores-bruno-mendes-da-silva investigadores-mirian-tavares\">\n<div class=\"wp-block-post-title\">PLAY YOUR ROLE<\/div>\n<div class=\"wp-block-post-date\"><time datetime=\"2021-02-23T11:40:49+00:00\">23 Fevereiro, 2021<\/time><\/div>\n<div class=\"wp-block-post-excerpt\"><p class=\"wp-block-post-excerpt__excerpt\">The transnational meeting to prepare the final stage of the European project \u201cPlay Your Role: Gamification against hate speech\u201d took place today.&nbsp; <a class=\"wp-block-post-excerpt__more-link\" href=\"https:\/\/antigo.ciac.pt\/sem-categoria\/play-your-role-7\/12612\">+ Info<\/a><\/p><\/div>\n<\/li>\n\n<li class=\"wp-block-post post-12583 post type-post status-publish format-standard hentry category-featured category-news\">\n<div class=\"wp-block-post-title\">TRIBUTE TO CARVALHO CALERO<\/div>\n<div class=\"wp-block-post-date\"><time datetime=\"2021-02-19T17:05:13+00:00\">19 Fevereiro, 2021<\/time><\/div>\n<div class=\"wp-block-post-excerpt\"><p class=\"wp-block-post-excerpt__excerpt\">&nbsp;CEG, Centre of Galician Studies at UALg, honored Carvalho Calero with the support of CIAC. <a class=\"wp-block-post-excerpt__more-link\" href=\"https:\/\/antigo.ciac.pt\/news\/ceg-honored-carvalho-calero\/12583\">+ Info<\/a><\/p><\/div>\n<\/li>\n\n<li class=\"wp-block-post post-12555 post type-post status-publish format-standard hentry category-featured category-news\">\n<div class=\"wp-block-post-title\">NEW PUBLICATION<\/div>\n<div class=\"wp-block-post-date\"><time datetime=\"2021-02-08T12:28:07+00:00\">8 Fevereiro, 2021<\/time><\/div>\n<div class=\"wp-block-post-excerpt\"><p class=\"wp-block-post-excerpt__excerpt\">Cine Africa launched free e-book on contemporary African cinemas, organised by CIAC\u2019s collaborator.&nbsp; <a class=\"wp-block-post-excerpt__more-link\" href=\"https:\/\/antigo.ciac.pt\/news\/new-publication\/12555\">+ Info<\/a><\/p><\/div>\n<\/li>\n\n<li class=\"wp-block-post post-12551 post type-post status-publish format-standard hentry category-featured category-news\">\n<div class=\"wp-block-post-title\">PUBLICATION<\/div>\n<div class=\"wp-block-post-date\"><time datetime=\"2021-02-08T10:32:49+00:00\">8 Fevereiro, 2021<\/time><\/div>\n<div class=\"wp-block-post-excerpt\"><p class=\"wp-block-post-excerpt__excerpt\">CIAC integrates publication about African lusophone cinemas. <a class=\"wp-block-post-excerpt__more-link\" href=\"https:\/\/antigo.ciac.pt\/news\/publication-25\/12551\">+ Info<\/a><\/p><\/div>\n<\/li>\n<\/ul>\n<\/div><\/div>\n\n\n\n<div class=\"wp-block-advgb-accordion-item advgb-accordion-item\" style=\"margin-bottom:15px\"><div class=\"advgb-accordion-header\" style=\"background-color:#ffffff;color:#000000;border-style:solid;border-width:0px;border-color:#ffffff\"><span class=\"advgb-accordion-header-icon\"><svg fill=\"#000000\" xmlns=\"http:\/\/www.w3.org\/2000\/svg\" width=\"24\" height=\"24\" viewBox=\"0 0 24 24\"><path fill=\"none\" d=\"M0,0h24v24H0V0z\"><\/path><path d=\"M6,10c-1.1,0-2,0.9-2,2s0.9,2,2,2s2-0.9,2-2S7.1,10,6,10z M18,10c-1.1,0-2,0.9-2,2s0.9,2,2,2s2-0.9,2-2S19.1,10,18,10z M12,10c-1.1,0-2,0.9-2,2s0.9,2,2,2s2-0.9,2-2S13.1,10,12,10z\"><\/path><\/svg><\/span><h2 class=\"advgb-accordion-header-title\" style=\"color:inherit\">2020<\/h2><\/div><div class=\"advgb-accordion-body\" style=\"border-style:solid !important;border-width:0px !important;border-color:#ffffff !important;border-top:none !important\">\n<ul>\n<li class=\"wp-block-post post-12444 post type-post status-publish format-standard hentry category-featured category-news\">\n<div class=\"wp-block-post-title\">RESEARCH STAY<\/div>\n<div class=\"wp-block-post-date\"><time datetime=\"2020-12-29T15:38:21+00:00\">29 Dezembro, 2020<\/time><\/div>\n<div class=\"wp-block-post-excerpt\"><p class=\"wp-block-post-excerpt__excerpt\">CIAC welcomes research stay under the PhD in Communication at Universidad Internacional de La Rioja. <a class=\"wp-block-post-excerpt__more-link\" href=\"https:\/\/antigo.ciac.pt\/news\/research-stay\/12444\">+ Info<\/a><\/p><\/div>\n<\/li>\n\n<li class=\"wp-block-post post-12382 post type-post status-publish format-standard hentry category-featured category-news\">\n<div class=\"wp-block-post-title\">ARTeFACTo 2020<\/div>\n<div class=\"wp-block-post-date\"><time datetime=\"2020-12-14T16:50:18+00:00\">14 Dezembro, 2020<\/time><\/div>\n<div class=\"wp-block-post-excerpt\"><p class=\"wp-block-post-excerpt__excerpt\">ARTeFACTo 2020 On the 26 and 27 November, Faro hosted the second edition of the International Conference on Arts and Technology, ARTeFACTo 2020, organised by Research Center of Arts and Comunication. On the first day, November 26, the meeting took place entirely online, with guests joining the program from countries all over the world: New [\u2026] <a class=\"wp-block-post-excerpt__more-link\" href=\"https:\/\/antigo.ciac.pt\/news\/artefacto-2020-11\/12382\">+ Info<\/a><\/p><\/div>\n<\/li>\n\n<li class=\"wp-block-post post-12303 post type-post status-publish format-standard hentry category-featured category-news investigadores-antonio-araujo\">\n<div class=\"wp-block-post-title\">PUBLICATION<\/div>\n<div class=\"wp-block-post-date\"><time datetime=\"2020-12-02T12:45:18+00:00\">2 Dezembro, 2020<\/time><\/div>\n<div class=\"wp-block-post-excerpt\"><p class=\"wp-block-post-excerpt__excerpt\">The article \u201cAnamorphosis Reformed: From Optical Illusions to Immersive Perspectives\u201d, from Ciac\u2019s researcher Ant\u00f3nio Ara\u00fajo, has just been published.&nbsp; <a class=\"wp-block-post-excerpt__more-link\" href=\"https:\/\/antigo.ciac.pt\/news\/publication-24\/12303\">+ Info<\/a><\/p><\/div>\n<\/li>\n\n<li class=\"wp-block-post post-12279 post type-post status-publish format-standard hentry category-featured category-news investigadores-bruno-mendes-da-silva\">\n<div class=\"wp-block-post-title\">PUBLICATION<\/div>\n<div class=\"wp-block-post-date\"><time datetime=\"2020-11-27T09:45:25+00:00\">27 Novembro, 2020<\/time><\/div>\n<div class=\"wp-block-post-excerpt\"><p class=\"wp-block-post-excerpt__excerpt\">Available now: Proceedings of the International Conference in Arts and Communication, ARTeFACTo2020 <a class=\"wp-block-post-excerpt__more-link\" href=\"https:\/\/antigo.ciac.pt\/news\/publication-23-2\/12279\">+ Info<\/a><\/p><\/div>\n<\/li>\n\n<li class=\"wp-block-post post-12175 post type-post status-publish format-standard hentry category-featured category-news\">\n<div class=\"wp-block-post-title\">Program available<\/div>\n<div class=\"wp-block-post-date\"><time datetime=\"2020-11-15T16:00:43+00:00\">15 Novembro, 2020<\/time><\/div>\n<div class=\"wp-block-post-excerpt\"><p class=\"wp-block-post-excerpt__excerpt\">Program and link to the online sessions available now <a class=\"wp-block-post-excerpt__more-link\" href=\"https:\/\/antigo.ciac.pt\/news\/program-available-2\/12175\">+ Info<\/a><\/p><\/div>\n<\/li>\n\n<li class=\"wp-block-post post-12161 post type-post status-publish format-standard hentry category-featured category-news\">\n<div class=\"wp-block-post-title\">INTERNATIONAL EVENT<\/div>\n<div class=\"wp-block-post-date\"><time datetime=\"2020-11-12T10:47:14+00:00\">12 Novembro, 2020<\/time><\/div>\n<div class=\"wp-block-post-excerpt\"><p class=\"wp-block-post-excerpt__excerpt\">CIAC promotes, together with the Secretariat of Research of the Faculty of Architecture, UNC, Argentina, the first cycle of \u2018Oblique Dialogues: Notes between architecture and other fields\u2019. <a class=\"wp-block-post-excerpt__more-link\" href=\"https:\/\/antigo.ciac.pt\/news\/international-event\/12161\">+ Info<\/a><\/p><\/div>\n<\/li>\n\n<li class=\"wp-block-post post-11966 post type-post status-publish format-standard hentry category-featured category-news\">\n<div class=\"wp-block-post-title\">DIGICOM<\/div>\n<div class=\"wp-block-post-date\"><time datetime=\"2020-10-21T11:32:43+00:00\">21 Outubro, 2020<\/time><\/div>\n<div class=\"wp-block-post-excerpt\"><p class=\"wp-block-post-excerpt__excerpt\">CIAC will be present in the DIGICOM \u2013 Internacional Conference on Digital Design &amp; Communication, on November 5, 6 and 7. <a class=\"wp-block-post-excerpt__more-link\" href=\"https:\/\/antigo.ciac.pt\/news\/digicom-3\/11966\">+ Info<\/a><\/p><\/div>\n<\/li>\n\n<li class=\"wp-block-post post-11899 post type-post status-publish format-standard hentry category-featured category-news\">\n<div class=\"wp-block-post-title\">EXPOSI\u00c7\u00c3O ARTES VISUAIS<\/div>\n<div class=\"wp-block-post-date\"><time datetime=\"2020-10-13T08:54:20+00:00\">13 Outubro, 2020<\/time><\/div>\n<div class=\"wp-block-post-excerpt\"><p class=\"wp-block-post-excerpt__excerpt\">Exposi\u00e7\u00e3o de Alunos Finalistas de ARTES VISUAIS \u2013 FCHS \/UAlg\nO TOQUE EM TEMPOS IL\u00cdCITOS <a class=\"wp-block-post-excerpt__more-link\" href=\"https:\/\/antigo.ciac.pt\/news\/exposicao-artes-visuais\/11899\">+ Info<\/a><\/p><\/div>\n<\/li>\n\n<li class=\"wp-block-post post-11875 post type-post status-publish format-standard hentry category-featured category-news\">\n<div class=\"wp-block-post-title\">PLAY YOUR ROLE<\/div>\n<div class=\"wp-block-post-date\"><time datetime=\"2020-10-11T17:30:34+00:00\">11 Outubro, 2020<\/time><\/div>\n<div class=\"wp-block-post-excerpt\"><p class=\"wp-block-post-excerpt__excerpt\">The second Hackathon meeting took place this week as part of the European project Play Your Role. <a class=\"wp-block-post-excerpt__more-link\" href=\"https:\/\/antigo.ciac.pt\/news\/play-your-role-5\/11875\">+ Info<\/a><\/p><\/div>\n<\/li>\n\n<li class=\"wp-block-post post-11754 post type-post status-publish format-standard hentry category-featured category-news investigadores-jorge-carrega\">\n<div class=\"wp-block-post-title\">PUBLICATION<\/div>\n<div class=\"wp-block-post-date\"><time datetime=\"2020-09-21T15:58:34+00:00\">21 Setembro, 2020<\/time><\/div>\n<div class=\"wp-block-post-excerpt\"><p class=\"wp-block-post-excerpt__excerpt\">RELICI \u2013 Revista Livre de Cinema published a special volume dedicated to \u201cLiteratura e Cinema de Viagens\u201d. <a class=\"wp-block-post-excerpt__more-link\" href=\"https:\/\/antigo.ciac.pt\/news\/featured\/publication-22\/11754\">+ Info<\/a><\/p><\/div>\n<\/li>\n\n<li class=\"wp-block-post post-11726 post type-post status-publish format-standard hentry category-featured category-news\">\n<div class=\"wp-block-post-title\">NO BODY LIVES HERE (ODO)<\/div>\n<div class=\"wp-block-post-date\"><time datetime=\"2020-09-11T10:05:00+00:00\">11 Setembro, 2020<\/time><\/div>\n<div class=\"wp-block-post-excerpt\"><p class=\"wp-block-post-excerpt__excerpt\">The PhD student in Digital Media-Art, Hugo Paquete, developed the audio component of the interactive theatre installation \u201cNo Body lives here (ODO) \u2013 Pandemic version\u201d. <a class=\"wp-block-post-excerpt__more-link\" href=\"https:\/\/antigo.ciac.pt\/news\/no-body-lives-here-odo-2\/11726\">+ Info<\/a><\/p><\/div>\n<\/li>\n\n<li class=\"wp-block-post post-11656 post type-post status-publish format-standard hentry category-featured category-news\">\n<div class=\"wp-block-post-title\">PUBLICATION: SERIOUS PERVASIVE GAMES<\/div>\n<div class=\"wp-block-post-date\"><time datetime=\"2020-09-01T09:33:52+00:00\">1 Setembro, 2020<\/time><\/div>\n<div class=\"wp-block-post-excerpt\"><p class=\"wp-block-post-excerpt__excerpt\">Publication: \u201cSerious Pervasive Games\u201d on the journal Frontiers in Computer Science. <a class=\"wp-block-post-excerpt__more-link\" href=\"https:\/\/antigo.ciac.pt\/news\/publication-serious-pervasive-games\/11656\">+ Info<\/a><\/p><\/div>\n<\/li>\n\n<li class=\"wp-block-post post-11642 post type-post status-publish format-standard hentry category-featured category-news investigadores-manuel-celio-conceicao\">\n<div class=\"wp-block-post-title\">PUBLICATION<\/div>\n<div class=\"wp-block-post-date\"><time datetime=\"2020-08-31T10:47:27+00:00\">31 Agosto, 2020<\/time><\/div>\n<div class=\"wp-block-post-excerpt\"><p class=\"wp-block-post-excerpt__excerpt\">The article from Ciac researcher, Manuel C\u00e9lio Concei\u00e7\u00e3o was included in the book&nbsp;Internationalisation of Universities and the National Language: language policy intervention and case studies, published by&nbsp;Peter Lang Publishing.&nbsp; <a class=\"wp-block-post-excerpt__more-link\" href=\"https:\/\/antigo.ciac.pt\/news\/publication-21\/11642\">+ Info<\/a><\/p><\/div>\n<\/li>\n\n<li class=\"wp-block-post post-11591 post type-post status-publish format-standard hentry category-featured category-news investigadores-bruno-mendes-da-silva investigadores-filipa-cerol investigadores-mirian-tavares\">\n<div class=\"wp-block-post-title\">PUBLICATION \u2013 PLAY YOUR ROLE<\/div>\n<div class=\"wp-block-post-date\"><time datetime=\"2020-07-31T09:55:19+00:00\">31 Julho, 2020<\/time><\/div>\n<div class=\"wp-block-post-excerpt\"><p class=\"wp-block-post-excerpt__excerpt\">\u201cPlaying Against Hate Speech: How teens see Hate Speech in Video Games and Online Gaming Communities\u201d was published in Journal of Digital Media &amp; Interaction <a class=\"wp-block-post-excerpt__more-link\" href=\"https:\/\/antigo.ciac.pt\/news\/publication-play-your-role\/11591\">+ Info<\/a><\/p><\/div>\n<\/li>\n\n<li class=\"wp-block-post post-11460 post type-post status-publish format-standard hentry category-featured category-news\">\n<div class=\"wp-block-post-title\">CALL FOR PAPERS<\/div>\n<div class=\"wp-block-post-date\"><time datetime=\"2020-07-09T17:55:56+00:00\">9 Julho, 2020<\/time><\/div>\n<div class=\"wp-block-post-excerpt\"><p class=\"wp-block-post-excerpt__excerpt\">Call for papers on the thematic dossier \u201cFilm and Video Game\u201d for the journal&nbsp;Rotura&nbsp;published by the Research Center for Research in Communication Sciences and Arts is open between July 15th and October 30th <a class=\"wp-block-post-excerpt__more-link\" href=\"https:\/\/antigo.ciac.pt\/news\/call-for-papers-3\/11460\">+ Info<\/a><\/p><\/div>\n<\/li>\n\n<li class=\"wp-block-post post-11365 post type-post status-publish format-standard hentry category-featured category-news\">\n<div class=\"wp-block-post-title\">ARTEFACTO 2020<\/div>\n<div class=\"wp-block-post-date\"><time datetime=\"2020-06-26T10:13:33+00:00\">26 Junho, 2020<\/time><\/div>\n<div class=\"wp-block-post-excerpt\"><p class=\"wp-block-post-excerpt__excerpt\">The game designer Gonzalo Frasca is one of the keynote speakers for the Conference Artefacto 2020. <a class=\"wp-block-post-excerpt__more-link\" href=\"https:\/\/antigo.ciac.pt\/news\/artefacto-2020-6\/11365\">+ Info<\/a><\/p><\/div>\n<\/li>\n\n<li class=\"wp-block-post post-11283 post type-post status-publish format-standard hentry category-featured category-news\">\n<div class=\"wp-block-post-title\">ARTEFACTO<\/div>\n<div class=\"wp-block-post-date\"><time datetime=\"2020-06-16T14:39:00+00:00\">16 Junho, 2020<\/time><\/div>\n<div class=\"wp-block-post-excerpt\"><p class=\"wp-block-post-excerpt__excerpt\">Artefacto 2020 welcomes virtual presentations, due to Covid-19 pandemic.&nbsp; <a class=\"wp-block-post-excerpt__more-link\" href=\"https:\/\/antigo.ciac.pt\/news\/artefacto-4\/11283\">+ Info<\/a><\/p><\/div>\n<\/li>\n\n<li class=\"wp-block-post post-11271 post type-post status-publish format-standard hentry category-featured category-international-projects category-news category-on-going-international-projects category-projects investigadores-bruno-mendes-da-silva investigadores-mirian-tavares\">\n<div class=\"wp-block-post-title\">BEST MED PROJECT<\/div>\n<div class=\"wp-block-post-date\"><time datetime=\"2020-06-16T12:46:22+00:00\">16 Junho, 2020<\/time><\/div>\n<div class=\"wp-block-post-excerpt\"><p class=\"wp-block-post-excerpt__excerpt\">CIAC joins to the Project BEST MED \u2013   Beyond European Sustainable Tourism Med Path \u2013 whose main aim is the development of responsible tourism in the Mediterranean, promoting its sustainability. <a class=\"wp-block-post-excerpt__more-link\" href=\"https:\/\/antigo.ciac.pt\/projects\/best-med-project\/11271\">+ Info<\/a><\/p><\/div>\n<\/li>\n\n<li class=\"wp-block-post post-11262 post type-post status-publish format-standard hentry category-featured category-news\">\n<div class=\"wp-block-post-title\">ARTEFACTO 2020<\/div>\n<div class=\"wp-block-post-date\"><time datetime=\"2020-06-16T12:09:46+00:00\">16 Junho, 2020<\/time><\/div>\n<div class=\"wp-block-post-excerpt\"><p class=\"wp-block-post-excerpt__excerpt\">Piete Kommers, a pioneer in media education, confirmed his presence at Artefacto 2020. <a class=\"wp-block-post-excerpt__more-link\" href=\"https:\/\/antigo.ciac.pt\/news\/artefacto-2020-4\/11262\">+ Info<\/a><\/p><\/div>\n<\/li>\n\n<li class=\"wp-block-post post-11214 post type-post status-publish format-standard hentry category-featured category-news\">\n<div class=\"wp-block-post-title\">ARTEFACTO 2020<\/div>\n<div class=\"wp-block-post-date\"><time datetime=\"2020-06-12T09:44:59+00:00\">12 Junho, 2020<\/time><\/div>\n<div class=\"wp-block-post-excerpt\"><p class=\"wp-block-post-excerpt__excerpt\">Jeffrey Shaw is one of the three confirmed speakers for Artefacto 2020. <a class=\"wp-block-post-excerpt__more-link\" href=\"https:\/\/antigo.ciac.pt\/news\/artefacto-2020-2\/11214\">+ Info<\/a><\/p><\/div>\n<\/li>\n\n<li class=\"wp-block-post post-11076 post type-post status-publish format-standard hentry category-featured category-news investigadores-bruno-mendes-da-silva investigadores-mirian-tavares\">\n<div class=\"wp-block-post-title\">CIAC RESEARCHERS JOINED A INTERNATIONAL CONSORTIUM<\/div>\n<div class=\"wp-block-post-date\"><time datetime=\"2020-04-30T15:10:17+00:00\">30 Abril, 2020<\/time><\/div>\n<div class=\"wp-block-post-excerpt\"><p class=\"wp-block-post-excerpt__excerpt\">CIAC researchers joined the international consortium to bring together cultural heritage thought technology. <a class=\"wp-block-post-excerpt__more-link\" href=\"https:\/\/antigo.ciac.pt\/news\/iheritage-ict-mediterranean-platform-for-unesco-cultural-heritage-2\/11076\">+ Info<\/a><\/p><\/div>\n<\/li>\n\n<li class=\"wp-block-post post-11025 post type-post status-publish format-standard hentry category-featured category-news investigadores-aderito-marcos investigadores-ana-carvalho investigadores-ana-isabel-soares investigadores-antonio-araujo investigadores-beatriz-cantinho investigadores-bruno-mendes-da-silva investigadores-elizabeth-carvalho investigadores-jose-bidarra investigadores-maria-potes-barbas investigadores-mirian-tavares investigadores-pedro-alves-da-veiga\">\n<div class=\"wp-block-post-title\">CALL FOR PAPERS<\/div>\n<div class=\"wp-block-post-date\"><time datetime=\"2020-04-01T18:08:57+00:00\">1 Abril, 2020<\/time><\/div>\n<div class=\"wp-block-post-excerpt\"><p class=\"wp-block-post-excerpt__excerpt\">Call for papers for ARTeFACTo 2020 <a class=\"wp-block-post-excerpt__more-link\" href=\"https:\/\/antigo.ciac.pt\/news\/chamada-de-trabalhos-17-2\/11025\">+ Info<\/a><\/p><\/div>\n<\/li>\n<\/ul>\n<\/div><\/div>\n\n\n\n<div class=\"wp-block-advgb-accordion-item advgb-accordion-item\" style=\"margin-bottom:15px\"><div class=\"advgb-accordion-header\" style=\"background-color:#ffffff;color:#000000;border-style:solid;border-width:0px;border-color:#ffffff\"><span class=\"advgb-accordion-header-icon\"><svg fill=\"#000000\" xmlns=\"http:\/\/www.w3.org\/2000\/svg\" width=\"24\" height=\"24\" viewBox=\"0 0 24 24\"><path fill=\"none\" d=\"M0,0h24v24H0V0z\"><\/path><path d=\"M6,10c-1.1,0-2,0.9-2,2s0.9,2,2,2s2-0.9,2-2S7.1,10,6,10z M18,10c-1.1,0-2,0.9-2,2s0.9,2,2,2s2-0.9,2-2S19.1,10,18,10z M12,10c-1.1,0-2,0.9-2,2s0.9,2,2,2s2-0.9,2-2S13.1,10,12,10z\"><\/path><\/svg><\/span><h2 class=\"advgb-accordion-header-title\" style=\"color:inherit\">2019<\/h2><\/div><div class=\"advgb-accordion-body\" style=\"border-style:solid !important;border-width:0px !important;border-color:#ffffff !important;border-top:none !important\">\n<ul>\n<li class=\"wp-block-post post-10410 post type-post status-publish format-standard hentry category-featured category-news investigadores-pedro-cabral-santo\">\n<div class=\"wp-block-post-title\">PEDRO CABRAL SANTO | CONTENTORES<\/div>\n<div class=\"wp-block-post-date\"><time datetime=\"2019-10-30T09:58:22+00:00\">30 Outubro, 2019<\/time><\/div>\n<div class=\"wp-block-post-excerpt\"><p class=\"wp-block-post-excerpt__excerpt\">Pedro Cabral Santo will be at the garden of the Lisbon Cruise Terminal for another edition of the CONTENTORES project <a class=\"wp-block-post-excerpt__more-link\" href=\"https:\/\/antigo.ciac.pt\/news\/pedro-cabral-santo-contentores\/10410\">+ Info<\/a><\/p><\/div>\n<\/li>\n\n<li class=\"wp-block-post post-10373 post type-post status-publish format-standard hentry category-featured category-news investigadores-aderito-marcos investigadores-jose-bidarra investigadores-mirian-tavares\">\n<div class=\"wp-block-post-title\">PhD in Digital Media-Art<\/div>\n<div class=\"wp-block-post-date\"><time datetime=\"2019-10-28T22:38:43+00:00\">28 Outubro, 2019<\/time><\/div>\n<div class=\"wp-block-post-excerpt\"><p class=\"wp-block-post-excerpt__excerpt\">Dorotea Souza Bastos successfully defended today evidence for obtaining a PhD degree in Digital Media-Art <a class=\"wp-block-post-excerpt__more-link\" href=\"https:\/\/antigo.ciac.pt\/news\/provas-de-doutoramento-em-media-arte-digital-2\/10373\">+ Info<\/a><\/p><\/div>\n<\/li>\n\n<li class=\"wp-block-post post-10355 post type-post status-publish format-standard hentry category-featured category-news investigadores-sandra-boto\">\n<div class=\"wp-block-post-title\">research grant<\/div>\n<div class=\"wp-block-post-date\"><time datetime=\"2019-10-28T22:00:58+00:00\">28 Outubro, 2019<\/time><\/div>\n<div class=\"wp-block-post-excerpt\"><p class=\"wp-block-post-excerpt__excerpt\">CIAC informs that it has open a call for a research grant under the project \u201cGarrettonline: a plataforma digital do Romanceiro de Almeida Garrett\u201d <a class=\"wp-block-post-excerpt__more-link\" href=\"https:\/\/antigo.ciac.pt\/news\/bolsa-de-investigacao-3-2\/10355\">+ Info<\/a><\/p><\/div>\n<\/li>\n\n<li class=\"wp-block-post post-10343 post type-post status-publish format-standard hentry category-featured category-news investigadores-maria-botana-vilar investigadores-mirian-tavares\">\n<div class=\"wp-block-post-title\">EVENT<\/div>\n<div class=\"wp-block-post-date\"><time datetime=\"2019-10-28T09:56:21+00:00\">28 Outubro, 2019<\/time><\/div>\n<div class=\"wp-block-post-excerpt\"><p class=\"wp-block-post-excerpt__excerpt\">Mirian Tavares and Maria Botana Vilar take part in the International Meeting \u201cO Cinema e as outras Artes\u201d <a class=\"wp-block-post-excerpt__more-link\" href=\"https:\/\/antigo.ciac.pt\/news\/evento-74-2\/10343\">+ Info<\/a><\/p><\/div>\n<\/li>\n\n<li class=\"wp-block-post post-10332 post type-post status-publish format-standard hentry category-featured category-news investigadores-bruno-mendes-da-silva\">\n<div class=\"wp-block-post-title\">FICSAM FESTIVAL<\/div>\n<div class=\"wp-block-post-date\"><time datetime=\"2019-10-25T18:05:11+00:00\">25 Outubro, 2019<\/time><\/div>\n<div class=\"wp-block-post-excerpt\"><p class=\"wp-block-post-excerpt__excerpt\">Communication Sciences\u2019 students win the FICSAM Festival in SCHOOLS category <a class=\"wp-block-post-excerpt__more-link\" href=\"https:\/\/antigo.ciac.pt\/news\/ficsam-festival-2\/10332\">+ Info<\/a><\/p><\/div>\n<\/li>\n\n<li class=\"wp-block-post post-10329 post type-post status-publish format-standard hentry category-featured category-news investigadores-aderito-marcos investigadores-ana-soares investigadores-antonio-araujo investigadores-bruno-mendes-da-silva investigadores-jose-bidarra investigadores-mirian-tavares investigadores-pedro-alves-da-veiga\">\n<div class=\"wp-block-post-title\">ARTECH 2019<\/div>\n<div class=\"wp-block-post-date\"><time datetime=\"2019-10-25T15:39:57+00:00\">25 Outubro, 2019<\/time><\/div>\n<div class=\"wp-block-post-excerpt\"><p class=\"wp-block-post-excerpt__excerpt\">Next week many researchers and collaborators of CIAC will be heading to Braga for another edition of ARTECH <a class=\"wp-block-post-excerpt__more-link\" href=\"https:\/\/antigo.ciac.pt\/news\/featured\/artech-2019-2-2\/10329\">+ Info<\/a><\/p><\/div>\n<\/li>\n\n<li class=\"wp-block-post post-10317 post type-post status-publish format-standard hentry category-featured category-news\">\n<div class=\"wp-block-post-title\">ARTISTIC RESIDENCE<\/div>\n<div class=\"wp-block-post-date\"><time datetime=\"2019-10-22T14:04:39+00:00\">22 Outubro, 2019<\/time><\/div>\n<div class=\"wp-block-post-excerpt\"><p class=\"wp-block-post-excerpt__excerpt\">Beatriz Cantinho is one of the guest residents of Mala Voadora, with T\u00falio Rosa, in Project 1989 <a class=\"wp-block-post-excerpt__more-link\" href=\"https:\/\/antigo.ciac.pt\/news\/featured\/residencia-artistica-3-2\/10317\">+ Info<\/a><\/p><\/div>\n<\/li>\n\n<li class=\"wp-block-post post-10293 post type-post status-publish format-standard hentry category-featured category-news investigadores-mirian-tavares\">\n<div class=\"wp-block-post-title\">International Meeting<\/div>\n<div class=\"wp-block-post-date\"><time datetime=\"2019-10-14T15:49:47+00:00\">14 Outubro, 2019<\/time><\/div>\n<div class=\"wp-block-post-excerpt\"><p class=\"wp-block-post-excerpt__excerpt\">Rui Ant\u00f3nio and Mirian Tavares presented the paper \u201cBarthes Plastic Extended: an interactive documentary installation\u201d  <a class=\"wp-block-post-excerpt__more-link\" href=\"https:\/\/antigo.ciac.pt\/news\/conferencia-17-2\/10293\">+ Info<\/a><\/p><\/div>\n<\/li>\n\n<li class=\"wp-block-post post-10283 post type-post status-publish format-standard hentry category-featured category-news investigadores-sandra-boto\">\n<div class=\"wp-block-post-title\">Romanceiro<\/div>\n<div class=\"wp-block-post-date\"><time datetime=\"2019-10-14T09:10:56+00:00\">14 Outubro, 2019<\/time><\/div>\n<div class=\"wp-block-post-excerpt\"><p class=\"wp-block-post-excerpt__excerpt\">\u2018GARRETT ONLINE\u2019 ACTIVITY | SEMINAR <a class=\"wp-block-post-excerpt__more-link\" href=\"https:\/\/antigo.ciac.pt\/news\/romanceiro-2-2\/10283\">+ Info<\/a><\/p><\/div>\n<\/li>\n\n<li class=\"wp-block-post post-10267 post type-post status-publish format-standard hentry category-featured category-news investigadores-bruno-mendes-da-silva\">\n<div class=\"wp-block-post-title\">COST MEETING<\/div>\n<div class=\"wp-block-post-date\"><time datetime=\"2019-10-08T18:36:40+00:00\">8 Outubro, 2019<\/time><\/div>\n<div class=\"wp-block-post-excerpt\"><p class=\"wp-block-post-excerpt__excerpt\">Bruno Mendes da Silva represents CIAC and the University of Algarve at the kick off meeting of the COST action \u201cEuropean Forum for Advanced Practices\u201d in Madrid <a class=\"wp-block-post-excerpt__more-link\" href=\"https:\/\/antigo.ciac.pt\/news\/cost-meeting-2\/10267\">+ Info<\/a><\/p><\/div>\n<\/li>\n\n<li class=\"wp-block-post post-10266 post type-post status-publish format-standard hentry category-featured category-news investigadores-ana-isabel-soares investigadores-bruno-mendes-da-silva investigadores-mirian-tavares\">\n<div class=\"wp-block-post-title\">V\u00cdTOR REIA BAPTISTA CYCLE<\/div>\n<div class=\"wp-block-post-date\"><time datetime=\"2019-10-08T18:25:12+00:00\">8 Outubro, 2019<\/time><\/div>\n<div class=\"wp-block-post-excerpt\"><p class=\"wp-block-post-excerpt__excerpt\">With the beginning of the school year, the Cineclube de Faro and CIAC resume the sessions of the Heretic and Libertarian Cycle, in honor of professor and researcher V\u00edtor Reia-Baptista <a class=\"wp-block-post-excerpt__more-link\" href=\"https:\/\/antigo.ciac.pt\/news\/ciclo-vitor-reia-baptista-2\/10266\">+ Info<\/a><\/p><\/div>\n<\/li>\n\n<li class=\"wp-block-post post-10254 post type-post status-publish format-standard hentry category-featured category-news\">\n<div class=\"wp-block-post-title\">EXHIBITION<\/div>\n<div class=\"wp-block-post-date\"><time datetime=\"2019-10-07T21:20:28+00:00\">7 Outubro, 2019<\/time><\/div>\n<div class=\"wp-block-post-excerpt\"><p class=\"wp-block-post-excerpt__excerpt\">CIAC collaborator participates in the Bahia Photography Colloquium <a class=\"wp-block-post-excerpt__more-link\" href=\"https:\/\/antigo.ciac.pt\/news\/exposicao-24-2\/10254\">+ Info<\/a><\/p><\/div>\n<\/li>\n\n<li class=\"wp-block-post post-10247 post type-post status-publish format-standard hentry category-featured category-news\">\n<div class=\"wp-block-post-title\">RUI SANCHES AT THE BERARDO MUSEUM<\/div>\n<div class=\"wp-block-post-date\"><time datetime=\"2019-10-07T18:57:29+00:00\">7 Outubro, 2019<\/time><\/div>\n<div class=\"wp-block-post-excerpt\"><p class=\"wp-block-post-excerpt__excerpt\">The Berardo Collection Museum opens next October 9th \u201cEspelho\u201d, an individual exhibition by our collaborator Rui Sanches, Professor at the Degree in Visual Arts at the University of Algarve <a class=\"wp-block-post-excerpt__more-link\" href=\"https:\/\/antigo.ciac.pt\/news\/rui-sanches-no-museu-berardo-2\/10247\">+ Info<\/a><\/p><\/div>\n<\/li>\n\n<li class=\"wp-block-post post-10228 post type-post status-publish format-standard hentry category-featured category-news investigadores-ana-isabel-soares investigadores-bruno-mendes-da-silva investigadores-jorge-carrega investigadores-mirian-tavares\">\n<div class=\"wp-block-post-title\">FARCUME<\/div>\n<div class=\"wp-block-post-date\"><time datetime=\"2019-10-03T09:08:20+00:00\">3 Outubro, 2019<\/time><\/div>\n<div class=\"wp-block-post-excerpt\"><p class=\"wp-block-post-excerpt__excerpt\">CIAC joins the 9th edition of FARCUME \u2013 Faro International Short Film Festival. <a class=\"wp-block-post-excerpt__more-link\" href=\"https:\/\/antigo.ciac.pt\/news\/farcume\/10228\">+ Info<\/a><\/p><\/div>\n<\/li>\n\n<li class=\"wp-block-post post-10211 post type-post status-publish format-standard hentry category-featured category-news investigadores-mirian-tavares\">\n<div class=\"wp-block-post-title\">Conference<\/div>\n<div class=\"wp-block-post-date\"><time datetime=\"2019-09-30T12:07:46+00:00\">30 Setembro, 2019<\/time><\/div>\n<div class=\"wp-block-post-excerpt\"><p class=\"wp-block-post-excerpt__excerpt\">Mirian Tavares is invited to the Conference Cycle, sponsored by the&nbsp;Nucleus of the Faro Combatants League, to talhk about the presence of the avant-garde in the Algarve <a class=\"wp-block-post-excerpt__more-link\" href=\"https:\/\/antigo.ciac.pt\/news\/conferencia-16-2\/10211\">+ Info<\/a><\/p><\/div>\n<\/li>\n\n<li class=\"wp-block-post post-10202 post type-post status-publish format-standard hentry category-featured category-news investigadores-adriana-freire-nogueira investigadores-ana-isabel-soares investigadores-bruno-mendes-da-silva investigadores-jose-bidarra investigadores-mirian-tavares investigadores-pedro-cabral-santo investigadores-sandra-boto investigadores-tiago-cruz\">\n<div class=\"wp-block-post-title\">PUBLICATION<\/div>\n<div class=\"wp-block-post-date\"><time datetime=\"2019-09-30T09:56:11+00:00\">30 Setembro, 2019<\/time><\/div>\n<div class=\"wp-block-post-excerpt\"><p class=\"wp-block-post-excerpt__excerpt\">CIAC is pleased to provide its latest publication, organized by the researchers Denize Araujo, Jorge Carrega and Ingrid Fechine, the second volume of the Perspectivas Luso-Brasileiras em Artes e Comunica\u00e7\u00e3o <a class=\"wp-block-post-excerpt__more-link\" href=\"https:\/\/antigo.ciac.pt\/news\/publicacao-78\/10202\">+ Info<\/a><\/p><\/div>\n<\/li>\n\n<li class=\"wp-block-post post-10185 post type-post status-publish format-standard hentry category-featured category-news investigadores-mirian-tavares\">\n<div class=\"wp-block-post-title\">MEETING<\/div>\n<div class=\"wp-block-post-date\"><time datetime=\"2019-09-24T20:07:08+00:00\">24 Setembro, 2019<\/time><\/div>\n<div class=\"wp-block-post-excerpt\"><p class=\"wp-block-post-excerpt__excerpt\">Mirian Tavares will be moderating a meeting in the context of commemorations of the 50th anniversary of the death pf the film\u2019s critical and illustrator, Roberto Nobre <a class=\"wp-block-post-excerpt__more-link\" href=\"https:\/\/antigo.ciac.pt\/news\/encontro-2\/10185\">+ Info<\/a><\/p><\/div>\n<\/li>\n\n<li class=\"wp-block-post post-10176 post type-post status-publish format-standard hentry category-featured category-news investigadores-ana-soares investigadores-sandra-boto\">\n<div class=\"wp-block-post-title\">PUBLICATION: CITAR Journal<\/div>\n<div class=\"wp-block-post-date\"><time datetime=\"2019-09-23T19:21:38+00:00\">23 Setembro, 2019<\/time><\/div>\n<div class=\"wp-block-post-excerpt\"><p class=\"wp-block-post-excerpt__excerpt\">New issue of CITAR (Journal of Arts Science and Technology) especially devoted to what we designated as Marginalized Narratives <a class=\"wp-block-post-excerpt__more-link\" href=\"https:\/\/antigo.ciac.pt\/news\/publicacao-citar-journal\/10176\">+ Info<\/a><\/p><\/div>\n<\/li>\n\n<li class=\"wp-block-post post-10167 post type-post status-publish format-standard hentry category-featured category-news investigadores-antonio-araujo investigadores-bruno-mendes-da-silva investigadores-mirian-tavares investigadores-pedro-alves-da-veiga\">\n<div class=\"wp-block-post-title\">Exhibition Cultural Adventures<\/div>\n<div class=\"wp-block-post-date\"><time datetime=\"2019-09-20T11:38:47+00:00\">20 Setembro, 2019<\/time><\/div>\n<div class=\"wp-block-post-excerpt\"><p class=\"wp-block-post-excerpt__excerpt\">Depois de Bangkok, \u0e01\u0e32\u0e23\u0e40\u0e08\u0e23\u0e08\u0e32 CONVERSA, &nbsp;uma aventura de experimenta\u00e7\u00e3o cultural e est\u00e9tica al\u00e9m fronteiras, viaja at\u00e9 Faro, ao Club Farense, onde estar\u00e1 patente entre os dias 2 e 9 de outubro <a class=\"wp-block-post-excerpt__more-link\" href=\"https:\/\/antigo.ciac.pt\/news\/exposicao-cultural-adventures-2\/10167\">+ Info<\/a><\/p><\/div>\n<\/li>\n\n<li class=\"wp-block-post post-10127 post type-post status-publish format-standard hentry category-featured category-news investigadores-mirian-tavares investigadores-pedro-cabral-santo\">\n<div class=\"wp-block-post-title\">EXHIBITION<\/div>\n<div class=\"wp-block-post-date\"><time datetime=\"2019-09-17T13:28:12+00:00\">17 Setembro, 2019<\/time><\/div>\n<div class=\"wp-block-post-excerpt\"><p class=\"wp-block-post-excerpt__excerpt\">Visual Arts students exhibit at the Trem Gallery <a class=\"wp-block-post-excerpt__more-link\" href=\"https:\/\/antigo.ciac.pt\/news\/exposicao-23\/10127\">+ Info<\/a><\/p><\/div>\n<\/li>\n\n<li class=\"wp-block-post post-10122 post type-post status-publish format-standard hentry category-featured category-news investigadores-bruno-mendes-da-silva investigadores-pedro-alves-da-veiga\">\n<div class=\"wp-block-post-title\">CULTURAL ADVENTURES<\/div>\n<div class=\"wp-block-post-date\"><time datetime=\"2019-09-17T12:47:08+00:00\">17 Setembro, 2019<\/time><\/div>\n<div class=\"wp-block-post-excerpt\"><p class=\"wp-block-post-excerpt__excerpt\">Two countries in dialogue through a common project: learn about exhibitions that open between September and October and materialize the dialogue between two distant cultures <a class=\"wp-block-post-excerpt__more-link\" href=\"https:\/\/antigo.ciac.pt\/news\/cultural-adventures-2\/10122\">+ Info<\/a><\/p><\/div>\n<\/li>\n\n<li class=\"wp-block-post post-10107 post type-post status-publish format-standard hentry category-featured category-news investigadores-bruno-mendes-da-silva\">\n<div class=\"wp-block-post-title\">International Mental Health Film Festival<\/div>\n<div class=\"wp-block-post-date\"><time datetime=\"2019-09-13T10:16:18+00:00\">13 Setembro, 2019<\/time><\/div>\n<div class=\"wp-block-post-excerpt\"><p class=\"wp-block-post-excerpt__excerpt\">Several films from the students of the Communication Sciences degree were selected for the seventh edition of the International Mental Health Film Festival <a class=\"wp-block-post-excerpt__more-link\" href=\"https:\/\/antigo.ciac.pt\/news\/festival-internacional-de-cinema-e-saude-mental-2\/10107\">+ Info<\/a><\/p><\/div>\n<\/li>\n\n<li class=\"wp-block-post post-10078 post type-post status-publish format-standard hentry category-featured category-news investigadores-ana-soares\">\n<div class=\"wp-block-post-title\">NEW PUBLICATION<\/div>\n<div class=\"wp-block-post-date\"><time datetime=\"2019-09-09T22:08:22+00:00\">9 Setembro, 2019<\/time><\/div>\n<div class=\"wp-block-post-excerpt\"><p class=\"wp-block-post-excerpt__excerpt\">CIAC team publishes article on \u201cEducation, Cinema and Social Networks: a look from the National Cinema Plan\u201d <a class=\"wp-block-post-excerpt__more-link\" href=\"https:\/\/antigo.ciac.pt\/news\/nova-publicacao-3-2\/10078\">+ Info<\/a><\/p><\/div>\n<\/li>\n\n<li class=\"wp-block-post post-10073 post type-post status-publish format-standard hentry category-featured category-news investigadores-sandra-boto\">\n<div class=\"wp-block-post-title\">CALL FOR PAPERS<\/div>\n<div class=\"wp-block-post-date\"><time datetime=\"2019-09-09T21:51:31+00:00\">9 Setembro, 2019<\/time><\/div>\n<div class=\"wp-block-post-excerpt\"><p class=\"wp-block-post-excerpt__excerpt\">Call for papers for the Meeting: \u201cVERSOS IB\u00c9RICOS Intercambios po\u00e9ticos entre Espa\u00f1a y Portugal (siglos XV-XVIII)\u201d is now open <a class=\"wp-block-post-excerpt__more-link\" href=\"https:\/\/antigo.ciac.pt\/news\/chamada-de-trabalhos-14-2\/10073\">+ Info<\/a><\/p><\/div>\n<\/li>\n\n<li class=\"wp-block-post post-10065 post type-post status-publish format-standard hentry category-featured category-news\">\n<div class=\"wp-block-post-title\">FESTIVAL F<\/div>\n<div class=\"wp-block-post-date\"><time datetime=\"2019-09-07T18:26:49+00:00\">7 Setembro, 2019<\/time><\/div>\n<div class=\"wp-block-post-excerpt\"><p class=\"wp-block-post-excerpt__excerpt\">CIAC is present at one of the most emblematic Algarve festivals, Festival F, in Faro <a class=\"wp-block-post-excerpt__more-link\" href=\"https:\/\/antigo.ciac.pt\/news\/ciac-no-festival-f-2\/10065\">+ Info<\/a><\/p><\/div>\n<\/li>\n\n<li class=\"wp-block-post post-10054 post type-post status-publish format-standard hentry category-featured category-news investigadores-aderito-marcos investigadores-ana-isabel-soares investigadores-ana-soares investigadores-antonio-araujo investigadores-bruno-mendes-da-silva investigadores-jose-bidarra investigadores-mirian-tavares investigadores-pedro-cabral-santo\">\n<div class=\"wp-block-post-title\">PhD in Digital Media Art<\/div>\n<div class=\"wp-block-post-date\"><time datetime=\"2019-09-05T17:37:27+00:00\">5 Setembro, 2019<\/time><\/div>\n<div class=\"wp-block-post-excerpt\"><p class=\"wp-block-post-excerpt__excerpt\">Report of the 7th Doctoral Retreat in Digital Media Art, which took place in \u00d3bidos, in July, at Casa Jos\u00e9 Saramago. The testimonies are from students, teachers and those responsible for the PhD <a class=\"wp-block-post-excerpt__more-link\" href=\"https:\/\/antigo.ciac.pt\/news\/reportagem-dmad\/10054\">+ Info<\/a><\/p><\/div>\n<\/li>\n\n<li class=\"wp-block-post post-10048 post type-post status-publish format-standard hentry category-featured category-news investigadores-bruno-mendes-da-silva investigadores-pedro-alves-da-veiga\">\n<div class=\"wp-block-post-title\">DIGITAL EXHIBITION<\/div>\n<div class=\"wp-block-post-date\"><time datetime=\"2019-08-26T10:45:15+00:00\">26 Agosto, 2019<\/time><\/div>\n<div class=\"wp-block-post-excerpt\"><p class=\"wp-block-post-excerpt__excerpt\">CIAC integrates virtual art gallery in the exhibition The Wrong New Digital Biennale <a class=\"wp-block-post-excerpt__more-link\" href=\"https:\/\/antigo.ciac.pt\/news\/exposicao-digital-2\/10048\">+ Info<\/a><\/p><\/div>\n<\/li>\n\n<li class=\"wp-block-post post-10041 post type-post status-publish format-standard hentry category-featured category-news investigadores-bruno-mendes-da-silva\">\n<div class=\"wp-block-post-title\">exhibition<\/div>\n<div class=\"wp-block-post-date\"><time datetime=\"2019-08-22T14:51:12+00:00\">22 Agosto, 2019<\/time><\/div>\n<div class=\"wp-block-post-excerpt\"><p class=\"wp-block-post-excerpt__excerpt\">Bruno Mendes da Silva is present in an exhibition at Vi\u00e7osa <a class=\"wp-block-post-excerpt__more-link\" href=\"https:\/\/antigo.ciac.pt\/news\/exposicao-22-2\/10041\">+ Info<\/a><\/p><\/div>\n<\/li>\n\n<li class=\"wp-block-post post-10036 post type-post status-publish format-standard hentry category-featured category-news investigadores-bruno-mendes-da-silva investigadores-mirian-tavares\">\n<div class=\"wp-block-post-title\">PLAY YOUR ROLE PROJECT<\/div>\n<div class=\"wp-block-post-date\"><time datetime=\"2019-08-22T08:52:29+00:00\">22 Agosto, 2019<\/time><\/div>\n<div class=\"wp-block-post-excerpt\"><p class=\"wp-block-post-excerpt__excerpt\">CIAC travels to Italy for the first meeting of the latest project hosted by CIAC <a class=\"wp-block-post-excerpt__more-link\" href=\"https:\/\/antigo.ciac.pt\/news\/projeto-play-your-role-2\/10036\">+ Info<\/a><\/p><\/div>\n<\/li>\n\n<li class=\"wp-block-post post-10034 post type-post status-publish format-standard hentry category-featured category-news investigadores-bruno-mendes-da-silva investigadores-gabriela-borges\">\n<div class=\"wp-block-post-title\">RESEARCH STAY<\/div>\n<div class=\"wp-block-post-date\"><time datetime=\"2019-08-22T08:40:54+00:00\">22 Agosto, 2019<\/time><\/div>\n<div class=\"wp-block-post-excerpt\"><p class=\"wp-block-post-excerpt__excerpt\">CIAC hosts international research stay <a class=\"wp-block-post-excerpt__more-link\" href=\"https:\/\/antigo.ciac.pt\/news\/estancia-de-investigacao-2\/10034\">+ Info<\/a><\/p><\/div>\n<\/li>\n\n<li class=\"wp-block-post post-10018 post type-post status-publish format-standard hentry category-featured category-news investigadores-sandra-boto\">\n<div class=\"wp-block-post-title\">New Publication<\/div>\n<div class=\"wp-block-post-date\"><time datetime=\"2019-08-19T12:07:05+00:00\">19 Agosto, 2019<\/time><\/div>\n<div class=\"wp-block-post-excerpt\"><p class=\"wp-block-post-excerpt__excerpt\">Ther researcher Sandra Boto has just published an article in the volume Perspetivas cr\u00edticas sobre os estudos ib\u00e9ricos, recently indexed in the bibliographic database Scopus <a class=\"wp-block-post-excerpt__more-link\" href=\"https:\/\/antigo.ciac.pt\/news\/nova-publicacao-2\/10018\">+ Info<\/a><\/p><\/div>\n<\/li>\n\n<li class=\"wp-block-post post-10006 post type-post status-publish format-standard hentry category-featured category-news investigadores-aderito-marcos investigadores-ana-isabel-soares investigadores-antonio-araujo investigadores-bruno-mendes-da-silva investigadores-elizabeth-carvalho investigadores-fernando-faria-paulino investigadores-isabel-carvalho investigadores-jose-bidarra investigadores-maria-potes-barbas investigadores-mirian-tavares investigadores-pedro-alves-da-veiga investigadores-pedro-cabral-santo\">\n<div class=\"wp-block-post-title\">PhD in Digital Media-Art<\/div>\n<div class=\"wp-block-post-date\"><time datetime=\"2019-07-29T11:04:28+00:00\">29 Julho, 2019<\/time><\/div>\n<div class=\"wp-block-post-excerpt\"><p class=\"wp-block-post-excerpt__excerpt\">CIAC informs that the second phase for the application for the PhD in Digital Media-Art, for the period 2019\/2022, is open between August 20 and September 3 <a class=\"wp-block-post-excerpt__more-link\" href=\"https:\/\/antigo.ciac.pt\/news\/doutoramento-em-media-arte-digital-14-2\/10006\">+ Info<\/a><\/p><\/div>\n<\/li>\n\n<li class=\"wp-block-post post-9998 post type-post status-publish format-standard hentry category-featured category-news investigadores-bruno-mendes-da-silva investigadores-mirian-tavares investigadores-raquel-pacheco\">\n<div class=\"wp-block-post-title\">CIAC in AVANCA<\/div>\n<div class=\"wp-block-post-date\"><time datetime=\"2019-07-25T21:11:22+00:00\">25 Julho, 2019<\/time><\/div>\n<div class=\"wp-block-post-excerpt\"><p class=\"wp-block-post-excerpt__excerpt\">As usual, CIAC is present at another edition of the Cinema Meeting in Avanca <a class=\"wp-block-post-excerpt__more-link\" href=\"https:\/\/antigo.ciac.pt\/news\/ciac-em-avanca-2\/9998\">+ Info<\/a><\/p><\/div>\n<\/li>\n\n<li class=\"wp-block-post post-9987 post type-post status-publish format-standard hentry category-featured category-news investigadores-francisco-lameira\">\n<div class=\"wp-block-post-title\">PUBLICATION<\/div>\n<div class=\"wp-block-post-date\"><time datetime=\"2019-07-24T14:28:21+00:00\">24 Julho, 2019<\/time><\/div>\n<div class=\"wp-block-post-excerpt\"><p class=\"wp-block-post-excerpt__excerpt\">Another volume has just been published from the Collection Promontoria Monogr\u00e1fica, the eighteenth volume, dedicated to the Altarpieces in the Northern Province: Ba\u00e7aim, Dam\u00e3o and Diu <a class=\"wp-block-post-excerpt__more-link\" href=\"https:\/\/antigo.ciac.pt\/news\/publicacao-77-2\/9987\">+ Info<\/a><\/p><\/div>\n<\/li>\n\n<li class=\"wp-block-post post-9973 post type-post status-publish format-standard hentry category-featured category-news investigadores-raquel-pacheco\">\n<div class=\"wp-block-post-title\">Primeiro Plano goes to Melga\u00e7o<\/div>\n<div class=\"wp-block-post-date\"><time datetime=\"2019-07-23T20:46:22+00:00\">23 Julho, 2019<\/time><\/div>\n<div class=\"wp-block-post-excerpt\"><p class=\"wp-block-post-excerpt__excerpt\">Primeiro Plano \u2013 Plataforma de iniciativas e projetos de cinema e educa\u00e7\u00e3o em Portugal will be present in Melga\u00e7o at the MDOC \u2013 Festival Internacional de Document\u00e1rio de Melga\u00e7o <a class=\"wp-block-post-excerpt__more-link\" href=\"https:\/\/antigo.ciac.pt\/news\/primeiro-plano-em-melgaco-2\/9973\">+ Info<\/a><\/p><\/div>\n<\/li>\n\n<li class=\"wp-block-post post-9970 post type-post status-publish format-standard hentry category-featured category-news investigadores-bruno-mendes-da-silva investigadores-mirian-tavares\">\n<div class=\"wp-block-post-title\">research grant<\/div>\n<div class=\"wp-block-post-date\"><time datetime=\"2019-07-23T10:11:33+00:00\">23 Julho, 2019<\/time><\/div>\n<div class=\"wp-block-post-excerpt\"><p class=\"wp-block-post-excerpt__excerpt\">CIAC informs that the competition for a research grant in the area of communication and\/or design is open for the European project \u201cPlay your Role\u201d <a class=\"wp-block-post-excerpt__more-link\" href=\"https:\/\/antigo.ciac.pt\/news\/bolsa-de-investigacao-2\/9970\">+ Info<\/a><\/p><\/div>\n<\/li>\n\n<li class=\"wp-block-post post-9962 post type-post status-publish format-standard hentry category-featured category-news investigadores-bruno-mendes-da-silva\">\n<div class=\"wp-block-post-title\">Cadavre Exquis in International Competition<\/div>\n<div class=\"wp-block-post-date\"><time datetime=\"2019-07-21T17:19:38+00:00\">21 Julho, 2019<\/time><\/div>\n<div class=\"wp-block-post-excerpt\"><p class=\"wp-block-post-excerpt__excerpt\">Cadavre Exquis by Bruno Mendes da Silva is part of the 2019 official selection of the Avanca International Film Festival <a class=\"wp-block-post-excerpt__more-link\" href=\"https:\/\/antigo.ciac.pt\/news\/cadavre-exquis-em-competicao-internacional-2\/9962\">+ Info<\/a><\/p><\/div>\n<\/li>\n\n<li class=\"wp-block-post post-9955 post type-post status-publish format-standard hentry category-featured category-news investigadores-aderito-marcos investigadores-ana-isabel-soares investigadores-jose-bidarra investigadores-pedro-alves-da-veiga\">\n<div class=\"wp-block-post-title\">PhD in Digital Media-Art<\/div>\n<div class=\"wp-block-post-date\"><time datetime=\"2019-07-20T19:55:40+00:00\">20 Julho, 2019<\/time><\/div>\n<div class=\"wp-block-post-excerpt\"><p class=\"wp-block-post-excerpt__excerpt\">Patr\u00edcia Raquel Baptista Rodrigues defended on the 19th July evidence to obtain a PhD in Digital Media-Art <a class=\"wp-block-post-excerpt__more-link\" href=\"https:\/\/antigo.ciac.pt\/news\/doutoramento-em-media-arte-digital-13\/9955\">+ Info<\/a><\/p><\/div>\n<\/li>\n\n<li class=\"wp-block-post post-9739 post type-post status-publish format-standard hentry category-featured category-news investigadores-aderito-marcos investigadores-ana-isabel-soares investigadores-angela-saldanha investigadores-antonio-araujo investigadores-bruno-mendes-da-silva investigadores-elizabeth-carvalho investigadores-isabel-carvalho investigadores-jose-bidarra investigadores-maria-potes-barbas investigadores-mirian-tavares investigadores-pedro-alves-da-veiga investigadores-pedro-cabral-santo investigadores-sandra-boto investigadores-tiago-cruz\">\n<div class=\"wp-block-post-title\">DMAD RETREAT 2019<\/div>\n<div class=\"wp-block-post-date\"><time datetime=\"2019-07-17T16:12:54+00:00\">17 Julho, 2019<\/time><\/div>\n<div class=\"wp-block-post-excerpt\"><p class=\"wp-block-post-excerpt__excerpt\">The 7th Retreat of the Doctorate in Media-Digital Art, this year, brings together teachers and students in \u00d3bidos, between the 22nd and the 26th July <a class=\"wp-block-post-excerpt__more-link\" href=\"https:\/\/antigo.ciac.pt\/news\/retiro-dmad-2019-2\/9739\">+ Info<\/a><\/p><\/div>\n<\/li>\n\n<li class=\"wp-block-post post-9939 post type-post status-publish format-standard hentry category-featured category-news\">\n<div class=\"wp-block-post-title\">New Publications<\/div>\n<div class=\"wp-block-post-date\"><time datetime=\"2019-07-15T10:00:46+00:00\">15 Julho, 2019<\/time><\/div>\n<div class=\"wp-block-post-excerpt\"><p class=\"wp-block-post-excerpt__excerpt\">Colaborador do CIAC, Jos\u00e9 Paulo Cruz Pereira, publicou, recentemente, dois artigos na \u00e1rea da literatura <a class=\"wp-block-post-excerpt__more-link\" href=\"https:\/\/antigo.ciac.pt\/news\/novas-publicacoes-2\/9939\">+ Info<\/a><\/p><\/div>\n<\/li>\n\n<li class=\"wp-block-post post-9923 post type-post status-publish format-standard hentry category-featured category-news investigadores-ana-isabel-soares investigadores-antonio-branco investigadores-mirian-tavares investigadores-sandra-boto\">\n<div class=\"wp-block-post-title\">Congress<\/div>\n<div class=\"wp-block-post-date\"><time datetime=\"2019-07-11T12:58:30+00:00\">11 Julho, 2019<\/time><\/div>\n<div class=\"wp-block-post-excerpt\"><p class=\"wp-block-post-excerpt__excerpt\">Call for papers for the IV Congresso de Hist\u00f3ria do Trabalho, do Movimento Oper\u00e1rio e dos Movimentos Sociais em Portugal e III Congresso do Observat\u00f3rio para as Condi\u00e7\u00f5es de Trabalho e Vida is now open <a class=\"wp-block-post-excerpt__more-link\" href=\"https:\/\/antigo.ciac.pt\/news\/congresso\/9923\">+ Info<\/a><\/p><\/div>\n<\/li>\n\n<li class=\"wp-block-post post-9907 post type-post status-publish format-standard hentry category-featured category-news investigadores-mirian-tavares\">\n<div class=\"wp-block-post-title\">PUBLICATION<\/div>\n<div class=\"wp-block-post-date\"><time datetime=\"2019-07-10T20:35:20+00:00\">10 Julho, 2019<\/time><\/div>\n<div class=\"wp-block-post-excerpt\"><p class=\"wp-block-post-excerpt__excerpt\">Mirian Tavares publishes an article in an international journal <a class=\"wp-block-post-excerpt__more-link\" href=\"https:\/\/antigo.ciac.pt\/news\/publicacao-76-2\/9907\">+ Info<\/a><\/p><\/div>\n<\/li>\n\n<li class=\"wp-block-post post-9900 post type-post status-publish format-standard hentry category-featured category-news investigadores-mirian-tavares investigadores-vitor-reia\">\n<div class=\"wp-block-post-title\">Publication<\/div>\n<div class=\"wp-block-post-date\"><time datetime=\"2019-07-10T19:45:26+00:00\">10 Julho, 2019<\/time><\/div>\n<div class=\"wp-block-post-excerpt\"><p class=\"wp-block-post-excerpt__excerpt\">CIAC researchers are part of an international publication in the area of media literacy <a class=\"wp-block-post-excerpt__more-link\" href=\"https:\/\/antigo.ciac.pt\/news\/publicacao-75-2\/9900\">+ Info<\/a><\/p><\/div>\n<\/li>\n\n<li class=\"wp-block-post post-9892 post type-post status-publish format-standard hentry category-featured category-news\">\n<div class=\"wp-block-post-title\">PUBLICATION<\/div>\n<div class=\"wp-block-post-date\"><time datetime=\"2019-07-10T10:30:07+00:00\">10 Julho, 2019<\/time><\/div>\n<div class=\"wp-block-post-excerpt\"><p class=\"wp-block-post-excerpt__excerpt\">The first Tropos dossier has just been published with the support of CIAC <a class=\"wp-block-post-excerpt__more-link\" href=\"https:\/\/antigo.ciac.pt\/news\/publicacao-74-2\/9892\">+ Info<\/a><\/p><\/div>\n<\/li>\n\n<li class=\"wp-block-post post-9880 post type-post status-publish format-standard hentry category-featured category-news investigadores-carlos-castilho-pais\">\n<div class=\"wp-block-post-title\">PUBLICATION<\/div>\n<div class=\"wp-block-post-date\"><time datetime=\"2019-07-09T10:48:40+00:00\">9 Julho, 2019<\/time><\/div>\n<div class=\"wp-block-post-excerpt\"><p class=\"wp-block-post-excerpt__excerpt\">Carlos Castilho Pais, CIAC researcher, has just published the book In Portuguese: Chronicles about translation, cwith CIAC support <a class=\"wp-block-post-excerpt__more-link\" href=\"https:\/\/antigo.ciac.pt\/news\/publicacao-73-2\/9880\">+ Info<\/a><\/p><\/div>\n<\/li>\n\n<li class=\"wp-block-post post-9871 post type-post status-publish format-standard hentry category-featured category-news investigadores-ana-isabel-soares investigadores-raquel-pacheco\">\n<div class=\"wp-block-post-title\">PUBLICATION<\/div>\n<div class=\"wp-block-post-date\"><time datetime=\"2019-07-03T17:56:38+00:00\">3 Julho, 2019<\/time><\/div>\n<div class=\"wp-block-post-excerpt\"><p class=\"wp-block-post-excerpt__excerpt\">New CIAC publication in ICONO14 Magazine by Raquel Pacheco <a class=\"wp-block-post-excerpt__more-link\" href=\"https:\/\/antigo.ciac.pt\/news\/publicacao-72-2\/9871\">+ Info<\/a><\/p><\/div>\n<\/li>\n\n<li class=\"wp-block-post post-9854 post type-post status-publish format-standard hentry category-featured category-news investigadores-antonio-araujo\">\n<div class=\"wp-block-post-title\">CIAC in Brazil<\/div>\n<div class=\"wp-block-post-date\"><time datetime=\"2019-07-03T14:32:14+00:00\">3 Julho, 2019<\/time><\/div>\n<div class=\"wp-block-post-excerpt\"><p class=\"wp-block-post-excerpt__excerpt\">CIAC\u2019s researcher and Professor at the Universidade Aberta, Ant\u00f3nio Bandeira Ara\u00fajo, visited the University of Par\u00e1 (UFPA), in Bel\u00e9m, Brazil <a class=\"wp-block-post-excerpt__more-link\" href=\"https:\/\/antigo.ciac.pt\/news\/ciac-no-brasil-2\/9854\">+ Info<\/a><\/p><\/div>\n<\/li>\n\n<li class=\"wp-block-post post-9846 post type-post status-publish format-standard hentry category-featured category-news investigadores-pedro-ferre investigadores-sandra-boto\">\n<div class=\"wp-block-post-title\">PROJECT<\/div>\n<div class=\"wp-block-post-date\"><time datetime=\"2019-07-02T09:36:25+00:00\">2 Julho, 2019<\/time><\/div>\n<div class=\"wp-block-post-excerpt\"><p class=\"wp-block-post-excerpt__excerpt\">The website of the Relit-Rom project has just been disclosed <a class=\"wp-block-post-excerpt__more-link\" href=\"https:\/\/antigo.ciac.pt\/news\/projeto-22-2\/9846\">+ Info<\/a><\/p><\/div>\n<\/li>\n\n<li class=\"wp-block-post post-9841 post type-post status-publish format-standard hentry category-featured category-news\">\n<div class=\"wp-block-post-title\">Scientific Employment Stimulus<\/div>\n<div class=\"wp-block-post-date\"><time datetime=\"2019-06-28T10:21:36+00:00\">28 Junho, 2019<\/time><\/div>\n<div class=\"wp-block-post-excerpt\"><p class=\"wp-block-post-excerpt__excerpt\">The CIAC informs that the Foundation for Science and Technology has scheduled a new edition of the call for the Scientific Employment Stimulus \u2013 Individual for December 2019 <a class=\"wp-block-post-excerpt__more-link\" href=\"https:\/\/antigo.ciac.pt\/news\/ceec-individual-2\/9841\">+ Info<\/a><\/p><\/div>\n<\/li>\n\n<li class=\"wp-block-post post-9839 post type-post status-publish format-standard hentry category-featured category-news investigadores-ana-soares\">\n<div class=\"wp-block-post-title\">Conference<\/div>\n<div class=\"wp-block-post-date\"><time datetime=\"2019-06-28T10:13:05+00:00\">28 Junho, 2019<\/time><\/div>\n<div class=\"wp-block-post-excerpt\"><p class=\"wp-block-post-excerpt__excerpt\">CIAC travels to Funchal: Ana Isabel Soares gives an opening lecture at the \u201cLiterature &amp; Cinema\u201d Seminar <a class=\"wp-block-post-excerpt__more-link\" href=\"https:\/\/antigo.ciac.pt\/news\/conferencia-15-2\/9839\">+ Info<\/a><\/p><\/div>\n<\/li>\n\n<li class=\"wp-block-post post-9828 post type-post status-publish format-standard hentry category-featured category-news investigadores-jose-bidarra\">\n<div class=\"wp-block-post-title\">Blended Learning Webinar Week<\/div>\n<div class=\"wp-block-post-date\"><time datetime=\"2019-06-26T16:36:47+00:00\">26 Junho, 2019<\/time><\/div>\n<div class=\"wp-block-post-excerpt\"><p class=\"wp-block-post-excerpt__excerpt\">CIAC and PhD in Media-Digital Art, were presented today in the Blended Learning Webinar Week, organized by the EADTU network <a class=\"wp-block-post-excerpt__more-link\" href=\"https:\/\/antigo.ciac.pt\/news\/blended-learning-webinar-week-2\/9828\">+ Info<\/a><\/p><\/div>\n<\/li>\n\n<li class=\"wp-block-post post-9808 post type-post status-publish format-standard hentry category-featured category-news investigadores-aderito-marcos investigadores-ana-carvalho investigadores-ana-isabel-soares investigadores-antonio-araujo investigadores-antonio-branco investigadores-armando-nascimento-rosa investigadores-bruno-mendes-da-silva investigadores-celia-vieira investigadores-elizabeth-carvalho investigadores-eugenia-vasques investigadores-francisco-lameira investigadores-isabel-carvalho investigadores-joao-minhoto-marques investigadores-jose-bidarra investigadores-maria-botana-vilar investigadores-maria-potes-barbas investigadores-mirian-tavares investigadores-neuza-costa investigadores-pedro-alves-da-veiga investigadores-pedro-cabral-santo investigadores-raquel-pacheco investigadores-vitor-reia\">\n<div class=\"wp-block-post-title\">Evaluation<\/div>\n<div class=\"wp-block-post-date\"><time datetime=\"2019-06-25T11:39:09+00:00\">25 Junho, 2019<\/time><\/div>\n<div class=\"wp-block-post-excerpt\"><p class=\"wp-block-post-excerpt__excerpt\">FCT publishes results of the Evaluation of R&amp;D Units. <a class=\"wp-block-post-excerpt__more-link\" href=\"https:\/\/antigo.ciac.pt\/news\/avaliacao-2\/9808\">+ Info<\/a><\/p><\/div>\n<\/li>\n\n<li class=\"wp-block-post post-9803 post type-post status-publish format-standard hentry category-featured category-news investigadores-ana-isabel-soares investigadores-maria-potes-barbas investigadores-pedro-ferre investigadores-raquel-pacheco investigadores-sandra-boto\">\n<div class=\"wp-block-post-title\">Ci\u00eancia 2019<\/div>\n<div class=\"wp-block-post-date\"><time datetime=\"2019-06-25T10:53:25+00:00\">25 Junho, 2019<\/time><\/div>\n<div class=\"wp-block-post-excerpt\"><p class=\"wp-block-post-excerpt__excerpt\">CIAC is present in another edition of the Meeting Ci\u00eancia 2019 <a class=\"wp-block-post-excerpt__more-link\" href=\"https:\/\/antigo.ciac.pt\/news\/ciencia-2019-2\/9803\">+ Info<\/a><\/p><\/div>\n<\/li>\n\n<li class=\"wp-block-post post-9785 post type-post status-publish format-standard hentry category-featured category-news investigadores-mirian-tavares\">\n<div class=\"wp-block-post-title\">PUBLICATION<\/div>\n<div class=\"wp-block-post-date\"><time datetime=\"2019-06-25T09:00:19+00:00\">25 Junho, 2019<\/time><\/div>\n<div class=\"wp-block-post-excerpt\"><p class=\"wp-block-post-excerpt__excerpt\">CIAC integrates publication in the area of creative tourism. <a class=\"wp-block-post-excerpt__more-link\" href=\"https:\/\/antigo.ciac.pt\/news\/publicacao-71-2\/9785\">+ Info<\/a><\/p><\/div>\n<\/li>\n\n<li class=\"wp-block-post post-9778 post type-post status-publish format-standard hentry category-featured category-news investigadores-ana-isabel-soares investigadores-mirian-tavares\">\n<div class=\"wp-block-post-title\">Visiting Researcher<\/div>\n<div class=\"wp-block-post-date\"><time datetime=\"2019-06-21T15:19:01+00:00\">21 Junho, 2019<\/time><\/div>\n<div class=\"wp-block-post-excerpt\"><p class=\"wp-block-post-excerpt__excerpt\">CIAC hosts PhD visiting researcher in the field of Communication Sciences <a class=\"wp-block-post-excerpt__more-link\" href=\"https:\/\/antigo.ciac.pt\/news\/estancia-de-doutoramento-2\/9778\">+ Info<\/a><\/p><\/div>\n<\/li>\n\n<li class=\"wp-block-post post-9772 post type-post status-publish format-standard hentry category-featured category-news investigadores-mirian-tavares investigadores-pedro-cabral-santo\">\n<div class=\"wp-block-post-title\">EXHIBITION<\/div>\n<div class=\"wp-block-post-date\"><time datetime=\"2019-06-21T14:37:57+00:00\">21 Junho, 2019<\/time><\/div>\n<div class=\"wp-block-post-excerpt\"><p class=\"wp-block-post-excerpt__excerpt\">Galeria Trem hosts the exhibition \u201cEu metia as m\u00e3os na \u00e1gua\u201d (I shook hands in the water) by the artist Jo\u00e3o Jacinto <a class=\"wp-block-post-excerpt__more-link\" href=\"https:\/\/antigo.ciac.pt\/news\/exposicao-21-2\/9772\">+ Info<\/a><\/p><\/div>\n<\/li>\n\n<li class=\"wp-block-post post-9754 post type-post status-publish format-standard hentry category-featured category-news investigadores-bruno-mendes-da-silva investigadores-mirian-tavares\">\n<div class=\"wp-block-post-title\">PhD in Communication, Culture and Arts<\/div>\n<div class=\"wp-block-post-date\"><time datetime=\"2019-06-18T18:23:56+00:00\">18 Junho, 2019<\/time><\/div>\n<div class=\"wp-block-post-excerpt\"><p class=\"wp-block-post-excerpt__excerpt\">Carlos Gon\u00e7alves Tavares defended today evidende to obtain a PhD in Communication, Culture and Arts <a class=\"wp-block-post-excerpt__more-link\" href=\"https:\/\/antigo.ciac.pt\/news\/doutoramento-em-comunicacao-cultura-e-artes-14-2\/9754\">+ Info<\/a><\/p><\/div>\n<\/li>\n\n<li class=\"wp-block-post post-9820 post type-post status-publish format-standard hentry category-featured category-news investigadores-pedro-alves-da-veiga\">\n<div class=\"wp-block-post-title\">CONFERENCE<\/div>\n<div class=\"wp-block-post-date\"><time datetime=\"2019-06-18T16:02:00+00:00\">18 Junho, 2019<\/time><\/div>\n<div class=\"wp-block-post-excerpt\"><p class=\"wp-block-post-excerpt__excerpt\">CIAC Researcher, Pedro Alves da Veiga, presents the communication \u201cDigital Art in the Age of Blackboxing and Blurring\u201d at the 14th edition of the Conference \u201cThe Arts in Society\u201d <a class=\"wp-block-post-excerpt__more-link\" href=\"https:\/\/antigo.ciac.pt\/news\/conferencia-14-2\/9820\">+ Info<\/a><\/p><\/div>\n<\/li>\n\n<li class=\"wp-block-post post-9735 post type-post status-publish format-standard hentry category-featured category-news investigadores-pedro-ferre investigadores-sandra-boto\">\n<div class=\"wp-block-post-title\">Project Romanceiro.pt attracts foreign visiting researchers<\/div>\n<div class=\"wp-block-post-date\"><time datetime=\"2019-06-17T15:35:07+00:00\">17 Junho, 2019<\/time><\/div>\n<div class=\"wp-block-post-excerpt\"><p class=\"wp-block-post-excerpt__excerpt\">Since November 2018, there are already 4 foreign researchers who carry out research stays under our project Romanceiro.pt. <a class=\"wp-block-post-excerpt__more-link\" href=\"https:\/\/antigo.ciac.pt\/news\/9725-2\/9735\">+ Info<\/a><\/p><\/div>\n<\/li>\n\n<li class=\"wp-block-post post-9718 post type-post status-publish format-standard hentry category-featured category-news investigadores-merja-de-mattos-parreira investigadores-mirian-tavares\">\n<div class=\"wp-block-post-title\">PhD in Communication, Culture and Arts<\/div>\n<div class=\"wp-block-post-date\"><time datetime=\"2019-06-13T18:09:04+00:00\">13 Junho, 2019<\/time><\/div>\n<div class=\"wp-block-post-excerpt\"><p class=\"wp-block-post-excerpt__excerpt\">Let\u00edcia Barbosa Torres Americano defended today evidende to obtain a PhD in Communication, Culture and Arts <a class=\"wp-block-post-excerpt__more-link\" href=\"https:\/\/antigo.ciac.pt\/news\/doutoramento-em-comunicacao-cultura-e-artes-13-2\/9718\">+ Info<\/a><\/p><\/div>\n<\/li>\n\n<li class=\"wp-block-post post-9708 post type-post status-publish format-standard hentry category-featured category-news investigadores-bruno-mendes-da-silva investigadores-mirian-tavares\">\n<div class=\"wp-block-post-title\">PhD in Communication, Culture and Arts<\/div>\n<div class=\"wp-block-post-date\"><time datetime=\"2019-06-12T17:47:51+00:00\">12 Junho, 2019<\/time><\/div>\n<div class=\"wp-block-post-excerpt\"><p class=\"wp-block-post-excerpt__excerpt\">\u00c1lvaro Americano defended today, on 12th of June, at the University of Algarve, evidence for obtaining a PhD in Communication, Culture and Arts, with the thesis \u201cCINEMA, PROPAGANDA AND POWER: THE BRAZILIAN JOURNAL FILM IN THE VARGAS ERA\u201d <a class=\"wp-block-post-excerpt__more-link\" href=\"https:\/\/antigo.ciac.pt\/news\/doutoramento-em-comunicacao-cultura-e-artes-12-2\/9708\">+ Info<\/a><\/p><\/div>\n<\/li>\n\n<li class=\"wp-block-post post-9681 post type-post status-publish format-standard hentry category-featured category-news\">\n<div class=\"wp-block-post-title\">INCODE 2030 AWARD<\/div>\n<div class=\"wp-block-post-date\"><time datetime=\"2019-06-06T14:15:16+00:00\">6 Junho, 2019<\/time><\/div>\n<div class=\"wp-block-post-excerpt\"><p class=\"wp-block-post-excerpt__excerpt\">The course \u201cDigital Literacy for the Labor Market\u201d, coordinated by the CIAC Researcher and Professor of the Polytechnic Institute of Santar\u00e9m, Maria Potes Barbas,&nbsp; has been awarded with the 1st stamp Action INCoDe.2030 <a class=\"wp-block-post-excerpt__more-link\" href=\"https:\/\/antigo.ciac.pt\/news\/premio-incode-2030-2\/9681\">+ Info<\/a><\/p><\/div>\n<\/li>\n\n<li class=\"wp-block-post post-9624 post type-post status-publish format-standard hentry category-featured category-news investigadores-mirian-tavares\">\n<div class=\"wp-block-post-title\">EVENT<\/div>\n<div class=\"wp-block-post-date\"><time datetime=\"2019-06-04T09:19:03+00:00\">4 Junho, 2019<\/time><\/div>\n<div class=\"wp-block-post-excerpt\"><p class=\"wp-block-post-excerpt__excerpt\">On the 6th June, Mirian Tavares participates in the Ciclo Livros Abertos promoted by the Municipal Library of Loul\u00e9 <a class=\"wp-block-post-excerpt__more-link\" href=\"https:\/\/antigo.ciac.pt\/news\/evento-73-2\/9624\">+ Info<\/a><\/p><\/div>\n<\/li>\n\n<li class=\"wp-block-post post-9612 post type-post status-publish format-standard hentry category-featured category-news investigadores-aderito-marcos\">\n<div class=\"wp-block-post-title\">PROFESSOR HONORIS CAUSA<\/div>\n<div class=\"wp-block-post-date\"><time datetime=\"2019-06-04T09:13:44+00:00\">4 Junho, 2019<\/time><\/div>\n<div class=\"wp-block-post-excerpt\"><p class=\"wp-block-post-excerpt__excerpt\">Professor Ad\u00e9rito Fernandes Marcos distinguished with the Title Professor Honoris Causa in Brazil <a class=\"wp-block-post-excerpt__more-link\" href=\"https:\/\/antigo.ciac.pt\/news\/professor-honoris-causa-2\/9612\">+ Info<\/a><\/p><\/div>\n<\/li>\n\n<li class=\"wp-block-post post-9710 post type-post status-publish format-standard hentry category-featured category-news investigadores-antonio-branco investigadores-mirian-tavares investigadores-pedro-cabral-santo\">\n<div class=\"wp-block-post-title\">EXHIBITION<\/div>\n<div class=\"wp-block-post-date\"><time datetime=\"2019-06-03T17:50:38+00:00\">3 Junho, 2019<\/time><\/div>\n<div class=\"wp-block-post-excerpt\"><p class=\"wp-block-post-excerpt__excerpt\">The exhibition of the finalist students of the Visual Arts degree will take place on the 21st July at the Antiga F\u00e1brica da Cerveja in Faro <a class=\"wp-block-post-excerpt__more-link\" href=\"https:\/\/antigo.ciac.pt\/news\/exposicao-20-2\/9710\">+ Info<\/a><\/p><\/div>\n<\/li>\n\n<li class=\"wp-block-post post-9577 post type-post status-publish format-standard hentry category-featured category-news investigadores-bruno-mendes-da-silva investigadores-mirian-tavares investigadores-sandra-boto\">\n<div class=\"wp-block-post-title\">EVENT<\/div>\n<div class=\"wp-block-post-date\"><time datetime=\"2019-05-30T08:11:32+00:00\">30 Maio, 2019<\/time><\/div>\n<div class=\"wp-block-post-excerpt\"><p class=\"wp-block-post-excerpt__excerpt\">CIAC researchers present publications of the Center featured in the Book Fair at the Faro Cineclube Headquarters. <a class=\"wp-block-post-excerpt__more-link\" href=\"https:\/\/antigo.ciac.pt\/news\/evento-72-2\/9577\">+ Info<\/a><\/p><\/div>\n<\/li>\n\n<li class=\"wp-block-post post-9576 post type-post status-publish format-standard hentry category-featured category-news\">\n<div class=\"wp-block-post-title\">EVENT<\/div>\n<div class=\"wp-block-post-date\"><time datetime=\"2019-05-30T08:07:57+00:00\">30 Maio, 2019<\/time><\/div>\n<div class=\"wp-block-post-excerpt\"><p class=\"wp-block-post-excerpt__excerpt\">Jornadas CIAC&nbsp; take place in June at the University of Algarve <a class=\"wp-block-post-excerpt__more-link\" href=\"https:\/\/antigo.ciac.pt\/news\/xiii-jornadas-do-ciac-2\/9576\">+ Info<\/a><\/p><\/div>\n<\/li>\n\n<li class=\"wp-block-post post-9638 post type-post status-publish format-standard hentry category-featured category-news investigadores-maria-botana-vilar\">\n<div class=\"wp-block-post-title\">EVENT<\/div>\n<div class=\"wp-block-post-date\"><time datetime=\"2019-05-22T10:14:51+00:00\">22 Maio, 2019<\/time><\/div>\n<div class=\"wp-block-post-excerpt\"><p class=\"wp-block-post-excerpt__excerpt\">On the 22th May, the Galician Studies Center, in partnership with the CIAC and the Faculty of Humanities and Social Sciences, celebrates the Galician Day of Letters with a program dedicated to Ant\u00f3n Fraguas <a class=\"wp-block-post-excerpt__more-link\" href=\"https:\/\/antigo.ciac.pt\/news\/evento-69-2\/9638\">+ Info<\/a><\/p><\/div>\n<\/li>\n\n<li class=\"wp-block-post post-9517 post type-post status-publish format-standard hentry category-featured category-news investigadores-ana-isabel-soares\">\n<div class=\"wp-block-post-title\">Postdoctoral studies<\/div>\n<div class=\"wp-block-post-date\"><time datetime=\"2019-05-21T08:19:20+00:00\">21 Maio, 2019<\/time><\/div>\n<div class=\"wp-block-post-excerpt\"><p class=\"wp-block-post-excerpt__excerpt\">CIAC hosts a postdoctoral project in the area of Visual Arts <a class=\"wp-block-post-excerpt__more-link\" href=\"https:\/\/antigo.ciac.pt\/news\/pos-doutoramento-3-2\/9517\">+ Info<\/a><\/p><\/div>\n<\/li>\n\n<li class=\"wp-block-post post-9515 post type-post status-publish format-standard hentry category-featured category-news investigadores-mirian-tavares\">\n<div class=\"wp-block-post-title\">EVENT<\/div>\n<div class=\"wp-block-post-date\"><time datetime=\"2019-05-21T08:08:05+00:00\">21 Maio, 2019<\/time><\/div>\n<div class=\"wp-block-post-excerpt\"><p class=\"wp-block-post-excerpt__excerpt\">Mirian Tavares gives a seminar on Digital Art at the school Tom\u00e1s Cabreira <a class=\"wp-block-post-excerpt__more-link\" href=\"https:\/\/antigo.ciac.pt\/news\/evento-68-2\/9515\">+ Info<\/a><\/p><\/div>\n<\/li>\n\n<li class=\"wp-block-post post-9487 post type-post status-publish format-standard hentry category-featured category-news investigadores-armando-nascimento-rosa\">\n<div class=\"wp-block-post-title\">EVENT<\/div>\n<div class=\"wp-block-post-date\"><time datetime=\"2019-05-13T09:15:35+00:00\">13 Maio, 2019<\/time><\/div>\n<div class=\"wp-block-post-excerpt\"><p class=\"wp-block-post-excerpt__excerpt\">CIAC researcher wll present his new work in Fado Museum <a class=\"wp-block-post-excerpt__more-link\" href=\"https:\/\/antigo.ciac.pt\/news\/evento-65-3\/9487\">+ Info<\/a><\/p><\/div>\n<\/li>\n\n<li class=\"wp-block-post post-9479 post type-post status-publish format-standard hentry category-featured category-news investigadores-ana-soares investigadores-mirian-tavares\">\n<div class=\"wp-block-post-title\">EVENT<\/div>\n<div class=\"wp-block-post-date\"><time datetime=\"2019-05-12T15:51:57+00:00\">12 Maio, 2019<\/time><\/div>\n<div class=\"wp-block-post-excerpt\"><p class=\"wp-block-post-excerpt__excerpt\">CIAC researchers participate in The Creative Process Conference in Portuguese Film: Materialities, organized at King\u2019s College London <a class=\"wp-block-post-excerpt__more-link\" href=\"https:\/\/antigo.ciac.pt\/news\/evento-67-2\/9479\">+ Info<\/a><\/p><\/div>\n<\/li>\n\n<li class=\"wp-block-post post-9467 post type-post status-publish format-standard hentry category-featured category-news investigadores-bruno-mendes-da-silva investigadores-filipa-cerol\">\n<div class=\"wp-block-post-title\">CYCLE<\/div>\n<div class=\"wp-block-post-date\"><time datetime=\"2019-05-12T15:44:28+00:00\">12 Maio, 2019<\/time><\/div>\n<div class=\"wp-block-post-excerpt\"><p class=\"wp-block-post-excerpt__excerpt\">The cycle Her\u00e9tico e Libert\u00e1rio in tribute to V\u00edtor Reia-Baptista, brings to the University of Algarve the revolutionary cinema of the post-25th of April <a class=\"wp-block-post-excerpt__more-link\" href=\"https:\/\/antigo.ciac.pt\/news\/ciclo-16-2\/9467\">+ Info<\/a><\/p><\/div>\n<\/li>\n\n<li class=\"wp-block-post post-9468 post type-post status-publish format-standard hentry category-featured category-news investigadores-pedro-cabral-santo\">\n<div class=\"wp-block-post-title\">exhibition<\/div>\n<div class=\"wp-block-post-date\"><time datetime=\"2019-05-12T15:39:14+00:00\">12 Maio, 2019<\/time><\/div>\n<div class=\"wp-block-post-excerpt\"><p class=\"wp-block-post-excerpt__excerpt\">Pedro Cabral Santo inaugurates the exhibition OMNIA in Faro, in the Association 289 <a class=\"wp-block-post-excerpt__more-link\" href=\"https:\/\/antigo.ciac.pt\/news\/exposicao-19-2\/9468\">+ Info<\/a><\/p><\/div>\n<\/li>\n\n<li class=\"wp-block-post post-9469 post type-post status-publish format-standard hentry category-featured category-news investigadores-mirian-tavares investigadores-raquel-pacheco investigadores-vitor-reia investigadores-vitor-tome\">\n<div class=\"wp-block-post-title\">Event<\/div>\n<div class=\"wp-block-post-date\"><time datetime=\"2019-05-12T15:33:49+00:00\">12 Maio, 2019<\/time><\/div>\n<div class=\"wp-block-post-excerpt\"><p class=\"wp-block-post-excerpt__excerpt\">CIAC researchers participate at the V Congresso Literacia, Media e Cidadania, dedicated to the theme \u201cTechnology, disinformation and ethics\u201d <a class=\"wp-block-post-excerpt__more-link\" href=\"https:\/\/antigo.ciac.pt\/news\/evento-64-2\/9469\">+ Info<\/a><\/p><\/div>\n<\/li>\n\n<li class=\"wp-block-post post-9470 post type-post status-publish format-standard hentry category-featured category-news investigadores-pedro-ferre investigadores-sandra-boto\">\n<div class=\"wp-block-post-title\">EVENT<\/div>\n<div class=\"wp-block-post-date\"><time datetime=\"2019-05-12T15:28:56+00:00\">12 Maio, 2019<\/time><\/div>\n<div class=\"wp-block-post-excerpt\"><p class=\"wp-block-post-excerpt__excerpt\">In May, the porject romanceiro.pt hosts a researcher from the Ram\u00f3n Men\u00e9ndez Pidal Foundation <a class=\"wp-block-post-excerpt__more-link\" href=\"https:\/\/antigo.ciac.pt\/news\/evento-63-2\/9470\">+ Info<\/a><\/p><\/div>\n<\/li>\n\n<li class=\"wp-block-post post-9471 post type-post status-publish format-standard hentry category-featured category-news investigadores-ana-isabel-soares\">\n<div class=\"wp-block-post-title\">CYCLE<\/div>\n<div class=\"wp-block-post-date\"><time datetime=\"2019-05-12T15:22:39+00:00\">12 Maio, 2019<\/time><\/div>\n<div class=\"wp-block-post-excerpt\"><p class=\"wp-block-post-excerpt__excerpt\">Ana Isabel Soares presents today the first lecture of the 5th edition of the Cycle \u00abAmatores in situ \u2013 The Ancient world seen by those who love\u00bb, in the Roman Ruins of Milreu <a class=\"wp-block-post-excerpt__more-link\" href=\"https:\/\/antigo.ciac.pt\/news\/ciclo-15-2\/9471\">+ Info<\/a><\/p><\/div>\n<\/li>\n\n<li class=\"wp-block-post post-9459 post type-post status-publish format-standard hentry category-featured category-news\">\n<div class=\"wp-block-post-title\">SONAE MEDIA ART PRIZE<\/div>\n<div class=\"wp-block-post-date\"><time datetime=\"2019-05-12T15:16:33+00:00\">12 Maio, 2019<\/time><\/div>\n<div class=\"wp-block-post-excerpt\"><p class=\"wp-block-post-excerpt__excerpt\">CIAC\u2019s collaborator, Rudolfo Quintas, PhD student in Media-Digital Art, has just been nominated as a finalist for the Sonae Media Art Prize <a class=\"wp-block-post-excerpt__more-link\" href=\"https:\/\/antigo.ciac.pt\/news\/premio-sonae-media-art-2\/9459\">+ Info<\/a><\/p><\/div>\n<\/li>\n\n<li class=\"wp-block-post post-9460 post type-post status-publish format-standard hentry category-featured category-news investigadores-maria-botana-vilar investigadores-sandra-boto\">\n<div class=\"wp-block-post-title\">WORKSHOP<\/div>\n<div class=\"wp-block-post-date\"><time datetime=\"2019-05-12T15:13:07+00:00\">12 Maio, 2019<\/time><\/div>\n<div class=\"wp-block-post-excerpt\"><p class=\"wp-block-post-excerpt__excerpt\">CIAC promotes Oficina DESASSOSSEGO REMIX 5: ARCHIVE LdoD1 with Manuel Portela  <a class=\"wp-block-post-excerpt__more-link\" href=\"https:\/\/antigo.ciac.pt\/news\/oficina-2\/9460\">+ Info<\/a><\/p><\/div>\n<\/li>\n\n<li class=\"wp-block-post post-9461 post type-post status-publish format-standard hentry category-featured category-news\">\n<div class=\"wp-block-post-title\">CONFERENCE<\/div>\n<div class=\"wp-block-post-date\"><time datetime=\"2019-05-12T15:04:16+00:00\">12 Maio, 2019<\/time><\/div>\n<div class=\"wp-block-post-excerpt\"><p class=\"wp-block-post-excerpt__excerpt\">Loul\u00e9 Municipal Library hosts the Conference: \u201cAs viagens Fant\u00e1sticas de J\u00falio Verne\u201d <a class=\"wp-block-post-excerpt__more-link\" href=\"https:\/\/antigo.ciac.pt\/news\/conferencia-13-2\/9461\">+ Info<\/a><\/p><\/div>\n<\/li>\n\n<li class=\"wp-block-post post-9437 post type-post status-publish format-standard hentry category-featured category-news investigadores-aderito-marcos investigadores-ana-isabel-soares investigadores-antonio-branco investigadores-armando-nascimento-rosa investigadores-bruno-mendes-da-silva investigadores-eugenia-vasques investigadores-jose-bidarra investigadores-maria-potes-barbas investigadores-sandra-boto investigadores-tiago-cruz investigadores-vitor-reia\">\n<div class=\"wp-block-post-title\">JORNADAS CIAC<\/div>\n<div class=\"wp-block-post-date\"><time datetime=\"2019-05-12T11:43:51+00:00\">12 Maio, 2019<\/time><\/div>\n<div class=\"wp-block-post-excerpt\"><p class=\"wp-block-post-excerpt__excerpt\">Save the date: 13th CIAC Jornadas will take place in June <a class=\"wp-block-post-excerpt__more-link\" href=\"https:\/\/antigo.ciac.pt\/news\/jornadas-6-2\/9437\">+ Info<\/a><\/p><\/div>\n<\/li>\n\n<li class=\"wp-block-post post-9438 post type-post status-publish format-standard hentry category-featured category-news\">\n<div class=\"wp-block-post-title\">EVENT<\/div>\n<div class=\"wp-block-post-date\"><time datetime=\"2019-05-12T11:40:34+00:00\">12 Maio, 2019<\/time><\/div>\n<div class=\"wp-block-post-excerpt\"><p class=\"wp-block-post-excerpt__excerpt\">CIAC researchers participate in a Conference dedicated to the theme of Travel Literature at FNAC <a class=\"wp-block-post-excerpt__more-link\" href=\"https:\/\/antigo.ciac.pt\/news\/evento-62-2\/9438\">+ Info<\/a><\/p><\/div>\n<\/li>\n\n<li class=\"wp-block-post post-9448 post type-post status-publish format-standard hentry category-featured category-news investigadores-pedro-alves-da-veiga\">\n<div class=\"wp-block-post-title\">EVENT<\/div>\n<div class=\"wp-block-post-date\"><time datetime=\"2019-05-12T11:35:10+00:00\">12 Maio, 2019<\/time><\/div>\n<div class=\"wp-block-post-excerpt\"><p class=\"wp-block-post-excerpt__excerpt\">CIAC researchers travel to Mallorca to take part in the Festival D\u2019Art Digital i Electr\u00f2nic de Mallorca (\u201cinnocence\u201d, 2019), taking place between the 24th and the 25 May <a class=\"wp-block-post-excerpt__more-link\" href=\"https:\/\/antigo.ciac.pt\/news\/evento-65-2-2\/9448\">+ Info<\/a><\/p><\/div>\n<\/li>\n\n<li class=\"wp-block-post post-9441 post type-post status-publish format-standard hentry category-featured category-news investigadores-pedro-alves-da-veiga\">\n<div class=\"wp-block-post-title\">PUBLICATION<\/div>\n<div class=\"wp-block-post-date\"><time datetime=\"2019-05-12T11:19:37+00:00\">12 Maio, 2019<\/time><\/div>\n<div class=\"wp-block-post-excerpt\"><p class=\"wp-block-post-excerpt__excerpt\">The CIAC researcher, Pedro Alves da Veiga, has just published the article  \u201cArte Qu\u00e2ntica\u201d na Interact #30 \u2013 Revista Online de Arte, Cultura e Tecnologia <a class=\"wp-block-post-excerpt__more-link\" href=\"https:\/\/antigo.ciac.pt\/news\/publicacao-70-2\/9441\">+ Info<\/a><\/p><\/div>\n<\/li>\n\n<li class=\"wp-block-post post-9430 post type-post status-publish format-standard hentry category-featured category-news\">\n<div class=\"wp-block-post-title\">Global Teacher Prize<\/div>\n<div class=\"wp-block-post-date\"><time datetime=\"2019-05-12T11:02:46+00:00\">12 Maio, 2019<\/time><\/div>\n<div class=\"wp-block-post-excerpt\"><p class=\"wp-block-post-excerpt__excerpt\">CIAC collaborator, V\u00edtor Gon\u00e7alves, is among the 10 finalists of the Global Teacher Prize Portugal <a class=\"wp-block-post-excerpt__more-link\" href=\"https:\/\/antigo.ciac.pt\/news\/global-teacher-prize-2\/9430\">+ Info<\/a><\/p><\/div>\n<\/li>\n\n<li class=\"wp-block-post post-9429 post type-post status-publish format-standard hentry category-featured category-news investigadores-aderito-marcos investigadores-ana-isabel-soares investigadores-angela-saldanha investigadores-antonio-araujo investigadores-bruno-mendes-da-silva investigadores-elizabeth-carvalho investigadores-fernando-faria-paulino investigadores-isabel-carvalho investigadores-jose-bidarra investigadores-maria-potes-barbas investigadores-mirian-tavares investigadores-pedro-alves-da-veiga investigadores-sandra-boto investigadores-teresa-eca investigadores-vitor-reia\">\n<div class=\"wp-block-post-title\">PhD in Media-Digital Art<\/div>\n<div class=\"wp-block-post-date\"><time datetime=\"2019-05-12T10:57:49+00:00\">12 Maio, 2019<\/time><\/div>\n<div class=\"wp-block-post-excerpt\"><p class=\"wp-block-post-excerpt__excerpt\">The CIAC informs that the first phase (from 29th April to 26th June) to the applications to the seventh edition of the PhD in Media-Digital Art is open <a class=\"wp-block-post-excerpt__more-link\" href=\"https:\/\/antigo.ciac.pt\/news\/doutoramento-em-media-arte-digital-12-2\/9429\">+ Info<\/a><\/p><\/div>\n<\/li>\n\n<li class=\"wp-block-post post-9432 post type-post status-publish format-standard hentry category-featured category-news investigadores-ana-soares\">\n<div class=\"wp-block-post-title\">EVENT<\/div>\n<div class=\"wp-block-post-date\"><time datetime=\"2019-05-12T10:51:59+00:00\">12 Maio, 2019<\/time><\/div>\n<div class=\"wp-block-post-excerpt\"><p class=\"wp-block-post-excerpt__excerpt\">Jo\u00e3o Paulo Pinto, developing his doctoral research in the area of education and cinema (research funded by the FCT with the doctoral scholarship SFRH \/ BD \/ 137359\/2018), will participate as a CIAC collaborator, at the 8\u00aa CONFER\u00caNCIA INTERNACIONAL DE CINEMA (Viana do Castelo)  <a class=\"wp-block-post-excerpt__more-link\" href=\"https:\/\/antigo.ciac.pt\/news\/evento-66-2\/9432\">+ Info<\/a><\/p><\/div>\n<\/li>\n\n<li class=\"wp-block-post post-9423 post type-post status-publish format-standard hentry category-featured category-news investigadores-mirian-tavares investigadores-pedro-cabral-santo\">\n<div class=\"wp-block-post-title\">VISUAL ARTS CYCLE<\/div>\n<div class=\"wp-block-post-date\"><time datetime=\"2019-05-10T18:49:30+00:00\">10 Maio, 2019<\/time><\/div>\n<div class=\"wp-block-post-excerpt\"><p class=\"wp-block-post-excerpt__excerpt\">The Visual Arts Cycle brings to Faro Jo\u00e3o Pedro Azul, one of the creators of \u201cFlanzine\u201d <a class=\"wp-block-post-excerpt__more-link\" href=\"https:\/\/antigo.ciac.pt\/news\/ciclo-de-artes-visuais-4-3\/9423\">+ Info<\/a><\/p><\/div>\n<\/li>\n\n<li class=\"wp-block-post post-9424 post type-post status-publish format-standard hentry category-featured category-news investigadores-raquel-pacheco investigadores-vitor-tome\">\n<div class=\"wp-block-post-title\">PUBLICATIONS<\/div>\n<div class=\"wp-block-post-date\"><time datetime=\"2019-05-10T18:38:55+00:00\">10 Maio, 2019<\/time><\/div>\n<div class=\"wp-block-post-excerpt\"><p class=\"wp-block-post-excerpt__excerpt\">Raquel Pacheco publishes several articles in the scope of her research project in the area of \u200b\u200bfilm literacy <a class=\"wp-block-post-excerpt__more-link\" href=\"https:\/\/antigo.ciac.pt\/news\/publicacoes-2\/9424\">+ Info<\/a><\/p><\/div>\n<\/li>\n\n<li class=\"wp-block-post post-9422 post type-post status-publish format-standard hentry category-featured category-news investigadores-raquel-pacheco\">\n<div class=\"wp-block-post-title\">MILOBS<\/div>\n<div class=\"wp-block-post-date\"><time datetime=\"2019-05-10T18:32:39+00:00\">10 Maio, 2019<\/time><\/div>\n<div class=\"wp-block-post-excerpt\"><p class=\"wp-block-post-excerpt__excerpt\">CIAC researcher Raquel Pacheco has just joined the MILOBS Working Group \u2013 Observatory on Media, Information and Literature. <a class=\"wp-block-post-excerpt__more-link\" href=\"https:\/\/antigo.ciac.pt\/news\/milobs-2\/9422\">+ Info<\/a><\/p><\/div>\n<\/li>\n\n<li class=\"wp-block-post post-9550 post type-post status-publish format-standard hentry category-featured category-news investigadores-ana-soares investigadores-raquel-pacheco\">\n<div class=\"wp-block-post-title\">EVENT<\/div>\n<div class=\"wp-block-post-date\"><time datetime=\"2019-05-10T11:04:11+00:00\">10 Maio, 2019<\/time><\/div>\n<div class=\"wp-block-post-excerpt\"><p class=\"wp-block-post-excerpt__excerpt\">CIAC researchers participate in the IX AIM Meeting <a class=\"wp-block-post-excerpt__more-link\" href=\"https:\/\/antigo.ciac.pt\/news\/evento-71-2\/9550\">+ Info<\/a><\/p><\/div>\n<\/li>\n\n<li class=\"wp-block-post post-9374 post type-post status-publish format-standard hentry category-featured category-news\">\n<div class=\"wp-block-post-title\">EXHIBITION<\/div>\n<div class=\"wp-block-post-date\"><time datetime=\"2019-05-02T15:19:06+00:00\">2 Maio, 2019<\/time><\/div>\n<div class=\"wp-block-post-excerpt\"><p class=\"wp-block-post-excerpt__excerpt\">CIAC\u2019s collaborator, Hernando Urrutia, has a patent at Galeria \u201cA\u201d in Funchal, within the scope of the Collective Exhibition \u201ca cArne\u201d, the digital work \u201colhAR-TE DENTRO DO CORPO\u201d <a class=\"wp-block-post-excerpt__more-link\" href=\"https:\/\/antigo.ciac.pt\/news\/exposicao-18-2\/9374\">+ Info<\/a><\/p><\/div>\n<\/li>\n\n<li class=\"wp-block-post post-9372 post type-post status-publish format-standard hentry category-featured category-news investigadores-mirian-tavares investigadores-pedro-cabral-santo\">\n<div class=\"wp-block-post-title\">EXHIBITION<\/div>\n<div class=\"wp-block-post-date\"><time datetime=\"2019-05-02T15:09:32+00:00\">2 Maio, 2019<\/time><\/div>\n<div class=\"wp-block-post-excerpt\"><p class=\"wp-block-post-excerpt__excerpt\">Pr\u00f3xima exposi\u00e7\u00e3o na Trem inaugura no dia 24 de abril <a class=\"wp-block-post-excerpt__more-link\" href=\"https:\/\/antigo.ciac.pt\/news\/exposicao-17-2\/9372\">+ Info<\/a><\/p><\/div>\n<\/li>\n\n<li class=\"wp-block-post post-9370 post type-post status-publish format-standard hentry category-featured category-news investigadores-ana-soares investigadores-bruno-mendes-da-silva investigadores-mirian-tavares\">\n<div class=\"wp-block-post-title\">CYCLE<\/div>\n<div class=\"wp-block-post-date\"><time datetime=\"2019-05-02T14:59:50+00:00\">2 Maio, 2019<\/time><\/div>\n<div class=\"wp-block-post-excerpt\"><p class=\"wp-block-post-excerpt__excerpt\">Extensive homage to V\u00edtor Reia-Baptista proposes another session on the 10th April <a class=\"wp-block-post-excerpt__more-link\" href=\"https:\/\/antigo.ciac.pt\/news\/ciclo-14-2\/9370\">+ Info<\/a><\/p><\/div>\n<\/li>\n\n<li class=\"wp-block-post post-9368 post type-post status-publish format-standard hentry category-featured category-news investigadores-mirian-tavares\">\n<div class=\"wp-block-post-title\">EVENT<\/div>\n<div class=\"wp-block-post-date\"><time datetime=\"2019-05-02T14:34:46+00:00\">2 Maio, 2019<\/time><\/div>\n<div class=\"wp-block-post-excerpt\"><p class=\"wp-block-post-excerpt__excerpt\">CIAC is present at the 1st Ibero-American Congress on Media Ecology <a class=\"wp-block-post-excerpt__more-link\" href=\"https:\/\/antigo.ciac.pt\/news\/publicacao-69-2\/9368\">+ Info<\/a><\/p><\/div>\n<\/li>\n\n<li class=\"wp-block-post post-9222 post type-post status-publish format-standard hentry category-featured category-news investigadores-aderito-marcos investigadores-ana-carvalho investigadores-ana-isabel-soares investigadores-angela-saldanha investigadores-armando-nascimento-rosa investigadores-bruno-mendes-da-silva investigadores-isabel-carvalho investigadores-jorge-carrega investigadores-maria-botana-vilar investigadores-maria-potes-barbas investigadores-mirian-tavares investigadores-pedro-cabral-santo investigadores-pedro-ferre investigadores-pedro-veiga investigadores-raquel-pacheco investigadores-sandra-boto investigadores-teresa-torres-de-eca investigadores-tiago-cruz investigadores-vitor-reia investigadores-vitor-tome\">\n<div class=\"wp-block-post-title\">NEWSLETTER<\/div>\n<div class=\"wp-block-post-date\"><time datetime=\"2019-04-09T14:28:18+00:00\">9 Abril, 2019<\/time><\/div>\n<div class=\"wp-block-post-excerpt\"><p class=\"wp-block-post-excerpt__excerpt\">The 32nd CIAC newsletter is now available, covering the months of March, April, May and June <a class=\"wp-block-post-excerpt__more-link\" href=\"https:\/\/antigo.ciac.pt\/news\/newsletter-5-2\/9222\">+ Info<\/a><\/p><\/div>\n<\/li>\n\n<li class=\"wp-block-post post-9223 post type-post status-publish format-standard hentry category-featured category-news\">\n<div class=\"wp-block-post-title\">EVENT<\/div>\n<div class=\"wp-block-post-date\"><time datetime=\"2019-04-09T14:21:41+00:00\">9 Abril, 2019<\/time><\/div>\n<div class=\"wp-block-post-excerpt\"><p class=\"wp-block-post-excerpt__excerpt\">CIAC Researcher participates in the 3er Encuentro Internacional de Experiencias Investigativas en Arquitectura y Dise\u00f1o <a class=\"wp-block-post-excerpt__more-link\" href=\"https:\/\/antigo.ciac.pt\/news\/evento-59-2\/9223\">+ Info<\/a><\/p><\/div>\n<\/li>\n\n<li class=\"wp-block-post post-9225 post type-post status-publish format-standard hentry category-featured category-news investigadores-mirian-tavares\">\n<div class=\"wp-block-post-title\">PUBLICATION<\/div>\n<div class=\"wp-block-post-date\"><time datetime=\"2019-04-09T14:16:43+00:00\">9 Abril, 2019<\/time><\/div>\n<div class=\"wp-block-post-excerpt\"><p class=\"wp-block-post-excerpt__excerpt\">The article by Mirian Tavares is already available in the March issue of Wall Street International Magazine <a class=\"wp-block-post-excerpt__more-link\" href=\"https:\/\/antigo.ciac.pt\/news\/publicacao-67-2\/9225\">+ Info<\/a><\/p><\/div>\n<\/li>\n\n<li class=\"wp-block-post post-9226 post type-post status-publish format-standard hentry category-featured category-news investigadores-tiago-cruz\">\n<div class=\"wp-block-post-title\">EVENT<\/div>\n<div class=\"wp-block-post-date\"><time datetime=\"2019-04-09T14:12:11+00:00\">9 Abril, 2019<\/time><\/div>\n<div class=\"wp-block-post-excerpt\"><p class=\"wp-block-post-excerpt__excerpt\">On the 27th March, Tiago Cruz, who has dedicated himself to the study of the graphic diary, gives a lecture on this subject, at the invitation of the Col\u00e9gio Novo da Maia <a class=\"wp-block-post-excerpt__more-link\" href=\"https:\/\/antigo.ciac.pt\/news\/evento-58-2\/9226\">+ Info<\/a><\/p><\/div>\n<\/li>\n\n<li class=\"wp-block-post post-9216 post type-post status-publish format-standard hentry category-featured category-news investigadores-mirian-tavares\">\n<div class=\"wp-block-post-title\">Research stay<\/div>\n<div class=\"wp-block-post-date\"><time datetime=\"2019-04-09T14:03:30+00:00\">9 Abril, 2019<\/time><\/div>\n<div class=\"wp-block-post-excerpt\"><p class=\"wp-block-post-excerpt__excerpt\">CIAC hosts international research stay <a class=\"wp-block-post-excerpt__more-link\" href=\"https:\/\/antigo.ciac.pt\/news\/estadia-2\/9216\">+ Info<\/a><\/p><\/div>\n<\/li>\n\n<li class=\"wp-block-post post-9218 post type-post status-publish format-standard hentry category-featured category-news investigadores-armando-nascimento-rosa\">\n<div class=\"wp-block-post-title\">EVENT<\/div>\n<div class=\"wp-block-post-date\"><time datetime=\"2019-04-09T13:57:00+00:00\">9 Abril, 2019<\/time><\/div>\n<div class=\"wp-block-post-excerpt\"><p class=\"wp-block-post-excerpt__excerpt\">The play FERNANDO AND HIS GRANDMA, by our researcher Armando Nascimento Rosa, was selected to join the&nbsp;Festival Out of the Wings, which will take place at the Omnibus Theater <a class=\"wp-block-post-excerpt__more-link\" href=\"https:\/\/antigo.ciac.pt\/news\/evento-61-2\/9218\">+ Info<\/a><\/p><\/div>\n<\/li>\n\n<li class=\"wp-block-post post-9214 post type-post status-publish format-standard hentry category-featured category-news investigadores-armando-nascimento-rosa\">\n<div class=\"wp-block-post-title\">PUBLICATION<\/div>\n<div class=\"wp-block-post-date\"><time datetime=\"2019-04-09T13:47:21+00:00\">9 Abril, 2019<\/time><\/div>\n<div class=\"wp-block-post-excerpt\"><p class=\"wp-block-post-excerpt__excerpt\">Armando Nascimento Rosa was anthologized in an international publication <a class=\"wp-block-post-excerpt__more-link\" href=\"https:\/\/antigo.ciac.pt\/news\/publicacao-68-2\/9214\">+ Info<\/a><\/p><\/div>\n<\/li>\n\n<li class=\"wp-block-post post-9206 post type-post status-publish format-standard hentry category-featured category-news investigadores-ana-isabel-soares investigadores-mirian-tavares investigadores-pedro-cabral-santo\">\n<div class=\"wp-block-post-title\">Phd in Communication, Culture and Arts<\/div>\n<div class=\"wp-block-post-date\"><time datetime=\"2019-04-09T13:33:41+00:00\">9 Abril, 2019<\/time><\/div>\n<div class=\"wp-block-post-excerpt\"><p class=\"wp-block-post-excerpt__excerpt\">lexandre Alves Barata, known as Xana (artist), today defended exams to obatin the PhD degree in Communication, Culture and Arts <a class=\"wp-block-post-excerpt__more-link\" href=\"https:\/\/antigo.ciac.pt\/news\/doutoramento-em-comunicacao-cultura-e-artes-11-2\/9206\">+ Info<\/a><\/p><\/div>\n<\/li>\n\n<li class=\"wp-block-post post-9207 post type-post status-publish format-standard hentry category-featured category-news investigadores-bruno-mendes-da-silva investigadores-mirian-tavares investigadores-vitor-tome\">\n<div class=\"wp-block-post-title\">PROJECT<\/div>\n<div class=\"wp-block-post-date\"><time datetime=\"2019-04-09T13:29:23+00:00\">9 Abril, 2019<\/time><\/div>\n<div class=\"wp-block-post-excerpt\"><p class=\"wp-block-post-excerpt__excerpt\">Play your Role project approved for funding by the European Commission <a class=\"wp-block-post-excerpt__more-link\" href=\"https:\/\/antigo.ciac.pt\/news\/projeto-20-2\/9207\">+ Info<\/a><\/p><\/div>\n<\/li>\n\n<li class=\"wp-block-post post-9208 post type-post status-publish format-standard hentry category-featured category-news investigadores-bruno-mendes-da-silva\">\n<div class=\"wp-block-post-title\">COST ACTION<\/div>\n<div class=\"wp-block-post-date\"><time datetime=\"2019-04-09T13:25:01+00:00\">9 Abril, 2019<\/time><\/div>\n<div class=\"wp-block-post-excerpt\"><p class=\"wp-block-post-excerpt__excerpt\">Bruno Mendes da Silva integrates COST action <a class=\"wp-block-post-excerpt__more-link\" href=\"https:\/\/antigo.ciac.pt\/news\/acao-cost-2\/9208\">+ Info<\/a><\/p><\/div>\n<\/li>\n\n<li class=\"wp-block-post post-9188 post type-post status-publish format-standard hentry category-featured category-news investigadores-bruno-mendes-da-silva investigadores-marina-graca investigadores-mirian-tavares investigadores-pedro-cabral-santo\">\n<div class=\"wp-block-post-title\">SOM RISCADO<\/div>\n<div class=\"wp-block-post-date\"><time datetime=\"2019-04-09T13:16:48+00:00\">9 Abril, 2019<\/time><\/div>\n<div class=\"wp-block-post-excerpt\"><p class=\"wp-block-post-excerpt__excerpt\">CIAC joins onde more the Festival Som Riscado <a class=\"wp-block-post-excerpt__more-link\" href=\"https:\/\/antigo.ciac.pt\/news\/som-riscado-2\/9188\">+ Info<\/a><\/p><\/div>\n<\/li>\n\n<li class=\"wp-block-post post-9189 post type-post status-publish format-standard hentry category-featured category-news investigadores-maria-botana-vilar\">\n<div class=\"wp-block-post-title\">F\u00d3RUM PENSAR FARO<\/div>\n<div class=\"wp-block-post-date\"><time datetime=\"2019-04-09T13:10:23+00:00\">9 Abril, 2019<\/time><\/div>\n<div class=\"wp-block-post-excerpt\"><p class=\"wp-block-post-excerpt__excerpt\">The Forum Pensar Faro, organized once again with the scientific coordination of the CIAC researcher Jorge Carrega, is in this edition dedicated to the city of Faro and the Ria Formosa <a class=\"wp-block-post-excerpt__more-link\" href=\"https:\/\/antigo.ciac.pt\/news\/forum-pensar-faro-2\/9189\">+ Info<\/a><\/p><\/div>\n<\/li>\n\n<li class=\"wp-block-post post-9190 post type-post status-publish format-standard hentry category-featured category-news investigadores-mirian-tavares\">\n<div class=\"wp-block-post-title\">INTERNATIONAL EVENT<\/div>\n<div class=\"wp-block-post-date\"><time datetime=\"2019-04-09T13:00:57+00:00\">9 Abril, 2019<\/time><\/div>\n<div class=\"wp-block-post-excerpt\"><p class=\"wp-block-post-excerpt__excerpt\">Mirian Tavares gives conference in Massachussetts. <a class=\"wp-block-post-excerpt__more-link\" href=\"https:\/\/antigo.ciac.pt\/news\/evento-internacional-2\/9190\">+ Info<\/a><\/p><\/div>\n<\/li>\n\n<li class=\"wp-block-post post-9182 post type-post status-publish format-standard hentry category-featured category-news investigadores-angela-saldanha investigadores-teresa-eca investigadores-tiago-cruz\">\n<div class=\"wp-block-post-title\">EVENT<\/div>\n<div class=\"wp-block-post-date\"><time datetime=\"2019-04-04T14:53:01+00:00\">4 Abril, 2019<\/time><\/div>\n<div class=\"wp-block-post-excerpt\"><p class=\"wp-block-post-excerpt__excerpt\">CIAC researchers are present at the Annual Meeting of the Association of Teachers of Expression and Visual Communication <a class=\"wp-block-post-excerpt__more-link\" href=\"https:\/\/antigo.ciac.pt\/news\/evento-57-2\/9182\">+ Info<\/a><\/p><\/div>\n<\/li>\n\n<li class=\"wp-block-post post-9181 post type-post status-publish format-standard hentry category-featured category-news investigadores-antonio-araujo\">\n<div class=\"wp-block-post-title\">EVENT<\/div>\n<div class=\"wp-block-post-date\"><time datetime=\"2019-04-04T14:49:52+00:00\">4 Abril, 2019<\/time><\/div>\n<div class=\"wp-block-post-excerpt\"><p class=\"wp-block-post-excerpt__excerpt\">The Researcher Ant\u00f3nio Ara\u00fajo (CIAC \/ UAb) will be at the University of S\u00e3o Jos\u00e9, where he will give the Seminar \u201cDrawing Spherical Perspectives and Immersive VR Panoramas\u201d <a class=\"wp-block-post-excerpt__more-link\" href=\"https:\/\/antigo.ciac.pt\/news\/evento-60-2\/9181\">+ Info<\/a><\/p><\/div>\n<\/li>\n\n<li class=\"wp-block-post post-9179 post type-post status-publish format-standard hentry category-featured category-news investigadores-ana-carvalho\">\n<div class=\"wp-block-post-title\">EVENT<\/div>\n<div class=\"wp-block-post-date\"><time datetime=\"2019-04-04T14:40:00+00:00\">4 Abril, 2019<\/time><\/div>\n<div class=\"wp-block-post-excerpt\"><p class=\"wp-block-post-excerpt__excerpt\">Another edition of E-X-S-I is held in Porto <a class=\"wp-block-post-excerpt__more-link\" href=\"https:\/\/antigo.ciac.pt\/news\/evento-56-2\/9179\">+ Info<\/a><\/p><\/div>\n<\/li>\n\n<li class=\"wp-block-post post-9172 post type-post status-publish format-standard hentry category-featured category-news\">\n<div class=\"wp-block-post-title\">INTERNATIONAL<\/div>\n<div class=\"wp-block-post-date\"><time datetime=\"2019-04-04T14:28:04+00:00\">4 Abril, 2019<\/time><\/div>\n<div class=\"wp-block-post-excerpt\"><p class=\"wp-block-post-excerpt__excerpt\">In March, CIAC researchers expose in&nbsp;international exhibitions <a class=\"wp-block-post-excerpt__more-link\" href=\"https:\/\/antigo.ciac.pt\/news\/internacional-3\/9172\">+ Info<\/a><\/p><\/div>\n<\/li>\n\n<li class=\"wp-block-post post-9171 post type-post status-publish format-standard hentry category-featured category-news investigadores-mirian-tavares\">\n<div class=\"wp-block-post-title\">EVENT<\/div>\n<div class=\"wp-block-post-date\"><time datetime=\"2019-04-04T14:15:31+00:00\">4 Abril, 2019<\/time><\/div>\n<div class=\"wp-block-post-excerpt\"><p class=\"wp-block-post-excerpt__excerpt\">Mirian Tavares is a member of an International Conference Scientific Committee <a class=\"wp-block-post-excerpt__more-link\" href=\"https:\/\/antigo.ciac.pt\/news\/evento-55-2\/9171\">+ Info<\/a><\/p><\/div>\n<\/li>\n\n<li class=\"wp-block-post post-9170 post type-post status-publish format-standard hentry category-featured category-news investigadores-bruno-mendes-da-silva investigadores-mirian-tavares investigadores-sandra-boto\">\n<div class=\"wp-block-post-title\">PARTNERSHIPS<\/div>\n<div class=\"wp-block-post-date\"><time datetime=\"2019-04-04T14:08:57+00:00\">4 Abril, 2019<\/time><\/div>\n<div class=\"wp-block-post-excerpt\"><p class=\"wp-block-post-excerpt__excerpt\">CIAC meets Altice Labs to establish projects of cooperation and future partnerships <a class=\"wp-block-post-excerpt__more-link\" href=\"https:\/\/antigo.ciac.pt\/news\/parcerias-2\/9170\">+ Info<\/a><\/p><\/div>\n<\/li>\n\n<li class=\"wp-block-post post-9167 post type-post status-publish format-standard hentry category-featured category-news investigadores-bruno-mendes-da-silva investigadores-mirian-tavares\">\n<div class=\"wp-block-post-title\">PROJECT 4CDE<\/div>\n<div class=\"wp-block-post-date\"><time datetime=\"2019-04-04T14:00:49+00:00\">4 Abril, 2019<\/time><\/div>\n<div class=\"wp-block-post-excerpt\"><p class=\"wp-block-post-excerpt__excerpt\">Erasmus + 4CDE project brings together partners in Li\u00e8ge <a class=\"wp-block-post-excerpt__more-link\" href=\"https:\/\/antigo.ciac.pt\/news\/projeto-4cde-2\/9167\">+ Info<\/a><\/p><\/div>\n<\/li>\n\n<li class=\"wp-block-post post-9166 post type-post status-publish format-standard hentry category-featured category-news investigadores-antonio-araujo investigadores-bruno-mendes-da-silva investigadores-mirian-tavares investigadores-vitor-reia\">\n<div class=\"wp-block-post-title\">The Script Road<\/div>\n<div class=\"wp-block-post-date\"><time datetime=\"2019-04-04T13:48:36+00:00\">4 Abril, 2019<\/time><\/div>\n<div class=\"wp-block-post-excerpt\"><p class=\"wp-block-post-excerpt__excerpt\">The \u201cCadavre Exquis\u201d film-installation has its premi\u00e8re in The script Road \u2013 Macao Literary Festival <a class=\"wp-block-post-excerpt__more-link\" href=\"https:\/\/antigo.ciac.pt\/news\/the-script-road-2\/9166\">+ Info<\/a><\/p><\/div>\n<\/li>\n\n<li class=\"wp-block-post post-9164 post type-post status-publish format-standard hentry category-featured category-news investigadores-aderito-marcos investigadores-ana-isabel-soares investigadores-angela-saldanha investigadores-antonio-araujo investigadores-antonio-branco investigadores-bruno-mendes-da-silva investigadores-fernando-faria-paulino investigadores-jose-bidarra investigadores-maria-potes-barbas investigadores-mirian-tavares investigadores-pedro-alves-da-veiga investigadores-pedro-cabral-santo investigadores-sandra-boto investigadores-tiago-cruz\">\n<div class=\"wp-block-post-title\">DGARTES SUPPORT<\/div>\n<div class=\"wp-block-post-date\"><time datetime=\"2019-04-04T13:35:12+00:00\">4 Abril, 2019<\/time><\/div>\n<div class=\"wp-block-post-excerpt\"><p class=\"wp-block-post-excerpt__excerpt\">DGARTES has a new call for works to support individual and collective projects <a class=\"wp-block-post-excerpt__more-link\" href=\"https:\/\/antigo.ciac.pt\/news\/apoio-dgartes-2\/9164\">+ Info<\/a><\/p><\/div>\n<\/li>\n\n<li class=\"wp-block-post post-9146 post type-post status-publish format-standard hentry category-news investigadores-bruno-mendes-da-silva\">\n<div class=\"wp-block-post-title\">CADAVRE EXQUIS AT FICLO \u2013 OLH\u00c3O INTERNATIONAL FILM AND LITERATURE FESTIVAL<\/div>\n<div class=\"wp-block-post-date\"><time datetime=\"2019-04-02T19:57:00+00:00\">2 Abril, 2019<\/time><\/div>\n<\/li>\n\n<li class=\"wp-block-post post-9144 post type-post status-publish format-standard hentry category-news investigadores-bruno-mendes-da-silva\">\n<div class=\"wp-block-post-title\">CADAVRE EXQUIS AT THE SCRIPT ROAD \u2013 MACAU LITERARY FESTIVAL<\/div>\n<div class=\"wp-block-post-date\"><time datetime=\"2019-04-02T19:55:27+00:00\">2 Abril, 2019<\/time><\/div>\n<\/li>\n\n<li class=\"wp-block-post post-8977 post type-post status-publish format-standard hentry category-featured category-news investigadores-adriana-freire-nogueira investigadores-ana-isabel-soares investigadores-bruno-mendes-da-silva investigadores-mirian-tavares investigadores-vitor-reia\">\n<div class=\"wp-block-post-title\">CYCLE<\/div>\n<div class=\"wp-block-post-date\"><time datetime=\"2019-03-09T15:17:37+00:00\">9 Mar\u00e7o, 2019<\/time><\/div>\n<div class=\"wp-block-post-excerpt\"><p class=\"wp-block-post-excerpt__excerpt\">A segunda sess\u00e3o do Ciclo Extenso \u201cHer\u00e9tico e Libert\u00e1rio\u201d, em homenagem a V\u00edtor Reia-Baptista, acontece no em mar\u00e7o. A apresenta\u00e7\u00e3o da sess\u00e3o estar\u00e1 a cargo de Isa Catarina Mateus, respons\u00e1vel pela Comiss\u00e3o de Forma\u00e7\u00e3o do Cineclube de Faro <a class=\"wp-block-post-excerpt__more-link\" href=\"https:\/\/antigo.ciac.pt\/news\/ciclo-13-2\/8977\">+ Info<\/a><\/p><\/div>\n<\/li>\n\n<li class=\"wp-block-post post-8975 post type-post status-publish format-standard hentry category-featured category-news investigadores-pedro-alves-da-veiga\">\n<div class=\"wp-block-post-title\">EVENT<\/div>\n<div class=\"wp-block-post-date\"><time datetime=\"2019-03-09T15:04:45+00:00\">9 Mar\u00e7o, 2019<\/time><\/div>\n<div class=\"wp-block-post-excerpt\"><p class=\"wp-block-post-excerpt__excerpt\">CIAC Researcher, Pedro Alves da Veiga, is one of the invited experts of the 1st Meeting of the Fernando Pessoa University \u2013 UFP \u2013 Studies on Creative Research <a class=\"wp-block-post-excerpt__more-link\" href=\"https:\/\/antigo.ciac.pt\/news\/evento-54-2\/8975\">+ Info<\/a><\/p><\/div>\n<\/li>\n\n<li class=\"wp-block-post post-8953 post type-post status-publish format-standard hentry category-featured category-news investigadores-bruno-mendes-da-silva investigadores-mirian-tavares\">\n<div class=\"wp-block-post-title\">FICLO<\/div>\n<div class=\"wp-block-post-date\"><time datetime=\"2019-03-06T11:52:50+00:00\">6 Mar\u00e7o, 2019<\/time><\/div>\n<div class=\"wp-block-post-excerpt\"><p class=\"wp-block-post-excerpt__excerpt\">CIAC participates in the&nbsp;Festival Internacional de Cinema e Literatura de Olh\u00e3o <a class=\"wp-block-post-excerpt__more-link\" href=\"https:\/\/antigo.ciac.pt\/news\/ficlo-2\/8953\">+ Info<\/a><\/p><\/div>\n<\/li>\n\n<li class=\"wp-block-post post-8950 post type-post status-publish format-standard hentry category-featured category-news\">\n<div class=\"wp-block-post-title\">Exhibition<\/div>\n<div class=\"wp-block-post-date\"><time datetime=\"2019-03-06T11:44:35+00:00\">6 Mar\u00e7o, 2019<\/time><\/div>\n<div class=\"wp-block-post-excerpt\"><p class=\"wp-block-post-excerpt__excerpt\">Selma Pereira, Artist, PhD in Media-Digital Art from Universidade Aberta and Universidade do Algarve, was selected to exhibit at the Artroom Fair Roma 2019 \u2013 International Contemporary Art Fair for Independent Artists <a class=\"wp-block-post-excerpt__more-link\" href=\"https:\/\/antigo.ciac.pt\/news\/exposicao-16-2\/8950\">+ Info<\/a><\/p><\/div>\n<\/li>\n\n<li class=\"wp-block-post post-8947 post type-post status-publish format-standard hentry category-featured category-news investigadores-jorge-carrega\">\n<div class=\"wp-block-post-title\">EVENT<\/div>\n<div class=\"wp-block-post-date\"><time datetime=\"2019-03-06T11:41:18+00:00\">6 Mar\u00e7o, 2019<\/time><\/div>\n<div class=\"wp-block-post-excerpt\"><p class=\"wp-block-post-excerpt__excerpt\">CIAC promotes Conference on the Imaginary Universe of Jules Verne <a class=\"wp-block-post-excerpt__more-link\" href=\"https:\/\/antigo.ciac.pt\/news\/evento-53-2\/8947\">+ Info<\/a><\/p><\/div>\n<\/li>\n\n<li class=\"wp-block-post post-8925 post type-post status-publish format-standard hentry category-featured category-news investigadores-bruno-mendes-da-silva investigadores-mirian-tavares\">\n<div class=\"wp-block-post-title\">WORKSHOP<\/div>\n<div class=\"wp-block-post-date\"><time datetime=\"2019-02-26T16:19:50+00:00\">26 Fevereiro, 2019<\/time><\/div>\n<div class=\"wp-block-post-excerpt\"><p class=\"wp-block-post-excerpt__excerpt\">CIAC promotes Workshop under the Erasmus + 4CDE project, acronym for \u201cCode, Content, Creation and Culture for Digital Education\u201d <a class=\"wp-block-post-excerpt__more-link\" href=\"https:\/\/antigo.ciac.pt\/news\/workshop-6-2\/8925\">+ Info<\/a><\/p><\/div>\n<\/li>\n\n<li class=\"wp-block-post post-8920 post type-post status-publish format-standard hentry category-featured category-news investigadores-mirian-tavares investigadores-sandra-boto\">\n<div class=\"wp-block-post-title\">CALL FOR PAPERS<\/div>\n<div class=\"wp-block-post-date\"><time datetime=\"2019-02-26T16:12:25+00:00\">26 Fevereiro, 2019<\/time><\/div>\n<div class=\"wp-block-post-excerpt\"><p class=\"wp-block-post-excerpt__excerpt\">CIAC joins the third International Conference of the Creator project <a class=\"wp-block-post-excerpt__more-link\" href=\"https:\/\/antigo.ciac.pt\/news\/chamada-de-trabalhos-13\/8920\">+ Info<\/a><\/p><\/div>\n<\/li>\n\n<li class=\"wp-block-post post-8916 post type-post status-publish format-standard hentry category-featured category-news investigadores-bruno-mendes-da-silva\">\n<div class=\"wp-block-post-title\">communication Sciences<\/div>\n<div class=\"wp-block-post-date\"><time datetime=\"2019-02-25T14:04:55+00:00\">25 Fevereiro, 2019<\/time><\/div>\n<div class=\"wp-block-post-excerpt\"><p class=\"wp-block-post-excerpt__excerpt\">Short film directed by the Communication Sciences students, in partnership with the Association of Central Health Centers, is exhibited at various events in the area of \u200b\u200bhealth and the environment in the Algarve <a class=\"wp-block-post-excerpt__more-link\" href=\"https:\/\/antigo.ciac.pt\/news\/ciencias-da-comunicacao-3-2\/8916\">+ Info<\/a><\/p><\/div>\n<\/li>\n\n<li class=\"wp-block-post post-8914 post type-post status-publish format-standard hentry category-featured category-news investigadores-aderito-marcos investigadores-ana-isabel-soares investigadores-angela-saldanha investigadores-antonio-araujo investigadores-bruno-mendes-da-silva investigadores-elizabeth-carvalho investigadores-jose-bidarra investigadores-maria-potes-barbas investigadores-mirian-tavares investigadores-pedro-alves-da-veiga\">\n<div class=\"wp-block-post-title\">Call for Papers and Artworks<\/div>\n<div class=\"wp-block-post-date\"><time datetime=\"2019-02-25T12:38:46+00:00\">25 Fevereiro, 2019<\/time><\/div>\n<div class=\"wp-block-post-excerpt\"><p class=\"wp-block-post-excerpt__excerpt\">The CIAC informs that the call for papers and artworks for the ARTECH 2019 \u2013 9th International Conference on Digital Arts is now open, under the theme: \u201cDigital Media Art Ecosystems\u201d. <a class=\"wp-block-post-excerpt__more-link\" href=\"https:\/\/antigo.ciac.pt\/news\/chamada-de-trabalhos-12-2\/8914\">+ Info<\/a><\/p><\/div>\n<\/li>\n\n<li class=\"wp-block-post post-8908 post type-post status-publish format-standard hentry category-featured category-news investigadores-armando-nascimento-rosa investigadores-eugenia-vasques investigadores-manuel-celio-conceicao\">\n<div class=\"wp-block-post-title\">Project<\/div>\n<div class=\"wp-block-post-date\"><time datetime=\"2019-02-23T12:55:22+00:00\">23 Fevereiro, 2019<\/time><\/div>\n<div class=\"wp-block-post-excerpt\"><p class=\"wp-block-post-excerpt__excerpt\">Project in the area of \u200b\u200bactor direction, hosted by CIAC, has its first public presentation, \u201cEscobar na Missa do Galo\u201d\u201d, on the 18th February, at 2:30 pm, in the Viewing Room of the Department of Cinema of the Superior School of Theater and Cinema <a class=\"wp-block-post-excerpt__more-link\" href=\"https:\/\/antigo.ciac.pt\/news\/evento-52-2\/8908\">+ Info<\/a><\/p><\/div>\n<\/li>\n\n<li class=\"wp-block-post post-8902 post type-post status-publish format-standard hentry category-featured category-news areas_cientificas-sandra-b investigadores-pedro-ferre investigadores-sandra-boto\">\n<div class=\"wp-block-post-title\">International Congress<\/div>\n<div class=\"wp-block-post-date\"><time datetime=\"2019-02-23T12:26:01+00:00\">23 Fevereiro, 2019<\/time><\/div>\n<div class=\"wp-block-post-excerpt\"><p class=\"wp-block-post-excerpt__excerpt\">Sandra Boto and Pedro Ferr\u00e9 are members of the scientific committee of the VI International Congress of the Romancero <a class=\"wp-block-post-excerpt__more-link\" href=\"https:\/\/antigo.ciac.pt\/news\/congresso-internacional-2\/8902\">+ Info<\/a><\/p><\/div>\n<\/li>\n\n<li class=\"wp-block-post post-8822 post type-post status-publish format-standard hentry category-featured category-news\">\n<div class=\"wp-block-post-title\">ARTISTIC RESIDENCE<\/div>\n<div class=\"wp-block-post-date\"><time datetime=\"2019-02-22T13:31:23+00:00\">22 Fevereiro, 2019<\/time><\/div>\n<div class=\"wp-block-post-excerpt\"><p class=\"wp-block-post-excerpt__excerpt\">CIAC researcher, Rui Ant\u00f3nio, was one of the two Portuguese artists selected for the first artistic residence in the Museu0 <a class=\"wp-block-post-excerpt__more-link\" href=\"https:\/\/antigo.ciac.pt\/news\/residencia-artistica-2-2\/8822\">+ Info<\/a><\/p><\/div>\n<\/li>\n\n<li class=\"wp-block-post post-8864 post type-post status-publish format-standard hentry category-featured category-news investigadores-mirian-tavares investigadores-pedro-cabral-santo\">\n<div class=\"wp-block-post-title\">PhD IN COMMUNICATION, CULTURE AND ARTS<\/div>\n<div class=\"wp-block-post-date\"><time datetime=\"2019-02-20T19:19:50+00:00\">20 Fevereiro, 2019<\/time><\/div>\n<div class=\"wp-block-post-excerpt\"><p class=\"wp-block-post-excerpt__excerpt\">Tiago Batista, CIAC collaborator and Professor in the Visual Arts degree at the University of Algarve, defended today evidence for obtaining a PhD in Communication, Culture and Arts <a class=\"wp-block-post-excerpt__more-link\" href=\"https:\/\/antigo.ciac.pt\/news\/doutoramento-em-comunicacao-cultura-e-artes-10-2\/8864\">+ Info<\/a><\/p><\/div>\n<\/li>\n\n<li class=\"wp-block-post post-8857 post type-post status-publish format-standard hentry category-featured category-news investigadores-pedro-ferre investigadores-sandra-boto\">\n<div class=\"wp-block-post-title\">SEMINAR<\/div>\n<div class=\"wp-block-post-date\"><time datetime=\"2019-02-19T23:03:34+00:00\">19 Fevereiro, 2019<\/time><\/div>\n<div class=\"wp-block-post-excerpt\"><p class=\"wp-block-post-excerpt__excerpt\">Faculdade de Ci\u00eancias Humanas e Sociais da Universidade do Algarve acolhe o Semin\u00e1rio \u201cEl Romancero y Ram\u00f3n Men\u00e9ndez Pidal\u201d proferido pelo investigador&nbsp;Nicol\u00e1s Asensio Jim\u00e9nez  <a class=\"wp-block-post-excerpt__more-link\" href=\"https:\/\/antigo.ciac.pt\/news\/seminario-6-2\/8857\">+ Info<\/a><\/p><\/div>\n<\/li>\n\n<li class=\"wp-block-post post-8855 post type-post status-publish format-standard hentry category-featured category-news investigadores-eugenia-vasques\">\n<div class=\"wp-block-post-title\">PUBLICATION<\/div>\n<div class=\"wp-block-post-date\"><time datetime=\"2019-02-19T22:57:41+00:00\">19 Fevereiro, 2019<\/time><\/div>\n<div class=\"wp-block-post-excerpt\"><p class=\"wp-block-post-excerpt__excerpt\">Eug\u00e9nia Vasques signs the eighth volume of the Collection Biografias do Teatro Portugu\u00eas. <a class=\"wp-block-post-excerpt__more-link\" href=\"https:\/\/antigo.ciac.pt\/news\/publicacao-66-2\/8855\">+ Info<\/a><\/p><\/div>\n<\/li>\n\n<li class=\"wp-block-post post-8853 post type-post status-publish format-standard hentry category-featured category-news investigadores-pedro-ferre investigadores-sandra-boto\">\n<div class=\"wp-block-post-title\">Research stay<\/div>\n<div class=\"wp-block-post-date\"><time datetime=\"2019-02-19T22:51:26+00:00\">19 Fevereiro, 2019<\/time><\/div>\n<div class=\"wp-block-post-excerpt\"><p class=\"wp-block-post-excerpt__excerpt\">CIAC hosts researcher from the Universidad Complutense de Madrid for a research stay <a class=\"wp-block-post-excerpt__more-link\" href=\"https:\/\/antigo.ciac.pt\/news\/estadia-de-investigacao-2\/8853\">+ Info<\/a><\/p><\/div>\n<\/li>\n\n<li class=\"wp-block-post post-8797 post type-post status-publish format-standard hentry category-featured category-news investigadores-ana-isabel-soares investigadores-bruno-mendes-da-silva investigadores-mirian-tavares investigadores-vitor-reia\">\n<div class=\"wp-block-post-title\">TRIBUTE CYCLE<\/div>\n<div class=\"wp-block-post-date\"><time datetime=\"2019-02-12T21:53:18+00:00\">12 Fevereiro, 2019<\/time><\/div>\n<div class=\"wp-block-post-excerpt\"><p class=\"wp-block-post-excerpt__excerpt\">Extensive Cycle of Tribute to Vitor Reia-Baptista starts on the 20th February <a class=\"wp-block-post-excerpt__more-link\" href=\"https:\/\/antigo.ciac.pt\/news\/ciclo-homenagem-3-2\/8797\">+ Info<\/a><\/p><\/div>\n<\/li>\n\n<li class=\"wp-block-post post-8735 post type-post status-publish format-standard hentry category-featured category-news investigadores-aderito-marcos investigadores-bruno-mendes-da-silva investigadores-jose-bidarra\">\n<div class=\"wp-block-post-title\">PhD in Digital Media Art<\/div>\n<div class=\"wp-block-post-date\"><time datetime=\"2019-02-07T16:02:34+00:00\">7 Fevereiro, 2019<\/time><\/div>\n<div class=\"wp-block-post-excerpt\"><p class=\"wp-block-post-excerpt__excerpt\">CIAC\u2019s collaborator,&nbsp;Noeli Batista dos Santos, defended evidence to obtain doctoral degree in Digital Media Art <a class=\"wp-block-post-excerpt__more-link\" href=\"https:\/\/antigo.ciac.pt\/news\/doutoramento-em-media-arte-digital-11-2\/8735\">+ Info<\/a><\/p><\/div>\n<\/li>\n\n<li class=\"wp-block-post post-8733 post type-post status-publish format-standard hentry category-featured category-news investigadores-ana-isabel-soares investigadores-bruno investigadores-bruno-mendes-da-silva investigadores-mirian-tavares investigadores-sandra-boto\">\n<div class=\"wp-block-post-title\">CIENTIFICAMENTE PROV\u00c1VEL<\/div>\n<div class=\"wp-block-post-date\"><time datetime=\"2019-02-07T15:49:28+00:00\">7 Fevereiro, 2019<\/time><\/div>\n<div class=\"wp-block-post-excerpt\"><p class=\"wp-block-post-excerpt__excerpt\">CIAC joins the program Cientificamente Prov\u00e1vel <a class=\"wp-block-post-excerpt__more-link\" href=\"https:\/\/antigo.ciac.pt\/news\/programa-cientificamente-provavel-2\/8733\">+ Info<\/a><\/p><\/div>\n<\/li>\n\n<li class=\"wp-block-post post-8702 post type-post status-publish format-standard hentry category-featured category-news investigadores-pedro-cabral-santo\">\n<div class=\"wp-block-post-title\">exhibition&nbsp;<\/div>\n<div class=\"wp-block-post-date\"><time datetime=\"2019-02-05T16:04:52+00:00\">5 Fevereiro, 2019<\/time><\/div>\n<div class=\"wp-block-post-excerpt\"><p class=\"wp-block-post-excerpt__excerpt\">Pedro Cabral Santo exhibits at the Berardo Museum <a class=\"wp-block-post-excerpt__more-link\" href=\"https:\/\/antigo.ciac.pt\/news\/exposicao-15-2\/8702\">+ Info<\/a><\/p><\/div>\n<\/li>\n\n<li class=\"wp-block-post post-8699 post type-post status-publish format-standard hentry category-featured category-news investigadores-mirian-tavares investigadores-pedro-cabral-santo\">\n<div class=\"wp-block-post-title\">PUBLICATION<\/div>\n<div class=\"wp-block-post-date\"><time datetime=\"2019-02-05T15:59:57+00:00\">5 Fevereiro, 2019<\/time><\/div>\n<div class=\"wp-block-post-excerpt\"><p class=\"wp-block-post-excerpt__excerpt\">Catalog of the exhibition \u201cWAIT\u201d, at the Berardo Museum, includes a text by Mirian Tavares <a class=\"wp-block-post-excerpt__more-link\" href=\"https:\/\/antigo.ciac.pt\/news\/publicacao-65-2\/8699\">+ Info<\/a><\/p><\/div>\n<\/li>\n\n<li class=\"wp-block-post post-8665 post type-post status-publish format-standard hentry category-featured category-news investigadores-sandra-boto\">\n<div class=\"wp-block-post-title\">Scientific Employment<\/div>\n<div class=\"wp-block-post-date\"><time datetime=\"2019-02-01T23:33:06+00:00\">1 Fevereiro, 2019<\/time><\/div>\n<div class=\"wp-block-post-excerpt\"><p class=\"wp-block-post-excerpt__excerpt\">The researcher Sandra Boto celebrated today, the 1st February, a research contract with the University of Algarve, under the Law of Scientific Employment  <a class=\"wp-block-post-excerpt__more-link\" href=\"https:\/\/antigo.ciac.pt\/news\/emprego-cientifico-2\/8665\">+ Info<\/a><\/p><\/div>\n<\/li>\n\n<li class=\"wp-block-post post-8663 post type-post status-publish format-standard hentry category-featured category-news investigadores-ana-soares investigadores-bruno-mendes-da-silva investigadores-mirian-tavares investigadores-vitor-reia\">\n<div class=\"wp-block-post-title\">CYCLE Tribute<\/div>\n<div class=\"wp-block-post-date\"><time datetime=\"2019-02-01T23:29:36+00:00\">1 Fevereiro, 2019<\/time><\/div>\n<div class=\"wp-block-post-excerpt\"><p class=\"wp-block-post-excerpt__excerpt\">CIAC joins the Cineclube de Faro&nbsp;to promote Vitor Reia-Baptista\u2019s Tribute Cycle <a class=\"wp-block-post-excerpt__more-link\" href=\"https:\/\/antigo.ciac.pt\/news\/ciclo-homenagem-2\/8663\">+ Info<\/a><\/p><\/div>\n<\/li>\n\n<li class=\"wp-block-post post-8660 post type-post status-publish format-standard hentry category-featured category-news investigadores-pedro-ferre investigadores-sandra-boto\">\n<div class=\"wp-block-post-title\">PROJECT<\/div>\n<div class=\"wp-block-post-date\"><time datetime=\"2019-02-01T23:24:43+00:00\">1 Fevereiro, 2019<\/time><\/div>\n<div class=\"wp-block-post-excerpt\"><p class=\"wp-block-post-excerpt__excerpt\">Project \u201cGarrett Online\u201d is now supported by the Calouste Gulbenkian Foundation <a class=\"wp-block-post-excerpt__more-link\" href=\"https:\/\/antigo.ciac.pt\/news\/projeto-19-2\/8660\">+ Info<\/a><\/p><\/div>\n<\/li>\n\n<li class=\"wp-block-post post-8658 post type-post status-publish format-standard hentry category-featured category-news investigadores-aderito-marcos investigadores-ana-carvalho investigadores-ana-isabel-soares investigadores-antonio-araujo investigadores-antonio-branco investigadores-armando-nascimento-rosa investigadores-bruno-mendes-da-silva investigadores-eugenia-vasques investigadores-fernando-faria-paulino investigadores-joao-minhoto-marques investigadores-jose-bidarra investigadores-mirian-tavares investigadores-pedro-cabral-santo investigadores-sandra-boto investigadores-vitor-reia investigadores-vitor-tome\">\n<div class=\"wp-block-post-title\">2019 Call for PhD Scholarships<\/div>\n<div class=\"wp-block-post-date\"><time datetime=\"2019-02-01T23:18:35+00:00\">1 Fevereiro, 2019<\/time><\/div>\n<div class=\"wp-block-post-excerpt\"><p class=\"wp-block-post-excerpt__excerpt\">The CIAC informs that the call for 960 PhD Scholarships will be open in all scientific areas. <a class=\"wp-block-post-excerpt__more-link\" href=\"https:\/\/antigo.ciac.pt\/news\/bolsas-de-doutoramento-2\/8658\">+ Info<\/a><\/p><\/div>\n<\/li>\n\n<li class=\"wp-block-post post-8636 post type-post status-publish format-standard hentry category-featured category-news investigadores-mirian-tavares investigadores-pedro-cabral-santo\">\n<div class=\"wp-block-post-title\">VISUAL ARTS CYCLE<\/div>\n<div class=\"wp-block-post-date\"><time datetime=\"2019-01-29T23:04:04+00:00\">29 Janeiro, 2019<\/time><\/div>\n<div class=\"wp-block-post-excerpt\"><p class=\"wp-block-post-excerpt__excerpt\">Visual Arts Cycle brings to Faro the artist Miguel Soares, one of the pioneers of digital art in Portugal <a class=\"wp-block-post-excerpt__more-link\" href=\"https:\/\/antigo.ciac.pt\/news\/ciclo-de-artes-visuais-3-2\/8636\">+ Info<\/a><\/p><\/div>\n<\/li>\n\n<li class=\"wp-block-post post-8633 post type-post status-publish format-standard hentry category-featured category-news investigadores-aderito-marcos investigadores-bruno-mendes-da-silva investigadores-fernando investigadores-fernando-faria-paulino investigadores-jose-bidarra\">\n<div class=\"wp-block-post-title\">PHD IN DIGITAL MEDIA ART<\/div>\n<div class=\"wp-block-post-date\"><time datetime=\"2019-01-29T22:54:08+00:00\">29 Janeiro, 2019<\/time><\/div>\n<div class=\"wp-block-post-excerpt\"><p class=\"wp-block-post-excerpt__excerpt\">CIAC\u2019s collaborator, M\u00e1rio Dominguez, defended today a evidence to obtain doctoral degree in Digital Media Art <a class=\"wp-block-post-excerpt__more-link\" href=\"https:\/\/antigo.ciac.pt\/news\/doutoramento-em-media-arte-digital-9-3\/8633\">+ Info<\/a><\/p><\/div>\n<\/li>\n\n<li class=\"wp-block-post post-8615 post type-post status-publish format-standard hentry category-featured category-news investigadores-mirian-tavares investigadores-pedro-cabral-santo\">\n<div class=\"wp-block-post-title\">ART EXHIBITION<\/div>\n<div class=\"wp-block-post-date\"><time datetime=\"2019-01-22T15:43:54+00:00\">22 Janeiro, 2019<\/time><\/div>\n<div class=\"wp-block-post-excerpt\"><p class=\"wp-block-post-excerpt__excerpt\">Galeria Trem will host from the 24th January the exhibition Torre, muro e mundo of Tiago Batista, CIAC collaborator and Professor in the Visual Arts Degree in the University of Algarve <a class=\"wp-block-post-excerpt__more-link\" href=\"https:\/\/antigo.ciac.pt\/news\/exposicao-14-3\/8615\">+ Info<\/a><\/p><\/div>\n<\/li>\n\n<li class=\"wp-block-post post-8598 post type-post status-publish format-standard hentry category-featured category-news\">\n<div class=\"wp-block-post-title\">PhD in Communication, Culture and Arts<\/div>\n<div class=\"wp-block-post-date\"><time datetime=\"2019-01-17T20:23:19+00:00\">17 Janeiro, 2019<\/time><\/div>\n<div class=\"wp-block-post-excerpt\"><p class=\"wp-block-post-excerpt__excerpt\">The CIAC collaborator Elisabete Cristina Pereira successfully defended&nbsp;evidence to obtain a PhD in Communication, Culture and Arts <a class=\"wp-block-post-excerpt__more-link\" href=\"https:\/\/antigo.ciac.pt\/news\/doutoramento-em-comunicacao-cultura-e-artes-9-2\/8598\">+ Info<\/a><\/p><\/div>\n<\/li>\n\n<li class=\"wp-block-post post-8591 post type-post status-publish format-standard hentry category-featured category-news investigadores-francisco-lameira\">\n<div class=\"wp-block-post-title\">PUBLICATION<\/div>\n<div class=\"wp-block-post-date\"><time datetime=\"2019-01-16T21:40:47+00:00\">16 Janeiro, 2019<\/time><\/div>\n<div class=\"wp-block-post-excerpt\"><p class=\"wp-block-post-excerpt__excerpt\">The 17th volume of the Collection Promontoria Monogr\u00e1fica Hist\u00f3ria da Arte is already available, this volume is dedicated to the to the Retables in the Patriarchate of Lisbon <a class=\"wp-block-post-excerpt__more-link\" href=\"https:\/\/antigo.ciac.pt\/news\/publicacao-64-2\/8591\">+ Info<\/a><\/p><\/div>\n<\/li>\n\n<li class=\"wp-block-post post-8579 post type-post status-publish format-standard hentry category-featured category-news investigadores-bruno-mendes-da-silva investigadores-mirian-tavares investigadores-vitor-reia\">\n<div class=\"wp-block-post-title\">EVENT<\/div>\n<div class=\"wp-block-post-date\"><time datetime=\"2019-01-11T15:40:49+00:00\">11 Janeiro, 2019<\/time><\/div>\n<div class=\"wp-block-post-excerpt\"><p class=\"wp-block-post-excerpt__excerpt\">\u00c1lvaro Americano is part of the Cycle of Conferences \u201cDoutoramentos da UAlg e Cultura Cient\u00edfica: Vis\u00e3o Pr\u00e1tica\u201d <a class=\"wp-block-post-excerpt__more-link\" href=\"https:\/\/antigo.ciac.pt\/news\/evento-51\/8579\">+ Info<\/a><\/p><\/div>\n<\/li>\n\n<li class=\"wp-block-post post-8572 post type-post status-publish format-standard hentry category-featured category-news investigadores-sandra-boto\">\n<div class=\"wp-block-post-title\">Romanceiro.pt<\/div>\n<div class=\"wp-block-post-date\"><time datetime=\"2019-01-11T12:04:49+00:00\">11 Janeiro, 2019<\/time><\/div>\n<div class=\"wp-block-post-excerpt\"><p class=\"wp-block-post-excerpt__excerpt\">Sandra Boto takes the traditional Portuguese romanceiro&nbsp;to the University of Oviedo <a class=\"wp-block-post-excerpt__more-link\" href=\"https:\/\/antigo.ciac.pt\/news\/romanceiro-pt-4-2\/8572\">+ Info<\/a><\/p><\/div>\n<\/li>\n\n<li class=\"wp-block-post post-8563 post type-post status-publish format-standard hentry category-featured category-news investigadores-ana-isabel-soares\">\n<div class=\"wp-block-post-title\">MOVIE FESTIVAL<\/div>\n<div class=\"wp-block-post-date\"><time datetime=\"2019-01-10T14:46:05+00:00\">10 Janeiro, 2019<\/time><\/div>\n<div class=\"wp-block-post-excerpt\"><p class=\"wp-block-post-excerpt__excerpt\">The Researcher Ana Isabel Soares participates in the \u201cRealizadoras Portuguesas\u201d Movie Festival <a class=\"wp-block-post-excerpt__more-link\" href=\"https:\/\/antigo.ciac.pt\/news\/mostra-de-filmes-2\/8563\">+ Info<\/a><\/p><\/div>\n<\/li>\n\n<li class=\"wp-block-post post-8551 post type-post status-publish format-standard hentry category-featured category-news investigadores-ana-isabel-soares investigadores-mirian-tavares\">\n<div class=\"wp-block-post-title\">Project Film Education: from Framework to Impact<\/div>\n<div class=\"wp-block-post-date\"><time datetime=\"2019-01-09T23:02:51+00:00\">9 Janeiro, 2019<\/time><\/div>\n<div class=\"wp-block-post-excerpt\"><p class=\"wp-block-post-excerpt__excerpt\">CIAC integrates international working group on Film Education: from Framework to Impact <a class=\"wp-block-post-excerpt__more-link\" href=\"https:\/\/antigo.ciac.pt\/news\/projeto-18-2\/8551\">+ Info<\/a><\/p><\/div>\n<\/li>\n\n<li class=\"wp-block-post post-8541 post type-post status-publish format-standard hentry category-featured category-news investigadores-aderito-marcos investigadores-ana-soares investigadores-antonio-araujo investigadores-bruno-mendes-da-silva investigadores-carlos-castilho-pais investigadores-jose-bidarra investigadores-mirian-tavares investigadores-pedro-cabral-santo\">\n<div class=\"wp-block-post-title\">Retreat of the PhD in Media-Digital Art<\/div>\n<div class=\"wp-block-post-date\"><time datetime=\"2019-01-08T13:59:16+00:00\">8 Janeiro, 2019<\/time><\/div>\n<div class=\"wp-block-post-excerpt\"><p class=\"wp-block-post-excerpt__excerpt\">The video of the 6th Retreat in Media-Digital Art is already available <a class=\"wp-block-post-excerpt__more-link\" href=\"https:\/\/antigo.ciac.pt\/news\/6o-retiro-dmad-2\/8541\">+ Info<\/a><\/p><\/div>\n<\/li>\n\n<li class=\"wp-block-post post-8533 post type-post status-publish format-standard hentry category-featured category-news investigadores-aderito-marcos investigadores-ana-isabel-soares investigadores-angela-saldanha investigadores-antonio-araujo investigadores-antonio-branco investigadores-armando-nascimento-rosa investigadores-bruno-mendes-da-silva investigadores-celia-vieira investigadores-elizabeth-carvalho investigadores-eugenia-vasques investigadores-fernando-faria-paulino investigadores-francisco-lameira investigadores-jose-bidarra investigadores-mirian-tavares investigadores-pedro-alves-da-veiga investigadores-raquel-pacheco investigadores-sandra-boto investigadores-vitor-reia\">\n<div class=\"wp-block-post-title\">STIMULUS OF SCIENTIFIC EMPLOYMENT, INDIVIDUAL<\/div>\n<div class=\"wp-block-post-date\"><time datetime=\"2019-01-07T18:40:16+00:00\">7 Janeiro, 2019<\/time><\/div>\n<div class=\"wp-block-post-excerpt\"><p class=\"wp-block-post-excerpt__excerpt\">Second edition of the Stimulating Individual Scientific Employment for hiring 300 PhD researchers will open soon <a class=\"wp-block-post-excerpt__more-link\" href=\"https:\/\/antigo.ciac.pt\/news\/estimulo-ao-emprego-cientifico-2\/8533\">+ Info<\/a><\/p><\/div>\n<\/li>\n\n<li class=\"wp-block-post post-8523 post type-post status-publish format-standard hentry category-featured category-news investigadores-tiago-cruz\">\n<div class=\"wp-block-post-title\">Publication<\/div>\n<div class=\"wp-block-post-date\"><time datetime=\"2019-01-04T10:15:22+00:00\">4 Janeiro, 2019<\/time><\/div>\n<div class=\"wp-block-post-excerpt\"><p class=\"wp-block-post-excerpt__excerpt\">The second volume of the collection N\u00f3s e os Cadernos, an edition of CIAC coordinated by the researcher Tiago Cruz, has just been published <a class=\"wp-block-post-excerpt__more-link\" href=\"https:\/\/antigo.ciac.pt\/news\/publicacao-63-2\/8523\">+ Info<\/a><\/p><\/div>\n<\/li>\n<\/ul>\n<\/div><\/div>\n\n\n\n<div class=\"wp-block-advgb-accordion-item advgb-accordion-item\" style=\"margin-bottom:15px\"><div class=\"advgb-accordion-header\" style=\"background-color:#ffffff;color:#000000;border-style:solid;border-width:0px;border-color:#ffffff\"><span class=\"advgb-accordion-header-icon\"><svg fill=\"#000000\" xmlns=\"http:\/\/www.w3.org\/2000\/svg\" width=\"24\" height=\"24\" viewBox=\"0 0 24 24\"><path fill=\"none\" d=\"M0,0h24v24H0V0z\"><\/path><path d=\"M6,10c-1.1,0-2,0.9-2,2s0.9,2,2,2s2-0.9,2-2S7.1,10,6,10z M18,10c-1.1,0-2,0.9-2,2s0.9,2,2,2s2-0.9,2-2S19.1,10,18,10z M12,10c-1.1,0-2,0.9-2,2s0.9,2,2,2s2-0.9,2-2S13.1,10,12,10z\"><\/path><\/svg><\/span><h2 class=\"advgb-accordion-header-title\" style=\"color:inherit\">2018<\/h2><\/div><div class=\"advgb-accordion-body\" style=\"border-style:solid !important;border-width:0px !important;border-color:#ffffff !important;border-top:none !important\">\n<ul>\n<li class=\"wp-block-post post-8507 post type-post status-publish format-standard hentry category-featured category-news investigadores-mirian-tavares investigadores-pedro-cabral-santo\">\n<div class=\"wp-block-post-title\">Visual Arts Cycle<\/div>\n<div class=\"wp-block-post-date\"><time datetime=\"2018-12-17T12:11:20+00:00\">17 Dezembro, 2018<\/time><\/div>\n<div class=\"wp-block-post-excerpt\"><p class=\"wp-block-post-excerpt__excerpt\">The next session of the Visual Arts Cycle 2018\/2019, is scheduled for the 20th December, and will bring to Faro the artist Jo\u00e3o Queiroz <a class=\"wp-block-post-excerpt__more-link\" href=\"https:\/\/antigo.ciac.pt\/news\/ciclo-de-artes-visuais-2\/8507\">+ Info<\/a><\/p><\/div>\n<\/li>\n\n<li class=\"wp-block-post post-8482 post type-post status-publish format-standard hentry category-featured category-news investigadores-aderito-marcos investigadores-ana-isabel-soares investigadores-angela-saldanha investigadores-bruno-mendes-da-silva investigadores-jose-bidarra investigadores-maria-potes-barbas investigadores-mirian-tavares investigadores-sandra-boto investigadores-vitor-reia\">\n<div class=\"wp-block-post-title\">CIAC on Alfa Pendular internal television<\/div>\n<div class=\"wp-block-post-date\"><time datetime=\"2018-12-14T18:22:42+00:00\">14 Dezembro, 2018<\/time><\/div>\n<div class=\"wp-block-post-excerpt\"><p class=\"wp-block-post-excerpt__excerpt\">CIAC on Alfa Pendular internal television <a class=\"wp-block-post-excerpt__more-link\" href=\"https:\/\/antigo.ciac.pt\/news\/destaque-4-2\/8482\">+ Info<\/a><\/p><\/div>\n<\/li>\n\n<li class=\"wp-block-post post-8430 post type-post status-publish format-standard hentry category-featured category-news\">\n<div class=\"wp-block-post-title\">CALL FOR PAPERS<\/div>\n<div class=\"wp-block-post-date\"><time datetime=\"2018-12-12T15:07:49+00:00\">12 Dezembro, 2018<\/time><\/div>\n<div class=\"wp-block-post-excerpt\"><p class=\"wp-block-post-excerpt__excerpt\">Jorge Carrega coordinates thematic Dossier in an international journal <a class=\"wp-block-post-excerpt__more-link\" href=\"https:\/\/antigo.ciac.pt\/news\/chamada-de-trabalhos-10-2\/8430\">+ Info<\/a><\/p><\/div>\n<\/li>\n\n<li class=\"wp-block-post post-8424 post type-post status-publish format-standard hentry category-featured category-news investigadores-aderito-marcos investigadores-ana-isabel-soares investigadores-ana-soares investigadores-angela-saldanha investigadores-antonio-araujo investigadores-bruno-mendes-da-silva investigadores-elizabeth-carvalho investigadores-eugenia-vasques investigadores-jorge-carrega investigadores-jose-bidarra investigadores-maria-potes-barbas investigadores-mirian-tavares investigadores-raquel-pacheco investigadores-sandra-boto investigadores-vitor-reia\">\n<div class=\"wp-block-post-title\">31st Newsletter<\/div>\n<div class=\"wp-block-post-date\"><time datetime=\"2018-12-12T14:52:25+00:00\">12 Dezembro, 2018<\/time><\/div>\n<div class=\"wp-block-post-excerpt\"><p class=\"wp-block-post-excerpt__excerpt\">The 31st CIAC Newsletter is now available&nbsp; <a class=\"wp-block-post-excerpt__more-link\" href=\"https:\/\/antigo.ciac.pt\/news\/31a-newsletter-2\/8424\">+ Info<\/a><\/p><\/div>\n<\/li>\n\n<li class=\"wp-block-post post-8405 post type-post status-publish format-standard hentry category-featured category-news investigadores-ana-isabel-soares investigadores-bruno-mendes-da-silva\">\n<div class=\"wp-block-post-title\">National Meeting of Cineclubes<\/div>\n<div class=\"wp-block-post-date\"><time datetime=\"2018-12-12T10:36:30+00:00\">12 Dezembro, 2018<\/time><\/div>\n<div class=\"wp-block-post-excerpt\"><p class=\"wp-block-post-excerpt__excerpt\">Cineclubes Meeting brings cineclub members to Faro <a class=\"wp-block-post-excerpt__more-link\" href=\"https:\/\/antigo.ciac.pt\/news\/encontro-nacional-de-cineclubes-2\/8405\">+ Info<\/a><\/p><\/div>\n<\/li>\n\n<li class=\"wp-block-post post-8389 post type-post status-publish format-standard hentry category-featured category-news investigadores-aderito-marcos investigadores-elizabeth-carvalho investigadores-jose-bidarra\">\n<div class=\"wp-block-post-title\">EVENT<\/div>\n<div class=\"wp-block-post-date\"><time datetime=\"2018-12-11T09:16:18+00:00\">11 Dezembro, 2018<\/time><\/div>\n<div class=\"wp-block-post-excerpt\"><p class=\"wp-block-post-excerpt__excerpt\">CIAC participates in the VII edition of the Institution and eLearning Units of Higher Education (eL@IES2018) <a class=\"wp-block-post-excerpt__more-link\" href=\"https:\/\/antigo.ciac.pt\/news\/evento-46-2\/8389\">+ Info<\/a><\/p><\/div>\n<\/li>\n\n<li class=\"wp-block-post post-8387 post type-post status-publish format-standard hentry category-featured category-news investigadores-ana-isabel-soares investigadores-sandra-boto\">\n<div class=\"wp-block-post-title\">Call for papers<\/div>\n<div class=\"wp-block-post-date\"><time datetime=\"2018-12-11T09:03:49+00:00\">11 Dezembro, 2018<\/time><\/div>\n<div class=\"wp-block-post-excerpt\"><p class=\"wp-block-post-excerpt__excerpt\">Call for papers for special issue of the CITAR Journal on Marginalized Narratives <a class=\"wp-block-post-excerpt__more-link\" href=\"https:\/\/antigo.ciac.pt\/news\/chamada-de-trabalhos-11-2\/8387\">+ Info<\/a><\/p><\/div>\n<\/li>\n\n<li class=\"wp-block-post post-8381 post type-post status-publish format-standard hentry category-featured category-news investigadores-aderito-marcos investigadores-angela-saldanha investigadores-antonio-araujo investigadores-bruno-mendes-da-silva investigadores-jose-bidarra investigadores-maria-potes-barbas investigadores-mirian-tavares investigadores-pedro-veiga\">\n<div class=\"wp-block-post-title\">ARTeFACTo 2018<\/div>\n<div class=\"wp-block-post-date\"><time datetime=\"2018-12-10T15:48:47+00:00\">10 Dezembro, 2018<\/time><\/div>\n<div class=\"wp-block-post-excerpt\"><p class=\"wp-block-post-excerpt__excerpt\">Pal\u00e1cio Ceia hosts inaugural edition of the ARTeFACTo 2018 Conference <a class=\"wp-block-post-excerpt__more-link\" href=\"https:\/\/antigo.ciac.pt\/news\/artefacto\/8381\">+ Info<\/a><\/p><\/div>\n<\/li>\n\n<li class=\"wp-block-post post-8379 post type-post status-publish format-standard hentry category-featured category-news investigadores-bruno-mendes-da-silva investigadores-vitor-reia\">\n<div class=\"wp-block-post-title\">Conference<\/div>\n<div class=\"wp-block-post-date\"><time datetime=\"2018-12-10T15:37:45+00:00\">10 Dezembro, 2018<\/time><\/div>\n<div class=\"wp-block-post-excerpt\"><p class=\"wp-block-post-excerpt__excerpt\">School of Education and Communication, supported by CIAC, organizes the Conference Ethic in Organizations <a class=\"wp-block-post-excerpt__more-link\" href=\"https:\/\/antigo.ciac.pt\/news\/conferencia-12-2\/8379\">+ Info<\/a><\/p><\/div>\n<\/li>\n\n<li class=\"wp-block-post post-8377 post type-post status-publish format-standard hentry category-featured category-news investigadores-vitor-tome\">\n<div class=\"wp-block-post-title\">PUBLICATION<\/div>\n<div class=\"wp-block-post-date\"><time datetime=\"2018-12-10T15:27:26+00:00\">10 Dezembro, 2018<\/time><\/div>\n<div class=\"wp-block-post-excerpt\"><p class=\"wp-block-post-excerpt__excerpt\">CIAC researcher was invited to co-publish a special issue of the oldest journal of Media Literacy of the United States of America <a class=\"wp-block-post-excerpt__more-link\" href=\"https:\/\/antigo.ciac.pt\/news\/publicacao-59-2\/8377\">+ Info<\/a><\/p><\/div>\n<\/li>\n\n<li class=\"wp-block-post post-8373 post type-post status-publish format-standard hentry category-featured category-news investigadores-ana-isabel-soares investigadores-bruno-mendes-da-silva investigadores-joao-minhoto-marques investigadores-maria-botana-vilar investigadores-mirian-tavares investigadores-neuza-costa investigadores-pedro-ferre investigadores-sandra-boto\">\n<div class=\"wp-block-post-title\">Colloquium Narrative, Media and Cognition<\/div>\n<div class=\"wp-block-post-date\"><time datetime=\"2018-12-10T15:17:40+00:00\">10 Dezembro, 2018<\/time><\/div>\n<div class=\"wp-block-post-excerpt\"><p class=\"wp-block-post-excerpt__excerpt\">Inaugural Conference of the Narrative, Media and Cognition Colloquium, by Professor Arnaldo Saraiva, will be transmitted via streaming <a class=\"wp-block-post-excerpt__more-link\" href=\"https:\/\/antigo.ciac.pt\/news\/coloquio-narrativa-media-e-cognicao-2-2\/8373\">+ Info<\/a><\/p><\/div>\n<\/li>\n\n<li class=\"wp-block-post post-8421 post type-post status-publish format-standard hentry category-featured category-news investigadores-maria-potes\">\n<div class=\"wp-block-post-title\">Digital Literacy<\/div>\n<div class=\"wp-block-post-date\"><time datetime=\"2018-12-10T14:43:23+00:00\">10 Dezembro, 2018<\/time><\/div>\n<div class=\"wp-block-post-excerpt\"><p class=\"wp-block-post-excerpt__excerpt\">Digital Literacy Training for the Labor Market was launched in Portugal <a class=\"wp-block-post-excerpt__more-link\" href=\"https:\/\/antigo.ciac.pt\/news\/literacia-digital-2\/8421\">+ Info<\/a><\/p><\/div>\n<\/li>\n\n<li class=\"wp-block-post post-8366 post type-post status-publish format-standard hentry category-featured category-news investigadores-bruno-mendes-da-silva\">\n<div class=\"wp-block-post-title\">Communication Sciences<\/div>\n<div class=\"wp-block-post-date\"><time datetime=\"2018-12-10T12:02:02+00:00\">10 Dezembro, 2018<\/time><\/div>\n<div class=\"wp-block-post-excerpt\"><p class=\"wp-block-post-excerpt__excerpt\">CP shows a short film directed by students of Communication Sciences on the internal television of the Alfa Pendular trains <a class=\"wp-block-post-excerpt__more-link\" href=\"https:\/\/antigo.ciac.pt\/news\/ciencias-da-comunicacao-2\/8366\">+ Info<\/a><\/p><\/div>\n<\/li>\n\n<li class=\"wp-block-post post-8413 post type-post status-publish format-standard hentry category-featured category-news investigadores-jorge-carrega investigadores-mirian-tavares\">\n<div class=\"wp-block-post-title\">Postdoctoral studies<\/div>\n<div class=\"wp-block-post-date\"><time datetime=\"2018-12-10T10:56:20+00:00\">10 Dezembro, 2018<\/time><\/div>\n<div class=\"wp-block-post-excerpt\"><p class=\"wp-block-post-excerpt__excerpt\">Jorge Carrega concludes Postdoctoral studies <a class=\"wp-block-post-excerpt__more-link\" href=\"https:\/\/antigo.ciac.pt\/news\/pos-doutoramento-2\/8413\">+ Info<\/a><\/p><\/div>\n<\/li>\n\n<li class=\"wp-block-post post-8426 post type-post status-publish format-standard hentry category-featured category-news investigadores-mirian-tavares\">\n<div class=\"wp-block-post-title\">PUBLICATION<\/div>\n<div class=\"wp-block-post-date\"><time datetime=\"2018-12-06T14:53:46+00:00\">6 Dezembro, 2018<\/time><\/div>\n<div class=\"wp-block-post-excerpt\"><p class=\"wp-block-post-excerpt__excerpt\">Research period at CIAC results in publication in international journal <a class=\"wp-block-post-excerpt__more-link\" href=\"https:\/\/antigo.ciac.pt\/news\/publicacao-62-2\/8426\">+ Info<\/a><\/p><\/div>\n<\/li>\n\n<li class=\"wp-block-post post-8432 post type-post status-publish format-standard hentry category-featured category-news investigadores-tiago-cruz\">\n<div class=\"wp-block-post-title\">PUBLICATION<\/div>\n<div class=\"wp-block-post-date\"><time datetime=\"2018-12-03T15:11:18+00:00\">3 Dezembro, 2018<\/time><\/div>\n<div class=\"wp-block-post-excerpt\"><p class=\"wp-block-post-excerpt__excerpt\">It is already available the first volume of the ebook N\u00f3s e os cadernos coordinated by the researcher Tiago Cruz <a class=\"wp-block-post-excerpt__more-link\" href=\"https:\/\/antigo.ciac.pt\/news\/publicacao-61-2\/8432\">+ Info<\/a><\/p><\/div>\n<\/li>\n\n<li class=\"wp-block-post post-8309 post type-post status-publish format-standard hentry category-featured category-news investigadores-mirian-tavares\">\n<div class=\"wp-block-post-title\">EVENT<\/div>\n<div class=\"wp-block-post-date\"><time datetime=\"2018-11-29T12:09:56+00:00\">29 Novembro, 2018<\/time><\/div>\n<div class=\"wp-block-post-excerpt\"><p class=\"wp-block-post-excerpt__excerpt\">CIAC coordinator is part of a delegation from the Algarve University visiting China <a class=\"wp-block-post-excerpt__more-link\" href=\"https:\/\/antigo.ciac.pt\/news\/evento-43-2\/8309\">+ Info<\/a><\/p><\/div>\n<\/li>\n\n<li class=\"wp-block-post post-8305 post type-post status-publish format-standard hentry category-featured category-news\">\n<div class=\"wp-block-post-title\">MILAGE APRENDER+<\/div>\n<div class=\"wp-block-post-date\"><time datetime=\"2018-11-29T12:02:45+00:00\">29 Novembro, 2018<\/time><\/div>\n<div class=\"wp-block-post-excerpt\"><p class=\"wp-block-post-excerpt__excerpt\">CIAC collaborator presents the \u201cMILAGE APRENDER+\u201d in the Web Summit 2018 <a class=\"wp-block-post-excerpt__more-link\" href=\"https:\/\/antigo.ciac.pt\/news\/projeto-milage-aprender\/8305\">+ Info<\/a><\/p><\/div>\n<\/li>\n\n<li class=\"wp-block-post post-8496 post type-post status-publish format-standard hentry category-featured category-news investigadores-sandra-boto\">\n<div class=\"wp-block-post-title\">EVENT<\/div>\n<div class=\"wp-block-post-date\"><time datetime=\"2018-11-28T11:39:12+00:00\">28 Novembro, 2018<\/time><\/div>\n<div class=\"wp-block-post-excerpt\"><p class=\"wp-block-post-excerpt__excerpt\">CIAC participates in Convention on the Value of Cultural Heritage for the Society <a class=\"wp-block-post-excerpt__more-link\" href=\"https:\/\/antigo.ciac.pt\/news\/evento-49-2\/8496\">+ Info<\/a><\/p><\/div>\n<\/li>\n\n<li class=\"wp-block-post post-8490 post type-post status-publish format-standard hentry category-featured category-news investigadores-aderito-marcos investigadores-antonio-araujo investigadores-jose-bidarra\">\n<div class=\"wp-block-post-title\">EVENT<\/div>\n<div class=\"wp-block-post-date\"><time datetime=\"2018-11-28T11:30:43+00:00\">28 Novembro, 2018<\/time><\/div>\n<div class=\"wp-block-post-excerpt\"><p class=\"wp-block-post-excerpt__excerpt\">CIAC supports the International Encounter of Augmented Reality Technology in Education \u2013 Encont[RA]r 2019 <a class=\"wp-block-post-excerpt__more-link\" href=\"https:\/\/antigo.ciac.pt\/news\/evento-50-2\/8490\">+ Info<\/a><\/p><\/div>\n<\/li>\n\n<li class=\"wp-block-post post-8487 post type-post status-publish format-standard hentry category-featured category-news investigadores-ana-soares investigadores-mirian-tavares\">\n<div class=\"wp-block-post-title\">PhD in Communication, Culture and Arts<\/div>\n<div class=\"wp-block-post-date\"><time datetime=\"2018-11-28T11:22:58+00:00\">28 Novembro, 2018<\/time><\/div>\n<div class=\"wp-block-post-excerpt\"><p class=\"wp-block-post-excerpt__excerpt\">Jusciele Oliveira, CIAC\u2019s collaborator in the field of African film studies, defended, on November 27, at the University of Algarve, evidence to obtain a PhD in Communication, Culture and Arts <a class=\"wp-block-post-excerpt__more-link\" href=\"https:\/\/antigo.ciac.pt\/news\/doutoramento-em-comunicacao-cultura-e-artes-8-2\/8487\">+ Info<\/a><\/p><\/div>\n<\/li>\n\n<li class=\"wp-block-post post-8257 post type-post status-publish format-standard hentry category-featured category-news investigadores-ana-carvalho investigadores-ana-isabel-soares\">\n<div class=\"wp-block-post-title\">EVENT<\/div>\n<div class=\"wp-block-post-date\"><time datetime=\"2018-11-27T19:04:45+00:00\">27 Novembro, 2018<\/time><\/div>\n<div class=\"wp-block-post-excerpt\"><p class=\"wp-block-post-excerpt__excerpt\">CIAC participates in the International Conference on Landscape and Cinema in Lisbon\n\n<a class=\"wp-block-post-excerpt__more-link\" href=\"https:\/\/antigo.ciac.pt\/news\/evento-44-2\/8257\">+ Info<\/a><\/p><\/div>\n<\/li>\n\n<li class=\"wp-block-post post-8255 post type-post status-publish format-standard hentry category-featured category-news\">\n<div class=\"wp-block-post-title\">INTERNACIONAL CONFERENCE<\/div>\n<div class=\"wp-block-post-date\"><time datetime=\"2018-11-27T18:54:59+00:00\">27 Novembro, 2018<\/time><\/div>\n<div class=\"wp-block-post-excerpt\"><p class=\"wp-block-post-excerpt__excerpt\">CIAC Researcher attends the confeence: Society for Utopian Studies: Disruption Displacement Disorder <a class=\"wp-block-post-excerpt__more-link\" href=\"https:\/\/antigo.ciac.pt\/news\/conferencia-internacional-2\/8255\">+ Info<\/a><\/p><\/div>\n<\/li>\n\n<li class=\"wp-block-post post-8253 post type-post status-publish format-standard hentry category-featured category-news investigadores-aderito-marcos investigadores-jose-bidarra investigadores-maria-potes-barbas\">\n<div class=\"wp-block-post-title\">PhD IN DIGITAL MEDIA ART<\/div>\n<div class=\"wp-block-post-date\"><time datetime=\"2018-11-27T18:39:53+00:00\">27 Novembro, 2018<\/time><\/div>\n<div class=\"wp-block-post-excerpt\"><p class=\"wp-block-post-excerpt__excerpt\"> Eduardo Henrique de Matos Lima defended evidence to obtain a PhD in&nbsp; Digital Media Art  <a class=\"wp-block-post-excerpt__more-link\" href=\"https:\/\/antigo.ciac.pt\/news\/doutoramento-em-media-arte-digital-10-2\/8253\">+ Info<\/a><\/p><\/div>\n<\/li>\n\n<li class=\"wp-block-post post-8248 post type-post status-publish format-standard hentry category-featured category-news investigadores-maria-potes-barbas\">\n<div class=\"wp-block-post-title\">European Comission<\/div>\n<div class=\"wp-block-post-date\"><time datetime=\"2018-11-27T18:34:04+00:00\">27 Novembro, 2018<\/time><\/div>\n<div class=\"wp-block-post-excerpt\"><p class=\"wp-block-post-excerpt__excerpt\">CIAC Researcher was selected to be a member of the European Commission\u2019s expert group on several thematic panels <a class=\"wp-block-post-excerpt__more-link\" href=\"https:\/\/antigo.ciac.pt\/news\/comissao-europeia-2\/8248\">+ Info<\/a><\/p><\/div>\n<\/li>\n\n<li class=\"wp-block-post post-8302 post type-post status-publish format-standard hentry category-featured category-news investigadores-joao-minhoto-marques investigadores-pedro-ferre\">\n<div class=\"wp-block-post-title\">PhD IN COMMUNICATION, CULTURE AND ARTS<\/div>\n<div class=\"wp-block-post-date\"><time datetime=\"2018-11-27T11:53:15+00:00\">27 Novembro, 2018<\/time><\/div>\n<div class=\"wp-block-post-excerpt\"><p class=\"wp-block-post-excerpt__excerpt\">Jorge Trindade successfully defended evidence for obtaining a PhD in Communication, Culture and Arts  <a class=\"wp-block-post-excerpt__more-link\" href=\"https:\/\/antigo.ciac.pt\/news\/doutoramento-em-comunicacao-cultura-e-artes-7-2\/8302\">+ Info<\/a><\/p><\/div>\n<\/li>\n\n<li class=\"wp-block-post post-8241 post type-post status-publish format-standard hentry category-featured category-news investigadores-aderito-marcos investigadores-bruno-mendes-da-silva investigadores-jose-bidarra investigadores-mirian-tavares investigadores-pedro-alves-da-veiga\">\n<div class=\"wp-block-post-title\">ARTeFACTo 2018<\/div>\n<div class=\"wp-block-post-date\"><time datetime=\"2018-11-26T15:44:42+00:00\">26 Novembro, 2018<\/time><\/div>\n<div class=\"wp-block-post-excerpt\"><p class=\"wp-block-post-excerpt__excerpt\">The program of the ARTeFACTo 2018 Conference is now available <a class=\"wp-block-post-excerpt__more-link\" href=\"https:\/\/antigo.ciac.pt\/news\/artefacto-2018-2\/8241\">+ Info<\/a><\/p><\/div>\n<\/li>\n\n<li class=\"wp-block-post post-8239 post type-post status-publish format-standard hentry category-featured category-news investigadores-ana-carvalho investigadores-ana-filipa-cerol-martins investigadores-ana-soares investigadores-bruno-mendes-da-silva investigadores-jose-bidarra investigadores-maria-botana-vilar investigadores-mirian-tavares investigadores-neuza-costa investigadores-pedro-ferre investigadores-raquel-pacheco investigadores-sandra-boto\">\n<div class=\"wp-block-post-title\">Colloquium Narrative, Media and Cognition<\/div>\n<div class=\"wp-block-post-date\"><time datetime=\"2018-11-26T15:35:48+00:00\">26 Novembro, 2018<\/time><\/div>\n<div class=\"wp-block-post-excerpt\"><p class=\"wp-block-post-excerpt__excerpt\">University of Algarve hosts the fifth edition of the&nbsp;Colloquium Narrative, Media and Cognition <a class=\"wp-block-post-excerpt__more-link\" href=\"https:\/\/antigo.ciac.pt\/news\/coloquio-narrativa-media-e-cognicao-3\/8239\">+ Info<\/a><\/p><\/div>\n<\/li>\n\n<li class=\"wp-block-post post-8237 post type-post status-publish format-standard hentry category-featured category-news investigadores-aderito-marcos investigadores-jose-bidarra investigadores-mirian-tavares\">\n<div class=\"wp-block-post-title\">PHD IN DIGITAL MEDIA ART<\/div>\n<div class=\"wp-block-post-date\"><time datetime=\"2018-11-26T15:22:09+00:00\">26 Novembro, 2018<\/time><\/div>\n<div class=\"wp-block-post-excerpt\"><p class=\"wp-block-post-excerpt__excerpt\">Jos\u00e9 Alberto Raposo Pinheiro has defended evidence for obtaining a PhD in Digital Media Art <a class=\"wp-block-post-excerpt__more-link\" href=\"https:\/\/antigo.ciac.pt\/news\/doutoramento-em-media-arte-digital-9-2\/8237\">+ Info<\/a><\/p><\/div>\n<\/li>\n\n<li class=\"wp-block-post post-8415 post type-post status-publish format-standard hentry category-featured category-news investigadores-mirian-tavares\">\n<div class=\"wp-block-post-title\">EVENT<\/div>\n<div class=\"wp-block-post-date\"><time datetime=\"2018-11-26T14:28:50+00:00\">26 Novembro, 2018<\/time><\/div>\n<div class=\"wp-block-post-excerpt\"><p class=\"wp-block-post-excerpt__excerpt\">CIAC organizes the conference \u201cFor a Sociology of the Cultural Industry: contributions of the Brazilian production\u201d  <a class=\"wp-block-post-excerpt__more-link\" href=\"https:\/\/antigo.ciac.pt\/news\/evento-48-2\/8415\">+ Info<\/a><\/p><\/div>\n<\/li>\n\n<li class=\"wp-block-post post-8502 post type-post status-publish format-standard hentry category-featured category-news investigadores-bruno-mendes-da-silva investigadores-mirian-tavares\">\n<div class=\"wp-block-post-title\">DESTAQUE<\/div>\n<div class=\"wp-block-post-date\"><time datetime=\"2018-11-26T12:01:09+00:00\">26 Novembro, 2018<\/time><\/div>\n<div class=\"wp-block-post-excerpt\"><p class=\"wp-block-post-excerpt__excerpt\">CIAC travels to Dili to participate in the second edition of the International Festival Konsolidarte. <a class=\"wp-block-post-excerpt__more-link\" href=\"https:\/\/antigo.ciac.pt\/news\/destaque-2-2\/8502\">+ Info<\/a><\/p><\/div>\n<\/li>\n\n<li class=\"wp-block-post post-8498 post type-post status-publish format-standard hentry category-featured category-news investigadores-mirian-tavares\">\n<div class=\"wp-block-post-title\">PUBLICATION<\/div>\n<div class=\"wp-block-post-date\"><time datetime=\"2018-11-26T11:45:27+00:00\">26 Novembro, 2018<\/time><\/div>\n<div class=\"wp-block-post-excerpt\"><p class=\"wp-block-post-excerpt__excerpt\">Transgress\u00f5es de Pandora: subjetividades e polifonias, organized by Nadia Senna, has just been launched  <a class=\"wp-block-post-excerpt__more-link\" href=\"https:\/\/antigo.ciac.pt\/news\/publicacao-60-2\/8498\">+ Info<\/a><\/p><\/div>\n<\/li>\n\n<li class=\"wp-block-post post-8207 post type-post status-publish format-standard hentry category-featured category-news investigadores-bruno-mendes-da-silva\">\n<div class=\"wp-block-post-title\">In the Media<\/div>\n<div class=\"wp-block-post-date\"><time datetime=\"2018-11-26T09:49:21+00:00\">26 Novembro, 2018<\/time><\/div>\n<div class=\"wp-block-post-excerpt\"><p class=\"wp-block-post-excerpt__excerpt\">CIAC is highlighted in the edition of the Algarve Informative this week with the Intercultural film project \u2018Cadavre Exquis\u2019 by Bruno Mendes da Silva <a class=\"wp-block-post-excerpt__more-link\" href=\"https:\/\/antigo.ciac.pt\/news\/destaque\/8207\">+ Info<\/a><\/p><\/div>\n<\/li>\n\n<li class=\"wp-block-post post-8407 post type-post status-publish format-standard hentry category-featured category-news investigadores-mirian-tavares investigadores-pedro-cabral-santo\">\n<div class=\"wp-block-post-title\">Visual Arts Cycle<\/div>\n<div class=\"wp-block-post-date\"><time datetime=\"2018-11-20T10:38:13+00:00\">20 Novembro, 2018<\/time><\/div>\n<div class=\"wp-block-post-excerpt\"><p class=\"wp-block-post-excerpt__excerpt\">Visual Arts Cycle 2018\/2019 starts on the 29th November with the guests Sara and Andr\u00e9 <a class=\"wp-block-post-excerpt__more-link\" href=\"https:\/\/antigo.ciac.pt\/news\/ciclo-artes-visuais-2\/8407\">+ Info<\/a><\/p><\/div>\n<\/li>\n\n<li class=\"wp-block-post post-8417 post type-post status-publish format-standard hentry category-featured category-news investigadores-aderito-marcos\">\n<div class=\"wp-block-post-title\">Phd in Media Digital Art<\/div>\n<div class=\"wp-block-post-date\"><time datetime=\"2018-11-19T14:37:23+00:00\">19 Novembro, 2018<\/time><\/div>\n<div class=\"wp-block-post-excerpt\"><p class=\"wp-block-post-excerpt__excerpt\">Rui Manuel Agostinho Gaspar defended evidence to obtain a PhD degree in Media Digital Art, with the presentation of the research project \u201cA promo\u00e7\u00e3o da leitura em ambientes imersivos digitais\u201d <a class=\"wp-block-post-excerpt__more-link\" href=\"https:\/\/antigo.ciac.pt\/news\/evento-47-2\/8417\">+ Info<\/a><\/p><\/div>\n<\/li>\n\n<li class=\"wp-block-post post-8395 post type-post status-publish format-standard hentry category-featured category-news investigadores-bruno-mendes-da-silva\">\n<div class=\"wp-block-post-title\">Movie Festival<\/div>\n<div class=\"wp-block-post-date\"><time datetime=\"2018-11-16T14:03:18+00:00\">16 Novembro, 2018<\/time><\/div>\n<div class=\"wp-block-post-excerpt\"><p class=\"wp-block-post-excerpt__excerpt\">CIAC is represented in the African Film Show in Brazil <a class=\"wp-block-post-excerpt__more-link\" href=\"https:\/\/antigo.ciac.pt\/news\/mostra-de-cinema-2\/8395\">+ Info<\/a><\/p><\/div>\n<\/li>\n\n<li class=\"wp-block-post post-8393 post type-post status-publish format-standard hentry category-featured category-news investigadores-joao-minhoto-marques investigadores-pedro-ferre investigadores-sandra-boto\">\n<div class=\"wp-block-post-title\">EVENT<\/div>\n<div class=\"wp-block-post-date\"><time datetime=\"2018-11-15T13:49:34+00:00\">15 Novembro, 2018<\/time><\/div>\n<div class=\"wp-block-post-excerpt\"><p class=\"wp-block-post-excerpt__excerpt\">CIAC promotes a round table around the Word: \u201cConservar a palavra: Patrim\u00f3nios Liter\u00e1rios e Literatura Patrimonial\u201d  <a class=\"wp-block-post-excerpt__more-link\" href=\"https:\/\/antigo.ciac.pt\/news\/evento-45-2\/8393\">+ Info<\/a><\/p><\/div>\n<\/li>\n\n<li class=\"wp-block-post post-8054 post type-post status-publish format-standard hentry category-featured category-news investigadores-mirian-tavares\">\n<div class=\"wp-block-post-title\">PUBLICATION<\/div>\n<div class=\"wp-block-post-date\"><time datetime=\"2018-10-22T14:04:47+00:00\">22 Outubro, 2018<\/time><\/div>\n<div class=\"wp-block-post-excerpt\"><p class=\"wp-block-post-excerpt__excerpt\">Mirian Tavares article highlighted in the magazine ARTECAPITAL <a class=\"wp-block-post-excerpt__more-link\" href=\"https:\/\/antigo.ciac.pt\/news\/publicacao-58-2\/8054\">+ Info<\/a><\/p><\/div>\n<\/li>\n\n<li class=\"wp-block-post post-8056 post type-post status-publish format-standard hentry category-featured category-news investigadores-pedro-ferre investigadores-sandra-boto\">\n<div class=\"wp-block-post-title\">ROMANCEIRO.PT<\/div>\n<div class=\"wp-block-post-date\"><time datetime=\"2018-10-19T14:06:40+00:00\">19 Outubro, 2018<\/time><\/div>\n<div class=\"wp-block-post-excerpt\"><p class=\"wp-block-post-excerpt__excerpt\">The project romanceiro.pt was invited to participate in the V Jornadas Iberoamericanas de Literatura Popular Infantil  <a class=\"wp-block-post-excerpt__more-link\" href=\"https:\/\/antigo.ciac.pt\/news\/romanceiro-pt-3-2\/8056\">+ Info<\/a><\/p><\/div>\n<\/li>\n\n<li class=\"wp-block-post post-8047 post type-post status-publish format-standard hentry category-featured category-news\">\n<div class=\"wp-block-post-title\">CIENTIFICAMENTE PROV\u00c1VEL<\/div>\n<div class=\"wp-block-post-date\"><time datetime=\"2018-10-17T09:11:21+00:00\">17 Outubro, 2018<\/time><\/div>\n<div class=\"wp-block-post-excerpt\"><p class=\"wp-block-post-excerpt__excerpt\">CIAC joins the program Cientificamente Prov\u00e1vel <a class=\"wp-block-post-excerpt__more-link\" href=\"https:\/\/antigo.ciac.pt\/news\/cientificamente-provavel-2\/8047\">+ Info<\/a><\/p><\/div>\n<\/li>\n\n<li class=\"wp-block-post post-8027 post type-post status-publish format-standard hentry category-featured category-news investigadores-bruno-mendes-da-silva investigadores-mirian-tavares\">\n<div class=\"wp-block-post-title\">ERASMUS+ 4CDE PROJECT<\/div>\n<div class=\"wp-block-post-date\"><time datetime=\"2018-10-11T17:55:55+00:00\">11 Outubro, 2018<\/time><\/div>\n<div class=\"wp-block-post-excerpt\"><p class=\"wp-block-post-excerpt__excerpt\">Erasmus + 4CDE project brings together partners in Paris <a class=\"wp-block-post-excerpt__more-link\" href=\"https:\/\/antigo.ciac.pt\/news\/projeto-erasmus-4cde-2\/8027\">+ Info<\/a><\/p><\/div>\n<\/li>\n\n<li class=\"wp-block-post post-8015 post type-post status-publish format-standard hentry category-featured category-news investigadores-bruno-mendes-da-silva\">\n<div class=\"wp-block-post-title\">CADAVRE EXQUIS<\/div>\n<div class=\"wp-block-post-date\"><time datetime=\"2018-10-04T11:06:11+00:00\">4 Outubro, 2018<\/time><\/div>\n<div class=\"wp-block-post-excerpt\"><p class=\"wp-block-post-excerpt__excerpt\">The project Cadavre Exquis&nbsp;is featured in the Macao\u2019s daily Ponto Final <a class=\"wp-block-post-excerpt__more-link\" href=\"https:\/\/antigo.ciac.pt\/news\/cadavre-exquis-5-2\/8015\">+ Info<\/a><\/p><\/div>\n<\/li>\n\n<li class=\"wp-block-post post-8013 post type-post status-publish format-standard hentry category-featured category-news investigadores-mirian-tavares\">\n<div class=\"wp-block-post-title\">PUBLICATION<\/div>\n<div class=\"wp-block-post-date\"><time datetime=\"2018-10-04T10:58:19+00:00\">4 Outubro, 2018<\/time><\/div>\n<div class=\"wp-block-post-excerpt\"><p class=\"wp-block-post-excerpt__excerpt\">Mirian Tavares has just published an article in the Wall Street International Magazine about the latest photo book by the swiss artist Hanspeter Ammann <a class=\"wp-block-post-excerpt__more-link\" href=\"https:\/\/antigo.ciac.pt\/news\/7998-2\/8013\">+ Info<\/a><\/p><\/div>\n<\/li>\n\n<li class=\"wp-block-post post-7979 post type-post status-publish format-standard hentry category-featured category-news\">\n<div class=\"wp-block-post-title\">MASTER CLASS<\/div>\n<div class=\"wp-block-post-date\"><time datetime=\"2018-09-28T14:02:47+00:00\">28 Setembro, 2018<\/time><\/div>\n<div class=\"wp-block-post-excerpt\"><p class=\"wp-block-post-excerpt__excerpt\">CIAC takes Master Class on interactive cinema to the University of St. Joseph in Macau <a class=\"wp-block-post-excerpt__more-link\" href=\"https:\/\/antigo.ciac.pt\/news\/master-class-2\/7979\">+ Info<\/a><\/p><\/div>\n<\/li>\n\n<li class=\"wp-block-post post-7952 post type-post status-publish format-standard hentry category-featured category-news\">\n<div class=\"wp-block-post-title\">WORKSHOP<\/div>\n<div class=\"wp-block-post-date\"><time datetime=\"2018-09-28T11:01:12+00:00\">28 Setembro, 2018<\/time><\/div>\n<div class=\"wp-block-post-excerpt\"><p class=\"wp-block-post-excerpt__excerpt\">University of Algarve offers Choices with Hanspeter Ammann <a class=\"wp-block-post-excerpt__more-link\" href=\"https:\/\/antigo.ciac.pt\/news\/workshop-5\/7952\">+ Info<\/a><\/p><\/div>\n<\/li>\n\n<li class=\"wp-block-post post-7940 post type-post status-publish format-standard hentry category-featured category-news investigadores-bruno-mendes-da-silva investigadores-mirian-tavares investigadores-vitor-reia\">\n<div class=\"wp-block-post-title\">CADAVRE EXQUIS<\/div>\n<div class=\"wp-block-post-date\"><time datetime=\"2018-09-27T17:52:37+00:00\">27 Setembro, 2018<\/time><\/div>\n<div class=\"wp-block-post-excerpt\"><p class=\"wp-block-post-excerpt__excerpt\">Project Cadavre Exquis featured on Macau Broadcasting Television <a class=\"wp-block-post-excerpt__more-link\" href=\"https:\/\/antigo.ciac.pt\/news\/cadavre-exquis-3-2\/7940\">+ Info<\/a><\/p><\/div>\n<\/li>\n\n<li class=\"wp-block-post post-7864 post type-post status-publish format-standard hentry category-featured category-news investigadores-bruno-mendes-da-silva investigadores-mirian-tavares investigadores-pedro-cabral-santo\">\n<div class=\"wp-block-post-title\">EXHIBITION<\/div>\n<div class=\"wp-block-post-date\"><time datetime=\"2018-09-24T09:40:39+00:00\">24 Setembro, 2018<\/time><\/div>\n<div class=\"wp-block-post-excerpt\"><p class=\"wp-block-post-excerpt__excerpt\">CIAC brings to Faro Hanspeter Ammann, the renowned Swiss artist, to the launch of Rocco, his latest photo roman <a class=\"wp-block-post-excerpt__more-link\" href=\"https:\/\/antigo.ciac.pt\/news\/exposicao-14-2\/7864\">+ Info<\/a><\/p><\/div>\n<\/li>\n\n<li class=\"wp-block-post post-7924 post type-post status-publish format-standard hentry category-featured category-news investigadores-mirian-tavares investigadores-pedro-ferre investigadores-sandra-boto\">\n<div class=\"wp-block-post-title\">ROMANCEIRO.PT<\/div>\n<div class=\"wp-block-post-date\"><time datetime=\"2018-09-20T15:39:03+00:00\">20 Setembro, 2018<\/time><\/div>\n<div class=\"wp-block-post-excerpt\"><p class=\"wp-block-post-excerpt__excerpt\">Romanceiro.pt joins the OMEKA universe and renews digital platform <a class=\"wp-block-post-excerpt__more-link\" href=\"https:\/\/antigo.ciac.pt\/news\/romanceiro-pt-2-2\/7924\">+ Info<\/a><\/p><\/div>\n<\/li>\n\n<li class=\"wp-block-post post-7921 post type-post status-publish format-standard hentry category-featured category-news investigadores-aderito-marcos investigadores-isabel-carvalho investigadores-mirian-tavares\">\n<div class=\"wp-block-post-title\">FCT RESEARCH CONTRACT<\/div>\n<div class=\"wp-block-post-date\"><time datetime=\"2018-09-19T15:28:24+00:00\">19 Setembro, 2018<\/time><\/div>\n<div class=\"wp-block-post-excerpt\"><p class=\"wp-block-post-excerpt__excerpt\">CIAC researcher selected among the more than 4000 researchers who applied for the Contest Stimulus to Scientific Employment \u2013 Individual promoted by FCT <a class=\"wp-block-post-excerpt__more-link\" href=\"https:\/\/antigo.ciac.pt\/news\/concurso-fct-2-2\/7921\">+ Info<\/a><\/p><\/div>\n<\/li>\n\n<li class=\"wp-block-post post-7919 post type-post status-publish format-standard hentry category-featured category-news investigadores-mirian-tavares investigadores-pedro-ferre investigadores-sandra-boto\">\n<div class=\"wp-block-post-title\">Garrett Online<\/div>\n<div class=\"wp-block-post-date\"><time datetime=\"2018-09-18T15:22:51+00:00\">18 Setembro, 2018<\/time><\/div>\n<div class=\"wp-block-post-excerpt\"><p class=\"wp-block-post-excerpt__excerpt\">GARRETTONLINE is a resource that will soon enrich the universe of Romanceiro.pt <a class=\"wp-block-post-excerpt__more-link\" href=\"https:\/\/antigo.ciac.pt\/news\/garrett-online-2\/7919\">+ Info<\/a><\/p><\/div>\n<\/li>\n\n<li class=\"wp-block-post post-7811 post type-post status-publish format-standard hentry category-featured category-news investigadores-ana-filipa-cerol-martins investigadores-ana-isabel-soares investigadores-bruno-mendes-da-silva investigadores-celia-vieira investigadores-joao-minhoto-marques investigadores-jorge-carrega investigadores-maria-botana-vilar investigadores-mirian-tavares investigadores-neuza-costa investigadores-raquel-pacheco investigadores-sandra-boto\">\n<div class=\"wp-block-post-title\">Open inscriptions<\/div>\n<div class=\"wp-block-post-date\"><time datetime=\"2018-09-17T21:26:36+00:00\">17 Setembro, 2018<\/time><\/div>\n<div class=\"wp-block-post-excerpt\"><p class=\"wp-block-post-excerpt__excerpt\">Inscriptions for the&nbsp;Colloquium Narrative, Media and Cognition are already open <a class=\"wp-block-post-excerpt__more-link\" href=\"https:\/\/antigo.ciac.pt\/news\/inscricoes-abertas-2\/7811\">+ Info<\/a><\/p><\/div>\n<\/li>\n\n<li class=\"wp-block-post post-7917 post type-post status-publish format-standard hentry category-featured category-news investigadores-bruno-mendes-da-silva investigadores-mirian-tavares\">\n<div class=\"wp-block-post-title\">Talk Initiative<\/div>\n<div class=\"wp-block-post-date\"><time datetime=\"2018-09-17T15:16:16+00:00\">17 Setembro, 2018<\/time><\/div>\n<div class=\"wp-block-post-excerpt\"><p class=\"wp-block-post-excerpt__excerpt\">We inaugurate a new line in the channel CIACMEDIA: like ResearcherTalks. <a class=\"wp-block-post-excerpt__more-link\" href=\"https:\/\/antigo.ciac.pt\/news\/researchertalks-2\/7917\">+ Info<\/a><\/p><\/div>\n<\/li>\n\n<li class=\"wp-block-post post-7913 post type-post status-publish format-standard hentry category-featured category-news investigadores-bruno-mendes-da-silva\">\n<div class=\"wp-block-post-title\">CADAVRE EXQUIS<\/div>\n<div class=\"wp-block-post-date\"><time datetime=\"2018-09-17T14:45:33+00:00\">17 Setembro, 2018<\/time><\/div>\n<div class=\"wp-block-post-excerpt\"><p class=\"wp-block-post-excerpt__excerpt\">Bruno Silva performs in Macau the first interactive film from South China <a class=\"wp-block-post-excerpt__more-link\" href=\"https:\/\/antigo.ciac.pt\/news\/cadavre-exquis-2\/7913\">+ Info<\/a><\/p><\/div>\n<\/li>\n\n<li class=\"wp-block-post post-7911 post type-post status-publish format-standard hentry category-featured category-news\">\n<div class=\"wp-block-post-title\">PUBLICATION<\/div>\n<div class=\"wp-block-post-date\"><time datetime=\"2018-09-15T13:16:29+00:00\">15 Setembro, 2018<\/time><\/div>\n<div class=\"wp-block-post-excerpt\"><p class=\"wp-block-post-excerpt__excerpt\">Ana Paiva Mor\u00e3o publishes new book of recognized importance for the safeguarding and disclosure of material and immaterial heritage <a class=\"wp-block-post-excerpt__more-link\" href=\"https:\/\/antigo.ciac.pt\/news\/publicacao-57-2\/7911\">+ Info<\/a><\/p><\/div>\n<\/li>\n\n<li class=\"wp-block-post post-7909 post type-post status-publish format-standard hentry category-featured category-news\">\n<div class=\"wp-block-post-title\">EVENT<\/div>\n<div class=\"wp-block-post-date\"><time datetime=\"2018-09-15T13:04:38+00:00\">15 Setembro, 2018<\/time><\/div>\n<div class=\"wp-block-post-excerpt\"><p class=\"wp-block-post-excerpt__excerpt\">CIAC collaborator will stage a play adapted from text of Federico Garcia Lorca <a class=\"wp-block-post-excerpt__more-link\" href=\"https:\/\/antigo.ciac.pt\/news\/evento-42-2\/7909\">+ Info<\/a><\/p><\/div>\n<\/li>\n\n<li class=\"wp-block-post post-7905 post type-post status-publish format-standard hentry category-featured category-news investigadores-ana-isabel-soares investigadores-antonio-branco investigadores-bruno-mendes-da-silva investigadores-maria-botana-vilar investigadores-mirian-tavares investigadores-neuza-costa investigadores-pedro-ferre investigadores-sandra-boto investigadores-vitor-reia\">\n<div class=\"wp-block-post-title\">NEW HEAD OFFICE<\/div>\n<div class=\"wp-block-post-date\"><time datetime=\"2018-09-15T13:00:24+00:00\">15 Setembro, 2018<\/time><\/div>\n<div class=\"wp-block-post-excerpt\"><p class=\"wp-block-post-excerpt__excerpt\">CIAC head office has new facilities <a class=\"wp-block-post-excerpt__more-link\" href=\"https:\/\/antigo.ciac.pt\/news\/nova-sede-2\/7905\">+ Info<\/a><\/p><\/div>\n<\/li>\n\n<li class=\"wp-block-post post-7902 post type-post status-publish format-standard hentry category-featured category-news\">\n<div class=\"wp-block-post-title\">SEMINAR<\/div>\n<div class=\"wp-block-post-date\"><time datetime=\"2018-09-15T12:50:19+00:00\">15 Setembro, 2018<\/time><\/div>\n<div class=\"wp-block-post-excerpt\"><p class=\"wp-block-post-excerpt__excerpt\">Collaborator of CIAC, Ana Paiva Mor\u00e3o, participates in the Seminar Libraries \u2013 Memory, Identity and Heritage that will take place in Pombal between September 21 and 22 <a class=\"wp-block-post-excerpt__more-link\" href=\"https:\/\/antigo.ciac.pt\/news\/seminario-5-2\/7902\">+ Info<\/a><\/p><\/div>\n<\/li>\n\n<li class=\"wp-block-post post-7761 post type-post status-publish format-standard hentry category-featured category-news\">\n<div class=\"wp-block-post-title\">PUBLICATION<\/div>\n<div class=\"wp-block-post-date\"><time datetime=\"2018-09-12T11:11:09+00:00\">12 Setembro, 2018<\/time><\/div>\n<div class=\"wp-block-post-excerpt\"><p class=\"wp-block-post-excerpt__excerpt\">CIAC collaborator publishes article in international magazine <a class=\"wp-block-post-excerpt__more-link\" href=\"https:\/\/antigo.ciac.pt\/news\/publicacao-56-2\/7761\">+ Info<\/a><\/p><\/div>\n<\/li>\n\n<li class=\"wp-block-post post-7742 post type-post status-publish format-standard hentry category-featured category-news investigadores-bruno-mendes-da-silva investigadores-jose-bidarra investigadores-mirian-tavares investigadores-sandra-boto\">\n<div class=\"wp-block-post-title\">HUMANITAS<\/div>\n<div class=\"wp-block-post-date\"><time datetime=\"2018-09-12T09:46:54+00:00\">12 Setembro, 2018<\/time><\/div>\n<div class=\"wp-block-post-excerpt\"><p class=\"wp-block-post-excerpt__excerpt\">CIAC has just published the second volume of the HUMANITAS collection, an essential contribution to the study of Digital Culture <a class=\"wp-block-post-excerpt__more-link\" href=\"https:\/\/antigo.ciac.pt\/news\/humanitas-2-2\/7742\">+ Info<\/a><\/p><\/div>\n<\/li>\n\n<li class=\"wp-block-post post-7727 post type-post status-publish format-standard hentry category-featured category-news investigadores-bruno-mendes-da-silva investigadores-jose-bidarra\">\n<div class=\"wp-block-post-title\">INTERNATIONAL COOPERATION<\/div>\n<div class=\"wp-block-post-date\"><time datetime=\"2018-09-11T13:35:03+00:00\">11 Setembro, 2018<\/time><\/div>\n<div class=\"wp-block-post-excerpt\"><p class=\"wp-block-post-excerpt__excerpt\">CIAC researchers are part of an international project at the Federal University of Rio Grande do Norte <a class=\"wp-block-post-excerpt__more-link\" href=\"https:\/\/antigo.ciac.pt\/news\/cooperacao-internacional-2\/7727\">+ Info<\/a><\/p><\/div>\n<\/li>\n\n<li class=\"wp-block-post post-7728 post type-post status-publish format-standard hentry category-featured category-news investigadores-mirian-tavares\">\n<div class=\"wp-block-post-title\">EVENT<\/div>\n<div class=\"wp-block-post-date\"><time datetime=\"2018-09-11T13:26:17+00:00\">11 Setembro, 2018<\/time><\/div>\n<div class=\"wp-block-post-excerpt\"><p class=\"wp-block-post-excerpt__excerpt\">Mirian Tavares&nbsp; is one of the invited guests at Caf\u00e9 com Letras at FNAC <a class=\"wp-block-post-excerpt__more-link\" href=\"https:\/\/antigo.ciac.pt\/news\/cafe-com-letras-2\/7728\">+ Info<\/a><\/p><\/div>\n<\/li>\n\n<li class=\"wp-block-post post-7677 post type-post status-publish format-standard hentry category-featured category-news investigadores-mirian-tavares investigadores-pedro-cabral-santo\">\n<div class=\"wp-block-post-title\">exhibition<\/div>\n<div class=\"wp-block-post-date\"><time datetime=\"2018-09-05T14:25:37+00:00\">5 Setembro, 2018<\/time><\/div>\n<div class=\"wp-block-post-excerpt\"><p class=\"wp-block-post-excerpt__excerpt\">Galeria Trem hosts the exhibition of the local artist Vicente Brito <a class=\"wp-block-post-excerpt__more-link\" href=\"https:\/\/antigo.ciac.pt\/news\/exposicao-13-2\/7677\">+ Info<\/a><\/p><\/div>\n<\/li>\n\n<li class=\"wp-block-post post-7673 post type-post status-publish format-standard hentry category-featured category-news investigadores-aderito-marcos investigadores-ana-soares investigadores-angela-saldanha investigadores-antonio-araujo investigadores-bruno-mendes-da-silva investigadores-elizabeth-carvalho investigadores-fernando-faria-paulino investigadores-jose-bidarra investigadores-mirian-tavares investigadores-pedro-alves-da-veiga investigadores-pedro-cabral-santo\">\n<div class=\"wp-block-post-title\">PhD in Media Digital-Art<\/div>\n<div class=\"wp-block-post-date\"><time datetime=\"2018-09-05T14:19:07+00:00\">5 Setembro, 2018<\/time><\/div>\n<div class=\"wp-block-post-excerpt\"><p class=\"wp-block-post-excerpt__excerpt\">The second phase of applications for the Doctoral Degree in Media-Digital Art (in an e-learning regime) is running until September 4 <a class=\"wp-block-post-excerpt__more-link\" href=\"https:\/\/antigo.ciac.pt\/news\/doutoramento-em-media-arte-digital-8-2\/7673\">+ Info<\/a><\/p><\/div>\n<\/li>\n\n<li class=\"wp-block-post post-7671 post type-post status-publish format-standard hentry category-featured category-news\">\n<div class=\"wp-block-post-title\">exhibition<\/div>\n<div class=\"wp-block-post-date\"><time datetime=\"2018-09-05T14:14:56+00:00\">5 Setembro, 2018<\/time><\/div>\n<div class=\"wp-block-post-excerpt\"><p class=\"wp-block-post-excerpt__excerpt\">Immersive art installation of Rudolfo Quintas integrates programming of the Project&nbsp;Dar a Ouvir. Paisagens Sonoras da Cidade <a class=\"wp-block-post-excerpt__more-link\" href=\"https:\/\/antigo.ciac.pt\/news\/exposicao-12-2\/7671\">+ Info<\/a><\/p><\/div>\n<\/li>\n\n<li class=\"wp-block-post post-7669 post type-post status-publish format-standard hentry category-featured category-news\">\n<div class=\"wp-block-post-title\">EXHIBITION<\/div>\n<div class=\"wp-block-post-date\"><time datetime=\"2018-09-05T13:44:55+00:00\">5 Setembro, 2018<\/time><\/div>\n<div class=\"wp-block-post-excerpt\"><p class=\"wp-block-post-excerpt__excerpt\">Art installation of Ac\u00e1cio de Carvalho highlighted at the XX International Art Biennial of Cerveira <a class=\"wp-block-post-excerpt__more-link\" href=\"https:\/\/antigo.ciac.pt\/news\/exposicao-11-2\/7669\">+ Info<\/a><\/p><\/div>\n<\/li>\n\n<li class=\"wp-block-post post-7667 post type-post status-publish format-standard hentry category-featured category-news investigadores-vitor-reia\">\n<div class=\"wp-block-post-title\">NOTE OF CONDOLENCE<\/div>\n<div class=\"wp-block-post-date\"><time datetime=\"2018-09-05T13:38:33+00:00\">5 Setembro, 2018<\/time><\/div>\n<div class=\"wp-block-post-excerpt\"><p class=\"wp-block-post-excerpt__excerpt\">The CIAC researcher, V\u00edtor Reia-Baptista, one of the pioneers in media education in Portugal, passed away <a class=\"wp-block-post-excerpt__more-link\" href=\"https:\/\/antigo.ciac.pt\/news\/nota-de-pesar-2\/7667\">+ Info<\/a><\/p><\/div>\n<\/li>\n\n<li class=\"wp-block-post post-7618 post type-post status-publish format-standard hentry category-featured category-news investigadores-ana-isabel-soares\">\n<div class=\"wp-block-post-title\">DOCTORAL FELLOWSHIP<\/div>\n<div class=\"wp-block-post-date\"><time datetime=\"2018-08-09T16:07:51+00:00\">9 Agosto, 2018<\/time><\/div>\n<div class=\"wp-block-post-excerpt\"><p class=\"wp-block-post-excerpt__excerpt\">CIAC hosts doctoral research in education and cinema <a class=\"wp-block-post-excerpt__more-link\" href=\"https:\/\/antigo.ciac.pt\/news\/bolsa-de-doutoramento-2\/7618\">+ Info<\/a><\/p><\/div>\n<\/li>\n\n<li class=\"wp-block-post post-7616 post type-post status-publish format-standard hentry category-featured category-news\">\n<div class=\"wp-block-post-title\">EXHIBITION<\/div>\n<div class=\"wp-block-post-date\"><time datetime=\"2018-08-09T16:03:28+00:00\">9 Agosto, 2018<\/time><\/div>\n<div class=\"wp-block-post-excerpt\"><p class=\"wp-block-post-excerpt__excerpt\">Teachers and students of the Visual Arts of the University of Algarve stir the Algarve summer <a class=\"wp-block-post-excerpt__more-link\" href=\"https:\/\/antigo.ciac.pt\/news\/exposicao-10-2\/7616\">+ Info<\/a><\/p><\/div>\n<\/li>\n\n<li class=\"wp-block-post post-7604 post type-post status-publish format-standard hentry category-featured category-news investigadores-eugenia-vasques\">\n<div class=\"wp-block-post-title\">PUBLICATION<\/div>\n<div class=\"wp-block-post-date\"><time datetime=\"2018-08-07T13:07:35+00:00\">7 Agosto, 2018<\/time><\/div>\n<div class=\"wp-block-post-excerpt\"><p class=\"wp-block-post-excerpt__excerpt\">Eug\u00e9nia Vasques publishes essay in Volume 8 of the Dictionary of Portuguese History <a class=\"wp-block-post-excerpt__more-link\" href=\"https:\/\/antigo.ciac.pt\/news\/publicacao-52-2\/7604\">+ Info<\/a><\/p><\/div>\n<\/li>\n\n<li class=\"wp-block-post post-7591 post type-post status-publish format-standard hentry category-featured category-news investigadores-mirian-tavares investigadores-pedro-ferre investigadores-sandra-boto\">\n<div class=\"wp-block-post-title\">EVENT<\/div>\n<div class=\"wp-block-post-date\"><time datetime=\"2018-08-07T12:15:28+00:00\">7 Agosto, 2018<\/time><\/div>\n<div class=\"wp-block-post-excerpt\"><p class=\"wp-block-post-excerpt__excerpt\">CIAC participates in the Tour of Portugal in Bicycle 2018, through the initiative Volta ao Conhecimento <a class=\"wp-block-post-excerpt__more-link\" href=\"https:\/\/antigo.ciac.pt\/news\/evento-41-2\/7591\">+ Info<\/a><\/p><\/div>\n<\/li>\n\n<li class=\"wp-block-post post-7600 post type-post status-publish format-standard hentry category-featured category-news investigadores-bruno-mendes-da-silva\">\n<div class=\"wp-block-post-title\">PROJECT<\/div>\n<div class=\"wp-block-post-date\"><time datetime=\"2018-08-07T12:03:31+00:00\">7 Agosto, 2018<\/time><\/div>\n<div class=\"wp-block-post-excerpt\"><p class=\"wp-block-post-excerpt__excerpt\">Colectivo Osso receives support from DGARTES for the development of another artistic project <a class=\"wp-block-post-excerpt__more-link\" href=\"https:\/\/antigo.ciac.pt\/news\/projeto-16-2\/7600\">+ Info<\/a><\/p><\/div>\n<\/li>\n\n<li class=\"wp-block-post post-7601 post type-post status-publish format-standard hentry category-featured category-news investigadores-marina-estela-graca\">\n<div class=\"wp-block-post-title\">PUBLICATION<\/div>\n<div class=\"wp-block-post-date\"><time datetime=\"2018-08-07T11:58:26+00:00\">7 Agosto, 2018<\/time><\/div>\n<div class=\"wp-block-post-excerpt\"><p class=\"wp-block-post-excerpt__excerpt\">CIAC researcher integrates publication about Brazilian animation cinema <a class=\"wp-block-post-excerpt__more-link\" href=\"https:\/\/antigo.ciac.pt\/news\/publicacao-53-2\/7601\">+ Info<\/a><\/p><\/div>\n<\/li>\n\n<li class=\"wp-block-post post-7598 post type-post status-publish format-standard hentry category-featured category-news investigadores-aderito-marcos investigadores-angela-saldanha investigadores-bruno-mendes-da-silva investigadores-elizabeth-carvalho investigadores-jose-bidarra investigadores-mirian-tavares\">\n<div class=\"wp-block-post-title\">EXHIBITION<\/div>\n<div class=\"wp-block-post-date\"><time datetime=\"2018-08-07T11:54:16+00:00\">7 Agosto, 2018<\/time><\/div>\n<div class=\"wp-block-post-excerpt\"><p class=\"wp-block-post-excerpt__excerpt\">The exhibition of the PhD students\u2019 in Digital Media-Art opens on July 23rd at 1:30 p.m. at the Dr. Magalh\u00e3es Lima Cultural Center, in Alfama <a class=\"wp-block-post-excerpt__more-link\" href=\"https:\/\/antigo.ciac.pt\/news\/exposicao-9-2\/7598\">+ Info<\/a><\/p><\/div>\n<\/li>\n\n<li class=\"wp-block-post post-7594 post type-post status-publish format-standard hentry category-featured category-news investigadores-ana-isabel-soares investigadores-ana-soares investigadores-bruno-mendes-da-silva investigadores-maria-botana-vilar investigadores-mirian-tavares investigadores-neuza-costa investigadores-pedro-ferre investigadores-sandra-boto\">\n<div class=\"wp-block-post-title\">CALL FOR PAPERS<\/div>\n<div class=\"wp-block-post-date\"><time datetime=\"2018-08-07T11:44:28+00:00\">7 Agosto, 2018<\/time><\/div>\n<div class=\"wp-block-post-excerpt\"><p class=\"wp-block-post-excerpt__excerpt\">Call for papers for the Colloquium Narrative, Media and Cognition until August 08 <a class=\"wp-block-post-excerpt__more-link\" href=\"https:\/\/antigo.ciac.pt\/news\/chamada-de-trabalhos-9-2\/7594\">+ Info<\/a><\/p><\/div>\n<\/li>\n\n<li class=\"wp-block-post post-7585 post type-post status-publish format-standard hentry category-featured category-news investigadores-adriana-freire-nogueira investigadores-ana-isabel-soares investigadores-joao-minhoto-marques investigadores-maria-botana-vilar\">\n<div class=\"wp-block-post-title\">PUBLICATION<\/div>\n<div class=\"wp-block-post-date\"><time datetime=\"2018-08-06T14:53:11+00:00\">6 Agosto, 2018<\/time><\/div>\n<div class=\"wp-block-post-excerpt\"><p class=\"wp-block-post-excerpt__excerpt\">CIAC researchers integrate the publication O Monstruoso na Literatura e Outras Artes <a class=\"wp-block-post-excerpt__more-link\" href=\"https:\/\/antigo.ciac.pt\/news\/publicacao-54-2\/7585\">+ Info<\/a><\/p><\/div>\n<\/li>\n\n<li class=\"wp-block-post post-7582 post type-post status-publish format-standard hentry category-featured category-news investigadores-bruno-mendes-da-silva investigadores-mirian-tavares\">\n<div class=\"wp-block-post-title\">EVENT<\/div>\n<div class=\"wp-block-post-date\"><time datetime=\"2018-08-06T14:43:07+00:00\">6 Agosto, 2018<\/time><\/div>\n<div class=\"wp-block-post-excerpt\"><p class=\"wp-block-post-excerpt__excerpt\">CIAC is present at the International Cinema Conference \u2013 Art, Technology, Communication of Avanca <a class=\"wp-block-post-excerpt__more-link\" href=\"https:\/\/antigo.ciac.pt\/news\/evento-40-2\/7582\">+ Info<\/a><\/p><\/div>\n<\/li>\n\n<li class=\"wp-block-post post-7539 post type-post status-publish format-standard hentry category-featured category-news investigadores-mirian-tavares\">\n<div class=\"wp-block-post-title\">PUBLICATION<\/div>\n<div class=\"wp-block-post-date\"><time datetime=\"2018-07-24T11:23:32+00:00\">24 Julho, 2018<\/time><\/div>\n<div class=\"wp-block-post-excerpt\"><p class=\"wp-block-post-excerpt__excerpt\">Mirian Tavares integrates international publication <a class=\"wp-block-post-excerpt__more-link\" href=\"https:\/\/antigo.ciac.pt\/news\/publicacao-51-2\/7539\">+ Info<\/a><\/p><\/div>\n<\/li>\n\n<li class=\"wp-block-post post-7536 post type-post status-publish format-standard hentry category-featured category-news investigadores-antonio-araujo\">\n<div class=\"wp-block-post-title\">PUBLICATION<\/div>\n<div class=\"wp-block-post-date\"><time datetime=\"2018-07-24T11:19:45+00:00\">24 Julho, 2018<\/time><\/div>\n<div class=\"wp-block-post-excerpt\"><p class=\"wp-block-post-excerpt__excerpt\">Ant\u00f3nio Ara\u00fajo publishes article in international magazine <a class=\"wp-block-post-excerpt__more-link\" href=\"https:\/\/antigo.ciac.pt\/news\/publicacao-50-2\/7536\">+ Info<\/a><\/p><\/div>\n<\/li>\n\n<li class=\"wp-block-post post-7514 post type-post status-publish format-standard hentry category-featured category-news\">\n<div class=\"wp-block-post-title\">PhD<\/div>\n<div class=\"wp-block-post-date\"><time datetime=\"2018-07-22T11:44:36+00:00\">22 Julho, 2018<\/time><\/div>\n<div class=\"wp-block-post-excerpt\"><p class=\"wp-block-post-excerpt__excerpt\">The CIAC collaborator, Ana Maria Videira Paiva, successfully defended the PhD in Education <a class=\"wp-block-post-excerpt__more-link\" href=\"https:\/\/antigo.ciac.pt\/news\/doutoramento-3-2\/7514\">+ Info<\/a><\/p><\/div>\n<\/li>\n\n<li class=\"wp-block-post post-7492 post type-post status-publish format-standard hentry category-featured category-news investigadores-aderito-marcos investigadores-ana-carvalho investigadores-ana-isabel-soares investigadores-angela-saldanha investigadores-antonio-araujo investigadores-armando-nascimento-rosa investigadores-bruno-mendes-da-silva investigadores-celia-vieira investigadores-elizabeth-carvalho investigadores-eugenia-vasques investigadores-jose-bidarra investigadores-maria-potes-barbas investigadores-mirian-tavares investigadores-sandra-boto investigadores-vitor-tome\">\n<div class=\"wp-block-post-title\">Newsletter<\/div>\n<div class=\"wp-block-post-date\"><time datetime=\"2018-07-20T11:23:16+00:00\">20 Julho, 2018<\/time><\/div>\n<div class=\"wp-block-post-excerpt\"><p class=\"wp-block-post-excerpt__excerpt\">CIAC Newsletter celebrates its 30th edition with an editorial by Mirian Tavares <a class=\"wp-block-post-excerpt__more-link\" href=\"https:\/\/antigo.ciac.pt\/news\/newsletter-4-2\/7492\">+ Info<\/a><\/p><\/div>\n<\/li>\n\n<li class=\"wp-block-post post-7476 post type-post status-publish format-standard hentry category-featured category-news investigadores-aderito-marcos investigadores-angela-saldanha investigadores-bruno-mendes-da-silva investigadores-jose-bidarra investigadores-mirian-tavares\">\n<div class=\"wp-block-post-title\">Media-Digital Art PhD Retreat<\/div>\n<div class=\"wp-block-post-date\"><time datetime=\"2018-07-12T10:16:51+00:00\">12 Julho, 2018<\/time><\/div>\n<div class=\"wp-block-post-excerpt\"><p class=\"wp-block-post-excerpt__excerpt\">The sixth edition of the Doctoral Retreat in Media-Digital Art will take place this year in Alfama, from July 21 to 27 <a class=\"wp-block-post-excerpt__more-link\" href=\"https:\/\/antigo.ciac.pt\/news\/retiro-dmad-2-2\/7476\">+ Info<\/a><\/p><\/div>\n<\/li>\n\n<li class=\"wp-block-post post-7474 post type-post status-publish format-standard hentry category-featured category-news investigadores-mirian-tavares\">\n<div class=\"wp-block-post-title\">CALL FOR PAPERS<\/div>\n<div class=\"wp-block-post-date\"><time datetime=\"2018-07-12T10:11:28+00:00\">12 Julho, 2018<\/time><\/div>\n<div class=\"wp-block-post-excerpt\"><p class=\"wp-block-post-excerpt__excerpt\">CIAC\u2019s coordinator is part of the scientific commission of the IV International Congress on Cultures <a class=\"wp-block-post-excerpt__more-link\" href=\"https:\/\/antigo.ciac.pt\/news\/chamada-de-trabalhos-8-2\/7474\">+ Info<\/a><\/p><\/div>\n<\/li>\n\n<li class=\"wp-block-post post-7472 post type-post status-publish format-standard hentry category-featured category-news investigadores-aderito-marcos investigadores-maria-potes-barbas investigadores-mirian-tavares\">\n<div class=\"wp-block-post-title\">PHD IN MEDIA-DIGITAL ART<\/div>\n<div class=\"wp-block-post-date\"><time datetime=\"2018-07-12T10:06:24+00:00\">12 Julho, 2018<\/time><\/div>\n<div class=\"wp-block-post-excerpt\"><p class=\"wp-block-post-excerpt__excerpt\">Pedro Alves da Veiga defended evidence for obtaining a PhD in Media-Digital Art <a class=\"wp-block-post-excerpt__more-link\" href=\"https:\/\/antigo.ciac.pt\/news\/doutoramento-em-media-arte-digital-7-2\/7472\">+ Info<\/a><\/p><\/div>\n<\/li>\n\n<li class=\"wp-block-post post-7470 post type-post status-publish format-standard hentry category-featured category-news investigadores-mirian-tavares investigadores-pedro-cabral-santo\">\n<div class=\"wp-block-post-title\">PhD in Communication, Culture and Arts<\/div>\n<div class=\"wp-block-post-date\"><time datetime=\"2018-07-12T10:03:23+00:00\">12 Julho, 2018<\/time><\/div>\n<div class=\"wp-block-post-excerpt\"><p class=\"wp-block-post-excerpt__excerpt\">Ana Jo\u00e3o Romana defended evidence for obtaining a PhD in Communication, Culture and Arts <a class=\"wp-block-post-excerpt__more-link\" href=\"https:\/\/antigo.ciac.pt\/news\/doutoramento-em-comunicacao-cultura-e-artes-6-2\/7470\">+ Info<\/a><\/p><\/div>\n<\/li>\n\n<li class=\"wp-block-post post-7445 post type-post status-publish format-standard hentry category-featured category-news investigadores-bruno-mendes-da-silva investigadores-mirian-tavares\">\n<div class=\"wp-block-post-title\">RESEARCH STAY<\/div>\n<div class=\"wp-block-post-date\"><time datetime=\"2018-07-03T14:35:27+00:00\">3 Julho, 2018<\/time><\/div>\n<div class=\"wp-block-post-excerpt\"><p class=\"wp-block-post-excerpt__excerpt\">Researcher from the University of Seville holds research stay at CIACC <a class=\"wp-block-post-excerpt__more-link\" href=\"https:\/\/antigo.ciac.pt\/news\/estancia-2\/7445\">+ Info<\/a><\/p><\/div>\n<\/li>\n\n<li class=\"wp-block-post post-7443 post type-post status-publish format-standard hentry category-featured category-news investigadores-manuel-celio-conceicao\">\n<div class=\"wp-block-post-title\">PROJECT<\/div>\n<div class=\"wp-block-post-date\"><time datetime=\"2018-07-03T14:28:22+00:00\">3 Julho, 2018<\/time><\/div>\n<div class=\"wp-block-post-excerpt\"><p class=\"wp-block-post-excerpt__excerpt\">CIAC welcomes research project in the area of Actors Direction <a class=\"wp-block-post-excerpt__more-link\" href=\"https:\/\/antigo.ciac.pt\/news\/projeto-15-2\/7443\">+ Info<\/a><\/p><\/div>\n<\/li>\n\n<li class=\"wp-block-post post-7423 post type-post status-publish format-standard hentry category-featured category-news investigadores-aderito-marcos investigadores-bruno-mendes-da-silva investigadores-jose-bidarra investigadores-mirian-tavares\">\n<div class=\"wp-block-post-title\">CALL FOR PAPERS<\/div>\n<div class=\"wp-block-post-date\"><time datetime=\"2018-07-02T12:05:22+00:00\">2 Julho, 2018<\/time><\/div>\n<div class=\"wp-block-post-excerpt\"><p class=\"wp-block-post-excerpt__excerpt\">The inaugural edition of the ARTeFACTo conference will be held on the 16th and 17th of November, at&nbsp;Pal\u00e1cio Ceia, in Lisbon, Portugal. <a class=\"wp-block-post-excerpt__more-link\" href=\"https:\/\/antigo.ciac.pt\/news\/chamada-de-trabalhos-7-2\/7423\">+ Info<\/a><\/p><\/div>\n<\/li>\n\n<li class=\"wp-block-post post-7428 post type-post status-publish format-standard hentry category-featured category-news\">\n<div class=\"wp-block-post-title\">CONFERENCE<\/div>\n<div class=\"wp-block-post-date\"><time datetime=\"2018-06-28T12:14:12+00:00\">28 Junho, 2018<\/time><\/div>\n<div class=\"wp-block-post-excerpt\"><p class=\"wp-block-post-excerpt__excerpt\">CIAC e Cineclube de Faro promote Conference on Education and Cinema&nbsp; <a class=\"wp-block-post-excerpt__more-link\" href=\"https:\/\/antigo.ciac.pt\/news\/conferencia-11-2\/7428\">+ Info<\/a><\/p><\/div>\n<\/li>\n\n<li class=\"wp-block-post post-7426 post type-post status-publish format-standard hentry category-featured category-news investigadores-ana-carvalho investigadores-celia-vieira\">\n<div class=\"wp-block-post-title\">EVENT<\/div>\n<div class=\"wp-block-post-date\"><time datetime=\"2018-06-28T12:08:57+00:00\">28 Junho, 2018<\/time><\/div>\n<div class=\"wp-block-post-excerpt\"><p class=\"wp-block-post-excerpt__excerpt\">CIAC ISMAI hosts the 2018 Besides the Screen Conference  <a class=\"wp-block-post-excerpt__more-link\" href=\"https:\/\/antigo.ciac.pt\/news\/evento-39-2\/7426\">+ Info<\/a><\/p><\/div>\n<\/li>\n\n<li class=\"wp-block-post post-7403 post type-post status-publish format-standard hentry category-featured category-news investigadores-mirian-tavares investigadores-pedro-cabral-santo\">\n<div class=\"wp-block-post-title\">EXHIBITION<\/div>\n<div class=\"wp-block-post-date\"><time datetime=\"2018-06-27T09:14:53+00:00\">27 Junho, 2018<\/time><\/div>\n<div class=\"wp-block-post-excerpt\"><p class=\"wp-block-post-excerpt__excerpt\">CIAC researchers and artists join one of the biggest artistic events in the Algarve <a class=\"wp-block-post-excerpt__more-link\" href=\"https:\/\/antigo.ciac.pt\/news\/exposicao-8-2\/7403\">+ Info<\/a><\/p><\/div>\n<\/li>\n\n<li class=\"wp-block-post post-7397 post type-post status-publish format-standard hentry category-featured category-news investigadores-maria-botana-vilar\">\n<div class=\"wp-block-post-title\">CONFERENCE<\/div>\n<div class=\"wp-block-post-date\"><time datetime=\"2018-06-26T14:38:00+00:00\">26 Junho, 2018<\/time><\/div>\n<div class=\"wp-block-post-excerpt\"><p class=\"wp-block-post-excerpt__excerpt\">CIAC researchers promote conference on Jose\u0301 Mejuto Berna\u0301rdez\u2019s letters <a class=\"wp-block-post-excerpt__more-link\" href=\"https:\/\/antigo.ciac.pt\/news\/conferencia-10-2\/7397\">+ Info<\/a><\/p><\/div>\n<\/li>\n\n<li class=\"wp-block-post post-7385 post type-post status-publish format-standard hentry category-featured category-news investigadores-elizabeth-carvalho investigadores-jose-bidarra investigadores-vitor-tome\">\n<div class=\"wp-block-post-title\">EVENT<\/div>\n<div class=\"wp-block-post-date\"><time datetime=\"2018-06-25T11:10:44+00:00\">25 Junho, 2018<\/time><\/div>\n<div class=\"wp-block-post-excerpt\"><p class=\"wp-block-post-excerpt__excerpt\">CIAC is present at the Encontro Ci\u00eancia 2018 <a class=\"wp-block-post-excerpt__more-link\" href=\"https:\/\/antigo.ciac.pt\/news\/evento-38-2\/7385\">+ Info<\/a><\/p><\/div>\n<\/li>\n\n<li class=\"wp-block-post post-7369 post type-post status-publish format-standard hentry category-featured category-news investigadores-aderito-marcos investigadores-ana-soares investigadores-mirian-tavares investigadores-teresa-eca investigadores-tiago-cruz\">\n<div class=\"wp-block-post-title\">PHD IN MEDIA-DIGITAL ART<\/div>\n<div class=\"wp-block-post-date\"><time datetime=\"2018-06-18T10:23:29+00:00\">18 Junho, 2018<\/time><\/div>\n<div class=\"wp-block-post-excerpt\"><p class=\"wp-block-post-excerpt__excerpt\">The CIAC collaborator Tiago Filipe Neves da Cruz defended evidence for obtaining a PhD degree in Media-Digital Art <a class=\"wp-block-post-excerpt__more-link\" href=\"https:\/\/antigo.ciac.pt\/news\/doutoramento-em-media-arte-digital-6-2\/7369\">+ Info<\/a><\/p><\/div>\n<\/li>\n\n<li class=\"wp-block-post post-7363 post type-post status-publish format-standard hentry category-featured category-news investigadores-bruno-mendes-da-silva investigadores-isabel-carvalho investigadores-jose-bidarra investigadores-mirian-tavares investigadores-tiago-cruz\">\n<div class=\"wp-block-post-title\">EVENT<\/div>\n<div class=\"wp-block-post-date\"><time datetime=\"2018-06-14T10:35:29+00:00\">14 Junho, 2018<\/time><\/div>\n<div class=\"wp-block-post-excerpt\"><p class=\"wp-block-post-excerpt__excerpt\">CIAC is present at the XX Biennial of Cerveira <a class=\"wp-block-post-excerpt__more-link\" href=\"https:\/\/antigo.ciac.pt\/news\/evento-37-2\/7363\">+ Info<\/a><\/p><\/div>\n<\/li>\n\n<li class=\"wp-block-post post-7351 post type-post status-publish format-standard hentry category-featured category-news investigadores-raquel-pacheco investigadores-vitor-tome\">\n<div class=\"wp-block-post-title\">PUBLICATION<\/div>\n<div class=\"wp-block-post-date\"><time datetime=\"2018-06-14T09:30:47+00:00\">14 Junho, 2018<\/time><\/div>\n<div class=\"wp-block-post-excerpt\"><p class=\"wp-block-post-excerpt__excerpt\">CIAC researchers sign international publication <a class=\"wp-block-post-excerpt__more-link\" href=\"https:\/\/antigo.ciac.pt\/news\/publicacao-49-2\/7351\">+ Info<\/a><\/p><\/div>\n<\/li>\n\n<li class=\"wp-block-post post-7329 post type-post status-publish format-standard hentry category-featured category-news investigadores-raquel-pacheco\">\n<div class=\"wp-block-post-title\">PUBLICATION<\/div>\n<div class=\"wp-block-post-date\"><time datetime=\"2018-06-07T10:25:59+00:00\">7 Junho, 2018<\/time><\/div>\n<div class=\"wp-block-post-excerpt\"><p class=\"wp-block-post-excerpt__excerpt\">Raquel Pacheco has just published two new articles <a class=\"wp-block-post-excerpt__more-link\" href=\"https:\/\/antigo.ciac.pt\/news\/publicacao-48-2\/7329\">+ Info<\/a><\/p><\/div>\n<\/li>\n\n<li class=\"wp-block-post post-7294 post type-post status-publish format-standard hentry category-featured category-news investigadores-aderito-marcos investigadores-bruno-mendes-da-silva investigadores-graca-correa investigadores-manuel-celio-conceicao investigadores-mirian-tavares investigadores-sandra-boto\">\n<div class=\"wp-block-post-title\">12th&nbsp;Jornadas do CIAC Conference<\/div>\n<div class=\"wp-block-post-date\"><time datetime=\"2018-06-06T11:02:14+00:00\">6 Junho, 2018<\/time><\/div>\n<div class=\"wp-block-post-excerpt\"><p class=\"wp-block-post-excerpt__excerpt\">Once again under the organization of the researcher Sandra Boto, on June 1 it we had another edition of the CIAC Conference, the twelveth conference <a class=\"wp-block-post-excerpt__more-link\" href=\"https:\/\/antigo.ciac.pt\/news\/jornadas-5-2\/7294\">+ Info<\/a><\/p><\/div>\n<\/li>\n\n<li class=\"wp-block-post post-7274 post type-post status-publish format-standard hentry category-featured category-news investigadores-bertilio-martins investigadores-mirian-tavares investigadores-pedro-cabral-santo investigadores-rui-sanches investigadores-tiago-baptista\">\n<div class=\"wp-block-post-title\">Exhibition<\/div>\n<div class=\"wp-block-post-date\"><time datetime=\"2018-06-06T10:05:37+00:00\">6 Junho, 2018<\/time><\/div>\n<div class=\"wp-block-post-excerpt\"><p class=\"wp-block-post-excerpt__excerpt\">The exhibition Isto n\u00e3o \u00e9 uma can\u00e7\u00e3o de amor\/This is not a love song by the finalist students of the Visual Arts degree inaugurates on June 15 at 9.30 pm at the former F\u00e1brica da Cerveja in Faro <a class=\"wp-block-post-excerpt__more-link\" href=\"https:\/\/antigo.ciac.pt\/news\/evento-36-2\/7274\">+ Info<\/a><\/p><\/div>\n<\/li>\n\n<li class=\"wp-block-post post-7272 post type-post status-publish format-standard hentry category-featured category-news\">\n<div class=\"wp-block-post-title\">Event<\/div>\n<div class=\"wp-block-post-date\"><time datetime=\"2018-06-06T09:59:54+00:00\">6 Junho, 2018<\/time><\/div>\n<div class=\"wp-block-post-excerpt\"><p class=\"wp-block-post-excerpt__excerpt\">The CIAC collaborator, Jo\u00e3o Garcia Miguel, brings \u201cA tempestade\u201d to Loul\u00e9 <a class=\"wp-block-post-excerpt__more-link\" href=\"https:\/\/antigo.ciac.pt\/news\/evento-35-2\/7272\">+ Info<\/a><\/p><\/div>\n<\/li>\n\n<li class=\"wp-block-post post-7252 post type-post status-publish format-standard hentry category-featured category-news investigadores-mirian-tavares investigadores-pedro-cabral-santo\">\n<div class=\"wp-block-post-title\">exhibition<\/div>\n<div class=\"wp-block-post-date\"><time datetime=\"2018-05-29T13:48:19+00:00\">29 Maio, 2018<\/time><\/div>\n<div class=\"wp-block-post-excerpt\"><p class=\"wp-block-post-excerpt__excerpt\">Galeria Trem hosts Ant\u00f3nio Olaio\u2019s exhibition <a class=\"wp-block-post-excerpt__more-link\" href=\"https:\/\/antigo.ciac.pt\/news\/exposicao-7-2\/7252\">+ Info<\/a><\/p><\/div>\n<\/li>\n\n<li class=\"wp-block-post post-7246 post type-post status-publish format-standard hentry category-featured category-news investigadores-ana-soares investigadores-bruno-mendes-da-silva investigadores-maria-botana-vilar investigadores-mirian-tavares investigadores-neuza-costa investigadores-sandra-boto\">\n<div class=\"wp-block-post-title\">Call for papers<\/div>\n<div class=\"wp-block-post-date\"><time datetime=\"2018-05-28T12:04:56+00:00\">28 Maio, 2018<\/time><\/div>\n<div class=\"wp-block-post-excerpt\"><p class=\"wp-block-post-excerpt__excerpt\">Call for papers for the Colloquium Narrative, Media and Cognition&nbsp; <a class=\"wp-block-post-excerpt__more-link\" href=\"https:\/\/antigo.ciac.pt\/news\/chamada-de-trabalhos-6-2\/7246\">+ Info<\/a><\/p><\/div>\n<\/li>\n\n<li class=\"wp-block-post post-7244 post type-post status-publish format-standard hentry category-featured category-news investigadores-aderito-marcos investigadores-angela-saldanha investigadores-jose-bidarra\">\n<div class=\"wp-block-post-title\">PhD in Media-Digital Art<\/div>\n<div class=\"wp-block-post-date\"><time datetime=\"2018-05-28T11:57:20+00:00\">28 Maio, 2018<\/time><\/div>\n<div class=\"wp-block-post-excerpt\"><p class=\"wp-block-post-excerpt__excerpt\">Francisco Guimar\u00e3es defended, on May 18, evidence to obtain his PhD in Media-Digital Art <a class=\"wp-block-post-excerpt__more-link\" href=\"https:\/\/antigo.ciac.pt\/news\/doutoramento-em-media-arte-digital-5-2\/7244\">+ Info<\/a><\/p><\/div>\n<\/li>\n\n<li class=\"wp-block-post post-7228 post type-post status-publish format-standard hentry category-featured category-news investigadores-sandra-boto\">\n<div class=\"wp-block-post-title\">EVENT<\/div>\n<div class=\"wp-block-post-date\"><time datetime=\"2018-05-21T10:36:15+00:00\">21 Maio, 2018<\/time><\/div>\n<div class=\"wp-block-post-excerpt\"><p class=\"wp-block-post-excerpt__excerpt\">CIAC researchers participate in the 6th International Congress of the Convivio Asociaci\u00f3n <a class=\"wp-block-post-excerpt__more-link\" href=\"https:\/\/antigo.ciac.pt\/news\/evento-34-2\/7228\">+ Info<\/a><\/p><\/div>\n<\/li>\n\n<li class=\"wp-block-post post-7224 post type-post status-publish format-standard hentry category-featured category-news\">\n<div class=\"wp-block-post-title\">PhD in Media-Digital Art<\/div>\n<div class=\"wp-block-post-date\"><time datetime=\"2018-05-17T10:30:40+00:00\">17 Maio, 2018<\/time><\/div>\n<div class=\"wp-block-post-excerpt\"><p class=\"wp-block-post-excerpt__excerpt\">Inscriptions in Media-Digital Art PhD are open <a class=\"wp-block-post-excerpt__more-link\" href=\"https:\/\/antigo.ciac.pt\/news\/doutoramento-em-media-arte-digital-4-2\/7224\">+ Info<\/a><\/p><\/div>\n<\/li>\n\n<li class=\"wp-block-post post-7222 post type-post status-publish format-standard hentry category-featured category-news\">\n<div class=\"wp-block-post-title\">EVENT<\/div>\n<div class=\"wp-block-post-date\"><time datetime=\"2018-05-17T10:28:15+00:00\">17 Maio, 2018<\/time><\/div>\n<div class=\"wp-block-post-excerpt\"><p class=\"wp-block-post-excerpt__excerpt\">CIAC joins the celebration of the Galician Day of Letters  <a class=\"wp-block-post-excerpt__more-link\" href=\"https:\/\/antigo.ciac.pt\/news\/evento-33-2\/7222\">+ Info<\/a><\/p><\/div>\n<\/li>\n\n<li class=\"wp-block-post post-7219 post type-post status-publish format-standard hentry category-featured category-news investigadores-ana-isabel-soares investigadores-mirian-tavares\">\n<div class=\"wp-block-post-title\">EVENT<\/div>\n<div class=\"wp-block-post-date\"><time datetime=\"2018-05-16T10:20:29+00:00\">16 Maio, 2018<\/time><\/div>\n<div class=\"wp-block-post-excerpt\"><p class=\"wp-block-post-excerpt__excerpt\">CIAC will be in the VIII Annual Meeting of AIM <a class=\"wp-block-post-excerpt__more-link\" href=\"https:\/\/antigo.ciac.pt\/news\/evento-32-2\/7219\">+ Info<\/a><\/p><\/div>\n<\/li>\n\n<li class=\"wp-block-post post-7217 post type-post status-publish format-standard hentry category-featured category-news investigadores-sandra-boto\">\n<div class=\"wp-block-post-title\">PROJECT<\/div>\n<div class=\"wp-block-post-date\"><time datetime=\"2018-05-14T10:17:07+00:00\">14 Maio, 2018<\/time><\/div>\n<div class=\"wp-block-post-excerpt\"><p class=\"wp-block-post-excerpt__excerpt\">The \u2018universe\u2019 Romanceiro.pt has just been extended through the new site Garrett Online. <a class=\"wp-block-post-excerpt__more-link\" href=\"https:\/\/antigo.ciac.pt\/news\/projeto-14-2\/7217\">+ Info<\/a><\/p><\/div>\n<\/li>\n\n<li class=\"wp-block-post post-7215 post type-post status-publish format-standard hentry category-featured category-news investigadores-aderito-marcos investigadores-bruno-mendes-da-silva investigadores-jose-bidarra investigadores-mirian-tavares investigadores-sandra-boto\">\n<div class=\"wp-block-post-title\">New Multimedia Content<\/div>\n<div class=\"wp-block-post-date\"><time datetime=\"2018-05-10T10:13:51+00:00\">10 Maio, 2018<\/time><\/div>\n<div class=\"wp-block-post-excerpt\"><p class=\"wp-block-post-excerpt__excerpt\">Promotional video of the CIAC developed by a trainee in Communication Sciences <a class=\"wp-block-post-excerpt__more-link\" href=\"https:\/\/antigo.ciac.pt\/news\/novos-conteudos-multimedia-2\/7215\">+ Info<\/a><\/p><\/div>\n<\/li>\n\n<li class=\"wp-block-post post-7156 post type-post status-publish format-standard hentry category-featured category-news investigadores-mirian-tavares\">\n<div class=\"wp-block-post-title\">PUBLICATION<\/div>\n<div class=\"wp-block-post-date\"><time datetime=\"2018-05-09T10:54:30+00:00\">9 Maio, 2018<\/time><\/div>\n<div class=\"wp-block-post-excerpt\"><p class=\"wp-block-post-excerpt__excerpt\">Mirian Tavares integrates the scientific committee of the publication La metaf\u00edsica de Internet: Nuevas formas de relato en la cultura web <a class=\"wp-block-post-excerpt__more-link\" href=\"https:\/\/antigo.ciac.pt\/news\/publicacao-47-2\/7156\">+ Info<\/a><\/p><\/div>\n<\/li>\n\n<li class=\"wp-block-post post-7154 post type-post status-publish format-standard hentry category-featured category-news investigadores-bruno-mendes-da-silva investigadores-mirian-tavares\">\n<div class=\"wp-block-post-title\">EVENT<\/div>\n<div class=\"wp-block-post-date\"><time datetime=\"2018-05-07T10:52:20+00:00\">7 Maio, 2018<\/time><\/div>\n<div class=\"wp-block-post-excerpt\"><p class=\"wp-block-post-excerpt__excerpt\">The CIAC Collaborator Pedro Pais Correia will participate in the VIII edition of the Algarve Design Meeting with the collective The Inner Project. <a class=\"wp-block-post-excerpt__more-link\" href=\"https:\/\/antigo.ciac.pt\/news\/evento-31-2\/7154\">+ Info<\/a><\/p><\/div>\n<\/li>\n\n<li class=\"wp-block-post post-7152 post type-post status-publish format-standard hentry category-featured category-news investigadores-aderito-marcos investigadores-bruno-mendes-da-silva investigadores-graca-correa investigadores-mirian-tavares investigadores-sandra-boto\">\n<div class=\"wp-block-post-title\">EVENT<\/div>\n<div class=\"wp-block-post-date\"><time datetime=\"2018-05-02T10:48:56+00:00\">2 Maio, 2018<\/time><\/div>\n<div class=\"wp-block-post-excerpt\"><p class=\"wp-block-post-excerpt__excerpt\">The 12th \u201cJornadas do CIAC\u201d Conference takes place in June <a class=\"wp-block-post-excerpt__more-link\" href=\"https:\/\/antigo.ciac.pt\/news\/evento-30-2\/7152\">+ Info<\/a><\/p><\/div>\n<\/li>\n\n<li class=\"wp-block-post post-7150 post type-post status-publish format-standard hentry category-featured category-news\">\n<div class=\"wp-block-post-title\">EVENT<\/div>\n<div class=\"wp-block-post-date\"><time datetime=\"2018-04-30T10:46:13+00:00\">30 Abril, 2018<\/time><\/div>\n<div class=\"wp-block-post-excerpt\"><p class=\"wp-block-post-excerpt__excerpt\">New creation of Jo\u00e3o Garcia Miguel, collaborator of the CIAC, is directed to the children-juvenile audience <a class=\"wp-block-post-excerpt__more-link\" href=\"https:\/\/antigo.ciac.pt\/news\/evento-29-2\/7150\">+ Info<\/a><\/p><\/div>\n<\/li>\n\n<li class=\"wp-block-post post-7148 post type-post status-publish format-standard hentry category-featured category-news investigadores-mirian-tavares\">\n<div class=\"wp-block-post-title\">EVENT<\/div>\n<div class=\"wp-block-post-date\"><time datetime=\"2018-04-26T10:42:05+00:00\">26 Abril, 2018<\/time><\/div>\n<div class=\"wp-block-post-excerpt\"><p class=\"wp-block-post-excerpt__excerpt\">CIAC participates in the VII Meeting Share Readings <a class=\"wp-block-post-excerpt__more-link\" href=\"https:\/\/antigo.ciac.pt\/news\/evento-28-2\/7148\">+ Info<\/a><\/p><\/div>\n<\/li>\n\n<li class=\"wp-block-post post-7146 post type-post status-publish format-standard hentry category-featured category-news investigadores-mirian-tavares\">\n<div class=\"wp-block-post-title\">PUBLICATION<\/div>\n<div class=\"wp-block-post-date\"><time datetime=\"2018-04-24T10:39:36+00:00\">24 Abril, 2018<\/time><\/div>\n<div class=\"wp-block-post-excerpt\"><p class=\"wp-block-post-excerpt__excerpt\">An article by Mirian Tavares in Volume 6 of the International Journal of Art, Culture and Design Technologies, an IGI Global publication, has just been published. <a class=\"wp-block-post-excerpt__more-link\" href=\"https:\/\/antigo.ciac.pt\/news\/publicacao-46-2\/7146\">+ Info<\/a><\/p><\/div>\n<\/li>\n\n<li class=\"wp-block-post post-7045 post type-post status-publish format-standard hentry category-featured category-news investigadores-ana-soares investigadores-mirian-tavares\">\n<div class=\"wp-block-post-title\">PhD in Communication, Culture and Arts<\/div>\n<div class=\"wp-block-post-date\"><time datetime=\"2018-04-20T10:11:55+00:00\">20 Abril, 2018<\/time><\/div>\n<div class=\"wp-block-post-excerpt\"><p class=\"wp-block-post-excerpt__excerpt\">Doctoral students Edgar P\u00eara and Cl\u00e1udia Albuquerque defend doctoral exams in Communication, Culture and Arts <a class=\"wp-block-post-excerpt__more-link\" href=\"https:\/\/antigo.ciac.pt\/news\/doutoramento-em-comunicacao-cultura-e-artes-5-2\/7045\">+ Info<\/a><\/p><\/div>\n<\/li>\n\n<li class=\"wp-block-post post-7042 post type-post status-publish format-standard hentry category-featured category-news investigadores-bruno-mendes-da-silva\">\n<div class=\"wp-block-post-title\">EVENT<\/div>\n<div class=\"wp-block-post-date\"><time datetime=\"2018-04-20T10:07:54+00:00\">20 Abril, 2018<\/time><\/div>\n<div class=\"wp-block-post-excerpt\"><p class=\"wp-block-post-excerpt__excerpt\">The degree in  Communication Sciences, from ESEC-UAlg, promotes, on April 20, the workshop of Argument and Screenplay with Vera Casaca. <a class=\"wp-block-post-excerpt__more-link\" href=\"https:\/\/antigo.ciac.pt\/news\/evento-27-2\/7042\">+ Info<\/a><\/p><\/div>\n<\/li>\n\n<li class=\"wp-block-post post-7030 post type-post status-publish format-standard hentry category-featured category-news investigadores-vitor-tome\">\n<div class=\"wp-block-post-title\">event<\/div>\n<div class=\"wp-block-post-date\"><time datetime=\"2018-04-18T11:57:40+00:00\">18 Abril, 2018<\/time><\/div>\n<div class=\"wp-block-post-excerpt\"><p class=\"wp-block-post-excerpt__excerpt\">CIAC participates in the Internacional Media Literacy Research Symposyum <a class=\"wp-block-post-excerpt__more-link\" href=\"https:\/\/antigo.ciac.pt\/news\/evento-26-2\/7030\">+ Info<\/a><\/p><\/div>\n<\/li>\n\n<li class=\"wp-block-post post-7028 post type-post status-publish format-standard hentry category-featured category-news investigadores-adriana-freire-nogueira investigadores-rui-monteiro\">\n<div class=\"wp-block-post-title\">PUBLICATION<\/div>\n<div class=\"wp-block-post-date\"><time datetime=\"2018-04-18T11:54:54+00:00\">18 Abril, 2018<\/time><\/div>\n<div class=\"wp-block-post-excerpt\"><p class=\"wp-block-post-excerpt__excerpt\">CIAC collaborators publish in Revista L\u00d3GOS \u2013 Biblioteca do Tempo <a class=\"wp-block-post-excerpt__more-link\" href=\"https:\/\/antigo.ciac.pt\/news\/publicacao-45-2\/7028\">+ Info<\/a><\/p><\/div>\n<\/li>\n\n<li class=\"wp-block-post post-7022 post type-post status-publish format-standard hentry category-featured category-news investigadores-ana-carvalho investigadores-bruno-mendes-da-silva\">\n<div class=\"wp-block-post-title\">Event<\/div>\n<div class=\"wp-block-post-date\"><time datetime=\"2018-04-17T11:16:57+00:00\">17 Abril, 2018<\/time><\/div>\n<div class=\"wp-block-post-excerpt\"><p class=\"wp-block-post-excerpt__excerpt\">On April 27 there are encounters between sound and image in Porto <a class=\"wp-block-post-excerpt__more-link\" href=\"https:\/\/antigo.ciac.pt\/news\/evento-25-2\/7022\">+ Info<\/a><\/p><\/div>\n<\/li>\n\n<li class=\"wp-block-post post-7019 post type-post status-publish format-standard hentry category-featured category-news investigadores-ana-filipa-cerol-martins investigadores-bruno-mendes-da-silva investigadores-francisco-gil\">\n<div class=\"wp-block-post-title\">CYCLE<\/div>\n<div class=\"wp-block-post-date\"><time datetime=\"2018-04-17T11:14:53+00:00\">17 Abril, 2018<\/time><\/div>\n<div class=\"wp-block-post-excerpt\"><p class=\"wp-block-post-excerpt__excerpt\">Spotlight by Tom McCarthy (2015) ends the Cycle of Debates Cinema and Journalism <a class=\"wp-block-post-excerpt__more-link\" href=\"https:\/\/antigo.ciac.pt\/news\/ciclo-12-2\/7019\">+ Info<\/a><\/p><\/div>\n<\/li>\n\n<li class=\"wp-block-post post-6970 post type-post status-publish format-standard hentry category-featured category-news investigadores-bertilio-martins investigadores-mirian-tavares investigadores-pedro-cabral-santo\">\n<div class=\"wp-block-post-title\">exhibition<\/div>\n<div class=\"wp-block-post-date\"><time datetime=\"2018-04-16T12:53:52+00:00\">16 Abril, 2018<\/time><\/div>\n<div class=\"wp-block-post-excerpt\"><p class=\"wp-block-post-excerpt__excerpt\">New exhibition at Galeria Trem:&nbsp;Territ\u00f3rios, Vest\u00edgios, Lascas \u2026 inaugurates on April 19th at 6:00 p.m. <a class=\"wp-block-post-excerpt__more-link\" href=\"https:\/\/antigo.ciac.pt\/news\/exposicao-5-2\/6970\">+ Info<\/a><\/p><\/div>\n<\/li>\n\n<li class=\"wp-block-post post-6972 post type-post status-publish format-standard hentry category-featured category-news investigadores-ana-soares investigadores-manuel-celio-conceicao investigadores-mirian-tavares investigadores-sandra-boto\">\n<div class=\"wp-block-post-title\">EVENT<\/div>\n<div class=\"wp-block-post-date\"><time datetime=\"2018-04-14T12:56:25+00:00\">14 Abril, 2018<\/time><\/div>\n<div class=\"wp-block-post-excerpt\"><p class=\"wp-block-post-excerpt__excerpt\">CIAC researchers discuss the future of the Humanities <a class=\"wp-block-post-excerpt__more-link\" href=\"https:\/\/antigo.ciac.pt\/news\/evento-24-2\/6972\">+ Info<\/a><\/p><\/div>\n<\/li>\n\n<li class=\"wp-block-post post-6960 post type-post status-publish format-standard hentry category-featured category-news investigadores-bruno-mendes-da-silva\">\n<div class=\"wp-block-post-title\">Project<\/div>\n<div class=\"wp-block-post-date\"><time datetime=\"2018-04-12T10:02:16+00:00\">12 Abril, 2018<\/time><\/div>\n<div class=\"wp-block-post-excerpt\"><p class=\"wp-block-post-excerpt__excerpt\">Bruno Mendes da Silva is an invited international researcher at NPCC \u2013 UINFEBE Research Center for Culture and Communication <a class=\"wp-block-post-excerpt__more-link\" href=\"https:\/\/antigo.ciac.pt\/news\/projeto-12-2\/6960\">+ Info<\/a><\/p><\/div>\n<\/li>\n\n<li class=\"wp-block-post post-6958 post type-post status-publish format-standard hentry category-featured category-news investigadores-beatriz-cantinho\">\n<div class=\"wp-block-post-title\">PUBLICATION<\/div>\n<div class=\"wp-block-post-date\"><time datetime=\"2018-04-12T10:00:17+00:00\">12 Abril, 2018<\/time><\/div>\n<div class=\"wp-block-post-excerpt\"><p class=\"wp-block-post-excerpt__excerpt\">Erewhon Project, supported by CIAC, featured in Global Cultures of Contestation, Mobility, Sustainability, Aesthetics &amp; Connectivity <a class=\"wp-block-post-excerpt__more-link\" href=\"https:\/\/antigo.ciac.pt\/news\/publicacao-44-2\/6958\">+ Info<\/a><\/p><\/div>\n<\/li>\n\n<li class=\"wp-block-post post-6956 post type-post status-publish format-standard hentry category-featured category-news investigadores-ana-filipa-cerol-martins investigadores-bruno-mendes-da-silva investigadores-francisco-gil\">\n<div class=\"wp-block-post-title\">CYCLE<\/div>\n<div class=\"wp-block-post-date\"><time datetime=\"2018-04-10T09:57:59+00:00\">10 Abril, 2018<\/time><\/div>\n<div class=\"wp-block-post-excerpt\"><p class=\"wp-block-post-excerpt__excerpt\">The fourth session of Cycle of debates Cinema and Journalism will be held on Wednesday, April 11, organized by School of Education and Communication of the Algarve\u2019s University, in partnership with the Cineclube de Faro and the CIAC. <a class=\"wp-block-post-excerpt__more-link\" href=\"https:\/\/antigo.ciac.pt\/news\/ciclo-11-2\/6956\">+ Info<\/a><\/p><\/div>\n<\/li>\n\n<li class=\"wp-block-post post-6954 post type-post status-publish format-standard hentry category-featured category-news investigadores-raquel-pacheco investigadores-vitor-tome\">\n<div class=\"wp-block-post-title\">PROJECT<\/div>\n<div class=\"wp-block-post-date\"><time datetime=\"2018-04-05T09:42:18+00:00\">5 Abril, 2018<\/time><\/div>\n<div class=\"wp-block-post-excerpt\"><p class=\"wp-block-post-excerpt__excerpt\">Raquel Pacheco and V\u00edtor Tom\u00e9 met with researchers from six countries for a two-day workshop at the Universidade Cat\u00f3lica Portuguesa in Lisbon to discuss the next steps of the project \u201cA day in the digital life of children from 0 to 3 years old\u201d <a class=\"wp-block-post-excerpt__more-link\" href=\"https:\/\/antigo.ciac.pt\/news\/projeto-11-2\/6954\">+ Info<\/a><\/p><\/div>\n<\/li>\n\n<li class=\"wp-block-post post-6930 post type-post status-publish format-standard hentry category-featured category-news investigadores-bruno-mendes-da-silva\">\n<div class=\"wp-block-post-title\">PHD<\/div>\n<div class=\"wp-block-post-date\"><time datetime=\"2018-04-04T12:55:27+00:00\">4 Abril, 2018<\/time><\/div>\n<div class=\"wp-block-post-excerpt\"><p class=\"wp-block-post-excerpt__excerpt\">Bruno Mendes da Silva participated in a doctoral jury at the University of Coimbra  <a class=\"wp-block-post-excerpt__more-link\" href=\"https:\/\/antigo.ciac.pt\/news\/doutoramento-2\/6930\">+ Info<\/a><\/p><\/div>\n<\/li>\n\n<li class=\"wp-block-post post-6928 post type-post status-publish format-standard hentry category-featured category-news investigadores-adriana-freire-nogueira\">\n<div class=\"wp-block-post-title\">CYCLE<\/div>\n<div class=\"wp-block-post-date\"><time datetime=\"2018-04-04T12:52:45+00:00\">4 Abril, 2018<\/time><\/div>\n<div class=\"wp-block-post-excerpt\"><p class=\"wp-block-post-excerpt__excerpt\">CIAC researchers participate in the Amatores in situ \u2013 IV cycle within the program of the DiVaM 2018 (Dynamization and Valorisation of Monuments 2018)  <a class=\"wp-block-post-excerpt__more-link\" href=\"https:\/\/antigo.ciac.pt\/news\/ciclo-10-2\/6928\">+ Info<\/a><\/p><\/div>\n<\/li>\n\n<li class=\"wp-block-post post-6918 post type-post status-publish format-standard hentry category-featured category-news investigadores-mirian-tavares\">\n<div class=\"wp-block-post-title\">EVENT<\/div>\n<div class=\"wp-block-post-date\"><time datetime=\"2018-04-04T11:34:16+00:00\">4 Abril, 2018<\/time><\/div>\n<div class=\"wp-block-post-excerpt\"><p class=\"wp-block-post-excerpt__excerpt\">Open classes with Mirian Tavares on \u201cCinema, Media and City\u201d <a class=\"wp-block-post-excerpt__more-link\" href=\"https:\/\/antigo.ciac.pt\/news\/evento-23-2\/6918\">+ Info<\/a><\/p><\/div>\n<\/li>\n\n<li class=\"wp-block-post post-6589 post type-post status-publish format-standard hentry category-featured category-news investigadores-celia-vieira\">\n<div class=\"wp-block-post-title\">CALL FOR PAPERS<\/div>\n<div class=\"wp-block-post-date\"><time datetime=\"2018-04-03T12:29:56+00:00\">3 Abril, 2018<\/time><\/div>\n<div class=\"wp-block-post-excerpt\"><p class=\"wp-block-post-excerpt__excerpt\">Tt is open,&nbsp;until 12nd April 2018, te call for papers for the Conference&nbsp;Besides the Screen 2018&nbsp;on the theme of archiving and preserving audiovisual materials in the 21st century <a class=\"wp-block-post-excerpt__more-link\" href=\"https:\/\/antigo.ciac.pt\/news\/chamada-de-trabalhos-3-2\/6589\">+ Info<\/a><\/p><\/div>\n<\/li>\n\n<li class=\"wp-block-post post-6886 post type-post status-publish format-standard hentry category-featured category-news investigadores-ana-filipa-cerol-martins investigadores-bruno-mendes-da-silva investigadores-francisco-gil\">\n<div class=\"wp-block-post-title\">CYCLE<\/div>\n<div class=\"wp-block-post-date\"><time datetime=\"2018-04-02T08:49:59+00:00\">2 Abril, 2018<\/time><\/div>\n<div class=\"wp-block-post-excerpt\"><p class=\"wp-block-post-excerpt__excerpt\">The third session of the Cycle of Debates Cinema and Journalism will be dedicated to the film Professione: Reporter by Michelangelo Antonioni <a class=\"wp-block-post-excerpt__more-link\" href=\"https:\/\/antigo.ciac.pt\/news\/ciclo-9-2\/6886\">+ Info<\/a><\/p><\/div>\n<\/li>\n\n<li class=\"wp-block-post post-6890 post type-post status-publish format-standard hentry category-featured category-news investigadores-antonio-branco investigadores-sandra-boto\">\n<div class=\"wp-block-post-title\">EVENT<\/div>\n<div class=\"wp-block-post-date\"><time datetime=\"2018-03-28T08:57:12+00:00\">28 Mar\u00e7o, 2018<\/time><\/div>\n<div class=\"wp-block-post-excerpt\"><p class=\"wp-block-post-excerpt__excerpt\">CIAC participates in the Journey promoted by FCT in the framework of the European Year of Cultural Heritage <a class=\"wp-block-post-excerpt__more-link\" href=\"https:\/\/antigo.ciac.pt\/news\/evento-22-2\/6890\">+ Info<\/a><\/p><\/div>\n<\/li>\n\n<li class=\"wp-block-post post-6859 post type-post status-publish format-standard hentry category-featured category-news investigadores-mirian-tavares\">\n<div class=\"wp-block-post-title\">PUBLICATION<\/div>\n<div class=\"wp-block-post-date\"><time datetime=\"2018-03-27T13:38:26+00:00\">27 Mar\u00e7o, 2018<\/time><\/div>\n<div class=\"wp-block-post-excerpt\"><p class=\"wp-block-post-excerpt__excerpt\">New article by Mirian Tavares at Wall Street International Magazine <a class=\"wp-block-post-excerpt__more-link\" href=\"https:\/\/antigo.ciac.pt\/news\/publicacao-43-2\/6859\">+ Info<\/a><\/p><\/div>\n<\/li>\n\n<li class=\"wp-block-post post-6857 post type-post status-publish format-standard hentry category-featured category-news investigadores-mirian-tavares\">\n<div class=\"wp-block-post-title\">PUBLICATION<\/div>\n<div class=\"wp-block-post-date\"><time datetime=\"2018-03-27T09:42:33+00:00\">27 Mar\u00e7o, 2018<\/time><\/div>\n<div class=\"wp-block-post-excerpt\"><p class=\"wp-block-post-excerpt__excerpt\">Mirian Tavares signs one of the texts of the celebration&nbsp;edition of the 20 years of the \u00c1mbitos, International Journal of Communication <a class=\"wp-block-post-excerpt__more-link\" href=\"https:\/\/antigo.ciac.pt\/news\/publicacao-42-2\/6857\">+ Info<\/a><\/p><\/div>\n<\/li>\n\n<li class=\"wp-block-post post-6847 post type-post status-publish format-standard hentry category-featured category-news investigadores-ana-isabel-soares investigadores-wiliam-pianco\">\n<div class=\"wp-block-post-title\">PHD IN COMMUNICATION, CULTURE AND ARTS<\/div>\n<div class=\"wp-block-post-date\"><time datetime=\"2018-03-26T09:16:01+00:00\">26 Mar\u00e7o, 2018<\/time><\/div>\n<div class=\"wp-block-post-excerpt\"><p class=\"wp-block-post-excerpt__excerpt\">Wiliam Pianco dos Santos defended evidence for obtaining the PhD in Communication, Culture and Arts, at the University of Algarve <a class=\"wp-block-post-excerpt__more-link\" href=\"https:\/\/antigo.ciac.pt\/news\/doutoramento-em-comunicacao-cultura-e-artes-4\/6847\">+ Info<\/a><\/p><\/div>\n<\/li>\n\n<li class=\"wp-block-post post-6840 post type-post status-publish format-standard hentry category-featured category-news investigadores-bruno-mendes-da-silva\">\n<div class=\"wp-block-post-title\">PROJECT<\/div>\n<div class=\"wp-block-post-date\"><time datetime=\"2018-03-23T15:13:32+00:00\">23 Mar\u00e7o, 2018<\/time><\/div>\n<div class=\"wp-block-post-excerpt\"><p class=\"wp-block-post-excerpt__excerpt\">Hanspeter Ammann realizes the first video of the Project&nbsp;Cultural Adventures <a class=\"wp-block-post-excerpt__more-link\" href=\"https:\/\/antigo.ciac.pt\/news\/projeto-10-2\/6840\">+ Info<\/a><\/p><\/div>\n<\/li>\n\n<li class=\"wp-block-post post-6835 post type-post status-publish format-standard hentry category-featured category-news\">\n<div class=\"wp-block-post-title\">EVENT<\/div>\n<div class=\"wp-block-post-date\"><time datetime=\"2018-03-23T09:25:56+00:00\">23 Mar\u00e7o, 2018<\/time><\/div>\n<div class=\"wp-block-post-excerpt\"><p class=\"wp-block-post-excerpt__excerpt\">The most recent play of the CIAC \u2018s collaborator Jo\u00e3o Garcia Miguel, Medeia, is now in Torres Vedras <a class=\"wp-block-post-excerpt__more-link\" href=\"https:\/\/antigo.ciac.pt\/news\/evento-21-2\/6835\">+ Info<\/a><\/p><\/div>\n<\/li>\n\n<li class=\"wp-block-post post-6832 post type-post status-publish format-standard hentry category-featured category-news investigadores-jorge-carrega\">\n<div class=\"wp-block-post-title\">CALL FOR PAPERS<\/div>\n<div class=\"wp-block-post-date\"><time datetime=\"2018-03-22T12:20:17+00:00\">22 Mar\u00e7o, 2018<\/time><\/div>\n<div class=\"wp-block-post-excerpt\"><p class=\"wp-block-post-excerpt__excerpt\">It is open, until September 30, the call for papers for the thematic dossier \u201cNew Perspectives on the cinema of Mediterranean Europe\u201d <a class=\"wp-block-post-excerpt__more-link\" href=\"https:\/\/antigo.ciac.pt\/news\/chamada-de-trabalhos-5-2\/6832\">+ Info<\/a><\/p><\/div>\n<\/li>\n\n<li class=\"wp-block-post post-6829 post type-post status-publish format-standard hentry category-featured category-news investigadores-mirian-tavares\">\n<div class=\"wp-block-post-title\">FESTIVAL<\/div>\n<div class=\"wp-block-post-date\"><time datetime=\"2018-03-21T12:15:14+00:00\">21 Mar\u00e7o, 2018<\/time><\/div>\n<div class=\"wp-block-post-excerpt\"><p class=\"wp-block-post-excerpt__excerpt\">The third edition of the Som Riscado Festival will take place between April 4 and 8 with the support of CIAC <a class=\"wp-block-post-excerpt__more-link\" href=\"https:\/\/antigo.ciac.pt\/news\/festival-2\/6829\">+ Info<\/a><\/p><\/div>\n<\/li>\n\n<li class=\"wp-block-post post-6827 post type-post status-publish format-standard hentry category-featured category-news investigadores-sandra-boto\">\n<div class=\"wp-block-post-title\">CYCLE<\/div>\n<div class=\"wp-block-post-date\"><time datetime=\"2018-03-21T12:12:36+00:00\">21 Mar\u00e7o, 2018<\/time><\/div>\n<div class=\"wp-block-post-excerpt\"><p class=\"wp-block-post-excerpt__excerpt\">CIAC researchers participate in the Cycle of the Master\u2019s Degree in History and Heritages <a class=\"wp-block-post-excerpt__more-link\" href=\"https:\/\/antigo.ciac.pt\/news\/ciclo-8-2\/6827\">+ Info<\/a><\/p><\/div>\n<\/li>\n\n<li class=\"wp-block-post post-6825 post type-post status-publish format-standard hentry category-featured category-news investigadores-ana-filipa-cerol-martins investigadores-bruno-mendes-da-silva investigadores-francisco-gil\">\n<div class=\"wp-block-post-title\">CYCLE<\/div>\n<div class=\"wp-block-post-date\"><time datetime=\"2018-03-19T12:04:34+00:00\">19 Mar\u00e7o, 2018<\/time><\/div>\n<div class=\"wp-block-post-excerpt\"><p class=\"wp-block-post-excerpt__excerpt\">The next session of the Cycle of Debates Cinema and Journalism, organized by the School of Education and Communication from Algarve University, in partnership with the Cineclube of Faro and CIAC, will be dedicated to the film Citizen Kane (1941) by Orson Welles <a class=\"wp-block-post-excerpt__more-link\" href=\"https:\/\/antigo.ciac.pt\/news\/ciclo-7-2\/6825\">+ Info<\/a><\/p><\/div>\n<\/li>\n\n<li class=\"wp-block-post post-6787 post type-post status-publish format-standard hentry category-featured category-news investigadores-ana-filipa-cerol-martins investigadores-bruno-mendes-da-silva investigadores-francisco-gil\">\n<div class=\"wp-block-post-title\">EVENT<\/div>\n<div class=\"wp-block-post-date\"><time datetime=\"2018-03-15T13:47:59+00:00\">15 Mar\u00e7o, 2018<\/time><\/div>\n<div class=\"wp-block-post-excerpt\"><p class=\"wp-block-post-excerpt__excerpt\">The School of Education and Communication from University of Algarve\u2019s promotes, in partnership with CIAC, the Seminar Photojournalism as Art <a class=\"wp-block-post-excerpt__more-link\" href=\"https:\/\/antigo.ciac.pt\/news\/evento-20-2\/6787\">+ Info<\/a><\/p><\/div>\n<\/li>\n\n<li class=\"wp-block-post post-6784 post type-post status-publish format-standard hentry category-featured category-news investigadores-bruno-mendes-da-silva investigadores-mirian-tavares\">\n<div class=\"wp-block-post-title\">PROJECT<\/div>\n<div class=\"wp-block-post-date\"><time datetime=\"2018-03-15T13:44:47+00:00\">15 Mar\u00e7o, 2018<\/time><\/div>\n<div class=\"wp-block-post-excerpt\"><p class=\"wp-block-post-excerpt__excerpt\">Mirian Tavares and Bruno Silva meet with the partners of the Erasmus + 4CDE project (Code, Content Creation and Culture for Digital Education) in Rome <a class=\"wp-block-post-excerpt__more-link\" href=\"https:\/\/antigo.ciac.pt\/news\/projeto-9-2\/6784\">+ Info<\/a><\/p><\/div>\n<\/li>\n\n<li class=\"wp-block-post post-6779 post type-post status-publish format-standard hentry category-featured category-news investigadores-aderito-marcos investigadores-ana-filipa-cerol-martins investigadores-armando-nascimento-rosa investigadores-bruno-mendes-da-silva investigadores-isabel-rio-novo investigadores-maria-potes-barbas investigadores-mirian-tavares investigadores-sandra-boto\">\n<div class=\"wp-block-post-title\">Newsletter<\/div>\n<div class=\"wp-block-post-date\"><time datetime=\"2018-03-15T13:34:12+00:00\">15 Mar\u00e7o, 2018<\/time><\/div>\n<div class=\"wp-block-post-excerpt\"><p class=\"wp-block-post-excerpt__excerpt\">The 29th CIAC Newsletter is now available for reading <a class=\"wp-block-post-excerpt__more-link\" href=\"https:\/\/antigo.ciac.pt\/news\/newsletter-3-2\/6779\">+ Info<\/a><\/p><\/div>\n<\/li>\n\n<li class=\"wp-block-post post-6729 post type-post status-publish format-standard hentry category-featured category-news investigadores-jorge-carrega\">\n<div class=\"wp-block-post-title\">event<\/div>\n<div class=\"wp-block-post-date\"><time datetime=\"2018-03-08T12:11:20+00:00\">8 Mar\u00e7o, 2018<\/time><\/div>\n<div class=\"wp-block-post-excerpt\"><p class=\"wp-block-post-excerpt__excerpt\">CIAC researchers at the Forum Pensar Faro&nbsp; <a class=\"wp-block-post-excerpt__more-link\" href=\"https:\/\/antigo.ciac.pt\/news\/evento-19-2\/6729\">+ Info<\/a><\/p><\/div>\n<\/li>\n\n<li class=\"wp-block-post post-6719 post type-post status-publish format-standard hentry category-featured category-news investigadores-armando-nascimento-rosa\">\n<div class=\"wp-block-post-title\">event<\/div>\n<div class=\"wp-block-post-date\"><time datetime=\"2018-03-05T13:01:08+00:00\">5 Mar\u00e7o, 2018<\/time><\/div>\n<div class=\"wp-block-post-excerpt\"><p class=\"wp-block-post-excerpt__excerpt\">Armando Nascimento Rosa, professor, researcher and artist, together with the pianist Ant\u00f3nio Neves da Silva, will hold a series of concerts of the musical project O Piano em Pessoa  <a class=\"wp-block-post-excerpt__more-link\" href=\"https:\/\/antigo.ciac.pt\/news\/evento-18\/6719\">+ Info<\/a><\/p><\/div>\n<\/li>\n\n<li class=\"wp-block-post post-6712 post type-post status-publish format-standard hentry category-featured category-news investigadores-mirian-tavares\">\n<div class=\"wp-block-post-title\">PhD in Communication, Culture and Arts<\/div>\n<div class=\"wp-block-post-date\"><time datetime=\"2018-03-05T11:59:09+00:00\">5 Mar\u00e7o, 2018<\/time><\/div>\n<div class=\"wp-block-post-excerpt\"><p class=\"wp-block-post-excerpt__excerpt\">Mar\u00eda Julia Godoy defended, on March 2, evidence for obtaining the PhD in Communication, Culture and Arts <a class=\"wp-block-post-excerpt__more-link\" href=\"https:\/\/antigo.ciac.pt\/news\/doutoramento-em-comunicacao-cultura-e-artes-3-2\/6712\">+ Info<\/a><\/p><\/div>\n<\/li>\n\n<li class=\"wp-block-post post-6705 post type-post status-publish format-standard hentry category-featured category-news\">\n<div class=\"wp-block-post-title\">Call for Applications<\/div>\n<div class=\"wp-block-post-date\"><time datetime=\"2018-03-02T13:48:28+00:00\">2 Mar\u00e7o, 2018<\/time><\/div>\n<div class=\"wp-block-post-excerpt\"><p class=\"wp-block-post-excerpt__excerpt\">CIAC welcomes applications for PhD fellowships until March 10 <a class=\"wp-block-post-excerpt__more-link\" href=\"https:\/\/antigo.ciac.pt\/news\/chamada-de-candidaturas-2\/6705\">+ Info<\/a><\/p><\/div>\n<\/li>\n\n<li class=\"wp-block-post post-6698 post type-post status-publish format-standard hentry category-featured category-news investigadores-antonio-branco investigadores-armando-nascimento-rosa investigadores-mirian-tavares\">\n<div class=\"wp-block-post-title\">PhD in Communication, Culture and Arts<\/div>\n<div class=\"wp-block-post-date\"><time datetime=\"2018-03-02T10:09:03+00:00\">2 Mar\u00e7o, 2018<\/time><\/div>\n<div class=\"wp-block-post-excerpt\"><p class=\"wp-block-post-excerpt__excerpt\">Gilberto Schm\u00fctz de Gouma defended, on February 27th, evidence for obtaining the PhD in Communication, Culture and Arts <a class=\"wp-block-post-excerpt__more-link\" href=\"https:\/\/antigo.ciac.pt\/news\/doutoramento-em-comunicacao-cultura-e-artes-2\/6698\">+ Info<\/a><\/p><\/div>\n<\/li>\n\n<li class=\"wp-block-post post-6687 post type-post status-publish format-standard hentry category-featured category-news investigadores-sandra-boto\">\n<div class=\"wp-block-post-title\">Project<\/div>\n<div class=\"wp-block-post-date\"><time datetime=\"2018-02-27T15:30:04+00:00\">27 Fevereiro, 2018<\/time><\/div>\n<div class=\"wp-block-post-excerpt\"><p class=\"wp-block-post-excerpt__excerpt\">Romanceiro.pt provides a tool to understand the Portuguese oral tradition <a class=\"wp-block-post-excerpt__more-link\" href=\"https:\/\/antigo.ciac.pt\/news\/projeto-8-2\/6687\">+ Info<\/a><\/p><\/div>\n<\/li>\n\n<li class=\"wp-block-post post-6644 post type-post status-publish format-standard hentry category-featured category-news investigadores-isabel-rio-novo\">\n<div class=\"wp-block-post-title\">publication<\/div>\n<div class=\"wp-block-post-date\"><time datetime=\"2018-02-23T10:03:33+00:00\">23 Fevereiro, 2018<\/time><\/div>\n<div class=\"wp-block-post-excerpt\"><p class=\"wp-block-post-excerpt__excerpt\">Isabel Rio Novo, CIAC Researcher and Leya Prize finalist, has recently published another historical novel A Febre das Almas Sens\u00edveis <a class=\"wp-block-post-excerpt__more-link\" href=\"https:\/\/antigo.ciac.pt\/news\/publicacao-41-2\/6644\">+ Info<\/a><\/p><\/div>\n<\/li>\n\n<li class=\"wp-block-post post-6636 post type-post status-publish format-standard hentry category-featured category-news investigadores-ana-isabel-soares investigadores-joao-minhoto-marques investigadores-sandra-boto\">\n<div class=\"wp-block-post-title\">Cycle<\/div>\n<div class=\"wp-block-post-date\"><time datetime=\"2018-02-21T10:04:30+00:00\">21 Fevereiro, 2018<\/time><\/div>\n<div class=\"wp-block-post-excerpt\"><p class=\"wp-block-post-excerpt__excerpt\">This Friday, February 23, takes place the third Cycle of the Master\u2019s Degree in History and Heritage, \u201cCinema and Heritage\u201d, by Ana Isabel Soares <a class=\"wp-block-post-excerpt__more-link\" href=\"https:\/\/antigo.ciac.pt\/news\/ciclo-6-2\/6636\">+ Info<\/a><\/p><\/div>\n<\/li>\n\n<li class=\"wp-block-post post-6630 post type-post status-publish format-standard hentry category-featured category-news investigadores-bruno-mendes-da-silva investigadores-mirian-tavares\">\n<div class=\"wp-block-post-title\">PARTNERSHIP<\/div>\n<div class=\"wp-block-post-date\"><time datetime=\"2018-02-19T14:23:19+00:00\">19 Fevereiro, 2018<\/time><\/div>\n<div class=\"wp-block-post-excerpt\"><p class=\"wp-block-post-excerpt__excerpt\">CIAC has just signed a collaboration agreement with the School of Architecture and Design of the Thai King Mongkut University of Technology Thonburi (KMUTT) <a class=\"wp-block-post-excerpt__more-link\" href=\"https:\/\/antigo.ciac.pt\/news\/protocolo-2\/6630\">+ Info<\/a><\/p><\/div>\n<\/li>\n\n<li class=\"wp-block-post post-6621 post type-post status-publish format-standard hentry category-featured category-news investigadores-jorge-carrega\">\n<div class=\"wp-block-post-title\">CALL FOR PAPERS<\/div>\n<div class=\"wp-block-post-date\"><time datetime=\"2018-02-19T13:29:54+00:00\">19 Fevereiro, 2018<\/time><\/div>\n<div class=\"wp-block-post-excerpt\"><p class=\"wp-block-post-excerpt__excerpt\">Call for papers for the Tropos Magazine: Communication, Society and Culture <a class=\"wp-block-post-excerpt__more-link\" href=\"https:\/\/antigo.ciac.pt\/news\/chamada-de-trabalhos-4-2\/6621\">+ Info<\/a><\/p><\/div>\n<\/li>\n\n<li class=\"wp-block-post post-6610 post type-post status-publish format-standard hentry category-featured category-news investigadores-aderito-marcos investigadores-bruno-mendes-da-silva investigadores-elizabeth-carvalho\">\n<div class=\"wp-block-post-title\">PHD IN DIGITAL MEDIA ART<\/div>\n<div class=\"wp-block-post-date\"><time datetime=\"2018-02-19T12:33:09+00:00\">19 Fevereiro, 2018<\/time><\/div>\n<div class=\"wp-block-post-excerpt\"><p class=\"wp-block-post-excerpt__excerpt\">Selma Pereira defended, on 16 February, evidence for obtaining a PhD degree in Digital Media Art, with the thesis \u201cA Moda na Era P\u00f3s-Digital\u201d (Fashion in the Post-Digital Age) <a class=\"wp-block-post-excerpt__more-link\" href=\"https:\/\/antigo.ciac.pt\/news\/doutoramento-em-media-arte-digital-3-2\/6610\">+ Info<\/a><\/p><\/div>\n<\/li>\n\n<li class=\"wp-block-post post-6597 post type-post status-publish format-standard hentry category-featured category-news investigadores-jorge-carrega\">\n<div class=\"wp-block-post-title\">PUBLICATION<\/div>\n<div class=\"wp-block-post-date\"><time datetime=\"2018-02-09T10:09:12+00:00\">9 Fevereiro, 2018<\/time><\/div>\n<div class=\"wp-block-post-excerpt\"><p class=\"wp-block-post-excerpt__excerpt\">Jorge Carrega organizes the thematic dossier \u201c90 years of the musical film\u201d <a class=\"wp-block-post-excerpt__more-link\" href=\"https:\/\/antigo.ciac.pt\/news\/publicacao-40-2\/6597\">+ Info<\/a><\/p><\/div>\n<\/li>\n\n<li class=\"wp-block-post post-6579 post type-post status-publish format-standard hentry category-featured category-news investigadores-bruno-mendes-da-silva investigadores-filipa-cerol\">\n<div class=\"wp-block-post-title\">Workshop<\/div>\n<div class=\"wp-block-post-date\"><time datetime=\"2018-02-08T10:45:52+00:00\">8 Fevereiro, 2018<\/time><\/div>\n<div class=\"wp-block-post-excerpt\"><p class=\"wp-block-post-excerpt__excerpt\">The degree in Communication Sciences of the School of Education and Communication (UAlg) promotes, together with the Faculty of Information Sciences of the Complutense University of Madrid and the CIAC \u2013 Center for Research in Arts and Communication, a set of workshops in the technical fields of communication <a class=\"wp-block-post-excerpt__more-link\" href=\"https:\/\/antigo.ciac.pt\/news\/workshop-3-2\/6579\">+ Info<\/a><\/p><\/div>\n<\/li>\n\n<li class=\"wp-block-post post-6564 post type-post status-publish format-standard hentry category-featured category-news investigadores-mirian-tavares investigadores-vitor-reia\">\n<div class=\"wp-block-post-title\">PUBLICATION<\/div>\n<div class=\"wp-block-post-date\"><time datetime=\"2018-02-01T11:40:43+00:00\">1 Fevereiro, 2018<\/time><\/div>\n<div class=\"wp-block-post-excerpt\"><p class=\"wp-block-post-excerpt__excerpt\">Mirian Tavares and V\u00edtor Reia-Baptista integrate the publication The International Encyclopedia of Media Literacy with the entry \u201cAccess\u201d <a class=\"wp-block-post-excerpt__more-link\" href=\"https:\/\/antigo.ciac.pt\/news\/publicacao-39-2\/6564\">+ Info<\/a><\/p><\/div>\n<\/li>\n\n<li class=\"wp-block-post post-6562 post type-post status-publish format-standard hentry category-featured category-news investigadores-wiliam-pianco\">\n<div class=\"wp-block-post-title\">PUBLICATION<\/div>\n<div class=\"wp-block-post-date\"><time datetime=\"2018-02-01T11:38:33+00:00\">1 Fevereiro, 2018<\/time><\/div>\n<div class=\"wp-block-post-excerpt\"><p class=\"wp-block-post-excerpt__excerpt\">Wiliam Pianco\u2019s article on the Travel Movies of Manoel de Oliveira integrates the book Os Pobres no Cinema de Manoel de Oliveira. <a class=\"wp-block-post-excerpt__more-link\" href=\"https:\/\/antigo.ciac.pt\/news\/publicacao-38-2\/6562\">+ Info<\/a><\/p><\/div>\n<\/li>\n\n<li class=\"wp-block-post post-6501 post type-post status-publish format-standard hentry category-featured category-news investigadores-mirian-tavares investigadores-pedro-alves-da-veiga investigadores-pedro-cabral-santo\">\n<div class=\"wp-block-post-title\">EXHIBITION<\/div>\n<div class=\"wp-block-post-date\"><time datetime=\"2018-01-29T12:18:25+00:00\">29 Janeiro, 2018<\/time><\/div>\n<div class=\"wp-block-post-excerpt\"><p class=\"wp-block-post-excerpt__excerpt\">Pedro Alves da Veiga brings to Faro the exhibition Transmuta\u00e7\u00f5es Generativas <a class=\"wp-block-post-excerpt__more-link\" href=\"https:\/\/antigo.ciac.pt\/news\/exposicao-4-2\/6501\">+ Info<\/a><\/p><\/div>\n<\/li>\n\n<li class=\"wp-block-post post-6430 post type-post status-publish format-standard hentry category-featured category-news investigadores-mirian-tavares\">\n<div class=\"wp-block-post-title\">PUBLICATION<\/div>\n<div class=\"wp-block-post-date\"><time datetime=\"2018-01-23T13:57:01+00:00\">23 Janeiro, 2018<\/time><\/div>\n<div class=\"wp-block-post-excerpt\"><p class=\"wp-block-post-excerpt__excerpt\">New article from Mirian Tavares is now available on the monthly edition of&nbsp;Wall Street International Magazine.\n<a class=\"wp-block-post-excerpt__more-link\" href=\"https:\/\/antigo.ciac.pt\/news\/publicacao-37-2\/6430\">+ Info<\/a><\/p><\/div>\n<\/li>\n\n<li class=\"wp-block-post post-6397 post type-post status-publish format-standard hentry category-featured category-news investigadores-ana-romana investigadores-pedro-cabral-santo\">\n<div class=\"wp-block-post-title\">EVENT<\/div>\n<div class=\"wp-block-post-date\"><time datetime=\"2018-01-22T12:20:49+00:00\">22 Janeiro, 2018<\/time><\/div>\n<div class=\"wp-block-post-excerpt\"><p class=\"wp-block-post-excerpt__excerpt\">Ana Romana guides the Conversation \u201cStories of the Artist\u2019s Book\u201d, in the lobby of the Calouste Gulbenkian Foundation\u2019s Art Library <a class=\"wp-block-post-excerpt__more-link\" href=\"https:\/\/antigo.ciac.pt\/news\/evento-17-2\/6397\">+ Info<\/a><\/p><\/div>\n<\/li>\n\n<li class=\"wp-block-post post-6294 post type-post status-publish format-standard hentry category-featured category-news investigadores-joao-garcia-miguel\">\n<div class=\"wp-block-post-title\">Partnership<\/div>\n<div class=\"wp-block-post-date\"><time datetime=\"2018-01-18T15:46:32+00:00\">18 Janeiro, 2018<\/time><\/div>\n<div class=\"wp-block-post-excerpt\"><p class=\"wp-block-post-excerpt__excerpt\">New school with training in performing arts <a class=\"wp-block-post-excerpt__more-link\" href=\"https:\/\/antigo.ciac.pt\/news\/parceria-2\/6294\">+ Info<\/a><\/p><\/div>\n<\/li>\n\n<li class=\"wp-block-post post-6268 post type-post status-publish format-standard hentry category-featured category-news investigadores-mirian-tavares investigadores-rui-sanches\">\n<div class=\"wp-block-post-title\">PUBLICATION<\/div>\n<div class=\"wp-block-post-date\"><time datetime=\"2018-01-17T12:08:58+00:00\">17 Janeiro, 2018<\/time><\/div>\n<div class=\"wp-block-post-excerpt\"><p class=\"wp-block-post-excerpt__excerpt\">The artist Rui Sanches, researcher at CIAC and professor in the Visual Arts degree, has just published the book Janela, Espelho, Mapa\u2026 A obra de arte e o mundo, reflex\u00e3o sobre o projeto art\u00edstico individual (Window, Mirror, Map \u2026 The work of art and the world, reflection on an individual artistic project <a class=\"wp-block-post-excerpt__more-link\" href=\"https:\/\/antigo.ciac.pt\/news\/lancamento\/6268\">+ Info<\/a><\/p><\/div>\n<\/li>\n\n<li class=\"wp-block-post post-6259 post type-post status-publish format-standard hentry category-featured category-news investigadores-aderito-marcos investigadores-angela-saldanha investigadores-mirian-tavares investigadores-pedro-veiga\">\n<div class=\"wp-block-post-title\">CALL for artists<\/div>\n<div class=\"wp-block-post-date\"><time datetime=\"2018-01-16T15:25:26+00:00\">16 Janeiro, 2018<\/time><\/div>\n<div class=\"wp-block-post-excerpt\"><p class=\"wp-block-post-excerpt__excerpt\">It is open, until 15 FEBRUARY 2018, the call for artists for artistic creation in distance residence, under the project INVITRO-Generator, with the support of the Ministry of Culture\/DGArtes <a class=\"wp-block-post-excerpt__more-link\" href=\"https:\/\/antigo.ciac.pt\/news\/call-para-artistas-2\/6259\">+ Info<\/a><\/p><\/div>\n<\/li>\n\n<li class=\"wp-block-post post-6247 post type-post status-publish format-standard hentry category-featured category-news investigadores-jose-bidarra\">\n<div class=\"wp-block-post-title\">Aggregation Exams<\/div>\n<div class=\"wp-block-post-date\"><time datetime=\"2018-01-16T14:34:22+00:00\">16 Janeiro, 2018<\/time><\/div>\n<div class=\"wp-block-post-excerpt\"><p class=\"wp-block-post-excerpt__excerpt\">CIAC informs that on February 1 and 2, 2018, at 3:00 p.m., the CIAC researcher, Jos\u00e9 Bidarra, will realize aggregation exams in the area of Digital Media-Art. <a class=\"wp-block-post-excerpt__more-link\" href=\"https:\/\/antigo.ciac.pt\/news\/provas-de-agregacao-2\/6247\">+ Info<\/a><\/p><\/div>\n<\/li>\n\n<li class=\"wp-block-post post-6178 post type-post status-publish format-standard hentry category-featured category-news investigadores-pedro-cabral-santo\">\n<div class=\"wp-block-post-title\">EXHIBITION<\/div>\n<div class=\"wp-block-post-date\"><time datetime=\"2018-01-10T13:44:53+00:00\">10 Janeiro, 2018<\/time><\/div>\n<div class=\"wp-block-post-excerpt\"><p class=\"wp-block-post-excerpt__excerpt\">Pedro Cabral Santo exhibits Endless in Guimar\u00e3es <a class=\"wp-block-post-excerpt__more-link\" href=\"https:\/\/antigo.ciac.pt\/news\/exposicao-3-2\/6178\">+ Info<\/a><\/p><\/div>\n<\/li>\n\n<li class=\"wp-block-post post-6163 post type-post status-publish format-standard hentry category-featured category-news investigadores-angela-saldanha investigadores-teresa-torres-de-eca\">\n<div class=\"wp-block-post-title\">CALL FOR PAPERS<\/div>\n<div class=\"wp-block-post-date\"><time datetime=\"2018-01-10T13:00:40+00:00\">10 Janeiro, 2018<\/time><\/div>\n<div class=\"wp-block-post-excerpt\"><p class=\"wp-block-post-excerpt__excerpt\">The call for papers for the Seminar \u201cResearch and Praxis for Social Engaged Arts Education in Southern Europe, Balkan and Mediterranean countries\u201d is open until 28 February <a class=\"wp-block-post-excerpt__more-link\" href=\"https:\/\/antigo.ciac.pt\/news\/chamada-de-trabalhos-2\/6163\">+ Info<\/a><\/p><\/div>\n<\/li>\n\n<li class=\"wp-block-post post-6156 post type-post status-publish format-standard hentry category-featured category-news\">\n<div class=\"wp-block-post-title\">PUBLICATION<\/div>\n<div class=\"wp-block-post-date\"><time datetime=\"2018-01-10T12:46:42+00:00\">10 Janeiro, 2018<\/time><\/div>\n<div class=\"wp-block-post-excerpt\"><p class=\"wp-block-post-excerpt__excerpt\">CIAC\u2019s collaborator, Isa Mestre, recently published the article \u201cDigital Literature: The Reconfiguration of the Reader, the Challenges and the Urgency of New Literacies\u201d <a class=\"wp-block-post-excerpt__more-link\" href=\"https:\/\/antigo.ciac.pt\/news\/publicacao-36-2\/6156\">+ Info<\/a><\/p><\/div>\n<\/li>\n\n<li class=\"wp-block-post post-6150 post type-post status-publish format-standard hentry category-featured category-news investigadores-angela-saldanha investigadores-teresa-torres-de-eca\">\n<div class=\"wp-block-post-title\">EVENT<\/div>\n<div class=\"wp-block-post-date\"><time datetime=\"2018-01-10T12:34:00+00:00\">10 Janeiro, 2018<\/time><\/div>\n<div class=\"wp-block-post-excerpt\"><p class=\"wp-block-post-excerpt__excerpt\">It is open until January 31 the call for papers for the 30th APECV\u2019s Meeting (Portuguese Visual Art Teachers Association) <a class=\"wp-block-post-excerpt__more-link\" href=\"https:\/\/antigo.ciac.pt\/news\/evento-16-2\/6150\">+ Info<\/a><\/p><\/div>\n<\/li>\n\n<li class=\"wp-block-post post-6122 post type-post status-publish format-standard hentry category-featured category-news investigadores-jorge-carrega\">\n<div class=\"wp-block-post-title\">PUBLICATION<\/div>\n<div class=\"wp-block-post-date\"><time datetime=\"2018-01-03T11:08:18+00:00\">3 Janeiro, 2018<\/time><\/div>\n<div class=\"wp-block-post-excerpt\"><p class=\"wp-block-post-excerpt__excerpt\">Jorge Carrega has just published the article \u201cADVENTURES IN TECHNICOLOR: Paraliterature and Transnational Cinema in Mediterranean Europe\u201d <a class=\"wp-block-post-excerpt__more-link\" href=\"https:\/\/antigo.ciac.pt\/news\/publicacao-35-2\/6122\">+ Info<\/a><\/p><\/div>\n<\/li>\n\n<li class=\"wp-block-post post-6116 post type-post status-publish format-standard hentry category-featured category-news\">\n<div class=\"wp-block-post-title\">PUBLICATION<\/div>\n<div class=\"wp-block-post-date\"><time datetime=\"2018-01-03T10:26:37+00:00\">3 Janeiro, 2018<\/time><\/div>\n<div class=\"wp-block-post-excerpt\"><p class=\"wp-block-post-excerpt__excerpt\">The CIAC collaborator, Isa Mestre, has just published the article \u201cLiteratura 2.0: El desafio de pensar la obra literaria digital interactiva \u2013 La propuesta del lector 2.0 como camino para el desarollo de nuevas alfabetizaciones\u201d <a class=\"wp-block-post-excerpt__more-link\" href=\"https:\/\/antigo.ciac.pt\/news\/publicacao-34-2\/6116\">+ Info<\/a><\/p><\/div>\n<\/li>\n<\/ul>\n<\/div><\/div>\n\n\n\n<div class=\"wp-block-advgb-accordion-item advgb-accordion-item\" style=\"margin-bottom:15px\"><div class=\"advgb-accordion-header\" style=\"background-color:#ffffff;color:#000000;border-style:solid;border-width:0px;border-color:#ffffff\"><span class=\"advgb-accordion-header-icon\"><svg fill=\"#000000\" xmlns=\"http:\/\/www.w3.org\/2000\/svg\" width=\"24\" height=\"24\" viewBox=\"0 0 24 24\"><path fill=\"none\" d=\"M0,0h24v24H0V0z\"><\/path><path d=\"M6,10c-1.1,0-2,0.9-2,2s0.9,2,2,2s2-0.9,2-2S7.1,10,6,10z M18,10c-1.1,0-2,0.9-2,2s0.9,2,2,2s2-0.9,2-2S19.1,10,18,10z M12,10c-1.1,0-2,0.9-2,2s0.9,2,2,2s2-0.9,2-2S13.1,10,12,10z\"><\/path><\/svg><\/span><h2 class=\"advgb-accordion-header-title\" style=\"color:inherit\">2017<\/h2><\/div><div class=\"advgb-accordion-body\" style=\"border-style:solid !important;border-width:0px !important;border-color:#ffffff !important;border-top:none !important\">\n<ul>\n<li class=\"wp-block-post post-6104 post type-post status-publish format-standard hentry category-featured category-news investigadores-eugenia-vasques\">\n<div class=\"wp-block-post-title\">PUBLICATION<\/div>\n<div class=\"wp-block-post-date\"><time datetime=\"2017-12-22T10:43:31+00:00\">22 Dezembro, 2017<\/time><\/div>\n<div class=\"wp-block-post-excerpt\"><p class=\"wp-block-post-excerpt__excerpt\">Eug\u00e9nia Vasques is a member of the review committee of the number 6 of the Revista de Hist\u00f3ria da Arte \u2013 S\u00e9rie W (Art History Institute \u2013 Universidade Nova de Lisboa <a class=\"wp-block-post-excerpt__more-link\" href=\"https:\/\/antigo.ciac.pt\/news\/publicacao-33\/6104\">+ Info<\/a><\/p><\/div>\n<\/li>\n\n<li class=\"wp-block-post post-6091 post type-post status-publish format-standard hentry category-featured category-news investigadores-francisco-lameira\">\n<div class=\"wp-block-post-title\">EVENT<\/div>\n<div class=\"wp-block-post-date\"><time datetime=\"2017-12-21T11:28:24+00:00\">21 Dezembro, 2017<\/time><\/div>\n<div class=\"wp-block-post-excerpt\"><p class=\"wp-block-post-excerpt__excerpt\">The book Ret\u00e1bulos em Minas Gerais will be launched in January <a class=\"wp-block-post-excerpt__more-link\" href=\"https:\/\/antigo.ciac.pt\/news\/evento-15\/6091\">+ Info<\/a><\/p><\/div>\n<\/li>\n\n<li class=\"wp-block-post post-6085 post type-post status-publish format-standard hentry category-featured category-news investigadores-raquel-pacheco\">\n<div class=\"wp-block-post-title\">PUBLICATION<\/div>\n<div class=\"wp-block-post-date\"><time datetime=\"2017-12-21T11:07:05+00:00\">21 Dezembro, 2017<\/time><\/div>\n<div class=\"wp-block-post-excerpt\"><p class=\"wp-block-post-excerpt__excerpt\">Raquel Pacheco has published an article in Revista Argumento <a class=\"wp-block-post-excerpt__more-link\" href=\"https:\/\/antigo.ciac.pt\/news\/publicacao-32-2\/6085\">+ Info<\/a><\/p><\/div>\n<\/li>\n\n<li class=\"wp-block-post post-6075 post type-post status-publish format-standard hentry category-featured category-news investigadores-aderito-marcos investigadores-bruno-mendes-da-silva investigadores-joao-rodrigues investigadores-jose-bidarra investigadores-rui-antonio\">\n<div class=\"wp-block-post-title\">PhD in Digital Media Art<\/div>\n<div class=\"wp-block-post-date\"><time datetime=\"2017-12-14T13:32:03+00:00\">14 Dezembro, 2017<\/time><\/div>\n<div class=\"wp-block-post-excerpt\"><p class=\"wp-block-post-excerpt__excerpt\">PhD Viva in Digital Media Art <a class=\"wp-block-post-excerpt__more-link\" href=\"https:\/\/antigo.ciac.pt\/news\/doutoramento-em-media-arte-digital-2\/6075\">+ Info<\/a><\/p><\/div>\n<\/li>\n\n<li class=\"wp-block-post post-6070 post type-post status-publish format-standard hentry category-featured category-news investigadores-mirian-tavares\">\n<div class=\"wp-block-post-title\">PUBLICATION<\/div>\n<div class=\"wp-block-post-date\"><time datetime=\"2017-12-14T12:43:12+00:00\">14 Dezembro, 2017<\/time><\/div>\n<div class=\"wp-block-post-excerpt\"><p class=\"wp-block-post-excerpt__excerpt\">Mirian Tavares\u2019s article is part of the collection UBICinema, 2007-2017 <a class=\"wp-block-post-excerpt__more-link\" href=\"https:\/\/antigo.ciac.pt\/news\/publicacao-31-2\/6070\">+ Info<\/a><\/p><\/div>\n<\/li>\n\n<li class=\"wp-block-post post-6052 post type-post status-publish format-standard hentry category-featured category-news investigadores-jorge-carrega\">\n<div class=\"wp-block-post-title\">PUBLICATION<\/div>\n<div class=\"wp-block-post-date\"><time datetime=\"2017-12-07T14:28:55+00:00\">7 Dezembro, 2017<\/time><\/div>\n<div class=\"wp-block-post-excerpt\"><p class=\"wp-block-post-excerpt__excerpt\">The ebook Europe and the Colonial Empires in Literature and Cinema, organized by Jorge Carrega and Sara Vitorino Fernandez, is already available <a class=\"wp-block-post-excerpt__more-link\" href=\"https:\/\/antigo.ciac.pt\/news\/publicacao-30-2\/6052\">+ Info<\/a><\/p><\/div>\n<\/li>\n\n<li class=\"wp-block-post post-6040 post type-post status-publish format-standard hentry category-featured category-news investigadores-alvaro-americano investigadores-ana-filipa-cerol-martins investigadores-cristina-gomes investigadores-jose-gomes investigadores-leticia-torres investigadores-olivia-novoa-fernandez investigadores-raquel-pacheco investigadores-vitor-reia\">\n<div class=\"wp-block-post-title\">PUBLICATION<\/div>\n<div class=\"wp-block-post-date\"><time datetime=\"2017-12-07T11:39:55+00:00\">7 Dezembro, 2017<\/time><\/div>\n<div class=\"wp-block-post-excerpt\"><p class=\"wp-block-post-excerpt__excerpt\">Investigadores do CIAC no Livro de atas do 4\u00ba Congresso de Literacia, Media e Cidadania <a class=\"wp-block-post-excerpt__more-link\" href=\"https:\/\/antigo.ciac.pt\/news\/publicacao-29\/6040\">+ Info<\/a><\/p><\/div>\n<\/li>\n\n<li class=\"wp-block-post post-6034 post type-post status-publish format-standard hentry category-featured category-news investigadores-pedro-cabral-santo\">\n<div class=\"wp-block-post-title\">EVENT<\/div>\n<div class=\"wp-block-post-date\"><time datetime=\"2017-12-07T10:51:08+00:00\">7 Dezembro, 2017<\/time><\/div>\n<div class=\"wp-block-post-excerpt\"><p class=\"wp-block-post-excerpt__excerpt\">Pedro Cabral Santo releases his latest work, Sound Climax <a class=\"wp-block-post-excerpt__more-link\" href=\"https:\/\/antigo.ciac.pt\/news\/publicacao-28-2\/6034\">+ Info<\/a><\/p><\/div>\n<\/li>\n\n<li class=\"wp-block-post post-6027 post type-post status-publish format-standard hentry category-featured category-news investigadores-mirian-tavares\">\n<div class=\"wp-block-post-title\">EVENT<\/div>\n<div class=\"wp-block-post-date\"><time datetime=\"2017-12-06T11:22:31+00:00\">6 Dezembro, 2017<\/time><\/div>\n<div class=\"wp-block-post-excerpt\"><p class=\"wp-block-post-excerpt__excerpt\">Mirian Tavares is part of the CRIACT 2017 Program <a class=\"wp-block-post-excerpt__more-link\" href=\"https:\/\/antigo.ciac.pt\/news\/evento-13-2\/6027\">+ Info<\/a><\/p><\/div>\n<\/li>\n\n<li class=\"wp-block-post post-6019 post type-post status-publish format-standard hentry category-featured category-news investigadores-filipa-cerol\">\n<div class=\"wp-block-post-title\">EVENT<\/div>\n<div class=\"wp-block-post-date\"><time datetime=\"2017-12-06T11:06:09+00:00\">6 Dezembro, 2017<\/time><\/div>\n<div class=\"wp-block-post-excerpt\"><p class=\"wp-block-post-excerpt__excerpt\">CIAC promotes session of the cycle 2CN-CLab Talks \u201cCulture, Networks and Politics: Ibero-American Cultural Charter\u201d <a class=\"wp-block-post-excerpt__more-link\" href=\"https:\/\/antigo.ciac.pt\/news\/evento-12-2\/6019\">+ Info<\/a><\/p><\/div>\n<\/li>\n\n<li class=\"wp-block-post post-6003 post type-post status-publish format-standard hentry category-featured category-news investigadores-sandra-boto\">\n<div class=\"wp-block-post-title\">SEMINAR<\/div>\n<div class=\"wp-block-post-date\"><time datetime=\"2017-11-30T11:23:29+00:00\">30 Novembro, 2017<\/time><\/div>\n<div class=\"wp-block-post-excerpt\"><p class=\"wp-block-post-excerpt__excerpt\">CIAC promotes Seminar on Digital Culture <a class=\"wp-block-post-excerpt__more-link\" href=\"https:\/\/antigo.ciac.pt\/news\/seminar-10\/6003\">+ Info<\/a><\/p><\/div>\n<\/li>\n\n<li class=\"wp-block-post post-5991 post type-post status-publish format-standard hentry category-featured category-news investigadores-jorge-carrega\">\n<div class=\"wp-block-post-title\">CALL FOR PAPERS<\/div>\n<div class=\"wp-block-post-date\"><time datetime=\"2017-11-28T11:30:55+00:00\">28 Novembro, 2017<\/time><\/div>\n<div class=\"wp-block-post-excerpt\"><p class=\"wp-block-post-excerpt__excerpt\">Call for papers for the e-book Luso-Brazilian Perspectives in Arts and Communication \u2013 volume 2 <a class=\"wp-block-post-excerpt__more-link\" href=\"https:\/\/antigo.ciac.pt\/news\/call-for-papers-2\/5991\">+ Info<\/a><\/p><\/div>\n<\/li>\n\n<li class=\"wp-block-post post-5978 post type-post status-publish format-standard hentry category-featured category-news investigadores-mirian-tavares\">\n<div class=\"wp-block-post-title\">PUBLICATION<\/div>\n<div class=\"wp-block-post-date\"><time datetime=\"2017-11-24T13:59:38+00:00\">24 Novembro, 2017<\/time><\/div>\n<div class=\"wp-block-post-excerpt\"><p class=\"wp-block-post-excerpt__excerpt\">New article from Mirian Tavares is now available on the monthly edition of Wall Street International Magazine <a class=\"wp-block-post-excerpt__more-link\" href=\"https:\/\/antigo.ciac.pt\/news\/publication-19\/5978\">+ Info<\/a><\/p><\/div>\n<\/li>\n\n<li class=\"wp-block-post post-5973 post type-post status-publish format-standard hentry category-featured category-news investigadores-pedro-cabral-santo\">\n<div class=\"wp-block-post-title\">Visual Arts Series<\/div>\n<div class=\"wp-block-post-date\"><time datetime=\"2017-11-22T13:21:25+00:00\">22 Novembro, 2017<\/time><\/div>\n<div class=\"wp-block-post-excerpt\"><p class=\"wp-block-post-excerpt__excerpt\">The second session of the Visual Arts Series will take place on November 21, at 3:30 p.m., in the auditorium 0.4 &nbsp;in Penha&nbsp;Campus&nbsp;Pedagogical Complex, with Marco Lopes <a class=\"wp-block-post-excerpt__more-link\" href=\"https:\/\/antigo.ciac.pt\/news\/visual-arts-series-2\/5973\">+ Info<\/a><\/p><\/div>\n<\/li>\n\n<li class=\"wp-block-post post-5959 post type-post status-publish format-standard hentry category-featured category-news investigadores-ana-romana investigadores-pedro-cabral-santo\">\n<div class=\"wp-block-post-title\">Exhibition<\/div>\n<div class=\"wp-block-post-date\"><time datetime=\"2017-11-21T10:40:39+00:00\">21 Novembro, 2017<\/time><\/div>\n<div class=\"wp-block-post-excerpt\"><p class=\"wp-block-post-excerpt__excerpt\">Ana Jo\u00e3o Romana inaugurates, on November 25, at 4:00 pm, the exhibition \u201cSala de Leitura\u201d (Reading Room), in Lisbon. <a class=\"wp-block-post-excerpt__more-link\" href=\"https:\/\/antigo.ciac.pt\/news\/event-14\/5959\">+ Info<\/a><\/p><\/div>\n<\/li>\n\n<li class=\"wp-block-post post-5941 post type-post status-publish format-standard hentry category-featured category-news investigadores-jean-paul-bucchieri\">\n<div class=\"wp-block-post-title\">EVENT<\/div>\n<div class=\"wp-block-post-date\"><time datetime=\"2017-11-15T10:25:04+00:00\">15 Novembro, 2017<\/time><\/div>\n<div class=\"wp-block-post-excerpt\"><p class=\"wp-block-post-excerpt__excerpt\">Jean Paul Bucchieri presents premiere at the D. Maria II National Theater <a class=\"wp-block-post-excerpt__more-link\" href=\"https:\/\/antigo.ciac.pt\/news\/event-13\/5941\">+ Info<\/a><\/p><\/div>\n<\/li>\n\n<li class=\"wp-block-post post-5934 post type-post status-publish format-standard hentry category-featured category-news investigadores-bruno-mendes-da-silva investigadores-mirian-tavares\">\n<div class=\"wp-block-post-title\">NEWSLETTER<\/div>\n<div class=\"wp-block-post-date\"><time datetime=\"2017-11-15T10:08:04+00:00\">15 Novembro, 2017<\/time><\/div>\n<div class=\"wp-block-post-excerpt\"><p class=\"wp-block-post-excerpt__excerpt\">28th CIAC Newsletter is now available <a class=\"wp-block-post-excerpt__more-link\" href=\"https:\/\/antigo.ciac.pt\/news\/newsletter-2\/5934\">+ Info<\/a><\/p><\/div>\n<\/li>\n\n<li class=\"wp-block-post post-5920 post type-post status-publish format-standard hentry category-featured category-news investigadores-ana-filipa-cerol-martins investigadores-leticia-torres\">\n<div class=\"wp-block-post-title\">EVENT<\/div>\n<div class=\"wp-block-post-date\"><time datetime=\"2017-11-14T11:26:00+00:00\">14 Novembro, 2017<\/time><\/div>\n<div class=\"wp-block-post-excerpt\"><p class=\"wp-block-post-excerpt__excerpt\">CIAC and ESEC promote session in the area of \u200b\u200bMedia Literacy <a class=\"wp-block-post-excerpt__more-link\" href=\"https:\/\/antigo.ciac.pt\/news\/event-12\/5920\">+ Info<\/a><\/p><\/div>\n<\/li>\n\n<li class=\"wp-block-post post-5906 post type-post status-publish format-standard hentry category-featured category-news investigadores-pedro-cabral-santo\">\n<div class=\"wp-block-post-title\">Visual Arts Series<\/div>\n<div class=\"wp-block-post-date\"><time datetime=\"2017-11-13T13:19:31+00:00\">13 Novembro, 2017<\/time><\/div>\n<div class=\"wp-block-post-excerpt\"><p class=\"wp-block-post-excerpt__excerpt\">Visual Arts Series 2017\/2018 kicks off on November 14 with the guests Vasco Vidigal and Ana Andr\u00e9 <a class=\"wp-block-post-excerpt__more-link\" href=\"https:\/\/antigo.ciac.pt\/news\/visual-arts-series\/5906\">+ Info<\/a><\/p><\/div>\n<\/li>\n\n<li class=\"wp-block-post post-5887 post type-post status-publish format-standard hentry category-featured category-news investigadores-mirian-tavares\">\n<div class=\"wp-block-post-title\">PUBLICATION<\/div>\n<div class=\"wp-block-post-date\"><time datetime=\"2017-11-10T16:09:30+00:00\">10 Novembro, 2017<\/time><\/div>\n<div class=\"wp-block-post-excerpt\"><p class=\"wp-block-post-excerpt__excerpt\">Result of postdoctoral research at CIAC is published as a book <a class=\"wp-block-post-excerpt__more-link\" href=\"https:\/\/antigo.ciac.pt\/news\/publication-18\/5887\">+ Info<\/a><\/p><\/div>\n<\/li>\n\n<li class=\"wp-block-post post-5857 post type-post status-publish format-standard hentry category-featured category-news investigadores-mirian-tavares\">\n<div class=\"wp-block-post-title\">CONFERENCE<\/div>\n<div class=\"wp-block-post-date\"><time datetime=\"2017-11-09T12:46:44+00:00\">9 Novembro, 2017<\/time><\/div>\n<div class=\"wp-block-post-excerpt\"><p class=\"wp-block-post-excerpt__excerpt\">The Municipality of Loul\u00e9 and the University of Algarve hold the conference \u201cCan the Baroque be European?\u201d by Hans Ulrich Gumbrecht <a class=\"wp-block-post-excerpt__more-link\" href=\"https:\/\/antigo.ciac.pt\/news\/conference-13\/5857\">+ Info<\/a><\/p><\/div>\n<\/li>\n\n<li class=\"wp-block-post post-5818 post type-post status-publish format-standard hentry category-featured category-news\">\n<div class=\"wp-block-post-title\">EXHIBITION<\/div>\n<div class=\"wp-block-post-date\"><time datetime=\"2017-11-06T23:34:35+00:00\">6 Novembro, 2017<\/time><\/div>\n<div class=\"wp-block-post-excerpt\"><p class=\"wp-block-post-excerpt__excerpt\">Trem Gallery welcomes exhibition \u201cAs coisas que n\u00e3o existem s\u00e3o mais bonitas\u201d [Things that don\u2019t exist are more beautiful\u201d <a class=\"wp-block-post-excerpt__more-link\" href=\"https:\/\/antigo.ciac.pt\/news\/exhibition-46\/5818\">+ Info<\/a><\/p><\/div>\n<\/li>\n\n<li class=\"wp-block-post post-5635 post type-post status-publish format-standard hentry category-featured category-news investigadores-bruno-mendes-da-silva investigadores-mirian-tavares\">\n<div class=\"wp-block-post-title\">PROJECT<\/div>\n<div class=\"wp-block-post-date\"><time datetime=\"2017-11-02T10:31:08+00:00\">2 Novembro, 2017<\/time><\/div>\n<div class=\"wp-block-post-excerpt\"><p class=\"wp-block-post-excerpt__excerpt\">Erasmus + 4CDE project partners meet for another working week in Liverpool <a class=\"wp-block-post-excerpt__more-link\" href=\"https:\/\/antigo.ciac.pt\/news\/project-25\/5635\">+ Info<\/a><\/p><\/div>\n<\/li>\n\n<li class=\"wp-block-post post-5598 post type-post status-publish format-standard hentry category-featured category-news investigadores-alexandre-pieroni-calado investigadores-eugenia-vasques\">\n<div class=\"wp-block-post-title\">BOOK<\/div>\n<div class=\"wp-block-post-date\"><time datetime=\"2017-10-31T10:54:58+00:00\">31 Outubro, 2017<\/time><\/div>\n<div class=\"wp-block-post-excerpt\"><p class=\"wp-block-post-excerpt__excerpt\">CIAC\u2019 researchers launch the book Os pontos no Teatro Nacional D. Maria II <a class=\"wp-block-post-excerpt__more-link\" href=\"https:\/\/antigo.ciac.pt\/news\/__trashed-2\/5598\">+ Info<\/a><\/p><\/div>\n<\/li>\n\n<li class=\"wp-block-post post-5561 post type-post status-publish format-standard hentry category-featured category-news\">\n<div class=\"wp-block-post-title\">EVENT<\/div>\n<div class=\"wp-block-post-date\"><time datetime=\"2017-10-31T09:31:07+00:00\">31 Outubro, 2017<\/time><\/div>\n<div class=\"wp-block-post-excerpt\"><p class=\"wp-block-post-excerpt__excerpt\">CIAC supports the 8\u00ba&nbsp;Typography Meeting <a class=\"wp-block-post-excerpt__more-link\" href=\"https:\/\/antigo.ciac.pt\/news\/evento-7\/5561\">+ Info<\/a><\/p><\/div>\n<\/li>\n\n<li class=\"wp-block-post post-5329 post type-post status-publish format-standard hentry category-featured category-news investigadores-mirian-tavares\">\n<div class=\"wp-block-post-title\">PUBLICATION<\/div>\n<div class=\"wp-block-post-date\"><time datetime=\"2017-10-27T11:21:43+00:00\">27 Outubro, 2017<\/time><\/div>\n<div class=\"wp-block-post-excerpt\"><p class=\"wp-block-post-excerpt__excerpt\">New article from Mirian Tavares is now available on the monthly edition of Wall Street International Magazine <a class=\"wp-block-post-excerpt__more-link\" href=\"https:\/\/antigo.ciac.pt\/news\/publicacao-24\/5329\">+ Info<\/a><\/p><\/div>\n<\/li>\n\n<li class=\"wp-block-post post-5308 post type-post status-publish format-standard hentry category-featured category-news investigadores-vitor-tome\">\n<div class=\"wp-block-post-title\">EVENT<\/div>\n<div class=\"wp-block-post-date\"><time datetime=\"2017-10-26T09:33:24+00:00\">26 Outubro, 2017<\/time><\/div>\n<div class=\"wp-block-post-excerpt\"><p class=\"wp-block-post-excerpt__excerpt\">CIAC researcher V\u00edtor Tom\u00e9 was one of the two keynote speakers invited by the Baltic Forum on Education for Democratic Citizenship &amp; Human Rights Education <a class=\"wp-block-post-excerpt__more-link\" href=\"https:\/\/antigo.ciac.pt\/news\/event-4\/5308\">+ Info<\/a><\/p><\/div>\n<\/li>\n\n<li class=\"wp-block-post post-5246 post type-post status-publish format-standard hentry category-featured category-news\">\n<div class=\"wp-block-post-title\">CONFERENCE<\/div>\n<div class=\"wp-block-post-date\"><time datetime=\"2017-10-24T09:00:10+00:00\">24 Outubro, 2017<\/time><\/div>\n<div class=\"wp-block-post-excerpt\"><p class=\"wp-block-post-excerpt__excerpt\">CIAC, in partnership with the Library of Algarve&nbsp;University, promotes the conference \u201cDe-stereotyping of the drawing\u201d by Maria Leticia Vianna <a class=\"wp-block-post-excerpt__more-link\" href=\"https:\/\/antigo.ciac.pt\/news\/conference\/5246\">+ Info<\/a><\/p><\/div>\n<\/li>\n\n<li class=\"wp-block-post post-5138 post type-post status-publish format-standard hentry category-featured category-news investigadores-jorge-carrega\">\n<div class=\"wp-block-post-title\">SEMINAR<\/div>\n<div class=\"wp-block-post-date\"><time datetime=\"2017-10-12T11:33:04+00:00\">12 Outubro, 2017<\/time><\/div>\n<div class=\"wp-block-post-excerpt\"><p class=\"wp-block-post-excerpt__excerpt\">CIAC and ESEC promote the Seminar \u201cThe Transnational Cinema of Mediterranean Europe\u201d with the researcher Jorge Carrega <a class=\"wp-block-post-excerpt__more-link\" href=\"https:\/\/antigo.ciac.pt\/news\/seminario-3\/5138\">+ Info<\/a><\/p><\/div>\n<\/li>\n\n<li class=\"wp-block-post post-4998 post type-post status-publish format-standard hentry category-featured category-news\">\n<div class=\"wp-block-post-title\">EXHIBITION<\/div>\n<div class=\"wp-block-post-date\"><time datetime=\"2017-10-09T09:56:24+00:00\">9 Outubro, 2017<\/time><\/div>\n<div class=\"wp-block-post-excerpt\"><p class=\"wp-block-post-excerpt__excerpt\">Galeria Trem welcome the exhibition Hey teachers \u2026 by Sara and Andr\u00e9 <a class=\"wp-block-post-excerpt__more-link\" href=\"https:\/\/antigo.ciac.pt\/news\/exhibition\/4998\">+ Info<\/a><\/p><\/div>\n<\/li>\n\n<li class=\"wp-block-post post-4984 post type-post status-publish format-standard hentry category-featured category-news\">\n<div class=\"wp-block-post-title\">SEMINAR<\/div>\n<div class=\"wp-block-post-date\"><time datetime=\"2017-10-06T10:01:30+00:00\">6 Outubro, 2017<\/time><\/div>\n<div class=\"wp-block-post-excerpt\"><p class=\"wp-block-post-excerpt__excerpt\">CIAC and ESEC promote a Seminar on Politics and Communication by \u00c1lvaro Americano <a class=\"wp-block-post-excerpt__more-link\" href=\"https:\/\/antigo.ciac.pt\/news\/seminar\/4984\">+ Info<\/a><\/p><\/div>\n<\/li>\n\n<li class=\"wp-block-post post-4930 post type-post status-publish format-standard hentry category-featured category-news investigadores-beatriz-cantinho\">\n<div class=\"wp-block-post-title\">EVENT<\/div>\n<div class=\"wp-block-post-date\"><time datetime=\"2017-10-04T10:12:41+00:00\">4 Outubro, 2017<\/time><\/div>\n<div class=\"wp-block-post-excerpt\"><p class=\"wp-block-post-excerpt__excerpt\">Da Nova Arte de Fazer Ru\u00ednas presents a new show at the Thalia Theater on October 12 and 13 <a class=\"wp-block-post-excerpt__more-link\" href=\"https:\/\/antigo.ciac.pt\/news\/event-2\/4930\">+ Info<\/a><\/p><\/div>\n<\/li>\n\n<li class=\"wp-block-post post-4913 post type-post status-publish format-standard hentry category-featured category-news investigadores-natalia-laranjinha\">\n<div class=\"wp-block-post-title\">EVENT<\/div>\n<div class=\"wp-block-post-date\"><time datetime=\"2017-10-03T09:27:37+00:00\">3 Outubro, 2017<\/time><\/div>\n<div class=\"wp-block-post-excerpt\"><p class=\"wp-block-post-excerpt__excerpt\">Nat\u00e1lia Laranjinha presents her latest book: Lars von Trier Pathos et surface at Cinemateca Portuguesa. <a class=\"wp-block-post-excerpt__more-link\" href=\"https:\/\/antigo.ciac.pt\/news\/event\/4913\">+ Info<\/a><\/p><\/div>\n<\/li>\n\n<li class=\"wp-block-post post-4903 post type-post status-publish format-standard hentry category-featured category-news investigadores-pedro-cabral-santo\">\n<div class=\"wp-block-post-title\">BOOK<\/div>\n<div class=\"wp-block-post-date\"><time datetime=\"2017-10-02T09:45:18+00:00\">2 Outubro, 2017<\/time><\/div>\n<div class=\"wp-block-post-excerpt\"><p class=\"wp-block-post-excerpt__excerpt\">Pedro Cabral Santo has just released Sound Climax (book and CD), by Stolen Books. <a class=\"wp-block-post-excerpt__more-link\" href=\"https:\/\/antigo.ciac.pt\/news\/publicacao-22\/4903\">+ Info<\/a><\/p><\/div>\n<\/li>\n\n<li class=\"wp-block-post post-4865 post type-post status-publish format-standard hentry category-featured category-news investigadores-beatriz-cantinho\">\n<div class=\"wp-block-post-title\">ARTISTIC RESIDENCIES<\/div>\n<div class=\"wp-block-post-date\"><time datetime=\"2017-09-29T10:02:09+00:00\">29 Setembro, 2017<\/time><\/div>\n<div class=\"wp-block-post-excerpt\"><p class=\"wp-block-post-excerpt__excerpt\">Da Nova Arte de Fazer Ru\u00ednas&nbsp; promotes Artistic Residencies in Azores <a class=\"wp-block-post-excerpt__more-link\" href=\"https:\/\/antigo.ciac.pt\/news\/artistic-residencies\/4865\">+ Info<\/a><\/p><\/div>\n<\/li>\n\n<li class=\"wp-block-post post-4658 post type-post status-publish format-standard hentry category-featured category-news investigadores-aderito-marcos investigadores-angela-saldanha investigadores-elizabeth-carvalho investigadores-pedro-veiga\">\n<div class=\"wp-block-post-title\">PROJECT<\/div>\n<div class=\"wp-block-post-date\"><time datetime=\"2017-09-26T10:19:40+00:00\">26 Setembro, 2017<\/time><\/div>\n<div class=\"wp-block-post-excerpt\"><p class=\"wp-block-post-excerpt__excerpt\">The project INVITRO-gerador was considered for financing by the&nbsp;Directorate General for Arts <a class=\"wp-block-post-excerpt__more-link\" href=\"https:\/\/antigo.ciac.pt\/news\/project-4\/4658\">+ Info<\/a><\/p><\/div>\n<\/li>\n\n<li class=\"wp-block-post post-4633 post type-post status-publish format-standard hentry category-featured category-news investigadores-mirian-tavares\">\n<div class=\"wp-block-post-title\">PUBLICATION<\/div>\n<div class=\"wp-block-post-date\"><time datetime=\"2017-09-25T14:05:22+00:00\">25 Setembro, 2017<\/time><\/div>\n<div class=\"wp-block-post-excerpt\"><p class=\"wp-block-post-excerpt__excerpt\">Mirian Tavares writes about Jos\u00e9 Ma\u00e7as de Carvalho in hers&nbsp;weekly article in Wall Street International Magazine <a class=\"wp-block-post-excerpt__more-link\" href=\"https:\/\/antigo.ciac.pt\/news\/publicacao-20\/4633\">+ Info<\/a><\/p><\/div>\n<\/li>\n\n<li class=\"wp-block-post post-4584 post type-post status-publish format-standard hentry category-featured category-news\">\n<div class=\"wp-block-post-title\">Seminar<\/div>\n<div class=\"wp-block-post-date\"><time datetime=\"2017-09-22T14:21:08+00:00\">22 Setembro, 2017<\/time><\/div>\n<div class=\"wp-block-post-excerpt\"><p class=\"wp-block-post-excerpt__excerpt\">Museu Zer0, the first Portuguese museum exclusively dedicated to digital art, promotes the Seminar When the Bits Become Form, with the support of CIAC <a class=\"wp-block-post-excerpt__more-link\" href=\"https:\/\/antigo.ciac.pt\/news\/evento-3\/4584\">+ Info<\/a><\/p><\/div>\n<\/li>\n\n<li class=\"wp-block-post post-4563 post type-post status-publish format-standard hentry category-featured category-news investigadores-pedro-ferre investigadores-sandra-boto\">\n<div class=\"wp-block-post-title\">PROJECT<\/div>\n<div class=\"wp-block-post-date\"><time datetime=\"2017-09-22T10:22:09+00:00\">22 Setembro, 2017<\/time><\/div>\n<div class=\"wp-block-post-excerpt\"><p class=\"wp-block-post-excerpt__excerpt\">Romanceiro.pt is one of the projects selected by the European Association for Digital Humanities <a class=\"wp-block-post-excerpt__more-link\" href=\"https:\/\/antigo.ciac.pt\/news\/project-2\/4563\">+ Info<\/a><\/p><\/div>\n<\/li>\n\n<li class=\"wp-block-post post-4572 post type-post status-publish format-standard hentry category-featured category-news investigadores-vitor-tome\">\n<div class=\"wp-block-post-title\">PROJECT<\/div>\n<div class=\"wp-block-post-date\"><time datetime=\"2017-09-22T10:00:31+00:00\">22 Setembro, 2017<\/time><\/div>\n<div class=\"wp-block-post-excerpt\"><p class=\"wp-block-post-excerpt__excerpt\">CIAC researcher Vitor Tom\u00e9 is one of the authors of the book \u201cDigital Citizenship Education: Overview and new perspectives\u201d <a class=\"wp-block-post-excerpt__more-link\" href=\"https:\/\/antigo.ciac.pt\/news\/project-3\/4572\">+ Info<\/a><\/p><\/div>\n<\/li>\n\n<li class=\"wp-block-post post-4426 post type-post status-publish format-standard hentry category-featured category-news investigadores-bruno-mendes-da-silva investigadores-filipa-cerol investigadores-mirian-tavares\">\n<div class=\"wp-block-post-title\">WORKSHOP<\/div>\n<div class=\"wp-block-post-date\"><time datetime=\"2017-09-20T14:21:55+00:00\">20 Setembro, 2017<\/time><\/div>\n<div class=\"wp-block-post-excerpt\"><p class=\"wp-block-post-excerpt__excerpt\">CIAC and CRIA are organizing a session to promote and discuss the cultural and creative industries in Algarve <a class=\"wp-block-post-excerpt__more-link\" href=\"https:\/\/antigo.ciac.pt\/news\/workshop-2\/4426\">+ Info<\/a><\/p><\/div>\n<\/li>\n\n<li class=\"wp-block-post post-5272 post type-post status-publish format-standard hentry category-featured category-news\">\n<div class=\"wp-block-post-title\">CONFERENCE<\/div>\n<div class=\"wp-block-post-date\"><time datetime=\"2017-09-03T23:40:35+00:00\">3 Setembro, 2017<\/time><\/div>\n<div class=\"wp-block-post-excerpt\"><p class=\"wp-block-post-excerpt__excerpt\">ARTECH 2017 \u201cInterfaces of Tomorrow\u201d <a class=\"wp-block-post-excerpt__more-link\" href=\"https:\/\/antigo.ciac.pt\/news\/conference-2\/5272\">+ Info<\/a><\/p><\/div>\n<\/li>\n\n<li class=\"wp-block-post post-5277 post type-post status-publish format-standard hentry category-featured category-news\">\n<div class=\"wp-block-post-title\">RETREAT<\/div>\n<div class=\"wp-block-post-date\"><time datetime=\"2017-07-03T23:54:10+00:00\">3 Julho, 2017<\/time><\/div>\n<div class=\"wp-block-post-excerpt\"><p class=\"wp-block-post-excerpt__excerpt\">5th Digital Media Arts PhD Retreat takes place in Faro between July 08 and 14 <a class=\"wp-block-post-excerpt__more-link\" href=\"https:\/\/antigo.ciac.pt\/news\/retreat\/5277\">+ Info<\/a><\/p><\/div>\n<\/li>\n\n<li class=\"wp-block-post post-5564 post type-post status-publish format-standard hentry category-featured category-news\">\n<div class=\"wp-block-post-title\">EXHIBITION<\/div>\n<div class=\"wp-block-post-date\"><time datetime=\"2017-06-30T09:30:57+00:00\">30 Junho, 2017<\/time><\/div>\n<div class=\"wp-block-post-excerpt\"><p class=\"wp-block-post-excerpt__excerpt\">Samuel Rama brings \u201cPassagens\u201d to the Trem Gallery <a class=\"wp-block-post-excerpt__more-link\" href=\"https:\/\/antigo.ciac.pt\/news\/exhibition-2\/5564\">+ Info<\/a><\/p><\/div>\n<\/li>\n\n<li class=\"wp-block-post post-5288 post type-post status-publish format-standard hentry category-featured category-news\">\n<div class=\"wp-block-post-title\">EVENT<\/div>\n<div class=\"wp-block-post-date\"><time datetime=\"2017-06-27T00:05:06+00:00\">27 Junho, 2017<\/time><\/div>\n<div class=\"wp-block-post-excerpt\"><p class=\"wp-block-post-excerpt__excerpt\">CIAC researchers at the 2017 Science Meeting  <a class=\"wp-block-post-excerpt__more-link\" href=\"https:\/\/antigo.ciac.pt\/news\/event-3\/5288\">+ Info<\/a><\/p><\/div>\n<\/li>\n\n<li class=\"wp-block-post post-5687 post type-post status-publish format-standard hentry category-featured category-news\">\n<div class=\"wp-block-post-title\">EXHIBITION<\/div>\n<div class=\"wp-block-post-date\"><time datetime=\"2017-06-15T21:45:50+00:00\">15 Junho, 2017<\/time><\/div>\n<div class=\"wp-block-post-excerpt\"><p class=\"wp-block-post-excerpt__excerpt\">Pedro Cabral Santo opens the exhibition Dragon\u2019s Lair <a class=\"wp-block-post-excerpt__more-link\" href=\"https:\/\/antigo.ciac.pt\/news\/exhibition-11\/5687\">+ Info<\/a><\/p><\/div>\n<\/li>\n\n<li class=\"wp-block-post post-5569 post type-post status-publish format-standard hentry category-featured category-news\">\n<div class=\"wp-block-post-title\">EXHIBITION<\/div>\n<div class=\"wp-block-post-date\"><time datetime=\"2017-06-07T09:34:25+00:00\">7 Junho, 2017<\/time><\/div>\n<div class=\"wp-block-post-excerpt\"><p class=\"wp-block-post-excerpt__excerpt\">Loul\u00e9 hosts exhibition of Visual Arts final-year students <a class=\"wp-block-post-excerpt__more-link\" href=\"https:\/\/antigo.ciac.pt\/news\/exhibition-3\/5569\">+ Info<\/a><\/p><\/div>\n<\/li>\n\n<li class=\"wp-block-post post-5280 post type-post status-publish format-standard hentry category-featured category-news investigadores-maria-potes-barbas\">\n<div class=\"wp-block-post-title\">CONFERENCE<\/div>\n<div class=\"wp-block-post-date\"><time datetime=\"2017-05-25T23:56:13+00:00\">25 Maio, 2017<\/time><\/div>\n<div class=\"wp-block-post-excerpt\"><p class=\"wp-block-post-excerpt__excerpt\">Closing Conference of the UPTAKE ICT Project <a class=\"wp-block-post-excerpt__more-link\" href=\"https:\/\/antigo.ciac.pt\/news\/conference-3\/5280\">+ Info<\/a><\/p><\/div>\n<\/li>\n\n<li class=\"wp-block-post post-5294 post type-post status-publish format-standard hentry category-featured category-news\">\n<div class=\"wp-block-post-title\">CICLO<\/div>\n<div class=\"wp-block-post-date\"><time datetime=\"2017-05-16T00:15:31+00:00\">16 Maio, 2017<\/time><\/div>\n<div class=\"wp-block-post-excerpt\"><p class=\"wp-block-post-excerpt__excerpt\">Last session of the 16\/17 Visual Arts Series with Visual Arts alumni <a class=\"wp-block-post-excerpt__more-link\" href=\"https:\/\/antigo.ciac.pt\/news\/ciclo-2\/5294\">+ Info<\/a><\/p><\/div>\n<\/li>\n\n<li class=\"wp-block-post post-5576 post type-post status-publish format-standard hentry category-featured category-news\">\n<div class=\"wp-block-post-title\">EXHIBITION<\/div>\n<div class=\"wp-block-post-date\"><time datetime=\"2017-05-02T09:48:17+00:00\">2 Maio, 2017<\/time><\/div>\n<div class=\"wp-block-post-excerpt\"><p class=\"wp-block-post-excerpt__excerpt\">Na Poeira do Caminho [In the Dust of the Trail] by Susana Gaud\u00eancio opens at the Trem Gallery <a class=\"wp-block-post-excerpt__more-link\" href=\"https:\/\/antigo.ciac.pt\/news\/exhibition-4\/5576\">+ Info<\/a><\/p><\/div>\n<\/li>\n\n<li class=\"wp-block-post post-5285 post type-post status-publish format-standard hentry category-featured category-news\">\n<div class=\"wp-block-post-title\">CONFERENCE<\/div>\n<div class=\"wp-block-post-date\"><time datetime=\"2017-04-28T00:02:00+00:00\">28 Abril, 2017<\/time><\/div>\n<div class=\"wp-block-post-excerpt\"><p class=\"wp-block-post-excerpt__excerpt\">EURODESK: your project, your Europe. <a class=\"wp-block-post-excerpt__more-link\" href=\"https:\/\/antigo.ciac.pt\/news\/conference-4\/5285\">+ Info<\/a><\/p><\/div>\n<\/li>\n\n<li class=\"wp-block-post post-5291 post type-post status-publish format-standard hentry category-featured category-news\">\n<div class=\"wp-block-post-title\">CICLO<\/div>\n<div class=\"wp-block-post-date\"><time datetime=\"2017-03-01T00:10:58+00:00\">1 Mar\u00e7o, 2017<\/time><\/div>\n<div class=\"wp-block-post-excerpt\"><p class=\"wp-block-post-excerpt__excerpt\">Sandra Boto and Pedro Ferr\u00e9 open the month of March\u2019s Science for All Series <a class=\"wp-block-post-excerpt__more-link\" href=\"https:\/\/antigo.ciac.pt\/news\/ciclo\/5291\">+ Info<\/a><\/p><\/div>\n<\/li>\n\n<li class=\"wp-block-post post-5578 post type-post status-publish format-standard hentry category-featured category-news\">\n<div class=\"wp-block-post-title\">EXHIBITION<\/div>\n<div class=\"wp-block-post-date\"><time datetime=\"2017-02-27T09:53:48+00:00\">27 Fevereiro, 2017<\/time><\/div>\n<div class=\"wp-block-post-excerpt\"><p class=\"wp-block-post-excerpt__excerpt\">Trem Gallery hosts OCTAGONAL collective exhibition <a class=\"wp-block-post-excerpt__more-link\" href=\"https:\/\/antigo.ciac.pt\/news\/exhibition-5\/5578\">+ Info<\/a><\/p><\/div>\n<\/li>\n\n<li class=\"wp-block-post post-5580 post type-post status-publish format-standard hentry category-featured category-news\">\n<div class=\"wp-block-post-title\">EXHIBITION<\/div>\n<div class=\"wp-block-post-date\"><time datetime=\"2017-02-09T09:56:28+00:00\">9 Fevereiro, 2017<\/time><\/div>\n<div class=\"wp-block-post-excerpt\"><p class=\"wp-block-post-excerpt__excerpt\">Milreu Roman Ruins hosts Unforeseeable by Pedro Cabral Santo <a class=\"wp-block-post-excerpt__more-link\" href=\"https:\/\/antigo.ciac.pt\/news\/exhibition-6\/5580\">+ Info<\/a><\/p><\/div>\n<\/li>\n\n<li class=\"wp-block-post post-5267 post type-post status-publish format-standard hentry category-featured category-news\">\n<div class=\"wp-block-post-title\">CONFERENCE<\/div>\n<div class=\"wp-block-post-date\"><time datetime=\"2017-01-30T23:39:42+00:00\">30 Janeiro, 2017<\/time><\/div>\n<div class=\"wp-block-post-excerpt\"><p class=\"wp-block-post-excerpt__excerpt\">11th \u2018jornadas do CIAC\u2019 Conference <a class=\"wp-block-post-excerpt__more-link\" href=\"https:\/\/antigo.ciac.pt\/news\/jornadas\/5267\">+ Info<\/a><\/p><\/div>\n<\/li>\n\n<li class=\"wp-block-post post-911 post type-post status-publish format-standard hentry category-2017-conferencias category-conferencias category-featured category-news investigadores-sandra-boto\">\n<div class=\"wp-block-post-title\">JORNADAS<\/div>\n<div class=\"wp-block-post-date\"><time datetime=\"2017-01-30T10:10:00+00:00\">30 Janeiro, 2017<\/time><\/div>\n<div class=\"wp-block-post-excerpt\"><p class=\"wp-block-post-excerpt__excerpt\">XI edi\u00e7\u00e3o das Jornadas do CIAC  <a class=\"wp-block-post-excerpt__more-link\" href=\"https:\/\/antigo.ciac.pt\/news\/xi-jornadas\/911\">+ Info<\/a><\/p><\/div>\n<\/li>\n<\/ul>\n<\/div><\/div>\n\n\n\n<div class=\"wp-block-advgb-accordion-item advgb-accordion-item\" style=\"margin-bottom:15px\"><div class=\"advgb-accordion-header\" style=\"background-color:#ffffff;color:#000000;border-style:solid;border-width:0px;border-color:#ffffff\"><span class=\"advgb-accordion-header-icon\"><svg fill=\"#000000\" xmlns=\"http:\/\/www.w3.org\/2000\/svg\" width=\"24\" height=\"24\" viewBox=\"0 0 24 24\"><path fill=\"none\" d=\"M0,0h24v24H0V0z\"><\/path><path d=\"M6,10c-1.1,0-2,0.9-2,2s0.9,2,2,2s2-0.9,2-2S7.1,10,6,10z M18,10c-1.1,0-2,0.9-2,2s0.9,2,2,2s2-0.9,2-2S19.1,10,18,10z M12,10c-1.1,0-2,0.9-2,2s0.9,2,2,2s2-0.9,2-2S13.1,10,12,10z\"><\/path><\/svg><\/span><h2 class=\"advgb-accordion-header-title\" style=\"color:inherit\">2016<\/h2><\/div><div class=\"advgb-accordion-body\" style=\"border-style:solid !important;border-width:0px !important;border-color:#ffffff !important;border-top:none !important\">\n<ul>\n<li class=\"wp-block-post post-5745 post type-post status-publish format-standard hentry category-ciac-editions category-featured category-news category-proceedings category-publications investigadores-sandra-boto\">\n<div class=\"wp-block-post-title\">PUBLICATION<\/div>\n<div class=\"wp-block-post-date\"><time datetime=\"2016-12-13T23:56:42+00:00\">13 Dezembro, 2016<\/time><\/div>\n<div class=\"wp-block-post-excerpt\"><p class=\"wp-block-post-excerpt__excerpt\">CIAC launches minute book of its 8th \u2018Jornadas\u2019 Conference <a class=\"wp-block-post-excerpt__more-link\" href=\"https:\/\/antigo.ciac.pt\/news\/publication-16\/5745\">+ Info<\/a><\/p><\/div>\n<\/li>\n\n<li class=\"wp-block-post post-5585 post type-post status-publish format-standard hentry category-featured category-news\">\n<div class=\"wp-block-post-title\">PROJECT<\/div>\n<div class=\"wp-block-post-date\"><time datetime=\"2016-11-23T10:01:45+00:00\">23 Novembro, 2016<\/time><\/div>\n<div class=\"wp-block-post-excerpt\"><p class=\"wp-block-post-excerpt__excerpt\">Outdoor, Jovens Criadores <a class=\"wp-block-post-excerpt__more-link\" href=\"https:\/\/antigo.ciac.pt\/news\/project-24\/5585\">+ Info<\/a><\/p><\/div>\n<\/li>\n\n<li class=\"wp-block-post post-5583 post type-post status-publish format-standard hentry category-featured category-news\">\n<div class=\"wp-block-post-title\">EXHIBITION<\/div>\n<div class=\"wp-block-post-date\"><time datetime=\"2016-11-18T09:59:29+00:00\">18 Novembro, 2016<\/time><\/div>\n<div class=\"wp-block-post-excerpt\"><p class=\"wp-block-post-excerpt__excerpt\">Trem Gallery honours Costa Pinheiro <a class=\"wp-block-post-excerpt__more-link\" href=\"https:\/\/antigo.ciac.pt\/news\/exhibition-7\/5583\">+ Info<\/a><\/p><\/div>\n<\/li>\n\n<li class=\"wp-block-post post-5371 post type-post status-publish format-standard hentry category-featured category-news\">\n<div class=\"wp-block-post-title\">SEMINAR<\/div>\n<div class=\"wp-block-post-date\"><time datetime=\"2016-11-17T21:51:33+00:00\">17 Novembro, 2016<\/time><\/div>\n<div class=\"wp-block-post-excerpt\"><p class=\"wp-block-post-excerpt__excerpt\">CIAC and FCHS promote Seminar The War Next Door <a class=\"wp-block-post-excerpt__more-link\" href=\"https:\/\/antigo.ciac.pt\/news\/seminar-3\/5371\">+ Info<\/a><\/p><\/div>\n<\/li>\n\n<li class=\"wp-block-post post-5343 post type-post status-publish format-standard hentry category-featured category-news\">\n<div class=\"wp-block-post-title\">CONFERENCE<\/div>\n<div class=\"wp-block-post-date\"><time datetime=\"2016-11-04T12:42:27+00:00\">4 Novembro, 2016<\/time><\/div>\n<div class=\"wp-block-post-excerpt\"><p class=\"wp-block-post-excerpt__excerpt\">CIAC and ESEC promote the 4th Communication Conference <a class=\"wp-block-post-excerpt__more-link\" href=\"https:\/\/antigo.ciac.pt\/news\/jornadas-3\/5343\">+ Info<\/a><\/p><\/div>\n<\/li>\n\n<li class=\"wp-block-post post-5350 post type-post status-publish format-standard hentry category-featured category-news\">\n<div class=\"wp-block-post-title\">CONFERENCE<\/div>\n<div class=\"wp-block-post-date\"><time datetime=\"2016-10-18T10:30:11+00:00\">18 Outubro, 2016<\/time><\/div>\n<div class=\"wp-block-post-excerpt\"><p class=\"wp-block-post-excerpt__excerpt\">The programme for the International Conference \u2013 Europe and the Colonial Empires of the 16th, 17th and 18th centuries in Literature and Film is now available <a class=\"wp-block-post-excerpt__more-link\" href=\"https:\/\/antigo.ciac.pt\/news\/conference-5\/5350\">+ Info<\/a><\/p><\/div>\n<\/li>\n\n<li class=\"wp-block-post post-5587 post type-post status-publish format-standard hentry category-featured category-news\">\n<div class=\"wp-block-post-title\">EXHIBITION<\/div>\n<div class=\"wp-block-post-date\"><time datetime=\"2016-09-25T10:06:00+00:00\">25 Setembro, 2016<\/time><\/div>\n<div class=\"wp-block-post-excerpt\"><p class=\"wp-block-post-excerpt__excerpt\">Rui Sanches opens Janela, espelho, mapa\u2026 [Window, mirror, map\u2026] at the Trem Gallery <a class=\"wp-block-post-excerpt__more-link\" href=\"https:\/\/antigo.ciac.pt\/news\/exhibition-8\/5587\">+ Info<\/a><\/p><\/div>\n<\/li>\n\n<li class=\"wp-block-post post-5352 post type-post status-publish format-standard hentry category-featured category-news\">\n<div class=\"wp-block-post-title\">EVENT<\/div>\n<div class=\"wp-block-post-date\"><time datetime=\"2016-08-30T19:22:39+00:00\">30 Agosto, 2016<\/time><\/div>\n<div class=\"wp-block-post-excerpt\"><p class=\"wp-block-post-excerpt__excerpt\">CIAC joins forces with the Consulate General of Brazil in Faro to promote Brazil Week <a class=\"wp-block-post-excerpt__more-link\" href=\"https:\/\/antigo.ciac.pt\/news\/event-5\/5352\">+ Info<\/a><\/p><\/div>\n<\/li>\n\n<li class=\"wp-block-post post-5360 post type-post status-publish format-standard hentry category-featured category-news\">\n<div class=\"wp-block-post-title\">RETREAT<\/div>\n<div class=\"wp-block-post-date\"><time datetime=\"2016-07-14T21:29:51+00:00\">14 Julho, 2016<\/time><\/div>\n<div class=\"wp-block-post-excerpt\"><p class=\"wp-block-post-excerpt__excerpt\">4th Digital Media Arts PhD Retreat <a class=\"wp-block-post-excerpt__more-link\" href=\"https:\/\/antigo.ciac.pt\/news\/retiro\/5360\">+ Info<\/a><\/p><\/div>\n<\/li>\n\n<li class=\"wp-block-post post-5366 post type-post status-publish format-standard hentry category-featured category-news\">\n<div class=\"wp-block-post-title\">SEMINAR<\/div>\n<div class=\"wp-block-post-date\"><time datetime=\"2016-07-11T21:44:58+00:00\">11 Julho, 2016<\/time><\/div>\n<div class=\"wp-block-post-excerpt\"><p class=\"wp-block-post-excerpt__excerpt\">CIAC promotes Summer Seminar \u201cCurating Cultural Big Data\u201d <a class=\"wp-block-post-excerpt__more-link\" href=\"https:\/\/antigo.ciac.pt\/news\/seminar-2\/5366\">+ Info<\/a><\/p><\/div>\n<\/li>\n\n<li class=\"wp-block-post post-5590 post type-post status-publish format-standard hentry category-featured category-news\">\n<div class=\"wp-block-post-title\">EXHIBITION<\/div>\n<div class=\"wp-block-post-date\"><time datetime=\"2016-07-07T10:08:26+00:00\">7 Julho, 2016<\/time><\/div>\n<div class=\"wp-block-post-excerpt\"><p class=\"wp-block-post-excerpt__excerpt\">\nDeriva Continentais [Continental Drift] Series with Bert\u00edlio Martins\n<a class=\"wp-block-post-excerpt__more-link\" href=\"https:\/\/antigo.ciac.pt\/news\/exhibition-9\/5590\">+ Info<\/a><\/p><\/div>\n<\/li>\n\n<li class=\"wp-block-post post-5375 post type-post status-publish format-standard hentry category-featured category-news\">\n<div class=\"wp-block-post-title\">SCIENCE MEETING<\/div>\n<div class=\"wp-block-post-date\"><time datetime=\"2016-06-30T21:55:10+00:00\">30 Junho, 2016<\/time><\/div>\n<div class=\"wp-block-post-excerpt\"><p class=\"wp-block-post-excerpt__excerpt\">CIAC participates in the Science Meeting 2016 <a class=\"wp-block-post-excerpt__more-link\" href=\"https:\/\/antigo.ciac.pt\/news\/science-meeting\/5375\">+ Info<\/a><\/p><\/div>\n<\/li>\n\n<li class=\"wp-block-post post-5684 post type-post status-publish format-standard hentry category-featured category-news\">\n<div class=\"wp-block-post-title\">EXHIBITION<\/div>\n<div class=\"wp-block-post-date\"><time datetime=\"2016-06-20T21:41:20+00:00\">20 Junho, 2016<\/time><\/div>\n<div class=\"wp-block-post-excerpt\"><p class=\"wp-block-post-excerpt__excerpt\">UAlg Visual Arts final-year students exhibit at Pavilh\u00e3o 30 in Lisbon <a class=\"wp-block-post-excerpt__more-link\" href=\"https:\/\/antigo.ciac.pt\/news\/exhibition-10\/5684\">+ Info<\/a><\/p><\/div>\n<\/li>\n\n<li class=\"wp-block-post post-5689 post type-post status-publish format-standard hentry category-featured category-news\">\n<div class=\"wp-block-post-title\">EXHIBITION<\/div>\n<div class=\"wp-block-post-date\"><time datetime=\"2016-06-08T22:02:08+00:00\">8 Junho, 2016<\/time><\/div>\n<div class=\"wp-block-post-excerpt\"><p class=\"wp-block-post-excerpt__excerpt\">Xana opens CONTENTORES 2016 [CONTAINERS 2016] <a class=\"wp-block-post-excerpt__more-link\" href=\"https:\/\/antigo.ciac.pt\/news\/exhibition-12\/5689\">+ Info<\/a><\/p><\/div>\n<\/li>\n\n<li class=\"wp-block-post post-5721 post type-post status-publish format-standard hentry category-featured category-news\">\n<div class=\"wp-block-post-title\">EXHIBITION<\/div>\n<div class=\"wp-block-post-date\"><time datetime=\"2016-05-26T23:18:39+00:00\">26 Maio, 2016<\/time><\/div>\n<div class=\"wp-block-post-excerpt\"><p class=\"wp-block-post-excerpt__excerpt\">Artist, CIAC collaborator, exhibits in Lisbon <a class=\"wp-block-post-excerpt__more-link\" href=\"https:\/\/antigo.ciac.pt\/news\/exhibition-24\/5721\">+ Info<\/a><\/p><\/div>\n<\/li>\n\n<li class=\"wp-block-post post-5691 post type-post status-publish format-standard hentry category-featured category-news\">\n<div class=\"wp-block-post-title\">EXHIBITION<\/div>\n<div class=\"wp-block-post-date\"><time datetime=\"2016-05-16T22:22:25+00:00\">16 Maio, 2016<\/time><\/div>\n<div class=\"wp-block-post-excerpt\"><p class=\"wp-block-post-excerpt__excerpt\">CIAC researcher Rui Sanches opens collective exhibition <a class=\"wp-block-post-excerpt__more-link\" href=\"https:\/\/antigo.ciac.pt\/news\/exhibition-13\/5691\">+ Info<\/a><\/p><\/div>\n<\/li>\n\n<li class=\"wp-block-post post-5381 post type-post status-publish format-standard hentry category-featured category-news\">\n<div class=\"wp-block-post-title\">EVENT<\/div>\n<div class=\"wp-block-post-date\"><time datetime=\"2016-05-16T22:08:39+00:00\">16 Maio, 2016<\/time><\/div>\n<div class=\"wp-block-post-excerpt\"><p class=\"wp-block-post-excerpt__excerpt\">CIAC holds the \u201cGood International Practices of Culture Networks\u201d debate-lecture <a class=\"wp-block-post-excerpt__more-link\" href=\"https:\/\/antigo.ciac.pt\/news\/event-6\/5381\">+ Info<\/a><\/p><\/div>\n<\/li>\n\n<li class=\"wp-block-post post-5364 post type-post status-publish format-standard hentry category-featured category-news\">\n<div class=\"wp-block-post-title\">CONFERENCE<\/div>\n<div class=\"wp-block-post-date\"><time datetime=\"2016-05-12T21:38:39+00:00\">12 Maio, 2016<\/time><\/div>\n<div class=\"wp-block-post-excerpt\"><p class=\"wp-block-post-excerpt__excerpt\">\nArtibytes: Ideas to (re)use <a class=\"wp-block-post-excerpt__more-link\" href=\"https:\/\/antigo.ciac.pt\/news\/conference-6\/5364\">+ Info<\/a><\/p><\/div>\n<\/li>\n\n<li class=\"wp-block-post post-5384 post type-post status-publish format-standard hentry category-featured category-news\">\n<div class=\"wp-block-post-title\">SEMINAR<\/div>\n<div class=\"wp-block-post-date\"><time datetime=\"2016-05-10T22:12:12+00:00\">10 Maio, 2016<\/time><\/div>\n<div class=\"wp-block-post-excerpt\"><p class=\"wp-block-post-excerpt__excerpt\">ERC, ESEC and CIAC promote media literacy action <a class=\"wp-block-post-excerpt__more-link\" href=\"https:\/\/antigo.ciac.pt\/news\/seminar-4\/5384\">+ Info<\/a><\/p><\/div>\n<\/li>\n\n<li class=\"wp-block-post post-5693 post type-post status-publish format-standard hentry category-featured category-news\">\n<div class=\"wp-block-post-title\">EXHIBITION<\/div>\n<div class=\"wp-block-post-date\"><time datetime=\"2016-05-05T22:25:23+00:00\">5 Maio, 2016<\/time><\/div>\n<div class=\"wp-block-post-excerpt\"><p class=\"wp-block-post-excerpt__excerpt\">Xana opens XPTO in Lagos <a class=\"wp-block-post-excerpt__more-link\" href=\"https:\/\/antigo.ciac.pt\/news\/exhibition-14\/5693\">+ Info<\/a><\/p><\/div>\n<\/li>\n\n<li class=\"wp-block-post post-5698 post type-post status-publish format-standard hentry category-featured category-news\">\n<div class=\"wp-block-post-title\">EXHIBITION<\/div>\n<div class=\"wp-block-post-date\"><time datetime=\"2016-05-02T22:40:02+00:00\">2 Maio, 2016<\/time><\/div>\n<div class=\"wp-block-post-excerpt\"><p class=\"wp-block-post-excerpt__excerpt\">Pedro Amaral opens A Sul de Nenhum Norte [South of no North] at the Milreu Ruins <a class=\"wp-block-post-excerpt__more-link\" href=\"https:\/\/antigo.ciac.pt\/news\/exhibition-15\/5698\">+ Info<\/a><\/p><\/div>\n<\/li>\n\n<li class=\"wp-block-post post-5388 post type-post status-publish format-standard hentry category-featured category-news\">\n<div class=\"wp-block-post-title\">SEMINAR<\/div>\n<div class=\"wp-block-post-date\"><time datetime=\"2016-05-02T22:21:55+00:00\">2 Maio, 2016<\/time><\/div>\n<div class=\"wp-block-post-excerpt\"><p class=\"wp-block-post-excerpt__excerpt\">INVITRO holds \u201cHybrid documentaries: subjective aesthetics\u201d seminar with Denize Ara\u00fajo <a class=\"wp-block-post-excerpt__more-link\" href=\"https:\/\/antigo.ciac.pt\/news\/seminar-5\/5388\">+ Info<\/a><\/p><\/div>\n<\/li>\n\n<li class=\"wp-block-post post-5396 post type-post status-publish format-standard hentry category-featured category-news investigadores-ana-carvalho investigadores-celia-vieira\">\n<div class=\"wp-block-post-title\">SEMINAR<\/div>\n<div class=\"wp-block-post-date\"><time datetime=\"2016-04-22T22:31:08+00:00\">22 Abril, 2016<\/time><\/div>\n<div class=\"wp-block-post-excerpt\"><p class=\"wp-block-post-excerpt__excerpt\">CIAC and ISMAI to hold international seminar <a class=\"wp-block-post-excerpt__more-link\" href=\"https:\/\/antigo.ciac.pt\/news\/seminar-6\/5396\">+ Info<\/a><\/p><\/div>\n<\/li>\n\n<li class=\"wp-block-post post-5391 post type-post status-publish format-standard hentry category-featured category-news\">\n<div class=\"wp-block-post-title\">EVENT<\/div>\n<div class=\"wp-block-post-date\"><time datetime=\"2016-04-20T22:26:27+00:00\">20 Abril, 2016<\/time><\/div>\n<div class=\"wp-block-post-excerpt\"><p class=\"wp-block-post-excerpt__excerpt\">CIAC and ESEC hold seminar and workshop in the field of Communication Sciences <a class=\"wp-block-post-excerpt__more-link\" href=\"https:\/\/antigo.ciac.pt\/news\/event-7\/5391\">+ Info<\/a><\/p><\/div>\n<\/li>\n\n<li class=\"wp-block-post post-5704 post type-post status-publish format-standard hentry category-featured category-news\">\n<div class=\"wp-block-post-title\">EXHIBITION<\/div>\n<div class=\"wp-block-post-date\"><time datetime=\"2016-04-19T22:45:57+00:00\">19 Abril, 2016<\/time><\/div>\n<div class=\"wp-block-post-excerpt\"><p class=\"wp-block-post-excerpt__excerpt\">(In)coberto by Bert\u00edlio Martins opens at the TREM Gallery <a class=\"wp-block-post-excerpt__more-link\" href=\"https:\/\/antigo.ciac.pt\/news\/exhibition-17\/5704\">+ Info<\/a><\/p><\/div>\n<\/li>\n\n<li class=\"wp-block-post post-5700 post type-post status-publish format-standard hentry category-featured category-news\">\n<div class=\"wp-block-post-title\">EXHIBITION<\/div>\n<div class=\"wp-block-post-date\"><time datetime=\"2016-04-17T22:43:04+00:00\">17 Abril, 2016<\/time><\/div>\n<div class=\"wp-block-post-excerpt\"><p class=\"wp-block-post-excerpt__excerpt\">Artist and CIAC researcher Xana opens Flora\u00e7\u00e3o Secreta [Secret Flowering] at the Ermida de N\u00aa Sr\u00aa de Guadalupe\n<a class=\"wp-block-post-excerpt__more-link\" href=\"https:\/\/antigo.ciac.pt\/news\/exhibition-16\/5700\">+ Info<\/a><\/p><\/div>\n<\/li>\n\n<li class=\"wp-block-post post-5379 post type-post status-publish format-standard hentry category-featured category-news\">\n<div class=\"wp-block-post-title\">CICLO<\/div>\n<div class=\"wp-block-post-date\"><time datetime=\"2016-03-14T22:01:07+00:00\">14 Mar\u00e7o, 2016<\/time><\/div>\n<div class=\"wp-block-post-excerpt\"><p class=\"wp-block-post-excerpt__excerpt\">CIAC and FCHS promote Thematic Seminars <a class=\"wp-block-post-excerpt__more-link\" href=\"https:\/\/antigo.ciac.pt\/news\/ciclo-3\/5379\">+ Info<\/a><\/p><\/div>\n<\/li>\n\n<li class=\"wp-block-post post-5348 post type-post status-publish format-standard hentry category-featured category-news investigadores-eugenia-vasques\">\n<div class=\"wp-block-post-title\">THEATRE CONFERENCE<\/div>\n<div class=\"wp-block-post-date\"><time datetime=\"2016-03-11T19:13:20+00:00\">11 Mar\u00e7o, 2016<\/time><\/div>\n<div class=\"wp-block-post-excerpt\"><p class=\"wp-block-post-excerpt__excerpt\">Eug\u00e9nia Vasques coordinates Theatre Conference <a class=\"wp-block-post-excerpt__more-link\" href=\"https:\/\/antigo.ciac.pt\/news\/theatre-conference\/5348\">+ Info<\/a><\/p><\/div>\n<\/li>\n\n<li class=\"wp-block-post post-5340 post type-post status-publish format-standard hentry category-featured category-news\">\n<div class=\"wp-block-post-title\">JORNADAS<\/div>\n<div class=\"wp-block-post-date\"><time datetime=\"2016-01-22T14:30:09+00:00\">22 Janeiro, 2016<\/time><\/div>\n<div class=\"wp-block-post-excerpt\"><p class=\"wp-block-post-excerpt__excerpt\">10th \u2018Jornadas do CIAC\u2019 Conference to be held in February. <a class=\"wp-block-post-excerpt__more-link\" href=\"https:\/\/antigo.ciac.pt\/news\/jornadas-2\/5340\">+ Info<\/a><\/p><\/div>\n<\/li>\n\n<li class=\"wp-block-post post-5707 post type-post status-publish format-standard hentry category-featured category-news\">\n<div class=\"wp-block-post-title\">EXHIBITION<\/div>\n<div class=\"wp-block-post-date\"><time datetime=\"2016-01-19T22:55:50+00:00\">19 Janeiro, 2016<\/time><\/div>\n<div class=\"wp-block-post-excerpt\"><p class=\"wp-block-post-excerpt__excerpt\">Spaces by Rodrigo Bettencourt da C\u00e2mara at the Trem Gallery <a class=\"wp-block-post-excerpt__more-link\" href=\"https:\/\/antigo.ciac.pt\/news\/exhibition-18\/5707\">+ Info<\/a><\/p><\/div>\n<\/li>\n\n<li class=\"wp-block-post post-5399 post type-post status-publish format-standard hentry category-featured category-news\">\n<div class=\"wp-block-post-title\">EVENT<\/div>\n<div class=\"wp-block-post-date\"><time datetime=\"2016-01-03T22:35:00+00:00\">3 Janeiro, 2016<\/time><\/div>\n<div class=\"wp-block-post-excerpt\"><p class=\"wp-block-post-excerpt__excerpt\">Challenges and issues for the New Media Arts circuit with Marta Rodrigues\n<a class=\"wp-block-post-excerpt__more-link\" href=\"https:\/\/antigo.ciac.pt\/news\/event-8\/5399\">+ Info<\/a><\/p><\/div>\n<\/li>\n<\/ul>\n<\/div><\/div>\n\n\n\n<div class=\"wp-block-advgb-accordion-item advgb-accordion-item\" style=\"margin-bottom:15px\"><div class=\"advgb-accordion-header\" style=\"background-color:#ffffff;color:#000000;border-style:solid;border-width:0px;border-color:#ffffff\"><span class=\"advgb-accordion-header-icon\"><svg fill=\"#000000\" xmlns=\"http:\/\/www.w3.org\/2000\/svg\" width=\"24\" height=\"24\" viewBox=\"0 0 24 24\"><path fill=\"none\" d=\"M0,0h24v24H0V0z\"><\/path><path d=\"M6,10c-1.1,0-2,0.9-2,2s0.9,2,2,2s2-0.9,2-2S7.1,10,6,10z M18,10c-1.1,0-2,0.9-2,2s0.9,2,2,2s2-0.9,2-2S19.1,10,18,10z M12,10c-1.1,0-2,0.9-2,2s0.9,2,2,2s2-0.9,2-2S13.1,10,12,10z\"><\/path><\/svg><\/span><h2 class=\"advgb-accordion-header-title\" style=\"color:inherit\">2015<\/h2><\/div><div class=\"advgb-accordion-body\" style=\"border-style:solid !important;border-width:0px !important;border-color:#ffffff !important;border-top:none !important\">\n<ul>\n<li class=\"wp-block-post post-5710 post type-post status-publish format-standard hentry category-featured category-news\">\n<div class=\"wp-block-post-title\">EXHIBITION<\/div>\n<div class=\"wp-block-post-date\"><time datetime=\"2015-10-28T23:01:17+00:00\">28 Outubro, 2015<\/time><\/div>\n<div class=\"wp-block-post-excerpt\"><p class=\"wp-block-post-excerpt__excerpt\">\nCIAC presents \u201cO Cinema Musical de Hollywood\u201d [Hollywood Musicals] <a class=\"wp-block-post-excerpt__more-link\" href=\"https:\/\/antigo.ciac.pt\/news\/exhibition-19\/5710\">+ Info<\/a><\/p><\/div>\n<\/li>\n\n<li class=\"wp-block-post post-5712 post type-post status-publish format-standard hentry category-featured category-news\">\n<div class=\"wp-block-post-title\">EXHIBITION<\/div>\n<div class=\"wp-block-post-date\"><time datetime=\"2015-10-05T23:07:09+00:00\">5 Outubro, 2015<\/time><\/div>\n<div class=\"wp-block-post-excerpt\"><p class=\"wp-block-post-excerpt__excerpt\">\nTrem Gallery welcomes gabinete &gt; greg\u00f3rio, by Pedro Saraiva <a class=\"wp-block-post-excerpt__more-link\" href=\"https:\/\/antigo.ciac.pt\/news\/exhibition-20\/5712\">+ Info<\/a><\/p><\/div>\n<\/li>\n\n<li class=\"wp-block-post post-5714 post type-post status-publish format-standard hentry category-featured category-news\">\n<div class=\"wp-block-post-title\">EXHIBITION<\/div>\n<div class=\"wp-block-post-date\"><time datetime=\"2015-09-10T23:08:54+00:00\">10 Setembro, 2015<\/time><\/div>\n<div class=\"wp-block-post-excerpt\"><p class=\"wp-block-post-excerpt__excerpt\">The exhibition \u201cRU\u00cdNAS\u201d [RUINS] opens on September 19, at 6:00 p.m., at Milreu Ruins, in Estoi. <a class=\"wp-block-post-excerpt__more-link\" href=\"https:\/\/antigo.ciac.pt\/news\/exhibition-21\/5714\">+ Info<\/a><\/p><\/div>\n<\/li>\n\n<li class=\"wp-block-post post-5717 post type-post status-publish format-standard hentry category-featured category-news\">\n<div class=\"wp-block-post-title\">EXHIBITION<\/div>\n<div class=\"wp-block-post-date\"><time datetime=\"2015-09-02T23:13:07+00:00\">2 Setembro, 2015<\/time><\/div>\n<div class=\"wp-block-post-excerpt\"><p class=\"wp-block-post-excerpt__excerpt\">CIAC and Visual Arts will be present at the Festival F in Faro <a class=\"wp-block-post-excerpt__more-link\" href=\"https:\/\/antigo.ciac.pt\/news\/exhibition-22\/5717\">+ Info<\/a><\/p><\/div>\n<\/li>\n\n<li class=\"wp-block-post post-5410 post type-post status-publish format-standard hentry category-featured category-news\">\n<div class=\"wp-block-post-title\">RETREAT<\/div>\n<div class=\"wp-block-post-date\"><time datetime=\"2015-07-22T22:27:17+00:00\">22 Julho, 2015<\/time><\/div>\n<div class=\"wp-block-post-excerpt\"><p class=\"wp-block-post-excerpt__excerpt\">CIAC and Universidade Aberta hold 3rd Digital Media Arts PhD Retreat <a class=\"wp-block-post-excerpt__more-link\" href=\"https:\/\/antigo.ciac.pt\/news\/retreat-2\/5410\">+ Info<\/a><\/p><\/div>\n<\/li>\n\n<li class=\"wp-block-post post-5719 post type-post status-publish format-standard hentry category-featured category-news\">\n<div class=\"wp-block-post-title\">EXHIBITION<\/div>\n<div class=\"wp-block-post-date\"><time datetime=\"2015-07-02T23:15:27+00:00\">2 Julho, 2015<\/time><\/div>\n<div class=\"wp-block-post-excerpt\"><p class=\"wp-block-post-excerpt__excerpt\">Exhibition by Pedro Cabrita Reis at the Trem Gallery opens on July 16, at 7:00 p.m. <a class=\"wp-block-post-excerpt__more-link\" href=\"https:\/\/antigo.ciac.pt\/news\/exhibition-23\/5719\">+ Info<\/a><\/p><\/div>\n<\/li>\n\n<li class=\"wp-block-post post-5420 post type-post status-publish format-standard hentry category-featured category-news investigadores-vitor-reia\">\n<div class=\"wp-block-post-title\">CONFERENCE<\/div>\n<div class=\"wp-block-post-date\"><time datetime=\"2015-05-04T22:47:11+00:00\">4 Maio, 2015<\/time><\/div>\n<div class=\"wp-block-post-excerpt\"><p class=\"wp-block-post-excerpt__excerpt\">CIAC is holding the conference \u201cImages and Memories of Dictatorships\u201d by Denize Ara\u00fajo <a class=\"wp-block-post-excerpt__more-link\" href=\"https:\/\/antigo.ciac.pt\/news\/conference-7\/5420\">+ Info<\/a><\/p><\/div>\n<\/li>\n\n<li class=\"wp-block-post post-5433 post type-post status-publish format-standard hentry category-featured category-news\">\n<div class=\"wp-block-post-title\">CONFERENCE<\/div>\n<div class=\"wp-block-post-date\"><time datetime=\"2015-04-27T23:06:44+00:00\">27 Abril, 2015<\/time><\/div>\n<div class=\"wp-block-post-excerpt\"><p class=\"wp-block-post-excerpt__excerpt\">\nCIAC holds conference \u201cFL\u00c2NEUR \u2013 NEW URBAN NARRATIVES\u201d <a class=\"wp-block-post-excerpt__more-link\" href=\"https:\/\/antigo.ciac.pt\/news\/conference-8\/5433\">+ Info<\/a><\/p><\/div>\n<\/li>\n\n<li class=\"wp-block-post post-5726 post type-post status-publish format-standard hentry category-featured category-news\">\n<div class=\"wp-block-post-title\">EXHIBITION<\/div>\n<div class=\"wp-block-post-date\"><time datetime=\"2015-04-17T23:30:00+00:00\">17 Abril, 2015<\/time><\/div>\n<div class=\"wp-block-post-excerpt\"><p class=\"wp-block-post-excerpt__excerpt\">Exhibition by artist Ernesto Ceriz opens on April 23 at the Trem gallery. <a class=\"wp-block-post-excerpt__more-link\" href=\"https:\/\/antigo.ciac.pt\/news\/exhibition-25\/5726\">+ Info<\/a><\/p><\/div>\n<\/li>\n\n<li class=\"wp-block-post post-5407 post type-post status-publish format-standard hentry category-featured category-news investigadores-armando-nascimento-rosa\">\n<div class=\"wp-block-post-title\">EVENT<\/div>\n<div class=\"wp-block-post-date\"><time datetime=\"2015-03-20T22:22:10+00:00\">20 Mar\u00e7o, 2015<\/time><\/div>\n<div class=\"wp-block-post-excerpt\"><p class=\"wp-block-post-excerpt__excerpt\">9th \u2018Jornadas do CIAC\u2019 Conference to be held on March 27 <a class=\"wp-block-post-excerpt__more-link\" href=\"https:\/\/antigo.ciac.pt\/news\/event-9\/5407\">+ Info<\/a><\/p><\/div>\n<\/li>\n\n<li class=\"wp-block-post post-5414 post type-post status-publish format-standard hentry category-featured category-news investigadores-ana-isabel-soares investigadores-mirian-tavares\">\n<div class=\"wp-block-post-title\">EVENT<\/div>\n<div class=\"wp-block-post-date\"><time datetime=\"2015-02-19T22:31:27+00:00\">19 Fevereiro, 2015<\/time><\/div>\n<div class=\"wp-block-post-excerpt\"><p class=\"wp-block-post-excerpt__excerpt\">CIAC organises conference on post-war cinema <a class=\"wp-block-post-excerpt__more-link\" href=\"https:\/\/antigo.ciac.pt\/news\/event-10\/5414\">+ Info<\/a><\/p><\/div>\n<\/li>\n\n<li class=\"wp-block-post post-5423 post type-post status-publish format-standard hentry category-featured category-news\">\n<div class=\"wp-block-post-title\">SEMINAR<\/div>\n<div class=\"wp-block-post-date\"><time datetime=\"2015-02-10T22:53:05+00:00\">10 Fevereiro, 2015<\/time><\/div>\n<div class=\"wp-block-post-excerpt\"><p class=\"wp-block-post-excerpt__excerpt\">CIAC holds seminar on Digital Humanities <a class=\"wp-block-post-excerpt__more-link\" href=\"https:\/\/antigo.ciac.pt\/news\/seminar-7\/5423\">+ Info<\/a><\/p><\/div>\n<\/li>\n\n<li class=\"wp-block-post post-5728 post type-post status-publish format-standard hentry category-featured category-news\">\n<div class=\"wp-block-post-title\">EXHIBITION<\/div>\n<div class=\"wp-block-post-date\"><time datetime=\"2015-01-14T23:33:29+00:00\">14 Janeiro, 2015<\/time><\/div>\n<div class=\"wp-block-post-excerpt\"><p class=\"wp-block-post-excerpt__excerpt\">Trem Gallery welcomes \u201c3285 dias\u201d [3285 days] in honour of the Visual Arts Course of UAlg <a class=\"wp-block-post-excerpt__more-link\" href=\"https:\/\/antigo.ciac.pt\/news\/exhibition-26\/5728\">+ Info<\/a><\/p><\/div>\n<\/li>\n\n<li class=\"wp-block-post post-5731 post type-post status-publish format-standard hentry category-featured category-news\">\n<div class=\"wp-block-post-title\">EXHIBITION<\/div>\n<div class=\"wp-block-post-date\"><time datetime=\"2015-01-05T23:40:29+00:00\">5 Janeiro, 2015<\/time><\/div>\n<div class=\"wp-block-post-excerpt\"><p class=\"wp-block-post-excerpt__excerpt\">\nCIAC organises Interactive Media Art exhibition <a class=\"wp-block-post-excerpt__more-link\" href=\"https:\/\/antigo.ciac.pt\/news\/exhibition-27\/5731\">+ Info<\/a><\/p><\/div>\n<\/li>\n<\/ul>\n<\/div><\/div>\n\n\n\n<div class=\"wp-block-advgb-accordion-item advgb-accordion-item\" style=\"margin-bottom:15px\"><div class=\"advgb-accordion-header\" style=\"background-color:#ffffff;color:#000000;border-style:solid;border-width:0px;border-color:#ffffff\"><span class=\"advgb-accordion-header-icon\"><svg fill=\"#000000\" xmlns=\"http:\/\/www.w3.org\/2000\/svg\" width=\"24\" height=\"24\" viewBox=\"0 0 24 24\"><path fill=\"none\" d=\"M0,0h24v24H0V0z\"><\/path><path d=\"M6,10c-1.1,0-2,0.9-2,2s0.9,2,2,2s2-0.9,2-2S7.1,10,6,10z M18,10c-1.1,0-2,0.9-2,2s0.9,2,2,2s2-0.9,2-2S19.1,10,18,10z M12,10c-1.1,0-2,0.9-2,2s0.9,2,2,2s2-0.9,2-2S13.1,10,12,10z\"><\/path><\/svg><\/span><h2 class=\"advgb-accordion-header-title\" style=\"color:inherit\">2014<\/h2><\/div><div class=\"advgb-accordion-body\" style=\"border-style:solid !important;border-width:0px !important;border-color:#ffffff !important;border-top:none !important\">\n<ul>\n<li class=\"wp-block-post post-5436 post type-post status-publish format-standard hentry category-featured category-news investigadores-mirian-tavares investigadores-sandra-boto\">\n<div class=\"wp-block-post-title\">EVENT<\/div>\n<div class=\"wp-block-post-date\"><time datetime=\"2014-12-08T23:15:54+00:00\">8 Dezembro, 2014<\/time><\/div>\n<div class=\"wp-block-post-excerpt\"><p class=\"wp-block-post-excerpt__excerpt\">8th \u2018Jorndadas do CIAC\u2019 Conference highlights research in Arts and Communication <a class=\"wp-block-post-excerpt__more-link\" href=\"https:\/\/antigo.ciac.pt\/news\/event-11\/5436\">+ Info<\/a><\/p><\/div>\n<\/li>\n\n<li class=\"wp-block-post post-5749 post type-post status-publish format-standard hentry category-ciac-editions category-featured category-news category-proceedings category-publications investigadores-sandra-boto\">\n<div class=\"wp-block-post-title\">PUBLICATION<\/div>\n<div class=\"wp-block-post-date\"><time datetime=\"2014-10-23T00:02:16+00:00\">23 Outubro, 2014<\/time><\/div>\n<div class=\"wp-block-post-excerpt\"><p class=\"wp-block-post-excerpt__excerpt\">CIAC has just launched minute book of its 7th \u2018Jornadas\u2019 Conference <a class=\"wp-block-post-excerpt__more-link\" href=\"https:\/\/antigo.ciac.pt\/news\/publication-17\/5749\">+ Info<\/a><\/p><\/div>\n<\/li>\n\n<li class=\"wp-block-post post-5769 post type-post status-publish format-standard hentry category-featured category-news\">\n<div class=\"wp-block-post-title\">EXHIBITION<\/div>\n<div class=\"wp-block-post-date\"><time datetime=\"2014-10-06T10:18:29+00:00\">6 Outubro, 2014<\/time><\/div>\n<div class=\"wp-block-post-excerpt\"><p class=\"wp-block-post-excerpt__excerpt\">\nRui Sanches opens exhibition Nada \u00e9 Imut\u00e1vel [Nothing is unchanging] <a class=\"wp-block-post-excerpt__more-link\" href=\"https:\/\/antigo.ciac.pt\/news\/exhibition-31\/5769\">+ Info<\/a><\/p><\/div>\n<\/li>\n\n<li class=\"wp-block-post post-5772 post type-post status-publish format-standard hentry category-featured category-news\">\n<div class=\"wp-block-post-title\">EXHIBITION<\/div>\n<div class=\"wp-block-post-date\"><time datetime=\"2014-10-04T10:23:03+00:00\">4 Outubro, 2014<\/time><\/div>\n<div class=\"wp-block-post-excerpt\"><p class=\"wp-block-post-excerpt__excerpt\">Teatro dos Figuras and Trem Gallery welcome work by Manuel Baptista <a class=\"wp-block-post-excerpt__more-link\" href=\"https:\/\/antigo.ciac.pt\/news\/exhibition-32\/5772\">+ Info<\/a><\/p><\/div>\n<\/li>\n\n<li class=\"wp-block-post post-5779 post type-post status-publish format-standard hentry category-featured category-news\">\n<div class=\"wp-block-post-title\">EXHIBITION<\/div>\n<div class=\"wp-block-post-date\"><time datetime=\"2014-09-30T10:30:27+00:00\">30 Setembro, 2014<\/time><\/div>\n<div class=\"wp-block-post-excerpt\"><p class=\"wp-block-post-excerpt__excerpt\">Exhibition \u201cNem Gregos Nem Troianos\u201d [Neither Greeks nor Trojans] opens on October 02 <a class=\"wp-block-post-excerpt__more-link\" href=\"https:\/\/antigo.ciac.pt\/news\/exhibition-33\/5779\">+ Info<\/a><\/p><\/div>\n<\/li>\n\n<li class=\"wp-block-post post-5784 post type-post status-publish format-standard hentry category-featured category-news\">\n<div class=\"wp-block-post-title\">EXHIBITION<\/div>\n<div class=\"wp-block-post-date\"><time datetime=\"2014-09-20T10:39:50+00:00\">20 Setembro, 2014<\/time><\/div>\n<div class=\"wp-block-post-excerpt\"><p class=\"wp-block-post-excerpt__excerpt\">\nEdgar Massul opens #other free works and invites us to take a new look at the Ria Formosa <a class=\"wp-block-post-excerpt__more-link\" href=\"https:\/\/antigo.ciac.pt\/news\/exhibition-34\/5784\">+ Info<\/a><\/p><\/div>\n<\/li>\n\n<li class=\"wp-block-post post-5788 post type-post status-publish format-standard hentry category-featured category-news\">\n<div class=\"wp-block-post-title\">EXHIBITION<\/div>\n<div class=\"wp-block-post-date\"><time datetime=\"2014-09-11T10:41:53+00:00\">11 Setembro, 2014<\/time><\/div>\n<div class=\"wp-block-post-excerpt\"><p class=\"wp-block-post-excerpt__excerpt\">Pedro Cabral Santo opens the exhibition \u201cBarba Azul a Preto e Branco\u201d [Blue Beard in Black and White <a class=\"wp-block-post-excerpt__more-link\" href=\"https:\/\/antigo.ciac.pt\/news\/exhibition-35\/5788\">+ Info<\/a><\/p><\/div>\n<\/li>\n\n<li class=\"wp-block-post post-5790 post type-post status-publish format-standard hentry category-featured category-news\">\n<div class=\"wp-block-post-title\">EXHIBITION<\/div>\n<div class=\"wp-block-post-date\"><time datetime=\"2014-07-31T10:44:00+00:00\">31 Julho, 2014<\/time><\/div>\n<div class=\"wp-block-post-excerpt\"><p class=\"wp-block-post-excerpt__excerpt\">\nCECAL welcomes exhibition by Gustavo de Jesus <a class=\"wp-block-post-excerpt__more-link\" href=\"https:\/\/antigo.ciac.pt\/news\/exhibition-36\/5790\">+ Info<\/a><\/p><\/div>\n<\/li>\n\n<li class=\"wp-block-post post-5475 post type-post status-publish format-standard hentry category-featured category-news\">\n<div class=\"wp-block-post-title\">RETREAT<\/div>\n<div class=\"wp-block-post-date\"><time datetime=\"2014-07-03T23:53:04+00:00\">3 Julho, 2014<\/time><\/div>\n<div class=\"wp-block-post-excerpt\"><p class=\"wp-block-post-excerpt__excerpt\">CIAC and Universidade Aberta organise 2nd Digital Media Arts PhD Retreat\n<a class=\"wp-block-post-excerpt__more-link\" href=\"https:\/\/antigo.ciac.pt\/news\/retreat-3\/5475\">+ Info<\/a><\/p><\/div>\n<\/li>\n\n<li class=\"wp-block-post post-5792 post type-post status-publish format-standard hentry category-featured category-news investigadores-mirian-tavares investigadores-pedro-cabral-santo investigadores-rui-sanches investigadores-tiao-batista\">\n<div class=\"wp-block-post-title\">EXHIBITION<\/div>\n<div class=\"wp-block-post-date\"><time datetime=\"2014-07-02T10:46:10+00:00\">2 Julho, 2014<\/time><\/div>\n<div class=\"wp-block-post-excerpt\"><p class=\"wp-block-post-excerpt__excerpt\">Final-year Visual Arts students exhibit in Loul\u00e9 <a class=\"wp-block-post-excerpt__more-link\" href=\"https:\/\/antigo.ciac.pt\/news\/exhibition-37\/5792\">+ Info<\/a><\/p><\/div>\n<\/li>\n\n<li class=\"wp-block-post post-207 post type-post status-publish format-standard hentry category-featured category-news\">\n<div class=\"wp-block-post-title\">WORKSHOP<\/div>\n<div class=\"wp-block-post-date\"><time datetime=\"2014-05-23T10:00:00+00:00\">23 Maio, 2014<\/time><\/div>\n<div class=\"wp-block-post-excerpt\"><p class=\"wp-block-post-excerpt__excerpt\">CIAC promotes a presentation and experimentation session of Projecto RECARDI <a class=\"wp-block-post-excerpt__more-link\" href=\"https:\/\/antigo.ciac.pt\/news\/workshop-recardi2\/207\">+ Info<\/a><\/p><\/div>\n<\/li>\n\n<li class=\"wp-block-post post-5479 post type-post status-publish format-standard hentry category-featured category-news\">\n<div class=\"wp-block-post-title\">LECTURE<\/div>\n<div class=\"wp-block-post-date\"><time datetime=\"2014-05-18T23:56:50+00:00\">18 Maio, 2014<\/time><\/div>\n<div class=\"wp-block-post-excerpt\"><p class=\"wp-block-post-excerpt__excerpt\">Massimo Canevacci invited by CIAC to visit UAlg <a class=\"wp-block-post-excerpt__more-link\" href=\"https:\/\/antigo.ciac.pt\/news\/lecture-2\/5479\">+ Info<\/a><\/p><\/div>\n<\/li>\n\n<li class=\"wp-block-post post-209 post type-post status-publish format-standard hentry category-featured category-news\">\n<div class=\"wp-block-post-title\">LECTURE<\/div>\n<div class=\"wp-block-post-date\"><time datetime=\"2014-05-18T17:15:38+00:00\">18 Maio, 2014<\/time><\/div>\n<div class=\"wp-block-post-excerpt\"><p class=\"wp-block-post-excerpt__excerpt\">LECTURE Massimo Canevacci visits UAlg invited by CIAC The anthropologist Massimo Cavennaci of Universit\u00e0 degli Studi di Roma La Sapienza (Italy), currently visiting professor at Universidade de S\u00e3o Paulo (Brazil), will be giving a lecture entitled \u201cEtnografia Digital (ou Sincretika Digitalia)\u201d (Digital Ethnography (or Sincretika Digitalia)), on the next 19th of May, at 5.30 pm [\u2026] <a class=\"wp-block-post-excerpt__more-link\" href=\"https:\/\/antigo.ciac.pt\/news\/lecture-canevacci\/209\">+ Info<\/a><\/p><\/div>\n<\/li>\n\n<li class=\"wp-block-post post-5466 post type-post status-publish format-standard hentry category-featured category-news\">\n<div class=\"wp-block-post-title\">EVENTS<\/div>\n<div class=\"wp-block-post-date\"><time datetime=\"2014-05-11T23:46:20+00:00\">11 Maio, 2014<\/time><\/div>\n<div class=\"wp-block-post-excerpt\"><p class=\"wp-block-post-excerpt__excerpt\">Visual Arts Series presents \u2018T\u00e9l\u00e9t\u00e8que\u2019 Project <a class=\"wp-block-post-excerpt__more-link\" href=\"https:\/\/antigo.ciac.pt\/news\/events-2\/5466\">+ Info<\/a><\/p><\/div>\n<\/li>\n\n<li class=\"wp-block-post post-5794 post type-post status-publish format-standard hentry category-featured category-news\">\n<div class=\"wp-block-post-title\">EXHIBITION<\/div>\n<div class=\"wp-block-post-date\"><time datetime=\"2014-05-09T10:50:15+00:00\">9 Maio, 2014<\/time><\/div>\n<div class=\"wp-block-post-excerpt\"><p class=\"wp-block-post-excerpt__excerpt\">CIAC researchers exhibit at Carpe Diem <a class=\"wp-block-post-excerpt__more-link\" href=\"https:\/\/antigo.ciac.pt\/news\/exhibition-38\/5794\">+ Info<\/a><\/p><\/div>\n<\/li>\n\n<li class=\"wp-block-post post-206 post type-post status-publish format-standard hentry category-featured category-news\">\n<div class=\"wp-block-post-title\">TALK<\/div>\n<div class=\"wp-block-post-date\"><time datetime=\"2014-05-05T10:12:11+00:00\">5 Maio, 2014<\/time><\/div>\n<div class=\"wp-block-post-excerpt\"><p class=\"wp-block-post-excerpt__excerpt\">Adriana Nogueira invited to talk about books and readings in the antiquity <a class=\"wp-block-post-excerpt__more-link\" href=\"https:\/\/antigo.ciac.pt\/news\/talk-adriananogueira\/206\">+ Info<\/a><\/p><\/div>\n<\/li>\n\n<li class=\"wp-block-post post-208 post type-post status-publish format-standard hentry category-featured category-news\">\n<div class=\"wp-block-post-title\">EXHIBITION<\/div>\n<div class=\"wp-block-post-date\"><time datetime=\"2014-04-23T18:28:31+00:00\">23 Abril, 2014<\/time><\/div>\n<div class=\"wp-block-post-excerpt\"><p class=\"wp-block-post-excerpt__excerpt\">Soraya Vasconcelos inaugurates \u201cdevorar e n\u00e3o digerir\u201d (devour and not digest) <a class=\"wp-block-post-excerpt__more-link\" href=\"https:\/\/antigo.ciac.pt\/news\/exhibition-sorayav\/208\">+ Info<\/a><\/p><\/div>\n<\/li>\n\n<li class=\"wp-block-post post-5799 post type-post status-publish format-standard hentry category-featured category-news\">\n<div class=\"wp-block-post-title\">EXHIBITION<\/div>\n<div class=\"wp-block-post-date\"><time datetime=\"2014-04-23T10:54:02+00:00\">23 Abril, 2014<\/time><\/div>\n<div class=\"wp-block-post-excerpt\"><p class=\"wp-block-post-excerpt__excerpt\">Soraya Vasconcelos opens \u201cdevorar e n\u00e3o digerir\u201d [devour and not digest] <a class=\"wp-block-post-excerpt__more-link\" href=\"https:\/\/antigo.ciac.pt\/news\/exhibition-39\/5799\">+ Info<\/a><\/p><\/div>\n<\/li>\n\n<li class=\"wp-block-post post-210 post type-post status-publish format-standard hentry category-featured category-news\">\n<div class=\"wp-block-post-title\">STREET ART<\/div>\n<div class=\"wp-block-post-date\"><time datetime=\"2014-04-21T16:05:19+00:00\">21 Abril, 2014<\/time><\/div>\n<div class=\"wp-block-post-excerpt\"><p class=\"wp-block-post-excerpt__excerpt\">Street Art invades a luxury hotel in the Algarve <a class=\"wp-block-post-excerpt__more-link\" href=\"https:\/\/antigo.ciac.pt\/news\/exhibition-conrad-2\/210\">+ Info<\/a><\/p><\/div>\n<\/li>\n\n<li class=\"wp-block-post post-213 post type-post status-publish format-standard hentry category-featured category-news\">\n<div class=\"wp-block-post-title\">VISUAL ARTS<\/div>\n<div class=\"wp-block-post-date\"><time datetime=\"2014-04-17T13:58:35+00:00\">17 Abril, 2014<\/time><\/div>\n<div class=\"wp-block-post-excerpt\"><p class=\"wp-block-post-excerpt__excerpt\">Jo\u00e3o Pinharanda gives a conference in Cycle of Visual Arts 2014 <a class=\"wp-block-post-excerpt__more-link\" href=\"https:\/\/antigo.ciac.pt\/news\/cycle-pinharanda\/213\">+ Info<\/a><\/p><\/div>\n<\/li>\n\n<li class=\"wp-block-post post-212 post type-post status-publish format-standard hentry category-featured category-news\">\n<div class=\"wp-block-post-title\">BOOK<\/div>\n<div class=\"wp-block-post-date\"><time datetime=\"2014-04-15T16:19:34+00:00\">15 Abril, 2014<\/time><\/div>\n<div class=\"wp-block-post-excerpt\"><p class=\"wp-block-post-excerpt__excerpt\">Artist books are the motto for Ana Romana <a class=\"wp-block-post-excerpt__more-link\" href=\"https:\/\/antigo.ciac.pt\/news\/book-anaromana\/212\">+ Info<\/a><\/p><\/div>\n<\/li>\n\n<li class=\"wp-block-post post-211 post type-post status-publish format-standard hentry category-featured category-news\">\n<div class=\"wp-block-post-title\">LECTURE<\/div>\n<div class=\"wp-block-post-date\"><time datetime=\"2014-04-09T10:59:20+00:00\">9 Abril, 2014<\/time><\/div>\n<div class=\"wp-block-post-excerpt\"><p class=\"wp-block-post-excerpt__excerpt\">Pedro Ferr\u00e9 is the next guest of the Cycle \u201cMestres e disc\u00edpulos nas Artes, nas Ci\u00eancias, nas Humanidades\u201d (Masters and disciples in the Arts, the Sciences, the Humanities) <a class=\"wp-block-post-excerpt__more-link\" href=\"https:\/\/antigo.ciac.pt\/news\/lecture-ferre\/211\">+ Info<\/a><\/p><\/div>\n<\/li>\n\n<li class=\"wp-block-post post-717 post type-post status-publish format-standard hentry category-featured category-news\">\n<div class=\"wp-block-post-title\">VISUAL ARTS<\/div>\n<div class=\"wp-block-post-date\"><time datetime=\"2014-04-07T10:50:28+00:00\">7 Abril, 2014<\/time><\/div>\n<div class=\"wp-block-post-excerpt\"><p class=\"wp-block-post-excerpt__excerpt\">Cycle of Visual Arts welcomes Jorge Pereira <a class=\"wp-block-post-excerpt__more-link\" href=\"https:\/\/antigo.ciac.pt\/news\/cycle-jorge-pereira\/717\">+ Info<\/a><\/p><\/div>\n<\/li>\n\n<li class=\"wp-block-post post-216 post type-post status-publish format-standard hentry category-featured category-news\">\n<div class=\"wp-block-post-title\">CINEMA<\/div>\n<div class=\"wp-block-post-date\"><time datetime=\"2014-04-02T10:38:23+00:00\">2 Abril, 2014<\/time><\/div>\n<div class=\"wp-block-post-excerpt\"><p class=\"wp-block-post-excerpt__excerpt\">CIAC welcomes an Italian director for the presentation of the movie \u201cA Cicatriz Branca\u201d <a class=\"wp-block-post-excerpt__more-link\" href=\"https:\/\/antigo.ciac.pt\/news\/white-scar\/216\">+ Info<\/a><\/p><\/div>\n<\/li>\n\n<li class=\"wp-block-post post-718 post type-post status-publish format-standard hentry category-featured category-news\">\n<div class=\"wp-block-post-title\">LECTURE<\/div>\n<div class=\"wp-block-post-date\"><time datetime=\"2014-03-31T10:30:49+00:00\">31 Mar\u00e7o, 2014<\/time><\/div>\n<div class=\"wp-block-post-excerpt\"><p class=\"wp-block-post-excerpt__excerpt\">CIAC organizes the lecture \u201cBibliotecas e Pr\u00e1ticas de Leitura no Algarve\u201d (Libraries and Reading Practices in the Algarve) <a class=\"wp-block-post-excerpt__more-link\" href=\"https:\/\/antigo.ciac.pt\/news\/lecture-pratica-leitura\/718\">+ Info<\/a><\/p><\/div>\n<\/li>\n\n<li class=\"wp-block-post post-719 post type-post status-publish format-standard hentry category-featured category-news\">\n<div class=\"wp-block-post-title\">LECTURE<\/div>\n<div class=\"wp-block-post-date\"><time datetime=\"2014-03-25T09:57:35+00:00\">25 Mar\u00e7o, 2014<\/time><\/div>\n<div class=\"wp-block-post-excerpt\"><p class=\"wp-block-post-excerpt__excerpt\">Reseacher of CIAC organizes the lecture \u201cA turbul\u00eancia das emo\u00e7\u00f5es\u201d (The turbulence of emotions) <a class=\"wp-block-post-excerpt__more-link\" href=\"https:\/\/antigo.ciac.pt\/news\/turbulence-emotions\/719\">+ Info<\/a><\/p><\/div>\n<\/li>\n\n<li class=\"wp-block-post post-5461 post type-post status-publish format-standard hentry category-featured category-news\">\n<div class=\"wp-block-post-title\">SEMINAR<\/div>\n<div class=\"wp-block-post-date\"><time datetime=\"2014-03-21T23:41:44+00:00\">21 Mar\u00e7o, 2014<\/time><\/div>\n<div class=\"wp-block-post-excerpt\"><p class=\"wp-block-post-excerpt__excerpt\">CIAC holding \u201cTransfer of Themes, Discourse and Languages between Film and Advertising\u201d seminar <a class=\"wp-block-post-excerpt__more-link\" href=\"https:\/\/antigo.ciac.pt\/news\/seminar-8\/5461\">+ Info<\/a><\/p><\/div>\n<\/li>\n\n<li class=\"wp-block-post post-5458 post type-post status-publish format-standard hentry category-featured category-news\">\n<div class=\"wp-block-post-title\">LECTURE<\/div>\n<div class=\"wp-block-post-date\"><time datetime=\"2014-03-21T23:39:28+00:00\">21 Mar\u00e7o, 2014<\/time><\/div>\n<div class=\"wp-block-post-excerpt\"><p class=\"wp-block-post-excerpt__excerpt\">CIAC is organising the \u201cLibraries and Reading Practices in the Algarve\u201d lecture <a class=\"wp-block-post-excerpt__more-link\" href=\"https:\/\/antigo.ciac.pt\/news\/lecture\/5458\">+ Info<\/a><\/p><\/div>\n<\/li>\n\n<li class=\"wp-block-post post-218 post type-post status-publish format-standard hentry category-featured category-news\">\n<div class=\"wp-block-post-title\">SEMINAR<\/div>\n<div class=\"wp-block-post-date\"><time datetime=\"2014-03-21T10:20:49+00:00\">21 Mar\u00e7o, 2014<\/time><\/div>\n<div class=\"wp-block-post-excerpt\"><p class=\"wp-block-post-excerpt__excerpt\">CIAC promotes the Seminar \u201cTransfer\u00eancias de Temas, Discursos e Linguagens entre o Cinema e a Publicidade\u201d (Theme, Discourse and Language Transfer between the Cinema and the Publicity) <a class=\"wp-block-post-excerpt__more-link\" href=\"https:\/\/antigo.ciac.pt\/news\/seminar-publicity\/218\">+ Info<\/a><\/p><\/div>\n<\/li>\n\n<li class=\"wp-block-post post-5802 post type-post status-publish format-standard hentry category-featured category-news\">\n<div class=\"wp-block-post-title\">EXHIBITION<\/div>\n<div class=\"wp-block-post-date\"><time datetime=\"2014-03-20T10:56:37+00:00\">20 Mar\u00e7o, 2014<\/time><\/div>\n<div class=\"wp-block-post-excerpt\"><p class=\"wp-block-post-excerpt__excerpt\">Nuno Viegas opens \u201cPrivado\u201d [Private] exhibition <a class=\"wp-block-post-excerpt__more-link\" href=\"https:\/\/antigo.ciac.pt\/news\/exhibition-40\/5802\">+ Info<\/a><\/p><\/div>\n<\/li>\n\n<li class=\"wp-block-post post-219 post type-post status-publish format-standard hentry category-featured category-news\">\n<div class=\"wp-block-post-title\">EXHIBITION<\/div>\n<div class=\"wp-block-post-date\"><time datetime=\"2014-03-20T10:11:10+00:00\">20 Mar\u00e7o, 2014<\/time><\/div>\n<div class=\"wp-block-post-excerpt\"><p class=\"wp-block-post-excerpt__excerpt\">Nuno Viegas inaugurates the exhibition \u201cPrivado\u201d (Private) <a class=\"wp-block-post-excerpt__more-link\" href=\"https:\/\/antigo.ciac.pt\/news\/exhibition-privado\/219\">+ Info<\/a><\/p><\/div>\n<\/li>\n\n<li class=\"wp-block-post post-5471 post type-post status-publish format-standard hentry category-featured category-news\">\n<div class=\"wp-block-post-title\">SEMINAR<\/div>\n<div class=\"wp-block-post-date\"><time datetime=\"2014-03-19T23:50:40+00:00\">19 Mar\u00e7o, 2014<\/time><\/div>\n<div class=\"wp-block-post-excerpt\"><p class=\"wp-block-post-excerpt__excerpt\">CIAC holds the seminar \u201cLiteracia de la violencia de g\u00e9nero en medios de comunicaci\u00f3n\u201d [Literacy of gender violence in the media]\n<a class=\"wp-block-post-excerpt__more-link\" href=\"https:\/\/antigo.ciac.pt\/news\/seminar-9\/5471\">+ Info<\/a><\/p><\/div>\n<\/li>\n\n<li class=\"wp-block-post post-220 post type-post status-publish format-standard hentry category-featured category-news\">\n<div class=\"wp-block-post-title\">SEMINAR<\/div>\n<div class=\"wp-block-post-date\"><time datetime=\"2014-03-19T10:27:04+00:00\">19 Mar\u00e7o, 2014<\/time><\/div>\n<div class=\"wp-block-post-excerpt\"><p class=\"wp-block-post-excerpt__excerpt\">CIAC promotes the seminar \u201cLiteracia de la violencia de g\u00e9nero en medios de comunicaci\u00f3n\u201d (Literacy of the gender violence in communication media) <a class=\"wp-block-post-excerpt__more-link\" href=\"https:\/\/antigo.ciac.pt\/news\/seminar-emelina\/220\">+ Info<\/a><\/p><\/div>\n<\/li>\n\n<li class=\"wp-block-post post-221 post type-post status-publish format-standard hentry category-featured category-news\">\n<div class=\"wp-block-post-title\">PROJECT<\/div>\n<div class=\"wp-block-post-date\"><time datetime=\"2014-03-18T10:13:44+00:00\">18 Mar\u00e7o, 2014<\/time><\/div>\n<div class=\"wp-block-post-excerpt\"><p class=\"wp-block-post-excerpt__excerpt\">CIAC and Harvard University start the project CataCumba <a class=\"wp-block-post-excerpt__more-link\" href=\"https:\/\/antigo.ciac.pt\/news\/project-harvard\/221\">+ Info<\/a><\/p><\/div>\n<\/li>\n\n<li class=\"wp-block-post post-720 post type-post status-publish format-standard hentry category-featured category-news\">\n<div class=\"wp-block-post-title\">CIAC EVENT<\/div>\n<div class=\"wp-block-post-date\"><time datetime=\"2014-03-17T10:04:16+00:00\">17 Mar\u00e7o, 2014<\/time><\/div>\n<div class=\"wp-block-post-excerpt\"><p class=\"wp-block-post-excerpt__excerpt\">Mariana Madeira is the next guest of the Cycle of Visual Arts <a class=\"wp-block-post-excerpt__more-link\" href=\"https:\/\/antigo.ciac.pt\/news\/mariana-madeira-cycle\/720\">+ Info<\/a><\/p><\/div>\n<\/li>\n\n<li class=\"wp-block-post post-224 post type-post status-publish format-standard hentry category-featured category-news\">\n<div class=\"wp-block-post-title\">CINEMA<\/div>\n<div class=\"wp-block-post-date\"><time datetime=\"2014-03-15T08:52:04+00:00\">15 Mar\u00e7o, 2014<\/time><\/div>\n<div class=\"wp-block-post-excerpt\"><p class=\"wp-block-post-excerpt__excerpt\">CINEMA \u201cExperi\u00eancias de Cinema\u201d are back The course of Visual Arts and the Cineclube of Faro are back, to present the event \u201cExperi\u00eancias de Cinema\u201d (Experiences of Cinema). The program of March follows up the idea of creating a space of experimentation and artistic creation, based on the dialog between the cinema while medium and [\u2026] <a class=\"wp-block-post-excerpt__more-link\" href=\"https:\/\/antigo.ciac.pt\/news\/cinema-experiences\/224\">+ Info<\/a><\/p><\/div>\n<\/li>\n\n<li class=\"wp-block-post post-222 post type-post status-publish format-standard hentry category-featured category-news\">\n<div class=\"wp-block-post-title\">WORKSHOP<\/div>\n<div class=\"wp-block-post-date\"><time datetime=\"2014-03-14T10:01:19+00:00\">14 Mar\u00e7o, 2014<\/time><\/div>\n<div class=\"wp-block-post-excerpt\"><p class=\"wp-block-post-excerpt__excerpt\">CIAC promotes a Cycle of Workshops in Somatic and Technologic Dance <a class=\"wp-block-post-excerpt__more-link\" href=\"https:\/\/antigo.ciac.pt\/news\/somatic-dance\/222\">+ Info<\/a><\/p><\/div>\n<\/li>\n\n<li class=\"wp-block-post post-225 post type-post status-publish format-standard hentry category-featured category-news investigadores-jose-bidarra\">\n<div class=\"wp-block-post-title\">EVENTS<\/div>\n<div class=\"wp-block-post-date\"><time datetime=\"2014-03-12T09:48:23+00:00\">12 Mar\u00e7o, 2014<\/time><\/div>\n<div class=\"wp-block-post-excerpt\"><p class=\"wp-block-post-excerpt__excerpt\">CIAC represented in the \u201cIV Jornadas de Inform\u00e1tica da Universidade Aberta\u201d <a class=\"wp-block-post-excerpt__more-link\" href=\"https:\/\/antigo.ciac.pt\/news\/jornadasinformatics-aberta\/225\">+ Info<\/a><\/p><\/div>\n<\/li>\n\n<li class=\"wp-block-post post-721 post type-post status-publish format-standard hentry category-featured category-news\">\n<div class=\"wp-block-post-title\">NEWSLETTER<\/div>\n<div class=\"wp-block-post-date\"><time datetime=\"2014-03-11T17:21:03+00:00\">11 Mar\u00e7o, 2014<\/time><\/div>\n<div class=\"wp-block-post-excerpt\"><p class=\"wp-block-post-excerpt__excerpt\">17<sup>th<\/sup> newsletter from CIAC is already available <a class=\"wp-block-post-excerpt__more-link\" href=\"https:\/\/antigo.ciac.pt\/news\/newsletter17\/721\">+ Info<\/a><\/p><\/div>\n<\/li>\n\n<li class=\"wp-block-post post-226 post type-post status-publish format-standard hentry category-featured category-news\">\n<div class=\"wp-block-post-title\">EXHIBITION<\/div>\n<div class=\"wp-block-post-date\"><time datetime=\"2014-03-09T17:14:28+00:00\">9 Mar\u00e7o, 2014<\/time><\/div>\n<div class=\"wp-block-post-excerpt\"><p class=\"wp-block-post-excerpt__excerpt\">Pedro Cabral Santo inaugurates \u201cUnconditionally\u201d <a class=\"wp-block-post-excerpt__more-link\" href=\"https:\/\/antigo.ciac.pt\/news\/exhibition-pedrocabral\/226\">+ Info<\/a><\/p><\/div>\n<\/li>\n\n<li class=\"wp-block-post post-5804 post type-post status-publish format-standard hentry category-featured category-news\">\n<div class=\"wp-block-post-title\">EXHIBITION<\/div>\n<div class=\"wp-block-post-date\"><time datetime=\"2014-03-09T10:58:24+00:00\">9 Mar\u00e7o, 2014<\/time><\/div>\n<div class=\"wp-block-post-excerpt\"><p class=\"wp-block-post-excerpt__excerpt\">Pedro Cabral Santo opens \u201cUnconditionally\u201d <a class=\"wp-block-post-excerpt__more-link\" href=\"https:\/\/antigo.ciac.pt\/news\/exhibition-41\/5804\">+ Info<\/a><\/p><\/div>\n<\/li>\n\n<li class=\"wp-block-post post-723 post type-post status-publish format-standard hentry category-featured category-news\">\n<div class=\"wp-block-post-title\">INTERNATIONAL<\/div>\n<div class=\"wp-block-post-date\"><time datetime=\"2014-03-08T16:42:42+00:00\">8 Mar\u00e7o, 2014<\/time><\/div>\n<div class=\"wp-block-post-excerpt\"><p class=\"wp-block-post-excerpt__excerpt\">Mirian Tavares is invited to the International Colloquium \u201cRevolu\u00e7\u00e3o e Cinema: o exemplo portugu\u00eas\u201d <a class=\"wp-block-post-excerpt__more-link\" href=\"https:\/\/antigo.ciac.pt\/news\/revolution-and-cinema\/723\">+ Info<\/a><\/p><\/div>\n<\/li>\n\n<li class=\"wp-block-post post-228 post type-post status-publish format-standard hentry category-featured category-news\">\n<div class=\"wp-block-post-title\">POLO CIAC<\/div>\n<div class=\"wp-block-post-date\"><time datetime=\"2014-03-05T17:04:52+00:00\">5 Mar\u00e7o, 2014<\/time><\/div>\n<div class=\"wp-block-post-excerpt\"><p class=\"wp-block-post-excerpt__excerpt\">CIAC creates Polo in Universidade Aberta <a class=\"wp-block-post-excerpt__more-link\" href=\"https:\/\/antigo.ciac.pt\/news\/aberta-ciac\/228\">+ Info<\/a><\/p><\/div>\n<\/li>\n\n<li class=\"wp-block-post post-722 post type-post status-publish format-standard hentry category-featured category-news\">\n<div class=\"wp-block-post-title\">EXHIBITION<\/div>\n<div class=\"wp-block-post-date\"><time datetime=\"2014-03-03T16:52:29+00:00\">3 Mar\u00e7o, 2014<\/time><\/div>\n<div class=\"wp-block-post-excerpt\"><p class=\"wp-block-post-excerpt__excerpt\">Rudolfo Quintas presents sound installation <a class=\"wp-block-post-excerpt__more-link\" href=\"https:\/\/antigo.ciac.pt\/news\/quintasrudolfo\/722\">+ Info<\/a><\/p><\/div>\n<\/li>\n\n<li class=\"wp-block-post post-5806 post type-post status-publish format-standard hentry category-featured category-news\">\n<div class=\"wp-block-post-title\">EXHIBITION<\/div>\n<div class=\"wp-block-post-date\"><time datetime=\"2014-03-03T11:00:08+00:00\">3 Mar\u00e7o, 2014<\/time><\/div>\n<div class=\"wp-block-post-excerpt\"><p class=\"wp-block-post-excerpt__excerpt\">Rudolfo Quintas presents sound installation <a class=\"wp-block-post-excerpt__more-link\" href=\"https:\/\/antigo.ciac.pt\/news\/exhibition-42\/5806\">+ Info<\/a><\/p><\/div>\n<\/li>\n\n<li class=\"wp-block-post post-724 post type-post status-publish format-standard hentry category-featured category-news\">\n<div class=\"wp-block-post-title\">CIAC EVENT<\/div>\n<div class=\"wp-block-post-date\"><time datetime=\"2014-03-02T16:25:22+00:00\">2 Mar\u00e7o, 2014<\/time><\/div>\n<div class=\"wp-block-post-excerpt\"><p class=\"wp-block-post-excerpt__excerpt\">Cycle of Visual Arts is back <a class=\"wp-block-post-excerpt__more-link\" href=\"https:\/\/antigo.ciac.pt\/news\/visual-arts-cycle-2014\/724\">+ Info<\/a><\/p><\/div>\n<\/li>\n\n<li class=\"wp-block-post post-232 post type-post status-publish format-standard hentry category-featured category-news\">\n<div class=\"wp-block-post-title\">CIAC EVENT<\/div>\n<div class=\"wp-block-post-date\"><time datetime=\"2014-03-01T16:06:37+00:00\">1 Mar\u00e7o, 2014<\/time><\/div>\n<div class=\"wp-block-post-excerpt\"><p class=\"wp-block-post-excerpt__excerpt\">CIAC organizes masterclass on Italian cinema <a class=\"wp-block-post-excerpt__more-link\" href=\"https:\/\/antigo.ciac.pt\/news\/italian-neo-realism\/232\">+ Info<\/a><\/p><\/div>\n<\/li>\n\n<li class=\"wp-block-post post-234 post type-post status-publish format-standard hentry category-featured category-news\">\n<div class=\"wp-block-post-title\">CIAC EVENT<\/div>\n<div class=\"wp-block-post-date\"><time datetime=\"2014-02-28T16:30:16+00:00\">28 Fevereiro, 2014<\/time><\/div>\n<div class=\"wp-block-post-excerpt\"><p class=\"wp-block-post-excerpt__excerpt\">Call for papers to Congress \u201cSailing in Trouble Waters\u201d <a class=\"wp-block-post-excerpt__more-link\" href=\"https:\/\/antigo.ciac.pt\/news\/ancient-mediterranean\/234\">+ Info<\/a><\/p><\/div>\n<\/li>\n\n<li class=\"wp-block-post post-758 post type-post status-publish format-standard hentry category-featured category-news\">\n<div class=\"wp-block-post-title\">NEWSLETTER<\/div>\n<div class=\"wp-block-post-date\"><time datetime=\"2014-02-20T18:28:58+00:00\">20 Fevereiro, 2014<\/time><\/div>\n<div class=\"wp-block-post-excerpt\"><p class=\"wp-block-post-excerpt__excerpt\">Inform. Communicate. Put in common. <a class=\"wp-block-post-excerpt__more-link\" href=\"https:\/\/antigo.ciac.pt\/news\/newslleter-en\/758\">+ Info<\/a><\/p><\/div>\n<\/li>\n\n<li class=\"wp-block-post post-237 post type-post status-publish format-standard hentry category-featured category-news\">\n<div class=\"wp-block-post-title\">CIAC EVENT<\/div>\n<div class=\"wp-block-post-date\"><time datetime=\"2014-02-19T16:01:27+00:00\">19 Fevereiro, 2014<\/time><\/div>\n<div class=\"wp-block-post-excerpt\"><p class=\"wp-block-post-excerpt__excerpt\">Jos\u00e9 M\u00e1rio Branco gives lecture about \u2018Zeca\u2019 Afonso <a class=\"wp-block-post-excerpt__more-link\" href=\"https:\/\/antigo.ciac.pt\/news\/masters-josemariobranco\/237\">+ Info<\/a><\/p><\/div>\n<\/li>\n\n<li class=\"wp-block-post post-725 post type-post status-publish format-standard hentry category-featured category-news\">\n<div class=\"wp-block-post-title\">EXHIBITION<\/div>\n<div class=\"wp-block-post-date\"><time datetime=\"2014-02-12T15:43:02+00:00\">12 Fevereiro, 2014<\/time><\/div>\n<div class=\"wp-block-post-excerpt\"><p class=\"wp-block-post-excerpt__excerpt\">MAPLAND in Trem Gallery <a class=\"wp-block-post-excerpt__more-link\" href=\"https:\/\/antigo.ciac.pt\/news\/exhibition-mapland\/725\">+ Info<\/a><\/p><\/div>\n<\/li>\n\n<li class=\"wp-block-post post-5808 post type-post status-publish format-standard hentry category-featured category-news\">\n<div class=\"wp-block-post-title\">EXHIBITION<\/div>\n<div class=\"wp-block-post-date\"><time datetime=\"2014-02-12T11:01:53+00:00\">12 Fevereiro, 2014<\/time><\/div>\n<div class=\"wp-block-post-excerpt\"><p class=\"wp-block-post-excerpt__excerpt\">\nMAPLAND at the Trem Gallery <a class=\"wp-block-post-excerpt__more-link\" href=\"https:\/\/antigo.ciac.pt\/news\/exhibition-43\/5808\">+ Info<\/a><\/p><\/div>\n<\/li>\n\n<li class=\"wp-block-post post-5450 post type-post status-publish format-standard hentry category-featured category-news\">\n<div class=\"wp-block-post-title\">EVENTS<\/div>\n<div class=\"wp-block-post-date\"><time datetime=\"2014-02-10T23:31:51+00:00\">10 Fevereiro, 2014<\/time><\/div>\n<div class=\"wp-block-post-excerpt\"><p class=\"wp-block-post-excerpt__excerpt\">CIAC organises \u201cCulture 2020 \u2013 Heritage and Territory Seminar\u201d \n<a class=\"wp-block-post-excerpt__more-link\" href=\"https:\/\/antigo.ciac.pt\/news\/5450\/5450\">+ Info<\/a><\/p><\/div>\n<\/li>\n\n<li class=\"wp-block-post post-726 post type-post status-publish format-standard hentry category-featured category-news\">\n<div class=\"wp-block-post-title\">EVENTS<\/div>\n<div class=\"wp-block-post-date\"><time datetime=\"2014-02-10T15:22:59+00:00\">10 Fevereiro, 2014<\/time><\/div>\n<div class=\"wp-block-post-excerpt\"><p class=\"wp-block-post-excerpt__excerpt\">CIAC organizes Seminar \u201cCultura 2020 \u2013 Semin\u00e1rio Patrim\u00f3nio e Territ\u00f3rio\u201d <a class=\"wp-block-post-excerpt__more-link\" href=\"https:\/\/antigo.ciac.pt\/news\/patrimony-and-territory\/726\">+ Info<\/a><\/p><\/div>\n<\/li>\n\n<li class=\"wp-block-post post-727 post type-post status-publish format-standard hentry category-featured category-news\">\n<div class=\"wp-block-post-title\">CIAC EVENT<\/div>\n<div class=\"wp-block-post-date\"><time datetime=\"2014-02-09T15:32:36+00:00\">9 Fevereiro, 2014<\/time><\/div>\n<div class=\"wp-block-post-excerpt\"><p class=\"wp-block-post-excerpt__excerpt\">Call for papers to Colloquium \u201cA Peregrina\u00e7\u00e3o\u201d <a class=\"wp-block-post-excerpt__more-link\" href=\"https:\/\/antigo.ciac.pt\/news\/peregrination-call\/727\">+ Info<\/a><\/p><\/div>\n<\/li>\n\n<li class=\"wp-block-post post-5439 post type-post status-publish format-standard hentry category-featured category-news\">\n<div class=\"wp-block-post-title\">CIAC EVENTS<\/div>\n<div class=\"wp-block-post-date\"><time datetime=\"2014-01-25T23:22:06+00:00\">25 Janeiro, 2014<\/time><\/div>\n<div class=\"wp-block-post-excerpt\"><p class=\"wp-block-post-excerpt__excerpt\">CIAC organises 7th \u2018Jornadas do CIAC\u2019 arts and communication research conference  <a class=\"wp-block-post-excerpt__more-link\" href=\"https:\/\/antigo.ciac.pt\/news\/ciac-events\/5439\">+ Info<\/a><\/p><\/div>\n<\/li>\n\n<li class=\"wp-block-post post-241 post type-post status-publish format-standard hentry category-featured category-news\">\n<div class=\"wp-block-post-title\">CIAC EVENTS<\/div>\n<div class=\"wp-block-post-date\"><time datetime=\"2014-01-25T15:17:33+00:00\">25 Janeiro, 2014<\/time><\/div>\n<div class=\"wp-block-post-excerpt\"><p class=\"wp-block-post-excerpt__excerpt\">CIAC organizes \u201cVII Jornadas de Investiga\u00e7\u00e3o em Artes e Comunica\u00e7\u00e3o\u201d <a class=\"wp-block-post-excerpt__more-link\" href=\"https:\/\/antigo.ciac.pt\/news\/ciac-journey\/241\">+ Info<\/a><\/p><\/div>\n<\/li>\n\n<li class=\"wp-block-post post-5447 post type-post status-publish format-standard hentry category-featured category-news\">\n<div class=\"wp-block-post-title\">EVENTS<\/div>\n<div class=\"wp-block-post-date\"><time datetime=\"2014-01-20T23:29:12+00:00\">20 Janeiro, 2014<\/time><\/div>\n<div class=\"wp-block-post-excerpt\"><p class=\"wp-block-post-excerpt__excerpt\">Trindade dos Santos opens \u201cMasters and disciples in the Arts, in Sciences, in Humanities\u201d <a class=\"wp-block-post-excerpt__more-link\" href=\"https:\/\/antigo.ciac.pt\/news\/events\/5447\">+ Info<\/a><\/p><\/div>\n<\/li>\n\n<li class=\"wp-block-post post-239 post type-post status-publish format-standard hentry category-featured category-news\">\n<div class=\"wp-block-post-title\">EVENTS<\/div>\n<div class=\"wp-block-post-date\"><time datetime=\"2014-01-20T14:51:41+00:00\">20 Janeiro, 2014<\/time><\/div>\n<div class=\"wp-block-post-excerpt\"><p class=\"wp-block-post-excerpt__excerpt\">Trindade dos Santos opens the Cycle \u201cMestres e disc\u00edpulos nas Artes, nas Ci\u00eancias, nas Humanidades\u201d <a class=\"wp-block-post-excerpt__more-link\" href=\"https:\/\/antigo.ciac.pt\/news\/masters-trindade-dos-santos\/239\">+ Info<\/a><\/p><\/div>\n<\/li>\n<\/ul>\n<\/div><\/div>\n\n\n\n<div class=\"wp-block-advgb-accordion-item advgb-accordion-item\" style=\"margin-bottom:15px\"><div class=\"advgb-accordion-header\" style=\"background-color:#ffffff;color:#000000;border-style:solid;border-width:0px;border-color:#ffffff\"><span class=\"advgb-accordion-header-icon\"><svg fill=\"#000000\" xmlns=\"http:\/\/www.w3.org\/2000\/svg\" width=\"24\" height=\"24\" viewBox=\"0 0 24 24\"><path fill=\"none\" d=\"M0,0h24v24H0V0z\"><\/path><path d=\"M6,10c-1.1,0-2,0.9-2,2s0.9,2,2,2s2-0.9,2-2S7.1,10,6,10z M18,10c-1.1,0-2,0.9-2,2s0.9,2,2,2s2-0.9,2-2S19.1,10,18,10z M12,10c-1.1,0-2,0.9-2,2s0.9,2,2,2s2-0.9,2-2S13.1,10,12,10z\"><\/path><\/svg><\/span><h2 class=\"advgb-accordion-header-title\" style=\"color:inherit\">2013<\/h2><\/div><div class=\"advgb-accordion-body\" style=\"border-style:solid !important;border-width:0px !important;border-color:#ffffff !important;border-top:none !important\">\n<ul>\n<li class=\"wp-block-post post-5822 post type-post status-publish format-standard hentry category-featured category-news\">\n<div class=\"wp-block-post-title\">EXHIBITION<\/div>\n<div class=\"wp-block-post-date\"><time datetime=\"2013-12-19T23:36:25+00:00\">19 Dezembro, 2013<\/time><\/div>\n<div class=\"wp-block-post-excerpt\"><p class=\"wp-block-post-excerpt__excerpt\">Opening of the exhibition \u201cConselhos \u00fateis para evitar magoar doentes com esquizofrenia\u201d [Useful advice for avoiding hurting patients with schizophrenia]. <a class=\"wp-block-post-excerpt__more-link\" href=\"https:\/\/antigo.ciac.pt\/news\/exhibition-47\/5822\">+ Info<\/a><\/p><\/div>\n<\/li>\n\n<li class=\"wp-block-post post-243 post type-post status-publish format-standard hentry category-featured category-news\">\n<div class=\"wp-block-post-title\">PUBLICATION<\/div>\n<div class=\"wp-block-post-date\"><time datetime=\"2013-12-06T13:13:07+00:00\">6 Dezembro, 2013<\/time><\/div>\n<div class=\"wp-block-post-excerpt\"><p class=\"wp-block-post-excerpt__excerpt\">Researcher from CIAC published by Routledge <a class=\"wp-block-post-excerpt__more-link\" href=\"https:\/\/antigo.ciac.pt\/news\/routledge-emilia\/243\">+ Info<\/a><\/p><\/div>\n<\/li>\n\n<li class=\"wp-block-post post-5529 post type-post status-publish format-standard hentry category-featured category-news\">\n<div class=\"wp-block-post-title\">EVENTS<\/div>\n<div class=\"wp-block-post-date\"><time datetime=\"2013-12-02T22:13:56+00:00\">2 Dezembro, 2013<\/time><\/div>\n<div class=\"wp-block-post-excerpt\"><p class=\"wp-block-post-excerpt__excerpt\">\nCIAC is organising the \u201cEuropean Theatre seen from the North\u201d Seminar\/Masterclass <a class=\"wp-block-post-excerpt__more-link\" href=\"https:\/\/antigo.ciac.pt\/news\/events-5\/5529\">+ Info<\/a><\/p><\/div>\n<\/li>\n\n<li class=\"wp-block-post post-729 post type-post status-publish format-standard hentry category-featured category-news\">\n<div class=\"wp-block-post-title\">EVENTS<\/div>\n<div class=\"wp-block-post-date\"><time datetime=\"2013-12-02T09:46:31+00:00\">2 Dezembro, 2013<\/time><\/div>\n<div class=\"wp-block-post-excerpt\"><p class=\"wp-block-post-excerpt__excerpt\">CIAC participates in the 2<sup>nd<\/sup> edition of CRIACT <a class=\"wp-block-post-excerpt__more-link\" href=\"https:\/\/antigo.ciac.pt\/news\/criact-en\/729\">+ Info<\/a><\/p><\/div>\n<\/li>\n\n<li class=\"wp-block-post post-730 post type-post status-publish format-standard hentry category-featured category-news\">\n<div class=\"wp-block-post-title\">EVENTS<\/div>\n<div class=\"wp-block-post-date\"><time datetime=\"2013-12-02T09:35:38+00:00\">2 Dezembro, 2013<\/time><\/div>\n<div class=\"wp-block-post-excerpt\"><p class=\"wp-block-post-excerpt__excerpt\">CIAC organizes the Seminar\/Masterclass \u2013 \u201cEuropean Theatre seen from North\u201d <a class=\"wp-block-post-excerpt__more-link\" href=\"https:\/\/antigo.ciac.pt\/news\/theatre-north-2\/730\">+ Info<\/a><\/p><\/div>\n<\/li>\n\n<li class=\"wp-block-post post-245 post type-post status-publish format-standard hentry category-featured category-news\">\n<div class=\"wp-block-post-title\">EVENTS<\/div>\n<div class=\"wp-block-post-date\"><time datetime=\"2013-10-25T09:16:36+00:00\">25 Outubro, 2013<\/time><\/div>\n<div class=\"wp-block-post-excerpt\"><p class=\"wp-block-post-excerpt__excerpt\">CIAC promotes lecture \u201cImaginar o Fim do Mundo\u201d (Imagining the End of the World) <a class=\"wp-block-post-excerpt__more-link\" href=\"https:\/\/antigo.ciac.pt\/news\/end-of-the-world\/245\">+ Info<\/a><\/p><\/div>\n<\/li>\n\n<li class=\"wp-block-post post-5811 post type-post status-publish format-standard hentry category-featured category-news\">\n<div class=\"wp-block-post-title\">EXHIBITION<\/div>\n<div class=\"wp-block-post-date\"><time datetime=\"2013-10-18T23:05:19+00:00\">18 Outubro, 2013<\/time><\/div>\n<div class=\"wp-block-post-excerpt\"><p class=\"wp-block-post-excerpt__excerpt\">Trem Gallery welcomes \u201cTAO\u201d exhibition <a class=\"wp-block-post-excerpt__more-link\" href=\"https:\/\/antigo.ciac.pt\/news\/exhibition-44\/5811\">+ Info<\/a><\/p><\/div>\n<\/li>\n\n<li class=\"wp-block-post post-731 post type-post status-publish format-standard hentry category-featured category-news\">\n<div class=\"wp-block-post-title\">EXHIBITION<\/div>\n<div class=\"wp-block-post-date\"><time datetime=\"2013-10-18T09:24:59+00:00\">18 Outubro, 2013<\/time><\/div>\n<div class=\"wp-block-post-excerpt\"><p class=\"wp-block-post-excerpt__excerpt\">Galeria Trem receives the exhibition \u201cTAO\u201d <a class=\"wp-block-post-excerpt__more-link\" href=\"https:\/\/antigo.ciac.pt\/news\/exhibition-tao\/731\">+ Info<\/a><\/p><\/div>\n<\/li>\n\n<li class=\"wp-block-post post-116 post type-post status-publish format-standard hentry category-featured category-news investigadores-armando-nascimento-rosa\">\n<div class=\"wp-block-post-title\">EVENTS<\/div>\n<div class=\"wp-block-post-date\"><time datetime=\"2013-09-30T09:07:07+00:00\">30 Setembro, 2013<\/time><\/div>\n<div class=\"wp-block-post-excerpt\"><p class=\"wp-block-post-excerpt__excerpt\">CIAC promotes the meeting \u201cQue palco para os cl\u00e1ssicos?\u201d (What stage for the classics) <a class=\"wp-block-post-excerpt__more-link\" href=\"https:\/\/antigo.ciac.pt\/news\/stage-classics\/116\">+ Info<\/a><\/p><\/div>\n<\/li>\n\n<li class=\"wp-block-post post-5533 post type-post status-publish format-standard hentry category-featured category-news\">\n<div class=\"wp-block-post-title\">EVENTS<\/div>\n<div class=\"wp-block-post-date\"><time datetime=\"2013-09-20T22:17:52+00:00\">20 Setembro, 2013<\/time><\/div>\n<div class=\"wp-block-post-excerpt\"><p class=\"wp-block-post-excerpt__excerpt\">CIAC organises \u201cDemocracy and University\u201d conference <a class=\"wp-block-post-excerpt__more-link\" href=\"https:\/\/antigo.ciac.pt\/news\/events-6\/5533\">+ Info<\/a><\/p><\/div>\n<\/li>\n\n<li class=\"wp-block-post post-249 post type-post status-publish format-standard hentry category-featured category-news\">\n<div class=\"wp-block-post-title\">EVENTS<\/div>\n<div class=\"wp-block-post-date\"><time datetime=\"2013-09-20T09:12:09+00:00\">20 Setembro, 2013<\/time><\/div>\n<div class=\"wp-block-post-excerpt\"><p class=\"wp-block-post-excerpt__excerpt\">CIAC organizes conference \u201cDemocracia e Universidade\u201d (Democracy and University) <a class=\"wp-block-post-excerpt__more-link\" href=\"https:\/\/antigo.ciac.pt\/news\/democracy-university\/249\">+ Info<\/a><\/p><\/div>\n<\/li>\n\n<li class=\"wp-block-post post-732 post type-post status-publish format-standard hentry category-featured category-news\">\n<div class=\"wp-block-post-title\">VIDEO<\/div>\n<div class=\"wp-block-post-date\"><time datetime=\"2013-09-05T12:19:51+00:00\">5 Setembro, 2013<\/time><\/div>\n<div class=\"wp-block-post-excerpt\"><p class=\"wp-block-post-excerpt__excerpt\">CIAC makes available new multimedia resources in Youtube <a class=\"wp-block-post-excerpt__more-link\" href=\"https:\/\/antigo.ciac.pt\/news\/youtube-channel\/732\">+ Info<\/a><\/p><\/div>\n<\/li>\n\n<li class=\"wp-block-post post-247 post type-post status-publish format-standard hentry category-featured category-news investigadores-jose-bidarra\">\n<div class=\"wp-block-post-title\">INTERNATIONAL<\/div>\n<div class=\"wp-block-post-date\"><time datetime=\"2013-08-25T16:58:08+00:00\">25 Agosto, 2013<\/time><\/div>\n<div class=\"wp-block-post-excerpt\"><p class=\"wp-block-post-excerpt__excerpt\">Researchers of CIAC in \u201cLifelong Learning Programme Erasmus\u201d in Linz <a class=\"wp-block-post-excerpt__more-link\" href=\"https:\/\/antigo.ciac.pt\/news\/linz-erasmus\/247\">+ Info<\/a><\/p><\/div>\n<\/li>\n\n<li class=\"wp-block-post post-5814 post type-post status-publish format-standard hentry category-featured category-news\">\n<div class=\"wp-block-post-title\">EXHIBITION<\/div>\n<div class=\"wp-block-post-date\"><time datetime=\"2013-08-10T23:15:23+00:00\">10 Agosto, 2013<\/time><\/div>\n<div class=\"wp-block-post-excerpt\"><p class=\"wp-block-post-excerpt__excerpt\">Trem Gallery welcomes Play <a class=\"wp-block-post-excerpt__more-link\" href=\"https:\/\/antigo.ciac.pt\/news\/exhibition-45\/5814\">+ Info<\/a><\/p><\/div>\n<\/li>\n\n<li class=\"wp-block-post post-252 post type-post status-publish format-standard hentry category-featured category-news\">\n<div class=\"wp-block-post-title\">EXHIBITION<\/div>\n<div class=\"wp-block-post-date\"><time datetime=\"2013-08-10T12:07:59+00:00\">10 Agosto, 2013<\/time><\/div>\n<div class=\"wp-block-post-excerpt\"><p class=\"wp-block-post-excerpt__excerpt\">Galeria TREM hosts Play <a class=\"wp-block-post-excerpt__more-link\" href=\"https:\/\/antigo.ciac.pt\/news\/exhibition-play\/252\">+ Info<\/a><\/p><\/div>\n<\/li>\n\n<li class=\"wp-block-post post-5517 post type-post status-publish format-standard hentry category-featured category-news\">\n<div class=\"wp-block-post-title\">CONFERENCE<\/div>\n<div class=\"wp-block-post-date\"><time datetime=\"2013-07-10T21:33:03+00:00\">10 Julho, 2013<\/time><\/div>\n<div class=\"wp-block-post-excerpt\"><p class=\"wp-block-post-excerpt__excerpt\">1st Digital Media Arts PhD Retreat <a class=\"wp-block-post-excerpt__more-link\" href=\"https:\/\/antigo.ciac.pt\/news\/conference-9\/5517\">+ Info<\/a><\/p><\/div>\n<\/li>\n\n<li class=\"wp-block-post post-251 post type-post status-publish format-standard hentry category-featured category-news\">\n<div class=\"wp-block-post-title\">WORKSHOP<\/div>\n<div class=\"wp-block-post-date\"><time datetime=\"2013-07-08T11:53:50+00:00\">8 Julho, 2013<\/time><\/div>\n<div class=\"wp-block-post-excerpt\"><p class=\"wp-block-post-excerpt__excerpt\">CIAC organizes summer Workshop \u201cCultura low-cost para tempos de crise\u201d (Low-cost culture for times of crisis) <a class=\"wp-block-post-excerpt__more-link\" href=\"https:\/\/antigo.ciac.pt\/news\/low-cost-culture\/251\">+ Info<\/a><\/p><\/div>\n<\/li>\n\n<li class=\"wp-block-post post-250 post type-post status-publish format-standard hentry category-featured category-news\">\n<div class=\"wp-block-post-title\">PROJECT<\/div>\n<div class=\"wp-block-post-date\"><time datetime=\"2013-07-03T23:37:57+00:00\">3 Julho, 2013<\/time><\/div>\n<div class=\"wp-block-post-excerpt\"><p class=\"wp-block-post-excerpt__excerpt\">CIAC research project selected by Funda\u00e7\u00e3o Gulbenkian <a class=\"wp-block-post-excerpt__more-link\" href=\"https:\/\/antigo.ciac.pt\/news\/gulbenkian-project\/250\">+ Info<\/a><\/p><\/div>\n<\/li>\n\n<li class=\"wp-block-post post-254 post type-post status-publish format-standard hentry category-featured category-news\">\n<div class=\"wp-block-post-title\">PROJECT<\/div>\n<div class=\"wp-block-post-date\"><time datetime=\"2013-06-15T11:26:05+00:00\">15 Junho, 2013<\/time><\/div>\n<div class=\"wp-block-post-excerpt\"><p class=\"wp-block-post-excerpt__excerpt\">\u201cUm Filme Portugu\u00eas\u201d in exhibition in the USA <a class=\"wp-block-post-excerpt__more-link\" href=\"https:\/\/antigo.ciac.pt\/news\/um-filme-portugues\/254\">+ Info<\/a><\/p><\/div>\n<\/li>\n\n<li class=\"wp-block-post post-253 post type-post status-publish format-standard hentry category-featured category-news\">\n<div class=\"wp-block-post-title\">EXHIBITION<\/div>\n<div class=\"wp-block-post-date\"><time datetime=\"2013-06-12T11:47:37+00:00\">12 Junho, 2013<\/time><\/div>\n<div class=\"wp-block-post-excerpt\"><p class=\"wp-block-post-excerpt__excerpt\">Galeria TREM hosts the exhibition \u201cAs coisas que n\u00e3o existem s\u00e3o mais bonitas\u201d (The things that don\u2019t exist are prettier) <a class=\"wp-block-post-excerpt__more-link\" href=\"https:\/\/antigo.ciac.pt\/news\/exhibition-as-coisas\/253\">+ Info<\/a><\/p><\/div>\n<\/li>\n\n<li class=\"wp-block-post post-256 post type-post status-publish format-standard hentry category-featured category-news\">\n<div class=\"wp-block-post-title\">EXHIBITION<\/div>\n<div class=\"wp-block-post-date\"><time datetime=\"2013-05-30T23:40:28+00:00\">30 Maio, 2013<\/time><\/div>\n<div class=\"wp-block-post-excerpt\"><p class=\"wp-block-post-excerpt__excerpt\">Finalists of Visual Arts exhibition in Loul\u00e9 <a class=\"wp-block-post-excerpt__more-link\" href=\"https:\/\/antigo.ciac.pt\/news\/exhibition-finalistas\/256\">+ Info<\/a><\/p><\/div>\n<\/li>\n\n<li class=\"wp-block-post post-5824 post type-post status-publish format-standard hentry category-featured category-news\">\n<div class=\"wp-block-post-title\">EXHIBITION<\/div>\n<div class=\"wp-block-post-date\"><time datetime=\"2013-05-30T00:04:53+00:00\">30 Maio, 2013<\/time><\/div>\n<div class=\"wp-block-post-excerpt\"><p class=\"wp-block-post-excerpt__excerpt\">Visual Arts final-year students hold exhibition in Loul\u00e9\n<a class=\"wp-block-post-excerpt__more-link\" href=\"https:\/\/antigo.ciac.pt\/news\/exhibition-48\/5824\">+ Info<\/a><\/p><\/div>\n<\/li>\n\n<li class=\"wp-block-post post-255 post type-post status-publish format-standard hentry category-featured category-news investigadores-vitor-reia\">\n<div class=\"wp-block-post-title\">EVENTS<\/div>\n<div class=\"wp-block-post-date\"><time datetime=\"2013-05-19T23:34:25+00:00\">19 Maio, 2013<\/time><\/div>\n<div class=\"wp-block-post-excerpt\"><p class=\"wp-block-post-excerpt__excerpt\">Researchers of CIAC in the lecture panel \u201cO Western: perspetivas sobre um g\u00e9nero cinematogr\u00e1fico\u201d (The Western: perspectives on a cinematographic genre) <a class=\"wp-block-post-excerpt__more-link\" href=\"https:\/\/antigo.ciac.pt\/news\/western-lecture\/255\">+ Info<\/a><\/p><\/div>\n<\/li>\n\n<li class=\"wp-block-post post-5526 post type-post status-publish format-standard hentry category-featured category-news\">\n<div class=\"wp-block-post-title\">EVENTS<\/div>\n<div class=\"wp-block-post-date\"><time datetime=\"2013-05-19T22:10:06+00:00\">19 Maio, 2013<\/time><\/div>\n<div class=\"wp-block-post-excerpt\"><p class=\"wp-block-post-excerpt__excerpt\">CIAC researchers attend \u201cThe Western: perspectives on a film genre\u201d conference <a class=\"wp-block-post-excerpt__more-link\" href=\"https:\/\/antigo.ciac.pt\/news\/events-4\/5526\">+ Info<\/a><\/p><\/div>\n<\/li>\n\n<li class=\"wp-block-post post-257 post type-post status-publish format-standard hentry category-featured category-news\">\n<div class=\"wp-block-post-title\">LECTURE<\/div>\n<div class=\"wp-block-post-date\"><time datetime=\"2013-05-10T23:29:01+00:00\">10 Maio, 2013<\/time><\/div>\n<div class=\"wp-block-post-excerpt\"><p class=\"wp-block-post-excerpt__excerpt\">CIAC welcomes gest speaker Beatriz Cerbino for her lecture \u201cO corpo na videodan\u00e7a\u201d (The body in video-dance) <a class=\"wp-block-post-excerpt__more-link\" href=\"https:\/\/antigo.ciac.pt\/news\/lecture-beatriz-cerbino\/257\">+ Info<\/a><\/p><\/div>\n<\/li>\n\n<li class=\"wp-block-post post-5531 post type-post status-publish format-standard hentry category-featured category-news\">\n<div class=\"wp-block-post-title\">LECTURE<\/div>\n<div class=\"wp-block-post-date\"><time datetime=\"2013-05-10T22:15:56+00:00\">10 Maio, 2013<\/time><\/div>\n<div class=\"wp-block-post-excerpt\"><p class=\"wp-block-post-excerpt__excerpt\">CIAC welcomes Beatriz Cerbino for the \u201cThe body in videodance\u201d lecture <a class=\"wp-block-post-excerpt__more-link\" href=\"https:\/\/antigo.ciac.pt\/news\/lecture-3\/5531\">+ Info<\/a><\/p><\/div>\n<\/li>\n\n<li class=\"wp-block-post post-258 post type-post status-publish format-standard hentry category-featured category-news\">\n<div class=\"wp-block-post-title\">EVENTS<\/div>\n<div class=\"wp-block-post-date\"><time datetime=\"2013-04-20T23:26:10+00:00\">20 Abril, 2013<\/time><\/div>\n<div class=\"wp-block-post-excerpt\"><p class=\"wp-block-post-excerpt__excerpt\">CIAC\u2019s journeys have their 6<sup>th<\/sup> Edition <a class=\"wp-block-post-excerpt__more-link\" href=\"https:\/\/antigo.ciac.pt\/news\/vi-ciac-journey\/258\">+ Info<\/a><\/p><\/div>\n<\/li>\n\n<li class=\"wp-block-post post-5519 post type-post status-publish format-standard hentry category-featured category-news\">\n<div class=\"wp-block-post-title\">JORNADAS<\/div>\n<div class=\"wp-block-post-date\"><time datetime=\"2013-04-20T21:36:26+00:00\">20 Abril, 2013<\/time><\/div>\n<div class=\"wp-block-post-excerpt\"><p class=\"wp-block-post-excerpt__excerpt\">\u2018Jornadas do CIAC\u2019 Conference now in 6th edition <a class=\"wp-block-post-excerpt__more-link\" href=\"https:\/\/antigo.ciac.pt\/news\/jornadas-4\/5519\">+ Info<\/a><\/p><\/div>\n<\/li>\n\n<li class=\"wp-block-post post-260 post type-post status-publish format-standard hentry category-featured category-news\">\n<div class=\"wp-block-post-title\">EVENTS<\/div>\n<div class=\"wp-block-post-date\"><time datetime=\"2013-04-15T23:20:06+00:00\">15 Abril, 2013<\/time><\/div>\n<div class=\"wp-block-post-excerpt\"><p class=\"wp-block-post-excerpt__excerpt\">Manuel Jo\u00e3o Vieira will attend the III Ciclo de Artes Visuais (3<sup>rd<\/sup> Cycle of Visual Arts) <a class=\"wp-block-post-excerpt__more-link\" href=\"https:\/\/antigo.ciac.pt\/news\/cycle-manueljoaovieira\/260\">+ Info<\/a><\/p><\/div>\n<\/li>\n\n<li class=\"wp-block-post post-261 post type-post status-publish format-standard hentry category-featured category-news\">\n<div class=\"wp-block-post-title\">EXHIBITION<\/div>\n<div class=\"wp-block-post-date\"><time datetime=\"2013-04-05T23:18:00+00:00\">5 Abril, 2013<\/time><\/div>\n<div class=\"wp-block-post-excerpt\"><p class=\"wp-block-post-excerpt__excerpt\">\u201cDistopia\u201d counts with the participation of Pedro Cabral Santo and Fernando Amaro <a class=\"wp-block-post-excerpt__more-link\" href=\"https:\/\/antigo.ciac.pt\/news\/exhibition-distopia\/261\">+ Info<\/a><\/p><\/div>\n<\/li>\n\n<li class=\"wp-block-post post-5826 post type-post status-publish format-standard hentry category-featured category-news\">\n<div class=\"wp-block-post-title\">EXHIBITION<\/div>\n<div class=\"wp-block-post-date\"><time datetime=\"2013-04-05T00:08:19+00:00\">5 Abril, 2013<\/time><\/div>\n<div class=\"wp-block-post-excerpt\"><p class=\"wp-block-post-excerpt__excerpt\">\u201cDistopia\u201d features participation of Pedro Cabral Santo and Fernando Amaro\n<a class=\"wp-block-post-excerpt__more-link\" href=\"https:\/\/antigo.ciac.pt\/news\/exhibition-49\/5826\">+ Info<\/a><\/p><\/div>\n<\/li>\n\n<li class=\"wp-block-post post-259 post type-post status-publish format-standard hentry category-featured category-news\">\n<div class=\"wp-block-post-title\">EVENTS<\/div>\n<div class=\"wp-block-post-date\"><time datetime=\"2013-04-01T23:12:27+00:00\">1 Abril, 2013<\/time><\/div>\n<div class=\"wp-block-post-excerpt\"><p class=\"wp-block-post-excerpt__excerpt\">Ruy Otero will be the first guest of III Ciclo de Artes Visuais (3<sup>rd<\/sup> Cycle of Visual Arts) <a class=\"wp-block-post-excerpt__more-link\" href=\"https:\/\/antigo.ciac.pt\/news\/otero-talk\/259\">+ Info<\/a><\/p><\/div>\n<\/li>\n\n<li class=\"wp-block-post post-262 post type-post status-publish format-standard hentry category-featured category-news\">\n<div class=\"wp-block-post-title\">EVENTS<\/div>\n<div class=\"wp-block-post-date\"><time datetime=\"2013-03-22T23:07:44+00:00\">22 Mar\u00e7o, 2013<\/time><\/div>\n<div class=\"wp-block-post-excerpt\"><p class=\"wp-block-post-excerpt__excerpt\">Registrations for the Free Course \u201cRevisitar o canto de interven\u00e7\u00e3o\u201d (Revisiting the intervention song) are now open <a class=\"wp-block-post-excerpt__more-link\" href=\"https:\/\/antigo.ciac.pt\/news\/intervention-song\/262\">+ Info<\/a><\/p><\/div>\n<\/li>\n\n<li class=\"wp-block-post post-5524 post type-post status-publish format-standard hentry category-featured category-news\">\n<div class=\"wp-block-post-title\">EVENTS<\/div>\n<div class=\"wp-block-post-date\"><time datetime=\"2013-03-20T21:51:45+00:00\">20 Mar\u00e7o, 2013<\/time><\/div>\n<div class=\"wp-block-post-excerpt\"><p class=\"wp-block-post-excerpt__excerpt\">Visual Arts Series is back <a class=\"wp-block-post-excerpt__more-link\" href=\"https:\/\/antigo.ciac.pt\/news\/events-3\/5524\">+ Info<\/a><\/p><\/div>\n<\/li>\n\n<li class=\"wp-block-post post-263 post type-post status-publish format-standard hentry category-featured category-news\">\n<div class=\"wp-block-post-title\">EVENTS<\/div>\n<div class=\"wp-block-post-date\"><time datetime=\"2013-03-20T15:04:20+00:00\">20 Mar\u00e7o, 2013<\/time><\/div>\n<div class=\"wp-block-post-excerpt\"><p class=\"wp-block-post-excerpt__excerpt\">Dickens gathers researchers around the relations between literature and cinema <a class=\"wp-block-post-excerpt__more-link\" href=\"https:\/\/antigo.ciac.pt\/news\/dickens-lecture\/263\">+ Info<\/a><\/p><\/div>\n<\/li>\n\n<li class=\"wp-block-post post-265 post type-post status-publish format-standard hentry category-featured category-news\">\n<div class=\"wp-block-post-title\">EXHIBITION<\/div>\n<div class=\"wp-block-post-date\"><time datetime=\"2013-03-16T23:22:18+00:00\">16 Mar\u00e7o, 2013<\/time><\/div>\n<div class=\"wp-block-post-excerpt\"><p class=\"wp-block-post-excerpt__excerpt\">Attention: Exhibition inadequate for consumption <a class=\"wp-block-post-excerpt__more-link\" href=\"https:\/\/antigo.ciac.pt\/news\/exhibition-improprio\/265\">+ Info<\/a><\/p><\/div>\n<\/li>\n\n<li class=\"wp-block-post post-5828 post type-post status-publish format-standard hentry category-featured category-news\">\n<div class=\"wp-block-post-title\">EXHIBITION<\/div>\n<div class=\"wp-block-post-date\"><time datetime=\"2013-03-16T00:09:51+00:00\">16 Mar\u00e7o, 2013<\/time><\/div>\n<div class=\"wp-block-post-excerpt\"><p class=\"wp-block-post-excerpt__excerpt\">Caution: Exhibition \u2018Impr\u00f3prio para Consumo\u2019 [unfit for consumption] <a class=\"wp-block-post-excerpt__more-link\" href=\"https:\/\/antigo.ciac.pt\/news\/exhibition-50\/5828\">+ Info<\/a><\/p><\/div>\n<\/li>\n\n<li class=\"wp-block-post post-733 post type-post status-publish format-standard hentry category-featured category-news\">\n<div class=\"wp-block-post-title\">NEWSLETTER<\/div>\n<div class=\"wp-block-post-date\"><time datetime=\"2013-03-15T23:04:45+00:00\">15 Mar\u00e7o, 2013<\/time><\/div>\n<div class=\"wp-block-post-excerpt\"><p class=\"wp-block-post-excerpt__excerpt\">13<sup>th<\/sup> newsletter of CIAC already available online <a class=\"wp-block-post-excerpt__more-link\" href=\"https:\/\/antigo.ciac.pt\/news\/newsletter13\/733\">+ Info<\/a><\/p><\/div>\n<\/li>\n\n<li class=\"wp-block-post post-264 post type-post status-publish format-standard hentry category-featured category-news investigadores-ana-isabel-soares investigadores-merja-de-mattos-parreira\">\n<div class=\"wp-block-post-title\">BOOK<\/div>\n<div class=\"wp-block-post-date\"><time datetime=\"2013-02-22T23:02:13+00:00\">22 Fevereiro, 2013<\/time><\/div>\n<div class=\"wp-block-post-excerpt\"><p class=\"wp-block-post-excerpt__excerpt\">Researchers of CIAC translate a centennial work <a class=\"wp-block-post-excerpt__more-link\" href=\"https:\/\/antigo.ciac.pt\/news\/book-kalevala\/264\">+ Info<\/a><\/p><\/div>\n<\/li>\n\n<li class=\"wp-block-post post-268 post type-post status-publish format-standard hentry category-featured category-news\">\n<div class=\"wp-block-post-title\">EXHIBITION<\/div>\n<div class=\"wp-block-post-date\"><time datetime=\"2013-02-10T22:55:12+00:00\">10 Fevereiro, 2013<\/time><\/div>\n<div class=\"wp-block-post-excerpt\"><p class=\"wp-block-post-excerpt__excerpt\">Galeria TREM receives the exhibition \u201ca branco e preto\u201d (in black and white) <a class=\"wp-block-post-excerpt__more-link\" href=\"https:\/\/antigo.ciac.pt\/news\/black-and-white\/268\">+ Info<\/a><\/p><\/div>\n<\/li>\n\n<li class=\"wp-block-post post-5832 post type-post status-publish format-standard hentry category-featured category-news\">\n<div class=\"wp-block-post-title\">EXHIBITION<\/div>\n<div class=\"wp-block-post-date\"><time datetime=\"2013-02-10T00:27:39+00:00\">10 Fevereiro, 2013<\/time><\/div>\n<div class=\"wp-block-post-excerpt\"><p class=\"wp-block-post-excerpt__excerpt\">Galeria Trem welcomes exhibition \u201ca branco e preto\u201d [in black and white] <a class=\"wp-block-post-excerpt__more-link\" href=\"https:\/\/antigo.ciac.pt\/news\/exhibition-51\/5832\">+ Info<\/a><\/p><\/div>\n<\/li>\n\n<li class=\"wp-block-post post-269 post type-post status-publish format-standard hentry category-featured category-news investigadores-armando-nascimento-rosa\">\n<div class=\"wp-block-post-title\">EVENTS<\/div>\n<div class=\"wp-block-post-date\"><time datetime=\"2013-01-25T22:43:48+00:00\">25 Janeiro, 2013<\/time><\/div>\n<div class=\"wp-block-post-excerpt\"><p class=\"wp-block-post-excerpt__excerpt\">Researcher of CIAC promotes a concert in \u201cCasa Fernando Pessoa\u201d <a class=\"wp-block-post-excerpt__more-link\" href=\"https:\/\/antigo.ciac.pt\/news\/piano-in-pessoa\/269\">+ Info<\/a><\/p><\/div>\n<\/li>\n\n<li class=\"wp-block-post post-267 post type-post status-publish format-standard hentry category-featured category-news\">\n<div class=\"wp-block-post-title\">EXHIBITION<\/div>\n<div class=\"wp-block-post-date\"><time datetime=\"2013-01-20T22:27:40+00:00\">20 Janeiro, 2013<\/time><\/div>\n<div class=\"wp-block-post-excerpt\"><p class=\"wp-block-post-excerpt__excerpt\">Collaborator of CIAC invites the community to exhibit family photos <a class=\"wp-block-post-excerpt__more-link\" href=\"https:\/\/antigo.ciac.pt\/news\/family-photos\/267\">+ Info<\/a><\/p><\/div>\n<\/li>\n\n<li class=\"wp-block-post post-5835 post type-post status-publish format-standard hentry category-featured category-news\">\n<div class=\"wp-block-post-title\">EXHIBITION<\/div>\n<div class=\"wp-block-post-date\"><time datetime=\"2013-01-20T00:29:55+00:00\">20 Janeiro, 2013<\/time><\/div>\n<div class=\"wp-block-post-excerpt\"><p class=\"wp-block-post-excerpt__excerpt\">\nCIAC collaborator invites community to exhibit family photos <a class=\"wp-block-post-excerpt__more-link\" href=\"https:\/\/antigo.ciac.pt\/news\/exhibition-52\/5835\">+ Info<\/a><\/p><\/div>\n<\/li>\n\n<li class=\"wp-block-post post-5839 post type-post status-publish format-standard hentry category-featured category-news\">\n<div class=\"wp-block-post-title\">EXHIBITION<\/div>\n<div class=\"wp-block-post-date\"><time datetime=\"2013-01-05T00:39:51+00:00\">5 Janeiro, 2013<\/time><\/div>\n<div class=\"wp-block-post-excerpt\"><p class=\"wp-block-post-excerpt__excerpt\">Xana exhibits at the Chiado Museum <a class=\"wp-block-post-excerpt__more-link\" href=\"https:\/\/antigo.ciac.pt\/news\/exhibition-54\/5839\">+ Info<\/a><\/p><\/div>\n<\/li>\n<\/ul>\n<\/div><\/div>\n\n\n\n<div class=\"wp-block-advgb-accordion-item advgb-accordion-item\" style=\"margin-bottom:15px\"><div class=\"advgb-accordion-header\" style=\"background-color:#ffffff;color:#000000;border-style:solid;border-width:0px;border-color:#ffffff\"><span class=\"advgb-accordion-header-icon\"><svg fill=\"#000000\" xmlns=\"http:\/\/www.w3.org\/2000\/svg\" width=\"24\" height=\"24\" viewBox=\"0 0 24 24\"><path fill=\"none\" d=\"M0,0h24v24H0V0z\"><\/path><path d=\"M6,10c-1.1,0-2,0.9-2,2s0.9,2,2,2s2-0.9,2-2S7.1,10,6,10z M18,10c-1.1,0-2,0.9-2,2s0.9,2,2,2s2-0.9,2-2S19.1,10,18,10z M12,10c-1.1,0-2,0.9-2,2s0.9,2,2,2s2-0.9,2-2S13.1,10,12,10z\"><\/path><\/svg><\/span><h2 class=\"advgb-accordion-header-title\" style=\"color:inherit\">2012<\/h2><\/div><div class=\"advgb-accordion-body\" style=\"border-style:solid !important;border-width:0px !important;border-color:#ffffff !important;border-top:none !important\">\n<ul>\n<li class=\"wp-block-post post-271 post type-post status-publish format-standard hentry category-featured category-news\">\n<div class=\"wp-block-post-title\">NEWSLETTER<\/div>\n<div class=\"wp-block-post-date\"><time datetime=\"2012-12-20T22:39:08+00:00\">20 Dezembro, 2012<\/time><\/div>\n<div class=\"wp-block-post-excerpt\"><p class=\"wp-block-post-excerpt__excerpt\">12<sup>th<\/sup> newsletter of CIAC in now online. Consult it now <a class=\"wp-block-post-excerpt__more-link\" href=\"https:\/\/antigo.ciac.pt\/news\/newsletter12\/271\">+ Info<\/a><\/p><\/div>\n<\/li>\n\n<li class=\"wp-block-post post-5546 post type-post status-publish format-standard hentry category-featured category-news\">\n<div class=\"wp-block-post-title\">CONFERENCE<\/div>\n<div class=\"wp-block-post-date\"><time datetime=\"2012-12-14T22:56:11+00:00\">14 Dezembro, 2012<\/time><\/div>\n<div class=\"wp-block-post-excerpt\"><p class=\"wp-block-post-excerpt__excerpt\">CIAC organises Open Class Series on Public Radio and Television Service <a class=\"wp-block-post-excerpt__more-link\" href=\"https:\/\/antigo.ciac.pt\/news\/conference-11\/5546\">+ Info<\/a><\/p><\/div>\n<\/li>\n\n<li class=\"wp-block-post post-5733 post type-post status-publish format-standard hentry category-featured category-news\">\n<div class=\"wp-block-post-title\">EXHIBITION<\/div>\n<div class=\"wp-block-post-date\"><time datetime=\"2012-12-08T23:45:44+00:00\">8 Dezembro, 2012<\/time><\/div>\n<div class=\"wp-block-post-excerpt\"><p class=\"wp-block-post-excerpt__excerpt\">\u201c\u00c9 perigoso olhar para dentro\u201d [It\u2019s dangerous to look inside] on show at TREM Gallery in December\n<a class=\"wp-block-post-excerpt__more-link\" href=\"https:\/\/antigo.ciac.pt\/news\/exhibition-28\/5733\">+ Info<\/a><\/p><\/div>\n<\/li>\n\n<li class=\"wp-block-post post-270 post type-post status-publish format-standard hentry category-featured category-news\">\n<div class=\"wp-block-post-title\">EXHIBITION<\/div>\n<div class=\"wp-block-post-date\"><time datetime=\"2012-12-08T22:36:22+00:00\">8 Dezembro, 2012<\/time><\/div>\n<div class=\"wp-block-post-excerpt\"><p class=\"wp-block-post-excerpt__excerpt\">\u201c\u00c9 perigoso ohar para dentro\u201d (It is dangerous to look inside) in exhibition in Galeria TREM in December <a class=\"wp-block-post-excerpt__more-link\" href=\"https:\/\/antigo.ciac.pt\/news\/dangerous-look-inside\/270\">+ Info<\/a><\/p><\/div>\n<\/li>\n\n<li class=\"wp-block-post post-272 post type-post status-publish format-standard hentry category-featured category-news investigadores-vitor-reia\">\n<div class=\"wp-block-post-title\">EVENTS<\/div>\n<div class=\"wp-block-post-date\"><time datetime=\"2012-11-10T22:18:07+00:00\">10 Novembro, 2012<\/time><\/div>\n<div class=\"wp-block-post-excerpt\"><p class=\"wp-block-post-excerpt__excerpt\">CIAC organizes Ciclo de Aulas Abertas (Open Classes Cycle) <a class=\"wp-block-post-excerpt__more-link\" href=\"https:\/\/antigo.ciac.pt\/news\/open-classes\/272\">+ Info<\/a><\/p><\/div>\n<\/li>\n\n<li class=\"wp-block-post post-274 post type-post status-publish format-standard hentry category-featured category-news\">\n<div class=\"wp-block-post-title\">THEATRE<\/div>\n<div class=\"wp-block-post-date\"><time datetime=\"2012-10-26T15:10:06+00:00\">26 Outubro, 2012<\/time><\/div>\n<div class=\"wp-block-post-excerpt\"><p class=\"wp-block-post-excerpt__excerpt\">Theatre Group \u201cA Peste\u201d premieres two shows <a class=\"wp-block-post-excerpt__more-link\" href=\"https:\/\/antigo.ciac.pt\/news\/peste-theatre\/274\">+ Info<\/a><\/p><\/div>\n<\/li>\n\n<li class=\"wp-block-post post-277 post type-post status-publish format-standard hentry category-featured category-news\">\n<div class=\"wp-block-post-title\">EBOOK<\/div>\n<div class=\"wp-block-post-date\"><time datetime=\"2012-10-12T15:23:50+00:00\">12 Outubro, 2012<\/time><\/div>\n<div class=\"wp-block-post-excerpt\"><p class=\"wp-block-post-excerpt__excerpt\">Ebook \u201cEncontro de Paisagens\u201d includes an article by Mirian Tavares <a class=\"wp-block-post-excerpt__more-link\" href=\"https:\/\/antigo.ciac.pt\/news\/article-landscape\/277\">+ Info<\/a><\/p><\/div>\n<\/li>\n\n<li class=\"wp-block-post post-275 post type-post status-publish format-standard hentry category-featured category-news\">\n<div class=\"wp-block-post-title\">INTERNATIONAL<\/div>\n<div class=\"wp-block-post-date\"><time datetime=\"2012-10-10T15:01:48+00:00\">10 Outubro, 2012<\/time><\/div>\n<div class=\"wp-block-post-excerpt\"><p class=\"wp-block-post-excerpt__excerpt\">Mirian Tavares is invited for the \u201cIII Performance, colectivo ef\u00eamero\u201d (3<sup>rd<\/sup> Performance, ephemeral collective) <a class=\"wp-block-post-excerpt__more-link\" href=\"https:\/\/antigo.ciac.pt\/news\/efemero-group\/275\">+ Info<\/a><\/p><\/div>\n<\/li>\n\n<li class=\"wp-block-post post-5736 post type-post status-publish format-standard hentry category-featured category-news\">\n<div class=\"wp-block-post-title\">EXHIBITION<\/div>\n<div class=\"wp-block-post-date\"><time datetime=\"2012-09-16T23:48:31+00:00\">16 Setembro, 2012<\/time><\/div>\n<div class=\"wp-block-post-excerpt\"><p class=\"wp-block-post-excerpt__excerpt\">Visual Arts professors exhibit at Trem Gallery <a class=\"wp-block-post-excerpt__more-link\" href=\"https:\/\/antigo.ciac.pt\/news\/exhibition-29\/5736\">+ Info<\/a><\/p><\/div>\n<\/li>\n\n<li class=\"wp-block-post post-735 post type-post status-publish format-standard hentry category-featured category-news\">\n<div class=\"wp-block-post-title\">EXHIBITION<\/div>\n<div class=\"wp-block-post-date\"><time datetime=\"2012-09-16T14:57:34+00:00\">16 Setembro, 2012<\/time><\/div>\n<div class=\"wp-block-post-excerpt\"><p class=\"wp-block-post-excerpt__excerpt\">Professors of Visual Arts exhibits in Galeria Trem <a class=\"wp-block-post-excerpt__more-link\" href=\"https:\/\/antigo.ciac.pt\/news\/politicallyexcited-exhibition\/735\">+ Info<\/a><\/p><\/div>\n<\/li>\n\n<li class=\"wp-block-post post-278 post type-post status-publish format-standard hentry category-featured category-news\">\n<div class=\"wp-block-post-title\">NEWSLETTER<\/div>\n<div class=\"wp-block-post-date\"><time datetime=\"2012-09-15T14:59:14+00:00\">15 Setembro, 2012<\/time><\/div>\n<div class=\"wp-block-post-excerpt\"><p class=\"wp-block-post-excerpt__excerpt\">11th newsletter of CIAC available <a class=\"wp-block-post-excerpt__more-link\" href=\"https:\/\/antigo.ciac.pt\/news\/newsletter11\/278\">+ Info<\/a><\/p><\/div>\n<\/li>\n\n<li class=\"wp-block-post post-279 post type-post status-publish format-standard hentry category-featured category-news\">\n<div class=\"wp-block-post-title\">PUBLICATION<\/div>\n<div class=\"wp-block-post-date\"><time datetime=\"2012-09-10T14:37:29+00:00\">10 Setembro, 2012<\/time><\/div>\n<div class=\"wp-block-post-excerpt\"><p class=\"wp-block-post-excerpt__excerpt\">Selection \u201cEstudos de Televis\u00e3o: di\u00e1logos Brasil\u2013Portugal\u201d distinguished by scientific Brazilian magazines <a class=\"wp-block-post-excerpt__more-link\" href=\"https:\/\/antigo.ciac.pt\/news\/tv\/279\">+ Info<\/a><\/p><\/div>\n<\/li>\n\n<li class=\"wp-block-post post-734 post type-post status-publish format-standard hentry category-featured category-news\">\n<div class=\"wp-block-post-title\">EVENTS<\/div>\n<div class=\"wp-block-post-date\"><time datetime=\"2012-08-27T14:48:56+00:00\">27 Agosto, 2012<\/time><\/div>\n<div class=\"wp-block-post-excerpt\"><p class=\"wp-block-post-excerpt__excerpt\"> International Colloquium Oral Narration Today: Instrument, Tradition and Art): Registrations are now open <a class=\"wp-block-post-excerpt__more-link\" href=\"https:\/\/antigo.ciac.pt\/news\/oral-narration\/734\">+ Info<\/a><\/p><\/div>\n<\/li>\n\n<li class=\"wp-block-post post-5548 post type-post status-publish format-standard hentry category-featured category-news\">\n<div class=\"wp-block-post-title\">CONFERENCE<\/div>\n<div class=\"wp-block-post-date\"><time datetime=\"2012-08-20T23:03:07+00:00\">20 Agosto, 2012<\/time><\/div>\n<div class=\"wp-block-post-excerpt\"><p class=\"wp-block-post-excerpt__excerpt\">CIAC organises the 2nd Storytelling Today: Tradition, instrument and Art Conference\n<a class=\"wp-block-post-excerpt__more-link\" href=\"https:\/\/antigo.ciac.pt\/news\/conference-12\/5548\">+ Info<\/a><\/p><\/div>\n<\/li>\n\n<li class=\"wp-block-post post-5429 post type-post status-publish format-standard hentry category-featured category-news\">\n<div class=\"wp-block-post-title\">CALL<\/div>\n<div class=\"wp-block-post-date\"><time datetime=\"2012-08-15T23:02:32+00:00\">15 Agosto, 2012<\/time><\/div>\n<div class=\"wp-block-post-excerpt\"><p class=\"wp-block-post-excerpt__excerpt\">Call for papers for \u201cInternational Conference Arts &amp; Sciences in Dialogue\u201d now open\n<a class=\"wp-block-post-excerpt__more-link\" href=\"https:\/\/antigo.ciac.pt\/news\/call\/5429\">+ Info<\/a><\/p><\/div>\n<\/li>\n\n<li class=\"wp-block-post post-736 post type-post status-publish format-standard hentry category-featured category-news\">\n<div class=\"wp-block-post-title\">CALL<\/div>\n<div class=\"wp-block-post-date\"><time datetime=\"2012-08-15T14:40:23+00:00\">15 Agosto, 2012<\/time><\/div>\n<div class=\"wp-block-post-excerpt\"><p class=\"wp-block-post-excerpt__excerpt\">Call for papers: \u201cCol\u00f3quio Internacional Artes &amp; Ci\u00eancias em Di\u00e1logo\u201d (International Colloquium Arts &amp; Sciences in Dialogue) <a class=\"wp-block-post-excerpt__more-link\" href=\"https:\/\/antigo.ciac.pt\/news\/arts-and-sciences\/736\">+ Info<\/a><\/p><\/div>\n<\/li>\n\n<li class=\"wp-block-post post-5540 post type-post status-publish format-standard hentry category-featured category-news\">\n<div class=\"wp-block-post-title\">CONFERENCE<\/div>\n<div class=\"wp-block-post-date\"><time datetime=\"2012-07-15T22:26:51+00:00\">15 Julho, 2012<\/time><\/div>\n<div class=\"wp-block-post-excerpt\"><p class=\"wp-block-post-excerpt__excerpt\">Jung\u2019s Analytical Psychology <a class=\"wp-block-post-excerpt__more-link\" href=\"https:\/\/antigo.ciac.pt\/news\/conference-10\/5540\">+ Info<\/a><\/p><\/div>\n<\/li>\n\n<li class=\"wp-block-post post-737 post type-post status-publish format-standard hentry category-featured category-news\">\n<div class=\"wp-block-post-title\">EXHIBITION<\/div>\n<div class=\"wp-block-post-date\"><time datetime=\"2012-07-01T14:33:39+00:00\">1 Julho, 2012<\/time><\/div>\n<div class=\"wp-block-post-excerpt\"><p class=\"wp-block-post-excerpt__excerpt\">Researcher of CIAC among great names of the contemporary Portuguese sculpture <a class=\"wp-block-post-excerpt__more-link\" href=\"https:\/\/antigo.ciac.pt\/news\/exhibition-xana\/737\">+ Info<\/a><\/p><\/div>\n<\/li>\n\n<li class=\"wp-block-post post-5837 post type-post status-publish format-standard hentry category-featured category-news\">\n<div class=\"wp-block-post-title\">EXHIBITION<\/div>\n<div class=\"wp-block-post-date\"><time datetime=\"2012-07-01T00:32:38+00:00\">1 Julho, 2012<\/time><\/div>\n<div class=\"wp-block-post-excerpt\"><p class=\"wp-block-post-excerpt__excerpt\">\nCIAC researcher among major names in contemporary Portuguese sculpture <a class=\"wp-block-post-excerpt__more-link\" href=\"https:\/\/antigo.ciac.pt\/news\/exhibition-53\/5837\">+ Info<\/a><\/p><\/div>\n<\/li>\n\n<li class=\"wp-block-post post-621 post type-post status-publish format-standard hentry category-featured category-news\">\n<div class=\"wp-block-post-title\">INTERNACIONAL<\/div>\n<div class=\"wp-block-post-date\"><time datetime=\"2012-06-27T14:23:49+00:00\">27 Junho, 2012<\/time><\/div>\n<div class=\"wp-block-post-excerpt\"><p class=\"wp-block-post-excerpt__excerpt\">Investigador do CIAC na London Film and Media Conference <a class=\"wp-block-post-excerpt__more-link\" href=\"https:\/\/antigo.ciac.pt\/news\/jorgecarrega\/621\">+ Info<\/a><\/p><\/div>\n<\/li>\n\n<li class=\"wp-block-post post-5740 post type-post status-publish format-standard hentry category-featured category-news\">\n<div class=\"wp-block-post-title\">EXHIBITION<\/div>\n<div class=\"wp-block-post-date\"><time datetime=\"2012-06-20T23:51:24+00:00\">20 Junho, 2012<\/time><\/div>\n<div class=\"wp-block-post-excerpt\"><p class=\"wp-block-post-excerpt__excerpt\">Soraya Vasconcelos, CIAC collaborator, exhibits at the Galeria Artadentro <a class=\"wp-block-post-excerpt__more-link\" href=\"https:\/\/antigo.ciac.pt\/news\/exhibition-30\/5740\">+ Info<\/a><\/p><\/div>\n<\/li>\n\n<li class=\"wp-block-post post-740 post type-post status-publish format-standard hentry category-featured category-news\">\n<div class=\"wp-block-post-title\">EXHIBITION<\/div>\n<div class=\"wp-block-post-date\"><time datetime=\"2012-06-20T11:57:23+00:00\">20 Junho, 2012<\/time><\/div>\n<div class=\"wp-block-post-excerpt\"><p class=\"wp-block-post-excerpt__excerpt\">Soraya Vasconcelos, collaborator of CIAC, exhibits in Galeria Artadentro <a class=\"wp-block-post-excerpt__more-link\" href=\"https:\/\/antigo.ciac.pt\/news\/vasconcelos-exhibition\/740\">+ Info<\/a><\/p><\/div>\n<\/li>\n\n<li class=\"wp-block-post post-739 post type-post status-publish format-standard hentry category-featured category-news\">\n<div class=\"wp-block-post-title\">NEWSLETTER<\/div>\n<div class=\"wp-block-post-date\"><time datetime=\"2012-06-15T14:25:53+00:00\">15 Junho, 2012<\/time><\/div>\n<div class=\"wp-block-post-excerpt\"><p class=\"wp-block-post-excerpt__excerpt\">The 10<sup>th<\/sup> newsletter of CIAC is already available <a class=\"wp-block-post-excerpt__more-link\" href=\"https:\/\/antigo.ciac.pt\/news\/newsletter-10\/739\">+ Info<\/a><\/p><\/div>\n<\/li>\n\n<li class=\"wp-block-post post-5555 post type-post status-publish format-standard hentry category-featured category-news\">\n<div class=\"wp-block-post-title\">EVENTS<\/div>\n<div class=\"wp-block-post-date\"><time datetime=\"2012-05-27T23:12:39+00:00\">27 Maio, 2012<\/time><\/div>\n<div class=\"wp-block-post-excerpt\"><p class=\"wp-block-post-excerpt__excerpt\">Film History Specialist gives lecture at UAlg <a class=\"wp-block-post-excerpt__more-link\" href=\"https:\/\/antigo.ciac.pt\/news\/events-11\/5555\">+ Info<\/a><\/p><\/div>\n<\/li>\n\n<li class=\"wp-block-post post-741 post type-post status-publish format-standard hentry category-featured category-news\">\n<div class=\"wp-block-post-title\">EVENTS<\/div>\n<div class=\"wp-block-post-date\"><time datetime=\"2012-05-27T11:48:06+00:00\">27 Maio, 2012<\/time><\/div>\n<div class=\"wp-block-post-excerpt\"><p class=\"wp-block-post-excerpt__excerpt\">Expert in Cinema History gives a lecture in UAlg <a class=\"wp-block-post-excerpt__more-link\" href=\"https:\/\/antigo.ciac.pt\/news\/lecture-castropaz\/741\">+ Info<\/a><\/p><\/div>\n<\/li>\n\n<li class=\"wp-block-post post-742 post type-post status-publish format-standard hentry category-featured category-news\">\n<div class=\"wp-block-post-title\">EVENTS<\/div>\n<div class=\"wp-block-post-date\"><time datetime=\"2012-05-10T10:23:29+00:00\">10 Maio, 2012<\/time><\/div>\n<div class=\"wp-block-post-excerpt\"><p class=\"wp-block-post-excerpt__excerpt\">Ciclo de Artes Visuais welcomes Cabrita Reis on May 24<sup>th<\/sup> <a class=\"wp-block-post-excerpt__more-link\" href=\"https:\/\/antigo.ciac.pt\/news\/cabrita-event\/742\">+ Info<\/a><\/p><\/div>\n<\/li>\n\n<li class=\"wp-block-post post-743 post type-post status-publish format-standard hentry category-featured category-news\">\n<div class=\"wp-block-post-title\">EVENTS<\/div>\n<div class=\"wp-block-post-date\"><time datetime=\"2012-04-29T11:24:30+00:00\">29 Abril, 2012<\/time><\/div>\n<div class=\"wp-block-post-excerpt\"><p class=\"wp-block-post-excerpt__excerpt\">Paulo Mendes brings his artistic experience to \u201cCiclo de Artes Visuais\u201d <a class=\"wp-block-post-excerpt__more-link\" href=\"https:\/\/antigo.ciac.pt\/news\/lecture-paulo-mendes\/743\">+ Info<\/a><\/p><\/div>\n<\/li>\n\n<li class=\"wp-block-post post-744 post type-post status-publish format-standard hentry category-featured category-news\">\n<div class=\"wp-block-post-title\">EVENTS<\/div>\n<div class=\"wp-block-post-date\"><time datetime=\"2012-04-25T10:03:30+00:00\">25 Abril, 2012<\/time><\/div>\n<div class=\"wp-block-post-excerpt\"><p class=\"wp-block-post-excerpt__excerpt\">Ciclo de Artes Visuais welcomes Carlos Antunes and Ant\u00f3nio Olaio to a talk about the artistic path <a class=\"wp-block-post-excerpt__more-link\" href=\"https:\/\/antigo.ciac.pt\/news\/lecture-carlos-antunes\/744\">+ Info<\/a><\/p><\/div>\n<\/li>\n\n<li class=\"wp-block-post post-5536 post type-post status-publish format-standard hentry category-featured category-news\">\n<div class=\"wp-block-post-title\">EVENTS<\/div>\n<div class=\"wp-block-post-date\"><time datetime=\"2012-04-24T22:21:17+00:00\">24 Abril, 2012<\/time><\/div>\n<div class=\"wp-block-post-excerpt\"><p class=\"wp-block-post-excerpt__excerpt\">The \u20181st Amateur Theatre Conference of the Algarve\u2019 will take place this weekend.  <a class=\"wp-block-post-excerpt__more-link\" href=\"https:\/\/antigo.ciac.pt\/news\/events-7\/5536\">+ Info<\/a><\/p><\/div>\n<\/li>\n\n<li class=\"wp-block-post post-292 post type-post status-publish format-standard hentry category-featured category-news\">\n<div class=\"wp-block-post-title\">EVENTS<\/div>\n<div class=\"wp-block-post-date\"><time datetime=\"2012-04-24T10:14:52+00:00\">24 Abril, 2012<\/time><\/div>\n<div class=\"wp-block-post-excerpt\"><p class=\"wp-block-post-excerpt__excerpt\">I Jornadas de Teatro Amador do Algarve <a class=\"wp-block-post-excerpt__more-link\" href=\"https:\/\/antigo.ciac.pt\/news\/amateur-theatre\/292\">+ Info<\/a><\/p><\/div>\n<\/li>\n\n<li class=\"wp-block-post post-293 post type-post status-publish format-standard hentry category-featured category-news\">\n<div class=\"wp-block-post-title\">EVENTS<\/div>\n<div class=\"wp-block-post-date\"><time datetime=\"2012-04-23T09:54:42+00:00\">23 Abril, 2012<\/time><\/div>\n<div class=\"wp-block-post-excerpt\"><p class=\"wp-block-post-excerpt__excerpt\">Pedro Amaral, multimedia artist, is the next guest of Ciclo de Artes Visuais (Cycle of Visual Arts) <a class=\"wp-block-post-excerpt__more-link\" href=\"https:\/\/antigo.ciac.pt\/news\/pedro-amaral-cycle\/293\">+ Info<\/a><\/p><\/div>\n<\/li>\n\n<li class=\"wp-block-post post-5553 post type-post status-publish format-standard hentry category-featured category-news\">\n<div class=\"wp-block-post-title\">EVENTS<\/div>\n<div class=\"wp-block-post-date\"><time datetime=\"2012-04-18T23:09:58+00:00\">18 Abril, 2012<\/time><\/div>\n<div class=\"wp-block-post-excerpt\"><p class=\"wp-block-post-excerpt__excerpt\">Javier Hernandez Ruiz gives lecture at CIAC\u2019s invitation <a class=\"wp-block-post-excerpt__more-link\" href=\"https:\/\/antigo.ciac.pt\/news\/events-10\/5553\">+ Info<\/a><\/p><\/div>\n<\/li>\n\n<li class=\"wp-block-post post-291 post type-post status-publish format-standard hentry category-featured category-news\">\n<div class=\"wp-block-post-title\">EVENTS<\/div>\n<div class=\"wp-block-post-date\"><time datetime=\"2012-04-18T10:09:39+00:00\">18 Abril, 2012<\/time><\/div>\n<div class=\"wp-block-post-excerpt\"><p class=\"wp-block-post-excerpt__excerpt\">Javier Hernandez Ruiz gives lecture at CIAC invitation <a class=\"wp-block-post-excerpt__more-link\" href=\"https:\/\/antigo.ciac.pt\/news\/lecture-hernandez\/291\">+ Info<\/a><\/p><\/div>\n<\/li>\n\n<li class=\"wp-block-post post-295 post type-post status-publish format-standard hentry category-featured category-news investigadores-vitor-reia\">\n<div class=\"wp-block-post-title\">PUBLICATION<\/div>\n<div class=\"wp-block-post-date\"><time datetime=\"2012-04-04T14:44:29+00:00\">4 Abril, 2012<\/time><\/div>\n<div class=\"wp-block-post-excerpt\"><p class=\"wp-block-post-excerpt__excerpt\">CIAC represented on the next number of the magazine Comunicar <a class=\"wp-block-post-excerpt__more-link\" href=\"https:\/\/antigo.ciac.pt\/news\/comunicar-magazine\/295\">+ Info<\/a><\/p><\/div>\n<\/li>\n\n<li class=\"wp-block-post post-5538 post type-post status-publish format-standard hentry category-featured category-news\">\n<div class=\"wp-block-post-title\">EVENTS<\/div>\n<div class=\"wp-block-post-date\"><time datetime=\"2012-03-26T22:24:33+00:00\">26 Mar\u00e7o, 2012<\/time><\/div>\n<div class=\"wp-block-post-excerpt\"><p class=\"wp-block-post-excerpt__excerpt\">\n1st Visual Arts Series brings artists to UAlg <a class=\"wp-block-post-excerpt__more-link\" href=\"https:\/\/antigo.ciac.pt\/news\/events-8\/5538\">+ Info<\/a><\/p><\/div>\n<\/li>\n\n<li class=\"wp-block-post post-5550 post type-post status-publish format-standard hentry category-featured category-news\">\n<div class=\"wp-block-post-title\">EVENTS<\/div>\n<div class=\"wp-block-post-date\"><time datetime=\"2012-03-20T23:07:22+00:00\">20 Mar\u00e7o, 2012<\/time><\/div>\n<div class=\"wp-block-post-excerpt\"><p class=\"wp-block-post-excerpt__excerpt\">Dickens brings together researchers to discuss relationships between literature and film <a class=\"wp-block-post-excerpt__more-link\" href=\"https:\/\/antigo.ciac.pt\/news\/events-9\/5550\">+ Info<\/a><\/p><\/div>\n<\/li>\n\n<li class=\"wp-block-post post-294 post type-post status-publish format-standard hentry category-featured category-news\">\n<div class=\"wp-block-post-title\">CIAC PROJECT<\/div>\n<div class=\"wp-block-post-date\"><time datetime=\"2012-03-13T19:06:39+00:00\">13 Mar\u00e7o, 2012<\/time><\/div>\n<div class=\"wp-block-post-excerpt\"><p class=\"wp-block-post-excerpt__excerpt\">\u201cUm Filme Portugu\u00eas\u201d arrives to the Universidade do Algarve <a class=\"wp-block-post-excerpt__more-link\" href=\"https:\/\/antigo.ciac.pt\/news\/portuguese-movie\/294\">+ Info<\/a><\/p><\/div>\n<\/li>\n\n<li class=\"wp-block-post post-296 post type-post status-publish format-standard hentry category-featured category-news\">\n<div class=\"wp-block-post-title\">SHORT FILM<\/div>\n<div class=\"wp-block-post-date\"><time datetime=\"2012-02-20T19:03:13+00:00\">20 Fevereiro, 2012<\/time><\/div>\n<div class=\"wp-block-post-excerpt\"><p class=\"wp-block-post-excerpt__excerpt\">Collaborator of CIAC exhibits a short film in an International Festival <a class=\"wp-block-post-excerpt__more-link\" href=\"https:\/\/antigo.ciac.pt\/news\/short-cut\/296\">+ Info<\/a><\/p><\/div>\n<\/li>\n\n<li class=\"wp-block-post post-5454 post type-post status-publish format-standard hentry category-featured category-news\">\n<div class=\"wp-block-post-title\">CALL<\/div>\n<div class=\"wp-block-post-date\"><time datetime=\"2012-02-05T23:36:22+00:00\">5 Fevereiro, 2012<\/time><\/div>\n<div class=\"wp-block-post-excerpt\"><p class=\"wp-block-post-excerpt__excerpt\">Call for papers for the \u201cARTECH 2012 International Conference\u201d now open <a class=\"wp-block-post-excerpt__more-link\" href=\"https:\/\/antigo.ciac.pt\/news\/call-2\/5454\">+ Info<\/a><\/p><\/div>\n<\/li>\n\n<li class=\"wp-block-post post-5544 post type-post status-publish format-standard hentry category-featured category-news\">\n<div class=\"wp-block-post-title\">CALL<\/div>\n<div class=\"wp-block-post-date\"><time datetime=\"2012-02-05T22:29:59+00:00\">5 Fevereiro, 2012<\/time><\/div>\n<div class=\"wp-block-post-excerpt\"><p class=\"wp-block-post-excerpt__excerpt\">Call for papers for the \u201cARTECH 2012 International Conference\u201d now open <a class=\"wp-block-post-excerpt__more-link\" href=\"https:\/\/antigo.ciac.pt\/news\/call-3\/5544\">+ Info<\/a><\/p><\/div>\n<\/li>\n\n<li class=\"wp-block-post post-297 post type-post status-publish format-standard hentry category-featured category-news investigadores-eugenia-vasques\">\n<div class=\"wp-block-post-title\">BOOK<\/div>\n<div class=\"wp-block-post-date\"><time datetime=\"2012-01-10T18:34:41+00:00\">10 Janeiro, 2012<\/time><\/div>\n<div class=\"wp-block-post-excerpt\"><p class=\"wp-block-post-excerpt__excerpt\">Researcher of the CIAC publishes a book about the History of Conservat\u00f3rio de Lisboa <a class=\"wp-block-post-excerpt__more-link\" href=\"https:\/\/antigo.ciac.pt\/news\/book-vasques\/297\">+ Info<\/a><\/p><\/div>\n<\/li>\n\n<li class=\"wp-block-post post-299 post type-post status-publish format-standard hentry category-featured category-news\">\n<div class=\"wp-block-post-title\">EXHIBITION<\/div>\n<div class=\"wp-block-post-date\"><time datetime=\"2012-01-05T18:47:53+00:00\">5 Janeiro, 2012<\/time><\/div>\n<div class=\"wp-block-post-excerpt\"><p class=\"wp-block-post-excerpt__excerpt\">Xana\u2019s exhibit in Museu do Chiado <a class=\"wp-block-post-excerpt__more-link\" href=\"https:\/\/antigo.ciac.pt\/news\/exhibition-xana-2\/299\">+ Info<\/a><\/p><\/div>\n<\/li>\n<\/ul>\n<\/div><\/div>\n\n\n\n<div class=\"wp-block-advgb-accordion-item advgb-accordion-item\" style=\"margin-bottom:15px\"><div class=\"advgb-accordion-header\" style=\"background-color:#ffffff;color:#000000;border-style:solid;border-width:0px;border-color:#ffffff\"><span class=\"advgb-accordion-header-icon\"><svg fill=\"#000000\" xmlns=\"http:\/\/www.w3.org\/2000\/svg\" width=\"24\" height=\"24\" viewBox=\"0 0 24 24\"><path fill=\"none\" d=\"M0,0h24v24H0V0z\"><\/path><path d=\"M6,10c-1.1,0-2,0.9-2,2s0.9,2,2,2s2-0.9,2-2S7.1,10,6,10z M18,10c-1.1,0-2,0.9-2,2s0.9,2,2,2s2-0.9,2-2S19.1,10,18,10z M12,10c-1.1,0-2,0.9-2,2s0.9,2,2,2s2-0.9,2-2S13.1,10,12,10z\"><\/path><\/svg><\/span><h2 class=\"advgb-accordion-header-title\" style=\"color:inherit\">2011<\/h2><\/div><div class=\"advgb-accordion-body\" style=\"border-style:solid !important;border-width:0px !important;border-color:#ffffff !important;border-top:none !important\">\n<ul>\n<li class=\"wp-block-post post-298 post type-post status-publish format-standard hentry category-featured category-news\">\n<div class=\"wp-block-post-title\">CALL<\/div>\n<div class=\"wp-block-post-date\"><time datetime=\"2011-12-24T18:24:08+00:00\">24 Dezembro, 2011<\/time><\/div>\n<div class=\"wp-block-post-excerpt\"><p class=\"wp-block-post-excerpt__excerpt\">Call for paper for the II Encontro da AIM (Second AIM Workshop) is now open <a class=\"wp-block-post-excerpt__more-link\" href=\"https:\/\/antigo.ciac.pt\/news\/aim\/298\">+ Info<\/a><\/p><\/div>\n<\/li>\n\n<li class=\"wp-block-post post-745 post type-post status-publish format-standard hentry category-featured category-news\">\n<div class=\"wp-block-post-title\">PUBLICATION<\/div>\n<div class=\"wp-block-post-date\"><time datetime=\"2011-12-17T18:16:10+00:00\">17 Dezembro, 2011<\/time><\/div>\n<div class=\"wp-block-post-excerpt\"><p class=\"wp-block-post-excerpt__excerpt\">Now available the last version of the book \u201cNovas &amp; Velhas Tend\u00eancias no Cinema Portugu\u00eas Contempor\u00e2neo\u201d (New and Old Tendencies in Contemporary Portuguese Cinema) <a class=\"wp-block-post-excerpt__more-link\" href=\"https:\/\/antigo.ciac.pt\/news\/new-and-old-trends-cinema\/745\">+ Info<\/a><\/p><\/div>\n<\/li>\n\n<li class=\"wp-block-post post-746 post type-post status-publish format-standard hentry category-featured category-news\">\n<div class=\"wp-block-post-title\">EVENTS<\/div>\n<div class=\"wp-block-post-date\"><time datetime=\"2011-12-12T18:12:45+00:00\">12 Dezembro, 2011<\/time><\/div>\n<div class=\"wp-block-post-excerpt\"><p class=\"wp-block-post-excerpt__excerpt\">Rajele Jain, programmer of the Festival Temps d\u2019Images, gives a lecture at UAlg <a class=\"wp-block-post-excerpt__more-link\" href=\"https:\/\/antigo.ciac.pt\/news\/lecture-rajele\/746\">+ Info<\/a><\/p><\/div>\n<\/li>\n<\/ul>\n<\/div><\/div>\n<\/div>\n","protected":false},"excerpt":{"rendered":"","protected":false},"author":1,"featured_media":0,"parent":0,"menu_order":13,"comment_status":"closed","ping_status":"closed","template":"","meta":{"_eb_attr":"","inline_featured_image":false,"advgb_blocks_editor_width":"","advgb_blocks_columns_visual_guide":"","footnotes":"","_links_to":"","_links_to_target":""},"class_list":["post-1456","page","type-page","status-publish","hentry"],"yoast_head":"<!-- This site is optimized with the Yoast SEO plugin v27.4 - https:\/\/yoast.com\/product\/yoast-seo-wordpress\/ -->\n<title>Archive - CIAC<\/title>\n<meta name=\"robots\" content=\"index, follow, max-snippet:-1, max-image-preview:large, max-video-preview:-1\" \/>\n<link rel=\"canonical\" href=\"https:\/\/ciac.pt\/en\/archive\/\" \/>\n<meta property=\"og:locale\" content=\"en_US\" \/>\n<meta property=\"og:type\" content=\"article\" \/>\n<meta property=\"og:title\" content=\"Archive - CIAC\" \/>\n<meta property=\"og:url\" content=\"https:\/\/ciac.pt\/en\/archive\/\" \/>\n<meta property=\"og:site_name\" content=\"CIAC\" \/>\n<meta property=\"article:modified_time\" content=\"2024-01-04T15:22:05+00:00\" \/>\n<meta name=\"twitter:card\" content=\"summary_large_image\" \/>\n<meta name=\"twitter:label1\" content=\"Est. reading time\" \/>\n\t<meta name=\"twitter:data1\" content=\"106 minutes\" \/>\n<script type=\"application\/ld+json\" class=\"yoast-schema-graph\">{\"@context\":\"https:\\\/\\\/schema.org\",\"@graph\":[{\"@type\":\"WebPage\",\"@id\":\"https:\\\/\\\/ciac.pt\\\/en\\\/archive\\\/\",\"url\":\"https:\\\/\\\/ciac.pt\\\/en\\\/archive\\\/\",\"name\":\"Archive - CIAC\",\"isPartOf\":{\"@id\":\"https:\\\/\\\/ciac.pt\\\/en\\\/#website\"},\"datePublished\":\"2023-08-23T16:50:00+00:00\",\"dateModified\":\"2024-01-04T15:22:05+00:00\",\"breadcrumb\":{\"@id\":\"https:\\\/\\\/ciac.pt\\\/en\\\/archive\\\/#breadcrumb\"},\"inLanguage\":\"en-US\",\"potentialAction\":[{\"@type\":\"ReadAction\",\"target\":[\"https:\\\/\\\/ciac.pt\\\/en\\\/archive\\\/\"]}]},{\"@type\":\"BreadcrumbList\",\"@id\":\"https:\\\/\\\/ciac.pt\\\/en\\\/archive\\\/#breadcrumb\",\"itemListElement\":[{\"@type\":\"ListItem\",\"position\":1,\"name\":\"In\u00edcio\",\"item\":\"https:\\\/\\\/ciac.pt\\\/en\\\/\"},{\"@type\":\"ListItem\",\"position\":2,\"name\":\"Archive\"}]},{\"@type\":\"WebSite\",\"@id\":\"https:\\\/\\\/ciac.pt\\\/en\\\/#website\",\"url\":\"https:\\\/\\\/ciac.pt\\\/en\\\/\",\"name\":\"CIAC\",\"description\":\"Centro de Investiga\u00e7\u00e3o em Artes e Comunica\u00e7\u00e3o\",\"publisher\":{\"@id\":\"https:\\\/\\\/ciac.pt\\\/en\\\/#organization\"},\"potentialAction\":[{\"@type\":\"SearchAction\",\"target\":{\"@type\":\"EntryPoint\",\"urlTemplate\":\"https:\\\/\\\/ciac.pt\\\/en\\\/?s={search_term_string}\"},\"query-input\":{\"@type\":\"PropertyValueSpecification\",\"valueRequired\":true,\"valueName\":\"search_term_string\"}}],\"inLanguage\":\"en-US\"},{\"@type\":\"Organization\",\"@id\":\"https:\\\/\\\/ciac.pt\\\/en\\\/#organization\",\"name\":\"CIAC\",\"url\":\"https:\\\/\\\/ciac.pt\\\/en\\\/\",\"logo\":{\"@type\":\"ImageObject\",\"inLanguage\":\"en-US\",\"@id\":\"https:\\\/\\\/ciac.pt\\\/en\\\/#\\\/schema\\\/logo\\\/image\\\/\",\"url\":\"https:\\\/\\\/ciac.pt\\\/wp-content\\\/uploads\\\/2022\\\/06\\\/logo.svg\",\"contentUrl\":\"https:\\\/\\\/ciac.pt\\\/wp-content\\\/uploads\\\/2022\\\/06\\\/logo.svg\",\"width\":184,\"height\":51,\"caption\":\"CIAC\"},\"image\":{\"@id\":\"https:\\\/\\\/ciac.pt\\\/en\\\/#\\\/schema\\\/logo\\\/image\\\/\"}}]}<\/script>\n<!-- \/ Yoast SEO plugin. -->","yoast_head_json":{"title":"Archive - CIAC","robots":{"index":"index","follow":"follow","max-snippet":"max-snippet:-1","max-image-preview":"max-image-preview:large","max-video-preview":"max-video-preview:-1"},"canonical":"https:\/\/ciac.pt\/en\/archive\/","og_locale":"en_US","og_type":"article","og_title":"Archive - CIAC","og_url":"https:\/\/ciac.pt\/en\/archive\/","og_site_name":"CIAC","article_modified_time":"2024-01-04T15:22:05+00:00","twitter_card":"summary_large_image","twitter_misc":{"Est. reading time":"106 minutes"},"schema":{"@context":"https:\/\/schema.org","@graph":[{"@type":"WebPage","@id":"https:\/\/ciac.pt\/en\/archive\/","url":"https:\/\/ciac.pt\/en\/archive\/","name":"Archive - CIAC","isPartOf":{"@id":"https:\/\/ciac.pt\/en\/#website"},"datePublished":"2023-08-23T16:50:00+00:00","dateModified":"2024-01-04T15:22:05+00:00","breadcrumb":{"@id":"https:\/\/ciac.pt\/en\/archive\/#breadcrumb"},"inLanguage":"en-US","potentialAction":[{"@type":"ReadAction","target":["https:\/\/ciac.pt\/en\/archive\/"]}]},{"@type":"BreadcrumbList","@id":"https:\/\/ciac.pt\/en\/archive\/#breadcrumb","itemListElement":[{"@type":"ListItem","position":1,"name":"In\u00edcio","item":"https:\/\/ciac.pt\/en\/"},{"@type":"ListItem","position":2,"name":"Archive"}]},{"@type":"WebSite","@id":"https:\/\/ciac.pt\/en\/#website","url":"https:\/\/ciac.pt\/en\/","name":"CIAC","description":"Centro de Investiga\u00e7\u00e3o em Artes e Comunica\u00e7\u00e3o","publisher":{"@id":"https:\/\/ciac.pt\/en\/#organization"},"potentialAction":[{"@type":"SearchAction","target":{"@type":"EntryPoint","urlTemplate":"https:\/\/ciac.pt\/en\/?s={search_term_string}"},"query-input":{"@type":"PropertyValueSpecification","valueRequired":true,"valueName":"search_term_string"}}],"inLanguage":"en-US"},{"@type":"Organization","@id":"https:\/\/ciac.pt\/en\/#organization","name":"CIAC","url":"https:\/\/ciac.pt\/en\/","logo":{"@type":"ImageObject","inLanguage":"en-US","@id":"https:\/\/ciac.pt\/en\/#\/schema\/logo\/image\/","url":"https:\/\/ciac.pt\/wp-content\/uploads\/2022\/06\/logo.svg","contentUrl":"https:\/\/ciac.pt\/wp-content\/uploads\/2022\/06\/logo.svg","width":184,"height":51,"caption":"CIAC"},"image":{"@id":"https:\/\/ciac.pt\/en\/#\/schema\/logo\/image\/"}}]}},"coauthors":[],"author_meta":{"author_link":"https:\/\/ciac.pt\/en\/author\/webmaster\/","display_name":"webmaster"},"relative_dates":{"created":"Posted 3 years ago","modified":"Updated 2 years ago"},"absolute_dates":{"created":"Posted on 23\/08\/2023","modified":"Updated on 04\/01\/2024"},"absolute_dates_time":{"created":"Posted on 23\/08\/2023 17:50","modified":"Updated on 04\/01\/2024 15:22"},"featured_img_caption":"","featured_img":false,"series_order":"","_links":{"self":[{"href":"https:\/\/ciac.pt\/en\/wp-json\/wp\/v2\/pages\/1456","targetHints":{"allow":["GET"]}}],"collection":[{"href":"https:\/\/ciac.pt\/en\/wp-json\/wp\/v2\/pages"}],"about":[{"href":"https:\/\/ciac.pt\/en\/wp-json\/wp\/v2\/types\/page"}],"author":[{"embeddable":true,"href":"https:\/\/ciac.pt\/en\/wp-json\/wp\/v2\/users\/1"}],"replies":[{"embeddable":true,"href":"https:\/\/ciac.pt\/en\/wp-json\/wp\/v2\/comments?post=1456"}],"version-history":[{"count":8,"href":"https:\/\/ciac.pt\/en\/wp-json\/wp\/v2\/pages\/1456\/revisions"}],"predecessor-version":[{"id":2869,"href":"https:\/\/ciac.pt\/en\/wp-json\/wp\/v2\/pages\/1456\/revisions\/2869"}],"wp:attachment":[{"href":"https:\/\/ciac.pt\/en\/wp-json\/wp\/v2\/media?parent=1456"}],"curies":[{"name":"wp","href":"https:\/\/api.w.org\/{rel}","templated":true}]}}