{"id":1486,"date":"2023-08-23T18:00:47","date_gmt":"2023-08-23T17:00:47","guid":{"rendered":"https:\/\/web.ciac.pt\/?page_id=1486"},"modified":"2026-04-21T15:38:22","modified_gmt":"2026-04-21T14:38:22","slug":"home","status":"publish","type":"page","link":"https:\/\/ciac.pt\/en\/","title":{"rendered":"Home"},"content":{"rendered":"<form role=\"search\" method=\"get\" action=\"https:\/\/ciac.pt\/en\/\" class=\"wp-block-search__button-outside wp-block-search__text-button wp-block-search\"    ><label class=\"wp-block-search__label\" for=\"wp-block-search__input-2\" >Search<\/label><div class=\"wp-block-search__inside-wrapper \" ><input class=\"wp-block-search__input\" id=\"wp-block-search__input-2\" placeholder=\"Search\" value=\"\" type=\"search\" name=\"s\" required \/><button aria-label=\"Search\" class=\"wp-block-search__button wp-element-button\" type=\"submit\" >Search<\/button><\/div><\/form>\n\n\n<hr class=\"wp-block-separator alignwide has-alpha-channel-opacity\"\/>\n\n\n\n<h2 class=\"wp-block-heading\">Events<\/h2>\n\n\n\n<div class=\"wp-block-query ciac-news-grid is-layout-flow wp-block-query-is-layout-flow\"><ul class=\"columns-4 wp-block-post-template is-layout-grid wp-container-core-post-template-is-layout-b954fd2f wp-block-post-template-is-layout-grid\"><li class=\"wp-block-post post-14583 post type-post status-publish format-standard has-post-thumbnail hentry category-event category-news tag-dissemination\">\n<div class=\"data-event wp-block-post-excerpt\"><p class=\"wp-block-post-excerpt__excerpt\">November 25-27th, 2026 <\/p><\/div>\n\n<figure class=\"featured-image wp-block-post-featured-image\"><a href=\"https:\/\/ciac.pt\/en\/news\/artefacto-2026-international-conference-opens-call-for-papers-and-artistic-works\/\" target=\"_self\"  ><img decoding=\"async\" data-src=\"https:\/\/ciac.pt\/wp-content\/uploads\/2026\/04\/Untitled-1-8.jpg\" class=\"attachment-post-thumbnail size-post-thumbnail wp-post-image lazyload\" alt=\"Artefacto 2026: International Conference opens call for papers and artistic works\" style=\"--smush-placeholder-width: 1620px; --smush-placeholder-aspect-ratio: 1620\/1215;object-fit:cover;\" src=\"data:image\/svg+xml;base64,PHN2ZyB3aWR0aD0iMSIgaGVpZ2h0PSIxIiB4bWxucz0iaHR0cDovL3d3dy53My5vcmcvMjAwMC9zdmciPjwvc3ZnPg==\" \/><\/a><\/figure>\n\n<h5 class=\"wp-block-post-title\"><a href=\"https:\/\/ciac.pt\/en\/news\/artefacto-2026-international-conference-opens-call-for-papers-and-artistic-works\/\" target=\"_self\" >Artefacto 2026: International Conference opens call for papers and artistic works<\/a><\/h5>\n<\/li><li class=\"wp-block-post post-14140 post type-post status-publish format-standard has-post-thumbnail hentry category-event\">\n<div class=\"data-event wp-block-post-excerpt\"><p class=\"wp-block-post-excerpt__excerpt\">April 17th, 2026 <\/p><\/div>\n\n<figure class=\"featured-image wp-block-post-featured-image\"><a href=\"https:\/\/ciac.pt\/en\/event\/4th-international-conference-on-mediterranean-cinema-the-cinema-of-mediterranean-europe-new-perspectives-for-the-21st-century\/\" target=\"_self\"  ><img decoding=\"async\" width=\"1620\" height=\"1215\" data-src=\"https:\/\/ciac.pt\/wp-content\/uploads\/2026\/03\/cinema.jpg\" class=\"attachment-post-thumbnail size-post-thumbnail wp-post-image lazyload\" alt=\"4th International Conference on Mediterranean Cinema \u2013 The Cinema of Mediterranean Europe: New Perspectives for the 21st Century\" style=\"--smush-placeholder-width: 1620px; --smush-placeholder-aspect-ratio: 1620\/1215;object-fit:cover;\" data-srcset=\"https:\/\/ciac.pt\/wp-content\/uploads\/2026\/03\/cinema.jpg 1620w, https:\/\/ciac.pt\/wp-content\/uploads\/2026\/03\/cinema-300x225.jpg 300w, https:\/\/ciac.pt\/wp-content\/uploads\/2026\/03\/cinema-1024x768.jpg 1024w, https:\/\/ciac.pt\/wp-content\/uploads\/2026\/03\/cinema-768x576.jpg 768w, https:\/\/ciac.pt\/wp-content\/uploads\/2026\/03\/cinema-1536x1152.jpg 1536w\" data-sizes=\"(max-width: 1620px) 100vw, 1620px\" src=\"data:image\/svg+xml;base64,PHN2ZyB3aWR0aD0iMSIgaGVpZ2h0PSIxIiB4bWxucz0iaHR0cDovL3d3dy53My5vcmcvMjAwMC9zdmciPjwvc3ZnPg==\" \/><\/a><\/figure>\n\n<h5 class=\"wp-block-post-title\"><a href=\"https:\/\/ciac.pt\/en\/event\/4th-international-conference-on-mediterranean-cinema-the-cinema-of-mediterranean-europe-new-perspectives-for-the-21st-century\/\" target=\"_self\" >4th International Conference on Mediterranean Cinema \u2013 The Cinema of Mediterranean Europe: New Perspectives for the 21st Century<\/a><\/h5>\n<\/li><li class=\"wp-block-post post-13704 post type-post status-publish format-standard has-post-thumbnail hentry category-event\">\n<div class=\"data-event wp-block-post-excerpt\"><p class=\"wp-block-post-excerpt__excerpt\">September 10-11th, 2026 <\/p><\/div>\n\n<figure class=\"featured-image wp-block-post-featured-image\"><a href=\"https:\/\/ciac.pt\/en\/event\/international-conference-landscape-representation-perception-and-identity\/\" target=\"_self\"  ><img decoding=\"async\" width=\"1620\" height=\"1215\" data-src=\"https:\/\/ciac.pt\/wp-content\/uploads\/2026\/02\/paisagem-1.jpg\" class=\"attachment-post-thumbnail size-post-thumbnail wp-post-image lazyload\" alt=\"International Conference: Landscape, Representation, Perception and Identity\" style=\"--smush-placeholder-width: 1620px; --smush-placeholder-aspect-ratio: 1620\/1215;object-fit:cover;\" data-srcset=\"https:\/\/ciac.pt\/wp-content\/uploads\/2026\/02\/paisagem-1.jpg 1620w, https:\/\/ciac.pt\/wp-content\/uploads\/2026\/02\/paisagem-1-300x225.jpg 300w, https:\/\/ciac.pt\/wp-content\/uploads\/2026\/02\/paisagem-1-1024x768.jpg 1024w, https:\/\/ciac.pt\/wp-content\/uploads\/2026\/02\/paisagem-1-768x576.jpg 768w, https:\/\/ciac.pt\/wp-content\/uploads\/2026\/02\/paisagem-1-1536x1152.jpg 1536w\" data-sizes=\"(max-width: 1620px) 100vw, 1620px\" src=\"data:image\/svg+xml;base64,PHN2ZyB3aWR0aD0iMSIgaGVpZ2h0PSIxIiB4bWxucz0iaHR0cDovL3d3dy53My5vcmcvMjAwMC9zdmciPjwvc3ZnPg==\" \/><\/a><\/figure>\n\n<h5 class=\"wp-block-post-title\"><a href=\"https:\/\/ciac.pt\/en\/event\/international-conference-landscape-representation-perception-and-identity\/\" target=\"_self\" >International Conference: Landscape, Representation, Perception and Identity<\/a><\/h5>\n<\/li><li class=\"wp-block-post post-13383 post type-post status-publish format-standard has-post-thumbnail hentry category-event\">\n<div class=\"data-event wp-block-post-excerpt\"><p class=\"wp-block-post-excerpt__excerpt\">January 20-21st, 2026 <\/p><\/div>\n\n<figure class=\"featured-image wp-block-post-featured-image\"><a href=\"https:\/\/ciac.pt\/en\/event\/airesearch-summit-ciac-pldis-ipsantarem-2026\/\" target=\"_self\"  ><img decoding=\"async\" width=\"1620\" height=\"1215\" data-src=\"https:\/\/ciac.pt\/wp-content\/uploads\/2026\/01\/airesearchsummit2026.jpg\" class=\"attachment-post-thumbnail size-post-thumbnail wp-post-image lazyload\" alt=\"AIResearch SUMMIT CIAC-PLDIS | IPSantar\u00e9m 2026\" style=\"--smush-placeholder-width: 1620px; --smush-placeholder-aspect-ratio: 1620\/1215;object-fit:cover;\" src=\"data:image\/svg+xml;base64,PHN2ZyB3aWR0aD0iMSIgaGVpZ2h0PSIxIiB4bWxucz0iaHR0cDovL3d3dy53My5vcmcvMjAwMC9zdmciPjwvc3ZnPg==\" \/><\/a><\/figure>\n\n<h5 class=\"wp-block-post-title\"><a href=\"https:\/\/ciac.pt\/en\/event\/airesearch-summit-ciac-pldis-ipsantarem-2026\/\" target=\"_self\" >AIResearch SUMMIT CIAC-PLDIS | IPSantar\u00e9m 2026<\/a><\/h5>\n<\/li><\/ul><\/div>\n\n\n\n<hr class=\"wp-block-separator alignwide has-alpha-channel-opacity\"\/>\n\n\n\n<h2 class=\"wp-block-heading\"><a href=\"https:\/\/ciac.pt\/en\/news\/\">News \u2192<\/a><\/h2>\n\n\n\n<div class=\"wp-block-query ciac-news-grid is-layout-flow wp-block-query-is-layout-flow\"><ul class=\"columns-4 wp-block-post-template is-layout-grid wp-container-core-post-template-is-layout-b954fd2f wp-block-post-template-is-layout-grid\"><li class=\"wp-block-post post-14608 post type-post status-publish format-standard has-post-thumbnail hentry category-news tag-dissemination\">\n<div class=\"taxonomy-post_tag tag wp-block-post-terms\"><a href=\"https:\/\/ciac.pt\/en\/.\/dissemination\/\" rel=\"tag\">Dissemination<\/a><\/div>\n\n<figure class=\"featured-image wp-block-post-featured-image\"><a href=\"https:\/\/ciac.pt\/en\/news\/call-for-papers-for-the-new-issue-of-rotura-open-until-30-september\/\" target=\"_self\"  ><img decoding=\"async\" width=\"1620\" height=\"1215\" data-src=\"https:\/\/ciac.pt\/wp-content\/uploads\/2026\/04\/Untitled-1-10.jpg\" class=\"attachment-post-thumbnail size-post-thumbnail wp-post-image lazyload\" alt=\"Call for papers for the new issue of Rotura open until 30 September\" style=\"--smush-placeholder-width: 1620px; --smush-placeholder-aspect-ratio: 1620\/1215;object-fit:cover;\" data-srcset=\"https:\/\/ciac.pt\/wp-content\/uploads\/2026\/04\/Untitled-1-10.jpg 1620w, https:\/\/ciac.pt\/wp-content\/uploads\/2026\/04\/Untitled-1-10-300x225.jpg 300w, https:\/\/ciac.pt\/wp-content\/uploads\/2026\/04\/Untitled-1-10-1024x768.jpg 1024w, https:\/\/ciac.pt\/wp-content\/uploads\/2026\/04\/Untitled-1-10-768x576.jpg 768w, https:\/\/ciac.pt\/wp-content\/uploads\/2026\/04\/Untitled-1-10-1536x1152.jpg 1536w\" data-sizes=\"(max-width: 1620px) 100vw, 1620px\" src=\"data:image\/svg+xml;base64,PHN2ZyB3aWR0aD0iMSIgaGVpZ2h0PSIxIiB4bWxucz0iaHR0cDovL3d3dy53My5vcmcvMjAwMC9zdmciPjwvc3ZnPg==\" \/><\/a><\/figure>\n\n<h5 class=\"wp-block-post-title\"><a href=\"https:\/\/ciac.pt\/en\/news\/call-for-papers-for-the-new-issue-of-rotura-open-until-30-september\/\" target=\"_self\" >Call for papers for the new issue of Rotura open until 30 September<\/a><\/h5>\n\n<div class=\"wp-block-post-date\"><time datetime=\"2026-04-23T19:26:17+01:00\">23\/04\/2026<\/time><\/div>\n<\/li><\/ul><\/div>\n\n\n\n<hr style=\"border-top: 1em\" class=\"wp-block-separator has-text-color has-white-color has-alpha-channel-opacity has-white-background-color has-background\"\/>\n\n\n\n<div class=\"wp-block-query ciac-news-grid is-layout-flow wp-block-query-is-layout-flow\"><ul class=\"columns-4 wp-block-post-template is-layout-grid wp-container-core-post-template-is-layout-b954fd2f wp-block-post-template-is-layout-grid\"><li class=\"wp-block-post post-14618 post type-post status-publish format-standard has-post-thumbnail hentry category-news tag-dissemination\">\n<div class=\"taxonomy-post_tag tag wp-block-post-terms\"><a href=\"https:\/\/ciac.pt\/en\/.\/dissemination\/\" rel=\"tag\">Dissemination<\/a><\/div>\n\n<figure class=\"featured-image wp-block-post-featured-image\"><a href=\"https:\/\/ciac.pt\/en\/news\/7th-the-creative-process-meeting-to-explore-experimental-cinema-at-the-university-of-algarve\/\" target=\"_self\"  ><img decoding=\"async\" width=\"1620\" height=\"1215\" data-src=\"https:\/\/ciac.pt\/wp-content\/uploads\/2026\/04\/Untitled-1-11.jpg\" class=\"attachment-post-thumbnail size-post-thumbnail wp-post-image lazyload\" alt=\"7th \u201cThe Creative Process\u201d meeting to explore experimental cinema at the University of Algarve\" style=\"--smush-placeholder-width: 1620px; --smush-placeholder-aspect-ratio: 1620\/1215;object-fit:cover;\" data-srcset=\"https:\/\/ciac.pt\/wp-content\/uploads\/2026\/04\/Untitled-1-11.jpg 1620w, https:\/\/ciac.pt\/wp-content\/uploads\/2026\/04\/Untitled-1-11-300x225.jpg 300w, https:\/\/ciac.pt\/wp-content\/uploads\/2026\/04\/Untitled-1-11-1024x768.jpg 1024w, https:\/\/ciac.pt\/wp-content\/uploads\/2026\/04\/Untitled-1-11-768x576.jpg 768w, https:\/\/ciac.pt\/wp-content\/uploads\/2026\/04\/Untitled-1-11-1536x1152.jpg 1536w\" data-sizes=\"(max-width: 1620px) 100vw, 1620px\" src=\"data:image\/svg+xml;base64,PHN2ZyB3aWR0aD0iMSIgaGVpZ2h0PSIxIiB4bWxucz0iaHR0cDovL3d3dy53My5vcmcvMjAwMC9zdmciPjwvc3ZnPg==\" \/><\/a><\/figure>\n\n<h5 class=\"wp-block-post-title\"><a href=\"https:\/\/ciac.pt\/en\/news\/7th-the-creative-process-meeting-to-explore-experimental-cinema-at-the-university-of-algarve\/\" target=\"_self\" >7th \u201cThe Creative Process\u201d meeting to explore experimental cinema at the University of Algarve<\/a><\/h5>\n\n<div class=\"wp-block-post-date\"><time datetime=\"2026-04-25T17:11:29+01:00\">25\/04\/2026<\/time><\/div>\n<\/li><li class=\"wp-block-post post-14597 post type-post status-publish format-standard has-post-thumbnail hentry category-news tag-dissemination\">\n<div class=\"taxonomy-post_tag tag wp-block-post-terms\"><a href=\"https:\/\/ciac.pt\/en\/.\/dissemination\/\" rel=\"tag\">Dissemination<\/a><\/div>\n\n<figure class=\"featured-image wp-block-post-featured-image\"><a href=\"https:\/\/ciac.pt\/en\/news\/visual-arts-cycle-to-host-curator-lourenco-egreja\/\" target=\"_self\"  ><img decoding=\"async\" width=\"1620\" height=\"1215\" data-src=\"https:\/\/ciac.pt\/wp-content\/uploads\/2026\/04\/Untitled-1-9.jpg\" class=\"attachment-post-thumbnail size-post-thumbnail wp-post-image lazyload\" alt=\"Visual Arts Cycle to host curator Louren\u00e7o Egreja\" style=\"--smush-placeholder-width: 1620px; --smush-placeholder-aspect-ratio: 1620\/1215;object-fit:cover;\" data-srcset=\"https:\/\/ciac.pt\/wp-content\/uploads\/2026\/04\/Untitled-1-9.jpg 1620w, https:\/\/ciac.pt\/wp-content\/uploads\/2026\/04\/Untitled-1-9-300x225.jpg 300w, https:\/\/ciac.pt\/wp-content\/uploads\/2026\/04\/Untitled-1-9-1024x768.jpg 1024w, https:\/\/ciac.pt\/wp-content\/uploads\/2026\/04\/Untitled-1-9-768x576.jpg 768w, https:\/\/ciac.pt\/wp-content\/uploads\/2026\/04\/Untitled-1-9-1536x1152.jpg 1536w\" data-sizes=\"(max-width: 1620px) 100vw, 1620px\" src=\"data:image\/svg+xml;base64,PHN2ZyB3aWR0aD0iMSIgaGVpZ2h0PSIxIiB4bWxucz0iaHR0cDovL3d3dy53My5vcmcvMjAwMC9zdmciPjwvc3ZnPg==\" \/><\/a><\/figure>\n\n<h5 class=\"wp-block-post-title\"><a href=\"https:\/\/ciac.pt\/en\/news\/visual-arts-cycle-to-host-curator-lourenco-egreja\/\" target=\"_self\" >Visual Arts Cycle to host curator Louren\u00e7o Egreja<\/a><\/h5>\n\n<div class=\"wp-block-post-date\"><time datetime=\"2026-04-22T18:25:00+01:00\">22\/04\/2026<\/time><\/div>\n<\/li><li class=\"wp-block-post post-14583 post type-post status-publish format-standard has-post-thumbnail hentry category-event category-news tag-dissemination\">\n<div class=\"taxonomy-post_tag tag wp-block-post-terms\"><a href=\"https:\/\/ciac.pt\/en\/.\/dissemination\/\" rel=\"tag\">Dissemination<\/a><\/div>\n\n<figure class=\"featured-image wp-block-post-featured-image\"><a href=\"https:\/\/ciac.pt\/en\/news\/artefacto-2026-international-conference-opens-call-for-papers-and-artistic-works\/\" target=\"_self\"  ><img decoding=\"async\" data-src=\"https:\/\/ciac.pt\/wp-content\/uploads\/2026\/04\/Untitled-1-8.jpg\" class=\"attachment-post-thumbnail size-post-thumbnail wp-post-image lazyload\" alt=\"Artefacto 2026: International Conference opens call for papers and artistic works\" style=\"--smush-placeholder-width: 1620px; --smush-placeholder-aspect-ratio: 1620\/1215;object-fit:cover;\" src=\"data:image\/svg+xml;base64,PHN2ZyB3aWR0aD0iMSIgaGVpZ2h0PSIxIiB4bWxucz0iaHR0cDovL3d3dy53My5vcmcvMjAwMC9zdmciPjwvc3ZnPg==\" \/><\/a><\/figure>\n\n<h5 class=\"wp-block-post-title\"><a href=\"https:\/\/ciac.pt\/en\/news\/artefacto-2026-international-conference-opens-call-for-papers-and-artistic-works\/\" target=\"_self\" >Artefacto 2026: International Conference opens call for papers and artistic works<\/a><\/h5>\n\n<div class=\"wp-block-post-date\"><time datetime=\"2026-04-21T21:21:52+01:00\">21\/04\/2026<\/time><\/div>\n<\/li><li class=\"wp-block-post post-14572 post type-post status-publish format-standard has-post-thumbnail hentry category-news tag-dissemination\">\n<div class=\"taxonomy-post_tag tag wp-block-post-terms\"><a href=\"https:\/\/ciac.pt\/en\/.\/dissemination\/\" rel=\"tag\">Dissemination<\/a><\/div>\n\n<figure class=\"featured-image wp-block-post-featured-image\"><a href=\"https:\/\/ciac.pt\/en\/news\/university-of-maia-and-ciac-organise-event-on-multimedia-art\/\" target=\"_self\"  ><img decoding=\"async\" width=\"1620\" height=\"1215\" data-src=\"https:\/\/ciac.pt\/wp-content\/uploads\/2026\/04\/Untitled-1-7.jpg\" class=\"attachment-post-thumbnail size-post-thumbnail wp-post-image lazyload\" alt=\"University of Maia and CIAC organise event on multimedia art\" style=\"--smush-placeholder-width: 1620px; --smush-placeholder-aspect-ratio: 1620\/1215;object-fit:cover;\" data-srcset=\"https:\/\/ciac.pt\/wp-content\/uploads\/2026\/04\/Untitled-1-7.jpg 1620w, https:\/\/ciac.pt\/wp-content\/uploads\/2026\/04\/Untitled-1-7-300x225.jpg 300w, https:\/\/ciac.pt\/wp-content\/uploads\/2026\/04\/Untitled-1-7-1024x768.jpg 1024w, https:\/\/ciac.pt\/wp-content\/uploads\/2026\/04\/Untitled-1-7-768x576.jpg 768w, https:\/\/ciac.pt\/wp-content\/uploads\/2026\/04\/Untitled-1-7-1536x1152.jpg 1536w\" data-sizes=\"(max-width: 1620px) 100vw, 1620px\" src=\"data:image\/svg+xml;base64,PHN2ZyB3aWR0aD0iMSIgaGVpZ2h0PSIxIiB4bWxucz0iaHR0cDovL3d3dy53My5vcmcvMjAwMC9zdmciPjwvc3ZnPg==\" \/><\/a><\/figure>\n\n<h5 class=\"wp-block-post-title\"><a href=\"https:\/\/ciac.pt\/en\/news\/university-of-maia-and-ciac-organise-event-on-multimedia-art\/\" target=\"_self\" >University of Maia and CIAC organise event on multimedia art<\/a><\/h5>\n\n<div class=\"wp-block-post-date\"><time datetime=\"2026-04-21T00:20:55+01:00\">21\/04\/2026<\/time><\/div>\n<\/li><li class=\"wp-block-post post-14558 post type-post status-publish format-standard has-post-thumbnail hentry category-news tag-dissemination\">\n<div class=\"taxonomy-post_tag tag wp-block-post-terms\"><a href=\"https:\/\/ciac.pt\/en\/.\/dissemination\/\" rel=\"tag\">Dissemination<\/a><\/div>\n\n<figure class=\"featured-image wp-block-post-featured-image\"><a href=\"https:\/\/ciac.pt\/en\/news\/visual-arts-cycle-welcomes-visual-artist-xana\/\" target=\"_self\"  ><img decoding=\"async\" width=\"1620\" height=\"1215\" data-src=\"https:\/\/ciac.pt\/wp-content\/uploads\/2026\/04\/Untitled-1-6.jpg\" class=\"attachment-post-thumbnail size-post-thumbnail wp-post-image lazyload\" alt=\"Visual Arts Cycle welcomes visual artist Xana\" style=\"--smush-placeholder-width: 1620px; --smush-placeholder-aspect-ratio: 1620\/1215;object-fit:cover;\" data-srcset=\"https:\/\/ciac.pt\/wp-content\/uploads\/2026\/04\/Untitled-1-6.jpg 1620w, https:\/\/ciac.pt\/wp-content\/uploads\/2026\/04\/Untitled-1-6-300x225.jpg 300w, https:\/\/ciac.pt\/wp-content\/uploads\/2026\/04\/Untitled-1-6-1024x768.jpg 1024w, https:\/\/ciac.pt\/wp-content\/uploads\/2026\/04\/Untitled-1-6-768x576.jpg 768w, https:\/\/ciac.pt\/wp-content\/uploads\/2026\/04\/Untitled-1-6-1536x1152.jpg 1536w\" data-sizes=\"(max-width: 1620px) 100vw, 1620px\" src=\"data:image\/svg+xml;base64,PHN2ZyB3aWR0aD0iMSIgaGVpZ2h0PSIxIiB4bWxucz0iaHR0cDovL3d3dy53My5vcmcvMjAwMC9zdmciPjwvc3ZnPg==\" \/><\/a><\/figure>\n\n<h5 class=\"wp-block-post-title\"><a href=\"https:\/\/ciac.pt\/en\/news\/visual-arts-cycle-welcomes-visual-artist-xana\/\" target=\"_self\" >Visual Arts Cycle welcomes visual artist Xana<\/a><\/h5>\n\n<div class=\"wp-block-post-date\"><time datetime=\"2026-04-20T03:11:32+01:00\">20\/04\/2026<\/time><\/div>\n<\/li><li class=\"wp-block-post post-14547 post type-post status-publish format-standard has-post-thumbnail hentry category-news category-noticias tag-dissemination\">\n<div class=\"taxonomy-post_tag tag wp-block-post-terms\"><a href=\"https:\/\/ciac.pt\/en\/.\/dissemination\/\" rel=\"tag\">Dissemination<\/a><\/div>\n\n<figure class=\"featured-image wp-block-post-featured-image\"><a href=\"https:\/\/ciac.pt\/en\/news\/zoom-cultural-mediation-meeting-returns-to-teatro-das-figuras-with-the-participation-of-mirian-tavares\/\" target=\"_self\"  ><img decoding=\"async\" width=\"1620\" height=\"1215\" data-src=\"https:\/\/ciac.pt\/wp-content\/uploads\/2026\/04\/Sem-titulo.jpg\" class=\"attachment-post-thumbnail size-post-thumbnail wp-post-image lazyload\" alt=\"ZOOM \u2013 Cultural Mediation Meeting returns to Teatro das Figuras with the participation of Mirian Tavares\" style=\"--smush-placeholder-width: 1620px; --smush-placeholder-aspect-ratio: 1620\/1215;object-fit:cover;\" data-srcset=\"https:\/\/ciac.pt\/wp-content\/uploads\/2026\/04\/Sem-titulo.jpg 1620w, https:\/\/ciac.pt\/wp-content\/uploads\/2026\/04\/Sem-titulo-300x225.jpg 300w, https:\/\/ciac.pt\/wp-content\/uploads\/2026\/04\/Sem-titulo-1024x768.jpg 1024w, https:\/\/ciac.pt\/wp-content\/uploads\/2026\/04\/Sem-titulo-768x576.jpg 768w, https:\/\/ciac.pt\/wp-content\/uploads\/2026\/04\/Sem-titulo-1536x1152.jpg 1536w\" data-sizes=\"(max-width: 1620px) 100vw, 1620px\" src=\"data:image\/svg+xml;base64,PHN2ZyB3aWR0aD0iMSIgaGVpZ2h0PSIxIiB4bWxucz0iaHR0cDovL3d3dy53My5vcmcvMjAwMC9zdmciPjwvc3ZnPg==\" \/><\/a><\/figure>\n\n<h5 class=\"wp-block-post-title\"><a href=\"https:\/\/ciac.pt\/en\/news\/zoom-cultural-mediation-meeting-returns-to-teatro-das-figuras-with-the-participation-of-mirian-tavares\/\" target=\"_self\" >ZOOM \u2013 Cultural Mediation Meeting returns to Teatro das Figuras with the participation of Mirian Tavares<\/a><\/h5>\n\n<div class=\"wp-block-post-date\"><time datetime=\"2026-04-19T04:08:47+01:00\">19\/04\/2026<\/time><\/div>\n<\/li><li class=\"wp-block-post post-14538 post type-post status-publish format-standard has-post-thumbnail hentry category-news tag-dissemination\">\n<div class=\"taxonomy-post_tag tag wp-block-post-terms\"><a href=\"https:\/\/ciac.pt\/en\/.\/dissemination\/\" rel=\"tag\">Dissemination<\/a><\/div>\n\n<figure class=\"featured-image wp-block-post-featured-image\"><a href=\"https:\/\/ciac.pt\/en\/news\/ciac-co-organises-international-colloquium-on-linguistics-literature-and-communication-in-al-hoceima\/\" target=\"_self\"  ><img decoding=\"async\" width=\"1620\" height=\"1215\" data-src=\"https:\/\/ciac.pt\/wp-content\/uploads\/2026\/04\/Untitled-1-5.jpg\" class=\"attachment-post-thumbnail size-post-thumbnail wp-post-image lazyload\" alt=\"CIAC co-organises international colloquium on linguistics, literature and communication in Al Hoceima\" style=\"--smush-placeholder-width: 1620px; --smush-placeholder-aspect-ratio: 1620\/1215;object-fit:cover;\" data-srcset=\"https:\/\/ciac.pt\/wp-content\/uploads\/2026\/04\/Untitled-1-5.jpg 1620w, https:\/\/ciac.pt\/wp-content\/uploads\/2026\/04\/Untitled-1-5-300x225.jpg 300w, https:\/\/ciac.pt\/wp-content\/uploads\/2026\/04\/Untitled-1-5-1024x768.jpg 1024w, https:\/\/ciac.pt\/wp-content\/uploads\/2026\/04\/Untitled-1-5-768x576.jpg 768w, https:\/\/ciac.pt\/wp-content\/uploads\/2026\/04\/Untitled-1-5-1536x1152.jpg 1536w\" data-sizes=\"(max-width: 1620px) 100vw, 1620px\" src=\"data:image\/svg+xml;base64,PHN2ZyB3aWR0aD0iMSIgaGVpZ2h0PSIxIiB4bWxucz0iaHR0cDovL3d3dy53My5vcmcvMjAwMC9zdmciPjwvc3ZnPg==\" \/><\/a><\/figure>\n\n<h5 class=\"wp-block-post-title\"><a href=\"https:\/\/ciac.pt\/en\/news\/ciac-co-organises-international-colloquium-on-linguistics-literature-and-communication-in-al-hoceima\/\" target=\"_self\" >CIAC co-organises international colloquium on linguistics, literature and communication in Al Hoceima<\/a><\/h5>\n\n<div class=\"wp-block-post-date\"><time datetime=\"2026-04-15T20:43:00+01:00\">15\/04\/2026<\/time><\/div>\n<\/li><li class=\"wp-block-post post-14526 post type-post status-publish format-standard has-post-thumbnail hentry category-news tag-dissemination\">\n<div class=\"taxonomy-post_tag tag wp-block-post-terms\"><a href=\"https:\/\/ciac.pt\/en\/.\/dissemination\/\" rel=\"tag\">Dissemination<\/a><\/div>\n\n<figure class=\"featured-image wp-block-post-featured-image\"><a href=\"https:\/\/ciac.pt\/en\/news\/ciac-organises-talk-series-on-the-construction-of-the-common-based-on-the-exhibition-chao-comum-terraphilia\/\" target=\"_self\"  ><img decoding=\"async\" width=\"1620\" height=\"1215\" data-src=\"https:\/\/ciac.pt\/wp-content\/uploads\/2026\/04\/Untitled-1-4.jpg\" class=\"attachment-post-thumbnail size-post-thumbnail wp-post-image lazyload\" alt=\"CIAC organises talk series on the \u201cConstruction of the Common\u201d based on the exhibition \u201cCh\u00e3o Comum: Terraphilia\u201d\" style=\"--smush-placeholder-width: 1620px; --smush-placeholder-aspect-ratio: 1620\/1215;object-fit:cover;\" data-srcset=\"https:\/\/ciac.pt\/wp-content\/uploads\/2026\/04\/Untitled-1-4.jpg 1620w, https:\/\/ciac.pt\/wp-content\/uploads\/2026\/04\/Untitled-1-4-300x225.jpg 300w, https:\/\/ciac.pt\/wp-content\/uploads\/2026\/04\/Untitled-1-4-1024x768.jpg 1024w, https:\/\/ciac.pt\/wp-content\/uploads\/2026\/04\/Untitled-1-4-768x576.jpg 768w, https:\/\/ciac.pt\/wp-content\/uploads\/2026\/04\/Untitled-1-4-1536x1152.jpg 1536w\" data-sizes=\"(max-width: 1620px) 100vw, 1620px\" src=\"data:image\/svg+xml;base64,PHN2ZyB3aWR0aD0iMSIgaGVpZ2h0PSIxIiB4bWxucz0iaHR0cDovL3d3dy53My5vcmcvMjAwMC9zdmciPjwvc3ZnPg==\" \/><\/a><\/figure>\n\n<h5 class=\"wp-block-post-title\"><a href=\"https:\/\/ciac.pt\/en\/news\/ciac-organises-talk-series-on-the-construction-of-the-common-based-on-the-exhibition-chao-comum-terraphilia\/\" target=\"_self\" >CIAC organises talk series on the \u201cConstruction of the Common\u201d based on the exhibition \u201cCh\u00e3o Comum: Terraphilia\u201d<\/a><\/h5>\n\n<div class=\"wp-block-post-date\"><time datetime=\"2026-04-15T00:37:46+01:00\">15\/04\/2026<\/time><\/div>\n<\/li><li class=\"wp-block-post post-14516 post type-post status-publish format-standard has-post-thumbnail hentry category-news tag-dissemination\">\n<div class=\"taxonomy-post_tag tag wp-block-post-terms\"><a href=\"https:\/\/ciac.pt\/en\/.\/dissemination\/\" rel=\"tag\">Dissemination<\/a><\/div>\n\n<figure class=\"featured-image wp-block-post-featured-image\"><a href=\"https:\/\/ciac.pt\/en\/news\/communication-sciences-workshop-to-address-the-topic-advertising-and-artificial-intelligence\/\" target=\"_self\"  ><img decoding=\"async\" width=\"1620\" height=\"1215\" data-src=\"https:\/\/ciac.pt\/wp-content\/uploads\/2026\/04\/Untitled-1-3.jpg\" class=\"attachment-post-thumbnail size-post-thumbnail wp-post-image lazyload\" alt=\"Communication Sciences Workshop to address the topic \u201cAdvertising and artificial intelligence\u201d\" style=\"--smush-placeholder-width: 1620px; --smush-placeholder-aspect-ratio: 1620\/1215;object-fit:cover;\" data-srcset=\"https:\/\/ciac.pt\/wp-content\/uploads\/2026\/04\/Untitled-1-3.jpg 1620w, https:\/\/ciac.pt\/wp-content\/uploads\/2026\/04\/Untitled-1-3-300x225.jpg 300w, https:\/\/ciac.pt\/wp-content\/uploads\/2026\/04\/Untitled-1-3-1024x768.jpg 1024w, https:\/\/ciac.pt\/wp-content\/uploads\/2026\/04\/Untitled-1-3-768x576.jpg 768w, https:\/\/ciac.pt\/wp-content\/uploads\/2026\/04\/Untitled-1-3-1536x1152.jpg 1536w\" data-sizes=\"(max-width: 1620px) 100vw, 1620px\" src=\"data:image\/svg+xml;base64,PHN2ZyB3aWR0aD0iMSIgaGVpZ2h0PSIxIiB4bWxucz0iaHR0cDovL3d3dy53My5vcmcvMjAwMC9zdmciPjwvc3ZnPg==\" \/><\/a><\/figure>\n\n<h5 class=\"wp-block-post-title\"><a href=\"https:\/\/ciac.pt\/en\/news\/communication-sciences-workshop-to-address-the-topic-advertising-and-artificial-intelligence\/\" target=\"_self\" >Communication Sciences Workshop to address the topic \u201cAdvertising and artificial intelligence\u201d<\/a><\/h5>\n\n<div class=\"wp-block-post-date\"><time datetime=\"2026-04-14T02:47:07+01:00\">14\/04\/2026<\/time><\/div>\n<\/li><li class=\"wp-block-post post-14507 post type-post status-publish format-standard has-post-thumbnail hentry category-news tag-dissemination\">\n<div class=\"taxonomy-post_tag tag wp-block-post-terms\"><a href=\"https:\/\/ciac.pt\/en\/.\/dissemination\/\" rel=\"tag\">Dissemination<\/a><\/div>\n\n<figure class=\"featured-image wp-block-post-featured-image\"><a href=\"https:\/\/ciac.pt\/en\/news\/visual-arts-cycle-welcomes-photographer-joao-mariano\/\" target=\"_self\"  ><img decoding=\"async\" width=\"1620\" height=\"1215\" data-src=\"https:\/\/ciac.pt\/wp-content\/uploads\/2026\/04\/Untitled-1-2.jpg\" class=\"attachment-post-thumbnail size-post-thumbnail wp-post-image lazyload\" alt=\"Visual Arts Cycle welcomes photographer Jo\u00e3o Mariano\" style=\"--smush-placeholder-width: 1620px; --smush-placeholder-aspect-ratio: 1620\/1215;object-fit:cover;\" data-srcset=\"https:\/\/ciac.pt\/wp-content\/uploads\/2026\/04\/Untitled-1-2.jpg 1620w, https:\/\/ciac.pt\/wp-content\/uploads\/2026\/04\/Untitled-1-2-300x225.jpg 300w, https:\/\/ciac.pt\/wp-content\/uploads\/2026\/04\/Untitled-1-2-1024x768.jpg 1024w, https:\/\/ciac.pt\/wp-content\/uploads\/2026\/04\/Untitled-1-2-768x576.jpg 768w, https:\/\/ciac.pt\/wp-content\/uploads\/2026\/04\/Untitled-1-2-1536x1152.jpg 1536w\" data-sizes=\"(max-width: 1620px) 100vw, 1620px\" src=\"data:image\/svg+xml;base64,PHN2ZyB3aWR0aD0iMSIgaGVpZ2h0PSIxIiB4bWxucz0iaHR0cDovL3d3dy53My5vcmcvMjAwMC9zdmciPjwvc3ZnPg==\" \/><\/a><\/figure>\n\n<h5 class=\"wp-block-post-title\"><a href=\"https:\/\/ciac.pt\/en\/news\/visual-arts-cycle-welcomes-photographer-joao-mariano\/\" target=\"_self\" >Visual Arts Cycle welcomes photographer Jo\u00e3o Mariano<\/a><\/h5>\n\n<div class=\"wp-block-post-date\"><time datetime=\"2026-04-11T18:29:12+01:00\">11\/04\/2026<\/time><\/div>\n<\/li><li class=\"wp-block-post post-14499 post type-post status-publish format-standard has-post-thumbnail hentry category-news tag-dissemination\">\n<div class=\"taxonomy-post_tag tag wp-block-post-terms\"><a href=\"https:\/\/ciac.pt\/en\/.\/dissemination\/\" rel=\"tag\">Dissemination<\/a><\/div>\n\n<figure class=\"featured-image wp-block-post-featured-image\"><a href=\"https:\/\/ciac.pt\/en\/news\/science-communication-highlighted-at-ualg-in-international-sea-eu-session\/\" target=\"_self\"  ><img decoding=\"async\" width=\"1620\" height=\"1215\" data-src=\"https:\/\/ciac.pt\/wp-content\/uploads\/2026\/04\/Untitled-2.jpg\" class=\"attachment-post-thumbnail size-post-thumbnail wp-post-image lazyload\" alt=\"Science communication highlighted at UAlg in international SEA-EU session\" style=\"--smush-placeholder-width: 1620px; --smush-placeholder-aspect-ratio: 1620\/1215;object-fit:cover;\" data-srcset=\"https:\/\/ciac.pt\/wp-content\/uploads\/2026\/04\/Untitled-2.jpg 1620w, https:\/\/ciac.pt\/wp-content\/uploads\/2026\/04\/Untitled-2-300x225.jpg 300w, https:\/\/ciac.pt\/wp-content\/uploads\/2026\/04\/Untitled-2-1024x768.jpg 1024w, https:\/\/ciac.pt\/wp-content\/uploads\/2026\/04\/Untitled-2-768x576.jpg 768w, https:\/\/ciac.pt\/wp-content\/uploads\/2026\/04\/Untitled-2-1536x1152.jpg 1536w\" data-sizes=\"(max-width: 1620px) 100vw, 1620px\" src=\"data:image\/svg+xml;base64,PHN2ZyB3aWR0aD0iMSIgaGVpZ2h0PSIxIiB4bWxucz0iaHR0cDovL3d3dy53My5vcmcvMjAwMC9zdmciPjwvc3ZnPg==\" \/><\/a><\/figure>\n\n<h5 class=\"wp-block-post-title\"><a href=\"https:\/\/ciac.pt\/en\/news\/science-communication-highlighted-at-ualg-in-international-sea-eu-session\/\" target=\"_self\" >Science communication highlighted at UAlg in international SEA-EU session<\/a><\/h5>\n\n<div class=\"wp-block-post-date\"><time datetime=\"2026-04-09T19:01:26+01:00\">09\/04\/2026<\/time><\/div>\n<\/li><li class=\"wp-block-post post-14483 post type-post status-publish format-standard has-post-thumbnail hentry category-news tag-dissemination\">\n<div class=\"taxonomy-post_tag tag wp-block-post-terms\"><a href=\"https:\/\/ciac.pt\/en\/.\/dissemination\/\" rel=\"tag\">Dissemination<\/a><\/div>\n\n<figure class=\"featured-image wp-block-post-featured-image\"><a href=\"https:\/\/ciac.pt\/en\/news\/the-4th-international-colloquium-cinemas-of-the-mediterranean-will-take-place-on-april-17\/\" target=\"_self\"  ><img decoding=\"async\" width=\"1024\" height=\"768\" data-src=\"https:\/\/ciac.pt\/wp-content\/uploads\/2026\/03\/Image-2.jpg\" class=\"attachment-post-thumbnail size-post-thumbnail wp-post-image lazyload\" alt=\"The 4th International Colloquium Cinemas of the Mediterranean will take place on April 17\" style=\"--smush-placeholder-width: 1024px; --smush-placeholder-aspect-ratio: 1024\/768;object-fit:cover;\" data-srcset=\"https:\/\/ciac.pt\/wp-content\/uploads\/2026\/03\/Image-2.jpg 1024w, https:\/\/ciac.pt\/wp-content\/uploads\/2026\/03\/Image-2-300x225.jpg 300w, https:\/\/ciac.pt\/wp-content\/uploads\/2026\/03\/Image-2-768x576.jpg 768w\" data-sizes=\"(max-width: 1024px) 100vw, 1024px\" src=\"data:image\/svg+xml;base64,PHN2ZyB3aWR0aD0iMSIgaGVpZ2h0PSIxIiB4bWxucz0iaHR0cDovL3d3dy53My5vcmcvMjAwMC9zdmciPjwvc3ZnPg==\" \/><\/a><\/figure>\n\n<h5 class=\"wp-block-post-title\"><a href=\"https:\/\/ciac.pt\/en\/news\/the-4th-international-colloquium-cinemas-of-the-mediterranean-will-take-place-on-april-17\/\" target=\"_self\" >The 4th International Colloquium Cinemas of the Mediterranean will take place on April 17<\/a><\/h5>\n\n<div class=\"wp-block-post-date\"><time datetime=\"2026-04-08T15:38:51+01:00\">08\/04\/2026<\/time><\/div>\n<\/li><\/ul><\/div>\n\n\n\n<hr class=\"wp-block-separator has-text-color has-white-color has-alpha-channel-opacity has-white-background-color has-background\"\/>\n\n\n\n<p>Click <a href=\"https:\/\/ciac.pt\/en\/news\/\">here<\/a> to read other news<\/p>\n\n\n\n<hr class=\"wp-block-separator alignwide has-alpha-channel-opacity\"\/>\n\n\n\n<h2 class=\"wp-block-heading\"><a href=\"https:\/\/ciac.pt\/en\/newsletter\/\">Newsletter <strong>\u2192<\/strong><\/a><\/h2>\n\n\n\n<div class=\"wp-block-columns is-layout-flex wp-container-core-columns-is-layout-9d6595d7 wp-block-columns-is-layout-flex\">\n<div class=\"wp-block-column is-layout-flow wp-block-column-is-layout-flow\">\n<p>Get to know the Research Center for Arts and Communication better. Subscribe to the newsletter to learn about our projects, publications, scientific events, and much more!<\/p>\n<\/div>\n\n\n\n<div class=\"wp-block-column is-layout-flow wp-block-column-is-layout-flow\">\n<script>(function() {\n\twindow.mc4wp = window.mc4wp || {\n\t\tlisteners: [],\n\t\tforms: {\n\t\t\ton: function(evt, cb) {\n\t\t\t\twindow.mc4wp.listeners.push(\n\t\t\t\t\t{\n\t\t\t\t\t\tevent   : evt,\n\t\t\t\t\t\tcallback: cb\n\t\t\t\t\t}\n\t\t\t\t);\n\t\t\t}\n\t\t}\n\t}\n})();\n<\/script>\n<!-- Mailchimp for WordPress v4.9.10 - https:\/\/wordpress.org\/plugins\/mailchimp-for-wp\/ -->\n<form id=\"mc4wp-form-1\" class=\"mc4wp-form mc4wp-form-1324\" method=\"post\" data-id=\"1324\" data-name=\"Subscrever a nossa newsletter\"><div class=\"mc4wp-form-fields\">\n<p><input type=\"email\" name=\"EMAIL\" placeholder=\"Email\" required=\"\"><\/p>\n<p><input type=\"checkbox\" name=\"AGREE_TO_TERMS\" value=\"1\" required=\"\"> I have read and agree to the terms and conditions of the <a href=\"https:\/\/www.ualg.pt\/sites\/default\/files\/documentos\/2020-12\/politicadeprivacidadeuniversidadedoalgarve2018.pdf\" target=\"_blank\" rel=\"noopener\">Privacy Policy<\/a><\/p>\n<p><input type=\"submit\" value=\"Subscribe\"><\/p>\n<\/div><label style=\"display: none !important;\">Leave this field empty if you&#8217;re human: <input type=\"text\" name=\"_mc4wp_honeypot\" value=\"\" tabindex=\"-1\" autocomplete=\"off\"><\/label><input type=\"hidden\" name=\"_mc4wp_timestamp\" value=\"1704891835\"><input type=\"hidden\" name=\"_mc4wp_form_id\" value=\"1324\"><input type=\"hidden\" name=\"_mc4wp_form_element_id\" value=\"mc4wp-form-1\"><div class=\"mc4wp-response\"><\/div><\/form>\n<!-- \/ Mailchimp for WordPress Plugin -->\n<\/div>\n<\/div>\n\n\n\n<hr class=\"wp-block-separator alignwide has-alpha-channel-opacity\"\/>\n\n\n\n<div id=\"faux-footer\" class=\"wp-block-group\"><div class=\"wp-block-group__inner-container is-layout-constrained wp-block-group-is-layout-constrained\">\n<div class=\"wp-block-columns is-layout-flex wp-container-core-columns-is-layout-9d6595d7 wp-block-columns-is-layout-flex\">\n<div class=\"wp-block-column is-layout-flow wp-block-column-is-layout-flow\">\n<ul class=\"footer-list\">\r\n<li><a href=\"https:\/\/ciac.pt\/\" target=\"_blank\" rel=\"noopener\"><img decoding=\"async\" data-src=\"https:\/\/ciac.pt\/wp-content\/uploads\/2022\/06\/ciac.svg\" src=\"data:image\/svg+xml;base64,PHN2ZyB3aWR0aD0iMSIgaGVpZ2h0PSIxIiB4bWxucz0iaHR0cDovL3d3dy53My5vcmcvMjAwMC9zdmciPjwvc3ZnPg==\" class=\"lazyload\" \/><\/a><\/li>\r\n<\/ul>\n\n\n\n<p><a href=\"mailto:secretaria.ualg@ciac.pt\">secretaria.ualg@ciac.pt<\/a>&nbsp;\/&nbsp;T. <a href=\"tel:351289800914\">+351 289 800 914<\/a> | Ext. 7541<br>Campus Gambelas, Sala 0.28, Edif\u00edcio 1, FCHS<br>8005-139 Faro<\/p>\n\n\n\n<ul class=\"footer-list\">\r\n<li><a href=\"https:\/\/www.facebook.com\/ciac.ualg\" target=\"_blank\" rel=\"noopener\"><img decoding=\"async\" data-src=\"https:\/\/ciac.pt\/wp-content\/uploads\/2022\/09\/facebook-icone.svg\" style=\" height: 1.2em\" src=\"data:image\/svg+xml;base64,PHN2ZyB3aWR0aD0iMSIgaGVpZ2h0PSIxIiB4bWxucz0iaHR0cDovL3d3dy53My5vcmcvMjAwMC9zdmciPjwvc3ZnPg==\" class=\"lazyload\" \/><\/a><\/li>\r\n<li><a href=\"https:\/\/twitter.com\/ciac_ualg\" target=\"_blank\" rel=\"noopener\"><img decoding=\"async\" data-src=\"https:\/\/ciac.pt\/wp-content\/uploads\/2022\/09\/twitter-icone.svg\" style=\" height: 1.2em\" src=\"data:image\/svg+xml;base64,PHN2ZyB3aWR0aD0iMSIgaGVpZ2h0PSIxIiB4bWxucz0iaHR0cDovL3d3dy53My5vcmcvMjAwMC9zdmciPjwvc3ZnPg==\" class=\"lazyload\" \/><\/a><\/li>\r\n<li><a href=\"https:\/\/www.linkedin.com\/in\/ciacualg\" target=\"_blank\" rel=\"noopener\"><img decoding=\"async\" data-src=\"https:\/\/ciac.pt\/wp-content\/uploads\/2022\/09\/linkedin-icone.svg\" style=\" height: 1.2em\" src=\"data:image\/svg+xml;base64,PHN2ZyB3aWR0aD0iMSIgaGVpZ2h0PSIxIiB4bWxucz0iaHR0cDovL3d3dy53My5vcmcvMjAwMC9zdmciPjwvc3ZnPg==\" class=\"lazyload\" \/><\/a><\/li>\r\n<li><a href=\"https:\/\/www.youtube.com\/user\/CIACtube\" target=\"_blank\" rel=\"noopener\"><img decoding=\"async\" data-src=\"https:\/\/ciac.pt\/wp-content\/uploads\/2022\/09\/youtube-icone.svg\" style=\" height: 1.2em\" src=\"data:image\/svg+xml;base64,PHN2ZyB3aWR0aD0iMSIgaGVpZ2h0PSIxIiB4bWxucz0iaHR0cDovL3d3dy53My5vcmcvMjAwMC9zdmciPjwvc3ZnPg==\" class=\"lazyload\" \/><\/a><\/li>\r\n<li><a href=\"https:\/\/www.instagram.com\/ciac.centro_de_investigacao\/\" target=\"_blank\" rel=\"noopener\"><img decoding=\"async\" data-src=\"https:\/\/ciac.pt\/wp-content\/uploads\/2022\/09\/instagram-icone.svg\" style=\" height: 1.2em\" src=\"data:image\/svg+xml;base64,PHN2ZyB3aWR0aD0iMSIgaGVpZ2h0PSIxIiB4bWxucz0iaHR0cDovL3d3dy53My5vcmcvMjAwMC9zdmciPjwvc3ZnPg==\" class=\"lazyload\" \/><\/a><\/li>\r\n<\/ul>\n<\/div>\n\n\n\n<div class=\"wp-block-column is-layout-flow wp-block-column-is-layout-flow\"><\/div>\n\n\n\n<div class=\"wp-block-column is-layout-flow wp-block-column-is-layout-flow\">\n<ul class=\"footer-list\">\n<li><a href=\"https:\/\/www.ualg.pt\/\" target=\"_blank\" rel=\"noopener\"><img decoding=\"async\" data-src=\"https:\/\/ciac.pt\/wp-content\/uploads\/2022\/06\/ualg.svg\" src=\"data:image\/svg+xml;base64,PHN2ZyB3aWR0aD0iMSIgaGVpZ2h0PSIxIiB4bWxucz0iaHR0cDovL3d3dy53My5vcmcvMjAwMC9zdmciPjwvc3ZnPg==\" class=\"lazyload\" \/><\/a><\/li>\n<li><a href=\"https:\/\/www.fct.pt\/\" target=\"_blank\" rel=\"noopener\"><img decoding=\"async\" data-src=\"https:\/\/ciac.pt\/wp-content\/uploads\/2022\/06\/fct.svg\" src=\"data:image\/svg+xml;base64,PHN2ZyB3aWR0aD0iMSIgaGVpZ2h0PSIxIiB4bWxucz0iaHR0cDovL3d3dy53My5vcmcvMjAwMC9zdmciPjwvc3ZnPg==\" class=\"lazyload\" \/><\/a><\/li>\n<li><a href=\"https:\/\/portal.uab.pt\/\" target=\"_blank\" rel=\"noopener\"><img decoding=\"async\" data-src=\"https:\/\/ciac.pt\/wp-content\/uploads\/2022\/06\/uab.svg\" src=\"data:image\/svg+xml;base64,PHN2ZyB3aWR0aD0iMSIgaGVpZ2h0PSIxIiB4bWxucz0iaHR0cDovL3d3dy53My5vcmcvMjAwMC9zdmciPjwvc3ZnPg==\" class=\"lazyload\" \/><\/a><\/li>\n<li><a href=\"https:\/\/www.estc.ipl.pt\/\" target=\"_blank\" rel=\"noopener\"><img decoding=\"async\" data-src=\"https:\/\/ciac.pt\/wp-content\/uploads\/2022\/06\/estc.svg\" src=\"data:image\/svg+xml;base64,PHN2ZyB3aWR0aD0iMSIgaGVpZ2h0PSIxIiB4bWxucz0iaHR0cDovL3d3dy53My5vcmcvMjAwMC9zdmciPjwvc3ZnPg==\" class=\"lazyload\" \/><\/a><\/li>\n<li><a href=\"https:\/\/www.ipsantarem.pt\/\" target=\"_blank\" rel=\"noopener\"><img decoding=\"async\" data-src=\"https:\/\/ciac.pt\/wp-content\/uploads\/2022\/06\/ipsantarem.svg\" src=\"data:image\/svg+xml;base64,PHN2ZyB3aWR0aD0iMSIgaGVpZ2h0PSIxIiB4bWxucz0iaHR0cDovL3d3dy53My5vcmcvMjAwMC9zdmciPjwvc3ZnPg==\" class=\"lazyload\" \/><\/a><\/li>\n<li><a href=\"https:\/\/www.umaia.pt\/\" target=\"_blank\" rel=\"noopener\"><img decoding=\"async\" data-src=\"https:\/\/ciac.pt\/wp-content\/uploads\/2024\/01\/umaia.svg\" src=\"data:image\/svg+xml;base64,PHN2ZyB3aWR0aD0iMSIgaGVpZ2h0PSIxIiB4bWxucz0iaHR0cDovL3d3dy53My5vcmcvMjAwMC9zdmciPjwvc3ZnPg==\" class=\"lazyload\" \/><\/a><\/li>\n<\/ul>\n\n\n\n<ul class=\"wp-block-list\">\n<li><a href=\"https:\/\/ciac.pt\/en\/news\/\">News<\/a><\/li>\n\n\n\n<li><a href=\"https:\/\/ciac.pt\/en\/logos\/\">Logos<\/a><\/li>\n\n\n\n<li><a href=\"https:\/\/ciac.pt\/en\/photo-gallery\/\">Photo Gallery<\/a><\/li>\n\n\n\n<li><a href=\"https:\/\/ciac.pt\/en\/archive\/\">Archive<\/a><\/li>\n\n\n\n<li><a href=\"https:\/\/ciac.pt\/en\/newsletter\/\">Newsletter<\/a><\/li>\n\n\n\n<li><a href=\"https:\/\/ciac.pt\/en\/sitemap\/\">Sitemap<\/a><\/li>\n\n\n\n<li><a href=\"https:\/\/www.ualg.pt\/sites\/default\/files\/documentos\/2022-05\/politicadeprotecaodedadosedeprivacidadeualgv1120181128pt_1.pdf\">Privacy Policy<\/a><\/li>\n\n\n\n<li><a href=\"https:\/\/ciac.pt\/politica-de-cookies-ue\/\">Cookie Policy<\/a><\/li>\n<\/ul>\n<\/div>\n<\/div>\n\n\n\n<hr class=\"wp-block-separator alignwide has-text-color has-alpha-channel-opacity has-background\" style=\"background-color:#444444;color:#444444\"\/>\n\n\n\n<p style=\"font-size: small\">This work is supported by national funds through FCT \u2013 Funda\u00e7\u00e3o para a Ci\u00eancia e a Tecnologia, I.P., in the framework of project UIDB\/04019\/2020<\/p>\n<\/div><\/div>\n\n\n\n\n<style class=\"advgb-styles-renderer\">\nli.post-4151 { display: none !important; }\n<\/style>","protected":false},"excerpt":{"rendered":"<p>Events News \u2192 Click here to read other news Newsletter \u2192 Get<\/p>\n","protected":false},"author":1,"featured_media":0,"parent":0,"menu_order":1,"comment_status":"closed","ping_status":"closed","template":"","meta":{"_eb_attr":"","inline_featured_image":false,"advgb_blocks_editor_width":"","advgb_blocks_columns_visual_guide":"","footnotes":"","_links_to":"","_links_to_target":""},"class_list":["post-1486","page","type-page","status-publish","hentry"],"yoast_head":"<!-- This site is optimized with the Yoast SEO plugin v27.4 - https:\/\/yoast.com\/product\/yoast-seo-wordpress\/ -->\n<title>Home - CIAC<\/title>\n<meta name=\"robots\" content=\"index, follow, max-snippet:-1, max-image-preview:large, max-video-preview:-1\" \/>\n<link rel=\"canonical\" href=\"https:\/\/ciac.pt\/en\/\" \/>\n<meta property=\"og:locale\" content=\"en_US\" \/>\n<meta property=\"og:type\" content=\"article\" \/>\n<meta property=\"og:title\" content=\"Home - CIAC\" \/>\n<meta property=\"og:description\" content=\"Events News \u2192 Click here to read other news Newsletter \u2192 Get\" \/>\n<meta property=\"og:url\" content=\"https:\/\/ciac.pt\/en\/\" \/>\n<meta property=\"og:site_name\" content=\"CIAC\" \/>\n<meta property=\"article:modified_time\" content=\"2026-04-21T14:38:22+00:00\" \/>\n<meta property=\"og:image\" content=\"https:\/\/ciac.pt\/wp-content\/uploads\/2022\/06\/ciac.svg\" \/>\n<meta name=\"twitter:card\" content=\"summary_large_image\" \/>\n<meta name=\"twitter:label1\" content=\"Est. reading time\" \/>\n\t<meta name=\"twitter:data1\" content=\"4 minutes\" \/>\n<script type=\"application\/ld+json\" class=\"yoast-schema-graph\">{\"@context\":\"https:\\\/\\\/schema.org\",\"@graph\":[{\"@type\":\"WebPage\",\"@id\":\"https:\\\/\\\/ciac.pt\\\/en\\\/\",\"url\":\"https:\\\/\\\/ciac.pt\\\/en\\\/\",\"name\":\"Home - CIAC\",\"isPartOf\":{\"@id\":\"https:\\\/\\\/ciac.pt\\\/en\\\/#website\"},\"primaryImageOfPage\":{\"@id\":\"https:\\\/\\\/ciac.pt\\\/en\\\/#primaryimage\"},\"image\":{\"@id\":\"https:\\\/\\\/ciac.pt\\\/en\\\/#primaryimage\"},\"thumbnailUrl\":\"https:\\\/\\\/ciac.pt\\\/wp-content\\\/uploads\\\/2022\\\/06\\\/ciac.svg\",\"datePublished\":\"2023-08-23T17:00:47+00:00\",\"dateModified\":\"2026-04-21T14:38:22+00:00\",\"breadcrumb\":{\"@id\":\"https:\\\/\\\/ciac.pt\\\/en\\\/#breadcrumb\"},\"inLanguage\":\"en-US\",\"potentialAction\":[{\"@type\":\"ReadAction\",\"target\":[\"https:\\\/\\\/ciac.pt\\\/en\\\/\"]}]},{\"@type\":\"ImageObject\",\"inLanguage\":\"en-US\",\"@id\":\"https:\\\/\\\/ciac.pt\\\/en\\\/#primaryimage\",\"url\":\"https:\\\/\\\/ciac.pt\\\/wp-content\\\/uploads\\\/2022\\\/06\\\/ciac.svg\",\"contentUrl\":\"https:\\\/\\\/ciac.pt\\\/wp-content\\\/uploads\\\/2022\\\/06\\\/ciac.svg\"},{\"@type\":\"BreadcrumbList\",\"@id\":\"https:\\\/\\\/ciac.pt\\\/en\\\/#breadcrumb\",\"itemListElement\":[{\"@type\":\"ListItem\",\"position\":1,\"name\":\"In\u00edcio\",\"item\":\"https:\\\/\\\/ciac.pt\\\/en\\\/\"},{\"@type\":\"ListItem\",\"position\":2,\"name\":\"Home\"}]},{\"@type\":\"WebSite\",\"@id\":\"https:\\\/\\\/ciac.pt\\\/en\\\/#website\",\"url\":\"https:\\\/\\\/ciac.pt\\\/en\\\/\",\"name\":\"CIAC\",\"description\":\"Centro de Investiga\u00e7\u00e3o em Artes e Comunica\u00e7\u00e3o\",\"publisher\":{\"@id\":\"https:\\\/\\\/ciac.pt\\\/en\\\/#organization\"},\"potentialAction\":[{\"@type\":\"SearchAction\",\"target\":{\"@type\":\"EntryPoint\",\"urlTemplate\":\"https:\\\/\\\/ciac.pt\\\/en\\\/?s={search_term_string}\"},\"query-input\":{\"@type\":\"PropertyValueSpecification\",\"valueRequired\":true,\"valueName\":\"search_term_string\"}}],\"inLanguage\":\"en-US\"},{\"@type\":\"Organization\",\"@id\":\"https:\\\/\\\/ciac.pt\\\/en\\\/#organization\",\"name\":\"CIAC\",\"url\":\"https:\\\/\\\/ciac.pt\\\/en\\\/\",\"logo\":{\"@type\":\"ImageObject\",\"inLanguage\":\"en-US\",\"@id\":\"https:\\\/\\\/ciac.pt\\\/en\\\/#\\\/schema\\\/logo\\\/image\\\/\",\"url\":\"https:\\\/\\\/ciac.pt\\\/wp-content\\\/uploads\\\/2022\\\/06\\\/logo.svg\",\"contentUrl\":\"https:\\\/\\\/ciac.pt\\\/wp-content\\\/uploads\\\/2022\\\/06\\\/logo.svg\",\"width\":184,\"height\":51,\"caption\":\"CIAC\"},\"image\":{\"@id\":\"https:\\\/\\\/ciac.pt\\\/en\\\/#\\\/schema\\\/logo\\\/image\\\/\"}}]}<\/script>\n<!-- \/ Yoast SEO plugin. -->","yoast_head_json":{"title":"Home - CIAC","robots":{"index":"index","follow":"follow","max-snippet":"max-snippet:-1","max-image-preview":"max-image-preview:large","max-video-preview":"max-video-preview:-1"},"canonical":"https:\/\/ciac.pt\/en\/","og_locale":"en_US","og_type":"article","og_title":"Home - CIAC","og_description":"Events News \u2192 Click here to read other news Newsletter \u2192 Get","og_url":"https:\/\/ciac.pt\/en\/","og_site_name":"CIAC","article_modified_time":"2026-04-21T14:38:22+00:00","og_image":[{"url":"https:\/\/ciac.pt\/wp-content\/uploads\/2022\/06\/ciac.svg","type":"","width":"","height":""}],"twitter_card":"summary_large_image","twitter_misc":{"Est. reading time":"4 minutes"},"schema":{"@context":"https:\/\/schema.org","@graph":[{"@type":"WebPage","@id":"https:\/\/ciac.pt\/en\/","url":"https:\/\/ciac.pt\/en\/","name":"Home - CIAC","isPartOf":{"@id":"https:\/\/ciac.pt\/en\/#website"},"primaryImageOfPage":{"@id":"https:\/\/ciac.pt\/en\/#primaryimage"},"image":{"@id":"https:\/\/ciac.pt\/en\/#primaryimage"},"thumbnailUrl":"https:\/\/ciac.pt\/wp-content\/uploads\/2022\/06\/ciac.svg","datePublished":"2023-08-23T17:00:47+00:00","dateModified":"2026-04-21T14:38:22+00:00","breadcrumb":{"@id":"https:\/\/ciac.pt\/en\/#breadcrumb"},"inLanguage":"en-US","potentialAction":[{"@type":"ReadAction","target":["https:\/\/ciac.pt\/en\/"]}]},{"@type":"ImageObject","inLanguage":"en-US","@id":"https:\/\/ciac.pt\/en\/#primaryimage","url":"https:\/\/ciac.pt\/wp-content\/uploads\/2022\/06\/ciac.svg","contentUrl":"https:\/\/ciac.pt\/wp-content\/uploads\/2022\/06\/ciac.svg"},{"@type":"BreadcrumbList","@id":"https:\/\/ciac.pt\/en\/#breadcrumb","itemListElement":[{"@type":"ListItem","position":1,"name":"In\u00edcio","item":"https:\/\/ciac.pt\/en\/"},{"@type":"ListItem","position":2,"name":"Home"}]},{"@type":"WebSite","@id":"https:\/\/ciac.pt\/en\/#website","url":"https:\/\/ciac.pt\/en\/","name":"CIAC","description":"Centro de Investiga\u00e7\u00e3o em Artes e Comunica\u00e7\u00e3o","publisher":{"@id":"https:\/\/ciac.pt\/en\/#organization"},"potentialAction":[{"@type":"SearchAction","target":{"@type":"EntryPoint","urlTemplate":"https:\/\/ciac.pt\/en\/?s={search_term_string}"},"query-input":{"@type":"PropertyValueSpecification","valueRequired":true,"valueName":"search_term_string"}}],"inLanguage":"en-US"},{"@type":"Organization","@id":"https:\/\/ciac.pt\/en\/#organization","name":"CIAC","url":"https:\/\/ciac.pt\/en\/","logo":{"@type":"ImageObject","inLanguage":"en-US","@id":"https:\/\/ciac.pt\/en\/#\/schema\/logo\/image\/","url":"https:\/\/ciac.pt\/wp-content\/uploads\/2022\/06\/logo.svg","contentUrl":"https:\/\/ciac.pt\/wp-content\/uploads\/2022\/06\/logo.svg","width":184,"height":51,"caption":"CIAC"},"image":{"@id":"https:\/\/ciac.pt\/en\/#\/schema\/logo\/image\/"}}]}},"coauthors":[],"author_meta":{"author_link":"https:\/\/ciac.pt\/en\/author\/webmaster\/","display_name":"webmaster"},"relative_dates":{"created":"Posted 3 years ago","modified":"Updated 5 days ago"},"absolute_dates":{"created":"Posted on 23\/08\/2023","modified":"Updated on 21\/04\/2026"},"absolute_dates_time":{"created":"Posted on 23\/08\/2023 18:00","modified":"Updated on 21\/04\/2026 15:38"},"featured_img_caption":"","featured_img":false,"series_order":"","_links":{"self":[{"href":"https:\/\/ciac.pt\/en\/wp-json\/wp\/v2\/pages\/1486","targetHints":{"allow":["GET"]}}],"collection":[{"href":"https:\/\/ciac.pt\/en\/wp-json\/wp\/v2\/pages"}],"about":[{"href":"https:\/\/ciac.pt\/en\/wp-json\/wp\/v2\/types\/page"}],"author":[{"embeddable":true,"href":"https:\/\/ciac.pt\/en\/wp-json\/wp\/v2\/users\/1"}],"replies":[{"embeddable":true,"href":"https:\/\/ciac.pt\/en\/wp-json\/wp\/v2\/comments?post=1486"}],"version-history":[{"count":3,"href":"https:\/\/ciac.pt\/en\/wp-json\/wp\/v2\/pages\/1486\/revisions"}],"predecessor-version":[{"id":14575,"href":"https:\/\/ciac.pt\/en\/wp-json\/wp\/v2\/pages\/1486\/revisions\/14575"}],"wp:attachment":[{"href":"https:\/\/ciac.pt\/en\/wp-json\/wp\/v2\/media?parent=1486"}],"curies":[{"name":"wp","href":"https:\/\/api.w.org\/{rel}","templated":true}]}}