{"id":1494,"date":"2023-08-23T18:04:41","date_gmt":"2023-08-23T17:04:41","guid":{"rendered":"https:\/\/web.ciac.pt\/?page_id=1494"},"modified":"2025-03-25T11:24:21","modified_gmt":"2025-03-25T11:24:21","slug":"centre-for-galician-studies","status":"publish","type":"page","link":"https:\/\/ciac.pt\/en\/publications\/centre-for-galician-studies\/","title":{"rendered":"Centre for Galician Studies Collection"},"content":{"rendered":"\n<p>Directed by professors Pedro Alfonso Ferr\u00e9 da Ponte and Mar\u00eda Jes\u00fas Botana Vilar, the Center for Galician Studies of the University of the Algarve launched&nbsp;&#8220;Colecci\u00f3n Textos e Estudos&#8221; [<em>Collection of&nbsp;Texts and Studies<\/em>]&nbsp;in 2017, with the support of the&nbsp;General Secretariat for Linguistic Policy of the Regional Government of Galicia.<\/p>\n\n\n\n<p>Aimed at disseminating \u2013 both in Portugal and abroad \u2013 fundamental topics and works of Galician culture, the main goal of this collection of monographs is to strengthen Galicia&#8217;s cultural presence, both among academics and the general public. Thus, these and future works will seek to contribute to fields such as literature, history, the visual arts, thought\u2026 in short, anything that can broadcast Galician culture through texts from the past or the present.<\/p>\n\n\n\n<hr class=\"wp-block-separator alignwide has-alpha-channel-opacity separador\"\/>\n\n\n\n<div class=\"wp-block-query ciac-news-grid is-layout-flow wp-block-query-is-layout-flow\"><ul class=\"columns-6 wp-block-post-template is-layout-grid wp-container-core-post-template-is-layout-cecc1a5b wp-block-post-template-is-layout-grid\"><li class=\"wp-block-post post-10926 post type-post status-publish format-standard has-post-thumbnail hentry category-publications tag-centre-for-galician-studies\">\n<figure class=\"featured-image wp-block-post-featured-image\"><a href=\"https:\/\/ciac.pt\/en\/publications\/apropiacion-cultural-e-contradiscurso-historico-volume-ii\/\" target=\"_self\"  ><img decoding=\"async\" data-src=\"https:\/\/ciac.pt\/wp-content\/uploads\/2025\/03\/apropiacion-cultural-e-contradiscurso-historico-2.jpg\" class=\"attachment-post-thumbnail size-post-thumbnail wp-post-image lazyload\" alt=\"Apropiaci\u00f3n cultural e contradiscurso hist\u00f3rico. Volume II\" style=\"--smush-placeholder-width: 183px; --smush-placeholder-aspect-ratio: 183\/300;object-fit:cover;\" src=\"data:image\/svg+xml;base64,PHN2ZyB3aWR0aD0iMSIgaGVpZ2h0PSIxIiB4bWxucz0iaHR0cDovL3d3dy53My5vcmcvMjAwMC9zdmciPjwvc3ZnPg==\" \/><\/a><\/figure>\n\n<h5 class=\"wp-block-post-title\"><a href=\"https:\/\/ciac.pt\/en\/publications\/apropiacion-cultural-e-contradiscurso-historico-volume-ii\/\" target=\"_self\" >Apropiaci\u00f3n cultural e contradiscurso hist\u00f3rico. Volume II<\/a><\/h5>\n<\/li><li class=\"wp-block-post post-10922 post type-post status-publish format-standard has-post-thumbnail hentry category-publications tag-centre-for-galician-studies\">\n<figure class=\"featured-image wp-block-post-featured-image\"><a href=\"https:\/\/ciac.pt\/en\/publications\/apropiacion-cultural-e-contradiscurso-historico-volume-i\/\" target=\"_self\"  ><img decoding=\"async\" data-src=\"https:\/\/ciac.pt\/wp-content\/uploads\/2025\/03\/apropiacion-cultural-e-contradiscurso-historico-1.jpg\" class=\"attachment-post-thumbnail size-post-thumbnail wp-post-image lazyload\" alt=\"Apropiaci\u00f3n cultural e contradiscurso hist\u00f3rico. Volume I\" style=\"--smush-placeholder-width: 183px; --smush-placeholder-aspect-ratio: 183\/300;object-fit:cover;\" src=\"data:image\/svg+xml;base64,PHN2ZyB3aWR0aD0iMSIgaGVpZ2h0PSIxIiB4bWxucz0iaHR0cDovL3d3dy53My5vcmcvMjAwMC9zdmciPjwvc3ZnPg==\" \/><\/a><\/figure>\n\n<h5 class=\"wp-block-post-title\"><a href=\"https:\/\/ciac.pt\/en\/publications\/apropiacion-cultural-e-contradiscurso-historico-volume-i\/\" target=\"_self\" >Apropiaci\u00f3n cultural e contradiscurso hist\u00f3rico. Volume I<\/a><\/h5>\n<\/li><li class=\"wp-block-post post-2252 post type-post status-publish format-standard has-post-thumbnail hentry category-publications tag-centre-for-galician-studies\">\n<figure class=\"featured-image wp-block-post-featured-image\"><a href=\"https:\/\/ciac.pt\/en\/publications\/transcendencia-e-cidadania-estudo-mitocritico-dos-relatos-de-x-l-mendez-ferrin\/\" target=\"_self\"  ><img decoding=\"async\" width=\"183\" height=\"300\" data-src=\"https:\/\/ciac.pt\/wp-content\/uploads\/2023\/10\/trascendencia-e-cidadania.jpg\" class=\"attachment-post-thumbnail size-post-thumbnail wp-post-image lazyload\" alt=\"Transcendencia e Cidadan\u00eda. Estudo mitocr\u00edtico dos relatos de X.L. M\u00e9ndez Ferr\u00edn\" style=\"--smush-placeholder-width: 183px; --smush-placeholder-aspect-ratio: 183\/300;object-fit:cover;\" src=\"data:image\/svg+xml;base64,PHN2ZyB3aWR0aD0iMSIgaGVpZ2h0PSIxIiB4bWxucz0iaHR0cDovL3d3dy53My5vcmcvMjAwMC9zdmciPjwvc3ZnPg==\" \/><\/a><\/figure>\n\n<h5 class=\"wp-block-post-title\"><a href=\"https:\/\/ciac.pt\/en\/publications\/transcendencia-e-cidadania-estudo-mitocritico-dos-relatos-de-x-l-mendez-ferrin\/\" target=\"_self\" >Transcendencia e Cidadan\u00eda. Estudo mitocr\u00edtico dos relatos de X.L. M\u00e9ndez Ferr\u00edn<\/a><\/h5>\n<\/li><li class=\"wp-block-post post-2249 post type-post status-publish format-standard has-post-thumbnail hentry category-publications tag-centre-for-galician-studies\">\n<figure class=\"featured-image wp-block-post-featured-image\"><a href=\"https:\/\/ciac.pt\/en\/publications\/a-escrita-que-ilumina-o-legado-epistolar-de-jose-mejuto-bernardez-preso-antifranquista-1936-1939\/\" target=\"_self\"  ><img decoding=\"async\" width=\"183\" height=\"300\" data-src=\"https:\/\/ciac.pt\/wp-content\/uploads\/2023\/10\/a-escritura-que-ilumina.jpg\" class=\"attachment-post-thumbnail size-post-thumbnail wp-post-image lazyload\" alt=\"A escrita que ilumina. O legado epistolar de Jos\u00e9 Mejuto Bern\u00e1rdez (preso antifranquista, 1936-1939)\" style=\"--smush-placeholder-width: 183px; --smush-placeholder-aspect-ratio: 183\/300;object-fit:cover;\" src=\"data:image\/svg+xml;base64,PHN2ZyB3aWR0aD0iMSIgaGVpZ2h0PSIxIiB4bWxucz0iaHR0cDovL3d3dy53My5vcmcvMjAwMC9zdmciPjwvc3ZnPg==\" \/><\/a><\/figure>\n\n<h5 class=\"wp-block-post-title\"><a href=\"https:\/\/ciac.pt\/en\/publications\/a-escrita-que-ilumina-o-legado-epistolar-de-jose-mejuto-bernardez-preso-antifranquista-1936-1939\/\" target=\"_self\" >A escrita que ilumina. O legado epistolar de Jos\u00e9 Mejuto Bern\u00e1rdez (preso antifranquista, 1936-1939)<\/a><\/h5>\n<\/li><li class=\"wp-block-post post-2243 post type-post status-publish format-standard has-post-thumbnail hentry category-publications tag-centre-for-galician-studies\">\n<figure class=\"featured-image wp-block-post-featured-image\"><a href=\"https:\/\/ciac.pt\/en\/publications\/o-lexico-do-sofrimento-nas-cantigas-de-santa-maria-campos-semicos-e-campos-lexicos\/\" target=\"_self\"  ><img decoding=\"async\" width=\"183\" height=\"300\" data-src=\"https:\/\/ciac.pt\/wp-content\/uploads\/2023\/10\/o-lexico-do-sufrimento-nas-cantigas-de-santa-maria.jpg\" class=\"attachment-post-thumbnail size-post-thumbnail wp-post-image lazyload\" alt=\"O l\u00e9xico do sofrimento nas Cantigas de Santa Mar\u00eda. Campos s\u00e9micos e campos l\u00e9xicos\" style=\"--smush-placeholder-width: 183px; --smush-placeholder-aspect-ratio: 183\/300;object-fit:cover;\" src=\"data:image\/svg+xml;base64,PHN2ZyB3aWR0aD0iMSIgaGVpZ2h0PSIxIiB4bWxucz0iaHR0cDovL3d3dy53My5vcmcvMjAwMC9zdmciPjwvc3ZnPg==\" \/><\/a><\/figure>\n\n<h5 class=\"wp-block-post-title\"><a href=\"https:\/\/ciac.pt\/en\/publications\/o-lexico-do-sofrimento-nas-cantigas-de-santa-maria-campos-semicos-e-campos-lexicos\/\" target=\"_self\" >O l\u00e9xico do sofrimento nas Cantigas de Santa Mar\u00eda. Campos s\u00e9micos e campos l\u00e9xicos<\/a><\/h5>\n<\/li><li class=\"wp-block-post post-2240 post type-post status-publish format-standard has-post-thumbnail hentry category-publications tag-centre-for-galician-studies\">\n<figure class=\"featured-image wp-block-post-featured-image\"><a href=\"https:\/\/ciac.pt\/en\/publications\/o-romanceiro-tradicional-de-galicia\/\" target=\"_self\"  ><img decoding=\"async\" width=\"183\" height=\"300\" data-src=\"https:\/\/ciac.pt\/wp-content\/uploads\/2023\/10\/o-romanceiro-tradicional-de-galicia.jpg\" class=\"attachment-post-thumbnail size-post-thumbnail wp-post-image lazyload\" alt=\"O Romanceiro tradicional de Galicia\" style=\"--smush-placeholder-width: 183px; --smush-placeholder-aspect-ratio: 183\/300;object-fit:cover;\" src=\"data:image\/svg+xml;base64,PHN2ZyB3aWR0aD0iMSIgaGVpZ2h0PSIxIiB4bWxucz0iaHR0cDovL3d3dy53My5vcmcvMjAwMC9zdmciPjwvc3ZnPg==\" \/><\/a><\/figure>\n\n<h5 class=\"wp-block-post-title\"><a href=\"https:\/\/ciac.pt\/en\/publications\/o-romanceiro-tradicional-de-galicia\/\" target=\"_self\" >O Romanceiro tradicional de Galicia<\/a><\/h5>\n<\/li><\/ul><\/div>\n\n\n\n<hr class=\"wp-block-separator alignwide has-alpha-channel-opacity separador\"\/>\n\n\n\n<h3 class=\"wp-block-heading\">Other Editions<\/h3>\n\n\n\n<div class=\"wp-block-query ciac-news-grid is-layout-flow wp-block-query-is-layout-flow\"><ul class=\"columns-6 wp-block-post-template is-layout-grid wp-container-core-post-template-is-layout-cecc1a5b wp-block-post-template-is-layout-grid\"><li class=\"wp-block-post post-2254 post type-post status-publish format-standard has-post-thumbnail hentry category-publications tag-centre-for-galician-studies-others\">\n<figure class=\"featured-image wp-block-post-featured-image\"><a href=\"https:\/\/ciac.pt\/en\/publications\/galiza-em-nos-estudos-para-a-compreensao-das-relacoes-culturais-galego-portuguesas\/\" target=\"_self\"  ><img decoding=\"async\" width=\"208\" height=\"300\" data-src=\"https:\/\/ciac.pt\/wp-content\/uploads\/2023\/10\/galiza-em-nos.jpg\" class=\"attachment-post-thumbnail size-post-thumbnail wp-post-image lazyload\" alt=\"Galiza e(m) n\u00f3s. Estudos para a compreens\u00e3o das Rela\u00e7\u00f5es Culturais Galego-portuguesas\" style=\"--smush-placeholder-width: 208px; --smush-placeholder-aspect-ratio: 208\/300;object-fit:cover;\" src=\"data:image\/svg+xml;base64,PHN2ZyB3aWR0aD0iMSIgaGVpZ2h0PSIxIiB4bWxucz0iaHR0cDovL3d3dy53My5vcmcvMjAwMC9zdmciPjwvc3ZnPg==\" \/><\/a><\/figure>\n\n<h5 class=\"wp-block-post-title\"><a href=\"https:\/\/ciac.pt\/en\/publications\/galiza-em-nos-estudos-para-a-compreensao-das-relacoes-culturais-galego-portuguesas\/\" target=\"_self\" >Galiza e(m) n\u00f3s. Estudos para a compreens\u00e3o das Rela\u00e7\u00f5es Culturais Galego-portuguesas<\/a><\/h5>\n<\/li><\/ul><\/div>\n","protected":false},"excerpt":{"rendered":"<p>Directed by professors Pedro Alfonso Ferr\u00e9 da Ponte and Mar\u00eda Jes\u00fas Botana<\/p>\n","protected":false},"author":1,"featured_media":0,"parent":1498,"menu_order":6,"comment_status":"closed","ping_status":"closed","template":"","meta":{"_eb_attr":"","inline_featured_image":false,"advgb_blocks_editor_width":"","advgb_blocks_columns_visual_guide":"","footnotes":"","_links_to":"","_links_to_target":""},"class_list":["post-1494","page","type-page","status-publish","hentry"],"yoast_head":"<!-- This site is optimized with the Yoast SEO plugin v27.4 - https:\/\/yoast.com\/product\/yoast-seo-wordpress\/ -->\n<title>Centre for Galician Studies Collection - CIAC<\/title>\n<meta name=\"robots\" content=\"index, follow, max-snippet:-1, max-image-preview:large, max-video-preview:-1\" \/>\n<link rel=\"canonical\" href=\"https:\/\/ciac.pt\/en\/publications\/centre-for-galician-studies\/\" \/>\n<meta property=\"og:locale\" content=\"en_US\" \/>\n<meta property=\"og:type\" content=\"article\" \/>\n<meta property=\"og:title\" content=\"Centre for Galician Studies Collection - CIAC\" \/>\n<meta property=\"og:description\" content=\"Directed by professors Pedro Alfonso Ferr\u00e9 da Ponte and Mar\u00eda Jes\u00fas Botana\" \/>\n<meta property=\"og:url\" content=\"https:\/\/ciac.pt\/en\/publications\/centre-for-galician-studies\/\" \/>\n<meta property=\"og:site_name\" content=\"CIAC\" \/>\n<meta property=\"article:modified_time\" content=\"2025-03-25T11:24:21+00:00\" \/>\n<meta name=\"twitter:card\" content=\"summary_large_image\" \/>\n<meta name=\"twitter:label1\" content=\"Est. reading time\" \/>\n\t<meta name=\"twitter:data1\" content=\"1 minute\" \/>\n<script type=\"application\/ld+json\" class=\"yoast-schema-graph\">{\"@context\":\"https:\\\/\\\/schema.org\",\"@graph\":[{\"@type\":\"WebPage\",\"@id\":\"https:\\\/\\\/ciac.pt\\\/en\\\/publications\\\/centre-for-galician-studies\\\/\",\"url\":\"https:\\\/\\\/ciac.pt\\\/en\\\/publications\\\/centre-for-galician-studies\\\/\",\"name\":\"Centre for Galician Studies Collection - CIAC\",\"isPartOf\":{\"@id\":\"https:\\\/\\\/ciac.pt\\\/en\\\/#website\"},\"datePublished\":\"2023-08-23T17:04:41+00:00\",\"dateModified\":\"2025-03-25T11:24:21+00:00\",\"breadcrumb\":{\"@id\":\"https:\\\/\\\/ciac.pt\\\/en\\\/publications\\\/centre-for-galician-studies\\\/#breadcrumb\"},\"inLanguage\":\"en-US\",\"potentialAction\":[{\"@type\":\"ReadAction\",\"target\":[\"https:\\\/\\\/ciac.pt\\\/en\\\/publications\\\/centre-for-galician-studies\\\/\"]}]},{\"@type\":\"BreadcrumbList\",\"@id\":\"https:\\\/\\\/ciac.pt\\\/en\\\/publications\\\/centre-for-galician-studies\\\/#breadcrumb\",\"itemListElement\":[{\"@type\":\"ListItem\",\"position\":1,\"name\":\"In\u00edcio\",\"item\":\"https:\\\/\\\/ciac.pt\\\/en\\\/\"},{\"@type\":\"ListItem\",\"position\":2,\"name\":\"Publications\",\"item\":\"https:\\\/\\\/ciac.pt\\\/en\\\/publications\\\/\"},{\"@type\":\"ListItem\",\"position\":3,\"name\":\"Centre for Galician Studies Collection\"}]},{\"@type\":\"WebSite\",\"@id\":\"https:\\\/\\\/ciac.pt\\\/en\\\/#website\",\"url\":\"https:\\\/\\\/ciac.pt\\\/en\\\/\",\"name\":\"CIAC\",\"description\":\"Centro de Investiga\u00e7\u00e3o em Artes e Comunica\u00e7\u00e3o\",\"publisher\":{\"@id\":\"https:\\\/\\\/ciac.pt\\\/en\\\/#organization\"},\"potentialAction\":[{\"@type\":\"SearchAction\",\"target\":{\"@type\":\"EntryPoint\",\"urlTemplate\":\"https:\\\/\\\/ciac.pt\\\/en\\\/?s={search_term_string}\"},\"query-input\":{\"@type\":\"PropertyValueSpecification\",\"valueRequired\":true,\"valueName\":\"search_term_string\"}}],\"inLanguage\":\"en-US\"},{\"@type\":\"Organization\",\"@id\":\"https:\\\/\\\/ciac.pt\\\/en\\\/#organization\",\"name\":\"CIAC\",\"url\":\"https:\\\/\\\/ciac.pt\\\/en\\\/\",\"logo\":{\"@type\":\"ImageObject\",\"inLanguage\":\"en-US\",\"@id\":\"https:\\\/\\\/ciac.pt\\\/en\\\/#\\\/schema\\\/logo\\\/image\\\/\",\"url\":\"https:\\\/\\\/ciac.pt\\\/wp-content\\\/uploads\\\/2022\\\/06\\\/logo.svg\",\"contentUrl\":\"https:\\\/\\\/ciac.pt\\\/wp-content\\\/uploads\\\/2022\\\/06\\\/logo.svg\",\"width\":184,\"height\":51,\"caption\":\"CIAC\"},\"image\":{\"@id\":\"https:\\\/\\\/ciac.pt\\\/en\\\/#\\\/schema\\\/logo\\\/image\\\/\"}}]}<\/script>\n<!-- \/ Yoast SEO plugin. -->","yoast_head_json":{"title":"Centre for Galician Studies Collection - CIAC","robots":{"index":"index","follow":"follow","max-snippet":"max-snippet:-1","max-image-preview":"max-image-preview:large","max-video-preview":"max-video-preview:-1"},"canonical":"https:\/\/ciac.pt\/en\/publications\/centre-for-galician-studies\/","og_locale":"en_US","og_type":"article","og_title":"Centre for Galician Studies Collection - CIAC","og_description":"Directed by professors Pedro Alfonso Ferr\u00e9 da Ponte and Mar\u00eda Jes\u00fas Botana","og_url":"https:\/\/ciac.pt\/en\/publications\/centre-for-galician-studies\/","og_site_name":"CIAC","article_modified_time":"2025-03-25T11:24:21+00:00","twitter_card":"summary_large_image","twitter_misc":{"Est. reading time":"1 minute"},"schema":{"@context":"https:\/\/schema.org","@graph":[{"@type":"WebPage","@id":"https:\/\/ciac.pt\/en\/publications\/centre-for-galician-studies\/","url":"https:\/\/ciac.pt\/en\/publications\/centre-for-galician-studies\/","name":"Centre for Galician Studies Collection - CIAC","isPartOf":{"@id":"https:\/\/ciac.pt\/en\/#website"},"datePublished":"2023-08-23T17:04:41+00:00","dateModified":"2025-03-25T11:24:21+00:00","breadcrumb":{"@id":"https:\/\/ciac.pt\/en\/publications\/centre-for-galician-studies\/#breadcrumb"},"inLanguage":"en-US","potentialAction":[{"@type":"ReadAction","target":["https:\/\/ciac.pt\/en\/publications\/centre-for-galician-studies\/"]}]},{"@type":"BreadcrumbList","@id":"https:\/\/ciac.pt\/en\/publications\/centre-for-galician-studies\/#breadcrumb","itemListElement":[{"@type":"ListItem","position":1,"name":"In\u00edcio","item":"https:\/\/ciac.pt\/en\/"},{"@type":"ListItem","position":2,"name":"Publications","item":"https:\/\/ciac.pt\/en\/publications\/"},{"@type":"ListItem","position":3,"name":"Centre for Galician Studies Collection"}]},{"@type":"WebSite","@id":"https:\/\/ciac.pt\/en\/#website","url":"https:\/\/ciac.pt\/en\/","name":"CIAC","description":"Centro de Investiga\u00e7\u00e3o em Artes e Comunica\u00e7\u00e3o","publisher":{"@id":"https:\/\/ciac.pt\/en\/#organization"},"potentialAction":[{"@type":"SearchAction","target":{"@type":"EntryPoint","urlTemplate":"https:\/\/ciac.pt\/en\/?s={search_term_string}"},"query-input":{"@type":"PropertyValueSpecification","valueRequired":true,"valueName":"search_term_string"}}],"inLanguage":"en-US"},{"@type":"Organization","@id":"https:\/\/ciac.pt\/en\/#organization","name":"CIAC","url":"https:\/\/ciac.pt\/en\/","logo":{"@type":"ImageObject","inLanguage":"en-US","@id":"https:\/\/ciac.pt\/en\/#\/schema\/logo\/image\/","url":"https:\/\/ciac.pt\/wp-content\/uploads\/2022\/06\/logo.svg","contentUrl":"https:\/\/ciac.pt\/wp-content\/uploads\/2022\/06\/logo.svg","width":184,"height":51,"caption":"CIAC"},"image":{"@id":"https:\/\/ciac.pt\/en\/#\/schema\/logo\/image\/"}}]}},"coauthors":[],"author_meta":{"author_link":"https:\/\/ciac.pt\/en\/author\/webmaster\/","display_name":"webmaster"},"relative_dates":{"created":"Posted 3 years ago","modified":"Updated 1 year ago"},"absolute_dates":{"created":"Posted on 23\/08\/2023","modified":"Updated on 25\/03\/2025"},"absolute_dates_time":{"created":"Posted on 23\/08\/2023 18:04","modified":"Updated on 25\/03\/2025 11:24"},"featured_img_caption":"","featured_img":false,"series_order":"","_links":{"self":[{"href":"https:\/\/ciac.pt\/en\/wp-json\/wp\/v2\/pages\/1494","targetHints":{"allow":["GET"]}}],"collection":[{"href":"https:\/\/ciac.pt\/en\/wp-json\/wp\/v2\/pages"}],"about":[{"href":"https:\/\/ciac.pt\/en\/wp-json\/wp\/v2\/types\/page"}],"author":[{"embeddable":true,"href":"https:\/\/ciac.pt\/en\/wp-json\/wp\/v2\/users\/1"}],"replies":[{"embeddable":true,"href":"https:\/\/ciac.pt\/en\/wp-json\/wp\/v2\/comments?post=1494"}],"version-history":[{"count":3,"href":"https:\/\/ciac.pt\/en\/wp-json\/wp\/v2\/pages\/1494\/revisions"}],"predecessor-version":[{"id":10912,"href":"https:\/\/ciac.pt\/en\/wp-json\/wp\/v2\/pages\/1494\/revisions\/10912"}],"up":[{"embeddable":true,"href":"https:\/\/ciac.pt\/en\/wp-json\/wp\/v2\/pages\/1498"}],"wp:attachment":[{"href":"https:\/\/ciac.pt\/en\/wp-json\/wp\/v2\/media?parent=1494"}],"curies":[{"name":"wp","href":"https:\/\/api.w.org\/{rel}","templated":true}]}}