{"id":1759,"date":"2023-09-26T11:15:22","date_gmt":"2023-09-26T10:15:22","guid":{"rendered":"https:\/\/web.ciac.pt\/?page_id=1759"},"modified":"2024-04-02T11:09:33","modified_gmt":"2024-04-02T10:09:33","slug":"news","status":"publish","type":"page","link":"https:\/\/ciac.pt\/en\/news\/","title":{"rendered":"News"},"content":{"rendered":"\n<div class=\"wp-block-query ciac-news-grid is-layout-flow wp-block-query-is-layout-flow\"><ul class=\"columns-4 wp-block-post-template is-layout-grid wp-container-core-post-template-is-layout-b954fd2f wp-block-post-template-is-layout-grid\"><li class=\"wp-block-post post-14655 post type-post status-publish format-standard has-post-thumbnail hentry category-news tag-dissemination\">\n<div class=\"taxonomy-post_tag tag wp-block-post-terms\"><a href=\"https:\/\/ciac.pt\/en\/.\/dissemination\/\" rel=\"tag\">Dissemination<\/a><\/div>\n\n<figure class=\"featured-image wp-block-post-featured-image\"><a href=\"https:\/\/ciac.pt\/en\/news\/communication-about-climate-changes-will-be-the-subject-of-the-communication-sciences-seminar\/\" target=\"_self\"  ><img decoding=\"async\" width=\"1620\" height=\"1215\" data-src=\"https:\/\/ciac.pt\/wp-content\/uploads\/2026\/04\/Untitled-1-13.jpg\" class=\"attachment-post-thumbnail size-post-thumbnail wp-post-image lazyload\" alt=\"Communication about climate changes will be the subject of the Communication Sciences Seminar\" style=\"--smush-placeholder-width: 1620px; --smush-placeholder-aspect-ratio: 1620\/1215;object-fit:cover;\" data-srcset=\"https:\/\/ciac.pt\/wp-content\/uploads\/2026\/04\/Untitled-1-13.jpg 1620w, https:\/\/ciac.pt\/wp-content\/uploads\/2026\/04\/Untitled-1-13-300x225.jpg 300w, https:\/\/ciac.pt\/wp-content\/uploads\/2026\/04\/Untitled-1-13-1024x768.jpg 1024w, https:\/\/ciac.pt\/wp-content\/uploads\/2026\/04\/Untitled-1-13-768x576.jpg 768w, https:\/\/ciac.pt\/wp-content\/uploads\/2026\/04\/Untitled-1-13-1536x1152.jpg 1536w\" data-sizes=\"(max-width: 1620px) 100vw, 1620px\" src=\"data:image\/svg+xml;base64,PHN2ZyB3aWR0aD0iMSIgaGVpZ2h0PSIxIiB4bWxucz0iaHR0cDovL3d3dy53My5vcmcvMjAwMC9zdmciPjwvc3ZnPg==\" \/><\/a><\/figure>\n\n<h5 class=\"wp-block-post-title\"><a href=\"https:\/\/ciac.pt\/en\/news\/communication-about-climate-changes-will-be-the-subject-of-the-communication-sciences-seminar\/\" target=\"_self\" >Communication about climate changes will be the subject of the Communication Sciences Seminar<\/a><\/h5>\n\n<div class=\"wp-block-post-date\"><time datetime=\"2026-04-28T19:52:35+01:00\">28\/04\/2026<\/time><\/div>\n<\/li><li class=\"wp-block-post post-14635 post type-post status-publish format-standard has-post-thumbnail hentry category-news tag-dissemination\">\n<div class=\"taxonomy-post_tag tag wp-block-post-terms\"><a href=\"https:\/\/ciac.pt\/en\/.\/dissemination\/\" rel=\"tag\">Dissemination<\/a><\/div>\n\n<figure class=\"featured-image wp-block-post-featured-image\"><a href=\"https:\/\/ciac.pt\/en\/news\/4th-international-counter-image-conference-to-take-place-in-november-at-the-university-of-algarve-with-call-for-papers-open-until-25-may\/\" target=\"_self\"  ><img decoding=\"async\" width=\"1620\" height=\"1215\" data-src=\"https:\/\/ciac.pt\/wp-content\/uploads\/2026\/04\/Untitled-1-12.jpg\" class=\"attachment-post-thumbnail size-post-thumbnail wp-post-image lazyload\" alt=\"4th International Counter-Image Conference to take place in November at the University of Algarve, with call for papers open until 25 May\" style=\"--smush-placeholder-width: 1620px; --smush-placeholder-aspect-ratio: 1620\/1215;object-fit:cover;\" data-srcset=\"https:\/\/ciac.pt\/wp-content\/uploads\/2026\/04\/Untitled-1-12.jpg 1620w, https:\/\/ciac.pt\/wp-content\/uploads\/2026\/04\/Untitled-1-12-300x225.jpg 300w, https:\/\/ciac.pt\/wp-content\/uploads\/2026\/04\/Untitled-1-12-1024x768.jpg 1024w, https:\/\/ciac.pt\/wp-content\/uploads\/2026\/04\/Untitled-1-12-768x576.jpg 768w, https:\/\/ciac.pt\/wp-content\/uploads\/2026\/04\/Untitled-1-12-1536x1152.jpg 1536w\" data-sizes=\"(max-width: 1620px) 100vw, 1620px\" src=\"data:image\/svg+xml;base64,PHN2ZyB3aWR0aD0iMSIgaGVpZ2h0PSIxIiB4bWxucz0iaHR0cDovL3d3dy53My5vcmcvMjAwMC9zdmciPjwvc3ZnPg==\" \/><\/a><\/figure>\n\n<h5 class=\"wp-block-post-title\"><a href=\"https:\/\/ciac.pt\/en\/news\/4th-international-counter-image-conference-to-take-place-in-november-at-the-university-of-algarve-with-call-for-papers-open-until-25-may\/\" target=\"_self\" >4th International Counter-Image Conference to take place in November at the University of Algarve, with call for papers open until 25 May<\/a><\/h5>\n\n<div class=\"wp-block-post-date\"><time datetime=\"2026-04-28T04:24:19+01:00\">28\/04\/2026<\/time><\/div>\n<\/li><li class=\"wp-block-post post-14624 post type-post status-publish format-standard has-post-thumbnail hentry category-news tag-dissemination\">\n<div class=\"taxonomy-post_tag tag wp-block-post-terms\"><a href=\"https:\/\/ciac.pt\/en\/.\/dissemination\/\" rel=\"tag\">Dissemination<\/a><\/div>\n\n<figure class=\"featured-image wp-block-post-featured-image\"><a href=\"https:\/\/ciac.pt\/en\/news\/call-for-papers-for-the-colloquium-landscape-representation-perception-and-identity-extended-until-may-15\/\" target=\"_self\"  ><img decoding=\"async\" width=\"1620\" height=\"1215\" data-src=\"https:\/\/ciac.pt\/wp-content\/uploads\/2026\/02\/paisagem-2.jpg\" class=\"attachment-post-thumbnail size-post-thumbnail wp-post-image lazyload\" alt=\"Call for papers for the Colloquium \u201cLandscape, Representation, Perception and Identity\u201d extended until May 15\" style=\"--smush-placeholder-width: 1620px; --smush-placeholder-aspect-ratio: 1620\/1215;object-fit:cover;\" data-srcset=\"https:\/\/ciac.pt\/wp-content\/uploads\/2026\/02\/paisagem-2.jpg 1620w, https:\/\/ciac.pt\/wp-content\/uploads\/2026\/02\/paisagem-2-300x225.jpg 300w, https:\/\/ciac.pt\/wp-content\/uploads\/2026\/02\/paisagem-2-1024x768.jpg 1024w, https:\/\/ciac.pt\/wp-content\/uploads\/2026\/02\/paisagem-2-768x576.jpg 768w, https:\/\/ciac.pt\/wp-content\/uploads\/2026\/02\/paisagem-2-1536x1152.jpg 1536w\" data-sizes=\"(max-width: 1620px) 100vw, 1620px\" src=\"data:image\/svg+xml;base64,PHN2ZyB3aWR0aD0iMSIgaGVpZ2h0PSIxIiB4bWxucz0iaHR0cDovL3d3dy53My5vcmcvMjAwMC9zdmciPjwvc3ZnPg==\" \/><\/a><\/figure>\n\n<h5 class=\"wp-block-post-title\"><a href=\"https:\/\/ciac.pt\/en\/news\/call-for-papers-for-the-colloquium-landscape-representation-perception-and-identity-extended-until-may-15\/\" target=\"_self\" >Call for papers for the Colloquium \u201cLandscape, Representation, Perception and Identity\u201d extended until May 15<\/a><\/h5>\n\n<div class=\"wp-block-post-date\"><time datetime=\"2026-04-27T02:40:05+01:00\">27\/04\/2026<\/time><\/div>\n<\/li><li class=\"wp-block-post post-14618 post type-post status-publish format-standard has-post-thumbnail hentry category-news tag-dissemination\">\n<div class=\"taxonomy-post_tag tag wp-block-post-terms\"><a href=\"https:\/\/ciac.pt\/en\/.\/dissemination\/\" rel=\"tag\">Dissemination<\/a><\/div>\n\n<figure class=\"featured-image wp-block-post-featured-image\"><a href=\"https:\/\/ciac.pt\/en\/news\/7th-the-creative-process-meeting-to-explore-experimental-cinema-at-the-university-of-algarve\/\" target=\"_self\"  ><img decoding=\"async\" width=\"1620\" height=\"1215\" data-src=\"https:\/\/ciac.pt\/wp-content\/uploads\/2026\/04\/Untitled-1-11.jpg\" class=\"attachment-post-thumbnail size-post-thumbnail wp-post-image lazyload\" alt=\"7th \u201cThe Creative Process\u201d meeting to explore experimental cinema at the University of Algarve\" style=\"--smush-placeholder-width: 1620px; --smush-placeholder-aspect-ratio: 1620\/1215;object-fit:cover;\" data-srcset=\"https:\/\/ciac.pt\/wp-content\/uploads\/2026\/04\/Untitled-1-11.jpg 1620w, https:\/\/ciac.pt\/wp-content\/uploads\/2026\/04\/Untitled-1-11-300x225.jpg 300w, https:\/\/ciac.pt\/wp-content\/uploads\/2026\/04\/Untitled-1-11-1024x768.jpg 1024w, https:\/\/ciac.pt\/wp-content\/uploads\/2026\/04\/Untitled-1-11-768x576.jpg 768w, https:\/\/ciac.pt\/wp-content\/uploads\/2026\/04\/Untitled-1-11-1536x1152.jpg 1536w\" data-sizes=\"(max-width: 1620px) 100vw, 1620px\" src=\"data:image\/svg+xml;base64,PHN2ZyB3aWR0aD0iMSIgaGVpZ2h0PSIxIiB4bWxucz0iaHR0cDovL3d3dy53My5vcmcvMjAwMC9zdmciPjwvc3ZnPg==\" \/><\/a><\/figure>\n\n<h5 class=\"wp-block-post-title\"><a href=\"https:\/\/ciac.pt\/en\/news\/7th-the-creative-process-meeting-to-explore-experimental-cinema-at-the-university-of-algarve\/\" target=\"_self\" >7th \u201cThe Creative Process\u201d meeting to explore experimental cinema at the University of Algarve<\/a><\/h5>\n\n<div class=\"wp-block-post-date\"><time datetime=\"2026-04-25T17:11:29+01:00\">25\/04\/2026<\/time><\/div>\n<\/li><li class=\"wp-block-post post-14608 post type-post status-publish format-standard has-post-thumbnail hentry category-news tag-dissemination\">\n<div class=\"taxonomy-post_tag tag wp-block-post-terms\"><a href=\"https:\/\/ciac.pt\/en\/.\/dissemination\/\" rel=\"tag\">Dissemination<\/a><\/div>\n\n<figure class=\"featured-image wp-block-post-featured-image\"><a href=\"https:\/\/ciac.pt\/en\/news\/call-for-papers-for-the-new-issue-of-rotura-open-until-30-september\/\" target=\"_self\"  ><img decoding=\"async\" width=\"1620\" height=\"1215\" data-src=\"https:\/\/ciac.pt\/wp-content\/uploads\/2026\/04\/Untitled-1-10.jpg\" class=\"attachment-post-thumbnail size-post-thumbnail wp-post-image lazyload\" alt=\"Call for papers for the new issue of Rotura open until 30 September\" style=\"--smush-placeholder-width: 1620px; --smush-placeholder-aspect-ratio: 1620\/1215;object-fit:cover;\" data-srcset=\"https:\/\/ciac.pt\/wp-content\/uploads\/2026\/04\/Untitled-1-10.jpg 1620w, https:\/\/ciac.pt\/wp-content\/uploads\/2026\/04\/Untitled-1-10-300x225.jpg 300w, https:\/\/ciac.pt\/wp-content\/uploads\/2026\/04\/Untitled-1-10-1024x768.jpg 1024w, https:\/\/ciac.pt\/wp-content\/uploads\/2026\/04\/Untitled-1-10-768x576.jpg 768w, https:\/\/ciac.pt\/wp-content\/uploads\/2026\/04\/Untitled-1-10-1536x1152.jpg 1536w\" data-sizes=\"(max-width: 1620px) 100vw, 1620px\" src=\"data:image\/svg+xml;base64,PHN2ZyB3aWR0aD0iMSIgaGVpZ2h0PSIxIiB4bWxucz0iaHR0cDovL3d3dy53My5vcmcvMjAwMC9zdmciPjwvc3ZnPg==\" \/><\/a><\/figure>\n\n<h5 class=\"wp-block-post-title\"><a href=\"https:\/\/ciac.pt\/en\/news\/call-for-papers-for-the-new-issue-of-rotura-open-until-30-september\/\" target=\"_self\" >Call for papers for the new issue of Rotura open until 30 September<\/a><\/h5>\n\n<div class=\"wp-block-post-date\"><time datetime=\"2026-04-23T19:26:17+01:00\">23\/04\/2026<\/time><\/div>\n<\/li><li class=\"wp-block-post post-14597 post type-post status-publish format-standard has-post-thumbnail hentry category-news tag-dissemination\">\n<div class=\"taxonomy-post_tag tag wp-block-post-terms\"><a href=\"https:\/\/ciac.pt\/en\/.\/dissemination\/\" rel=\"tag\">Dissemination<\/a><\/div>\n\n<figure class=\"featured-image wp-block-post-featured-image\"><a href=\"https:\/\/ciac.pt\/en\/news\/visual-arts-cycle-to-host-curator-lourenco-egreja\/\" target=\"_self\"  ><img decoding=\"async\" width=\"1620\" height=\"1215\" data-src=\"https:\/\/ciac.pt\/wp-content\/uploads\/2026\/04\/Untitled-1-9.jpg\" class=\"attachment-post-thumbnail size-post-thumbnail wp-post-image lazyload\" alt=\"Visual Arts Cycle to host curator Louren\u00e7o Egreja\" style=\"--smush-placeholder-width: 1620px; --smush-placeholder-aspect-ratio: 1620\/1215;object-fit:cover;\" data-srcset=\"https:\/\/ciac.pt\/wp-content\/uploads\/2026\/04\/Untitled-1-9.jpg 1620w, https:\/\/ciac.pt\/wp-content\/uploads\/2026\/04\/Untitled-1-9-300x225.jpg 300w, https:\/\/ciac.pt\/wp-content\/uploads\/2026\/04\/Untitled-1-9-1024x768.jpg 1024w, https:\/\/ciac.pt\/wp-content\/uploads\/2026\/04\/Untitled-1-9-768x576.jpg 768w, https:\/\/ciac.pt\/wp-content\/uploads\/2026\/04\/Untitled-1-9-1536x1152.jpg 1536w\" data-sizes=\"(max-width: 1620px) 100vw, 1620px\" src=\"data:image\/svg+xml;base64,PHN2ZyB3aWR0aD0iMSIgaGVpZ2h0PSIxIiB4bWxucz0iaHR0cDovL3d3dy53My5vcmcvMjAwMC9zdmciPjwvc3ZnPg==\" \/><\/a><\/figure>\n\n<h5 class=\"wp-block-post-title\"><a href=\"https:\/\/ciac.pt\/en\/news\/visual-arts-cycle-to-host-curator-lourenco-egreja\/\" target=\"_self\" >Visual Arts Cycle to host curator Louren\u00e7o Egreja<\/a><\/h5>\n\n<div class=\"wp-block-post-date\"><time datetime=\"2026-04-22T18:25:00+01:00\">22\/04\/2026<\/time><\/div>\n<\/li><li class=\"wp-block-post post-14583 post type-post status-publish format-standard has-post-thumbnail hentry category-event category-news tag-dissemination\">\n<div class=\"taxonomy-post_tag tag wp-block-post-terms\"><a href=\"https:\/\/ciac.pt\/en\/.\/dissemination\/\" rel=\"tag\">Dissemination<\/a><\/div>\n\n<figure class=\"featured-image wp-block-post-featured-image\"><a href=\"https:\/\/ciac.pt\/en\/news\/artefacto-2026-international-conference-opens-call-for-papers-and-artistic-works\/\" target=\"_self\"  ><img decoding=\"async\" data-src=\"https:\/\/ciac.pt\/wp-content\/uploads\/2026\/04\/Untitled-1-8.jpg\" class=\"attachment-post-thumbnail size-post-thumbnail wp-post-image lazyload\" alt=\"Artefacto 2026: International Conference opens call for papers and artistic works\" style=\"--smush-placeholder-width: 1620px; --smush-placeholder-aspect-ratio: 1620\/1215;object-fit:cover;\" src=\"data:image\/svg+xml;base64,PHN2ZyB3aWR0aD0iMSIgaGVpZ2h0PSIxIiB4bWxucz0iaHR0cDovL3d3dy53My5vcmcvMjAwMC9zdmciPjwvc3ZnPg==\" \/><\/a><\/figure>\n\n<h5 class=\"wp-block-post-title\"><a href=\"https:\/\/ciac.pt\/en\/news\/artefacto-2026-international-conference-opens-call-for-papers-and-artistic-works\/\" target=\"_self\" >Artefacto 2026: International Conference opens call for papers and artistic works<\/a><\/h5>\n\n<div class=\"wp-block-post-date\"><time datetime=\"2026-04-21T21:21:52+01:00\">21\/04\/2026<\/time><\/div>\n<\/li><li class=\"wp-block-post post-14572 post type-post status-publish format-standard has-post-thumbnail hentry category-news tag-dissemination\">\n<div class=\"taxonomy-post_tag tag wp-block-post-terms\"><a href=\"https:\/\/ciac.pt\/en\/.\/dissemination\/\" rel=\"tag\">Dissemination<\/a><\/div>\n\n<figure class=\"featured-image wp-block-post-featured-image\"><a href=\"https:\/\/ciac.pt\/en\/news\/university-of-maia-and-ciac-organise-event-on-multimedia-art\/\" target=\"_self\"  ><img decoding=\"async\" width=\"1620\" height=\"1215\" data-src=\"https:\/\/ciac.pt\/wp-content\/uploads\/2026\/04\/Untitled-1-7.jpg\" class=\"attachment-post-thumbnail size-post-thumbnail wp-post-image lazyload\" alt=\"University of Maia and CIAC organise event on multimedia art\" style=\"--smush-placeholder-width: 1620px; --smush-placeholder-aspect-ratio: 1620\/1215;object-fit:cover;\" data-srcset=\"https:\/\/ciac.pt\/wp-content\/uploads\/2026\/04\/Untitled-1-7.jpg 1620w, https:\/\/ciac.pt\/wp-content\/uploads\/2026\/04\/Untitled-1-7-300x225.jpg 300w, https:\/\/ciac.pt\/wp-content\/uploads\/2026\/04\/Untitled-1-7-1024x768.jpg 1024w, https:\/\/ciac.pt\/wp-content\/uploads\/2026\/04\/Untitled-1-7-768x576.jpg 768w, https:\/\/ciac.pt\/wp-content\/uploads\/2026\/04\/Untitled-1-7-1536x1152.jpg 1536w\" data-sizes=\"(max-width: 1620px) 100vw, 1620px\" src=\"data:image\/svg+xml;base64,PHN2ZyB3aWR0aD0iMSIgaGVpZ2h0PSIxIiB4bWxucz0iaHR0cDovL3d3dy53My5vcmcvMjAwMC9zdmciPjwvc3ZnPg==\" \/><\/a><\/figure>\n\n<h5 class=\"wp-block-post-title\"><a href=\"https:\/\/ciac.pt\/en\/news\/university-of-maia-and-ciac-organise-event-on-multimedia-art\/\" target=\"_self\" >University of Maia and CIAC organise event on multimedia art<\/a><\/h5>\n\n<div class=\"wp-block-post-date\"><time datetime=\"2026-04-21T00:20:55+01:00\">21\/04\/2026<\/time><\/div>\n<\/li><li class=\"wp-block-post post-14558 post type-post status-publish format-standard has-post-thumbnail hentry category-news tag-dissemination\">\n<div class=\"taxonomy-post_tag tag wp-block-post-terms\"><a href=\"https:\/\/ciac.pt\/en\/.\/dissemination\/\" rel=\"tag\">Dissemination<\/a><\/div>\n\n<figure class=\"featured-image wp-block-post-featured-image\"><a href=\"https:\/\/ciac.pt\/en\/news\/visual-arts-cycle-welcomes-visual-artist-xana\/\" target=\"_self\"  ><img decoding=\"async\" width=\"1620\" height=\"1215\" data-src=\"https:\/\/ciac.pt\/wp-content\/uploads\/2026\/04\/Untitled-1-6.jpg\" class=\"attachment-post-thumbnail size-post-thumbnail wp-post-image lazyload\" alt=\"Visual Arts Cycle welcomes visual artist Xana\" style=\"--smush-placeholder-width: 1620px; --smush-placeholder-aspect-ratio: 1620\/1215;object-fit:cover;\" data-srcset=\"https:\/\/ciac.pt\/wp-content\/uploads\/2026\/04\/Untitled-1-6.jpg 1620w, https:\/\/ciac.pt\/wp-content\/uploads\/2026\/04\/Untitled-1-6-300x225.jpg 300w, https:\/\/ciac.pt\/wp-content\/uploads\/2026\/04\/Untitled-1-6-1024x768.jpg 1024w, https:\/\/ciac.pt\/wp-content\/uploads\/2026\/04\/Untitled-1-6-768x576.jpg 768w, https:\/\/ciac.pt\/wp-content\/uploads\/2026\/04\/Untitled-1-6-1536x1152.jpg 1536w\" data-sizes=\"(max-width: 1620px) 100vw, 1620px\" src=\"data:image\/svg+xml;base64,PHN2ZyB3aWR0aD0iMSIgaGVpZ2h0PSIxIiB4bWxucz0iaHR0cDovL3d3dy53My5vcmcvMjAwMC9zdmciPjwvc3ZnPg==\" \/><\/a><\/figure>\n\n<h5 class=\"wp-block-post-title\"><a href=\"https:\/\/ciac.pt\/en\/news\/visual-arts-cycle-welcomes-visual-artist-xana\/\" target=\"_self\" >Visual Arts Cycle welcomes visual artist Xana<\/a><\/h5>\n\n<div class=\"wp-block-post-date\"><time datetime=\"2026-04-20T03:11:32+01:00\">20\/04\/2026<\/time><\/div>\n<\/li><li class=\"wp-block-post post-14547 post type-post status-publish format-standard has-post-thumbnail hentry category-news category-noticias tag-dissemination\">\n<div class=\"taxonomy-post_tag tag wp-block-post-terms\"><a href=\"https:\/\/ciac.pt\/en\/.\/dissemination\/\" rel=\"tag\">Dissemination<\/a><\/div>\n\n<figure class=\"featured-image wp-block-post-featured-image\"><a href=\"https:\/\/ciac.pt\/en\/news\/zoom-cultural-mediation-meeting-returns-to-teatro-das-figuras-with-the-participation-of-mirian-tavares\/\" target=\"_self\"  ><img decoding=\"async\" width=\"1620\" height=\"1215\" data-src=\"https:\/\/ciac.pt\/wp-content\/uploads\/2026\/04\/Sem-titulo.jpg\" class=\"attachment-post-thumbnail size-post-thumbnail wp-post-image lazyload\" alt=\"ZOOM \u2013 Cultural Mediation Meeting returns to Teatro das Figuras with the participation of Mirian Tavares\" style=\"--smush-placeholder-width: 1620px; --smush-placeholder-aspect-ratio: 1620\/1215;object-fit:cover;\" data-srcset=\"https:\/\/ciac.pt\/wp-content\/uploads\/2026\/04\/Sem-titulo.jpg 1620w, https:\/\/ciac.pt\/wp-content\/uploads\/2026\/04\/Sem-titulo-300x225.jpg 300w, https:\/\/ciac.pt\/wp-content\/uploads\/2026\/04\/Sem-titulo-1024x768.jpg 1024w, https:\/\/ciac.pt\/wp-content\/uploads\/2026\/04\/Sem-titulo-768x576.jpg 768w, https:\/\/ciac.pt\/wp-content\/uploads\/2026\/04\/Sem-titulo-1536x1152.jpg 1536w\" data-sizes=\"(max-width: 1620px) 100vw, 1620px\" src=\"data:image\/svg+xml;base64,PHN2ZyB3aWR0aD0iMSIgaGVpZ2h0PSIxIiB4bWxucz0iaHR0cDovL3d3dy53My5vcmcvMjAwMC9zdmciPjwvc3ZnPg==\" \/><\/a><\/figure>\n\n<h5 class=\"wp-block-post-title\"><a href=\"https:\/\/ciac.pt\/en\/news\/zoom-cultural-mediation-meeting-returns-to-teatro-das-figuras-with-the-participation-of-mirian-tavares\/\" target=\"_self\" >ZOOM \u2013 Cultural Mediation Meeting returns to Teatro das Figuras with the participation of Mirian Tavares<\/a><\/h5>\n\n<div class=\"wp-block-post-date\"><time datetime=\"2026-04-19T04:08:47+01:00\">19\/04\/2026<\/time><\/div>\n<\/li><li class=\"wp-block-post post-14538 post type-post status-publish format-standard has-post-thumbnail hentry category-news tag-dissemination\">\n<div class=\"taxonomy-post_tag tag wp-block-post-terms\"><a href=\"https:\/\/ciac.pt\/en\/.\/dissemination\/\" rel=\"tag\">Dissemination<\/a><\/div>\n\n<figure class=\"featured-image wp-block-post-featured-image\"><a href=\"https:\/\/ciac.pt\/en\/news\/ciac-co-organises-international-colloquium-on-linguistics-literature-and-communication-in-al-hoceima\/\" target=\"_self\"  ><img decoding=\"async\" width=\"1620\" height=\"1215\" data-src=\"https:\/\/ciac.pt\/wp-content\/uploads\/2026\/04\/Untitled-1-5.jpg\" class=\"attachment-post-thumbnail size-post-thumbnail wp-post-image lazyload\" alt=\"CIAC co-organises international colloquium on linguistics, literature and communication in Al Hoceima\" style=\"--smush-placeholder-width: 1620px; --smush-placeholder-aspect-ratio: 1620\/1215;object-fit:cover;\" data-srcset=\"https:\/\/ciac.pt\/wp-content\/uploads\/2026\/04\/Untitled-1-5.jpg 1620w, https:\/\/ciac.pt\/wp-content\/uploads\/2026\/04\/Untitled-1-5-300x225.jpg 300w, https:\/\/ciac.pt\/wp-content\/uploads\/2026\/04\/Untitled-1-5-1024x768.jpg 1024w, https:\/\/ciac.pt\/wp-content\/uploads\/2026\/04\/Untitled-1-5-768x576.jpg 768w, https:\/\/ciac.pt\/wp-content\/uploads\/2026\/04\/Untitled-1-5-1536x1152.jpg 1536w\" data-sizes=\"(max-width: 1620px) 100vw, 1620px\" src=\"data:image\/svg+xml;base64,PHN2ZyB3aWR0aD0iMSIgaGVpZ2h0PSIxIiB4bWxucz0iaHR0cDovL3d3dy53My5vcmcvMjAwMC9zdmciPjwvc3ZnPg==\" \/><\/a><\/figure>\n\n<h5 class=\"wp-block-post-title\"><a href=\"https:\/\/ciac.pt\/en\/news\/ciac-co-organises-international-colloquium-on-linguistics-literature-and-communication-in-al-hoceima\/\" target=\"_self\" >CIAC co-organises international colloquium on linguistics, literature and communication in Al Hoceima<\/a><\/h5>\n\n<div class=\"wp-block-post-date\"><time datetime=\"2026-04-15T20:43:00+01:00\">15\/04\/2026<\/time><\/div>\n<\/li><li class=\"wp-block-post post-14526 post type-post status-publish format-standard has-post-thumbnail hentry category-news tag-dissemination\">\n<div class=\"taxonomy-post_tag tag wp-block-post-terms\"><a href=\"https:\/\/ciac.pt\/en\/.\/dissemination\/\" rel=\"tag\">Dissemination<\/a><\/div>\n\n<figure class=\"featured-image wp-block-post-featured-image\"><a href=\"https:\/\/ciac.pt\/en\/news\/ciac-organises-talk-series-on-the-construction-of-the-common-based-on-the-exhibition-chao-comum-terraphilia\/\" target=\"_self\"  ><img decoding=\"async\" width=\"1620\" height=\"1215\" data-src=\"https:\/\/ciac.pt\/wp-content\/uploads\/2026\/04\/Untitled-1-4.jpg\" class=\"attachment-post-thumbnail size-post-thumbnail wp-post-image lazyload\" alt=\"CIAC organises talk series on the \u201cConstruction of the Common\u201d based on the exhibition \u201cCh\u00e3o Comum: Terraphilia\u201d\" style=\"--smush-placeholder-width: 1620px; --smush-placeholder-aspect-ratio: 1620\/1215;object-fit:cover;\" data-srcset=\"https:\/\/ciac.pt\/wp-content\/uploads\/2026\/04\/Untitled-1-4.jpg 1620w, https:\/\/ciac.pt\/wp-content\/uploads\/2026\/04\/Untitled-1-4-300x225.jpg 300w, https:\/\/ciac.pt\/wp-content\/uploads\/2026\/04\/Untitled-1-4-1024x768.jpg 1024w, https:\/\/ciac.pt\/wp-content\/uploads\/2026\/04\/Untitled-1-4-768x576.jpg 768w, https:\/\/ciac.pt\/wp-content\/uploads\/2026\/04\/Untitled-1-4-1536x1152.jpg 1536w\" data-sizes=\"(max-width: 1620px) 100vw, 1620px\" src=\"data:image\/svg+xml;base64,PHN2ZyB3aWR0aD0iMSIgaGVpZ2h0PSIxIiB4bWxucz0iaHR0cDovL3d3dy53My5vcmcvMjAwMC9zdmciPjwvc3ZnPg==\" \/><\/a><\/figure>\n\n<h5 class=\"wp-block-post-title\"><a href=\"https:\/\/ciac.pt\/en\/news\/ciac-organises-talk-series-on-the-construction-of-the-common-based-on-the-exhibition-chao-comum-terraphilia\/\" target=\"_self\" >CIAC organises talk series on the \u201cConstruction of the Common\u201d based on the exhibition \u201cCh\u00e3o Comum: Terraphilia\u201d<\/a><\/h5>\n\n<div class=\"wp-block-post-date\"><time datetime=\"2026-04-15T00:37:46+01:00\">15\/04\/2026<\/time><\/div>\n<\/li><\/ul>\n\n\n<hr class=\"wp-block-separator has-text-color has-white-color has-alpha-channel-opacity has-white-background-color has-background\"\/>\n\n\n<nav class=\"wp-block-query-pagination is-layout-flex wp-block-query-pagination-is-layout-flex\" aria-label=\"Pagination\">\n\n\n<div class=\"wp-block-query-pagination-numbers\"><span aria-current=\"page\" class=\"page-numbers current\">1<\/span>\n<a class=\"page-numbers\" href=\"?query-0-page=2\">2<\/a>\n<a class=\"page-numbers\" href=\"?query-0-page=3\">3<\/a>\n<span class=\"page-numbers dots\">&hellip;<\/span>\n<a class=\"page-numbers\" href=\"?query-0-page=35\">35<\/a><\/div>\n\n<a href=\"\/en\/wp-json\/wp\/v2\/pages\/1759?query-0-page=2\" class=\"wp-block-query-pagination-next\">Next Page<\/a>\n<\/nav><\/div>\n\n\n\n<p>Click <a href=\"https:\/\/ciac.pt\/en\/archive\/\">here<\/a> to read other news from our archive<\/p>\n","protected":false},"excerpt":{"rendered":"<p>Click here to read other news from our archive<\/p>\n","protected":false},"author":1,"featured_media":0,"parent":0,"menu_order":10,"comment_status":"closed","ping_status":"closed","template":"","meta":{"_eb_attr":"","inline_featured_image":false,"advgb_blocks_editor_width":"","advgb_blocks_columns_visual_guide":"","footnotes":"","_links_to":"","_links_to_target":""},"class_list":["post-1759","page","type-page","status-publish","hentry"],"yoast_head":"<!-- This site is optimized with the Yoast SEO plugin v27.4 - https:\/\/yoast.com\/product\/yoast-seo-wordpress\/ -->\n<title>News - CIAC<\/title>\n<meta name=\"robots\" content=\"index, follow, max-snippet:-1, max-image-preview:large, max-video-preview:-1\" \/>\n<link rel=\"canonical\" href=\"https:\/\/ciac.pt\/en\/news\/\" \/>\n<link rel=\"next\" href=\"https:\/\/ciac.pt\/en\/news\/1759?query-0-page=2\" \/>\n<meta property=\"og:locale\" content=\"en_US\" \/>\n<meta property=\"og:type\" content=\"article\" \/>\n<meta property=\"og:title\" content=\"News - CIAC\" \/>\n<meta property=\"og:description\" content=\"Click here to read other news from our archive\" \/>\n<meta property=\"og:url\" content=\"https:\/\/ciac.pt\/en\/news\/\" \/>\n<meta property=\"og:site_name\" content=\"CIAC\" \/>\n<meta property=\"article:modified_time\" content=\"2024-04-02T10:09:33+00:00\" \/>\n<meta name=\"twitter:card\" content=\"summary_large_image\" \/>\n<script type=\"application\/ld+json\" class=\"yoast-schema-graph\">{\"@context\":\"https:\\\/\\\/schema.org\",\"@graph\":[{\"@type\":\"WebPage\",\"@id\":\"https:\\\/\\\/ciac.pt\\\/en\\\/news\\\/\",\"url\":\"https:\\\/\\\/ciac.pt\\\/en\\\/news\\\/\",\"name\":\"News - CIAC\",\"isPartOf\":{\"@id\":\"https:\\\/\\\/ciac.pt\\\/en\\\/#website\"},\"datePublished\":\"2023-09-26T10:15:22+00:00\",\"dateModified\":\"2024-04-02T10:09:33+00:00\",\"breadcrumb\":{\"@id\":\"https:\\\/\\\/ciac.pt\\\/en\\\/news\\\/#breadcrumb\"},\"inLanguage\":\"en-US\",\"potentialAction\":[{\"@type\":\"ReadAction\",\"target\":[\"https:\\\/\\\/ciac.pt\\\/en\\\/news\\\/\"]}]},{\"@type\":\"BreadcrumbList\",\"@id\":\"https:\\\/\\\/ciac.pt\\\/en\\\/news\\\/#breadcrumb\",\"itemListElement\":[{\"@type\":\"ListItem\",\"position\":1,\"name\":\"In\u00edcio\",\"item\":\"https:\\\/\\\/ciac.pt\\\/en\\\/\"},{\"@type\":\"ListItem\",\"position\":2,\"name\":\"News\"}]},{\"@type\":\"WebSite\",\"@id\":\"https:\\\/\\\/ciac.pt\\\/en\\\/#website\",\"url\":\"https:\\\/\\\/ciac.pt\\\/en\\\/\",\"name\":\"CIAC\",\"description\":\"Centro de Investiga\u00e7\u00e3o em Artes e Comunica\u00e7\u00e3o\",\"publisher\":{\"@id\":\"https:\\\/\\\/ciac.pt\\\/en\\\/#organization\"},\"potentialAction\":[{\"@type\":\"SearchAction\",\"target\":{\"@type\":\"EntryPoint\",\"urlTemplate\":\"https:\\\/\\\/ciac.pt\\\/en\\\/?s={search_term_string}\"},\"query-input\":{\"@type\":\"PropertyValueSpecification\",\"valueRequired\":true,\"valueName\":\"search_term_string\"}}],\"inLanguage\":\"en-US\"},{\"@type\":\"Organization\",\"@id\":\"https:\\\/\\\/ciac.pt\\\/en\\\/#organization\",\"name\":\"CIAC\",\"url\":\"https:\\\/\\\/ciac.pt\\\/en\\\/\",\"logo\":{\"@type\":\"ImageObject\",\"inLanguage\":\"en-US\",\"@id\":\"https:\\\/\\\/ciac.pt\\\/en\\\/#\\\/schema\\\/logo\\\/image\\\/\",\"url\":\"https:\\\/\\\/ciac.pt\\\/wp-content\\\/uploads\\\/2022\\\/06\\\/logo.svg\",\"contentUrl\":\"https:\\\/\\\/ciac.pt\\\/wp-content\\\/uploads\\\/2022\\\/06\\\/logo.svg\",\"width\":184,\"height\":51,\"caption\":\"CIAC\"},\"image\":{\"@id\":\"https:\\\/\\\/ciac.pt\\\/en\\\/#\\\/schema\\\/logo\\\/image\\\/\"}}]}<\/script>\n<!-- \/ Yoast SEO plugin. -->","yoast_head_json":{"title":"News - CIAC","robots":{"index":"index","follow":"follow","max-snippet":"max-snippet:-1","max-image-preview":"max-image-preview:large","max-video-preview":"max-video-preview:-1"},"canonical":"https:\/\/ciac.pt\/en\/news\/","next":"https:\/\/ciac.pt\/en\/news\/1759?query-0-page=2","og_locale":"en_US","og_type":"article","og_title":"News - CIAC","og_description":"Click here to read other news from our archive","og_url":"https:\/\/ciac.pt\/en\/news\/","og_site_name":"CIAC","article_modified_time":"2024-04-02T10:09:33+00:00","twitter_card":"summary_large_image","schema":{"@context":"https:\/\/schema.org","@graph":[{"@type":"WebPage","@id":"https:\/\/ciac.pt\/en\/news\/","url":"https:\/\/ciac.pt\/en\/news\/","name":"News - CIAC","isPartOf":{"@id":"https:\/\/ciac.pt\/en\/#website"},"datePublished":"2023-09-26T10:15:22+00:00","dateModified":"2024-04-02T10:09:33+00:00","breadcrumb":{"@id":"https:\/\/ciac.pt\/en\/news\/#breadcrumb"},"inLanguage":"en-US","potentialAction":[{"@type":"ReadAction","target":["https:\/\/ciac.pt\/en\/news\/"]}]},{"@type":"BreadcrumbList","@id":"https:\/\/ciac.pt\/en\/news\/#breadcrumb","itemListElement":[{"@type":"ListItem","position":1,"name":"In\u00edcio","item":"https:\/\/ciac.pt\/en\/"},{"@type":"ListItem","position":2,"name":"News"}]},{"@type":"WebSite","@id":"https:\/\/ciac.pt\/en\/#website","url":"https:\/\/ciac.pt\/en\/","name":"CIAC","description":"Centro de Investiga\u00e7\u00e3o em Artes e Comunica\u00e7\u00e3o","publisher":{"@id":"https:\/\/ciac.pt\/en\/#organization"},"potentialAction":[{"@type":"SearchAction","target":{"@type":"EntryPoint","urlTemplate":"https:\/\/ciac.pt\/en\/?s={search_term_string}"},"query-input":{"@type":"PropertyValueSpecification","valueRequired":true,"valueName":"search_term_string"}}],"inLanguage":"en-US"},{"@type":"Organization","@id":"https:\/\/ciac.pt\/en\/#organization","name":"CIAC","url":"https:\/\/ciac.pt\/en\/","logo":{"@type":"ImageObject","inLanguage":"en-US","@id":"https:\/\/ciac.pt\/en\/#\/schema\/logo\/image\/","url":"https:\/\/ciac.pt\/wp-content\/uploads\/2022\/06\/logo.svg","contentUrl":"https:\/\/ciac.pt\/wp-content\/uploads\/2022\/06\/logo.svg","width":184,"height":51,"caption":"CIAC"},"image":{"@id":"https:\/\/ciac.pt\/en\/#\/schema\/logo\/image\/"}}]}},"coauthors":[],"author_meta":{"author_link":"https:\/\/ciac.pt\/en\/author\/webmaster\/","display_name":"webmaster"},"relative_dates":{"created":"Posted 3 years ago","modified":"Updated 2 years ago"},"absolute_dates":{"created":"Posted on 26\/09\/2023","modified":"Updated on 02\/04\/2024"},"absolute_dates_time":{"created":"Posted on 26\/09\/2023 11:15","modified":"Updated on 02\/04\/2024 11:09"},"featured_img_caption":"","featured_img":false,"series_order":"","_links":{"self":[{"href":"https:\/\/ciac.pt\/en\/wp-json\/wp\/v2\/pages\/1759","targetHints":{"allow":["GET"]}}],"collection":[{"href":"https:\/\/ciac.pt\/en\/wp-json\/wp\/v2\/pages"}],"about":[{"href":"https:\/\/ciac.pt\/en\/wp-json\/wp\/v2\/types\/page"}],"author":[{"embeddable":true,"href":"https:\/\/ciac.pt\/en\/wp-json\/wp\/v2\/users\/1"}],"replies":[{"embeddable":true,"href":"https:\/\/ciac.pt\/en\/wp-json\/wp\/v2\/comments?post=1759"}],"version-history":[{"count":10,"href":"https:\/\/ciac.pt\/en\/wp-json\/wp\/v2\/pages\/1759\/revisions"}],"predecessor-version":[{"id":5877,"href":"https:\/\/ciac.pt\/en\/wp-json\/wp\/v2\/pages\/1759\/revisions\/5877"}],"wp:attachment":[{"href":"https:\/\/ciac.pt\/en\/wp-json\/wp\/v2\/media?parent=1759"}],"curies":[{"name":"wp","href":"https:\/\/api.w.org\/{rel}","templated":true}]}}