{"id":1761,"date":"2023-09-26T11:16:35","date_gmt":"2023-09-26T10:16:35","guid":{"rendered":"https:\/\/web.ciac.pt\/?page_id=1761"},"modified":"2026-03-09T16:49:35","modified_gmt":"2026-03-09T16:49:35","slug":"publications","status":"publish","type":"page","link":"https:\/\/ciac.pt\/en\/scientific-output\/publications\/","title":{"rendered":"Publications"},"content":{"rendered":"\n<div class=\"wp-block-advgb-accordions advgb-accordions-56b6f814-3f46-4c60-b4f3-0f5bbeb3249b advgb-accordion-wrapper\" data-collapsed=\"true\">\n<div class=\"wp-block-advgb-accordion-item advgb-accordion-item\" style=\"margin-bottom:15px\"><div class=\"advgb-accordion-header\" style=\"background-color:#ffffff;color:#000000;border-style:solid;border-width:0px;border-color:#ffffff\"><span class=\"advgb-accordion-header-icon\"><svg fill=\"#000000\" xmlns=\"http:\/\/www.w3.org\/2000\/svg\" width=\"24\" height=\"24\" viewBox=\"0 0 24 24\"><path fill=\"none\" d=\"M0,0h24v24H0V0z\"><\/path><path d=\"M6,10c-1.1,0-2,0.9-2,2s0.9,2,2,2s2-0.9,2-2S7.1,10,6,10z M18,10c-1.1,0-2,0.9-2,2s0.9,2,2,2s2-0.9,2-2S19.1,10,18,10z M12,10c-1.1,0-2,0.9-2,2s0.9,2,2,2s2-0.9,2-2S13.1,10,12,10z\"><\/path><\/svg><\/span><h2 class=\"advgb-accordion-header-title\" style=\"color:inherit\">2025<\/h2><\/div><div class=\"advgb-accordion-body\" style=\"border-style:solid !important;border-width:0px !important;border-color:#ffffff !important;border-top:none !important\">\n<p>Bidarra, J., Rocio, V., &amp; Sousa, N. (2025). Hybrid Learning in the Age of Generative AI. In G. Ubachs (Ed.), <em>The Envisioning Report for Empowering Universities 2025<\/em> (pp. 15-17). EADTU. URL: <a href=\"https:\/\/zenodo.org\/records\/15908735\" target=\"_blank\" rel=\"noreferrer noopener\">https:\/\/zenodo.org\/records\/15908735<\/a><\/p>\n\n\n\n<p>Cavadas, B., Branco, N.,&nbsp;Linhares, E., Cola\u00e7o, S., Galvin, C., &amp; Revyakina, E. (2025). Modelling and reflection on instructional activities (MaRIA) framework: The voice of participants in the TAP-TS project. In M. Carmo (Ed.), <em>International Conference on Education and New Developments (END) 2025. Volume I<\/em>&nbsp;(p. 103-107). World Institute for Advanced Research and Science (WIARS).&nbsp;ISBN: 978-989-35728-7-0. <a href=\"https:\/\/doi.org\/10.36315\/Education-and-New-Developments_2025_Vol_I\">https:\/\/doi.org\/10.36315\/Education-and-New-Developments_2025_Vol_I<\/a><br><br>Cruz, S., Vieira, C., &amp; Bidarra, J. (2025). Interactive Media Arts and Sustainability: The Challenges of Human-Nature Connections. In: N. Martins, D. Brand\u00e3o (Eds.), <em>Advances in Design and Digital Communication V. DIGICOM 2024<\/em>. Springer Series in Design and Innovation , vol 51. Springer, Cham. <a href=\"https:\/\/doi.org\/10.1007\/978-3-031-77566-6_65\" target=\"_blank\" rel=\"noreferrer noopener\">https:\/\/doi.org\/10.1007\/978-3-031-77566-6_65<\/a><br><br>Afonso, A., Carvalho, I. C., Bidarra, J., Morgado, L., &amp; Rocha, A. (2025). Improve Teachers&#8217; Innovative Digital Skills Across Europe: The Role of the IDEAS Project. <em>Etic@net &#8211; Revista cient\u00edfica electr\u00f3nica de Educaci\u00f3n y Comunicaci\u00f3n en la Sociedad del Conocimiento, 25<\/em>(1), 1-30. <a href=\"https:\/\/doi.org\/10.30827\/eticanet.v25i1.31247\" target=\"_blank\" rel=\"noreferrer noopener\">https:\/\/doi.org\/10.30827\/eticanet.v25i1.31247<\/a><\/p>\n\n\n\n<p>Guerra, J. (2025). Learning to communicate by writing: Analysis of Writing Teaching Activities in Portuguese as a Foreign Language for B1 Level. <em>The American Journal of Social Science and Education Innovations<\/em>, <em>7<\/em>(8), 59\u201369. <a href=\"https:\/\/doi.org\/10.37547\/tajssei\/Volume07Issue08-06\" target=\"_blank\" rel=\"noreferrer noopener\">https:\/\/doi.org\/10.37547\/tajssei\/Volume07Issue08-06<\/a><br><br>Moura, D. A. de, Bidarra, J., Lacerda, J. de S., &amp; Maluly, L. V. B. (2025). Oralidade e saber local: O podcast como ferramenta de educomunica\u00e7\u00e3o ind\u00edgena em sa\u00fade. <em>Revista de Educa\u00e7\u00e3o Popular, 24<\/em>(1), 1-16. <a href=\"https:\/\/doi.org\/10.14393\/REP-2025-75895\" target=\"_blank\" rel=\"noreferrer noopener\">https:\/\/doi.org\/10.14393\/REP-2025-75895<\/a><\/p>\n\n\n\n<p id=\"block-febe6b50-7715-46d5-af59-72ee3b21a828\">Potes Barbas, M., Teles Vieira, A., Ortega Mateo, M., Mavrommati, S., Thanopoulos, C., Bayram, D., Korkmaz Erdural, B., &amp; Louka, S. (2025). Advancing STEM education and inclusion: Evaluating the impact of the FEMST project. <em>INTED2025 Proceedings<\/em>.<\/p>\n\n\n\n<p>Potes Barbas, M., Teles Vieira, A., Duarte Branco, P., &amp; Casimiro, E. (2025). Verfisum: Empowering inclusion and employment through digital educational innovation. <em>INTED2025 Proceedings<\/em>.<\/p>\n\n\n\n<p id=\"block-febe6b50-7715-46d5-af59-72ee3b21a828\">Potes Barbas, M., Teles Vieira, A., Duarte Branco, P., &amp; Pinto, P. (2025). Bridging academia and society: Insights for citizen science and innovative PhD program design. <em>END 2025 Proceedings<\/em>.<\/p>\n\n\n\n<p>Desculpe, tem mais algumas dela, j\u00e1 de 2025:<\/p>\n\n\n\n<p>Carvalho, I., Viegas, S., Nascimento, A., &amp; Tamara, E. (Eds.). (2025). <em>Between the digital and the urban: Reading the space in transformation<\/em>. <em>CIDADES, Comunidades e Territ\u00f3rios<\/em>. <a href=\"https:\/\/revistas.rcaap.pt\/cct\/article\/view\/42359\/28885\" rel=\"noreferrer noopener\" target=\"_blank\">https:\/\/revistas.rcaap.pt\/cct\/article\/view\/42359\/28885<\/a><\/p>\n\n\n\n<p>Carvalho, I., Viegas, S., Nascimento, A., &amp; Tamara, E. (Eds.). (2025). Editorial: Between the digital and the urban: Reading the space in transformation. <em>CIDADES, Comunidades e Territ\u00f3rios, 49<\/em>, iv\u2013vi. <a href=\"https:\/\/revistas.rcaap.pt\/cct\/article\/view\/42359\/28885\" rel=\"noreferrer noopener\" target=\"_blank\">https:\/\/revistas.rcaap.pt\/cct\/article\/view\/42359\/28885<\/a><\/p>\n\n\n\n<p>Leite, G., &amp; Viegas, S. (2025). Entre o espa\u00e7o urbano e o digital: Uma quest\u00e3o interseccional. <em>CIDADES, Comunidades e Territ\u00f3rios, 49<\/em>. <a href=\"https:\/\/doi.org\/10.15847\/cct.38306\" rel=\"noreferrer noopener\" target=\"_blank\">https:\/\/doi.org\/10.15847\/cct.38306<\/a><\/p>\n\n\n\n<p>Viegas, S. (2025). Diversity, interculturalism &amp; community building in the Algarve: Preliminary findings for (re)imagining a digital road map of hope. <em>CIDADES, Comunidades e Territ\u00f3rios, 49<\/em>, 31\u201346. <a href=\"https:\/\/doi.org\/10.15847\/cct.38102\" rel=\"noreferrer noopener\" target=\"_blank\">https:\/\/doi.org\/10.15847\/cct.38102<\/a><\/p>\n\n\n\n<p>Viegas, S., &amp; Santinho, C. (2025, no prelo). Refugee housing policy in Portugal: Public narratives and everyday practices. In D. Rauhut &amp; M. Gruber (Eds.), <em>Refugee housing in rural Europe<\/em>. Edward Elgar Publishing.<\/p>\n<\/div><\/div>\n\n\n\n<div class=\"wp-block-advgb-accordion-item advgb-accordion-item\" style=\"margin-bottom:15px\"><div class=\"advgb-accordion-header\" style=\"background-color:#ffffff;color:#000000;border-style:solid;border-width:0px;border-color:#ffffff\"><span class=\"advgb-accordion-header-icon\"><svg fill=\"#000000\" xmlns=\"http:\/\/www.w3.org\/2000\/svg\" width=\"24\" height=\"24\" viewBox=\"0 0 24 24\"><path fill=\"none\" d=\"M0,0h24v24H0V0z\"><\/path><path d=\"M6,10c-1.1,0-2,0.9-2,2s0.9,2,2,2s2-0.9,2-2S7.1,10,6,10z M18,10c-1.1,0-2,0.9-2,2s0.9,2,2,2s2-0.9,2-2S19.1,10,18,10z M12,10c-1.1,0-2,0.9-2,2s0.9,2,2,2s2-0.9,2-2S13.1,10,12,10z\"><\/path><\/svg><\/span><h2 class=\"advgb-accordion-header-title\" style=\"color:inherit\">2024<\/h2><\/div><div class=\"advgb-accordion-body\" style=\"border-style:solid !important;border-width:0px !important;border-color:#ffffff !important;border-top:none !important\">\n<p>Cruz, S., Vieira, C., &amp; Bidarra, J. (2024). Interactive Media Arts and Sustainability: the challenges of Human-Nature connections. <em>DIGICOM &#8211; 8th International Conference on Design and Digital Communication<\/em>, 7-9 de novembro, IPCA, Barcelos, Portugal.<\/p>\n\n\n\n<p>Garcia, J.L. &amp; Bidarra, J. (2024). Metroidvania e educa\u00e7\u00e3o: interse\u00e7\u00f5es poss\u00edveis em um mapa pouco explorado. <em>6\u00ba Encontro Internacional sobre Jogos e Mobile Learning<\/em> (EJML 2024), 24-25 de maio, Universidade de Coimbra.<\/p>\n\n\n\n<p>Branco, N., &amp; Cavadas, B. (2024). Abelhas STEM: Trabalho interdisciplinar entre a matem\u00e1tica e as ci\u00eancias para a explora\u00e7\u00e3o da forma do favo. <em>Educa\u00e7\u00e3o e Matem\u00e1tica, 173<\/em>, 2-5. <a href=\"https:\/\/em.apm.pt\/index.php\/em\/article\/view\/2983\" target=\"_blank\" rel=\"noreferrer noopener\">https:\/\/em.apm.pt\/index.php\/em\/article\/view\/2983<\/a><\/p>\n\n\n\n<p>Cardona, M. J. (Coord.), Piscalho, I., Teixeira, L., Uva, M., Seixas, S., Cola\u00e7o, S., &amp; Vit\u00f3rio, A. (2024). <em>Adapta\u00e7\u00e3o do m\u00e9todo Ubuntu \u00e0 educa\u00e7\u00e3o pr\u00e9-escolar em Portugal<\/em>. Revista de Ci\u00eancias Sociais, 2.<\/p>\n\n\n\n<p>Piscalho, I., Cola\u00e7o, S., Papp\u00e1mikail, L., Correia, M., &amp; Cardoso, I. (2024). Formar para incluir: Um programa nacional de capacita\u00e7\u00e3o de formadores. <em>Indagatio Didactica, 16<\/em>(1). <a href=\"https:\/\/doi.org\/10.34624\/id.v16i1.35926\" rel=\"noreferrer noopener\" target=\"_blank\">https:\/\/doi.org\/10.34624\/id.v16i1.35926<\/a><\/p>\n\n\n\n<p>Piscalho, I., &amp; Cola\u00e7o, S. (2024). Collaborative mathematical problem-solving with children: An illustration of shared and self-regulation in initial teacher training. In <em>Education and New Developments 2024<\/em>. Instituto Polit\u00e9cnico de Santar\u00e9m, Escola Superior de Educa\u00e7\u00e3o, P\u00f3lo Literacia Digital e Inclus\u00e3o Social do CIAC \u2013 Centro de Investiga\u00e7\u00e3o em Artes e Comunica\u00e7\u00e3o. <a href=\"https:\/\/doi.org\/10.36315\/2024v1end102\" rel=\"noreferrer noopener\" target=\"_blank\">https:\/\/doi.org\/10.36315\/2024v1end102<\/a><\/p>\n\n\n\n<p>Costa, S., Filipa Martins, A., Mendes da Silva, B., &amp; Martins, A. (2024). Estudo do Discurso de \u00d3dio Online em Comunidades de Jogos: Perspetivas de Grupos de Foco com Jogadores Jovens. <em>Estudos em Comunica\u00e7\u00e3o, 2<\/em>(39), 108-121. <a href=\"https:\/\/doi.org\/10.25768\/1646-4974n39v2a0\" rel=\"noreferrer noopener\" target=\"_blank\">https:\/\/doi.org\/10.25768\/1646-4974n39v2a0<\/a><\/p>\n\n\n\n<p>Costa, S., Mendes da Silva, B., Filipa Martins, A., &amp; Martins, A. (2024). Perceptions about online hate speech in games and gaming communities: results from a survey in Portugal. <em>Journal of Cyberspace Studies, 8<\/em>(1), 145-176. <a href=\"https:\/\/doi.org\/10.22059\/jcss.2024.95910\" rel=\"noreferrer noopener\" target=\"_blank\">https:\/\/doi.org\/10.22059\/jcss.2024.95910<\/a><\/p>\n\n\n\n<p>Costa, S.; Martins, A.; Martins, A. F.; &amp; Gavina, A. (2024) Online Hate Speech in Video Games: Concepts, Prevalence, and Prevention Strategies. In B. Mendes da Silva &amp; A. Martins (Orgs.) (2024), <em>Interactive Narratives Propose Pluralist Speech Results of a project aimed at researching and countering online hate speech in video games <\/em>(pp. 21-60). CIAC Edi\u00e7\u00f5es. <a href=\"https:\/\/doi.org\/10.34623\/ggqf-0g28\" target=\"_blank\" rel=\"noreferrer noopener\">https:\/\/doi.org\/10.34623\/ggqf-0g28<\/a><\/p>\n\n\n\n<p>Costa, S.; Martins, A.; Martins, A. F.; &amp; Silva, B. (2024). Young Online Gamers and Hate Speech: Characteristics from a Study in the Algarve Region. In B. Mendes da Silva &amp; A. Martins (Orgs.) (2024), <em>Interactive Narratives Propose Pluralist Speech Results of a project aimed at researching and countering online hate speech in video games <\/em>(pp. 61-89). CIAC Edi\u00e7\u00f5es. <a href=\"https:\/\/doi.org\/10.34623\/ggqf-0g28\" target=\"_blank\" rel=\"noreferrer noopener\">https:\/\/doi.org\/10.34623\/ggqf-0g28<\/a><\/p>\n\n\n\n<p>Martins, A. F., Mendes da Silva, B., Martins, A., &amp; Costa, S. (2024). The PROPS Project: interactive narratives as counterpoints to online hate speech in video games. In D. F. Branco (Ed.), <em>Methods, techniques and AI solutions in the age of hostilities Online hate speech trilogy<\/em>, Vol III (pp. 191-217). Livros de Comunica\u00e7\u00e3o.<\/p>\n\n\n\n<p>Martins, A. F., Mendes da Silva, B., Palminha, P., Antunes, M., Alves, P., &amp; Costa, S. (2024) Academia da Leitura do Mundo no Algarve: A Import\u00e2ncia de Estarmos Informados. In F. Bonacho (Org.), <em>Academia da Leitura do Mundo: o Jornalismo, a Comunica\u00e7\u00e3o e Eu<\/em> (pp. 149-165). Editora LabCom\/Editora do Instituto Polit\u00e9cnico de Lisboa.<\/p>\n\n\n\n<p>Mendes da Silva, B., Martins, A. F., Costa, S., &amp; Martins, A. (2024) Endgame: Contributions of Interactive Narratives to Promote Fairer Online Gaming Communities. In B. Mendes da Silva &amp; A. Martins (Orgs.) (2024), <em>Interactive Narratives Propose Pluralist Speech Results of a project aimed at researching and countering online hate speech in video games<\/em> (pp. 147-149). CIAC Edi\u00e7\u00f5es. <a href=\"https:\/\/doi.org\/10.34623\/ggqf-0g28\" target=\"_blank\" rel=\"noreferrer noopener\">https:\/\/doi.org\/10.34623\/ggqf-0g28<\/a><\/p>\n\n\n\n<p>Valente, B., Martins, A. F., &amp; Silva, B. (2024). Interactive Counter-Narratives in the Prevention of Online Hate Speech: The Update. In B. Mendes da Silva &amp; A. Martins (Orgs.) (2024), Interactive Narratives Propose Pluralist Speech Results of a project aimed at researching and countering online hate speech in video games (pp. 119-126). CIAC Edi\u00e7\u00f5es. <a href=\"https:\/\/doi.org\/10.34623\/ggqf-0g28\" target=\"_blank\" rel=\"noreferrer noopener\">https:\/\/doi.org\/10.34623\/ggqf-0g28<\/a><\/p>\n\n\n\n<p>Mendes da Silva, B. &amp; Martins, A. F. (Orgs.). (2024). <em>Interactive Narratives Propose Pluralist Speech Results of a project aimed at researching and countering online hate speech in video games<\/em>. CIAC Edi\u00e7\u00f5es. <a href=\"https:\/\/doi.org\/10.34623\/ggqf-0g28\" target=\"_blank\" rel=\"noreferrer noopener\">https:\/\/doi.org\/10.34623\/ggqf-0g28<\/a><\/p>\n\n\n\n<p>Bonacho, F. (Org.), Martins, A. F., Santos, H., Botelho, R., Ma\u00f4po, L.,&nbsp; Bonixe, L., &amp; de S\u00e1, S. (Coords.). (2024). <em>Academia da Leitura do Mundo: o Jornalismo, a Comunica\u00e7\u00e3o e Eu<\/em>. Editora LabCom\/Editora do Instituto Polit\u00e9cnico de Lisboa.<\/p>\n\n\n\n<p>Silva, R. M., Gon\u00e7alves, A., Tavares, C., Guerra, J. (2024).&nbsp;The Future of Language Education in an Increasingly Digital World: Embracing Change \u2013 Editors\u2019 Forward. In <em>CercleS 2022 \u2013 The future of language education in an increasingly digital world: embracing change. Selected papers of CercleS 2022<\/em>&nbsp;(pp. 1-4)<em>. <\/em>Porto: ReCLes.pt.<\/p>\n\n\n\n<p>Silva, R. M., Gon\u00e7alves, A., Tavares, C., Guerra, J. (Eds.). (2024). &nbsp;<em>CercleS 2022 \u2013 The future of language education in an increasingly digital world: embracing change.&nbsp;Selected papers of CercleS 2022. <\/em>Porto: ReCLes.pt.&nbsp;<\/p>\n\n\n\n<p>Bidarra, J., &amp; Neves, C. (2024). Artificial Intelligence in Learning Organisations: Reshaping roles and pedagogical processes. In G. Ubachs (Ed.), <em>The Envisioning Report for Empowering Universities 2024<\/em> (pp. 7-9). EADTU. URL: <a href=\"https:\/\/zenodo.org\/records\/11653241\" target=\"_blank\" rel=\"noreferrer noopener\">https:\/\/zenodo.org\/records\/11653241<\/a><br><br>Bidarra, J., &amp; Neves, C. (2024). AI Transformation for Learning in Organizations. In H. Mamede &amp; A. Santos (Eds.), <em>Creating Learning Organizations Through Digital Transformation<\/em> (pp. 49-72). IGI Global. <a href=\"https:\/\/doi.org\/10.4018\/979-8-3693-0556-0.ch004\" target=\"_blank\" rel=\"noreferrer noopener\">https:\/\/doi.org\/10.4018\/979-8-3693-0556-0.ch004<\/a><\/p>\n\n\n\n<p id=\"block-febe6b50-7715-46d5-af59-72ee3b21a828\">Branco, N.,&nbsp;&amp; Barros, P. M. (2024). Contributos sobre o pensamento computacional na forma\u00e7\u00e3o inicial de professores: Uma experi\u00eancia com o Scratch para o 1.\u00ba Ciclo.&nbsp;<em>Quadrante<\/em>,&nbsp;<em>33<\/em>(2), 315\u2013337.&nbsp;<a href=\"https:\/\/doi.org\/10.48489\/quadrante.36983\" target=\"_blank\" rel=\"noreferrer noopener\">https:\/\/doi.org\/10.48489\/quadrante.36983<\/a><\/p>\n\n\n\n<p id=\"block-4771c50e-972e-4be5-882f-114e421658b9\">Branco, N., &amp; Cavadas, B. (2024). Abelhas STEM: Trabalho interdisciplinar entre a matem\u00e1tica e as ci\u00eancias para a explora\u00e7\u00e3o da forma do favo. <em>Educa\u00e7\u00e3o e Matem\u00e1tica<\/em>, 173, 2-5. <a href=\"https:\/\/em.apm.pt\/index.php\/em\/article\/view\/2983\">https:\/\/em.apm.pt\/index.php\/em\/article\/view\/2983<\/a><\/p>\n\n\n\n<p id=\"block-54d2791b-494a-4069-a003-cb1e8fe5ae92\">Borges, G. ; Sigiliano, D. ; Lima, C. A. R. . #FandomsPeloVoto (#FandomsfortheVote): Fan Activism for Youth Voter Engagement in the 2022 Brazilian Elections. <em>Palabra Clave<\/em>, v. 26, p. 1-28, 2024.<\/p>\n\n\n\n<p id=\"block-833087c0-5fe0-402e-9c88-bc247b8c0b37\">Borges, G. ; Sigiliano, D. . Comunica\u00e7\u00e3o estrat\u00e9gica de divulga\u00e7\u00e3o cient\u00edfica do Observat\u00f3rio da Qualidade no Audiovisual no Brasil. In: Andrea De-Santis; Vanessa Duque-Rengel; \u00c1ngel Torres-Toukoumidis. (Org<em>.). Planificaci\u00f3n de la Comunicaci\u00f3n Estrat\u00e9gica en Iberoam\u00e9rica &#8211; Perspectivas y desaf\u00edos. <\/em>1ed.Quito: Centro Internacional de Estudios Superiores de Comunicaci\u00f3n para Am\u00e9rica Latina, 2024, v. 1, p. 177-188.<\/p>\n\n\n\n<p id=\"block-d73a56d2-045a-4b71-8898-52d2f4ba62f2\">Botana Vilar, M. J. (2024). \u201cO poder da dama nas Cantigas de Santa Mar\u00eda\u201d. En R. Pichel (Ed.), \u00abContarte he maravillas\u2026\u00bb Estudios hisp\u00e1nicos dedicados a Joseph T.&nbsp;Snow. <em>El patrimonio literario de Alfonso X<\/em>&nbsp;, vol. 2, ed. Peter Lang.<\/p>\n\n\n\n<p id=\"block-e0efcb3f-7412-492c-be19-80e379c084dc\">Brunheira, L., Santos, E., Guerreiro, H. G., Branco, N.,&nbsp;&amp; Correia, P. (2024). Das aprendizagens essenciais \u00e0 sala de aula, desafios para o professor. <em>Educa\u00e7\u00e3o e Matem\u00e1tica, 174<\/em>, 22-28<\/p>\n\n\n\n<p id=\"block-74e5c63a-3ee1-4934-ac84-8b65d64ff622\">Carrega, J., &amp; Morais, A. B. (2024). Romy Schneider em Portugal: Cinema transnacional e censura no per\u00edodo Marcelista (1968-1974). <em>Rotura \u2013 Revista de Comunica\u00e7\u00e3o, Cultura e Artes, 4<\/em>(2), 126-137. <a href=\"https:\/\/doi.org\/10.34623\/jdn2-f603\" target=\"_blank\" rel=\"noreferrer noopener\">https:\/\/doi.org\/10.34623\/jdn2-f603<\/a><\/p>\n\n\n\n<p id=\"block-d518b9b7-d2a6-4106-92af-079d4cd74dcd\">Carrega, J. (2024). O Espet\u00e1culo da cat\u00e1strofe: o \u201cfim do mundo\u201d no cinema de Hollywood da Guerra Fria ao s\u00e9c. XXI. <em>RELICI \u2013 Revista Livre de Cinema, 11<\/em>(3), 102-111. <a href=\"https:\/\/www.relici.org.br\/index.php\/relici\/article\/view\/758\" target=\"_blank\" rel=\"noreferrer noopener\">https:\/\/www.relici.org.br\/index.php\/relici\/article\/view\/758<\/a><\/p>\n\n\n\n<p id=\"block-d9f55df6-fb78-4636-b97b-d310e268bcd8\">Carrega, J. (2024). Espa\u00e7os de exibi\u00e7\u00e3o cinematogr\u00e1fica em Faro no s\u00e9c. XX. <em>Anais do Munic\u00edpio de Faro <\/em>(Vol. XLVI, pp. 1-19).<\/p>\n\n\n\n<p id=\"block-f8b51173-aada-4927-8bc9-5ba7d41beb74\">Carrega, J. (2024). &nbsp;O cinema italiano das origens em Portugal: o caso da cole\u00e7\u00e3o de cartazes do Museu de Faro. <em>AVANCA Cinema Journal, 15<\/em>. <a href=\"https:\/\/doi.org\/10.37390\/avancacinema.2024.a577\" target=\"_blank\" rel=\"noreferrer noopener\">https:\/\/doi.org\/10.37390\/avancacinema.2024.a577<\/a><\/p>\n\n\n\n<p id=\"block-87b9fe55-e947-4ca0-8663-4640858b2e30\">Carvalho, Ana; Vieira, C\u00e9lia; Guerra Santos, In\u00eas; Sapucaia, Rosim\u00e1ria. (2024). &#8220;The online teaching of the performing arts in higher education in a context of confinement as a creativity challenge&#8221;. Media Practice and Education (2024): <a href=\"https:\/\/doi.org\/10.1080\/25741136.2024.2332846\">https:\/\/doi.org\/10.1080\/25741136.2024.2332846<\/a><\/p>\n\n\n\n<p id=\"block-d2aa9264-e965-44ee-803c-8c3a1a61f153\">Cavadas, B., Antunes, A., Leonardo, A., Santos, J. V., Fernandes, M., Anselmo, M., &amp;&nbsp;Branco, N.&nbsp;(2024). Desafio da \u00e1gua: Um jogo de tabuleiro para explorar o objetivo de desenvolvimento sustent\u00e1vel&nbsp;6 \u2013 \u00c1gua pot\u00e1vel e saneamento.&nbsp;<em>APEduC Revista<\/em>,&nbsp;<em>5<\/em>(2), 59-76.&nbsp;<a href=\"https:\/\/doi.org\/10.58152\/APEduCJournal.510\" target=\"_blank\" rel=\"noreferrer noopener\">https:\/\/doi.org\/10.58152\/APEduCJournal.510<\/a><\/p>\n\n\n\n<p id=\"block-fb11b911-3f50-4821-9361-a063874856f4\">Chinita, F. (2024). Hermeneutic decoder: The lure of interpretation in complex cinema as exemplified in David Lynch\u2019s&nbsp;<em>Inland Empire<\/em>&nbsp;(2006).&nbsp;<em>Ekphrasis \u2013 Images, Cinema, Theory, Media, 31<\/em>(1), 79-103.&nbsp;<a href=\"https:\/\/doi.org\/10.24193\/ekphrasis.31.5\"><strong>https:\/\/doi.org\/10.24193\/ekphrasis.31.5<\/strong><\/a><\/p>\n\n\n\n<p id=\"block-265f39a5-7c4e-4405-b2e3-bdad7e645406\">Chinita, F. &amp; Palinhos, J. (Eds.) (2024),&nbsp;<em>Ekphrasis \u2013 Images, Cinema, Theory, Media, 31<\/em>(1).<\/p>\n\n\n\n<p id=\"block-c57923d4-a234-4114-aad2-feffb3e37096\">Coca, A. P. (2024). Mem\u00f3ria cultural e resist\u00eancia no filme &#8216;A Livraria&#8217;. In: F\u00e1tima L. Cardoso; Jer\u00f3nimo Rivera; Regilene Sarzi-Ribeiro; Vicente Gosciola, orgs. <em>A arte da imagem<\/em>. Ria Editorial, p. 155-174.<\/p>\n\n\n\n<p id=\"block-d9da1898-f47e-461f-803c-878d18ac3a97\">Costa, S.; Tavares, M.; Silva, B.M. (2024). Online Hate speech in Video Games and Gaming Communities: an exploratory study and a counter proposal based on gamification. In Ullmann, S. &amp; Tomalin, M. (eds).&nbsp;<em>Counterspeech: Multidisciplinary Perspectives on Countering Dangerous Speech<\/em>. Routledge.&nbsp;<a href=\"https:\/\/www.routledge.com\/Counterspee-ch-Multidisplinary-Perspectives-on-Countering-Dangerous-Speech\/Ullmann-Tomalin\/p\/book\/9781032454504\" target=\"_blank\" rel=\"noreferrer noopener\"><strong>https:\/\/www.routledge.com\/Counterspee-ch-Multidisplinary-Perspectives-on-Countering-Dangerous-Speech\/Ullmann-Tomalin\/p\/book\/9781032454504<\/strong><\/a><\/p>\n\n\n\n<p id=\"block-6dcfcc56-1e4e-4f1c-b568-5de13cd985e3\">Costa, S., Tavares, M., Bidarra, J., &amp; Mendes da Silva, B. (2024). In [the Hate Booth]: A Case Study on How to Deal with Online Hate Speech. In N. Martins, D. Brand\u00e3o, A. Fernandes-Marcos (Eds.),&nbsp;<em>Perspectives on Design and Digital Communication IV: Research, Innovations and Best Practices<\/em>&nbsp;(pp. 259-276). Springer.&nbsp;<\/p>\n\n\n\n<p id=\"block-0d641fee-3af7-48ef-865f-5e67a933dc1e\">Costa, S., Martins, A., Martins, A. F., &amp; Gavina, A. (2024). Online hate speech in video games: Concepts, prevalence, and prevention strategies. In B. Mendes da Silva &amp; A. F. Martins (Eds.), <em>Interactive narratives propose pluralist speech: Results of a project aimed at researching and countering online hate speech in video games <\/em>(pp. 21-60). CIAC Editions.<\/p>\n\n\n\n<p id=\"block-f270810a-8b45-4fdc-ab3a-9e620debcebd\">Costa, S., Martins, A., Martins, A. F., &amp; Mendes da Silva, B. (2024). Young online gamers and hate speech: Characteristics from a study in the Algarve region. In B. Mendes da Silva &amp; A. F. Martins (Eds.), <em>Interactive narratives propose pluralist speech: Results of a project aimed at researching and countering online hate speech in video games<\/em> (pp. 61-110). CIAC Editions.<\/p>\n\n\n\n<p id=\"block-357edc81-0571-4011-8759-c0a15074947d\">Costa, S., Tavares, M., &amp; Bidarra, J. (2024). Interactive counter-narratives in the prevention of online hate speech: IN[The Hate Booth]. In B. Mendes da Silva &amp; A. F. Martins (Eds.), <em>Interactive narratives propose pluralist speech: Results of a project aimed at researching and countering online hate speech in video games<\/em> (pp. 111-146). CIAC Editions.<\/p>\n\n\n\n<p id=\"block-90516c67-1750-4c23-8f5a-4bbf7fee77a8\">Costa, S., Mendes da Silva, B., Filipa Martins, A., &amp; Martins, A. (2024). Perceptions about online hate speech in games and gaming communities: results from a survey in Portugal. <em>Journal of Cyberspace Studies<\/em>, 8(1), 145-176. https:\/\/doi.org\/10.22059\/jcss.2024.95910<\/p>\n\n\n\n<p id=\"block-8c2e47cd-298b-47fc-8ae6-03c4be72bc79\">Costa, S., Tavares, M., Mendes Da Silva, B., &amp; Bidarra, J. (2024). Insights from a digital diary: Exploring the Creative Process of the game-installation In[The Hate Booth]. In Olivero, L; Veiga, P.; Ara\u00fajo, A.; Dourado, P. &amp; Silva, B. (Eds.), <em>Proceedings of the 11th International Conference on Digital and Interactive Arts (ARTECH &#8217;23)<\/em> (pp. 1\u20139). Association for Computing Machinery. https:\/\/doi.org\/10.1145\/3632776.3632803<\/p>\n\n\n\n<p id=\"block-883f3fb9-d077-45da-b90e-fece0c1b7db4\">Costa, S., &amp; Mendes Da Silva, B. (2024). \u00c2mago II: The Creative Process of an Underwater Vietnamese Self-Portrait. In Olivero, L; Veiga, P.; Ara\u00fajo, A.; Dourado, P. &amp; Silva, B. (Eds.), <em>Proceedings of the 11th International Conference on Digital and Interactive Arts (ARTECH &#8217;23)<\/em> (pp. 1\u20134). Association for Computing Machinery. <a href=\"https:\/\/doi.org\/10.1145\/3632776.363279\">https:\/\/doi.org\/10.1145\/3632776.363279<\/a><\/p>\n\n\n\n<p id=\"block-0f6cb593-489b-408a-829a-28bdbd0ae86b\">Costa, S., Tavares, M., Bidarra, J., &amp; Mendes da Silva, B. (2024). In [The Hate Booth]: A Case Study on How to Deal with Online Hate Speech. In N. Martins, D. Brand\u00e3o, A. Fernandes-Marcos (Eds.), <em>Perspectives on Design and Digital Communication IV: Research, Innovations and Best Practices<\/em> (pp. 259-276). Springer.<\/p>\n\n\n\n<p id=\"block-75cb2deb-db7d-43c8-8b84-1fff71ad7531\">Costa, S.; Tavares, M.; Silva, B.M. (2024). Online Hate speech in Video Games and Gaming Communities: an exploratory study and a counter proposal based on gamification. In Ullmann, S. &amp; Tomalin, M. (eds). <em>Counterspeech: Multidisciplinary Perspectives on Countering Dangerous Speech. Routledge<\/em>. <a href=\"https:\/\/www.routledge.com\/Counterspee-ch-Multidisplinary-Perspectives-on-Countering-Dangerous-Speech\/Ullmann-Tomalin\/p\/book\/9781032454504\">https:\/\/www.routledge.com\/Counterspee-ch-Multidisplinary-Perspectives-on-Countering-Dangerous-Speech\/Ullmann-Tomalin\/p\/book\/9781032454504<\/a><\/p>\n\n\n\n<p id=\"block-3b5284b7-5b89-42fe-ab67-49494367c911\">Cruz, S., Vieira, C., &amp; Bidarra, J. (2024). Interactive Media Arts and Sustainability: the challenges of Human-Nature connections. <em>DIGICOM &#8211; 8th International Conference on Design and Digital Communication<\/em>, 7-9 de novembro, IPCA, Barcelos, Portugal.<\/p>\n\n\n\n<p>Cruz, T., &amp; Paulino, F. (2024). Exploring the representation of Douro\u2019s landscape in visual identity. Comunica\u00e7\u00e3o em 6th edition of the \u201cCultural Sustainable Tourism\u201d, Maia, Portugal.&nbsp;<\/p>\n\n\n\n<p id=\"block-e9e1b6b0-c3d5-4025-a019-bb8afdde305e\">Furtuoso, G. ; Sigiliano, D. ; Borges, G. . F\u00e3s-vazadores de Fortnite e literacia midi\u00e1tica: uma an\u00e1lise do perfil @iannzits no X. In: <em>Encontro Virtual da ABCiber 2024<\/em>, 2024, Remoto (UNIFAE). IV Encontro Virtual da ABCiber. S\u00e3o Paulo: ABCiber, 2024. p. 1-24.<\/p>\n\n\n\n<p id=\"block-68963571-2437-4acc-8838-a7b0e39b9c93\">Garcia, J.L. &amp; Bidarra, J. (2024). Metroidvania e educa\u00e7\u00e3o: interse\u00e7\u00f5es poss\u00edveis em um mapa pouco explorado. <em>6\u00ba Encontro Internacional sobre Jogos e Mobile Learning (EJML 2024)<\/em>, 24-25 de maio, Universidade de Coimbra.<\/p>\n\n\n\n<p id=\"block-73cea3cd-458d-4801-ae96-81dc98489143\">Gomes, P., Lu\u00eds, H., &amp;&nbsp;Branco, N.&nbsp;(2024). Explora\u00e7\u00e3o de ideias matem\u00e1ticas usando elementos naturais na educa\u00e7\u00e3o pr\u00e9-escolar.&nbsp;<em>Revista Aprender, 48<\/em>, 137-151.&nbsp;<a href=\"https:\/\/doi.org\/10.58041\/aprender.225\" target=\"_blank\" rel=\"noreferrer noopener\">https:\/\/doi.org\/10.58041\/aprender.225<\/a><\/p>\n\n\n\n<p id=\"block-8ec49600-d195-46ab-a9f6-6889a4fd5907\">Guerra, J. (2024). And Now What (Part 1)? Language Teaching: How We Met the ERT Challenge? In&nbsp;A. Rocha, H. Adeli, G. Dzemyda, F. Moreira, V. Colla (Eds.),&nbsp;<em>Information Systems and Technologies.&nbsp;WorldCIST 2023. Lectures Notes in Network and Systems<\/em>&nbsp;(vol. 800, pp. 558-566). Springer, Cham.&nbsp;DOI:&nbsp;<a href=\"https:\/\/doi.org\/10.1007\/978-3-031-45645-9_54\" target=\"_blank\" rel=\"noreferrer noopener\"><strong>https:\/\/doi.org\/10.1007\/978-3-031-45645-9_54<\/strong><\/a><\/p>\n\n\n\n<p>Sapucaia, R., Vieira, C., Santos, I., Carvalho, A., &amp; Wexel, J. (2024). <em>OPHILIA: Cy-Collage Cyberperformance<\/em>. Lecture Notes of the Institute for Computer Sciences. <a href=\"https:\/\/doi.org\/10.1007\/978-3-031-55319-6_10\" rel=\"noreferrer noopener\" target=\"_blank\">https:\/\/doi.org\/10.1007\/978-3-031-55319-6_10<\/a><\/p>\n\n\n\n<p>Carvalho, A., Vieira, C., Santos, I. G., &amp; Rocha, R. (2024). The online teaching of the performing arts in higher education in a context of confinement as a creativity challenge.&nbsp;<em>Media Practice and Education<\/em>.&nbsp;<a href=\"https:\/\/doi.org\/10.1080\/25741136.2024.2332846\" rel=\"noreferrer noopener\" target=\"_blank\">https:\/\/doi.org\/10.1080\/25741136.2024.2332846<\/a><\/p>\n\n\n\n<p>Tuzzo, S. A., Santos, I. G., &amp; Braga, C. F.. (2024). O car\u00e1ter dial\u00f3gico da pesquisa qualitativa.&nbsp;<em>New Trends in Qualitative Research,&nbsp;19<\/em>. <a href=\"https:\/\/doi.org\/10.36367\/ntqr.19.2023.e864\" rel=\"noreferrer noopener\" target=\"_blank\">https:\/\/doi.org\/10.36367\/ntqr.19.2023.e864<\/a><\/p>\n\n\n\n<p id=\"block-1769a8e8-86fe-4a68-b4a9-baa2888014a8\">Martins, A., Carrega, J., d\u2019Orey, R., &amp; Silva, B. M. (2024). From Print to Pixels: Prototyping a Virtual Exhibition for the Faro Museum Poster Collection. In N. Martins, &amp; D. Brand\u00e3o (Eds.), <em>Advances in Design and Digital Communication IV. Proceedings of the 7th International Conference on Design and Digital Communication, Digicom 2023<\/em> (pp. 79\u201393). Springer. <a href=\"https:\/\/doi.org\/10.1007\/978-3-031-47281-7_7\" target=\"_blank\" rel=\"noreferrer noopener\">https:\/\/doi.org\/10.1007\/978-3-031-47281-7_7<\/a><\/p>\n\n\n\n<p id=\"block-a1bb6a7a-ef9d-4d3f-89de-61e73bffcfd7\">Martins, A. F., Mendes da Silva, B., Martins, A., &amp; Costa, S. (2024). The PROPS Project: interactive narratives as counterpoints to online hate speech in video games. In D. F. Branco (Ed.), Methods, techniques and AI solutions in the age of hostilities \u2014 Online hate speech trilogy \u2013 Vol III (pp. 191-217). Livros de Comunica\u00e7\u00e3o.<\/p>\n\n\n\n<p id=\"block-8a7ead6b-cd73-487f-8803-e1757b2bbffa\">Melro, A., Gir\u00e3o, O. &amp; Carreira, R. (2024). \u2019Illegal youth\u2019: media representations of young people in Portugal during the first pandemic year. <em>Journal of Youth Studies<\/em>. DOI:10.1080\/13676261.2024.2309892<\/p>\n\n\n\n<p id=\"block-1bd10ea4-9864-492f-9f48-81c5b475e02d\">Mendes da Silva, B., Martins, A. F., &amp; Costa, S. (2024). Endgame: Contributions of interactive narratives to promote fairer online gaming communities. In B. Mendes da Silva &amp; A. F. Martins (Eds.), <em>Interactive narratives propose pluralist speech: Results of a project aimed at researching and countering online hate speech in video games <\/em>(pp. 147-200). CIAC Editions.<\/p>\n\n\n\n<p id=\"block-d3dadc6b-2f57-4eea-91dd-c01044b9e5cf\">Nogueira, A. F. (2024). Hercules in twenty-first-century music. In E. Stafford (Ed.), Hercules performed: The hero on stage from the enlightenment to the early twenty-first century (pp. 363-377). Brill.&nbsp;<a href=\"https:\/\/doi.org\/10.1163\/9789004696938_017\" target=\"_blank\" rel=\"noreferrer noopener\">https:\/\/doi.org\/10.1163\/9789004696938_017<\/a>&nbsp;<a href=\"https:\/\/brill.com\/display\/title\/70070\" target=\"_blank\" rel=\"noreferrer noopener\"><strong>https:\/\/brill.com\/display\/title\/70070<\/strong><\/a>&nbsp;(volume completo).<\/p>\n\n\n\n<p id=\"block-cfc1cf6e-1a30-4f7d-adff-da389231eca6\">Nogueira, A. F. (2024). \u201cMetaforiza\u00e7\u00f5es dos mitos do ciclo cretense na poesia de Ana Lu\u00edsa Amaral: desafios did\u00e1ticos\u201d. In Cravo, C. e Marques, S. (Eds). <em>(Re)visitar os Cl\u00e1ssicos Greco-Latinos na Sala de Aula<\/em>. Coimbra: Imprensa da Universidade de Coimbra, pp. 101-126. ISBN&nbsp; 978-989-26-2612-3; ISBN&nbsp; Digital&nbsp; 978-989-26-2613-0; <a href=\"http:\/\/hdl.handle.net\/10400.1\/25887\">http:\/\/hdl.handle.net\/10400.1\/25887<\/a>; DOI: <a href=\"https:\/\/doi.org\/10.14195\/978-989-26-2613-0\">https:\/\/doi.org\/10.14195\/978-989-26-2613-0<\/a><\/p>\n\n\n\n<p id=\"block-e216e45a-df34-47c0-807c-c01d19e2da44\">Nogueira, A. F. (2024). Reception of Heracles and Greek mythology in the hagiography of Saint Anthony. <em>Antig\u00fcedad y Cristianismo<\/em>, 41, 75\u201391. <a href=\"https:\/\/revistas.um.es\/ayc\/article\/view\/617341\/371771\">https:\/\/revistas.um.es\/ayc\/article\/view\/617341\/371771<\/a> <a href=\"https:\/\/doi.org\/10.6018\/ayc.617341\">https:\/\/doi.org\/10.6018\/ayc.617341<\/a> <a href=\"https:\/\/doaj.org\/article\/dc71eef25d0a464abcb847b948fea2ed\">https:\/\/doaj.org\/article\/dc71eef25d0a464abcb847b948fea2ed<\/a><\/p>\n\n\n\n<p id=\"block-673c7531-0c9f-435e-b085-74fd49b7a099\">Passarinho, A., Nunes, T., Travasso, R., &amp; Barradas, T. (2024). The relationship between colour and sound in a bachelor in audiovisual and multimedia. In N. Martins &amp; D. Brand\u00e3o (Eds.), <em>Advances in design and digital communication V. DIGICOM 2024<\/em> (Vol. 51, pp. 101\u2013112). Springer. <a href=\"https:\/\/doi.org\/10.1007\/978-3-031-77566-6_72\">https:\/\/doi.org\/10.1007\/978-3-031-77566-6_72<\/a><\/p>\n\n\n\n<p id=\"block-86af9178-9998-4b03-9c55-e8480b999ea5\">Passarinho, A., Nunes, T., Barradas, T., &amp; Travasso, R. (2024). The expectations involved in an audiovisual and multimedia degree internship: Case study at IPBeja. In D. Raposo, J. Neves, R. Silva, L. Correia Castilho, &amp; R. Dias (Eds.), <em>Advances in design, music and arts III. EIMAD 2024<\/em> (Vol. 49, pp. 85\u201394). Springer. <a href=\"https:\/\/doi.org\/10.1007\/978-3-031-73705-3_19\">https:\/\/doi.org\/10.1007\/978-3-031-73705-3_19<\/a><\/p>\n\n\n\n<p>Paulino, F. F., &amp; Cruz, T. (2024). Cultural heritage, tourism and sustainable development: The model of the cultural heritage digital media lab. In <em>Sustainable tourism, culture and heritage promotion<\/em> (pp. 139\u2013149). Springer Nature Switzerland. <a href=\"https:\/\/doi.org\/10.1007\/978-3-031-49536-6_15\" rel=\"noreferrer noopener\" target=\"_blank\">https:\/\/doi.org\/10.1007\/978-3-031-49536-6_15<\/a><\/p>\n\n\n\n<p>Paulino, F. F., &amp; Cruz, T. F. N. (2024). Patrim\u00f3nio e desenvolvimento: O projeto do Laborat\u00f3rio Digital do Patrim\u00f3nio Cultural. Trabalho apresentado no <em>6\u00ba Congresso Internacional Casa Nobre, um Patrim\u00f3nio para Futuro<\/em>, Arcos de Valdevez, Portugal.<\/p>\n\n\n\n<p>Paulino, F. F. (2024). Antropologia visual: Da interpreta\u00e7\u00e3o \u00e0 reflexividade. In <em>Imagens do real imaginado 20 anos<\/em> (pp. 110\u2013118). ESMAD \/ P.PORTO.<\/p>\n\n\n\n<p>Paulino, F. &amp; Cruz, T. (2024). Patrim\u00f3nio e Desenvolvimento. O projeto do Laborat\u00f3rio Digital do Patrim\u00f3nio Cultural. Atas do 6\u00ba Congresso Internacional Casa Nobre: Um Patrim\u00f3nio para o Futuro. Casa das Artes, Arcos de Valdevez.<\/p>\n\n\n\n<p id=\"block-a42f2fd3-26f3-4630-a6a4-6e3aaf3e0759\">Pinheiro, B., Veiga, P., &amp; Branco, P. D. (2024). Aperfei\u00e7oamento da forma\u00e7\u00e3o de bombeiros atrav\u00e9s da realidade virtual: Perspetivas sobre benef\u00edcios, desafios e integra\u00e7\u00e3o tecnol\u00f3gica. <em>Vista<\/em>, (14). e-ISSN 2184-1284.<\/p>\n\n\n\n<p>Pinheiro, B., Veiga, P., &amp; Branco, P. D. (2024). Aperfei\u00e7oamento da forma\u00e7\u00e3o de bombeiros atrav\u00e9s da realidade virtual: Perspetivas sobre benef\u00edcios, desafios e integra\u00e7\u00e3o tecnol\u00f3gica. <em>Vista<\/em>, (14). e-ISSN 2184-1284.<\/p>\n\n\n\n<p>Revyakina E., Branco, N.,&nbsp;Cola\u00e7o, S., Galvin, C., &amp; Cavadas, B. (2024). How do you solve a problem like MaRIA? Designing opportunities for Modelling and Reflecting on Instructional Activity within EU TAP-TS Learning &amp; Teaching Packages and Learning Events. <em>Kwartalnik Pedagogiczny&#8221; (Education Research Quarterly), 69<\/em>&nbsp;(4), 63-94. <a href=\"https:\/\/doi.org\/10.31338\/2657-6007.kp.2024-4.4\" target=\"_blank\" rel=\"noreferrer noopener\">https:\/\/doi.org\/10.31338\/2657-6007.kp.2024-4.4<\/a><\/p>\n\n\n\n<p id=\"block-d7fec84e-fb2d-4ac5-a65d-5e30f389d6a5\">Quinteiro, S. (2024). Interconnected Pathways and Prospects: Exploring the Synergies between Literary Geography, Tourism, and Education. In: Sharma, A. (eds)&nbsp;<em>International Handbook of Skill, Education, Learning, and Research Development in Tourism and Hospitality<\/em>. Springer International Handbooks of Education. Springer, Singapore.&nbsp;<a href=\"https:\/\/doi.org\/10.1007\/978-981-99-3895-7_29-1\" target=\"_blank\" rel=\"noreferrer noopener\"><strong>https:\/\/doi.org\/10.1007\/978-981-99-3895-7_29-1<\/strong><\/a><\/p>\n\n\n\n<p id=\"block-6973fba2-3d2a-42d4-84b8-1ad36c450293\">Ramos, E.; Borges, G. Apontamentos para a discuss\u00e3o sobre o Padr\u00e3o Globo de Qualidade no Globoplay. Interin (UTP), v. 29, p. 1, 2024 DOI 10.35168\/1980-5276.UTP.interin. 2024.Vol29.N1<\/p>\n\n\n\n<p id=\"block-0f1a9ddc-1352-4023-a375-9e34b6bf5046\">Rojas-Estrada, E.-G., Ren\u00e9s-Arellano, P., Borges, G., &amp; Aguaded, I. (2024). Red Internacional Alfamed como Propuesta EuroAmericana de Educaci\u00f3n y Comunicaci\u00f3n. <em>Revista Da FAEEBA &#8211; Educa\u00e7\u00e3o e Contemporaneidade<\/em>, 33(73), 53\u201373. https:\/\/doi.org\/10.21879\/faeeba2358-0194.2024.v33.n73.p53-73<\/p>\n\n\n\n<p>Rodrigues, D. (2024). AI and crypto for an ethical, decentralized cyberspace. In N. Koceska, S. Koceski, &amp; B. M. Potes (Eds.), <em>The integration of artificial intelligence in higher education: An overview<\/em> (pp. 17\u201320). Instituto Polit\u00e9cnico de Santar\u00e9m, Escola Superior de Gest\u00e3o e Tecnologia de Santar\u00e9m.<\/p>\n\n\n\n<p><br>Rodrigues, D. (2024). <em>Digital decentralization: Ethical democracy via blockchain and artificial intelligence<\/em>. Zenodo. <a href=\"https:\/\/doi.org\/10.5281\/zenodo.13856309\" rel=\"noreferrer noopener\" target=\"_blank\">https:\/\/doi.org\/10.5281\/zenodo.13856309<\/a><\/p>\n\n\n\n<p>Rodrigues, D. (2024). Personhood Global Whispers: Ethical Echoes of Decentralization?. <em>Procedia Computer Science, 237<\/em>, pp. 767\u2013774. <a href=\"https:\/\/doi.org\/10.1016\/j.procs.2024.05.164\" rel=\"noreferrer noopener\" target=\"_blank\">https:\/\/doi.org\/10.1016\/j.procs.2024.05.164<\/a><\/p>\n\n\n\n<p>Rodrigues, D. (2024). <em>Digital Decentralization: Ethical Democracy via Blockchain and AI<\/em> [Playlist]. YouTube. <a href=\"https:\/\/doi.org\/10.5281\/zenodo.13856308\" rel=\"noreferrer noopener\" target=\"_blank\">https:\/\/doi.org\/10.5281\/zenodo.13856308<\/a><\/p>\n\n\n\n<p id=\"block-0626d0f8-3de3-46ce-b4a0-0f7d91e7b768\">Sapucaia, R., Vieira, C., Santos, I.G., Carvalho, A., Wexel, J. (2024). OPHILIA: Cy-Collage Cyberperformance. In: Brooks, A.L. (eds) <em>ArtsIT, Interactivity and Game Creation. ArtsIT 2023. Lecture Notes of the Institute for Computer Sciences, Social Informatics and Telecommunications Engineering<\/em>, vol 564. Springer, Cham.<\/p>\n\n\n\n<p id=\"block-e463a72c-0c50-4247-a762-e47dd65ab0b2\">Sigiliano, D.; Borges, G. . A compet\u00eancia midi\u00e1tica nas estrat\u00e9gias interpretativas dos f\u00e3s de As Five na cria\u00e7\u00e3o de fanfics. In: Gabriela Borges, Rui Alexandre Gr\u00e1cio, Orqu\u00eddea Ribeiro. (Org.). Cidadania digital e culturas do contempor\u00e2neo. 1ed.Coimbra: Gr\u00e1cio Editor, 2024, v. 1, p. 39-50.<\/p>\n\n\n\n<p id=\"block-eabecd6d-0f1d-4706-94b9-c08e051f465a\">Sigiliano, D.; Borges, G. . Complexidade narrativa e literacia midi\u00e1tica: uma proposta te\u00f3rico-metodol\u00f3gica de an\u00e1lise do universo ficcional e do backchannel. In: <em>33\u00b0 Encontro Anual da COMP\u00d3S, 2024, Niter\u00f3i. Anais 33\u00b0 Encontro Anual da COMP\u00d3S<\/em>. Campinas: Galo\u00e1, 2024. v. 1. p. 1-27.<\/p>\n\n\n\n<p id=\"block-9e9ccc03-af3c-4019-a08a-b0f7f42b079a\">Tavares, M. (2024). Po\u00e9ticas digitais. In M. Carvalhais, &amp; L. Ribas (Orgs.),&nbsp;<em>Arte, Digital, Academia, Museu Zer0<\/em>&nbsp;(pp. 57-65). Museu Zer0; I2ADS.&nbsp;<a href=\"https:\/\/doi.org\/10.34626\/2024\/978-989-9049-70-3\" target=\"_blank\" rel=\"noreferrer noopener\"><strong>https:\/\/doi.org\/10.34626\/2024\/978-989-9049-70-3<\/strong><\/a><\/p>\n\n\n\n<p id=\"block-7106ae54-7ebe-4257-b43b-4f7a58f4fc4a\">Travasso, R., &amp; Marques, L. (2024). MAD Clarinet 3.0: Dialogues with my computer. <em>Rotura \u2013 Revista De Comunica\u00e7\u00e3o, Cultura E Artes<\/em>, 4(1), 212-219. Edi\u00e7\u00f5es CIAC <a href=\"https:\/\/doi.org\/10.34623\/bh3w-w556\">https:\/\/doi.org\/10.34623\/bh3w-w556<\/a><\/p>\n\n\n\n<p id=\"block-90728763-f977-46b7-a623-14a6d01b6fef\">Travasso, R. (2024). The Clarinet as a Tangible Acoustic Interface.&nbsp;<em>International Journal of Social Science and Humanity<\/em>, 14(1), 5\u20139.&nbsp;<a href=\"https:\/\/doi.org\/10.18178\/ijssh.2024.14.1.1185\" target=\"_blank\" rel=\"noreferrer noopener\"><strong>https:\/\/doi.org\/10.18178\/ijssh.2024.14.1.1185<\/strong><\/a><\/p>\n\n\n\n<p id=\"block-74aac3db-fb9a-498c-b812-3c572e5644a2\">Trigo, C., Veiga, P. A., &amp; Santana, I. (2024a). Poetics of Instability: Subversion of Gravity through Digital Performative Art. Proceedings of the 11th International Conference on Digital and Interactive Arts, 1\u201310. <a href=\"https:\/\/doi.org\/10.1145\/3632776.3632799\">https:\/\/doi.org\/10.1145\/3632776.3632799<\/a><\/p>\n\n\n\n<p id=\"block-d5964214-daef-4ae4-bd05-a258fdbb1858\">Palma, M. H. B., Salazar, A., Trigo, M. R., &amp; Tuzzo, S. A. (2024). Avalia\u00e7\u00e3o da satisfa\u00e7\u00e3o com servi\u00e7os virtuais: A inova\u00e7\u00e3o nas pr\u00e1ticas de trabalho da Receita Federal do Brasil. Em P. S. Ara\u00fajo, L. B. Gouveia, &amp; A. Salazar (Orgs.), <em>Ci\u00eancias empresariais: desafios, aplica\u00e7\u00f5es e tecnologias [recurso eletr\u00f4nico]<\/em>. Conhecimento Editora.<\/p>\n\n\n\n<p id=\"block-826d60ea-e974-4c3b-b897-27f491a8d151\">Borges, F. O., Siller, C. B., &amp; Tuzzo, S. A. (2024). Metacomunicaci\u00f3n de las Agencias de Comunicaci\u00f3n y Relaciones P\u00fablicas en Portugal. <em>Fronteira: Journal of Social, Technological and Environmental Science, 13<\/em>(1), 303\u2013316. <a>https:\/\/doi.org\/10.21664\/2238-8869.2024v13i1.p303-316<\/a><\/p>\n\n\n\n<p id=\"block-7895246d-e42d-4479-aaa8-2c3118014e7e\">Tuzzo, S. A., &amp; Temer, A. C. R. P. (2024). Recursos diferenciados na cobertura dos atos de janeiro de 2023 em Bras\u00edlia: Jornalismo sob ataque. <em>Revista Paradoxos, 9<\/em> (Cont\u00ednua), 1\u201317. <a href=\"https:\/\/doi.org\/10.14393\/par-v9-e2024-01\">https:\/\/doi.org\/10.14393\/par-v9-e2024-01<\/a><\/p>\n\n\n\n<p id=\"block-4889e834-9328-498a-aa7f-6f2ab3ae0121\">Antoniaci Tuzzo, S., &amp; Fernandes Braga, C. (2024). Human senses and qualitative research: A methodological proposal. <em>New Trends in Qualitative Research, 20<\/em>(3), e1077. <a href=\"https:\/\/doi.org\/10.36367\/ntqr.20.3.2024.e1077\">https:\/\/doi.org\/10.36367\/ntqr.20.3.2024.e1077<\/a><\/p>\n\n\n\n<p id=\"block-2d9c0785-9d22-445c-889b-9112a3269624\">Tondato, M. P., &amp; Tuzzo, S. A. (2024). Moda e telenovela \u2013 perman\u00eancias e transforma\u00e7\u00f5es \u2013 das massas aos nichos. <em>Revista Panorama &#8211; Revista de Comunica\u00e7\u00e3o Social, 14<\/em>(1), 2\u20138. <a href=\"https:\/\/doi.org\/10.18224\/pan.v14i1.14690\">https:\/\/doi.org\/10.18224\/pan.v14i1.14690<\/a><\/p>\n\n\n\n<p id=\"block-2c2331ae-0135-41a8-aac7-1d501245d017\">Bermejo Siller, C., Ortega Borges, F., Tuzzo, S. A., &amp; Guerra Santos, I. (2024). Relaciones P\u00fablicas en Instituciones de Educaci\u00f3n Superior (IES): Estudo comparativo entre Portugal, Brasil e Espanha. <em>RAE-IC, Revista de la Asociaci\u00f3n Espa\u00f1ola de Investigaci\u00f3n de la Comunicaci\u00f3n, 11<\/em>(22), raeic 112203. <a href=\"https:\/\/doi.org\/10.24137\/raeic.11.22.3\">https:\/\/doi.org\/10.24137\/raeic.11.22.3<\/a><\/p>\n\n\n\n<p id=\"block-c59794ea-0d03-4580-b3c5-2774a6de9cda\">Veiga, P. A. (2024). Dos jogos s\u00e9rios \u00e0 arte digital: Artefactos, espa\u00e7os e estrat\u00e9gias. In M. Carvalhais, &amp; L. Ribas (Orgs.),&nbsp;<em>Arte, Digital, Academia, Museu Zer0<\/em>&nbsp;(pp. 83-102). Museu Zer0; I2ADS.&nbsp;<a href=\"https:\/\/doi.org\/10.34626\/2024\/978-989-9049-70-3\" target=\"_blank\" rel=\"noreferrer noopener\"><strong>https:\/\/doi.org\/10.34626\/2024\/978-989-9049-70-3<\/strong><\/a><\/p>\n\n\n\n<p id=\"block-452efe29-e48a-42ee-9e06-fbeefc163e85\">Veiga, P.A. (2024). Resonant Aesthetics: Attention and Synaesthesia in Digital Media Art. In&nbsp;Correia Castilho, L., Sampaio Dias, R., Rocha, L., de Sousa Dias, A. (eds) <em>Perspectives on Music, Sound and Musicology II<\/em>. Springer, Cham. <a href=\"https:\/\/doi.org\/10.1007\/978-3-031-67503-4_18\" target=\"_blank\" rel=\"noreferrer noopener\">https:\/\/doi.org\/10.1007\/978-3-031-67503-4_18<\/a><\/p>\n\n\n\n<p id=\"block-8966e7ad-64e9-4570-9eb7-7503b81063d3\">Veiga, P.A. (2024). Ciberperformance: da transposi\u00e7\u00e3o \u00e0 inova\u00e7\u00e3o. &nbsp;<em>Dedalus \u2013 Revista Portuguesa de Literatura Comparada, 26<\/em>.<\/p>\n\n\n\n<p>P. A. Veiga, J. Bidarra, &amp; A. Ara\u00fajo (Eds.). (2024). M\u00e9dia-Arte Digital [Special issue]. <em>ROTURA\u2014Revista de Comunica\u00e7\u00e3o Cultura e Artes, 3<\/em>(1), pp. 1\u2013168.<\/p>\n\n\n\n<p id=\"block-7882b55f-9570-455a-beeb-5ecd7405ae28\">Ribeiro, R.S. &amp; Veiga, P.A. (2024). Videoarte e arte generativa: performatividade videogr\u00e1fica, tecnodiversidade e IA generativa \u2013 aproxima\u00e7\u00f5es e repercuss\u00f5es: performatividade videogr\u00e1fica, tecno diversidade e IA generativa \u2013 aproxima\u00e7\u00f5es e repercuss\u00f5es. <em>Atas do XI Simp\u00f3sio Internacional de Inova\u00e7\u00e3o em M\u00eddias Interativas, UNIFESSPA, Marab\u00e1, Brasil.<\/em><\/p>\n\n\n\n<p id=\"block-824420d0-dddf-4556-8416-811cf738c1ea\">Barreto, S., Alvelos, H., Lima, C., Carneiro, J., da Veiga, P. A., Penedos-Santiago, E., Fernandes, M., Martins, N. &amp; Dolbeth, J. (2024). Visualizing Science: Crafting Memes in Design Pedagogy. In <em>Proceedings of DESIGN COMMIT 2024, Braga.&nbsp;<\/em><\/p>\n\n\n\n<p id=\"block-f96470e7-b11c-4413-bfee-4f26071c8f37\">Mestre, R., d\u2019Orey, R., &amp; Veiga, P.A. (2024). MY MONO NO AWARE \u2013 Um passeio sonoro interativo para a promo\u00e7\u00e3o de autorreconhecimento. <em>Rotura \u2013 Revista De Comunica\u00e7\u00e3o, Cultura e&nbsp;Artes, 4<\/em>(1), 196-211. <a href=\"https:\/\/doi.org\/10.34623\/dbm8-m461\" target=\"_blank\" rel=\"noreferrer noopener\">https:\/\/doi.org\/10.34623\/dbm8-m461<\/a>&nbsp;Alvelos, H.,&nbsp;Barreto, S. Penedos-Santiago, E., Pereira, J., &nbsp;Chatterjee, A., Veiga, P.A. &amp; Lima, R. (2024). When in Memeland, Speak in Memes: Contributions of Design Towards the Betterment of Online Behavior Regarding Public Health. InMartins, N., Brand\u00e3o, D. (eds) <em>Advances in Design and Digital Communication IV. DIGICOM 2023. Springer Series in Design and Innovation<\/em>, &nbsp;35. Springer, Cham. <a href=\"https:\/\/doi.org\/10.1007\/978-3-031-47281-7_39\" target=\"_blank\" rel=\"noreferrer noopener\">https:\/\/doi.org\/10.1007\/978-3-031-47281-7_39<\/a><\/p>\n\n\n\n<p id=\"block-1dd4ecec-873b-4f84-a8e4-f17fec75f400\">Vidal, C. (2024). Amor, ilus\u00e3o, reden\u00e7\u00e3o e err\u00e2ncia: Os paradoxos de Wagner em&nbsp;<em>Der fliegende Holl\u00e4nder<\/em>.&nbsp;<em>Convocarte, 14<\/em>, 149-160.<\/p>\n\n\n\n<p id=\"block-b649277d-473b-48f5-9647-a403ea993671\">Vidal, C. (2022).&nbsp;<em>S\u00e9culo de Ouro: Da Rep\u00fablica Florentina ao P\u00f3s-Readymade.&nbsp;<\/em>CIEBA.<\/p>\n\n\n\n<p id=\"block-1330763f-8871-40a2-a22a-1b1392dfe5ae\">Vidal, C. (2024).&nbsp;<em>Jorge Pinheiro: A quietude das imagens perdidas.&nbsp;<\/em>Faculdade de Belas Artes da Universidade de Lisboa.<\/p>\n\n\n\n<p id=\"block-1bcdb5aa-e345-4ece-8eef-54f5e45f29a2\">Vidal, C. (2024). Dois apontamentos diar\u00edsticos sobre a verdade na apar\u00eancia (ou Pedro Cabrita Reis e uma arte que se invisualiza pela claridade).&nbsp;<em>Cat\u00e1logo da exposi\u00e7\u00e3o Atelier<\/em>. Pavilh\u00f5es da Mitra de Lisboa\/Santa Casa da Miseric\u00f3rdia.<\/p>\n\n\n\n<p>Vieira, C\u00e9lia (2024). \u00abA cidade radiante de Fialho d\u2019Almeida\u00bb, in <em>Odete Jubilado e Sandra Braz<\/em> (ed.) Fialho de Almeida e a Literatura Comparada, Chamusca: Cosmos, pp.81-94.<\/p>\n\n\n\n<p>Fragoso, A., &amp; Viegas, S. (2024). OP UAlg: participa\u00e7\u00e3o democr\u00e1tica nas IES. Lugar de experimenta\u00e7\u00e3o numa vis\u00e3o de futuro. <em>UALGZINE<\/em>, 17, 52.<\/p>\n\n\n\n<p>Viegas, S. (2024). Reformism vs resistance for the right to the city. Re(new)ed views and dynamics in the Lisbon Metropolitan Area. In R. Baikady; S. Sajid; J. Przeperski; V. Nadesan; R. Islam; &amp;amp; G. Jiangu (Eds.), <em>The Palgrave handbook of global social change<\/em>. Palgrave Macmillan\/Springer Nature. <a href=\"https:\/\/doi.org\/10.1007\/978-3-030-87624-1_264-1\" rel=\"noreferrer noopener\" target=\"_blank\">https:\/\/doi.org\/10.1007\/978-3-030-87624-1_264-1<\/a><\/p>\n\n\n\n<p>Carvalho, A., Vieira, C., Santos, I. G., &amp; Sapucaia, R. (2024). The online teaching of the performing arts in higher education in a context of confinement as a creativity challenge. <em>Media Practice and Education<\/em>. <a href=\"https:\/\/doi.org\/10.1080\/25741136.2024.2332846\" rel=\"noreferrer noopener\" target=\"_blank\">https:\/\/doi.org\/10.1080\/25741136.2024.2332846<\/a><\/p>\n\n\n\n<p>Sapucaia, R., Vieira, C., Santos, I. G., Carvalho, A., &amp; Wexel, J. (2024). OPHILIA: Cy-Collage cyberperformance. In A. L. Brooks (Ed.), <em>ArtsIT, Interactivity and Game Creation. ArtsIT 2023. Lecture notes of the Institute for Computer Sciences, Social Informatics and Telecommunications Engineering<\/em> (Vol. 564). Springer.<\/p>\n\n\n\n<p>Vieira, C. (2024). A cidade radiante de Fialho d\u2019Almeida. In O. Jubilado &amp; S. Braz (Eds.), <em>Fialho de Almeida e a literatura comparada<\/em> (pp. 81\u201394). Cosmos.<\/p>\n<\/div><\/div>\n\n\n\n<div class=\"wp-block-advgb-accordion-item advgb-accordion-item\" style=\"margin-bottom:15px\"><div class=\"advgb-accordion-header\" style=\"background-color:#ffffff;color:#000000;border-style:solid;border-width:0px;border-color:#ffffff\"><span class=\"advgb-accordion-header-icon\"><svg fill=\"#000000\" xmlns=\"http:\/\/www.w3.org\/2000\/svg\" width=\"24\" height=\"24\" viewBox=\"0 0 24 24\"><path fill=\"none\" d=\"M0,0h24v24H0V0z\"><\/path><path d=\"M6,10c-1.1,0-2,0.9-2,2s0.9,2,2,2s2-0.9,2-2S7.1,10,6,10z M18,10c-1.1,0-2,0.9-2,2s0.9,2,2,2s2-0.9,2-2S19.1,10,18,10z M12,10c-1.1,0-2,0.9-2,2s0.9,2,2,2s2-0.9,2-2S13.1,10,12,10z\"><\/path><\/svg><\/span><h2 class=\"advgb-accordion-header-title\" style=\"color:inherit\">2023<\/h2><\/div><div class=\"advgb-accordion-body\" style=\"border-style:solid !important;border-width:0px !important;border-color:#ffffff !important;border-top:none !important\">\n<p>Alvelos, H.; Barreto, S.; Lima, C.; Penedos-Santiago, E.; Pereira, J. &amp; Veiga, P.A. (2023). Just Between Meme and You: Online Memes as Health Communication Tools in Design and Media Arts Higher Education Curricula. In <em>Proceedings of IAFOR 2023: The Paris Conference on Education, Paris, France<\/em>. 10.22492\/issn.2758-0962.2023.57<\/p>\n\n\n\n<p>Alvelos, H.; Pereira, J.; Chatterjee, A.; Barreto, S.; Veiga, P.A.; Lima, C. &amp; Penedos-Santiago, E. (2023). When in Memeland, Speak in Memes: Contributions of Design Towards the Betterment of Online Behavior Regarding Public Health. In <em>Advances in Design and Digital Communication IV. Springer.<\/em> 10.1007\/978-3-031-47281-7_39<\/p>\n\n\n\n<p>Alvelos, H.; Barreto, S.; Pereira, J.; Chatterjee, A.; Veiga, P.A.; Lima, C. &amp; Santiago, E. (2023). When in Memeland, Speak in Memes: contributions of design towards the betterment of online behavior regarding public health. In <em>Proceedings of DIGICOM 2023, 7th International Conference on Design and Digital Communication<\/em>, Barcelos, Portugal.<\/p>\n\n\n\n<p>Arg\u00f4lo, I. R. B. (2023, setembro 25-29). O artivismo em Rejeitorio: A peleja do homem contra o rio<em>. Livro de atas do Encontro Nacional da ANPAP, Fortaleza, Brasil, 32<\/em>. <a href=\"https:\/\/www.even3.com.br\/anais\/32anpap2023\/667903-o-artivismo-em-rejeitorio--a-peleja-do-homem-contra-o-rio\/\">https:\/\/www.even3.com.br\/anais\/32anpap2023\/667903-o-artivismo-em-rejeitorio&#8211;a-peleja-do-homem-contra-o-rio\/<\/a>.<\/p>\n\n\n\n<p>Arg\u00f4lo I., Silva, B. M., Borges, G. (2023). \u201cRejeitorio\u201d: The battle of man against a river: Contextualization and creative process of the second version of the artifact. <em>In Proceedings of Artcech2023 \u2013 Digital Creation Processes, 11st International Conference on Digital and Interactive Arts, Proceedings I \u2013 Short Papers. <\/em>Association for Computing Machinery, New York, NY, USA<em>. ISBN: 979-8-4007-0872-5.<\/em> (Scopus)<\/p>\n\n\n\n<p>Almeida, M. M, Branquinho, T. (2023) Eu sou l\u00e1 dos montes: Paisagens e gentes da serra do Caramulo nas escritas de Tom\u00e1s e Branquinho da Fonseca<strong>, <\/strong>in Carvalho, Ana Cristina, Vieira, Cristina Costa (coord.) <em>BEIRA(S) Imagens do ambiente natural e humano na literatura de fic\u00e7\u00e3o \u2013 cap\u00edtulo 11<\/em>, p. 237-254 Lisboa, Colibri ISBN 978-989-566-117-6.<\/p>\n\n\n\n<p>Alves da Veiga, P., Bidarra, J., &amp; Ara\u00fajo, A. (2023). M\u00e9dia-Arte Digital \u2013 Ampliando Conceitos. Rotura \u2013 Revista De Comunica\u00e7\u00e3o, Cultura E Artes, 3(1), 8-11.<a href=\"https:\/\/doi.org\/10.34623\/c9rh-c987\"> <\/a><a href=\"https:\/\/doi.org\/10.34623\/c9rh-c987\">https:\/\/doi.org\/10.34623\/c9rh-c987<\/a><\/p>\n\n\n\n<p>Ara\u00fajo, A. &amp; Olivero, L. (2023). Drawn onto a Skybox \u2013 An invitation to collaborative immersive drawing using the LiveSphere platform. In <em>Proceedings of ACM ARTECH Conference (ARTECH2023)<\/em>. Faro Portugal: ACM Press, 2023. <a href=\"https:\/\/doi.org\/10.1145\/3632776.3632826\"><strong>https:\/\/doi.org\/10.1145\/3632776.3632826<\/strong><\/a><\/p>\n\n\n\n<p>Barbas, M. P., Vieira, A. T., &amp; Branco, P. D. (2023) <em>CHANGEMAKERS: EMERGING EXPERIENCE FOR YOUTH<\/em>. In <em>INTED2023 Proceedings<\/em>, pp. 8825-8834.<a href=\"https:\/\/library.iated.org\/view\/POTESBARBAS2023CHA?re=downloadnotallowed\"> <\/a><a href=\"https:\/\/library.iated.org\/view\/POTESBARBAS2023CHA?re=downloadnotallowed\">https:\/\/library.iated.org\/view\/POTESBARBAS2023CHA?re=downloadnotallowed<\/a><\/p>\n\n\n\n<p>Barbas, M. P., Vieira, A. T., &amp; Branco, P. D. (2023<em>). PREDICT: Jobs of the Future with AI 4 VET Inclusion<\/em>. In <em>EDULEARN23 Proceedings<\/em>, pp. 128-133.<a href=\"https:\/\/library.iated.org\/view\/POTESBARBAS2023PRE\"> <\/a><a href=\"https:\/\/library.iated.org\/view\/POTESBARBAS2023PRE\"><strong>https:\/\/library.iated.org\/view\/POTESBARBAS2023PRE<\/strong><\/a><\/p>\n\n\n\n<p>Bidarra, J. (2023). <em>Express\u00f5es e figura\u00e7\u00f5es em contexto: portugu\u00eas-ingl\u00eas [Em linha]. <\/em>Editado por Bidarra, J.; Childs, J. S. &amp; Soares A. I. Lisboa: Universidade Aberta. (eUAb. Ci\u00eancia e Cultura; 25). ISBN: 978-972-674-949-3.<\/p>\n\n\n\n<p>Bidarra, J.; Mapar, M.; Caeiro, S.; Bacelar-Nicolau &amp; P.; Veiga, P.A. (2023). Integrating Sustainability into Art and Design Education: Curriculum Development. In <em>Proceedings of 29th International Conference of the International Sustainable Development Research Society <\/em>&#8211; 2023, Malaysia.<\/p>\n\n\n\n<p>Bidarra, J.; Veiga, P.A.; Sapucaia, R.; Wexel, J.; Tavares, M. Costa, S. (2023). Desenvolvimento de um modelo pedag\u00f3gico virtual paras as Artes performativas digitais. RE@D \u2013 Revista de Educa\u00e7\u00e3o a Dist\u00e2ncia e Elearning. V.6, N\u00ba1, p.1-16. Dispon\u00edvel em <a href=\"https:\/\/revistas.rcaap.pt\/lead_read\/article\/view\/29227\"><strong>https:\/\/revistas.rcaap.pt\/lead_read\/article\/view\/29227<\/strong><\/a>.<\/p>\n\n\n\n<p>Bidarra, J.; Carvalho, I.C.; Afonso, A.V.; Morgado, L. &amp; Rocha, A. (2023). Project IDEAS: Na Innovative Digital Education and Skills Approach. In <em>The Envisioning Report for Empowering Universities<\/em>, 7th Edition. European Association of Distance Teaching Universities (EADTU). <a href=\"https:\/\/zenodo.org\/record\/7993634\"><strong>https:\/\/zenodo.org\/record\/7993634<\/strong><\/a><\/p>\n\n\n\n<p>Botana Vilar, M. J. (2022). &#8220;O l\u00e9xico afectivo nas Cantigas de Santa Mar\u00eda: preservaci\u00f3n da memoria e construci\u00f3n da identidade galaico-portuguesa\u201d. En R. Pichel (Ed.), \u00abTenh\u2019eu que mi fez el i mui gran ben\u00bb. Estudos sobre cultura escrita medieval dedicados a Harvey L. Sharrer, pp. 87-103. Ed. S\u00edlex Universidad. Madrid. [publicado em 2023] ISBN: 978-84-19077-35-6.<\/p>\n\n\n\n<p>Botana Vilar, M. J. (2023) (Dir. e Ed.). Apropiaci\u00f3n cultural e contradiscurso hist\u00f3rico: a materia de Breta\u00f1a na literatura galega, da autor\u00eda de Mar\u00eda Xes\u00fas Lama L\u00f3pez. Vol. 2. Centro de Estudos Galegos da Universidade do Algarve e Xunta de Galicia. ISBN 978-989-9127-57-9.<\/p>\n\n\n\n<p>Branco, P. D., &amp; Vieira, A. T. (2023). Open educational resources in higher education: Experimental study. <em>Revista Kriativ.tech<\/em>. <a href=\"https:\/\/doi.org\/10.31112\/kriativ-tech-2022-06-83\" target=\"_blank\" rel=\"noreferrer noopener\">https:\/\/doi.org\/10.31112\/kriativ-tech-2022-06-83<\/a><\/p>\n\n\n\n<p>Branco, N., &amp; Cola\u00e7o, S. (2023). Computational thinking and mathematics teaching: An experience on initial teacher education. In P. Drijvers, C. Csapodi, H. Palm\u00e9r, K. Gosztonyi, &amp; E. K\u00f3nya (Eds.), <em>Proceedings of the Thirteenth Congress of the European Society for Research in Mathematics Education (CERME13)<\/em> (pp. 2624-2631). Alfr\u00e9d R\u00e9nyi Institute of Mathematics and ERME.<\/p>\n\n\n\n<p>Branco, N., Rodrigues, M., Maur\u00edcio, P., Carvalho, R., Cola\u00e7o, S. &amp; Cavadas, B. (2023). Experi\u00eancias de pr\u00e1tica de ensino remoto de emerg\u00eancia de futuros\/as professores de matem\u00e1tica e ci\u00eancias naturais no 2.\u00ba ciclo. In M. J. Silva, N. Branco &amp; A. M. Pessoa (Eds.), <em>Do ensino remoto de emerg\u00eancia \u00e0 inova\u00e7\u00e3o pedag\u00f3gica em tr\u00eas Escolas Superiores de Educa\u00e7\u00e3o em Portugal<\/em> (pp. 147-173). Escola Superior de educa\u00e7\u00e3o, Instituto Polit\u00e9cnico de Lisboa. <a href=\"https:\/\/doi.org\/10.34629\/ipl\/eselx\/ebook.014\">https:\/\/doi.org\/10.34629\/ipl\/eselx\/ebook.014<\/a><\/p>\n\n\n\n<p>Branco, N., &amp; Cavadas, B. (2023). Origami STEAM: Uma proposta de trabalho interdisciplinar na forma\u00e7\u00e3o de futuros professores de Matem\u00e1tica e Ci\u00eancias Naturais no 2.\u00ba CEB. <em>Medi@\u00e7\u00f5es, 11<\/em>(1), 56-68. <a href=\"https:\/\/doi.org\/10.60546\/mo.v11i1.374\">https:\/\/doi.org\/10.60546\/mo.v11i1.374<\/a><\/p>\n\n\n\n<p>Branco, N. (2023). Practices with technology in mathematics teacher education to face new curricular demands. In C. Jim\u00e9nez-Gestal, \u00c1. A. Magre\u00f1\u00e1n, E. Badillo, &amp; P. Ivars (Eds.), Investigaci\u00f3n en Educaci\u00f3n Matem\u00e1tica XXVI (pp. 89\u201396). SEIEM.<\/p>\n\n\n\n<p>Brand\u00e3o, D. (eds) Advances in Design and Digital Communication III. DIGICOM 2022. Springer Series in Design and Innovation , vol 27. Springer, Cham. <a href=\"https:\/\/doi.org\/10.1007\/978-3-031-20364-0_27\">https:\/\/doi.org\/10.1007\/978-3-031-20364-0_27<\/a> (WoS) (Scopus).<\/p>\n\n\n\n<p>Cabral Santo, P. (2023) \u201cO Mundo Invis\u00edvel de Manuel Baptista\u201d. In Tavares, M.; Cabral Santo, P. (eds.), <em>Manuel Baptista: Territ\u00f3rios Invis\u00edveis.<\/em> Faro: Dire\u00e7\u00e3o Regional de Cultura do Algarve, 2023. ISBN 987-989-33-3992-3.<\/p>\n\n\n\n<p>Cabral Santo, P. (2023) \u201cA Caminho do Sol\u201d. In Ezequ\u00edel, C. <em>Aurora. Elvas: Museu Militar de Elvas<\/em>. C\u00e2mara Municipal de Elvas. Dep\u00f3sito Legal 513311\/23.<\/p>\n\n\n\n<p>Carrega, J. (2023). Le Cin\u00e9ma Fran\u00e7ais au Portugal: Des premi\u00e8res s\u00e9ances de l\u2019animatograph \u00e0 la fin de la premi\u00e8re Guerre Mondiale (1896-1918). In Araujo, D. &amp; Lambach, C. (Orgs.), <em>French Cinema\/Cin\u00e9ma Fran\u00e7ais<\/em> (pp. 53-61). IAMCR VIC \u2013 Visual Culture Working Group. Apris. E-book. ISBN: 9786525045399.<\/p>\n\n\n\n<p>Carrega, J. (2023). G\u00e9neros Populares e Cinema Transnacional na Europa Mediterr\u00e2nea. Edi\u00e7\u00f5es CIAC. ISBN: 978-989-9127-22-7.<\/p>\n\n\n\n<p>Carrega, J. (2023). O Peplum e o cinema popular da Europa mediterr\u00e2nea. <em>RELICI-Revista Livre de Cinema<\/em>, 10(2).<\/p>\n\n\n\n<p>Carrega, J. M. (2023). 1898-1919: os primeiros anos do cinema no sotavento algarvio. <em>Rotura \u2013 Revista De Comunica\u00e7\u00e3o, Cultura E Artes<\/em> (edi\u00e7\u00e3o especial) 78-93. <a href=\"https:\/\/doi.org\/10.34623\/na3b-cy92\">https:\/\/doi.org\/10.34623\/na3b-cy92<\/a><\/p>\n\n\n\n<p>Carrega, J. (org.). (2023). Elvis em Hollywood: o filme musical e a cultura de massas do s\u00e9culo XX. <em>In Elvis Presley e a cultura popular do s\u00e9culo XX<\/em> (pp. 93-117). Edi\u00e7\u00f5es CIAC. E-book.<\/p>\n\n\n\n<p>Carvalho, I.C.; Veiga, P.A. &amp; Bidarra, J. (2023). ARTPRENEUR \u2013 Uma proposta diferenciadora para a introdu\u00e7\u00e3o ao empreendedorismo no ensino das artes. In <em>Aprendendo e ensinando com nativos digitais<\/em>. Souza, J; Longhi, H. Editora Telesapiens. <a href=\"http:\/\/hdl.handle.net\/10400.2\/14478\">http:\/\/hdl.handle.net\/10400.2\/14478<\/a><\/p>\n\n\n\n<p>Carvalho, I.C. &amp; Sousa, R.L. (2023). Teaching through Community Artistic Practices in Informal Urban Agriculture Laboratory. In Viana, D.L.; Brand\u00e3o, E.; Morais, F.;<\/p>\n\n\n\n<p>Carvalho, I.C.; Duarte, J.P.; Brand\u00e3o, N. (Eds.), <em>Emergent Perspectives on Teaching Architecture and Urbanism<\/em>. (pp. 197-215). Cambridge Scholars Publishing.<a href=\"https:\/\/www.cambridgescholars.com\/product\/978-1-5275-5260-9\"> <\/a><a href=\"https:\/\/www.cambridgescholars.com\/product\/978-1-5275-5260-9\">https:\/\/www.cambridgescholars.com\/product\/978-1-5275-5260-9<\/a><\/p>\n\n\n\n<p>Carvalho, I.C. &amp; Nascimento, A. (2023). \u201cEntre caminhos\u201d: Understanding local history through digital fragments of feminist narratives. <em>In Proceedings of the 20th International Conference on Culture and Computer Science: Code and Materiality (KUI &#8217;23).<\/em> Association for Computing Machinery, New York, NY, USA, Article 3, 1\u20136.<a href=\"https:\/\/doi.org\/10.1145\/3623462.3623471\"> <\/a><a href=\"https:\/\/doi.org\/10.1145\/3623462.3623471\">https:\/\/doi.org\/10.1145\/3623462.3623471<\/a><\/p>\n\n\n\n<p>Carvalho, I.C. &amp; Viegas, S.L. (2023, in press). Digital Narratives &amp; Urban Artivist Networks. A theoretical-methodological approach. ARTECH 2023 \u2013 Digital Creation Processes, 11th International Conference on Digital and Interactive Arts, Faro (28-30 novembro)<\/p>\n\n\n\n<p>Cardoso, Pedro J.S., Rodrigues, Jo\u00e3o M. F., &amp; Portales, Cristina (Guest Editors) (2023). Applied Sciences: Applied and Innovative Computational Intelligence Systems, Vol. II, MDPI (in edition). <a href=\"https:\/\/www.mdpi.com\/journal\/applsci\/special_issues\/119KPCC933\">Link<\/a><\/p>\n\n\n\n<p>Cardoso, P.J.S., Rodrigues, J.M.F., &amp; Novais, R. (2023). <em>Multimodal Emotion Classification Supported in the Aggregation of Pre-trained Classification Models<\/em>. In Miky\u0161ka, J., de Mulatier, C., Paszynski, M., Krzhizhanovskaya, V.V., Dongarra, J.J., Sloot, P.M. (eds), Computational Science \u2013 ICCS 2023. Lecture Notes in Computer Science, vol 10477. Springer, Cham. DOI: 10.1007\/978-3-031-36030-5_35 <a href=\"https:\/\/link.springer.com\/chapter\/10.1007\/978-3-031-36030-5_35\">PDF<\/a><\/p>\n\n\n\n<p>Carvalho, R., Espadeiro, R.G., &amp; Branco, N. (2023). <em>Contributos para o desenvolvimento do pensamento computacional em Matem\u00e1tica: Materiais de apoio para os professores do 1.\u00ba ciclo do ensino b\u00e1sico.<\/em> Associa\u00e7\u00e3o de Professores de Matem\u00e1tica. ISBN: 978-972-8768-77-5. <a href=\"https:\/\/www.apm.pt\/ebooks\">https:\/\/www.apm.pt\/ebooks<\/a><\/p>\n\n\n\n<p>Catela, D., Santos, J., Oliveira, J., &amp; Piscalho, I. (2023, february, 23-24). Yoga breathing techniques\u2019 heart rate variability: characterization project for health non-clinical intervention and personal use. In Rodrigues, J., Matos, R., Jacinto, M. &amp; Rodrigues, F. (Eds.), Book of abstracts II International Congress \u2013 CIEQV (p. 85). ESECS \u2013 Polytechnic of Leiria, Portugal. ISBN: in press. Doi: in press.<\/p>\n\n\n\n<p>Cavadas, B., R\u00e9zio, S., Nogueira, J. R., &amp; Branco, N. (2022). A Framework and a Research Design Proposal to Identify Preservice Teachers\u2019 Integration Performance of Science and Mathematics. <em>Canadian Journal of Science, Mathematics and Technology Education, 22<\/em>, 101-129. <a href=\"http:\/\/dx.doi.org\/10.1007\/s42330-022-00198-2\">http:\/\/dx.doi.org\/10.1007\/s42330-022-00198-2<\/a>. (Scopus, SJR Q2)<\/p>\n\n\n\n<p>Cavadas, B., &amp; Branco, N. (2023). Science and Mathematics Teacher Collaboration in Higher Education: A Pedagogical Experience Using Inquiry Learning Spaces. In B. Cavadas, &amp; N. Branco (Eds.), <em>Handbook of Research on Interdisciplinarity between science and mathematics in education <\/em>(pp. 196-223). IGI-Global. <a href=\"https:\/\/doi.org\/10.4018\/978-1-6684-5765-8.ch009\"><strong>https:\/\/doi.org\/10.4018\/978-1-6684-5765-8.ch009<\/strong><\/a><strong><u><\/u><\/strong><\/p>\n\n\n\n<p>Cavadas, B., &amp; Branco, N. (Eds.) (2023). <em>Handbook of Research on Interdisciplinarity between science and mathematics in education<\/em>. IGI-Global. ISBN: 978-166-845-76-5-8 <a href=\"https:\/\/www.igi-global.com\/book\/handbook-research-interdisciplinarity-between-science\/297139\"><strong>https:\/\/www.igi-global.com\/book\/handbook-research-interdisciplinarity-between-science\/297139<\/strong><\/a><\/p>\n\n\n\n<p>Childs, J. S. &amp; Soares, A. I. (2023). \u201cIntrodu\u00e7\u00e3o\u201d, in Bidarra, J., Childs, J. e Soares, A. I. (Eds.). <em>Express\u00f5es e Figura\u00e7\u00f5es em Contexto: Portugu\u00eas-Ingl\u00eas.<\/em> Lisboa: Universidade Aberta. (eUAb. Ci\u00eancia e Cultura, 25). pp. 6-7. <a href=\"https:\/\/doi.org\/10.34627\/uab.cc.25\">https:\/\/doi.org\/10.34627\/uab.cc.25<\/a>.<\/p>\n\n\n\n<p>Chinita, F\u00e1tima. (2023). \u201cMaking Poems with Sounds and Images\u201d. Recens\u00e3o cr\u00edtica de <em>The Poetics of Poetry Film<\/em> (Sarah Tremlett, Intellect, 2021). In<em> Interfaces \u2013 Image, Text, Language<\/em>, Vol. 49. <a href=\"https:\/\/doi.org\/10.4000\/interfaces.7110\"><strong>https:\/\/doi.org\/10.4000\/interfaces.7110<\/strong><\/a><strong><u><\/u><\/strong><\/p>\n\n\n\n<p>Chinita, F\u00e1tima. (2023). \u201cFostering Intermedial Encounters\u201d. Recens\u00e3o cr\u00edtica do livro <em>Intermedial Encounters: Studies in Honour of \u00c1gnes Peth\u0151<\/em> (Bl\u00f3s-Jani et al, eds., Scienta Kiad\u00f3, 2022). In <em>Interfaces \u2013 Image, Text, Language<\/em>, Vol. 49. <a href=\"https:\/\/doi.org\/10.4000\/interfaces.7081\"><strong>https:\/\/doi.org\/10.4000\/interfaces.7081<\/strong><\/a><strong><u><\/u><\/strong><\/p>\n\n\n\n<p>Chinita, F\u00e1tima. (2023). \u201cDance and the Mediated Immersive Flux in Carlos Saura\u2019s Musical Hybrids with Live Feed\u201d, <em>Acta Sapientia University Film and Media Studies<\/em>, Vol. 21, No. 1. SCOPUS. <a href=\"https:\/\/doi.org\/10.2478\/ausfm-2023-0009\"><strong>https:\/\/doi.org\/10.2478\/ausfm-2023-0009<\/strong><\/a><strong><u><\/u><\/strong><\/p>\n\n\n\n<p>Chinita, F\u00e1tima. (2023) Recens\u00e3o cr\u00edtica de <em>Cinematic Intermediality: Theory and Practice<\/em> (Kim Knowles e Marion Schmid, eds, Edinburgh University Press, 2021). In Ekphrasis \u2013 Images, Cinema, Theory, Media, Vol. 29, No. 1. SCOPUS. <a href=\"https:\/\/repositorio.ipl.pt\/bitstream\/10400.21\/16332\/1\/Chinita_book%20review_Cinematic%20intermediality.pdf\"><strong>https:\/\/repositorio.ipl.pt\/bitstream\/10400.21\/16332\/1\/Chinita_book%20review_Cinematic%20intermediality.pdf<\/strong><\/a><strong><u><\/u><\/strong><\/p>\n\n\n\n<p>Chinnici, M.,Cardoso, P.J.S., &amp;Rodrigues, J. (Guest Editors) (2023). Applied Sciences: Application of Neural Computation in Artificial Intelligence, MDPI (in edition). <a href=\"https:\/\/www.mdpi.com\/journal\/applsci\/special_issues\/EW80S5864Z\">Link<\/a><strong><u><\/u><\/strong><\/p>\n\n\n\n<p>Coca, Adriana P.; Essenfelder, Renato. &#8220;Listen: o cinema na encruzilhada da comunica\u00e7\u00e3o intercultural&#8221;. In Narrativas Midi\u00e1ticas Contempor\u00e2neas: Inquieta\u00e7\u00f5es Diante do Caos, 324-341. Florian\u00f3polis, Brasil: Editora SBPjor; Editora Insular, 2023.<\/p>\n\n\n\n<p>C\u00f4rtes-Moreira, S., P\u00e9rez-Rodr\u00edguez, M. Amor, Borges, G., Lopes-Neto, M., &amp; Tejedor, S. (2023). <em>Literacia Tur\u00edstica: a media\u00e7\u00e3o e a sua import\u00e2ncia para o conceito. In Turismo, Patrim\u00f3nio e Interculturalidade <\/em>(Coord. F. Magalh\u00e3es, M. Franca, M. G. Po\u00e7as Santos, R. Vieira, B. Ferreira). Escola Superior de Educa\u00e7\u00e3o e Ci\u00eancias Sociais \u2013 Instituto Polit\u00e9cnico de Leiria.<a href=\"https:\/\/doi.org\/10.25766\/f1w3-fd08\"> https:\/\/doi.org\/10.25766\/f1w3-fd08<\/a><strong><u><\/u><\/strong><\/p>\n\n\n\n<p>Costa, S., Silva, B. M. (2023). \u00c2mago II: The Creative Process of an Underwater Vietnamese Self-Portrait .<em> In Proceedings of Artcech2023 \u2013 Digital Creation Processes, 11st International Conference on Digital and Interactive Arts, Proceedings I \u2013 Short Papers. <\/em>Association for Computing Machinery, New York, NY, USA<em>. ISBN: 979-8-4007-0872-5.<\/em> (Scopus)<\/p>\n\n\n\n<p>Costa, S., Tavares, M., Bidarra, J., da Silva, B.M. (2023). <em>IN[The Hate Booth]:<\/em> a Gamified Installation to Counteract Hate Speech. In: Brooks, A.L. (eds) <em>ArtsIT, Interactivity and Game Creation. <\/em><em>ArtsIT 2022. Lecture Notes of the Institute for Computer Sciences, Social Informatics and Telecommunications Engineering<\/em>, vol 479. Springer, Cham. <a href=\"https:\/\/doi.org\/10.1007\/978-3-031-28993-4_12\">https:\/\/doi.org\/10.1007\/978-3-031-28993-4_12<\/a>. (WoS) (Scopus).<\/p>\n\n\n\n<p>Costa, S., Silva, B. M. (2023). Insights from a digital diary: Exploring the Creative Process of the game-installation In[The Hate Booth]. <em>In Proceedings of Artcech2023 \u2013 Digital Creation Processes, 11st International Conference on Digital and Interactive Arts, Proceedings I \u2013 Short Papers. <\/em>Association for Computing Machinery, New York, NY, USA<em>. ISBN: 979-8-4007-0872-5.<\/em> (Scopus)<\/p>\n\n\n\n<p>Costa, S., Tavares, M., Bidarra, J., da Silva, B.M. (2023). IN[The Hate Booth]: a Gamified Installation to Counteract Hate Speech. In: Brooks, A.L. (eds) ArtsIT, Interactivity and Game Creation. ArtsIT 2022. Lecture Notes of the Institute for Computer Sciences, Social Informatics and Telecommunications Engineering, vol 479. Springer, Cham. <a href=\"https:\/\/doi.org\/10.1007\/978-3-031-28993-4_12\">https:\/\/doi.org\/10.1007\/978-3-031-28993-4_12<\/a>. (WoS) (Scopus).<\/p>\n\n\n\n<p>Costa, S., Tavares, M., Bidarra, J., Mendes da Silva, B. (2023). The Enredo Game-Installation: A Proposal to Counter Hate Speech Online. In: Martins, N., Brand\u00e3o, D. (eds) Advances in Design and Digital Communication III. DIGICOM 2022. Springer Series in Design and Innovation , vol 27. Springer, Cham. <a href=\"https:\/\/doi.org\/10.1007\/978-3-031-20364-0_27\">https:\/\/doi.org\/10.1007\/978-3-031-20364-0_27<\/a> (WoS) (Scopus).<\/p>\n\n\n\n<p>Costa, S., Tavares, M., Bidarra, J., Mendes da Silva, B. (2023). The Enredo Game-Installation: A Proposal to Counter Hate Speech Online. In: Martins, N., Brand\u00e3o, D. (eds) Advances in Design and Digital Communication III. DIGICOM 2022. Springer Series in Design and Innovation , vol 27. Springer, Cham. <a href=\"https:\/\/doi.org\/10.1007\/978-3-031-20364-0_27\"><strong>https:\/\/doi.org\/10.1007\/978-3-031-20364-0_27<\/strong><\/a> (WoS) (Scopus).<strong><u><\/u><\/strong><\/p>\n\n\n\n<p>Costa, S., Tavares, M., Bidarra, J., da Silva, B.M. (2023). <em>IN[The Hate Booth]<\/em>: a Gamified Installation to Counteract Hate Speech. In: Brooks, A.L. (eds) ArtsIT, Interactivity and Game Creation. ArtsIT 2022. Lecture Notes of the Institute for Computer Sciences, Social Informatics and Telecommunications Engineering, vol 479. Springer, Cham. <a href=\"https:\/\/doi.org\/10.1007\/978-3-031-28993-4_12\"><strong>https:\/\/doi.org\/10.1007\/978-3-031-28993-4_12<\/strong><\/a>. (WoS) (Scopus).<strong><u><\/u><\/strong><\/p>\n\n\n\n<p>Costa, S. (2023). The role of games and gamification counteracting online hate speech. <em>Spotlight<\/em>, June, 2023. <a href=\"https:\/\/home-affairs.ec.europa.eu\/system\/files\/2023-07\/spotlight_on_gamification_062023_en.pdf\">https:\/\/home-affairs.ec.europa.eu\/system\/files\/2023-07\/spotlight_on_gamification_062023_en.pdf<\/a><\/p>\n\n\n\n<p>Cruz, S.; Vieira, C.; Bidarra, J. (2023), <em>Digital Art, Sustainability and Design Thinking: Study of a Case in Higher Education<\/em>, Scopus proceedings, E3S Web Conf. 436 06004 (2023), DOI: 10.1051\/e3sconf\/202343606004, https:\/\/www.e3s-conferences.org\/articles\/e3sconf\/pdf\/2023\/73\/e3sconf_iced2023_06004.pdf<\/p>\n\n\n\n<p><a><\/a>d&#8217;Orey, R., Martins, A., Carrega, J., Silva, B. M. (2023). Dematerializing materials: description of the first stages to digitize a museum exhibition with 3D technologies. <em>In Proceedings of the 20th International Conference on Culture and Computer Science: Code and Materiality<\/em> (KUI &#8217;23). Association for Computing Machinery, New York, NY, USA, Article 15, 1\u20138. <a href=\"https:\/\/doi.org\/10.1145\/3623462.3623466\">https:\/\/doi.org\/10.1145\/3623462.3623466<\/a>. (Scopus)<\/p>\n\n\n\n<p><a><\/a>Essenfelder, Renato; Capoano, Edson. &#8220;Communication and emotion in bots and chatbots: the cases of Fabi Grossi and Code of Hope&#8221;. Fronteiras &#8211; Estudos Midi\u00e1ticos 25 1 (2023): 182-192. https:\/\/revistas.unisinos.br\/index.php\/fronteiras\/article\/view\/25817\/60749547.<\/p>\n\n\n\n<p>Essenfelder, Renato; Capoano, Edson. &#8220;Reporting and Feeling: Considerations on the mental health of journalists during the pandemic&#8221;. In Perspectives on Workplace Communication and Well-Being in Hybrid Work Environments, 43-54. Estados Unidos: IGI Global, 2023.<\/p>\n\n\n\n<p>Essenfelder, Renato; Ara\u00fajo, Daniel Ladeira de; C\u00e9sar, Tim\u00f3teo Camargo. &#8220;Da forma \u00e9tica \u00e0 a\u00e7\u00e3o \u00e9tica: riscos na ado\u00e7\u00e3o da intelig\u00eancia artificial em sala de aula&#8221;. In Educa\u00e7\u00e3o e tecnologias: forma\u00e7\u00e3o docente, intelig\u00eancia artificial e humanismo em tempos de desafios, editado por Cavazzani, Andr\u00e9 Luiz Moskaleski; Lopes, Lu\u00eds Fernando, 113-131. Curitiba, Brasil: Bagai, 2023.<\/p>\n\n\n\n<p>Eseng\u00f6n\u00fcl, M., de Paiva, A.C., Rodrigues, J. &amp; Cunha, A. (2023). <em>Diabetic Retinopathy Detection Using Convolutional Neural Networks for Mobile Use<\/em>. In Cunha, A., M. Garcia, N., Marx G\u00f3mez, J., Pereira, S. (eds) Wireless Mobile Communication and Healthcare. MobiHealth 2022. Lecture Notes of the Institute for Computer Sciences, Social Informatics and Telecommunications Engineering, vol 484. Springer, Cham. DOI: <a href=\"https:\/\/doi.org\/10.1007\/978-3-031-32029-3_2\">10.1007\/978-3-031-32029-3_2<\/a>. <a href=\"https:\/\/link.springer.com\/chapter\/10.1007\/978-3-031-32029-3_2\">PDF<\/a><\/p>\n\n\n\n<p><a><\/a>Fernandes-Marcos, A., Mucheroni, M. L., &amp; Pereira, S. (2023). A transdisciplinaridade na m\u00e9dia-arte digital enquanto processo de cria\u00e7\u00e3o-investiga\u00e7\u00e3o. Novos Olhares, 11(2), 205267. <a href=\"https:\/\/doi.org\/10.11606\/issn.2238-7714.no.2022.205267\">https:\/\/doi.org\/10.11606\/issn.2238-7714.no.2022.205267<\/a><\/p>\n\n\n\n<p>Flores, M. &amp; Ara\u00fajo. A. (2023). Using Off-the-Shelf AR and VR Software for Teaching Immersive Perspectives to 9th Grade Students. In <em>ArtsIT, Interactivity and Game Creation<\/em> (<em>Lecture Notes of the Institute for Computer Sciences, Social Informatics and Telecommunications Engineering<\/em>), Cham. Springer Nature Switzerland, 62\u201377. <a href=\"https:\/\/doi.org\/10.1007\/978-3-031-28993-4_5\"><strong>https:\/\/doi.org\/10.1007\/978-3-031-28993-4_5<\/strong><\/a><strong><u><\/u><\/strong><\/p>\n\n\n\n<p><a><\/a>Gavina, A., Martins, A. &amp; Silva, B. M. (2023). O Bom-Mau Filme: Um Fen\u00f3meno Subcultural. In Ara\u00fajo, D. &amp; Carrega, J. M. (eds.) Perspetivas Luso-Brasileiras em Artes e Comunica\u00e7\u00e3o (pp-327-346). CIC \/ CIAC.<\/p>\n\n\n\n<p>Gavina, A., Martins, A. &amp; Many, E. (2023). \u00d4 saisons, \u00f4 ch\u00e2teaux et Du c\u00f4t\u00e9 de la c\u00f4te: les films touristiques d&#8217;Agn\u00e8s Varda&#8221;. <em>ROTURA &#8211; Cinemas do Mediterr\u00e2neo, 3<\/em>(2) 28-39<\/p>\n\n\n\n<p>Gavina, A. (2023, novembro 28-30). <em>Cinema ou a persist\u00eancia da ilus\u00e3o: Uma v\u00eddeoinstala\u00e7\u00e3o entre pr\u00e9 e p\u00f3s cinema<\/em> [paper presentation] ARTECH2023: 11th International Conference on Digital and Interactive Arts, Faro.<\/p>\n\n\n\n<p>Guenka, L. C., Pelegrinelli, A. R. M., Silva, M. F., Bela, L. F. D., Carrasco, A. C., Cardoso, A. P. R. G., Trigo, C. F., Dias, J. M., Moura, F. A., McVeigh, J. G., &amp; Cardoso, J. R. (2023). Effects of isokinetic and proprioceptive training after lateral ankle ligament reconstruction: A case report. <em>Journal of Bodywork and Movement Therapies<\/em>, <em>33<\/em>, 1\u20137. <a href=\"https:\/\/doi.org\/10.1016\/j.jbmt.2023.04.065\">https:\/\/doi.org\/10.1016\/j.jbmt.2023.04.065<\/a><\/p>\n\n\n\n<p>Guerreiro, H., Branco, N., Vicente, M., &amp; Brito, S. (2023). Projetos numa aprendizagem matem\u00e1tica com sentido e para todos. <em>Educa\u00e7\u00e3o e Matem\u00e1tica<\/em>, <em>169<\/em>, 18-23.<\/p>\n\n\n\n<p><a><\/a><a><\/a>Jermias, S. V.; Carvalho, I. C. &amp; Soares, A.I. (2023). M\u00e9dia Arte Digital \u2013 O Link entre a Escola e a Cidadania Ativa. In <em>Rotura \u2013 Revista de Comunica\u00e7\u00e3o, Cultura e Artes. N\u00famero especial: Novas narrativas e literacia medi\u00e1tica: estrat\u00e9gias e experi\u00eancias para a cibercidadania<\/em>. ISSN: 2184- 8661. <a href=\"https:\/\/publicacoes.ciac.pt\/index.php\/rotura\/issue\/view\/37\/7\"><strong>https:\/\/publicacoes.ciac.pt\/index.php\/rotura\/issue\/view\/37\/7<\/strong><\/a><strong><u><\/u><\/strong><\/p>\n\n\n\n<p><a><\/a>Cristiana Lopes Gabriel; Ivan Miguel Pires; Paulo Jorge Coelho; Eftim Zdravevski; Petre Lameski; Hiren Mewada; Filipe Madeira; Nuno M. Garcia; Carlos Carreto. &#8220;Mobile and wearable technologies for the analysis of Ten Meter Walk Test: A concise systematic review&#8221;. Heliyon (2023): <a href=\"https:\/\/doi.org\/10.1016\/j.heliyon.2023.e16599\">https:\/\/doi.org\/10.1016\/j.heliyon.2023.e16599<\/a>.<\/p>\n\n\n\n<p>Lameira, F., &amp; Jo\u00e3o, M.R. (2023). &#8220;Ret\u00e1bulos \u00e0 romana&#8221;.<em> Promontoria Monogr\u00e1fica Hist\u00f3ria da Arte, 34.<\/em> Ed. do Departamento de Artes e Humanidades da Universidade do Algarve.<\/p>\n\n\n\n<p>Lameira, F., &amp; Jo\u00e3o, M. R. (2023). &#8220;Ret\u00e1bulos nas Dioceses da Guarda e de Viseu&#8221;. <em>Promontoria Monogr\u00e1fica Hist\u00f3ria da Arte, 35<\/em>. Ed. do Departamento de Artes e Humanidades da Universidade do Algarve.<\/p>\n\n\n\n<p>Lameira, F., &amp; Jo\u00e3o, M.R. (2023). &#8220;Ret\u00e1bulos no Mundo Portugu\u00eas: thesaurus&#8221;. <em>Promontoria Monogr\u00e1fica Hist\u00f3ria da Arte, 36<\/em>. Ed. do Departamento de Artes e Humanidades da Universidade do Algarve.<\/p>\n\n\n\n<p>Lameira, F. (2023). &#8220;Os Ret\u00e1bulos&#8221;,<em> Igreja Matriz de Pont\u00e9vel.<\/em> F\u00e9, Hist\u00f3ria e Patrim\u00f3nio, Pont\u00e9vel, pp. 57-62.<\/p>\n\n\n\n<p>Laranjinha, N. (2023). &#8220;De la fatigue \u00e0 la cr\u00e9ation chez Samuel Beckett&#8221; in &#8220;Lectures de la fatigue &#8211; entre pathologisation, critique sociale et cr\u00e9ations artistiques&#8221;, Paris: \u00c9ditions Le Manuscrit.<\/p>\n\n\n\n<p>Leite, D., Camara, J., Rodrigues, J.M.F., &amp; Cunha, A. (2023) <em>A Vision Transformer Approach to Fundus Image Classification<\/em>. Accepted in EAI International Conference on Wireless Mobile Communication and Healthcare. Nov. 29-30, Vila Real, Portugal<\/p>\n\n\n\n<p>Lopes-Neto, M., Fandos-Igado, M., &amp; C\u00f4rtes-Moreira, S. (2023). A igreja na sociedade em rede a partir de Manuel Castell. In <em>Manipulaci\u00f3n en im\u00e1genes visuales y sonoras en ficci\u00f3n y no ficci\u00f3n<\/em> (Coords. A. G\u00f3mez, D. Acle, &amp; M. R. Carballeda Camacho). N.\u00ba 119 de la colecci\u00f3n Conocimiento Contempor\u00e1neo, 1\u00aa edici\u00f3n, Editorial Dyckinson, Madrid.<a href=\"https:\/\/www.researchgate.net\/publication\/375642372_A_igreja_na_sociedade_em_rede_a_partir_de_Manuel_Castells#fullTextFileContent\"> https:\/\/www.researchgate.net\/publication\/375642372_A_igreja_na_sociedade_em_rede_a_partir_de_Manuel_Castells#fullTextFileContent<\/a><\/p>\n\n\n\n<p>Madeira, F., &amp; Pinto, P. (2023). Atas de resumos da Confer\u00eancia Impact Science\u201923 2023-10-[1-2]. <em>Revista Da UI_IPSantar\u00e9m<\/em>, <em>11<\/em>(3), 1\u2013137.<a href=\"https:\/\/doi.org\/10.25746\/ruiips.v11.i3.34129\"> <\/a><a href=\"https:\/\/doi.org\/10.25746\/ruiips.v11.i3.34129\">https:\/\/doi.org\/10.25746\/ruiips.v11.i3.34129<\/a><\/p>\n\n\n\n<p>Ana Malveira; Ana Faria Sousa; Ivo Jos\u00e9 Narciso Cust\u00f3dio; Paula Cristina Grilo Godinho; Vitor Hugo Gon\u00e7alves da Cruz; Madeira, Filipe. &#8220;As implica\u00e7\u00f5es das pol\u00edticas e-health na seguran\u00e7a dos dados dos utentes&#8221;. Revista da UIIPS 11 1 (2023): 1-22.<a href=\"https:\/\/revistas.rcaap.pt\/uiips\/article\/view\/31681\/23970\"> <\/a><a href=\"https:\/\/revistas.rcaap.pt\/uiips\/article\/view\/31681\/23970\">https:\/\/revistas.rcaap.pt\/uiips\/article\/view\/31681\/23970<\/a>.<\/p>\n\n\n\n<p>Marques, A., Amorim Silva, R.d., Madeira, F. (2023). The AmTriangle Meta-Dataset for Playing with Machine Learning. In: Mesquita, A., Abreu, A., Carvalho, J.V., de Mello, C.H.P. (eds) Perspectives and Trends in Education and Technology . Smart Innovation, Systems and Technologies, vol 320. Springer, Singapore.<a href=\"https:\/\/doi.org\/10.1007\/978-981-19-6585-2_2\"> <\/a><a href=\"https:\/\/doi.org\/10.1007\/978-981-19-6585-2_2\">https:\/\/doi.org\/10.1007\/978-981-19-6585-2_2<\/a><\/p>\n\n\n\n<p>Martins, A. &amp; Silva, B. M. (2023). Como se constr\u00f3i uma casa: Moving and Interactive Typography in Digital And Audiovisual Environments. Revista Novos Olhares: Dossier \u201cTecnologias de Inova\u00e7\u00e3o, 11(2), 49-60.<\/p>\n\n\n\n<p>Martins, A. &amp; Gavina, A. (2023). Harum Scarum: vale a pena ver o pior filme de Elvis Presley? In Carrega, J. M. (ed.) <em>Elvis Presley e a Cultura Popular do Sec. XX<\/em> (pp.125-163). CIAC.<\/p>\n\n\n\n<p>Martins, A.; Silva, B. M. (2023). Palavra-Imagem-Movimento: Subs\u00eddios da tipografia para o discurso art\u00edstico moderno e contempor\u00e2neo. <em>Rotura \u2013 Revista de Comunica\u00e7\u00e3o, Cultura e Artes<\/em>, V3(1). DOI: <a href=\"https:\/\/doi.org\/10.34623\/ghjk-mv49\">https:\/\/doi.org\/10.34623\/ghjk-mv49<\/a><\/p>\n\n\n\n<p>Martins, A. &amp; Silva, B. M. (2023). Text-Image-Movement-Interaction: written words and their artistic paradigms in video and virtual system. In Martins, N., Brand\u00e3o, D. &amp; Fernandes-Marcos, A. (ed.) <em>Perspectives on Design and Digital Communication<\/em> (pp.295-309). Springer.<\/p>\n\n\n\n<p>Martins, A., Silva, B.M. (2023). Digital Wor(l)ds: Using Dynamic Typography as a Mean of Artistic Expression in Digital and Audiovisual Settings. In: Martins, N., Brand\u00e3o, D. (eds) Advances in Design and Digital Communication III. DIGICOM 2022. Springer Series in Design and Innovation , vol 27. Springer, Cham. <a href=\"https:\/\/doi.org\/10.1007\/978-3-031-20364-0_66\">https:\/\/doi.org\/10.1007\/978-3-031-20364-0_66<\/a> (WoS) (Scopus).<\/p>\n\n\n\n<p>Martins, A., Gavina, A., &amp; Mendes da Silva, B. (2023). Publicidade nativa: Novos desafios para os consumidores online e o papel da literacia medi\u00e1tica e publicit\u00e1ria. <em>Rotura \u2013 Revista De Comunica\u00e7\u00e3o, Cultura E Artes<\/em>, 48-63. <a href=\"https:\/\/doi.org\/10.34623\/acmp-2e37\">https:\/\/doi.org\/10.34623\/acmp-2e37<\/a><\/p>\n\n\n\n<p>Martins, A., d&#8217;Orey, R., Carrega, J., Silva, B. M. (2023). The Faro Museum poster collection: Demo of a prototype for a digital exhibit.<em> In Proceedings of Artcech2023 \u2013 Digital Creation Processes, 11st International Conference on Digital and Interactive Arts, Proceedings I \u2013 Short Papers. <\/em>Association for Computing Machinery, New York, NY, USA<em>. ISBN: 979-8-4007-0872-5.<\/em> (Scopus)<\/p>\n\n\n\n<p>Mestre, R.; Veiga, P.A. &amp; Orey, R. (2023). Um passeio sonoro interativo para a promo\u00e7\u00e3o de autorreconhecimento. In <em>Proceedings of UbiMus2023 International Symposium on Ubiquitous Music<\/em>, Derry, Ireland.<\/p>\n\n\n\n<p>Nogueira, P., Pestana, J., &amp; Carvalho, A. (Eds.). (2023). Disrupting surveillance: media arts practice for a reimagined future. <em>Media Practice and Education, 24<\/em>(2), 105-112. <a href=\"https:\/\/doi.org\/10.1080\/25741136.2023.2217319\" target=\"_blank\" rel=\"noreferrer noopener\">https:\/\/doi.org\/10.1080\/25741136.2023.2217319<\/a><\/p>\n\n\n\n<p><a><\/a>Novoa Fern\u00e1ndez, O. (2023). La creatividad centrada en el alumno: competencia digital y medi\u00e1tica en el aprendizaje del espa\u00f1ol\/LE. Via Docendi. Vol. 4. Competencias digitales en la sociedad de la informaci\u00f3n: adaptaciones, innovaciones y experiencias. <a href=\"https:\/\/spdc.ulpgc.es\/coleccion\/via-docendi\/\">https:\/\/spdc.ulpgc.es\/coleccion\/via-docendi\/<\/a><\/p>\n\n\n\n<p>Novais, Rui, Cardoso, Pedro J.S. &amp; Rodrigues, Jo\u00e3o M. F. (2023). <em>Emotion Classification from Speech by an Ensemble Strategy<\/em>.In Procs of the 10th International Conference on Software Development and Technologies for Enhancing Accessibility and Fighting Info-exclusion (DSAI &#8217;22). Association for Computing Machinery, New York, NY, USA, 85\u201390. DOI: <a href=\"https:\/\/dl.acm.org\/doi\/10.1145\/3563137.3563170\">10.1145\/3563137.3563170<\/a> <a href=\"https:\/\/dl.acm.org\/doi\/pdf\/10.1145\/3563137.3563170\">PDF<\/a><strong><u><\/u><\/strong><\/p>\n\n\n\n<p>Novak, S., \u00c7\u0131rakl\u0131, M. Z., Mehan, A., &amp; Quinteiro, S. (2023). The Narrative Identity of European Cities in Contemporary Literature . <em>Journal of Narrative and Language Studies<\/em>, 11(22), IV-VIII.<a href=\"https:\/\/doi.org\/10.59045\/nalans.2023.24\"> <\/a><a href=\"https:\/\/doi.org\/10.59045\/nalans.2023.24\">https:\/\/doi.org\/10.59045\/nalans.2023.24<\/a><a href=\"https:\/\/nalans.com\/index.php\/nalans\/article\/view\/804\"> <\/a><a href=\"https:\/\/nalans.com\/index.php\/nalans\/article\/view\/804\">https:\/\/nalans.com\/index.php\/nalans\/article\/view\/804<\/a><strong><u><\/u><\/strong><\/p>\n\n\n\n<p>L. F. Olivero, P. A. Veiga, A. B. Ara\u00fajo, P. Dourado, &amp; B. M. Silva (Eds.). (2023). <em>Proceedings of ARTECH 2023, 11th International Conference on Digital and Interactive Arts: Digital Creation Processes<\/em>. ACM Digital Library.<\/p>\n\n\n\n<p>Olivero, L. &amp; Ara\u00fajo., A.(2023). Enhancing the Teaching of Spherical Perspective with Spheri. In <em>Proceedings of the 20th International Conference on Culture and Computer Science: Code and Materiality<\/em>, September 28, 2023, Lisbon Portugal. ACM, Lisbon Portugal, 1\u201311. <a href=\"https:\/\/doi.org\/10.1145\/3623462.3624637\"><strong>https:\/\/doi.org\/10.1145\/3623462.3624637<\/strong><\/a> (to appear)<\/p>\n\n\n\n<p>Olivero, L.; Veiga, P.A.; Ara\u00fajo, A.; Silva, B. &amp; Dourado, P. (Eds.) (2023). <em>Proceedings of ARTECH 2023, the 11th International Conference on Digital and Interactive Arts: Digital Creation Processes<\/em>. ACM &#8211; Digital Library.<\/p>\n\n\n\n<p>Olivero, L. (2023). [IN]Musicality: A Collection of VR Drawings and Music as an Artistic Application of Hybrid Immersive Models. In <em>ArtsIT, Interactivity and Game Creation<\/em>, Anthony L. Brooks (ed.). Springer Nature Switzerland, Cham, 3\u201321. <a href=\"https:\/\/doi.org\/10.1007\/978-3-031-28993-4_1\">https:\/\/doi.org\/10.1007\/978-3-031-28993-4_1<\/a><\/p>\n\n\n\n<p>Oliveira, J. &#8220;Cinemas africanos contempor\u00e2neos: demandas e reflex\u00f5es&#8221;. In: Hist\u00f3ria do Cinema: dos prim\u00f3rdios ao cinema contempor\u00e2neo.2 ed.Coimbra: Edi\u00e7\u00f5es 70, 2023, v.1, p. 401-441.Olivero, L. (2023).\u201cSpheri v1. A Body Tracking Artefact to Interact with Spherical Perspective Drawings Made on-the-Fly.\u201d In <em>Proceedings of ACM ARTECH Conference (ARTECH2023)<\/em>. Faro Portugal: ACM Press, 2023. <a href=\"https:\/\/doi.org\/10.1145\/3632776.3632824\">https:\/\/doi.org\/10.1145\/3632776.3632824<\/a> (to appear)<\/p>\n\n\n\n<p>Oliveira, J. &#8220;Republica di Mininus \/ The Children\u2019s Republic (2012), Flora Gomes A (des)Cicatriz de M\u00e3o-de-ferro [01:12:20 \/ 01:13:25]&#8221;. In. ARA\u00daJO, Nelson. Os 100 Melhores Planos do Cinema &#8211; 100 Autores, 100 Planos. Coimbra, Editora: Edi\u00e7\u00f5es 70, 2023, p.225-239.<\/p>\n\n\n\n<p>Oliveira, J. &#8220;Nossa inspira\u00e7\u00e3o deve vir dos aspectos positivos da nossa sociedade&#8221;: discurso e mem\u00f3ria de Am\u00edlcar Cabral nos filmes de Flora Gomes. In. Dariva, Renata. Afica em cena: perspectivas cr\u00edticas sobre cinematografias africanas. Passo Fundo\/Rio Grande do Sul: Acervos, 2023, p. 105-138. Dispon\u00edvel em: <a href=\"https:\/\/www.acervuseditora.com.br\/nossasobras\/africaemcena\">https:\/\/www.acervuseditora.com.br\/nossasobras\/africaemcena<\/a>.<\/p>\n\n\n\n<p>Oliveira, J. (Ed.) (2023). Monogr\u00e1fico sobre cines africanos. COMUNICACI\u00d3N. Revista Internacional de Comunicaci\u00f3n Audiovisual, Publicidad y Estudios Culturales, 21(2). Dispon\u00edvel em:<a href=\"https:\/\/revistascientificas.us.es\/index.php\/Comunicacion\/issue\/view\/1497\/744\"> <\/a><a href=\"https:\/\/revistascientificas.us.es\/index.php\/Comunicacion\/issue\/view\/1497\/744\">https:\/\/revistascientificas.us.es\/index.php\/Comunicacion\/issue\/view\/1497\/744<\/a><\/p>\n\n\n\n<p>Ortega Borges, F., &amp; Tuzzo, S. (2022). Agencias y Consultor\u00edas de Comunicaci\u00f3n y Relaciones P\u00fablicas: datos y hechos del sector en Portugal. Revista Internacional De Relaciones P\u00fablicas, 12(24), 103\u2013128. <a href=\"https:\/\/doi.org\/10.5783\/revrrpp.v12i24.778\">https:\/\/doi.org\/10.5783\/revrrpp.v12i24.778<\/a><\/p>\n\n\n\n<p><a><\/a>Paula, L.; Nascimento, A. &amp; Carvalho, I.C. (2023). Experimenta\u00e7\u00f5es digitais em temporalidades hist\u00f3ricas. Perspectivas decoloniais da Serra do Lenheiro. <em>ARTECH 2023 \u2013 Digital Creation Processes, is the 11th International Conference on Digital and Interactive Arts<\/em>. November 28-30.<\/p>\n\n\n\n<p>Perfeito, A., Silva, B. M. (2023). Live Cinema: Composing Linear Narratives through Untouchable Interfaces and the Performers\u2019 Body Movements. <em>In Proceedings of Artcech2023 \u2013 Digital Creation Processes, 11st International Conference on Digital and Interactive Arts, Proceedings I \u2013 Short Papers. <\/em>Association for Computing Machinery, New York, NY, USA<em>. ISBN: 979-8-4007-0872-5.<\/em> (Scopus)<\/p>\n\n\n\n<p>Pereira, A. C., Soares, A. I., Barroso, E. P., Nogueira, P. (2023). \u201cSpeculum \u2013 Descripci\u00f3n de un proyecto\u201d in Ram\u00e9, J., Cucinotta, C. (Coord.). <em>Cine: Femenino del plural. Mujeres y pr\u00e1cticas creativas en el \u00e1mbito ib\u00e9rico.<\/em> Madrid: Editorial Sind\u00e9resis, pp. 159-186. ISBN: 9788410120044.<\/p>\n\n\n\n<p>Pereira, A. C., Cucinotta, C. e Soares, A. I. (2023). \u201cDeixa-me Ser Eu: A po\u00e9tica da desobedi\u00eancia materializada em corpos, rostos e objetos\u201d, in Mello, C. M., Neto, P. L. da C., Coqueiro, W. dos S. (Org.). <em>Sociedade e Desenvolvimento: interfaces sociais, art\u00edsticas e culturais da condi\u00e7\u00e3o feminina na atualidade.<\/em> Campo Mour\u00e3o: Editora FECILCAM, pp. 114-128.<\/p>\n\n\n\n<p>Pereira, J. P. (2023). Mia Couto: entre a cidade e o ex\u00edlio, em Jesusal\u00e9m. <em>Veredas: Revista da Associa\u00e7\u00e3o Internacional de Lusitanistas, 40<\/em>, 193\u2013219. <a href=\"https:\/\/doi.org\/10.24261\/2183-816x1440\">https:\/\/doi.org\/10.24261\/2183-816&#215;1440 <\/a><\/p>\n\n\n\n<p>Pereira, J. P. (2023). Mia Couto: uma escrita na voz \u2013 aprendendo com a chuva\u2026 <em>Veredas: Revista da Associa\u00e7\u00e3o Internacional de Lusitanistas, 39<\/em>, 96\u2013118. <a href=\"https:\/\/doi.org\/10.24261\/2183-816x0739\">https:\/\/doi.org\/10.24261\/2183-816&#215;0739<\/a><\/p>\n\n\n\n<p>Pinto, C.; Bessa, D.; Merciano, S; Narra, A.; Pereira, A; Silva, M.; Madeira, F. &#8220;Ciberseguran\u00e7a na perspetiva dos Profissionais de Sa\u00fade&#8221;. Revista da UIIPS UI_IPSantar\u00e9m 11 1 (2023): 1-13.<a href=\"https:\/\/revistas.rcaap.pt\/uiips\/article\/view\/27712\"> <\/a><a href=\"https:\/\/revistas.rcaap.pt\/uiips\/article\/view\/27712\">https:\/\/revistas.rcaap.pt\/uiips\/article\/view\/27712<\/a>.<\/p>\n\n\n\n<p>Pinto, J. (2023). <em>Educa\u00e7\u00e3o, cinema e redes sociais: uma investiga\u00e7\u00e3o sobre o Plano Nacional de Cinema<\/em> (Tese de doutoramento, Universidade Aberta).<\/p>\n\n\n\n<p>Piscalho, I., &amp; Cola\u00e7o, S. (2023). Resolu\u00e7\u00e3o de problemas matem\u00e1ticos em contexto colaborativo na inf\u00e2ncia: experi\u00eancia(s) de regula\u00e7\u00e3o partilhada e autorregula\u00e7\u00e3o da aprendizagem na forma\u00e7\u00e3o inicial. <em>Medi@\u00e7\u00f5es<\/em>, <em>11<\/em>(1), 107\u2013123. https:\/\/doi.org\/10.60546\/mo.v11i1.385<\/p>\n\n\n\n<p>Piscalho, I., Cola\u00e7o, S., Seixas, S., &amp; Silva, F. (2023). <em>Conjunto de Materiais: Educa\u00e7\u00e3o Inclusiva. M\u00f3dulo 3: Desenho Universal para a Aprendizagem<\/em>. Minist\u00e9rio da Educa\u00e7\u00e3o \/ Dire\u00e7\u00e3o-Geral da Educa\u00e7\u00e3o.<\/p>\n\n\n\n<p>Piscalho, I., Lu\u00eds, H., Seixas, S. &amp; Hamido, G. (2023). Cuidar desde o In\u00edcio: um programa de qualifica\u00e7\u00e3o para o Sistema Nacional de Interven\u00e7\u00e3o Precoce na Inf\u00e2ncia. Livro de Atas da VII Confer\u00eancia Internacional para a Inclus\u00e3o. I Confer\u00eancia de Tecnologias de Apoio e Acessibilidade.<\/p>\n\n\n\n<p>Piscalho, I., Cola\u00e7o, S., Papp\u00e1mikail, L., Correia, M. &amp; Cardoso, I. (2023). Formar para incluir: um programa nacional de capacita\u00e7\u00e3o de formadores. Livro de Atas da VII Confer\u00eancia Internacional para a Inclus\u00e3o. I Confer\u00eancia de Tecnologias de Apoio e Acessibilidade.<\/p>\n\n\n\n<p>Olivero, L. F., &amp; Ara\u00fajo, A. B. (Eds.). (2023). <em>Proceedings of the 20th International Conference on Culture and Computer Science: Code and Materiality<\/em>. Association for Computing Machinery. New York, NY, USA.<\/p>\n\n\n\n<p>Quinteiro, S.; Silva, A. C. S. (2023). The evolution of tourism in the Algarve as depicted in Manuel da Fonseca&#8217;s Algarvian Chronicles, <em>Journal of Tourism History<\/em>, 15:3, 257-269, DOI: 10.1080\/1755182X.2023.2270979<\/p>\n\n\n\n<p>Quinteiro, S.; Marques, M. J. (2023). Turismo liter\u00e1rio em Portugal e no Brasil: recursos, modalidades e oportunidades. In Gilda Santos, Ida Alves, Andreia Castro (orgs.) <em>Gentes e paisagens luso-brasileira<\/em>s (479- 492). Rio de Janeiro: Numa Editora.<\/p>\n\n\n\n<p>Quinteiro, S.; Marques, M. J.; Santos, M. S. (2023). The sublime tourist experience: the case of African slaves in Lagos. In Sara Pascoal; Laura Tallone &amp; Marco Furtado (eds.) <em>Dark Heritage Tourism in the Iberian Peninsula <\/em>(pp.112-126). Tyne: Cambridge Scholars Publishing.<\/p>\n\n\n\n<p>Quinteiro, S.; Marques, M. J. (2023). <em>Obras de Jos\u00e9 Dias Sancho, vol 6.<\/em> Prosa breve, correspond\u00eancia, entrevistas e teatro. Guimar\u00e3es, Portugal: Opera Omnia.<\/p>\n\n\n\n<p>Quinteiro, S.; Marques, M. J. (2023). Obras de Jos\u00e9 Dias Sancho, vol 5. <em>Cr\u00f3nicas e Confer\u00eancias.<\/em> Guimar\u00e3es, Portugal: Opera Omnia. (ISBN: 978-989-88858-94-8)<\/p>\n\n\n\n<p>Ramos, C.M.Q., &amp; Rodrigues, J.M.F. (2023). <em>SNUX2.0: A Social Network Model for Cohort Behaviour Analysis as Support for Purchasing Tourism Products and Services<\/em>. Journal of Relationship Marketing, DOI: 10.1080\/15332667.2023.2191245 <a href=\"https:\/\/www.tandfonline.com\/doi\/epdf\/10.1080\/15332667.2023.2191245?needAccess=true&amp;role=button\">PDF<\/a><\/p>\n\n\n\n<p>Ramos, C.M.Q. Cardoso, P.J.S., Fernandes, H. <strong>&amp; <\/strong>Rodrigues, J.M.F. <strong>(2023). <\/strong><em>A Decision-Support System to Analyse Customer Satisfaction Applied to a Tourism Transport Service, <\/em><strong>Multimodal Techn<\/strong>ologies and Interaction 7(1), 5. DOI: <a href=\"https:\/\/doi.org\/10.3390\/mti7010005\">10.3390\/mti7010005<\/a> <a href=\"https:\/\/www.mdpi.com\/2414-4088\/7\/1\/5\/pdf\">PDF<\/a><\/p>\n\n\n\n<p>Relat\u00f3rio (2023). Projeto <em>\u201cEduca\u00e7\u00e3o Inclusiva\u201d <\/em>(PREDEP13710\/2022\/DGE-DSEEAS-PROC.2067\/2022). Coordena\u00e7\u00e3o: Susana Cola\u00e7o &amp; Isabel Piscalho<\/p>\n\n\n\n<p>R\u00e9zio, S.,Cavadas, B., Nogueira, J., &amp; Branco (2023). Cria\u00e7\u00e3o e aplica\u00e7\u00e3o de materiais pedag\u00f3gicos inclusivos, no ensino b\u00e1sico, para alunos com cegueira ou com baixa vis\u00e3o. In J. Sousa, L. Vicente, &amp; N. F. Marques (Orgs.), <em>Livro de Atas da INCLUDIT &#8211; VII Confer\u00eancia Internacional para a Inclus\u00e3o &#8211; e CTecA &#8211; I Confer\u00eancia de Tecnologias de Apoio e Acessibilidade &#8211; 2023 <\/em>(pp. 129-136). Polit\u00e9cnico de Leiria | Escola Superior de Educa\u00e7\u00e3o e Ci\u00eancias Sociais.<\/p>\n\n\n\n<p>Rodrigues, S. (2023). Terminologia e vulgariza\u00e7\u00e3o \u2013 estudo de caso: UAlgoritmo (Disserta\u00e7\u00e3o de mestrado). Nome da Institui\u00e7\u00e3o, Local da Institui\u00e7\u00e3o.<\/p>\n\n\n\n<p>Rodrigues, J.M.F., Cardoso, P.J.S., &amp; Chinnici, M. (2023) <em>Artificial Intelligence Applications and Innovations: Day-to-Day Life Impact. <\/em>Accepted in Applied Sciences, 13(23):12742. <a href=\"https:\/\/doi.org\/10.3390\/app132312742\">https:\/\/doi.org\/10.3390\/app132312742<\/a> <a href=\"https:\/\/www.mdpi.com\/2076-3417\/13\/23\/12742\">Link<\/a><\/p>\n\n\n\n<p>Rodrigues, J.M.F. &amp; Cardoso, P.J.S. (2023). <em>Body-Focused Expression Analysis: A Conceptual Framework<\/em>. In: Antona, M., Stephanidis, C. (eds) Universal Access in Human-Computer Interaction. HCII 2023. Lecture Notes in Computer Science, vol 14021. Springer, Cham. DOI: <a href=\"https:\/\/doi.org\/10.1007\/978-3-031-35897-5_42\">10.1007\/978-3-031-35897-5_42<\/a> <a href=\"https:\/\/link.springer.com\/chapter\/10.1007\/978-3-031-35897-5_42\">PDF<\/a><\/p>\n\n\n\n<p>Rosa, Armando N. (2023). <em>Obra Dram\u00e1tica Completa de Nat\u00e1lia Correia<\/em>. Coordena\u00e7\u00e3o, introdu\u00e7\u00e3o cr\u00edtica e notas. Lisboa: Imprensa Nacional \u2013 Casa da Moeda.<\/p>\n\n\n\n<p>Rosa, Armando N. (2023). \u00ab\u201dFado de la Censure\u201d: Un exemple rare de la po\u00e9sie d\u2019intervention politique destin\u00e9e \u00e0 \u00eatre chant\u00e9e dans l\u2019\u0153uvre de Fernando Pessoa\u201d. Tradu\u00e7\u00e3o de Clara Ploux. Cap\u00edtulo do livro, com coordena\u00e7\u00e3o de Clemence Faug\u00e8re, Vincent Mugnier, e Fran\u00e7oise Sylvos: <em>Censure et Taboo<\/em>. Paris: Classiques Garnier [pp. 139-148].<\/p>\n\n\n\n<p>Rosa, Armando N. (2023). <em>Barbo \u2013 Salvar Gaia rumo a Yod<\/em> (Uma expedi\u00e7\u00e3o c\u00e9nica no espa\u00e7o), seguido de \u201cBarbo\u201d, de Nat\u00e1lia Correia. Set\u00fabal: Teatro Est\u00fadio Fontenova.<\/p>\n\n\n\n<p>Rosa, M.P., Sousa, N., <strong>Rodrigues, J.<\/strong>, Cavaleiro, R., Lamar\u00e3o, H. (2023). <strong><em>Sustainable Bus Stop for Inclusive and Smart Cities<\/em><\/strong>. In: Semi\u00e3o, J.F.L.C., Sousa, N.M.S., da Cruz, R.M.S., Prates, G.N.D. (eds) INCREaSE 2023. INCREaSE 2023. Advances in Sustainability Science and Technology. Springer, Cham. <a href=\"https:\/\/doi.org\/10.1007\/978-3-031-44006-9_18\">https:\/\/doi.org\/10.1007\/978-3-031-44006-9_18<\/a> <a href=\"https:\/\/link.springer.com\/chapter\/10.1007\/978-3-031-44006-9_18\">Link<\/a><\/p>\n\n\n\n<p><a><\/a>Salgueiro da Silva, A.; Marques, M. &amp; Quinteiro, S. (Eds.) (2023). <em>Obras de Jos\u00e9 Dias Sancho \u2013 Cr\u00f3nicas e Confer\u00eancias<\/em>. Guimar\u00e3es: Opera Omnia.<\/p>\n\n\n\n<p>Salgueiro da Silva, A. (2023). \u201cO romance matrimonial na fic\u00e7\u00e3o de Oitocentos\u201d. In <em>Revista de Letras: UTAD \u2013 Estudos Liter\u00e1rios<\/em>, s\u00e9rie III, n\u00ba 6 (29-49), Vila Real: Universidade de Tr\u00e1s-os-Montes e Alto Douro\/Departamento de Letras Artes e Comunica\u00e7\u00e3o, <a href=\"https:\/\/revistadeletras.utad.pt\/index.php\/revistadeletras\/article\/view\/296\/201\">https:\/\/revistadeletras.utad.pt\/index.php\/revistadeletras\/article\/view\/296\/201<\/a><\/p>\n\n\n\n<p>Salgueiro da Silva, A. (2023). \u201cDe Lisboa a Santar\u00e9m com Almeida Garrett\u201d. In <em>P\u00e1ginas Paisagens Luso-Brasileiras em Movimento<\/em>. Niter\u00f3i: Universidade Federal Fluminense, <a href=\"https:\/\/wp5.libware.net\/autores\/almeida-garrett\/de-lisboa-a-santarem-com-almeida-garrett\/\">https:\/\/wp5.libware.net\/autores\/almeida-garrett\/de-lisboa-a-santarem-com-almeida-garrett\/<\/a><\/p>\n\n\n\n<p>Salgueiro da Silva, A. (2023). \u201cO rio e a plan\u00edcie: uma perspetiva tur\u00edstico\u2011liter\u00e1ria sobre o Tejo e a Lez\u00edria\u201d. In <em>Resumos e Notas Biogr\u00e1ficas <\/em>\u2013 Ciclo de Confer\u00eancias \u201cA Vala de Azambuja: mem\u00f3ria e sustentabilidade\u201d: Azambuja.<\/p>\n\n\n\n<p>Salgueiro da Silva, A.; Santos, I.; Marques, M.; Almeida, M.; Sousa, P. &amp; Quinteiro, S. (2023). Revista <em>Lit&amp;Tour: International Journal of Literature and Tourism Research<\/em> (IJLTR): Special Issue: Literature, Tourism and Waterscapes. CIAC \u2013 Centro de Investiga\u00e7\u00e3o em Artes e Comunica\u00e7\u00e3o (Universidade do Algarve), <a href=\"https:\/\/publicacoes.ciac.pt\/index.php\/litntour\/issue\/view\/30\/5\">https:\/\/publicacoes.ciac.pt\/index.php\/litntour\/issue\/view\/30\/5<\/a><\/p>\n\n\n\n<p>Santos, P.,Silva, B. M<strong>.<\/strong> (2023). The Weight of Water: Digital Artefact to blow the whistle on mental health issues in swimming athletes. In<em> Proceedings of Artech2023 \u2013 Digital Creation Processes, 11st International Conference on Digital and Interactive Arts, Proceedings I \u2013 Short Papers. Association for Computing Machinery<\/em>, New York, NY, USA. ISBN: 979-8-4007-0872-5. <strong>(Scopus)<\/strong><\/p>\n\n\n\n<p>Sapucaia, R.; Vieira, C.; Santos, I.G., Tavares, M. (2023). Da performance digital \u00e0 ciberperformance: Transforma\u00e7\u00e3o, transposi\u00e7\u00e3o e inova\u00e7\u00e3o. <em>Rotura- Revista de Comunica\u00e7\u00e3o, Cultura e Artes.<\/em> V.3, N\u00ba 1., p.12-27. Dispon\u00edvel em <a href=\"https:\/\/publicacoes.ciac.pt\/index.php\/rotura\/article\/view\/135\"><strong>https:\/\/publicacoes.ciac.pt\/index.php\/rotura\/article\/view\/135<\/strong><\/a>.<\/p>\n\n\n\n<p>Sapucaia, R. (2023). Quintal dos sons: A bridge between Porto and the Vale do Jequitinhonha.<em> Proceedings of the 6th International Symposium of New Music | SiMN 2023.<\/em>Editors: Dr. Felipe de Almeida Ribeiro; Dr. Ricardo Thomasi. State University of Paran\u00e1 | Brazil \u2013 2023. 70 f. 10.5281\/zenodo.10052098.<\/p>\n\n\n\n<p>Sapucaia, R; Tavares, M. (2023). Live cinema and its potential as a resource for online classes. <em>Proceedings of the Avanca Cinema-2023- 14th International Conference Cinema <\/em>&#8211; Art, Technology, Communication, Avanca.<\/p>\n\n\n\n<p>Savarese, N. (2023). O Teatro Eurasi\u00e1tico. (Original em italiano; Soares, A. I. Trad.). Guimar\u00e3es: H\u00famus e Teatro Nacional de S\u00e3o Jo\u00e3o.<\/p>\n\n\n\n<p>Seabra de Carvalho, A. A. (2023). <em>A Noite e o Momento, ou as Matinas de Citera. Di\u00e1logo (tradu\u00e7\u00e3o do romance hom\u00f4nimo de Claude Cr\u00e9billon, seguida de um posf\u00e1cio)<\/em>. Coimbra: Gr\u00e1cio Editor.256 pp. ISBN: 978-989-53971-5-0.<\/p>\n\n\n\n<p>Seabra de Carvalho, A. A. (2023). \u201cO Feiti\u00e7o do Ouro\u201d, in Carvalho, J. (coord.), <em>Saligia. Os Sete Pecados Capitais na Literatura e no Cinema<\/em>. (pp. 35-60). Coimbra: Gr\u00e1cio Editor. ISBN: 978-989-53971-6-7<\/p>\n\n\n\n<p>Seabra de Carvalho, A. A. (2023). &#8220;Quatro Elogios da Pregui\u00e7a&#8221;. In J.C.F.A. de Carvalho (Ed.), <em>Saligia. Os Sete Pecados Capitais na Literatura e no Cinema<\/em> (pp. 141-164). Coimbra: Gr\u00e1cio Editor. ISBN: 978-989-53971-6-7<\/p>\n\n\n\n<p>Seabra de Carvalho, A. A. (2023). Crime e mist\u00e9rio ao redor do Pianista de Truffaut. <em>Rotura \u2013 Revista De Comunica\u00e7\u00e3o, Cultura E Artes<\/em>, 3(2), 40-51.<a href=\"https:\/\/doi.org\/10.34623\/erns-a530\"> <\/a><a href=\"https:\/\/doi.org\/10.34623\/erns-a530\">https:\/\/doi.org\/10.34623\/erns-a530<\/a><\/p>\n\n\n\n<p>Soares, A. I. (2023). [Nota breve] in Figueiredo, J. R. e TAMEN, M. (eds.). <em>A Admira\u00e7\u00e3o pela Admira\u00e7\u00e3o: Ensaios para Ant\u00f3nio M. Feij\u00f3<\/em>. Lisboa: Tinta da China, p. 350. ISBN: 9789896717551.<\/p>\n\n\n\n<p>Silva, B. M. Et al. (2023). <em>Artech2023 \u2013 Digital Creation Processes, 11stInternational Conference on Digital and Interactive Arts, Proceedings I \u2013 Short Papers<\/em>, ACM. ISBN: 979-8-4007-0872-5 (suporte impresso).<\/p>\n\n\n\n<p>Silva, B. M. Et al. (2023). <em>Artech2023 \u2013 Digital Creation Processes, 11stInternational Conference on Digital and Interactive Arts, Proceedings II \u2013 Long Papers<\/em>, ACM. ISBN: 979-8-4007-0872-5 (suporte impresso).<\/p>\n\n\n\n<p>Silva, B.M. (2023). Interactive Film: Forking Paths to a Complete Audiovisual Experience. In: Brooks, A.L. (eds) Creating Digitally. Intelligent Systems Reference Library, vol 241. Springer, Cham. <a href=\"https:\/\/doi.org\/10.1007\/978-3-031-31360-8_15\">https:\/\/doi.org\/10.1007\/978-3-031-31360-8_15<\/a>. (WoS) (Scopus).<\/p>\n\n\n\n<p>Silva, M.J., Branco, N., &amp; Pessoa, A. M. (Coord.) (2023). <em>Do ensino remoto de emerg\u00eancia \u00e0 inova\u00e7\u00e3o pedag\u00f3gica em tr\u00eas Escolas Superiores de Educa\u00e7\u00e3o em Portugal. <\/em>Escola Superior de educa\u00e7\u00e3o, Instituto Polit\u00e9cnico de Lisboa. ISBN: 978-989-8912-20-6<a href=\"https:\/\/doi.org\/10.34629\/ipl\/eselx\/ebook.014\"> <\/a><a href=\"https:\/\/doi.org\/10.34629\/ipl\/eselx\/ebook.014\">https:\/\/doi.org\/10.34629\/ipl\/eselx\/ebook.014<\/a><\/p>\n\n\n\n<p>Soares, A. I. (2023). \u201cJacquot de Nantes (1991) Agn\u00e8s Varda\u201d, in Ara\u00fajo, N. (coord.). <em>Os 100 Melhores Planos do Cinema: 100 autores, 100 planos. <\/em>Edi\u00e7\u00f5es 70, pp. 27-30.<\/p>\n\n\n\n<p>Soares, A. I. (2023). [nota breve] in Figueiredo, J. R. e Tamen, M. (Eds<em>.). A Admira\u00e7\u00e3o pela Admira\u00e7\u00e3o: Ensaios para Ant\u00f3nio M. Feij\u00f3<\/em>. Tinta da China, p. 350. ISBN: 9789896717551.<\/p>\n\n\n\n<p>Soares, A. I. (2023). \u201cAd astra per aspera \u2013 at\u00e9 ao sublime atrav\u00e9s do abjeto\u201d, pref\u00e1cio a Wojnarowic, D. <em>Mem\u00f3rias com Cheiro a Gasolina. <\/em>Barco B\u00eabado, pp. 7-13. Dep\u00f3sito legal: 515928\/23.<\/p>\n\n\n\n<p>Soares, A. I. (2023). \u201cMargarida Gil: Quatro d\u00e9cadas de fic\u00e7\u00e3o para cinema\u201d in Liz, M. e Owen, H. (Eds.). <em>Realizadoras Portuguesas: Cinema no feminino na era contempor\u00e2nea<\/em>.: Imprensa de Ci\u00eancias Sociais, pp. 81-104. ISBN: 9789726717362.<\/p>\n\n\n\n<p>Soares, A. I. (2023). \u201c\u2018Our Families\u2019 by Marta Pinto: An Audiovisual Essay on \u2018A Portuguese Farewell\u2019 and \u2018Tokyo Story\u2019. Journal of Science and Technology of the Arts, 15(1), pp. 82-85. (<a href=\"https:\/\/doi.org\/10.34632\/jsta.2023.13301\"><strong>https:\/\/doi.org\/10.34632\/jsta.2023.13301<\/strong><\/a>)<\/p>\n\n\n\n<p>Tavares, C.; Vieira, A.; Silva, B. M. (2023). Screendance B\u00e1rbara and its Poetics of BBC Dialogues, or Between Body, Beliefs and the City. Revista Brasileira de Estudos da Presen\u00e7a. V13, n\u00ba2. E-ISSN 2237-2660.<\/p>\n\n\n\n<p>Tavares, M. (2023). O porvir do corpo na arte: entre a omnipresen\u00e7a e a fragmenta\u00e7\u00e3o. In Cavalcante J\u00fanior, F. S. (Org.). <em>Porvires.<\/em> Editora CRV.<\/p>\n\n\n\n<p>Tavares, M., Dourado, P., Santos, A. C., Soares, A. I. &amp; Salles, C. (2023). Forma\u00e7\u00e3o transversal na \u00e1rea dos Processos de Cria\u00e7\u00e3o: Pr\u00e1ticas educacionais entrela\u00e7adas na P\u00f3s-Gradua\u00e7\u00e3o em Processos de Cria\u00e7\u00e3o da Universidade do Algarve. <em>Manuscr\u00edtica \u2013 Revista De Cr\u00edtica Gen\u00e9tica, 48,<\/em> 127-134.<\/p>\n\n\n\n<p>Tavares, M. &amp; Wexel, J. (2023) Performing the city from the cyberspace. In K. Havik, D. Milian Bernal, C. Machado e Moura, E. Restrepo &amp; L. Niculae (Eds.). <em>Repository: 49 methods and assignments for writing urban places.<\/em> Nai 010 Publishers.<\/p>\n\n\n\n<p>Tavares, M. &amp; Cassita, R. (2023). Pressupostos para uma experi\u00eancia cinem\u00e1tica expandida. <em>Olhares \u2013 Revista de Estudos Sobre Pr\u00e1ticas de Recep\u00e7\u00e3o a Produtos Midi\u00e1ticos, 11<\/em>(2), 131-140.<\/p>\n\n\n\n<p>Teixeira, Leonor; Cardoso, Irene; Oliveira e S\u00e1, Jorge; Madeira, Filipe. &#8220;Are Health Information Systems Ready for the Digital Transformation in Portugal? Challenges and Future Perspectives&#8221;. Healthcare 11 5 (2023): 712.<a href=\"http:\/\/dx.doi.org\/10.3390\/healthcare11050712\"> <\/a><a href=\"http:\/\/dx.doi.org\/10.3390\/healthcare11050712\">http:\/\/dx.doi.org\/10.3390\/healthcare11050712<\/a>.<\/p>\n\n\n\n<p>Travasso, R. (2023). The Clarinet as a Tangible Acoustic Interface: New Features. <em>The Barcelona Conference on Arts, Media &amp; Culture 2023: Official Conference Proceedings<\/em>, 67\u201378. <a href=\"https:\/\/doi.org\/10.22492\/issn.2435-9475.2023.6\">https:\/\/doi.org\/10.22492\/issn.2435-9475.2023.6<\/a><\/p>\n\n\n\n<p>Travasso, R. (2023). <em>Anamorfoses Art\u00edsticas na M\u00fasica: A Media\u00e7\u00e3o Transformadora da M\u00e9dia-Arte Digital na Perce\u00e7\u00e3o do Artista e da Performance Musical<\/em>. Universidade Aberta e Universidade do Algarve.<\/p>\n\n\n\n<p>Trigo, Clara. (2023). <em>Po\u00e9tica de instabilidade na videodan\u00e7a tudo \u00e9 ch\u00e3o<\/em>. In: Anais da Jornada de Pesquisa em Artes C\u00eanicas. Anais. Jo\u00e3o Pessoa (PB) UFPB- CCTA, 2022. https\/\/<a href=\"http:\/\/www.even3.com.br\/anais\/XIJornadaIIColoquio\/538764-POETICA-DE-INSTABILIDADE-NA-VIDEODANCA-TUDO-E-CHAO\">www.even3.com.br\/anais\/XIJornadaIIColoquio\/538764-POETICA-DE-INSTABILIDADE-NA-VIDEODANCA-TUDO-E-CHAO<\/a>. ISSN 2358-6877<\/p>\n\n\n\n<p>Trigo, C; Veiga, P.A. &amp; Santana, I. (2023). Poetics of Instability: Subversion of Gravity through Digital Performative Art. <em>In Proceedings of ARTECH 2023 \u2013 Digital Creation Processes, 11th International Conference on Digital and Interactive Arts<\/em>, Faro, Portugal.<\/p>\n\n\n\n<p>Braga, C. F., &amp; Tuzzo, S. A. (2023). Pref\u00e1cio. In D. Stasiak, L. Casaroli, &amp; M. Carareto (Orgs.), <em>Perspectivas da pesquisa e dos pesquisadores em Rela\u00e7\u00f5es P\u00fablicas na atualidade<\/em> [E-book]. Cegraf UFG. <a href=\"https:\/\/files.cercomp.ufg.br\/weby\/up\/688\/o\/EBOOK_RP_final_02.10.23.pdf\" rel=\"noreferrer noopener\" target=\"_blank\">https:\/\/files.cercomp.ufg.br\/weby\/up\/688\/o\/EBOOK_RP_final_02.10.23.pdf<\/a><\/p>\n\n\n\n<p>Martins, C. H., Temer, A. C. R. P., &amp; Tuzzo, S. A. (2023). O [re]pensar da comunica\u00e7\u00e3o organizacional a partir de Niklas Luhmann. In R. M. R. Borges &amp; D. F. Cordeiro (Orgs.), <em>XVII Semin\u00e1rio Internacional de M\u00eddia, Cultura, Cidadania e Informa\u00e7\u00e3o<\/em> (pp. 723\u2013743). PPGCOM.<\/p>\n\n\n\n<p>Siller, C. B., Borges, F. O., &amp; Tuzzo, S. A. (2023). Agencias y consultoras de comunicaci\u00f3n y relaciones p\u00fablicas portuguesas: Estudio de las deficiencias y falta de profesionalizaci\u00f3n. In J. S. S\u00e1nchez &amp; F. C. Lorenzo (Eds.), <em>Desaf\u00edos y retos de las redes sociales en el ecosistema de la comunicaci\u00f3n<\/em> (Vol. 2). McGraw-Hill Interamericana de Espa\u00f1a. <a href=\"https:\/\/dialnet.unirioja.es\/servlet\/libro?codigo=924690\" rel=\"noreferrer noopener\" target=\"_blank\">https:\/\/dialnet.unirioja.es\/servlet\/libro?codigo=924690<\/a><\/p>\n\n\n\n<p>Temer, A. C. R. P., &amp; Tuzzo, S. A. (2023). Tempestades de ver\u00e3o e tormentas pol\u00edticas: Entre a exposi\u00e7\u00e3o cr\u00edtica e a cr\u00edtica da exposi\u00e7\u00e3o. In L. Signates &amp; R. Borges (Orgs.), <em>Tempestade perfeita: Os desafios da democracia e da comunica\u00e7\u00e3o em contextos turbulentos<\/em>. Cegraf UFG.<\/p>\n\n\n\n<p>Tuzzo, S. A. (2023). <em>Comunica\u00e7\u00e3o e rela\u00e7\u00f5es p\u00fablicas: Percep\u00e7\u00f5es, estudos e pr\u00e1ticas<\/em> (A. G. A. N. C\u00e9sar &amp; F. M. Santos, Orgs.). Cegraf UFG.<\/p>\n\n\n\n<p>Tuzzo, S. A., &amp; Braga, C. F. (2023). A constru\u00e7\u00e3o identit\u00e1ria em ambientes midiatizados: O papel das m\u00eddias sociais digitais. In C. M. K. Peruzzo, V. Ribeiro, &amp; H. Lima (Orgs.), <em>XVII Congresso Ibercom 2022: Comunica\u00e7\u00e3o, identidades e di\u00e1logo na cidade mediatizada<\/em> (pp. 323\u2013337). Assibercom. <a href=\"https:\/\/doi.org\/10.21747\/978-989-8970-61-9\/com\" rel=\"noreferrer noopener\" target=\"_blank\">https:\/\/doi.org\/10.21747\/978-989-8970-61-9\/com<\/a><\/p>\n\n\n\n<p>Tuzzo, S. A., &amp; Temer, A. C. R. P. (2023). N\u00e3o \u00e9 uma aventura! Aspectos de uma cobertura telejornal\u00edstica sobre um crime na Amaz\u00f4nia. In C. M. K. Peruzzo, V. Ribeiro, &amp; H. Lima (Orgs.), <em>XVII Congresso Ibercom 2022: Comunica\u00e7\u00e3o, identidades e di\u00e1logo na cidade mediatizada<\/em> (pp. 760\u2013773). Assibercom. <a href=\"https:\/\/doi.org\/10.21747\/978-989-8970-61-9\/com\" rel=\"noreferrer noopener\" target=\"_blank\">https:\/\/doi.org\/10.21747\/978-989-8970-61-9\/com<\/a><\/p>\n\n\n\n<p>Tuzzo, S. A., Braga, C. F., &amp; Santos, I. G. (2023). The metaphenomenon as a genesis in the triangulation process of qualitative research in the digital age: The reframing of the object. Em A. P. Costa, A. Moreira, F. Freitas, K. Costa, &amp; G. Bryda (Orgs.), <em>Computer Supported Qualitative Research. WCQR 2023<\/em> (Vol. 688, pp. 121-132). Springer. <a href=\"https:\/\/doi.org\/10.1007\/978-3-031-31346-2_8\">https:\/\/doi.org\/10.1007\/978-3-031-31346-2_8<\/a><\/p>\n\n\n\n<p>Tuzzo, S.; Santos, I.G., &amp; Fernandes Braga, C.(2023). The Dialogical Character of Qualitative Research. <em>New Trends in Qualitative Research<\/em>, 19, e864.<a href=\"https:\/\/doi.org\/10.36367\/ntqr.19.2023.e864\"> <\/a><a href=\"https:\/\/doi.org\/10.36367\/ntqr.19.2023.e864\">https:\/\/doi.org\/10.36367\/ntqr.19.2023.e864<\/a>.<\/p>\n\n\n\n<p>Tuzzo, S., Santos, I.G.; Fernandes Braga, C., Sousa Vieira, C., &amp; Ferreira Cirino, J. A. (2023). Rela\u00e7\u00f5es p\u00fablicas e o processo de celebriza\u00e7\u00e3o na \u00e1rea da sa\u00fade. Cadernos De Comunica\u00e7\u00e3o, 27(3).<a href=\"https:\/\/doi.org\/10.5902\/2316882X84226\"> <\/a><a href=\"https:\/\/doi.org\/10.5902\/2316882X84226\">https:\/\/doi.org\/10.5902\/2316882X84226<\/a><\/p>\n\n\n\n<p>Tuzzo, S.; Temer, A. P. (2022). Se voc\u00ea virar um jacar\u00e9, \u00e9 problema seu! O riso, o caos e o grotesco a partir dos memes. <em>Revista Estudos em Jornalismo e M\u00eddia<\/em> &#8211; UFSC. v. 19 n. 2. <a href=\"https:\/\/doi.org\/10.5007\/1984-6924.2022.79324\">https:\/\/doi.org\/10.5007\/1984-6924.2022.79324<\/a>.<\/p>\n\n\n\n<p>Tuzzo, S., Fernandes Braga, C., Santos, I.G. (2023). &#8220;The Metaphenomenon as a Genesis in the Triangulation Process of Qualitative Research in the Digital Age: The Reframing of the Object&#8221;. In Computer Supported Qualitative Research, 121-132. Portugal: Springer International Publishing, 2023. <a href=\"https:\/\/doi.org\/10.1007\/978-3-031-31346-2_8\">&nbsp;<\/a><a href=\"https:\/\/doi.org\/10.1007\/978-3-031-31346-2_8\">https:\/\/doi.org\/10.1007\/978-3-031-31346-2_8<\/a><\/p>\n\n\n\n<p>Tuzzo, S.; Santos, I.; Braga, C.; &amp; Vieira, C. &amp; Cirino, J. (2023). Rela\u00e7\u00f5es p\u00fablicas e o processo de celebriza\u00e7\u00e3o na \u00e1rea da sa\u00fade. <em>Cadernos de Comunica\u00e7\u00e3o, <\/em>ed n.3 v.27, UFSM. 10.5902\/2316882X84226<\/p>\n\n\n\n<p><a><\/a>Uva, Marta &amp; Piscalho, Isabel. Relat\u00f3rio Anual da Coordena\u00e7\u00e3o de Curso Licenciatura em Educa\u00e7\u00e3o B\u00e1sica, Ano Letivo 2022\/23, Escola Superior de Educa\u00e7\u00e3o do Instituto Polit\u00e9cnico de Santar\u00e9m.<\/p>\n\n\n\n<p>Uva, Marta &amp; Piscalho, Isabel. Relat\u00f3rio de Follow-Up para Acredita\u00e7\u00e3o do Curso de Licenciatura em Educa\u00e7\u00e3o B\u00e1sica Da Escola Superior De Educa\u00e7\u00e3o Do Instituto Polit\u00e9cnico de Santar\u00e9m. 2023, PROCESSO ACEF\/1819\/0218367 (forma\u00e7\u00e3o de educadores\/professores nas \u00e1reas de forma\u00e7\u00e3o 144)<\/p>\n\n\n\n<p>Veiga, R. &amp; Rodrigues, J.M.F. (2023) <em>Fine-Grained Fish Species Image Classification<\/em>. In Procs 29th Portuguese Conference on Pattern Recognition, 27 Oct., Coimbra, Portugal, pp. 73-74.<\/p>\n\n\n\n<p>Veiga, P.A.; Ara\u00fajo, A. &amp; Bidarra, J. (Eds.) (2023). M\u00e9dia-Arte Digital. <em>Rotura- Revista de Comunica\u00e7\u00e3o, Cultura e Artes<\/em>, 3(1). Edi\u00e7\u00f5es CIAC. Faro, Portugal. https:\/\/publicacoes.ciac.pt\/index.php\/rotura\/issue\/view\/31<\/p>\n\n\n\n<p>Veiga, P. A. (2023). Intersec\u00e7\u00f5es est\u00e9ticas e po\u00e9ticas no artivismo contempor\u00e2neo: arte computacional, audiovisual e generativa. <em>Novos Olhares<\/em> 11(2): 205276. 10.11606\/issn.2238-7714.no.2022.205276.<\/p>\n\n\n\n<p>Veiga, P.A.; Ara\u00fajo, A. &amp; Bidarra, J. (2023). M\u00e9dia-Arte Digital: Ampliando Conceitos. Pref\u00e1cio in <em>Rotura, Revista de Comunica\u00e7\u00e3o, Cultura e Artes<\/em>, 3(1), 8-11. CIAC, Faro, Portugal.<\/p>\n\n\n\n<p>Veiga, P.A. (2023). Post-fake artivism: how activism and art can break reflexivity. <em>Science, Technology and Society for a Post-Truth Age<\/em>, Emine Onculer Yayalar &amp; Melike Sahinol (Eds.), 213-240. Vernon Press.<\/p>\n\n\n\n<p>Veiga, P.A. (2023). Generative Video Art. Creating Digitally &#8211; Shifting Boundaries: Arts and Technologies &#8211; Contemporary Applications and Concepts, Anthony Brooks (Ed.), 241-266. Springer International Publishing. 10.1007\/978-3-031-31360-8_9<\/p>\n\n\n\n<p>Veiga, P.A. (2023). Comunica\u00e7\u00e3o, Arte e Tecnologia em Elearning: A Experi\u00eancia do Doutoramento em M\u00e9dia-Arte Digital. Passado, Presente e Futuro(s) do eLearning emPortugal: 10 anos do eLIES, Lina Morgado; Jos\u00e9<\/p>\n\n\n\n<p>Veiga, P.A. (2023). Generative Ominous Dataset: Testing the Current Public Perception of Generative Art. In <em>Proceedings of KUI &#8217;23: 20th International Conference on Culture and Computer Science: Code and Materiality<\/em>, Lisbon, Portugal. 10.1145\/3623462.3623475<\/p>\n\n\n\n<p>Veiga, P.A. (2023). Contemporary Net Art in \u2018The Everywhere Museum of Everything\u2019. <em>Proceedings of POR.POL.NET Colloquium, Lisbon, Portugal.<\/em><em><\/em><\/p>\n\n\n\n<p>Veiga, P.A. (2023). The Name of G.O.D.: Generative Ominous Datset. In <em>Proceedings of III Encontro Internacional Lus\u00f3fono Todas As Artes<\/em> | Todos Os Nomes, Porto, Portugal.<\/p>\n\n\n\n<p>Viegas, S. (2023), Cultural Heritage(s) and the Right to the City. A View from Lisbon and Luanda. In LOPES, Nuno; ROSSA, Walter and JER\u00d3NIMO, Miguel Bandeira (Orgs), <em>Other Landscapes of Cultural Heritage(s): history and politics<\/em>. University of Coimbra Press, chapter 5, 341-361.<\/p>\n\n\n\n<p>Viegas, S. (2023), Refugiados e espa\u00e7os de inclus\u00e3o. Entrevista com Alexander Kpatue Kweh, <em>Revista LAJE, dossier Cidades Africanas, Cidades, Ra\u00e7as e Emerg\u00eancias na \u00c1frica e na Di\u00e1spora<\/em>, 1(3), 98-123. https:\/\/periodicos.ufba.br\/index.php\/laje\/article\/view\/58329\/30804<\/p>\n\n\n\n<p>Vieira, C. &amp; Santos, I. (2023) \u201c&#8217;Les traductions de Zola au Portugal et en Roumanie : similitudes et asym\u00e9tries.\u201d <em>Transilvania<\/em>, no. 10. pp. 27-33. https:\/\/doi.org\/10.51391\/trva.2023.10.03., https:\/\/revistatransilvania.ro\/wp-content\/uploads\/2023\/12\/RT10-2023-vieira.pdf (Scopus)<\/p>\n\n\n\n<p>Wexel, J.; Tavares, M. (2023). Performing the city from cyberspace: CyberPerformanCity. In: <em>Repository. <\/em><em>49 Methods and Assignments for Writing Urban Places<\/em>. Bernal, D. Milian; Moura, C. Machado e Moura; Restrepo, E.; Niculae, L. (eds.). EU COST Action, nai010 publishers: Rotterdam, Netherlands.<\/p>\n\n\n\n<p>Wexel, J. &amp; Silva, B. M. Tavares, M. (2023). Aesthetic Reflections on Artificial Intelligence in Video Art: Report on the Creation of the Cyberperformance Aretusa Vox. <em>The 10th International Conference on Arts and Humanities<\/em>, ICOAH 2023, Book of Abstracts, Bangkok, Thailand. ISBN: 978-624-5746-43-9.<\/p>\n\n\n\n<p>Wojnarowic, D. (2023). <em>Mem\u00f3rias com Cheiro a Gasolina.<\/em> (Original em ingl\u00eas; Soares, A. I., Trad.). Lisboa: Barco B\u00eabado.<\/p>\n\n\n\n<p>Tavares, M. &amp; Dourado, P. (2023, no prelo). Writing, Rewriting and Co-Creation: The Screenwriting Process of Anna Muylaert\u2019s Film \u2018The Second Mother\u2019 Over 20 Years \u2013 In Search of a Different Ending for the Female Characters. In Welch, R. &amp; Ferrel, R. <em>Women Who Write Our World: Shaping Global Screen Culture.<\/em> Intellect Books.<\/p>\n\n\n\n<p>Tavares, M. &amp; Dourado, P. (2023, no prelo). Comer o entorno, mastigar o artif\u00edcio: Relatos (implicados) sobre uma fic\u00e7\u00e3o viva. In Carrega, J. &amp; Varoni, P. <em>ALMA \u2013 Audiovisual, Literatura, Modernismo e Antropofagia.<\/em> Edi\u00e7\u00f5es CIAC.<\/p>\n\n\n\n<p><a><\/a>Tavares, M. (2023, no prelo). Alentejo, Alentejo. In F. Ros\u00e1rio &amp; J. Duarte (Eds.). <em>Natureza e cinema portugu\u00eas no S\u00e9culo XXI.<\/em> Sistema Solar.<\/p>\n\n\n\n<p><a><\/a><a><\/a>Piscalho, I. &amp; Veiga Sim\u00e3o, A. (no prelo). Observar, refletir e narrar: ciclos estrat\u00e9gicos de a\u00e7\u00e3o autorregulada como processo formativo e de promo\u00e7\u00e3o da aprendizagem das crian\u00e7as. Investiga\u00e7\u00e3o e Interven\u00e7\u00e3o em Psicologia da Educa\u00e7\u00e3o. Programa de Doutoramento Interuniversit\u00e1rio em Psicologia, Psicologia da Educa\u00e7\u00e3o. Universidade de Lisboa e Coimbra.<\/p>\n\n\n\n<p>Silva, B. M. (no prelo). Interactive Film: Forking Paths to a complete audiovisual experience. Creating Digitally \u2013 Shifting Boundaries: Arts and Technologies \u2013 contemporary applications and concepts. Intelligent Systems Reference Library. Springer. (WoS) (Scopus).<\/p>\n\n\n\n<p>Silva, B. M. (no prelo). Interactive Film: Forking Paths to a complete audiovisual experience. Creating Digitally \u2013 Shifting Boundaries: Arts and Technologies \u2013 contemporary applications and concepts. Intelligent Systems Reference Library. Springer. (WoS) (Scopus).<\/p>\n<\/div><\/div>\n\n\n\n<div class=\"wp-block-advgb-accordion-item advgb-accordion-item\" style=\"margin-bottom:15px\"><div class=\"advgb-accordion-header\" style=\"background-color:#ffffff;color:#000000;border-style:solid;border-width:0px;border-color:#ffffff\"><span class=\"advgb-accordion-header-icon\"><svg fill=\"#000000\" xmlns=\"http:\/\/www.w3.org\/2000\/svg\" width=\"24\" height=\"24\" viewBox=\"0 0 24 24\"><path fill=\"none\" d=\"M0,0h24v24H0V0z\"><\/path><path d=\"M6,10c-1.1,0-2,0.9-2,2s0.9,2,2,2s2-0.9,2-2S7.1,10,6,10z M18,10c-1.1,0-2,0.9-2,2s0.9,2,2,2s2-0.9,2-2S19.1,10,18,10z M12,10c-1.1,0-2,0.9-2,2s0.9,2,2,2s2-0.9,2-2S13.1,10,12,10z\"><\/path><\/svg><\/span><h2 class=\"advgb-accordion-header-title\" style=\"color:inherit\">2022<\/h2><\/div><div class=\"advgb-accordion-body\" style=\"border-style:solid !important;border-width:0px !important;border-color:#ffffff !important;border-top:none !important\">\n<p>Almeida, A. B.; Arg\u00f4lo, I. R. B. (2022). O material educativo \u201cAprendendo a fazer quadrinhos com a turma do \u00c1quila\u201d: Da produ\u00e7\u00e3o do metaquadrinho \u00e0 sua apresenta\u00e7\u00e3o. In A. X. Braga Jr. &amp; T. Modenesi. (Orgs.), Quadrinhos &amp; Educa\u00e7\u00e3o (Vol. 6, pp. 138-156). Quadriculando.<\/p>\n\n\n\n<p>Almeida, Cl\u00e1udia; Martins, Jo\u00e3o C.; Gon\u00e7alves, Alexandra R.; Quinteiro, S\u00edlvia; Gasparini, Maria L. (2022). <em>Handbook of Research on Cultural Tourism and Sustainability. <\/em>IGI Global.<\/p>\n\n\n\n<p>Alvelos, H, Pereira, J. Veiga, P.A, &amp; Barreto, S. (2022) Mediations between scientific knowledge and cognitive bias: employing semantic assets and semiotic tools of communication design in media content circulation. <em>Atas da IV Confer\u00eancia Internacional Comunicar Ci\u00eancia<\/em>, Covilh\u00e3.<\/p>\n\n\n\n<p>Ara\u00fajo, A. B.; Olivero, L. F. (2022). How to draw a virtual cubical perspective box. In D. Reimann, D. Norton, &amp; E. Torrence (Eds.), <em>Proceedings of bridges 2022: Mathematics, art, music, architecture, culture<\/em> (pp. 475\u2013480). Tessellations Publishing. <a href=\"http:\/\/archive.bridgesmathart.org\/2022\/bridges2022-475.html\" target=\"_blank\" rel=\"noreferrer noopener\">http:\/\/archive.bridgesmathart.org\/2022\/bridges2022-475.html<\/a><\/p>\n\n\n\n<p>\u00c2rgolo, I.; Silva, B. M.; Borges, G. (2022). The Video Installation Rejeitorio: Inspirations, Work, Exhibitions, and Public Reception. <em>International Journal of Art, Culture, Design and Technology<\/em> (IJACDT), V11 (3), pp.1-14. DOI: <a href=\"http:\/\/dx.doi.org\/10.4018\/ijacdt.316135\">http:\/\/dx.doi.org\/10.4018\/ijacdt.316135<\/a><\/p>\n\n\n\n<p>Arg\u00f4lo, I. (2022). Rejeitorio [Videoinstala\u00e7\u00e3o]. InTangibilidades Digitais. Antigo Convento do Esp\u00edrito Santo, Loul\u00e9, Portugal.<\/p>\n\n\n\n<p>BASTOS, Dorotea S;PIMENTEL, L. C. M. (2022). Por uma dramaturgia dos CorposImagem em movimento na Dan\u00e7a Digital: agrade\u00e7amos a Lo\u00efe Fuller. LO\u00cfE. <em>Revista de Danza, performance y nuevos medios<\/em>, v. 1, p.1.<\/p>\n\n\n\n<p>BASTOS, Dorotea S.. (2022). Corpo, dan\u00e7a e as po\u00e9ticas audiovisuais. In: Ana Rosa Marques; Angelita Bogado; Fernanda Martins; Guilherme Sarmiento. (Org.). Cinema e vida em curso. 1ed.Cachoeira: EDUFRB, v. 1, pp. 261-274.<\/p>\n\n\n\n<p>BASTOS, Dorotea S.;   CRUZ, M. V. P. (2022) . Dire\u00e7\u00e3o de arte e realismo fant\u00e1stico. In: Ana Rosa Marques; Angelita Bogado; Fernanda Martins; Guilherme Sarmiento. (Org.). Cinema e vida em curso. 1ed.Cachoeira: EDUFRB, v. , pp. 275-290.<\/p>\n\n\n\n<p>Bernardino, I., Bidarra, J., Baptista, R.J.V.; Mamede, H. (2022). Senior Citizens Learning Safe Behaviors on the Web: A Case Study Involving an Online Educational Game. In N. Geada, &amp; G. Jamil (Ed.), <em>Digital Active Methodologies for Educative Learning Management, <\/em>IGI Global, pp. 163-189. <a href=\"https:\/\/doi.org\/10.4018\/978-1-6684-4706-2.ch008\">https:\/\/doi.org\/10.4018\/978-1-6684-4706-2.ch008<\/a><\/p>\n\n\n\n<p>Bidarra, J.; Rocio, V. (2022). Online gamification devices as extensions of the educational printed book. In G. Ubachs (Ed.) <em>The Envisioning Report for Empowering Universities<\/em> (pp. 15-17). Maastricht, NL: EADTU. Dispon\u00edvel em:  <a href=\"https:\/\/zenodo.org\/record\/6576471#.YozdDJPMJ3I\">https:\/\/zenodo.org\/record\/6576471#.YozdDJPMJ3I<\/a><\/p>\n\n\n\n<p>Bogalheiro, J. (2022). <em>Se Confinado Um Espectador o cinema como metamorfose da experi\u00eancia interior<\/em>. Documenta.<\/p>\n\n\n\n<p>Bogalheiro, J. (2022). As mulheres do doce tempo. <em>\u00c0 Pala de Walsh,<\/em> sec. Cr\u00f3nicas, do \u00c1lbum que me Coube em Sorte. <a href=\"https:\/\/apaladewalsh.com\/2022\/01\/as-mulheres-do-doce-tempo\/\">https:\/\/apaladewalsh.com\/2022\/01\/as-mulheres-do-doce-tempo\/<\/a>.<\/p>\n\n\n\n<p>Bogalheiro, J. (2022). As mulheres que n\u00e3o veremos duas vezes. <em>\u00c0 Pala de Walsh<\/em>. 20 de fevereiro de 2022, sec. CR\u00d3NICAS, DO \u00c1LBUM QUE ME COUBE EM SORTE. <a href=\"https:\/\/apaladewalsh.com\/2022\/02\/as-mulheres-que-nao-veremos-duas-vezes\/\">https:\/\/apaladewalsh.com\/2022\/02\/as-mulheres-que-nao-veremos-duas-vezes\/<\/a>.<\/p>\n\n\n\n<p>Bogalheiro, J. (2022). Estando o tempo do amor contado. <em>\u00c0 Pala de Walsh<\/em>. 20 de mar\u00e7o de 2022, sec. CR\u00d3NICAS, DO \u00c1LBUM QUE ME COUBE EM SORTE. <a href=\"https:\/\/apaladewalsh.com\/2022\/03\/estando-o-tempo-do-amor-contado\/\">https:\/\/apaladewalsh.com\/2022\/03\/estando-o-tempo-do-amor-contado\/<\/a>.<\/p>\n\n\n\n<p>Bogalheiro, J. (2022). A mulher do quadro que a chuva apagou. <em>\u00c0 Pala de Walsh<\/em>. 17 de abril de 2022, sec. CR\u00d3NICAS, DO \u00c1LBUM QUE ME COUBE EM SORTE. <a href=\"https:\/\/apaladewalsh.com\/2022\/04\/a-mulher-do-quadro-que-a-chuva-apagou\/\">https:\/\/apaladewalsh.com\/2022\/04\/a-mulher-do-quadro-que-a-chuva-apagou\/<\/a>.<\/p>\n\n\n\n<p>Bogalheiro, J. (2022). Respigar at\u00e9 ao fim da ceifa. <em>\u00c0 Pala de Walsh<\/em>. 16 de maio de 2022, sec. CR\u00d3NICAS, DO \u00c1LBUM QUE ME COUBE EM SORTE. <a href=\"https:\/\/apaladewalsh.com\/2022\/05\/respigar-ate-ao-fim-da-ceifa\/\">https:\/\/apaladewalsh.com\/2022\/05\/respigar-ate-ao-fim-da-ceifa\/<\/a>.<\/p>\n\n\n\n<p>Bogalheiro, J. (2022). Tudo vertiginosamente se eleva. <em>\u00c0 Pala de Walsh<\/em>. 19 de junho de 2022, sec. CR\u00d3NICAS, DO \u00c1LBUM QUE ME COUBE EM SORTE. <a href=\"https:\/\/apaladewalsh.com\/2022\/06\/tudo-vertiginosamente-se-eleva\/\">https:\/\/apaladewalsh.com\/2022\/06\/tudo-vertiginosamente-se-eleva\/<\/a>.<\/p>\n\n\n\n<p>Bogalheiro, J. (2022). Desenho a lume, se me perguntam. <em>\u00c0 Pala de Walsh<\/em>. 17 de julho de 2022, sec. CR\u00d3NICAS, DO \u00c1LBUM QUE ME COUBE EM SORTE. <a href=\"https:\/\/apaladewalsh.com\/2022\/07\/desenho-a-lume-se-me-perguntam\/\">https:\/\/apaladewalsh.com\/2022\/07\/desenho-a-lume-se-me-perguntam\/<\/a><\/p>\n\n\n\n<p>Bonacho, F.; Martins, A. F.; Santos, H.; Mar\u00f4po, L.; Bonixe, L.; S\u00e1, S. d. (2022). Reading the world: journalism, communication, and I. <em>The Journal of Media Literacy \u2013 Research Symposium Issue<\/em>. <a href=\"https:\/\/ic4ml.org\/journal-of-media-literacy\/issues\/the-journal-of-media-literacy-research-symposium-issue\/\">https:\/\/ic4ml.org\/journal-of-media-literacy\/issues\/the-journal-of-media-literacy-research-symposium-issue\/<\/a><\/p>\n\n\n\n<p>Borges, G.; Costa, S. &amp; Siligiano, D. (2022), Comparative Study of the Transmedia Element in Esports. In Torres-Toukoumidis, A. (Ed.), <em>Esports and the Media Challenges and Expectations in a Multi-Screen Society<\/em>, pp.69-84. Routledge. <a href=\"https:\/\/doi.org\/10.4324\/9781003273691\">https:\/\/doi.org\/10.4324\/9781003273691<\/a><\/p>\n\n\n\n<p>Borges, G.; Sigiliano, D.; Ramos, E.; Garcia, J.; Vieira, L.; Furtuoso, G.; Soares, M.; Santos, N. (2022). A qualidade e a compet\u00eancia midi\u00e1tica na fic\u00e7\u00e3o seriada contempor\u00e2nea no Brasil e em Portugal. 1ed., Coimbra: Gracio Editor, 256p.<\/p>\n\n\n\n<p>Borges, G.; Sigiliano, D. (2022). As dimens\u00f5es da compet\u00eancia midi\u00e1tica na produ\u00e7\u00e3o e consumo de fanfics da s\u00e9rie brasileira As Five. Redes sociales y ciudadan\u00eda: Ciberculturas para el aprendizaje, edited by Aguaded, I., Vizca\u00edno-Verd\u00fa, A., Hernando-G\u00f3mez, A., &amp; Bonilla-del-R\u00edo, M. 1 ed., Vol. 1, Huelva: Grupo Comunicar Ediciones, p. 687-694. <a href=\"https:\/\/www.grupocomunicar.com\/pdf\/redes-sociales-y-ciudadania-2022\/Alfamed-actas-088.pdf\">https:\/\/www.grupocomunicar.com\/pdf\/redes-sociales-y-ciudadania-2022\/Alfamed-actas-088.pdf<\/a><\/p>\n\n\n\n<p>Borges, G.; Sigiliano, D. (Org.) (2022). Caderno Tem\u00e1tico Fic\u00e7\u00e3o Seriada Brasileira: Miniss\u00e9ries. 1. ed. Juiz de Fora: Editora UFJF, 126p. <a href=\"https:\/\/observatoriodoaudiovisual.com.br\/blog\/caderno-tematico-ficcao-seriada-minisseries\/\">https:\/\/observatoriodoaudiovisual.com.br\/blog\/caderno-tematico-ficcao-seriada-minisseries\/<\/a><\/p>\n\n\n\n<p>Borges, G.; Lima, L.; Oliveira, L. (Org.) (2022) Caderno Tem\u00e1tico Fic\u00e7\u00e3o Seriada Brasileira: Infantis. 1. ed. Juiz de Fora: Editora UFJF, 162p. <a href=\"https:\/\/observatoriodoaudiovisual.com.br\/blog\/caderno-tematico-ficcao-seriada-brasileira-infantis\/\">https:\/\/observatoriodoaudiovisual.com.br\/blog\/caderno-tematico-ficcao-seriada-brasileira-infantis\/<\/a><\/p>\n\n\n\n<p>Borges, G.; Sigiliano, D. (2022). Limantha fandom activism on Twitter: media competence analysis about social issues discussions. Comunicaci\u00f3n y Sociedad., v.2022, 1-24. <a href=\"https:\/\/comunicacionysociedad.cucsh.udg.mx\/index.php\/comsoc\/article\/view\/e8299\">https:\/\/comunicacionysociedad.cucsh.udg.mx\/index.php\/comsoc\/article\/view\/e8299<\/a><\/p>\n\n\n\n<p>Branco, P.; Soberano, M. (2022). Gamifica\u00e7\u00e3o como elemento de motiva\u00e7\u00e3o e engagement, aplicada \u00e0 Metodologia \u00c1gil Scrum: Ci\u00eancias Exatas e da Engenharia. <em>Revista Da UI_IPSantar\u00e9m<\/em>, 10(1), e27354. <a href=\"https:\/\/doi.org\/10.25746\/ruiips.v10.i1.27354\">https:\/\/doi.org\/10.25746\/ruiips.v10.i1.27354<\/a><\/p>\n\n\n\n<p>Brand\u00e3o, P.; Branco, P. (2022). Cybersecurity risk management in the industry 4.0. <em>International Journal of Scientific Research and Management<\/em>, 10(03), pp.747\u2013754. <a href=\"https:\/\/doi.org\/10.18535\/ijsrm\/v10i3.ec01\">https:\/\/doi.org\/10.18535\/ijsrm\/v10i3.ec01<\/a><\/p>\n\n\n\n<p>Cabral, S., Piscalho, I.; Seixas, S. (2022). Mindfulness na Educa\u00e7\u00e3o Pr\u00e9-escolar e no 1.\u00ba Ciclo do Ensino B\u00e1sico: Um Estudo Explorat\u00f3rio. InCardona, M.J., &amp; Linhares, E. (Coord.), <em>A investiga\u00e7\u00e3o na forma\u00e7\u00e3o inicial de professores <\/em>(pp. 124-139). Santar\u00e9m: Instituto Polit\u00e9cnico de Santar\u00e9m \u2013 Escola Superior de Educa\u00e7\u00e3o (ISBN 978-989-54983-8-3). Dispon\u00edvel: <a href=\"http:\/\/hdl.handle.net\/10400.15\/4015\">http:\/\/hdl.handle.net\/10400.15\/4015<\/a><\/p>\n\n\n\n<p>Cantinho, B.; Rosa, T. (2022). Ad Extra: a case study. Performance Research, vol. 26, issue 4, un (knowns). Ed: Scott de Lahunta, Hetty Blades, Lucia Piquero Alvarez. Routledge. UK.<\/p>\n\n\n\n<p>Cantinho, B.; Rosa, T. (2022). ARQUIVO ATL\u00c2NTICO: scripts, notes, letters and conversations. Posthogeschool voor Podiumkunsten vzw, a.pass \u2013 advanced performance and scenography studies. BE<\/p>\n\n\n\n<p>Carmo, C. (2022). Vozes e gestualidades do trabalho nas cr\u00f3nicas urbanas de Irene Lisboa, in Carmo, C.; Frias, J.; Pimentel, M. C.; Nobre, R.; Patr\u00edcio, R. (coord.), <em>Presen\u00e7a e Mem\u00f3ria. Homenagem a Paula Mor\u00e3o<\/em>, Lisboa, Colibri, 2022, pp. 87-99. ISBN: 978-989-566-153-4.<\/p>\n\n\n\n<p>Carmo, C. (2022). A letra da tabuleta do cronista Jos\u00e9 Saramago, <em>O Escritor<\/em>. Associa\u00e7\u00e3o Portuguesa de Escritores, 3\u00aa. s\u00e9rie, n\u00ba. 7. Julho 2022, pp. 59-70. ISSN. 0872-6310<\/p>\n\n\n\n<p>Carmo, C. (2022). Joaquim Namorado: um canto de livres compromissos, <em>JL-Jornal de Letras, Artes e Ideias<\/em>, n\u00ba. 1346, 4-7 Maio 2022, pp. 16-17. ISSN 0872-3540<\/p>\n\n\n\n<p>Carmo, C. (2022). Cerromaior, um romance neo-realista nas m\u00e3os da Censura, <em>P\u00fablico<\/em>, Lisboa, n\u00ba. 11744, 24 Junho 2022, p. 39. ISSN 0872-1548. <a href=\"https:\/\/ereader.publico.pt\/publico-edicao-lisboa\/20220624\">https:\/\/ereader.publico.pt\/publico-edicao-lisboa\/20220624<\/a><\/p>\n\n\n\n<p>Carmo, C.; Frias, J.; Pimentel, M. C.; Nobre, R.; Patr\u00edcio, R. (coord.) (2022), <em>Presen\u00e7a e Mem\u00f3ria. Homenagem a Paula Mor\u00e3o<\/em>, Lisboa, Colibri. ISBN 978-989-566-153-4.<\/p>\n\n\n\n<p>Carreira, V. (2022). Heritage and Education. In Quinteiro, S. &amp; Marques, M. J. (Orgs.). Working Definitions in Literature and Tourism. A Research Guide. Faro: CIAC\/Universidade do Algarve.<\/p>\n\n\n\n<p>Carreira, V. (2022). Overtourism and Literature. In Quinteiro, S. &amp; Marques, M. J. (Orgs.). <em>Working Definitions in Literature and Tourism. A Research Guide<\/em>. Faro: CIAC\/Universidade do Algarve. Carreira, V. (2022). Tourism Language and its Translation. In Quinteiro, S. &amp; Marques, M. J. (Orgs.). Working Definitions in Literature and Tourism. A Research Guide. Faro: CIAC\/Universidade do Algarve.<\/p>\n\n\n\n<p>Carvalho, Ana Alexandra Seabra de, Tr\u00eas vers\u00f5es cinematogr\u00e1ficas de <em>Os Miser\u00e1veis<\/em> de V. Hugo: Capellani, Lelouch e August, inDenize Araujo, Jorge Manuel Neves Carrega e Ingrid Fechine(org.), <em>Perspectivas Luso-Brasileiras em Artes e Comunica\u00e7\u00e3o<\/em>, <em>Vol. 3<\/em>,edi\u00e7\u00e3o do CIC \u2013 Grupo de Pesquisa \u201cComunica\u00e7\u00e3o, Imagem e Contemporaneidade\u201d da UTP- Universidade Tuiuti do Paran\u00e1 e do CIAC \u2013 Centro de Investiga\u00e7\u00e3o em Artes e Comunica\u00e7\u00e3o da Universidade do Algarve, com o apoio do Grupo de Pesquisa \u201cComunica\u00e7\u00e3o, Mem\u00f3ria e Cultura Popular\u201d da UEPB \u2013 Universidade Estadual da Para\u00edba, 2022, pp. 207-224. ISBN: 978-989-9127-07-4.<\/p>\n\n\n\n<p>Carvalho, Ana Alexandra Seabra de, \u201cVermeer, Bergotte e Marcel Proust\u201d, <em>ROTURA<\/em> \u2013 <em>Revista de Comunica\u00e7\u00e3o Cultura e Artes<\/em>, Vol. 2, N\u00ba 2 (2022): 61-67. eISSN: 2184-8661. <a href=\"https:\/\/publicacoes.ciac.pt\/index.php\/rotura\/article\/view\/102\">https:\/\/publicacoes.ciac.pt\/index.php\/rotura\/article\/view\/102<\/a> DOI: <a href=\"https:\/\/doi.org\/10.34623\/4stv-h114\">https:\/\/doi.org\/10.34623\/4stv-h114<\/a><\/p>\n\n\n\n<p>Carvalho, J. (2022). Do pecado no cinema e na literatura, Denize Araujo, Jorge Carrega e Ingrid Fechine (org.),<em> Perspectivas Luso-Brasileiras em Artes e Comunica\u00e7\u00e3o, <\/em>vol.3, Universidade Tuiuti do Paran\u00e1 \u2013 Universidade do Algarve \u2013 Universidade Estadual do Para\u00edba, pp. 244-261, ISBN: 978-989-9127-07-4<\/p>\n\n\n\n<p>Carvalho, Jo\u00e3o (2022). Recens\u00e3o cr\u00edtica de Augusto, M\u00e1rio, Como se fosse um romance: a mais curiosa hist\u00f3ria do cinema, Bertrand Editora, Lisboa, 343 pp., <em>Rotura \u2013 Revista de Comunica\u00e7\u00e3o, Cultura e Artes<\/em>, vol.2, N\u00ba 2, pp. 75-78.  ISSN: 2184-8661, Doi: <a href=\"https:\/\/doi.org\/10.34623\/datg-wn34\">https:\/\/doi.org\/10.34623\/datg-wn34<\/a>, Obtido de: <a href=\"https:\/\/publicacoes.ciac.pt\/index.php\/rotura\/article\/view\/96\">https:\/\/publicacoes.ciac.pt\/index.php\/rotura\/article\/view\/96<\/a><\/p>\n\n\n\n<p>Cassola, F.; Mendes, D.; Pinto, M.; Morgado, L.; Costa, S.; Anjos, L.; Marques, D.; Rosa, F.; Maia, A. M.; et al. (2022), Design and Evaluation of a Choreography-Based Virtual Reality Authoring Tool for Experiential Learning in Industrial Training.<em> IEEE Transactions on Learning Technologies<\/em>, 15, 5, IEEE Education Society, pp.526-539. <a href=\"http:\/\/hdl.handle.net\/10400.2\/12434\">http:\/\/hdl.handle.net\/10400.2\/12434<\/a><\/p>\n\n\n\n<p>Coca, A. P.; Tavares, M. (2022). Aruanas: a Agenda 2030 da ONU na pauta da fic\u00e7\u00e3o seriada em streaming. <em>Revista Latinoamericana de Ciencias de la Comunicaci\u00f3n<\/em>, <em>[S. l.]<\/em>, v. 21, n. 40. <a href=\"http:\/\/revista.pubalaic.org\/index.php\/alaic\/article\/view\/872\">http:\/\/revista.pubalaic.org\/index.php\/alaic\/article\/view\/872<\/a>.<\/p>\n\n\n\n<p>Costa, S. (2022). Literacia medi\u00e1tica e discurso de \u00f3dio online no Projeto Play Your Role. In Araujo, D; Carrega, J.; Fechine, I. <em>Perspectivas Luso-Brasileiras em Artes e Comunica\u00e7\u00e3o<\/em>. Volume 3. <a href=\"https:\/\/doi.org\/10.34623\/e5sf-bm30\" target=\"_blank\" rel=\"noreferrer noopener\">https:\/\/doi.org\/10.34623\/e5sf-bm30<\/a><\/p>\n\n\n\n<p>Costa S., da Silva B.M., Tavares M. (2022) Tackling Online Hate Speech?. In: W\u00f6lfel M., Bernhardt J., Thiel S. (eds) <em>ArtsIT, Interactivity and Game Creation<\/em>. ArtsIT 2021. Lecture Notes of the Institute for Computer Sciences, Social Informatics and Telecommunications Engineering, vol 422. Springer, Cham. <a href=\"https:\/\/doi.org\/10.1007\/978-3-030-95531-1_6\" target=\"_blank\" rel=\"noreferrer noopener\">https:\/\/doi.org\/10.1007\/978-3-030-95531-1_6<\/a><\/p>\n\n\n\n<p>Costa, S.; Silva, B. M.; Tavares, M.; Martins, F.; Alves, P.; Isca, B. (2022). Discurso de \u00f3dio nos jogos e comunidades de jogo online: um estudo explorat\u00f3rio. <em>UAlgoritmo.<\/em>, V4 (2). ISSN: 2184-6472. <a href=\"https:\/\/viewer.joomag.com\/ualgoritmo-1-1\/M0933552001568756991\">https:\/\/viewer.joomag.com\/ualgoritmo-1-1\/M0933552001568756991<\/a><\/p>\n\n\n\n<p>Costa, S. \u201cIN[The Hate Booth]: a gamified installation to contain online hate speech,\u201d <em>2022 Third International Conference on Digital Creation in Arts, Media and Technology (ARTeFACTo)<\/em>, Macao, Macao, 2022, pp. 1-3, doi: 10.1109\/ARTeFACTo57448.2022.10061260.<\/p>\n\n\n\n<p>Costa, S., M. Tavares and B. M. D. Silva, \u201c\u00c2mago: creative process of a Macanese video art,\u201d <em>2022 Third International Conference on Digital Creation in Arts, Media and Technology (ARTeFACTo)<\/em>, Macao, Macao, 2022, pp. 1-4, <a href=\"https:\/\/doi.org\/10.1109\/ARTeFACTo57448.2022.10061250\">doi: 10.1109\/ARTeFACTo57448.2022.10061250<\/a>.<\/p>\n\n\n\n<p>Cruchinho, A.; Pereira, S.; Naik, N. (2022), \u201cFashion and new technologies: from fashion film to expanded reality \u2013 Castelo Branco Moda\u201d, <em>International Journal of Film and Media Arts<\/em>, Universidade Lus\u00f3fona.<\/p>\n\n\n\n<p>de E\u00e7a, T.T., Saldanha, \u00c2. (2023). Digital Media and Art Education: The European Digital Competence Framework. In: Knochel, A.D., Sahara, O. (eds) Global Media Arts Education. Palgrave Studies in Educational Futures. Palgrave Macmillan, Cham. pp 149\u2013163 <a href=\"https:\/\/doi.org\/10.1007\/978-3-031-05476-1_9\" target=\"_blank\" rel=\"noreferrer noopener\">https:\/\/doi.org\/10.1007\/978-3-031-05476-1_9<\/a><\/p>\n\n\n\n<p>Dourado, P.; Tavares, M. (2022). Escrever e reescrever: Pr\u00e1ticas de roteiro de Anna Muylaert em <em>Que horas ela volta?<\/em>. In <em>Avanca Cinema Journal,<\/em> 867-873. ISSN: 2184-0520. <a href=\"https:\/\/doi.org\/10.37390\/avancacinema.2022.a467\">https:\/\/doi.org\/10.37390\/avancacinema.2022.a467<\/a><\/p>\n\n\n\n<p>Dourado, P.; Tavares, M.; Silva, B.; Carrega, J.; Costa, S. &amp; Valente, A. C. (2022). Cinema e Media Arte no CIAC. In <em>Avanca Cinema Journal,<\/em> 867-873. ISSN: 2184-0520. <a href=\"https:\/\/doi.org\/10.37390\/avancacinema.2022.a467\">https:\/\/doi.org\/10.37390\/avancacinema.2022.a467<\/a><\/p>\n\n\n\n<p>Dourado, P. (2022). O gesto de fazer do roteiro entre tradu\u00e7\u00e3o e experimenta\u00e7\u00e3o cont\u00ednua. <em>In<\/em> Carrega, J.; Fechine, I. Araujo, D. (Org.). <em>Perspectivas luso-brasileiras em artes e comunica\u00e7\u00e3o \u2013 vol. 3<\/em> [pp. 264-299]. Edi\u00e7\u00f5es CIAC. ISBN: 978-989-9127-07-4. <a href=\"https:\/\/doi.org\/10.34623\/e5sf-bm30\">https:\/\/doi.org\/10.34623\/e5sf-bm30<\/a><\/p>\n\n\n\n<p>Dourado, P., Carrega, J., Costa, S. &amp; Cunha, P. (2022). Cinemas silenciosos em Portugal. <em>Rotura \u2013 Revista de Comunica\u00e7\u00e3o, Cultura E Artes<\/em>, <em>2<\/em>(2), 6-8. ISSN: 2184-8661. <a href=\"https:\/\/doi.org\/10.34623\/gpnh-9e85\">https:\/\/doi.org\/10.34623\/gpnh-9e85<\/a><\/p>\n\n\n\n<p>Dourado, P. Soares, A. I.; Martinelli, P. &amp; Miranda, W. (Eds.). (2022). Martinelli, P. <em>Eust\u00e1quio Neves: Sujeito fotogr\u00e1fico. <\/em>Cole\u00e7\u00e3o Processos de Cria\u00e7\u00e3o [Livro 1]. Coordena\u00e7\u00e3o Mirian Tavares &amp; Cecilia Salles. Edi\u00e7\u00f5es Ciac. <a href=\"https:\/\/processosdecriacao.ciac.pt\/publicacoes\/eustaquio-neves-sujeito-fotografico\">https:\/\/processosdecriacao.ciac.pt\/publicacoes\/eustaquio-neves-sujeito-fotografico<\/a><\/p>\n\n\n\n<p>Dourado, P. Soares, A. I.; Martinelli, P. &amp; Miranda, W. (Eds.). (2022). Miranda, W. <em>Roberto Alencar: Corpo em tr\u00e2nsito. <\/em>Cole\u00e7\u00e3o Processos de Cria\u00e7\u00e3o [Livro 2]. Coordena\u00e7\u00e3o Mirian Tavares &amp; Cecilia Salles. Edi\u00e7\u00f5es Ciac.<a href=\"https:\/\/processosdecriacao.ciac.pt\/publicacoes\/roberto-alencar-o-corpo-em-transito\"> https:\/\/processosdecriacao.ciac.pt\/publicacoes\/roberto-alencar-o-corpo-em-transito<\/a><\/p>\n\n\n\n<p>Dourado, P. Soares, A. I.; Martinelli, P. &amp; Miranda, W. (Eds.). (2022). Miranda, W. <em>Anna Maria Maiolino: Projeto art\u00edstico em constru\u00e7\u00e3o. <\/em>Cole\u00e7\u00e3o Processos de Cria\u00e7\u00e3o [Livro 3]. Coordena\u00e7\u00e3o Mirian Tavares &amp; Cecilia Salles. Edi\u00e7\u00f5es Ciac. <a href=\"https:\/\/processosdecriacao.ciac.pt\/publicacoes\/anna-maria-maiolino-projeto-artistico-em-construcao\">https:\/\/processosdecriacao.ciac.pt\/publicacoes\/anna-maria-maiolino-projeto-artistico-em-construcao<\/a><\/p>\n\n\n\n<p>Elicher, M. J.; Silva, K. M. M.; Lavandoski, J. (2022). Hospitalidade como Elemento Diferencial para Realiza\u00e7\u00e3o do Turismo em Parques Tem\u00e1ticos: O Caso do Walt Disney World Orlando. <em>Rosa dos Ventos<\/em>, v. 14, p. 290-311, 2022.<\/p>\n\n\n\n<p>Elicher, M. J.; Oliveira, A. C. M.; Moreira, M. C. (2022). Perspectives on the women Literary Travelers: City and Gender in Mrs. Dalloway and Quarenta Dias. In: Rita Baleiro; Ros\u00e1ria Pereira. (Org.). <em>Global Perspectives on Literary Tourism and Film-Induced Tourism<\/em>. 1ed.Hershey PA: IGI Global, 2022, v. 01, p. 01-269.<\/p>\n\n\n\n<p>Erko\u00e7i, I. (2022). \u201cLiterary Tourism Apps\u201d in <em>Working Definitions in Literature and Tourism-A Research Guide<\/em> (eds S. Quinteiro &amp; M. J. Marquez), pp. 87-9, <a href=\"https:\/\/doi.org\/10.34623\/h3xd-jt31\">https:\/\/doi.org\/10.34623\/h3xd-jt31<\/a><\/p>\n\n\n\n<p>Erko\u00e7i, I. (2022). Developing Literary Tourism to Support Local Culture and Tourism: The Case of Shkodra. <em>Handbook of Research on Cultural Tourism and Sustainability<\/em>, pp. 283-302. DOI: 10.4018\/978-1-7998-9217-5.ch013<\/p>\n\n\n\n<p>Erko\u00e7i, I. (2022). A Strange Dream Upon the Water \u2013 Venice as Inspiration for Writers and Reader-Tourists. <em>Literature, Tourism, and Waterscapes Conference<\/em>, April 2022, Portugal (online). Published in Lit&amp;Tour Journal <a href=\"https:\/\/publicacoes.ciac.pt\/index.php\/litntour\/article\/view\/111\">https:\/\/publicacoes.ciac.pt\/index.php\/litntour\/article\/view\/111<\/a><\/p>\n\n\n\n<p>Esteves, Ana Camila; Oliveira, Jusciele Oliveira; Gama, Morgana. Cinemas Africanos: pesquisa e curadoria em l\u00edngua portuguesa. In. Cunha, Paulo; Penafria, Manuela; Cabral, Fernando; Fernandes, Tiago (eds)<em>. Cinema em Portugu\u00eas<\/em>. XIV Jornadas. Covinh\u00e3\/PT: Editora LabCom, 2022, p.165-179.<\/p>\n\n\n\n<p>Fernandes, D. (2022). O Pa\u00eds Vinhateiro do Alto Douro: Olhares dos Viajantes Ingleses na Primeira Metade do S\u00e9culo XIX. Revista de Estudos Anglo-Portugueses, 2022\/n.\u00ba 31. Centre for English, Translation and Anglo-Portuguese Studies (CETAPS)\/ Caleidosc\u00f3pio. <a href=\"https:\/\/doi.org\/10.34619\/ct06-mexp\">https:\/\/doi.org\/10.34619\/ct06-mexp<\/a> (no prelo)<\/p>\n\n\n\n<p>Fernandes-Marcos, A., Bandeira Ara\u00fajo, A., Olivero, L.F. (2022). Digital Media Artefacts &#8211; Hybrid Praxis. Editorial (Guest Editors). <em>International Journal of Art, Culture, Design, and Technology<\/em> (IJACDT), 11(3), ISSN: 2155-4196.<\/p>\n\n\n\n<p>Fernandes-Marcos, A., Bandeira Ara\u00fajo, A., Olivero, L.F. (2022). Digital Media Artefacts &#8211; Hybrid Praxis. Editorial (Guest Editors). International Journal of Art, Culture, Design, and Technology (IJACDT), 11(3), ISSN: 2155-4196.<\/p>\n\n\n\n<p>Fernandes-Marcos, A. &amp; Tavares, M. (2022). \u201cINNOVATING IN OPEN DISTANCE TEACHING WITH FACE-TO-FACE RETREATS WITHIN A DOCTORAL PROGRAM IN DIGITAL MEDIA ART\u201d. In Proceedings of 16th annual International Technology, Education and Development Conference (INTED2022). 7-8 March 2022 (virtual). IATED editor. pp. 3336- 3343. ISBN: 978-84-09-37758-9. <a href=\"http:\/\/hdl.handle.net\/10400.2\/11827\" target=\"_blank\" rel=\"noreferrer noopener\">http:\/\/hdl.handle.net\/10400.2\/11827<\/a><\/p>\n\n\n\n<p>Fernandes-Marcos, A.; Pereira, S.; Ferreira, R. A. (2022), \u201cA narrativa pessoal audiovisual: instrumento de afirma\u00e7\u00e3o social e de diversidade cultural no contexto do desenvolvimento humano sustent\u00e1vel\u201d, 18a Mostra Internacional de Cinema Negro, S\u00e3o Paulo: MICINE.<\/p>\n\n\n\n<p>Fernandes-Marcos, A.; Mucheroni, M.; Pereira, S.(2022), \u201cA transdisciplinaridade na m\u00e9dia-arte digital enquanto processo criativo e objeto de arte\u201d, Dossier Tecnologias da Inova\u00e7\u00e3o, <em>Revista Novos Olhares<\/em>, S\u00e3o Paulo: USP.<\/p>\n\n\n\n<p>Ferreira, A. P.R. &amp; Pires, N. A. (2022). <em>Da Ep\u00edgrafe \u00e0s Redes Socias: um percurso did\u00e1tico interdisciplinar entre a Hist\u00f3ria e o Portugu\u00eas<\/em>. Coimbra: Gr\u00e1cio Editor.<\/p>\n\n\n\n<p>Ferreira, A. P. R. &amp; Pires, N. A. (2022). Da ep\u00edgrafe \u00e0s redes sociais: uma abordagem interdisciplinar dos constructos identit\u00e1rios. In Silva, E. M., Mesquita, C., Pires, M. V. &amp; Lopes, R. P. (Eds.). <em>VI Encontro Internacional de Forma\u00e7\u00e3o na Doc\u00eancia (INCTE): livro de atas<\/em>. Bragan\u00e7a: Instituto Polit\u00e9cnico, 453-464. ISBN 978-972-745-301-6. <a href=\"https:\/\/bibliotecadigital.ipb.pt\/handle\/10198\/25401\">https:\/\/bibliotecadigital.ipb.pt\/handle\/10198\/25401<\/a><\/p>\n\n\n\n<p>Flores, M., &amp; Ara\u00fajo, A. B. (2022). Using off-the-shelf AR and VR software for teaching immersive perspectives to 9th grade students. In Brooks, T. et al (Eds.), ArtsIT 2022, Interactivity and Game Creation. Springer, Cham.<\/p>\n\n\n\n<p>Franco, D. C., &amp; Bidarra, J. (2022). Instructional Design of Online Courses in Mozambique: The Use of eBooks as a Strategy to Improve Learning. <em>Open Praxis<\/em>, <em>14<\/em>(2), pp. 122\u2013132. <a href=\"https:\/\/doi.org\/10.55982\/openpraxis.14.2.141\">https:\/\/doi.org\/10.55982\/openpraxis.14.2.141<\/a>.<\/p>\n\n\n\n<p>Heemann, C., Carvalho, I. C., &amp; Oliveira, T. M. (2022). MOOCs as a Pedagogical and Strategic Tool in the Implementation of Institutional Policies Related to Gender Inequality in Educational Institutions. In M. Loureiro, A. Loureiro, &amp; H. Gerber (Eds.), <em>Handbook of Research on Global Education and the Impact of Institutional Policies on Educational Technologies<\/em> (pp. 154-174). IGI Global. <a href=\"https:\/\/doi.org\/10.4018\/978-1-7998-8193-3.ch008\" target=\"_blank\" rel=\"noreferrer noopener\">https:\/\/doi.org\/10.4018\/978-1-7998-8193-3.ch008<\/a><\/p>\n\n\n\n<p>Lacet, D.; van Zeller, M.; Martins, P.; Morgado, L. (2022), Digital Storytelling approaches in Virtual Museums: Umbrella review of systematic reviews. <em>Journal of Digital Media &amp; Interaction<\/em>, Vol. 3, 13, Universidade de Aveiro, pp.23-44.<\/p>\n\n\n\n<p>Lameira, F.; Jo\u00e3o, M. R. (2022). <em>Os irm\u00e3os Martins: Manuel e Gaspar<\/em>, Promontoria Monogr\u00e1fica Hist\u00f3ria da Arte 28, Ed. do Departamento de Artes e Humanidades da Universidade do Algarve. <a href=\"http:\/\/hdl.handle.net\/10400.1\/17481\">http:\/\/hdl.handle.net\/10400.1\/17481<\/a><\/p>\n\n\n\n<p>Lameira, F.; Jo\u00e3o, M. R. (2022). <em>Quando a f\u00e9 transborda. Altares geminados e com arco<\/em>, Promontoria Monogr\u00e1fica Hist\u00f3ria da Arte 29, Ed. do Departamento de Artes e Humanidades da Universidade do Algarve. <a href=\"https:\/\/doi.org\/10.34623\/hw0s-t328\">https:\/\/doi.org\/10.34623\/hw0s-t328<\/a><\/p>\n\n\n\n<p>Lameira, F., Saldanha, S., &amp; Rio, M. (2022). <em>Ret\u00e1bulos nas dioceses de Coimbra e de Aveiro, <\/em>Promontoria Monogr\u00e1fica Hist\u00f3ria da Arte 30. Departamento de Artes e Humanidades da Universidade do Algarve. <a href=\"https:\/\/doi.org\/10.34623\/8z5z-dr15\">https:\/\/doi.org\/10.34623\/8z5z-dr15<\/a><\/p>\n\n\n\n<p>Lameira, F.; Jo\u00e3o, M. R. (2022). <em>Ret\u00e1bulos nas dioceses de Portalegre \u2013 Castelo Branco e Santar\u00e9m<\/em>, Promontoria Monogr\u00e1fica Hist\u00f3ria da Arte 31, Ed. do Departamento de Artes e Humanidades da Universidade do Algarve. <a href=\"https:\/\/doi.org\/10.34623\/bjd6-1k96\">https:\/\/doi.org\/10.34623\/bjd6-1k96<\/a><\/p>\n\n\n\n<p>Lameira, F.; Jo\u00e3o, M. R. (2022). <em>Imagin\u00e1ria retabular algarvia<\/em>, Promontoria Monogr\u00e1fica Hist\u00f3ria da Arte 32, Ed. do Departamento de Artes e Humanidades da Universidade do Algarve. <a href=\"https:\/\/doi.org\/10.3462\/kd4s-9518\">https:\/\/doi.org\/10.3462\/kd4s-9518<\/a><\/p>\n\n\n\n<p>Lameira, F.; Costa, P. P.; Jo\u00e3o, M. R. (2022). <em>Ret\u00e1bulos da Ordem de Malta<\/em>, Promontoria Monogr\u00e1fica Hist\u00f3ria da Arte 33, Ed. do Departamento de Artes e Humanidades da Universidade do Algarve.<\/p>\n\n\n\n<p>Lameiras, T. (2022). <em>Theatrology: Science of a Performative Civilization<\/em>. Columbia, Carolina do Sul, EUA: Kindle Direct Publishing.<\/p>\n\n\n\n<p>Lima, L.; Oliveira, L.; Borges, G. (2022). Cultura de f\u00e3s e produ\u00e7\u00e3o criativa sobre a telenovela Club 57 no YouTube. In: 45\u00ba Congresso Brasileiro de Ci\u00eancias da Comunica\u00e7\u00e3o, Jo\u00e3o Pessoa. GP17 \u2013 Fic\u00e7\u00e3o Televisiva Seriada, 2022. p. 1-15. <a href=\"https:\/\/www.portalintercom.org.br\/anais\/nacional2022\/resumo\/0727202214401062e1787aebcf8\">https:\/\/www.portalintercom.org.br\/anais\/nacional2022\/resumo\/0727202214401062e1787aebcf8<\/a><\/p>\n\n\n\n<p>Lima, L.; Borges, G. (2022) Crian\u00e7as, adolescentes e cultura de f\u00e3s no YouTube: an\u00e1lise sobre habilidades da compet\u00eancia midi\u00e1tica em opera\u00e7\u00e3o em v\u00eddeos sobre a telenovela Club 57. Anais IV Jornada Internacional GEMInIS,  S\u00e3o Carlos: Geminis, v. 04, p. 1-15. <a href=\"https:\/\/doity.com.br\/anais\/jig2021\/trabalho\/227721\">https:\/\/doity.com.br\/anais\/jig2021\/trabalho\/227721<\/a><\/p>\n\n\n\n<p>Marques, A., et al. (2022). The AmTriangle Meta-Dataset for Playing with Machine Learning. Perspectives and Trends in Education and Technology. S. Nature.<\/p>\n\n\n\n<p>Marques, A., et al. (2022). The AmTriangle meta-dataset for playing with Machine Learning. ICITED 22 \u2013 International Conference in Information Technology &amp; Education. Rio de Janeiro, Brazil.<\/p>\n\n\n\n<p>Marques, A. and F. Madeira (2022). AmWebTriangle \u2013 um toolkit para experi\u00eancias com Machine Learning. CAPSI 2022 \u2013 22\u00aa Confer\u00eancia da Associa\u00e7\u00e3o Portuguesa de Sistemas de Informa\u00e7\u00e3o. Universidade de Santiago, Cabo Verde.<\/p>\n\n\n\n<p>Marques, J. M. (2022). Peregrina\u00e7\u00f5es, transgress\u00f5es, descobertas \u2013 Espa\u00e7o e reencontro nas hist\u00f3rias para crian\u00e7as de Sophia de Mello Breyner Andresen, in Maria Andresen de Sousa Tavares e Fernando Cabral Martins (org.), <em>Sobre Sophia: novas leituras<\/em>, Porto, Ass\u00edrio &amp; Alvim, 2022, pp. 347-362.<\/p>\n\n\n\n<p>Martins, A. (2022). Mem\u00f3rias em movimento: a cria\u00e7\u00e3o de videoarte atrav\u00e9s do arqu\u00e9tipo antropol\u00f3gico e dos modelos a\/r\/togr\u00e1fico e a\/r\/cogr\u00e1fico. In Valente, C. (coord.) <em>AVANCA|CINEMA International Conference 2022<\/em> (pp.764-771)<em>.<\/em> Edi\u00e7\u00f5es Cine-Clube de Avanca. <a href=\"https:\/\/doi.org\/10.37390\/avancacinema.2022.a455\">https:\/\/doi.org\/10.37390\/avancacinema.2022.a455<\/a><\/p>\n\n\n\n<p>Martins, A. &amp; Silva, B. (2022). Digital wor(l)ds \u2013 using dynamic typography as a mean of artistic expression in digital and audiovisual settings. In Martins, N. &amp; Brand\u00e3o, D. (eds.) <em>Advances in Design and Digital Communication III<\/em>. Springer. <a href=\"https:\/\/link.springer.com\/chapter\/10.1007\/978-3-031-20364-0_66\">https:\/\/link.springer.com\/chapter\/10.1007\/978-3-031-20364-0_66<\/a><\/p>\n\n\n\n<p>Martins, A. F.; Novoa Fern\u00e1ndez, O. (2022). Jornalismo e literacia medi\u00e1tica. <em>Rotura<\/em>, 2 (1), 6-7.  <a href=\"https:\/\/doi.org\/10.34623\/7ngj-an82\">https:\/\/doi.org\/10.34623\/7ngj-an82<\/a><\/p>\n\n\n\n<p>Martins, T. G. (2022). Literacia midi\u00e1tica e a fal\u00e1cia do acesso \u00e0 informa\u00e7\u00e3o: entrevista com Mirian Nogueira Tavares. <em>Interin<\/em> \u2013 Revista do Programa de P\u00f3s-gradua\u00e7\u00e3o em Comunica\u00e7\u00e3o e Linguagens. Universidade Tuiuti, Paran\u00e1.  v. 27 n. 1 (2022): Jan\/Jun 2022. DOI: <a href=\"https:\/\/doi.org\/10.35168\/1980-5276.UTP.interin.2022.Vol27.N1.pp171-177\">https:\/\/doi.org\/10.35168\/1980-5276.UTP.interin.2022.Vol27.N1.pp171-177<\/a>. URL: <a href=\"https:\/\/interin.utp.br\/index.php\/i\/article\/view\/2745\">https:\/\/interin.utp.br\/index.php\/i\/article\/view\/2745<\/a><\/p>\n\n\n\n<p>Menezes, J. S.; Santos,  D. N. (2022). Breve panorama de la literatura angola. In.: Ananaz, K. En las entra\u00f1as del <em>mar\/Nas entranhas do mar \u2013 poes\u00eda. <\/em>Editorial Punt\u00e1ngeles:Valpara\u00edso, Chile.<\/p>\n\n\n\n<p>Menezes, J. S. (2022). Cultural Identity. In.: Quinteiro, S. &amp; Marques, M. J. <em>Working Definitions in Literature and Tourism \u2013 A Research Guide. <\/em>Faro, Portugal.<\/p>\n\n\n\n<p>Menezes, J. S. (2022). Literary Tourism and Cultural Identity. In.: Quinteiro, S. &amp; Marques, M. J. <em>Working Definitions in Literature and Tourism \u2013 A Research Guide. <\/em>Faro, Portugal.<\/p>\n\n\n\n<p>Monereo, C. (2022). <em>O Mecenato Cultural Como Instrumento de Comunica\u00e7\u00e3o: O caso Caixa Geral de Dep\u00f3sitos e a Culturgest. <\/em>Lisboa: Almedina. ISBN 978 089 40 0800 2.<\/p>\n\n\n\n<p>Monteiro, Lu\u00edsa (2022). Zugv\u00f6gel landen immer. In Milhano, A.; Henriques, F.; Chofi; L.; Provinciatto, L. G. (orgs.), <em>Entre Mundos \u2013 Liber Amicorum para Irene Borges-Duarte<\/em>. Edi\u00e7\u00f5es Colibri.<\/p>\n\n\n\n<p>Monteiro, Lu\u00edsa (2022). Da serenidade<em>. Revista da Funda\u00e7\u00e3o Manuel Viegas Guerreiro<\/em>, N.\u00ba 30, pp. 11-12. <a href=\"https:\/\/issuu.com\/fundacaomanuelviegasguerreiro\/docs\/livro_semin_rio_setembro_21_mvg\">https:\/\/issuu.com\/fundacaomanuelviegasguerreiro\/docs\/livro_semin_rio_setembro_21_mvg<\/a><\/p>\n\n\n\n<p>Monteiro, Lu\u00edsa (2022). Habitat\/civiliza\u00e7\u00e3o e os sentidos da exist\u00eancia Viegas Guerreiro a prop\u00f3sito da ideia de <em>ra\u00e7a<\/em> de Oliveira Martins<em>. Revista da Funda\u00e7\u00e3o Manuel Viegas Guerreiro<\/em>, N.\u00ba 30, pp. 27-33. <a href=\"https:\/\/issuu.com\/fundacaomanuelviegasguerreiro\/docs\/livro_semin_rio_setembro_21_mvg\">https:\/\/issuu.com\/fundacaomanuelviegasguerreiro\/docs\/livro_semin_rio_setembro_21_mvg<\/a><\/p>\n\n\n\n<p>Mu\u00f1oz Gallego, A.; de Sousa; P. Q. (2022). A Negotiation With Reality: The Discursive Elements of the Dramatised Dissemination Documentary: My Octopus Teacher: A Case Study. <em>HUMAN REVIEW. International Humanities Review \/ Revista Internacional De Humanidades<\/em> 11 (2):73-86. <a href=\"https:\/\/doi.org\/10.37467\/gkarevhuman.v11.3268\" target=\"_blank\" rel=\"noreferrer noopener\">https:\/\/doi.org\/10.37467\/gkarevhuman.v11.3268<\/a>.<\/p>\n\n\n\n<p>Ndiaye, S. &amp; Pires, N.A. (2022). O Ensino da escrita no Senegal: a quest\u00e3o dos manuais escolares. <em>DEDiCA \u2013 Revista de Educa\u00e7\u00e3o e Humanidades<\/em>, 20, pp.263-283, DOI: <a href=\"https:\/\/doi.org\/10.30827\/dreh.vi20.25163\">https:\/\/doi.org\/10.30827\/dreh.vi20.25163<\/a><\/p>\n\n\n\n<p>Nebot, A., Dom\u00e8nch, S., Pires, N.A., Mugica, F., Benali, A., Porta, X., Nebot, O. &amp; Santos, P. M. (2022). LONG-REMI: an AI-Based Technological Application to Promote Healthy Mental Longevity Grounded in Reminiscence Therapy, <em>International Journal of Environmental Research and Public Health, <\/em>19 (10), 5997, pp. [1-15]. <a href=\"https:\/\/doi.org\/10.3390\/ijerph19105997\">https:\/\/doi.org\/10.3390\/ijerph19105997<\/a><\/p>\n\n\n\n<p>Nogueira, A. (2022). \u201cEcos da Antiguidade na Poesia Portuguesa Contempor\u00e2nea: Ulisses Plurais \u2013 Mem\u00f3rias M\u00edticas\u201d. In Frederico Louren\u00e7o e Susana Marques (Coord.), Miscel\u00e2nea de Estudos em Honra de Maria de F\u00e1tima Silva, Vol. II. Coimbra: Imprensa da Universidade de Coimbra, pp.515-536. <a href=\"http:\/\/hdl.handle.net\/10400.1\/18617\">http:\/\/hdl.handle.net\/10400.1\/18617<\/a><\/p>\n\n\n\n<p>Novoa Fern\u00e1ndez, O. (2022). A Galicia literaria no noticiario cinematogr\u00e1fico <em>Imagens de Portugal <\/em>(1953-1970). Comunica\u00e7\u00e3o apresentada no XIII Congreso da Asociaci\u00f3n Internacional de Estudos Galegos. Universidade de Vars\u00f3via. 21-24 de setembro de 2022.<\/p>\n\n\n\n<p>Novoa Fern\u00e1ndez, O. (2022). A criatividade centrada no aluno. Escrever para publicar e partilhar em La Lengua Enmascarada. Comunica\u00e7\u00e3o apresentada no XVI Jornadas do Ciac. Universidade do Algarve. 25 de fevereiro de 2022.<\/p>\n\n\n\n<p>Novoa Fern\u00e1ndez, O. (2022). Rese\u00f1a de <em>Noticiarios enlatados: del rescate a la literac\u00eda de im\u00e1genes referentes a Espa\u00f1a en el cine informativo portugu\u00e9s. Boletim da APPELE, 2. <a href=\"https:\/\/appele.pt\/wp-content\/uploads\/2022\/10\/Boletim-da-APPELE-N2-Out-2022.pdf\">https:\/\/appele.pt\/wp-content\/uploads\/2022\/10\/Boletim-da-APPELE-N2-Out-2022.pdf<\/a><\/em><\/p>\n\n\n\n<p>Oliva, R., &amp; Bidarra, J. (2022).  Intera\u00e7\u00f5es entre as linguagens de arte\/m\u00eddia partir da RV-Realidade Virtual e RA-Realidade Aumentada. Dossier Innovation Technologies. <em>Novos Olhares<\/em>, <em>2<\/em>(2). <a href=\"https:\/\/www.revistas.usp.br\/novosolhares\">https:\/\/www.revistas.usp.br\/novosolhares<\/a>.<\/p>\n\n\n\n<p>Olivero, L. F.; Ara\u00fajo, A. B. (2022). Desiderata for a Performative Hybrid Immersive Drawing Platform. <em>I-Com<\/em>, <em>21<\/em>(1), 33\u201353. <a href=\"https:\/\/doi.org\/10.1515\/icom-2022-0009\" target=\"_blank\" rel=\"noreferrer noopener\">https:\/\/doi.org\/10.1515\/icom-2022-0009<\/a><\/p>\n\n\n\n<p>Oliveira, Jusciele C de (2022). Cinemas africanos contempor\u00e2neos: demandas e reflex\u00f5es. In. Ara\u00fajo, Nelson (cood).<em> Hist\u00f3ria do Cinema dos prim\u00f3rdios ao cinema contempor\u00e2neo<\/em>. Lisboa\/PT: Edi\u00e7\u00f5es 70, 2022, p.401-441 (no prelo).<\/p>\n\n\n\n<p>Oliveira, L.; Borges, G. (2022). Ensaio sobre a acelera\u00e7\u00e3o do tempo e espectatorialidade de fic\u00e7\u00f5es seriadas em plataformas de streaming. In: Anais IV Jornada Internacional GEMInIS (JIG2021), S\u00e3o Carlos: Geminis, v. 04. p. 1-15. <a href=\"https:\/\/doity.com.br\/anais\/jig2021\/trabalho\/227739\">https:\/\/doity.com.br\/anais\/jig2021\/trabalho\/227739<\/a><\/p>\n\n\n\n<p>Paulino, Fernando Faria; Centenero, Maria Jos\u00e9; Hernandez, Maria Abellan. (2022) Un altavoz para Barriomar (Murcia). Contenidos digitales y uso de medios sociales para la activaci\u00f3n ciudadana, IX Congreso Internacional Ciudades Creativas, Icono 14 \/ Universidad Complutense de Madrid (Madrid, Espanha).<\/p>\n\n\n\n<p>Paulino, Fernando Faria; Cruz, Tiago. (2022) \u201cCultural heritage, tourism and sustainable development. The model of the Cultural Heritage Digital Media Lab\u201d, 4th International Conference on Cultural Sustainable Tourism, IEREK \/ University of Maia (Maia, Portugal).<\/p>\n\n\n\n<p>Paulino, Fernando Faria; Maria Jos\u00e9 Centenero. (2022) \u201cTurismo millennial. Una aproximaci\u00f3n a la influencia de la publicidad de Instagram para un turismo digital\u201d. <em>Turismo y Patrimonio<\/em>, 19: 45-66. <a href=\"https:\/\/doi.org\/10.24265\/turpatrim.2022.n19.03\">https:\/\/doi.org\/10.24265\/turpatrim.2022.n19.03<\/a><\/p>\n\n\n\n<p>Paulino, Fernando Paulino; Pinheiro, Ant\u00f3nio Jos\u00e9 Pinheiro. (2022) \u201cUrban tourism and World Heritage: relations and effects of the classification\u201d. <em>PASOS. Revista de Turismo y Patrimonio Cultural<\/em>, Vol. 20, n\u00ba5, 1234-1254. <a href=\"https:\/\/doi.org\/10.25145\/j.pasos.2022.20.084\">https:\/\/doi.org\/10.25145\/j.pasos.2022.20.084<\/a>.<\/p>\n\n\n\n<p>Pedrosa, D.; Cravino, J.; Morgado, L.; <em>e-SimProgramming: planificar, conceber e acompanhar atividades did\u00e1ticas online de engenharia de software<\/em>, Universidade Aberta. <a href=\"http:\/\/hdl.handle.net\/10400.2\/12731\">http:\/\/hdl.handle.net\/10400.2\/12731<\/a><\/p>\n\n\n\n<p>Pereira, Jos\u00e9 Paulo (2022). <em>Mia Couto \u2013 o Lume das Sombras<\/em>. Coimbra: Palimage. ISBN 978-989-703-283-7<\/p>\n\n\n\n<p>Pereira, Jos\u00e9 Paulo (2022). Mia Couto \u2013 Imani: \u2018uma sombra sem corpo\u2019 em As Areias do Imperador, <em>Scripta<\/em>, Vol. 26, N\u00ba. 56, 2022, pp.343-359. ISSN-e 2358-3428, ISSN 1516-4039. <a href=\"https:\/\/dialnet.unirioja.es\/servlet\/articulo?codigo=8740058\">https:\/\/dialnet.unirioja.es\/servlet\/articulo?codigo=8740058<\/a><\/p>\n\n\n\n<p>Perfeito, A.; Silva, B. (2022). Os cineastas como performers \u2014 desde o cinema mudo de 1890 at\u00e9 ao live cinema atual. <em>Rotura \u2013 Revista De Comunica\u00e7\u00e3o, Cultura E Artes, 2(2)<\/em>, 46-53. <a href=\"https:\/\/doi.org\/10.34623\/ygwk-zy14\">https:\/\/doi.org\/10.34623\/ygwk-zy14<\/a><\/p>\n\n\n\n<p>Perfeito, A., Tavares, M. (2022). Safara \u2014 Sonho L\u00facido 2020: investiga\u00e7\u00e3o baseada na pr\u00e1tica art\u00edstica. In Merino, F., Frias, L., Penafria, M. (Eds.), <em>&lt;Storybits I&gt; Narrativa e Media Digitais <\/em>(pp. 145-156). Editora LabCom. <a href=\"https:\/\/labcomca.ubi.pt\/storybits-i-narrativa-e-media-digitais\/\" target=\"_blank\" rel=\"noreferrer noopener\">https:\/\/labcomca.ubi.pt\/storybits-i-narrativa-e-media-digitais\/<\/a><\/p>\n\n\n\n<p>Pinto, J., Cardoso, T., &amp; Soares, A. I. (2022). Emo\u00e7\u00f5es e interpreta\u00e7\u00f5es: proposta de um artefacto educacional em m\u00e9dia-arte digital. IN <em>Journal of Digital Media &amp; Interaction: Emotion and Cognition in Engagement<\/em>, 5(12). Universidade de Aveiro. ISSN 2184-3120, DOI: 10.34624\/jdmi. <a href=\"https:\/\/repositorioaberto.uab.pt\/handle\/10400.2\/12567\">https:\/\/repositorioaberto.uab.pt\/handle\/10400.2\/12567<\/a><\/p>\n\n\n\n<p>Pinto J. &amp; Cardoso, T. (2022). Presen\u00e7a do Plano Nacional de Cinema nas redes sociais: que boas pr\u00e1ticas?. In<em> Livro de Resumos do XI Encontro Anual da AIM \u2013 Associa\u00e7\u00e3o de Investigadores da Imagem em Movimento<\/em> (25 a 29 de maio de 2022). Universidade de \u00c9vora. <a href=\"https:\/\/repositorioaberto.uab.pt\/handle\/10400.2\/11974\">https:\/\/repositorioaberto.uab.pt\/handle\/10400.2\/11974<\/a><\/p>\n\n\n\n<p>Pires, N. A. (2022). O l\u00e9xico do Romanceiro frente ao l\u00e9xico da L\u00edrica Cort\u00eas: converg\u00eancias e diverg\u00eancias. In S\u00e1nchez Rei, X. M. (ed.). <em>Revista Galega de Filolox\u00eda<\/em> \u2013<em> Monograf\u00eda 13<\/em>, pp.275-292.<\/p>\n\n\n\n<p>Pires, N. A. (2022). O campo lexical da <em>\u00e1gua<\/em> em romances da tradi\u00e7\u00e3o oral moderna portuguesa. Sandra Boto e Clara Mar\u00edas (coord). <em>El Romancero ib\u00e9rico, puente ente Espa\u00f1a y Portugal (siglos XV-XXI) \u2013 Bolet\u00edn de Literatura Oral<\/em>, volume extraordin\u00e1rio 5, pp.148-159. ISSN: 2173-0695<\/p>\n\n\n\n<p>Pires, N. A. (2022). <em>\u00c0 entrada do m\u00eas de maio, \u00e0 sa\u00edda da Primavera<\/em>: notas para o estudo da sintaxe do romanceiro da tradi\u00e7\u00e3o oral moderna portuguesa. <em>Revista Galega de Filolox\u00eda<\/em>, 23, pp.109-127.<\/p>\n\n\n\n<p>Piscalho, I., Cola\u00e7o; S., Seixas, S.; Silva, F. (no prelo). Conjunto de Materiais: Educa\u00e7\u00e3o Inclusiva. M\u00f3dulo 3: Desenho Universal para a Aprendizagem. Lisboa: Minist\u00e9rio da Educa\u00e7\u00e3o (ME)\/ Dire\u00e7\u00e3o-Geral de Educa\u00e7\u00e3o (DGE).<\/p>\n\n\n\n<p>Pr\u00edncipe, Pedro; Vieira, Andr\u00e9; Correia, Ant\u00f3nia; Pacheco, Emilia Lucia; Borba, Filomena; Noro, Jorge; Dib, Simone; &amp; Henning, Patr\u00edcia. (2022). Compet\u00eancias para a Gest\u00e3o de Dados de Investiga\u00e7\u00e3o e Dados FAIR: Estudo prospetivo (V1.0 DRAFT). Zenodo. <a href=\"https:\/\/doi.org\/10.5281\/zenodo.7335281\">https:\/\/doi.org\/10.5281\/7335281<\/a><\/p>\n\n\n\n<p>Quinteiro, S\u00edlvia. (2022). Geografia liter\u00e1ria, turismo e educa\u00e7\u00e3o: conflu\u00eancias e oportunidades\u201d. In Pere Quer (ed.) <em>Teoria i pr\u00e0ctica de les Geografies Liter\u00e0ries<\/em> (pp. 33-47) VIC, Espanha: EUMO Editorial.<\/p>\n\n\n\n<p>Quinteiro, S\u00edlvia. (2022). Literature and tourism: When the path follows the myth. In Giuseppe Resta (ed.)<em> The city and the myth<\/em> (pp. 10-13). Melfi, It\u00e1lia: Libria.<\/p>\n\n\n\n<p>Quinteiro, S\u00edlvia (2022). Literary Cartography and Tourism. In Dimitrios Buhalis (ed.) <em>Encyclopedia of Tourism Management and Marketing <\/em>(pp. 63-65). Edward Elgar Publishing. <a href=\"https:\/\/doi.org\/10.4337\/9781800377486.literary.cartography\">https:\/\/doi.org\/10.4337\/9781800377486.literary.cartography<\/a><\/p>\n\n\n\n<p>Quinteiro, S\u00edlvia; Marques, Maria Jos\u00e9 (2022) <em>Working Definitions in Literature and Tourism: A Research Guide. <\/em>Faro, Portugal: CIAC \/ Universidade do Algarve.<\/p>\n\n\n\n<p>Quinteiro, S\u00edlvia; Marques, Maria Jos\u00e9 (2022). <em>Obras de Jos\u00e9 Dias Sancho, vol 4. Can\u00e7\u00f5es de Amor e outras Poesias<\/em>. Guimar\u00e3es, Portugal: Opera Omnia.<\/p>\n\n\n\n<p>Quinteiro, S\u00edlvia; Marques, Maria Jos\u00e9 (2022). <em>Obras de Jos\u00e9 Dias Sancho, vol 3. \u00cddolos de Barro e Outros Escor\u00e7os Cr\u00edticos<\/em>.  Guimar\u00e3es, Portugal: Opera Omnia.<\/p>\n\n\n\n<p>Quinteiro, S\u00edlvia; Marques, Maria Jos\u00e9 Rodrigues (2022). Literary Heritage and Tourism. In Dimitrios Buhalis (ed.) <em>Encyclopedia of Tourism Management and Marketing <\/em>(pp. 65-67). Edward Elgar Publishing. <a href=\"https:\/\/doi.org\/10.4337\/9781800377486.literary.heritage\">https:\/\/doi.org\/10.4337\/9781800377486.literary.heritage<\/a><\/p>\n\n\n\n<p>Quinteiro, S\u00edlvia; Busby, Graham (2022). Literary Tourism and Education. In Dimitrios Buhalis (ed.) <em>Encyclopedia of Tourism Management and Marketing <\/em>(70-73). Edward Elgar Publishing. <a href=\"https:\/\/doi.org\/10.4337\/9781800377486.literary.tourism.education\">https:\/\/doi.org\/10.4337\/9781800377486.literary.tourism.education<\/a><\/p>\n\n\n\n<p>Quinteiro, S\u00edlvia (2022). Literary Tourism and Writers\u2019 Houses. In Dimitrios Buhalis (ed.) <em>Encyclopedia of Tourism Management and Marketing <\/em>(pp. 73-75). Edward Elgar Publishing. <a href=\"https:\/\/doi.org\/10.4337\/9781800377486.literary.tourism.writers\">https:\/\/doi.org\/10.4337\/9781800377486.literary.tourism.writers<\/a><\/p>\n\n\n\n<p>Carvalho, Liliana; Quinteiro, S\u00edlvia (2022). Study Abroad and Language Tourism. In Dimitrios Buhalis (ed.) <em>Encyclopedia of Tourism Management and Marketing <\/em>(pp. 283-285). Edward Elgar Publishing. <a href=\"https:\/\/doi.org\/10.4337\/9781800377486.study.abroad\">https:\/\/doi.org\/10.4337\/9781800377486.study.abroad<\/a><\/p>\n\n\n\n<p>Ramos, C\u00e9lia; Rodrigues, Alexandra; Quinteiro, S\u00edlvia (2022). <em>ICT as Innovator Between Tourism and Culture. <\/em>IGI Global.<\/p>\n\n\n\n<p>Ramos, E.; Sigiliano,, D.; Borges, G. (2022). A literacia midi\u00e1tica e o prazer ir\u00f4nico dos f\u00e3s de Verdades Secretas II: an\u00e1lise de coment\u00e1rios no Twitter. REVISTA LATINOAMERICANA DE CIENCIAS DE LA COMUNICACI\u00d3N, v. 21, 90, <a href=\"http:\/\/revista.pubalaic.org\/index.php\/alaic\/article\/view\/881\">http:\/\/revista.pubalaic.org\/index.php\/alaic\/article\/view\/881<\/a><\/p>\n\n\n\n<p>Rocha, R. (2022). Quintal dos Sons: Um caminho para a imers\u00e3o sonora. Tese de Doutoramento em M\u00e9dia-Arte Digital. Universidade Aberta\/Universidade do Algarve. <a href=\"http:\/\/hdl.handle.net\/10400.2\/12039\">http:\/\/hdl.handle.net\/10400.2\/12039<\/a><\/p>\n\n\n\n<p>Rodrigues, A.; Vieira, I.; Fernandes, D.; Sousa, N. (2022). The role of public trust in fostering residents\u2019 support for tourism development: evidence from a Portuguese historic town. <em>Eurasian Business and Economics Perspectives<\/em> proceedings of the <em>40th EBES Conference<\/em>, Istanbul, July 6 \u2013 8. Springer Cham.<\/p>\n\n\n\n<p>Santos, Salvador (autor); Marques, Maria Jos\u00e9 (editor.) (2022), <em>Cartographya, <\/em>Faro, Portugal: CIAC \/Universidade do Algarve<\/p>\n\n\n\n<p>Sapucaia, R.; Bidarra, J.; Saldanha, \u00c2. (2022). Assum Livre: A Live Environment for Cyberperformance. In: International Journal of Art, Culture, Design, and Technology (IJACDT)11(3), pp.1-15. <a href=\"https:\/\/www.igi-global.com\/gateway\/article\/314785\">https:\/\/www.igi-global.com\/gateway\/article\/314785<\/a>.<\/p>\n\n\n\n<p>Sapucaia, R.; Santos, I.G.; Vieira, C. (2022). Po\u00e9ticas em ciberperformance: Um estudo de caso sobre \u201cJardins esquecidos\u201d. Anais do V Semin\u00e1rio Internacional de Pesquisa em Arte e Cultura Visual. Goi\u00e2nia: Universidade Federal de Goi\u00e1s-UFG.<\/p>\n\n\n\n<p>Sapucaia, R.; Vieira, C. (2022). CyPeT e Ciberperformance no contexto arte-educativo: Resist\u00eancia e Criatividade em cena.Revista Nhengatu, V.1, N\u00ba6, p. 175-193. <a href=\"https:\/\/revistas.pucsp.br\/index.php\/nhengatu\/article\/view\/60820\/42128\" target=\"_blank\" rel=\"noreferrer noopener\">https:\/\/revistas.pucsp.br\/index.php\/nhengatu\/article\/view\/60820\/42128<\/a>.<\/p>\n\n\n\n<p>Seixas, S. (2022). O que \u00e9 colaborar?. In Marques, R. &amp; Carrilho da Silva, J. (coord.) (2022). <em>Guia Colaborar faz toda a Diferen\u00e7a \u2013 Regi\u00e3o do Alentejo <\/em>(pp. 59-68)<em>.<\/em>Lisboa: Instituto Padre Ant\u00f3nio Vieira.<\/p>\n\n\n\n<p>Sigiliano, D.; Borges, G. (2022). O ativismo do fandom Limantha no TWITTER: uma an\u00e1lise das dimens\u00f5es da compet\u00eancia midi\u00e1tica na discuss\u00e3o de causas sociais. L\u00edgia Prezia Lemos; Larissa Ledo Rocha (org.). Fic\u00e7\u00e3o seriada: estudos e pesquisas. 1 ed. Vol. 5, 117-132. S\u00e3o Lu\u00eds: Jogo de Palavras e Ed. Universidade do Maranh\u00e3o. <a href=\"https:\/\/www.edufma.ufma.br\/index.php\/produto\/ficcao-seriada-estudos-e-pesquisas\/\">https:\/\/www.edufma.ufma.br\/index.php\/produto\/ficcao-seriada-estudos-e-pesquisas\/<\/a><\/p>\n\n\n\n<p>Sigiliano, D.; Guida, V.; Borges, G. (2022). Videoclipe e Identidade: uma an\u00e1lise de Bluesman. Redes digitais e culturas ativistas 1: Arte, Cidades e Ativismo, Tarcisio Torres Silva; Juliana Doretto; Jo\u00e3o Paulo Hergesel (ed) 1 ed., Campinas: Clea Editorial, 267-286. <a href=\"https:\/\/www.jogodepalavras.com\/clea-redes1\">https:\/\/www.jogodepalavras.com\/clea-redes1<\/a><\/p>\n\n\n\n<p>Sigiliano, D.; Borges, G. (2022). WandaVison e os Processos Cognitivos na Produ\u00e7\u00e3o Cr\u00edtica e Criativa do Fandom Brasileiro no Twitter. Journal of Digital media and Interaction. , v.5, 24-37. <a href=\"https:\/\/proa.ua.pt\/index.php\/jdmi\/article\/view\/28861\">https:\/\/proa.ua.pt\/index.php\/jdmi\/article\/view\/28861<\/a><\/p>\n\n\n\n<p>Sigiliano, D.; Garcia, J ; Hsu, Y. Y. ; Vieira, L. ; Borges, G. (2022) A aprendizagem informal na produ\u00e7\u00e3o de fanfics da s\u00e9rie As Five. In: Anais IV Jornada Internacional GEMInIS (JIG 2021), S\u00e3o Carlos: Geminis, v. 4. p. 1-14. <a href=\"https:\/\/doity.com.br\/anais\/jig2021\/trabalho\/227721\">https:\/\/doity.com.br\/anais\/jig2021\/trabalho\/227721<\/a><\/p>\n\n\n\n<p>Silva, A., Santos, I., Aurindo, M., Almeida, M., Const\u00e2ncio, N., &amp; Quinteiro, S. (2022). <em>Hot\u00e9is Liter\u00e1rios de Portugal<\/em>. Universidade do Algarve. <a href=\"https:\/\/ciac.pt\/wp-content\/uploads\/2022\/05\/Hoteis-Literarios-de-Portugal.pdf\">https:\/\/ciac.pt\/wp-content\/uploads\/2022\/05\/Hoteis-Literarios-de-Portugal.pdf<\/a><\/p>\n\n\n\n<p>Silva, A. C. S. (2022). A simbiose entre turismo industrial e turismo liter\u00e1rio: Na rota da chapelaria com os \u00abUnhas Negras\u00bb. In <em>Revista Abriu: Estudos de Textualidade do Brasil, Galicia e Portugal<\/em>, n\u00ba 11 (257-277), Universidade de Barcelona. <a href=\"https:\/\/revistes.ub.edu\/index.php\/Abriu\/article\/view\/36275\/38357\">https:\/\/revistes.ub.edu\/index.php\/Abriu\/article\/view\/36275\/38357<\/a><\/p>\n\n\n\n<p>Silva, A. C. S.; Marques, M. J.; Quinteiro, S. (Editoras) (2022). <em>Obras de Jos\u00e9 Dias Sancho \u2013 Can\u00e7\u00f5es de Amor e Outros Poemas<\/em>. Guimar\u00e3es: Opera Omnia.<\/p>\n\n\n\n<p>Silva, B. M. (2022).  The forking paths\u2019 Interactive Films: from basic interaction models to full interactive experience. <em>Interactive Film &amp; Media Journal<\/em>, 2(3). DOI: <a href=\"https:\/\/doi.org\/10.32920\/ifmj.v2i3.1508\">10.32920\/ifmj.v2i3.1508<\/a>.<\/p>\n\n\n\n<p>Silva, B. M. (2022). <em>Between Haze and Walking on Ice<\/em>. Cinema e M\u00e9dia Arte no CIAC, Avanca Cinema. Ed. Cineclube de Avanca. ISSN: 2184-4682.<\/p>\n\n\n\n<p>Soares, A. I. (2022). Sobre Descasco as Imagens e Entrego-as na Boca: Li\u00e7\u00f5es Ant\u00f3nio Reis [Review of Sobre Descasco as Imagens e Entrego-as na Boca: Li\u00e7\u00f5es Ant\u00f3nio Reis]. In Revista Aniki: Revista Portuguesa da Imagem em Movimento. <a href=\"https:\/\/aim.org.pt\/ojs\/index.php\/revista\">https:\/\/aim.org.pt\/ojs\/index.php\/revista<\/a><\/p>\n\n\n\n<p>(n.d.). <em>Galiza e(m) n\u00f3s. Estudos para a compreens\u00e3o do relacionamento cultural galego portugu\u00eas<\/em> (M. Vilar, C. Justo, &amp; G. Andr\u00e9, Eds.) [Review of <em>Galiza e(m) n\u00f3s. Estudos para a compreens\u00e3o do relacionamento cultural galego portugu\u00eas<\/em>]. H\u00daMUS. <a href=\"https:\/\/hdl.handle.net\/1822\/76402\">https:\/\/hdl.handle.net\/1822\/76402<\/a><\/p>\n\n\n\n<p>Tavares, M. (2022). David Lynch: um cineasta essencialmente surrealista. <em>Revista Vertovina<\/em>, Dossier 1: David Lynch, pp.62-71.<\/p>\n\n\n\n<p>Tavares, M. (2022). Da ru\u00edna como discurso: Apontamentos sobre cinematografias p\u00f3s-coloniais. <em>Revista Portuguese Literary &amp; Cultural Studies, <\/em>Heritages of Portuguese Influence: Histories, Spaces, Texts, and Objects, pp.257-276. <a href=\"https:\/\/ojs.lib.umassd.edu\/index.php\/plcs\/article\/view\/PLCS36_37_Tavares_page257\/1365\">https:\/\/ojs.lib.umassd.edu\/index.php\/plcs\/article\/view\/PLCS36_37_Tavares_page257\/1365<\/a><\/p>\n\n\n\n<p>Tavares, M. (2022). O esp\u00edrito do tempo ou o tempo dos esp\u00edritos: a obra solar de Hilma af Klint. In Cavalcante Junior, F. <em>Tempo-sol.<\/em> CRV.<\/p>\n\n\n\n<p>Tavares, M., Cabe\u00e7a, S., Gon\u00e7alves, A., &amp; Marques, J. (n.d.). Experi\u00eancias criativas revelam segredos de um turismo no Algarve diferente. In N. Duxbury &amp; S. Silva (Eds.), <em>Creatour: catalisando o turismo criativo em cidades de pequena dimens\u00e3o e em \u00e1reas rurais.<\/em> Universidade de Coimbra.<\/p>\n\n\n\n<p>Tavares, M., &amp; da Silva, B. M. (2022). <em>As artes ao servi\u00e7o do conhecimento e da sociedade<\/em> (P. A. Jornal Sol, Interviewer).<\/p>\n\n\n\n<p>Tavares, M. &amp; Dourado, P. (2022). Escrever e reescrever: pr\u00e1ticas de roteiro em Que horas ela volta de Anna Muylaert. Avanca Cinema Journal.<\/p>\n\n\n\n<p>Tavares, M. &amp; Fernandes-Marcos, A. (2022). Innovating in open distance teaching with face-to-face retreats within a Doctoral Program in Digital Media Art. In Proceedings of INTED2022 | 16th annual International Technology, Education and Development Conference. IATED Editor. pp. 3336- 3343. ISBN: 978-84-09-37758-9.<\/p>\n\n\n\n<p>Tavares, M. &amp; Salles, C. (Coord.) (2022). <em>Cole\u00e7\u00e3o Processos de Cria\u00e7\u00e3o: Livro 1 \u2013 \u201cEust\u00e1quio Neves: sujeito fotogr\u00e1fico\u201d de Paula Martinelli.<\/em> Ed. Ana Isabel Soares, Patr\u00edcia Dourado, Paula Martinelli e Wagner de Miranda. Edi\u00e7\u00f5es CIAC. ISBN: 978-989-9023-07-9.<\/p>\n\n\n\n<p>Tavares, M. &amp; Salles, C. (Coord.) (2022). <em>Cole\u00e7\u00e3o Processos de Cria\u00e7\u00e3o: Livro 2 \u2013 \u201cRoberto Alencar: o corpo em tr\u00e2nsito\u201d de Wagner de Miranda.<\/em> Ed. Ana Isabel Soares, Patr\u00edcia Dourado, Paula Martinelli e Wagner de Miranda. Edi\u00e7\u00f5es Ciac. ISBN: 978-989-9023-06-2.<\/p>\n\n\n\n<p>Tavares, M. &amp; Salles, C. (Coord.) (2022). <em>Cole\u00e7\u00e3o Processos de Cria\u00e7\u00e3o: Livro 3 \u2013 \u201cAna Maria Maiolino: projeto art\u00edstico em constru\u00e7\u00e3o\u201d de Vin\u00edcius Gon\u00e7alves.<\/em> Ed. Ana Isabel Soares, Patr\u00edcia Dourado, Paula Martinelli e Wagner de Miranda. Edi\u00e7\u00f5es Ciac. ISBN: 978-989-9023-08-6.<\/p>\n\n\n\n<p>Tavares, M. &amp; Salles, C. (Coord.) (2022). <em>Cole\u00e7\u00e3o Processos de Cria\u00e7\u00e3o. Livro 4 \u2013 \u201cPerformances: ensaios sobre o espectador\u201d de Regina Gorzillo<\/em> (No prelo). Ed. Ana Isabel Soares, Patr\u00edcia Dourado, Paula Martinelli e Wagner de Miranda. Edi\u00e7\u00f5es Ciac. ISBN: 978-989-9023-05-5.<\/p>\n\n\n\n<p>Tavares, M. &amp; Salles, C. (Coord.) (2022). <em>Cole\u00e7\u00e3o Processos de Cria\u00e7\u00e3o. Livro 5 \u2013 \u201cRoteiros: do roteirista espectador ao espectador roteirista\u201d de Patr\u00edcia Dourado <\/em>(No prelo). Ed. Ana Isabel Soares, Patr\u00edcia Dourado, Paula Martinelli e Wagner de Miranda. Edi\u00e7\u00f5es Ciac. ISBN: 978-989-9023-09-3.<\/p>\n\n\n\n<p>Travasso, R., Veiga, P. A., &amp; Alberto, J. (2022). New aspects regarding the instrumentalists \u0301 performance. In New Music Concepts book series<em>. <\/em>ISBN: 978-88-944350-4-7<\/p>\n\n\n\n<p>Travasso, R., Veiga, P. A., &amp; Gomes, J. A. (2022). Major Events that Changed the Instrumentalists \u2019 Performance. International <em>Journal of Music Science, Technology and Art<\/em>, 4(1), 50\u201362. <a href=\"https:\/\/doi.org\/10.48293\/IJMSTA-86\">https:\/\/doi.org\/10.48293\/IJMSTA-86<\/a><\/p>\n\n\n\n<p>Travasso, R., Veiga, P.A., &amp; Gomes, J.A. (2022). New aspects regarding the instrumentalists\u2019 performance. <em>Proceedings of 9th International Conference on New Music Concepts, Treviso, Italy<\/em>, 1-16.<\/p>\n\n\n\n<p>Travasso, R., Veiga, P.A., &amp; Gomes, J.A. (2022). A Influ\u00eancia da M\u00e9dia-Arte Digital no Instrumentista e na sua Performance \u2013 Novos Caminhos Performativos. <em>Proceedings of ARTeFACTo 2022, 3rd International Conference on Digital Creation in Arts, Media and Technology, Macao, China, <\/em>1-10.<\/p>\n\n\n\n<p>Veiga, P.A. (2022). The Everywhere Museum of Everything: The Curatorship Challenge, from Digital Urban Art to NFTs. In Helena Barranha &amp; Joana Sim\u00f5es Henriques (Eds.) <em>Art, Museums and Digital Cultures \u2013 Rethinking Change<\/em>, pp.142-156.Institute of Art History, School of Social Sciences and Humanities, Universidade NOVA de Lisboa, in association with maat \u2013 Museum of Art, Architecture and Technology. <a href=\"http:\/\/hdl.handle.net\/10400.2\/12445\">http:\/\/hdl.handle.net\/10400.2\/12445<\/a><\/p>\n\n\n\n<p>Veiga, P.A. (2022). Patient Zer0: Creating Online Generative Art During the COVID-19 Pandemic. <em>International Journal of Art, Culture, Design, and Technology (IJACDT), 11<\/em>(3), 1-19. <a href=\"https:\/\/doi.org\/10.4018\/IJACDT.314953\">https:\/\/doi.org\/10.4018\/IJACDT.314953<\/a><\/p>\n\n\n\n<p>Veiga, P.A. (2022). The Cinematic Selfie: Questioning the Self through Generative Art. <em>Proceedings of AVANCA | CINEMA 2022 International Conference, Avanca, <\/em>18-26. <a href=\"http:\/\/hdl.handle.net\/10400.2\/12428\">http:\/\/hdl.handle.net\/10400.2\/12428<\/a><\/p>\n\n\n\n<p>Veiga, P.A. (2022). Ciberperformance: da Transposi\u00e7\u00e3o \u00e0 Inova\u00e7\u00e3o. <em>Livro de Resumos do VIII Congresso da Associa\u00e7\u00e3o Portuguesa de Literatura Comparada \u2013 Olhares cruzados: representa\u00e7\u00f5es das epidemias nas artes. Da cat\u00e1strofe \u00e0 resili\u00eancia, \u00c9vora<\/em>. <a href=\"https:\/\/www.viiicongressoaplc2022.uevora.pt\/livro-de-resumos\">https:\/\/www.viiicongressoaplc2022.uevora.pt\/livro-de-resumos<\/a><\/p>\n\n\n\n<p>Viana, M. J.; Coelho, A.; Morgado, L. (2022), Drill-down and drill-through dashboard for master program chairing in e-learning. <em>Revista de Ci\u00eancias da Computa\u00e7\u00e3o<\/em>, 17, Universidade Aberta, pp.13-28. <a href=\"http:\/\/hdl.handle.net\/10400.2\/12780\">http:\/\/hdl.handle.net\/10400.2\/12780<\/a><\/p>\n\n\n\n<p>Vidal, C. (2022). Contradi\u00e7\u00f5es livres: \u00c1lvaro Cunhal, entre o neo-realismo colectivo e o formalismo individual [Review of <em>Contradi\u00e7\u00f5es livres: \u00c1lvaro Cunhal, entre o neo-realismo colectivo e o formalismo individual<\/em>]. In ARTETEORIA (Ed.), <em>Arte Teoria: Revista do CIEBA<\/em>.<\/p>\n\n\n\n<p>Vidal, C. (2022). <em>S\u00e9culo de Ouro: Da Rep\u00fablica Florentina ao P\u00f3s-readymade<\/em>, Lisboa: FBAUL \/ CIEBA<\/p>\n\n\n\n<p>Vidal, C. (2022). Caravaggio as an Event: How to use Badiou\u2019s Categories in Painting \/ \u4f5c\u4e3a\u4e8b\u4ef6\u7684\u5361\u62c9\u74e6\u4e54\uff1a\u5982\u4f55\u5728\u7ed8\u753b\u4e2d\u4f7f\u7528\u5df4\u8fea\u6b27\u7684\u8303\u7574, em <em>Research on Marxist Aesthetics\/ <\/em>\u9a6c\u514b\u601d\u4e3b\u4e49\u7f8e\u5b66\u7814\u7a76, 24 (2\u00ba semestre, 2021 \u2013 publicado em 2022), Escola de Media e Cultura Internacional, Universidade de Zhejiang [R. P. China]<\/p>\n\n\n\n<p>Vidal, C. (2022). Fausto Pessoa Mahler <em>Veni Creator<\/em>, Col\u00f3quio Internacional sobre o <em>Fausto (e outros Faustos) de Fernando Pessoa, Central de Poesia VI, <\/em>Faculdade de Letras da Universidade de Lisboa.<\/p>\n\n\n\n<p>Vilar, M. B. (2022). <em>Galiza e(m) n\u00f3s: estudos para a compreens\u00e3o do relacionamento cultural galego-portugu\u00eas<\/em>. Ed. Humus. <a href=\"https:\/\/hdl.handle.net\/1822\/76402\">https:\/\/hdl.handle.net\/1822\/76402<\/a><\/p>\n\n\n\n<p>Vilar, M. B. (2022). O l\u00e9xico afectivo nas <em>Cantigas de Santa Mar\u00eda<\/em>: preservaci\u00f3n da memoria e construci\u00f3n da identidade galaico-portuguesa\u201d, in Pichel, Ricardo (ed.) (2022): <em>\u00abTenh\u2019eu que mi fez el i mui gran ben\u00bb Estudos sobre cultura escrita medieval dedicados a Harvey L. Sharrer<\/em>. Ed. S\u00edlex Universidad. ISBN: 978-84-19077-35-6.<\/p>\n\n\n\n<p>Viegas, S.; Jorge, S. (Eds.), (2022). Acesso \u00e0 habita\u00e7\u00e3o e Covid-19: Leituras a partir das \u00c1reas Metropolitanas de Lisboa e Porto. <em>Revista CIDADES, Comunidades e Territ\u00f3rios,<\/em> 45 (revista indexada a Scopus). <a href=\"https:\/\/revistas.rcaap.pt\/cct\">https:\/\/revistas.rcaap.pt\/cct<\/a><\/p>\n\n\n\n<p>Viegas, S.; Jorge, S. (2022). Acesso \u00e0 habita\u00e7\u00e3o e Covid-19: Leituras a partir das \u00c1reas Metropolitanas de Lisboa e Porto, Dossier tem\u00e1tico <em>Acesso \u00e0 habita\u00e7\u00e3o e Covid-19: Leituras a partir das \u00c1reas Metropolitanas de Lisboa e Porto<\/em>. <em>Revista CIDADES, Comunidades e Territ\u00f3rios, 45,<\/em> <em>pp. iii-v.<\/em> <em>Revista CIDADES, Comunidades e Territ\u00f3rios<\/em>. <a href=\"https:\/\/journals.openedition.org\/cidades\/6421\">https:\/\/journals.openedition.org\/cidades\/6421<\/a><\/p>\n\n\n\n<p>Viegas, S\u00edlvia (2022). Refugiados de \u00c1frica e do M\u00e9dio Oriente em Portugal: notas sobre o acesso \u00e0 habita\u00e7\u00e3o e direito \u00e0 cidade, Dossier tem\u00e1tico <em>Acesso \u00e0 habita\u00e7\u00e3o e Covid-19: Leituras a partir das \u00c1reas Metropolitanas de Lisboa e Porto, n\u00ba 45, pp. 39\u201354<\/em>. <em>Revista CIDADES, Comunidades e Territ\u00f3rios.<\/em> <a href=\"https:\/\/journals.openedition.org\/cidades\/6506?fbclid=IwAR3uaJmu7J3zN66bzm2Rf89ObXD_aaiPomvKYqRk36qNK5_nxAkyGVzaNJo\"><em>https:\/\/journals.openedition.org\/cidades\/6506?fbclid=IwAR3uaJmu7J3zN66bzm2Rf89ObXD_aaiPomvKYqRk36qNK5_nxAkyGVzaNJo<\/em><\/a><\/p>\n\n\n\n<p>Vieira, C.; Guerra Santos, I. (2022). La voix naturaliste des \u00e9crivains-traducteurs: le cas de Eduardo de Barros Lobo. <em>Transilvania Review<\/em>.<\/p>\n\n\n\n<p>Vieira, I; Fernandes, D.; Barradas, P; Rodrigues, P. (2022). A Norma da Pandemia. <em>Ebook Festas, Culturas e Comunidades: Patrim\u00f3nio e Sustentabilidade, <\/em>2022 | UMinho Editora\/Centro de Estudos de Comunica\u00e7\u00e3o e Sociedade ISBN:978-989-8974-76-1. DOI: <a href=\"https:\/\/doi.org\/10.21814\/uminho.ed.73.34\">https:\/\/doi.org\/10.21814\/uminho.ed.73.34<\/a><\/p>\n\n\n\n<p>Vieira, I.; Fernandes, D.; Amaro, B.; Carvalho, A. (2022). The Potential for ICT in New Museums\u2014The Case of the Douro Museum. In Abreu, A., Liberato, D., Garcia Ojeda, J.C. (eds) Advances in Tourism, Technology and Systems. Smart Innovation, Systems and Technologies, vol 293. Springer, Singapore. <a href=\"https:\/\/doi.org\/10.1007\/978-981-19-1040-1_14\">https:\/\/doi.org\/10.1007\/978-981-19-1040-1_14<\/a><\/p>\n\n\n\n<p>Vieira, I.; Fernandes, D.; Gama, R.; Mota, M.; Oliveira, I. (2022). Development of a Tourist Information System for Low Density Territories: Douro. <em>Int. J. of Tourism Policy<\/em> (IJTP), Vol. 12, N\u00ba 2, 223-241. <a href=\"https:\/\/doi.org\/10.1504\/IJTP.2022.122237\">https:\/\/doi.org\/10.1504\/IJTP.2022.122237<\/a><\/p>\n\n\n\n<p>Vieira, I.; Santos, P.; Fernandes, D. (2022). Co-creation &amp; design \u2013 Living heritage routes project: memories itineraries for the city of Lamego. <em>Proceedings of the 5th international conference on tourism research.<\/em> 15(1), pp. 469- 478. DOI: <a href=\"https:\/\/doi.org\/10.34190\/ictr.15.1.289\">https:\/\/doi.org\/10.34190\/ictr.15.1.289<\/a> Publicado online em 2022-05-11<\/p>\n\n\n\n<p>Vieira, I.; Al\u00e9n, E.; Fernandes, D.; Rodrigues, A. P. (2022). Sustainable tourism development in times of pandemic: correlational analysis applied to residents of a Portuguese historic town. <em>Journal of Tourism Sustainability and well-being<\/em> (no prelo).<\/p>\n\n\n\n<p>Wexel, J.; Pereira, S. (2022). <em>Make me up!<\/em>: Uma proposta de artefacto digital performativo em tempos de ressignifica\u00e7\u00e3o da arte urbana p\u00f3s-pandemia. In: ARTECH 2021 Hybrid Praxis, Art, Sustainability &amp; Technology: Proceedings 10th International Conference on Digital and Interactive Arts. Lopes, M. Manuela; Lopes P. Bernardino; Ara\u00fajo, A.; Lucas Fabian Olivero, L. Fabian (Eds.) Association for Computing Machinery: New York, NY, USA.<\/p>\n\n\n\n<p>Wexel, J.; Tavares, M. Estela Nogueira. (2022).<em> Street Art, Intersectional Feminism, and Digital Media-Art: Report on the Cyberperformative Artefact \u201cMake Me Up!\u201d<\/em>. In: Handbook of Research on Urban Tourism, Viral Society, and the Impact of the COVID-19 Pandemic. Andrade, P. &amp; Martins, M. D. (Eds.). IGI Global. <a href=\"https:\/\/doi.org\/10.4018\/978-1-6684-3369-0\">https:\/\/doi.org\/10.4018\/978-1-6684-3369-0<\/a><\/p>\n\n\n\n<p>Wexel, J. (2022).<em> A letter to Cassandra. <\/em>In: The City and the Myth. Resta, G. (Ed.) Cost Action, Libria: Melfi, It\u00e1lia.<\/p>\n\n\n\n<p>Wexel, J.; Silva, B. Mendes da. (2022). Novas representa\u00e7\u00f5es da anatomia e <em>vulva art<\/em>: uma an\u00e1lise comparativa em narrativas audiovisuais e est\u00e9ticas artivistas. In: <em>StoryBits I: <\/em>Narrativa e Media Digitais. Merino, F.; Frias, L.; Penafria, M. (Eds). LabCom Comunica\u00e7\u00e3o e Artes: Covilh\u00e3.<\/p>\n<\/div><\/div>\n\n\n\n<div class=\"wp-block-advgb-accordion-item advgb-accordion-item\" style=\"margin-bottom:15px\"><div class=\"advgb-accordion-header\" style=\"background-color:#ffffff;color:#000000;border-style:solid;border-width:0px;border-color:#ffffff\"><span class=\"advgb-accordion-header-icon\"><svg fill=\"#000000\" xmlns=\"http:\/\/www.w3.org\/2000\/svg\" width=\"24\" height=\"24\" viewBox=\"0 0 24 24\"><path fill=\"none\" d=\"M0,0h24v24H0V0z\"><\/path><path d=\"M6,10c-1.1,0-2,0.9-2,2s0.9,2,2,2s2-0.9,2-2S7.1,10,6,10z M18,10c-1.1,0-2,0.9-2,2s0.9,2,2,2s2-0.9,2-2S19.1,10,18,10z M12,10c-1.1,0-2,0.9-2,2s0.9,2,2,2s2-0.9,2-2S13.1,10,12,10z\"><\/path><\/svg><\/span><h2 class=\"advgb-accordion-header-title\" style=\"color:inherit\">2021<\/h2><\/div><div class=\"advgb-accordion-body\" style=\"border-style:solid !important;border-width:0px !important;border-color:#ffffff !important;border-top:none !important\">\n<p>Alves, P. (2021). Cisne Negro, in revista aspectus.online. <a href=\"http:\/\/aspectus.online\/pfa.html\">http:\/\/aspectus.online\/pfa.html<\/a><\/p>\n\n\n\n<p>Alves, P. (2021). O povo quer \u00e9 festa, in revista aspectus.online. <a href=\"http:\/\/aspectus.online\/pfa.html\">http:\/\/aspectus.online\/pfa.html<\/a><\/p>\n\n\n\n<p>Alves, P. (2021). Famintos de conhecimento, in revista aspectus.online. :<a href=\"http:\/\/aspectus.online\/pfa.html\"> http:\/\/aspectus.online\/pfa.html<\/a><\/p>\n\n\n\n<p>Alves, P. (2021). Aprender com a hist\u00f3ria, in revista aspectus.online. <a href=\"http:\/\/aspectus.online\/pfa.html\">http:\/\/aspectus.online\/pfa.html<\/a><\/p>\n\n\n\n<p>Alves, P. (2021). Viagem sem rumo, in revista aspectus.online.  <a href=\"http:\/\/aspectus.online\/pfa.html\">http:\/\/aspectus.online\/pfa.html<\/a><\/p>\n\n\n\n<p>Alves, P. (2021). Desgoverno, in revista aspectus.online.  <a href=\"http:\/\/aspectus.online\/pfa.html\">http:\/\/aspectus.online\/pfa.html<\/a><\/p>\n\n\n\n<p>Alves, P. &amp; Ara\u00fajo, W. (2021). Os desafios da comunidade lgbtia+ no contexto de isolamento social em tempo de pandemia da covid-19. Revista Cronos.<\/p>\n\n\n\n<p>Alves, P. &amp; Guerreiro, A. (2021). Pr\u00e1ticas Profissionais: Uma abordagem ao novo paradigme de educa\u00e7\u00e3o \u00e0 dist\u00e2ncia em tempo de isolamento social. Revista Refletir Volume II, n\u00ba1, 55 \u2013 65.<\/p>\n\n\n\n<p>Antunes,M. .(2021). Jornalismo: Trajetos, Pr\u00e1ticas e Identidades. Revista Refletir, Vol.II, n\u00ba1, pp.11-23.<\/p>\n\n\n\n<p>Ara\u00fajo, A. B. (2021). Spherical Perspective. In B. Sriraman (Ed.), Handbook of the Mathematics of the Arts and Sciences (pp. 1\u201361). Springer International Publishing. <a href=\"https:\/\/doi.org\/10.1007\/978-3-319-70658-0_100-1\">https:\/\/doi.org\/10.1007\/978-3-319-70658-0_100-1<\/a><\/p>\n\n\n\n<p>Ara\u00fajo, A. B. (2021). Workshop\u2014Drawing Equirectangular Perspectives for VR Panoramas with Eq A Sketch 360. 2021 7th International Conference of the Immersive Learning Research Network (ILRN), 1\u20133.<a href=\"https:\/\/doi.org\/10.23919\/iLRN52045.2021.9459397\"> https:\/\/doi.org\/10.23919\/iLRN52045.2021.9459397<\/a><\/p>\n\n\n\n<p>Ara\u00fajo, A. B., Olivero, L., &amp; Rossi, A. (2021). Reconstruction of St. Michael\u2019s Church, Hildesheim in Cubical Perspective. In Kim Williams (Ed.), Nexus 20\/21 \u2013 Relationships between Architecture and Mathematics, 239\u2013244. Kim Williams Books. <a href=\"https:\/\/nexus2021.architektur.uni-kl.de\/\">https:\/\/nexus2021.architektur.uni-kl.de\/<\/a><\/p>\n\n\n\n<p>Arg\u00f4lo, In\u00eas; Mendes da Silva, B.; Borges, Gabriela. Rejeitorio: An interactive video installation focusing on human impact on the S\u00e3o Francisco River. 2021. Artech 2021: 1oth International Conference on Digital and Interactive Arts \u2013 Hybrid Praxis \u2013 Art, Sustainability and Technology. Aveiro. ISBN 978-1-4503-8420-9.<\/p>\n\n\n\n<p>Arg\u00f4lo, In\u00eas; Mendes da Silva, B.; Borges, Gabriela. Rejeitorio: Uma videoinstala\u00e7\u00e3o interativa acerca do impacto humano recente sobre o Rio S\u00e3o Francisco. 2021. Anais do VIII Simp\u00f3sio Internacional de Inova\u00e7\u00e3o em M\u00eddias Interativas. Val\u00e8ncia, Espanha : Universitat Polit\u00e8cnica de Val\u00e8ncia; Media Lab \/ BR.  ISSN 2358-0488.<\/p>\n\n\n\n<p>Arg\u00f4lo, In\u00eas; Mendes da Silva, B.; Borges, Gabriela. Rejeitorio: Uma videoinstala\u00e7\u00e3o interativa acerca do impacto humano recente sobre o Rio S\u00e3o Francisco. 2021. Anais do 20o . Encontro Internacional de Arte e Tecnologia. 8vo. Balance-Unbalance. PANORAMAS 2021. Val\u00e8ncia, Espanha. ISSN 2238-0272.<\/p>\n\n\n\n<p>Azevedo, H., Ara\u00fajo, A. (2021). Anatomy Primitives. In Proceedings of the 10th International Conference on Digital and Interactive Arts (ARTECH2021). October 13\u201315, 2021, Aveiro, Portugal. ACM, New York, NY, USA. DOI:  <a href=\"https:\/\/doi.org\/10.1145\/3483529.3483760\">https:\/\/doi.org\/10.1145\/3483529.3483760<\/a><\/p>\n\n\n\n<p>Bastos, Dorotea S. (2021). Experi\u00eancia est\u00e9tica e a\u00e7\u00e3o criativa na obra Starry Sky. In: Alice Martins, Natalia Viola e Regilene Sarzi. (Org.). Debates sobre Arte e Est\u00e9tica. 1ed.Aveiro: Ria Editorial, 2021, v. 1, p. 236-253.<\/p>\n\n\n\n<p>Bastos, Dorotea S.; Coimbra, Ana Luisa (2021). Audiovisual e publicidade: a experi\u00eancia da UFRB. In: Juciara Maria Nogueira Barbosa; Juliano Mascarenhas da Silva; Renata Pitombo Cidreira. (Org.). Publicidade e propaganda na UFRB. 1ed.Cruz das Almas: EDUFRB, 2021, v. XIII, p. 65-80.<\/p>\n\n\n\n<p>Bastos, Dorotea S.; Soares, Ana Cecilia (2021). EnvelheSER: experimentando possibilidades est\u00e9ticas em dan\u00e7a e criando outras formas de existir. In: Caroline Luvizotto e Cl\u00e1udia Assis. (Org.). M\u00eddia, cidadania e inclus\u00e3o. 1ed.Aveiro: Ria Editorial, 2021, v. 1, p. 101-117.<\/p>\n\n\n\n<p>Bastos, Dorotea S.; Pimentel, L. (2021). Dramaturgy of the BodyImage in Digital Dance: first statements. In: 10th International Conference on Digital and Interactive Arts \u2013 ARTECH, 2021, Aveiro. Proceedings of the 10th International Conference on Digital and Interactive Arts, 2021. p. 479-484.<\/p>\n\n\n\n<p>Belmonte, B. (2021). O s\u00e9culo XIX e os in\u00edcios da edi\u00e7\u00e3o de romances no Brasil: breve estado da quest\u00e3o. Aben\u00e1mar, IV: pp. 15-30.<\/p>\n\n\n\n<p>Bernardino, I., Bidarra, J., Baptista, R., &amp; Mamede, H. (2021). Serious Games for seniors: Learning safe behaviors on the web. Comunica\u00e7\u00e3o publicada nas atas da CISTI 2021 \u2013 16th Iberian Conference on Information Systems and Technologies, Chaves, Portugal, 23-26 de junho de 2021.<\/p>\n\n\n\n<p>Bidarra, J., Alves da Veiga, P., &amp; Carvalho, I. C. (2021). 4AP \u2013 Empreendedorismo na ind\u00fastria cultural e criativa. New DATA magazine, 05-09-2021.  ISSN 2184-9463.<\/p>\n\n\n\n<p>Boto, S. (2021). Recens\u00e3o a Floresta de varios romances, sacados de las historias antiguas de los hechos famosos de los doze pares de Francia. <em>Revista de Cancioneros Impresos y Manuscritos, 0<\/em>(10), 421-429. doi: <a href=\"https:\/\/doi.org\/10.14198\/rcim.2021.10.10\">https:\/\/doi.org\/10.14198\/rcim.2021.10.10<\/a><\/p>\n\n\n\n<p>Boto, S. &amp; Belmonte, B. (2021). O romanceiro ib\u00e9rico no Brasil: um patrim\u00f3nio da l\u00edngua Portuguesa em ambiente digital. Ualgoritmo 3, vol. 1: pp. 19-23.<\/p>\n\n\n\n<p>Cabe\u00e7a, S. M., Gon\u00e7alves, A. R., Marques, J. F., &amp; Tavares, M. N. (2021). Valorizar o Interior Algarvio : Experi\u00eancias de Turismo Criativo da rede CREATOUR em territ\u00f3rios de Baixa Densidade. In <strong>Turismo Rural e Turismo Comunit\u00e1rio no Espa\u00e7o Ibero-Americano<\/strong>. \u00c9vora: Publica\u00e7\u00f5es do Cidehus<\/p>\n\n\n\n<p>Cabe\u00e7a, SM, Gon\u00e7alves, AR; Marques, JF &amp; Tavares, M (2021) Gastronomic Creative Tourism: experiences in the Algarve region of Portugal. In N. Duxbury, CP Carvalho &amp; S. Albino (Eds.) Activating cultural resources and engaging creative travellers. London: CABI International, pp. 62-67 DOI: 10.1079\/9781789243536.0009 [ISBN: 9781789243536]<\/p>\n\n\n\n<p>Canossa H.; Rocha, R. (2021). Imagem e mem\u00f3ria \u2013 uma reflex\u00e3o sobre processo criativo na mem\u00f3ria de curto prazo. In Avanca Cinema International Conference 2021. Avanca: Edi\u00e7\u00f5es Cine Clube de Avanca. ISSN: 2184-0520. pp. 148-155.<\/p>\n\n\n\n<p>Carmo, C. I. do (2021). Cam\u00f5es, patrono-emblema de escritores no p\u00f3s-Abril contra-revolucion\u00e1rio. In Godinho, P. e Lou\u00e7\u00e3, J. C. (org.). Quando a Hist\u00f3ria Acelera: Resist\u00eancia, Movimentos Sociais e Lugar do Futuro. Lisboa: Editora E-IHC \u2013 Instituto de Hist\u00f3ria Contempor\u00e2nea, pp. 56-71. ISBN: 978-989-8956-231 <a href=\"https:\/\/ihc.fcsh.unl.pt\/en\/quando-historia-acelera\/\">https:\/\/ihc.fcsh.unl.pt\/en\/quando-historia-acelera\/<\/a><\/p>\n\n\n\n<p>Carmo, C. I. do. 2021. A humanidade no arame e as crian\u00e7as segundo Maria Judite de Carvalho. O Escritor. Associa\u00e7\u00e3o Portuguesa de Escritores. 3\u00aa. s\u00e9rie. n\u00ba. 6.<\/p>\n\n\n\n<p>Carmo, C. I. do. 2021.\u201dO Lavra\u201d de Irene Lisboa, uma sonda modernista do tempo de Salazar. L\u00edngua-lugar: Literatura, Hist\u00f3ria, Estudos Culturais 4.<\/p>\n\n\n\n<p>Carrega, Jorge (2021). Hollywood y los formatos de pantalla ancha en el ocaso del cine cl\u00e1sico. \u00c1mbitos: Revista de estudios de ciencias sociales y humanidades, n\u00fam. 46, pp. 59-67. I.S.S.N.: 1575-2100.<\/p>\n\n\n\n<p>Carvalho, Ana Alexandra Seabra de. (2021). \u201c \u2018Je est un autre\u2019. Maupassant et l\u2019angoissante alt\u00e9rit\u00e9 du Moi\u201d, Dedalus: Revista Portuguesa de Literatura Comparada, n\u00ba 25, 2021, pp. 329-343. ISSN 0871-9519. <a href=\"http:\/\/aplc.org.pt\/index.php\/revista-dedalus\/2-uncategorised\/81-dedalus-25-2021\">http:\/\/aplc.org.pt\/index.php\/revista-dedalus\/2-uncategorised\/81-dedalus-25-2021<\/a><\/p>\n\n\n\n<p>Carvalho, Ana Alexandra Seabra de. (2021). \u201cMadame Bovary 24 \u2013 l\u2019h\u00e9ro\u00efne flaubertienne au cin\u00e9ma selon Sophie Barthes\u201d, Carnets: revue \u00e9lectronique d\u2019\u00e9tudes fran\u00e7aises. IIe s\u00e9rie, n\u00ba 22, N\u00b0 22, Sous le double signe de Baudelaire et de Flaubert : traductions, adaptations, transpositions, 11-2021. ISSN \u00e9lectronique 1646-7698. <a href=\"http:\/\/journals.openedition.org\/carnets\/13254\">http:\/\/journals.openedition.org\/carnets\/13254<\/a><\/p>\n\n\n\n<p>Carvalho, Ana Alexandra Seabra de. (2021). O Calafrio da Leitura, Centro de Literaturas e Culturas Lus\u00f3fonas e Europeias, Faculdade de Letras da Universidade de Lisboa, Lisboa, 108 pp. ISBN \u2013 978-989-9012-57-8. <a href=\"https:\/\/pt.calameo.com\/read\/00182797735f763959165\">https:\/\/pt.calameo.com\/read\/00182797735f763959165<\/a><\/p>\n\n\n\n<p>Carvalho, Ana Alexandra Seabra de. (2021). O Gosto da Literatura, Centro de Literaturas e Culturas Lus\u00f3fonas e Europeias, Faculdade de Letras da Universidade de Lisboa, Lisboa, 140 pp. ISBN \u2013 978-989-9012-58-5. <a href=\"https:\/\/pt.calameo.com\/read\/001827977bdb4354ac26d\">https:\/\/pt.calameo.com\/read\/001827977bdb4354ac26d<\/a><\/p>\n\n\n\n<p>Carvalho, Ana Alexandra Seabra de. (2021). \u201cOs Canibais \u2013 Oliveira e Carvalhal em di\u00e1logo\u201d, in Petar Petrov (org.), Literatura e Cinema \u2013 Di\u00e1logos poss\u00edveis, Lisboa, CLEPUL, 2021, pp. 11-33. ISBN: 978-989-9012-60-8<\/p>\n\n\n\n<p>Carvalho, Ana Alexandra Seabra de (2021). \u201cPerenes Amores de Pedro e In\u00eas: do Romance de Rosa Lobato de Faria (2001) ao Filme de Ant\u00f3nio Ferreira (2018)\u201d. Revista Livre de Cinema, uma leitura digital sem medida (super 8, 16, 35, 70 mm, \u2026) 8 4 (2021): 105-147. <a href=\"http:\/\/relici.org.br\/index.php\/relici\/article\/view\/357\/400\">http:\/\/relici.org.br\/index.php\/relici\/article\/view\/357\/400<\/a><\/p>\n\n\n\n<p>Carvalho, I. (2021). <strong>Revista H\u00famus <\/strong>(editora convidada). V11, n\u00ba25: Brasil e Portugal leituras, experimenta\u00e7\u00f5es, pr\u00e1ticas comunit\u00e1rias e coes\u00e3o social e territorial. 11 25.<\/p>\n\n\n\n<p>Carvalho, I. (2021). Critical Spatial Thinking in Women\u2019s Resilience for An Inclusive City. <em>Journal of Advanced Research in Social Sciences,<\/em> 4(1), 32\u201340. <a href=\"https:\/\/doi.org\/10.33422\/jarss.v4i1.688\">https:\/\/doi.org\/10.33422\/jarss.v4i1.688<\/a><\/p>\n\n\n\n<p>Carvalho, I.; Heemann, C. &amp; Oliveira, T. (2021). Feminist Activism Through the Arts in Late 19th Century and Early 20th Century. A Diachronic Comparative Study Between Portugal and Brazil. Journal of International Women\u2019s Studies, 22(3). Bridgewater State University, pp. 120-131. ISSN:1539-8706. <a href=\"https:\/\/vc.bridgew.edu\/jiws\/vol22\/iss3\/12\">https:\/\/vc.bridgew.edu\/jiws\/vol22\/iss3\/12<\/a><\/p>\n\n\n\n<p>Carvalho, Isabel; Sousa, Raquel; Leite, David (2021).\u201dUma abordagem metodol\u00f3gica ecos\u00f3fica aos (AGRO) ecossistemas Urbanos atrav\u00e9s de interven\u00e7\u00f5es Eco-Artisticas-Digitais\u201d <strong>Revista H\u00famus <\/strong>. V11, n\u00ba25: Brasil e Portugal leituras, experimenta\u00e7\u00f5es, pr\u00e1ticas comunit\u00e1rias e coes\u00e3o social e territorial. 11 25 (2021): <a href=\"http:\/\/www.periodicoseletronicos.ufma.br\/index.php\/revistahumus\/article\/view\/16560\" target=\"_blank\" rel=\"noreferrer noopener\">http:\/\/www.periodicoseletronicos.ufma.br\/index.php\/revistahumus\/article\/view\/16560<\/a><\/p>\n\n\n\n<p>Carvalho, Jo\u00e3o Carlos Firmino Andrade de (2021), T\u00f3picos de Literatura e Cultura, Centro de Literaturas e Culturas Lus\u00f3fonas e Europeias, Faculdade de Letras da Universidade de Lisboa, Lisboa. <a href=\"https:\/\/pt.calameo.com\/read\/001827977a9978dd87cf5\">https:\/\/pt.calameo.com\/read\/001827977a9978dd87cf5<\/a><\/p>\n\n\n\n<p>Carvalho, Jo\u00e3o Carlos Firmino Andrade de (2021), As hist\u00f3rias da Hist\u00f3ria em L\u00eddia Jorge, Di\u00e1rio do Sul, n\u00ba 14.174, Ano 52\u00ba, 27 de dezembro de 2021, p.4.<\/p>\n\n\n\n<p>Carvalho, Jo\u00e3o Carlos Firmino Andrade de (2021), Cinema, M\u00fasica, Literatura: a prop\u00f3sito do filme Peregrina\u00e7\u00e3o de Jo\u00e3o Botelho, in Petar Petrov (org.), Literatura e Cinema \u2013 Di\u00e1logos poss\u00edveis, Lisboa, Centro de Literaturas e Culturas Lus\u00f3fonas e Europeias, Faculdade de Letras da Universidade de Lisboa, 2021, pp. 67-76. ISBN 978-989-9012-60-8.<\/p>\n\n\n\n<p>Carvalho, Jo\u00e3o Carlos Firmino Andrade de (2021), Literatura e Cinema: tr\u00eas vis\u00f5es sobre n\u00f3s mesmos, Revista Livre de Cinema, v. 8, n\u00ba 4, Dossier \u201cA Literatura Portuguesa no Audiovisual\u201d, outubro-dezembro 2021, pp. 170-189. ISSN 2357-8807. <a href=\"http:\/\/relici.org.br\/index.php\/relici\/issue\/view\/28\">http:\/\/relici.org.br\/index.php\/relici\/issue\/view\/28<\/a><\/p>\n\n\n\n<p>Castro, P. A. (2021). Ways of seeing films. Cinema and Philosophy. Coimbra: Pub. Instituto de Estudos Filos\u00f3ficos, 2021. ISBN: 978-989-54328-6-8. DOI: 10.5281\/zenodo.4628301<\/p>\n\n\n\n<p>Castro, P. A. (2021). Take care of your mind: a short discussion between clinical hypnosis and philosophy of mind, In Braga, Joaquim &amp; Carvalho, M\u00e1rio Santiago, <em>Philosophy of Care: New Aproaches to Vulnerability, Otherness and Therapy<\/em>, 1St Ed. Dec., Springer, 2021, pp. 347-361.<\/p>\n\n\n\n<p>Castro, P. A. (2021). Sobre Eco Houses e outras arquitecturas do pensamento, In Martins, Constantino Pereira (Ed.), <em>Nas nuvens tamb\u00e9m crescem ra\u00edzes<\/em> (Porto: Ordem dos Arquitectos -Sec\u00e7\u00e3o Norte, 2021), pp. 101-111. ISBN: 978-989-54638-7-9.<\/p>\n\n\n\n<p>Castro, P. A. (2021). O homem subterr\u00e2neo: Plat\u00e3o, Dostoi\u00e9vski e Parasitas, In Ant\u00f3nio Costa et al. (Eds), Avanca Cinema International Conference 2021 (Avanca: Edi\u00e7\u00f5es Cine-Clube de Avanca, 2021), pp. 784-788. ISSN: 2184-0520.<\/p>\n\n\n\n<p>Castro, P. A. (2021). Is there an Aesthetics Brain? A brief essay on the neuroaesthetics quantification of beauty, In Joaquim Braga e Simone Guidi (Eds), Quantifying bodies and health. Interdisciplinary approaches (Coimbra: IEF-eQVOLIBET-Universidade de Coimbra, 2021), pp. 127-138. ISBN978-989-54328-7-5<\/p>\n\n\n\n<p>Castro, P. A. (2021). Contributions to an aesthetic of intimacy in Paula Rego: Eroticism and Carnality, In Carlos Jo\u00e3o Correia e Em\u00edlia Ferreira (Eds), Aesthetics, Art and Intimacy (Lisboa: Publica\u00e7\u00e3o do Centro de Filosofia da Universidade de Lisboa, 2021), pp. 99-115. ISBN: 978-989-8553-52-2.<\/p>\n\n\n\n<p>Castro, P. A. (2021). Louise Bourgeois: metaf\u00edsica e arte da intimidade, In CALLE 14 \u2013 Revista de Investigaci\u00f3n en el Campo del Arte, VOL. 17, N\u00ba 31 (Jan-Jun 2022). ISSN: 2011-3757, E-ISSN: 21445-0706. DOI: <a href=\"https:\/\/doi.org\/10.14483\/21450706.18704\">https:\/\/doi.org\/10.14483\/21450706.18704<\/a>. Dispon\u00edvel em: <a href=\"https:\/\/revistas.udistrital.edu.co\/\">https:\/\/revistas.udistrital.edu.co\/<\/a> index.php\/c14\/article\/view\/18704<\/p>\n\n\n\n<p>Castro, P. A. (2021). The paradox of \u201cNew Mysterianism\u201d vs Esotericism. An Approach in Philosophy of Mind, In Philosophy Study, Vol. 11, n\u00ba 10 (Oct.2021): 782-784. ISSN: 2159-5313 (Print) 2159-5321 (Online). Doi: 10.17265\/2159-5313\/2021.10.006. URL: <a href=\"https:\/\/www.davidpublisher.com\/index\">https:\/\/www.davidpublisher.com\/index<\/a>.php\/Home\/Article\/index?id=46288.html<\/p>\n\n\n\n<p>Castro, P. A. (2021). Rethinking Human Essence and Social Relations from Dogville, In Journal of Sociology and Social Work, Vol. 9, No. 1 (June 2021): 32-36. ISSN: 2333-5807 (Print), 2333-5815 (Online). DOI: 10.15640\/jssw.v9n1a4 URL: <a href=\"https:\/\/doi.org\/10.15640\/jssw.v9n1a4\">https:\/\/doi.org\/10.15640\/jssw.v9n1a4<\/a><\/p>\n\n\n\n<p>Castro, P. A. (2021). The Frankenstein Paradigm: More than Human, Less than Nothing, in International Journal of English Literature and Social Sciences, Vol.6, Issue-2 (April 2021): 35-39. ISSN 2456-7620.<\/p>\n\n\n\n<p>Chinita, F\u00e1tima (2021). \u201cAuthorial Self-Personalization and Cine-Vision in the Film Jane B. par Agn\u00e8s V. (1988)\u201d, pp. 152-168. In Fictionality, Factuality, Reflexivity Across Discourses and Media. Erika F\u00fcllop, ed. Berlim: De Gruyter, Narratologia book series.<\/p>\n\n\n\n<p>Chinita, F\u00e1tima (2021). \u201cPositioning Art Cinema: Film and Cultural Value, by Geoff King\u201d. Recens\u00e3o cr\u00edtica. Alphaville: Journal of Film and Screen Media, No. 20 (2020), pp. 265-269. DOI: <a href=\"https:\/\/doi.org\/10.33178\/alpha.20.24\">https:\/\/doi.org\/10.33178\/alpha.20.24<\/a>.<\/p>\n\n\n\n<p>Chinita, F\u00e1tima (2021). \u201cPropelling Cinema and Aesthetics Forwards through (Un)reality: Pedro Afonso\u2019s Take on Roy Andersson\u2019s Complex Image\u201d. JSTA \u2013 Journal of Science and Technology of the Arts, Vol. 13, No. 1 (2021), n\u00famero tem\u00e1tico: Audible (Art): The Invisible Connections Between Sound, Music, and Sound Art, pp. 100-104. DOI:  <a href=\"https:\/\/doi.org\/10.34632\/jsta.2021.13.1\">https:\/\/doi.org\/10.34632\/jsta.2021.13.1<\/a>.<\/p>\n\n\n\n<p>Chinita, F\u00e1tima (2021). \u201cExpanded Lynch: Synaesthetic Intermediality Meets Three-Dimensional Ambiance\u201d, WiderScreen, Vol. 24, No. 1-2 (2021), online, n\u00famero especial sobre David Lynch. <a href=\"http:\/\/widerscreen.fi\/numerot\/2021-1-2\/expanded-lynch-synaesthetic-intermediality-as-immersiveness-in-industrial-symphony-no-1\/\">http:\/\/widerscreen.fi\/numerot\/2021-1-2\/expanded-lynch-synaesthetic-intermediality-as-immersiveness-in-industrial-symphony-no-1\/<\/a><\/p>\n\n\n\n<p>Chinita, F\u00e1tima (2021). \u201cMetacinema as Authorial Enunciation: A Taxonomy of Hybrid Films\u201d, La furia umana, Vol, 41 (2021), unpaginated (online edition). In dossier M\u00e9tafiction et r\u00e9flexivit\u00e9 au cin\u00e9ma\/ Metafiction and Reflexivity in Cinema, edited by Christophe Gelly and David Roche. <a href=\"http:\/\/www.lafuriaumana.it\/index.php\/75-lfu-41\/1030-fatima-chinita-meta-cinema-as-authorial-enunciation-a-taxonomy-of-hybrid-films\">http:\/\/www.lafuriaumana.it\/index.php\/75-lfu-41\/1030-fatima-chinita-meta-cinema-as-authorial-enunciation-a-taxonomy-of-hybrid-films<\/a>.<\/p>\n\n\n\n<p>Chinita, F\u00e1tima (2021). \u201cA Tale of Sound and Fury Signifying Everything: Tango Dance Movies as an Epitome of Metacinematic Creation\u201d, Acta Universitatis Sapientia \u2013 Film and Media Studies, No. 20 (December 2021), pp. 68-85. DOI: <a href=\"https:\/\/doi.org\/10.2478\/ausfm-2021-0015\">https:\/\/doi.org\/10.2478\/ausfm-2021-0015<\/a><\/p>\n\n\n\n<p>Chinita, F\u00e1tima (2021). \u201cThe Audiovisual Essay in the Post-Cinematic Age\u201d. Recens\u00e3o cr\u00edtica de Beyond the Essay Film: Subjectivity, Textuality and Technology, editado por Julia Vassilieva e Deane Williams). Ekphrasis \u2013 Images, Cinema, Theory, Media, Vol. 26, No. 2 (Dezembro 2021), pp. 198 \u2013 205. <a href=\"https:\/\/www.ekphrasisjournal.ro\/docs\/R1\/14E26.pdf\">https:\/\/www.ekphrasisjournal.ro\/docs\/R1\/14E26.pdf<\/a><\/p>\n\n\n\n<p>Chinita, F\u00e1tima (2021). \u201cLooking for the Essay: A Journey of Rediscovery\u201d. Ekphrasis \u2013 Images, Cinema, Theory, Media, Vol. 26, No. 2 (Dezembro 2021), pp. 5-8. Introdu\u00e7\u00e3o ao n\u00famero tem\u00e1tico. <a href=\"https:\/\/www.ekphrasisjournal.ro\/docs\/R1\/1E26.pdf\">https:\/\/www.ekphrasisjournal.ro\/docs\/R1\/1E26.pdf<\/a><\/p>\n\n\n\n<p>Chinita, F\u00e1tima (editora convidada) (2021). <em>Ekphrasis<\/em> \u2013 <em>Images, Cinema, Theory, Media<\/em>, Vol. 26, No. 2 (15 Dezembro 2021): \u201cThe Essay film as Self-Representational Mode\u201d. Peri\u00f3dico indexado \u00e0 SCOPUS. <a href=\"https:\/\/www.ekphrasisjournal.ro\/index.php?p=arch&amp;id=148\">https:\/\/www.ekphrasisjournal.ro\/index.php?p=arch&amp;id=148<\/a><\/p>\n\n\n\n<p>Concei\u00e7\u00e3o, M. C. . (2021). Somos as Nossas L\u00ednguas: Diversidades e Identidades. In Gon\u00e7alves, M. F. &amp; Navas, M. V. (Eds.), <em>O Barranquenho como L\u00edngua de Contacto no Contexto Rom\u00e2nico. <\/em>Lisboa: Edi\u00e7\u00f5es Colibri.<\/p>\n\n\n\n<p>Concei\u00e7\u00e3o, M. C &amp; Zanola, M. T. (Coords.). (2021). <em>Terminologia da media\u00e7\u00e3o lingu\u00edstica: m\u00e9todos, pr\u00e1ticas e atividades.<\/em> Faro: Universidade do Algarve.<\/p>\n\n\n\n<p>Costa, S.; Mendes da Silva, B.; Tavares M. Video games and gamification against online hate speech? 2021. Artech 2021: 1oth International Conference on Digital and Interactive Arts \u2013 Hybrid Praxis \u2013 Art, Sustainability and Technology. Aveiro. ISBN 978-1-4503-8420-9.<\/p>\n\n\n\n<p>Costa, S.; Mendes da Silva, B. Cidade e Jogo: Prototipagem de um Jogo Pervasivo para combater o discurso de \u00f3dio online. Revista H\u00famus. V11, n\u00ba25: Brasil e Portugal leituras, experimenta\u00e7\u00f5es, pr\u00e1ticas comunit\u00e1rias e coes\u00e3o social e territorial. 2021. ISSN 2236-4358.<\/p>\n\n\n\n<p>Costa Valente, A. (2021). \u00c1sia, um vasto hist\u00f3rico cinematogr\u00e1fico. In Ara\u00fajo, N. (Cood.), <em>Hist\u00f3ria do Cinema: dos prim\u00f3rdios ao cinema contempor\u00e2neo<\/em>. Lisboa: Edi\u00e7\u00f5es 70.<\/p>\n\n\n\n<p>Costa Valente, A., Cabral, M. (2021). The Searchers: Aristoteles Revisited. In Avanca | Cinema 2021. Edi\u00e7\u00f5es Cine Clube de Avanca (pp 1105 \u2013 1112)<\/p>\n\n\n\n<p>Cristov\u00e3o A.; Mendes da Silva, B. Nineteen eighty-four: um di\u00e1logo entre fic\u00e7\u00e3o e contemporaneidade. Rotura, n\u00ba 2, 2021. DOI: <a href=\"https:\/\/doi.org\/10.34623\/2vyx-m252\">https:\/\/doi.org\/10.34623\/2vyx-m252<\/a>.<\/p>\n\n\n\n<p>Cruz, S. &amp; Bidarra, J. (2021). Um Futuro em (Re)conex\u00e3o com o Passado. Comunica\u00e7\u00e3o publicada nas atas da 10th International Conference on Digital Arts \u2013 ARTECH 2021, Aveiro, 13-15 de outubro de 2021.<\/p>\n\n\n\n<p>Cruz, T., Paulino, F., &amp; Tavares, M. (2021). Nature and Culture in Digital Media Landscapes. In Atay, S., Kurubacak-Meri\u00e7, G., &amp; Sisman-U\u011fur, S. (Eds.), <strong>Present and Future Paradigms of Cyberculture in the 21st Century<\/strong> (pp. 35-54). IGI Global. <a href=\"https:\/\/www.igi-global.com\/chapter\/nature-and-culture-in-digital-media-landscapes\/271813\">http:\/\/doi:10.4018\/978-1-5225-8024-9.ch003<\/a><\/p>\n\n\n\n<p>Cucinotta, C., Pereira, A. C., &amp; Soares, A. I. (2021). Languidness of August (1984): Cesare Pavese\u2019s The Beach (1945) in Jorge Silva Melo. <em>Fotocinema. Revista Cient\u00edfica De Cine Y Fotograf\u00eda<\/em>, <em>23<\/em>, 349-381. <a href=\"https:\/\/doi.org\/10.24310\/Fotocinema.2021.v23i.12366\" target=\"_blank\" rel=\"noreferrer noopener\">https:\/\/doi.org\/10.24310\/Fotocinema.2021.v23i.12366<\/a><\/p>\n\n\n\n<p>de Azevedo, H., &amp; Ara\u00fajo, A. B. (2021). Canon and Process in the 3D Modeling of Human Anatomy. <em>International Journal of Creative Interfaces and Computer Graphics (IJCICG)<\/em>, <em>12<\/em>(2), 1\u201316.<\/p>\n\n\n\n<p>Dourado, P., Salles, C. &amp; Tavares, M. . (2021). Cria\u00e7\u00e3o e Literacia nas Pr\u00e1ticas de Roteiro. <strong>Revista GEMInIS<\/strong>, Vol. 12, n\u00ba1, pp.157-172: Desafios, Tend\u00eancias e Pesquisas. Roteiros Audiovisuais \u2013 Parte I. <a href=\"https:\/\/www.revistageminis.ufscar.br\/index.php\/geminis\/article\/view\/608\">https:\/\/www.revistageminis.ufscar.br\/index.php\/geminis\/article\/view\/608<\/a><\/p>\n\n\n\n<p>Dourado, P. Salles, C. Carrega, J.; Costa, S. (2021). Dar a criar. Pref\u00e1cio. Revista Rotura, (2), pp. 7-8. <a href=\"https:\/\/doi.org\/10.34623\/vkf4-ja68\">https:\/\/doi.org\/10.34623\/vkf4-ja68<\/a><\/p>\n\n\n\n<p>Dourado, P.; Tavares, M. (2021). Dimens\u00f5es do roteiro em tempo real: <em>Ant\u00f4nio um dois tr\u00eas<\/em> de Leonardo Mouramateus. <strong>Avanca Cinema Journal<\/strong>, pp. 1132- 1140.<a href=\"https:\/\/doi.org\/10.37390\/avancacinema.2021.a355\">https:\/\/doi.org\/10.37390\/avancacinema.2021.a355<\/a><\/p>\n\n\n\n<p>Dourado, P.; Tavares, M. (2021). O narrador contempor\u00e2neo no contexto das pr\u00e1ticas colaborativas de roteiro em <em>Era o Hotel Cambridge<\/em> de Eliane Caff\u00e9. In <em>Congresso Internacional de Investigadores do Audiovisual \u2013 CIIA<\/em>, Universidade Lus\u00f3fona de Lisboa.<\/p>\n\n\n\n<p>Dourado, P.; Tavares, M. (2021). O narrador contempor\u00e2neo no contexto das pr\u00e1ticas colaborativas de roteiro em <em>Era o Hotel Cambridge<\/em> de Eliane Caff\u00e9. In S\u00e1nchez, J. S. &amp; Pinto, J. G. (Coords.), <em>Audiovisual e Ind\u00fastrias Criativas: Presente e Futuro, <\/em>Vol. 2, pp.185-197. Madrid: Mc Graw Hill.<\/p>\n\n\n\n<p>Dourado, P. Salles, C. et al. (2021). Queimar e postar: materializar arquivos imateriais. Revista Manuscr\u00edtica, (44), pp. 6-16.  <a href=\"https:\/\/doi.org\/10.11606\/issn.2596-2477.i44p6-16\">https:\/\/doi.org\/10.11606\/issn.2596-2477.i44p6-16<\/a><\/p>\n\n\n\n<p>E\u00e7a, Teresa Torres ( 2021). Topografias Cr\u00edticas: Mem\u00f3rias e Narrativas atrav\u00e9s das Artes Visuais. In: Maria Bet\u00e2nia e Silva , M. B &amp; da Costa, R. X.(Org.). Mem\u00f3rias (In)tang\u00edveis. Vol 1.  7-11.  Brasil,  Jo\u00e3o Pessoa: Editora do CCTA, 2021.ISBN: 978-65-5621-213-5. <a href=\"http:\/\/www.ccta.ufpb.br\/editoraccta\/contents\/titulos\/artes-visuais\/memorias-in-tangiveis-volume-2\">http:\/\/www.ccta.ufpb.br\/editoraccta\/contents\/titulos\/artes-visuais\/memorias-in-tangiveis-volume-2 <\/a><\/p>\n\n\n\n<p>Elicher, M. J.; Bastos, R. M. (2021). Comic Con Experience: Cultura Pop e Turismo de Eventos na Cidade de S\u00e3o Paulo. Ateli\u00ea do Turismo, v. 5, p. 92-108.<\/p>\n\n\n\n<p>Elicher, M. J; Fraga, C. &amp; Moraes, C.(2021) . Como a fotografia \u00e9 abordada na produ\u00e7\u00e3o cient\u00edfica sobre o turismo no contexto Iberoamericano? Um estudo baseado em an\u00e1lise textual. DOS ALGARVES, v. 1, p. 52-70.<\/p>\n\n\n\n<p>Elicher, M. J; Costa, M. A. M. ; Botelho, E. S. ; Abreu, L. M. ; Fogaca, I. F. ; Trentin, F. ; Lima, M. G. ; Soares, C. A. L. ; Queiros, J. M. ; Moraes, C. C. A. (2021). Rio de Janeiro: cen\u00e1rio tur\u00edstico Carioca em tempos de pandemia. GEO UERJ, v. 39, p. 01-21.<\/p>\n\n\n\n<p>Elicher, M. J; Fraga, C.; Conti, B. R. ; Lavandoski, J. (2021). An\u00e1lise da produ\u00e7\u00e3o cient\u00edfica Iberoamericana sobre Geoturismo e sua rela\u00e7\u00e3o com o turismo cient\u00edfico. Journal of Tourism and Development, v. 36, p. 491-503.<\/p>\n\n\n\n<p>Elicher, M. J.; Botelho, E. S. ; Moraes, C. C. A. ; Soares, C. A. L. ; Trentin, F. ; Fogaca, I. F. ; Queiros, J. M. ; Abreu, L. M. ; Costa, M. A. M. ; Lima, M. G. (2021). Reflex\u00f5es sobre os efeitos da pandemia da Covid-19 nos destinos tur\u00edsticos ?categoria A?, no estado do Rio de Janeiro. In: Rita de C\u00e1ssia Ariza da Cruz; Simone Affonso da Silva; Sara Pugliesi Larrabure; Carolina Todesco; Hugo Rog\u00e9rio Hage Serra; Jos\u00e9 J\u00falio J\u00fanior Guambe. (Org.). Turismo em tempos de Covid-19: ensaios sobre casos na Argentina, Brasil, Mo\u00e7ambique e Portugal. 1a.ed.S\u00e3o Paulo: FFLCH\/USP, 2021, v. 1, p. 79-86.<\/p>\n\n\n\n<p>Esteves, C. &amp; Oliveira, J. (Eds.) (2021). <strong>Cinemas Africanos contempor\u00e2neos \u2013 abordagens cr\u00edticas. <\/strong>S\u00e3o Paulo: Sesc. ISBN: 978-65-89239-00-0<\/p>\n\n\n\n<p>Falc\u00e3o, G. (2021). Paisagem e sua constru\u00e7\u00e3o \u201cpr\u00e1tico-sens\u00edvel\u201d nas institui\u00e7\u00f5es de arte. In <em>Vinculaciones ineludibles: La subversi\u00f3n conmutativa entre el cine y las artes, <\/em>Colecci\u00f3n Di\u00e1logos Intelectuales del Siglo XXI (pp.163-175). Madrid: GKA Ediciones. ISBN: 978-84-15665-72-4. <a href=\"https:\/\/www.amazon.com\/gp\/product\/8415665725?ref_=dbs_m_mng_rwt_calw_tpbk_14&amp;storeType=ebooks\">https:\/\/www.amazon.com\/gp\/product\/8415665725?ref_=dbs_m_mng_rwt_calw_tpbk_14&amp;storeType=ebooks<\/a><\/p>\n\n\n\n<p>Ferr\u00e9, Pere, Aben\u00e1mar, IV (2021): 1-13, ISSN: 2530-4151. http:\/\/revista.fundacionramonmenendezpidal.org\/index.php\/Abenamar\/article\/view\/49<\/p>\n\n\n\n<p>Ferr\u00e9, Pere (2021). Um monumento de palavras. Influ\u00eancias de G\u00f3ngora em David Mour\u00e3o-Ferreira, in As palavras Vis\u00edveis. Estudos para Carlos Reis, Coimbra, Editora Minerva, 2021, pp. 87-105.<\/p>\n\n\n\n<p>Ferr\u00e9, Pere (2021). O soneto em Nuno J\u00fadice, Suroeste, 11, 2021, pp. 177-186.<\/p>\n\n\n\n<p>Ferr\u00e9, Pere (2021). En torno a Combateremos a Sombra, Turia, 136, 2020-2021, pp. 2012-223.<\/p>\n\n\n\n<p>Ferr\u00e3o, E., Bidarra, J., &amp; Rocio, V. (2021).  Requisitos de um Agente Inteligente de Apoio ao Ensino-Aprendizagem On-Line: Modelo Wizard User. International Journal of Development Research, 11(6). DOI: <a href=\"https:\/\/doi.org\/10.37118\/ijdr.22117.06.2021\">https:\/\/doi.org\/10.37118\/ijdr.22117.06.2021<\/a>. Indexado: CrossRef, Qualis-CAPES (A2, Brasil).<\/p>\n\n\n\n<p>Flores, M., Ara\u00fajo, A. (2021). Applications of anamorphosis and mixed reality in a classroom setting. In Proceedings of the 10th International Conference on Digital and Interactive Arts (ARTECH2021). October 13\u201315, 2021, Aveiro, Portugal. ACM, New York, NY, USA. DOI: <a href=\"https:\/\/doi.org\/10.1145\/3483529.3483532\">https:\/\/doi.org\/10.1145\/3483529.3483532<\/a><\/p>\n\n\n\n<p>Flores, M., Ara\u00fajo, A., &amp; Figueiredo, M. (2021). O Contributo Das Tecnologias Imersivas Para O Estudo Da Perspetiva Na Disciplina De Educa\u00e7\u00e3o Visual: Um Projeto Com Alunos Do 9.\u00ba Ano. In Challenges 2021: XII Confer\u00eancia Internacional de Tecnologias de Informa\u00e7\u00e3o e Comunica\u00e7\u00e3o Na Educa\u00e7\u00e3o. Braga, Portugal. <a href=\"https:\/\/www.nonio.uminho.pt\/challenges\/wp-content\/uploads\/dlm_uploads\/2022\/01\/draft_challenges2021.pdf\">https:\/\/www.nonio.uminho.pt\/challenges\/wp-content\/uploads\/dlm_uploads\/2022\/01\/draft_challenges2021.pdf<\/a><\/p>\n\n\n\n<p>Godoy, M. J. &amp; Carvalho, I. (2021). Rese\u00f1a. Griselda Pollock. Visi\u00f3n y diferencia. Feminismo, feminidad e historias del arte. Revista Cuestiones de g\u00e9nero: de la igualdad y la diferencia, N\u00ba. 16. Universidad de Le\u00f3n, pp.461 \u2013 465. e-ISSN: 2444-0221. <a href=\"http:\/\/revpubli.unileon.es\/ojs\/index.php\/cuestionesdegenero\/article\/view\/6974\">http:\/\/revpubli.unileon.es\/ojs\/index.php\/cuestionesdegenero\/article\/view\/6974<\/a><\/p>\n\n\n\n<p>Holmes, W., Bidarra, J., &amp; Simonsen, H.K. (2021). Artificial Intelligence in Higher Education: A Roadmap and Future Perspectives. In H. K. Simonsen (Ed.) Fors\u00f8g med uddannelsesdigitalisering og hybride formater (pp. 121-138). Samfundslitteratur. ISBN: 978-87-7209-427-4.<\/p>\n\n\n\n<p>Lameira, F. &amp; Jo\u00e3o, M. R. (2021). Ret\u00e1bulos na Diocese do Porto, Promontoria Monogr\u00e1fica Hist\u00f3ria da Arte 25, Ed. do Departamento de Artes e Humanidades da Universidade do Algarve.<\/p>\n\n\n\n<p>Lameira, F.; Lopes. I &amp; Jo\u00e3o, M. R. (2021). Ret\u00e1bulos das Almas no Purgat\u00f3rio, Promontoria Monogr\u00e1fica Hist\u00f3ria da Arte 26, Ed. do Departamento de Artes e Humanidades da Universidade do Algarve.<\/p>\n\n\n\n<p>Lameira, F.; Cordeiro, J.; Jo\u00e3o, M. R. &amp; Pires, A. F. (2021), Ret\u00e1bulos na Diocese de Bragan\u00e7a \u2013 Miranda, Promontoria Monogr\u00e1fica Hist\u00f3ria da Arte 27, Ed. do Departamento de Artes e Humanidades da Universidade do Algarve.<\/p>\n\n\n\n<p>Lameira, F. &amp; Jo\u00e3o, M. R. (2021), Os nichos dos santos da ordem terceira de S\u00e3o Francisco, em Loul\u00e9, n. \u00ba24, Al-uly\u00e3. Revista do Arquivo Municipal de Loul\u00e9, pp. 93-106.<\/p>\n\n\n\n<p>Lopes, M. M.; Lopes, P. B.; Ara\u00fajo, A.; Olivero, L. &amp; Marcos, A. F. (Eds.), Book of Proceedings of ARTECH 2021, 10th International Conference on Digital and Interactive Arts (ARTECH 2021) \u2013 Hybrid Praxis \u2013 Art, Sustainability &amp; Technology. October 13\u201315, 2021, Aveiro, Portugal. ACM ISBN 978-1-4503-8420-9\/21\/10; <a href=\"https:\/\/doi.org\/10.1145\/3483529.3483684\">https:\/\/doi.org\/10.1145\/3483529.3483684<\/a><\/p>\n\n\n\n<p>Marques, A. (2021). O meta-dataset AmTriangle para experi\u00eancias com Supervised Machine Learning. Revista Da UI_IPSantar\u00e9m, 9(4), 58\u201368. <a href=\"https:\/\/doi.org\/10.25746\/ruiips.v9.i4.26211\">https:\/\/doi.org\/10.25746\/ruiips.v9.i4.26211<\/a><\/p>\n\n\n\n<p>Martins, A. F., Novoa Fern\u00e1ndez, O., &amp; Aguaded, I. (2021). Larga vida a las actualidades. La difusi\u00f3n de im\u00e1genes del pasado en los archivos en l\u00ednea. <em>Fotocinema. Revista cient\u00edfica de Cine y Fotograf\u00eda, 22<\/em>, 397-426. <a href=\"https:\/\/doi.org\/10.24310\/Fotocinema.2021.vi22\">https:\/\/doi.org\/10.24310\/Fotocinema.2021.vi22<\/a><\/p>\n\n\n\n<p>Martins, A.F., &amp; Bonacho, F. (2021, sep, 06-09). Media expectations and frustrations among young students of Faro\u2019s Gulbenkian knowledge academy. Paper presented at 8th European Communication Conference (ECREA): Panel: A national media agenda for a Knowledge Gulbenkian Academy: Empowering young citizens, online conference, Prague, Czech Republic.<a href=\"https:\/\/repositorio.ipl.pt\/handle\/10400.21\/13797\"> https:\/\/repositorio.ipl.pt\/handle\/10400.21\/13797<\/a><\/p>\n\n\n\n<p>Matsumoto, M.; Pacheco, R.; Jorge, A.; Tom\u00e9, V. (2021), \u201cFamily mediating practices and ideologies: Spanish and Portuguese parents of children under 3 and digital media in homes\u201d. In Holloway, D.; Willson, M.; Murcia, K.; Archer, C.; Stocco, F. (Eds), <em>Young Children\u2019s Rights in a Digital World: Play, Design and Practice<\/em>, Vol.23, pp29-44. Sui\u00e7a: Springer International Publishing. <a href=\"https:\/\/doi.org\/10.1007\/978-3-030-65916-5_3\">https:\/\/doi.org\/10.1007\/978-3-030-65916-5_3<\/a><\/p>\n\n\n\n<p>Mendes da Silva, B. Interatividade f\u00edlmica: experi\u00eancia est\u00e9tica, processos comunicacionais e manipula\u00e7\u00e3o temporal. Atas do 24\u00ba Semin\u00e1rio de Pesquisa. Revista Tuiti \u2013 Ci\u00eancia e Cultura. V7 \u2013 Edi\u00e7\u00e3o Especial. 2021. DOI: https:\/\/doi.org\/10.35168\/2176-896X.UTP.Tuiuti.2021.Vol7.NEspecial.pp4-124 .<\/p>\n\n\n\n<p>Menezes, J.S. (2021). A requalifica\u00e7\u00e3o do Pelourinho (Salvador, Bahia, Brasil): entre o bairro popular representado no romance Dona Flor e seus dois maridos e o centro hist\u00f3rico atual \u2013 Novas paisagens e consumo tur\u00edstico. In: Pedro Fidalgo. (Org.). Din\u00e2micas da paisagem: entre a realidade e o desejoLisboa: Edita, 2021, v. III, p. 301.<\/p>\n\n\n\n<p>Menezes, J.S. (2021). O imagin\u00e1rio de Lisboa em O ano da morte de Ricardo Reis e Livro do desassossego: deambula\u00e7\u00f5es e descobertas. In: Ida Alves &amp; Andreia. A.M. Castro (Org.). Paisagens em movimentos: Rio de Janeiro &amp; Lisboa, cidades liter\u00e1rias. Rio de Janeiro: Contra Capa, 2021, v. 2, p. 352.<\/p>\n\n\n\n<p>Menezes, J.S. (2021). O ano da morte de Ricardo Reis, de Jos\u00e9 Saramago: deambula\u00e7\u00f5es e descobertas na labir\u00edntica Lisboa. In: P\u00e1ginas Paisagens Luso-Brasileiras em movimento. E-book dispon\u00edvel em  <a href=\"http:\/\/www.paginasmovimento.com.br\/o-ano-da-morte-de-ricardo-reis---de-jos%C3%A9-saramago.html\">http:\/\/www.paginasmovimento.com.br\/o-ano-da-morte-de-ricardo-reis\u2014de-jos\u00e9-saramago.html<\/a><\/p>\n\n\n\n<p>Menezes, J.S. (2021). Lisboa: Da representa\u00e7\u00e3o no romance \u201cO ano da morte de Ricardo Reis\u201d ao destino liter\u00e1rio. In: Proceedings of the INVTUR 2021 International Conference \u201cTourism and the Sustainable Development Goals: From Theory to Practice\u201d. Aveiro: UA Editora, 2021, p. 1280.<\/p>\n\n\n\n<p>Moura, A., Almeida, C. &amp; Pacheco, R. . (2021). Developing Media Literacy: A Project of Cinema and Education at Viana do Castelo Polytechnic. In Ritu Singh (Ed.), <em>New Horizons in Education and Social Studies,<\/em> Vol. 11, pp90\u201398. Hooghly: BP International. <a href=\"https:\/\/stm.bookpi.org\/NHESS-V11\/article\/view\/770\">https:\/\/stm.bookpi.org\/NHESS-V11\/article\/view\/770<\/a><\/p>\n\n\n\n<p>Oliveira, Teresa. (2021). \u201cOs Castelos G\u00f3ticos Portugueses e a Expans\u00e3o da Cidade Mediaval: a import\u00e2ncia do desenho na leitura do espa\u00e7o e formas urbanas\u201d. <strong>Revista H\u00famus<\/strong>. V11, n\u00ba25: Brasil e Portugal leituras, experimenta\u00e7\u00f5es, pr\u00e1ticas comunit\u00e1rias e coes\u00e3o social e territorial. 11 25 (2021):<a href=\"http:\/\/www.periodicoseletronicos.ufma.br\/index.php\/revistahumus\/article\/view\/16615\" target=\"_blank\" rel=\"noreferrer noopener\">http:\/\/www.periodicoseletronicos.ufma.br\/index.php\/revistahumus\/article\/view\/16615<\/a><\/p>\n\n\n\n<p>Oliveira, J. (2021). \u201cWe must dress ourselves in the black light\u201d: An authorial analysis of African cinemas \u2013 Flora Gomes\u2019s case. <strong>Contemporary Lusophone African Film. <\/strong>ISBN: 9780367134976<\/p>\n\n\n\n<p>Oliveira, J. (2021). We must dress ourselves in the black light\u201d: An authorial analysis of African cinemas \u2013 Flora Gomes\u2019s case. In: Paulo de Medeiros; Livia Apa. (Org.). Contemporary Lusophone African Film. 1ed.Oxon: Routledge, 2021, v. 1, p. 179-192.<\/p>\n\n\n\n<p>Oliveira, J. (2021). Flora Gomes: la cinematograf\u00eda m\u00faltiple de un realizar en tr\u00e1nsito en la contemporaneidad. In: Beatriz Leal Riesco. (Org.). Cines Africanos: conversaciones, desaf\u00edos y cr\u00edticas. 1ed.Oviedo\/Espa\u00f1a: Publicado por la Fundaci\u00f3n El P\u00e1jaro Azul, 2021, v. 1, p. 58-71.<\/p>\n\n\n\n<p>Oliveira, J. C. A; Reis, M. S. C. (2021) \u201cAs crian\u00e7as s\u00e3o seres carregados de esperan\u00e7a\u201d: uma entrevista com o cineasta flora gomes. Revista transversos, v. 1, p. 448-446. <a href=\"https:\/\/www.e-publicacoes.uerj.br\/index.php\/transversos\/article\/view\/58987\/38950\">https:\/\/www.e-publicacoes.uerj.br\/index.php\/transversos\/article\/view\/58987\/38950<\/a><\/p>\n\n\n\n<p>Oliveira Junior; M.  Lacerda, J. &amp; Tavares, M. <em>et all<\/em> (2021). Public communication for the fight against syphilis: an experience report of the campaign \u201cEu sei. Voc\u00ea sabe?\u201d (2020-2021). <em>Jornal Brasileiro de Doen\u00e7as Sexualmente Transmiss\u00edveis. <\/em>DOI: <a href=\"https:\/\/doi.org\/10.5327\/DST-2177-8264-20213315\">10.5327\/DST-2177-8264-20213315<\/a> URL: <a href=\"https:\/\/doi.org\/10.5327\/DST-2177-8264-20213315\">https:\/\/doi.org\/10.5327\/DST-2177-8264-20213315<\/a><\/p>\n\n\n\n<p><strong>Olivero, L. F.<\/strong>, Ara\u00fajo, A. B., &amp; Rossi, A. (2021). Reconstruction of St. Michael\u2019s Church, Hildesheim in cubical perspective. <em>Nexus 20\/21 \u2013 Retationships between Architecture and Mathematics<\/em>, 239\u2013244.<\/p>\n\n\n\n<p>Olivero, L., Ara\u00fajo, A. (2021). I\u2019m watching you\/me: Live drawing and VR visualization of spherical perspectives using touch designer. In Proceedings of the 10th International Conference on Digital and Interactive Arts (ARTECH2021). October 13\u201315, 2021, Aveiro, Portugal. ACM, New York, NY, USA. DOI: <a href=\"https:\/\/doi.org\/10.1145\/3483529.3483778\">https:\/\/doi.org\/10.1145\/3483529.3483778<\/a><\/p>\n\n\n\n<p>Pazos-Justo, C., Bota Vilar, M. X., &amp; Andr\u00e9, G. (Eds.) (2021). Galiza e(m) n\u00f3s. Estudos para compreens\u00e3o do relacionamento cultural galego-portugu\u00eas. Famalic\u00e3o: HUMUS\/CEHUM<\/p>\n\n\n\n<p>Pereira, J. P. (2021). Mia Couto: escrita e racismo ou \u2018a arrog\u00e2ncia de um \u00fanico saber\u2019<em>. Converg\u00eancia Lus\u00edada<\/em>, Vol.32, N.45, pp.32-63. <a href=\"https:\/\/convergencialusiada.com.br\/rcl\/article\/view\/370\/297\">https:\/\/convergencialusiada.com.br\/rcl\/article\/view\/370\/297<\/a><\/p>\n\n\n\n<p>Pereira, J. P. (2021). Mia Couto: luto e melancolia em \u201cO Mapeador de Aus\u00eancias\u201d<em>. Navega\u00e7\u00f5es<\/em>, Vol.14, N.1, pp.1-16. <a href=\"https:\/\/revistaseletronicas.pucrs.br\/ojs\/index.php\/navegacoes\/article\/view\/39886\/26710\">https:\/\/revistaseletronicas.pucrs.br\/ojs\/index.php\/navegacoes\/article\/view\/39886\/26710<\/a><\/p>\n\n\n\n<p>Pereira, J. P. (2021). Mia Couto: Mem\u00f3ria e Esquecimento em \u2018A Varanda do Frangipani\u2019<em>. Conex\u00e3o Letras<\/em>, Vol.16, N.26. <a href=\"https:\/\/seer.ufrgs.br\/conexaoletras\/article\/view\/116082\/66133\">https:\/\/seer.ufrgs.br\/conexaoletras\/article\/view\/116082\/66133<\/a><\/p>\n\n\n\n<p>Pereira, J. P. (2021), Mia Couto: representa\u00e7\u00e3o e subalternidade, em Mulheres de cinza. Converg\u00eancia Lus\u00edada 32 45 (2021): 32-63. <a href=\"http:\/\/dx.doi.org\/10.37508\/rcl.2021.n45a426\">http:\/\/dx.doi.org\/10.37508\/rcl.2021.n45a426<\/a><\/p>\n\n\n\n<p>Pereira, J. P. (2021). Jo\u00e3o Queiroz: os apelos da \u2018paisagem\u2019 e o exerc\u00edcio da vis\u00e3o\u2026 <em>. <\/em>In Artadentro (Org.),<em> Preces para afugentar tempestades, insectos malignos etc.<\/em>, pp.15-47. Faro: Artadentro. <a href=\"https:\/\/drive.google.com\/file\/d\/1JAeaVJhNBB4SAZCCFEL4Bq2GmUtvSGPZ\/view\">https:\/\/drive.google.com\/file\/d\/1JAeaVJhNBB4SAZCCFEL4Bq2GmUtvSGPZ\/view<\/a><\/p>\n\n\n\n<p>Perfeito, A.; Mendes da Silva, B. (2021), \u201cLive Cinema\u201d and the challenges in creating narratives for \u201creal time\u201d performances: A solution based on the \u201cStructure of the three acts\u201d. <strong>Rotura<\/strong>, n\u00ba 1. <a href=\"https:\/\/doi.org\/10.34623\/eyzn-0b15\">https:\/\/doi.org\/10.34623\/eyzn-0b15<\/a><\/p>\n\n\n\n<p>Pinheiro, B. M. &amp; Branco, P. D. (2021). MOOC accomplishment through gamification. Revista Kriativ.tech 9 (1).<\/p>\n\n\n\n<p>Pinto, J. &amp; Cardoso, T. (2021). As redes sociais e os novos estilos de aprendizagem ao longo da vida. In Livro de Resumos do XXVIII Col\u00f3quio da AFIRSE Portugal \u2013 Association Francophone Internationale de Recherche Scientifique en Education, Educa\u00e7\u00e3o e Idades da Vida, pp. 89-91. Instituto de Educa\u00e7\u00e3o da Universidade de Lisboa. <a href=\"https:\/\/repositorioaberto.uab.pt\/handle\/10400.2\/10948\">https:\/\/repositorioaberto.uab.pt\/handle\/10400.2\/10948<\/a><\/p>\n\n\n\n<p>Pinto, J. &amp; Cardoso, T. (2021). Cinema, Educa\u00e7\u00e3o e PNC: explorando possibilidades nas redes sociais. In Livro de Resumos do X Encontro Anual da AIM \u2013 Associa\u00e7\u00e3o de Investigadores da Imagem em Movimento (26 a 29 de maio de 2021). <a href=\"https:\/\/repositorioaberto.uab.pt\/handle\/10400.2\/10951\">https:\/\/repositorioaberto.uab.pt\/handle\/10400.2\/10951<\/a><\/p>\n\n\n\n<p>Pinto, J., Cardoso, T. &amp; Soares, A.I. (2021). Da tela gigante ao pequeno ecr\u00e3 das redes sociais: o Plano Nacional de Cinema em tempos de COVID-19. In P. Silveira, R. Morais, J. Dias (Eds.) (2021). As Gera\u00e7\u00f5es dos Ecr\u00e3s: Pr\u00e1ticas e Experi\u00eancias Relacionadas com o Online. Lisboa: IADE Press. <a href=\"https:\/\/repositorioaberto.uab.pt\/handle\/10400.2\/11553\">https:\/\/repositorioaberto.uab.pt\/handle\/10400.2\/11553<\/a><\/p>\n\n\n\n<p>Pinto J., Cardoso, T. &amp; Soares A. I. (2021). Portuguese National Film Plan, Literacies and Social Networks: Mapping good practices during the COVID-19 confinement. In C. Dias; L. Cardoso; V. Correia &amp; C. Santos (Coords.) Proceedings of International Congress on 21st Century Literacies (ICCL2021), pp. 145-166. Polytechnic Institute of Portalegre, Portugal. <a href=\"https:\/\/repositorioaberto.uab.pt\/handle\/10400.2\/11582\">https:\/\/repositorioaberto.uab.pt\/handle\/10400.2\/11582<\/a><\/p>\n\n\n\n<p>Pinto J.; Cardoso, T. &amp; Soares, A. I. (2020) Plano Nacional de Cinema: uma ferramenta para promover a Literacia medi\u00e1tica e a inclus\u00e3o digital? In Revista Investigar em Educa\u00e7\u00e3o \u2013 Liberdade, Equidade e Emancipa\u00e7\u00e3o I, n. 11-12, 2\u00aa s\u00e9rie, (pp. 95-109). Sociedade Portuguesa de Ci\u00eancias da Educa\u00e7\u00e3o (SPCE). <a href=\"https:\/\/repositorioaberto.uab.pt\/handle\/10400.2\/11605\">https:\/\/repositorioaberto.uab.pt\/handle\/10400.2\/11605<\/a><\/p>\n\n\n\n<p>Pinto J., Cardoso, T. &amp; Soares A. I. (2021) Plano Nacional de Cinema: uma ferramenta de promo\u00e7\u00e3o da literacia dos media na educa\u00e7\u00e3o de jovens In Livro de Resumos do XXVIII Col\u00f3quio da AFIRSE Portugal \u2013 Association Francophone Internationale de Recherche Scientifique en Education (pp. 197-198). Instituto de Educa\u00e7\u00e3o da Universidade de Lisboa. <a href=\"https:\/\/repositorioaberto.uab.pt\/handle\/10400.2\/10948\">https:\/\/repositorioaberto.uab.pt\/handle\/10400.2\/10948<\/a><\/p>\n\n\n\n<p>Pinto, J., Cardoso, T., &amp; Soares, A. I. (2021). Zoom Out \/ Zoom In \u00e0s Redes Sociais Digitais do Plano Nacional de Cinema: Um visionamento em tempos pand\u00e9micos. In O Contempor\u00e2neo visto pelo Ecr\u00e3: Pol\u00edticas, Culturas, Mem\u00f3rias e Identidades, Revista Ci\u00eancias Humanas, 14(2). UNITAU, Taubat\u00e9\/SP \u2013 Brasil. <a href=\"https:\/\/repositorioaberto.uab.pt\/handle\/10400.2\/11039\">https:\/\/repositorioaberto.uab.pt\/handle\/10400.2\/11039<\/a><\/p>\n\n\n\n<p>Quinteiro, S.; Gon\u00e7alves, A. &amp; Carreira, V. (2021)  \u201cRecursos e potencial de Coimbra como destino de turismo liter\u00e1rio\u201d. <em>Turismo e Desenvolvimento<\/em>, 36 (2), pp. 419-432. DOI: 10.34624\/rtd.v36i2.7221<\/p>\n\n\n\n<p>Quinteiro, S.; Elicher, J. (2021) \u201c<em>O corti\u00e7o<\/em> de Alu\u00edsio Azevedo e <em>O retorno<\/em> de Dulce Maria Cardoso: os espa\u00e7os dos migrantes\u201d. <em>Acta Scientarium. Language and Culture<\/em>, 43.DOI: <a href=\"https:\/\/doi.org\/10.4025\/actascilangcult.v43i1.56046\">https:\/\/doi.org\/10.4025\/actascilangcult.v43i1.56046<\/a><\/p>\n\n\n\n<p>Quinteiro, S\u00edlvia. (2021) \u201cRio de Janeiro e Lisboa: Cidades liter\u00e1rias\u201d. In Ida Alves &amp; Eduardo Cruz Eds., <em>Paisagens em movimento: Lisboa &amp; Rio de Janeiro, cidades liter\u00e1rias<\/em> (297-312). Rio de Janeiro: Contra Capa e Faperj.<\/p>\n\n\n\n<p>Quinteiro, S.; Silva, A. C. S, da. (2021) \u201cA centralidade da paisagem alentejana no olhar fotogr\u00e1fico de Artur Pastor e em <em>O trigo e o joio<\/em> de Fernando Namora\u201d. In Ana Cristina Carvalho &amp; Albertina Raposo<em> Eds., Alentejo(s): Imagens do ambiente natural e humano na literatura de fic\u00e7\u00e3o<\/em> (245-258). Lisboa: Colibri.<\/p>\n\n\n\n<p>Quinteiro, S. (2021)  <em>Obras completas de Jos\u00e9 Dias Sancho, vol 1 \u2013 Deus Pan e outros contos<\/em>. Guimar\u00e3es, Portugal: Opera Omnia.<\/p>\n\n\n\n<p>Quinteiro, S. (2021)  <em>Obras completas de Jos\u00e9 Dias Sancho, vol 2 \u2013 Bezerros de Ouro<\/em>. Guimar\u00e3es, Portugal: Opera Omnia.<\/p>\n\n\n\n<p>Quinteiro, S.; Elicher, J. (2021) \u201d O corti\u00e7o de Alu\u00edsio Azevedo: a paisagem \u00e0 flor (e \u00e0 cor) da pele\u201d. <a href=\"http:\/\/www.paginasmovimento.com.br\/o-corti%c3%a7o-de-alu%c3%adsio-azevedo.html\" target=\"_blank\" rel=\"noreferrer noopener\">http:\/\/www.paginasmovimento.com.br\/o-corti%c3%a7o-de-alu%c3%adsio-azevedo.html<\/a><\/p>\n\n\n\n<p>Quinteiro, S. (2021). Link up with Technology Application in Literary Tourism. In Azizul Hassan and Anukrati Sharma (Eds.), <em>The Emerald Handbook of ICT in Tourism and Hospitality.<\/em> Emerald Publishing Limited, Bingley.<\/p>\n\n\n\n<p>Quinteiro, S.; Carreira, V. &amp; Gon\u00e7alves, M. A. (2021). Literary tourism in the university town of Coimbra (Portugal). UNESCO World Heritage Cities Forum 2021 \u2013 Celebrating the 10th Anniversary of the 2011 UNESCO Recommendation on the Historic Urban Landscape. (21 June 2021). <a href=\"http:\/\/whc.unesco.org\/en\/canopy\/coimbra\/\">http:\/\/whc.unesco.org\/en\/canopy\/coimbra\/<\/a><\/p>\n\n\n\n<p>Ramos, C\u00e9lia M.Q.;  Quinteiro,  S\u00edlvia and Gon\u00e7alves, Alexandra R. (Eds) (2021) ICT as Innovator Between Tourism and Culture. Hershey: IGI Global  DOI: 10.4018\/978-1-7998-8165-0<\/p>\n\n\n\n<p>Ribaric, M. E.  (2021).  Mem\u00f3ria e Afetos de Club. Document\u00e1rio-ensaio.<\/p>\n\n\n\n<p>Ribaric, M. E.  (2021). Publicidade e ubiquidade: um breve estudo do audiovisual publicit\u00e1rio contempor\u00e2neo. Revista ALCEU, V.21, N\u00ba 45, pp.110-123. <a href=\"https:\/\/doi.org\/10.46391\/ALCEU.v21.ed45.2021.262\">https:\/\/doi.org\/10.46391\/ALCEU.v21.ed45.2021.262<\/a><\/p>\n\n\n\n<p>Ribaric, M. E.; Alves, M.C.D. (2021). Publicidade e o Product Placement: in\u00edcio, alguns meios e fins. In Anais dos Grupos de Trabalho de P\u00f3s-Gradua\u00e7\u00e3o GT 7 \u2013 Consumo, Literatura e Est\u00e9ticas Midi\u00e1ticas do VIII COMUNICON, Congresso Internacional em Comunica\u00e7\u00e3o e Consumo. <a href=\"https:\/\/comunicon.espm.edu.br\/wp-content\/uploads\/2021\/11\/GT-07-ALVES-RIBARIC-1.pdf\">https:\/\/comunicon.espm.edu.br\/wp-content\/uploads\/2021\/11\/GT-07-ALVES-RIBARIC-1.pdf<\/a><\/p>\n\n\n\n<p>Rocha, R. (2021). Paisagens sonoras: o cotidiano nas po\u00e9ticas da contemporaneidade. Revista Rotura, vol.1, 9.70-77 <a href=\"https:\/\/publicacoes.ciac.pt\/index.php\/rotura\/article\/view\/43\">https:\/\/publicacoes.ciac.pt\/index.php\/rotura\/article\/view\/43<\/a><\/p>\n\n\n\n<p>Rocha, R.; Canossa, H. (2021). Assum Livre: performance paradoxal entre o real e o digital. In Proceedings of the 10th International Conference on Digital and Interactive Arts. Artech 2021. New York. ACM, p. 667-670.<\/p>\n\n\n\n<p>Rocha, R., Bidarra, J., &amp; Saldanha, A. (2021).  Produ\u00e7\u00e3o da informa\u00e7\u00e3o dos media sonoros: Desafios e entraves para a comunica\u00e7\u00e3o na p\u00f3s-verdade. Comunica\u00e7\u00e3o publicada nas atas do Encontro Novas Din\u00e2micas dos Conte\u00fados Sonoros no Ambiente Digital, Universidade de Coimbra, 30 de abril de 2021.<\/p>\n\n\n\n<p>Rocio, V. &amp; Bidarra, J. (2021).  Enhancement and extension of the printed book: An online gamification model to complement educational textbooks. Comunica\u00e7\u00e3o publicada nas atas da confer\u00eancia I-HE 2021 \u2013 Innovating Higher Education, EADTU, Universidade de Bari, It\u00e1lia, 3-5 de novembro de 2021.<\/p>\n\n\n\n<p>Rossi, A., Olivero, L. F., &amp; Ara\u00fajo, A. (2021). For Representation, a New Reality: Hybrid Immersive Models. In Faces of Geometry (2nd ed., Vol. 172, pp. 263\u2013275). Springer International Publishing. <a href=\"https:\/\/doi.org\/10.1007\/978-3-030-63702-6_20\">https:\/\/doi.org\/10.1007\/978-3-030-63702-6_20<\/a><\/p>\n\n\n\n<p>Rossi, A., Olivero, L., &amp; Ara\u00fajo, A. B. (2021). Spazi digitali e modelli immersivi: Applicazioni di prospettiva cubica. In 42th International Conference Of Representation Disciplines Teachers. Congress Of Unione Italiana Per Il Disegno. <a href=\"https:\/\/doi.org\/10.3280\/oa-693.148\">https:\/\/doi.org\/10.3280\/oa-693.148<\/a><\/p>\n\n\n\n<p>Saldanha, A, &amp; Torres de E\u00e7a, T (2021) EDITORIAL . Invisibilidades 15,. DOI 10.24981\/16470508.15.1 <a href=\"https:\/\/www.apecv.pt\/invisibilidades-15-arte-como-escultura-social\/\">https:\/\/www.apecv.pt\/invisibilidades-15-arte-como-escultura-social\/<\/a><\/p>\n\n\n\n<p>Saldanha, \u00c2; Torres de E\u00e7a, T; Balsa, R.; Ferreira, C.  2021.  Isolate with Love. Malta Review of Educational Research . Volume 15, Supplement Issue, pp. 69-96 Faculty of Education, UM, 2021 <a href=\"http:\/\/www.mreronline.org\/issues\/supplement-issue-on-socially-engaged-art-and-global-challenges-december-2021\/\">http:\/\/www.mreronline.org\/issues\/supplement-issue-on-socially-engaged-art-and-global-challenges-december-2021\/<\/a><\/p>\n\n\n\n<p>Saldanha, A; Torres de E\u00e7a, T; Balsa, R.; Ferreira, C. ( 2021). Impacts of Socially Engaged Art and Design Projects: The Need for Documentation. In: Documents of Socially Engaged Art. In: Vella, R. &amp; Sarantou, M. (Editors). InSEA , 260-274. doi:10.24981\/2021-DSEA ISBN: 978-989-54830-4-4 <a href=\"https:\/\/www.insea.org\/wp-content\/uploads\/2021\/12\/DocumentsOfSociallyEngagedArt_web.pdf\">https:\/\/www.insea.org\/wp-content\/uploads\/2021\/12\/DocumentsOfSociallyEngagedArt_web.pdf<\/a><\/p>\n\n\n\n<p>Silva, Ana Cl\u00e1udia Salgueiro da (2021). \u201cTurismo e literatura: A viagem de Paul Verlaine \u00e0 Holanda\u201d. In Management, hospitality and tourism (207-224). Lisboa: Instituto Polit\u00e9cnico de Lisboa.<\/p>\n\n\n\n<p>Silva, Ana Cl\u00e1udia Salgueiro da (2021). \u201cLisboa atrav\u00e9s dos tempos: a capital portuguesa nos s\u00e9culos XIX e XX\u201d. In Paisagens em movimento: Rio de Janeiro e Lisboa, cidades liter\u00e1rias, vol. 2 (175-190). Rio de Janeiro: Contra Capa e FAPERJ.<\/p>\n\n\n\n<p>Silva, Ana Cl\u00e1udia Salgueiro da &amp; Quinteiro, S\u00edlvia (2021). \u201cA centralidade da paisagem alentejana no olhar fotogr\u00e1fico de Artur Pastor e em O Trigo e o Joio, de Fernando Namora\u201d. In Alentejo(s): Imagens do ambiente natural e humano na literatura de fic\u00e7\u00e3o (243-258). Lisboa: Edi\u00e7\u00f5es Colibri.<\/p>\n\n\n\n<p>Silva, Ana Cl\u00e1udia Salgueiro da &amp; Quinteiro, S\u00edlvia (2021). \u201cTurismo e turistas nas Cr\u00f3nicas Algarvias de Manuel da Fonseca\u201d. Livro de Resumos: IV Congresso Internacional de Cultura Lus\u00f3fona Contempor\u00e2nea: Cr\u00f3nica \u2013 Entre o \u00datil e o F\u00fatil, Escola Superior de Educa\u00e7\u00e3o e Ci\u00eancias Sociais \u2013 Instituto Polit\u00e9cnico de Portalegre, pp. 31-32.<\/p>\n\n\n\n<p>Silva, Ana Cl\u00e1udia Salgueiro da (2021). \u201cNos passos de Jane Austen: o espa\u00e7o literogeogr\u00e1fico nos romances austenianos\u201d. Revista Geografia, Literatura e Arte, vol. 3, n\u00ba 2, Universidade de S\u00e3o Paulo, pp. 22-40. <a href=\"https:\/\/www.revistas.usp.br\/geoliterart\/article\/view\/188115\/178385\">https:\/\/www.revistas.usp.br\/geoliterart\/article\/view\/188115\/178385<\/a><\/p>\n\n\n\n<p>Silva, B., Tavares, M., Ara\u00fajo, A., &amp; Costa, S. (2021). In B. Silva and J. Carrega (Eds.), Cadavre Exquis: Forking Paths from Surrealism to Interactive Film. In The forking Paths (pp. 79-108). Centro de Investiga\u00e7\u00e3o em Artes e Comunica\u00e7\u00e3o.<\/p>\n\n\n\n<p>Silva, Bruno M. (2021), Interatividade f\u00edlmica: experi\u00eancia est\u00e9tica, processos comunicacionais e manipula\u00e7\u00e3o temporal. Atas do 24\u00ba Semin\u00e1rio de Pesquisa. <strong>Revista Tuiti \u2013 Ci\u00eancia e Cultura<\/strong>. V7 \u2013 Edi\u00e7\u00e3o Especial. DOI: <a href=\"https:\/\/doi.org\/10.35168\/2176-896X.UTP.Tuiuti.2021.Vol7.NEspecial.pp4-124\">https:\/\/doi.org\/10.35168\/2176-896X.UTP.Tuiuti.2021.Vol7.NEspecial.pp4-124<\/a><\/p>\n\n\n\n<p>Silva, Bruno M. (2021),<em> Comunica\u00e7\u00e3o Audiovisual: o comboio do amor<\/em>. Coimbra: Gr\u00e1cio Editor.<\/p>\n\n\n\n<p>Silva, Bruno M.; Costa, Susana. (2021). \u201cCidade e Jogo: Prototipagem de um Jogo Pervasivo para combater o discurso de \u00f3dio online\u201d. <strong>Revista H\u00famus<\/strong>. V11, n\u00ba25: Brasil e Portugal leituras, experimenta\u00e7\u00f5es, pr\u00e1ticas comunit\u00e1rias e coes\u00e3o social e territorial. 11 25 (2021):<a href=\"http:\/\/www.periodicoseletronicos.ufma.br\/index.php\/revistahumus\/article\/view\/16536\" target=\"_blank\" rel=\"noreferrer noopener\">http:\/\/www.periodicoseletronicos.ufma.br\/index.php\/revistahumus\/article\/view\/16536<\/a>. ISSN 2236-4358<\/p>\n\n\n\n<p>Silva, Bruno M.; Lunefeld, Peter; Shaw, Jeffrey; Koenitz, Hartmut; Tavares, Mirian; Giannetti, Claudia (2021), <em>The Forking Paths: Interactive Film and Media<\/em>. Edi\u00e7\u00f5es Centro de Investiga\u00e7\u00e3o em Artes e Comunica\u00e7\u00e3o. ISBN: 978-989-9023-53-6 (suporte impresso) e 978-989-9023-54-3 (suporte eletr\u00f3nico).<\/p>\n\n\n\n<p>Silva, Bruno M.; Tavares, M.; Araujo, A.; Costa, S. (2021), Cadavre Exquis: Forking Paths from surrealismo to interactive film. <em>The Forking Paths: Interactive Film and Media<\/em>. Edi\u00e7\u00f5es Centro de Investiga\u00e7\u00e3o em Artes e Comunica\u00e7\u00e3o. ISBN: 978-989-9023-53-6 (suporte impresso) e 978-989-9023-54-3 (suporte eletr\u00f3nico).<\/p>\n\n\n\n<p>Silva, F. O. &amp; Branco, P. D. (2021). Smart Recycle \u2013 Development of a waste collection application. Revista Kriativ.tech 9 (1).<\/p>\n\n\n\n<p>Simonsen, H. K. &amp; Bidarra, J. (2021). Artificial Intelligence and Learning Activities. In G. Ubachs (Ed.) The Envisioning Report for Empowering Universities (pp. 23-25). Maastricht, NL: EADTU. Dispon\u00edvel em: <a href=\"https:\/\/tinyurl.com\/8253v4un\">https:\/\/tinyurl.com\/8253v4un<\/a><\/p>\n\n\n\n<p>Soares, A. I. (2021). Bairros Alegres (curta-metragem) <a href=\"https:\/\/vimeo.com\/623200156\">https:\/\/vimeo.com\/623200156<\/a>.<\/p>\n\n\n\n<p>Soares, Ana Isabel. (2021). Dom Roberto, Filme-Manifesto?. <em>Revista Arte e Cultura Visual<\/em>, 0(2), pp.37-52. <a href=\"http:\/\/hdl.handle.net\/10451\/50404\">http:\/\/hdl.handle.net\/10451\/50404<\/a><\/p>\n\n\n\n<p>Soares, A. I. (2021) Dossi\u00ea Pedag\u00f3gico \u2013 Os Maias de Jo\u00e3o Botelho. Lisboa, Portugal: Plano Nacional de Cinema. <a href=\"https:\/\/pnc.gov.pt\/10-os-maias\">https:\/\/pnc.gov.pt\/10-os-maias<\/a><\/p>\n\n\n\n<p>Soares, Ana Isabel (2021). \u201cLisbon Revisited \u2013 Edgar P\u00eara\u201d. In Preces para Afugentar Tempestades, Insectos Malignos, etc., pp. 91-111. Artadentro.<\/p>\n\n\n\n<p>Soares, Ana Isabel (2021). <em>Margarida Gil: Quatro d\u00e9cadas de audiovisual.<\/em> Vila Nova de Famalic\u00e3o, Portugal: H\u00famus \u2013 12catorze<\/p>\n\n\n\n<p>Soares, Ana Isabel. (2021). Sobrepondo cidades. <strong>Revista H\u00famus<\/strong>. V11, n\u00ba25: Brasil e Portugal leituras, experimenta\u00e7\u00f5es, pr\u00e1ticas comunit\u00e1rias e coes\u00e3o social e territorial. 11 25 (2021):<a href=\"http:\/\/www.periodicoseletronicos.ufma.br\/index.php\/revistahumus\/article\/view\/16627\" target=\"_blank\" rel=\"noreferrer noopener\">http:\/\/www.periodicoseletronicos.ufma.br\/index.php\/revistahumus\/article\/view\/16627<\/a><\/p>\n\n\n\n<p>Tavares, M. (2021). Carta. In Cavalcante Jr., F. (ed.) <em>As Palavras que ainda n\u00e3o tem<\/em>. Curitiba: Editora CRV.<\/p>\n\n\n\n<p>Tavares, M. (2021). Cartografias do Espa\u00e7o: o cinema como lugar da mem\u00f3ria. <strong>Revista H\u00famus<\/strong>. V11, n\u00ba25: Brasil e Portugal leituras, experimenta\u00e7\u00f5es, pr\u00e1ticas comunit\u00e1rias e coes\u00e3o social e territorial. 11 25 (2021):<a href=\"http:\/\/www.periodicoseletronicos.ufma.br\/index.php\/revistahumus\/article\/view\/16558\" target=\"_blank\" rel=\"noreferrer noopener\">http:\/\/www.periodicoseletronicos.ufma.br\/index.php\/revistahumus\/article\/view\/16558<\/a><\/p>\n\n\n\n<p>Tavares, M. (2021). Cinema e Vanguardas: entre o encantamento e o desencanto. In Ara\u00fajo, N. (Cood.), <em>Hist\u00f3ria do Cinema: dos prim\u00f3rdios ao cinema contempor\u00e2neo<\/em>. Lisboa: Edi\u00e7\u00f5es 70.<\/p>\n\n\n\n<p>Tavares, M. (2021). Das po\u00e9ticas e da po\u00e9tica anal\u00f3gico\/digital de Jos\u00e9 Ma\u00e7\u00e3s de Carvalho. <strong>DATJournal<\/strong>. V.6, n\u00ba4: Design + Art + Technology. <a href=\"https:\/\/datjournal.anhembi.br\/dat\/article\/view\/491\/348\">https:\/\/datjournal.anhembi.br\/dat\/article\/view\/491\/348<\/a><\/p>\n\n\n\n<p>Tavares, M. (2021). Literatura e Cinema: vi o livro, mas n\u00e3o li o filme. In Ara\u00fajo, M. L. S. &amp; Aneas, T. G. (Orgs.), <em>An\u00e1lise f\u00edlmica e suas resson\u00e2ncias: entre imagens da hist\u00f3ria, literatura e psican\u00e1lise. <\/em>Sergipe, Brasil: Editora UFS.<\/p>\n\n\n\n<p>Tavares, M. &amp; Vilar, M. J. B. (2021) A viagem ao surrealismo de Federico Garcia Lorca in Oliveira, A. B., Periera, A. C. Taunay, A., Rosa, L. e Ara\u00fajo, N. (ed.). <em><a href=\"http:\/\/www.labcom.ubi.pt\/ficheiros\/202109221405-202105_cinema_outrasartes_aboliveiraacpereiraataunylrosanaraujo.pdf\">CINEMA E OUTRAS ARTES IV \u2013 DI\u00c1LOGOS E INQUIETUDES ART\u00cdSTICAS<\/a><\/em>. Cole\u00e7\u00e3o Ars. Labcom \u2013 Comunica\u00e7\u00e3o e Artes. ISBN: 978-989-654-775-2<\/p>\n\n\n\n<p>\u0422.\u041a\u043e\u043f\u0446\u0435\u0432\u0430, \u0422.T. \u0434\u0435 Eca, \u0421.\u041a\u0430\u0441\u044c\u044f\u043d. (2021)\u0424\u0430\u043d\u0442\u0430\u0437\u0438\u044f \u0438 \u0440\u0435\u0430\u043b\u044c\u043d\u043e\u0441\u0442\u044c \u0432 \u0440\u0438\u0441\u0443\u043d\u043a\u0430\u0445 \u043f\u043e\u0434\u0440\u043e\u0441\u0442\u043a\u043e\u0432 \u0438\u0437 \u0420\u043e\u0441\u0441\u0438\u0438 \u0438 \u041f\u043e\u0440\u0442\u0443\u0433\u0430\u043b\u0438\u0438 (revista \u201cPedagogia da Arte\u201d n\u00ba 4-2021, Instituto de Educa\u00e7\u00e3o Art\u00edstica e Estudos Culturais da Academia Russa de Educa\u00e7\u00e3o)<\/p>\n\n\n\n<p>Travasso, Rui, and Jos\u00e9 Alberto Gomes. 2021. \u201cEVOLVING INSTRUMENTALIST \u2013 A CONTINUOUS TRAJECTORY.\u201d In I Congreso Internacional \u201cIntersecci\u00f3n: Arte, Sociedad y Tecnolog\u00eda En La Innovaci\u00f3n Musical\u201d, edited by In\u00e9s Gerrero and David Galindo, 186\u201391. Procompal Publicaciones.<\/p>\n\n\n\n<p>Tom\u00e1s, G., Mira da Silva, M., &amp; Bidarra, J. (2021). Supervision of Master Theses Based on Scrum: A Case Study. Education and Information Technologies, 26(2). DOI: <a href=\"https:\/\/doi.org\/10.1007\/s10639-021-10433-2\">https:\/\/doi.org\/10.1007\/s10639-021-10433-2<\/a> Indexado:  ACM Digital Library, Web of Science, Scopus.<\/p>\n\n\n\n<p>Veiga, Pedro Alves da. (2021). M\u00e9dia Arte locativa em realidade aumentada enquanto catalizador de la\u00e7os comunit\u00e1rios Peri-Urbanos e Inter-Geracionais\u201d. . <strong>Revista H\u00famus<\/strong>. V11, n\u00ba25: Brasil e Portugal leituras, experimenta\u00e7\u00f5es, pr\u00e1ticas comunit\u00e1rias e coes\u00e3o social e territorial. 11 25 (2021):<a href=\"http:\/\/www.periodicoseletronicos.ufma.br\/index.php\/revistahumus\/article\/view\/16535\" target=\"_blank\" rel=\"noreferrer noopener\">http:\/\/www.periodicoseletronicos.ufma.br\/index.php\/revistahumus\/article\/view\/16535<\/a><\/p>\n\n\n\n<p>Veiga, P.A. (2021). M\u00e9todo e registo: uma proposta de utiliza\u00e7\u00e3o da a\/r\/cografia e dos di\u00e1rios digitais de bordo para a investiga\u00e7\u00e3o centrada em cria\u00e7\u00e3o e pr\u00e1tica art\u00edstica em m\u00e9dia-arte digital. Rotura \u2013 Revista de Comunica\u00e7\u00e3o, Cultura e Artes, 2, pp. 16-24. <a href=\"https:\/\/doi.org\/10.34623\/y2yd-0x57\">https:\/\/doi.org\/10.34623\/y2yd-0x57<\/a><\/p>\n\n\n\n<p>Veiga, P.A. (2021). Realidade P\u00f3s-Fake: Uma Vis\u00e3o Atrav\u00e9s da Arte Digital. In Cristian Y\u00e1\u00f1ez Aguilar, \u00c9lmano Ricarte e Lawrenberg Advincula (eds.), Cen\u00e1rios Comunicacionais: Novos Di\u00e1logos. Porto: Media XXI.<\/p>\n\n\n\n<p>Veiga, P.A. (2021). The Everywhere Museum of Everything: The Curatorship Challenge, from Digital Urban Art to NFTs. In Helena Barranha and Joana Sim\u00f5es Henriques (eds.), Art, Museums and Digital Cultures \u2192 Rethinking Change. Lisboa: IHA, NOVA, FCSH &amp; MAAT. ISBN: 978-989-54405-4-2, <a href=\"https:\/\/doi.org\/10.34619\/hwfg-s9yy\">https:\/\/doi.org\/10.34619\/hwfg-s9yy<\/a><\/p>\n\n\n\n<p>Veiga, P.A. &amp; S\u00e1, V. (eds.) (2021). International Journal of Creative Interfaces and Computer Graphics 12(1). IGI-Global.<\/p>\n\n\n\n<p>Veiga, P.A. &amp; S\u00e1, V. (2021). Advances on Digital and Interactive Arts. International Journal of Creative Interfaces and Computer Graphics 12(1), IGI-Global, pp. i-iv.<\/p>\n\n\n\n<p>Vicente, A.T., &amp; Bidarra, J. (2021). O olhar, a tactilidade e a sua representa\u00e7\u00e3o em fotografia. Invisibilidades \u2013 Revista Ibero-Americana de Pesquisa em Educa\u00e7\u00e3o, Cultura e Artes, 16, 10-19. Dispon\u00edvel em: <a href=\"https:\/\/www.apecv.pt\/invisibilidades-16-expansoes-deslocacoes-e-relacoes-das-artes-no-ensino-e-na-investigacao-o-papel-dos-metodos-artisticos-para-alem-das-artes\/\">https:\/\/www.apecv.pt\/invisibilidades-16-expansoes-deslocacoes-e-relacoes-das-artes-no-ensino-e-na-investigacao-o-papel-dos-metodos-artisticos-para-alem-das-artes\/<\/a>. Indexado: Latindex.<\/p>\n\n\n\n<p>Vidal, C. (2021), Vida singular y esfuerzo de construcci\u00f3n laica del infinito (o el acontecimiento laico), Revista Acontecimiento 3, Lima (Peru).<\/p>\n\n\n\n<p>Vidal, C. (2021), Contradi\u00e7\u00f5es livres: \u00c1lvaro Cunhal entre o neo-realismo colectivo e o formalismo individual, ArteTeoria II (22), FBAUL.<\/p>\n\n\n\n<p>Vieira, C\u00e9lia e Guerra Santos, In\u00eas (2021), \u00abThe Public and the Private on the Construction of a Celebrity: The Case of \u00c9mile Zola\u00bb, in Revista Transilvania, 6 \/ 2021.<\/p>\n\n\n\n<p>Vieira, C\u00e9lia, Santos, In\u00eas e Tuzzo, Simone (2021), \u201cSports Celebrities In The Field Of Judo And The Production Of Meanings Through Digital\/Social Communication\u201d, in Proceedings of World Conference on Media and Communication, Oxford, 26-28 November 2021.<\/p>\n\n\n\n<p>Wexell, J.; Mendes da Silva, B.; Vulva Art , Arte Urbana e M\u00e9dia-Arte Digital: Reflex\u00f5es sobre a estetiza\u00e7\u00e3o da vulva e os discursos est\u00e9ticos no espa\u00e7o p\u00fablico \u2013  G\u00e9nero y sus conferencias en el siglo XXI, CUICIID 2021, Madrid, Espanha. ISBN 978-84-09-31464-5.<\/p>\n\n\n\n<p>Wexel, J. &amp; Tavares, M. . (2021). Des-instala\u00e7\u00e3o interativa ivagination e seus fluxos: uma cria\u00e7\u00e3o autoginogr\u00e1fica em site-specific em tempos de distanciamento social planet\u00e1rio. <strong>Revista ClimaCom Cultura Cient\u00edfica<\/strong>, Ano 08, n\u00ba20: Coexist\u00eancias e Cocria\u00e7\u00f5es, UNICAMP, Rio de Janeiro. <a href=\"http:\/\/climacom.mudancasclimaticas.net.br\/des-instalacao-interativa\/\">http:\/\/climacom.mudancasclimaticas.net.br\/des-instalacao-interativa\/<\/a><\/p>\n\n\n\n<p>Wexel, J. (2021). Teatro, audiovisual e streaming: uma an\u00e1lise sobre o fazer teatral em tempos de incerteza pand\u00eamica na experi\u00eancia p\u00f3s-dram\u00e1tica da pe\u00e7a Esperando Godette: Theater, Audiovisual and Streaming: an Analysis of Theater-Making in Times of Pandemic Uncertainty in the Post-Dramatic Experience of the Play Waiting for Godette. Rotura \u2013 Revista de Comunica\u00e7\u00e3o, Cultura e Artes. 1 (Fev. 2021), 39-46. DOI:<a href=\"https:\/\/doi.org\/10.34623\/sxc1-he90\">https:\/\/doi.org\/10.34623\/sxc1-he90<\/a><\/p>\n\n\n\n<p>Wexel, J; Silva B. Mendes da. (2021). <em>Vulva art<\/em>, interven\u00e7\u00f5es art\u00edsticas e m\u00e9dia-arte digital: a estetiza\u00e7\u00e3o da vulva e a produ\u00e7\u00e3o de novos discursos imag\u00e9ticos no espa\u00e7o p\u00fablico. In: Libro de actas: Congreso Universitario Internacional sobre Comunicaci\u00f3n y Docencia. Dom\u00ednguez, D. (Ed.) CUICIID: Madrid.<\/p>\n<\/div><\/div>\n\n\n\n<div class=\"wp-block-advgb-accordion-item advgb-accordion-item\" style=\"margin-bottom:15px\"><div class=\"advgb-accordion-header\" style=\"background-color:#ffffff;color:#000000;border-style:solid;border-width:0px;border-color:#ffffff\"><span class=\"advgb-accordion-header-icon\"><svg fill=\"#000000\" xmlns=\"http:\/\/www.w3.org\/2000\/svg\" width=\"24\" height=\"24\" viewBox=\"0 0 24 24\"><path fill=\"none\" d=\"M0,0h24v24H0V0z\"><\/path><path d=\"M6,10c-1.1,0-2,0.9-2,2s0.9,2,2,2s2-0.9,2-2S7.1,10,6,10z M18,10c-1.1,0-2,0.9-2,2s0.9,2,2,2s2-0.9,2-2S19.1,10,18,10z M12,10c-1.1,0-2,0.9-2,2s0.9,2,2,2s2-0.9,2-2S13.1,10,12,10z\"><\/path><\/svg><\/span><h2 class=\"advgb-accordion-header-title\" style=\"color:inherit\">2020<\/h2><\/div><div class=\"advgb-accordion-body\" style=\"border-style:solid !important;border-width:0px !important;border-color:#ffffff !important;border-top:none !important\">\n<p>Alves, P. F. (2020). <strong>Sociologia da Comunica\u00e7\u00e3o: Reflex\u00f5es Te\u00f3riocas<\/strong>. Braga: Gr\u00e1fica Di\u00e1rio do Minho.<\/p>\n\n\n\n<p>Araujo, A. (2020). Acerca dos m\u00e9todos de perspectiva esf\u00e9rica no desenho imersivo da arquitectura. In As f\u00f3rmulas na arquitectura. Lisboa : Universidade Lus\u00edada. ISBN 9789896402365. P. 45-60.<\/p>\n\n\n\n<p>Ara\u00fajo, A. B. (2020). A GeoGebra Tool for Drawing Immersive Perspectives. In B. M. Silva (Ed.), ARTeFACTo2020, International Conference on Digital Creation in Arts and Communication (pp. 155\u2013160). Edi\u00e7\u00f5es Centro de Investiga\u00e7\u00e3o em Artes e Comunica\u00e7\u00e3o. <a href=\"http:\/\/invitrolab.eu\/ARTeFACTo2020_BookOfProceedingsWeb.pdf\">http:\/\/invitrolab.eu\/ARTeFACTo2020_BookOfProceedingsWeb.pdf<\/a><\/p>\n\n\n\n<p>Ara\u00fajo, A. (2020). \u201cAnamorphosis Reformed: From Optical Illusions to Immersive Perspectives\u201d. In Sriraman B. (eds) <strong>Handbook of the Mathematics of the Arts and Sciences. <\/strong>Springer, Cham. <a href=\"https:\/\/doi.org\/10.1007\/978-3-319-70658-0_101-1\">https:\/\/doi.org\/10.1007\/978-3-319-70658-0_101-1<\/a><\/p>\n\n\n\n<p>Ara\u00fajo, A. B. (2020). D\u00fcrer Machines Running Back and Forth. Proceedings of Bridges 2020: Mathematics, Art, Music, Architecture, Education, Culture (pp. 525\u2013532), Tessellations Publishing <a href=\"http:\/\/archive.bridgesmathart.org\/2020\/bridges2020-525.html\">http:\/\/archive.bridgesmathart.org\/2020\/bridges2020-525.html<\/a><\/p>\n\n\n\n<p>Ara\u00fajo, A. B. (2020). Explorations in Rational Drawing. <strong>Journal of Mathematics and the Arts<\/strong>, 14(1\u20132), 4\u20137. <a href=\"https:\/\/doi.org\/10.1080\/17513472.2020.1734437\">https:\/\/doi.org\/10.1080\/17513472.2020.1734437<\/a><\/p>\n\n\n\n<p>Ara\u00fajo, A. B. (2020), Spherical Perspective Methods for Immersive Architectural Sketches , in As f\u00f3rmulas na arquitectura \/ 4.\u00ba Semin\u00e1rio Internacional de Arquitectura e Matem\u00e1tica, (pp. 45-60), Univ. Lusiada Editora.<\/p>\n\n\n\n<p>Ara\u00fajo, A. B., Olivero, L. F., &amp; Rossi, A. (2020). A Descriptive Geometry Construction of VR panoramas in Cubical Spherical Perspective. <strong>Dis\u00e9gno<\/strong>, 6, 35\u201346. <a href=\"https:\/\/doi.org\/10.26375\/disegno.6.2020.06\">https:\/\/doi.org\/10.26375\/disegno.6.2020.06<\/a><\/p>\n\n\n\n<p>Azevedo, H., Ara\u00fajo, A. B., (2020). Towards a Canon for Digital Human Anatomy 3D Modeling. In B. M. Silva (Ed.), ARTeFACTo2020, International Conference on Digital Creation in Arts and Communication (pp. 121\u2013126). Edi\u00e7\u00f5es Centro de Investiga\u00e7\u00e3o em Artes e Comunica\u00e7\u00e3o. <a href=\"http:\/\/invitrolab.eu\/ARTeFACTo2020_BookOfProceedingsWeb.pdf\">http:\/\/invitrolab.eu\/ARTeFACTo2020_BookOfProceedingsWeb.pdf<\/a><\/p>\n\n\n\n<p>Barbas, M. P., Leal, S., Pedro, R., Jos\u00e9, M. &amp; Kalamata, G. (2020). Handbook Pedagogical and Didactical Guideline \u2013 European project: The Starting Up \u2013 Accelerators of entrepreneurship 4 inclusion. IPSantar\u00e9m School of Education. ISBN: 978-989-54541-2-9. <a href=\"https:\/\/pt.calameo.com\/read\/0050412748552a8d48b15\">https:\/\/pt.calameo.com\/read\/0050412748552a8d48b15<\/a><\/p>\n\n\n\n<p>Barbas, Maria P. &amp; others (2020). Handbook \u2013 Training Course \u201cDigital Literacy for the Labour Market\u201d. ISBN: 978-989-54541-1-2 <a href=\"https:\/\/pt.calameo.com\/books\/0050412745906cdef772a\">https:\/\/pt.calameo.com\/books\/0050412745906cdef772a <\/a><\/p>\n\n\n\n<p>Barbas, Maria P.; Lopes, N\u00e1dia (2020). Curso de Literacia digital para o Mercado de Trabalho: forma\u00e7\u00e3o de jovens com dificuldades intelectual e desenvolvimento (DID. (Pg 7-15). Funcionamento Hist\u00f3rico e Ideol\u00f3gico das Pol\u00edticas P\u00fablicas de Inclus\u00e3o em Confronto com as Pol\u00edticas Educacionais para a Diversidade Social. Ana Claudia de Oliveira Pavao Eliamar Godoi Eliana Lucia Ferreira Flavio Iassuo Takakura (organizadores). Universidade Federal de Juiz de Fora,. Dados internacionais de Cataloga\u00e7\u00e3o na Publica\u00e7\u00e3o F979_CDD371.9. <a href=\"http:\/\/hdl.handle.net\/10400.15\/3133\">http:\/\/hdl.handle.net\/10400.15\/3133<\/a><\/p>\n\n\n\n<p>Barbas, M. P., Lopes, N., Matos, P., Novo, C., Lu\u00eds &amp; Jos\u00e9, M (2020). Literacia Digital para o Mercado de Trabalho: Forma\u00e7\u00e3o Inclusiva no Ensino Superior. Plano Nacional de Leitura 2027. <a href=\"http:\/\/hdl.handle.net\/10400.15\/3095\">http:\/\/hdl.handle.net\/10400.15\/3095<\/a><\/p>\n\n\n\n<p>Barbas, M. P., Lopes, N., Jos\u00e9, M. &amp; Matos, P. (2020). Curso Literacia Digital para o Mercado de Trabalho. Atas do VI Congresso Internacional Educa\u00e7\u00e3o Inclusiva: Olhares pelo Caminho. 24 a 26 outubro, Lisboa, Portugal, pp. 196-203. <a href=\"https:\/\/vicongressoproinclusao.weebly.com\/uploads\/1\/6\/4\/6\/16461788\/atas_parte_i_textos_completos_vi_congresso_final.pdf\">https:\/\/vicongressoproinclusao.weebly.com\/uploads\/1\/6\/4\/6\/16461788\/atas_parte_i_textos_completos_vi_congresso_final.pdf<\/a><\/p>\n\n\n\n<p>Barbas, M. P. &amp; Jos\u00e9, M. (2020). Estudo sobre os perigos da Internet: O fen\u00f3meno do Catfishing em contexto de produ\u00e7\u00e3o multim\u00e9dia em educa\u00e7\u00e3o. In Revista UIIPS, vol. 8 n. \u00ba2 (2020), pp. 47-56. <a href=\"http:\/\/hdl.handle.net\/10400.15\/3055\">http:\/\/hdl.handle.net\/10400.15\/3055<\/a><\/p>\n\n\n\n<p>Barbas, M. P. &amp; Matos, P. (2020). Uma Experi\u00eancia em Ensino Superior: A unidade curricular de Rela\u00e7\u00f5es Laborais antes e durante a pandemia COVID-19. In Revista UIIPS, vol. 8 n. \u00ba2 (2020), pp. 57-68. <a href=\"http:\/\/hdl.handle.net\/10400.15\/3056\">http:\/\/hdl.handle.net\/10400.15\/3056<\/a><\/p>\n\n\n\n<p>Barbas, M. P., Torres, A. &amp; Lopes, N. (2020). Adapta\u00e7\u00e3o da unidade curricular \u201cEduca\u00e7\u00e3o a Dist\u00e2ncia\u201d face ao surto pand\u00e9mico COVID-19. Revista UIIPS, vol. 8 n. \u00ba2 (2020), pp. 102-110. <a href=\"http:\/\/hdl.handle.net\/10400.15\/3054\">http:\/\/hdl.handle.net\/10400.15\/3054<\/a><\/p>\n\n\n\n<p>Barbas, M. P.; Matos, P.; Novo, C.; Dias, M.; Loureiro, A. (2020). The T21 Project: A European Initiative for Young People With Special Educational Needs. In Revista UIIPS, vol. 7 n.\u00ba 2 (2019), (pp. 4-17). Doi: <a href=\"https:\/\/doi.org\/10.25746\/ruiips.v7.i2.19269\">https:\/\/doi.org\/10.25746\/ruiips.v7.i2.19269<\/a><\/p>\n\n\n\n<p>Barbas, M. P. &amp; Matos, P. (2020). Did.Value: A Project Focused On Developing A Holistic Model For Inclusion Of Disadvantaged Communities In Internships And Jobs,INTED2021, November 19th, 2020 <a href=\"https:\/\/iated.org\/concrete2\/abstract_preview.php?abstract_id=86640\">https:\/\/iated.org\/concrete2\/abstract_preview.php?abstract_id=86640<\/a><\/p>\n\n\n\n<p>Barbas, M. P., Lopes, N. &amp; Jos\u00e9, M. (2020). CICLO project \u201cStrengthening the circular economy skills of the EU Labour Services\u201d \u2013 Circular economy in Portugal. ICERI2020, the 13th annual International Conference of Education, Research, and Innovation <a href=\"http:\/\/hdl.handle.net\/10400.15\/3152\">http:\/\/hdl.handle.net\/10400.15\/3152<\/a><\/p>\n\n\n\n<p>Barbas, M. p.; Pedro, R.; Leal, S.; Jos\u00e9, M.; Kalamata, G. &amp; Vukovic, D. (2020). Entrepreneurship training course for mentors and pupils: a MOOC experience in HEI and business, 13th International Conference of Education, Research, and Innovation (ICERI) Proceedings, November 9-10, pp. 5036-5040. <a href=\"http:\/\/hdl.handle.net\/10400.15\/3099\">http:\/\/hdl.handle.net\/10400.15\/3099<\/a><\/p>\n\n\n\n<p>Barbas, M. P., Babic,J., Car, Z., Gace, I.,  Lovrek, I,. Podobnik, V.,  Topolovac, I., Vdovic, H.,  Zilak, M., Gourves, A., Sable, C., Papp, I., Zichar, M., Franco, C.,  Foix, F., Keselj, A.,  Zubrinic, K., Brnardic, T., Vukovic, D. (2020). Analysis Of Emerging Technologies For Improving Social Inclusion Of People With Disabilities. <a href=\"http:\/\/hdl.handle.net\/10400.15\/3096\">http:\/\/hdl.handle.net\/10400.15\/3096<\/a><\/p>\n\n\n\n<p>Barbas, M. P., Matos, P. &amp; Lopes, N. (2020). Digital literacy for the labour market: inclusive training in higher education. ICERI2020, the 13th annual International Conference of Education, Research and Innovation. <a href=\"http:\/\/hdl.handle.net\/10400.15\/3093\">http:\/\/hdl.handle.net\/10400.15\/3093<\/a><\/p>\n\n\n\n<p>Bastos, D. (2020). A experi\u00eancia est\u00e9tica no \u00e2mbito da dan\u00e7a digital. In Amaral, S. F.; Volpe, M. F. E. &amp; Garbin, M. C. (Orgs.) <em>Dan\u00e7a e Tecnologia: Quais dan\u00e7as est\u00e3o por vir?<\/em> (2020), 1\u00aa edi\u00e7\u00e3o, ANDA.<\/p>\n\n\n\n<p>Batista, L. R. M. ; Oliveira, J. (2020). \u201cSorrir \u00e9 como nascer de novo\u201d: A m\u00fasica no document\u00e1rio No ritmo do Antonov (2014) de hajooj kuka. In: Musimid: Revista Brasileira de Estudos em M\u00fasica e M\u00eddia, v. 1, p. 153-164. <a href=\"https:\/\/revistamusimid.com.br\/index.php\/MusiMid\/article\/view\/34\/38\">https:\/\/revistamusimid.com.br\/index.php\/MusiMid\/article\/view\/34\/38<\/a><\/p>\n\n\n\n<p>Balula Dias, S., &amp; Bidarra, J. (2020) A\/B\/C-Teach Framework: The application of AI in Blended Learning. In G. Ubachs (Ed.) <em>The Envisioning Report for Empowering Universities<\/em>. (pp. 22-24). Maastricht, NL: EADTU. Dispon\u00edvel em: <a href=\"https:\/\/tinyurl.com\/empower-report-2020\">https:\/\/tinyurl.com\/empower-report-2020<\/a><\/p>\n\n\n\n<p>Bidarra, J. (2020). O Papel do <em>Mobile Learning<\/em> na Educa\u00e7\u00e3o. In Santos, V. (Ed.) <em>Novas Tecnologias de Informa\u00e7\u00e3o ao Servi\u00e7o do Ensino \/ Forma\u00e7\u00e3o<\/em>. (pp. 170-173). IEFP, Citeforma, NOVA IMS. ISBN: 978-989-638-077-9.<\/p>\n\n\n\n<p>Bidarra, J. (2020). Jogos no Ensino e na Forma\u00e7\u00e3o. In Santos, V. (Ed.) <em>Novas Tecnologias de Informa\u00e7\u00e3o ao Servi\u00e7o do Ensino \/ Forma\u00e7\u00e3o<\/em>. (pp. 134-138). IEFP, Citeforma, NOVA IMS. ISBN: 978-989-638-077-9.<\/p>\n\n\n\n<p>Bidarra, J., &amp; Severo, L. F. (2020). A espacialidade da tela vertical nas narrativas digitais contempor\u00e2neas e as reconfigura\u00e7\u00f5es do <em>aspect ratio<\/em> no audiovisual. <em>Tr\u00edade:<\/em> <em>Revista de Comunica\u00e7\u00e3o, Cultura e M\u00eddia<\/em>, <em>8(19),<\/em> 177-191. <a href=\"https:\/\/doi.org\/10.22484\/2318-5694.2020v8n19p177-191\">https:\/\/doi.org\/10.22484\/2318-5694.2020v8n19p177-191<\/a> Indexado: Latindex. <a href=\"http:\/\/periodicos.uniso.br\/ojs\/index.php\/triade\/article\/view\/4136\/3861\">http:\/\/periodicos.uniso.br\/ojs\/index.php\/triade\/article\/view\/4136\/3861<\/a><\/p>\n\n\n\n<p>Bidarra, J., &amp; Sousa, N. (2020). Implementing Mobile Learning Within Personal Learning Environments: A Study of Two Online Courses. <em>International Review of Research in Open and Distributed Learning<\/em>, <em>21<\/em>(4), 181-198.  DOI: <a href=\"https:\/\/doi.org\/10.19173\/irrodl.v21i4.4891\">https:\/\/doi.org\/10.19173\/irrodl.v21i4.4891<\/a> Indexado: Scopus<\/p>\n\n\n\n<p>Botana Vilar, M\u00aa J. (2020): \u201cAve\/Eva: breve esbozo do universo feminino nas Cantigas de Santa Maria\u201d, en Madrygal. Revista de Estudios Gallegos 23, pp. 81-96.<\/p>\n\n\n\n<p>Boto, S. (2020), \u201cD. Duardos e Fl\u00e9rida: romance vicentino em <em>Romances Velhos<\/em>\u201d in Boto, Sandra, Cid, Jes\u00fas Antonio e Ferr\u00e9, Pere (coords.), <em>\u2018Viejos son, pero no cansan\u2019. Novo estudos sobre o Romanceiro<\/em>, Coimbra \u2013 Madrid, Fundaci\u00f3n Ram\u00f3n Men\u00e9ndez Pidal \u2013 Centro de Literatura Portuguesa da Universidade de Coimbra \u2013 Instituto Universitario Men\u00e9ndez Pidal da Universidad Complutense de Madrid \u2013 Centro de Investiga\u00e7\u00e3o em Artes e Comunica\u00e7\u00e3o da Universidade do Algarve \u2013 Instituto de Estudos de Literatura e Tradi\u00e7\u00e3o da Universidade Nova de Lisboa. ISBN (vers\u00e3o impressa): 978-989-8968-07-4; ISBN (vers\u00e3o digital): 978-989-8968-06-7.<\/p>\n\n\n\n<p>Boto, S. (2020). \u201cO esp\u00f3lio liter\u00e1rio de Almeida Garrett: notas em torno dos Documentos 59 a 63 da Biblioteca Geral da Universidade de Coimbra e da Cole\u00e7\u00e3o Futscher Pereira\u201d. <strong>Revista Internacional em L\u00edngua Portuguesa.<\/strong><\/p>\n\n\n\n<p>Boto, S. (2020). \u201cPORTELA, Manuel y RITO, Ant\u00f3nio Silva (eds.). Archivo LdoD: Archivo digital colaborativo del Libro del desasosiego. Centro de Literatura Portuguesa de laUniversidad de Coimbra, Coimbra, 2017\u201d. <strong>Revista de Humanidades Digitales<\/strong>. <a href=\"https:\/\/revistas.uned.es\/index.php\/RHD\/article\/view\/24237\">https:\/\/revistas.uned.es\/index.php\/RHD\/article\/view\/24237<\/a><\/p>\n\n\n\n<p>Boto, S. &amp; Belmonte, B. (2020). \u201cO Romanceiro Ib\u00e9rico no Brasil: um Patrim\u00f3nio da L\u00edngua Portuguesa em Ambiente Digital\u201d. <strong>Journal of Digital Media and Interaction, vol. 3, No. 7<\/strong>. <a href=\"https:\/\/doi.org\/10.34624\/jdmi.v3i7.15334\">https:\/\/doi.org\/10.34624\/jdmi.v3i7.15334<\/a><\/p>\n\n\n\n<p>Boto, S.; Cid, J. A.; Ferr\u00e9, P. (Coords.), <em>\u2018Viejos son, pero no cansan\u2019. <\/em><em>Novo estudos sobre o Romanceiro<\/em>, Coimbra \u2013 Madrid, Fundaci\u00f3n Ram\u00f3n Men\u00e9ndez Pidal \u2013 Centro de Literatura Portuguesa da Universidade de Coimbra \u2013 Instituto Universitario Men\u00e9ndez Pidal da Universidad Complutense de Madrid \u2013 Centro de Investiga\u00e7\u00e3o em Artes e Comunica\u00e7\u00e3o da Universidade do Algarve \u2013 Instituto de Estudos de Literatura e Tradi\u00e7\u00e3o da Universidade Nova de Lisboa. ISBN (vers\u00e3o impressa): 978-989-8968-07-4; ISBN (vers\u00e3o digital): 978-989-8968-06-7.<\/p>\n\n\n\n<p>Borges, G.; S\u00e1nchez-Gey, N. &amp; Mendes, B. (2020): \u201c An\u00e1lisis comparativo entre Canal Sur 2 y la RTP2 de Portugal desde la perspectiva de la calidad en televisi\u00f3n\u201d. <strong>Estudios sobre el Mensaje Period\u00edstico<\/strong> 26 (3), 891-901.<\/p>\n\n\n\n<p>Braguez, J. (2020). Emerg\u00eancia do V\u00eddeo Ensaio. In Cordeiro, A. M. R.; Dias-Trindade, S. &amp; Pita, A. P. (Orgs.) (no prelo, 2020). <em>Limites e limiares: contributos para pensar a sociedade complexa<\/em>. Coimbra: Imprensa da Universidade de Coimbra.<\/p>\n\n\n\n<p>Branco, P.; Brandao, P. (2020). <strong>Pedagogical model for distance learning at ISTEC<\/strong>. ISBN:978-989-33-1131-8 Smashwords: <a href=\"https:\/\/www.smashwords.com\/books\/view\/1051968\" target=\"_blank\" rel=\"noreferrer noopener\">https:\/\/www.smashwords.com\/books\/view\/1051968<\/a><\/p>\n\n\n\n<p>Caldas, A. P.; Vasques, E. (Coords.) (2020), <em>A Arte \u00e9 para Todos. <\/em>Linda-a-Velha: DG Edi\u00e7\u00f5es.<\/p>\n\n\n\n<p>Canossa, H. (2020). Clash (and Dance) Yourself: Performance and Dance \u2013 Tech to Enhance. <strong>International Journal of Creative Interfaces and Computer Graphics<\/strong>. 11. 36-58. https:\/\/doi.org\/10.4018\/IJCICG.2020010103<\/p>\n\n\n\n<p>Canossa, H.; Rocha, R. (2020). Artefactos \u00e0 dist\u00e2ncia: a nova media-arte em tempos de pandemia 2020. In <strong>Proceedings of 2nd International Conference on Transdisciplinary Studies in Arts, Technology and Society (ARTeFACTo2020)<\/strong>. Faro, Portugal, 6 pages. PP. 217-222<\/p>\n\n\n\n<p>Canossa, H.; Rocha, R. (2020). Assum Livre: Do ecr\u00e3-gaiola para o mundo existencial. In <strong>Proceedings of 2nd International Conference on Transdisciplinary Studies in Arts, Technology and Society (ARTeFACTo2020)<\/strong>. Faro, Portugal, 4 pages. PP. 226-229<\/p>\n\n\n\n<p>Cardoso, Pedro J.S., Cabrita, C., Cruz, D., Pinto, N., Monteiro, J\u00e2nio, Semi\u00e3o, J., Ramos, C., &amp; Rodrigues, J. M.F. (2020). <strong><em>Platform for Monitoring, Prediction, and Optimization of Consumptions in Buildings.<\/em><\/strong> Chapter 5 in Smart Systems Design, Applications and Challenges (pp. 80-107), IGI Global. DOI: 10.4018\/978-1-7998-2112-0.ch005<\/p>\n\n\n\n<p>Cardoso, P. J. S., Rodrigues, J. M. F. , Pereira, J., Nogin, S., Lessa, J., Ramos, C., Bajireanu, R., Gomes, M., &amp; Bica, P. (2020). <strong><em>Cultural Heritage Visits Supported on Visitors\u2019 Preferences and Mobile Devices. <\/em><\/strong>Universal Access in the Information Society, vol. 19(3). 499-513. DOI: 10.1007\/s10209-019-00657-y<\/p>\n\n\n\n<p>Cardoso, P.J.S., Rodrigues, J.M.F., Monteiro, J., Lam R., Krzhizhanovskaya, V.V., Lees, M.H., Dongarra, J., &amp; Sloot, P.M.A. (2020). <strong><em>Computational Science in the Interconnected World: Selected Papers from 2019 International Conference on Computational Science.<\/em><\/strong> Journal of Computational Science 47. DOI: 10.1016\/j.jocs.2020.101222<\/p>\n\n\n\n<p>Carrega, J. (2020). \u201cO filme de viagens e a revolu\u00e7\u00e3o tecnol\u00f3gica no cinema de Hollywood da d\u00e9cada de 1950\u201d. <strong>Revista Livre de Cinema, <\/strong>vol. 7. <a href=\"http:\/\/www.relici.org.br\/index.php\/relici\/article\/view\/296\">http:\/\/www.relici.org.br\/index.php\/relici\/article\/view\/296<\/a><\/p>\n\n\n\n<p>Carrega, J. &amp; Fernandez, S. (Eds.). (2020).\u201dDossi\u00ea Cinema e Literatura de Viagens\u201d. <strong>Revista Livre de Cinema, <\/strong>vol. 7. <a href=\"http:\/\/www.relici.org.br\/index.php\/relici\/issue\/view\/25\/showToc\">http:\/\/www.relici.org.br\/index.php\/relici\/issue\/view\/25\/showToc<\/a><\/p>\n\n\n\n<p>Carrega, J. (2020). \u201cG\u00e9neros populares e cinema transnacional na Europa mediterr\u00e2nea: o filme de aventuras de cape et d \u0301\u00e9pe\u00e9\u201d. <strong>Revista Tr\u00edade \u2013 Comunica\u00e7\u00e3o, Cultura e M\u00eddia v. 8 n. 19: M\u00eddias Visuais: arte, imagem, imagin\u00e1rio e audiovisual<\/strong>. DOI:<a href=\"https:\/\/doi.org\/10.22484\/2318-5694.2020v8n19p159-176\"> https:\/\/doi.org\/10.22484\/2318-5694.2020v8n19p159-176<\/a>.<\/p>\n\n\n\n<p>Carvalho, A. A. (2020). \u201cVinte Mil L\u00e9guas Submarinas: Tr\u00eas leituras cinematogr\u00e1ficas do romance verniano\u201d. <strong>Revista Livre de Cinema, <\/strong>vol. 7. <a href=\"http:\/\/www.relici.org.br\/index.php\/relici\/article\/view\/293\">http:\/\/www.relici.org.br\/index.php\/relici\/article\/view\/293<\/a><\/p>\n\n\n\n<p>Carvalho, J. C. (2020). \u201cCom a Cabe\u00e7a na Lua: Uma leitura do romance da terra \u00e0 lua de J\u00falio Verne\u201d. <strong>Revista Livre de Cinema, <\/strong>vol. 7. <a href=\"http:\/\/www.relici.org.br\/index.php\/relici\/article\/view\/271\">http:\/\/www.relici.org.br\/index.php\/relici\/article\/view\/271<\/a><\/p>\n\n\n\n<p>Coelho A., Rodrigues R., N\u00f3brega R., Jacob J., Morgado L., Cardoso P., van Zeller M., Santos L. &amp; Sousa A. A. (2020) \u201cSerious Pervasive Games\u201d.<strong> Frontiers in Computer Science<\/strong><em>.<\/em> 2:30. <a href=\"https:\/\/doi.org\/10.3389\/fcomp.2020.00030\">https:\/\/doi.org\/10.3389\/fcomp.2020.00030<\/a><\/p>\n\n\n\n<p>Coelho, P., Camara, J., Zengin, H., Rodrigues, J., &amp; Cunha A. (2020). <strong><em>Vessel Segmentation on Low-Resolution Retinal Imaging.<\/em><\/strong> In Procs 26th Portuguese Conference on Pattern Recognition, virtual conference, pp. 87-88<\/p>\n\n\n\n<p>Concei\u00e7\u00e3o, M. C. (2020). \u201cLanguage policies and internationalization of higher education\u201d. <strong>European Journal of Higher Education.<\/strong> https:\/\/doi.org\/10.1080\/21568235.2020.1778500<\/p>\n\n\n\n<p>Concei\u00e7\u00e3o, M. C. (2020). \u201cHigher Education Policies: Global trends and local needs\u201d. <strong>Internationalisation of Universities and the National Language: language policy intervention and case studies. <\/strong>Peter Lang Publishing.<\/p>\n\n\n\n<p>Correia, P., Mendes da Silva, B. &amp; Tavares, M. (2020). \u201cThe Sopro Artefact: A Quasi-Medium\u201d.<strong>International Journal of Creative Interfaces and Computer Graphics, <\/strong>vol. 11, issue 2.<\/p>\n\n\n\n<p>Costa, S. R., Tavares, M., Mendes da Silva, B., Alves, P. F., Cerol, F. &amp; Isca, B. (2020). \u201cPlaying Against Hate Speech: How Teens See Hate Speech in Video Games and Online Gaming Communities\u201d. <strong>Journal of Digital Media and Interaction, vol. 3, No. 6. <\/strong><a href=\"https:\/\/doi.org\/10.34624\/jdmi.v3i6.19935\">https:\/\/doi.org\/10.34624\/jdmi.v3i6.19935<\/a><\/p>\n\n\n\n<p>Costa, S. R., Isca, B., Mendes da Silva, B. &amp; Tavares, M. (2020). \u201cVideojogos e Comunidades: conter o discurso de \u00f3dio na Rede\u201d. <strong>Atas dos artigos portugu\u00eas e espanhol da 4\u00aa Confer\u00eancia Internacional de Design e Comunica\u00e7\u00e3o Digital, Digicom 2020, <\/strong>IPCA \u2013 Instituto Polit\u00e9cnico do C\u00e1vado e do Ave. <a href=\"https:\/\/digicom.ipca.pt\/docs\/DIGICOM2020-Atas_PT-ES.pdf\">https:\/\/digicom.ipca.pt\/docs\/DIGICOM2020-Atas_PT-ES.pdf<\/a><\/p>\n\n\n\n<p>Costa, S., Tavares. M., Mendes da Silva, B., Isca, B. &amp; Cerol, F. (2020). \u201cDiscurso de \u00f3dio nos videojogos e nas comunidades de jogos online \u2013 Estado da arte\u201d. <strong>Revista Comunicando vol. 9, n. 1.<\/strong> <a href=\"https:\/\/revistas.sopcom.pt\/index.php\/comunicando\/article\/view\/3\">https:\/\/revistas.sopcom.pt\/index.php\/comunicando\/article\/view\/3 <\/a><\/p>\n\n\n\n<p>Cruz, S., &amp; Bidarra, J. (2020). <em>Pelo Futuro do Passado \u2013 Uma instala\u00e7\u00e3o que (re)conecta a rela\u00e7\u00e3o do homem com a natureza<\/em>. Comunica\u00e7\u00e3o publicada nas atas da 2nd International Conference on Digital Creation in Arts and Communication, <strong>ARTeFACTo 2020<\/strong>, Faro, 26-27 de novembro de 2020.<\/p>\n\n\n\n<p>Dourado, P. (2020). Comunicar ci\u00eancia: o papel do guionista na produ\u00e7\u00e3o de materiais cient\u00edficos. In <em>Jornadas do CIAC \u2013 Centro de Investiga\u00e7\u00e3o em Artes e Comunica\u00e7\u00e3o,<\/em> Universidade do Algarve \u2013 UAlg, Faro.<\/p>\n\n\n\n<p>Dourado, P. (2020). Materialidades da dan\u00e7a contempor\u00e2nea nas pr\u00e1ticas de roteiro de Leonardo Mouramateus. In <em>Materialities and Creative Process in Portuguese Cinema<\/em>, Universidade Nova de Lisboa | Universit\u00e0 degli Studi Firenze, Lisboa\/Firenze.<\/p>\n\n\n\n<p>Dourado, P.; Tavares, M. (2020). O leitor criador nas pr\u00e1ticas de roteiro. In Arte em tempos de pandemia. Livro do Semin\u00e1rio Ibero-Americano sobre o Processo de Cria\u00e7\u00e3o nas Artes | <em>Po\u00e9ticas da Cria\u00e7\u00e3o<\/em>, Universidade Federal do Esp\u00edrito Santo \u2013 UFES, Vit\u00f3ria. <a href=\"https:\/\/leena.ufes.br\/sites\/leena.ufes.br\/files\/field\/anexo\/integrall_em_baixa_poeticas_2020_anaisre_final_compressed_1.pdf\">https:\/\/leena.ufes.br\/sites\/leena.ufes.br\/files\/field\/anexo\/integrall_em_baixa_poeticas_2020_anaisre_final_compressed_1.pdf<\/a><\/p>\n\n\n\n<p>Dourado, P.; Tavares, M.; Salles, C. (2020). Pr\u00e1ticas de roteiro: conceitos revisitados. In Revista da Avanca Cinema International Conference. ISSN: ISSN: 2184-4682. Avanca. <a href=\"https:\/\/doi.org\/10.37390\/avancacinema.2020\">https:\/\/doi.org\/10.37390\/avancacinema.2020<\/a><\/p>\n\n\n\n<p>E\u00e7a, T. T.; Saldanha, A.; Ferreira, C. ; Balsa, R. (2020). Aprendizagens colaborativas atrav\u00e9s do fazer art\u00edstico com comunidades de pessoas com defici\u00eancia. Collaborative learning through art making in communities of people with disabilities . Invisibilidades #13, APECV Portugal. p.71-75. DOI 10.24981\/16470508.13.12. <a href=\"https:\/\/www.apecv.pt\/revista\/invisibilidades\/13\/10.24981.16470508.13.12.pdf\">https:\/\/www.apecv.pt\/revista\/invisibilidades\/13\/10.24981.16470508.13.12.pdf<\/a><\/p>\n\n\n\n<p>Esteves, A. C.; Oliveira, J. C. A. (Orgs.) (2020). Cinemas africanos contempor\u00e2neos: abordagens cr\u00edticas. 1. ed. S\u00e3o Paulo: Sesc, 2020. v. 1. 309p.  <a href=\"https:\/\/www.sescsp.org.br\/online\/artigo\/15097_CINE+AFRICA+LANCA+EBOOK+GRATUITO+SOBRE+CINEMAS+AFRICANOS+CONTEMPORANEOS\">https:\/\/www.sescsp.org.br\/online\/artigo\/15097_CINE+AFRICA+LANCA+EBOOK+GRATUITO+SOBRE+CINEMAS+AFRICANOS+CONTEMPORANEOS<\/a><\/p>\n\n\n\n<p>Esteves, A. C. ; Oliveira, J. ; Lima, M. G. (2020). De corpos perif\u00e9ricos ao cinema de autorrepresenta\u00e7\u00e3o: entrevista com Welket Bungu\u00e9. In: Rebeca, v. 9, p. 293-310. <a href=\"https:\/\/rebeca.socine.org.br\/1\/article\/view\/668\">https:\/\/rebeca.socine.org.br\/1\/article\/view\/668<\/a><\/p>\n\n\n\n<p>Fernandes-Marcos, Ad\u00e9rito (Eds.) (2020). <strong>International Journal of Creative Interfaces and Computer Graphics<\/strong>, vol.11, Nr.2 <a href=\"https:\/\/www.igi-global.com\/journal\/international-journal-creative-interfaces-computer\/1161\">https:\/\/www.igi-global.com\/journal\/international-journal-creative-interfaces-computer\/1161<\/a><\/p>\n\n\n\n<p>Lopez-Pastor, Marcial, Garcia-Madariaga, Jesus, Sanchez, Joaquin, Figueiredo, J.  (2020). \u201cDemand impact for prices ending with 9 and 0 in online and offline consumer goods retail trade chanells\u201d, International Review of Management and Marketing, Vol. 10, N\u00ba 6, pp. 58 \u2013 78.<\/p>\n\n\n\n<p>Gon\u00e7alves, A., Marques, J., Tavares, M., Cabe\u00e7a, S. (Eds.). (2020).<strong> Creative Tourism: The CREATOUR Recipe Book<\/strong>. Cinturs | Research Center for Tourism, Sustainability and Well-being, University of Algarve, Faro.<\/p>\n\n\n\n<p>Gon\u00e7alves, A. R., Marques, J. F., Tavares, M. N. &amp; Cabe\u00e7a, S. M (Eds.). (2020). <strong>Creative Tourism Dynamics: Connecting Travellers, Communities, Cultures and Places<\/strong>. Gr\u00e1cio Editor, Coimbra.<\/p>\n\n\n\n<p>Guerra Santos, I., Borges, F., Padr\u00e3o, J.; Tavares, Joana I. (2020). \u201cThe teaching of public relations in HEI: a comparative study\u201d.  <strong>Regional and Sectorial Economic Studies.<\/strong> RSES 20 (1). No prelo<\/p>\n\n\n\n<p>K\u00f8hler Simonsen, H., &amp; Bidarra, J. (2020). <em>Artificial Intelligence and Learning Activities: A Match made in Heaven?<\/em> Paper publicado nas atas da confer\u00eancia <strong>EDEN 2020<\/strong> \u2013 11th EDEN Research Workshop, Lisboa, Portugal, 21-23 de outubro de 2020.<\/p>\n\n\n\n<p>Lameira, F., Meco, J., Loureiro, J. J. &amp; Bret\u00e3o, M. (2020). \u201cRet\u00e1bulos nos A\u00e7ores\u201d. <strong>Promontoria Monogr\u00e1fica Hist\u00f3ria da Arte<\/strong>, 19. Departamento de Artes e Humanidades da Universidade do Algarve.<\/p>\n\n\n\n<p>Lameira, F. (2020). \u201cRet\u00e1bulos no Mundo Portugu\u00eas\u201d<strong>. Promontoria Monogr\u00e1fica Hist\u00f3ria da Arte<\/strong>, 20. Universidade do Algarve, Faculdade de Ci\u00eancias Humanas e Sociais. <a href=\"https:\/\/sapientia.ualg.pt\/handle\/10400.1\/14650\">https:\/\/sapientia.ualg.pt\/handle\/10400.1\/14650<\/a><\/p>\n\n\n\n<p>Lameira, F. (2020). \u201cRet\u00e1bulos no Par\u00e1 e no Maranh\u00e3o\u201d. <strong>Promontoria Monogr\u00e1fica Hist\u00f3ria da Arte<\/strong>, 21. Departamento de Artes e Humanidades da Universidade do Algarve. <a href=\"http:\/\/hdl.handle.net\/10400.1\/14758\">http:\/\/hdl.handle.net\/10400.1\/14758<\/a><\/p>\n\n\n\n<p>Lameira, F., da Costa, M. B. &amp; Martina del Rio, J. (2020). \u201cRet\u00e1bulos no Brasil colonial\u201d. <strong>Promontoria Monogr\u00e1fica Hist\u00f3ria da Arte<\/strong>, 22. Departamento de Artes e Humanidades da Universidade do Algarve \u2013 CIAC-Centro de Investiga\u00e7\u00e3o em Artes e Comunica\u00e7\u00e3o. <a href=\"http:\/\/hdl.handle.net\/10400.1\/14793\">http:\/\/hdl.handle.net\/10400.1\/14793<\/a><\/p>\n\n\n\n<p>Lameira, F., Lopes, R. S. &amp; Loureiro, J. J. ( 2020). \u201cRet\u00e1bulos na Arquidiocese de Braga\u201d. <strong>Promontoria Monogr\u00e1fica Hist\u00f3ria da Arte<\/strong>, 23. Departamento de Artes e Humanidades da Universidade do Algarve. <a href=\"http:\/\/hdl.handle.net\/10400.1\/14874\">http:\/\/hdl.handle.net\/10400.1\/14874<\/a><\/p>\n\n\n\n<p>Lameira, F., Carvalho, J. B. &amp; Jo\u00e3o, M. R. ( 2020). \u201cRet\u00e1bulos na Diocese de Vila Real\u201d. <strong>Promontoria Monogr\u00e1fica Hist\u00f3ria da Arte<\/strong>, 24, Ed. do Departamento de Artes e Humanidades da Universidade do Algarve.<\/p>\n\n\n\n<p>Lameira, F., &amp; Jo\u00e3o, M. R. ( 2020). \u201cManuel Martins (1667-1742) oficial de entalhador e escultor Famoso\u201d, <strong>Cat\u00e1logo Manuel Martins (1667-1742)<\/strong> <strong>oficial de entalhador e escultor Famoso<\/strong>, Museu Municipal de Faro, pp. 75-215.<\/p>\n\n\n\n<p>Lameiras, T. (2020). <strong>Columbia: Part I<\/strong>. Columbia, Carolina do Sul, EUA: Kindle Direct Publishing.<\/p>\n\n\n\n<p>Marques, Artur Manuel Sancho. \u201cAmEmail: Um cliente de email baseado em CMS e desenho EDATF\u201d. <strong>Revista UiIPS<\/strong>, 8, 4 (2020): <a href=\"https:\/\/doi.org\/10.25746\/ruiips.v8.i4.21997\">https:\/\/doi.org\/10.25746\/ruiips.v8.i4.21997<\/a><\/p>\n\n\n\n<p>Mendes da Silva, B. (Coord.) (2020), ARTeFACTo2020, International Conference on Digital Creation in Arts and Communication, Proceedings, Edi\u00e7\u00f5es Centro de Investiga\u00e7\u00e3o em Artes e Comunica\u00e7\u00e3o, ISBN: 978-989-9023-32-1 (suporte impresso) e 978-989-9023-33-8 (suporte eletr\u00f3nico)<\/p>\n\n\n\n<p>Mendes da Silva, B. (Eds.) (2020).<strong> Proceedings of the International Conference on Digital Creation in Arts and Communication, ARTeFACTo2020<\/strong>. Centro de Investiga\u00e7\u00e3o em Artes e Comunica\u00e7\u00e3o <a href=\"https:\/\/ciac.pt\/wp-content\/uploads\/2020\/11\/ARTeFACTo2020_BookOfProceedingsWeb.pdf\">https:\/\/ciac.pt\/wp-content\/uploads\/2020\/11\/ARTeFACTo2020_BookOfProceedingsWeb.pdf<\/a><\/p>\n\n\n\n<p>Mendes da Silva, B. &amp; Costa, S. (2020). \u201cProcessos de comunica\u00e7\u00e3o e intera\u00e7\u00e3o medi\u00e1tica: o caso do an\u00e3o sobre os ombros do gigante\u201d. <strong>Texto Digital, vol. 16, n. 2. <\/strong><a href=\"https:\/\/periodicos.ufsc.br\/index.php\/textodigital\/issue\/view\/3171\">https:\/\/periodicos.ufsc.br\/index.php\/textodigital\/issue\/view\/3171<\/a><\/p>\n\n\n\n<p>Mendes da Silva, B. &amp; Costa, S. (2020). \u201cModelos de interatividade e interatividade f\u00edlmica total\u201d. <strong>Revista Tr\u00edade \u2013 Comunica\u00e7\u00e3o, Cultura e M\u00eddia v. 8 n. 19: M\u00eddias Visuais: arte, imagem, imagin\u00e1rio e audiovisual. <\/strong><a href=\"http:\/\/periodicos.uniso.br\/ojs\/index.php\/triade\/article\/view\/4131\/3853\">http:\/\/periodicos.uniso.br\/ojs\/index.php\/triade\/article\/view\/4131\/3853<\/a><\/p>\n\n\n\n<p>Montero, X., Gonz\u00e1lez, O. &amp; Soba, A. (2020). <strong>A Escritura que Ilumina \u2013 O legado epistolar de Jos\u00e9 Mejuto Bern\u00e1rdez (Preso antifranquista, 1936-1937)<\/strong>. Centro de Estudos Galegos,.Universidade do Algarve, Faro.<\/p>\n\n\n\n<p>Noronha, F., &amp; Concei\u00e7\u00e3o, M. C. (2020). Discursos de especialidade e recursos terminol\u00f3gicos: dinamismos e media\u00e7\u00f5es. in Concei\u00e7\u00e3o, M.C. e M.T. Zanola, (org). <em>Terminologia e media\u00e7\u00e3o lingu\u00edstica: m\u00e9todos, pr\u00e1ticas e atividades.<\/em> Faro, Universidade do Algarve Editora. pp. 65-77. ISBN: 978-989-9023-29-1<\/p>\n\n\n\n<p>Noronha, F., &amp; Concei\u00e7\u00e3o, M. C. (2020). Terminological Variation and Communicative Mediation Within the Context of Specialised Discourse \u2013 an Ecolinguistic Approach. In Nistor, R-M e C. Teglas, (ed.), <em>Limbajele specializate \u00een contextul noilor medii de \u00eenv\u0103\u021bare: provoc\u0103ri si oportunit\u0103\u021bi<\/em>, Cluj, Presa Universitar\u0103 Clujean\u0103. pp. 153- 168. ISBN 978-606-37-0954-8<\/p>\n\n\n\n<p>Oliveira, J. (2020). A criouliza\u00e7\u00e3o da l\u00edngua portuguesa: uma reflex\u00e3o a partir de filmes contempor\u00e2neos de Angola, Cabo Verde e Guin\u00e9-Bissau. In: Ana Camila Esteves; Jusciele Oliveira. (Orgs.). Cinemas Africanos Contempor\u00e2neos: Abordagens Cr\u00edticas. 1ed.S\u00e3o Paulo: Sesc, 2020, v. 1, p. 95-107.<\/p>\n\n\n\n<p>Oliveira, J. (2020) \u201cA Guin\u00e9-Bissau Oferece-me Inspira\u00e7\u00e3o, Portugal Profiss\u00e3o\u201d: o tempo dos mortos e dos vivos no drama de terror luso-guineense O Espinho da Rosa (2013), de Filipe Henriques. In: Michelle Sales. (Org.). \u00c0 MARGEM DO CINEMA PORTUGU\u00caS. 1ed.Coimbra: NOZZLE,LDA, 2020, v. 1, p. 111-123. <a href=\"https:\/\/plataforma9.com\/upload\/2020\/09\/eBook_A-margem-do-cinema-portugues-Michele-Salles_Org.pdf\">https:\/\/plataforma9.com\/upload\/2020\/09\/eBook_A-margem-do-cinema-portugues-Michele-Salles_Org.pdf<\/a><\/p>\n\n\n\n<p>Oliveira, J.; Santos, S. J. (2020). Negros saberes em festa Il\u00ea Aiy\u00ea e Olodum e suas (trans)forma\u00e7\u00f5es. In: REVISTA EXTRAPRENSA, v. 14, p. 295-312. <a href=\"https:\/\/www.revistas.usp.br\/extraprensa\/article\/view\/173597\/169739\">https:\/\/www.revistas.usp.br\/extraprensa\/article\/view\/173597\/169739<\/a><\/p>\n\n\n\n<p>Olivero, L., Rossi, A., Ara\u00fajo, A., (2020), Applications of cubical perspective in architecture, engineering and product design, in As f\u00f3rmulas na arquitectura \/ 4.\u00ba Semin\u00e1rio Internacional de Arquitectura e Matem\u00e1tica, (pp. 63-86), Univ. Lusiada Editora.<\/p>\n\n\n\n<p>P. Dourado, C. Salles, M. Tavares. (2020). \u201cPr\u00e1ticas de roteiro: conceitos revisitados\u201d. <strong>Avanca International Conference of Cinema \u2013 Art, Technology, Communication. <\/strong>AVANCA: Cineclube de Avanca.<\/p>\n\n\n\n<p>Paquete, H. (2020). \u201cSonifica\u00e7\u00e3o do Limiar: Eletromagnetismo como possibilidade na cria\u00e7\u00e3o sonora musical\u201d. Marques, D. &amp; Gago, A. (Orgs.) (2020) <strong>Investiga\u00e7\u00e3o-Experimenta\u00e7\u00e3o-Cria\u00e7\u00e3o: em Arte-Ci\u00eancia-Tecnologia. <\/strong>Porto: Publica\u00e7\u00f5es Universidade Fernando Pessoa. <a href=\"https:\/\/bdigital.ufp.pt\/handle\/10284\/8875\">https:\/\/bdigital.ufp.pt\/handle\/10284\/8875<\/a>. ISBN: 978-989-643-163-1. ISSN: 1646-4435<\/p>\n\n\n\n<p>Paquete, H., Fernandes-Marcos, A. &amp; Bastos, P.B. (2020). \u201cVelocidade terminal: tempo cronosc\u00f3pico dos corpos orbitais na composi\u00e7\u00e3o sonora e musical\u201d. <strong>Avanca International Conference of Cinema \u2013 Art, Technology, Communication<\/strong>. Avanca: Cine Clube Avanca.<\/p>\n\n\n\n<p>Paquete, H., Fernandes-Marcos, A. &amp; Bastos, P.B. (2020). \u201cRadia\u00e7\u00e3o Obscura: Fluxos energ\u00e9ticos sonificados no limiar da experi\u00eancia sonora\u201d. <strong>Avanca International Conference of Cinema \u2013 Art, Technology, Communication. <\/strong>Avanca: Cineclube Avanca.<\/p>\n\n\n\n<p>Pereira, J. P.(2020). \u201cMia Couto \u2013 As Areias do Imperador: escrever Portugal a partir do degredo\u2026\u201d. <em>Revista Conex\u00e3o Letras,<\/em> Vol.15, N.23, pp.17-35. <a href=\"https:\/\/seer.ufrgs.br\/conexaoletras\/article\/view\/104056\/57190\">https:\/\/seer.ufrgs.br\/conexaoletras\/article\/view\/104056\/57190<\/a><\/p>\n\n\n\n<p>Pinto, J. &amp; Cardoso, T. (2020). \u201cInternet and Social Networks: reflecting on contributions to employability and social inclusion.\u201d <strong>Advances in Design and Digital Communication, <\/strong>Proceedings of the 4th International Conference on Design and Digital Communication, Digicom 2020, November 5\u20137, 2020, Barcelos, Portugal.<\/p>\n\n\n\n<p>Pinto J., Cardoso T., Soares A.I. (2020) Cinema, Education, and the Internet: Which Convergences?. In Martins N., Brand\u00e3o D., Raposo D. (Eds) Perspectives on Design and Digital Communication. Springer Series in Design and Innovation, vol 8. Springer, Cham. <a href=\"https:\/\/doi.org\/10.1007\/978-3-030-49647-0_15\">https:\/\/doi.org\/10.1007\/978-3-030-49647-0_15<\/a>. <a href=\"https:\/\/repositorioaberto.uab.pt\/handle\/10400.2\/10952\">https:\/\/repositorioaberto.uab.pt\/handle\/10400.2\/10952<\/a><\/p>\n\n\n\n<p>Pinto J., Cardoso, T. &amp; Soares A. I. (2020). PNC e Redes Sociais: um estudo em torno de desafios e oportunidades na web social. In A. C. Valente (Cord.) AVANCA CINEMA 2020. Edi\u00e7\u00f5es Cine-Clube de Avan\u00e7a. ISSN: 2184-0520. <a href=\"https:\/\/repositorioaberto.uab.pt\/handle\/10400.2\/10953\">https:\/\/repositorioaberto.uab.pt\/handle\/10400.2\/10953<\/a><\/p>\n\n\n\n<p>Pinto, J., Cardoso, T. &amp; Soares, A. I. (2020). Plano Nacional de Cinema e literacias para os media: realidade ou utopia? In J.A. Moreira, A. Garc\u00eda-Valc\u00e1rcel, P. Gutiez Cuevas &amp; V. Gon\u00e7alves (Eds.) VI Confer\u00eancia Ib\u00e9rica de Inova\u00e7\u00e3o na Educa\u00e7\u00e3o com TIC: ieTIC2020: livro de resumos. Bragan\u00e7a: Instituto Polit\u00e9cnico\/Universidade Aberta. ISBN 978-972-745-269-9. <a href=\"https:\/\/repositorioaberto.uab.pt\/handle\/10400.2\/9646\">https:\/\/repositorioaberto.uab.pt\/handle\/10400.2\/9646<\/a><\/p>\n\n\n\n<p>Pinto J., Cardoso, T. &amp; Soares A. I. (2020) Plano Nacional de Cinema: uma ferramenta para promover a Literacia medi\u00e1tica e inclus\u00e3o digital? In L. G. Correia &amp; T. Neves (Coords.) Livro de Resumos do XV Congresso da Sociedade Portuguesa de Ci\u00eancias da Educa\u00e7\u00e3o (pp. 382-383). ISBN 978-989-95390-2-0. <a href=\"https:\/\/repositorioaberto.uab.pt\/handle\/10400.2\/10949\">https:\/\/repositorioaberto.uab.pt\/handle\/10400.2\/10949<\/a><\/p>\n\n\n\n<p>Pinto J., Cardoso, T. &amp; Soares A. I. (2020). O Plano Nacional de Cinema no contexto das redes sociais: uma investiga\u00e7\u00e3o em curso. In D. Maciel (Org.) Encontros de Cinema \u2013 XVI Confer\u00eancia Internacional de Cinema de Viana, pp 44-51. Viana do Castelo: AO NORTE. ISBN: 978-989-54416-7-9. <a href=\"https:\/\/repositorioaberto.uab.pt\/handle\/10400.2\/10950\">https:\/\/repositorioaberto.uab.pt\/handle\/10400.2\/10950<\/a><\/p>\n\n\n\n<p>Ramos, C., Cardoso, P.J.S., Fernandes, H.C.L., &amp; Rodrigues, J.M.F. (2020). <strong><em>Business Intelligence Challenges Applied in a Transfer Company. <\/em><\/strong>In Book of Abstractst-Forum: Global Conferences (t-Forum 2020), Virtual Conference, 4-7 Nov., pp. 49<\/p>\n\n\n\n<p>Ramos C.M.Q., &amp; Rodrigues J.M.F. (2020). <strong><em>The Influence of Social Networking Technology on Centennials Purchase Intent<\/em><\/strong>. In Antona M., Stephanidis C. (eds) Universal Access in Human-Computer Interaction. Applications and Practice, LNCS 12189, pp. 451\u2013465, Springer International Publishing. DOI: 10.1007\/978-3-030-49108-6_3<\/p>\n\n\n\n<p>Ribaric, M E. (2020). Sil\u00eancio e Intertextualidade: O Discurso Po\u00e9tico na Publicidade Audiovisual de Wong Kar-Wai. Revista COMUNICA\u00c7\u00c3O &amp; SOCIEDADE, v.42, p.247 \u2013 281.<\/p>\n\n\n\n<p>Rocha, R.; Canossa, H. (2020) \u201cArtefactos \u00e0 Dist\u00e2ncia: A nova m\u00e9dia-arteem tempos de pandemia 2020\u201d. In Proceedings of the InternationalConference on Digital Creation in Arts and Communication, Artefacto 2020,editado por Mendes daSilva, B., 217-222. Faro, Portugal: CIAC-Centro deInvestiga\u00e7\u00e3o em Arte e Comunica\u00e7\u00e3o.<\/p>\n\n\n\n<p>Rocha, R.; Canossa, H. (2020). \u201cAssum Livre: Do ecr\u00e3-gaiola para omundoexistencial\u201d. In Proceedings of the International Conference on DigitalCreation in Arts and Communication, Artefacto 2020, editado por Mendes da Silva, B., 226-229. Faro: CIAC-Centro de Investiga\u00e7\u00e3o em Arte eComunica\u00e7\u00e3o.<\/p>\n\n\n\n<p>Rocha, R. S., Gomes, \u00c2. M., &amp; Bidarra, J. (2020). Backyard Sounds: An Immersive Sound Experience in Almenara-Vale do Jequitinhonha, Brazil. <em>International Journal of Creative Interfaces and Computer Graphics<\/em> (IJCICG), <em>11(1)<\/em>, 1-17. doi:10.4018\/IJCICG.2020010101.  Indexado:  ACM Digital Library, CrossRef.<\/p>\n\n\n\n<p>Rodrigues, J. M. F.<strong>, <\/strong>Cardoso, P. J., Monteiro, J., &amp; Ramos, C.M.Q. (2020). <strong><em>Smart Systems Design, Applications and Challenges.<\/em> <\/strong>(pp. 459)IGI Global. ISBN13: 9781799821120, ISBN10: 1799821129, EISBN13: 9781799821144, DOI: 10.4018\/978-1-7998-2112-0<\/p>\n\n\n\n<p>Rodrigues, J. M.F., Cardoso, Pedro J.S., Monteiro, J\u00e2nio, &amp; Ramos, C. (2020). <strong><em>Augmented Intelligence: Leverage Smart Systems. <\/em><\/strong>Chapter 1 in Smart Systems Design, Applications and Challenges (pp. 1-22). IGI Global. DOI: 10.4018\/978-1-7998-2112-0.ch001<\/p>\n\n\n\n<p>Rodrigues, J. M. F., Cardoso, P. J., Monteiro, J., &amp; Ramos, C.M.Q. (2020). <strong><em>Preface.<\/em><\/strong> Smart Systems Design, Applications and Challenges, pp. xx-xxii. IGI Global, DOI: 10.4018\/978-1-7998-2112-0<\/p>\n\n\n\n<p>Saldanha, A. &amp; E\u00e7a, T. T. (2020). Errar \u2013 Partilhar \u2013 Aprender. O ensino transdisciplinar e hol\u00edstico atrav\u00e9s de t\u00e9cnicas das Artes Visuais (experi\u00eancias em quatro continentes)<strong><em>.<\/em><\/strong><em> Revista Gearte <\/em>v. 7, n. 2, p. 283-315, <a href=\"http:\/\/doi.org\/10.22456\/2357-9854.100762\">doi.org\/10.22456\/2357-9854.100762<\/a>. <a href=\"https:\/\/seer.ufrgs.br\/gearte\/article\/view\/100762\" target=\"_blank\" rel=\"noreferrer noopener\">https:\/\/seer.ufrgs.br\/gearte\/article\/view\/88483\/51622<\/a><\/p>\n\n\n\n<p>Sampaio, K., Bidarra, J., &amp; Ara\u00fajo, C. (2020). <em>Transmedia Storytelling in Open Educational Resources as a Methodology for Preventing Syphilis Among Young People<\/em>. Paper publicado nas atas da confer\u00eancia EDEN 2020 \u2013 11th EDEN Research Workshop, Lisboa, Portugal, 21-23 de outubro de 2020.<\/p>\n\n\n\n<p>Santo, P. C. (2020). <strong>The Power of Love<\/strong>. Stolen Books. ISBN: 978-989-54857-5-8<\/p>\n\n\n\n<p>Santos, R., Santos, M. &amp; Amaral, E. (2020). \u201cO cinema como potencializador do estigma da coloniza\u00e7\u00e3o: uma an\u00e1lise pr\u00e1tica da hip\u00f3tese-cinema\u201d. <strong>Caderno ProCine 3, Cinema, Educa\u00e7\u00e3o e Inf\u00e2ncia. <\/strong><a href=\"http:\/\/www2.uesb.br\/procine\/caderno-3\/\">http:\/\/www2.uesb.br\/procine\/caderno-3\/<\/a><\/p>\n\n\n\n<p>Soares, Ana Isabel (2020). \u201cFour decades on screen: The fiction films of Margarida Gil\u201d. In Women\u2019s Cinema in Contemporary Portugal, ed. Liz, Mariana; Owen, Hilary, pp. 43-62. Bloomsbury Academic.<\/p>\n\n\n\n<p>Soares, Ana Isabel. \u201cIsolamento: Cinco tablettes\u201d. Arte e Cultura Visual: Revista do Centro de Investiga\u00e7\u00e3o e de Estudos da Faculdade de Belas-Artes de Lisboa 1 (2020): pp. 103-110. Dispon\u00edvel em <a href=\"https:\/\/issuu.com\/fbaul\/docs\/arteeculturavisual_1\/104\" target=\"_blank\" rel=\"noreferrer noopener\">https:\/\/issuu.com\/fbaul\/docs\/arteeculturavisual_1\/104<\/a><\/p>\n\n\n\n<p>Soares, Ana Isabel (2020). \u201cNotas sobre um curr\u00edculo\u201d. In Imita\u00e7\u00f5es da Vida: Cinema Cl\u00e1ssico Americano, ed. Rowland, Clara; Guerreiro, Fernando; B\u00e9rtolo, Jos\u00e9, pp. 415-428. RIAL \u2013 Realidade e Imagina\u00e7\u00e3o nas Artes e na Literatura, Centro de Estudos Comparatistas da Faculdade de Letras da Universidade de Lisboa.<\/p>\n\n\n\n<p>Soares, A. (2020). O apelo do caos: Pier Paolo Pasolini, Ant\u00f3nio Reis, Poesia e Cinema. In <strong>Procesos intermediales. Cine, literatura, esp\u00e1cio<\/strong>. Cunha. P., Garc\u00eda, F., Ros\u00e1rio, F. (org.). Madrid. Sial Pigmali\u00f3n.<\/p>\n\n\n\n<p>Soares, Ana Isabel (2020). Poesia Portuguesa Contempor\u00e2nea \u2013 Notas sobre os primeiros quinze anos do s\u00e9culo XXI. H\u00famus.<\/p>\n\n\n\n<p>Tavares, M. (2020). \u201cDas exposi\u00e7\u00f5es e da complexa arte de expor-se: reflex\u00f5es sobre alguns artistas portuguesas e suas obras\u201d. <strong>12 Catorze<\/strong>.<\/p>\n\n\n\n<p>Tavares, M., Cabe\u00e7a, S., Gon\u00e7alves, A. &amp; Marques J. (2020). \u201cCreative Tourism as an Inductor of Co-Creation Experiences: The Creatour Project in the Algarve\u201d. <strong>Sustainability.<\/strong><\/p>\n\n\n\n<p>Tavares, M. &amp; Martins, T. G. (2020). \u201cLiteracia midi\u00e1tica e publicidade: proposta de uma metodologia para an\u00e1lise de conte\u00fados publicit\u00e1rios audiovisuais\u201d. <strong>Revista Tr\u00edade \u2013 Comunica\u00e7\u00e3o, Cultura e M\u00eddia v. 8 n. 19, pp.192-220: M\u00eddias Visuais: arte, imagem, imagin\u00e1rio e audiovisual. <\/strong><a href=\"http:\/\/periodicos.uniso.br\/ojs\/index.php\/triade\/article\/view\/4094\/3862\">http:\/\/periodicos.uniso.br\/ojs\/index.php\/triade\/article\/view\/4094\/3862<\/a><\/p>\n\n\n\n<p>Tavares, M. &amp; Veiga, P.(Eds.) (2020). <strong>International Journal of Creative Interfaces and Computer Graphics<\/strong>, vol.11, Nr. 1. <a href=\"https:\/\/www.igi-global.com\/journal\/international-journal-creative-interfaces-computer\/1161\">https:\/\/www.igi-global.com\/journal\/international-journal-creative-interfaces-computer\/1161<\/a><\/p>\n\n\n\n<p>Turner D., Rodrigues J.M.F., &amp;Rosa M. (2020). <strong><em>Describing People: An Integrated Framework for Human Attributes Classification<\/em><\/strong>. In Monteiro J. <em>et al.<\/em> (eds) INCREaSE 2019, 324-336, INCREaSE 2019. Springer International Publishing. DOI: 10.1007\/978-3-030-30938-1_26<\/p>\n\n\n\n<p>Urrutia, H., Perez, P. &amp; Fernandes-Marcos, A. (2020). \u201cA proje\u00e7\u00e3o mural multim\u00e9dia como forma\u00e7\u00e3o cultural e democr\u00e1tica no espa\u00e7o p\u00fablico\u201d. <strong>Texto Digital, vol. 16, n. 2. <\/strong><a href=\"https:\/\/periodicos.ufsc.br\/index.php\/textodigital\/issue\/view\/3171\">https:\/\/periodicos.ufsc.br\/index.php\/textodigital\/issue\/view\/3171<\/a><\/p>\n\n\n\n<p>Vairinho, S., Barros, H., Guerreiro, J., &amp; Rodrigues, J. (2020). <strong><em>A Prote\u00e7\u00e3o e a Transfer\u00eancia do Conhecimento: Abordagem Metodol\u00f3gica no Contexto Universit\u00e1rio.<\/em><\/strong> Chapter 1 in Transfer\u00eancia de Conhecimento e Empreendedorismo Inovador, Backup Books Editora; Associa\u00e7\u00e3o Acad\u00eamica de Propriedade Intelectual, (Aracaju) Brasil. ISBN: 978-85-93018-22-0 (Impresso) ISBN: 978-85-93018-21-3 (Online)<\/p>\n\n\n\n<p>Veiga, P. A. (2020). \u201cA\/R\/COGRAFIA: A CRIATIVIDADE INVESTIGADA NA INVESTIGA\u00c7\u00c3O CRIATIVA\u201d. <strong>Investiga\u00e7\u00e3o-Experimenta\u00e7\u00e3o-Cria\u00e7\u00e3o: em Arte-Ci\u00eancia-Tecnologia<\/strong>, Publica\u00e7\u00f5es Universidade Fernando Pessoa. <a href=\"https:\/\/bdigital.ufp.pt\/handle\/10284\/8875\">https:\/\/bdigital.ufp.pt\/handle\/10284\/8875<\/a><\/p>\n\n\n\n<p>Veiga, P. A. (2020). \u201cCurating the Everywhere Museum of Everything\u201d. <strong>Digital Creativity. <\/strong><a href=\"https:\/\/doi.org\/10.1080\/14626268.2020.1782438\">https:\/\/doi.org\/10.1080\/14626268.2020.1782438<\/a><\/p>\n\n\n\n<p>Veiga, P. A. (2020). <strong>O Museu de Tudo em Qualquer Parte. Arte e Cultura Digital: inter-ferir e curar<\/strong>. Cole\u00e7\u00e3o Humanitas, CIAC.<\/p>\n\n\n\n<p>Veiga, P. A. (2020). \u201cA\/r\/cografia \u2013 A Criatividade Investigada na Investiga\u00e7\u00e3o Criativa\u201d. In Investiga\u00e7\u00e3o-Experimenta\u00e7\u00e3o-Cria\u00e7\u00e3o: em Arte-Ci\u00eancia-Tecnologi, Marques, D.; Gago, A. (Eds.) 51-74. Porto: Publica\u00e7\u00f5es Universidade Fernando Pessoa.<\/p>\n\n\n\n<p>Veiga, P. A. (2020). \u201cHello, An Interactive Cinematic Generative Artwork\u201d. Paper presented in Eleventh International Conference on Computational Creativity, Coimbra.<\/p>\n\n\n\n<p>Veiga, P. A. (2020). \u201cSpeciesism | Ageism | Racism\u201d. Paper presented in Avanca International Cinema Conference 2020, Avanca.<\/p>\n\n\n\n<p>Veiga, P. A.; Tavares, M. (2020). \u201cThe End of Imperviousness\u201d. Preface to International Journal of Creative Interfaces and Computer Graphics, Special Issue on Advances in Digital Media-Art, edited by Veiga, Pedro Alves; Tavares, Mirian, v-viii. Hershey, PA, United States: IGI-Global.  <a href=\"https:\/\/www.igi-global.com\/journal\/international-journal-creative-interfaces-computer\/1161\">https:\/\/www.igi-global.com\/journal\/international-journal-creative-interfaces-computer\/1161<\/a>.<\/p>\n\n\n\n<p>Veiga, P. A.; Travasso, R. (2020). \u201cAuschwitz do P\u00f3s-Moderno: A\u00e7\u00e3o ou Absten\u00e7\u00e3o?\u201d. Paper presented in ARTeFACTo 2020, International Conference on Digital Creation in Arts and Communication, Faro.<\/p>\n\n\n\n<p>Veiga R.J.M., Cardoso P.J.S., &amp; Rodrigues J.M.F. (2020). <strong><em>Efficient Small-Scale Network for Room Layout Estimation<\/em><\/strong>. In Antona M., Stephanidis C. (eds) Universal Access in Human-Computer Interaction. Applications and Practice, LNCS 12189, pp. 597\u2013610, Springer International Publishing. DOI: 10.1007\/978-3-030-49108-6_43<\/p>\n\n\n\n<p>Viana, D.L.; Carvalho, I.C. &amp; Sousa, M.R. (2020). \u201cModos digitais e formas de participar h\u00edbridas na cidadania de a\u00e7\u00e3o\u201d. In Silva, M.C.; Rodrigues, F.M.; Lopes, J.T.; Fontes; Mora, T. (Orgs.), <em>Por uma habita\u00e7\u00e3o b\u00e1sica: cidadania, democracia associativa e metodologias participativas<\/em>.<\/p>\n\n\n\n<p>Vieira, C\u00e9lia (2020). \u201cLes lettres portugaises \u00e0 \u00c9mile Zola\u201d. <strong>Les cahiers naturalistes<\/strong> 94 (2020): 211-217. <a href=\"https:\/\/www.cahiers-naturalistes.com\/\">https:\/\/www.cahiers-naturalistes.com\/<\/a>. (Indexa\u00e7\u00e3o ERIH)<\/p>\n\n\n\n<p>Vieira, C\u00e9lia; Guerra, In\u00eas (2020). \u201cPhotographic Portrait in the 19th Century \u2013 Uses and Functions in the Construction of Celebrities. The Case of \u00c9mile Zola\u201d. <strong>Metacritic Journal for Comparative Studies and Theory<\/strong> 6 2 (2020): 160-173. <a href=\"https:\/\/www.metacriticjournal.com\/current\/issue:15\/Literature%20between%20Canon%20and%20Archive.%20New%20Distant%20Reading%20(December%202020)\">https:\/\/www.metacriticjournal.com\/current\/issue:15\/Literature%20between%20Canon%20and%20Archive.%20New%20Distant%20Reading%20(December%202020)<\/a>. (indexa\u00e7\u00e3o Scopus)<\/p>\n\n\n\n<p>Vilar, M. B. (2020).  \u201cA descrici\u00f3n da dama nas Cantigas de Santa Maria\u201d. <strong>O Medievalismo no s\u00e9culo XXI <\/strong>(pp.94-114). Peter Lang.<\/p>\n\n\n\n<p>Zengin H., Camara J., Coelho P., Rodrigues J.M.F., &amp; Cunha A. (2020). <strong><em>Low-Resolution Retinal Image Vessel Segmentation<\/em><\/strong>. In Antona M., Stephanidis C. (eds) Universal Access in Human-Computer Interaction. Applications and Practice, LNCS 12189, pp. 611\u2013627, Springer International Publishing. DOI: 10.1007\/978-3-030-49108-6_44<\/p>\n<\/div><\/div>\n\n\n\n<div class=\"wp-block-advgb-accordion-item advgb-accordion-item\" style=\"margin-bottom:15px\"><div class=\"advgb-accordion-header\" style=\"background-color:#ffffff;color:#000000;border-style:solid;border-width:0px;border-color:#ffffff\"><span class=\"advgb-accordion-header-icon\"><svg fill=\"#000000\" xmlns=\"http:\/\/www.w3.org\/2000\/svg\" width=\"24\" height=\"24\" viewBox=\"0 0 24 24\"><path fill=\"none\" d=\"M0,0h24v24H0V0z\"><\/path><path d=\"M6,10c-1.1,0-2,0.9-2,2s0.9,2,2,2s2-0.9,2-2S7.1,10,6,10z M18,10c-1.1,0-2,0.9-2,2s0.9,2,2,2s2-0.9,2-2S19.1,10,18,10z M12,10c-1.1,0-2,0.9-2,2s0.9,2,2,2s2-0.9,2-2S13.1,10,12,10z\"><\/path><\/svg><\/span><h2 class=\"advgb-accordion-header-title\" style=\"color:inherit\">2019<\/h2><\/div><div class=\"advgb-accordion-body\" style=\"border-style:solid !important;border-width:0px !important;border-color:#ffffff !important;border-top:none !important\">\n<p>Almeida, I., &amp; Bidarra, J. (2019). Pedagogia ativa com apoio num portal digital: O caso do projeto Infantinho.xyz. In Torres, P. &amp; Amante, L.(Eds.), <strong>Educa\u00e7\u00e3o e Tecnologias Web: Contributos de Pesquisa Luso-Brasileiros<\/strong>, (pp 141-156), Curitiba, Brasil: Appris Editora. ISBN: 978-85-473-3540-3. <a href=\"https:\/\/editoraappris.com.br\/produto\/educacao-e-tecnologias-web-contributos-de-pesquisa-luso-brasileiros\/\">https:\/\/editoraappris.com.br\/produto\/educacao-e-tecnologias-web-contributos-de-pesquisa-luso-brasileiros\/<\/a><\/p>\n\n\n\n<p>Almeida, C., Moura, A., Pacheco, R., Soares, A. I. (2019) \u201cDocNomads, Ao-Norte e ESE: um projeto de literacia cinematogr\u00e1fica implementado em Viana do Castelo\u201d. <strong>Revista ICONO14 Revista cient\u00edfica de Comunicaci\u00f3n y Tecnolog\u00edas emergentes<\/strong> 17 (2): 182-204. <a href=\"http:\/\/dx.doi.org\/10.7195\/ri14.v17i2.1354\" target=\"_blank\" rel=\"noreferrer noopener\">http:\/\/dx.doi.org\/10.7195\/ri14.v17i2.1354<\/a>.<\/p>\n\n\n\n<p>Almeida, C., Moura, A., Pacheco, R. (2019) <strong>\u201cFilm Education Project with Youth\u201d<\/strong>. <em>Education Quarterly Reviews<\/em> 2 (2): 321-329. <a href=\"http:\/\/dx.doi.org\/10.31014\/aior.1993.02.02.64\" target=\"_blank\" rel=\"noreferrer noopener\">http:\/\/dx.doi.org\/10.31014\/aior.1993.02.02.64<\/a>.<\/p>\n\n\n\n<p>Andr\u00e9, T. e Carvalho, E. (2019). Hotels Online Opinion Visualization, <strong>International Journal of Creative Interfaces and Computer Graphics<\/strong> (IJCICG), IGI Global, vol. 10(1), pgs. 30-42, DOI: 10.4018\/IJCICG.2019010103<\/p>\n\n\n\n<p>Antunes, E., Bidarra, J. &amp; Gago da C\u00e2mara, A. (2019). Isto n\u00e3o \u00e9 um azulejo, apenas um remix digital. Short paper publicado nas atas da <strong>9th International Conference on Digital Arts \u2013 ARTECH 2019<\/strong>, Braga, 23-25 de outubro.<\/p>\n\n\n\n<p>Arantes, P., S\u00e1, V., Veiga, P.A., Marcos, A.F. (Eds.) (2019).<strong> Proceedings of Artech 2019, 9th International Conference on Digital and Interactive Arts, Braga, Portugal<\/strong>. ACM: Nova Iorque, Estados Unidos da Am\u00e9rica. ISBN: 978-1-4503-7250-3<\/p>\n\n\n\n<p>Ara\u00fajo, A., &amp; Serranho, P. (2019). \u201cOn the use of quasi-equidistant source points over the sphere surface for the method of fundamental solutions\u201d. <strong>Journal of Computational and Applied Mathematics<\/strong>, 359, 55\u201368. <a href=\"https:\/\/doi.org\/10.1016\/j.cam.2019.03.019\">https:\/\/doi.org\/10.1016\/j.cam.2019.03.019<\/a><\/p>\n\n\n\n<p>Ara\u00fajo, A.; Olivero, L.; Rossi, A. &#8211; Boxing the visual sphere: towards a systematic solution of the cubical perspective. In Convenio Internazionale dei Docenti delle Discipline della Rappresentazione\/Congresso della Unione Italiana per il Disegno, 41, Perugia, 2019 &#8211; &#8220;Riflessioni [Em linha]: l\u2019arte del disegno\/il disegno dell\u2019arte. Perugia: Gangemi Editore International, 2019. ISBN 978-88-492-3762-7. p. 33\u201340<\/p>\n\n\n\n<p>Ara\u00fajo, A. (2019). \u201cEq A Sketch 360, a Serious Toy for Drawing Equirectangular Spherical Perspectives\u201d. <strong>Proceedings of the 9th International Conference on Digital and Interactive Arts, 1\u20138.<\/strong> <a href=\"https:\/\/doi.org\/10.1145\/3359852.3359893\">https:\/\/doi.org\/10.1145\/3359852.3359893<\/a><\/p>\n\n\n\n<p>Ara\u00fajo, A. (2019). \u201cA fisheye gyrograph: Taking spherical perspective for a spin\u201d. In S. Goldstine, D. McKenna, &amp; K. Fenyvesi (Eds.), <strong>Proceedings of bridges 2019: Mathematics, art, music, architecture, education, culture<\/strong> (pp. 659\u2013664). Tessellations Publishing.<\/p>\n\n\n\n<p>Ara\u00fajo, A.; Olivero, L. F., &amp; Antinozzi, S. (2019). \u201cHIMmaterial: Exploring new hybrid media for immersive drawing and collage\u201d. <strong>Proceedings of the 9th International Conference on Digital and Interactive Arts, 1\u20134<\/strong>. <a href=\"https:\/\/doi.org\/10.1145\/3359852.3359950\">https:\/\/doi.org\/10.1145\/3359852.3359950<\/a><\/p>\n\n\n\n<p>Arantes, P., S\u00e1, V., Veiga, P.A., Marcos, A.F. (Eds.) (2019).<strong> Proceedings of Artech 2019, 9th International Conference on Digital and Interactive Arts, Braga, Portugal<\/strong>. ACM: Nova Iorque, Estados Unidos da Am\u00e9rica. ISBN: 978-1-4503-7250-3<\/p>\n\n\n\n<p>Barbas, Maria &amp; Matos, Pedro &amp; Silva, Ana. (2019).<strong> STUDY OF THE INNOVATIVE TRAINING MODULE \u201cCOMMUNICATION AND CUSTOMER SERVICE\u201d IN A PIONEER TRAINING COURSE: \u201cDIGITAL LITERACY FOR LABOUR MARKET\u201d<\/strong>. 8975-8982. 10.21125\/inted.2019.2233.<\/p>\n\n\n\n<p>Barreira, C., Lu\u00eds, A., Pires, N. Ribeiro, A. &amp; Ribeiro-Silva, E. (coord.). (2019). <strong>A Supervis\u00e3o no S\u00e9culo XXI: Desafios da Profissionalidade Docente<\/strong>, Coimbra: Imprensa da Universidade de Coimbra. ISBN 978-989-26-1824-1\/ISSN 978-989-26-1825-8.<\/p>\n\n\n\n<p>Bidarra, J., &amp; Mamede, H. (2019).  Artificial Intelligence and Blockchain in Online Education. In Ubachs, G. &amp; Konings, L. (eds.), <strong>The Envisioning Report for Empowering Universities<\/strong>, 3rd Edition (pp. 27-29). EADTU \u2013 EMPOWER Report. ISBN:  978-90-79730-37-7. <a href=\"https:\/\/empower.eadtu.eu\/images\/report\/The_Envisioning_Report_for_Empowering_Universities_3rd_edition_2019.pdf#page=27\">https:\/\/empower.eadtu.eu\/images\/report\/The_Envisioning_Report_for_Empowering_Universities_3rd_edition_2019.pdf#page=27<\/a><\/p>\n\n\n\n<p>Bidarra, J., &amp; Lima, E, (2019). Ebooks Interativos e Multim\u00e9dia no Ensino a Dist\u00e2ncia. In Dias, P., Moreira, D. &amp; Mendes, A. (eds.), <strong>Inovar para a Qualidade na Educa\u00e7\u00e3o Digital<\/strong>, (pp. 44-61). Universidade Aberta, cole\u00e7\u00e3o: Educa\u00e7\u00e3o a Dist\u00e2ncia e eLearning. ISBN: 978-972-674-839-7.  Dispon\u00edvel em:<a href=\"https:\/\/portal.uab.pt\/colecao-educacao-a-distancia-e-elearning\/\"> https:\/\/portal.uab.pt\/colecao-educacao-a-distancia-e-elearning\/<\/a><\/p>\n\n\n\n<p>Boto, S. (2019). <strong><em>Arquivo do Romanceiro do Brasil<\/em><\/strong>. <a href=\"https:\/\/arb.romanceiro.pt\/\" target=\"_blank\" rel=\"noreferrer noopener\">https:\/\/arb.romanceiro.pt\/<\/a>.<\/p>\n\n\n\n<p>Boto, S. (2019). <strong><em>Carta a don Ram\u00f3n<\/em><\/strong>. <a href=\"http:\/\/www.fundacionramonmenendezpidal.org\/portfolio\/carta-a-don-ramon-por-sandra-boto\/\" target=\"_blank\" rel=\"noreferrer noopener\">http:\/\/www.fundacionramonmenendezpidal.org\/portfolio\/carta-a-don-ramon-por-sandra-boto\/<\/a>.<\/p>\n\n\n\n<p>Boto, S.; Soares, A. I. &amp; Castro, M. G. (2019). <strong>\u201cMarginalized Narratives \u2013 Editorial\u201d<\/strong>. <em>Citar Jornal<\/em> 11 (1). <a href=\"https:\/\/www.academia.edu\/40433574\/Marginalized_Narratives\" target=\"_blank\" rel=\"noreferrer noopener\">http:\/\/artes.ucp.pt\/citarj\/issue\/view\/18<\/a>.<\/p>\n\n\n\n<p>Boto, S. (2019). <strong>\u201cLa collatio semiautom\u00e1tica al servicio de la edici\u00f3n del Romanceiro de Almeida Garrett\u201d. In PRAGM\u00c1TICA Y METODOLOG\u00cdAS PARA EL ESTUDIO DE LA POES\u00cdA MEDIEVAL<\/strong>, editado por Josep Lluis Martos; Natalia A. Mangas, 115-126. Alacant, Espanha: Universitat d\u2019 Alacant<\/p>\n\n\n\n<p>Boto, S. (2019). <strong>\u201cOs nacionalismos ib\u00e9ricos nos estudos sobre o romanceiro tradicional\u201d. In <em>Perspetivas cr\u00edticas sobre os estudos ib\u00e9ricos<\/em><\/strong>, editado por Cristina Mart\u00ednez Tejero; Santiago P\u00e9rez Isasi. Veneza, It\u00e1lia: Edizioni Ca\u2019 Foscari. <a href=\"http:\/\/dx.doi.org\/10.30687\/978-88-6969-323-6\/006\" target=\"_blank\" rel=\"noreferrer noopener\">http:\/\/dx.doi.org\/10.30687\/978-88-6969-323-6\/006<\/a>.Publicado \u2022 10.30687\/978-88-6969-323-6\/006<\/p>\n\n\n\n<p>Boto, S. (2019).<strong> \u201cDA BIBLIOTECA BARROCA \u00c0 EMERG\u00caNCIA DO SUJEITO: UMA LEITURA DO ROMANCE \u2018PIDIENDO UNA DAMA LA MEMORIA DE LOS LIBROS QUE EL AUTOR TEN\u00cdA EN SU CASA, SE LE ENVI\u00d3 ESTA\u2019, DE D. FRANCISCO MANUEL DE MELO\u201d<\/strong>. In <em>PERSPECTIVAS LUSO-BRASILEIRAS EM ARTES E COMUNICA\u00c7\u00c3O<\/em>, editado por Jorge Carrega; Denize Ara\u00fajo; Ingrid Fechine, 133-143. Brasil: Grupo de Pesquisa \u201cComunica\u00e7\u00e3o, Mem\u00f3ria e Cultura Popular\u201d da Universidade Estadual da Para\u00edba | CIAC \u2013 Centro de Investiga\u00e7\u00e3o em Artes e Comunica\u00e7\u00e3o.<\/p>\n\n\n\n<p>Boto, S. (2019). <strong>\u201cOs nacionalismos ib\u00e9ricos nos estudos sobre o romanceiro tradicional\u201d<\/strong>. In Tejero, Cristina Mart\u00ednez e Isasi, Santiago P\u00e9rez (2019. <a href=\"https:\/\/edizionicafoscari.unive.it\/media\/pdf\/books\/978-88-6969-324-3\/978-88-6969-324-3.pdf\"><em>Perspetivas cr\u00edticas sobre os estudos ib\u00e9ricos<\/em><\/a> (<a href=\"http:\/\/doi.org\/10.30687\/978-\">http:\/\/doi.org\/10.30687\/978-<\/a>). Venezia: Ca\u2019 Foscari. ISBN (ebook): 978-88-6969-323-6.<\/p>\n\n\n\n<p>Branco, Ant\u00f3nio (2019). <strong>O exerc\u00edcio final enquanto lugar de aprendizagem: uma experi\u00eancia teatral que envolveu alunos n\u00e3o atores e p\u00fablico<\/strong>. <em>Repert\u00f3rio<\/em>. 22(33), 120-136. DOI: <a href=\"https:\/\/doi.org\/10.9771\/r.v0i33.32001\" target=\"_blank\" rel=\"noreferrer noopener\">https:\/\/doi.org\/10.9771\/r.v0i33.32001<\/a><\/p>\n\n\n\n<p>Branco, Ant\u00f3nio (2019). <strong>O processo de cria\u00e7\u00e3o de Fando e Lis, de Fernando Arrabal: uma mem\u00f3ria cartogr\u00e1fica<\/strong>. <em>Urdimento<\/em>. 3(36), 357-375. DOI: http:\/<a href=\"http:\/\/dx.doi.org\/10.5965\/1414573103362019357\" target=\"_blank\" rel=\"noreferrer noopener\">dx.doi.org\/10.5965\/1414573103362019357<\/a><\/p>\n\n\n\n<p>Branco, Ant\u00f3nio (2019). <strong>A demanda da investiga\u00e7\u00e3o art\u00edstica: sobre um espet\u00e1culo teatral criado em contexto acad\u00e9mico<\/strong>. <em>European Review of Artistic Studies<\/em>. 10(1), 1-27.<\/p>\n\n\n\n<p>Cabe\u00e7a, S. M., Gon\u00e7alves, A. R., Marques, J. F.,Tavares, M. (2019). \u201cMapping Intangibilities in Creative Tourism Territories through Tangible Objects: a methodological approach for developing creative tourism offers\u201d<strong>. <\/strong>Special Issue <strong><em>Tourism &amp; Management Studies Magazine, <\/em><\/strong>N\u00ba15. <a href=\"http:\/\/www.tmstudies.net\/index.php\/ectms\/article\/view\/1134\">http:\/\/www.tmstudies.net\/index.php\/ectms\/article\/view\/1134<\/a><\/p>\n\n\n\n<p>Canossa, C; Coelho, J.; Paulino, F. (2019). Clash (and dance) Yourself. In <strong>Proceedings of the 9th International Conference on Digital and Interactive Arts (ARTECH 2019)<\/strong>. Association for Computing Machinery, New York, NY, USA, Article 51, 1\u20137. DOI: https:\/\/doi.org\/10.1145\/3359852.3359855<\/p>\n\n\n\n<p>Cardoso, A.; Moura, A.; Padr\u00e3o, J.; Pestana, A. (2019). \u201cStop\u2026 listen\u2026 look and think about!\u201d. <strong>International Journal of Humanities and Social Science<\/strong> (SSRG \u2013 IJHSS) 6(6): 48-54. ISSN: 2394 \u2013 2703; DOI: 10.14445\/23942703\/IJHSS-V6I6P107. <a href=\"http:\/\/www.internationaljournalssrg.org\/IJHSS\/2019\/Volume6-Issue6\/IJHSS-V6I6P107.pdf\">http:\/\/www.internationaljournalssrg.org\/IJHSS\/2019\/Volume6-Issue6\/IJHSS-V6I6P107.pdf<\/a><\/p>\n\n\n\n<p>Carrega, J. (2019). <strong>\u201cG\u00e9neros Populares e Cinema Transnacional na Europa Mediterr\u00e2nea: o caso do Western Mediterr\u00e2neo\u201d<\/strong>. In  T<em>ropos: Comunica\u00e7\u00e3o, Sociedade e Cultura. Dossier Novas perspectivas sobre o cinema da Europa Mediterr\u00e2nea. <\/em>volume 8, n. 1. Universidade Federal do Acre. Dispon\u00edvel em: <a href=\"https:\/\/periodicos.ufac.br\/index.php\/tropos\/article\/view\/2605\">https:\/\/periodicos.ufac.br\/index.php\/tropos\/article\/view\/2605<\/a><\/p>\n\n\n\n<p>Carrega, J., Palma, P. e Messina, M. (2019). (org.). <strong><em>Tropos: Comunica\u00e7\u00e3o, Sociedade e Cultura.<\/em><\/strong><em> Dossier Novas perspectivas sobre o cinema da Europa Mediterr\u00e2nea. <\/em>volume 8, n. 1. Universidade Federal do Acre. Dispon\u00edvel em: <a href=\"https:\/\/periodicos.ufac.br\/index.php\/tropos\/issue\/view\/130\/showToc?fbclid=IwAR20ZNXnil3hgLVMj_M3KHbjrWnbM7aBLPHRchSMnqQMd_N5-vHaklqqZdY\">https:\/\/periodicos.ufac.br\/index.php\/tropos\/issue\/view\/130\/showToc?fbclid=IwAR20ZNXnil3hgLVMj_M3KHbjrWnbM7aBLPHRchSMnqQMd_N5-vHaklqqZdY<\/a><\/p>\n\n\n\n<p>Carrega, J. M., &amp; Tavares, M. N. (2019). 1927-1935: Cineastas Europeus nas origens do Maneirismo de Hollywood. <strong>Perspectivas Luso-Brasileiras Em Artes e Comunica\u00e7\u00e3o Vol. 2<\/strong>.<\/p>\n\n\n\n<p>Carvalho, A., A. (2019). \u201c1867\/8: A Odisseia Submarina de Jules Verne\u201d, in Denize Araujo, Jorge Carrega e Ingrid Fechine (org.), <strong>Perspectivas Luso-Brasileiras em Artes e Comunica\u00e7\u00e3o, Vol. 2: Cinema e outras Artes<\/strong><em>,<\/em> parceria entre o CIAC \u2013 Centro de Investiga\u00e7\u00e3o em Artes e Comunica\u00e7\u00e3o da Universidade do Algarve (Portugal), o Grupo de Pesquisa \u201cComunica\u00e7\u00e3o, Mem\u00f3ria e Cultura Popular\u201d da UEPB-Universidade Estadual da Para\u00edba (Brasil) e a colabora\u00e7\u00e3o do CIC \u2013 Grupo de Pesquisa \u201cComunica\u00e7\u00e3o, Imagem e Contemporaneidade\u201d da UTP \u2013 Universidade Tuiuti do Paran\u00e1, pp. 170-184. ISBN: 978-989-8859-68-6. <a href=\"https:\/\/sapientia.ualg.pt\/handle\/10400.1\/12816\">https:\/\/sapientia.ualg.pt\/handle\/10400.1\/12816<\/a><\/p>\n\n\n\n<p>Carvalho, A. (2019) \u201cHighlighting process \u2013 documents and presence in audiovisual performance\u201d. In <strong>Significa\u00e7\u00e3o Revista de Cultura Audiovisual<\/strong>. V. 46 N. 52 (2019): DOSSI\u00ca: HIST\u00d3RIA E AUDIOVISUAL<\/p>\n\n\n\n<p>Carvalho, A. (2019). Symbiotic fictional experiments in the visual arts. In <strong>Technoetic Arts<\/strong>, Volume 17, Numbers 1-2, June 2019, pp. 111-118(8). Intellect.<\/p>\n\n\n\n<p>Carvalho E.S., Fernandes-Marcos A. (2019) \u201cVirtual Tutor: A Case of Study in University Aberta\u201d, In Tatiana Antipova; \u00c1lvaro Rocha (Eds.), Book <strong>Advances in Intelligent Systems and Computing (Digital Science)<\/strong>, Volume 850; DSIC18 2018 \u2013 The 2018 International Conference on Digital Science, 19-21 October 2018, Budva, Montenegro. Chapter, pp. 465-471, Springer, Cham. Springer Book, 2018; <a href=\"https:\/\/doi.org\/10.1007\/978-3-030-02351-5_53\">https:\/\/doi.org\/10.1007\/978-3-030-02351-5_53<\/a>. <a href=\"http:\/\/hdl.handle.net\/10400.2\/7620\">http:\/\/hdl.handle.net\/10400.2\/7620<\/a><\/p>\n\n\n\n<p>Chinita, F. and Liviu Lutas (eds). (2019). \u201cCrossing Narrative Boundaries between Cinema and other Arts and Media\u201d<em> \u2013 <\/em><strong>Ekphrasis<\/strong>, Vol. 22, No. 2. <a href=\"http:\/\/ekphrasisjournal.ro\/index.php?p=abt.\">http:\/\/ekphrasisjournal.ro\/index.php?p=abt.<\/a><\/p>\n\n\n\n<p>Chinita, F. (2019). Book review: \u201cJan \u0160vankmajer, by Keith Leslie Johnson\u201d. <strong>Studies in European Cinema<\/strong>, Vol. 16, 2019. Taylor &amp; Francis. DOI: <a href=\"https:\/\/doi.org\/10.1080\/17411548.2019.1580019\">https:\/\/doi.org\/10.1080\/17411548.2019.1580019<\/a><\/p>\n\n\n\n<p>Chinita, F. (2019). \u201cSergei Eisenstein as Seen by Peter Greenaway: A Dialectic Representation of an (Anti) Great Film Director\u201d. <strong>Life Writing<\/strong>, special issue: \u201cLife-Writing and Celebrity\u201d, Vol. 16, Issue 2 (2019), pp. 177-193. Julia Latja-Novak and Sandra Mayer, guest editors. Taylor and Francis Group. <a href=\"https:\/\/doi.org\/10.1080\/14484528.2019.1548251\">https:\/\/doi.org\/10.1080\/14484528.2019.1548251<\/a><\/p>\n\n\n\n<p>Chinita, F. (2019). \u201cBook Review of Nora Alter\u2019s The Essay Film After Fact and Fiction (New York: Columbia University Pres, 2018)\u201d. <strong>Visual Studies<\/strong>. <a href=\"https:\/\/doi.org\/10.1080\/1472586X.2019.1655291\">https:\/\/doi.org\/10.1080\/1472586X.2019.1655291<\/a><\/p>\n\n\n\n<p>Chinita, F. (2019). \u201cPeter Greenaway\u2019s Tulse Luper Suitcases project (2003-2004): Transmedia Storytelling as Self-reference Multimediality\u201d. <strong>Transmediations! Communication Across Media Borders. A Collection of Essays<\/strong>. Niklas Salmose and Lars Ellestr\u00f6m, eds. London: Routledge, pp. 31-51.<\/p>\n\n\n\n<p>Chinita, F. (2019). \u201cPinpointing the \u2018Cinematic\u2019 in the 21st Century: Dreamlands \/ On Desire\u201d. Book review of <strong>Dreamlands: Immersive Cinema and Art<em>,<\/em><\/strong><strong>1905-2016<\/strong> (New York: Whitney Museum of American Art, 2016) and <strong>On Desire<\/strong> (Bielefeld: Transcript Verlag, 2017). NECSUS.<\/p>\n\n\n\n<p>Chinita, F. (2019). \u201cTapping into the Senses: Corporeality and Immanence in The Piano Tuner of EarthQuakes (Quay Brothers, 2005)\u201d, <strong>Empaedocles, European Journal for the Philosophy of Communication<\/strong>, Vol. 9, Issue.<\/p>\n\n\n\n<p>Coutts, G. &amp; de E\u00e7a. T. T. (2019). <strong>Learning Through the Arts<\/strong>. Insea E-Publications. ISBN : 978-989-20-7673-7   DOI: <a href=\"https:\/\/doi.org\/10.24981\/978-LTA2018\">10.24981\/978-LTA2018<\/a><\/p>\n\n\n\n<p>Cruz, T., Paulino, F. F., &amp; Tavares, M. (2019). \u201cCulturalNature Arga #2\u201d.Management Association, I. (2019). <strong>Geospatial Intelligence: Concepts, Methodologies, Tools, and Applications<\/strong> (3 Volumes). IGI Global. DOI: 10.4018\/978-1-5225-8054-6<\/p>\n\n\n\n<p>Dias, J. R., Penha, R., Morgado, L., Alves da Veiga, P., Carvalho, E. S., &amp; Fernandes-Marcos, A. (2019). \u201cTele-Media-Art: Feasibility Tests of Web-Based Dance Education for the Blind Using Kinect and Sound Synthesis of Motion\u201d.<strong>International Journal of Technology and Human Interaction (IJTHI)<\/strong><em>, <\/em>15(2), pp. 11-28. ISSN: 548-3908; <a href=\"https:\/\/doi.org\/10.4018\/IJTHI.2019040102\">https:\/\/doi.org\/10.4018\/IJTHI.2019040102<\/a>; <a href=\"http:\/\/hdl.handle.net\/10400.2\/7905\">http:\/\/hdl.handle.net\/10400.2\/7905<\/a><\/p>\n\n\n\n<p>Dourado, P. (2019). Experimenta\u00e7\u00f5es do roteiro no cinema brasileiro contempor\u00e2neo. In Carrega, J.; Fechine, I.; Araujo, D. (Orgs.). Perspectivas luso-brasileiras em artes e comunica\u00e7\u00e3o \u2013 vol. 2. CIAC, Universidade do Algarve, Faro. <a href=\"https:\/\/sapientia.ualg.pt\/handle\/10400.1\/13420\">https:\/\/sapientia.ualg.pt\/handle\/10400.1\/13420<\/a><\/p>\n\n\n\n<p>Dourado, P. (2019). O plano de voo e o voo: roteiro e experimenta\u00e7\u00e3o. In DAVINO, G. (Org.) Confabula\u00e7\u00f5es imaginarias. Mackenzie, S\u00e3o Paulo. <a href=\"https:\/\/www.academia.edu\/39189015\/CONFABULA%C3%87%C3%95ES_IMAGIN%C3%81RIAS_-_Book?source=swp_share\">https:\/\/www.academia.edu\/39189015\/CONFABULA%C3%87%C3%95ES_IMAGIN%C3%81RIAS_-_Book?source=swp_share<\/a><\/p>\n\n\n\n<p>Dourado, P.; Martinelli, P.; Miranda, W. (2019). A cr\u00edtica de processos na perspectiva da continuidade da cria\u00e7\u00e3o no espectador. In <em>Revista Farol<\/em>, Universidade Federal do Esp\u00edrito Santo \u2013 UFES, Vit\u00f3ria. <a href=\"https:\/\/doi.org\/10.47456\/rf.v1i20.23441\">https:\/\/doi.org\/10.47456\/rf.v1i20.23441<\/a><\/p>\n\n\n\n<p>E\u00e7a, Teresa Torres de &amp; Saldanha, A. (2019). <strong>Some Iberian Perspectives about Arts-Based and Artistic Research in Arts Education<\/strong>. In: <a href=\"https:\/\/www.brownsbfs.co.uk\/Search?Author=Irwin%2C%20Rita&amp;fq=14120\" target=\"_blank\" rel=\"noreferrer noopener\">Irwin, Rita<\/a> &amp; <a href=\"https:\/\/www.brownsbfs.co.uk\/Search?Author=Sinner%2C%20Anita&amp;fq=14120\" target=\"_blank\" rel=\"noreferrer noopener\">Sinner, Anita<\/a>(Orgs) Provoking the Field: International Perspectives on Visual Arts PhDs in Education.London: Intellect. p203-213.ISBN: 1783209917 \/ 9781783209910<\/p>\n\n\n\n<p>E\u00e7a, T. &amp; Raquel Balsa, <strong>Participatory Arts Projects: A Third Space for Companionship<\/strong> . 2019, No. 2 | December 2019 pp 113-124. Andrago\u0161ke studije, issn 0354\u20135415, broj 11, decembar 2019, str. 113\u2013125 \u00a9 Institut za pedagogiju i andragogiju; Pregledni rad UDK 374.7:37.036-056.7(469) doi:10.5937\/AndStud1902113E. <a href=\"https:\/\/scindeks.ceon.rs\/Article.aspx?artid=0354-54151902113E\">https:\/\/scindeks.ceon.rs\/Article.aspx?artid=0354-54151902113E<\/a><\/p>\n\n\n\n<p>Fernandes, L., Morgado, L., Paredes, H., Coelho, A. &amp; Richter, J. (2019). \u201cImmersive Learning Experiences for Understanding Complex Systems\u201d. In <strong>iLRN 2019 London \u2013 Workshop, Long and Short Paper, Poster, Demos, and SSRiP Proceedings from the Fifth Immersive Learning Research Network Conference: Immersive Learning Research Network 2019<\/strong>, London, Reino Unido, 107-113. Graz, \u00c1ustria: Verlag der Technischen Universit\u00e4t Graz.<\/p>\n\n\n\n<p>Fernandes-Marcos, A. (2019) \u201cThe computer artefact: the central element in the practice-based research and creative cycle approach in the digital media art\u201d,<strong> Invited Talk at DSIE 2019 \u2013 Doctoral Symposium in Informatics Engineering<\/strong>, FEUP, 6 March 2019, Porto, Portugal. <a href=\"http:\/\/hdl.handle.net\/10400.2\/8239\">http:\/\/hdl.handle.net\/10400.2\/8239<\/a><\/p>\n\n\n\n<p>Fernandes-Marcos A., Carvalho E.S., Martinho C., Cl\u00e1udio A.P., Carmo M.B., Rocio V. (2019). \u201cOs Avatares Maria e Jo\u00e3o: Tutores Virtuais na Plataforma E-learning da Universidade Aberta\u201d, In Paulo Dias, Darlinda Moreira, Ant\u00f3nio Quintas-Mendes (Coord.) <strong>Inovar para a qualidade na educa\u00e7\u00e3o digital <\/strong>(pp-22-42). Cole\u00e7\u00e3o: Educa\u00e7\u00e3o a Dist\u00e2ncia e eLearning, n.\u00ba 6. [Em linha]. Lisboa: Universidade Aberta, 2019. ISBN 978-972-674-839-7. <a href=\"http:\/\/hdl.handle.net\/10400.2\/8238\">http:\/\/hdl.handle.net\/10400.2\/8238<\/a><\/p>\n\n\n\n<p>Gaspar, R. (2019) \u2018On the role of friendship in artistic collaboration: personal notes on the future of work\u2019.<strong> Owela \u2013 The Future of Work<\/strong>, 2019\/05: 26-27. <a href=\"https:\/\/issuu.com\/owela\/docs\/owela_publication\">https:\/\/issuu.com\/owela\/docs\/owela_publication<\/a>.<\/p>\n\n\n\n<p>Gaspar, R. &amp; K\u00fcnkel, F\u00f6r. (2019) \u2018Fragments of our correspondence: migrating sediments\u2019. <strong>Owela \u2013 The Future of Work<\/strong>, 2019\/05: 27-27. <a href=\"https:\/\/issuu.com\/owela\/docs\/owela_publication\">https:\/\/issuu.com\/owela\/docs\/owela_publication<\/a>.<\/p>\n\n\n\n<p>Guerra Santos, I; Rodriguez-S\u00e1nchez &amp; Juan, A. (2019). <strong>\u201cCuerpos deslegitimados, s\u00edndromes ignorados: de la poliomielitis al s\u00edndrome post-polio en Espa\u00f1a\u201d<\/strong>. <em>Clio &amp; Crimen<\/em>.<\/p>\n\n\n\n<p>Guerra Santos, I.; Rodriguez-S\u00e1nchez, Juan, A. (2019). <strong>\u201cEl Ref\u00fagio da Paralisia Infantil: cuando al estigma f\u00edsico se a\u00f1ade el estigma social\u201d<\/strong>. <em>Clio &amp; Crimen<\/em>.<\/p>\n\n\n\n<p>Guerra Santos, I.; Rodriguez-S\u00e1nchez, Juan A. (2019). \u201cLa \u201crara\u201d secuela de una epidemia: el caso del s\u00edndrome post-polio\u201d. In Romay Coca, J. (coord.),<strong> Enfermedades raras: contribuciones a la investigaci\u00f3n social y biom\u00e9dica<\/strong>, pp. 131-177, Madrid: CEASGA.<\/p>\n\n\n\n<p>Gra\u00e7a, M. E. (2019). Abi Feij\u00f3 y Regina Pessoa en la Animaci\u00f3n Portuguesa. In Vidal M, Herraiz B, (eds). <strong>Trazos de luz<\/strong>. Departamento de Dibujo, Universidad Polit\u00e9cnica de Valencia, Espanha. ISBN 978-84-947687-1-2<\/p>\n\n\n\n<p>Gra\u00e7a, M. E., Correia, G.  &amp; Coelho, A. C. (2019). Equil\u00edbrios e desequil\u00edbrios no Montado. Filme em anima\u00e7\u00e3o sobre o decl\u00ednio do sobreiro em Portugal. In Schimiguel J, De C\u00e1ssia Frenedozo R, Coelho AC (org.). <strong>Ensino-aprendizagem de ci\u00eancias e suas tecnologias<\/strong>. Brasil: Edi\u00e7\u00f5es Brasil \/ Editora Fibra, Brasil. ISBN: 978-85-65364-96-6<\/p>\n\n\n\n<p>Jorge, A., Pacheco, R. (2019). <strong>\u201cFamily mediating practices and ideologies: Spanish and Portuguese parents of children under 3 and digital media in homes\u201d. In <em>Young Children\u2019s Rights in a Digital World: Play, Design and Practice<\/em><\/strong>. Perth, Austr\u00e1lia: Springer \u2013 Children\u2019s Well-being: Research and Indicators series. <a href=\"https:\/\/www.springer.com\/series\/8162\" target=\"_blank\" rel=\"noreferrer noopener\">https:\/\/www.springer.com\/series\/8162<\/a>.<\/p>\n\n\n\n<p>Lacet, D., Penicheiro, F., Morgado, L., Coelho, A. (2019). \u201cPreserving story choreographies across multiple platforms: An approach to platform-independent reuse of characters\u2019 behaviors for games, simulations, animations and interactive videos\u201d. In <strong>Proceedings of the 9th International Conference on Digital and Interactive Arts: ARTECH 2019: 9th International Conference on Digital and Interactive Arts<\/strong>, Braga, Portugal, trabalho apresentado em Arantes, Priscila; S\u00e1, V\u00edtor J.; Veiga, Pedro Alves; Fernandes-Marcos, Ad\u00e9rito, 1-4. New York, Estados Unidos: ACM.<\/p>\n\n\n\n<p>Lameira, F. e Reis, C. (2019). <strong>Ret\u00e1bulos na Prov\u00edncia do Norte: Ba\u00e7aim, Dam\u00e3o e Diu.<\/strong> Cole\u00e7\u00e3o Promontoria Monogr\u00e1fica Hist\u00f3ria da Arte. Editor Faculdade de Ci\u00eancias Humanas e Sociais\/Departamento de Artes e Humanidades. Greca Editores. ISBN: 978-989-8859-63-1.<\/p>\n\n\n\n<p>Lameiras, T. (2019). <strong><a href=\"https:\/\/www.amazon.com\/dp\/1723388408\/\" target=\"_blank\" rel=\"noreferrer noopener\">Hypatia: Empress of Alexandria<\/a><\/strong>. Charleston, Carolina do Sul, EUA: CreateSpace Independent Publishing Platform.<\/p>\n\n\n\n<p>Manhi\u00e7a, D. &amp; Bidarra, J. (2019).  Exploring the use of Facebook in the classroom: The case of a workshop on the history of Cinema in Mozambique. Comunica\u00e7\u00e3o publicada nas atas da confer\u00eancia OOFHEC 2019 \u2013 the <strong>Online, Open and Flexible Higher Education Conference<\/strong>, EADTU, Universidad Nacional de Educaci\u00f3n a Distancia, Madrid, 16-18 de outubro.<\/p>\n\n\n\n<p>Marques, A.C &amp; Veiga, P.A. (2019). <strong>Digital Artivism and Collaborative Artistic Practices \u2013 Introduction in the School Environment as a Citizenship Development Tool<\/strong>. In Proceedings of Artech 2019, 9th International Conference on Digital and Interactive Arts, Braga, Portugal. DOI: 10.1145\/3359852.3359863<\/p>\n\n\n\n<p>Martins, A. F., Novoa Fern\u00e1ndez, O., Aguaded, I., &amp; Tavares, M. (2019) It\u2019s online, it \u0301s news: appropriation of viral narratives by the digital press. <strong>Citar. Journal of Science and Technology of the Arts<\/strong><em>, 11<\/em>(1). <a href=\"https:\/\/doi.org\/10.7559\/citarj.v11i1.597\">https:\/\/doi.org\/10.7559\/citarj.v11i1.597<\/a><\/p>\n\n\n\n<p>Mendes da Silva, B., Tavares, M. N., Reia-Batista, V., &amp; Ant\u00f3nio, R. (2019). <strong>The Forking Paths Revisited experimenting on Interactive Film. In A. Ursyn (Ed.),<em>Interface Support for Creativity, Productivity, and Expression in Computer Graphics<\/em><\/strong><em> <\/em>(pp. 150-166). Hershey, PA: IGI Global. <a href=\"https:\/\/books.google.pt\/books?id=gFJuDwAAQBAJ&amp;pg=PA150&amp;lpg=PA150&amp;dq=doi:10.4018\/978-1-5225-7371-5.ch007&amp;source=bl&amp;ots=RkikgJT8Cz&amp;sig=ACfU3U2mTIKXbN5X6sdKFamloJCDCh9njA&amp;hl=pt-PT&amp;sa=X&amp;ved=2ahUKEwjZ-IGlv7PgAhUsxYUKHf98DI0Q6AEwAHoECAEQAQ#v=onepage&amp;q=doi%3A10.4018%2F978-1-5225-7371-5.ch007&amp;f=false\">doi:10.4018\/978-1-5225-7371-5.ch007<\/a>.<\/p>\n\n\n\n<p>Mirna J., Pacheco, R. (2019). <strong>\u201cMaking Films in a Brazilian Slum with Children: a Participant Observation Research\u201d<\/strong>. <em>Journal of Science and Technology of the Arts<\/em>. <a href=\"https:\/\/doi.org\/10.7559\/citarj.v11i1.591\" target=\"_blank\" rel=\"noreferrer noopener\">https:\/\/doi.org\/10.7559\/citarj.v11i1.591<\/a>.<\/p>\n\n\n\n<p>Mor\u00e3o, A. (2019). \u201cA Literatural Oral Tradicional\u201d, em <strong>Tradi\u00e7\u00e3o Oral do Concelho de Const\u00e2ncia<\/strong>, C\u00e2mara Municipal de Const\u00e2ncia, 2019.<\/p>\n\n\n\n<p>Morgado, Leonel. (2019). \u201cAbordagens para ensino da integra\u00e7\u00e3o dos jogos (especialmente os s\u00e9rios) em sistemas de informa\u00e7\u00e3o\u201d. In<strong> <em>Atas do 1\u00ba SEVj \u2013 Semin\u00e1rio sobre Ensino de Videojogos<\/em>: <em>\u00ba SEVj \u2013 Semin\u00e1rio sobre Ensino de Videojogos<\/em><\/strong>, Coimbra, Portugal, 157-160. Coimbra, Portugal: Sociedade Portuguesa de Ci\u00eancias dos Videojogos.<\/p>\n\n\n\n<p>Mucheroni, M., Carvalho, E., &amp; Marcos, A. (2019). \u201cEnsinar programa\u00e7\u00e3o em ambientes e-learning: preocupa\u00e7\u00f5es e propostas no \u00e2mbito do modelo pedag\u00f3gico virtual da Universidade Aberta de Portugal\u201d.  <strong>Revista Espa\u00e7o Pedag\u00f3gico<\/strong>, <em>26<\/em>(2), 352 \u2013 369. <a href=\"https:\/\/doi.org\/10.5335\/rep.v26i2.8703\">https:\/\/doi.org\/10.5335\/rep.v26i2.8703<\/a>; <a href=\"http:\/\/hdl.handle.net\/10400.2\/8240\">http:\/\/hdl.handle.net\/10400.2\/8240<\/a><\/p>\n\n\n\n<p>Mucheroni, Marcos; Manzolli, Jonatas, (2019). \u201cModalities est Agnus Dei\u201d, <em>Monografia<\/em>, Fernandes-Marcos, Ad\u00e9rito (Editor). Edi\u00e7\u00f5es Artech-International: Cadaval, 2019. 44 p. ISBN 978-989-54280-3-8. <a href=\"http:\/\/hdl.handle.net\/10400.2\/8397\">http:\/\/hdl.handle.net\/10400.2\/8397<\/a><\/p>\n\n\n\n<p>Nogueira, A. e Marques, J. J. Dias (2019). <strong>\u00abO \u201cNaufr\u00e1gio do vapor <em>Santarense<\/em>\u201d: um relato oitocentista\u00bb<\/strong>. In Leal, L. e Fern\u00e1ndez, M. (ed.). <em>Limite: Revista de Estudios Portugueses y de la Lusofon\u00eda<\/em>. n\u00ba 13.1, 2019, pp. 187-202. ISSN: 1888-4067. <a href=\"http:\/\/hdl.handle.net\/10400.1\/14014\" target=\"_blank\" rel=\"noreferrer noopener\">http:\/\/hdl.handle.net\/10400.1\/14014<\/a><\/p>\n\n\n\n<p>Nogueira, A. <strong>(<\/strong>2019). <strong>\u00abEsparta, o <em>logos<\/em> enganador\u00bb<\/strong>.  in F. V. Cerqueira and M. A. de Oliveira Silva (eds.), <em>Estudos sobre Esparta<\/em>. Pelotas: Editora UFPel (RS-Brasil), pp. 104-115.  ISBN : 978-85-517-0050-1; <a href=\"http:\/\/hdl.handle.net\/10400.1\/12864\" target=\"_blank\" rel=\"noreferrer noopener\">http:\/\/hdl.handle.net\/10400.1\/12864<\/a><\/p>\n\n\n\n<p>Nogueira, A. (2019) <strong>\u00abA Antiguidade greco-latina na comunica\u00e7\u00e3o e na arte contempor\u00e2neas \u2013 O exemplo das \u201cTr\u00eas Gra\u00e7as\u201d\u00bb<\/strong>. In Ara\u00fajo, D., Carrega, J. e Fechine, I. (Org.). Perspectivas luso-brasileiras em Artes e Comunica\u00e7\u00e3o \u2013 Vol.2. Edi\u00e7\u00e3o do Grupo de Pesquisa \u201cComunica\u00e7\u00e3o, Mem\u00f3ria e Cultura Popular\u201d da UEPB (Brasil)\/ CIAC \u2013 Universidade do Algarve (Portugal)\/CIC DA Grupo de Pesquisa \u201cComunica\u00e7\u00e3o, Imagem e Contemporaneidade\u201d da UTP (Brasil). ISBN: 978-989-8859-68-6, pp. 254-270. <a href=\"http:\/\/hdl.handle.net\/10400.1\/12865\">http:\/\/hdl.handle.net\/10400.1\/12865<\/a><\/p>\n\n\n\n<p>Oliveira, J. C. A. &amp; Esteves, A. C. (2019). \u201cNa arte precisa de dom. Tudo precisa de dom\u201d: a m\u00fasica e a dan\u00e7a como lugares de mem\u00f3ria. In:<strong> Mostra de Cinemas Africanos<\/strong>, 2019, S\u00e3o Paulo. Mostra de Cinemas Africanos. S\u00e3o Paulo: CINESESC S\u00e3o Paulo, 2019. p. 30-33. <a href=\"https:\/\/issuu.com\/cinesescsp\/docs\/cata_logo_mostra_de_cinemas_africanos_cinesesc_onl\">https:\/\/issuu.com\/cinesescsp\/docs\/cata_logo_mostra_de_cinemas_africanos_cinesesc_onl<\/a><\/p>\n\n\n\n<p>Pacheco, Raquel. (2019). <strong>Cadernos de Pesquisa: Pensamento  Educacional<\/strong> v. 14 n. 36 <em>M\u00eddias, Comunica\u00e7\u00e3o e Educa\u00e7\u00e3o: Interfaces<\/em><\/p>\n\n\n\n<p>Pacheco, R.,  Soares, A., Moura, A. e Almeida, C. (2019). \u201c<strong>DocNomads, Ao-Norte y ESE: un proyecto de alfabetizaci\u00f3n cinematogr\u00e1fica implementado en Viana do Castelo<\/strong>\u201d In<em> ICONO14<\/em>, n\u00ba 17, Volume 2 \u2013 2019. Link do artigo: <a href=\"https:\/\/icono14.net\/ojs\/index.php\/icono14\/article\/view\/1354\">https:\/\/icono14.net\/ojs\/index.php\/icono14\/article\/view\/1354<\/a><\/p>\n\n\n\n<p>Pacheco, Raquel. (2019).<strong>\u201cPedagogias do Cinema: Hist\u00f3ria e Abordagens Educativas\u201d<\/strong>. ISSN 2175-2613 link do artigo  <a href=\"https:\/\/revistas.utp.br\/index.php\/a\/article\/view\/2087\/1789\" target=\"_blank\" rel=\"noreferrer noopener\">https:\/\/revistas.utp.br\/index.php\/a\/article\/view\/2087\/1789&lt;\/a<\/a><\/p>\n\n\n\n<p>Pacheco, R.; Gillen, J. ; Matsumoto, M.; Aliagas, C. (2019) . <strong><em>A Day in the Digital Lives of Children Aged 0-3. Full report. DigiLitEY ISCH COST Action 1410 Working Group 1: Digital Literacy in Homes and Communities<\/em><\/strong>. <a href=\"https:\/\/web.archive.org\/web\/20201230153947\/http:\/\/digilitey.eu\/wp-content\/uploads\/2019\/03\/0-to-3s-FINAL-Report-v3.pdf\">http:\/\/digilitey.eu\/wp-content\/uploads\/2019\/03\/0-to-3s-FINAL-Report-v3.pdf<\/a>.<\/p>\n\n\n\n<p>Padr\u00e3o, J. &amp; Moura, A. (2019). \u201cTrajet\u00f3rias Po\u00e9ticas \u00e0 volta de Sophia\u201d: 45, <strong>Livro de Resumos do CRIA 2019<\/strong>, VI Encontro Ensinar e Aprender com Criatividade dos 3 aos 12 anos \u2013 1st International Conference on Teaching and Learning with Creativity from 3 to 12 years old, ISBN: 978-989-8756-23-7. <a href=\"https:\/\/repositorium.sdum.uminho.pt\/bitstream\/1822\/60835\/3\/LIVRO%20FE%20RESUMOS.pdf\">https:\/\/repositorium.sdum.uminho.pt\/bitstream\/1822\/60835\/3\/LIVRO%20FE%20RESUMOS.pdf<\/a><\/p>\n\n\n\n<p>Pais, Carlos. (2019). <strong>Em Portugu\u00eas: Cr\u00f3nicas sobre tradu\u00e7\u00e3o<\/strong>. Lisboa: Edi\u00e7\u00f5es Colibri.<\/p>\n\n\n\n<p>Paquete H., Bastos P.B, Fernandes-Marcos A. (2019). \u201cAo som dos fluxos da informa\u00e7\u00e3o: processos de sonifica\u00e7\u00e3o nas artes sonoras\u201d, In <strong>Livro de Atas de AVANCA | CINEMA 2019, Confer\u00eancia Internacional de Cinema \u2013 Arte, Tecnologia, Comunica\u00e7\u00e3o<\/strong>, (A.C. Valente, Ed.) Avanca, Portugal, 22-26 de julho de 2019, Cap\u00edtulo I \u2013 Cinema | Arte, (pp. 1-10), ISSN: 2184-0520. <a href=\"http:\/\/hdl.handle.net\/10400.2\/9270\">http:\/\/hdl.handle.net\/10400.2\/9270<\/a><\/p>\n\n\n\n<p>Paquete H., Bastos P.B, Fernandes-Marcos A., Zlaket Ch., Stingley D. (2019). \u201cZoonose \u2013 leptospirose e os ritmos espirais como infe\u00e7\u00e3o sonora e musical\u201d, In <strong>Livro de Atas de Encontro Internacional \u201c#18.ART: DA ADMIR\u00c1VEL ORDEM DAS COISAS: arte, emo\u00e7\u00e3o e tecnologia<\/strong>, Faculdade de Belas-Artes, Lisboa, 17-19 Outubro 2019, Portugal. <a href=\"http:\/\/hdl.handle.net\/10400.2\/9269\">http:\/\/hdl.handle.net\/10400.2\/9269<\/a><\/p>\n\n\n\n<p>Paquete H., Bastos P.B, Fernandes-Marcos A. (2019). \u201cDromologia dos corpos orbitais: Projeto de desenvolvimento de hardware e estrat\u00e9gias de composi\u00e7\u00e3o sonora\u201d, In <strong>Livro de Atas de Encontro Internacional \u201c#18.ART: DA ADMIR\u00c1VEL ORDEM DAS COISAS: arte, emo\u00e7\u00e3o e tecnologia<\/strong>, Faculdade de Belas-Artes, Lisboa, 17-19 Outubro 2019, Portugal. <a href=\"http:\/\/hdl.handle.net\/10400.2\/9267\">http:\/\/hdl.handle.net\/10400.2\/9267<\/a><\/p>\n\n\n\n<p>Pedrosa, D. Cruz, G., Morgado, L., Barreiros, J. P., Rocha, R. J. B. &amp; Almeida, J. G. (2019). \u201cMultimodal Narratives as a Tool for In-Service Teachers in an Online Professional Development Course\u201d. In <strong>Advances in Educational Technologies and Instructional Design<\/strong>, editado por Lopes, J. Bernardino; Viegas, Maria Clara; Pinto, Jos\u00e9 Alexandre; Bernardino Lopes, J., 191-210. Hershey, Pennsylvania, Estados Unidos: IGI Global. <a href=\"http:\/\/dx.doi.org\/10.4018\/978-1-5225-8570-1.ch009\">http:\/\/dx.doi.org\/10.4018\/978-1-5225-8570-1.ch009<\/a><\/p>\n\n\n\n<p>Pedrosa, D., Morgado, L. &amp; Cravino, J. P. (2019). \u201cAbordagem e-SimProgramming: primeiras altera\u00e7\u00f5es para implementa\u00e7\u00e3o em contexto on-line e reflex\u00f5es\u201d. Trabalho apresentado em <em>CNaPPES.19 \u2013 <\/em><strong>6.\u00ba Congresso Nacional de Pr\u00e1ticas Pedag\u00f3gicas no Ensino Superior<\/strong>, Santar\u00e9m, Portugal, 50-50.<\/p>\n\n\n\n<p>Pereira, Jos\u00e9 Paulo Cruz. (2019).<strong> \u00abMia Couto: mem\u00f3ria e \u2018tradu\u00e7\u00e3o cultural\u2019 em <em>O \u00daltimo Voo do Flamingo\u00bb<\/em><\/strong><em>, <\/em>n. 2 (2019): e-Letras com Vida. Revista de Humanidades e Artes,acess\u00edvel aqui<strong>:<\/strong> <a href=\"http:\/\/www.e-lcv.online\/index.php\/revista\/article\/view\/71\/31\" target=\"_blank\" rel=\"noreferrer noopener\">http:\/\/www.e-lcv.online\/index.php\/revista\/article\/view\/71\/31<\/a><\/p>\n\n\n\n<p>Pereira, Jos\u00e9 Paulo Cruz. (2019). <strong>\u00abMia Couto: Vinte e Zinco \u2013 ou \u2018o Gozo da Hist\u00f3ria\u2019<em>\u00bb<\/em><\/strong><em>, <\/em>no vol. 14, n\u00ba 21 (2019) da Revista Conex\u00e3o \u2013 Letras, dedicado ao tema: O sujeito e a escritura: literatura, mem\u00f3ria e imagin\u00e1rio nas literaturas em l\u00edngua portuguesa, dispon\u00edvel aqui<strong>: <\/strong> <a href=\"https:\/\/seer.ufrgs.br\/conexaoletras\/article\/view\/94337\/53229\" target=\"_blank\" rel=\"noreferrer noopener\">https:\/\/seer.ufrgs.br\/conexaoletras\/article\/view\/94337\/53229<\/a><\/p>\n\n\n\n<p>Pinheiro, J.; Tavares, M. (2019). \u201cMeta-remediation as a Mechanism to address Crowd Decision-Making in the contex of Media Art\u201d in <strong>International Journal of Creative Interfaces and Computer Graphics<\/strong>, vol. 10, 2019. <a href=\"http:\/\/dx.doi.org\/10.4018\/ijcicg.2019010104\">http:\/\/dx.doi.org\/10.4018\/ijcicg.2019010104<\/a><\/p>\n\n\n\n<p>Pinto, J. P., Cardoso, T., Soares. A. (2019). \u201cEduca\u00e7\u00e3o, Cinema e Redes Sociais: um olhar a partir do Plano Nacional de Cinema\u201d. <strong>Translocal \u2013 Culturas contempor\u00e2neas locais e urbanas<\/strong>. N\u00ba 4 (janeiro\/junho 2019). Funchal. <a href=\"http:\/\/translocal.cm-funchal.pt\/wp-content\/uploads\/2019\/01\/EducacaoCinemaERedes-Sociais_PNC.pdf\">http:\/\/translocal.cm-funchal.pt\/wp-content\/uploads\/2019\/01\/EducacaoCinemaERedes-Sociais_PNC.pdf<\/a><\/p>\n\n\n\n<p>Pinto, J., Cardoso, T., Soares, A. I. (2019). \u201cCinema e Educa\u00e7\u00e3o: que rela\u00e7\u00e3o na era da Internet? \/ Cinema and Education: What Relationship in the Internet Age?\u201d, <strong>Proceedings of the 3rd International Conference on Design &amp; Digital Communication \u2013 Digicom<\/strong>, 15-16 November 2019, Escola Superior de Design. Barcelos, 265-274<\/p>\n\n\n\n<p>Pinto, J., Cardoso, T. &amp; Soares A. I. (2019). \u201cEduca\u00e7\u00e3o, Cinema e Redes Sociais: uma investiga\u00e7\u00e3o sobre o Plano Nacional de Cinema\u201d. In S. Correia; M. Ricardo; R. Duarte (Eds), <strong>Atas do III Encontro Nacional de Jovens Investigadores em Educa\u00e7\u00e3o (III ENJIE)<\/strong>, Universidade Lus\u00f3fona, ISBN 978-989-757-109-1. p. 447-452. Lisboa: CeiED.<\/p>\n\n\n\n<p>Pinto J., Cardoso, T. &amp; Soares A. I. (2019) \u201cEmotions to Scenes: a g\u00e9nese de um artefacto de m\u00e9dia-arte digital\u201d. In P. Arantes; V. J. S\u00e1; P. A. da Veiga &amp; A. F. Marcos (Eds.), <strong>Proceedings of the 9th International Conference on Digital and Interactive Arts \u2013 ARTECH 2019 \u201cDigital Media Art Ecosystems\u201d <\/strong>(pp. 55-62). Braga, Portugal. ISBN: 978-1-4503-7250-3\/19\/10<\/p>\n\n\n\n<p>Pires, N. &amp; Oliveira, S. (2019). \u201cA interdisciplinaridade na aula de portugu\u00eas no 2\u00ba CEB: uma estrat\u00e9gia para a compreens\u00e3o do texto po\u00e9tico e promo\u00e7\u00e3o da literacia\u201d. \u201d In <strong>Atas do 13\u00ba Encontro da Associa\u00e7\u00e3o de Professores de Portugu\u00eas \u2013 <em>Percursos da Interdisciplinaridade em Portugu\u00eas \u2013 dos projetos \u00e0s pr\u00e1ticas<\/em><\/strong>, 2019, pp. 99-110, dispon\u00edvel em <a href=\"https:\/\/appform.pt\/13ENAPP\/enapp2019_atas.pdf\">appform.pt\/13ENAPP\/enapp2019_atas.pdf<\/a><\/p>\n\n\n\n<p>Pires, N. &amp; Serra, C. (2019). \u201cDesenvolver o L\u00e9xico na educa\u00e7\u00e3o pr\u00e9-escolar: uma experi\u00eancia de aprendizagem com base na metodologia de trabalho de projeto\u201d. In Neto-Mendes, A., e Portugal, G. (orgs.), <strong>Educa\u00e7\u00e3o, culturas e cidadania das crian\u00e7as: livro de atas do IV Semin\u00e1rio Luso-Brasileiro de Educa\u00e7\u00e3o de Inf\u00e2ncia &amp; I Congresso Luso-Afro-Brasileiro de Inf\u00e2ncias e Educa\u00e7\u00e3o.<\/strong> Aveiro: Universidade de Aveiro, pp. 445-454. ISBN: 978-972-789-622-6. <a href=\"http:\/\/hdl.handle.net\/10773\/27138\">http:\/\/hdl.handle.net\/10773\/27138<\/a><\/p>\n\n\n\n<p>Potes Barbas, Maria (2019). e.raizes_redes: eixos, arquiteturas,contextos.<strong>Percursos de Investiga\u00e7\u00e3o em Educa\u00e7\u00e3o no CIDTFF:um itener\u00e1rio pelas li\u00e7\u00f5es de Agrega\u00e7\u00e3o<\/strong>. UA Editora, 1\u00aaa edi\u00e7\u00e3o, julho de 2019. pg 673-704. ISBN 978-972-789-606-6.<a href=\"http:\/\/hdl.handle.net\/10773\/26273\">http:\/\/hdl.handle.net\/10773\/26273<\/a>.<\/p>\n\n\n\n<p>Potes Barbas, Maria; Jos\u00e9, M\u00e1rio; Lopes, N\u00e1dia; Matos, Pedro. (2019) <strong>Cross-sectoral support: Comprehensive approach in areas of interest for PWD. Panel debate 3. The impact of early entry into professional rehabilitation.<\/strong> \u201cDigital Literacy for the Labour Market\u201d Presentation. 26 November, Croatia.<\/p>\n\n\n\n<p>Reia-Baptista, V. e Tavares, M. (2019). \u201cAccess\u201d (entry). <strong>The International Encyclopedia of Media Literacy. <\/strong>John Wiley &amp; Sons, Inc. Online ISBN: 9781118978238. DOI: 10.1002\/9781118978238.<\/p>\n\n\n\n<p>Ribaric, M E. (2019). A Evolu\u00e7\u00e3o dos Conceitos de Product Placement nas Produ\u00e7\u00f5es Audiovisuais. Revista COMUNICA\u00c7\u00c3O &amp; INOVA\u00c7\u00c3O. v.20, p.22 \u2013 35.<\/p>\n\n\n\n<p>Ribaric, M E. (2019). O filme publicit\u00e1rio autoral: uma an\u00e1lise da obra de Sofia Coppola. REVISTA FAMECOS. v26, p.1 \u2013 28.<\/p>\n\n\n\n<p>Ribaric, M E. (2019). Para Compreender a Produ\u00e7\u00e3o de Sentido na Publicidade Audiovisual. Revista COMMUNICARE. v.2, p.132 \u2013 147.<\/p>\n\n\n\n<p>Rocha, R.S. (2019) Backyard Sounds: An Immersive sound experience. In P. Arantes; V. J. S\u00e1; P. A. da Veiga &amp; A. F. Marcos (Eds.), <strong>Proceedings of the 9th International Conference on Digital and Interactive Arts \u2013 ARTECH 2019 \u201cDigital Media Art Ecosystems\u201d <\/strong>(pp. 413-419). Braga, Portugal. ACM: Nova Iorque, EUA. ISBN: 978-1-4503-7250-3\/19\/10.<\/p>\n\n\n\n<p>Rocha, R.S. (2019) Backyard Sounds. <strong>Proceedings of the 9th International Conference on Digital and Interactive Arts \u2013 Exposi\u00e7\u00e3o: ARTECH 2019 \u201cDigital Media Art Ecosystems\u201d<\/strong>.  Braga, Portugal, de 23-25 de outubro.<\/p>\n\n\n\n<p>Rocha, R. S (2019) Quintal dos Sons: Uma instala\u00e7\u00e3o sonora imersiva.<strong>18\u00ba Encontro de Arte e tecnologia: #18.Art da Admir\u00e1vel Ordem das Coisas: Arte, emo\u00e7\u00e3o e Tecnologia<\/strong>. Exposi\u00e7\u00e3o EmMeio#11. Lisboa, Faculdade de Belas Artes, de 17 a 19 de outubro.<\/p>\n\n\n\n<p>Rocha, R. S (2019) Quintal dos Sons: Uma instala\u00e7\u00e3o sonora imersiva.<strong>18\u00ba Encontro de Arte e tecnologia: #18.Art da Admir\u00e1vel Ordem das Coisas: Arte, emo\u00e7\u00e3o e Tecnologia<\/strong>. Brasilia: Media LaB\/BR. ISSN: 2238-0272.<\/p>\n\n\n\n<p>Rodrigues, P. &amp; Bidarra, J. (2019). \u201cExpanding the Mosaic of Transmedia Learning Experiences\u201d. Full paper publicado nas atas da <strong>9th International Conference on Digital Arts \u2013 ARTECH 2019<\/strong>, Braga, 23-25 de outubro.<\/p>\n\n\n\n<p>Romana, A. (2019). <strong>De Wanda a Composi\u00e7\u00e3o em tempo real \u2013 Publicar como pr\u00e1tica art\u00edstica<\/strong><em>, <\/em>Caderno Arte Contempor\u00e2nea e Museu, Faculdade de Letras da Universidade do Porto, (no prelo).<\/p>\n\n\n\n<p>Saldanha, A., Maksimovic, M., de E\u00e7a, T., Letsiou, M. &amp; Elzerman, H. (2019). \u201cEngaged Art Education\u201d. I<strong>nSEA Publications<\/strong> 2019. DOI: 10.24981.TESS.2019 . ISBN: 978-989-54262-4-9. <a href=\"https:\/\/insea.org\/wp-content\/uploads\/2021\/10\/engaged-art-education.pdf\">https:\/\/www.insea.org\/ENGAGED-ART-EDUCATION-InSEA-2019<\/a><\/p>\n\n\n\n<p>Silva, B. M., Ara\u00fajo, A. B., &amp; Tavares, M. (2019). \u201cCadavre Exquis: A Motion-Controlled Interactive Film\u201d. <strong>Proceedings of the 9th International Conference on Digital and Interactive Arts, 1\u20134<\/strong>. <a href=\"https:\/\/doi.org\/10.1145\/3359852.3359933\">https:\/\/doi.org\/10.1145\/3359852.3359933<\/a><\/p>\n\n\n\n<p>Silva, B. M. da, Tavares, M., Ant\u00f3nio, R., Costa, S., Monteiro, P., &amp; Ara\u00fajo, A. (2019). \u201cInsights about an interactive film installation\u201d. <strong>AVANCA | CINEMA.<\/strong> <a href=\"https:\/\/doi.org\/10.37390\/ac.v0i0.84\">https:\/\/doi.org\/10.37390\/ac.v0i0.84<\/a><\/p>\n\n\n\n<p>Tavares, M. (2019). \u201cDa c\u00e2mara subjetiva \u00e0 falsa objetividade das imagens no cinema: apontamentos sobre duas experi\u00eancias limite\u201d<strong>. Revista Lumina: Narrativas midi\u00e1ticas, dialogias, migra\u00e7\u00f5es e muta\u00e7\u00f5es<\/strong>. Volume 13. N. 1. <strong>DOI: <\/strong><a href=\"https:\/\/doi.org\/10.34019\/1981-4070.2019.v13.26081\">https:\/\/doi.org\/10.34019\/1981-4070.2019.v13.26081<\/a><\/p>\n\n\n\n<p>Tavares, M. &amp; Ant\u00f3nio, R. P. M. (2019) \u201cBarthes Plastic Extended: um document\u00e1rio interativo\u201d. Trabalho apresentado em&nbsp;<strong>#18.ART.2019<\/strong>, 2019. <a href=\"https:\/\/drive.google.com\/file\/d\/1nSaGeAdP6TjSF5Wa3ENVuqoOTOfZfDOM\/view\">https:\/\/drive.google.com\/file\/d\/1nSaGeAdP6TjSF5Wa3ENVuqoOTOfZfDOM\/view<\/a><\/p>\n\n\n\n<p>Tavares, Mirian; Reia-Baptista, V\u00edtor. \u201cAccess\u201d. In <strong>The International Encyclopedia of Media Literacy<\/strong>, editado por Hobbs, Renee; Mihailidis, Paul. Wiley, 2019. <a href=\"http:\/\/dx.doi.org\/10.1007\/springerreference_106\">http:\/\/dx.doi.org\/10.1007\/springerreference_106<\/a><\/p>\n\n\n\n<p>Teresa, C. e Carvalho, E. (2019). \u201cVisualiza\u00e7\u00e3o dos Acessos a F\u00f3runs num Ambiente de Ensino \u00e0 Dist\u00e2ncia\u201d, <strong>Revista Abak\u00f3s PUC Minas<\/strong>, 29-11-2019, v. 7, n. 3, pgs. 52-64, ISSN 2316-9451,  <a href=\"https:\/\/doi.org\/10.5752\/P.2316-9451.2019v7n3p51-63\">https:\/\/doi.org\/10.5752\/P.2316-9451.2019v7n3p51-63<\/a><\/p>\n\n\n\n<p>Vasques, E. (2019). <strong>ANT\u00d3NIO PINHEIRO, Colec\u00e7\u00e3o Biografias do Teatro Portugu\u00eas<\/strong>. N\u00ba 8, Lisboa: Teatro Nacional S. Jo\u00e3o Porto\/Teatro Nacional D. Maria II\/Imprensa Nacional-Casa da Moeda.<\/p>\n\n\n\n<p>Veiga, P.A. (2019). <strong>A\/r\/cography \u2013 Art, Research and Communication<\/strong>. In Proceedings of Artech 2019, 9th International Conference on Digital and Interactive Arts, Braga, Portugal. DOI: 10.1145\/3359852.3359859<\/p>\n\n\n\n<p>Veiga, P.A. (2019). <strong>Digital Art in the Age of Blackboxing and Blurring<\/strong>. Arts In Society 2019, Fourteenth International Conference on The Arts in Society, Lisboa, Portugal.<\/p>\n\n\n\n<p>Veiga, P.A. (2019). <strong>Arte Qu\u00e2ntica<\/strong>. In INTERACT, Revista Online de Arte, Ci\u00eancia e Cultura, Centro de Estudos de Comunica\u00e7\u00e3o e Linguagens e CIC.Digital, P\u00f3lo FCSH, Lisboa, Portugal. Dispon\u00edvel em: <a href=\"https:\/\/web.archive.org\/web\/20211128022802\/https:\/\/interact.com.pt\/30-31\/arte-quantica\/\" target=\"_blank\" rel=\"noreferrer noopener\">http:\/\/interact.com.pt\/30-31\/arte-quantica\/<\/a><\/p>\n\n\n\n<p>Veiga, P.A. (2019). <strong>Principium: investiga\u00e7\u00e3o criativa versus criatividade investigada<\/strong>. 1\u00ba Semin\u00e1rio Universidade Fernando Pessoa em Investiga\u00e7\u00e3o Criativa, no cruzamento de Arte(s), Ci\u00eancia(s) e Tecnologia(s), Porto, Portugal.<\/p>\n\n\n\n<p>Vieira, C., Carvalho, A. (2019). Narrativity and Audiovisual Performance. <strong>Journal of Science and Technology of the Arts \u2013 CITAR, Vol 11 No 1<\/strong> (2019) (Special Issue) <a href=\"https:\/\/doi.org\/10.7559\/citarj.v11i1.590\">https:\/\/doi.org\/10.7559\/citarj.v11i1.590<\/a>.<\/p>\n<\/div><\/div>\n\n\n\n<div class=\"wp-block-advgb-accordion-item advgb-accordion-item\" style=\"margin-bottom:15px\"><div class=\"advgb-accordion-header\" style=\"background-color:#ffffff;color:#000000;border-style:solid;border-width:0px;border-color:#ffffff\"><span class=\"advgb-accordion-header-icon\"><svg fill=\"#000000\" xmlns=\"http:\/\/www.w3.org\/2000\/svg\" width=\"24\" height=\"24\" viewBox=\"0 0 24 24\"><path fill=\"none\" d=\"M0,0h24v24H0V0z\"><\/path><path d=\"M6,10c-1.1,0-2,0.9-2,2s0.9,2,2,2s2-0.9,2-2S7.1,10,6,10z M18,10c-1.1,0-2,0.9-2,2s0.9,2,2,2s2-0.9,2-2S19.1,10,18,10z M12,10c-1.1,0-2,0.9-2,2s0.9,2,2,2s2-0.9,2-2S13.1,10,12,10z\"><\/path><\/svg><\/span><h2 class=\"advgb-accordion-header-title\" style=\"color:inherit\">2018<\/h2><\/div><div class=\"advgb-accordion-body\" style=\"border-style:solid !important;border-width:0px !important;border-color:#ffffff !important;border-top:none !important\">\n<p>Agostinho, C.; Silva, B;. (2018). <strong>Uma nova perspectiva cinematogr\u00e1fica: O g\u00e9nero de terror no cinema interativo<\/strong>. Omnia, Revista Interdisciplinar de Ci\u00eancias e Artes. Doi: 10.23882\/OM08-1-2018-A.<\/p>\n\n\n\n<p>Almeida, D., Anast\u00e1cio, V. &amp; P\u00e9rez, M. (2018). <strong>Mulheres em rede\/Mujeres en red: Converg\u00eancias lus\u00f3fonas<\/strong>. Berlim: LIT Ib\u00e9ricas 13. ISBN: 978-3-643-13899-6. ISBN: 978-3-643-33899-0 (PDF).<\/p>\n\n\n\n<p>Alves, R., Sousa, L., Negrier, A., Rodrigues, J.M.F., Monteiro, J., Cardoso, P., Felisberto, P., Bica, P. (2018). <strong><em>Interactive 360 Degree Holographic Installation<\/em><\/strong>, Int. J. of Creative Interfaces and Computer Graphic 8(1), 20-38. DOI: 10.4018\/IJCICG.2017010102 (<a href=\"https:\/\/www.google.com\/url?q=https%3A%2F%2Fwww.igi-global.com%2Farticle%2Finteractive-360-degree-holographic-installation%2F196219&amp;sa=D&amp;sntz=1&amp;usg=AFQjCNFfKJxbe5YZedz4SDY8pqYXnqeBTg\" target=\"_blank\" rel=\"noreferrer noopener\">link<\/a>).<\/p>\n\n\n\n<p>Ant\u00f3nio, R., Silva, B. M,, Rodrigues, J.M.F.,Tavares, M.N. (2018). <strong><em>The Lives of Others: An Interactive Installation<\/em><\/strong>, Int. J. of Creative Interfaces and Computer Graphic 9(1), 49-58. DOI: 10.4018\/IJCICG.2018010104.<\/p>\n\n\n\n<p>Ant\u00f3nio, R., Silva, B. M,, Rodrigues, J.M.F., Tavares, M.N. (2018). <strong><em>Experimenting on film: technology meets arts<\/em><\/strong>, Int. J. of Creative Interfaces and Computer Graphic 8(1), 54-66, DOI: 10.4018\/IJCICG.2017010104 (<a href=\"https:\/\/www.google.com\/url?q=https%3A%2F%2Fwww.igi-global.com%2Farticle%2Fexperimenting-on-film%2F196221&amp;sa=D&amp;sntz=1&amp;usg=AFQjCNHZNyMm9TEd3Hxop1_Z03hsxNEi2Q\" target=\"_blank\" rel=\"noreferrer noopener\">link<\/a>).<\/p>\n\n\n\n<p>Ara\u00fajo, A, (2018). <strong>Ruler, compass, and nail: constructing a total spherical perspective<\/strong>. <em>Journal of Mathematics and the Arts.<\/em> 12:2-3, 144-169, <a href=\"https:\/\/doi.org\/10.1080\/17513472.2018.1469378\" target=\"_blank\" rel=\"noreferrer noopener\">https:\/\/doi.org\/10.1080\/17513472.2018.1469378.<\/a><\/p>\n\n\n\n<p>Ara\u00fajo, A. (2018). <strong>Drawing Equirectangular VR Panoramas with Ruler, Compass, and Protractor<\/strong>. <em>Journal Of Science And Technology Of The Arts.<\/em> 10(1), 15-27. doi:<a href=\"http:\/\/dx.doi.org\/10.7559\/citarj.v10i1.471\" target=\"_blank\" rel=\"noreferrer noopener\">http:\/\/dx.doi.org\/10.7559\/citarj.v10i1.471.<\/a><\/p>\n\n\n\n<p>Ara\u00fajo, A.B.. (2018). <strong>Let\u2019s Sketch in 360\u00b0: Spherical Perspectives for Virtual Reality Panoramas<\/strong>. In Proceedings of Bridges Stockholm. Eds. E. Torrence et al., Tesselations Publishing, pp. 637-644. <a href=\"http:\/\/archive.bridgesmathart.org\/2018\/bridges2018-637.pdf\" target=\"_blank\" rel=\"noreferrer noopener\">(link).<\/a><\/p>\n\n\n\n<p>Ara\u00fajo, A.B.. (2018). <strong>International Conference on Transdisciplinary Studies in Arts, Technology and Society.<\/strong> 1, Lisboa. \u201cARTeFACTo 2018 [Em linha]: proceedings\u201d. Editado por Pedro Alves da Veiga; Ant\u00f3nio Ara\u00fajo; Ad\u00e9rito Marcos. [S.l.]: Artech-International, 2018. 136 p. ISBN 978-989-99370-7-9 <a href=\"https:\/\/repositorioaberto.uab.pt\/handle\/10400.2\/7868\" target=\"_blank\" rel=\"noreferrer noopener\">https:\/\/repositorioaberto.uab.pt\/handle\/10400.2\/7868.<\/a><\/p>\n\n\n\n<p>Bajireanu, R., Veiga, R.J.M., Pereira, J.A.R., Sardo, J.D.P., Roberto, L., Cardoso, P. J.S., Rodrigues, Jo\u00e3o M.F. (2018). <strong><em>Mobile Human Shape Superimposition using OpenPose: An Initial Approach<\/em><\/strong>, Accepted 24th edition of the Portuguese Conference on Pattern Recognition, Coimbra, Portugal, 26 Oct.<\/p>\n\n\n\n<p>Bajireanu, R., Pereira, Joao A.R. , Veiga, Ricardo J.M. , Sardo, Jo\u00e3o D.P., Cardoso, Pedro J.S. , Lam, Roberto, Rodrigues, Jo\u00e3o M.F. (2018).<strong> Mobile Human Shape Superimposition: an initial approach using OpenPose, <\/strong>Accepted in 18th International Conference on Applied Computer Science, Dubrovnik, Croatia, September 26-28.<\/p>\n\n\n\n<p>Barbas, M. P., Matos, P., Raminhos, R., &amp; Casimiro, E. (2018). <strong>THE USAGE OF A SOCIAL MEDIA NETWORK TO CREATE A \u201cCOMMUNITY OF PRACTICE\u201d The potentialities of using Reddit as a digital tool for a project about European young learners with Down syndrome<\/strong>. Revista UIIPS, 6, 167\u2013172. <a href=\"https:\/\/doi.org\/10.25746\/ruiips.v6.i1.16120\">https:\/\/doi.org\/10.25746\/ruiips.v6.i1.16120<\/a><\/p>\n\n\n\n<p>Barbas, M. P., Matos, P., Novo, C., &amp; Dias, J. (2018). <strong>Innovative resources and models for learning e-skills for young people with disabilities<\/strong>. In P. Silva, R. Quaresma &amp;amp; T. Oliveira (Eds.), 18.a Confer\u00eancia da Associa\u00e7\u00e3o Portuguesa de Sistemas de Informa\u00e7\u00e3o (CAPSI\u20192018) (pp. 1\u201319). Santarem. ISSN: 2183-489X. <a href=\"https:\/\/aisel.aisnet.org\/capsi2018\/20\/\">https:\/\/aisel.aisnet.org\/capsi2018\/20\/<\/a><\/p>\n\n\n\n<p>Barbas, M., Matos, P., Novo, C., (2018). <strong>TV T21 Community \u2013 practices with down syndrome citizens<\/strong>. In ACCINET International Congress (pp.37-38)<\/p>\n\n\n\n<p>Branco, P. (2018). <strong>Intera\u00e7\u00e3o, Consumo e Efeitos Cognitivos dos Conte\u00fados Digitais<\/strong>. Revista <a href=\"http:\/\/kriativ.tech\/\" target=\"_blank\" rel=\"noreferrer noopener\">Kriativ.tech<\/a> vol 6.<\/p>\n\n\n\n<p>Branco, P. (2018). <strong>Desenvolvimento de um MOOC \u2013 reflex\u00f5es sobre o impacto deste tipo de forma\u00e7\u00e3o em Institui\u00e7\u00f5es de Ensino e Participantes. <\/strong>Revista <a href=\"http:\/\/kriativ-tech.pt\/\" target=\"_blank\" rel=\"noreferrer noopener\">Kriativ.tech<\/a> vol 6.<\/p>\n\n\n\n<p>Beck, Dennis; Allison, Colin; Morgado, Leonel; Pirker, Johanna; Pe\u00f1a-Rios, Anasol; Ogle, Todd; Richter, Jonathon; G\u00fctl, Christian. eds. (2018). <strong>Immersive Learning Research Network \u2013 4th International Conference<\/strong>, iLRN 2018, Missoula, MT, USA, June 24-29, 2018, Proceedings ed. 1, ISBN: 978-3-319-93595-9. Cham: Springer International Publishing. doi: 10.1007\/978-3-319-93596-6.<\/p>\n\n\n\n<p>Bidarra, J., &amp; Rodrigues, P. (2018).  Transmedia Storytelling as a Framework for Effective Blended Learning Design. In Ubachs, G. &amp; Konings, L. (eds.), <em>T<\/em><strong>he Envisioning Report for Empowering Universities<\/strong><em>, 2<sup>nd<\/sup> Edition <\/em>(pp. 31-33). EADTU \u2013 EMPOWER Report. ISBN:  978-90-79730-31-5.  http:\/\/empower.eadtu.eu\/images\/report\/The_Envisioning_Report_for_Empowering_Universities_2nd_edition_2018.pdf<\/p>\n\n\n\n<p>Boto, Sandra. (2018). <strong>A filologia digital em discuss\u00e3o: o caso da edi\u00e7\u00e3o do <em>Romanceiro <\/em>de Almeida Garrett<\/strong> <em>in <\/em>Mirian Tavares e Sandra Boto (coords.), <em>Digital Culture \u2013 a State of the Art, <\/em> \u201cHumanitas\u201d do CIAC, Coimbra: Gr\u00e1cio Editor, 2018, pp. 17-34.<\/p>\n\n\n\n<p>Boto, Sandra. (2018). <strong>Nos v\u00e9rtices do tri\u00e2ngulo: Carolina Micha\u00eblis de Vasconcellos (Ram\u00f3n Men\u00e9ndez Pidal) e Mar\u00eda Goyri atrav\u00e9s da correspond\u00eancia<\/strong> <em>in <\/em>Dimitri Almeida, Vanda Anast\u00e1cio, Mar\u00eda Dolores Martos P\u00e9rez (eds.), <em>Mulheres em Rede \/ Mujeres en red.<\/em> \u201cLIT ib\u00e9ricas\u201d, M\u00fcnster: LIT Verlag, 2018, pp. 242-272.<\/p>\n\n\n\n<p>Brito, P. C., &amp; Carvalho, E. S. (2018). <strong>Depth Maps and Deep Learning for Facial Analysis<\/strong>. <em>International Journal of Creative Interfaces and Computer Graphics (IJCICG)<\/em>, <em>9<\/em>(2), 40-51.<\/p>\n\n\n\n<p>Cabe\u00e7a, S. M., Gon\u00e7alves, A. R., Marques, J. F. &amp; Tavares, M. (2018). <strong>\u201cContributions of creative tourism to sustainable development: the CREATOUR research and incubation project\u201d<\/strong> in R. Amo\u00eada, S. Lira, C. Pinheiro, JMS Zaragoza, JCS Serrano, FG Carrillo (Eds.) <strong>Heritage 2018<\/strong> Proceedings of the 6th International Conference on Heritage and Sustainable Development, Granada: Editorial Universidad de Granada \/ Green Lines Institute for Sustainable Development, vol 2, 1671-1680 [ISBN: 978-84-338-6265-5].<\/p>\n\n\n\n<p>Cabe\u00e7a, SM; Gon\u00e7alves, AR, Marques, JF &amp; Tavares, M (2018). <strong>Mapping Intangibilities in Creative Tourism Territories through Tangible Objects: a methodological approach for developing creative tourism offers. <em>Tourism &amp; Management Studies<\/em><\/strong>, Special Issue: Creative Tourism<\/p>\n\n\n\n<p>Cantinho B., Dima M. (2018). <strong>Erehwon: A Digital Platform for Empowering Sociopolitical Interventions in Public Space<\/strong>. In: Peeren E., Celikates R., de Kloet J., Poell T. (eds) <em>Global Cultures of Contestation. <\/em><em>Palgrave Studies in Globalization, Culture and Society<\/em>. Palgrave Macmillan, Cham. 241-262. DOI: <a href=\"https:\/\/doi.org\/10.1007\/978-3-319-63982-6_12\">https:\/\/doi.org\/10.1007\/978-3-319-63982-6_12<\/a>. ISBN: 978-3-319-63981-9.<\/p>\n\n\n\n<p>Cardoso, P. J.S., Guerreiro, P., Monteiro, J., Rodrigues, J.M.F. (2018). <strong><em>Applying an Implicit Recommender System in the Preparation of Visits to Cultural Heritage Places<\/em><\/strong>, In M. Antona and C. Stephanidis (Eds.): Universal Access in Human-Computer Interaction 2018, LNCS 10908, pp. 421\u2013436, 2018. DOI: 10.1007\/978-3-319-92052-8_33.<\/p>\n\n\n\n<p>Cardoso, P. J. S., Rodrigues, J. M. F. , Pereira, J., Nogin, S., Lessa, J., Ramos, C., Bajireanu, R., Gomes, M., Bica, P. (2018) <strong><em>Cultural Heritage Visits Supported on Visitors\u2019 Preferences and Mobile Devices, <\/em><\/strong>Accepted for Universal Access in the Information Society.<\/p>\n\n\n\n<p>Carmo, H., e Maia e Carmo, T. (2018) .  Pedagogia da Educa\u00e7\u00e3o a Dist\u00e2ncia. In: In: MILL, D. (org.). <strong>Dicion\u00e1rio Cr\u00edtico de Educa\u00e7\u00e3o e Tecnologia + Educa\u00e7\u00e3o a Dist\u00e2ncia.<\/strong> S\u00e3o Carlos: Grupo Horizonte UFSCar. Dispon\u00edvel no Reposit\u00f3rio IPSantar\u00e9m em<br><a href=\"http:\/\/hdl.handle.net\/10400.15\/2190\" target=\"_blank\" rel=\"noreferrer noopener\">http:\/\/hdl.handle.net\/10400.15\/2190<\/a><\/p>\n\n\n\n<p>Carmo, H. e Maia e Carmo, T. (2018). <strong>Valor dos MOOC na educa\u00e7\u00e3o para a cidadania. <\/strong>In PIMENTEL, Nara, 2017, Tecnologias educacionais e EaD, n\u00ba tem\u00e1tico de \u201cInclus\u00e3o social\u201d,<strong> Vol. 10. N.1. <\/strong>Bras\u00edlia: Instituto Brasileiro de Informa\u00e7\u00e3o em Ci\u00eancias e Tecnologia (acess\u00edvel em <a href=\"http:\/\/revista.ibict.br\/inclusao\/issue\/view\/242\" target=\"_blank\" rel=\"noreferrer noopener\">http:\/\/revista.ibict.br\/inclusao\/issue\/view\/242<\/a>. Dispon\u00edvel no Reposit\u00f3rio IPSantar\u00e9m em  <a href=\"http:\/\/hdl.handle.net\/10400.15\/2186\" target=\"_blank\" rel=\"noreferrer noopener\">http:\/\/hdl.handle.net\/10400.15\/2186<\/a><\/p>\n\n\n\n<p>Carrega, Jorge (Org.). (2018). <strong>Dossi\u00ea \u201c90 Anos do Filme Musical\u201d<\/strong>. In <em>Revista Livre de Cinema<\/em>, 5 (1), 71-282. Dispon\u00edvel em: <a href=\"http:\/\/www.relici.org.br\/index.php\/relici\/issue\/view\/13\">http:\/\/www.relici.org.br\/index.php\/relici\/issue\/view\/13<\/a><\/p>\n\n\n\n<p>Carrega, Jorge. (2018). <strong>Elvis em Hollywood: Apontamentos sobre o filme musical e a cultura popular norte-americana no s\u00e9culo XX<\/strong>. In <em>Revista Livre de Cinema<\/em>, 5 (1), 189-208. Dispon\u00edvel em: <a href=\"http:\/\/www.relici.org.br\/index.php\/relici\/issue\/view\/13\">http:\/\/www.relici.org.br\/index.php\/relici\/issue\/view\/13<\/a><\/p>\n\n\n\n<p>Carvalho, I., Bidarra, J. &amp; Porto, C. (2018).  FeelOpo: An interactive installation to explore the \u201cbeat of Oporto\u201d, <strong>International Journal of Creative Interfaces and Computer Graphics<\/strong> (IJCICG), 9(2), 52-62, DOI:  10.4018\/IJCICG.2018070104. <\/p>\n\n\n\n<p>Carvalho, J. e Carvalho, A. (Coord.) (2018). <strong><em>O Monstruoso na Literatura e Outras Artes. <\/em><\/strong>Lisboa: CLEPUL Edi\u00e7\u00f5es. ISBN: 978-989-8916-19-8.<\/p>\n\n\n\n<p>Carvalho, E. S., &amp; Marcos, A. F. (2018, April). <strong>Tele-media-art-Web-based Inclusive Teaching of Body Expression<\/strong>. In <em>2018 17th International Conference on Information Technology Based Higher Education and Training (ITHET)<\/em> (pp. 1-6). IEEE.<\/p>\n\n\n\n<p>Carvalho, E., &amp; Marcos, A. (2018, October). <strong>Virtual Tutor: A Case of Study in University Aberta.<\/strong> In <em>The 2018 International Conference on Digital Science<\/em> (pp. 465-471). Springer, Cham.<\/p>\n\n\n\n<p>Carvalho, E., &amp; Brito, P. (2018, September). <strong>Using data visualization to deduce faces expressions<\/strong>. In <em>9th World Conference on Information Technology<\/em>. Academic World Education and Research Center.<\/p>\n\n\n\n<p>Chinita, F\u00e1tima. (2018). \u201cRedefining Melodrama: <em>Saving Private Rya<\/em>n as Male Weepie\u201d. In <strong>Steven Spielberg: Hollywood Wunderkind and Humanist.<\/strong> David Roche, ed. Montpellier: Presses Universitaires de la M\u00e9diterran\u00e9e, pp. 165-184. ISBN 978-2367812649.  A colocar brevemente em linha.<\/p>\n\n\n\n<p>Chinita, F\u00e1tima. (2018). \u201cThe Moving Form of Film\u201d: Resumo da Confer\u00eancia IntermIdia II (6\u22128 Novembro 2017)\u201d [publicado em Ingl\u00eas].<strong> Aniki \u2013 Revista Portuguesa de Imagem em Movimento<\/strong>. Vol. 5, N\u00ba 2, pp. 555-562. Conference overview. Dispon\u00edvel em: <a href=\"http:\/\/aim.org.pt\/ojs\/index.php\/revista\/article\/view\/417\/pdf\">http:\/\/aim.org.pt\/ojs\/index.php\/revista\/article\/view\/417\/pdf<\/a><\/p>\n\n\n\n<p>Chinita, F\u00e1tima. (2018). \u201cRoy Andersson\u2019s Tableau Aesthetic: A Cinematic Social Space between Painting and Theater\u201d. <strong>Acta Sapientia Universitatis \u2013 Film and Media Studies.<\/strong>Vol. 15, Issue 1, pp. 69-86. Dispon\u00edvel em:   <a href=\"https:\/\/doi.org\/10.1515\/ausfm-2018-0004\">https:\/\/doi.org\/10.1515\/ausfm-2018-0004<\/a>.<\/p>\n\n\n\n<p>Chinita, F\u00e1tima. (no prelo). \u201cSergei Eisenstein as Seen by Peter Greenaway: A Dialectic Representation of an (Anti) Great Film Director\u201d. <strong>Life Writing,<\/strong> n\u00famero especial: \u201cLife-Writing and Celebrity\u201d. Julia Lajta-Novak and Sandra Mayer, eds. Taylor and Francis Group. Revista internacional com <em>referee<\/em> (indexada \u00e0 Thomson Reuters Arts &amp; Humanities Citation). A publicar em Dezembro 2018.<\/p>\n\n\n\n<p>Coradini, A; Galindo, D; Soares, A; (2018).<strong> Imagens Espectro de Futuridade no Amplo Presente<\/strong>. <em>Artefilosofia \u2013 Revista do Programa de P\u00f3s-gradua\u00e7\u00e3o em Filosofia da UFOP<\/em>, n\u00ba 25, dezembro de 2018, 103-120, ISSN: 2526-7892.<\/p>\n\n\n\n<p>Cruz, D., Pinto, N., Monteiro, J., Cardoso, P., Cabrita, C., Semi\u00e3o, J., Oliveira, L., Rodrigues, Jo\u00e3o M.F.(2018). <strong><em>Development of an Energy Management System for the Charge Scheduling of Plug-In Electric Vehicles<\/em><\/strong>, In M. Antona and C. Stephanidis (Eds.): Universal Access in Human-Computer Interaction 2018, LNCS 10908, pp. 214\u2013225, 2018. DOI: 10.1007\/978-3-319-92052-8_17.<\/p>\n\n\n\n<p>Cruz, T. (2018), <strong>N\u00f3s e os Cadernos.<\/strong> vol1, ed. Tiago Cruz, Faro: Universidade do Algarve \u2013 Centro de Investiga\u00e7\u00e3o em Artes e Comunica\u00e7\u00e3o, dispon\u00edvel <a href=\"https:\/\/ciac.pt\/wp-content\/uploads\/2018\/12\/nos_e_os_cadernos_vol1-2.pdf\">aqui<\/a>.<\/p>\n\n\n\n<p>E\u00e7a, Teresa. (2018). Pr\u00f3logo em Natalia Poncela L\u00f3pez. <strong>Nem tudo \u00e9 arte? Mod@s de olhar<\/strong>. Santiago de Compostela: Ed. Atrav\u00e9s. Cole\u00e7\u00e3o Alicerces.<\/p>\n\n\n\n<p>E\u00e7a, Teresa Torres (2018). <strong>Trabalho de Rede: projetos internacionais entre teoria e pr\u00e1tica<\/strong> . <em>Internacionaliza\u00e7\u00e3o do ensino superior : concep\u00e7\u00f5es e experi\u00eancias. <\/em>Rachel de Sousa Vianna, Delzi Alves Laranjeira (organizadoras). Belo Horizonte : EdUEMG, 2018. pp128-139.ISBN 978-85-5478-010-4<\/p>\n\n\n\n<p>E\u00e7a, Teresa Torres (2018). <strong>Do outro lado do espelho: na aula de artes visuais<em>.<\/em><\/strong><em> Revista Gearte <\/em><a href=\"https:\/\/seer.ufrgs.br\/gearte\/issue\/view\/3644\" target=\"_blank\" rel=\"noreferrer noopener\"><em>v. 5, n. 3 (2018) <\/em><\/a>acess\u00edvel em <a href=\"https:\/\/seer.ufrgs.br\/gearte\/article\/view\/88483\/51622\" target=\"_blank\" rel=\"noreferrer noopener\">https:\/\/seer.ufrgs.br\/gearte\/article\/view\/88483\/51622<\/a><\/p>\n\n\n\n<p>E\u00e7a, Teresa Torres. (2018). <strong>Mapeando<\/strong>. <em>Revista Digital do LAV,<\/em> Santa Maria: UFSM, v. 11, n. 2, p. 274-292, mai.\/ago. 2018. Acesso: <a href=\"https:\/\/periodicos.ufsm.br\/revislav\/article\/view\/32944\" target=\"_blank\" rel=\"noreferrer noopener\">https:\/\/periodicos.ufsm.br\/revislav\/article\/view\/32944<\/a><\/p>\n\n\n\n<p>Farrajota, M., Rodrigues, J.M.F, du Buf, J.M.F. (2018). <strong><em>Human Action Recognition in Videos with Articulated Pose Information by Deep Networks<\/em><\/strong>, Pattern Analysis and Applications, pp. 12 , DOI: 10.1007\/s10044-018-0727-y.<\/p>\n\n\n\n<p>Fernandes, D. P., &amp; Carvalho, E. S. (2018). <strong>DocGenealogy\u2013Visualizing the doctoral advisors and mentors genealogic tree<\/strong>. <em>Abak\u00f3s<\/em>, <em>6<\/em>(2), 3-20.<\/p>\n\n\n\n<p>Gonz\u00e1lez-Perez, A., Bidarra, J., Figueiredo, M., &amp; Godejord, B. (2018). Breaking Barriers in Learning Math:  Architecture of the MILAGE Learn+ App. Comunica\u00e7\u00e3o publicada nas <strong>Atas da 1st International Conference on Transdisciplinary Studies in Arts, Technology and Society<\/strong>, ARTeFACTo 2018, Lisboa, 16-17 de novembro de 2018.<\/p>\n\n\n\n<p>Gra\u00e7a, M. E. (2018). \u201d <em>O Menino e o Mundo\u201d. In <\/em><strong>Anima\u00e7\u00e3o Brasileira \u2013 100 Filmes Essenciais. <\/strong>Gabriel Carneiro e Paulo Henrique Silva (Eds.). Rio de Janeiro: Editora Letramento.<\/p>\n\n\n\n<p>Lameira, F.  e Loureiro, J. J. (2018). \u201cRet\u00e1bulos no Patriarcado de Lisboa\u201d. <strong>Promontoria Monogr\u00e1fica Hist\u00f3ria da Arte 17.<\/strong> Ed. do Departamento de Artes e Humanidades da Universidade do Algarve.<\/p>\n\n\n\n<p>Lameira, F. (2018). \u201cRet\u00e1bulos devocionais \u00e0s Almas do Purgat\u00f3rio\u201d. <strong>Reden\u00e7\u00e3o e escatologia. Estudos de Filosofia, Religi\u00e3o, Literatura e Arte na Cultura Portuguesa<\/strong>. Lisboa. Vol.2 \u2013 tomo 2, pp. 248 a 260.<\/p>\n\n\n\n<p>Lameiras, T. (2018). <strong>Persephone\u2019s Fall.<\/strong> CreateSpace Independent Publishing Platform, Charleston, Carolina do Sul, EUA. URL:<a href=\"https:\/\/www.amazon.com\/Persephones-Fall-Tiago-Lameiras\/dp\/1978275331\/\" target=\"_blank\" rel=\"noreferrer noopener\">https:\/\/www.amazon.com\/Persephones-Fall-Tiago-Lameiras\/dp\/1978275331\/<\/a>.<\/p>\n\n\n\n<p>Leit\u00e3o, R., Rodrigues, Jo\u00e3o M. F., Marcos, A. F. (2018) <strong><em>Mobile Learning: Benefits of Augmented Reality in Geometry Teaching<\/em><\/strong>, Chapter 12 of Enhancing Art, Culture, and Design With Technological Integration (pp. 234-257), IGI Global, DOI: 10.4018\/978-1-5225-5023-5.ch012.<\/p>\n\n\n\n<p>Novo, Isabel. (2018). <strong>A Febre das Almas Sens\u00edveis<\/strong>. Lisboa: Dom Quixote. ISBN: 9789722064378.<\/p>\n\n\n\n<p>Maia e Carmo, Teresa. (2018) <strong>Comunica\u00e7\u00e3o Digital, Educa\u00e7\u00e3o e Cidadania Global: um novo paradigma.<\/strong> In: MILL, Daniel; Santiago, Glauber; Santos, Marilde; Pino, Dougras (orgs). Educa\u00e7\u00e3o e Tecnologias: reflex\u00f5es e contribui\u00e7\u00f5es te\u00f3rico-pr\u00e1ticas. S\u00e3o Paulo: Artesanato Educacional, 202 p. Dispon\u00edvel no Reposit\u00f3rio IPSantar\u00e9m em    <a href=\"http:\/\/hdl.handle.net\/10400.15\/2333\" target=\"_blank\" rel=\"noreferrer noopener\">http:\/\/hdl.handle.net\/10400.15\/2333<\/a><\/p>\n\n\n\n<p>Maia e Carmo, Teresa. (2018) MOOC\/cMOOC\/xMOOC. In: MILL, D. (org.). <strong>Dicion\u00e1rio Cr\u00edtico de Educa\u00e7\u00e3o e Tecnologia + Educa\u00e7\u00e3o a Dist\u00e2ncia<\/strong>. S\u00e3o Carlos : Grupo Horizonte UFSCar. Dispon\u00edvel no Reposit\u00f3rio IPSantar\u00e9m em  <a href=\"http:\/\/hdl.handle.net\/10400.15\/2192\" target=\"_blank\" rel=\"noreferrer noopener\">http:\/\/hdl.handle.net\/10400.15\/2192<\/a><\/p>\n\n\n\n<p>Maia e Carmo, Teresa. Flu\u00eancia Digital. (2018) In: MILL, D. (org.). <strong>Dicion\u00e1rio Cr\u00edtico de Educa\u00e7\u00e3o e Tecnologia + Educa\u00e7\u00e3o a Dist\u00e2ncia.<\/strong> S\u00e3o Carlos: Grupo Horizonte UFSCar. Dispon\u00edvel no Reposit\u00f3rio IPSantar\u00e9m em <a href=\"http:\/\/hdl.handle.net\/10400.15\/2193\" target=\"_blank\" rel=\"noreferrer noopener\">http:\/\/hdl.handle.net\/10400.15\/2193<\/a><\/p>\n\n\n\n<p>Maia e Carmo, T. (2018). <strong>Ensino Superior 2.0: os MOOC como caminho de abertura? <\/strong>In M\u00e1tria Digital, n\u00ba VI (Revista cient\u00edfica com avalia\u00e7\u00e3o por pares, ISSN 2183-1467). Santar\u00e9m: C\u00e2mara Municipal de Santar\u00e9m \u2013 CIJVS, dispon\u00edvel em <a href=\"http:\/\/matriadigital.cm-santarem.pt\/index.php\/ensaio\" target=\"_blank\" rel=\"noreferrer noopener\">http:\/\/matriadigital.cm-santarem.pt\/index.php\/ensaio<\/a><\/p>\n\n\n\n<p>Marcos, A., Cl\u00e1udio A. P., Martinho, C., Barros D., Carvalho, E., Carmo, M. B. e Seixas, S. (2018). <strong>Virtual Tutoring, Hands-on Science. Advancing Science. Improving Education. <\/strong>HSci. ISBN 978-84-8158-779-1<\/p>\n\n\n\n<p>Marques, Jo\u00e3o Minhoto (2018) \u00abEu e o monstro \u2013 olhares sobre um velho tema\u00bb, in Carvalho, Jo\u00e3o Carlos Firmino Andrade de e Carvalho, Ana Alexandra Seabra de (coord.), <strong><em>O monstruoso na literatura e outras artes.<\/em><\/strong> Lisboa, Centro de Literaturas e Culturas Lus\u00f3fonas e Europeias \/ Faculdade de Letras da Universidade de Lisboa. pp. 109-121.<\/p>\n\n\n\n<p>Martins, Jaime A., Rodrigues, Jo\u00e3o M.F<strong>.<\/strong>, du Buf, J.M.H. (2018).<strong> <em>Expression-Invariant Face Recognition using a Biological Disparity Energy Model<\/em><\/strong>, Neurocomputing 297, 82-93. DOI: 10.1016\/j.neucom.2018.02.054.<\/p>\n\n\n\n<p>Monteiro, R. (2018). <strong>Hor\u00e1cio e a Vida em Cada Dia \u2013 Contributos da Psicologia<\/strong>. In <em>Revista L\u00d3GOS \u2013 Biblioteca do Tempo<\/em>, 2, Abril, 37-41.<\/p>\n\n\n\n<p>Mor\u00e3o, Ana Maria Paiva (2018). <strong>Grande Guerra (1914-1918). Os Combatentes da Freguesia de Montalv\u00e3o<\/strong>. Lisboa: Edi\u00e7\u00f5es Colibri.<\/p>\n\n\n\n<p>Morgado, Leonel; Beck, Dennis; Allison, Colin; Pe\u00f1a-Rios, Anasol; Ogle, Todd; Richter, Jonathon; G\u00fctl, Christian. eds. (2018). <em>iLRN 2018 Montana \u2013 Workshop, Long and Short Paper, and Poster <strong>Proceedings from the Fourth Immersive Learning Research Network Conference<\/strong><\/em> ed. 1, 1 vol., ISBN: 978-3-85125-609-3. Graz, Austria: Verlag der Technischen Universit\u00e4t Graz.<br>doi: <a href=\"http:\/\/dx.doi.org\/10.3217\/978-3-85125-609-3\">10.3217\/978-3-85125-609-3<\/a>.<\/p>\n\n\n\n<p>Muros, Sandra Mend\u00e9z e Tavares, Mirian. (2018). <strong>Producci\u00f3n period\u00edstica de la novedad y la vigencia informativa en los cibermedios ib\u00e9ricos. Revista <em><a href=\"https:\/\/revistas.ucm.es\/index.php\/ESMP\/\">E<\/a><a href=\"https:\/\/revistas.ucm.es\/index.php\/ESMP\/\">studios sobre el Mensaje Period\u00edstico. N\u00ba 24.<\/a><\/em><\/strong><br>Nogueira, A. F. (2018). <strong>\u201cO que se ergue do fogo \u00e9 um lugar-corpo\u201d. Leituras da poesia de Ad\u00edlia C\u00e9sar<\/strong>. In <em>Revista L\u00d3GOS \u2013 Biblioteca do Tempo<\/em>, 2, Abril, 113-119.<\/p>\n\n\n\n<p>Nogueira, A., &amp; Monteiro, R. (2018). \u201cArte e Psicologia em Verg\u00edlio Ferreira\u201d. <strong>Cadernos De Literatura Comparada<\/strong>, (38), 321-341. Obtido de <a href=\"http:\/\/ilc-cadernos.com\/index.php\/cadernos\/article\/view\/487\" target=\"_blank\" rel=\"noreferrer noopener\">http:\/\/ilc-cadernos.com\/index.php\/cadernos\/article\/view\/487<\/a>.  DOI: h<a href=\"https:\/\/doi.org\/10.21747\/21832242\/litcomp38\" target=\"_blank\" rel=\"noreferrer noopener\">ttps:\/\/doi.org\/10.21747\/21832242\/litcomp38<\/a><\/p>\n\n\n\n<p>Nogueira, A. (2018) \u00abMonstros marinhos na mitologia e na arte\u00bb. In J. Carvalho e A. A. Carvalho (Coord.). <strong>O monstruoso na literatura e outras artes.<\/strong>Lisboa: CLEPUL, pp. 7-18. <a href=\"https:\/\/issuu.com\/clepul\/docs\/o_monstruoso__na_literatura_e_outra\" target=\"_blank\" rel=\"noreferrer noopener\">https:\/\/issuu.com\/clepul\/docs\/o_monstruoso__na_literatura_e_outra<\/a><\/p>\n\n\n\n<p>Oliveira, A.; Oliveira, T.A.; Seijas-Mac\u00edas, A. (2018). <strong>The uniform distribution product: an approach to the (Q,r) inventory model using R. Journal of Applied Statistics<\/strong>, 45, Issue 2, 284-297. <a href=\"https:\/\/doi.org\/10.1080\/02664763.2016.1275531\" target=\"_blank\" rel=\"noreferrer noopener\">https:\/\/doi.org\/10.1080\/02664763.2016.1275531 <\/a><\/p>\n\n\n\n<p>Oliveira, Am\u00edlcar, Francisco; Carla, Oliveira, Teresa A., Grilo, Lu\u00eds (2018). <strong>Hadamard matrices and links to information theory<\/strong>. AIP Conference Proceedings 1978, <a href=\"https:\/\/doi.org\/10.1063\/1.5044070\" target=\"_blank\" rel=\"noreferrer noopener\">https:\/\/doi.org\/10.1063\/1.5044070<\/a><\/p>\n\n\n\n<p>Oliveira, T.A., Kitsos, C.P., Oliveira, A., Grilo, L. (eds.) (2018). <strong>Recent Studies on Risk Analysis and Statistical Modeling.<\/strong> ISBN: 978-3-319-76605-8. Springer International Publishing. <a href=\"https:\/\/www.springer.com\/gp\/book\/9783319766041\" target=\"_blank\" rel=\"noreferrer noopener\">https:\/\/www.springer.com\/gp\/book\/9783319766041<\/a><\/p>\n\n\n\n<p>Pacheco, Raquel; Gillen, J. et. al.(2018). <strong><em>A Day in the Digital Lives of Children aged 0-3. Summary report by DigiLitEY ISCH COST Action IS1410 Working Group 1 \u201cDigital Literacy in homes and communities<\/em>.<\/strong> <a href=\"https:\/\/www.academia.edu\/37600090\/A_Day_in_the_Digital_Lives_of_Children_aged_0_3\" target=\"_blank\" rel=\"noreferrer noopener\">https:\/\/www.academia.edu\/37600090\/A_Day_in_the_Digital_Lives_of_Children_aged_0_3<\/a><\/p>\n\n\n\n<p>Pacheco, Raquel. (2018). <strong>Arte, Entretenimento e Pol\u00edtica: O Cinema no Contexto Educativo<\/strong>. <em>Di\u00e1logos com a Arte \u2013 revista de Arte, Cultura e Educa\u00e7\u00e3o<\/em> (7): 193-210. <a href=\"https:\/\/www.academia.edu\/36760359\/Arte_Entretenimento_e_Politica_O_Cinema_no_Contexto_Educativo\" target=\"_blank\" rel=\"noreferrer noopener\">Arte, entretenimento e pol\u00edtica <\/a><\/p>\n\n\n\n<p>Pacheco, Raquel; Jorge, Ana; Tom\u00e9, Vitor. (2018). <strong>Um dia na vida de 3 meninos portugueses com menos de 3 anos<\/strong>. In <em>UM DIA NA VIDA: Metodologia Audiovisual em Psicologia, Educa\u00e7\u00e3o e Comunica\u00e7\u00e3o<\/em>, editado por Claudia Stella. Brasil: Juru\u00e1 Editorial LTDA. (no prelo)<\/p>\n\n\n\n<p>Pacheco, Raquel (2018). <strong>Panorama do Cinema e Educa\u00e7\u00e3o em Portugal: Perspetivas Hist\u00f3ricas e Desafios Atuais<\/strong>. In: MOREIRA, J. Ant\u00f3nio, ALVES, Pedro &amp; GARC\u00cdA-GARC\u00cdA, Francisco (Org.)<strong>.<\/strong><em> Fus\u00f5es no Cinema: Educa\u00e7\u00e3o, Did\u00e1tica e Tecnologia. Abordagens Te\u00f3ricas e Metodol\u00f3gicas <\/em>(pp. 17-32)<em>.<\/em> Madrid:ICONO14, 236p.(ISBN: 978-84-15816-29-4).<\/p>\n\n\n\n<p>Pacheco, Raquel (2018). <strong><em>Linguagem audiovisual: jovens, pedagogia e participa\u00e7\u00e3o.<\/em><\/strong>Di\u00e1logos com a Arte \u2013 Revista de Arte, Cultura e Educa\u00e7\u00e3o, n\u00ba8, dez. 2018, (pp. 168 \u2013 177), ISSN:2183-1726.<\/p>\n\n\n\n<p>Pais, Carlos Castilho (2018). <strong>Musa Rameira<\/strong> (quatro poemas in\u00e9ditos). Biblioteca Municipal de Alenquer.<\/p>\n\n\n\n<p>Pedrosa, Daniela; Morgado, Leonel; Cruz, Goncalo. (2018). <strong>O primeiro contacto com as Narra\u00e7\u00f5es Multimodais no \u00e2mbito de um curso de profissionaliza\u00e7\u00e3o docente em contexto on-line<\/strong>.  In Melhorar Pr\u00e1ticas de Ensino de Ci\u00eancias e Tecnologia \u2013 Registar e Investigar com Narra\u00e7\u00f5es Multimodais, ed. J. Bernardino Lopes, Clara Viegas, Alexandre Pinto, 141 \u2013 158. ISBN: 978-972-618-944-2. Lisboa: Edi\u00e7\u00f5es S\u00edlabo.<\/p>\n\n\n\n<p>Pereira, Angela; Martins, Paulo; Morgado, Leonel; Fonseca, Benjamim; Esteves, Micaela. (2018). <strong>A Technological Proposal Using Virtual Worlds to Support Entrepreneurship Education for Primary School Children<\/strong>.  In Teaching and Learning in a Digital World, ed. Michael E. Auer, David Guralnick, &amp; Istvan Simonics, 70 \u2013 77. ISBN: 978-3-319-73209-1. Cham: Springer International Publishing.<br>doi: <a href=\"http:\/\/dx.doi.org\/10.1007\/978-3-319-73210-7_9\">10.1007\/978-3-319-73210-7_9<\/a><\/p>\n\n\n\n<p>Peres C., Corte-Real E., Gra\u00e7a M.E. (2018). Ekonte and visual narrative in the work of Hayao Miyazaki. <strong>CONFIA, International Conference on Illustration and Animation<\/strong>. Esposende, Portugal, pp. 141-156. ISBN: 978-989-99861-6-9 (indexa\u00e7\u00e3o na Clarivate Web of Science) <a href=\"http:\/\/www.confia.ipca.pt\/2018\/files\/confia_2018_proceedings.pdf\">http:\/\/www.confia.ipca.pt\/2018\/files\/confia_2018_proceedings.pdf<\/a><\/p>\n\n\n\n<p>Peres C., Corte-Real E., Gra\u00e7a M.E. (2018). Visual Language in the work of Hayao Miyazaki. <strong>Proceedings of the DDC 5th Conference. Edi\u00e7\u00f5es IADE<\/strong>, pp.61-68. <a href=\"https:\/\/www.unidcom-iade.pt\/wp-content\/uploads\/2018\/11\/DDC-18-web.pdf\">https:\/\/www.unidcom-iade.pt\/wp-content\/uploads\/2018\/11\/DDC-18-web.pdf<\/a><\/p>\n\n\n\n<p>Portales, Cristina, Rodrigues, Jo\u00e3o M.F., Gon\u00e7alves, Alexandra, Pag\u00e1n, Esther, Lazano, Jorge (2018) <strong><em>Preface<\/em><\/strong>, Multimodal Technologies and Interaction, S.I.: Digital Cultural Heritage [<a href=\"https:\/\/www.mdpi.com\/2414-4088\/2\/3\/58\/htm\" target=\"_blank\" rel=\"noreferrer noopener\">https:\/\/www.mdpi.com\/2414-4088\/2\/3\/58\/htm<\/a>].Portales, Cristina, Rodrigues, Jo\u00e3o M.F., Gon\u00e7alves, Alexandra, Pag\u00e1n, Esther, Lazano, Jorge (Guest Editors) (2018). <strong><em>Multimodal Technologies and Interaction, S.I.: Digital Cultural Heritage <\/em><\/strong>[<a href=\"http:\/\/www.mdpi.com\/journal\/mti\/special_issues\/Digital_Cultural_Heritage\" target=\"_blank\" rel=\"noreferrer noopener\">http:\/\/www.mdpi.com\/journal\/mti\/special_issues\/Digital_Cultural_Heritage<\/a>].<\/p>\n\n\n\n<p>Potes Barbas, Maria; Matos, Pedro. (2018).<strong> Training in Digital Literacy for Labour Market: E-learning for young people with disabilities<\/strong>. In E.Smyrnova-Trybulska (ed.), E-learning and Smart Learning Environment for the Preparation of New Generation Specialists. Vol. 10 (2018) ; Katowice- -Cieszyn: Studio Noa for University of Silesia ISSN: 2451-3644 (print edition) ISSN 2451-3652 (digital edition) ISBN: 978-83-66055-05-6, 17-26 pp.  <a href=\"http:\/\/weinoe.us.edu.pl\/sites\/weinoe.us.edu.pl\/files\/media\/e-learning-10-with-cover.pdf\">http:\/\/weinoe.us.edu.pl\/sites\/weinoe.us.edu.pl\/files\/media\/e-learning-10-with-cover.pdf<\/a><\/p>\n\n\n\n<p>Potes Barbas, Maria; Matos, Pedro. (2018).<strong> E-learning and Smart Learning Environment for the Preparation of New Generation Specialists<\/strong>. E.Smyrnova-Trybulska (ed.). Vol. 10 (2018) ; Katowice-Cieszyn : Studio Noa for University of Silesia ISSN: 2451-3644 (print edition) ISSN 2451-3652 (digital edition) ISBN: 978-83-66055-05-6, 664 p.<a href=\"http:\/\/ig.studio-noa.pl\/pubusc.html%3B\">http:\/\/ig.studio-noa.pl\/pubusc.html; <\/a><a href=\"http:\/\/weinoe.us.edu.pl\/nauka\/serie-wydawnicze\/seria-e-learning\/seria-e-learning\">http:\/\/weinoe.us.edu.pl\/nauka\/serie-wydawnicze\/seria-e-learning\/seria-e-learning<\/a><\/p>\n\n\n\n<p>Potes Barbas, Maria; Matos, Pedro. (2018) Annual International Scientific Conference Theoretical and Practical Aspects of Distance learning DLCC2018. <strong>\u201cTraining in Digital Literacy for labour market: elearning for young people with disabilities\u201d<\/strong>. University Silesia, Katowice, Poland.<\/p>\n\n\n\n<p>Ramos, C., Mendon\u00e7a, M., Rodrigues, J.M.F. (2018). <strong><em>Senior users of social networks: technological experience and use habits analysis. <\/em><\/strong>In Procs 8th International Conference on Software Development and Technologies for Enhancing Accessibility and Fighting Info-exclusion, Thessaloniki, Greece, 20-22 June.<\/p>\n\n\n\n<p>Ramos, C.M.Q., Henriques, C., Rodrigues, J.M.F. (2018). <strong><em>Religious Tourism Experience Model (RTEM): A Recommendation Model for Dissemination of Cultural and Religious Heritage<\/em><\/strong>, Chapter 1 of Technological Developments for Cultural Heritage and eTourism Applications (pp. 1 \u2013 29), IGI Global.DOI:10.4018\/978-1-5225-2927-9.ch001 (<a href=\"https:\/\/www.google.com\/url?q=https%3A%2F%2Fwww.igi-global.com%2Fbook%2F_%2F179207&amp;sa=D&amp;sntz=1&amp;usg=AFQjCNHTfVBnQ2AO3vzztAnRcpHW-qOUMw\" target=\"_blank\" rel=\"noreferrer noopener\">link<\/a>).<\/p>\n\n\n\n<p>Ramos, C.M.Q., Rodrigues, J.M.F. (2018). <strong><em>The Contribution of Social Networks to the Technological Experience of Senior Users<\/em><\/strong>. In Procs II International Forum on Management, Faro, Portugal, 16-17 Fev., pp. 91. ISBN: 978-989-8859-16-7.<\/p>\n\n\n\n<p>Ribaric, M E. (2018). O FILME PUBLICIT\u00c1RIO AUTORAL E A ARTE P\u00d3S-MODERNA In: Anais COMUNICON. S\u00e3o Paulo. ESPM.<\/p>\n\n\n\n<p>Ribaric, M E. (2018). The Brand Affective Experience: The advertising movies and the production of affections. In:  International Conference on Marketing and Design. Faro: ICMD.<\/p>\n\n\n\n<p>Rocio, V\u00edtor; Cavique, Lu\u00eds; Morgado, Leonel. (2018). <strong>A edi\u00e7\u00e3o cient\u00edfica em portugu\u00eas: o caso da Revista de Ci\u00eancias da Computa\u00e7\u00e3o<\/strong>.  In Acesso Aberto: da vis\u00e3o \u00e0 a\u00e7\u00e3o: contextos, cen\u00e1rios e pr\u00e1ticas, ed. Carvalho, Madalena, 78 \u2013 91. ISBN: 978-972-674-829-8. Lisboa, Portugal: Universidade Aberta.<\/p>\n\n\n\n<p>Rodrigues, J.M.F., Martins, M., Sousa, N., Rosa, Manuela(2018). <strong><em>IoE Accessible Bus Stop: an initial concept<\/em><\/strong>, In Procs 8th International Conference on Software Development and Technologies for Enhancing Accessibility and Fighting Info-exclusion, Thessaloniki, Greece, 20-22 June.<\/p>\n\n\n\n<p>Rodrigues, J. M. F., Ramos, C. M., Cardoso, P. J., Henriques, C. (2018). <strong><em>Preface<\/em><\/strong>, Handbook of Research on Technological Developments for Cultural Heritage and eTourism Applications (pp. xxiv-xxviii), IGI Global. doi: 10.4018\/978-1-5225-2927-9 (<a href=\"https:\/\/www.google.com\/url?q=https%3A%2F%2Fwww.igi-global.com%2Fbook%2F_%2F179207&amp;sa=D&amp;sntz=1&amp;usg=AFQjCNHTfVBnQ2AO3vzztAnRcpHW-qOUMw\" target=\"_blank\" rel=\"noreferrer noopener\">link<\/a>).<\/p>\n\n\n\n<p>Rodrigues, J.M.F, Cardoso, P.J.S., Lessa, J., Pereira, J.A.R., Sardo, J.D.P., Freitas, M., Semi\u00e3o, J., Monteiro, J., Ramos, C.M.Q., Lam, R., Esteves, E., Figueiredo. M., Gon\u00e7alves, A., Gomes, M., Bica, P. (2018). An Initial Framework to Develop a Mobile 5 Sense Museum System, Chapter 5 of <strong>Technological Developments for Cultural Heritage and eTourism Applications<\/strong> (pp. 97- 119), IGI Global. DOI: 10.4018\/978-1-5225-2927-9.ch005 (<a href=\"https:\/\/www.google.com\/url?q=https%3A%2F%2Fwww.igi-global.com%2Fbook%2F_%2F179207&amp;sa=D&amp;sntz=1&amp;usg=AFQjCNHTfVBnQ2AO3vzztAnRcpHW-qOUMw\" target=\"_blank\" rel=\"noreferrer noopener\">link<\/a>).<\/p>\n\n\n\n<p>Rodrigues, J. M. F., Ramos, C. M., Cardoso, P. J., Henriques, C. (2018). <strong><em>Handbook of Research on Technological Developments for Cultural Heritage and eTourism Applications<\/em><\/strong> (pp. 1-506). Hershey, PA: IGI Global. doi: 10.4018\/978-1-5225-2927-9, ISBN13: 9781522529279, ISBN10: 1522529276, EISBN13: 9781522529286 (<a href=\"https:\/\/www.google.com\/url?q=https%3A%2F%2Fwww.igi-global.com%2Fbook%2F_%2F179207&amp;sa=D&amp;sntz=1&amp;usg=AFQjCNHTfVBnQ2AO3vzztAnRcpHW-qOUMw\" target=\"_blank\" rel=\"noreferrer noopener\">link<\/a>).<\/p>\n\n\n\n<p>Rodrigues, J.M.F., Veiga, R.J.M., Bajireanu, R., Lam, R., Pereira, J.A.R., Sardo, J.D.P., Cardoso, P. J. S., Bica, P. (2018). <strong><em>Mobile Augmented Reality Framework \u2013 MIRAR<\/em><\/strong>, In M. Antona and C. Stephanidis (Eds.): Universal Access in Human-Computer Interaction 2018, LNCS 10908, pp. 102\u2013121, 2018. DOI: 10.1007\/978-3-319-92052-8_9.<\/p>\n\n\n\n<p>Rosa, Armando Nascimento (2018). \u00ab\u2019Entreguemo-nos \u00e0s trevas\u2019: o teatro que teria havido\u00bb. In <strong>Limite. Revista de Estudios Portugueses y de la Lusofon\u00eda.<\/strong> Vol. 12.1: Jorge Ferreira de Vasconcelos. Coordinaci\u00f3n Silvina Pereira, Santiago P\u00e9rez Isasi. C\u00e1ceres: Universidad de Extremadura, pp. 45-56.<\/p>\n\n\n\n<p>Rosa, Armando Nascimento (2018). <strong>\u00abDa c\u00e9nica vacina\u00bb.<\/strong> In MARINHO, Cristina, e RIBEIRO, Nuno Pinto (Editores). <em>Teatro do Mundo. Teatro e Viol\u00eancia<\/em>. Porto: CETUP\/Universidade do Porto, pp. 33-50.<\/p>\n\n\n\n<p>Rosa, Nascimento e Silva, Ant\u00f3nio Neves da (2018). <strong><em>O Piano em Pessoa<\/em><\/strong>. Lisboa: Tradisom\/Instituto Polit\u00e9cnico de Lisboa\/Casa Fernando Pessoa.<\/p>\n\n\n\n<p>Rosa, Armando Nascimento (2018). \u00ab<strong>O sonho a destronar o sono<\/strong>\u00bb. In Programa do espect\u00e1culo <em>Dois Reis e um Sono<\/em>, de Nat\u00e1lia Correia e Manuel de Lima, com direc\u00e7\u00e3o art\u00edstica de Fernando Jorge Lopes. 50\u00aa Cria\u00e7\u00e3o do Teatro Extremo. Almada: Teatro Extremo, p. 3.<\/p>\n\n\n\n<p>Saldanha, \u00c2., &amp; Carvalho, E. (2018). <strong>Pr\u00e1ticas educativas inclusivas no ensino art\u00edstico a dist\u00e2ncia\/Pr\u00e1cticas educativas inclusivas en la ense\u00f1anza art\u00edstica a distancia.\/Inclusive educational practices in distance learning<\/strong>. <em>Tercio Creciente<\/em>, <em>7<\/em>(1).<\/p>\n\n\n\n<p>Santo, Pedro Cabral. (2018). <strong>Endless<\/strong>. Centro Cultural Vila Fl\u00f4r\/CIAC. Cat\u00e1logo de Exposi\u00e7\u00e3o. Guimar\u00e3es. ISBN 978-989-8474-48-3<\/p>\n\n\n\n<p>Santo, Pedro Cabral. (2018). <strong>Entrada Anti-instituicionalismo e Alternativa Zero<\/strong>. In Franco, Jos\u00e9 Eduardo Franco (eds). <strong>Dicion\u00e1rio dos Antis. <\/strong>Lisboa: Edi\u00e7\u00e3o Casa da Moeda.<\/p>\n\n\n\n<p>Santo, Pedro Cabral. (2018).<strong> Sound Cl\u00edmax. <\/strong>Lisboa: Stolen Books\/CIAC. ISBN: :978-989-99816-4-5.<\/p>\n\n\n\n<p>Santo, Pedro Cabral. (2018).  <strong><em>Joseph Beuys: Who\u2019s Afraid of Fat, Felt and Dead Hares? <\/em><\/strong>\u2013 ART(e)FACT(o) \u2013 Revista Internacional de Estudos Transdisciplinares dos Artefactos, em Artes, Tecnologia e Sociedade, volume 1, n\u00famero 1. Ad\u00e9rito Fernandes (dir) ISSN: 2184-2086. Edi\u00e7\u00e3o Universidade Aberta, Lisboa.<\/p>\n\n\n\n<p>Santo, Pedro Cabral. (2018). \u201cTomorrow Never Dies\u201d. In <strong>INLAND JOURNAL 4.<\/strong> Matos E. Lisboa: Funda\u00e7\u00e3o Calouste Gulbenkian.<\/p>\n\n\n\n<p>Santo, Pedro Cabral. (2018). \u201cSem t\u00edtulo provis\u00f3rio: percep\u00e7\u00f5es, irradia\u00e7\u00f5es e projec\u00e7\u00f5es em torno da obra de Ana Rostron\u201d.  In <strong>Untited. <\/strong>Loul\u00e9:Edi\u00e7\u00e3o Centro de Experimenta\u00e7\u00e3o e Cria\u00e7\u00e3o Art\u00edstica de Loul\u00e9.<\/p>\n\n\n\n<p>Santos, N. B., Silva, B. M., Borges, G. &amp; Reia-Baptista, V. (2018). T<strong>ranscreation: poetic thinking in the creation of cultural interfaces. Journal of Digital Media &amp; Interaction<\/strong> \u2013 IJDMI. Volume 1, n\u00ba 1, ISSN 2184-3120.<\/p>\n\n\n\n<p>Santos, In\u00eas; Freitas, Maria Jo\u00e3o; Pereira, Lu\u00edsa. (2018). <strong>\u201cAs Doen\u00e7as Raras em Portugal e as respetivas respostas sociais\u201d<\/strong>. In <em>Conocimiento y empoderamiento: las enfermedades raras y el s\u00edndrome post-polio<\/em>. Espanha: USAL<\/p>\n\n\n\n<p>Santos, In\u00eas; Borjes, F\u00e1bia Ortega; Tavares, Joana In\u00eas Veiga Guerra; Padr\u00e3o, Joana. (2018). <strong>\u201cO ensino das rela\u00e7\u00f5es p\u00fablicas em IES: um estudo comparativo\u201d<\/strong>. Trabalho apresentado em <em>Universidade e Empresa: Casamento ou Div\u00f3rcio?<\/em>, <em>Portugal<\/em>.<\/p>\n\n\n\n<p>Sardo, Jo\u00e3o D. P., Pereira, Jo\u00e3o A. R., Veiga, Ricardo J. M., Semi\u00e3o, Jorge, Cardoso, Pedro J. S., Rodrigues, Jo\u00e3o M. F. (2018). <strong><em>Multisensorial Portable Device for Augmented Reality Experiences in Museums<\/em><\/strong>. International Journal of Education and Learning Systems, 3, 60-69 (invitation from 18th International Conference on Instrumentation, Measurement, Circuits and Systems, Paris, France, 13-15 April) [<a href=\"https:\/\/www.google.com\/url?q=https%3A%2F%2Fwww.iaras.org%2Fiaras%2Fhome%2Fcaijels%2Fmultisensorial-portable-device-for-augmented-reality-experiences-in-museums&amp;sa=D&amp;sntz=1&amp;usg=AFQjCNF1IWy2c8mhNdkEFXdQgcRchK0NkA\" target=\"_blank\" rel=\"noreferrer noopener\">link<\/a>].<\/p>\n\n\n\n<p>Sardo, Jo\u00e3o D. P., Pereira, Jo\u00e3o A. R., Veiga, Ricardo J. M., Semi\u00e3o, Jorge, Cardoso, Pedro J. S., Rodrigues, Jo\u00e3o M. F. (2018). <strong><em>A Portable Device for Five Sense Augmented Reality Experiences in Museums<\/em><\/strong>, WSEAS Transactions on Environment and Development, ISSN \/ E-ISSN: 1790-5079 \/ 2224-3496, Volume 14, 2018, Art. #37, pp. 347-362 (18th International Conference on Instrumentation, Measurement, Circuits and Systems, Paris, France, 13-15 April) [<a href=\"http:\/\/www.google.com\/url?q=http%3A%2F%2Fwww.wseas.org%2Fmultimedia%2Fjournals%2Fenvironment%2F2018%2Fa705915-abe.php&amp;sa=D&amp;sntz=1&amp;usg=AFQjCNE1c6WhMoK4CSfeEU72kG5ye8mJEg\" target=\"_blank\" rel=\"noreferrer noopener\">link<\/a>].<\/p>\n\n\n\n<p>Soares, Ana Isabel. (2018). <strong>Demasiado humano \u2013 A familiaridade do monstro.<\/strong> in CARVALHO, Jo\u00e3o Carlos Firmino de\/CARVALHO, Ana Alexandra Seabra de (Coord.),<em> O monstruoso na literatura e outras artes<\/em>, Lisboa, CLEPUL, pp. 53-67, ISBN 978-989-8916-19-8, dispon\u00edvel <a href=\"http:\/\/www.lusosofia.net\/textos\/20180717-monstruoso_na_literatura_e_outras_artes.pdf\" target=\"_blank\" rel=\"noreferrer noopener\">atrav\u00e9s desta liga\u00e7\u00e3o<\/a>.<\/p>\n\n\n\n<p>Soares, Ana Isabel. (2018). <strong>Poema \u201cComo uma cidade que n\u00e3o desistisse de mim\u201d.<\/strong> in <em>C\u00e3o Celeste <\/em>n.\u00ba 12, mar\u00e7o de 2018, 25, dep\u00f3sito legal 342750\/12.<\/p>\n\n\n\n<p> Silva, Ana; Potes Barbas, Maria; Matos, Pedro, Vukovic, Dinka; Scivola, Giorgia et al (2018). <strong>Entre lugares reais e Lugares Virtuais: o projeto Europeu #TV T21 Community #E-skills, social Inclusion and Employability<\/strong>. Ciberanimaci\u00f3n: Animaci\u00f3n Sociocultural y Ciudadan\u00eda Digital. ISBN 978-0-244-09282-5. Revista Semestral para animadores y educadores sociales. Pg 15-52. <a href=\"https:\/\/repositorio.ipsantarem.pt\/handle\/10400.15\/2497\">https:\/\/repositorio.ipsantarem.pt\/handle\/10400.15\/2497<\/a><\/p>\n\n\n\n<p>Silva, Bruno M.; Tavares, M., Reia-Baptista, V., Ant\u00f3nio, R. (2018). <strong>The Forking Paths revisited: experimenting on interactive film.<\/strong> In Interface Support for Creativity, Productivity, and Expression in Computer Graphics; IGI. DOI: 10.4018\/978-1-5225-7371-5.<\/p>\n\n\n\n<p>Silva, B.; Tavares, M. (2018). <strong>Cadavre Exquis Expandaded.<\/strong> Artefacto \u2013 International Conference of Transdiciplinary Studies in Arts, Technology and Society, Proceedings, 2018. ISBN: 978-989-99370-7-9.<\/p>\n\n\n\n<p>Silva, B.; Tavares, C.; Vieira. A. (2018). <strong>Dan\u00e7a que contamina e ocupa: processo criativo entre v\u00eddeo, dan\u00e7a e cidade. <\/strong>SAD 2018 \u2013 IV Semin\u00e1rio de Artes Digitais. (no prelo)<\/p>\n\n\n\n<p>Silva, B.; Tavares, C.; Vieira, A. (2018). <strong>Ocupa\u00e7\u00f5es midi\u00e1ticas na cidade: uma an\u00e1lise sobre processo criativo em v\u00eddeodan\u00e7a.<\/strong> Avanca Cinema Edi\u00e7\u00f5es Cineclube de Avanca. (no prelo)<\/p>\n\n\n\n<p>Tapia Frade, A. &amp; Baptista Gil, F. (2018). <strong>Transmisi\u00f3n de informaci\u00f3n pol\u00edtica y estructura de redes sociales.<\/strong> Un an\u00e1lisis comparativo entre estudiantes universitarios de Espa\u00f1a y Portugal. Omnia, 8(1), 71-78. https:\/\/<a href=\"http:\/\/doi.org\/10.23882\/OM08-1-2018-B\" target=\"_blank\" rel=\"noreferrer noopener\">doi.org\/10.23882\/OM08-1-2018-B<\/a><\/p>\n\n\n\n<p>Tavares, M. (2018). <strong>Comunica\u00e7\u00e3o, poder e jornalismo \u2013 O quarto poder na era digital<\/strong>. In <em>\u00c1MBITOS \u2013 Revista Internacional de Comunicaci\u00f3n<\/em>, 40. Dispon\u00edvel em: <a href=\"https:\/\/institucionales.us.es\/ambitos\/?p=3419\">https:\/\/institucionales.us.es\/ambitos\/?p=3419 \\<\/a><\/p>\n\n\n\n<p>Tavares, M. (2018). <strong>\u201cInterpretation of Visual Arts Across Societies and Political Culture \u2013 Emerging Research and Opportunities \u2013 Book Review: Looking for a place for arts in nowadays\u201d<\/strong>. IJACDT: Volume 6, Issue 2.<\/p>\n\n\n\n<p>Tavares, M., Ant\u00f3nio, R., Rodrigues, J. e Silva, B. (2018). <strong>\u201cThe Lives of Others: An interactive installation.<\/strong>\u201d IJCICG: Volume 9, Issue 1.<\/p>\n\n\n\n<p>Tavares, M. e Boto, S. (coord.) (2018). <strong>Digital Culture \u2013 A State of the Art<\/strong><em>.<\/em> Coimbra, Gr\u00e1cio.<\/p>\n\n\n\n<p>Tavares, M. e Senna, N. (2018). <strong>\u201cVisualidades do feminino por artistas portuguesas e brasileiras\u201d<\/strong> In Transgress\u00f5es de Pandora: subjetividades e polifonias<em>. <\/em>Porto Pelotas: Editora UFPel. ISBN: ISBN: 978-85-7192-825-1 (<a href=\"http:\/\/guaiaca.ufpel.edu.br\/bitstream\/prefix\/4190\/1\/Transgress%C3%B5es%20de%20Pandora_ebook.pdf\">LINK<\/a>).<\/p>\n\n\n\n<p>Tavares, Mirian e Sandra Boto. (2018)<strong>.<\/strong> <strong>Pre\u00e2mbulo<\/strong> <em>in <\/em>Mirian Tavares e Sandra Boto (cords.), <em>Digital Culture \u2013 a State of the Art, <\/em>\u201cHumanitas\u201d do CIAC, Coimbra: Gr\u00e1cio Editor, pp. 9-10.<\/p>\n\n\n\n<p>Tom\u00e9, V. e Abreu, B. (Eds.) (2018).<strong><em> The Journal of Media Literacy: Praxis &amp; Partnerships. <\/em><\/strong>N\u00ba 65.<\/p>\n\n\n\n<p>Vasques, E. (2018). \u201cTeatro\u201d. in Reis, A., Rezola M., e Santos, P. <strong>Dicion\u00e1rio de Hist\u00f3ria de Portugal: o 25 de Abril<\/strong><em>. <\/em>Volume 8. Porto: Figueirinhas.<\/p>\n\n\n\n<p>Veiga, R. J. M., Pereira, J.A.R., Sardo, J.D.P., Bajireanu, R., Cardoso, P. J.S., Rodrigues, Jo\u00e3o M.F. (2018). <strong><em>Augmented Reality Indoor Environment Detection: Proof-of-Concept, <\/em><\/strong>Accepted to the 3rd International Conference on Applied Mathematics and Computer Science (AMACS 2018) in London, UK, October 26-28.<\/p>\n\n\n\n<p>Vieira, C\u00e9lia (2018). <strong>De l\u2019influence \u00e0 la th\u00e9orie du syst\u00e8me-monde: le cas du naturalisme ib\u00e9rique. <\/strong>In Revista <em>Transilvania<\/em>no.8\/2018 (Scopus)<\/p>\n<\/div><\/div>\n\n\n\n<div class=\"wp-block-advgb-accordion-item advgb-accordion-item\" style=\"margin-bottom:15px\"><div class=\"advgb-accordion-header\" style=\"background-color:#ffffff;color:#000000;border-style:solid;border-width:0px;border-color:#ffffff\"><span class=\"advgb-accordion-header-icon\"><svg fill=\"#000000\" xmlns=\"http:\/\/www.w3.org\/2000\/svg\" width=\"24\" height=\"24\" viewBox=\"0 0 24 24\"><path fill=\"none\" d=\"M0,0h24v24H0V0z\"><\/path><path d=\"M6,10c-1.1,0-2,0.9-2,2s0.9,2,2,2s2-0.9,2-2S7.1,10,6,10z M18,10c-1.1,0-2,0.9-2,2s0.9,2,2,2s2-0.9,2-2S19.1,10,18,10z M12,10c-1.1,0-2,0.9-2,2s0.9,2,2,2s2-0.9,2-2S13.1,10,12,10z\"><\/path><\/svg><\/span><h2 class=\"advgb-accordion-header-title\" style=\"color:inherit\">2017<\/h2><\/div><div class=\"advgb-accordion-body\" style=\"border-style:solid !important;border-width:0px !important;border-color:#ffffff !important;border-top:none !important\">\n<p>Americano, L., Caravela, G. &amp; Americano, \u00c1. (2017).&nbsp;<strong>Publicidade redes sociais e literacia dos m\u00e9dia: Sonho de Valsa, a marca amiga dos namorados<\/strong>. In Pereira, Sara &amp; Pinto, Manuel (Eds.)&nbsp;<em>Literacia, Media e Cidadania. Livro de Atas do 4.\u00ba Congresso<\/em>. Braga: CECS \u2013 Centro de Estudos de Comunica\u00e7\u00e3o e Sociedade, Universidade do Minho, pp. 64-80. ISBN 978-989-8600-71-4. Dispon\u00edvel em:&nbsp;<a href=\"http:\/\/revistacomsoc.pt\/index.php\/cecs_ebooks\/issue\/view\/222\/showToc\">http:\/\/revistacomsoc.pt\/index.php\/cecs_ebooks\/issue\/view\/222\/showToc<\/a><\/p>\n\n\n\n<p>Ara\u00fajo, Ant\u00f3nio. (2017). <strong>Anamorphosis: Optical games with Perspective\u2019s Playful Parent. <\/strong>In <em>Proceedings of Recreational Mathematics Colloquium<\/em> v \u2013 G4G (Europe). pp. 71\u201386.URL: <a href=\"http:\/\/ludicum.org\/ev\/rm\/17\">http:\/\/ludicum.org\/ev\/rm\/17<\/a><\/p>\n\n\n\n<p>Barbas, M. P. (2017). Dicionary in Education for Emploiability (DEE). <strong>Topic Coordination \u201cPoliempreende\u201d<\/strong>. Gabinete de Educa\u00e7\u00e3o para o Empreendedorismo e Cidadania (<a href=\"https:\/\/skillsup.pt\/dicionario\/\">https:\/\/skillsup.pt\/dicionario\/<\/a>)<\/p>\n\n\n\n<p>Barbas, Maria &amp; others (2017). <strong>Digital Literacy and Inclusion<\/strong>. <a href=\"http:\/\/pt.calameo.com\/read\/00421634236ee45c6bfe9\">http:\/\/pt.calameo.com\/read\/00421634236ee45c6bfe9 <\/a>European Project Uptake ICT.<\/p>\n\n\n\n<p>Barbas Maria, Branco Paulo, Loureiro Ana, Matos Pedro (2017). <strong>NEETin with ICT<\/strong>. Universal Journal of Educational Research, 5, 537 \u2013 543. doi: 10.13189\/ujer.2017.050402.<\/p>\n\n\n\n<p>Barros, I., Barbas, M., Rita Padeira, A., Matos, P. (2017) <strong>UPTAKE ICT: A NETWORK OF STAKEHOLDERS AGAINST   DIGITAL ILLITERACY<\/strong>, ICERI2017                Proceedings, pp.188-195. <a href=\"https:\/\/repositorio.ipsantarem.pt\/handle\/10400.15\/2007\">https:\/\/repositorio.ipsantarem.pt\/handle\/10400.15\/2007<\/a><\/p>\n\n\n\n<p>Bidarra, J. &amp; Rusman, E. (2017). Towards a pedagogical model for science education: Bridging educational contexts through a blended learning approach, <em>Open Learning: The Journal of Open, Distance and e-Learning<\/em>, <em>32(1)<\/em>, 6-20, DOI: <a href=\"https:\/\/doi.org\/10.1080\/02680513.2016.1265442\">https:\/\/doi.org\/10.1080\/02680513.2016.1265442<\/a>.<\/p>\n\n\n\n<p>BORGES, GABRIELA; GOSCIOLA, V. (Org.) ; VIEIRA, M. (Org.). 2015 Televis\u00e3o: formas audiovisuais de fic\u00e7\u00e3o e document\u00e1rio Vol IV. 1. ed. Faro e S\u00e3o Paulo: CIAC. 176p .<\/p>\n\n\n\n<p>BORGES, Gabriela; SIGILIANO, D. (2015). Os Universos Ficcionais Transm\u00eddia e a Cultura Participativa: An\u00e1lise da Complexidade Narrativa de O Rebu e sua Repercuss\u00e3o no Twitter.. In: Gabriela Borges; Vicente Gosciola; Marcel Vieira.. (Org.). Televis\u00e3o: Formas Audiovisuais de Fic\u00e7\u00e3o e de Document\u00e1rio.. 1ed.Faro e S\u00e3o Paulo: CIAC SOCINE, v. IV, p. 70-87.<\/p>\n\n\n\n<p>Boto, Sandra. (2017). <strong>Subs\u00eddio de Jos\u00e9 Pedro Martins Barata para a divulga\u00e7\u00e3o do romanceiro Portugu\u00eas.<\/strong> In Jos\u00e9 Pedro Martins Barata, <em>Nordeste Alentejano \u2013 Etnografia, Literatura, Oralidades, Arqueologia e Hist\u00f3ria\u2013Montalv\u00e3o, P\u00f3voa e Meadas e Castelo de Vide<\/em> (org. de Ana Maria Paiva Mor\u00e3o), Lisboa, Edi\u00e7\u00f5es Colibri, Associa\u00e7\u00e3o Cultural de Montalv\u00e3o Vamos \u00e0 Vila,pp. XXVII-XXXII.<\/p>\n\n\n\n<p>Branco, Paulo; Barros Dias, Isabel; Fal\u00e9, Isabel; Potes Barbas, Maria (2017). <strong>Uptake ICT, an Idea that stands against Digital Illiteracy<\/strong>.  IJEDICT \u2013 International Journal of Education and Development using ICT.  <a href=\"http:\/\/ijedict.dec.uwi.edu\/\">http:\/\/ijedict.dec.uwi.edu\/<\/a><\/p>\n\n\n\n<p>Carrega, J. &amp; Fernandez, S. (Org.). (2017). <strong>A Europa e os Imp\u00e9rios Coloniais na Literatura e no Cinema<\/strong>. Faro: CIAC. ISBN: 978-989-8859-24-2. Dispon\u00edvel em: <a href=\"https:\/\/ciac.pt\/wp-content\/uploads\/2017\/12\/Livro-A-Europa-e-os-Imperios-coloniais.versaoFinal.pdf\">https:\/\/ciac.pt\/wp-content\/uploads\/2017\/12\/Livro-A-Europa-e-os-Imp\u00e9rios-coloniais.versaoFinal.pdf<\/a><\/p>\n\n\n\n<p>Carrega, Jorge (2017). <strong>Aventuras em Technicolor: Paraliteratura e Cinema Transnacional na Europa Mediterr\u00e2nea<\/strong>. <em>Revista TROPOS<\/em>. Universidade Ferderal do Acre. D\u00edsponivel em: <a href=\"http:\/\/revistas.ufac.br\/revista\/index.php\/tropos\/article\/view\/1177\" target=\"_blank\" rel=\"noreferrer noopener\">http:\/\/revistas.ufac.br\/revista\/index.php\/tropos\/article\/view\/1177<\/a><\/p>\n\n\n\n<p>Carrega, Jorge (2017). <strong>G\u00e9neros Populares y Cine Transnacional en Europa Mediterr\u00e1nea: Andr\u00e9 Hunebelle y el cine de aventuras.<\/strong> <em>\u00c1mbitos \u2013 Revista de estudios de ciencias sociales y humanidades<\/em>, n\u00ba 38. Cordoba, pp. 11-20. D\u00edsponivel em: <a href=\"https:\/\/dialnet.unirioja.es\/servlet\/revista?codigo=6613\" target=\"_blank\" rel=\"noreferrer noopener\">https:\/\/dialnet.unirioja.es\/servlet\/revista?codigo=6613<\/a><\/p>\n\n\n\n<p>Carrega, Jorge (2017). <strong>O Contributo Criativo dos Produtores no Desenvolvimento do Paradigma Cl\u00e1ssico de Hollywood<\/strong>. <em>RELICI-Revista Livre de Cinema<\/em>. D\u00edsponivel em: <a href=\"http:\/\/www.relici.org.br\/index.php\/relici\/article\/view\/135\" target=\"_blank\" rel=\"noreferrer noopener\">http:\/\/www.relici.org.br\/index.php\/relici\/article\/view\/135<\/a><\/p>\n\n\n\n<p>Carrega, Jorge. (2017). <strong>Romance Hist\u00f3rico e Cinema Transnacional na Europa Mediterr\u00e2nea.<\/strong> In: CARREGA, J. FERNANDEZ, S. (org). <em>A Europa e os Imp\u00e9rios Coloniais na Literatura e no Cinema<\/em>. Faro: CIAC, pp. 108-124. D\u00edsponivel em: <a href=\"https:\/\/ciac.pt\/wp-content\/uploads\/2017\/12\/Livro-A-Europa-e-os-Imp%C3%A9rios-coloniais.versaoFinal.pdf\" target=\"_blank\" rel=\"noreferrer noopener\">https:\/\/ciac.pt\/wp-content\/uploads\/2017\/12\/Livro-A-Europa-e-os-Imp%C3%A9rios-coloniais.versaoFinal.pdf<\/a><\/p>\n\n\n\n<p>Chinita, F\u00e1tima (2017). \u201cTemporal Paradoxes in the Perception of Roy Andersson\u2019s Tableau Films\u201d. <strong>Yomis<\/strong>, n\u00ba 3 [e-book and print]. Lars C. Grabbe, Patrick Rupert-Kruse, and Norbert M. Schmitz (eds). B\u00fcchner-Verlag, November. ISBN 978-3-941310-92-6 (Print) and ISBN 978-3-941310-93-3 (ePDF)<\/p>\n\n\n\n<p>Chinita, F\u00e1tima (2017). \u201cSergei Eisenstein as Seen by Peter Greenaway: A Dialectic Representation of an (Anti) Great Film Director\u201d. <strong>Special issue on \u201cLife-Writing and Celebrity\u201d<\/strong>. Julia Lajta-Novak and Sandra Mayer, eds. Taylor and Francis Group. <\/p>\n\n\n\n<p>Chinita, F\u00e1tima. (2017). \u201cThe Moving Form of Film\u201d: Resumo da Confer\u00eancia IntermIdia II (6\u22128 Novembro 2017)\u201d [publicado em Ingl\u00eas].<strong> <em>Aniki \u2013 Revista Portuguesa de Imagem em Movimento<\/em>.<\/strong> Vol. 5, N\u00ba 2, pp. 555-562. Conference overview. Dispon\u00edvel em: <a href=\"http:\/\/aim.org.pt\/ojs\/index.php\/revista\/article\/view\/417\/pdf\">http:\/\/aim.org.pt\/ojs\/index.php\/revista\/article\/view\/417\/pdf <\/a><\/p>\n\n\n\n<p>Chinita, F\u00e1tima. (2017). \u201cIsto \u00e9 Entretenimento\u201d: Resumo do 23\u00ba Encontro Anual da SERCIA (7-9 Setembro 2017)\u201d [publicado em Ingl\u00eas]. <strong>Aniki \u2013 Revista Portuguesa de Imagem em Movimento.<\/strong> Vol. 5, No. 1, pp. 186-191. Conference overview. Dispon\u00edvel em: <a href=\"http:\/\/aim.org.pt\/ojs\/index.php\/revista\/article\/%20view\/364\">http:\/\/aim.org.pt\/ojs\/index.php\/revista\/article\/ view\/364<\/a><\/p>\n\n\n\n<p>Corr\u00eaa, Gra\u00e7a (2017). <strong>Ethical Challenges in Adaptation: Gothic Eurico from Novel to Performance.<\/strong> In <em>Ethics of Translation, Adaptation and Dramaturgies<\/em>, ed. Emer O\u2019Toole, Andrea Pelegri, and Stuart Young. Leiden NL: Brill, 2017. ISBN: 978-9-004-34633-8. <a href=\"https:\/\/brill.com\/display\/title\/34905\">https:\/\/brill.com\/display\/title\/34905<\/a><\/p>\n\n\n\n<p>Corr\u00eaa, Gra\u00e7a (2017). <strong>Towards an Ecophilosophical Reading of Space and Landscape in Theatre, Drama and Performance<\/strong>. In <em>Debates da Filosofia da Ci\u00eancia Contempor\u00e2nea<\/em>, ed. Olga Pombo e Paulo Castro. Lisboa: Centro de Filosofia da Ci\u00eancia, 2017, 343-362. ISBN: 978-989-8247-75-9. <a href=\"http:\/\/cfcul.fc.ul.pt\/publicacoes\/livros\/\">http:\/\/cfcul.fc.ul.pt\/publicacoes\/livros\/<\/a><\/p>\n\n\n\n<p>De Abreu &amp; Tom\u00e9, V. (2017).&nbsp;<strong><em>Mobile Learning through Digital Media Literacy.<\/em>&nbsp;New York:&nbsp;<\/strong>Peter Lang. <a href=\"https:\/\/www.amazon.com\/Learning-through-Literacy-Literacies-Epistemologies\/dp\/1433128950\">https:\/\/www.amazon.com\/Learning-through-Literacy-Literacies-Epistemologies\/dp\/1433128950<\/a><\/p>\n\n\n\n<p>Dias, Isabel Barros, Barbas, Maria Potes, Padeira, Ana Rita, &amp; Matos, Pedro. (2017). <strong>Uptake ICT: a network of Stakeholders against digital illiteracy<\/strong>. Zenodo. <a href=\"http:\/\/doi.org\/10.5281\/zenodo.858661\">http:\/\/doi.org\/10.5281\/zenodo.858661<\/a><\/p>\n\n\n\n<p>E\u00e7a, TT (2017) . <strong><em>Mochila de Sobreviv\u00eancia: algumas reflex\u00f5es sobre aprendizagens na agenda educativa do mil\u00e9nio.<\/em><\/strong> In: Dobra n\u00ba1. Lisboa: Instituto de Estudos de Literatura e Tradi\u00e7\u00e3o \u2013 Patrim\u00f3nios, Artes e Cultura (IELT),<\/p>\n\n\n\n<p>E\u00e7a, T. ; Milbrand, M. K.; Shin, R. ; Hsieh, K. (2017). <strong>Visual Arts Education and the challenges of the Millennium goals<\/strong><em>.<\/em> In: Barton, G. &amp; Baguley, M. (ED) The Palgrave Handbook of Global Arts Education. Palgrave Macmillan. Pp 91-105. ISBN 978-1-137-55585-4. DOI 10.1057\/978-1-137-55585-4<\/p>\n\n\n\n<p>E\u00e7a, TT; Saldanha, A (2017). <strong>Per-corremos, Re-paramos, Re-tornamos e Re-tornar: a import\u00e2ncia do conceito de Viagem na Educa\u00e7\u00e3o.<\/strong> VIS \u2013 Revista do Programa de P\u00f3s-gradua\u00e7\u00e3o em Arte da UnB V.16 n\u00ba2\/julho-dezembro de 2017,Bras\u00edlia. ISSN- 1518-5494 e ISSN (vers\u00e3o eletr\u00f4nica) \u2013 2447-2484 128<\/p>\n\n\n\n<p>Fern\u00e1ndez, O.; Martins, A. &amp; Reia-Baptista, V. (2017). <strong>Literacia dos m\u00e9dia no ensino de l\u00ednguas e novos contextos de aprendizagem: os canais de YouTube<\/strong>. In Pereira, Sara &amp; Pinto, Manuel (Eds.) <em>Literacia, Media e Cidadania. Livro de Atas do 4.\u00ba Congresso<\/em>. Braga: CECS \u2013 Centro de Estudos de Comunica\u00e7\u00e3o e Sociedade, Universidade do Minho, pp.375-385. ISBN 978-989-8600-71-4. Dispon\u00edvel em: <a href=\"http:\/\/revistacomsoc.pt\/index.php\/cecs_ebooks\/issue\/view\/222\/showToc\">http:\/\/revistacomsoc.pt\/index.php\/cecs_ebooks\/issue\/view\/222\/showToc<\/a><\/p>\n\n\n\n<p>Frau-Meigs, D., O\u2019Neill, B., Soriani, A. &amp; Tom\u00e9, V. (2017). <strong>Digital Citizenship Education: Overview and new perspectives<\/strong>. Strasbourg: Council of Europe.<\/p>\n\n\n\n<p>Garrido Domen\u00e9, F., Carvalho, L.S.B. e Nogueira, A. (2017). <strong>Concepto gramatical y musical de \u201cs\u00edlaba\u201d en la Antig\u00fcedad y sus connotaciones actuales: an\u00e1lisis diacr\u00f3nico. <\/strong>In <em>\u00c1gora<\/em>. <em>Estudos Cl\u00e1ssicos em Debate<\/em> 19 225-248 \u2014 ISSN: 0874-5498. (Revista indexada ISI Web of Knowledge). <a href=\"http:\/\/hdl.handle.net\/10400.1\/9810\">http:\/\/hdl.handle.net\/10400.1\/9810<\/a><\/p>\n\n\n\n<p>Gomes, J., Gomes, M. &amp; Oliveira, L. (2017). <strong>Realidade Aumentada no suporte \u00e0 literacia da leitura, dos m\u00e9dia e da informa\u00e7\u00e3o \u2013 interven\u00e7\u00e3o num manual escolar<\/strong>. In Pereira, Sara &amp; Pinto, Manuel (Eds.) <em>Literacia, Media e Cidadania. Livro de Atas do 4.\u00ba Congresso<\/em>. Braga: CECS \u2013 Centro de Estudos de Comunica\u00e7\u00e3o e Sociedade, Universidade do Minho, pp. 222-237. ISBN 978-989-8600-71-4. Dispon\u00edvel em: <a href=\"http:\/\/revistacomsoc.pt\/index.php\/cecs_ebooks\/issue\/view\/222\/showToc\">http:\/\/revistacomsoc.pt\/index.php\/cecs_ebooks\/issue\/view\/222\/showToc<\/a><\/p>\n\n\n\n<p>Gra\u00e7a ME.  (2017). <strong>Unconventional Animation Techniques<\/strong>. In Ceccarelli N (ed), I.P.INFORMANIMATION 2013 research, education and design experiences . Franco Angeli &amp;Universit\u00e0 di Sassari (Dipartimento di Architettura, Design e Urbanistica), pp.70-79. <\/p>\n\n\n\n<p>Guerra Santos, I.; Borges, F.; Padr\u00e3o, J., Tavares, J. e Padr\u00e3o, Maria H. (2017). <strong>\u201cSmart Cities, Smart Tourism? The Case of the City of Porto\u201d<\/strong>. Revista Galega de Econom\u00eda, Vol 26. (n\u00ba2), 130-142.<\/p>\n\n\n\n<p>Lameira, F. Cardoso, P. Loureiro, J. (2017). <strong>Ret\u00e1bulos na Diocese de Lamego<\/strong>, Promontoria Monogr\u00e1fica Hist\u00f3ria da Arte 14, Ed. do Departamento de Artes e Humanidades da Universidade do Algarve, 144 pp.<\/p>\n\n\n\n<p>Lameira, F., Pedrosa, A., Bohrer, A. &amp; Loureiro, J. (Coord.). (2017). <strong>Ret\u00e1bulos em Minas Gerais<\/strong>. Faro: Universidade do Algarve.<\/p>\n\n\n\n<p>Lameiras, Tiago. (2017). Epistul\u00e6.  Charleston, Carolina do Sul, EUA:<strong> CreateSpace Independent Publishing Platform.<\/strong><\/p>\n\n\n\n<p>Lameiras, Tiago. (2017). Sonata. Charleston, Carolina do Sul, EUA:<strong> CreateSpace Independent Publishing Platform.<\/strong><\/p>\n\n\n\n<p><strong>\u200b<\/strong>Matos, Pedro, Barbas, Maria Potes, &amp; Barros Dias, Isabel. (2017). <strong>Uptake ICT \u2013 MOOC on Digital Employability<\/strong>. Zenodo. <a href=\"http:\/\/doi.org\/10.5281\/zenodo.858679\">http:\/\/doi.org\/10.5281\/zenodo.858679<\/a><\/p>\n\n\n\n<p>Messias, In\u00eas; Morgado, Lina; Barbas, Maria (2017). <strong>Ambientes H\u00edbridos no Ensino a Dist\u00e2ncia: LMS e Redes Sociais \u2013 Cen\u00e1rios para a cria\u00e7\u00e3o de envolvimento do estudante<\/strong>. II ENJIE 2017<\/p>\n\n\n\n<p>Mestre, Isa. (2017). <strong>Literatura 2.0: El desafio de pensar la obra literaria digital interactiva \u2013 La propuesta del lector 2.0 como camino para el desarollo de nuevas alfabetizaciones<\/strong>. In Barbecho, Lidia &amp; L\u00f3pez Ana (Eds.), <em>Con la Red \/ En la Red. Creaci\u00f3n, Investigaci\u00f3n y Comunicaci\u00f3n Cultural y Art\u00edstica en la era Internet<\/em>. Granada: Universidad de Granada; Downhill Publishing (NY), pp. 107-128. ISBN 978-84-338-6010-1. ISBN\u201013: 978\u20100\u20109897361\u20103\u20108. Dispon\u00edvel em: <a href=\"https:\/\/www.academia.edu\/35518795\/Con_la_Red_En_la_Red._Creaci%97n_Investigaci%97n_y_Comunicaci%97n_Cultural_y_Art%C3%ADstica_en_la_era_Internet\">https:\/\/www.academia.edu\/35518795\/Con_la_Red_En_la_Red._Creaci\u00f3n_Investigaci\u00f3n_y_Comunicaci\u00f3n_Cultural_y_Art%C3%ADstica_en_la_era_Internet<\/a><\/p>\n\n\n\n<p>Mestre, Isa. (2017). <strong>Literatura digital: a reconfigura\u00e7\u00e3o do leitor, os desafios e a urg\u00eancia de novas literacias<\/strong>. In <em>Revista Lumina<\/em> (Brasil), 11 (3), 1-20. Dispon\u00edvel em: <a href=\"https:\/\/periodicos.ufjf.br\/index.php\/lumina\/article\/view\/21433\">https:\/\/periodicos.ufjf.br\/index.php\/lumina\/article\/view\/21433<\/a><\/p>\n\n\n\n<p>Mor\u00e3o, A. M. (Org.) &amp; Barata. J. P (Org e Coord.). (2017). <strong>Nordeste Alentejano \u2013 Etnografia, Literatura, Oralidades, Arqueologia e Hist\u00f3ria\u2013Montalv\u00e3o, P\u00f3voa e Meadas e Castelo de Vide<\/strong>, Lisboa, Edi\u00e7\u00f5es Colibri, Associa\u00e7\u00e3o Cultural de Montalv\u00e3o Vamos \u00e0 Vila.<\/p>\n\n\n\n<p>Mor\u00e3o, A. M. (2017).  <strong>Jos\u00e9 Pedro Martins Barata -o Homem e a Obra<\/strong>. In Jos\u00e9 Pedro Martins Barata, <em>Nordeste Alentejano \u2013 Etnografia, Literatura, Oralidades, Arqueologia e Hist\u00f3ria\u2013Montalv\u00e3o, P\u00f3voa e Meadas e Castelo de Vide<\/em> (org. de Ana Maria Paiva Mor\u00e3o), Lisboa, Edi\u00e7\u00f5es Colibri, Associa\u00e7\u00e3o Cultural de Montalv\u00e3o Vamos \u00e0 Vila, pp XV-XXV.<\/p>\n\n\n\n<p>Oliva, R., Bidarra, J. &amp; Araujo, D, (2017). <strong>Video and storytelling in a digital world: interactions and narratives in videoclips<\/strong>, <em>Comunica\u00e7\u00e3o e Sociedade<\/em>, vol. 32, 2017, pp. 459 \u2013 476. DOI: <a href=\"http:\/\/dx.doi.org\/10.17231\/comsoc.32(2017).2771\">http:\/\/dx.doi.org\/10.17231\/comsoc.32(2017).2771<\/a>. <\/p>\n\n\n\n<p>Oliveira, J. (2017). <strong>Mortu nega (1988): cinema e hist\u00f3ria na luta de independ\u00eancia e o p\u00f3s-colonial -daqueles a quem a morte foi negada<\/strong>. In. <em>SIGNIFICA\u00c7\u00c3O: REVISTA DE CULTURA AUDIOVISUAL<\/em>, v. 44, p. 71-89, 2017. <a href=\"http:\/\/www.revistas.usp.br\/significacao\/article\/view\/125903\">http:\/\/www.revistas.usp.br\/significacao\/article\/view\/125903<\/a><\/p>\n\n\n\n<p>Pais, Carlos Castilho; Muelas Berm\u00fadez, Gregorio (2017).  <strong>A la Luz de la Flor del Almendro\/\u00c0 Luz da Flor da Amendoeira.<\/strong> Karima Editora, Val\u00eancia (Espanha).<\/p>\n\n\n\n<p>Peres C, Corte-Real E, Gra\u00e7a ME (2017). <strong>Strange Creatures, Physiology of Characters in Spirited Away.<\/strong> <em>CONFIA, International Conference on Illustration and Animation <\/em>(atas). Portugal, pp.332-345. ISBN 978-989-99861-3-8<\/p>\n\n\n\n<p>Pianco, William. (2017). <strong>Filmes de Viagem de Manoel de Oliveira: Passagens da Hist\u00f3ria a Contrapelo<\/strong>. In Soares Junqueira, Renata (Org.), <em>Os Pobres no Cinema de Manoel de Oliveira<\/em>. S\u00e3o Paulo: Editora Todas as Musas, pp. 235-268. ISBN: 978-85-9583-004-2<\/p>\n\n\n\n<p>P. Veiga. (2017). <strong>From Generative to Performing<\/strong>. Proceedings da Confer\u00eancia Internacional xCoAx 2017, Julho de 2017 \u2013 <a href=\"http:\/\/2017.xcoax.org\/pdf\/xcoax2017-Veiga.pdf\">http:\/\/2017.xcoax.org\/pdf\/xcoax2017-Veiga.pdf<\/a><\/p>\n\n\n\n<p>P. Veiga, M. Tavares, H. Alvelos. (2017). <strong>Toward a B-society Model: The Digital Media Art Experience<\/strong>. In User Innovation and the Entrepreneurship Phenomenon in the Digital Economy. IGI Global \u2013 E-Editorial Discovery, Ed. Pedro Isa\u00edas.<\/p>\n\n\n\n<p>P. Veiga, M. Tavares, H. Alvelos (2017). <strong>How experience, attention and ubiquity economies affect the role of digital media art and artists<\/strong>. Proceedings do II International Congress on Interdisciplinarity in Social and Human Sciences, Maio de 2017. <a href=\"http:\/\/docs.wixstatic.com\/ugd\/30a75f_39fe560276e846b2b2b70880f1a0db8b.pdf\">http:\/\/docs.wixstatic.com\/ugd\/30a75f_39fe560276e846b2b2b70880f1a0db8b.pdf<\/a><\/p>\n\n\n\n<p>Rosa, Armando Nascimento. (2017). <strong>Da c\u00e9nica vacina [ensaio].<\/strong> In MARINHO, Cristina, e RIBEIRO, Nuno Pinto (Editores). <em>Teatro do Mundo. Teatro e Viol\u00eancia<\/em>. Porto: CETUP\/Universidade do Porto. Edi\u00e7\u00e3o impressa.<\/p>\n\n\n\n<p>R. Pacheco. (2017). <strong>O movimento cineclubista portugu\u00eas e sua contribui\u00e7\u00e3o fundamental para o campo do cinema e educa\u00e7\u00e3o<\/strong>. In <em>Revista Argumento<\/em>, 155, pp. 11,12.<\/p>\n\n\n\n<p>R. Pacheco (2017). <strong>Cinema, cem anos de juventude: um programa internacional de educa\u00e7\u00e3o ao cinema implementado em Portugal.<\/strong> <em>Revista Entreideias<\/em>, Salvador, v. 6, n. 1, pp. 79-100, Julho 2017. URL: <a href=\"https:\/\/portalseer.ufba.br\/index.php\/entreideias\/article\/view\/20154\">https:\/\/portalseer.ufba.br\/index.php\/entreideias\/article\/view\/20154<\/a><\/p>\n\n\n\n<p>R. Pacheco. (2017). <strong>Pensando o Cinema e Educa\u00e7\u00e3o na Escola<\/strong>. Artigo publicado no \u00e2mbito da 5\u00aa Confer\u00eancia Internacional de Cinema de Viana (maio de 2016), Viana do Castelo. pp. 135-139. URL: <a href=\"https:\/\/web.archive.org\/web\/20181027195413\/https:\/\/www.ao-norte.com\/img\/recursos\/publicacoes\/conferencia016.pdf\">http:\/\/www.ao norte.com\/img\/recursos\/publicacoes\/conferencia016.pdf<\/a><\/p>\n\n\n\n<p>R. Pacheco (2017). <strong>Projetos europeus e internacionais de literacia f\u00edlmica implementados em Portugal<\/strong>. In Pereira, Sara &amp; Pinto, Manuel (Eds.) <em>Literacia, Media e Cidadania. Livro de Atas do 4.\u00ba Congresso<\/em>. Braga: CECS \u2013 Centro de Estudos de Comunica\u00e7\u00e3o e Sociedade, Universidade do Minho, pp. 399-409. ISBN 978-989-8600-71-4. Dispon\u00edvel em: <a href=\"http:\/\/revistacomsoc.pt\/index.php\/cecs_ebooks\/issue\/view\/222\/showToc\">http:\/\/revistacomsoc.pt\/index.php\/cecs_ebooks\/issue\/view\/222\/showToc<\/a><\/p>\n\n\n\n<p>Saldanha A. e Carvalho E. S. (2017). <strong><em>O ambiente na arte \u2013 explorando a educa\u00e7\u00e3o  art\u00edstica inclusiva com jovens e adultos<\/em>. <\/strong>VI Congresso Internacional de Educa\u00e7\u00e3o Art\u00edstica e Visual, Universidad de Extremadura, 20 a 22 de abril. Badajoz, Espanha.<\/p>\n\n\n\n<p>Saldanha, \u00c2ngela; E\u00e7a, Teresa T; Medina, Teresa. (2017). <strong>No Caminho para Casa Ativismo na investiga\u00e7\u00e3o art\u00edstica<\/strong><em>.<\/em> In: Pr\u00e1ticas Art\u00edsticas Comunit\u00e1rias, 198 \u2013 2017. ISBN: 978-989-8550-42-2. Porto: PELE.<\/p>\n\n\n\n<p>Sanches, Rui. (2018). <strong>Janela, Espelho, Mapa\u2026<\/strong> Lisboa: Documenta. ISBN: 9789898834867<\/p>\n\n\n\n<p>Santo, Pedro Cabral. (2017). <strong>Sound Climax.<\/strong>  Lisboa: Stolen Books (Ed). ISBN 978-988-99816-4-s<\/p>\n\n\n\n<p>Santos, In\u00eas; Padr\u00e3o, Maria Helena; Padr\u00e3o, Joana; Borges, F\u00e1bia Ortega; Tavares, Joana In\u00eas Veiga Guerra. (2017). \u201c<strong>Smart Cities, Smart Tourism? the case of the City of Porto\u201d.<\/strong><\/p>\n\n\n\n<p>Sardinha, L., Almeida, A. M. P., &amp; Barbas, M. P. (2017). <strong>The Classroom Physical Space as a learning ecosystem \u2013 Bridging approaches: results from a web survey<\/strong>. Em 2nd International Conference on Smart Learning Ecosystems and Regional Development. Aveiro, Portugal.<\/p>\n\n\n\n<p>Sardinha, L., Almeida, A. M. P., &amp; Barbas, M. P. (2017a). <strong>Digital Future Classroom: the Physical Space and the Inclusion of the NEET\/Refugee Population \u2013 conceptual and theoretical frameworks and methodology.<\/strong> Em INTED 2017 \u2013 11th annual International Technology, Education and Development Conference. Val\u00eancia, Espanha.<\/p>\n\n\n\n<p>Silva, B.; Ant\u00f3nio, R.; Rodrigues, J.; Tavares, M. (2017). \u201cExperimenting on film: technology meets arts\u201d. <strong>International Journal of Creative Interfaces and Computer Graphics (IJCICG)<\/strong> Volume 8, Issue 1. doi: 10.4018\/IJCICG.<a href=\"tel:(201)%20701-0104\" target=\"_blank\" rel=\"noreferrer noopener\">2017010104<\/a>.<\/p>\n\n\n\n<p>Soares, Ana Isabel.(2017). <strong>\u2018a treva da cal\u2019: Sobre Pedra e Cal.<\/strong> Folha de sala da sess\u00e3o do Porto\/Post\/Doc de 14-03-2017. <a href=\"http:\/\/www.portopostdoc.com\/home\/noticias\/view?id=144\">http:\/\/www.portopostdoc.com\/home\/noticias\/view?id=144<\/a><\/p>\n\n\n\n<p>Soares, Ana Isabel. (2017). <strong>Recens\u00e3o a Escrytos, livro de cr\u00f3nicas de Paulo Pires.<\/strong> in blogue Lugar ao Sul, 17-06-2017 (<a href=\"http:\/\/www.lugaraosul.pt\/entrada\/escrytos\" target=\"_blank\" rel=\"noreferrer noopener\">http:\/\/www.lugaraosul.pt\/entrada\/escrytos<\/a>).<\/p>\n\n\n\n<p>Tavares, Mirian. (2017). <strong>As Canseiras desta Vida: Um olhar sobre Vida Tramada<\/strong>. In Pereira, Ana Catarina &amp; Nogueira, Lu\u00eds (Org.). <em>UBICINEMA, 2007-2017<\/em>. Covilh\u00e3: Editora LabCom.IFP. ISBN (papel): 978-989-654-418-8. ISBN (pdf): 978-989-654-420-1. Dispon\u00edvel em: <a href=\"http:\/\/www.labcom-ifp.ubi.pt\/ficheiros\/201712131640-201713_ubicinema10anos_acpereiralnogueira_02.pdf\">http:\/\/www.labcom-ifp.ubi.pt\/ficheiros\/201712131640-201713_ubicinema10anos_acpereiralnogueira_02.pdf<\/a><\/p>\n\n\n\n<p>Tom\u00e9, V. (2017). A<strong>ssessing Media Literacy in Teacher Education<\/strong>. In Melda N. Yildiz, Steven Funk &amp; Belinha De Abreu (Eds.) <em>Promoting Global Competencies through Media Literacy<\/em>. Hershey (PA): IGI Global (no prelo, novembro 2017).<\/p>\n\n\n\n<p><a href=\"https:\/\/www.igi-global.com\/book\/promoting-global-competencies-through-media\/179376\">https:\/\/www.igi-global.com\/book\/promoting-global-competencies-through-media\/179376<\/a><\/p>\n\n\n\n<p>Tom\u00e9, V. (2017).&nbsp;<strong>O jornalismo p\u00f3s-Snowden em contextos de acelera\u00e7\u00e3o social.<\/strong>&nbsp;In A. Moreira, E. Ara\u00fajo &amp; H. Sousa (Eds.),&nbsp;<em>Comunica\u00e7\u00e3o e Pol\u00edtica: tempos, contextos e desafios<\/em>&nbsp;(pp. 291-311). Braga: Centro de Estudos de Comunica\u00e7\u00e3o e Sociedade. <a href=\"https:\/\/sapientia.ualg.pt\/handle\/10400.1\/9084\">https:\/\/sapientia.ualg.pt\/handle\/10400.1\/9084<\/a><\/p>\n\n\n\n<p>Tom\u00e9, V. (2017).&nbsp;<strong>Online social networks use by youngsters, teachers and parents: perceptions of risk and opportunities.<\/strong>&nbsp;In Belinha De Abreu, Paul Mihailidis, Alice Lee, Jad Melki &amp; Julian McDougall (Eds.), pp. 127-143,&nbsp;<em>The International Handbook of Media Literacy Education<\/em>. New York: Routledge. <a href=\"https:\/\/www.routledgehandbooks.com\/doi\/10.4324\/9781315628110.ch1\">https:\/\/www.routledgehandbooks.com\/doi\/10.4324\/9781315628110.ch1<\/a><\/p>\n\n\n\n<p>Torres de E\u00e7a, T. ; Milbrand, M. K.; Shin, R. ; Hsieh, K. (2017). <strong>Visual Arts Education and the challenges of the Millennium goals.  <\/strong>In: Barton, G. &amp; Baguley, M. (ED) <em>The Palgrave Handbook of Global Arts Education<\/em>. Palgrave Macmillan. ISBN 978-1-137-55585-4. <a href=\"http:\/\/www.palgrave.com\/us\/book\/9781137555847#aboutBook\">http:\/\/www.palgrave.com\/us\/book\/9781137555847#aboutBook<\/a><\/p>\n\n\n\n<p>Vieira, C\u00e9lia (2017). <strong>Les th\u00e9ories sur le roman naturaliste dans les litt\u00e9ratures portugaise et espagnole.<\/strong> In EXCAVATIO.International Review for Multidisciplinary Approaches and Comparative Studies Related to \u00c9mile Zola and Naturalism Around the World Editor: Anna Gural-Migdal, VOL. XXIX, \u00c9MILE ZOLA AND NATURALISM, 2017.<\/p>\n\n\n\n<p>Vieira, C. (2017).&nbsp;<strong>\u00abJos\u00e9 Maria da Cunha Seixas (1836-1895), fil\u00f3sofo e cr\u00edtico liter\u00e1rio\u00bb<\/strong>, in Revista Soletras, n\u00ba 34 de 2017, Universidade Federal do Rio de Janeiro, in&nbsp;<a rel=\"noreferrer noopener\" href=\"https:\/\/doi.org\/10.12957\/soletras.2017.30128\" target=\"_blank\">https:\/\/doi.org\/10.12957\/soletras.2017.30128<\/a><\/p>\n<\/div><\/div>\n\n\n\n<div class=\"wp-block-advgb-accordion-item advgb-accordion-item\" style=\"margin-bottom:15px\"><div class=\"advgb-accordion-header\" style=\"background-color:#ffffff;color:#000000;border-style:solid;border-width:0px;border-color:#ffffff\"><span class=\"advgb-accordion-header-icon\"><svg fill=\"#000000\" xmlns=\"http:\/\/www.w3.org\/2000\/svg\" width=\"24\" height=\"24\" viewBox=\"0 0 24 24\"><path fill=\"none\" d=\"M0,0h24v24H0V0z\"><\/path><path d=\"M6,10c-1.1,0-2,0.9-2,2s0.9,2,2,2s2-0.9,2-2S7.1,10,6,10z M18,10c-1.1,0-2,0.9-2,2s0.9,2,2,2s2-0.9,2-2S19.1,10,18,10z M12,10c-1.1,0-2,0.9-2,2s0.9,2,2,2s2-0.9,2-2S13.1,10,12,10z\"><\/path><\/svg><\/span><h2 class=\"advgb-accordion-header-title\" style=\"color:inherit\">2016<\/h2><\/div><div class=\"advgb-accordion-body\" style=\"border-style:solid !important;border-width:0px !important;border-color:#ffffff !important;border-top:none !important\">\n<p>Allison, Colin; Morgado, Leonel; Pirker, Johanna; (et.al.). Eds. (2016). <strong>Immersive Learning Research Network.<\/strong> ed. 1, 1 vol., ISBN: 978-3-319-41768-4. Cham: Springer International Publishing. Doi: <a href=\"http:\/\/dx.doi.org\/10.1007\/978-3-319-41769-1\">10.1007\/978-3-319-41769-1<\/a><\/p>\n\n\n\n<p>Allison, Colin; Morgado, Leonel; Pirker, Johanna; (et.al.). Eds. 2016.&nbsp;<strong>iLRN 2016 Santa Barbara \u2013 Workshop, Short Paper and Poster Proceedings from the Second Immersive Learning Research Network Conference.<\/strong>&nbsp;ed. 2, 1 vol., ISBN: 978-3-85125-472-3. Graz, Austria: Technischen Universit\u00e4t Graz. doi:&nbsp;<a href=\"http:\/\/dx.doi.org\/10.3217\/978-3-85125-472-3\">10.3217\/978-3-85125-472-3<\/a><\/p>\n\n\n\n<p>Alves Fernandes, L. M; Cruz Matos, G; Azevedo, Diogo;(et.al.) (2016). <strong>Exploring educational immersive videogames: an empirical study with a 3D multimodal interaction prototype.<\/strong> <em>Behaviour &amp; Information Technology<\/em> 35, 11 : 907 \u2013 918.<\/p>\n\n\n\n<p>Ara\u00fajo, A. (2016). <strong>Topologia, Anamorfoses, e o besti\u00e1rio das Perspectivas curvil\u00edneas.<\/strong> Convocarte (Faculdade de Belas Artes da Universidade de Lisboa), no. 2 (Setembro 2016): 51-69 URL: <a href=\"http:\/\/convocarte.belasartes.ulisboa.pt\/wp-content\/uploads\/2017\/04\/Convocarte-2-1.pdf\">http:\/\/convocarte.belasartes.ulisboa.pt\/wp-content\/uploads\/2017\/04\/Convocarte-2-1.pdf<\/a><\/p>\n\n\n\n<p>Ayala Mart\u00ednez, C., Henriet, P. and Palacios Ontalva, S. (2016). <strong>Or\u00edgenes y desarrollo de la Guerra Santa en la Pen\u00ednsula Ib\u00e9rica<\/strong>. 1st ed. Madrid: Casa de Vel\u00e1zquez, pp.187-206.<\/p>\n\n\n\n<p>Barbas, Maria Potes. (2016). <strong>Handbook Master Degree Digital Projects for an Inclusive Society.<\/strong> Zenodo. <a href=\"http:\/\/doi.org\/10.5281\/zenodo.162902\">http:\/\/doi.org\/10.5281\/zenodo.162902<\/a><\/p>\n\n\n\n<p>Barbas, M. P. (2016). <strong>Developing an E-Learning Platform: A Reflective Practitioner Perspective<\/strong>. In J. Martins, &amp; A. Molnar (Eds.) Handbook of Research on Innovations in Information Retrieval, Analysis, and Management (pp. 288-306). Hershey, PA: Information Science Reference. doi:10.4018\/978-1-4666-8833- 9.ch010 [http:\/\/www.igi-global.com\/chapter\/developing-an-e-learning-platform\/137482]<\/p>\n\n\n\n<p>Barbas, Maria, &amp; Branco, Paulo. (2016). <strong>TV T21 COMMUNITY \u2013 E-SKILLS, SOCIAL INCLUSION AND EMPLOYABILITY<\/strong>. Zenodo. <a href=\"http:\/\/doi.org\/10.5281\/zenodo.165483\">http:\/\/doi.org\/10.5281\/zenodo.165483<\/a><\/p>\n\n\n\n<p>Barbas, M., Branco, P., Dias, I., Casimiro, E., Ronsivalle, G., Costa, C., Cortoni, I. &amp; Preisinger-Kleine, R. (2016). <strong>Uptake ICT \u2013 An Erasmus+ Project for Digital Inclusion<\/strong>. Proceedings of INTED 2016, 7-9 March, 2015, Valencia, Spain. ISBN: 978-84-608-5617-7.<\/p>\n\n\n\n<p>Belo, A. and Vasques, E. (2016). <strong>Ensaios sobre Pr\u00e1ticas e Pedagogia nas Artes Performativas<\/strong>. ALICERCES: Revista de Investiga\u00e7\u00e3o, Ci\u00eancia, Tecnologias e Artes, (6). Dispon\u00edvel em: <a href=\"https:\/\/www.ipl.pt\/sites\/default\/files\/revista_alicerces6.pdf\">https:\/\/www.ipl.pt\/sites\/default\/files\/revista_alicerces6.pdf<\/a>.<\/p>\n\n\n\n<p>Bidarra, J., &amp; Figueiredo, M. (2016). <strong>A aprendizagem online com base nos jogos e na realidade aumentada: Aplica\u00e7\u00e3o do modelo AIDLET<\/strong>. In Pr\u00e1ticas e Cen\u00e1rios de Inova\u00e7\u00e3o em Educa\u00e7\u00e3o Online, (pp. 128-156). Universidade Aberta. ISBN: 978-972-674-786-4<\/p>\n\n\n\n<p>Bidarra, J., Tavares, Carvalho, E. &amp; Figueiredo, M. (2016). <strong>Special Issue on the ARTECH 2015 International Conference,<\/strong> International Journal of Creative Interfaces and Computer Graphics (IJCICG), Volume 7, Issue 2, July \u2013 December 2016, ISSN: 1947-3117; EISSN: 1947-3125, Editor-in-Chief: Ben Falchuk and Ad\u00e9rito Fernandes Marcos.<\/p>\n\n\n\n<p>Boto, S. e Mestre, I. (org.) (2016). <strong>Atas das VIII Jornadas de Investiga\u00e7\u00e3o do CIAC<\/strong>. Faro, CIAC \u2013 Centro de Investiga\u00e7\u00e3o em Artes e Comunica\u00e7\u00e3o, ISBN: 978-989-8472-81- 6. URL: <a href=\"https:\/\/ciac.pt\/publicacoes\/vii-jornadas-do-ciac\/\">https:\/\/ciac.pt\/publicacoes\/vii-jornadas-do-ciac\/<\/a><\/p>\n\n\n\n<p>Boto, S. (2016). <strong>Para a Hist\u00f3ria da edi\u00e7\u00e3o do romanceiro no Algarve: protagonistas, textos, suportes e uma falsa quest\u00e3o. <\/strong><em>Promontoria Monogr\u00e1fica Hist\u00f3ria do Algarve 03. Apontamentos para a Hist\u00f3ria das Culturas de Escrita: da Idade do Ferro \u00e0 Era Digital<\/em>, Dez.\/2016, pp. 313-334.<\/p>\n\n\n\n<p>Boto, S. (2016). <strong>Algumas notas sobre \u2018O Sapo Negro\u2019 no \u00e2mbito da \u2018Edi\u00e7\u00e3o Cr\u00edtica Das Obras Completas De Almeida Garrett.<\/strong> <em>Aben\u00e1mar. Cuadernos de la Fundaci\u00f3n Ram\u00f3n Men\u00e9ndez Pidal<\/em>, I (2016), pp. 17-34. ISSN: 2530-4151.URL: <a href=\"https:\/\/www.fundacionramonmenendezpidal.org\/revista\/index.php\/Abenamar\/article\/view\/4\">https:\/\/www.fundacionramonmenendezpidal.org\/revista\/index.php\/Abenamar\/article\/view\/4<\/a><\/p>\n\n\n\n<p>Bozeman, James R. ; Oliveira, Teresa; and Skiadas, Christos. (2016). <strong>Stochastic and Data Analysis Methods and Applications in Statistics and Demography<\/strong>. Editora: Copyright \u00a9 2016 by ISAST.  N\u00ba de P\u00e1ginas: 720. ISBN (print): 978-618-5180-18-8; ISBN (e-book): 978-618-5180-19-5. URL: <a href=\"http:\/\/www.asmda.es\/asmdabooks.html\">http:\/\/www.asmda.es\/asmdabooks.html<\/a><\/p>\n\n\n\n<p>Branco, Paulo, &amp; Barbas, Maria. (2016). <strong>Conceptualiza\u00e7\u00e3o de um prot\u00f3tipo de uma aplica\u00e7\u00e3o interativa de v\u00eddeo em ambiente web.<\/strong> <a href=\"http:\/\/doi.org\/10.5281\/zenodo.439286\">http:\/\/doi.org\/10.5281\/zenodo.439286<\/a><\/p>\n\n\n\n<p>Branco, P., Barbas, M. (2016). <strong>TV.COMmunity \u2013 evaluation of an interactive video application with students and teachers<\/strong>. Proceedings of INTED 2016, 7-9 March, 2015, Valencia, Spain. ISBN: 978-84-608-5617-7<\/p>\n\n\n\n<p>Brito Alves, Margarida; Costa, Pedro; Lamoni, Giulia; (et.al.). (2016). <strong>Introduction: New urban narratives of Fl\u00e2nerie?.<\/strong> BRITO ALVES, Margarida, et al. (coord.), <em>Fl\u00e2neur: New urban narratives<\/em>, Procur.arte, pp. 4-7.<\/p>\n\n\n\n<p>Brito Alves, Margarida; Costa, Pedro; Lamoni, Giulia; Saldanha, Jos\u00e9 Lu\u00eds; Tavares, Mirian; Soares, Ana Isabel (coordinators). (2016). <strong>Fl\u00e2neur: New urban narratives.<\/strong> In Procur.arte. ISBN 978-989-95387-3-3.<\/p>\n\n\n\n<p>Calado, A. P. (2016).  <strong>Cr\u00edtica de Arte no Primeiro Romantismo Alem\u00e3o e Produ\u00e7\u00e3o de Subjectividade<\/strong>. Revista Sala Preta, n.16, S\u00e3o Paulo: Departamento de Artes C\u00eanicas \u2013 ECA\/USP.<\/p>\n\n\n\n<p>Cardoso, P., Rodrigues, J.M.F., Monteiro, J. Sousa, L. (2016). <strong>Using a Hands-free System to Manage Common Devices.<\/strong> In Constrained Conditions, Chapter 4 of the Handbook of Research on Human-Computer Interfaces, Developments, and Applications (pp.74-99), IGI Global. Doi: 10.4018\/978-1-5225-0435-1.ch004<\/p>\n\n\n\n<p>Cardoso, P.J.S., Sch\u00fctz, G., Semi\u00e3o, J., Monteiro, J., Rodrigues, J., Mazayev, A., Ey, E. &amp; Viegas, M. (2016). <strong>Integration of a real-time stochastic routing optimization software with an enterprise resource planner<\/strong>. In C. Grueau &amp; J. Gustavo Rocha (Eds.), Geographical Information Systems Theory, Applications and Management (Revised Selected Papers), (pp 124-141, V. 582), of the series \u201cCommunications in Computer and Information Science\u201d, Springer International Publishing, January 26th, 2016, DOI: <a href=\"http:\/\/dx.doi.org\/10.1007\/978-3-319-29589-3_8\">10.1007\/978-3-319-29589-3_8<\/a><\/p>\n\n\n\n<p>Carrega, J. (2016). <strong>1952-1974: G\u00e9neros Populares e Coprodu\u00e7\u00e3o Cinematogr\u00e1fica na Europa Mediterr\u00e2nea<\/strong>. In: J. Carrega and I. Fechine, ed., Perspectivas Luso-Brasileiras em artes e comunica\u00e7\u00e3o. Cinema e outras artes, 1st ed. [online] Faro: CIAC-Centro de Investiga\u00e7\u00e3o em Artes e Comunica\u00e7\u00e3o da Universidade do Algarve, pp.70-82. Dispon\u00edvel em: <a href=\"https:\/\/sapientia.ualg.pt\/bitstream\/10400.1\/8691\/1\/Livro%20CINEMA%20E%20OUTRAS%20ARTES%20final.pdf\">https:\/\/sapientia.ualg.pt\/bitstream\/10400.1\/8691\/1\/Livro%20CINEMA%20E%20OUTRAS%20ARTES%20final.pdf<\/a>.<\/p>\n\n\n\n<p>Carrega, J. (2016). <strong>F.W. Murnau e Paul Leni: dois cineastas germ\u00e2nicos no Cinema Cl\u00e1ssico de Hollywood<\/strong>. RELICI-Revista Livre de Cinema, [online] 3(2), pp.127-139. Dispon\u00edvel em: <a href=\"http:\/\/www.relici.org.br\/index.php\/relici\/article\/view\/72\">http:\/\/www.relici.org.br\/index.php\/relici\/article\/view\/72<\/a>.<\/p>\n\n\n\n<p>Carrega, J. (2016). <strong>O cinema de Ray Harryhausen: efeitos especiais e maneirismo no cinema de Hollywood<\/strong>. Contempor\u00e2nea Revista de Comunica\u00e7\u00e3o e Cultura, 14(1), p.7. Dispon\u00edvel em <a href=\"https:\/\/portalseer.ufba.br\/index.php\/contemporaneaposcom\/article\/view\/14341\">https:\/\/portalseer.ufba.br\/index.php\/contemporaneaposcom\/article\/view\/14341<\/a><\/p>\n\n\n\n<p>Carrega, J. (2016). <strong>O integrated dance musical como \u201cobra de arte total\u201d no cinema cl\u00e1ssico de Hollywood<\/strong>. ALICERCES, (6), pp.148-159. Dispon\u00edvel em:  <a href=\"http:\/\/repositorio.ipl.pt\/bitstream\/10400.21\/6817\/1\/alicerces_jc.pdf\">http:\/\/repositorio.ipl.pt\/bitstream\/10400.21\/6817\/1\/alicerces_jc.pdf<\/a>.<\/p>\n\n\n\n<p>Carrega, J. (2016). <strong>O Neo-Peplum: Hollywood e a heran\u00e7a do cinema popular europeu no s\u00e9c. XXI<\/strong>. TROPOS: Comunica\u00e7\u00e3o, Sociedade e Cultura, [online] 5(2). Dispon\u00edvel em:  <a href=\"http:\/\/revistas.ufac.br\/revista\/index.php\/tropos\/article\/view\/505\">http:\/\/revistas.ufac.br\/revista\/index.php\/tropos\/article\/view\/505<\/a>.<\/p>\n\n\n\n<p>Carvalho, Ana (2016). <strong>Construction of Processes to Live Audiovisual Performance.<\/strong> In Baker, Camille e Sicchio, Kate (Ed.) Intersecting Art and Technology in Practice: Techne\/Technique\/Technology. London: Routledge.<\/p>\n\n\n\n<p>Carvalho, Ana (2016). <strong>Possibilidades na documenta\u00e7\u00e3o de performances audiovisuais ao vivo por meio de partituras.<\/strong> Cinemas Transversais. Patrician Moran (Ed.). S\u00e3o Paulo: Iluminuras.<\/p>\n\n\n\n<p>Carvalho, J. (2016). <strong>Caminhos e descaminhos de Portugal (s\u00e9culos XVI-XVII).<\/strong> In: R. Baleiro, S. Moreno de Jesus e Quinteiro and I. D\u00e2maso dos Santos, ed., Literatura e Turismo: Viagens, Relatos e Itiner\u00e1rios, 2nd ed. Faro: Universidade do Algarve, pp.37-45. Dispon\u00edvel em: <a href=\"http:\/\/bibliografia.bnportugal.pt\/bnp\/bnp.exe\/registo?1941440\">http:\/\/bibliografia.bnportugal.pt\/bnp\/bnp.exe\/registo?1941440<\/a>. ISBN: 978-989-8472-88-5.<\/p>\n\n\n\n<p>Carvalho, E., Marcos, A. (2016). <strong>O ensino e aprendizagem da programa\u00e7\u00e3o de computadores no ensino a dist\u00e2ncia: uma proposta de instancia\u00e7\u00e3o do modelo pedag\u00f3gico virtual da Universidade Aberta<\/strong>. In Paulo Dias, Darlinda Moreira, Ant\u00f3nio Quintas Mendes (Coord.) \u201cPr\u00e1ticas e cen\u00e1rios de inova\u00e7\u00e3o em educa\u00e7\u00e3o online\u201d [Em linha]. Lisboa: Universidade Aberta. ISBN 978-972-674-786-4. p. 189-219. http:\/\/hdl.handle.net\/10400.2\/5552<\/p>\n\n\n\n<p>Carvalho, J. and Seabra de Carvalho, A. (2016). <strong>Literatura e Cinema: experimenta\u00e7\u00e3o, intertextualidade e adapta\u00e7\u00e3o<\/strong>. In: J. Carrega and I. Fechine, ed., Perspectivas Luso-Brasileiras em Artes e Comunica\u00e7\u00e3o. Cinema e outras artes, 1st ed. [online] Faro: CIAC \u2013 Centro de Investiga\u00e7\u00e3o em Artes e Comunica\u00e7\u00e3o, pp.144-160. Dispon\u00edvel em: <a href=\"https:\/\/sapientia.ualg.pt\/bitstream\/10400.1\/8691\/1\/Livro%20CINEMA%20E%20OUTRAS%20ARTES%20final.pdf\">https:\/\/sapientia.ualg.pt\/bitstream\/10400.1\/8691\/1\/Livro%20CINEMA%20E%20OUTRAS%20ARTES%20final.pdf<\/a>. ISBN: 978-989-20-6501-4<\/p>\n\n\n\n<p>Carvalho E. S. e Marcos A. F<strong>. <\/strong>(2016).<strong> O ensino-aprendizagem da programa\u00e7\u00e3o de computadores no ensino a dist\u00e2ncia online: uma proposta de instancia\u00e7\u00e3o do modelo pedag\u00f3gico virtual da Universidade aberta<\/strong>. Pr\u00e1ticas e cen\u00e1rios de inova\u00e7\u00e3o em Educa\u00e7\u00e3o Online, cap\u00edtulo 7, pgs. 190-220, reposit\u00f3rio da Universidade Aberta, ISBN 978-972-674-78. <a href=\"http:\/\/hdl.handle.net\/10400.2\/5951\">http:\/\/hdl.handle.net\/10400.2\/5951<\/a>.<\/p>\n\n\n\n<p>Chafirovitch, C. (2016). <strong>Teatro Social, Cria\u00e7\u00e3o art\u00edstica, ac\u00e7\u00e3o e performance na comunidade<\/strong>. 1st ed. Esfera do Caos.<\/p>\n\n\n\n<p>Chinita, F. (2016). <strong>No in\u00edcio era o fim: A (des)ordem intencional de <em>Irr\u00e9versible<\/em>, de Gaspar No\u00e9. <\/strong><em>Atas do V Encontro Anual da AIM<\/em>, Sofia Sampaio, Filipe Reis e Gon\u00e7alo Mota, eds. Lisboa: AIM \u2013 Associa\u00e7\u00e3o de Investigadores da Imagem em Movimento, 2016, 232-  241. Dispon\u00edvel em: <a href=\"http:\/\/www.aim.org.pt\/atas\/Atas-VEncontroAnualAIM.pdf\">http:\/\/www.aim.org.pt\/atas\/Atas-VEncontroAnualAIM.p<\/a>df<\/p>\n\n\n\n<p>Chinita, F. (2016). <strong>Derek Jarman\u2019s Allegories of Spectacle: Inter-artistic Embodiment<\/strong>. <em>Acta Universitatis Sapientiae, Film &amp; Media Studies, <\/em>vol. 11 (2015), 143-158. Revis\u00e3o cega por pares. Dispon\u00edvel em: <a href=\"http:\/\/www.acta.sapientia.ro\/acta-film\/C11\/film11-08.pdf\">http:\/\/www.acta.sapientia.ro\/acta-film\/C11\/film11-08.pdf<\/a><\/p>\n\n\n\n<p>Chinita, F. (2016). <strong>I Sing the Body Synaesthetic\u00bb: Cinematic Embodiment in Peter Greenaway\u2019s <em>Goltzius and the Pelican Company<\/em><\/strong>. <em>Yearbook of Moving Image Studies<\/em> (YOMIS), issue 2, special issue on Image Embodiment: New Perspectives of the Sensory Turn (Lars C. Grabbe, Patrick Rupert-Kruse, and Norbert M. Shmitz, eds). Darmstadt: B\u00fcchner Verlag, 2016. Livro impresso e e-book. Revis\u00e3o cega por pares.<\/p>\n\n\n\n<p>Chinita, F. (2016). <strong>Meta-Cinematic Cultism: between High and Low Culture<\/strong>. <em>Cinema \u2013 Arte, Tecnologia, Comunica\u00e7\u00e3o<\/em>. Avanca: Cineclube de Avanca, Julho 2016, 255-262. ISBN: 978-989-96858-8-8. Dispon\u00edvel em: <a href=\"https:\/\/www.academia.edu\/27683802\/Meta-cinematic_Cultism_Between_High_and_Low_Culture\">https:\/\/www.academia.edu\/27683802\/Meta-cinematic_Cultism_Between_High_and_Low_Culture<\/a><\/p>\n\n\n\n<p>Chinita, F. (2016). <strong>O primado da ambival\u00eancia corp\u00f3rea: <em>Eraserhead<\/em> como dupla alegoria<\/strong>. <em>International Journal of Cinema, <\/em>special issue on The Cinema and the Body. Dr. Kaisu Koski and Dr. Pia Tikka, eds. Avanca: Debatevolution, 2016, pp. 73-81. ISSN (impresso): 2182-2158. ISNN online: 2182-2166. Revis\u00e3o cega por pares. <a href=\"https:\/\/www.academia.edu\/27685576\/_Eraserhead_como_dupla_alegoria\">https:\/\/www.academia.edu\/27685576\/_Eraserhead_como_dupla_alegoria<\/a><\/p>\n\n\n\n<p>Chinita, F. (2016). <strong>To be or not to be\u2026 seen: O regime do (in)vis\u00edvel em Hamlet (2000)<\/strong>. <em>Alicerces, n\u00ba 6 <\/em>\u2013 <em>Ensaios sobre Pr\u00e1ticas e Pedagogia nas Artes performativas<\/em>. Eug\u00e9nia Vasques, coord. Lisboa: Imprensa Polit\u00e9cnico de Lisboa, 2016, 129-147.<\/p>\n\n\n\n<p>Chinita, F. (2016). <strong>Varia\u00e7\u00f5es F\u00edlmicas de Uma <em>Fabula<\/em>: <em>Flirt,<\/em> de Hal Hartley<\/strong>. <em>Cartografia das Fronteiras da Narrativa Audiovisual<\/em>. Maria Guilhermina Castro, Carlos Sena Caires, Daniel Ribas e Jorge Palinhos, eds.. Porto: Universidade Cat\u00f3lica Editora, 2016, 148-158. [e-book]. Dispon\u00edvel em: <a href=\"https:\/\/www.uceditora.ucp.pt\/pt\/atas\/3040-cartografia-das-fronteiras.html\">https:\/\/www.uceditora.ucp.pt\/pt\/atas\/3040-cartografia-das-fronteiras.html<\/a><\/p>\n\n\n\n<p>Corr\u00eaa, Gra\u00e7a (2016). <strong>Landscapes of Dictatorship in Film: Three Aesthetic and Emotional Modes. <\/strong>In <em>Ditaduras Revisitadas<\/em>, ed. Denize Araujo, Eduardo Morettin e Vitor Reia-Baptista. Faro: CIAC-Universidade do Algarve, 2016. ISBN: 978-989-8859-01-3. <a href=\"https:\/\/ciac.pt\/publicacoes\/ditaduras-revisitadas-cartografias-memorias-e-representacoes-audiovisuais\/\">https:\/\/ciac.pt\/publicacoes\/ditaduras-revisitadas-cartografias-memorias-e-representacoes-audiovisuais\/<\/a><\/p>\n\n\n\n<p>Corr\u00eaa, Gra\u00e7a (2016).  <strong>Learning Spaces of Interdisciplinary Knowledge: Towards Sustainable Development.<\/strong> In <em>Proceedings of the International Conference on Interdisciplinarity in Social and Human Sciences<\/em>, eds. Saul Neves de Jesus &amp; Patr\u00edcia Pinto. Faro: Universidade do Algarve, 204-211. ISBN: 978-989-8472-82-3.<\/p>\n\n\n\n<p>Correia, Ant\u00f3nio; Fonseca, Benjamim; Paredes, Hugo; Martins, Paulo; Morgado, Leonel. (2016).<strong> Computer-Simulated 3D Virtual Environments in Collaborative Learning and Training: Meta-Review, Refinement, and Roadmap<\/strong>.  In Handbook on 3D3C Platforms, ed. Yesha Sivan, 403 \u2013 440. ISBN: 978-3-319-22040-6. Cham: Springer International Publishing.<\/p>\n\n\n\n<p>Cruz, Armando; Paredes, Hugo; Fonseca, Benjamim; Martins, Paulo; Morgado, Leonel. (2016). <strong>Collaboration in 3D Virtual Worlds: a protocol for case study research<\/strong>. In <em>EAI Endorsed Transactions on Future Intelligent Educational Environments<\/em> 2, 6: 151521 \u2013 151521.<\/p>\n\n\n\n<p>Farrajota, M., Rodrigues, J.M.F., du Buf, J.M.F. (2016). <strong>Deep neural networks video surveillance framework for elderly people monitoring<\/strong>. In M. Antona and C. Stephanidis (Eds.): Universal Access in Human-Computer Interaction 2016, Part II, LNCS 9738, pp. 370\u2013381. DOI: 10.1007\/978-3-319-40244-4_36<\/p>\n\n\n\n<p>Farrajota, M., Rodrigues, J.M.F., du Buf, J.M.H. (2016). <strong>Human Pose Estimation Using Wide Stacked Hourglass Networks<\/strong>. In Proc. of the 22nd edition of the Portuguese Conference on Pattern Recognition, Aveiro, Portugal, 28 Oct., pp. 89.<\/p>\n\n\n\n<p>Farrajota, M., Rodrigues, J.M.F., du Buf, J.M.H. (2016) <strong>Pedestrian Detection Using Multi-Stage Features in Fast R-CNN<\/strong>. In Proc. of the 22nd edition of the Portuguese Conference on Pattern Recognition, Aveiro, Portugal, 28 Oct., pp. 21<\/p>\n\n\n\n<p>Farrajota, M., Rodrigues, J.M.F., du Buf, J.M.H. (2016). <strong>Using Multi-Stage Features in Fast R-CNN for Pedestrian Detection<\/strong>. In Proc. of the 7th International Conference on Software Development and Technologies for Enhancing Accessibility and Fighting Info-exclusion (DSAI 2016). ACM, New York, NY, USA, 400-407. DOI: <a href=\"https:\/\/doi.org\/10.1145\/3019943.3020000\">10.1145\/3019943.3020000<\/a><\/p>\n\n\n\n<p>Fernandes, David e Carvalho, Elizabeth. (2016). <strong>\u201cDocGenealogy \u2013 Uma \u00e1rvore geneal\u00f3gica de doutorados\u201d <\/strong>(poster), EPCGI\u20192016, Encontro Portugu\u00eas de Computa\u00e7\u00e3o Gr\u00e1fica e Intera\u00e7\u00e3o, Covilh\u00e3, 24-25 de novembro.<\/p>\n\n\n\n<p>Fernandes-Marcos, A., Martins, A., Saldanha, A., Ara\u00fajo, A., Carvalho, E., Bidarra, J., Coelho, J., Shirley, P. and Veiga, P. (2016). <strong>Enhancement of Russian Creative Esducation: new post-graduation programme in digital art practice<\/strong>. In: S. Kurasov, ed., Russian Creative Education in Digital Arts in Line with EU Standards, 1st ed. Moscow, pp.26-42. ISBN 978.587627-142-6<\/p>\n\n\n\n<p>Fernandes Marcos, A. Dolinina, O. (2016). <strong>Introduction to the book \u201cRussian creative education in Digital Arts in line with EU standards\u201d.<\/strong> Fernandes Marcos et al. (Eds.), Editora: Stroganov Moscow State Academy of Design and Applied Arts, Moscovo, pp (6-8), ISBN:978-5-87627-142-6.<\/p>\n\n\n\n<p>Figueiredo, M. Rodrigues, J. Carreira, S., Bidarra, J., Amado, N., <strong>Rodrigues, J.,<\/strong> Quinta, H., Cardoso, P., Ribeiro, C. (2016). <strong><em>The Experience from Milage Project<\/em><\/strong>, In Book of Abstracts International Congress Interdisciplinarity in Social and Human Sciences, Faro, Portugal, pp. 16.<\/p>\n\n\n\n<p>Figueiredo, M., Bidarra, J. &amp; Bostad, R. (2016). <strong>The Development of an eBook for Teaching and Learning Mathematics<\/strong>. In Antona, M. &amp; Stephanidis, C. (Eds.), Universal Access in Human-Computer Interaction. Users and Context Diversity (pp. 49-56). Springer. ISBN: 978-3-319-40238-3. Indexado Scopus.<\/p>\n\n\n\n<p>Fontes, J., Oliveira, L., Tente, C., Farelo, M. and Martins, M. (2016). <strong>Lisboa Medieval: Gentes, Espa\u00e7os e Poderes<\/strong>. 1st ed. Lisboa: IEM. ISBN: 978-989-99567-4-2<\/p>\n\n\n\n<p>Gomes, C.M.C, Figueiredo, M.J.G., Bidarra, J., &amp; Gomes, J.D.C. (2016). <strong>Project Flappy Crab: An Edugame for Music Learning<\/strong>. In J.M. Spector et al. (eds.), Competencies in Teaching, Learning and Educational Leadership in the Digital Age, (pp. 287-301). Springer. ISBN: 978-3-319-30295-9 Indexado: Scopus.<\/p>\n\n\n\n<p>Gomes, Jos\u00e9; Gomes, Cristina; Figueiredo, Mauro; Amante, L\u00facia. (2016). <strong>Ler+Saber+ Desenvolvimento de uma aplica\u00e7\u00e3o para o 2.\u00ba ciclo do ensino b\u00e1sico.<\/strong> In Atas do 3.\u00ba Encontro sobre Jogos e Mobile Learning. Coimbra.<\/p>\n\n\n\n<p>Gomes, Cristina; Gomes, Jos\u00e9; Figueiredo, Mauro; Bidarra, Jos\u00e9. (2016). <strong>Realidade Aumentada e Gamifica\u00e7\u00e3o: Desenvolvimento de aumenta\u00e7\u00f5es num manual escolar de Educa\u00e7\u00e3o Musical. <\/strong>In Atas do 3.o Encontro sobre Jogos e Mobile Learning., Coimbra.<\/p>\n\n\n\n<p>Gomes, Jos\u00e9; Gomes, Cristina; Oliveira, L\u00eddia. (2016). <strong>O filme de anima\u00e7\u00e3o e a realidade aumentada como suportes ao ensino-aprendizagem em Educa\u00e7\u00e3o Tecnol\u00f3gica.<\/strong> In Atas do AVANCA | CINEMA 2016, 7th International Conference Cinema \u2013 Art, Technology, Communication. Avanca.<\/p>\n\n\n\n<p>Gomes, J. D. C., Figueiredo, M. J. G., Amante, L. D. G. C. D., &amp; Gomes, C. M. C. (2016). <strong>Augmented Reality in Informal Learning Environments: A Music History Exhibition.<\/strong> International Journal of Creative Interfaces and Computer Graphics (IJCICG), 7(2), 39-55.<\/p>\n\n\n\n<p>Guerra Santos, I. and Ant\u00f3nio, J. (2016). <strong>Informaci\u00f3n, educaci\u00f3n y responsabilidade: estrat\u00e9gias de vacunaci\u00f3n contra la polio en Portugal y Espa\u00f1a<\/strong>. In: M. Isabel Gallo, M. Sanz and N. Espinosa, ed., La Erradicaci\u00f3n y el Control de las enfermedades infecciosas, 1st ed. [online] Espanha: Los libros de la Catarata. Dispon\u00edvel em: <a href=\"http:\/\/loslibrosdelacatarata.org\/libro\/mostrar\/id\/1170\">http:\/\/loslibrosdelacatarata.org\/libro\/mostrar\/id\/1170<\/a>.<\/p>\n\n\n\n<p>Guerra Santos, I; Ant\u00f3nio, J; Martins Pinto, S; Pita, J &amp; Pereira, A. (2016).<strong>Informaci\u00f3n, educaci\u00f3n y responsabilidad: estrategias de vacunaci\u00f3n contra la polio en Portugal y Espa\u00f1a<\/strong>. La erradicaci\u00f3n y el control de las enfermedades infecciosas \/ coord. por Mar\u00eda Isabel Porras Gallo, Mar\u00eda Jos\u00e9 B\u00e1guena Cervellera, Mariano Ayarzag\u00fcena Sanz, Noelia Mar\u00eda Mart\u00edn Espinosa, pp. 187-207. Espanha: Catarata<\/p>\n\n\n\n<p>Guimar\u00e3es, F., Figueiredo, M. and Rodrigues, J. (2016). <strong>Augmented Reality and Storytelling in Cities: An Application to Lisbon Street Art<\/strong>. In: 18th International Conference on Digital Heritage. Londres: ICDH. Dispon\u00edvel em: <a href=\"https:\/\/zenodo.org\/record\/1127414\/files\/10005783.pdf\">https:\/\/zenodo.org\/record\/1127414\/files\/10005783.pdf<\/a>.<\/p>\n\n\n\n<p>Guimar\u00e3es, F., Figueiredo, M. and Rodrigues, J. (2016). <strong>Augmented Reality and Storytelling in Cities: An Application to Poet Fernando Pessoa in Lisbon\/Portugal City<\/strong>. In: 23\u00ba Encontro Portugu\u00eas de Computa\u00e7\u00e3o Gr\u00e1fica e Intera\u00e7\u00e3o. Encontro Portugu\u00eas de Computa\u00e7\u00e3o Gr\u00e1fica e Intera\u00e7\u00e3o.<\/p>\n\n\n\n<p>Lameira, Tiago. (2016). <strong>Actor Being: A Role in Mankind<\/strong>. Charleston, Carolina do Sul, EUA: CreateSpace Independent Publishing Platform.<\/p>\n\n\n\n<p>Lameiras, Tiago. (2016). <strong>Utopian Ambition: Constitution of the 2100 Atlantian Republic<\/strong>, Charleston, Carolina do Sul, EUA: CreateSpace Independent Publishing Platform.<\/p>\n\n\n\n<p>Marcos, Ad\u00e9rito. Saldanha, \u00c2ngela; E\u00e7a, Teresa. (2016). <strong>New master\u2019s degree program in digital arts \u2013 European Union and Russia<\/strong>.  In Russian creative education in Digital Arts in line with EU standards, 20 \u2013 25. ISBN: 978-5-87627-142-6. Russia: Stroganov Moscow State Academy of Design and Applied Arts, Moscow.<\/p>\n\n\n\n<p>Morgado, Leonel; Paredes, Hugo; Fonseca, Benjamim; (et.al). 2016. <strong>A Bot Spooler Architecture to Integrate Virtual Worlds with E-learning Management Systems for Corporate Training<\/strong>. <em>Journal of Universal Computer Science<\/em> 22, 2: 271 \u2013 297.<\/p>\n\n\n\n<p>NOGUEIRA, Adriana. (2016). <strong><em>Densus et breuis<\/em>: considera\u00e7\u00f5es sobre o estilo de Tuc\u00eddides<\/strong>. In VARGAS, A. Z.;MAGALH\u00c3ES, L. Ot\u00e1vio.; SILVA, M. A. O. (org.), <em>Her\u00f3doto e Tuc\u00eddides: Hist\u00f3ria e Tradi\u00e7\u00e3o<\/em>. Vit\u00f3ria da Conquista\/BA: Edi\u00e7\u00f5es Uesb, 2016, pp.201-2017. <a href=\"http:\/\/hdl.handle.net\/10400.1\/8693\">http:\/\/hdl.handle.net\/10400.1\/8693<\/a><\/p>\n\n\n\n<p>Oliveira, L. (2016). <strong>As Comendas Urbanas das Ordens Militares<\/strong>. 1st ed. Lisboa: Edi\u00e7\u00f5es Colibri, p.246. ISBN 798-989-689-588-4<\/p>\n\n\n\n<p>Oliveira, L. (2016).<strong> As Ordens Militares<\/strong>. In: Ordens Religiosas em Portugal \u2013 Das Origens a Trento. Guia Hist\u00f3rico \u2013 3.\u00aa edi\u00e7\u00e3o revista e ampliada. Lisboa: Livros Horizonte.<\/p>\n\n\n\n<p>Oliveira, T.A.; Mejza, S.; Kitsos, C.; Oliveira, A.; Nata, A.; Grilo, L. (2016). <strong>10th Workshop on Statistics, Mathematics and Computation and 5th Portuguese \u2013Polish Workshop on Biometry<\/strong> \u2013 Book of Abstracts. Editora: IPT-Instituto Polit\u00e9cnico de Tomar; Published and Printed by INE- Instituto Nacional de Estat\u00edstica, N.\u00ba de P\u00e1ginas: 214, ISBN: 978-989-8840-00-4. Dep\u00f3sito Legal N\u00ba: 410112\/16.<\/p>\n\n\n\n<p>Oliveira, T.A., Oliveira, A., Rahim Mahmoudvand, Nalini Ravishankar and David Banks (2016). <strong>Book of Abstracts \u2013 ISBIS 2016 Meeting on Statistics in Business and Industry.<\/strong>  Editora: e-Book published by Universidade Aberta de Lisboa. ISBN (print): 978-972-674-795-6; URL: <a href=\"https:\/\/repositorioaberto.uab.pt\/handle\/10400.2\/5732\">https:\/\/repositorioaberto.uab.pt\/handle\/10400.2\/5732<\/a>.<\/p>\n\n\n\n<p>Oliveira, A., Oliveira, T.A. and Seijas-Macias, A. (2016). <strong>Skewness into the Product of Two Normally Distributed Variables and the Risk Consequences.<\/strong> REVSTAT, Statistical Journal, Special Issue on Risk Analysis: Challenges and Applications, 14 (2),  119-138. ISSN 1645-6726.<\/p>\n\n\n\n<p>Oliveira, Teresa A., Carla Francisco, Am\u00edlcar Oliveira, Agostinho Ferreira (2016). <strong>Using R in experimental design with BIBD: An application in health sciences.<\/strong> AIP Conference Proceedings 1738, 040007; http:\/\/doi.org\/10.1063\/1.4951815<\/p>\n\n\n\n<p>Pedro, In\u00eas G; Carvalho, Ana A;  Morgado, Leonel. (2016).<strong> Comunidade de Pr\u00e1ticas Virtual para Investigadores \u2013 Um projeto em desenvolvimento.<\/strong> In Atas do 3.\u00ba Encontro sobre Jogos e Mobile Learning, Coimbra.<\/p>\n\n\n\n<p>Pedrosa, Daniela; Cravino, Jos\u00e9; Morgado, Leonel; (et.al.). (2016). <strong>SimProgramming: the Development of an Integrated Teaching Approach for Computer Programming in Higher Education.<\/strong> In INTED2016 Proceedings, Valencia, Spain.<\/p>\n\n\n\n<p>Pedrosa, Daniela; Cravino, Jos\u00e9; Morgado, Leonel; Barreira, Carlos. (2016). <strong>Self-regulated Learning in Computer Programming: Strategies Students Adopted During an Assignment<\/strong>. In Immersive Learning Research Network, ed. Colin Allison, Leonel Morgado, Johanna Pirker, Dennis Beck, Jonathon Richter, Christian G\u00fctl, 87 \u2013 101. ISBN: 978-3-319-41768-4. Cham: Springer International Publishing. doi: <a href=\"http:\/\/dx.doi.org\/10.1007\/978-3-319-41769-1_7\">10.1007\/978-3-319-41769-1_7<\/a><\/p>\n\n\n\n<p>Pianco. W. (2016). <strong>Alegorias e deslocamentos em o \u201cSapato de cetim\u201d de Manoel de Oliveira. <\/strong>In Revista Livre de Cinema, v. 3, p. 72-83, 2016. Acesso em: <a href=\"http:\/\/www.relici.org.br\/index.php\/relici\/article\/view\/77\">http:\/\/www.relici.org.br\/index.php\/relici\/article\/view\/77<\/a><\/p>\n\n\n\n<p>Raminhos, R., Coutinho, E., Miranda, N., Barbas, M., Branco, P., Gon\u00e7alves, T., &amp; Palma, G. (2016). <strong>SMART Mail \u2013 A SMART platform for mail management<\/strong>. Zenodo. http:\/\/doi.org\/10.5281\/zenodo.165496<\/p>\n\n\n\n<p>Raminhos, R., Coutinho, E., Miranda, N., Barbas, M., Branco, P., Gon\u00e7alves, T., &amp; Palma, G. (2016). <strong>Email solutions \u2013 state-of-the-art and possible evolutions<\/strong>. Zenodo. http:\/\/doi.org\/10.5281\/zenodo.165507<\/p>\n\n\n\n<p>Ramos, C.M., Correia, M., Rodrigues, J.M.F., Sousa, C.M.R., Cascada, P. (2016) <strong>Hotel websites characterisation framework for consumers information needs<\/strong>. In Tourism &amp; Management Studies, 12(1), 25-39. DOI: 10.18089\/tms.2016.12103.<\/p>\n\n\n\n<p>Ramos, C.M.Q., Rodrigues, J.M.F., Henriques, C. (2016). <strong>Desenvolvimento de um Sistemas de Recomenda\u00e7\u00e3o para divulga\u00e7\u00e3o do patrim\u00f3nio cultural e religioso<\/strong>. In Proc. TMS ALGARVE 2016 \u2013 Management Studies Int. Conf., Olh\u00e3o, Portugal, 16-19 Nov. 1 pp. (Portuguese only)<\/p>\n\n\n\n<p>Rodrigues, P. &amp; Bidarra, J. (2016).  <strong>Transmedia storytelling as an educational strategy: A prototype for learning English as a second language, <\/strong><em>International Journal of Creative Interfaces and Computer Graphics<\/em> (IJCICG): <em>Special Issue on the ARTECH 2015 International Conference<\/em>, <em>7(2),<\/em> 55-66. Dispon\u00edvel em:  <a href=\"http:\/\/www.igi-global.com\/journal\/international-journal-creative-interfaces-computer\/1161\">http:\/\/www.igi-global.com\/journal\/international-journal-creative-interfaces-computer\/1161<\/a>.<\/p>\n\n\n\n<p>Rodrigues, J.M.F., Alves, R., Sousa, L., Negrier, A., Cardoso, P.J.S., Monteiro, J., Felisberto, P., Figueiredo, M., Silva, B., Lam, R., Martins, J., Gomes, M., Bica, P. (2016) <strong>PRHOLO \u2013 360\u00ba Interactive Public Relations, Chapter 7 of the Handbook of Research on Human<\/strong>-Computer Interfaces, Developments, and Applications (pp. 166 \u2013 191), IGI Global. Doi: 10.4018\/978-1-5225-0435-1.ch007<\/p>\n\n\n\n<p>Rodrigues, J.M.F., Cardoso, P., Monteiro, J., Figueiredo, M. (2016). <strong>Handbook of Research on Human-Computer Interfaces, Developments, and Applications<\/strong>, IGI Global, 643pp. ISBN13: 9781522504351; ISBN10: 1522504354; EISBN13: 9781522504368. DOI: 10.4018\/978-1-5225-0435-1<\/p>\n\n\n\n<p>Rodrigues, J.M.F., Cardoso, P.J.S., Monteiro, J., Figueiredo, M. (2016). <strong>Preface, Handbook of Research on Human-Computer Interfaces, Developments, and Applications <\/strong>(pp. xxii-xxv), IGI Global. Doi: 10.4018\/978-1-5225-0435-1.ch004<\/p>\n\n\n\n<p>Rodrigues, J.M.F., Lessa, J., Greg\u00f3rio, M., Ramos, C., Cardoso, P.J.S. (2016) <strong>An Initial Framework for a Museum Application for Senior Citizens<\/strong>. In Proc. of the 7th International Conference on Software Development and Technologies for Enhancing Accessibility and Fighting Info-exclusion (DSAI 2016). ACM, New York, NY, USA, 414-421. DOI: <a href=\"https:\/\/doi.org\/10.1145\/3019943.3020002\">10.1145\/3019943.3020002<\/a><\/p>\n\n\n\n<p>Saldanha, \u00c2ngela &amp; Torres de E\u00e7a, Teresa coords. (2016). <strong>Artes Visuais na Educa\u00e7\u00e3o<\/strong>. Edi\u00e7\u00f5es APECV. ISBN : 978-989-99073-1-7.<\/p>\n\n\n\n<p>Saldanha, \u00c2ngela &amp; Torres de E\u00e7a, Teresa (2016). <strong>\u201cARTE EN RED: DOS PROYECTOS DE EDUCACI\u00d3N ART\u00cdSTICA ACTIVISTA\u201d<\/strong>. In: Jimenez, Lucina . ARTE PARA LA CONVIVENCIA Y EDUCACI\u00d3N PARA LA PAZ. Mexico. pp.161-184.<\/p>\n\n\n\n<p>Saldanha, \u00c2ngela; Martins, Am\u00edlcar; Veiga, Pedro. 2016. <strong>Travelling \u2013 different ways\/eyes for creative education<\/strong>.  In Russian creative education in Digital Arts in line with EU standards, 43 \u2013 57. ISBN: 978-5-87627-142-6. Russia: University of Moscow.<\/p>\n\n\n\n<p>Saldanha, \u00c2ngela; Martins, Am\u00edlcar. (2016). <strong>Lisboa numa vis\u00e3o intercultural de arte digital por estudantes russos de p\u00f3s-gradua\u00e7\u00e3o<\/strong>.  In Anima\u00e7\u00e3o Sociocultural \u2013 Globaliza\u00e7\u00e3o, Multiculturalidade, educa\u00e7\u00e3o Intercultural e Interven\u00e7\u00e3o Comunit\u00e1ria, 331 \u2013 341. ISBN: 978-989-97571-9-6. Amarante: INTERVEN\u00c7\u00c3O- Associa\u00e7\u00e3o para a Promo\u00e7\u00e3o e Divulga\u00e7\u00e3o Cultural\/Chaves.<\/p>\n\n\n\n<p>Saldanha, \u00c2ngela; Massagardi, Fernanda; Luna, Estrella. (2016). <strong>Mat\u00e9ria Prima da Poesia\u2014Raw Material<\/strong>. Revista Imaginar. Edi\u00e7\u00f5es APECV. Editora Isabel Trindade. Maio de 2016. ISSN- 1646-6845<\/p>\n\n\n\n<p>Santo, Pedro Cabral. (2016). <strong>Objectos vol\u00e1teis nem sempre identific\u00e1veis na obra de Lu\u00eds Alegre<\/strong>. In All this happened, more or less, Quarto 22, Col\u00e9gio das Artes. ISBN 978-989-99425-9-2<\/p>\n\n\n\n<p>Santo, Pedro Cabral. (2016). <strong>Espa\u00e7o aberto, espa\u00e7o fechado na obra de Alexandre Estrela<\/strong>. In PERSPECTIVAS LUSO-BRASILEIRAS EM ARTES E COMUNICA\u00c7\u00c3O, Vol. 1: Cinema e outras Artes. IAC\/UEPB-Universidade Estadual da Para\u00edba\/UTP- Universidade Tuiuti do Paran\u00e1. ISBN: 978-989-20-6501-4.<\/p>\n\n\n\n<p>Santo, Pedro Cabral; NEVES, Saul. (2016<strong>). Arte e Ci\u00eancia: Pontes para uma aproxima\u00e7\u00e3o<\/strong>. IN Revista Omnia, n\u00ba2. Edi\u00e7\u00e3o GREI. ISBN 2183-4008<\/p>\n\n\n\n<p>Santos, In\u00eas; Rodriguez-S\u00e1nchez, Juan Antonio. (2016). \u201c<strong>Informaci\u00f3n, educaci\u00f3n y responsabilidade: estrat\u00e9gias de vacunaci\u00f3n contra la polio en Portugal y Espa\u00f1a.\u201d<\/strong>. Espanha: Catarata.<\/p>\n\n\n\n<p>Silva, B.; Tavares, M; Reia-Baptista, V. (2016). <strong>\u201cInteractivity, Cinema and Experimentation: The Forking Paths\u201c<\/strong>, <em>International Journal of Creative Interfaces and Computer Graphics<\/em>. doi: 10.4018\/IJCICG.2016070106.<\/p>\n\n\n\n<p>Silva, Bruno M.; Tavares, M.; Reia-Baptista, V. Costa, S. (2016). <strong>\u201cConsiderando o tempo (e o cinema [interativo]) \u2013 segunda parte\u201d<\/strong>, in Carrega, J.; Fechine, I. (Cord.) \u2013 Perspectivas luso-brasileiras em Artes e Comunica\u00e7\u00e3o, Universidade de Para\u00edba. ISBN: 978-989-20-6501-4.<\/p>\n\n\n\n<p>Silva, Bruno M.; Tavares, M.; Reia-Baptista, V. Costa, S. (2016). <strong>\u201cConsiderando o  tempo (e o cinema [interativo]) \u2013 primeira parte\u201d<\/strong>, in Carrega, J.; Fechine, I. (Cord.) \u2013 Perspectivas luso-brasileiras em Artes e Comunica\u00e7\u00e3o, Universidade de Para\u00edba. ISBN: 978-989-20-6501-4.<\/p>\n\n\n\n<p>Silva, Bruno M.; Costa, Susana. (2016). <strong>Cinema e interatividade: da gare de Ciotat rumo ao videoclip interativo<\/strong>, Revista RELIC, V3, N2; 54-57. ISSN: 2357-8807.<\/p>\n\n\n\n<p>Silva, B.; Costa, S. (2016). <strong>CULTURE AND DIGITAL ART NETWORK: THE RECARDI PROJECT<\/strong>, 2016. VIII Jornadas do CIAC (2013). ISBN 978-989-8472-81-6.<\/p>\n\n\n\n<p>Soares, Ana Isabel. (2016). <strong>Cinema Portugu\u00eas \/ Cinema Liter\u00e1rio?.<\/strong> In ANIKI, Revista Portuguesa da Imagem em Movimento, v. 3, n. 1,  Dossier \u2018O que \u00e9 o Cinema Portugu\u00eas?\u2019 pp. 46-63. Dispon\u00edvel em: <a href=\"http:\/\/aim.org.pt\/ojs\/index.php\/revista\/article\/view\/189\/pdf\">http:\/\/aim.org.pt\/ojs\/index.php\/revista\/article\/view\/189\/pdf<\/a>. ISSN 2183-1750.<\/p>\n\n\n\n<p>Soares, Ana Isabel. (2016). <strong>Modo engenhoso de desenhar um poema em novela: <em>Amanh\u00e3 logo se v\u00ea,<\/em>V\u00edtor Nogueira, Lisboa, Averno, 2015<\/strong>\u201d (publicado como \u201cRegisto\u201d), in<em> Tellus: Revista de cultura transmontana e duriense<\/em>, director: A. M. Pires Cabral, 64, Junho de 2016, pp. 59-63.<\/p>\n\n\n\n<p>Soares, Ana Isabel; Tavares, Mirian. (2016). <strong>City, Photography, and Cinema: The representations of the <em>Fl\u00e2neur<\/em> in the audiovisual. <\/strong>In BRITO ALVES, Margarida, et al. (coord.), <em>Fl\u00e2neur: New urban narratives<\/em>, Procur.arte, 2016, pp. 88-91 .<\/p>\n\n\n\n<p>Soares, Ana Isabel; Tavares, Mirian.<em> (2016). <\/em><strong>Notas pr\u00e9vias a um estudo das imagens e da import\u00e2ncia das vanguardas art\u00edsticas na imprensa algarvia do come\u00e7o do s\u00e9culo XX<\/strong>, <em>Apontamentos para a Hist\u00f3ria das Culturas de Escrita: da Idade do Ferro \u00e0 Era Digital<\/em>, Faro: Centro de Estudos em Patrim\u00f3nio, Paisagem e Constru\u00e7\u00e3o da Faculdade de Ci\u00eancias Humanas e Sociais da Universidade do Algarve, Dez.\/2016, ISBN 978-989-8859-00-6, pp. 225-233.<\/p>\n\n\n\n<p>Sousa, L., Alves, A., Rodrigues, J.M.F. (2016) <strong><em>Augmented reality system to assist inexperienced pool players, Computacional Visual Media<\/em><\/strong>, 2(2),183-193. DOI: 10.1007\/s41095-016-0047-3 (<a href=\"http:\/\/link.springer.com\/article\/10.1007\/s41095-016-0047-3\">link<\/a>)<\/p>\n\n\n\n<p>Sousa, L., Figueiredo, M., Monteiro, J., Bidarra, J., Rodrigues, J.M.F<strong>.,<\/strong> Cardoso, P.J.S.  (2016) <strong><em>Developments of Serious Games in Education.<\/em><\/strong> Chapter 16 of the Handbook of Research on Human-Computer Interfaces, Developments, and Applications (pp. 402 \u2013 429), IGI Global. doi: 10.4018\/978-1-5225-0435-1.ch016 (<a href=\"http:\/\/www.igi-global.com\/chapter\/developments-of-serious-games-in-education\/158880\">link<\/a>)<\/p>\n\n\n\n<p>Sousa, L., Rodrigues, J.M.F.., Monteiro, J. Cardoso, P.J.S., Lam, R.,(2016). <strong><em>GyGSLA: A Portable Glove System for Learning Sign Language Alphabet<\/em><\/strong>. In M. Antona and C. Stephanidis (Eds.): Universal Access in Human-Computer Interaction 2016, Part III, LNCS 9739, pp. 159\u2013170. DOI: 10.1007\/978-3-319-40238-3_16 (<a href=\"http:\/\/link.springer.com\/chapter\/10.1007\/978-3-319-40238-3_16\">link<\/a>)<\/p>\n\n\n\n<p>Tereso C. F. e Carvalho E. S. (2016). <strong>Desenvolvimento de uma ferramenta visual para an\u00e1lise das intera\u00e7\u00f5es em f\u00f3runs num ambiente de e-learning.<\/strong> Revista Ci\u00eancias da Computa\u00e7\u00e3o, volume 11, n\u00ba 11, ISSN: 2182-1801, <a href=\"https:\/\/journals.uab.pt\/index.php\/rcc\/article\/view\/82\">https:\/\/journals.uab.pt\/index.php\/rcc\/article\/view\/82<\/a>.<\/p>\n\n\n\n<p>Tom\u00e9, V. (2016). <strong>Aprendizagem nas Redes Sociais Online: Pr\u00e1ticas e Perce\u00e7\u00f5es de Jovens (9-16), Seus Professores e Encarregados de Educa\u00e7\u00e3o<\/strong>. In Lu\u00edsa Miranda, Paulo Alves &amp; Carlos Morais (eds.). Atas do Congresso Mundial de Estilo de Aprendizagem (pp. 1337-1350). Bragan\u00e7a: Instituto Polit\u00e9cnico de Bragan\u00e7a.<\/p>\n\n\n\n<p>Tom\u00e9, V. (2016). <strong>Cidadania na era digital: um projeto-piloto de forma\u00e7\u00e3o de crian\u00e7as dos 3 aos 9 anos em contexto formal e informal de aprendizagem<\/strong>. Revista Educa\u00e7\u00e3o e Cultura Contempor\u00e2nea, 13, 31, 372-403. Dispon\u00edvel em: <a href=\"http:\/\/goo.gl\/ULH0zR\">http:\/\/goo.gl\/ULH0zR<\/a><\/p>\n\n\n\n<p>Tom\u00e9, V. (2016). <strong>Futuro dos media reside no \u2018big data\u2019 das audi\u00eancias<\/strong>. Dispon\u00edvel em: <a href=\"http:\/\/pt.ejo.ch\/jornalismo\/10656\">http:\/\/pt.ejo.ch\/jornalismo\/10656<\/a><\/p>\n\n\n\n<p>Tom\u00e9, V. (2016). <strong>Media education in Portuguese curricula<\/strong>. The Journal of Media Literacy, 63, 1-2, 42-49. Dispon\u00edvel em <a href=\"http:\/\/goo.gl\/8Xlx4J\">http:\/\/goo.gl\/8Xlx4J<\/a><\/p>\n\n\n\n<p>Tom\u00e9, V. and de Abreu, B. (2016). <strong>Developing digital citizenship in children aged from 3 to 9: a pilot project in the Portuguese region of Odivelas<\/strong>. Special Issue of the Journal Media Education: Studi, Ricerche, Buone Pratiche, [online] 7(2), pp.215-233. Dispon\u00edvel em: <a href=\"http:\/\/riviste.erickson.it\/med\/it\/2016\/developing-digital-citizenship-in-children-aged-from-3-to-9-a-pilot-project-in-the-portuguese-region-of-odivelas\/\">http:\/\/riviste.erickson.it\/med\/it\/2016\/developing-digital-citizenship-in-children-aged-from-3-to-9-a-pilot-project-in-the-portuguese-region-of-odivelas\/<\/a>.<\/p>\n\n\n\n<p>Torres de E\u00e7a, Teresa; Saldanha, \u00c2ngela; Barbero Franco, Ana Maria (2016). <strong>\u201c\u2019insurgence\u2019 \u2013 Activism in art education Research and Praxis\u201d<\/strong>. In: Shin, R. (Ed.) Convergence of Contemporary Art, Visual Culture, and Global Civic Engagement.<\/p>\n\n\n\n<p>Vale, Leonor; Carvalho, Ana A; Moutinho, Nuno; Morgado, Leonel. (2016). <strong>Desafios dos dispositivos m\u00f3veis e recursos digitais \u2013 O projeto TeK.escolaglobal.<\/strong> In Atas do 3.\u00ba Encontro sobre Jogos e Mobile Learning, Coimbra.<\/p>\n\n\n\n<p>Vasques, E. (2016). <strong>Pre\u00e2mbulo Program\u00e1tico<\/strong>. Alicerces: Revista de Investiga\u00e7\u00e3o, Ci\u00eancia, Tecnologias e Artes, [online] (6), pp.13-17. Dispon\u00edvel em: <a href=\"https:\/\/www.ipl.pt\/sites\/default\/files\/revista_alicerces6.pdf\">https:\/\/www.ipl.pt\/sites\/default\/files\/revista_alicerces6.pdf<\/a><\/p>\n\n\n\n<p>Vieira, C\u00e9lia (2016). <strong>De l\u2019influence \u00e0 la th\u00e9orie du syst\u00e8me-monde:le cas du naturalisme ib\u00e9rique<\/strong>. In Semin\u00e1rio Internacional Imagin\u00e1rios e Alteridades\/ Seminaire International Imaginaires et Alt\u00e9rit\u00e9s, ISMAI.<\/p>\n\n\n\n<p>Vieira, C\u00e9lia (2016). <strong>Naturalisme en Espagne<\/strong>, <strong>Vicente BlascoIbanez<\/strong>, <strong>Leopoldo Alas (Clarin)<\/strong>, <strong>Emilia PardoBaz\u00e1n<\/strong>, <strong>Benito P\u00e9rez Gald\u00f3s<\/strong>, <strong>Capitales \u2013 Madrid<\/strong>. In Dictionnaire des Naturalismes 2 vols., Paris, Champion.<\/p>\n\n\n\n<p>Vieira, C\u00e9lia (2016). <strong>This is Real<\/strong>. In Inpossible \u2013 with n\u2026 entering in the possibility. Caderno 1. Arquip\u00e9lago, Centro de Artes Contempor\u00e2neas. Secretaria Regional de Educa\u00e7\u00e3o e Cultura. Dire\u00e7\u00e3o Regional de Cultura. pp. 14-15.<\/p>\n\n\n\n<p>Vieira, C\u00e9lia e Rio Novo, Isabel (2016). <strong>Do Romantismo ao Romantismo: a evolu\u00e7\u00e3o do pensamento liter\u00e1rio do portuense Alexandre da Concei\u00e7\u00e3o<\/strong>. In II Congresso \u00abO Porto Rom\u00e2ntico\u00bb. Actas. Porto: CITAR\/ Escola das Artes da Universidade Cat\u00f3lica Portuguesa. pp. 109-120. Dispon\u00edvel em: <a href=\"http:\/\/citar.artes.porto.ucp.pt\/sites\/default\/files\/files\/artes\/CITAR\/Edicoes\/Atas_II_Congresso_O_Porto_Romantico.pdf\">http:\/\/citar.artes.porto.ucp.pt\/sites\/default\/files\/files\/artes\/CITAR\/Edicoes\/Atas_II_Congresso_O_Porto_Romantico.pdf<\/a><\/p>\n\n\n\n<p>Vieira, C\u00e9lia e Rio Novo, Isabel. (2016). <strong>As teorias liter\u00e1rias de Guilherme Braga (1845-1872) e a poesia panflet\u00e1ria no Porto<\/strong>. In II Congresso \u00abO Porto Rom\u00e2ntico\u00bb. Actas . Porto: CITAR\/ Escola das Artes da Universidade Cat\u00f3lica Portuguesa. pp. 289-300. Dispon\u00edvel em: <a href=\"http:\/\/citar.artes.porto.ucp.pt\/sites\/default\/files\/files\/artes\/CITAR\/Edicoes\/Atas_II_Congresso_O_Porto_Romantico.pdf\">http:\/\/citar.artes.porto.ucp.pt\/sites\/default\/files\/files\/artes\/CITAR\/Edicoes\/Atas_II_Congresso_O_Porto_Romantico.pdf<\/a><\/p>\n<\/div><\/div>\n\n\n\n<div class=\"wp-block-advgb-accordion-item advgb-accordion-item\" style=\"margin-bottom:15px\"><div class=\"advgb-accordion-header\" style=\"background-color:#ffffff;color:#000000;border-style:solid;border-width:0px;border-color:#ffffff\"><span class=\"advgb-accordion-header-icon\"><svg fill=\"#000000\" xmlns=\"http:\/\/www.w3.org\/2000\/svg\" width=\"24\" height=\"24\" viewBox=\"0 0 24 24\"><path fill=\"none\" d=\"M0,0h24v24H0V0z\"><\/path><path d=\"M6,10c-1.1,0-2,0.9-2,2s0.9,2,2,2s2-0.9,2-2S7.1,10,6,10z M18,10c-1.1,0-2,0.9-2,2s0.9,2,2,2s2-0.9,2-2S19.1,10,18,10z M12,10c-1.1,0-2,0.9-2,2s0.9,2,2,2s2-0.9,2-2S13.1,10,12,10z\"><\/path><\/svg><\/span><h2 class=\"advgb-accordion-header-title\" style=\"color:inherit\">2015<\/h2><\/div><div class=\"advgb-accordion-body\" style=\"border-style:solid !important;border-width:0px !important;border-color:#ffffff !important;border-top:none !important\">\n<p>Ant\u00f3nio, R.; Silva, B; Rodrigues, J. (2015). <strong>Dialectical Polyptych: an interactive movie<\/strong>. International Journl of Advances in Computer Science &amp; Its Applications \u2013 IJCSIA. Volume 5 : Issue 2. ISSN : 2250-3765.<\/p>\n\n\n\n<p>Barbas, Maria. (2015). <strong>VisualYzARt project \u2013 the role in Education.<\/strong> Procedia \u2013 Social and Behavioral Sciences Journal. <a href=\"http:\/\/doi.org\/10.5281\/zenodo.165817\">http:\/\/doi.org\/10.5281\/zenodo.165817<\/a><\/p>\n\n\n\n<p>Barbas, M.; Loureiro, A.; Messias, I. &amp; Pacheco, N. (2015).&nbsp;<strong>VisualYzARt project \u2013 the role in Education. Procedia \u2013 Social and Behavioral Sciences Journal<\/strong>. Volume 191, 2 June 2015 (pp. 2829-2834). Elsevier. doi:10.1016\/j.sbspro.2015.04.256 [<a href=\"http:\/\/www.sciencedirect.com\/science\/article\/pii\/S1877042815025161\">http:\/\/www.sciencedirect.com\/science\/article\/pii\/S1877042815025161<\/a>]<\/p>\n\n\n\n<p>Bidarra, J., Figueiredo, M. &amp; Nat\u00e1lio, C. (2015). <strong>Interactive design and gamification of ebooks for mobile and contextual learning<\/strong>. International Journal of Interactive Mobile Technologies (iJIM), 9(3), 24-32. Dispon\u00edvel em: http:\/\/dx.doi.org\/10.3991\/ijim.v9i3.4421. Indexado: Scopus, CrossRef.<\/p>\n\n\n\n<p>Bidarra, J. (2015). <strong>Moodle for Mobile Learning<\/strong>, recens\u00e3o cr\u00edtica. Revista de Ci\u00eancias da Computa\u00e7\u00e3o, vol. 9, Universidade Aberta. Dispon\u00edvel em: <a href=\"https:\/\/web.archive.org\/web\/20160213033623\/http:\/\/lead.uab.pt\/OJS\/index.php\/RCC\/issue\/view\/10\">http:\/\/lead.uab.pt\/OJS\/index.php\/RCC\/<\/a><\/p>\n\n\n\n<p>Bidarra, J., E\u00e7a, T., Tavares, M., Leote, R., Pimentel, L., Carvalho, E. &amp; Figueiredo, M. [Eds.] (2015). <strong>ARTECH 2015: Proceedings of the 7th International Conference on Digital Arts<\/strong>. \u00d3bidos: ARTECH International. ISBN: 978-989-99370-0-0.<\/p>\n\n\n\n<p>Boto, S. (2015). <strong>Almeida Garrett e a tradi\u00e7\u00e3o antiga.<\/strong> I<em>n<\/em> Pere Ferr\u00e9, e Pedro M. Pi\u00f1ero e Ana Valenciano (coord.), <em>Miscel\u00e1nea de estudios sobre el romancero. Homenaje a Giuseppe Di Stefano, <\/em>Sevilla: Editorial Universidad de Sevilla \/ Universidade do Algarve \u2013 CIAC, pp. 95-118.<\/p>\n\n\n\n<p>Boto, S. (2015). <strong>A prop\u00f3sito do romance tradicional \u2018Nau Catrineta\u2019: peregrina\u00e7\u00f5es no tempo e no espa\u00e7o.<\/strong> <em>In<\/em> Jo\u00e3o Carvalho (coord.), <em>A<\/em> Peregrina\u00e7\u00e3o<em> de Fern\u00e3o Mendes Pinto e a Perenidade da Literatura de Viagens<\/em>, Lisboa: CLEPUL, pp. 77-92.<\/p>\n\n\n\n<p>Branco, A. (2015). <strong>Visita guiada ao of\u00edcio do ator: um m\u00e9todo.<\/strong> Faro\/Coimbra: CIAC\/Gr\u00e1cio Editor 352 pp.<\/p>\n\n\n\n<p>Brito, A., Leit\u00e3o, R., M.F. Rodrigues J., Marcos, A. (2015). <strong>V\u00eddeo-instala\u00e7\u00e3o para a Interpreta\u00e7\u00e3o de Tradi\u00e7\u00f5es Regionais.<\/strong> In Proc. of 7th International Conference on Digital Arts, ARTECH 2015 \u2013 Creating Digital E-motions, J. Bidarra, T. E\u00e7a, M. Tavares, R. Leote, L. Pimentel, E. Carvalho, M. Figueiredo (Editors), \u00d3bidos, 19-20 March. ISBN: 978-989-99370-0-0. pp. 199-206. DOI: http:\/\/dx.doi.org\/10.13140\/RG.2.1.3088.5922<\/p>\n\n\n\n<p>Carrega, Jorge (2015).<strong>Orson Welles y el Cine de Hollywood en la d\u00e9cada de 1940. <\/strong>\u00c1mbitos \u2013 Revista de estudios de ciencias sociales y humanidades, n\u00ba 33. Cordoba, pp. 83-92.<\/p>\n\n\n\n<p>Carrega, Jorge (2015). <strong>O Euro-Western: uma vis\u00e3o europeia do mais americano dos g\u00e9neros cinematogr\u00e1ficos. <\/strong>In: SALES, Jos\u00e9 Albio e SILVA, Bruno (org), <em>Arte, Tecnologia e Po\u00e9ticas Contempor\u00e2neas.<\/em> Editora da Universidade Estadual do Cear\u00e1 \u2013 EdUECE, pp. <a href=\"https:\/\/maps.google.com\/?q=355-376&amp;entry=gmail&amp;source=g\">355-376<\/a>.<\/p>\n\n\n\n<p>Carrega, Jorge (2015). <strong>O WESTERN ENTRE A HIST\u00d3RIA E O MITO: A Arte do Oeste Americano no Western de Hollywood<\/strong>. Revista Metakinema. Sevilha. D\u00edsponivel em: <a href=\"http:\/\/www.metakinema.es\/metakineman17s1a1_Western_Art_Myth_Jorge_Carrega.html\" target=\"_blank\" rel=\"noreferrer noopener\">http:\/\/www.metakinema.es\/metakineman17s1a1_Western_Art_Myth_Jorge_Carrega.html<\/a><\/p>\n\n\n\n<p>Carvalho, A. (2015). <strong>Live Audiovisual Performance and Documentation<\/strong>. In V. Crisp and G. Menotti (ed.), Besides the Screen: Moving Images through Distribution, Promotion and Curation. Londres: Palgrave Macmillan. Dispon\u00edvel em: <a href=\"http:\/\/www.palgrave.com\/us\/book\/9781137471017\">http:\/\/www.palgrave.com\/us\/book\/9781137471017<\/a>.<\/p>\n\n\n\n<p>Carvalho, A. (2015). <strong>A figura de Schah-Baham nos contos orientais de Claude Cr\u00e9billon. <\/strong>In C. \u00c1lvares, A. Curado, e S. Sousa, (org.), Figuras do Idiota. Literatura Cinema Banda Desenhada, Edi\u00e7\u00e3o do Centro de Estudos Human\u00edsticos da Universidade do Minho, Edi\u00e7\u00f5es H\u00famus, V. N. de Famalic\u00e3o, pp. 205-216.<\/p>\n\n\n\n<p>Carvalho, A. (2015). <strong>Pelo Pa\u00eds dos Romances com o Padre Bougeant.<\/strong> In J. Carvalho, (coord.), A Peregrina\u00e7\u00e3o de Fern\u00e3o Mendes Pinto e a Perenidade da Literatura de Viagens, FCHS-UAlg &amp; CLEPUL, pp. 265-274.<\/p>\n\n\n\n<p>Carvalho, A. (2015). <strong>The Audiovisual Breakthrough. Berlim: Fluctuating Images.<\/strong> C. Lund (ed). Dispon\u00edvel em: <a href=\"https:\/\/web.archive.org\/web\/20240222200006\/http:\/\/www.ephemeral-expanded.net\/audiovisualbreakthrough\/\">http:\/\/www.ephemeral-expanded.net\/audiovisualbreakthrough\/<\/a><\/p>\n\n\n\n<p>Carvalho, E., Fernandes Marcos, A. (2015). <strong>Evaluating the Quality of Students Actions in a Distance Learning Programming Language Academic Discipline<\/strong>. In Proc. of EDEN (European Distance and E-Learning Network) 2015 Annual Conference, Ant\u00f3nio Moreira Teixeira, Andr\u00e1s Sz\u0171cs and Ildik\u00f3 M\u00e1z\u00e1r (Eds.), Barcelona. ISBN: 978-615-5511-02-8. pp. 50-57. http:\/\/hdl.handle.net\/10400.2\/5951<\/p>\n\n\n\n<p>Carvalho, J. (2015). <strong>A Peregrina\u00e7\u00e3o de Fern\u00e3o Mendes Pinto e a Perenidade da Literatura de Viagens.<\/strong> Actas do Col\u00f3quio Internacional, CLEPUL, Lisboa.<\/p>\n\n\n\n<p>Carvalho, J. (2015). <strong>As cores ret\u00f3ricas e a pintura da verdade em Garcia da Orta<\/strong>. Bot\u00e2nica, Medicina e Cultura nos Col\u00f3quios de Garcia da Orta (A. Cardoso e P. Costa \u2013org.), Ed. Colibri, Lisboa, pp. 215-227.<\/p>\n\n\n\n<p>Corr\u00eaa, Gra\u00e7a (2015). <strong> Dramaturg as Context Manager: A Phenomenological and Political Practice<em>. <\/em><\/strong>In<em> The Routledge Companion to Dramaturgy<\/em>, ed. Magda Romanska. New York: Routledge, 2014, 308-12. ISBN:978-0-415-65849-2. <a href=\"http:\/\/www.tandfebooks.com\/isbn\/9780203075944\">http:\/\/www.tandfebooks.com\/isbn\/9780203075944<\/a><\/p>\n\n\n\n<p>Corr\u00eaa, Gra\u00e7a (2015). <strong>Landscapes of synesthesia: views from art, science and philosophy.<\/strong> In Arts and Sciences in Dialogue, ed. Isabel Ponce de Le\u00e3o, Maria do Carmo Mendes &amp; S\u00e9rgio Lira. Porto: Green Lines Institute for Sustainable Development, 69-80. ISBN: 978-989-8734-03-7<\/p>\n\n\n\n<p>Domingos, A., Fernandes Marcos, A. (2015). <strong>Experimentando a cria\u00e7\u00e3o de videoarte fractal.<\/strong> In Proc. of 7th International Conference on Digital Arts, ARTECH 2015 \u2013 Creating Digital E-motions, J. Bidarra, T. E\u00e7a, M. Tavares, R. Leote, L. Pimentel, E. Carvalho, M. Figueiredo (Editors), \u00d3bidos, 19-20 March. ISBN: 978-989-99370-0-0. pp. 87-97. DOI: <a href=\"http:\/\/dx.doi.org\/10.13140\/RG.2.1.2564.3043\">http:\/\/dx.doi.org\/10.13140\/RG.2.1.2564.3043<\/a><\/p>\n\n\n\n<p>Dominguez, M\u00e1rio; Paulino, Fernando F; Silva, Bruno M.  (2015). <strong>O document\u00e1rio atrav\u00e9s do videojogo. <\/strong>In Silva, Bruno M.; Sales, Albio (Cord.) \u2013 <em>Po\u00e9ticas Contempor\u00e2neas \u2013 Arte e Tecnologia<\/em>, Edi\u00e7\u00f5es Universidade Federal do Cear\u00e1. ISBN: 978-85-7826-262-4.<\/p>\n\n\n\n<p>Escudeiro, P., Escudeiro, N., Reis, R., Rodrigues, P., Lopes, J., Norberto, M., Baltasar, A. B.,  Barbosa, M., Bidarra, J. (2015). <strong>VirtualSign \u2013 Real Time Bidirectional Translator of Portuguese Sign Language<\/strong>.  Procedia Computer Science, 67(2015), 252 \u2013 262. Dispon\u00edvel em  http:\/\/dx.doi.org\/10.1016\/j.procs.2015.09.269 . Indexado: Scopus, Web of Science, CrossRef.<\/p>\n\n\n\n<p>Figueiredo, M. &amp; Bidarra, J. (2015). <strong>The Development of a Gamebook for Education, Procedia Computer Science<\/strong>, Volume 67(2015), 322\u2013331. Dispon\u00edvel em  http:\/\/dx.doi.org\/10.1016\/j.procs.2015.09.276 . Indexado: Scopus, Web of Science, CrossRef.<\/p>\n\n\n\n<p>Fernandes Marcos, Ad\u00e9rito. (2015). <strong>ARTEFACTO PRESENSE: do ciclo criativo \u00e0 experi\u00eancia transdisciplinar.<\/strong> Pref\u00e1cio, in Cat\u00e1logo \u201cPRESENSE, Rudolfo Quintas\u201d, Edi\u00e7\u00f5es ARTECH-INTERNATIONAL. creative education ISBN: 978-989-99370-1-7, pp.5-11.<\/p>\n\n\n\n<p>Ferr\u00e9, Pedro; Pedro M. Pi\u00f1ero; Valenciano, A. (coord.). (2015).<strong> Miscel\u00e1nea de estudios sobre el romancero. Homenaje a Giuseppe Di Stefano<\/strong>. Sevilla: Editorial Universidad de Sevilla \/ UALG \u2013 CIAC<\/p>\n\n\n\n<p>Gra\u00e7a, M. (2015). <strong>Articula\u00e7\u00f5es de linguagem em anima\u00e7\u00e3o<\/strong>. In V. Ferreira, A. Cardoso (eds.) I Simp\u00f3sio A Fus\u00e3o das Artes do Cinema. Coimbra: Caminhos do Cinema Portugu\u00eas, pp. 45-56. Dispon\u00edvel em: <a href=\"http:\/\/hdl.handle.net\/10400.1\/6902\">http:\/\/hdl.handle.net\/10400.1\/6902<\/a>.<\/p>\n\n\n\n<p>Gra\u00e7a, M. (2015). <strong>Especificidades do discurso na realiza\u00e7\u00e3o de imagens animadas. Compet\u00eancias fundamentais na forma\u00e7\u00e3o de animadores profissionais<\/strong>. In C. Ferreira, M. Oliveira (eds). Corte e Abertura. CEAA \u2013 CESAP\/ESAP: Porto, pp. 53- 63. Dispon\u00edvel em: <a href=\"http:\/\/hdl.handle.net\/10400.1\/7213\">http:\/\/hdl.handle.net\/10400.1\/7213<\/a>.<\/p>\n\n\n\n<p>Guimar\u00e3es, F., Figueiredo, M. and Rodrigues, J. (2015). <strong>Realidade Aumentada e Transmedia Storytelling em Museus e Patrim\u00f3nio Cultural: Artefacto Digital I-Lugar.<\/strong> In: 18th International Conference on Digital Heritage. Londres: ICDH. Dispon\u00edvel em:<a href=\"https:\/\/ciac.pt\/wp-content\/uploads\/2017\/09\/FGuimaraes-DigitalHeritage2015.pdf\"> https:\/\/ciac.pt\/wp-content\/uploads\/2017\/09\/FGuimaraes-DigitalHeritage2015.pdf<\/a><\/p>\n\n\n\n<p>Guimar\u00e3es, F., Figueiredo, M. and Rodrigues, J. (2015).<strong>Augmented Reality and Storytelling in Heritage: Application<\/strong> in Public Gardens: Calouste Gulbenkian Foundation Garden. In: Digital Heritage International Congress 2015. Granada: DH2015. Dispon\u00edvel em: <a href=\"https:\/\/ciac.pt\/wp-content\/uploads\/2017\/09\/FGuimaraes-ARTECH2015.pdf\">https:\/\/ciac.pt\/wp-content\/uploads\/2017\/09\/FGuimaraes-ARTECH2015.pdf<\/a><\/p>\n\n\n\n<p>Martins, A. (2015). <strong>A ilus\u00e3o da realidade: apontamentos sobre a evolu\u00e7\u00e3o dos notici\u00e1rios em Portugal<\/strong>. In A. Sales, &amp; B. Silva (Orgs.), Arte, Tecnologia e Po\u00e9ticas Contempor\u00e2neas (pp. 287-306). Fortaleza: EdUECE.<\/p>\n\n\n\n<p>Martins, A.; Fern\u00e1ndez, O. (2015). <strong>Olhares e vozes da mudan\u00e7a social: perspectivas da investiga\u00e7\u00e3o sobre os jornais cinematogr\u00e1ficos em Portugal e Espanha antes e depois da revolu\u00e7\u00e3o e transi\u00e7\u00e3o democr\u00e1tica.<\/strong> In D. Ribas, &amp; M. Penafria (Eds.), Atas do IV Encontro Anual da AIM (pp. 368-376).<\/p>\n\n\n\n<p>Messias, In\u00eas, Morgado, Lina, &amp; Barbas, Maria. (2015<strong>). Students\u2019 engagement in distance learning: creating a scenario with LMS and Social Network aggregation<\/strong>. <a href=\"http:\/\/doi.org\/10.5281\/zenodo.439230\">http:\/\/doi.org\/10.5281\/zenodo.439230<\/a><\/p>\n\n\n\n<p>Narciso, Ana; Zagalo, Nelson; Silva, Bruno M. (2015). <strong>A uni\u00e3o entre e g\u00e9nero Survival Horror e o videojogo como meio digital interativo.<\/strong> In Silva, Bruno M.; Sales, Albio (Cord.) \u2013 <em>Po\u00e9ticas Contempor\u00e2neas \u2013 Arte e Tecnologia<\/em>, Edi\u00e7\u00f5es Universidade Federal do Cear\u00e1. ISBN: 978-85-7826-262-4.<\/p>\n\n\n\n<p>Norberto, M., Lopes, J., Escudeiro, P., Escudeiro, N., Reis, R., Rodrigues, P., Barbosa, M., Bidarra, J., Baltasar, A. B. (2015).<strong>  Virtual Sign\u2014Using a Bidirectional Translator in Serious Games<\/strong>.  China-USA Business Review, May 2015, 14(5), 261-268.  Dispon\u00edvel em  http:\/\/www.davidpublisher.org\/Public\/uploads\/Contribute\/55b9871470d54.pdf. Indexado: CrossRef.<\/p>\n\n\n\n<p>Oliveira, J. (2015). <strong>Reflex\u00f5es contempor\u00e2neas, talvez p\u00f3s-coloniais, sobre o p\u00f3s-colonial em cinemas africanos da contemporaneidade<\/strong>. In: XII CONLAB, 2015, Lisboa.<\/p>\n\n\n\n<p>Pianco, W. (2015). <strong>M\u00faltiplas vozes: uma retrospectiva do IV Encontro Anual da AIM<\/strong>. Aniki \u2013 Revista Portuguesa da Imagem em Movimento. Fevereiro de 2015. Dispon\u00edvel em: <a href=\"http:\/\/aim.org.pt\/ojs\/index.php\/revista\/article\/view\/132%20222-223\">http:\/\/aim.org.pt\/ojs\/index.php\/revista\/article\/view\/132 222-223<\/a>.<\/p>\n\n\n\n<p>Quintas R., Teixeira M., Fernandes Marcos, A. (2015). <strong>eExperimentar: uma aplica\u00e7\u00e3o web de suporte \u00e0 experimenta\u00e7\u00e3o art\u00edstica visual baseada na estiliza\u00e7\u00e3o de imagens.<\/strong> In Proc. of 7th International Conference on Digital Arts, ARTECH \u2013 Creating Digital E-motions, J. Bidarra, T. E\u00e7a, M. Tavares, R. Leote, L. Pimentel, E. Carvalho, M. Figueiredo (Editors), \u00d3bidos, 19-20 March 2015. ISBN: 978-989-99370-0-0. pp. 75-85. DOI: <a href=\"http:\/\/dx.doi.org\/10.13140\/RG.2.1.4399.3126\">http:\/\/dx.doi.org\/10.13140\/RG.2.1.4399.3126<\/a><\/p>\n\n\n\n<p>Quintas, R., Marcos, A., Tavares, M. (2015). <strong>Escultura Pr\u00e9sence: um sistema tridimensional de intera\u00e7\u00e3o sonoro-corporal.<\/strong> Atas do 22\u00ba Encontro Portugu\u00eas de Computa\u00e7\u00e3o Gr\u00e1fica e Intera\u00e7\u00e3o \u2013 SciTecIn\/EPCGI 2015. Departamento de Engenharia Electrot\u00e9cnica, Polo II, Universidade de Coimbra, Portugal. ISBN: 978-989-20-6383-6. (pp. 4-12).<\/p>\n\n\n\n<p>Rodrigues, P. &amp; Bidarra, J.(2015). <strong>Connecting Cat \u2013 A Transmedia Learning Project. In Interactive Storytelling<\/strong>. Vol. 9445 (pp. 353-356). Series Lecture Notes in Computer Science, Springer. ISBN: 978-3-319-27035-7. Indexado: Scopus, Web of Science, CrossRef.<\/p>\n\n\n\n<p>S\u00e1nchez, Juan Antonio Rodr\u00edguez; Santos, In\u00eas Guerra. (2015). <strong>\u201cUna enfermedad lejana: la informaci\u00f3n sobre poliomielitis y s\u00edndrome post-polio en la prensa hispanolusa, 1995-2009\u201d<\/strong>. <em>Hist\u00f3ria, Ci\u00eancias, Sa\u00fade-Manguinhos<\/em> 22 (3): 985-1005. http:\/\/dx.doi.org\/10.1590\/s0104-59702015000300019.<\/p>\n\n\n\n<p>S\u00e1nchez. J. A. e Guerra, I. (2015). <strong>\u201cDenial, Oblivion and new fears: Poliomyelitis and the post-Polio Syndrome in the Spanish and Portuguese press (1995-2009)\u201d<\/strong>. In Hygiea Internationalis. 2015 11(1), pp. 93-129.<\/p>\n\n\n\n<p>Rodriguez-S\u00e1nchez, Juan Antonio; Guerra-Santos, In\u00eas. (2015). <strong>\u201cDenial, Oblivion and New Fears: Poliomyelitis and the Post-Polio Syndrome in the Spanish and Portuguese Press (1995-2009)\u201d<\/strong>. <em>Hygiea Internationalis<\/em> 11 (1): 93-129. http:\/\/dx.doi.org\/10.3384\/hygiea.1403-8668.1511191<\/p>\n\n\n\n<p>Schefer, R. (2015). <strong>The impossibility of describing a place. Basma Alsharif. Interview<\/strong>, La Furia Umana, VIII, outubro de 2015, p. 89-94<\/p>\n\n\n\n<p>Silva, B; Sales, A. (Cord.) (2015). <strong>Po\u00e9ticas Contempor\u00e2neas \u2013 Arte e Tecnologia<\/strong>, Edi\u00e7\u00f5es Universidade Federal do Cear\u00e1, ISBN: 978-85-7826-262-4. 422 pp.<\/p>\n\n\n\n<p>Silva, Bruno M.; Costa, Susana. (2015). <strong>Personagens que saem e que entram no ecr\u00e3: interatividade e cinema. I<\/strong>n Silva, Bruno M.; Sales, Albio (Cord.) \u2013 <em>Po\u00e9ticas Contempor\u00e2neas<\/em> \u2013 <em>Arte e Tecnologia<\/em>, Edi\u00e7\u00f5es Universidade Federal do Cear\u00e1. ISBN: 978-85-7826-262-4.<\/p>\n\n\n\n<p>Silva, B. ; Tavares, M.; Reia, V. (2015).  <strong>Os Caminhos que se Bifurcam: hip\u00f3teses de interatividade para o cinema do futuro.<\/strong> Atas do II Simp\u00f3sio Internacional Fus\u00f5es no Cinema. ISBN 978-989-98948-3-9.<\/p>\n\n\n\n<p>Silva, B; Ant\u00f3nio, R.; Rodrigues, J. (2015). <strong>Pol\u00edptico dial\u00e9tico um prot\u00f3tipo de interface para filme interativo<\/strong>. <em>Avanca Cinema<\/em> Edi\u00e7\u00f5es Cineclube de Avanca. ISBN 978-989-96858-6-4.<\/p>\n\n\n\n<p>Silva, B.  (2015). <strong>Les sentiers qui se bifurquent : l\u2019exp\u00e9rience temporelle de la narrative filmique<\/strong>. L\u00b4art du portrait dans la litt\u00e9rature et les arts visuels (2013), Actes du Colloque, Kairoan, Tun\u00edsia. ISBN : 978-3-8416-6875-2.<\/p>\n\n\n\n<p>Silva, B; Ant\u00f3nio, R.; Rodrigues, J. (2015).<strong> Dialectical Polyptych: an interactive movie<\/strong>. In Third International Conference On Advances in Computing, Communication and Information Technology \u2013 CCIT. BIRMINGHAM, UK. ISBN: 978-1-63248-061-3. doi: 10.15224\/978-1-63248-061-3-83.<\/p>\n\n\n\n<p>Silva, B; Dominguez, M.; Paulino, F. (2015). <strong>Considerando o docu-game como modelo de representa\u00e7\u00e3o do patrim\u00f3nio cultural imaterial<\/strong>, 7th International Conference on Digital Arts \u2013 ARTECH proceedings. \u00d3bidos, Portugal. ISBN: 978-989-99370-0-0<\/p>\n\n\n\n<p>Tavares, M. (2015).  <strong>Cidade e Cinema: que importa ao exilado que as cores sejam falsas<\/strong>. In A. Azevedo, Rosa Cerarols e Oliveira Jr., Wenceslao Machado de. (ed.) Intervalo I: entre geografias e cinemas. Braga, UMDGEO \u2013 Departamento de Geografia, Universidade do Minho, Braga-Portugal, pp. 251-267. Dispon\u00edvel em: <a href=\"http:\/\/repositorium.sdum.uminho.pt\/handle\/1822\/35539\">http:\/\/repositorium.sdum.uminho.pt\/handle\/1822\/35539<\/a><\/p>\n\n\n\n<p>Tavares, M. (2015). <strong>Cinema: tempos e movimentos<\/strong>. In W. Rossa e M. Ribeiro (org.). Patrim\u00f3nios de Influ\u00eancia portuguesa: modos de olhar. Coimbra, Imprensa da Universidade de Coimbra, Funda\u00e7\u00e3o Calouste Gulbenkian, (pp. 351-375).<\/p>\n\n\n\n<p>Tavares, M. (2015). <strong>Film and the city in Mozambican Cinema. <\/strong>International Journal of Humanities and Social Science, ISSN 2220-8488 (Print), 2221-0989, Vol. 5, No. 1; January, pp. 134-138.<\/p>\n\n\n\n<p>Tavares, M. (2015). <strong>Tracing Limits\u2013Public and Private in the Cartography of Contemporary Cities: The Dialogue Boxes on Street Windows Project.<\/strong> In H. Pinto(ed.). Resilient Territories. Innovation and Creativity for New Modes of Regional Development. Cambridge, Cambridge Scholars publishing, (pp. 167-176)<\/p>\n\n\n\n<p>Tavares, M. (2015). <strong>Portrait du paradis perdus: la litt\u00e9rature espagnole et le cin\u00e9ma dans les ann\u00e9es 20<\/strong>. In F. Ahnouch e R. Robay (ed.) Portraits et autoportraits dans la litt\u00e9rature et les arts visuels. Saarbrucken, Ed. universitaires europeennes, (pp. 147-160).<\/p>\n\n\n\n<p>Tom\u00e9, V\u00edtor. (2015). <strong>Redes sociais online: pr\u00e1ticas e percep\u00e7\u00f5es de jovens (9-16), seus professores e encarregados de educa\u00e7\u00e3o<\/strong>. In Research on social media: a glocal view.<\/p>\n\n\n\n<p>Tom\u00e9, V\u00edtor. 2015. <strong>Redes sociais: perce\u00e7\u00f5es de aprendizagem em ambiente formal, n\u00e3o-formal e informal por parte de jovens, seus encarregados de educa\u00e7\u00e3o e seus professores. <\/strong>In M\u00e9dia &amp; Jornalismo, 15, 27: 87 \u2013 106<\/p>\n\n\n\n<p>Vieira, C\u00e9lia Sousa e RIO NOVO, Isabel (2015). <strong>L\u2019interm\u00e9dialit\u00e9 au Portugal: bilan des rencontres scientifiques \u00e0 l\u2019ISMAI.<\/strong> In FISHER, Caroline (\u00e9d.), Interm\u00e9dialit\u00e9s, Paris, \u00c9dition de la Soci\u00e9t\u00e9 Fran\u00e7aise de Litt\u00e9rature G\u00e9n\u00e9rale et Compar\u00e9e, pp. 179-19<\/p>\n<\/div><\/div>\n\n\n\n<div class=\"wp-block-advgb-accordion-item advgb-accordion-item\" style=\"margin-bottom:15px\"><div class=\"advgb-accordion-header\" style=\"background-color:#ffffff;color:#000000;border-style:solid;border-width:0px;border-color:#ffffff\"><span class=\"advgb-accordion-header-icon\"><svg fill=\"#000000\" xmlns=\"http:\/\/www.w3.org\/2000\/svg\" width=\"24\" height=\"24\" viewBox=\"0 0 24 24\"><path fill=\"none\" d=\"M0,0h24v24H0V0z\"><\/path><path d=\"M6,10c-1.1,0-2,0.9-2,2s0.9,2,2,2s2-0.9,2-2S7.1,10,6,10z M18,10c-1.1,0-2,0.9-2,2s0.9,2,2,2s2-0.9,2-2S19.1,10,18,10z M12,10c-1.1,0-2,0.9-2,2s0.9,2,2,2s2-0.9,2-2S13.1,10,12,10z\"><\/path><\/svg><\/span><h2 class=\"advgb-accordion-header-title\" style=\"color:inherit\">2014<\/h2><\/div><div class=\"advgb-accordion-body\" style=\"border-style:solid !important;border-width:0px !important;border-color:#ffffff !important;border-top:none !important\">\n<p>Barbas, M., &amp; Branco, P. (2014, March 10). <strong>Tv.Community \u2013 Usability Test.<\/strong> Humanities and Social Sciences Review. Zenodo. <a href=\"http:\/\/doi.org\/10.5281\/zenodo.165506\">http:\/\/doi.org\/10.5281\/zenodo.165506<\/a><\/p>\n\n\n\n<p>Bidarra, J. (2014). <strong>Narrativas Digitais. <\/strong>In S. Buttaroni (Ed.), A Experi\u00eancia da Diversidade na Aprendizagem no Ensino Superior. (Div.Ed), (pp. 107-111). Johannes Kepler Universit\u00e4t Linz \u2013 \u00c1ustria. ISBN: 978-3-9503905-3-7<\/p>\n\n\n\n<p>Bidarra, J.; Rothschild, M.; Squire, K.; (et alii). (2014). T<strong>he AIDLET model: A framework for selecting games, simulations and augmented reality environments in mobile learning<\/strong>. In Digital Arts and Entertainment (pp. 412-435), Hershey, PA: IGI Global.<\/p>\n\n\n\n<p>Bogalheiro, J. (2014). <strong>Empatia e Alteridade: A Figura\u00e7\u00e3o Cinematogr\u00e1fica como Jogo<\/strong>. Lisboa: Sistema Solar \/Documenta.<\/p>\n\n\n\n<p>Boto, S. (2014). \u201c<strong>Da risonha musa \u00e0 singela l\u00edngua: contributo para a edi\u00e7\u00e3o cr\u00edtico-gen\u00e9tica das F\u00e1bulas de Almeida Garrett<\/strong>\u201d. <em>In <\/em>Ana Paiva Morais (dir.), <em>Hist\u00f3ria Cr\u00edtica da F\u00e1bula em Portugal <\/em>(url: <a href=\"http:\/\/www.memoriamedia.net\/bd_docs\/Fabula\/5.%20Contributo%20para%20a%20edicao%20critoco%20genetica%20das%20fabulas%20de%20A%20Garrett_Sandra_Boto.pdf\">http:\/\/www.memoriamedia.net\/bd_docs\/Fabula\/5. Contributo para a edicao critoco genetica das fabulas de A Garrett_Sandra_Boto.pdf<\/a>).<\/p>\n\n\n\n<p>BORGES, G. (2014).  <strong>Qualidade na TV p\u00fablica portuguesa. An\u00e1lise dos programas do canal 2<\/strong>. 1. ed. Juiz de Fora: Editora da UFJF, 2014. v. 500. 262p.<\/p>\n\n\n\n<p>BORGES, Gabriela. (2014). <strong>Op\u00e7\u00f5es de dramaturgia e encena\u00e7\u00e3o no programa infantil Teatro R\u00e1 Tim Bum!<\/strong>. REVISTA GEMInIS, v. 1, p. 56-70.<\/p>\n\n\n\n<p>Boto, S. (org.) (2014). <strong><em>Actas das VII Jornadas de Investiga\u00e7\u00e3o do CIAC<\/em><\/strong><em>, <\/em>Faro, CIAC \u2013 Centro de Investiga\u00e7\u00e3o em Artes e Comunica\u00e7\u00e3o.<\/p>\n\n\n\n<p>Boto, S. (2014). Recens\u00e3o cr\u00edtica a [Id\u00e1lia Farinho Cust\u00f3dio, Maria Aliete Galhoz e Isabel Cardigos, <strong><em>Patrim\u00f3nio Oral do Concelho de Loul\u00e9<\/em><\/strong><em>, <\/em>5 vols., Loul\u00e9, C\u00e2mara Municipal de Loul\u00e9, 2004-2013], <em>Estudis de Literatura Oral Popular, <\/em>n\u00ba 3, 2014, pp. 136-144. DOI: <a href=\"http:\/\/dx.doi.org\/10.17345\/elop2014136-144\">http:\/\/dx.doi.org\/10.17345\/elop2014136-144<\/a>. [\u00faltimo acesso a 24 de abril de 2017].<\/p>\n\n\n\n<p>Boto, Sandra. (2014). <strong>Os Pr\u00edncipes dos Poetas: Teoriza\u00e7\u00e3o nos Coment\u00e1rios de Fernando de Herrera e de Faria e Sousa.<\/strong> In \u00c1ngel Marcos de Dios (ed.), La lengua portuguesa, vol. I, Estudios sobre literatura y cultura de expresi\u00f3n portuguesa, Salamanca: Ediciones Universidad de Salamanca, pp. 381-396.<\/p>\n\n\n\n<p>Branco, A. (2014).<strong> Para uma ideia de pedagogia teatral: leveza, rapidez, exatid\u00e3o, visibilidade, multiplicidade<\/strong>. Revista Portuguesa de Educa\u00e7\u00e3o. 27(1), 55-77.<\/p>\n\n\n\n<p>Cabral Santo, Pedro. (2014).  <strong>O Gabinete, A Linfa e o Pedro<\/strong>. In GABINETE  LINFA. Lisboa: C\u00e2mara Municipal de Lisboa\/Imprensa Nacional.<\/p>\n\n\n\n<p>Carvalho, Ana. (2014). <strong>Maile Colbert. A perfect \u201cmish-mash\u201d of different media.<\/strong> Digicult, Digital art, design and culture. ISSN: 20372256.<\/p>\n\n\n\n<p>Carvalho, Ana. (2014). <strong>The \u201cInteractive Audiovisual Objects\u201d by Nuno Correia<\/strong>. Digicult, Digital art, design and culture. ISSN: 20372256.<\/p>\n\n\n\n<p>Carvalho, Elizabeth; Chaves, Marcirio; Sacramento, N\u00e9lia. (2014). <strong>Visualiza\u00e7\u00e3o de Informa\u00e7\u00e3o de Opini\u00f5es Online sobre Restaurantes: Uso de T\u00e9cnicas Orientadas \u00e0 Visualiza\u00e7\u00e3o de Grafos<\/strong>. Revista Eletr\u00f4nica de Sistemas de Informa\u00e7\u00e3o (RESI), 1677-3071. DOI: 10.5329\/RESI.<\/p>\n\n\n\n<p>Carvalho, I.; Bidarra, J.; Figueiredo, M. (2014). <strong>A deriva na an\u00e1lise do espa\u00e7o urbano, na perspetiva da m\u00e9dia-arte locativa<\/strong>. Invisibilidades, Revista Ibero-Americana de Pesquisa em Educa\u00e7\u00e3o, Cultura e Artes, 7, 23-29.<\/p>\n\n\n\n<p>Coelho, Pina; Manuel, Rui. (2014).  <strong>Teatro portoghese #1. Dal Dopoguerra agli anni \u201970. <\/strong>Teatro e Cr\u00edtica: Informazioni, immagini e sguardi critici dal mondo del teatro.<\/p>\n\n\n\n<p>Correa, Gra\u00e7a P. (2014). <strong>Adorno, Benjamin, and Kracauer on the Politics of Sensory Perception. <\/strong>Revista Aniki- AIM, n\u00ba1, 108-13.<\/p>\n\n\n\n<p>Corr\u00eaa, Gra\u00e7a P. (2014). <strong>Social Order and Subconscious Disorder: The Gothic Aesthetic of David Lynch.<\/strong> Revista Anglo-Sax\u00f3nica, Centro de Estudos Angl\u00edsticos da Universidade de Lisboa, pp. 267-80.<\/p>\n\n\n\n<p>Dominguez, M\u00e1rio; Paulino, Fernando F; Silva, Bruno M. (2014). <strong>Between the Sacred and the Profane in the S. Jo\u00e3o d\u00b4Arga\u00b4s Festivities: A Digital Art Installation<\/strong>. In International Journal of Creative Interfaces and Computer Graphics 5, 1: 1 \u2013 20. DOI: 10.4018\/ijcicg.2014010101.<\/p>\n\n\n\n<p>Escudeiro, P.; Escudeiro, N.; Reis, R.; (et alii). (2014). <strong>Automatic sign language translator model<\/strong>. Advanced Science Letters, 20(2), 531-533.<\/p>\n\n\n\n<p>Ferr\u00e9, P., Boto, S. e Tavares, M. (2014). <strong>\u201cO Arquivo do Romanceiro Portugu\u00eas da Tradi\u00e7\u00e3o Oral Moderna (1828-2010): sua preserva\u00e7\u00e3o e difus\u00e3o<\/strong>\u201d <em>in<\/em> Sandra Boto (org.) <em>Actas das VII Jornadas de Investiga\u00e7\u00e3o do CIAC, <\/em>Faro: CIAC \u2013 Centro de Investiga\u00e7\u00e3o em Artes e Comunica\u00e7\u00e3o, pp. 33-42.<\/p>\n\n\n\n<p>Figueiredo, M. J. G.; Gomes, J.; Gomes, C.; (et alii). (2014). <strong>Augmented Reality Tools for Teaching and Learning<\/strong>. International Journal on Advances in Education Research, 1, 1, pp. 22-34. ISSN: 2340-2504.<\/p>\n\n\n\n<p>Figueiredo, M. J. G.; Rodrigues, J. I.; Silvestre, I.; (et alii). (2014). <strong>A Topological Framework for Interactive Queries on 3D Models in the Web<\/strong>. The Scientific World Journal, 2014, 10 pages, ISSN: 1537-744X. (2014 Impact Factor: 1.219) doi:10.1155\/2014\/920985<\/p>\n\n\n\n<p>Figueiredo, Mauro; Gomes, Jos\u00e9; Gomes, Cristina; (et alii). (2014). <strong>International Journal on applied math and computer sciences. <\/strong>Strategies for exploiting the potentials of Augmented Reality in education. International Journal on Applied Math and Computer Sciences.<\/p>\n\n\n\n<p>Figueiredo, Mauro; Gomes, Jos\u00e9; Gomes, Cristina; (et alii). (2014). <strong>Journal recent advances educational technologies and methodologies.<\/strong> Augmented Reality tools and techniques for developing interactive materials for mobile-learning. Journal Recent Advances Educational Technologies and Methodologies, 395(7), 63-72.<\/p>\n\n\n\n<p>Gaspar, R.; Coelho, J.; Bastos, G.; Figueiredo, M. J. G.; (et alii).  (2014). <strong>A media\u00e7\u00e3o da Leitura atrav\u00e9s de realidade aumentada \u2013 \u201cO homem da gaita<\/strong>\u201d. INVISIBILIDADES, Revista Ibero-Americana de Pesquisa em Educa\u00e7\u00e3o, Cultura e Artes, 7, (2), pp. 53-61. ISSN: 1647-0508.<\/p>\n\n\n\n<p>Gomes, Jos\u00e9; Amante, L\u00facia; Figueiredo, Mauro. (2014). <strong>Projeto Galeria Musical Virtual: Um mundo virtual focando os Per\u00edodos Est\u00e9ticos da Hist\u00f3ria da M\u00fasica<\/strong>. Original article. INVISIBILIDADES, Revista Ibero-Americana de Pesquisa em Educa\u00e7\u00e3o, Cultura e Artes.<\/p>\n\n\n\n<p>Laranjinha, Nat\u00e1lia. (2014). <strong>Beckett au Portugal: le retentissement d\u2019une vocalit\u00e9 inop\u00e9rante.<\/strong> (Gon\u00e7alo Tavares et Pedro Costa), in Echos et repr\u00e9sentations de Samuel Beckett au Portugal et au Br\u00e9sil, Travaux et Documents, Universit\u00e9 Paris 8 \u2013 Vincennes St. Denis, Juillet 2014. 37-51.<\/p>\n\n\n\n<p>Laranjinha, Nat\u00e1lia. (2014). <strong>Kafka et Beckett : la passion de l\u2019\u00e9chec. <\/strong>In Perspectives: Revue de l\u2019Universit\u00e9 H\u00e9bra\u00efque de J\u00e9rusalem- Enfants de Kafka, No. 21, Juin 2014, pags 1-18.<\/p>\n\n\n\n<p>Laranjinha, Nat\u00e1lia. (2014).<strong> The Element of crime (Lars von Trier): La po\u00e9tique de l\u2019underground<\/strong>. In Configurations urbaines et discours des r\u00e9cits policiers, Champs de signe, Toulouse: \u00c9ditions Universitaires du Sud, 2014, pags 159-168.<\/p>\n\n\n\n<p>Leit\u00e3o, R.; Rodrigues, J.M.F.; Marcos, A. (2014). <strong>Game-Based Learning: Augmented Reality in the Teaching of Geometric Solids.<\/strong> International Journal of Art, Culture and Design Technologies (IJACDT), 4(1), 63-75. doi:10.4018\/ijacdt.2014010105. Indexa\u00e7\u00e3o: Bacon\u00b4s Media Directory, Cabell\u00b4s Directories.<\/p>\n\n\n\n<p>Manojlovic, T. (2014). <strong> O silenciamento do c\u00e9rebro: Em Viagem para Belle Reve de Armando Nascimento Rosa.<\/strong> In Artes e Ci\u00eancias em Di\u00e1logo, Coord.: Jo\u00e3o Carlos Carvalho, Gr\u00e1cio Editor, e-book, pp. 321-327.<\/p>\n\n\n\n<p>Monteiro, L. (2014). <strong>Fragmentos de um discurso amoroso e teatral em Fernando Pessoa.<\/strong> (Ensaio), Redil Publica\u00e7\u00f5es \u2013 Lisboa.<\/p>\n\n\n\n<p>Moura, J. M.; Marcos, A.; Barros, N.; (et alii). (2014). <strong>NUVE: Resizing the Digital Gesture<\/strong>. International Journal of Creative Interfaces and Computer Graphics (IJCICG), 5(2), 87-100. doi:10.4018\/ijcicg.2014070106. Indexa\u00e7\u00e3o: ACM Digital Library; Bacon\u00b4s Media Directory, DBLP, Google Scholar.<\/p>\n\n\n\n<p>Nascimento Rosa, Armando. (2014). <strong>Cigano de Lisboa: pe\u00e7a r\u00e1pida para um actor<\/strong>. In MARINHO, Cristina, e RIBEIRO, Nuno Pinto (Editores). Teatro do Mundo. Drama e compaix\u00e3o. Porto: CETUP\/Universidade do Porto, [pp. 280-294].<\/p>\n\n\n\n<p>Nascimento Rosa, Armando. (2014). <strong>Resgate \/ Rescat<\/strong>. Edi\u00e7\u00e3o bilingue com tradu\u00e7\u00e3o de Pau Segal\u00e9s. In PIIGS \u2013 Dramaturgia de la crisis. Barcelona, Perpetuummobile, pp. 16-89.<\/p>\n\n\n\n<p>Navarro, S. (2014). <strong>Potes e Transfigura\u00e7\u00f5es: a arqueologia como pretexto para a escultura<\/strong>. Rotas da Cer\u00e2mica a Sul do Tejo (Coord. GASPAR, F.; RASQUETE, P.). Lisboa: Instituto do Emprego e Forma\u00e7\u00e3o Profissional. ISBN 978-989-638-068-7.<\/p>\n\n\n\n<p>Padr\u00e3o, Maria Helena; Guerra, In\u00eas; Marnoto, Sandra; (et alii). (2014) <strong>Social representations: International students in Portugal perceptions of the host country depending on their country of origin. <\/strong>Regional and Sectoral Economic Studies Vol. 14-1 ISSN: 1578-4460.<\/p>\n\n\n\n<p>Padr\u00e3o, Maria Helena; Santos, In\u00eas Guerra; Marnoto, Sandra; (et alii). (2014). <strong>Social Representations: International Students in Portugal. Perceptions of the host country depending on their country of origin<\/strong>. Regional and Sectoral Economic Studies, vol. 14-1 (2014), pp. 69-80.<\/p>\n\n\n\n<p>Padr\u00e3o, Maria Helena; Vieira, C\u00e9lia; Rio Novo, Isabel (2014). <strong>Narratives of the Portuguese Diaspora: Life, Literature, Cinema<\/strong>. In Mediterranean Journal of Social Sciences, Vol. 5. N\u00ba 19, August 2014, Rome, MCSER Publishing, p. 600.<\/p>\n\n\n\n<p>Paulino, Fernando; Cruz, Tiago; Tavares, Mirian E. N. (2014). <strong>CulturalNature Arga #2. <\/strong>International Journal of Creative Interfaces and Computer Graphics 5, 1: 21 \u2013 31.<\/p>\n\n\n\n<p>Pinheiro, Jos\u00e9; Tavares, Mirian (2014). <strong>A presen\u00e7a de p\u00f3s-produ\u00e7\u00e3o de imagem nas fotografias do s\u00e9culo XIX. <\/strong>In InVisibilidades, Revista ibero-americana de pesquisa em educa\u00e7\u00e3o, cultura e artes, n\u00ba. 7. Dezembro 2014. Pp. 81-89. ISSN 1647-0508.<\/p>\n\n\n\n<p>Quintas, R. (2014). <strong>The New Light: A Site Specific Light Mapping Intervention.<\/strong> International Journal of Creative Interfaces and Computer Graphics, 5(1), 32-45.<\/p>\n\n\n\n<p>Reia-Baptista, V\u00edtor. (2014). <strong>Easy Pieces\u00bb of Film Literacy: Some European Cases. <\/strong>In Nordicom pp.147-155, Portuguese\/Spanish edition, Nordicom\/ Univ. of Gothenburg.<\/p>\n\n\n\n<p>Reia-Baptista, V\u00edtor. (2014). <strong>Film Literacy and Pedagogical Heresy against Cultural Oblivion.<\/strong> In Synergies Sud-Est europ\u00e9en n\u00b04 \u2013 p. 61-70<\/p>\n\n\n\n<p>Reia-Baptista, V\u00edtor. (2014). <strong>Mem\u00f3ria cultural e colectiva de imagens e sons- processos de recupera\u00e7\u00e3o c\u00edvica e educacional do patrim\u00f3nio medi\u00e1tico como patrim\u00f3nio cultural<\/strong>. Em Teorias da Imagem e do Imagin\u00e1rio, e-book Comp\u00f3s, pp.338-368, Bras\u00edlia.<\/p>\n\n\n\n<p>Rio Novo, Isabel e VIEIRA, C\u00e9lia (2014). <strong>e-Poeticae \u2013 Textes de th\u00e9orisation litt\u00e9raire en ligne.<\/strong> In PhiNBeiheft 7\/2014.LiteraturwissenschaftimdigitalenMedienwandel, pp. 76-84. Dispon\u00edvel em : <a href=\"http:\/\/web.fu-berlin.de\/phin\/beiheft7\/b7i.htm\">http:\/\/web.fu-berlin.de\/phin\/beiheft7\/b7i.htm<\/a><\/p>\n\n\n\n<p>Rodrigues, P.; Bidarra, J. (2014). <strong>Transmedia Storytelling and the Creation of a Converging Space of Educational Practices<\/strong>. International Journal of Emerging Technologies in Learning (iJET), 9(6), 42-48.<\/p>\n\n\n\n<p>Rodrigues, P. &amp; Bidarra, J. (2014).  <strong>Ao encontro da gera\u00e7\u00e3o net delineando um projeto de aprendizagem transm\u00e9dia<\/strong>.  Invisibilidades \u2013 Revista Ibero-Americana de Pesquisa em Educa\u00e7\u00e3o, Cultura e Artes, 7, 30-43. Dispon\u00edvel em:  http:\/\/invisibilidades.apecv.pt\/ojs\/index.php?journal=inv&amp;page=index<\/p>\n\n\n\n<p>Romana, Ana. (2014). <strong>If it walks like a duck and it talks like a duck it\u2019s a duck.<\/strong> Edi\u00e7\u00e3o de 50 exemplares, Lisboa Lan\u00e7amento O que um livro pode, Atelier Real.<\/p>\n\n\n\n<p>Santos, In\u00eas; Padr\u00e3o, Maria Helena; Marnoto, Sandra; Padr\u00e3o, Reinaldo; Oliveira, Clementina. (2014). <strong>\u201cSocial Representations: International Students in Portugal\u201d<\/strong>. <em>Regional and Sectoral Economic Studies<\/em>: 69-80.<\/p>\n\n\n\n<p>Santos, In\u00eas; Pinto, Sandrine Martins; Rodriguez-S\u00e1nchez, Juan Antonio; Pita, Jo\u00e3o Rui; Pereira, Ana leonor. (2014). <strong>\u201cDe las campa\u00f1as de vacunaci\u00f3n al calend\u00e1rio vacunal: el programa nacional de vacina\u00e7\u00e3o portugu\u00e9s y las campa\u00f1as de vacunaci\u00f3n antipoliomiel\u00edtica en Espa\u00f1a (1963-1976)\u201d<\/strong>. In <em>Medicina y Poder Pol\u00edtico \u2013 Libro de la Sociedad Espa\u00f1ola de Hist\u00f3ria da Medicina<\/em>, 203-211. Espanha: SEHM.<\/p>\n\n\n\n<p>Guerra Santos, In\u00eas; Padr\u00e3o, Maria Helena; Padr\u00e3o, Reinaldo; Oliveira, Clementina. (2012). \u201c<strong>Erasmus students in Portugal : the perception and impact of the international crisis\u201d<\/strong>. <em>Estudios Econ\u00f3micos regionales y sectoriales<\/em> 12 (2): 133-148.<\/p>\n\n\n\n<p>Schefer, Raquel. (2014).  <strong>Reconstitutions \/ Autour de \u201cMueda, Mem\u00f3ria e Massacre\u201d de Ruy Guerra. Article comment\u00e9. 10 ans de B\u00e9tonsalon<\/strong> . Centre d\u2019art et de recherche \/ ed. por M\u00e9lanie BOUTELOUP. Paris: B\u00e9tonsalon e Les \u00e9ditions Beaux-arts, 5 p.<\/p>\n\n\n\n<p>Schefer, Raquel. (2014). <strong>Birth of fiction: On \u201cMueda, Mem\u00f3ria e Massacre\u201d, by Ruy Guerra. Africa\u00b4s Lost Classics: New Histories of African Cinema. <\/strong>Ed. por Lizelle BISSCHOFF e David MURPHY. Oxford: Legenda, Maney Publishing, p. 168-173.<\/p>\n\n\n\n<p>Schefer, Raquel. (2014). <strong>Une forme pr\u00e9sente en tension filmique. <\/strong><strong>Repr\u00e9sentations cin\u00e9matographiques des mouvements politiques contemporains<\/strong>. BRENEZ, Nicole (Sob a direc\u00e7\u00e3o de), Cinema and Revolution, La Furia Umana, V, 2014, pp. 294-304.<\/p>\n\n\n\n<p>Schefer, Raquel; Velasco, Jorge. (2014). M<strong>anifestaciones est\u00e9ticas de un mundo en crisis. El Documental en la Era de la Complejidad. <\/strong>Ed. por Christian L\u00c9ON. Quito: Universidad Andina Sim\u00f3n Bol\u00edvar e Corporaci\u00f3n Cinememoria, p. 63-75.<\/p>\n\n\n\n<p>Silva, Bruno M. (2014). <strong> Neblina em Avanca: apresenta\u00e7\u00e3o p\u00fablica do primeiro filme interativo da trilogia Os Caminhos que se bifurcam<\/strong>. Avanca Cinema Edi\u00e7\u00f5es Cineclube de Avanca. ISBN: 978-989-96858-4-0.<\/p>\n\n\n\n<p>Silva, Bruno M. (2014). <strong>The Forking Paths: An Interactive Cinema Experience.<\/strong> International Journal of Creative Interfaces and Computer Graphics 5, 1: 46 \u2013 56. doi: 10.4018\/ijcicg.2014010104.<\/p>\n\n\n\n<p>Silva, Bruno M.; Costa, S. (2014). <strong>Rede de Cultura e Arte Digital: O projeto Recardi.<\/strong> INUAF Studia n\u00ba 16, Interartes IX. ISSN: 2014.2183-0797.<\/p>\n\n\n\n<p>Silva, Bruno M.; R. Jo\u00e3o; R. Alves; (et alii). (2014). <strong>F\u00e1tima Revisited: an interactive installation.<\/strong> SGEM proceedings, 2014. DOI: 10.5593\/sgemsocial2014\/B41\/S13.016.<\/p>\n\n\n\n<p>Silva, Bruno M. (2014). <strong>When the spectator becomes the protagonist: <em>The forking paths<\/em><\/strong>. In <em>Symposium Metamorphoses of corporeality: Art-Body-Technology<\/em> \u2013 AVARTS Festival, Corfu, Greece. ISBN 978-960-7260-54-3.<\/p>\n\n\n\n<p>Silva, Bruno M. (2014).<strong> <em>Os caminhos que se bifurcam<\/em>: cinema interativo<\/strong>. <em>II CONFIBERCOM: os desafios da internacionaliza\u00e7\u00e3o<\/em>, Braga: CECS, 2014. ISBN: ISBN: 978-989-8600-29-5.<\/p>\n\n\n\n<p>Tavares, M. (2014). <strong>Cinema africano: um poss\u00edvel, e necess\u00e1rio, olhar\/\/ AFRICAN CINEMA: A POSSIBLEAND NECESSARY APPROACH<\/strong>. Contempor\u00e2nea \u2013 Revista de Comunica\u00e7\u00e3o e Cultura, Am\u00e9rica do Norte, 11, fev. 2014.<\/p>\n\n\n\n<p>Tavares, Mirian (2014). <strong>Special Issue on Digital Media-Art: New Experiences in Arts and Technology.<\/strong> International Journal of Creative Interfaces and Computer Graphics 5, 1: 1 \u2013 8.<\/p>\n\n\n\n<p>Tavares, Mirian. (2014). <strong>A Hist\u00f3ria encenada: O Processo do Rei, de Jo\u00e3o M\u00e1rio Grilo, a imagem melanc\u00f3lica de um pa\u00eds<\/strong>. Arbor, Vol 190, No 766.<\/p>\n\n\n\n<p>Tavares, Mirian. (2014). <strong>All conversations about love are the same<\/strong>. Sociology Study, September 2014, Vol. 4, n\u00ba 9. 791-801.<\/p>\n\n\n\n<p>Tom\u00e9, V. ;Domingues, I. (2014). <strong>A utiliza\u00e7\u00e3o do computador por alunos e professores do 1\u00ba Ciclo dentro e fora da sala de aula: um estudo de caso em Portugal. In Educa\u00e7\u00e3o e Tecnologia: Parcerias 3.0<\/strong>. Luis Rosado, Giselle Ferreira, M\u00e1rcio Lemgruber, Estrella Bohadana (Eds.), pp. 265-300. ISBN 978-85-60923-27-4. Rio de Janeiro: Universidade Est\u00e1cio de S\u00e1.<\/p>\n\n\n\n<p>Tom\u00e9, Vitor. (2014). <strong>Preventing on-line hate speech through social media and democratic participation<\/strong>, EWC Statement Series 2014 \u2013 Highlighting current trends, research and scholarly debates, 4: 6 \u2013 9.<\/p>\n\n\n\n<p>Tom\u00e9, Vitor. (2014). <strong>Produ\u00e7\u00e3o de jornais escolares em escolas portuguesas: quando o jornal impresso \u00e9 mais querido que o digital<\/strong>. In M\u00eddia-Educa\u00e7\u00e3o: iniciativas no Brasil, Portugal e Espanha, Ilana Ele\u00e1 (Ed.), pp. 173-179. Gothenburg: Nordicom \u2013 International Clearinghouse on Children and Media &amp; Gothenburg University.<\/p>\n<\/div><\/div>\n\n\n\n<div class=\"wp-block-advgb-accordion-item advgb-accordion-item\" style=\"margin-bottom:15px\"><div class=\"advgb-accordion-header\" style=\"background-color:#ffffff;color:#000000;border-style:solid;border-width:0px;border-color:#ffffff\"><span class=\"advgb-accordion-header-icon\"><svg fill=\"#000000\" xmlns=\"http:\/\/www.w3.org\/2000\/svg\" width=\"24\" height=\"24\" viewBox=\"0 0 24 24\"><path fill=\"none\" d=\"M0,0h24v24H0V0z\"><\/path><path d=\"M6,10c-1.1,0-2,0.9-2,2s0.9,2,2,2s2-0.9,2-2S7.1,10,6,10z M18,10c-1.1,0-2,0.9-2,2s0.9,2,2,2s2-0.9,2-2S19.1,10,18,10z M12,10c-1.1,0-2,0.9-2,2s0.9,2,2,2s2-0.9,2-2S13.1,10,12,10z\"><\/path><\/svg><\/span><h2 class=\"advgb-accordion-header-title\" style=\"color:inherit\">2013<\/h2><\/div><div class=\"advgb-accordion-body\" style=\"border-style:solid !important;border-width:0px !important;border-color:#ffffff !important;border-top:none !important\">\n<p>Antunes, D. (2013). <strong>In-betweeness e imers\u00e3o<\/strong>. Forma de Vida. N\u00ba 1, Fevereiro de 2013.<\/p>\n\n\n\n<p>Ballester, R., Rodriguez-S\u00e1nchez, Juan A. e Guerra Santos, I. (2013).<strong> \u201cEl movimiento asociativo: una perspetiva internacional, nacional y los casos de Madrid, Valencia e Castilla\u201d<\/strong>. In Porras Gallo, Maria I., Ayarzag\u00fcena Sanz, M., Heras Salord, J. e Baguena Cervellera, Maria J. (orgs), El drama de la Polio (pp. 233-259), Espanha: Catarata.<\/p>\n\n\n\n<p>Barbas, M., Abreu, C., Branco, P., Gouveia, V., &amp; Pinto, R. (2013). <strong>Percurso cient\u00edfico-pedag\u00f3gico de constru\u00e7\u00e3o da UC de \u201cArtes e Multim\u00e9dia\u201d: sentido de partilha (roteiros de aprendizagem) | ambiente tecnol\u00f3gico (elearning)| foco de inova\u00e7\u00e3o (MOOC)<\/strong> . <a href=\"http:\/\/doi.org\/10.5281\/zenodo.165820\">http:\/\/doi.org\/10.5281\/zenodo.165820<\/a><\/p>\n\n\n\n<p>Bidarra, J.; Ara\u00fajo, J. (2013). <strong>Personal Learning Environments (PLE) in a Distance Learning Course on Mathematics Applied to Business<\/strong>. In European Journal of Open, Distance and E-Learning \u2013 EURODL, 16(1), pp. 141-152.<\/p>\n\n\n\n<p>Bidarra, J., Rothschild, M., Squire, K., &amp; Figueiredo, M. (2013). <strong>The AIDLET model: A framework for selecting games, simulations and augmented reality environments in mobile learning.<\/strong> International Journal of Web-Based Learning and Teaching Technologies (IJWLTT), 8(4), 50-71. Dispon\u00edvel em <a href=\"http:\/\/www.igi-global.com\/journal\/international-journal-web-based-learning\/1081\">http:\/\/www.igi-global.com\/journal\/international-journal-web-based-learning\/1081<\/a><\/p>\n\n\n\n<p>Boto, S. (2013). <strong>Nuevas perspectivas para un viejo problema: la edici\u00f3n cr\u00edtica del romancero de fuente tradicional<\/strong>. Dicenda. Cuadernos de Filolog\u00eda Hisp\u00e1nica, Norteam\u00e9rica.<\/p>\n\n\n\n<p>Boto, S. (2013). <strong>Do laborat\u00f3rio da escrita \u00e0 escrita de laborat\u00f3rio: reflex\u00f5es sobre gen\u00e9tica textual, ci\u00eancia e literatura. <\/strong><em>In <\/em>Jo\u00e3o Carlos Carvalho (coord.), <em>Artes e Ci\u00eancias em Di\u00e1logo, <\/em>Coimbra, Gr\u00e1cio Editor, pp. 81-88.<\/p>\n\n\n\n<p>Branco, A. (2013). <strong>A cria\u00e7\u00e3o da \u00abterceira coisa\u00bb: um exemplo do efeito placebo na arte do ator<\/strong>. In Jo\u00e3o Carvalho (coord.). Artes e ci\u00eancias em di\u00e1logo. Coimbra: Gr\u00e1cio Editora, pp. 401-409.<\/p>\n\n\n\n<p>Branco, P., &amp; Barbas, M. (2013). <strong>Intera\u00e7\u00e3o Homem-Computador e Redes Sociais Online:potencialidades|tend\u00eancias<\/strong>. <a href=\"http:\/\/www.leyaonline.com\/catalogo\/detalhes_produto.php?id=56912\">http:\/\/www.leyaonline.com\/catalogo\/detalhes_produto.php?id=56912<\/a> ISBN: 978-989-20-3489-8<\/p>\n\n\n\n<p>Cabral Santo, Pedro. (2013). <strong>A Imagem em Movimento no Espec\u00edfico Contexto Portugu\u00eas<\/strong>. Dispon\u00edvel em <a href=\"http:\/\/www.artecapital.net\/opiniao-125\">www.artecapital.net\/opiniao-125<\/a>.<\/p>\n\n\n\n<p>Carmelo, L. (2013). <strong>From Male to female and Back: Personified Death in Portuguese Traditional and Contemporary Storytelling. <\/strong>Testimony, Witness, Authority: The Politics and Poetics of Experience. Newcastle upon Tyne, Cambridge Publishing, pp. 108-115.<\/p>\n\n\n\n<p>Carrega, J. (2013). <strong>Subverting the Classical Hollywood Paradigm: European Directors and the Rise of Hollywood Mannerism.<\/strong> The London Film &amp; Media Reader 2, p.13-25.<\/p>\n\n\n\n<p>Carrega, Jorge (2013). <strong>Elvis Presley y la tradicion del Cine Musical de Hollywood. <\/strong>\u00c1MBITOS- Revista de Estudios de Ciencias Sociales y Humanidades n\u00ba 30. Corboda, pp. 107-122.<\/p>\n\n\n\n<p>Carvalho, A. (2013). <strong>The \u2018Interactive Audiovisual Objects\u2019 by Nuno Correia<\/strong>. Digicult, Digital art, design and culture. ISSN: 20372256.<\/p>\n\n\n\n<p>Chafirovitch, C. (2013).<strong> Passeios, Pontes e Percursos entre Teatro do Oprimido e Teatro Social.<\/strong> Teatro do Oprimido, teorias, t\u00e9cnicas e metodologias para a interven\u00e7\u00e3o social, cultural e educativa no s\u00e9culo XXI, Chaves: Interven\u00e7\u00e3o, pp. 73-82.<\/p>\n\n\n\n<p>Chinita, F. (2013). <strong>Metanarrativa cinematogr\u00e1fica: a ficcionaliza\u00e7\u00e3o como discurso autoral. <\/strong>Atas do II Encontro Anual da AIM \u2013 Associa\u00e7\u00e3o da Imagem em Movimento, pp. 40-53.<\/p>\n\n\n\n<p>Corr\u00eaa, Gra\u00e7a P. (2013). <strong>Urban Scenarios: Gone Vacant, Virtual, and Violent.<\/strong> Once Upon a Place, ed. Pedro Gadanho e Susana Oliveira. Lisboa: Caleidosc\u00f3pio, 2013, 140-50.<\/p>\n\n\n\n<p>Corr\u00eaa, Gra\u00e7a P. (2013). <strong>Reflections Toward a Phenomenological and Methodological Interconnectedness of Science and Art.<\/strong> In Artes e Ci\u00eancias em Di\u00e1logo, coord. Jo\u00e3o Carlos Carvalho. Lisboa: Gr\u00e1cio Editor, 281-5. ISBN: 978-989-8377-51-0<\/p>\n\n\n\n<p>Gra\u00e7a, M.E.; Coelho, A.C. (2013).<strong> Utiliza\u00e7\u00e3o da realiza\u00e7\u00e3o de imagens animadas em fun\u00e7\u00e3o do ensino das ci\u00eancias f\u00edsicas e naturais.<\/strong> In Jo\u00e3o Carlos Carvalho (ed.), Arte e Ci\u00eancias em Di\u00e1logo, Universidade do Algarve, pp. 180-188.<\/p>\n\n\n\n<p>Lameiras, Tiago (2013). <strong>A M\u00e3o de Di\u00f3nisos. Lisboa, Portugal:<\/strong> escrYtos.<\/p>\n\n\n\n<p>Laranjinha, N. (2013). <strong>La m\u00e9moire bless\u00e9e- La trilogie Europa de Lars von Trier.<\/strong> Ceance, Saint Petersburg. Dispon\u00edvel em: <a href=\"http:\/\/seance.ru\/\">http:\/\/seance.ru\/<\/a><\/p>\n\n\n\n<p>Manojlovic, T. (2013).<strong> Carta da corcunda para o serralheiro\u201d de Fernando Pessoa; (\u201cPismo grbave devojke kovacu\u201d)<\/strong>. Tradu\u00e7\u00e3o de portugu\u00eas para s\u00e9rvio, Belgrado: Knji\u017eevni magazin, XIII, N\u00ba147-149: pp. 4-5. Dispon\u00edvel em: http:\/\/www.skd.rs\/?akcija=magazinNovi<\/p>\n\n\n\n<p>Mattos-Parreira, M.; Soares, A.I. (2013). <strong>Kalevala, de Elias L\u00f6nnrot.<\/strong> Casa Editora Leya, Dom Quijote, Lisboa, 606 pg.<\/p>\n\n\n\n<p>Mattos-Parreira, M. (2013). <strong>Hegemonies of expatriate identities in Portuguese English-language press.<\/strong> Iberian Association for Cultural Studies, Universidad Castella la-Mancha, pp.149-161.<\/p>\n\n\n\n<p>Mestre, I.; Borges, G. (2013). <strong>Livro Digital e Literacia dos Media: uma an\u00e1lise de \u201cThe Fantastic Flying Books of Mr.Morris Lessmore\u201d.<\/strong> Revista Texto Digital, Florian\u00f3polis (Brasil), v.9, n\u00ba2, pp.109-121. DOI: \/10.5007\/1807-9288.2013v9n2p109.<\/p>\n\n\n\n<p>Monteiro, L. (2013). <strong>O casamento e a emancipa\u00e7\u00e3o feminina no teatro simoneano.<\/strong> Redil Publica\u00e7\u00f5es, Lisboa.<\/p>\n\n\n\n<p>Novoa Fern\u00e1ndez, O.; Cerol Martins, F. (2013). <strong>Desvelando a mem\u00f3ria: desafios da investiga\u00e7\u00e3o sobre os jornais cinematogr\u00e1ficos em Portugal. <\/strong>Actas XIII Internacional Ibercom Comunicaci\u00f3n Cultura e Esferas de Poder, Universidade de Santiago de Compostela, pp. 2882-2889. Dispon\u00edvel em: http:\/\/www.estudosaudiovisuais.org\/lusofonia\/.<\/p>\n\n\n\n<p>Nunes, M.F. (2013). <strong>O ecr\u00e3 como contraponto em Branca de Neve e Shirin.<\/strong> Intermedia Review. Inter Media, \u00c9tudes d\u2019Interm\u00e9dialit\u00e9. n\u00ba 2, 1\u00e8re s\u00e9rie, pp.121-128.<\/p>\n\n\n\n<p>Padr\u00e3o, Maria H., Guerra Santos, I., Padr\u00e3o, Reinaldo e Oliveira,C. (2012). <strong>\u201cErasmus students in Portugal : the perception and impact of the international crisis\u201d<\/strong>. In Estudios Econ\u00f3micos regionales y sectoriales, 12 (2),pp. 133-148.<\/p>\n\n\n\n<p>Paulino, Fernando F; Pereira, Andreia. (2013). <strong>The plurality of meanings and values of cultural landscapes building bridges from an integrated interpretation approach to communication process.<\/strong> IV EUGEO Congress, Roma, p.97.<\/p>\n\n\n\n<p>Piedade, E. (2013). <strong>Representations of Macao in Portuguese fiction cinema.<\/strong> Em Macao, Cultural Interaction and Literary Representations (ed. Katrine K. Wong e C.X. George Wei), Routledge.<\/p>\n\n\n\n<p>Reia-Baptista, V. (2013). <strong>Algumas notas sobre o cinema portugu\u00eas depois do 25 de Abril de 1974. <\/strong>Em Novas e Velhas Tend\u00eancias no Cinema Portugu\u00eas Contempor\u00e2neo, Gradiva\/CIAC, Lisboa, 2013, 11p.<\/p>\n\n\n\n<p>Santos, In\u00eas Guerra; Sanch\u00e9z, Juan A. (2013). <strong>El movimento associativo: una perspectiva internacional y de los casos de Madrid, Valencia Y Castilla.<\/strong> In El Drama de la Polio. Espanha: Catarata: 233-259.<\/p>\n\n\n\n<p>Guerra Santos, In\u00eas; Rodriguez-S\u00e1nchez, Juan Antonio. (2013). <strong>\u201cEl movimiento asociativo: una perspetiva internacional, nacional y los casos de Madrid, Valencia e Castilla.\u201d<\/strong>. In <em>El drama de la Polio<\/em>, 233-259. Espanha: Catarata.<\/p>\n\n\n\n<p>Rio Novo, Isabel; Vieira, C\u00e9lia; Padr\u00e3o, Helena. (2013). <strong>Teorias liter\u00e1rias de Tom\u00e1s Ribeiro no arquivo digital E-poeticae \u2013 Textos de teoriza\u00e7\u00e3o liter\u00e1ria on-line.<\/strong> Intermedia Review 2. Inter Media, \u00c9tudes d\u2019Interm\u00e9dialit\u00e9. n\u00ba 2, 1\u00e8re s\u00e9rie, avril 2013, pp.91-104<\/p>\n\n\n\n<p>Schefer, R. (2013). <strong>Imagens \u201cout of joint\u201d. Reescritas da hist\u00f3ria e pol\u00edtica da mem\u00f3ria em \u201cThe Embassy\u201d, \u201cOs cinemas dos pa\u00edses lus\u00f3fonos.<\/strong> (ed. por J. Cruz e L. Mendon\u00e7a), Rio de Janeiro, UERJ\/UFF, pp. 49-56.<\/p>\n\n\n\n<p>Silva, Bruno M. (2013). <strong>Neblina: notas sobre o projeto \u201cOs caminhos que se bifurcam<\/strong>\u201d. Texto Digital, V.9, n\u00ba 2. Dispon\u00edvel em: <a href=\"http:\/\/dx.doi.org\/10.5007\/1807-9288\">http:\/\/dx.doi.org\/10.5007\/1807-9288<\/a>.<\/p>\n\n\n\n<p>Silva, Bruno M. (2013). <strong><em>Os caminhos que se bifurcam<\/em>: a experi\u00eancia temporal na narrativa f\u00edlmica. <\/strong><em>Libro de Actas. XIII Congreso Internacional Ibercom<\/em>. Santiago de Compostela: IBERCOM, AssIBERCOM, AGACOM. ISBN: 978-84-695-7564-2.<\/p>\n\n\n\n<p>Silva, Bruno M. (2013). <strong>Projeto <em>Os Caminhos que se bifurcam<\/em>: a quest\u00e3o do tempo nas narrativas digitais<\/strong>.  <em>Avanca Cinema<\/em>, Edi\u00e7\u00f5es Cineclube de Avanca. ISBN: 978-989-96858-3-3.<\/p>\n\n\n\n<p>Silva, Bruno M. (2013). <strong>Psicogeografias de Hong Kong.<\/strong> In <em>Atas do II Encontro AIM 2013<\/em>, Lisboa. ISBN 978-989-98215-0-7.<\/p>\n\n\n\n<p>Soares, P. (2013). <strong>Rotas na Co-Cria\u00e7\u00e3o de Panantropolis ou Gaia in Harmonia Iniciativas Criativas de Transi\u00e7\u00e3o.<\/strong> Newsletter da Transi\u00e7\u00e3o em Portugal, N.\u00ba 1, pp.15-17.<\/p>\n\n\n\n<p>Tavares, M. (2013). <strong>A M\u00e1scara como revela\u00e7\u00e3o: o jogo da m\u00e1scara no cinema de Bu\u00f1uel<\/strong>. In MEUNIER, PhilipPe e SAMPER, Edgard. Le Masque: une inqui\u00e9tante \u00e9tranget\u00e9. Saint-Etienne Publications de L\u2019Universit\u00e9 de Saint-Etienne.<\/p>\n\n\n\n<p>Tavares, M. (2013). <strong>O espa\u00e7o entre \u2013 A fotografia de Majida Khattari<\/strong>. Revista ARS, N\u00ba 21, S\u00e3o Paulo. Dispon\u00edvel em : http:\/\/www.cap.eca.usp.br\/ars21.html.<\/p>\n\n\n\n<p>Tom\u00e9, V. (2013). <strong>Preventing on-line hate speech through social media and democratic participation<\/strong>. EWC Statement Series, 2013. European Wergeland Centre: Oslo.<\/p>\n\n\n\n<p>Vieira, C\u00e9lia; Padr\u00e3o, Helena; Rio Novo, Isabel. (2013). <strong>Gram\u00e1ticas da cria\u00e7\u00e3o no portal P\u00e1gina Liter\u00e1ria do Porto.<\/strong> Intermedia Review 2. Inter Media, \u00c9tudes d\u2019Interm\u00e9dialit\u00e9. n\u00ba 2, 1\u00e8re s\u00e9rie, avril 2013, pp.111-118.<\/p>\n<\/div><\/div>\n\n\n\n<div class=\"wp-block-advgb-accordion-item advgb-accordion-item\" style=\"margin-bottom:15px\"><div class=\"advgb-accordion-header\" style=\"background-color:#ffffff;color:#000000;border-style:solid;border-width:0px;border-color:#ffffff\"><span class=\"advgb-accordion-header-icon\"><svg fill=\"#000000\" xmlns=\"http:\/\/www.w3.org\/2000\/svg\" width=\"24\" height=\"24\" viewBox=\"0 0 24 24\"><path fill=\"none\" d=\"M0,0h24v24H0V0z\"><\/path><path d=\"M6,10c-1.1,0-2,0.9-2,2s0.9,2,2,2s2-0.9,2-2S7.1,10,6,10z M18,10c-1.1,0-2,0.9-2,2s0.9,2,2,2s2-0.9,2-2S19.1,10,18,10z M12,10c-1.1,0-2,0.9-2,2s0.9,2,2,2s2-0.9,2-2S13.1,10,12,10z\"><\/path><\/svg><\/span><h2 class=\"advgb-accordion-header-title\" style=\"color:inherit\">2012<\/h2><\/div><div class=\"advgb-accordion-body\" style=\"border-style:solid !important;border-width:0px !important;border-color:#ffffff !important;border-top:none !important\">\n<p>Bidarra, J.; Figueiredo, M.; Valadas, S.; Vilhena, C. (2012). <strong>O gamebook como modelo pedag\u00f3gico: Investiga\u00e7\u00e3o e desenvolvimento de um prot\u00f3tipo para iPad<\/strong>. In Aprender na era digital: Jogos e mobile-learning, Carvalho, A. A. A. (org.), DeFacto, Santo Tirso, pp. 83-109.2012.<\/p>\n\n\n\n<p>Carmelo, L. C. (2012). <strong>O Renascimento da Narra\u00e7\u00e3o Oral em Portugal e Espanha,<\/strong> <strong>El Filandar\/O Fiandeiro<\/strong>. Publicaci\u00f3n Ib\u00e9rica de Antropologia y Culturas, Asociaci\u00f3n Etnogr\u00e1fico de Bajo Duero, N\u00ba 19, pp. 79-84. Dispon\u00edvel em http:\/\/issuu.com\/filandar.fiadeiro\/docs\/filandar19.<\/p>\n\n\n\n<p>Carrega, J. (2012). <strong>Um Per\u00edodo Maneirista na obra de John Ford.<\/strong> Revista Comunicaci\u00f3n: Revista Internacional de Comunicaci\u00f3n Audiovisual, Publicidad y Estudios Culturales, N\u00ba10, Vol.1- 2012. PP.775-786. Dispon\u00edvel em: http:\/\/www.revistacomunicacion.org\/pdf\/n10\/mesa4\/061.Um_periodo_maneirista_na_obra_de_John_Ford.pdf.<\/p>\n\n\n\n<p>Chinita, F. (2012). <strong>Os (in)sofism\u00e1veis caminhos do storytelling: Woody Allen e o document\u00e1rio ficcionado.<\/strong> Avanca Cinema. Livro de actas da confer\u00eancia, Edi\u00e7\u00f5es Cineclube de Avanca, pp. 665-673.<\/p>\n\n\n\n<p>Coelho, R. P. (2012). <strong>Where is my mind?: A prop\u00f3sito da necessidade do teatro, dos Pixies, de Pasolini e da Pol\u00f3nia. <\/strong>Sinais de cena \u2013 Revista da Associa\u00e7\u00e3o Portuguesa de Cr\u00edticos de Teatro\/ Centro de Estudos de Teatro, n\u00ba17, pp.79-83.<\/p>\n\n\n\n<p>Corr\u00eaa, Gra\u00e7a (2012). <strong>Gothic-Romantic Ecocentric Landscapes in Lars von Trier\u00b4s Melancholia.<\/strong> In Avanca Cinema 2012 Internacional Conference, Avanca. Edi\u00e7\u00f5es Cine-Clube, 180-97. ISBN: 978-989-96858-2-6<\/p>\n\n\n\n<p>Espirito Santo, I. (2012). <strong>La citoyennet\u00e9 europ\u00e9enne chez les portugais immigr\u00e9s en France: une repr\u00e9sentation mall\u00e9able. <\/strong>In KOPER J\u00e0n, ROUET Gilles (coord.). Citoyennet\u00e9s, Voisinages et Minorit\u00e9s en Europe, Bruxelles, p.177-189. Dispon\u00edvel em : http:\/\/fr.bruylant.be\/titres\/125725_2\/citoyennetes-voisinages-et-minorites-en-europe-citizenships-neighbouroods-and-minorities-in-europe.html<\/p>\n\n\n\n<p>Guerra Santos, In\u00eas; Rodriguez-S\u00e1nchez, Juan Antonio. (2012). <strong>\u201cTemplos del dolor: Memoria de los hospitales antipoliomieliticos\u201d<\/strong>. In <em>E-book de las X JORNADAS HISTORIA Y FUENTES ORALES<\/em>: <em>JORNADAS HISTORIA Y FUENTES ORALES<\/em>, <em>Espanha<\/em>. Universidade de Madrid.<\/p>\n\n\n\n<p>Guerra Santos, In\u00eas; Padr\u00e3o, Maria Helena; Padr\u00e3o, Reinaldo; Oliveira, Clementina. (2012). \u201c<strong>Erasmus students in Portugal : the perception and impact of the international crisis\u201d<\/strong>. <em>Estudios Econ\u00f3micos regionales y sectoriales<\/em> 12 (2): 133-148.<\/p>\n\n\n\n<p>Guerra Santos, In\u00eas. (2012). <strong>\u201cO Retorno do sujeito: a imagem das pessoas afectadas pela poliomielite\u201d<\/strong>. Trabalho apresentado em <em>1\u00ba CONGRESSO INTERNACIONAL DE HIST\u00d3RIA INTERDISCIPLINAR DA SA\u00daDE<\/em>, <em>Portugal<\/em>.<\/p>\n\n\n\n<p>Lameiras, Tiago. (2012). <strong>Viagem ao Centro de Ti: Romance Trovado.<\/strong> Lisboa, Portugal: Chiado Editora.<\/p>\n\n\n\n<p>Mira, A. (2012). <strong>Una aproximaci\u00f3n ao texto de Castelao e a sua \u00e9poca<\/strong>. In Dorna: Expresi\u00f3n Po\u00e9tica Galega, Universidade de Santiago de Compostela, N\u00ba35, pp.103-115, Dispon\u00edvel em: <a href=\"http:\/\/dialnet.unirioja.es\/servlet\/articulo?codigo=3911885\">http:\/\/dialnet.unirioja.es\/servlet\/articulo?codigo=3911885<\/a>.<\/p>\n\n\n\n<p>Navarro, S. (2012). <strong>O Arqueologismo na Escultura de Jorge Vieira<\/strong>. Revista Arte Teoria, CIEBA \u2013 Centro de Investiga\u00e7\u00e3o em Belas Artes da Universidade de Lisboa, 14\/15,171-174. Dispon\u00edvel em:  http:\/\/www.fba.ul.pt\/pls\/portal\/docs\/1\/344044.PDF<\/p>\n\n\n\n<p>Santo, P. C. \u201cDa Arte P\u00fablica \u00e0 Arte com P\u00fablico<strong>\u201d<\/strong>. In Quarema, Jos\u00e9, <strong>Intui\u00e7\u00f5es Culturais e Representatividade<\/strong>. CIEBA\/FBAUL, Lisboa, p\u00e1g. 251. 2012.<\/p>\n\n\n\n<p>Guerra Santos, In\u00eas. (2012). \u201c<strong>Hist\u00f3ria oral e fotografia: construindo a hist\u00f3ria da poliomielite em Portugal\u201d<\/strong>. Trabalho apresentado em <em>I CONGRESSO ANUAL DE HIST\u00d3RIA CONTEMPOR\u00c2NEA<\/em>, <em>Portugal<\/em>. UNL.<\/p>\n\n\n\n<p>Schefer, R. (2012). <strong>Un Cine Menor.<\/strong> In AA.VV. Territorios audiovisuales.Cine, v\u00eddeo, televisi\u00f3n, documental, instalaci\u00f3n, nuevas tecnolog\u00edas, paisajes medi\u00e1ticos (ed.J. La Ferla e S. Reynal). Buenos Aires, Libraria, 15 p\u00e1ginas.<\/p>\n\n\n\n<p>Silva, Bruno M. (2012). <strong>Psicogeografias de Hong Kong: In The Mood For Love.<\/strong> <em>Revista Comunicando<\/em>, v.1, n.1, Dezembro. ISSN: 2182-4637.<\/p>\n\n\n\n<p>Silva, Bruno M. (2012). <strong>Psicogeografias de Hong Kong: <em>In the mood for love<\/em><\/strong>, in <em>Atas do VII SOPCOM 2012<\/em>. Porto. ISBN 978-972-8932-91-6.<\/p>\n\n\n\n<p>Tavares, M. (2012). <strong>O Cinema na Literatura de Mia Couto.<\/strong> In Petrov, Petar; Sousa, Pedro Quintino de; Samartim, Roberto L\u00f3pez-Igl\u00e9sias &amp; Torres Feij\u00f3, Elias J. (eds<strong>.): <\/strong>AVAN\u00c7OS EM Literaturas e Culturas Africanas e em Literatura e Cultura Galegas, Santiago de Compostela \u2013 Faro, AIL \u2013 Atrav\u00e9s Editora, pp. 163-172. [ISBN: Volume VII 978-84-87305-63-4]<\/p>\n\n\n\n<p>Tom\u00e9, V.; Ruivo, J.; Barata, L.; (et.al.). (2012). <strong>Communicating through school newspapers, local newspapers and social media: what are the preferred K12 students\u2019 topics?<\/strong>. Proceedings of Society for Information Technology &amp; Teacher Education International Conference 2012. Chesapeake, VA.: AACE, pp. 4169-4175.<\/p>\n\n\n\n<p>Vasques, E. (2012). <strong>A Escola de Teatro do Conservat\u00f3rio: Contributos para a Hist\u00f3ria do Conservat\u00f3rio de Lisboa (1839-1901).<\/strong> Lisboa, Gradiva. 214 p\u00e1ginas.<\/p>\n<\/div><\/div>\n<\/div>\n","protected":false},"excerpt":{"rendered":"","protected":false},"author":1,"featured_media":0,"parent":1525,"menu_order":1,"comment_status":"closed","ping_status":"closed","template":"","meta":{"_eb_attr":"","inline_featured_image":false,"advgb_blocks_editor_width":"","advgb_blocks_columns_visual_guide":"","footnotes":"","_links_to":"","_links_to_target":""},"class_list":["post-1761","page","type-page","status-publish","hentry"],"yoast_head":"<!-- This site is optimized with the Yoast SEO plugin v27.4 - https:\/\/yoast.com\/product\/yoast-seo-wordpress\/ -->\n<title>Publications - CIAC<\/title>\n<meta name=\"robots\" content=\"index, follow, max-snippet:-1, max-image-preview:large, max-video-preview:-1\" \/>\n<link rel=\"canonical\" href=\"https:\/\/ciac.pt\/en\/scientific-output\/publications\/\" \/>\n<meta property=\"og:locale\" content=\"en_US\" \/>\n<meta property=\"og:type\" content=\"article\" \/>\n<meta property=\"og:title\" content=\"Publications - CIAC\" \/>\n<meta property=\"og:url\" content=\"https:\/\/ciac.pt\/en\/scientific-output\/publications\/\" \/>\n<meta property=\"og:site_name\" content=\"CIAC\" \/>\n<meta property=\"article:modified_time\" content=\"2026-03-09T16:49:35+00:00\" \/>\n<meta name=\"twitter:card\" content=\"summary_large_image\" \/>\n<meta name=\"twitter:label1\" content=\"Est. reading time\" \/>\n\t<meta name=\"twitter:data1\" content=\"275 minutes\" \/>\n<script type=\"application\/ld+json\" class=\"yoast-schema-graph\">{\"@context\":\"https:\\\/\\\/schema.org\",\"@graph\":[{\"@type\":\"WebPage\",\"@id\":\"https:\\\/\\\/ciac.pt\\\/en\\\/scientific-output\\\/publications\\\/\",\"url\":\"https:\\\/\\\/ciac.pt\\\/en\\\/scientific-output\\\/publications\\\/\",\"name\":\"Publications - CIAC\",\"isPartOf\":{\"@id\":\"https:\\\/\\\/ciac.pt\\\/en\\\/#website\"},\"datePublished\":\"2023-09-26T10:16:35+00:00\",\"dateModified\":\"2026-03-09T16:49:35+00:00\",\"breadcrumb\":{\"@id\":\"https:\\\/\\\/ciac.pt\\\/en\\\/scientific-output\\\/publications\\\/#breadcrumb\"},\"inLanguage\":\"en-US\",\"potentialAction\":[{\"@type\":\"ReadAction\",\"target\":[\"https:\\\/\\\/ciac.pt\\\/en\\\/scientific-output\\\/publications\\\/\"]}]},{\"@type\":\"BreadcrumbList\",\"@id\":\"https:\\\/\\\/ciac.pt\\\/en\\\/scientific-output\\\/publications\\\/#breadcrumb\",\"itemListElement\":[{\"@type\":\"ListItem\",\"position\":1,\"name\":\"In\u00edcio\",\"item\":\"https:\\\/\\\/ciac.pt\\\/en\\\/\"},{\"@type\":\"ListItem\",\"position\":2,\"name\":\"Scientific Output\",\"item\":\"https:\\\/\\\/ciac.pt\\\/en\\\/scientific-output\\\/\"},{\"@type\":\"ListItem\",\"position\":3,\"name\":\"Publications\"}]},{\"@type\":\"WebSite\",\"@id\":\"https:\\\/\\\/ciac.pt\\\/en\\\/#website\",\"url\":\"https:\\\/\\\/ciac.pt\\\/en\\\/\",\"name\":\"CIAC\",\"description\":\"Centro de Investiga\u00e7\u00e3o em Artes e Comunica\u00e7\u00e3o\",\"publisher\":{\"@id\":\"https:\\\/\\\/ciac.pt\\\/en\\\/#organization\"},\"potentialAction\":[{\"@type\":\"SearchAction\",\"target\":{\"@type\":\"EntryPoint\",\"urlTemplate\":\"https:\\\/\\\/ciac.pt\\\/en\\\/?s={search_term_string}\"},\"query-input\":{\"@type\":\"PropertyValueSpecification\",\"valueRequired\":true,\"valueName\":\"search_term_string\"}}],\"inLanguage\":\"en-US\"},{\"@type\":\"Organization\",\"@id\":\"https:\\\/\\\/ciac.pt\\\/en\\\/#organization\",\"name\":\"CIAC\",\"url\":\"https:\\\/\\\/ciac.pt\\\/en\\\/\",\"logo\":{\"@type\":\"ImageObject\",\"inLanguage\":\"en-US\",\"@id\":\"https:\\\/\\\/ciac.pt\\\/en\\\/#\\\/schema\\\/logo\\\/image\\\/\",\"url\":\"https:\\\/\\\/ciac.pt\\\/wp-content\\\/uploads\\\/2022\\\/06\\\/logo.svg\",\"contentUrl\":\"https:\\\/\\\/ciac.pt\\\/wp-content\\\/uploads\\\/2022\\\/06\\\/logo.svg\",\"width\":184,\"height\":51,\"caption\":\"CIAC\"},\"image\":{\"@id\":\"https:\\\/\\\/ciac.pt\\\/en\\\/#\\\/schema\\\/logo\\\/image\\\/\"}}]}<\/script>\n<!-- \/ Yoast SEO plugin. -->","yoast_head_json":{"title":"Publications - CIAC","robots":{"index":"index","follow":"follow","max-snippet":"max-snippet:-1","max-image-preview":"max-image-preview:large","max-video-preview":"max-video-preview:-1"},"canonical":"https:\/\/ciac.pt\/en\/scientific-output\/publications\/","og_locale":"en_US","og_type":"article","og_title":"Publications - CIAC","og_url":"https:\/\/ciac.pt\/en\/scientific-output\/publications\/","og_site_name":"CIAC","article_modified_time":"2026-03-09T16:49:35+00:00","twitter_card":"summary_large_image","twitter_misc":{"Est. reading time":"275 minutes"},"schema":{"@context":"https:\/\/schema.org","@graph":[{"@type":"WebPage","@id":"https:\/\/ciac.pt\/en\/scientific-output\/publications\/","url":"https:\/\/ciac.pt\/en\/scientific-output\/publications\/","name":"Publications - CIAC","isPartOf":{"@id":"https:\/\/ciac.pt\/en\/#website"},"datePublished":"2023-09-26T10:16:35+00:00","dateModified":"2026-03-09T16:49:35+00:00","breadcrumb":{"@id":"https:\/\/ciac.pt\/en\/scientific-output\/publications\/#breadcrumb"},"inLanguage":"en-US","potentialAction":[{"@type":"ReadAction","target":["https:\/\/ciac.pt\/en\/scientific-output\/publications\/"]}]},{"@type":"BreadcrumbList","@id":"https:\/\/ciac.pt\/en\/scientific-output\/publications\/#breadcrumb","itemListElement":[{"@type":"ListItem","position":1,"name":"In\u00edcio","item":"https:\/\/ciac.pt\/en\/"},{"@type":"ListItem","position":2,"name":"Scientific Output","item":"https:\/\/ciac.pt\/en\/scientific-output\/"},{"@type":"ListItem","position":3,"name":"Publications"}]},{"@type":"WebSite","@id":"https:\/\/ciac.pt\/en\/#website","url":"https:\/\/ciac.pt\/en\/","name":"CIAC","description":"Centro de Investiga\u00e7\u00e3o em Artes e Comunica\u00e7\u00e3o","publisher":{"@id":"https:\/\/ciac.pt\/en\/#organization"},"potentialAction":[{"@type":"SearchAction","target":{"@type":"EntryPoint","urlTemplate":"https:\/\/ciac.pt\/en\/?s={search_term_string}"},"query-input":{"@type":"PropertyValueSpecification","valueRequired":true,"valueName":"search_term_string"}}],"inLanguage":"en-US"},{"@type":"Organization","@id":"https:\/\/ciac.pt\/en\/#organization","name":"CIAC","url":"https:\/\/ciac.pt\/en\/","logo":{"@type":"ImageObject","inLanguage":"en-US","@id":"https:\/\/ciac.pt\/en\/#\/schema\/logo\/image\/","url":"https:\/\/ciac.pt\/wp-content\/uploads\/2022\/06\/logo.svg","contentUrl":"https:\/\/ciac.pt\/wp-content\/uploads\/2022\/06\/logo.svg","width":184,"height":51,"caption":"CIAC"},"image":{"@id":"https:\/\/ciac.pt\/en\/#\/schema\/logo\/image\/"}}]}},"coauthors":[],"author_meta":{"author_link":"https:\/\/ciac.pt\/en\/author\/webmaster\/","display_name":"webmaster"},"relative_dates":{"created":"Posted 3 years ago","modified":"Updated 2 months ago"},"absolute_dates":{"created":"Posted on 26\/09\/2023","modified":"Updated on 09\/03\/2026"},"absolute_dates_time":{"created":"Posted on 26\/09\/2023 11:16","modified":"Updated on 09\/03\/2026 16:49"},"featured_img_caption":"","featured_img":false,"series_order":"","_links":{"self":[{"href":"https:\/\/ciac.pt\/en\/wp-json\/wp\/v2\/pages\/1761","targetHints":{"allow":["GET"]}}],"collection":[{"href":"https:\/\/ciac.pt\/en\/wp-json\/wp\/v2\/pages"}],"about":[{"href":"https:\/\/ciac.pt\/en\/wp-json\/wp\/v2\/types\/page"}],"author":[{"embeddable":true,"href":"https:\/\/ciac.pt\/en\/wp-json\/wp\/v2\/users\/1"}],"replies":[{"embeddable":true,"href":"https:\/\/ciac.pt\/en\/wp-json\/wp\/v2\/comments?post=1761"}],"version-history":[{"count":3,"href":"https:\/\/ciac.pt\/en\/wp-json\/wp\/v2\/pages\/1761\/revisions"}],"predecessor-version":[{"id":14045,"href":"https:\/\/ciac.pt\/en\/wp-json\/wp\/v2\/pages\/1761\/revisions\/14045"}],"up":[{"embeddable":true,"href":"https:\/\/ciac.pt\/en\/wp-json\/wp\/v2\/pages\/1525"}],"wp:attachment":[{"href":"https:\/\/ciac.pt\/en\/wp-json\/wp\/v2\/media?parent=1761"}],"curies":[{"name":"wp","href":"https:\/\/api.w.org\/{rel}","templated":true}]}}