{"id":2355,"date":"2023-12-15T18:13:38","date_gmt":"2023-12-15T18:13:38","guid":{"rendered":"https:\/\/web.ciac.pt\/?page_id=2355"},"modified":"2024-04-03T16:21:51","modified_gmt":"2024-04-03T15:21:51","slug":"luso-brazilian-perspectives-in-arts-and-communication","status":"publish","type":"page","link":"https:\/\/ciac.pt\/en\/publications\/luso-brazilian-perspectives-in-arts-and-communication\/","title":{"rendered":"Luso-Brazilian Perspectives in Arts and Communication"},"content":{"rendered":"\n<p>With a view to promoting dialog between researchers from Portugal and Brazil, CIAC &#8211; Research Centre for Arts and Communication of the University of Algarve and the Research Group &#8220;Communication, Memory and Popular Culture&#8221; of UEPB &#8211; Para\u00edba State University (Brazil), with the collaboration of CIC &#8211; Research Group &#8220;Communication, Image and Contemporaneity&#8221; of UTP &#8211; Tuiuti University of Paran\u00e1 (Brazil), have launched the collection Perspectivas Luso-Brasileiras em Artes e Comunica\u00e7\u00e3o [Luso-Brazilian Perspectives in Arts and Communication], which brings together works by Portuguese and Brazilian researchers, with the aim of contributing to the dissemination of scientific knowledge of research in arts and communication, developed in the respective academic contexts.<\/p>\n\n\n\n<hr class=\"wp-block-separator alignwide has-alpha-channel-opacity separador\"\/>\n\n\n\n<div class=\"wp-block-query ciac-news-grid is-layout-flow wp-block-query-is-layout-flow\"><ul class=\"columns-6 wp-block-post-template is-layout-grid wp-container-core-post-template-is-layout-cecc1a5b wp-block-post-template-is-layout-grid\"><li class=\"wp-block-post post-11516 post type-post status-publish format-standard has-post-thumbnail hentry category-publications tag-luso-brazilian-perspectives-in-arts-and-communication\">\n<figure class=\"featured-image wp-block-post-featured-image\"><a href=\"https:\/\/ciac.pt\/en\/publications\/perspectivas-luso-brasileiras-em-artes-e-comunicacao-vol-4\/\" target=\"_self\"  ><img decoding=\"async\" width=\"211\" height=\"300\" data-src=\"https:\/\/ciac.pt\/wp-content\/uploads\/2025\/06\/perspectivas-luso-brasileirs-em.jpg\" class=\"attachment-post-thumbnail size-post-thumbnail wp-post-image lazyload\" alt=\"Perspectivas Luso-Brasileiras em Artes e Comunica\u00e7\u00e3o Vol. 4\" style=\"--smush-placeholder-width: 211px; --smush-placeholder-aspect-ratio: 211\/300;object-fit:cover;\" src=\"data:image\/svg+xml;base64,PHN2ZyB3aWR0aD0iMSIgaGVpZ2h0PSIxIiB4bWxucz0iaHR0cDovL3d3dy53My5vcmcvMjAwMC9zdmciPjwvc3ZnPg==\" \/><\/a><\/figure>\n\n<h5 class=\"wp-block-post-title\"><a href=\"https:\/\/ciac.pt\/en\/publications\/perspectivas-luso-brasileiras-em-artes-e-comunicacao-vol-4\/\" target=\"_self\" >Perspectivas Luso-Brasileiras em Artes e Comunica\u00e7\u00e3o Vol. 4<\/a><\/h5>\n<\/li><li class=\"wp-block-post post-2118 post type-post status-publish format-standard has-post-thumbnail hentry category-publications tag-luso-brazilian-perspectives-in-arts-and-communication\">\n<figure class=\"featured-image wp-block-post-featured-image\"><a href=\"https:\/\/ciac.pt\/en\/publications\/perspectivas-luso-brasileiras-em-artes-e-comunicacao-vol-3\/\" target=\"_self\"  ><img decoding=\"async\" width=\"211\" height=\"300\" data-src=\"https:\/\/ciac.pt\/wp-content\/uploads\/2023\/10\/perspectivas-luso-brasileirs-em-artes-e-comunicacao-vol-3.jpg\" class=\"attachment-post-thumbnail size-post-thumbnail wp-post-image lazyload\" alt=\"Perspectivas Luso-Brasileiras em Artes e Comunica\u00e7\u00e3o Vol. 3\" style=\"--smush-placeholder-width: 211px; --smush-placeholder-aspect-ratio: 211\/300;object-fit:cover;\" src=\"data:image\/svg+xml;base64,PHN2ZyB3aWR0aD0iMSIgaGVpZ2h0PSIxIiB4bWxucz0iaHR0cDovL3d3dy53My5vcmcvMjAwMC9zdmciPjwvc3ZnPg==\" \/><\/a><\/figure>\n\n<h5 class=\"wp-block-post-title\"><a href=\"https:\/\/ciac.pt\/en\/publications\/perspectivas-luso-brasileiras-em-artes-e-comunicacao-vol-3\/\" target=\"_self\" >Perspectivas Luso-Brasileiras em Artes e Comunica\u00e7\u00e3o Vol. 3<\/a><\/h5>\n<\/li><li class=\"wp-block-post post-2108 post type-post status-publish format-standard has-post-thumbnail hentry category-publications tag-luso-brazilian-perspectives-in-arts-and-communication\">\n<figure class=\"featured-image wp-block-post-featured-image\"><a href=\"https:\/\/ciac.pt\/en\/publications\/perspetivas-luso-brasileiras-em-artes-e-comunicacao-vol-2\/\" target=\"_self\"  ><img decoding=\"async\" width=\"207\" height=\"300\" data-src=\"https:\/\/ciac.pt\/wp-content\/uploads\/2023\/10\/perspectivas-luso-brasileirs-em-artes-e-comunicacao-vol-2.jpg\" class=\"attachment-post-thumbnail size-post-thumbnail wp-post-image lazyload\" alt=\"Perspetivas Luso-Brasileiras em Artes e Comunica\u00e7\u00e3o Vol. 2\" style=\"--smush-placeholder-width: 207px; --smush-placeholder-aspect-ratio: 207\/300;object-fit:cover;\" src=\"data:image\/svg+xml;base64,PHN2ZyB3aWR0aD0iMSIgaGVpZ2h0PSIxIiB4bWxucz0iaHR0cDovL3d3dy53My5vcmcvMjAwMC9zdmciPjwvc3ZnPg==\" \/><\/a><\/figure>\n\n<h5 class=\"wp-block-post-title\"><a href=\"https:\/\/ciac.pt\/en\/publications\/perspetivas-luso-brasileiras-em-artes-e-comunicacao-vol-2\/\" target=\"_self\" >Perspetivas Luso-Brasileiras em Artes e Comunica\u00e7\u00e3o Vol. 2<\/a><\/h5>\n<\/li><li class=\"wp-block-post post-2102 post type-post status-publish format-standard has-post-thumbnail hentry category-publications tag-luso-brazilian-perspectives-in-arts-and-communication\">\n<figure class=\"featured-image wp-block-post-featured-image\"><a href=\"https:\/\/ciac.pt\/en\/publications\/perspetivas-luso-brasileiras-em-artes-e-comunicacao-vol-1\/\" target=\"_self\"  ><img decoding=\"async\" width=\"213\" height=\"300\" data-src=\"https:\/\/ciac.pt\/wp-content\/uploads\/2023\/10\/perspectivas-luso-brasileirs-em-artes-e-comunicacao.jpg\" class=\"attachment-post-thumbnail size-post-thumbnail wp-post-image lazyload\" alt=\"Perspetivas Luso-Brasileiras em Artes e Comunica\u00e7\u00e3o Vol. 1\" style=\"--smush-placeholder-width: 213px; --smush-placeholder-aspect-ratio: 213\/300;object-fit:cover;\" src=\"data:image\/svg+xml;base64,PHN2ZyB3aWR0aD0iMSIgaGVpZ2h0PSIxIiB4bWxucz0iaHR0cDovL3d3dy53My5vcmcvMjAwMC9zdmciPjwvc3ZnPg==\" \/><\/a><\/figure>\n\n<h5 class=\"wp-block-post-title\"><a href=\"https:\/\/ciac.pt\/en\/publications\/perspetivas-luso-brasileiras-em-artes-e-comunicacao-vol-1\/\" target=\"_self\" >Perspetivas Luso-Brasileiras em Artes e Comunica\u00e7\u00e3o Vol. 1<\/a><\/h5>\n<\/li><\/ul><\/div>\n","protected":false},"excerpt":{"rendered":"<p>With a view to promoting dialog between researchers from Portugal and Brazil,<\/p>\n","protected":false},"author":1,"featured_media":0,"parent":1498,"menu_order":7,"comment_status":"closed","ping_status":"closed","template":"","meta":{"_eb_attr":"","inline_featured_image":false,"advgb_blocks_editor_width":"","advgb_blocks_columns_visual_guide":"","footnotes":"","_links_to":"","_links_to_target":""},"class_list":["post-2355","page","type-page","status-publish","hentry"],"yoast_head":"<!-- This site is optimized with the Yoast SEO plugin v27.4 - https:\/\/yoast.com\/product\/yoast-seo-wordpress\/ -->\n<title>Luso-Brazilian Perspectives in Arts and Communication - CIAC<\/title>\n<meta name=\"robots\" content=\"index, follow, max-snippet:-1, max-image-preview:large, max-video-preview:-1\" \/>\n<link rel=\"canonical\" href=\"https:\/\/ciac.pt\/en\/publications\/luso-brazilian-perspectives-in-arts-and-communication\/\" \/>\n<meta property=\"og:locale\" content=\"en_US\" \/>\n<meta property=\"og:type\" content=\"article\" \/>\n<meta property=\"og:title\" content=\"Luso-Brazilian Perspectives in Arts and Communication - CIAC\" \/>\n<meta property=\"og:description\" content=\"With a view to promoting dialog between researchers from Portugal and Brazil,\" \/>\n<meta property=\"og:url\" content=\"https:\/\/ciac.pt\/en\/publications\/luso-brazilian-perspectives-in-arts-and-communication\/\" \/>\n<meta property=\"og:site_name\" content=\"CIAC\" \/>\n<meta property=\"article:modified_time\" content=\"2024-04-03T15:21:51+00:00\" \/>\n<meta name=\"twitter:card\" content=\"summary_large_image\" \/>\n<meta name=\"twitter:label1\" content=\"Est. reading time\" \/>\n\t<meta name=\"twitter:data1\" content=\"1 minute\" \/>\n<script type=\"application\/ld+json\" class=\"yoast-schema-graph\">{\"@context\":\"https:\\\/\\\/schema.org\",\"@graph\":[{\"@type\":\"WebPage\",\"@id\":\"https:\\\/\\\/ciac.pt\\\/en\\\/publications\\\/luso-brazilian-perspectives-in-arts-and-communication\\\/\",\"url\":\"https:\\\/\\\/ciac.pt\\\/en\\\/publications\\\/luso-brazilian-perspectives-in-arts-and-communication\\\/\",\"name\":\"Luso-Brazilian Perspectives in Arts and Communication - CIAC\",\"isPartOf\":{\"@id\":\"https:\\\/\\\/ciac.pt\\\/en\\\/#website\"},\"datePublished\":\"2023-12-15T18:13:38+00:00\",\"dateModified\":\"2024-04-03T15:21:51+00:00\",\"breadcrumb\":{\"@id\":\"https:\\\/\\\/ciac.pt\\\/en\\\/publications\\\/luso-brazilian-perspectives-in-arts-and-communication\\\/#breadcrumb\"},\"inLanguage\":\"en-US\",\"potentialAction\":[{\"@type\":\"ReadAction\",\"target\":[\"https:\\\/\\\/ciac.pt\\\/en\\\/publications\\\/luso-brazilian-perspectives-in-arts-and-communication\\\/\"]}]},{\"@type\":\"BreadcrumbList\",\"@id\":\"https:\\\/\\\/ciac.pt\\\/en\\\/publications\\\/luso-brazilian-perspectives-in-arts-and-communication\\\/#breadcrumb\",\"itemListElement\":[{\"@type\":\"ListItem\",\"position\":1,\"name\":\"In\u00edcio\",\"item\":\"https:\\\/\\\/ciac.pt\\\/en\\\/\"},{\"@type\":\"ListItem\",\"position\":2,\"name\":\"Publications\",\"item\":\"https:\\\/\\\/ciac.pt\\\/en\\\/publications\\\/\"},{\"@type\":\"ListItem\",\"position\":3,\"name\":\"Luso-Brazilian Perspectives in Arts and Communication\"}]},{\"@type\":\"WebSite\",\"@id\":\"https:\\\/\\\/ciac.pt\\\/en\\\/#website\",\"url\":\"https:\\\/\\\/ciac.pt\\\/en\\\/\",\"name\":\"CIAC\",\"description\":\"Centro de Investiga\u00e7\u00e3o em Artes e Comunica\u00e7\u00e3o\",\"publisher\":{\"@id\":\"https:\\\/\\\/ciac.pt\\\/en\\\/#organization\"},\"potentialAction\":[{\"@type\":\"SearchAction\",\"target\":{\"@type\":\"EntryPoint\",\"urlTemplate\":\"https:\\\/\\\/ciac.pt\\\/en\\\/?s={search_term_string}\"},\"query-input\":{\"@type\":\"PropertyValueSpecification\",\"valueRequired\":true,\"valueName\":\"search_term_string\"}}],\"inLanguage\":\"en-US\"},{\"@type\":\"Organization\",\"@id\":\"https:\\\/\\\/ciac.pt\\\/en\\\/#organization\",\"name\":\"CIAC\",\"url\":\"https:\\\/\\\/ciac.pt\\\/en\\\/\",\"logo\":{\"@type\":\"ImageObject\",\"inLanguage\":\"en-US\",\"@id\":\"https:\\\/\\\/ciac.pt\\\/en\\\/#\\\/schema\\\/logo\\\/image\\\/\",\"url\":\"https:\\\/\\\/ciac.pt\\\/wp-content\\\/uploads\\\/2022\\\/06\\\/logo.svg\",\"contentUrl\":\"https:\\\/\\\/ciac.pt\\\/wp-content\\\/uploads\\\/2022\\\/06\\\/logo.svg\",\"width\":184,\"height\":51,\"caption\":\"CIAC\"},\"image\":{\"@id\":\"https:\\\/\\\/ciac.pt\\\/en\\\/#\\\/schema\\\/logo\\\/image\\\/\"}}]}<\/script>\n<!-- \/ Yoast SEO plugin. -->","yoast_head_json":{"title":"Luso-Brazilian Perspectives in Arts and Communication - CIAC","robots":{"index":"index","follow":"follow","max-snippet":"max-snippet:-1","max-image-preview":"max-image-preview:large","max-video-preview":"max-video-preview:-1"},"canonical":"https:\/\/ciac.pt\/en\/publications\/luso-brazilian-perspectives-in-arts-and-communication\/","og_locale":"en_US","og_type":"article","og_title":"Luso-Brazilian Perspectives in Arts and Communication - CIAC","og_description":"With a view to promoting dialog between researchers from Portugal and Brazil,","og_url":"https:\/\/ciac.pt\/en\/publications\/luso-brazilian-perspectives-in-arts-and-communication\/","og_site_name":"CIAC","article_modified_time":"2024-04-03T15:21:51+00:00","twitter_card":"summary_large_image","twitter_misc":{"Est. reading time":"1 minute"},"schema":{"@context":"https:\/\/schema.org","@graph":[{"@type":"WebPage","@id":"https:\/\/ciac.pt\/en\/publications\/luso-brazilian-perspectives-in-arts-and-communication\/","url":"https:\/\/ciac.pt\/en\/publications\/luso-brazilian-perspectives-in-arts-and-communication\/","name":"Luso-Brazilian Perspectives in Arts and Communication - CIAC","isPartOf":{"@id":"https:\/\/ciac.pt\/en\/#website"},"datePublished":"2023-12-15T18:13:38+00:00","dateModified":"2024-04-03T15:21:51+00:00","breadcrumb":{"@id":"https:\/\/ciac.pt\/en\/publications\/luso-brazilian-perspectives-in-arts-and-communication\/#breadcrumb"},"inLanguage":"en-US","potentialAction":[{"@type":"ReadAction","target":["https:\/\/ciac.pt\/en\/publications\/luso-brazilian-perspectives-in-arts-and-communication\/"]}]},{"@type":"BreadcrumbList","@id":"https:\/\/ciac.pt\/en\/publications\/luso-brazilian-perspectives-in-arts-and-communication\/#breadcrumb","itemListElement":[{"@type":"ListItem","position":1,"name":"In\u00edcio","item":"https:\/\/ciac.pt\/en\/"},{"@type":"ListItem","position":2,"name":"Publications","item":"https:\/\/ciac.pt\/en\/publications\/"},{"@type":"ListItem","position":3,"name":"Luso-Brazilian Perspectives in Arts and Communication"}]},{"@type":"WebSite","@id":"https:\/\/ciac.pt\/en\/#website","url":"https:\/\/ciac.pt\/en\/","name":"CIAC","description":"Centro de Investiga\u00e7\u00e3o em Artes e Comunica\u00e7\u00e3o","publisher":{"@id":"https:\/\/ciac.pt\/en\/#organization"},"potentialAction":[{"@type":"SearchAction","target":{"@type":"EntryPoint","urlTemplate":"https:\/\/ciac.pt\/en\/?s={search_term_string}"},"query-input":{"@type":"PropertyValueSpecification","valueRequired":true,"valueName":"search_term_string"}}],"inLanguage":"en-US"},{"@type":"Organization","@id":"https:\/\/ciac.pt\/en\/#organization","name":"CIAC","url":"https:\/\/ciac.pt\/en\/","logo":{"@type":"ImageObject","inLanguage":"en-US","@id":"https:\/\/ciac.pt\/en\/#\/schema\/logo\/image\/","url":"https:\/\/ciac.pt\/wp-content\/uploads\/2022\/06\/logo.svg","contentUrl":"https:\/\/ciac.pt\/wp-content\/uploads\/2022\/06\/logo.svg","width":184,"height":51,"caption":"CIAC"},"image":{"@id":"https:\/\/ciac.pt\/en\/#\/schema\/logo\/image\/"}}]}},"coauthors":[],"author_meta":{"author_link":"https:\/\/ciac.pt\/en\/author\/webmaster\/","display_name":"webmaster"},"relative_dates":{"created":"Posted 2 years ago","modified":"Updated 2 years ago"},"absolute_dates":{"created":"Posted on 15\/12\/2023","modified":"Updated on 03\/04\/2024"},"absolute_dates_time":{"created":"Posted on 15\/12\/2023 18:13","modified":"Updated on 03\/04\/2024 16:21"},"featured_img_caption":"","featured_img":false,"series_order":"","_links":{"self":[{"href":"https:\/\/ciac.pt\/en\/wp-json\/wp\/v2\/pages\/2355","targetHints":{"allow":["GET"]}}],"collection":[{"href":"https:\/\/ciac.pt\/en\/wp-json\/wp\/v2\/pages"}],"about":[{"href":"https:\/\/ciac.pt\/en\/wp-json\/wp\/v2\/types\/page"}],"author":[{"embeddable":true,"href":"https:\/\/ciac.pt\/en\/wp-json\/wp\/v2\/users\/1"}],"replies":[{"embeddable":true,"href":"https:\/\/ciac.pt\/en\/wp-json\/wp\/v2\/comments?post=2355"}],"version-history":[{"count":9,"href":"https:\/\/ciac.pt\/en\/wp-json\/wp\/v2\/pages\/2355\/revisions"}],"predecessor-version":[{"id":5993,"href":"https:\/\/ciac.pt\/en\/wp-json\/wp\/v2\/pages\/2355\/revisions\/5993"}],"up":[{"embeddable":true,"href":"https:\/\/ciac.pt\/en\/wp-json\/wp\/v2\/pages\/1498"}],"wp:attachment":[{"href":"https:\/\/ciac.pt\/en\/wp-json\/wp\/v2\/media?parent=2355"}],"curies":[{"name":"wp","href":"https:\/\/api.w.org\/{rel}","templated":true}]}}